{"id":14931,"date":"2015-07-22T19:12:29","date_gmt":"2015-07-22T19:12:29","guid":{"rendered":"http:\/\/monta\u00f1asdelaluna.com\/?page_id=14931"},"modified":"2021-07-06T17:26:40","modified_gmt":"2021-07-06T17:26:40","slug":"alicante","status":"publish","type":"page","link":"https:\/\/www.monta\u00f1asdelaluna.es\/?page_id=14931","title":{"rendered":"Alicante"},"content":{"rendered":"<p>[vc_row][vc_column][vc_column_text]Dicen que la provincia de Alicante es la segunda m\u00e1s monta\u00f1osa de Espa\u00f1a y la primera en v\u00edas de escalada, y es que la gran cantidad y diversidad de monta\u00f1as con sus formas y perfiles, hacen de esta provincia un aut\u00e9ntico y desconocido tesoro para el monta\u00f1ismo, escalada, senderismo\u2026 Aunque sus m\u00e1ximas alturas solamente superan los mil quinientos metros en la magn\u00edfica y famosa Sierra Aitana, la gran mayor\u00eda de monta\u00f1as gozan de unos desniveles y verticalidades dignos de grandes cordilleras: cabe destacar el Puig Campana, El Montcabrer, Maigm\u00f3, Penya Migjorn, Cabe\u00e7\u00f3 d\u2019Or, Montg\u00f3, Serrella\u2026\u00a0 y otras que por su cercan\u00eda al mar y\/o ubicadas en medio de llanos costeros aparecen como aut\u00e9nticos hitos infranqueables e inconquistables con escarpados y verticales perfiles: Sierra de Callosa, Pe\u00f1\u00f3n d\u2019Ifach, la Seg\u00e0ria\u2026 El clima es total y claramente mediterr\u00e1neo, diferenciando lugares y comarcas en los que afectan microclimas locales. Gracias a la orientaci\u00f3n de las sierras alicantinas (oeste-este, suroeste-noreste) y al clima, la diferencia entre vertientes es muy notable en ocasiones. Tambi\u00e9n hay diferencias entre las sierras y monta\u00f1as seg\u00fan la comarca: m\u00e1s verdes y boscosas las de l\u2019Alcoi\u00e0 y alrededores y muchos m\u00e1s secas, \u00e1ridas y c\u00e1lidas las de la Vega Baja o l\u2019Alacant\u00ed: las laderas sur de la Sierra de Crevillente, y las h\u00famedas y frondosas de la cara norte del Menejador (Carrascal de la Font Roja de Alcoy)\u2026 por\u00a0 ello Alicante es una provincia de contrastes en sus monta\u00f1as y rincones tanto a nivel floral, vegetal como a nivel geogr\u00e1fico, morfol\u00f3gico, que la hacen una lugar \u00fanico con un clima templado envidiable.[\/vc_column_text][vc_empty_space height=\u00bb30px\u00bb]<div class=\"hr-thin style-line\" style=\"width: 100%;border-top-width: 1px;\"><\/div>[\/vc_column][\/vc_row][vc_row][vc_column][vc_empty_space height=\u00bb30px\u00bb][\/vc_column][\/vc_row][vc_row][vc_column width=\u00bb1\/2&#8243;][vc_single_image image=\u00bb22194&#8243; img_size=\u00bbfull\u00bb css_animation=\u00bbpulse\u00bb][\/vc_column][vc_column width=\u00bb1\/2&#8243;][vc_custom_heading text=\u00bbSierra de Crevillente\u00bb use_theme_fonts=\u00bbyes\u00bb link=\u00bburl:https%3A%2F%2Fmonta%C3%B1asdelaluna.es%2F%3Fpage_id%3D22174|title:Sierra%20de%20Crevillente\u00bb][vc_empty_space height=\u00bb20px\u00bb][vc_column_text]La Sierra de Crevillente y Abanilla forman parte de una aut\u00e9ntica barrera que desde el mar por la Sierra del Colmenar, Grossa, hasta Abanilla ya en Murcia separa la comarca m\u00e1s al sur de Alicante, La Vega Baja del Segura, del resto de comarcas de la provincia. Dicha barrera tiene en la Sierra de Crevillente sus m\u00e1s altas y sobresalientes cimas: La Vella, 835 mts., San Cayetano, 817 mts. y el San Yuri de 803 mts. siendo la parte m\u00e1s en\u00e9rgica de la misma. Al norte se encuentra al altiplano del Valle del Hond\u00f3n que llega a superar los 400 mts. de altitud, pero al sur un laberinto de transversales fallas, barrancos, y quebradas dominan un paisaje muy \u00e1rido casi exento de vegetaci\u00f3n, hasta caer en los horizontales llanos de las f\u00e9rtiles Vega Baja y Baix Vinalop\u00f3 en cotas muy inferiores a los 100 mts. La diferencia de alturas entre ambas vertientes en este punto as\u00ed como la misma diferenciaci\u00f3n de clima y vegetaci\u00f3n, con bosques suntuosos en sus cimas mirando al norte sobre todo, la hacen tener una personalidad singular y diferente. La Sierra de Crevillente es la monta\u00f1a m\u00e1s al sur de las formaciones Preb\u00e9ticas en Alicante\u2026[\/vc_column_text][vc_empty_space height=\u00bb20px\u00bb][vc_btn title=\u00bbEntrar\u00bb color=\u00bbwarning\u00bb link=\u00bburl:https%3A%2F%2Fwww.monta%C3%B1asdelaluna.es%2F%3Fpage_id%3D22167|title:Sierra%20de%20Crevillente\u00bb][\/vc_column][\/vc_row][vc_row][vc_column][vc_empty_space height=\u00bb30px\u00bb]<div class=\"hr-thin style-line\" style=\"width: 100%;border-top-width: 1px;\"><\/div>[vc_empty_space height=\u00bb30px\u00bb][\/vc_column][\/vc_row][vc_row][vc_column width=\u00bb1\/2&#8243;][vc_single_image image=\u00bb24933&#8243; img_size=\u00bbfull\u00bb css_animation=\u00bbpulse\u00bb][\/vc_column][vc_column width=\u00bb1\/2&#8243;][vc_custom_heading text=\u00bbSierras de Orihuela y Callosa\u00bb use_theme_fonts=\u00bbyes\u00bb link=\u00bburl:https%3A%2F%2Fmonta%C3%B1asdelaluna.es%2F%3Fpage_id%3D24924|title:Sierras%20de%20Orihuela%20y%20Callosa\u00bb][vc_empty_space height=\u00bb20px\u00bb][vc_column_text]Espectaculares y altivas las Sierra de Callosa y de Orihuela aparecen en medio del bajo llano de la Vega Baja del Segura como verdaderos hitos de curiosa formaci\u00f3n. Son las monta\u00f1as de m\u00e1s de cuatrocientos metros de altura m\u00e1s al sur de Alicante. A la vez con ellas comienza el Sistema Subb\u00e9tico (hac\u00eda el sur y oeste) cuando el resto de monta\u00f1as de Alicante hac\u00eda el norte pertenecen al Sistema Preb\u00e9tico. Las caracter\u00edsticas principales que definen la fisionom\u00eda y perfil de estas sierras es su terreno tan escarpado y abrupto: haciendo que en la Sierra de Callosa se extreme este aspecto d\u00e1ndole una imagen muy alpina con paredes, crestas, barrancos, espolones\u2026 tambi\u00e9n puede ayudar el que sean las monta\u00f1as de formaci\u00f3n m\u00e1s antigua de la provincia de Alicante; o sea, que son las m\u00e1s viejas. Son todo roca, habiendo muy poco espacio para el llano o la horizontalidad con terreno blando donde pueda surgir un bosque pino carrasco; este aspecto se acent\u00faa en la Sierra de Callosa. La Sierra de Orihuela cuenta con 3 picos y es m\u00e1s alargada, con m\u00e1s extensi\u00f3n que la de Callosa: Cruz de La Muela, 464 mts., Leja de Millam\u00f3n, 632 mts. y Pico del \u00c1guila, 609 mts. ya en la frontera con Murcia. La Sierra de Callosa menos extensa cuenta con 3 alturas apreciables: Alto del \u00c1guila, 575 mts., San Bernardo, 454 mts. y el Alto del Chinar, 526 mts.[\/vc_column_text][vc_empty_space height=\u00bb20px\u00bb][vc_btn title=\u00bbEntrar\u00bb color=\u00bbwarning\u00bb link=\u00bburl:https%3A%2F%2Fmonta%C3%B1asdelaluna.es%2F%3Fpage_id%3D24924|title:Sierras%20de%20Orihuela%20y%20Callosa\u00bb][\/vc_column][vc_column][vc_empty_space height=\u00bb30px\u00bb]<div class=\"hr-thin style-line\" style=\"width: 100%;border-top-width: 1px;\"><\/div>[vc_empty_space height=\u00bb30px\u00bb][\/vc_column][\/vc_row][vc_row][vc_column width=\u00bb1\/2&#8243;][vc_single_image image=\u00bb26964&#8243; img_size=\u00bbfull\u00bb css_animation=\u00bbpulse\u00bb][\/vc_column][vc_column width=\u00bb1\/2&#8243;][vc_custom_heading text=\u00bbAitana y Puig Campana\u00bb use_theme_fonts=\u00bbyes\u00bb link=\u00bburl:https%3A%2F%2Fmonta%C3%B1asdelaluna.es%2F%3Fpage_id%3D26960|title:Aitana%20y%20Puig%20Campana\u00bb][vc_empty_space height=\u00bb20px\u00bb][vc_column_text]La Sierra de Aitana y el Puig Campana son las monta\u00f1as m\u00e1s altas de la provincia de Alicante. La primera forma una alargada y extensa loma suave pero muy altiva con sendos precipicios, paredes y cortes en su cara norte que mira al Valle de Guadalest, cerrando este valle por todo su sur. \u00c9sta se extiende desde el Port de Tudons al oeste (1.031 mts.), que lo separa de la Sierra de La Carrasqueta y el Pas del Comptador (973 mts.) al este, que lo separa del resto de monta\u00f1as y crestas, las cuales giran hac\u00eda el sur buscando al Puig Campana. Es la sierra y monta\u00f1a m\u00e1s alta de Alicante y la \u00fanica que sobrepasa los 1.500 mts. de altitud (Aitana: 1.557 mts., Penya Alta: 1.505 mts\u2026.). El Puig Campana aparece al sur, sureste de \u00e9sta y m\u00e1s cerca de la costa. Entre Aitana y Puig Campana hay todo un rosario de crestas, picos y valles, dando un aspecto soberbio y casi alpino (Caval, 1.184, Ponotx, 1.181 mts\u2026). El Puig Campana (1.409 mts.), que es la segunda monta\u00f1a m\u00e1s alta de la provincia, se alza desde su base a menos de 400 mts. con un soberbio desnivel de m\u00e1s de 1.000 mts. que junto con su forma c\u00f3nica, con sus altas e interminables paredes y escarpes de m\u00e1s de 600 mts., la hacen una monta\u00f1a impresionante, espectacular, \u00fanica, tanto desde Finestrat, la poblaci\u00f3n m\u00e1s cercana a ella, como desde cualquier punto de la lejan\u00eda. Faro reconocible y s\u00edmbolo de la Marina Baja.[\/vc_column_text][vc_empty_space height=\u00bb20px\u00bb][vc_btn title=\u00bbEntrar\u00bb color=\u00bbwarning\u00bb link=\u00bburl:https%3A%2F%2Fmonta%C3%B1asdelaluna.es%2F%3Fpage_id%3D26960|title:Aitana%20y%20Puig%20Campana\u00bb][\/vc_column][vc_column][vc_empty_space height=\u00bb30px\u00bb]<div class=\"hr-thin style-line\" style=\"width: 100%;border-top-width: 1px;\"><\/div>[vc_empty_space height=\u00bb30px\u00bb][\/vc_column][\/vc_row][vc_row][vc_column width=\u00bb1\/2&#8243;][vc_single_image image=\u00bb27039&#8243; img_size=\u00bbfull\u00bb css_animation=\u00bbpulse\u00bb][\/vc_column][vc_column width=\u00bb1\/2&#8243;][vc_custom_heading text=\u00bbSierras del Maigm\u00f3 y Cid\u00bb use_theme_fonts=\u00bbyes\u00bb link=\u00bburl:https%3A%2F%2Fmonta%C3%B1asdelaluna.es%2F%3Fpage_id%3D27034|title:Sierras%20del%20Maigm%C3%B3%20y%20Cid\u00bb][vc_empty_space height=\u00bb20px\u00bb][vc_column_text]Entre la Hoya de Castalla y el alargado Valle del Vinalop\u00f3 se encuentra un curioso y despoblado conjunto monta\u00f1oso cercano a las poblaciones de Elda, Petrel, Agost, Sax, Castalla\u2026 y en cuyo centro se encuentra el famoso Xorret del Cat\u00ed. Este conjunto lo forman una variada cantidad de escarpes o suaves lomas\u00a0 (Sierra de Castalla, del Caballo, Forad\u00e1\u2026) y lo cierran otros conjuntos altivos y sobresalientes encabezados por la extraordinaria Sierra del Maigm\u00f3 (1.296 mts.) al sureste, que ofrece la espectacular imagen de su pico m\u00e1s alto del mismo nombre que alberga una impresionante, lisa y escarpada pared en su cara norte muy reconocible. Junto a ella se encuentra el Balc\u00f3n de Alicante, un magn\u00edfico mirador a dicha ciudad y a toda la costa sur de Alicante. Cabe destacar su extenso y cuidado bosque de pico carrasco mirando a la Hoya de Castalla que lo identifican como el Pulm\u00f3n de Alicante. La Sierra del Cid al suroeste del conjunto con sus dos picos: La Silla del Cid (1.152 mts.) y el Cid (1.101 mts.) forman un altivo y m\u00e1s \u00e1rido arco mirando hac\u00eda Elda y Petrel, con una vista espectacular del pico m\u00e1s alto desde las cercan\u00edas de Elda; tambi\u00e9n alberga impresionantes paredes. Les siguen la Sierra del Frare con el pico Despe\u00f1ador (1.261 mts.) al norte del Xorret del Cat\u00ed con forma de gigantesca costilla, Sierra de Castalla y la boscosa Sierra de l\u2019Arguenya al norte (La Replana, 1.229 mts.) entre Castalla y Sax[\/vc_column_text][vc_empty_space height=\u00bb20px\u00bb][vc_btn title=\u00bbEntrar\u00bb color=\u00bbwarning\u00bb link=\u00bburl:https%3A%2F%2Fmonta%C3%B1asdelaluna.es%2F%3Fpage_id%3D27034|title:Sierras%20del%20Maigm%C3%B3%20y%20Cid\u00bb][\/vc_column][vc_column][vc_empty_space height=\u00bb30px\u00bb]<div class=\"hr-thin style-line\" style=\"width: 100%;border-top-width: 1px;\"><\/div>[vc_empty_space height=\u00bb30px\u00bb][\/vc_column][\/vc_row][vc_row][vc_column width=\u00bb1\/2&#8243;][vc_single_image image=\u00bb34050&#8243; img_size=\u00bbfull\u00bb css_animation=\u00bbpulse\u00bb][\/vc_column][vc_column width=\u00bb1\/2&#8243;][vc_custom_heading text=\u00bbSierra Mariola y Menetjador\u00bb use_theme_fonts=\u00bbyes\u00bb link=\u00bburl:https%3A%2F%2Fmonta%C3%B1asdelaluna.es%2F%3Fpage_id%3D34054|title:Sierra%20Mariola%20y%20Menetjador\u00bb][vc_empty_space height=\u00bb20px\u00bb][vc_column_text]En las cercan\u00edas y alrededores de Alcoy se encuentran dos de las sierras y monta\u00f1as m\u00e1s relevantes de la provincia de Alicante, tanto por su altura y extensi\u00f3n como por su gran valor ecol\u00f3gico siendo Parques Naturales dentro de la Comunidad Valenciana: Sierra Mariola y la Serra del Menetjador m\u00e1s conocido como el Carrascal de La Font Roja o Carrascal de Alcoy. Sierra Mariola es un extenso macizo que se extiende al norte de Alcoy y que comparte con la provincia de Valencia, estando sus cimas m\u00e1s altas dentro de la provincia de Alicante. El Montcabrer con 1.390 mts. es la m\u00e1xima altura de la sierra, y hace que Sierra Mariola sea la tercera en altitud de la provincia de Alicante. Los dos r\u00edos m\u00e1s importantes de Alicante nacen de sus laderas: Serpis y Vinalop\u00f3; la historia y el patrimonio cultural nutren sus vertientes en los rincones y pueblos que la rodea. El Menetjador o Carrascal de Alcoy queda justo al sur de Alcoy, y es una sierra con una sola orientaci\u00f3n este-oeste. Su altura m\u00e1xima llega a los 1.354 mts. y en sus laderas norte alberga un precioso, extenso\u00a0 y variado bosque, muy bien conservado, de especies de quercus (encinares, robles, quejigos\u2026) que no se encuentran en el resto de la provincia de Alicante y en casi todo el sureste espa\u00f1ol pr\u00f3ximo al Mediterr\u00e1neo: el Carrascal de La Font Roja. Aqu\u00ed se encuentra el santuario hom\u00f3nimo a casi 1.100 metros de altura en mitad del frondoso bosque, referencia de la importancia de este lugar para los Alcoyanos a lo largo de su historia.[\/vc_column_text][vc_empty_space height=\u00bb20px\u00bb][vc_btn title=\u00bbEntrar\u00bb color=\u00bbwarning\u00bb link=\u00bburl:https%3A%2F%2Fmonta%C3%B1asdelaluna.es%2F%3Fpage_id%3D34054|title:Sierra%20Mariola%20y%20Menetjador\u00bb][\/vc_column][vc_column][vc_empty_space height=\u00bb30px\u00bb]<div class=\"hr-thin style-line\" style=\"width: 100%;border-top-width: 1px;\"><\/div>[vc_empty_space height=\u00bb30px\u00bb][\/vc_column][\/vc_row][vc_row][vc_column width=\u00bb1\/2&#8243;][vc_single_image image=\u00bb22202&#8243; img_size=\u00bbfull\u00bb css_animation=\u00bbpulse\u00bb][\/vc_column][vc_column width=\u00bb1\/2&#8243;][vc_custom_heading text=\u00bbLa Serrella y L&#8217;Aixort\u00e0\u00bb use_theme_fonts=\u00bbyes\u00bb link=\u00bburl:https%3A%2F%2Fmonta%C3%B1asdelaluna.es%2F%3Fpage_id%3D22178|title:La%20Serrella%20y%20L%E2%80%99Aixort%C3%A0&#8243;][vc_empty_space height=\u00bb20px\u00bb][vc_column_text]La Serrella es una de las monta\u00f1as o sierras m\u00e1s impresionantes y diferenciadas de Alicante. Es por ello que se ha ganado el calificativo de \u201cel Pirineo de Alicante\u201d. Queda justo (junto con la Sierra de La Carrasqueta) en el centro de la provincia con una cercan\u00eda al mar que le proporciona la humedad y nubes de lluvia suficientes cuando hay Levante, y lo suficientemente en el interior para albergar ese fr\u00edo que le obliga a tener bajas temperaturas en invierno y nieve en sus cimas si as\u00ed es de propicio el a\u00f1o. Esta sierra cierra por el norte y oeste el famoso Valle de Guadalest, y al norte le queda la Vall de Seta\u2026 Se diferencian tres partes o macizos con bajos collados que le hace tener una forma tric\u00e9fala desde la lejan\u00eda; y cada uno de estos macizos culmina en un pico sobresaliente de m\u00e1s de mil trescientos metros de altura: Serrella, 1.359 mts. en el suroeste, Pl\u00e1 de La Casa (el m\u00e1s en\u00e9rgico) de 1.379 mts. en el centro, y La Mall\u00e0 del LLop de 1.361 mts. al noreste. Alberga verdaderos y vertiginosos escarpes que le dan el calificativo antes nombrado, con paredes, agujas y barrancos de roca caliza que en la ladera que baja a Quatretondeta forma los curiosos \u201cFrares\u201d. Siguiendo esta sierra hac\u00eda el este baja hasta el Castellet de Serrella, pe\u00f1asco con las ruinas de un castillo moro a 1.056 mts. de altura, y seguido se yergue y se ensancha de nuevo esta vez con el nombre de Serra d\u2019Aixort\u00e0, con el Cerro de Los Parados (1.218 mts.) como pico culminante; un elegante pe\u00f1asco que parece volcarse hac\u00eda Castell de Castells al norte&#8230;[\/vc_column_text][vc_empty_space height=\u00bb20px\u00bb][vc_btn title=\u00bbEntrar\u00bb color=\u00bbwarning\u00bb link=\u00bburl:https%3A%2F%2Fmonta%C3%B1asdelaluna.es%2F%3Fpage_id%3D22178|title:La%20Serrella%20y%20L%E2%80%99Aixort%C3%A0&#8243;][\/vc_column][\/vc_row][vc_row][vc_column][vc_empty_space height=\u00bb30px\u00bb]<div class=\"hr-thin style-line\" style=\"width: 100%;border-top-width: 1px;\"><\/div>[vc_empty_space height=\u00bb30px\u00bb][\/vc_column][\/vc_row][vc_row][vc_column width=\u00bb1\/2&#8243;][vc_single_image image=\u00bb43596&#8243; img_size=\u00bbfull\u00bb css_animation=\u00bbpulse\u00bb][\/vc_column][vc_column width=\u00bb1\/2&#8243;][vc_custom_heading text=\u00bbComarcas Cercanas\u00bb use_theme_fonts=\u00bbyes\u00bb link=\u00bburl:https%3A%2F%2Fmonta%C3%B1asdelaluna.es%2F%3Fpage_id%3D43590|title:Comarcas%20Cercanas\u00bb][vc_empty_space height=\u00bb20px\u00bb][vc_column_text]La desaparecida revista Centro Verde que el Centro Excursionista Almorad\u00ed edit\u00f3 entre los a\u00f1os 1.992 y 1.997 se cre\u00f3 para divulgar tanto las actividades de monta\u00f1a y medioambiente realizadas por sus socios, como las noticias e informaci\u00f3n del mismo car\u00e1cter a nivel regional y nacional. Comprobando que muchos de los compa\u00f1eros no conoc\u00edan muchas monta\u00f1as alicantinas, me anim\u00e9 a escribir una serie de art\u00edculos titulados Las Monta\u00f1as de Alicante y sus Monta\u00f1as, en los que se describe un recorrido por los lugares, pueblos, geograf\u00eda\u2026 de las comarcas que albergan estas monta\u00f1as, con algunas ascensiones. La Introducci\u00f3n lee as\u00ed: \u201cCon esta serie de art\u00edculos quiero dar a conocer las monta\u00f1as alicantinas, desconocidas para los monta\u00f1eros y la gente de la Vega Baja. Veremos comarcas, pueblos, gentes y costumbres, as\u00ed como rutas de subida a los picos de cada comarca. Puede que los pueblos no corresponden con sus comarcas pol\u00edticas ya que \u00e9stas han sido tomadas desde un marco geogr\u00e1fico natural.\u201d D\u00e1ndole un enfoque m\u00e1s particular con mi visi\u00f3n de las comarcas naturales alicantinas que guardan nuestras monta\u00f1as.\u00a0 Hay que tener en cuenta que los Datos e Informaci\u00f3n son de la d\u00e9cada de los 80. Desgraciadamente la revista dej\u00f3 de editarse y la serie qued\u00f3 inacabada. Solo 3 comarcas y media fueron descritas, las m\u00e1s cercanas a la Vega Baja.[\/vc_column_text][vc_empty_space height=\u00bb20px\u00bb][vc_btn title=\u00bbEntrar\u00bb color=\u00bbwarning\u00bb link=\u00bburl:https%3A%2F%2Fmonta%C3%B1asdelaluna.es%2F%3Fpage_id%3D43590|title:Comarcas%20Cercanas\u00bb][\/vc_column][vc_column][vc_empty_space height=\u00bb30px\u00bb]<div class=\"hr-thin style-line\" style=\"width: 100%;border-top-width: 1px;\"><\/div>[vc_empty_space height=\u00bb30px\u00bb][\/vc_column][\/vc_row][vc_row][vc_column width=\u00bb1\/2&#8243;][vc_single_image image=\u00bb31806&#8243; img_size=\u00bbfull\u00bb css_animation=\u00bbpulse\u00bb][\/vc_column][vc_column width=\u00bb1\/2&#8243;][vc_custom_heading text=\u00bbResto de Alicante\u00bb use_theme_fonts=\u00bbyes\u00bb link=\u00bburl:https%3A%2F%2Fmonta%C3%B1asdelaluna.es%2F%3Fpage_id%3D31812|title:Resto%20de%20Alicante\u00bb][vc_empty_space height=\u00bb20px\u00bb][vc_column_text]En esta secci\u00f3n incluiremos aquellas monta\u00f1as y sierras, as\u00ed como recorridos y ascensiones que no est\u00e1n dentro de los conjuntos monta\u00f1osos que dan nombre al resto de secciones. No por ello son menos interesantes y espectaculares que \u00e9stas. Aqu\u00ed las podr\u00edamos diferenciar en 3 zonas separadas o diferenciadas por su geograf\u00eda, ubicaci\u00f3n y por la separaci\u00f3n con los conjuntos monta\u00f1osos del resto de secciones: una zona ser\u00eda la de los Valles del Vinalop\u00f3 con todas las sierras y monta\u00f1as cuyos barrancos y ramblas dan o son afluentes de este famoso r\u00edo alicantino, y a la vez pegadas a la frontera con Murcia; cabe destacar la Sierra de l\u2019Algallet, Sierra de Salinas, Reconc\u2026 Otra zona ser\u00eda la del centro, quedando en la encrucijada de las secciones del Maigm\u00f3, Aitana, Serrella y Menetjador, en medio de \u00e9stas; con la Sierra de La Carrasqueta como la m\u00e1s famosa y destacada, Cabe\u00e7\u00f3 d\u2019Or, Penya Roja\u2026 Y la otra zona ser\u00edan los Valles de Alicante refiri\u00e9ndome a las monta\u00f1as que quedan al norte, noreste de la provincia pegadas al mar, frontera con la provincia de Valencia y que entre ellas aparecen los nombrados valles de la monta\u00f1a alicantina (Vall d\u2019Ebo, Vall de Gallinera, Vall de Laguart\u2026); destacan La Safor, Sierra de Seg\u00e0ria, Sierra de Bernia, El Montg\u00f3\u2026[\/vc_column_text][vc_empty_space height=\u00bb20px\u00bb][vc_btn title=\u00bbEntrar\u00bb color=\u00bbwarning\u00bb link=\u00bburl:https%3A%2F%2Fmonta%C3%B1asdelaluna.es%2F%3Fpage_id%3D31812|title:Resto%20de%20Alicante\u00bb][\/vc_column][vc_column][\/vc_column][\/vc_row]<\/p>\n","protected":false},"excerpt":{"rendered":"<p>[vc_row][vc_column][vc_column_text]Dicen que la provincia de Alicante es la segunda m\u00e1s monta\u00f1osa de Espa\u00f1a y la primera en v\u00edas de escalada, y es que la gran cantidad y diversidad de monta\u00f1as con sus formas y perfiles, hacen de esta provincia un aut\u00e9ntico y desconocido tesoro para el monta\u00f1ismo, escalada, senderismo\u2026 Aunque sus m\u00e1ximas alturas solamente superan&hellip;<\/p>\n","protected":false},"author":1,"featured_media":0,"parent":0,"menu_order":0,"comment_status":"closed","ping_status":"closed","template":"","meta":[],"class_list":["post-14931","page","type-page","status-publish","hentry","description-off"],"_links":{"self":[{"href":"https:\/\/www.monta\u00f1asdelaluna.es\/index.php?rest_route=\/wp\/v2\/pages\/14931","targetHints":{"allow":["GET"]}}],"collection":[{"href":"https:\/\/www.monta\u00f1asdelaluna.es\/index.php?rest_route=\/wp\/v2\/pages"}],"about":[{"href":"https:\/\/www.monta\u00f1asdelaluna.es\/index.php?rest_route=\/wp\/v2\/types\/page"}],"author":[{"embeddable":true,"href":"https:\/\/www.monta\u00f1asdelaluna.es\/index.php?rest_route=\/wp\/v2\/users\/1"}],"replies":[{"embeddable":true,"href":"https:\/\/www.monta\u00f1asdelaluna.es\/index.php?rest_route=%2Fwp%2Fv2%2Fcomments&post=14931"}],"version-history":[{"count":68,"href":"https:\/\/www.monta\u00f1asdelaluna.es\/index.php?rest_route=\/wp\/v2\/pages\/14931\/revisions"}],"predecessor-version":[{"id":49439,"href":"https:\/\/www.monta\u00f1asdelaluna.es\/index.php?rest_route=\/wp\/v2\/pages\/14931\/revisions\/49439"}],"wp:attachment":[{"href":"https:\/\/www.monta\u00f1asdelaluna.es\/index.php?rest_route=%2Fwp%2Fv2%2Fmedia&parent=14931"}],"curies":[{"name":"wp","href":"https:\/\/api.w.org\/{rel}","templated":true}]}}