{"id":14962,"date":"2015-07-22T19:42:08","date_gmt":"2015-07-22T19:42:08","guid":{"rendered":"http:\/\/monta\u00f1asdelaluna.com\/?page_id=14962"},"modified":"2021-07-06T17:10:26","modified_gmt":"2021-07-06T17:10:26","slug":"barcelona","status":"publish","type":"page","link":"https:\/\/www.monta\u00f1asdelaluna.es\/?page_id=14962","title":{"rendered":"Barcelona"},"content":{"rendered":"<p>[vc_row][vc_column][vc_column_text]En esta secci\u00f3n describiremos los recorridos, rutas y ascensiones de las monta\u00f1as de la Provincia de Barcelona sin contar aquellas que est\u00e1n en el Pirineo y Prepirineo con alturas superiores a los mil seiscientos metros. Cabe destacar las sierras de Montserrat, Sant Lloren\u00e7 del Munt, Collserola con su gran proximidad a la ciudad de Barcelona, el Garraf y la Serralada Litoral y de Marina, todas ellas forman parte de las Cordilleras Litorales. Tambi\u00e9n a\u00f1adimos lugares y monta\u00f1as ubicadas en la misma convergencia del Prepirineo con las Cordilleras Litorales, las llamadas por los catalanes Cordillera Transversal o Subpirineo como ocurre en el Collsacabra y lugares fronterizos con La Garrotxa o El Ripoll\u00e9s; y el resto de sierras y monta\u00f1as de las mismas Cordilleras Litorales.[\/vc_column_text][vc_empty_space height=\u00bb30px\u00bb][vc_separator][vc_empty_space height=\u00bb30px\u00bb][\/vc_column][\/vc_row][vc_row][vc_column width=\u00bb1\/2&#8243;][vc_single_image image=\u00bb21765&#8243; img_size=\u00bbfull\u00bb css_animation=\u00bbpulse\u00bb image_hovers=\u00bbfalse\u00bb][\/vc_column][vc_column width=\u00bb1\/2&#8243;][vc_custom_heading text=\u00bbCollserola\u00bb use_theme_fonts=\u00bbyes\u00bb link=\u00bburl:https%3A%2F%2Fmonta%C3%B1asdelaluna.es%2F%3Fpage_id%3D14975|title:Collserola\u00bb][vc_empty_space height=\u00bb20px\u00bb][vc_column_text]Es la monta\u00f1a de la ciudad de Barcelona por antonomasia (con todos los respetos por Montju\u00efc). A pesar de su cercan\u00eda a la gran urbe que invade todas sus laderas este, sureste y el resto de laderas con urbanizaciones, mas\u00edas y casas, la sierra conserva en muchos de sus escondites y lugares la esencia de la naturaleza y la frondosidad de sus bosques mediterr\u00e1neos de encinas y pinos. Agobiada por los otros bosques de cemento y hormig\u00f3n, y por las innumerables torres de electricidad de media y alta tensi\u00f3n que la cruzan, el Parque Natural de Collserola lucha por mantenerse libre, limpia y sana en muchos de sus rincones y laderas. Es una verdadera isla de verdor en medio del centro motor y de viviendas de Catalu\u00f1a. Varias alturas f\u00e1ciles y al alcance de cualquier caminante llenan la cima de la sierra que como una columna vertebral recorre la misma de noreste a suroeste, siendo m\u00e1s ancha en la parte sur, suroeste: Puig Madrona, Tur\u00f3 de La Magarola&#8230; incre\u00edbles miradores al mar y las enormementes pobladas comarcas de esta parte de Catalu\u00f1a. Pero es su cima m\u00e1s alta el lugar m\u00e1s emblem\u00e1tico de la monta\u00f1a: el Tibidabo de 517 mts. de altitud..[\/vc_column_text][vc_empty_space height=\u00bb20px\u00bb][vc_btn title=\u00bbEntrar\u00bb style=\u00bbflat\u00bb color=\u00bbwarning\u00bb link=\u00bburl:https%3A%2F%2Fmonta%C3%B1asdelaluna.es%2F%3Fpage_id%3D14975|title:Collserola\u00bb][\/vc_column][\/vc_row][vc_row][vc_column][vc_empty_space height=\u00bb30px\u00bb]<div class=\"hr-thin style-line\" style=\"width: 100%;border-color: #dddddd;border-top-width: 1px;\"><\/div>[vc_empty_space height=\u00bb30px\u00bb][\/vc_column][\/vc_row][vc_row][vc_column width=\u00bb1\/2&#8243;][vc_single_image image=\u00bb21767&#8243; img_size=\u00bbfull\u00bb css_animation=\u00bbpulse\u00bb image_hovers=\u00bbfalse\u00bb][\/vc_column][vc_column width=\u00bb1\/2&#8243;][vc_custom_heading text=\u00bbMontserrat\u00bb use_theme_fonts=\u00bbyes\u00bb link=\u00bburl:https%3A%2F%2Fmonta%C3%B1asdelaluna.es%2F%3Fpage_id%3D14976|title:Montserrat\u00bb][vc_empty_space height=\u00bb20px\u00bb][vc_column_text]Esta es una monta\u00f1a \u00fanica, singular, enigm\u00e1tica y magn\u00edfica. Desde mucha distancia ya se distingue del resto de monta\u00f1as y del llano de l&#8217;Anoia, el Vall\u00e9s Occidental y el Bages. Su peculiar forma y perfiles desafiantes de paredes verticales, largas, altas que forma promontorios, agujas diferenciadas de cimas romas, redondeadas, como si la mano de un gigante estuviera jugando con la arena mojada de la playa. Es la monta\u00f1a de Catalu\u00f1a; sagrada y m\u00edstica, espectacular y hermosa. No es m\u00e1s que el conjunto de un duro conglomerado que ha sabido mantener su dignidad ante los envistes de la erosi\u00f3n, despu\u00e9s de que se elevara un terreno de derrubios, de los que traen los r\u00edos y dejan en sus m\u00e1rgenes o desembocaduras, por la orogenia alpina. Entonces forma un magn\u00edfico murall\u00f3n con espectacular y escarpada imagen en su cara norte, en el que un laberinto de agujas (con las formas descritas) y collados hacen las delicias de escaladores, exploradores y monta\u00f1eros. La imaginaci\u00f3n y la santidad han dado muchos nombres a estas agujas y pin\u00e1culos seg\u00fan sus formas: La Momia, El Frare Gros, Montgros, La Magdalena, Els Frares Encantats, Les Agulles, el Cavall Bernat o Dit Gros, Els Ecos&#8230; su altura est\u00e1 muy diferenciada de los vallecillos y llanuras colindantes, destacando su pico m\u00e1s alto, el Sant Jeroni, de 1.236 mts., que se pude alcanzar sin dificultad t\u00e9cnica a\u00f1adida (aparte de lo largo y desnivel del recorrido) desde el mismo Monasterio de Montserrat&#8230;[\/vc_column_text][vc_empty_space height=\u00bb20px\u00bb][vc_btn title=\u00bbEntrar\u00bb style=\u00bbflat\u00bb color=\u00bbwarning\u00bb link=\u00bburl:https%3A%2F%2Fmonta%C3%B1asdelaluna.es%2F%3Fpage_id%3D14976|title:Montserrat\u00bb][\/vc_column][\/vc_row][vc_row][vc_column][vc_empty_space height=\u00bb30px\u00bb]<div class=\"hr-thin style-line\" style=\"width: 100%;border-color: #dddddd;border-top-width: 1px;\"><\/div>[vc_empty_space height=\u00bb30px\u00bb][\/vc_column][\/vc_row][vc_row][vc_column width=\u00bb1\/2&#8243;][vc_single_image image=\u00bb21769&#8243; img_size=\u00bbfull\u00bb css_animation=\u00bbpulse\u00bb image_hovers=\u00bbfalse\u00bb][\/vc_column][vc_column width=\u00bb1\/2&#8243;][vc_custom_heading text=\u00bbSant Lloren\u00e7 del Munt\u00bb use_theme_fonts=\u00bbyes\u00bb link=\u00bburl:https%3A%2F%2Fmonta%C3%B1asdelaluna.es%2F%3Fpage_id%3D14977|title:Sant%20Lloren%C3%A7%20del%20Munt\u00bb][vc_empty_space height=\u00bb20px\u00bb][vc_column_text]Sant Lloren\u00e7 del Munt i l\u2019Obac es otro parque natural de la provincia de Barcelona en el que se puede diferenciar la monta\u00f1a de Sant Lloren\u00e7 del Munt con La Mola (1.104 mts.) al sur, como punto m\u00e1s alto de todo el conjunto, y el Montcau al norte (1.056 mts.), separada por la carretera Matadepera-Mura y por los vallecillos que la recorre a la Serra de l\u2019Obac, pero unidas por el famoso Coll d\u2019Estenalles. La Serra de l\u2019Obac es menos altiva y extensa, con el Castellsapera (939 mts.) como punto culminante de la misma. Es otro conglomerado como Montserrat pero con una erosi\u00f3n y modelado bien diferente y menos diferenciado, no es tan espectacular como su santa vecina del suroeste. Como Montserrat, el Montseny o Montsant est\u00e1 dentro de la Cordillera Prelitoral flanqueada por las comarcas del Vall\u00e9s y el Bages, y las poblaciones cercanas de Terrassa, Matadepera, Mura, Sant Lloren\u00e7 Savall\u2026 Alberga frondosos bosques mediterr\u00e1neos de encinares y pinos, y formas, no tan espectaculares como la de su vecina Montserrat, pero curiosas y escarpadas en muchos de sus flancos con la roca conglomerada como protagonista: cabe destacar el Montcau con su forma de pagoda, atractivo y curioso, y el Castellsapera como un formidable castillo, murall\u00f3n con un acceso m\u00e1s encrespado a su cima\u2026[\/vc_column_text][vc_empty_space height=\u00bb20px\u00bb][vc_btn title=\u00bbEntrar\u00bb style=\u00bbflat\u00bb color=\u00bbwarning\u00bb link=\u00bburl:https%3A%2F%2Fmonta%C3%B1asdelaluna.es%2F%3Fpage_id%3D14977|title:Sant%20Lloren%C3%A7%20del%20Munt\u00bb][\/vc_column][\/vc_row][vc_row][vc_column][vc_empty_space height=\u00bb30px\u00bb]<div class=\"hr-thin style-line\" style=\"width: 100%;border-top-width: 1px;\"><\/div>[vc_empty_space height=\u00bb30px\u00bb][\/vc_column][\/vc_row][vc_row][vc_column width=\u00bb1\/2&#8243;][vc_single_image image=\u00bb21771&#8243; img_size=\u00bbfull\u00bb css_animation=\u00bbpulse\u00bb image_hovers=\u00bbfalse\u00bb][\/vc_column][vc_column width=\u00bb1\/2&#8243;][vc_custom_heading text=\u00bbSerralada de Marina y Litoral\u00bb use_theme_fonts=\u00bbyes\u00bb link=\u00bburl:https%3A%2F%2Fmonta%C3%B1asdelaluna.es%2F%3Fpage_id%3D18206|title:Serralada%20de%20Marina%20y%20Litoral\u00bb][vc_empty_space height=\u00bb20px\u00bb][vc_column_text]M\u00e1s olvidadas y menos voluminosas este conjunto de monta\u00f1as dentro de la Cordillera Litoral divididas en dos parques naturales, tambi\u00e9n merecen m\u00e1s de una visita y recorrido. Aunque es un mismo cordal que surge desde los llanos del R\u00edo Bes\u00f3s en las inmediaciones de Montcada i Reixac y Santa Coloma de Gramanet al suroeste, y se une al noreste con El Corredor por el T\u00fanel de Parpers, \u00e9ste conjunto lo han dividido en dos partes: Serralada Litoral y Serralada de Marina. La Serrada de Marina es la parte de la monta\u00f1a o sierra m\u00e1s al sur, tambi\u00e9n menos h\u00fameda y m\u00e1s castigada por los incendios, cabe destacar islas de verdadero verdor y frondosidad como es el valle de Reixac (que alberga el templo de Sant Pere de Reixac), y sus cimas que no llegan a los quinientos metros: La Coscollada (464 mts.), Tur\u00f3 d\u2019en Galcer\u00e1n (485 mts.)\u2026 tambi\u00e9n agobiada por las urbes en su sur (Badalona, Santa Coloma de Gramanet, Montcada i Reixac, Tiana\u2026) y por las urbanizaciones del Maresme entre la sierra y la costa, la monta\u00f1a est\u00e1 muy habitada y utilizada desde la antig\u00fcedad, prehistoria\u2026 incluso alberga en sus laderas el Hospital de Can Ruti en un magn\u00edfico mirador a las urbes de Barcelona, Badalona y la costa del Maresme. La otra es la Serralada Litoral, al norte pero en el mismo cordal que la Serralada de Marina, que se une con El Corredor en el mismo T\u00fanel de Parpers\u2026[\/vc_column_text][vc_empty_space height=\u00bb20px\u00bb][vc_btn title=\u00bbEntrar\u00bb color=\u00bbwarning\u00bb link=\u00bburl:https%3A%2F%2Fmonta%C3%B1asdelaluna.es%2F%3Fpage_id%3D18206|title:Serralada%20de%20Marina%20y%20Litoral\u00bb][\/vc_column][\/vc_row][vc_row][vc_column][vc_empty_space height=\u00bb30px\u00bb]<div class=\"hr-thin style-line\" style=\"width: 100%;border-top-width: 1px;\"><\/div>[vc_empty_space height=\u00bb30px\u00bb][\/vc_column][\/vc_row][vc_row][vc_column width=\u00bb1\/2&#8243;][vc_single_image image=\u00bb21773&#8243; img_size=\u00bbfull\u00bb css_animation=\u00bbpulse\u00bb image_hovers=\u00bbfalse\u00bb][\/vc_column][vc_column width=\u00bb1\/2&#8243;][vc_custom_heading text=\u00bbEl Garraf\u00bb use_theme_fonts=\u00bbyes\u00bb link=\u00bburl:https%3A%2F%2Fmonta%C3%B1asdelaluna.es%2F%3Fpage_id%3D18892|title:El%20Garraf\u00bb][vc_empty_space height=\u00bb20px\u00bb][vc_column_text]El macizo monta\u00f1oso que se encuentra al oeste, suroeste de las urbes de Barcelona, Cornell\u00e1, Hospilatet\u2026 y del delta, valle o vega, desembocadura del Llobregat, es el extenso Macizo del Garraf. Cae con curiosos y entretenidos acantilados sobre el Mar Mediterr\u00e1neo por las inmediaciones de pueblo del mismo nombre y ha sido siempre una dificultad a salvar para comunicar el Baix Llobregat con Sitges, Vilanova i la Geltr\u00fa\u2026 de hecho tiene una carretera donde anta\u00f1o se realizaba un Rallye gracias a sus escabrosas y dif\u00edciles curvas, \u201clas curvas del Garraf\u201d. Hoy d\u00eda se puede atravesar el macizo por los t\u00faneles de una autopista o del mismo tren que pasa por la costa. Es un macizo de car\u00e1cter y clima muy mediterr\u00e1neo cuando m\u00e1s nos acercamos a la costa, casi con aridez y rocosidad caliza, propiedad que le ha otorgado tener una erosi\u00f3n c\u00e1rstica considerable y pronunciada, y en contrapartida una sobreexplotaci\u00f3n minera y canterera casi de un inigualable abuso en todo el territorio catal\u00e1n\u2026 Sus cimas no tienen nada de dificultad y no llegan a los seiscientos metros: Puig de Les Agulles (552 mts.)\u2026 y la m\u00e1s alta La Morella de 596 mts., con la caracter\u00edstica diferenciadora de la vegetaci\u00f3n seg\u00fan la latitud de la misma sierra; pero siendo \u00e9sta \u00faltima un magn\u00edfico mirador al Baix Llobregat y a las urbes que rodean Barcelona. Como Collserola al este, noreste de \u00e9sta, El Corredor, Marina y dem\u00e1s, pertenece a la formaci\u00f3n de la Cordillera Litoral, siendo la que m\u00e1s se adentra en el mar con sus acantilados de toda la costa barcelonesa.[\/vc_column_text][vc_empty_space height=\u00bb20px\u00bb][vc_btn title=\u00bbEntrar\u00bb style=\u00bbflat\u00bb color=\u00bbwarning\u00bb link=\u00bburl:https%3A%2F%2Fmonta%C3%B1asdelaluna.es%2F%3Fpage_id%3D18892|title:El%20Garraf\u00bb][\/vc_column][\/vc_row][vc_row][vc_column][vc_empty_space height=\u00bb30px\u00bb]<div class=\"hr-thin style-line\" style=\"width: 100%;border-top-width: 1px;\"><\/div>[vc_empty_space height=\u00bb30px\u00bb][\/vc_column][\/vc_row][vc_row][vc_column width=\u00bb1\/2&#8243;][vc_single_image image=\u00bb21775&#8243; img_size=\u00bbfull\u00bb css_animation=\u00bbpulse\u00bb image_hovers=\u00bbfalse\u00bb][\/vc_column][vc_column width=\u00bb1\/2&#8243;][vc_custom_heading text=\u00bbResto de Barcelona\u00bb use_theme_fonts=\u00bbyes\u00bb link=\u00bburl:https%3A%2F%2Fmonta%C3%B1asdelaluna.es%2F%3Fpage_id%3D20018|title:Resto%20de%20Barcelona\u00bb][vc_empty_space height=\u00bb20px\u00bb][vc_column_text]En esta secci\u00f3n incluiremos aquellas monta\u00f1as y serrezuelas, as\u00ed como recorridos y visitas que no est\u00e1n dentro de los conjuntos monta\u00f1osos que dan nombre al resto de las secciones. Sobre todo peque\u00f1as sierras y montes de la Cordillera Prelitoral que quedan entre los conjuntos monta\u00f1osos nombrados dentro de la Provincia de Barcelona. Tambi\u00e9n aquellas monta\u00f1as y sierras del norte de la provincia formado parte de la que llaman Cordillera Transversal y Subpirineo, haciendo frontera con Girona: Serra dels Llancers, La Grevolosa\u2026 sacando la comarca del Collsacabra i Guilleries en otra secci\u00f3n al compartir territorio con Girona; y por la Cordillera Prelitoral cabe destacar el Pant\u00e1 de Sau, la Sierra de Miralles, Sierra de La Llacuna y el Castellar\u2026[\/vc_column_text][vc_empty_space height=\u00bb20px\u00bb][vc_btn title=\u00bbEntrar\u00bb style=\u00bbflat\u00bb color=\u00bbwarning\u00bb link=\u00bburl:https%3A%2F%2Fmonta%C3%B1asdelaluna.es%2F%3Fpage_id%3D20018|title:Resto%20de%20Barcelona\u00bb][\/vc_column][\/vc_row]<\/p>\n","protected":false},"excerpt":{"rendered":"<p>[vc_row][vc_column][vc_column_text]En esta secci\u00f3n describiremos los recorridos, rutas y ascensiones de las monta\u00f1as de la Provincia de Barcelona sin contar aquellas que est\u00e1n en el Pirineo y Prepirineo con alturas superiores a los mil seiscientos metros. Cabe destacar las sierras de Montserrat, Sant Lloren\u00e7 del Munt, Collserola con su gran proximidad a la ciudad de Barcelona,&hellip;<\/p>\n","protected":false},"author":1,"featured_media":0,"parent":14951,"menu_order":0,"comment_status":"closed","ping_status":"closed","template":"","meta":[],"class_list":["post-14962","page","type-page","status-publish","hentry","description-off"],"_links":{"self":[{"href":"https:\/\/www.monta\u00f1asdelaluna.es\/index.php?rest_route=\/wp\/v2\/pages\/14962","targetHints":{"allow":["GET"]}}],"collection":[{"href":"https:\/\/www.monta\u00f1asdelaluna.es\/index.php?rest_route=\/wp\/v2\/pages"}],"about":[{"href":"https:\/\/www.monta\u00f1asdelaluna.es\/index.php?rest_route=\/wp\/v2\/types\/page"}],"author":[{"embeddable":true,"href":"https:\/\/www.monta\u00f1asdelaluna.es\/index.php?rest_route=\/wp\/v2\/users\/1"}],"replies":[{"embeddable":true,"href":"https:\/\/www.monta\u00f1asdelaluna.es\/index.php?rest_route=%2Fwp%2Fv2%2Fcomments&post=14962"}],"version-history":[{"count":31,"href":"https:\/\/www.monta\u00f1asdelaluna.es\/index.php?rest_route=\/wp\/v2\/pages\/14962\/revisions"}],"predecessor-version":[{"id":49435,"href":"https:\/\/www.monta\u00f1asdelaluna.es\/index.php?rest_route=\/wp\/v2\/pages\/14962\/revisions\/49435"}],"up":[{"embeddable":true,"href":"https:\/\/www.monta\u00f1asdelaluna.es\/index.php?rest_route=\/wp\/v2\/pages\/14951"}],"wp:attachment":[{"href":"https:\/\/www.monta\u00f1asdelaluna.es\/index.php?rest_route=%2Fwp%2Fv2%2Fmedia&parent=14962"}],"curies":[{"name":"wp","href":"https:\/\/api.w.org\/{rel}","templated":true}]}}