{"id":1795,"date":"2019-10-17T12:02:21","date_gmt":"2019-10-17T12:02:21","guid":{"rendered":"https:\/\/the7.io\/nutritionist\/?page_id=1795"},"modified":"2021-07-05T21:00:53","modified_gmt":"2021-07-05T21:00:53","slug":"blog","status":"publish","type":"page","link":"https:\/\/www.monta\u00f1asdelaluna.es\/?page_id=1795","title":{"rendered":"Blog"},"content":{"rendered":"<p>[vc_row bg_type=\u00bbimage\u00bb parallax_style=\u00bbvcpb-default\u00bb bg_image_new=\u00bbid^47112|url^http:\/\/localhost\/luneta\/wp-content\/uploads\/2021\/02\/fondo_general.jpg|caption^null|alt^null|title^fondo_general|description^null\u00bb bg_image_repeat=\u00bbno-repeat\u00bb bg_img_attach=\u00bbfixed\u00bb bg_override=\u00bbfull\u00bb][vc_column]<div id=\"ultimate-heading-250569ec9284df176\" class=\"uvc-heading ult-adjust-bottom-margin ultimate-heading-250569ec9284df176 uvc-2817 \" data-hspacer=\"no_spacer\"  data-halign=\"center\" style=\"text-align:center\"><div class=\"uvc-heading-spacer no_spacer\" style=\"top\"><\/div><div class=\"uvc-main-heading ult-responsive\"  data-ultimate-target='.uvc-heading.ultimate-heading-250569ec9284df176 h2'  data-responsive-json-new='{\"font-size\":\"desktop:22px;\",\"line-height\":\"desktop:28px;\"}' ><h2 style=\"font-family:&#039;Josefin Sans&#039;;font-style:italic;--font-weight:theme;color:rgba(221,153,51,0.7);margin-bottom:5px;\">\u2014 sum\u00e9rgete \u2014<\/h2><\/div><div class=\"uvc-sub-heading ult-responsive\"  data-ultimate-target='.uvc-heading.ultimate-heading-250569ec9284df176 .uvc-sub-heading '  data-responsive-json-new='{\"font-size\":\"desktop:50px;mobile_landscape:40px;\",\"line-height\":\"desktop:56px;mobile_landscape:46px;\"}'  style=\"font-family:&#039;Josefin Sans&#039;;font-weight:700;color:#dd9933;margin-bottom:30px;\">\u00edndice de relatos<\/div><\/div><div class=\"dt-shortcode with-isotope\"><div class=\"filter iso-filter\"><div class=\"filter-categories\" data-default-order=\"desc\" data-default-orderby=\"date\"><a href=\"https:\/\/www.monta\u00f1asdelaluna.es\/?page_id=1795&#038;orderby=date&#038;order=desc\" class=\"show-all act\" data-filter=\"*\">Ver todo<\/a><a href=\"https:\/\/www.monta\u00f1asdelaluna.es\/?page_id=1795&#038;term=83&#038;orderby=date&#038;order=desc\" class=\"aitana-y-puig-campana\" data-filter=\".category-83\">Aitana y Puig Campana<\/a><a href=\"https:\/\/www.monta\u00f1asdelaluna.es\/?page_id=1795&#038;term=75&#038;orderby=date&#038;order=desc\" class=\"alta-ruta-perdidos\" data-filter=\".category-75\">Alta Ruta Perdidos<\/a><a href=\"https:\/\/www.monta\u00f1asdelaluna.es\/?page_id=1795&#038;term=128&#038;orderby=date&#038;order=desc\" class=\"alto-pirineo-catalan\" data-filter=\".category-128\">Alto Pirineo Catal\u00e1n<\/a><a href=\"https:\/\/www.monta\u00f1asdelaluna.es\/?page_id=1795&#038;term=103&#038;orderby=date&#038;order=desc\" class=\"ascensiones-y-recorridos\" data-filter=\".category-103\">Ascensiones y recorridos<\/a><a href=\"https:\/\/www.monta\u00f1asdelaluna.es\/?page_id=1795&#038;term=124&#038;orderby=date&#038;order=desc\" class=\"atlas\" data-filter=\".category-124\">Atlas<\/a><a href=\"https:\/\/www.monta\u00f1asdelaluna.es\/?page_id=1795&#038;term=34&#038;orderby=date&#038;order=desc\" class=\"bolivia\" data-filter=\".category-34\">Bolivia<\/a><a href=\"https:\/\/www.monta\u00f1asdelaluna.es\/?page_id=1795&#038;term=121&#038;orderby=date&#038;order=desc\" class=\"cantabrico-y-picos-de-europa\" data-filter=\".category-121\">Cant\u00e1brico y Picos de Europa<\/a><a href=\"https:\/\/www.monta\u00f1asdelaluna.es\/?page_id=1795&#038;term=36&#038;orderby=date&#038;order=desc\" class=\"caucaso\" data-filter=\".category-36\">C\u00e1ucaso<\/a><a href=\"https:\/\/www.monta\u00f1asdelaluna.es\/?page_id=1795&#038;term=120&#038;orderby=date&#038;order=desc\" class=\"collsacabra-i-guilleries\" data-filter=\".category-120\">Collsacabra i Guilleries<\/a><a href=\"https:\/\/www.monta\u00f1asdelaluna.es\/?page_id=1795&#038;term=49&#038;orderby=date&#038;order=desc\" class=\"collserola\" data-filter=\".category-49\">Collserola<\/a><a href=\"https:\/\/www.monta\u00f1asdelaluna.es\/?page_id=1795&#038;term=123&#038;orderby=date&#038;order=desc\" class=\"comarcas-cercanas\" data-filter=\".category-123\">Comarcas Cercanas<\/a><a href=\"https:\/\/www.monta\u00f1asdelaluna.es\/?page_id=1795&#038;term=98&#038;orderby=date&#038;order=desc\" class=\"cordilleras-centrales\" data-filter=\".category-98\">Cordilleras centrales<\/a><a href=\"https:\/\/www.monta\u00f1asdelaluna.es\/?page_id=1795&#038;term=105&#038;orderby=date&#038;order=desc\" class=\"cordilleras-del-betis\" data-filter=\".category-105\">Cordilleras del Betis<\/a><a href=\"https:\/\/www.monta\u00f1asdelaluna.es\/?page_id=1795&#038;term=45&#038;orderby=date&#038;order=desc\" class=\"corredor-i-montnegre\" data-filter=\".category-45\">Corredor i Montnegre<\/a><a href=\"https:\/\/www.monta\u00f1asdelaluna.es\/?page_id=1795&#038;term=93&#038;orderby=date&#038;order=desc\" class=\"ecrins\" data-filter=\".category-93\">\u00c9crins<\/a><a href=\"https:\/\/www.monta\u00f1asdelaluna.es\/?page_id=1795&#038;term=35&#038;orderby=date&#038;order=desc\" class=\"ecuador\" data-filter=\".category-35\">Ecuador<\/a><a href=\"https:\/\/www.monta\u00f1asdelaluna.es\/?page_id=1795&#038;term=73&#038;orderby=date&#038;order=desc\" class=\"el-garraf\" data-filter=\".category-73\">El Garraf<\/a><a href=\"https:\/\/www.monta\u00f1asdelaluna.es\/?page_id=1795&#038;term=111&#038;orderby=date&#038;order=desc\" class=\"finsteraarhorn-y-glaciar-aletsch\" data-filter=\".category-111\">Finsteraarhorn y Glaciar Aletsch<\/a><a href=\"https:\/\/www.monta\u00f1asdelaluna.es\/?page_id=1795&#038;term=46&#038;orderby=date&#038;order=desc\" class=\"girona\" data-filter=\".category-46\">Girona<\/a><a href=\"https:\/\/www.monta\u00f1asdelaluna.es\/?page_id=1795&#038;term=39&#038;orderby=date&#038;order=desc\" class=\"gran-paradiso\" data-filter=\".category-39\">Gran Paradiso<\/a><a href=\"https:\/\/www.monta\u00f1asdelaluna.es\/?page_id=1795&#038;term=69&#038;orderby=date&#038;order=desc\" class=\"integral-de-sierra-nevada\" data-filter=\".category-69\">Integral de Sierra Nevada<\/a><a href=\"https:\/\/www.monta\u00f1asdelaluna.es\/?page_id=1795&#038;term=133&#038;orderby=date&#038;order=desc\" class=\"la-calma\" data-filter=\".category-133\">La Calma<\/a><a href=\"https:\/\/www.monta\u00f1asdelaluna.es\/?page_id=1795&#038;term=47&#038;orderby=date&#038;order=desc\" class=\"la-garrotxa\" data-filter=\".category-47\">La Garrotxa<\/a><a href=\"https:\/\/www.monta\u00f1asdelaluna.es\/?page_id=1795&#038;term=84&#038;orderby=date&#038;order=desc\" class=\"la-serrella-y-laixorta\" data-filter=\".category-84\">La Serrella y L'Aixort\u00e0<\/a><a href=\"https:\/\/www.monta\u00f1asdelaluna.es\/?page_id=1795&#038;term=132&#038;orderby=date&#038;order=desc\" class=\"matagalls\" data-filter=\".category-132\">Matagalls<\/a><a href=\"https:\/\/www.monta\u00f1asdelaluna.es\/?page_id=1795&#038;term=38&#038;orderby=date&#038;order=desc\" class=\"montblanc\" data-filter=\".category-38\">Montblanc<\/a><a href=\"https:\/\/www.monta\u00f1asdelaluna.es\/?page_id=1795&#038;term=50&#038;orderby=date&#038;order=desc\" class=\"montserrat\" data-filter=\".category-50\">Montserrat<\/a><a href=\"https:\/\/www.monta\u00f1asdelaluna.es\/?page_id=1795&#038;term=99&#038;orderby=date&#038;order=desc\" class=\"murcia\" data-filter=\".category-99\">Murcia<\/a><a href=\"https:\/\/www.monta\u00f1asdelaluna.es\/?page_id=1795&#038;term=58&#038;orderby=date&#038;order=desc\" class=\"noticias\" data-filter=\".category-58\">Noticias<\/a><a href=\"https:\/\/www.monta\u00f1asdelaluna.es\/?page_id=1795&#038;term=115&#038;orderby=date&#038;order=desc\" class=\"pico-lenin\" data-filter=\".category-115\">Pico Lenin<\/a><a href=\"https:\/\/www.monta\u00f1asdelaluna.es\/?page_id=1795&#038;term=130&#038;orderby=date&#038;order=desc\" class=\"pirineo-calizo-catalan\" data-filter=\".category-130\">Pirineo Calizo Catal\u00e1n<\/a><a href=\"https:\/\/www.monta\u00f1asdelaluna.es\/?page_id=1795&#038;term=127&#038;orderby=date&#038;order=desc\" class=\"pirineo-central-atlantico\" data-filter=\".category-127\">Pirineo Central Atl\u00e1ntico<\/a><a href=\"https:\/\/www.monta\u00f1asdelaluna.es\/?page_id=1795&#038;term=91&#038;orderby=date&#038;order=desc\" class=\"pirineo-frances-y-andorra\" data-filter=\".category-91\">Pirineo franc\u00e9s y Andorra<\/a><a href=\"https:\/\/www.monta\u00f1asdelaluna.es\/?page_id=1795&#038;term=42&#038;orderby=date&#038;order=desc\" class=\"pirineo-navarro\" data-filter=\".category-42\">Pirineo Navarro<\/a><a href=\"https:\/\/www.monta\u00f1asdelaluna.es\/?page_id=1795&#038;term=129&#038;orderby=date&#038;order=desc\" class=\"pirineo-oriental\" data-filter=\".category-129\">Pirineo Oriental<\/a><a href=\"https:\/\/www.monta\u00f1asdelaluna.es\/?page_id=1795&#038;term=11&#038;orderby=date&#038;order=desc\" class=\"pirineos\" data-filter=\".category-11\">Pirineos<\/a><a href=\"https:\/\/www.monta\u00f1asdelaluna.es\/?page_id=1795&#038;term=71&#038;orderby=date&#038;order=desc\" class=\"porta-del-cel\" data-filter=\".category-71\">Porta del Cel<\/a><a href=\"https:\/\/www.monta\u00f1asdelaluna.es\/?page_id=1795&#038;term=94&#038;orderby=date&#038;order=desc\" class=\"resto-de-alicante\" data-filter=\".category-94\">Resto de Alicante<\/a><a href=\"https:\/\/www.monta\u00f1asdelaluna.es\/?page_id=1795&#038;term=74&#038;orderby=date&#038;order=desc\" class=\"resto-de-barcelona\" data-filter=\".category-74\">Resto de Barcelona<\/a><a href=\"https:\/\/www.monta\u00f1asdelaluna.es\/?page_id=1795&#038;term=51&#038;orderby=date&#038;order=desc\" class=\"sant-llorenc-del-munt\" data-filter=\".category-51\">Sant Lloren\u00e7 del Munt<\/a><a href=\"https:\/\/www.monta\u00f1asdelaluna.es\/?page_id=1795&#038;term=72&#038;orderby=date&#038;order=desc\" class=\"serralada-de-marina-y-litoral\" data-filter=\".category-72\">Serralada de Marina y Litoral<\/a><a href=\"https:\/\/www.monta\u00f1asdelaluna.es\/?page_id=1795&#038;term=76&#038;orderby=date&#038;order=desc\" class=\"sierra-de-crevillente\" data-filter=\".category-76\">Sierra de Crevillente<\/a><a href=\"https:\/\/www.monta\u00f1asdelaluna.es\/?page_id=1795&#038;term=101&#038;orderby=date&#038;order=desc\" class=\"sierra-mariola-y-menetjador\" data-filter=\".category-101\">Sierra Mariola y Menetjador<\/a><a href=\"https:\/\/www.monta\u00f1asdelaluna.es\/?page_id=1795&#038;term=80&#038;orderby=date&#038;order=desc\" class=\"sierras-de-orihuela-y-callosa\" data-filter=\".category-80\">Sierras de Orihuela y Callosa<\/a><a href=\"https:\/\/www.monta\u00f1asdelaluna.es\/?page_id=1795&#038;term=89&#038;orderby=date&#038;order=desc\" class=\"sierras-del-maigmo-y-cid\" data-filter=\".category-89\">Sierras del Maigm\u00f3 y Cid<\/a><a href=\"https:\/\/www.monta\u00f1asdelaluna.es\/?page_id=1795&#038;term=48&#038;orderby=date&#038;order=desc\" class=\"tarragona\" data-filter=\".category-48\">Tarragona<\/a><a href=\"https:\/\/www.monta\u00f1asdelaluna.es\/?page_id=1795&#038;term=131&#038;orderby=date&#038;order=desc\" class=\"turo-de-lhome\" data-filter=\".category-131\">Tur\u00f3 de l'Home<\/a><a href=\"https:\/\/www.monta\u00f1asdelaluna.es\/?page_id=1795&#038;term=126&#038;orderby=date&#038;order=desc\" class=\"valle-del-cinca\" data-filter=\".category-126\">Valle del Cinca<\/a><a href=\"https:\/\/www.monta\u00f1asdelaluna.es\/?page_id=1795&#038;term=125&#038;orderby=date&#038;order=desc\" class=\"valle-del-esera\" data-filter=\".category-125\">Valle del \u00c9sera<\/a><\/div><div class=\"filter-extras\"><div class=\"filter-by\"><a href=\"https:\/\/www.monta\u00f1asdelaluna.es\/?page_id=1795&#038;orderby=date&#038;order=desc\" class=\"sort-by-date act\" data-by=\"date\"><i class=\"dt-icon-the7-sort-02\"><\/i><span class=\"filter-popup\">Ordenar por fecha<\/span><\/a><span class=\"filter-switch\"><\/span><a href=\"https:\/\/www.monta\u00f1asdelaluna.es\/?page_id=1795&#038;orderby=name&#038;order=desc\" class=\"sort-by-name\" data-by=\"name\"><i class=\"dt-icon-the7-sort-03\" aria-hidden=\"true\"><\/i><span class=\"filter-popup\">Ordenar por nombre<\/span><\/a><\/div><div class=\"filter-sorting\"><a href=\"https:\/\/www.monta\u00f1asdelaluna.es\/?page_id=1795&#038;orderby=date&#038;order=desc\" class=\"sort-by-desc act\" data-sort=\"desc\"><i class=\"dt-icon-the7-sort-00\" aria-hidden=\"true\"><\/i><span class=\"filter-popup\">Descendente<\/span><\/a><span class=\"filter-switch\"><\/span><a href=\"https:\/\/www.monta\u00f1asdelaluna.es\/?page_id=1795&#038;orderby=date&#038;order=asc\" class=\"sort-by-asc\" data-sort=\"asc\"><i class=\"dt-icon-the7-sort-01\" aria-hidden=\"true\"><\/i><span class=\"filter-popup\">Ascendente<\/span><\/a><\/div><\/div><\/div><div class=\"wf-container dt-blog-shortcode vertical-fancy-style loading-effect-fade-in iso-container description-under-image content-align-left\" data-padding=\"20px\" data-cur-page=\"1\" data-posts-per-page=\"9\" data-width=\"370px\" data-columns=\"3\">\n<div class=\"wf-cell iso-item category-188\" data-post-id=\"52441\" data-date=\"2025-07-17T18:59:52+00:00\" data-name=\"17 de julio del 2.025, jueves:  Weissmies, 4.023 mts.\">\n\t<article class=\"post post-52441 type-post status-publish format-standard has-post-thumbnail hentry category-allalinhorn-y-weissmies category-188 description-off\">\n\n\t\t\n\t\t\t<div class=\"blog-media wf-td\">\n\n\t\t\t\t<p><a href=\"https:\/\/www.monta\u00f1asdelaluna.es\/?p=52441\" class=\"alignnone rollover layzr-bg\" ><img loading=\"lazy\" decoding=\"async\" class=\"preload-me iso-lazy-load\" src=\"data:image\/svg+xml,%3Csvg%20xmlns%3D&#39;http%3A%2F%2Fwww.w3.org%2F2000%2Fsvg&#39;%20viewBox%3D&#39;0%200%20555%20317&#39;%2F%3E\" data-src=\"https:\/\/www.monta\u00f1asdelaluna.es\/wp-content\/uploads\/2025\/12\/P1060376-A-555x317.jpg\" data-srcset=\"https:\/\/www.monta\u00f1asdelaluna.es\/wp-content\/uploads\/2025\/12\/P1060376-A-555x317.jpg 555w, https:\/\/www.monta\u00f1asdelaluna.es\/wp-content\/uploads\/2025\/12\/P1060376-A-1110x634.jpg 1110w\" alt=\"\" title=\"P1060376-A\" width=\"555\" height=\"317\"  \/><\/a><\/p>\n\t\t\t<\/div>\n\n\t\t\n\t\t<div class=\"blog-content wf-td\">\n\t\t\t<h3 class=\"entry-title\"><a href=\"https:\/\/www.monta\u00f1asdelaluna.es\/?p=52441\" title=\"17 de julio del 2.025, jueves:  Weissmies, 4.023 mts.\" rel=\"bookmark\">17 de julio del 2.025, jueves:  Weissmies, 4.023 mts.<\/a><\/h3>\n\n\t\t\t<div class=\"entry-meta\"><span class=\"category-link\"><a href=\"https:\/\/www.monta\u00f1asdelaluna.es\/?cat=188\" rel=\"category\">Allalinhorn y Weissmies<\/a><\/span><a class=\"author vcard\" href=\"https:\/\/www.monta\u00f1asdelaluna.es\/?author=1\" title=\"Ver todas las publicaciones de Joaquin Terres\" rel=\"author\">Por <span class=\"fn\">Joaquin Terres<\/span><\/a><a href=\"https:\/\/www.monta\u00f1asdelaluna.es\/?m=20250717\" title=\"6:59 pm\" class=\"data-link\" rel=\"bookmark\"><time class=\"entry-date updated\" datetime=\"2025-07-17T18:59:52+00:00\">17 julio, 2025<\/time><\/a><a href=\"https:\/\/www.monta\u00f1asdelaluna.es\/?p=52441#respond\" class=\"comment-link\" >Deja un comentario<\/a><\/div><p>[vc_row][vc_column][vc_column_text]De nuevo suena el despertador. Ayer nos dio tiempo a hacer la mochila y dejarla a punto para, solo esta ma\u00f1ana equiparnos con aquello que no debemos ponernos encima en el refugio: crampones, arn\u00e9s y lo que cuelga del arn\u00e9s\u2026 de nuevo somos los primeros en despertarnos y en levantarnos para desayunar en todo el&hellip;<\/p>\n\n<a href=\"https:\/\/www.monta\u00f1asdelaluna.es\/?p=52441\" class=\"details more-link\" aria-label=\"Read more about 17 de julio del 2.025, jueves:  Weissmies, 4.023 mts.\" rel=\"nofollow\">Detalles<\/a>\n\n\t\t<\/div>\n\n\t<\/article>\n\n<\/div>\n<div class=\"wf-cell iso-item category-188\" data-post-id=\"52431\" data-date=\"2025-07-16T15:40:04+00:00\" data-name=\"16 de julio del 2.025, mi\u00e9rcoles: Refugio Hohsaas (3.101 mts.)\">\n\t<article class=\"post post-52431 type-post status-publish format-standard has-post-thumbnail hentry category-allalinhorn-y-weissmies category-188 description-off\">\n\n\t\t\n\t\t\t<div class=\"blog-media wf-td\">\n\n\t\t\t\t<p><a href=\"https:\/\/www.monta\u00f1asdelaluna.es\/?p=52431\" class=\"alignnone rollover layzr-bg\" ><img loading=\"lazy\" decoding=\"async\" class=\"preload-me iso-lazy-load\" src=\"data:image\/svg+xml,%3Csvg%20xmlns%3D&#39;http%3A%2F%2Fwww.w3.org%2F2000%2Fsvg&#39;%20viewBox%3D&#39;0%200%20555%20371&#39;%2F%3E\" data-src=\"https:\/\/www.monta\u00f1asdelaluna.es\/wp-content\/uploads\/2025\/12\/P7160396-555x371.jpg\" data-srcset=\"https:\/\/www.monta\u00f1asdelaluna.es\/wp-content\/uploads\/2025\/12\/P7160396-555x371.jpg 555w, https:\/\/www.monta\u00f1asdelaluna.es\/wp-content\/uploads\/2025\/12\/P7160396-1110x742.jpg 1110w\" alt=\"\" title=\"P7160396\" width=\"555\" height=\"371\"  \/><\/a><\/p>\n\t\t\t<\/div>\n\n\t\t\n\t\t<div class=\"blog-content wf-td\">\n\t\t\t<h3 class=\"entry-title\"><a href=\"https:\/\/www.monta\u00f1asdelaluna.es\/?p=52431\" title=\"16 de julio del 2.025, mi\u00e9rcoles: Refugio Hohsaas (3.101 mts.)\" rel=\"bookmark\">16 de julio del 2.025, mi\u00e9rcoles: Refugio Hohsaas (3.101 mts.)<\/a><\/h3>\n\n\t\t\t<div class=\"entry-meta\"><span class=\"category-link\"><a href=\"https:\/\/www.monta\u00f1asdelaluna.es\/?cat=188\" rel=\"category\">Allalinhorn y Weissmies<\/a><\/span><a class=\"author vcard\" href=\"https:\/\/www.monta\u00f1asdelaluna.es\/?author=1\" title=\"Ver todas las publicaciones de Joaquin Terres\" rel=\"author\">Por <span class=\"fn\">Joaquin Terres<\/span><\/a><a href=\"https:\/\/www.monta\u00f1asdelaluna.es\/?m=20250716\" title=\"3:40 pm\" class=\"data-link\" rel=\"bookmark\"><time class=\"entry-date updated\" datetime=\"2025-07-16T15:40:04+00:00\">16 julio, 2025<\/time><\/a><a href=\"https:\/\/www.monta\u00f1asdelaluna.es\/?p=52431#respond\" class=\"comment-link\" >Deja un comentario<\/a><\/div><p>[vc_row][vc_column][vc_column_text]Amanece con mal tiempo, cubierto, incluso llega a llover un poco mientras recogemos y hacemos de nuevo las mochilas. Desayunamos en el Camping Anphubel de T\u00e4sch, donde estamos hospedamos. Salimos de T\u00e4sch de nuevo camino, sin prisa, del valle del Saastal, para parar en Saas-Grud, pueblo antes de llegar a Saas-Fee. Pero casi que llegamos&hellip;<\/p>\n\n<a href=\"https:\/\/www.monta\u00f1asdelaluna.es\/?p=52431\" class=\"details more-link\" aria-label=\"Read more about 16 de julio del 2.025, mi\u00e9rcoles: Refugio Hohsaas (3.101 mts.)\" rel=\"nofollow\">Detalles<\/a>\n\n\t\t<\/div>\n\n\t<\/article>\n\n<\/div>\n<div class=\"wf-cell iso-item category-188\" data-post-id=\"52364\" data-date=\"2025-07-15T12:07:32+00:00\" data-name=\"15 de julio del 2.025, martes: Allalinhorn (4.027 mts.) por la cresta Hohlaub\">\n\t<article class=\"post post-52364 type-post status-publish format-standard has-post-thumbnail hentry category-allalinhorn-y-weissmies category-188 description-off\">\n\n\t\t\n\t\t\t<div class=\"blog-media wf-td\">\n\n\t\t\t\t<p><a href=\"https:\/\/www.monta\u00f1asdelaluna.es\/?p=52364\" class=\"alignnone rollover layzr-bg\" ><img loading=\"lazy\" decoding=\"async\" class=\"preload-me iso-lazy-load\" src=\"data:image\/svg+xml,%3Csvg%20xmlns%3D&#39;http%3A%2F%2Fwww.w3.org%2F2000%2Fsvg&#39;%20viewBox%3D&#39;0%200%20555%20371&#39;%2F%3E\" data-src=\"https:\/\/www.monta\u00f1asdelaluna.es\/wp-content\/uploads\/2025\/12\/P7150369-555x371.jpg\" data-srcset=\"https:\/\/www.monta\u00f1asdelaluna.es\/wp-content\/uploads\/2025\/12\/P7150369-555x371.jpg 555w, https:\/\/www.monta\u00f1asdelaluna.es\/wp-content\/uploads\/2025\/12\/P7150369-1110x742.jpg 1110w\" alt=\"\" title=\"P7150369\" width=\"555\" height=\"371\"  \/><\/a><\/p>\n\t\t\t<\/div>\n\n\t\t\n\t\t<div class=\"blog-content wf-td\">\n\t\t\t<h3 class=\"entry-title\"><a href=\"https:\/\/www.monta\u00f1asdelaluna.es\/?p=52364\" title=\"15 de julio del 2.025, martes: Allalinhorn (4.027 mts.) por la cresta Hohlaub\" rel=\"bookmark\">15 de julio del 2.025, martes: Allalinhorn (4.027 mts.) por la cresta Hohlaub<\/a><\/h3>\n\n\t\t\t<div class=\"entry-meta\"><span class=\"category-link\"><a href=\"https:\/\/www.monta\u00f1asdelaluna.es\/?cat=188\" rel=\"category\">Allalinhorn y Weissmies<\/a><\/span><a class=\"author vcard\" href=\"https:\/\/www.monta\u00f1asdelaluna.es\/?author=1\" title=\"Ver todas las publicaciones de Joaquin Terres\" rel=\"author\">Por <span class=\"fn\">Joaquin Terres<\/span><\/a><a href=\"https:\/\/www.monta\u00f1asdelaluna.es\/?m=20250715\" title=\"12:07 pm\" class=\"data-link\" rel=\"bookmark\"><time class=\"entry-date updated\" datetime=\"2025-07-15T12:07:32+00:00\">15 julio, 2025<\/time><\/a><a href=\"https:\/\/www.monta\u00f1asdelaluna.es\/?p=52364#respond\" class=\"comment-link\" >Deja un comentario<\/a><\/div><p>[vc_row][vc_column][vc_column_text]Suena la canci\u00f3n de Rammstein a las 2:30 de la ma\u00f1ana y no he dormido nada, al menos habr\u00e9 descansado, por que no estoy preocupado por la actividad que se avecina. Por suerte lo tengo todo preparado menos los hierros, los cuales nos lo colgaremos en la mochila abajo en la habitaci\u00f3n preparado para ello&hellip;<\/p>\n\n<a href=\"https:\/\/www.monta\u00f1asdelaluna.es\/?p=52364\" class=\"details more-link\" aria-label=\"Read more about 15 de julio del 2.025, martes: Allalinhorn (4.027 mts.) por la cresta Hohlaub\" rel=\"nofollow\">Detalles<\/a>\n\n\t\t<\/div>\n\n\t<\/article>\n\n<\/div>\n<div class=\"wf-cell iso-item category-188\" data-post-id=\"52326\" data-date=\"2025-07-14T00:06:20+00:00\" data-name=\"14 de julio del 2.025, lunes: Refugio Britannia, 3.027 mts.\">\n\t<article class=\"post post-52326 type-post status-publish format-standard has-post-thumbnail hentry category-allalinhorn-y-weissmies category-188 description-off\">\n\n\t\t\n\t\t\t<div class=\"blog-media wf-td\">\n\n\t\t\t\t<p><a href=\"https:\/\/www.monta\u00f1asdelaluna.es\/?p=52326\" class=\"alignnone rollover layzr-bg\" ><img loading=\"lazy\" decoding=\"async\" class=\"preload-me iso-lazy-load\" src=\"data:image\/svg+xml,%3Csvg%20xmlns%3D&#39;http%3A%2F%2Fwww.w3.org%2F2000%2Fsvg&#39;%20viewBox%3D&#39;0%200%20555%20313&#39;%2F%3E\" data-src=\"https:\/\/www.monta\u00f1asdelaluna.es\/wp-content\/uploads\/2025\/12\/P7140349-555x313.jpg\" data-srcset=\"https:\/\/www.monta\u00f1asdelaluna.es\/wp-content\/uploads\/2025\/12\/P7140349-555x313.jpg 555w, https:\/\/www.monta\u00f1asdelaluna.es\/wp-content\/uploads\/2025\/12\/P7140349-1110x626.jpg 1110w\" alt=\"\" title=\"P7140349\" width=\"555\" height=\"313\"  \/><\/a><\/p>\n\t\t\t<\/div>\n\n\t\t\n\t\t<div class=\"blog-content wf-td\">\n\t\t\t<h3 class=\"entry-title\"><a href=\"https:\/\/www.monta\u00f1asdelaluna.es\/?p=52326\" title=\"14 de julio del 2.025, lunes: Refugio Britannia, 3.027 mts.\" rel=\"bookmark\">14 de julio del 2.025, lunes: Refugio Britannia, 3.027 mts.<\/a><\/h3>\n\n\t\t\t<div class=\"entry-meta\"><span class=\"category-link\"><a href=\"https:\/\/www.monta\u00f1asdelaluna.es\/?cat=188\" rel=\"category\">Allalinhorn y Weissmies<\/a><\/span><a class=\"author vcard\" href=\"https:\/\/www.monta\u00f1asdelaluna.es\/?author=1\" title=\"Ver todas las publicaciones de Joaquin Terres\" rel=\"author\">Por <span class=\"fn\">Joaquin Terres<\/span><\/a><a href=\"https:\/\/www.monta\u00f1asdelaluna.es\/?m=20250714\" title=\"12:06 am\" class=\"data-link\" rel=\"bookmark\"><time class=\"entry-date updated\" datetime=\"2025-07-14T00:06:20+00:00\">14 julio, 2025<\/time><\/a><a href=\"https:\/\/www.monta\u00f1asdelaluna.es\/?p=52326#respond\" class=\"comment-link\" >Deja un comentario<\/a><\/div><p>[vc_row][vc_column][vc_column_text]Seg\u00fan Jordi, desde donde nos deja el telef\u00e9rico o telecabina, hasta el refugio, solo hay una hora, por lo cual, no hace falta madrugar mucho. Pero nos levantamos y llueve a c\u00e1ntaros. Se ha ido la luz en el camping y no es la primera vez que pasa. Buscamos un sitio para tomar un caf\u00e9,&hellip;<\/p>\n\n<a href=\"https:\/\/www.monta\u00f1asdelaluna.es\/?p=52326\" class=\"details more-link\" aria-label=\"Read more about 14 de julio del 2.025, lunes: Refugio Britannia, 3.027 mts.\" rel=\"nofollow\">Detalles<\/a>\n\n\t\t<\/div>\n\n\t<\/article>\n\n<\/div>\n<div class=\"wf-cell iso-item category-188\" data-post-id=\"52307\" data-date=\"2025-07-13T08:46:57+00:00\" data-name=\"13 de julio del 2.025, domigo: Refugio H\u00f6rnli, 3.260 mts.\">\n\t<article class=\"post post-52307 type-post status-publish format-standard has-post-thumbnail hentry category-allalinhorn-y-weissmies category-188 description-off\">\n\n\t\t\n\t\t\t<div class=\"blog-media wf-td\">\n\n\t\t\t\t<p><a href=\"https:\/\/www.monta\u00f1asdelaluna.es\/?p=52307\" class=\"alignnone rollover layzr-bg\" ><img loading=\"lazy\" decoding=\"async\" class=\"preload-me iso-lazy-load\" src=\"data:image\/svg+xml,%3Csvg%20xmlns%3D&#39;http%3A%2F%2Fwww.w3.org%2F2000%2Fsvg&#39;%20viewBox%3D&#39;0%200%20555%20370&#39;%2F%3E\" data-src=\"https:\/\/www.monta\u00f1asdelaluna.es\/wp-content\/uploads\/2025\/12\/P7130257-555x370.jpg\" data-srcset=\"https:\/\/www.monta\u00f1asdelaluna.es\/wp-content\/uploads\/2025\/12\/P7130257-555x370.jpg 555w, https:\/\/www.monta\u00f1asdelaluna.es\/wp-content\/uploads\/2025\/12\/P7130257-1110x740.jpg 1110w\" alt=\"\" title=\"P7130257\" width=\"555\" height=\"370\"  \/><\/a><\/p>\n\t\t\t<\/div>\n\n\t\t\n\t\t<div class=\"blog-content wf-td\">\n\t\t\t<h3 class=\"entry-title\"><a href=\"https:\/\/www.monta\u00f1asdelaluna.es\/?p=52307\" title=\"13 de julio del 2.025, domigo: Refugio H\u00f6rnli, 3.260 mts.\" rel=\"bookmark\">13 de julio del 2.025, domigo: Refugio H\u00f6rnli, 3.260 mts.<\/a><\/h3>\n\n\t\t\t<div class=\"entry-meta\"><span class=\"category-link\"><a href=\"https:\/\/www.monta\u00f1asdelaluna.es\/?cat=188\" rel=\"category\">Allalinhorn y Weissmies<\/a><\/span><a class=\"author vcard\" href=\"https:\/\/www.monta\u00f1asdelaluna.es\/?author=1\" title=\"Ver todas las publicaciones de Joaquin Terres\" rel=\"author\">Por <span class=\"fn\">Joaquin Terres<\/span><\/a><a href=\"https:\/\/www.monta\u00f1asdelaluna.es\/?m=20250713\" title=\"8:46 am\" class=\"data-link\" rel=\"bookmark\"><time class=\"entry-date updated\" datetime=\"2025-07-13T08:46:57+00:00\">13 julio, 2025<\/time><\/a><a href=\"https:\/\/www.monta\u00f1asdelaluna.es\/?p=52307#respond\" class=\"comment-link\" >Deja un comentario<\/a><\/div><p>[vc_row][vc_column][vc_column_text]Francesc ten\u00eda la ilusi\u00f3n de subir o visitar el Refugio H\u00f6rnli. El m\u00edtico refugio punto de partida a la ascensi\u00f3n de una de las monta\u00f1as m\u00e1s emblem\u00e1ticas de los Alpes y quiz\u00e1s la m\u00e1s visitada y famosa de Suiza, el Matterhorn, el Cervino. Por ello el primer d\u00eda de visita a este pa\u00eds y como&hellip;<\/p>\n\n<a href=\"https:\/\/www.monta\u00f1asdelaluna.es\/?p=52307\" class=\"details more-link\" aria-label=\"Read more about 13 de julio del 2.025, domigo: Refugio H\u00f6rnli, 3.260 mts.\" rel=\"nofollow\">Detalles<\/a>\n\n\t\t<\/div>\n\n\t<\/article>\n\n<\/div>\n<div class=\"wf-cell iso-item category-188\" data-post-id=\"52263\" data-date=\"2025-07-12T07:56:34+00:00\" data-name=\"12 de julio del 2.025, s\u00e1bado: Buscando cuatromiles\">\n\t<article class=\"post post-52263 type-post status-publish format-standard has-post-thumbnail hentry category-allalinhorn-y-weissmies category-188 description-off\">\n\n\t\t\n\t\t\t<div class=\"blog-media wf-td\">\n\n\t\t\t\t<p><a href=\"https:\/\/www.monta\u00f1asdelaluna.es\/?p=52263\" class=\"alignnone rollover layzr-bg\" ><img loading=\"lazy\" decoding=\"async\" class=\"preload-me iso-lazy-load\" src=\"data:image\/svg+xml,%3Csvg%20xmlns%3D&#39;http%3A%2F%2Fwww.w3.org%2F2000%2Fsvg&#39;%20viewBox%3D&#39;0%200%20555%20416&#39;%2F%3E\" data-src=\"https:\/\/www.monta\u00f1asdelaluna.es\/wp-content\/uploads\/2025\/12\/54685012639_154c1462fb_h-555x416.jpg\" data-srcset=\"https:\/\/www.monta\u00f1asdelaluna.es\/wp-content\/uploads\/2025\/12\/54685012639_154c1462fb_h-555x416.jpg 555w, https:\/\/www.monta\u00f1asdelaluna.es\/wp-content\/uploads\/2025\/12\/54685012639_154c1462fb_h-1110x832.jpg 1110w\" alt=\"\" title=\"54685012639_154c1462fb_h\" width=\"555\" height=\"416\"  \/><\/a><\/p>\n\t\t\t<\/div>\n\n\t\t\n\t\t<div class=\"blog-content wf-td\">\n\t\t\t<h3 class=\"entry-title\"><a href=\"https:\/\/www.monta\u00f1asdelaluna.es\/?p=52263\" title=\"12 de julio del 2.025, s\u00e1bado: Buscando cuatromiles\" rel=\"bookmark\">12 de julio del 2.025, s\u00e1bado: Buscando cuatromiles<\/a><\/h3>\n\n\t\t\t<div class=\"entry-meta\"><span class=\"category-link\"><a href=\"https:\/\/www.monta\u00f1asdelaluna.es\/?cat=188\" rel=\"category\">Allalinhorn y Weissmies<\/a><\/span><a class=\"author vcard\" href=\"https:\/\/www.monta\u00f1asdelaluna.es\/?author=1\" title=\"Ver todas las publicaciones de Joaquin Terres\" rel=\"author\">Por <span class=\"fn\">Joaquin Terres<\/span><\/a><a href=\"https:\/\/www.monta\u00f1asdelaluna.es\/?m=20250712\" title=\"7:56 am\" class=\"data-link\" rel=\"bookmark\"><time class=\"entry-date updated\" datetime=\"2025-07-12T07:56:34+00:00\">12 julio, 2025<\/time><\/a><a href=\"https:\/\/www.monta\u00f1asdelaluna.es\/?p=52263#respond\" class=\"comment-link\" >Deja un comentario<\/a><\/div><p>[vc_row][vc_column][vc_column_text]Despu\u00e9s del desastroso a\u00f1o 2022 en cuanto a cimas en nuestra aventura por los Alpes Suizos, esta vez ten\u00eda la idea de ir a una \u00fanica monta\u00f1a o cima de cuatro mil metros, y seguidamente visitar las Dolomitas, esa incre\u00edble e impresionante regi\u00f3n alpina italiana de catedrales y verticales monta\u00f1as, caracter\u00edstica por su tipo de&hellip;<\/p>\n\n<a href=\"https:\/\/www.monta\u00f1asdelaluna.es\/?p=52263\" class=\"details more-link\" aria-label=\"Read more about 12 de julio del 2.025, s\u00e1bado: Buscando cuatromiles\" rel=\"nofollow\">Detalles<\/a>\n\n\t\t<\/div>\n\n\t<\/article>\n\n<\/div>\n<div class=\"wf-cell iso-item category-190\" data-post-id=\"52875\" data-date=\"2024-10-19T16:10:11+00:00\" data-name=\"19 de octubre, s\u00e1bado: CHhukhung (4.730 mts.)-Campo Base del Island Peak (5.080 mts.)\">\n\t<article class=\"post post-52875 type-post status-publish format-standard has-post-thumbnail hentry category-sagarmatha category-190 description-off\">\n\n\t\t\n\t\t\t<div class=\"blog-media wf-td\">\n\n\t\t\t\t<p><a href=\"https:\/\/www.monta\u00f1asdelaluna.es\/?p=52875\" class=\"alignnone rollover layzr-bg\" ><img loading=\"lazy\" decoding=\"async\" class=\"preload-me iso-lazy-load\" src=\"data:image\/svg+xml,%3Csvg%20xmlns%3D&#39;http%3A%2F%2Fwww.w3.org%2F2000%2Fsvg&#39;%20viewBox%3D&#39;0%200%20555%20371&#39;%2F%3E\" data-src=\"https:\/\/www.monta\u00f1asdelaluna.es\/wp-content\/uploads\/2026\/04\/PA195382-555x371.jpg\" data-srcset=\"https:\/\/www.monta\u00f1asdelaluna.es\/wp-content\/uploads\/2026\/04\/PA195382-555x371.jpg 555w, https:\/\/www.monta\u00f1asdelaluna.es\/wp-content\/uploads\/2026\/04\/PA195382-1110x742.jpg 1110w\" alt=\"\" title=\"PA195382\" width=\"555\" height=\"371\"  \/><\/a><\/p>\n\t\t\t<\/div>\n\n\t\t\n\t\t<div class=\"blog-content wf-td\">\n\t\t\t<h3 class=\"entry-title\"><a href=\"https:\/\/www.monta\u00f1asdelaluna.es\/?p=52875\" title=\"19 de octubre, s\u00e1bado: CHhukhung (4.730 mts.)-Campo Base del Island Peak (5.080 mts.)\" rel=\"bookmark\">19 de octubre, s\u00e1bado: CHhukhung (4.730 mts.)-Campo Base del Island Peak (5.080 mts.)<\/a><\/h3>\n\n\t\t\t<div class=\"entry-meta\"><span class=\"category-link\"><a href=\"https:\/\/www.monta\u00f1asdelaluna.es\/?cat=190\" rel=\"category\">Sagarmatha<\/a><\/span><a class=\"author vcard\" href=\"https:\/\/www.monta\u00f1asdelaluna.es\/?author=1\" title=\"Ver todas las publicaciones de Joaquin Terres\" rel=\"author\">Por <span class=\"fn\">Joaquin Terres<\/span><\/a><a href=\"https:\/\/www.monta\u00f1asdelaluna.es\/?m=20241019\" title=\"4:10 pm\" class=\"data-link\" rel=\"bookmark\"><time class=\"entry-date updated\" datetime=\"2024-10-19T16:10:11+00:00\">19 octubre, 2024<\/time><\/a><a href=\"https:\/\/www.monta\u00f1asdelaluna.es\/?p=52875#respond\" class=\"comment-link\" >Deja un comentario<\/a><\/div><p>[vc_row][vc_column][vc_column_text]Amanece un d\u00eda radiante, muy soleado, sin una nube, y admiramos el magn\u00edfico y alucinante paisaje Himal\u00e1yico que tenemos a nuestro alrededor. Sobre todo, nada mas salir del Lodge, el Ama Dablam, casi a tocar de la mano, incre\u00edble, perfecto, bello y espectacular. Si no es el mejor d\u00eda, ser\u00e1 de los mejores del trekking&hellip;<\/p>\n\n<a href=\"https:\/\/www.monta\u00f1asdelaluna.es\/?p=52875\" class=\"details more-link\" aria-label=\"Read more about 19 de octubre, s\u00e1bado: CHhukhung (4.730 mts.)-Campo Base del Island Peak (5.080 mts.)\" rel=\"nofollow\">Detalles<\/a>\n\n\t\t<\/div>\n\n\t<\/article>\n\n<\/div>\n<div class=\"wf-cell iso-item category-190\" data-post-id=\"52853\" data-date=\"2024-10-18T07:59:04+00:00\" data-name=\"18 de octubre, viernes: Dingboche (4.410 mts.)-CHhukhung (4.730 mts.)\">\n\t<article class=\"post post-52853 type-post status-publish format-standard has-post-thumbnail hentry category-sagarmatha category-190 description-off\">\n\n\t\t\n\t\t\t<div class=\"blog-media wf-td\">\n\n\t\t\t\t<p><a href=\"https:\/\/www.monta\u00f1asdelaluna.es\/?p=52853\" class=\"alignnone rollover layzr-bg\" ><img loading=\"lazy\" decoding=\"async\" class=\"preload-me iso-lazy-load\" src=\"data:image\/svg+xml,%3Csvg%20xmlns%3D&#39;http%3A%2F%2Fwww.w3.org%2F2000%2Fsvg&#39;%20viewBox%3D&#39;0%200%20555%20370&#39;%2F%3E\" data-src=\"https:\/\/www.monta\u00f1asdelaluna.es\/wp-content\/uploads\/2026\/04\/PA185284-555x370.jpg\" data-srcset=\"https:\/\/www.monta\u00f1asdelaluna.es\/wp-content\/uploads\/2026\/04\/PA185284-555x370.jpg 555w, https:\/\/www.monta\u00f1asdelaluna.es\/wp-content\/uploads\/2026\/04\/PA185284.jpg 1061w\" alt=\"\" title=\"PA185284\" width=\"555\" height=\"370\"  \/><\/a><\/p>\n\t\t\t<\/div>\n\n\t\t\n\t\t<div class=\"blog-content wf-td\">\n\t\t\t<h3 class=\"entry-title\"><a href=\"https:\/\/www.monta\u00f1asdelaluna.es\/?p=52853\" title=\"18 de octubre, viernes: Dingboche (4.410 mts.)-CHhukhung (4.730 mts.)\" rel=\"bookmark\">18 de octubre, viernes: Dingboche (4.410 mts.)-CHhukhung (4.730 mts.)<\/a><\/h3>\n\n\t\t\t<div class=\"entry-meta\"><span class=\"category-link\"><a href=\"https:\/\/www.monta\u00f1asdelaluna.es\/?cat=190\" rel=\"category\">Sagarmatha<\/a><\/span><a class=\"author vcard\" href=\"https:\/\/www.monta\u00f1asdelaluna.es\/?author=1\" title=\"Ver todas las publicaciones de Joaquin Terres\" rel=\"author\">Por <span class=\"fn\">Joaquin Terres<\/span><\/a><a href=\"https:\/\/www.monta\u00f1asdelaluna.es\/?m=20241018\" title=\"7:59 am\" class=\"data-link\" rel=\"bookmark\"><time class=\"entry-date updated\" datetime=\"2024-10-18T07:59:04+00:00\">18 octubre, 2024<\/time><\/a><a href=\"https:\/\/www.monta\u00f1asdelaluna.es\/?p=52853#respond\" class=\"comment-link\" >Deja un comentario<\/a><\/div><p>[vc_row][vc_column][vc_column_text]Como la etapa de hoy no era muy larga y m\u00e1s bien de descanso, no madrugamos mucho, con lo que, comparado con otras etapas, hoy ser\u00e1 un paseo. Nos da tiempo a desayunar en el solitario comedor del Lodge de Dingboche, el cual me parece que solo hay uno o dos grupos m\u00e1s de poca&hellip;<\/p>\n\n<a href=\"https:\/\/www.monta\u00f1asdelaluna.es\/?p=52853\" class=\"details more-link\" aria-label=\"Read more about 18 de octubre, viernes: Dingboche (4.410 mts.)-CHhukhung (4.730 mts.)\" rel=\"nofollow\">Detalles<\/a>\n\n\t\t<\/div>\n\n\t<\/article>\n\n<\/div>\n<div class=\"wf-cell iso-item category-190\" data-post-id=\"52821\" data-date=\"2024-10-17T15:39:29+00:00\" data-name=\"17 de octubre, jueves: Kala Patthar (5.550 mts.)-Dingboche (4.410 mts.)\">\n\t<article class=\"post post-52821 type-post status-publish format-standard has-post-thumbnail hentry category-sagarmatha category-190 description-off\">\n\n\t\t\n\t\t\t<div class=\"blog-media wf-td\">\n\n\t\t\t\t<p><a href=\"https:\/\/www.monta\u00f1asdelaluna.es\/?p=52821\" class=\"alignnone rollover layzr-bg\" ><img loading=\"lazy\" decoding=\"async\" class=\"preload-me iso-lazy-load\" src=\"data:image\/svg+xml,%3Csvg%20xmlns%3D&#39;http%3A%2F%2Fwww.w3.org%2F2000%2Fsvg&#39;%20viewBox%3D&#39;0%200%20555%20370&#39;%2F%3E\" data-src=\"https:\/\/www.monta\u00f1asdelaluna.es\/wp-content\/uploads\/2026\/04\/PA175142-555x370.jpg\" data-srcset=\"https:\/\/www.monta\u00f1asdelaluna.es\/wp-content\/uploads\/2026\/04\/PA175142-555x370.jpg 555w, https:\/\/www.monta\u00f1asdelaluna.es\/wp-content\/uploads\/2026\/04\/PA175142.jpg 1061w\" alt=\"\" title=\"PA175142\" width=\"555\" height=\"370\"  \/><\/a><\/p>\n\t\t\t<\/div>\n\n\t\t\n\t\t<div class=\"blog-content wf-td\">\n\t\t\t<h3 class=\"entry-title\"><a href=\"https:\/\/www.monta\u00f1asdelaluna.es\/?p=52821\" title=\"17 de octubre, jueves: Kala Patthar (5.550 mts.)-Dingboche (4.410 mts.)\" rel=\"bookmark\">17 de octubre, jueves: Kala Patthar (5.550 mts.)-Dingboche (4.410 mts.)<\/a><\/h3>\n\n\t\t\t<div class=\"entry-meta\"><span class=\"category-link\"><a href=\"https:\/\/www.monta\u00f1asdelaluna.es\/?cat=190\" rel=\"category\">Sagarmatha<\/a><\/span><a class=\"author vcard\" href=\"https:\/\/www.monta\u00f1asdelaluna.es\/?author=1\" title=\"Ver todas las publicaciones de Joaquin Terres\" rel=\"author\">Por <span class=\"fn\">Joaquin Terres<\/span><\/a><a href=\"https:\/\/www.monta\u00f1asdelaluna.es\/?m=20241017\" title=\"3:39 pm\" class=\"data-link\" rel=\"bookmark\"><time class=\"entry-date updated\" datetime=\"2024-10-17T15:39:29+00:00\">17 octubre, 2024<\/time><\/a><a href=\"https:\/\/www.monta\u00f1asdelaluna.es\/?p=52821#respond\" class=\"comment-link\" >Deja un comentario<\/a><\/div><p>[vc_row][vc_column][vc_column_text]Suena el despertador del m\u00f3vil, como siempre una canci\u00f3n de Rammstein. Por suerte puedo ir al ba\u00f1o sin hacer cola. No recuerdo si es tan temprano como cuando nos levantamos para subir a Gokyo Ri, pero la claridad del d\u00eda no despunta a\u00fan, lo har\u00e1 a medida que comencemos a movernos. Nos preparamos las mochilas&hellip;<\/p>\n\n<a href=\"https:\/\/www.monta\u00f1asdelaluna.es\/?p=52821\" class=\"details more-link\" aria-label=\"Read more about 17 de octubre, jueves: Kala Patthar (5.550 mts.)-Dingboche (4.410 mts.)\" rel=\"nofollow\">Detalles<\/a>\n\n\t\t<\/div>\n\n\t<\/article>\n\n<\/div>\n<div class=\"wf-cell iso-item category-190\" data-post-id=\"52792\" data-date=\"2024-10-16T06:45:30+00:00\" data-name=\"16 de octubre, mi\u00e9rcoles: Dzonglha (4.830 mts.)-Gora Shep (5.140 mts.)\">\n\t<article class=\"post post-52792 type-post status-publish format-standard has-post-thumbnail hentry category-sagarmatha category-190 description-off\">\n\n\t\t\n\t\t\t<div class=\"blog-media wf-td\">\n\n\t\t\t\t<p><a href=\"https:\/\/www.monta\u00f1asdelaluna.es\/?p=52792\" class=\"alignnone rollover layzr-bg\" ><img loading=\"lazy\" decoding=\"async\" class=\"preload-me iso-lazy-load\" src=\"data:image\/svg+xml,%3Csvg%20xmlns%3D&#39;http%3A%2F%2Fwww.w3.org%2F2000%2Fsvg&#39;%20viewBox%3D&#39;0%200%20555%20312&#39;%2F%3E\" data-src=\"https:\/\/www.monta\u00f1asdelaluna.es\/wp-content\/uploads\/2026\/04\/PA165076-555x312.jpg\" data-srcset=\"https:\/\/www.monta\u00f1asdelaluna.es\/wp-content\/uploads\/2026\/04\/PA165076-555x312.jpg 555w, https:\/\/www.monta\u00f1asdelaluna.es\/wp-content\/uploads\/2026\/04\/PA165076.jpg 1056w\" alt=\"\" title=\"PA165076\" width=\"555\" height=\"312\"  \/><\/a><\/p>\n\t\t\t<\/div>\n\n\t\t\n\t\t<div class=\"blog-content wf-td\">\n\t\t\t<h3 class=\"entry-title\"><a href=\"https:\/\/www.monta\u00f1asdelaluna.es\/?p=52792\" title=\"16 de octubre, mi\u00e9rcoles: Dzonglha (4.830 mts.)-Gora Shep (5.140 mts.)\" rel=\"bookmark\">16 de octubre, mi\u00e9rcoles: Dzonglha (4.830 mts.)-Gora Shep (5.140 mts.)<\/a><\/h3>\n\n\t\t\t<div class=\"entry-meta\"><span class=\"category-link\"><a href=\"https:\/\/www.monta\u00f1asdelaluna.es\/?cat=190\" rel=\"category\">Sagarmatha<\/a><\/span><a class=\"author vcard\" href=\"https:\/\/www.monta\u00f1asdelaluna.es\/?author=1\" title=\"Ver todas las publicaciones de Joaquin Terres\" rel=\"author\">Por <span class=\"fn\">Joaquin Terres<\/span><\/a><a href=\"https:\/\/www.monta\u00f1asdelaluna.es\/?m=20241016\" title=\"6:45 am\" class=\"data-link\" rel=\"bookmark\"><time class=\"entry-date updated\" datetime=\"2024-10-16T06:45:30+00:00\">16 octubre, 2024<\/time><\/a><a href=\"https:\/\/www.monta\u00f1asdelaluna.es\/?p=52792#respond\" class=\"comment-link\" >Deja un comentario<\/a><\/div><p>[vc_row][vc_column][vc_column_text]Esta vez no madrugamos tanto. Salimos de Dzonglha con el sol bien alto. Seguramente como hemos madrugado los dos d\u00edas anteriores y madrugaremos bastante tambi\u00e9n ma\u00f1ana, el d\u00eda de hoy, no ha hecho falta madrugar tanto. Y cuando digo madrugar en este trekking me refiero a despertarnos a las 4 o 5 de la ma\u00f1ana,&hellip;<\/p>\n\n<a href=\"https:\/\/www.monta\u00f1asdelaluna.es\/?p=52792\" class=\"details more-link\" aria-label=\"Read more about 16 de octubre, mi\u00e9rcoles: Dzonglha (4.830 mts.)-Gora Shep (5.140 mts.)\" rel=\"nofollow\">Detalles<\/a>\n\n\t\t<\/div>\n\n\t<\/article>\n\n<\/div>\n<div class=\"wf-cell iso-item category-190\" data-post-id=\"52722\" data-date=\"2024-10-15T11:59:32+00:00\" data-name=\"15 de octubre, martes: Dragnag (4.700 mts.)-Chola Pass (5.420 mts.)-Dzonglha (4.830 mts.)\">\n\t<article class=\"post post-52722 type-post status-publish format-standard has-post-thumbnail hentry category-sagarmatha category-190 description-off\">\n\n\t\t\n\t\t\t<div class=\"blog-media wf-td\">\n\n\t\t\t\t<p><a href=\"https:\/\/www.monta\u00f1asdelaluna.es\/?p=52722\" class=\"alignnone rollover layzr-bg\" ><img loading=\"lazy\" decoding=\"async\" class=\"preload-me iso-lazy-load\" src=\"data:image\/svg+xml,%3Csvg%20xmlns%3D&#39;http%3A%2F%2Fwww.w3.org%2F2000%2Fsvg&#39;%20viewBox%3D&#39;0%200%20555%20371&#39;%2F%3E\" data-src=\"https:\/\/www.monta\u00f1asdelaluna.es\/wp-content\/uploads\/2024\/10\/PA154982-555x371.jpg\" data-srcset=\"https:\/\/www.monta\u00f1asdelaluna.es\/wp-content\/uploads\/2024\/10\/PA154982-555x371.jpg 555w, https:\/\/www.monta\u00f1asdelaluna.es\/wp-content\/uploads\/2024\/10\/PA154982-1110x742.jpg 1110w\" alt=\"\" title=\"PA154982\" width=\"555\" height=\"371\"  \/><\/a><\/p>\n\t\t\t<\/div>\n\n\t\t\n\t\t<div class=\"blog-content wf-td\">\n\t\t\t<h3 class=\"entry-title\"><a href=\"https:\/\/www.monta\u00f1asdelaluna.es\/?p=52722\" title=\"15 de octubre, martes: Dragnag (4.700 mts.)-Chola Pass (5.420 mts.)-Dzonglha (4.830 mts.)\" rel=\"bookmark\">15 de octubre, martes: Dragnag (4.700 mts.)-Chola Pass (5.420 mts.)-Dzonglha (4.830 mts.)<\/a><\/h3>\n\n\t\t\t<div class=\"entry-meta\"><span class=\"category-link\"><a href=\"https:\/\/www.monta\u00f1asdelaluna.es\/?cat=190\" rel=\"category\">Sagarmatha<\/a><\/span><a class=\"author vcard\" href=\"https:\/\/www.monta\u00f1asdelaluna.es\/?author=1\" title=\"Ver todas las publicaciones de Joaquin Terres\" rel=\"author\">Por <span class=\"fn\">Joaquin Terres<\/span><\/a><a href=\"https:\/\/www.monta\u00f1asdelaluna.es\/?m=20241015\" title=\"11:59 am\" class=\"data-link\" rel=\"bookmark\"><time class=\"entry-date updated\" datetime=\"2024-10-15T11:59:32+00:00\">15 octubre, 2024<\/time><\/a><a href=\"https:\/\/www.monta\u00f1asdelaluna.es\/?p=52722#respond\" class=\"comment-link\" >Deja un comentario<\/a><\/div><p>[vc_row][vc_column][vc_column_text]Es de noche a\u00fan por la ma\u00f1ana cuando salimos en busca del Chola Pass. Recuerdo a Luis preguntarle a Mikel, de Asiantreks, en qu\u00e9 estado estaba este paso, si ten\u00eda mucha o poca nieve. Por lo visto es un paso entretenido, en medio de la nada himal\u00e1yica, a bastante altura, y con nieve y hielo&hellip;<\/p>\n\n<a href=\"https:\/\/www.monta\u00f1asdelaluna.es\/?p=52722\" class=\"details more-link\" aria-label=\"Read more about 15 de octubre, martes: Dragnag (4.700 mts.)-Chola Pass (5.420 mts.)-Dzonglha (4.830 mts.)\" rel=\"nofollow\">Detalles<\/a>\n\n\t\t<\/div>\n\n\t<\/article>\n\n<\/div>\n<div class=\"wf-cell iso-item category-190\" data-post-id=\"52693\" data-date=\"2024-10-14T11:17:44+00:00\" data-name=\"14 de octubre, lunes: Gokyo (4.750 mts.)-Gokyo Ri (5.360 mts.)-Dragnag (4.700 mts.)\">\n\t<article class=\"post post-52693 type-post status-publish format-standard has-post-thumbnail hentry category-sagarmatha category-190 description-off\">\n\n\t\t\n\t\t\t<div class=\"blog-media wf-td\">\n\n\t\t\t\t<p><a href=\"https:\/\/www.monta\u00f1asdelaluna.es\/?p=52693\" class=\"alignnone rollover layzr-bg\" ><img loading=\"lazy\" decoding=\"async\" class=\"preload-me iso-lazy-load\" src=\"data:image\/svg+xml,%3Csvg%20xmlns%3D&#39;http%3A%2F%2Fwww.w3.org%2F2000%2Fsvg&#39;%20viewBox%3D&#39;0%200%20555%20312&#39;%2F%3E\" data-src=\"https:\/\/www.monta\u00f1asdelaluna.es\/wp-content\/uploads\/2026\/02\/PA144848-555x312.jpg\" data-srcset=\"https:\/\/www.monta\u00f1asdelaluna.es\/wp-content\/uploads\/2026\/02\/PA144848-555x312.jpg 555w, https:\/\/www.monta\u00f1asdelaluna.es\/wp-content\/uploads\/2026\/02\/PA144848.jpg 1056w\" alt=\"\" title=\"PA144848\" width=\"555\" height=\"312\"  \/><\/a><\/p>\n\t\t\t<\/div>\n\n\t\t\n\t\t<div class=\"blog-content wf-td\">\n\t\t\t<h3 class=\"entry-title\"><a href=\"https:\/\/www.monta\u00f1asdelaluna.es\/?p=52693\" title=\"14 de octubre, lunes: Gokyo (4.750 mts.)-Gokyo Ri (5.360 mts.)-Dragnag (4.700 mts.)\" rel=\"bookmark\">14 de octubre, lunes: Gokyo (4.750 mts.)-Gokyo Ri (5.360 mts.)-Dragnag (4.700 mts.)<\/a><\/h3>\n\n\t\t\t<div class=\"entry-meta\"><span class=\"category-link\"><a href=\"https:\/\/www.monta\u00f1asdelaluna.es\/?cat=190\" rel=\"category\">Sagarmatha<\/a><\/span><a class=\"author vcard\" href=\"https:\/\/www.monta\u00f1asdelaluna.es\/?author=1\" title=\"Ver todas las publicaciones de Joaquin Terres\" rel=\"author\">Por <span class=\"fn\">Joaquin Terres<\/span><\/a><a href=\"https:\/\/www.monta\u00f1asdelaluna.es\/?m=20241014\" title=\"11:17 am\" class=\"data-link\" rel=\"bookmark\"><time class=\"entry-date updated\" datetime=\"2024-10-14T11:17:44+00:00\">14 octubre, 2024<\/time><\/a><a href=\"https:\/\/www.monta\u00f1asdelaluna.es\/?p=52693#respond\" class=\"comment-link\" >Deja un comentario<\/a><\/div><p>[vc_row][vc_column][vc_column_text]A partir de esta etapa ya no me ha dado tiempo o ganas a seguir escribiendo in situ sobre el trekking, supongo que he pecado de intentar contarlo todo, explicarlo todo, y con tanto detalle y poco tiempo para escribir\u2026 al final llegu\u00e9 a la etapa anterior y no segu\u00ed escribiendo, con lo que solo&hellip;<\/p>\n\n<a href=\"https:\/\/www.monta\u00f1asdelaluna.es\/?p=52693\" class=\"details more-link\" aria-label=\"Read more about 14 de octubre, lunes: Gokyo (4.750 mts.)-Gokyo Ri (5.360 mts.)-Dragnag (4.700 mts.)\" rel=\"nofollow\">Detalles<\/a>\n\n\t\t<\/div>\n\n\t<\/article>\n\n<\/div>\n<div class=\"wf-cell iso-item category-190\" data-post-id=\"52654\" data-date=\"2024-10-13T19:52:25+00:00\" data-name=\"13 de octubre, domingo: Machhermo (4.390 mts.)-Gokyo (4.750 mts.)\">\n\t<article class=\"post post-52654 type-post status-publish format-standard has-post-thumbnail hentry category-sagarmatha category-190 description-off\">\n\n\t\t\n\t\t\t<div class=\"blog-media wf-td\">\n\n\t\t\t\t<p><a href=\"https:\/\/www.monta\u00f1asdelaluna.es\/?p=52654\" class=\"alignnone rollover layzr-bg\" ><img loading=\"lazy\" decoding=\"async\" class=\"preload-me iso-lazy-load\" src=\"data:image\/svg+xml,%3Csvg%20xmlns%3D&#39;http%3A%2F%2Fwww.w3.org%2F2000%2Fsvg&#39;%20viewBox%3D&#39;0%200%20555%20371&#39;%2F%3E\" data-src=\"https:\/\/www.monta\u00f1asdelaluna.es\/wp-content\/uploads\/2024\/10\/PA134772-555x371.jpg\" data-srcset=\"https:\/\/www.monta\u00f1asdelaluna.es\/wp-content\/uploads\/2024\/10\/PA134772-555x371.jpg 555w, https:\/\/www.monta\u00f1asdelaluna.es\/wp-content\/uploads\/2024\/10\/PA134772-1110x742.jpg 1110w\" alt=\"\" title=\"PA134772\" width=\"555\" height=\"371\"  \/><\/a><\/p>\n\t\t\t<\/div>\n\n\t\t\n\t\t<div class=\"blog-content wf-td\">\n\t\t\t<h3 class=\"entry-title\"><a href=\"https:\/\/www.monta\u00f1asdelaluna.es\/?p=52654\" title=\"13 de octubre, domingo: Machhermo (4.390 mts.)-Gokyo (4.750 mts.)\" rel=\"bookmark\">13 de octubre, domingo: Machhermo (4.390 mts.)-Gokyo (4.750 mts.)<\/a><\/h3>\n\n\t\t\t<div class=\"entry-meta\"><span class=\"category-link\"><a href=\"https:\/\/www.monta\u00f1asdelaluna.es\/?cat=190\" rel=\"category\">Sagarmatha<\/a><\/span><a class=\"author vcard\" href=\"https:\/\/www.monta\u00f1asdelaluna.es\/?author=1\" title=\"Ver todas las publicaciones de Joaquin Terres\" rel=\"author\">Por <span class=\"fn\">Joaquin Terres<\/span><\/a><a href=\"https:\/\/www.monta\u00f1asdelaluna.es\/?m=20241013\" title=\"7:52 pm\" class=\"data-link\" rel=\"bookmark\"><time class=\"entry-date updated\" datetime=\"2024-10-13T19:52:25+00:00\">13 octubre, 2024<\/time><\/a><a href=\"https:\/\/www.monta\u00f1asdelaluna.es\/?p=52654#respond\" class=\"comment-link\" >Deja un comentario<\/a><\/div><p>[vc_row][vc_column][vc_column_text]Madrugamos como cada d\u00eda, ni demasiado temprano ni demasiado tarde para coger el camino al otro lado del Machhermo en direcci\u00f3n norte y valle arriba en direcci\u00f3n a Gokyo. Ayer en la actividad de aclimataci\u00f3n, desde lo alto de la loma, pudimos ver el recorrido, como sub\u00eda la senda y se colaba por un lateral&hellip;<\/p>\n\n<a href=\"https:\/\/www.monta\u00f1asdelaluna.es\/?p=52654\" class=\"details more-link\" aria-label=\"Read more about 13 de octubre, domingo: Machhermo (4.390 mts.)-Gokyo (4.750 mts.)\" rel=\"nofollow\">Detalles<\/a>\n\n\t\t<\/div>\n\n\t<\/article>\n\n<\/div>\n<div class=\"wf-cell iso-item category-190\" data-post-id=\"52630\" data-date=\"2024-10-12T17:35:42+00:00\" data-name=\"12 de octubre, s\u00e1bado: Dhole (4.020 mts.)-Machhermo (4.390 mts.)\">\n\t<article class=\"post post-52630 type-post status-publish format-standard has-post-thumbnail hentry category-sagarmatha category-190 description-off\">\n\n\t\t\n\t\t\t<div class=\"blog-media wf-td\">\n\n\t\t\t\t<p><a href=\"https:\/\/www.monta\u00f1asdelaluna.es\/?p=52630\" class=\"alignnone rollover layzr-bg\" ><img loading=\"lazy\" decoding=\"async\" class=\"preload-me iso-lazy-load\" src=\"data:image\/svg+xml,%3Csvg%20xmlns%3D&#39;http%3A%2F%2Fwww.w3.org%2F2000%2Fsvg&#39;%20viewBox%3D&#39;0%200%20555%20371&#39;%2F%3E\" data-src=\"https:\/\/www.monta\u00f1asdelaluna.es\/wp-content\/uploads\/2026\/01\/PA124592-555x371.jpg\" data-srcset=\"https:\/\/www.monta\u00f1asdelaluna.es\/wp-content\/uploads\/2026\/01\/PA124592-555x371.jpg 555w, https:\/\/www.monta\u00f1asdelaluna.es\/wp-content\/uploads\/2026\/01\/PA124592-1110x742.jpg 1110w\" alt=\"\" title=\"PA124592\" width=\"555\" height=\"371\"  \/><\/a><\/p>\n\t\t\t<\/div>\n\n\t\t\n\t\t<div class=\"blog-content wf-td\">\n\t\t\t<h3 class=\"entry-title\"><a href=\"https:\/\/www.monta\u00f1asdelaluna.es\/?p=52630\" title=\"12 de octubre, s\u00e1bado: Dhole (4.020 mts.)-Machhermo (4.390 mts.)\" rel=\"bookmark\">12 de octubre, s\u00e1bado: Dhole (4.020 mts.)-Machhermo (4.390 mts.)<\/a><\/h3>\n\n\t\t\t<div class=\"entry-meta\"><span class=\"category-link\"><a href=\"https:\/\/www.monta\u00f1asdelaluna.es\/?cat=190\" rel=\"category\">Sagarmatha<\/a><\/span><a class=\"author vcard\" href=\"https:\/\/www.monta\u00f1asdelaluna.es\/?author=1\" title=\"Ver todas las publicaciones de Joaquin Terres\" rel=\"author\">Por <span class=\"fn\">Joaquin Terres<\/span><\/a><a href=\"https:\/\/www.monta\u00f1asdelaluna.es\/?m=20241012\" title=\"5:35 pm\" class=\"data-link\" rel=\"bookmark\"><time class=\"entry-date updated\" datetime=\"2024-10-12T17:35:42+00:00\">12 octubre, 2024<\/time><\/a><a href=\"https:\/\/www.monta\u00f1asdelaluna.es\/?p=52630#respond\" class=\"comment-link\" >Deja un comentario<\/a><\/div><p>[vc_row][vc_column][vc_column_text]La marcha de hoy ser\u00eda corta si no tuvi\u00e9ramos que ir tan lentos, ya que las poblaciones o lugares a los que vamos est\u00e1n relativamente cerca, pero es bueno ir lentos y corta distancia para aclimatar, y solo subimos 370 mts. El d\u00eda amanece sin nubes, que es la nota predominante cada d\u00eda, a mitad&hellip;<\/p>\n\n<a href=\"https:\/\/www.monta\u00f1asdelaluna.es\/?p=52630\" class=\"details more-link\" aria-label=\"Read more about 12 de octubre, s\u00e1bado: Dhole (4.020 mts.)-Machhermo (4.390 mts.)\" rel=\"nofollow\">Detalles<\/a>\n\n\t\t<\/div>\n\n\t<\/article>\n\n<\/div>\n<div class=\"wf-cell iso-item category-190\" data-post-id=\"52605\" data-date=\"2024-10-11T09:47:23+00:00\" data-name=\"11 de octubre, viernes: Namche Bazar (3.340 mts.)-Dhole (4.020 mts.)\">\n\t<article class=\"post post-52605 type-post status-publish format-standard has-post-thumbnail hentry category-sagarmatha category-190 description-off\">\n\n\t\t\n\t\t\t<div class=\"blog-media wf-td\">\n\n\t\t\t\t<p><a href=\"https:\/\/www.monta\u00f1asdelaluna.es\/?p=52605\" class=\"alignnone rollover layzr-bg\" ><img loading=\"lazy\" decoding=\"async\" class=\"preload-me iso-lazy-load\" src=\"data:image\/svg+xml,%3Csvg%20xmlns%3D&#39;http%3A%2F%2Fwww.w3.org%2F2000%2Fsvg&#39;%20viewBox%3D&#39;0%200%20555%20371&#39;%2F%3E\" data-src=\"https:\/\/www.monta\u00f1asdelaluna.es\/wp-content\/uploads\/2026\/01\/PA114510-555x371.jpg\" data-srcset=\"https:\/\/www.monta\u00f1asdelaluna.es\/wp-content\/uploads\/2026\/01\/PA114510-555x371.jpg 555w, https:\/\/www.monta\u00f1asdelaluna.es\/wp-content\/uploads\/2026\/01\/PA114510-1110x742.jpg 1110w\" alt=\"\" title=\"PA114510\" width=\"555\" height=\"371\"  \/><\/a><\/p>\n\t\t\t<\/div>\n\n\t\t\n\t\t<div class=\"blog-content wf-td\">\n\t\t\t<h3 class=\"entry-title\"><a href=\"https:\/\/www.monta\u00f1asdelaluna.es\/?p=52605\" title=\"11 de octubre, viernes: Namche Bazar (3.340 mts.)-Dhole (4.020 mts.)\" rel=\"bookmark\">11 de octubre, viernes: Namche Bazar (3.340 mts.)-Dhole (4.020 mts.)<\/a><\/h3>\n\n\t\t\t<div class=\"entry-meta\"><span class=\"category-link\"><a href=\"https:\/\/www.monta\u00f1asdelaluna.es\/?cat=190\" rel=\"category\">Sagarmatha<\/a><\/span><a class=\"author vcard\" href=\"https:\/\/www.monta\u00f1asdelaluna.es\/?author=1\" title=\"Ver todas las publicaciones de Joaquin Terres\" rel=\"author\">Por <span class=\"fn\">Joaquin Terres<\/span><\/a><a href=\"https:\/\/www.monta\u00f1asdelaluna.es\/?m=20241011\" title=\"9:47 am\" class=\"data-link\" rel=\"bookmark\"><time class=\"entry-date updated\" datetime=\"2024-10-11T09:47:23+00:00\">11 octubre, 2024<\/time><\/a><a href=\"https:\/\/www.monta\u00f1asdelaluna.es\/?p=52605#respond\" class=\"comment-link\" >Deja un comentario<\/a><\/div><p>[vc_row][vc_column][vc_column_text]Amanece en Namche Bazar y mirando por la ventana de la habitaci\u00f3n descubrimos justo enfrente aquella monta\u00f1a que vimos entre nubes ayer. Incre\u00edble, maravillosa, preciosa, espectacular, desafiante, grandiosa\u2026 es Thamserku, picuda, altiva, muy, muy vertical, con seracs y glaciares colgantes all\u00e1 donde la verticalidad lo permite\u2026 curiosamente la definici\u00f3n y perfil de esta monta\u00f1a sea&hellip;<\/p>\n\n<a href=\"https:\/\/www.monta\u00f1asdelaluna.es\/?p=52605\" class=\"details more-link\" aria-label=\"Read more about 11 de octubre, viernes: Namche Bazar (3.340 mts.)-Dhole (4.020 mts.)\" rel=\"nofollow\">Detalles<\/a>\n\n\t\t<\/div>\n\n\t<\/article>\n\n<\/div>\n<div class=\"wf-cell iso-item category-190\" data-post-id=\"52586\" data-date=\"2024-10-10T23:45:25+00:00\" data-name=\"10 de octubre, jueves: Jorsalle (2.740 mts.)-Namche Bazar (3.340 mts.)\">\n\t<article class=\"post post-52586 type-post status-publish format-standard has-post-thumbnail hentry category-sagarmatha category-190 description-off\">\n\n\t\t\n\t\t\t<div class=\"blog-media wf-td\">\n\n\t\t\t\t<p><a href=\"https:\/\/www.monta\u00f1asdelaluna.es\/?p=52586\" class=\"alignnone rollover layzr-bg\" ><img loading=\"lazy\" decoding=\"async\" class=\"preload-me iso-lazy-load\" src=\"data:image\/svg+xml,%3Csvg%20xmlns%3D&#39;http%3A%2F%2Fwww.w3.org%2F2000%2Fsvg&#39;%20viewBox%3D&#39;0%200%20555%20371&#39;%2F%3E\" data-src=\"https:\/\/www.monta\u00f1asdelaluna.es\/wp-content\/uploads\/2026\/01\/PA104401-555x371.jpg\" data-srcset=\"https:\/\/www.monta\u00f1asdelaluna.es\/wp-content\/uploads\/2026\/01\/PA104401-555x371.jpg 555w, https:\/\/www.monta\u00f1asdelaluna.es\/wp-content\/uploads\/2026\/01\/PA104401-1110x742.jpg 1110w\" alt=\"\" title=\"PA104401\" width=\"555\" height=\"371\"  \/><\/a><\/p>\n\t\t\t<\/div>\n\n\t\t\n\t\t<div class=\"blog-content wf-td\">\n\t\t\t<h3 class=\"entry-title\"><a href=\"https:\/\/www.monta\u00f1asdelaluna.es\/?p=52586\" title=\"10 de octubre, jueves: Jorsalle (2.740 mts.)-Namche Bazar (3.340 mts.)\" rel=\"bookmark\">10 de octubre, jueves: Jorsalle (2.740 mts.)-Namche Bazar (3.340 mts.)<\/a><\/h3>\n\n\t\t\t<div class=\"entry-meta\"><span class=\"category-link\"><a href=\"https:\/\/www.monta\u00f1asdelaluna.es\/?cat=190\" rel=\"category\">Sagarmatha<\/a><\/span><a class=\"author vcard\" href=\"https:\/\/www.monta\u00f1asdelaluna.es\/?author=1\" title=\"Ver todas las publicaciones de Joaquin Terres\" rel=\"author\">Por <span class=\"fn\">Joaquin Terres<\/span><\/a><a href=\"https:\/\/www.monta\u00f1asdelaluna.es\/?m=20241010\" title=\"11:45 pm\" class=\"data-link\" rel=\"bookmark\"><time class=\"entry-date updated\" datetime=\"2024-10-10T23:45:25+00:00\">10 octubre, 2024<\/time><\/a><a href=\"https:\/\/www.monta\u00f1asdelaluna.es\/?p=52586#respond\" class=\"comment-link\" >Deja un comentario<\/a><\/div><p>[vc_row][vc_column][vc_column_text]Despu\u00e9s de desayunar y hacernos las fotos de salida, con nuestros porteadores y gu\u00eda, seguimos camino arriba en busca de que llaman es la capital del mundo Sherpa. Namche Bazar. Enseguida cruzamos el gran r\u00edo por un puente tibetano y seguimos por el boscoso y verde orilla o lado derecho del valle, rio. Al otro&hellip;<\/p>\n\n<a href=\"https:\/\/www.monta\u00f1asdelaluna.es\/?p=52586\" class=\"details more-link\" aria-label=\"Read more about 10 de octubre, jueves: Jorsalle (2.740 mts.)-Namche Bazar (3.340 mts.)\" rel=\"nofollow\">Detalles<\/a>\n\n\t\t<\/div>\n\n\t<\/article>\n\n<\/div>\n<div class=\"wf-cell iso-item category-190\" data-post-id=\"52557\" data-date=\"2024-10-09T12:52:33+00:00\" data-name=\"9 de octubre, mi\u00e9rcoles: Vuelo a Lukla (2.840 mts.)\u2013Jorsalle (2.740 mts.)\">\n\t<article class=\"post post-52557 type-post status-publish format-standard has-post-thumbnail hentry category-sagarmatha category-190 description-off\">\n\n\t\t\n\t\t\t<div class=\"blog-media wf-td\">\n\n\t\t\t\t<p><a href=\"https:\/\/www.monta\u00f1asdelaluna.es\/?p=52557\" class=\"alignnone rollover layzr-bg\" ><img loading=\"lazy\" decoding=\"async\" class=\"preload-me iso-lazy-load\" src=\"data:image\/svg+xml,%3Csvg%20xmlns%3D&#39;http%3A%2F%2Fwww.w3.org%2F2000%2Fsvg&#39;%20viewBox%3D&#39;0%200%20555%20371&#39;%2F%3E\" data-src=\"https:\/\/www.monta\u00f1asdelaluna.es\/wp-content\/uploads\/2026\/01\/PA094194-555x371.jpg\" data-srcset=\"https:\/\/www.monta\u00f1asdelaluna.es\/wp-content\/uploads\/2026\/01\/PA094194-555x371.jpg 555w, https:\/\/www.monta\u00f1asdelaluna.es\/wp-content\/uploads\/2026\/01\/PA094194-1110x742.jpg 1110w\" alt=\"\" title=\"PA094194\" width=\"555\" height=\"371\"  \/><\/a><\/p>\n\t\t\t<\/div>\n\n\t\t\n\t\t<div class=\"blog-content wf-td\">\n\t\t\t<h3 class=\"entry-title\"><a href=\"https:\/\/www.monta\u00f1asdelaluna.es\/?p=52557\" title=\"9 de octubre, mi\u00e9rcoles: Vuelo a Lukla (2.840 mts.)\u2013Jorsalle (2.740 mts.)\" rel=\"bookmark\">9 de octubre, mi\u00e9rcoles: Vuelo a Lukla (2.840 mts.)\u2013Jorsalle (2.740 mts.)<\/a><\/h3>\n\n\t\t\t<div class=\"entry-meta\"><span class=\"category-link\"><a href=\"https:\/\/www.monta\u00f1asdelaluna.es\/?cat=190\" rel=\"category\">Sagarmatha<\/a><\/span><a class=\"author vcard\" href=\"https:\/\/www.monta\u00f1asdelaluna.es\/?author=1\" title=\"Ver todas las publicaciones de Joaquin Terres\" rel=\"author\">Por <span class=\"fn\">Joaquin Terres<\/span><\/a><a href=\"https:\/\/www.monta\u00f1asdelaluna.es\/?m=20241009\" title=\"12:52 pm\" class=\"data-link\" rel=\"bookmark\"><time class=\"entry-date updated\" datetime=\"2024-10-09T12:52:33+00:00\">9 octubre, 2024<\/time><\/a><a href=\"https:\/\/www.monta\u00f1asdelaluna.es\/?p=52557#respond\" class=\"comment-link\" >Deja un comentario<\/a><\/div><p>[vc_row][vc_column][vc_column_text]Puntualmente a las 5 estamos en la puerta del peque\u00f1\u00edsimo aeropuerto, pero igual que el resto de pasajeros que no pudieron volar ayer. Por suerte a las 6 los responsables cogen a los pasajeros por el orden de ayer. Nosotros como nos quedamos que nos echaron del avi\u00f3n, somos los primeros\u2026 \u00a1Hoy volamos! Aunque tenemos&hellip;<\/p>\n\n<a href=\"https:\/\/www.monta\u00f1asdelaluna.es\/?p=52557\" class=\"details more-link\" aria-label=\"Read more about 9 de octubre, mi\u00e9rcoles: Vuelo a Lukla (2.840 mts.)\u2013Jorsalle (2.740 mts.)\" rel=\"nofollow\">Detalles<\/a>\n\n\t\t<\/div>\n\n\t<\/article>\n\n<\/div>\n<div class=\"wf-cell iso-item category-190\" data-post-id=\"52541\" data-date=\"2024-10-08T20:37:59+00:00\" data-name=\"8 de octubre, martes: Ramechhap\">\n\t<article class=\"post post-52541 type-post status-publish format-standard has-post-thumbnail hentry category-sagarmatha category-190 description-off\">\n\n\t\t\n\t\t\t<div class=\"blog-media wf-td\">\n\n\t\t\t\t<p><a href=\"https:\/\/www.monta\u00f1asdelaluna.es\/?p=52541\" class=\"alignnone rollover layzr-bg\" ><img loading=\"lazy\" decoding=\"async\" class=\"preload-me iso-lazy-load\" src=\"data:image\/svg+xml,%3Csvg%20xmlns%3D&#39;http%3A%2F%2Fwww.w3.org%2F2000%2Fsvg&#39;%20viewBox%3D&#39;0%200%20555%20371&#39;%2F%3E\" data-src=\"https:\/\/www.monta\u00f1asdelaluna.es\/wp-content\/uploads\/2024\/10\/PA084117-555x371.jpg\" data-srcset=\"https:\/\/www.monta\u00f1asdelaluna.es\/wp-content\/uploads\/2024\/10\/PA084117-555x371.jpg 555w, https:\/\/www.monta\u00f1asdelaluna.es\/wp-content\/uploads\/2024\/10\/PA084117-1110x742.jpg 1110w\" alt=\"\" title=\"PA084117\" width=\"555\" height=\"371\"  \/><\/a><\/p>\n\t\t\t<\/div>\n\n\t\t\n\t\t<div class=\"blog-content wf-td\">\n\t\t\t<h3 class=\"entry-title\"><a href=\"https:\/\/www.monta\u00f1asdelaluna.es\/?p=52541\" title=\"8 de octubre, martes: Ramechhap\" rel=\"bookmark\">8 de octubre, martes: Ramechhap<\/a><\/h3>\n\n\t\t\t<div class=\"entry-meta\"><span class=\"category-link\"><a href=\"https:\/\/www.monta\u00f1asdelaluna.es\/?cat=190\" rel=\"category\">Sagarmatha<\/a><\/span><a class=\"author vcard\" href=\"https:\/\/www.monta\u00f1asdelaluna.es\/?author=1\" title=\"Ver todas las publicaciones de Joaquin Terres\" rel=\"author\">Por <span class=\"fn\">Joaquin Terres<\/span><\/a><a href=\"https:\/\/www.monta\u00f1asdelaluna.es\/?m=20241008\" title=\"8:37 pm\" class=\"data-link\" rel=\"bookmark\"><time class=\"entry-date updated\" datetime=\"2024-10-08T20:37:59+00:00\">8 octubre, 2024<\/time><\/a><a href=\"https:\/\/www.monta\u00f1asdelaluna.es\/?p=52541#respond\" class=\"comment-link\" >Deja un comentario<\/a><\/div><p>[vc_row][vc_column][vc_column_text]Sobre las 00:00 salimos pitando con la furgoneta de 12 asientos, muy espaciosa, por las oscuras, nocturnas y a\u00fan as\u00ed vivas calles de Katmand\u00fa. No salimos a Lucla desde el aeropuerto de Katmand\u00fa como cre\u00eda y ven\u00eda en el programa, si no desde un peque\u00f1o aeropuerto lejos de Katmand\u00fa en el que solo es utilizado&hellip;<\/p>\n\n<a href=\"https:\/\/www.monta\u00f1asdelaluna.es\/?p=52541\" class=\"details more-link\" aria-label=\"Read more about 8 de octubre, martes: Ramechhap\" rel=\"nofollow\">Detalles<\/a>\n\n\t\t<\/div>\n\n\t<\/article>\n\n<\/div>\n<div class=\"wf-cell iso-item category-190\" data-post-id=\"52527\" data-date=\"2024-10-06T12:33:36+00:00\" data-name=\"Entre Delhi y Katmand\u00fa\">\n\t<article class=\"post post-52527 type-post status-publish format-standard has-post-thumbnail hentry category-sagarmatha category-190 description-off\">\n\n\t\t\n\t\t\t<div class=\"blog-media wf-td\">\n\n\t\t\t\t<p><a href=\"https:\/\/www.monta\u00f1asdelaluna.es\/?p=52527\" class=\"alignnone rollover layzr-bg\" ><img loading=\"lazy\" decoding=\"async\" class=\"preload-me iso-lazy-load\" src=\"data:image\/svg+xml,%3Csvg%20xmlns%3D&#39;http%3A%2F%2Fwww.w3.org%2F2000%2Fsvg&#39;%20viewBox%3D&#39;0%200%20555%20312&#39;%2F%3E\" data-src=\"https:\/\/www.monta\u00f1asdelaluna.es\/wp-content\/uploads\/2024\/10\/PA266482-555x312.jpg\" data-srcset=\"https:\/\/www.monta\u00f1asdelaluna.es\/wp-content\/uploads\/2024\/10\/PA266482-555x312.jpg 555w, https:\/\/www.monta\u00f1asdelaluna.es\/wp-content\/uploads\/2024\/10\/PA266482-1110x624.jpg 1110w\" alt=\"\" title=\"PA266482\" width=\"555\" height=\"312\"  \/><\/a><\/p>\n\t\t\t<\/div>\n\n\t\t\n\t\t<div class=\"blog-content wf-td\">\n\t\t\t<h3 class=\"entry-title\"><a href=\"https:\/\/www.monta\u00f1asdelaluna.es\/?p=52527\" title=\"Entre Delhi y Katmand\u00fa\" rel=\"bookmark\">Entre Delhi y Katmand\u00fa<\/a><\/h3>\n\n\t\t\t<div class=\"entry-meta\"><span class=\"category-link\"><a href=\"https:\/\/www.monta\u00f1asdelaluna.es\/?cat=190\" rel=\"category\">Sagarmatha<\/a><\/span><a class=\"author vcard\" href=\"https:\/\/www.monta\u00f1asdelaluna.es\/?author=1\" title=\"Ver todas las publicaciones de Joaquin Terres\" rel=\"author\">Por <span class=\"fn\">Joaquin Terres<\/span><\/a><a href=\"https:\/\/www.monta\u00f1asdelaluna.es\/?m=20241006\" title=\"12:33 pm\" class=\"data-link\" rel=\"bookmark\"><time class=\"entry-date updated\" datetime=\"2024-10-06T12:33:36+00:00\">6 octubre, 2024<\/time><\/a><a href=\"https:\/\/www.monta\u00f1asdelaluna.es\/?p=52527#respond\" class=\"comment-link\" >Deja un comentario<\/a><\/div><p>[vc_row][vc_column][vc_column_text] 6 de Octubre de 2.024, domingo. Viaje a Delhi. Puntuales me recogen a las 05:55 en la redonda de Cardedeu, Luis y Dolors. Llegamos bien al aeropuerto. En la cola para facturar en Lufthansa nos encuentra Jordi que le ha tra\u00eddo su hija. El vuelo sale con puntualidad alemana de Barcelona a M\u00fanich. La&hellip;<\/p>\n\n<a href=\"https:\/\/www.monta\u00f1asdelaluna.es\/?p=52527\" class=\"details more-link\" aria-label=\"Read more about Entre Delhi y Katmand\u00fa\" rel=\"nofollow\">Detalles<\/a>\n\n\t\t<\/div>\n\n\t<\/article>\n\n<\/div>\n<div class=\"wf-cell iso-item category-185\" data-post-id=\"51963\" data-date=\"2022-07-14T18:33:42+00:00\" data-name=\"14 de julio del 2.022, jueves: Refugio M\u00f6nchjochH\u00fctte-Fiesch, por todo el Glaciar Aletsch\">\n\t<article class=\"post post-51963 type-post status-publish format-standard has-post-thumbnail hentry category-glaciar-aletsch-2 category-185 description-off\">\n\n\t\t\n\t\t\t<div class=\"blog-media wf-td\">\n\n\t\t\t\t<p><a href=\"https:\/\/www.monta\u00f1asdelaluna.es\/?p=51963\" class=\"alignnone rollover layzr-bg\" ><img loading=\"lazy\" decoding=\"async\" class=\"preload-me iso-lazy-load\" src=\"data:image\/svg+xml,%3Csvg%20xmlns%3D&#39;http%3A%2F%2Fwww.w3.org%2F2000%2Fsvg&#39;%20viewBox%3D&#39;0%200%20555%20371&#39;%2F%3E\" data-src=\"https:\/\/www.monta\u00f1asdelaluna.es\/wp-content\/uploads\/2022\/07\/P7140273-scaled-555x371.jpg\" data-srcset=\"https:\/\/www.monta\u00f1asdelaluna.es\/wp-content\/uploads\/2022\/07\/P7140273-scaled-555x371.jpg 555w, https:\/\/www.monta\u00f1asdelaluna.es\/wp-content\/uploads\/2022\/07\/P7140273-scaled-1110x742.jpg 1110w\" alt=\"\" title=\"P7140273\" width=\"555\" height=\"371\"  \/><\/a><\/p>\n\t\t\t<\/div>\n\n\t\t\n\t\t<div class=\"blog-content wf-td\">\n\t\t\t<h3 class=\"entry-title\"><a href=\"https:\/\/www.monta\u00f1asdelaluna.es\/?p=51963\" title=\"14 de julio del 2.022, jueves: Refugio M\u00f6nchjochH\u00fctte-Fiesch, por todo el Glaciar Aletsch\" rel=\"bookmark\">14 de julio del 2.022, jueves: Refugio M\u00f6nchjochH\u00fctte-Fiesch, por todo el Glaciar Aletsch<\/a><\/h3>\n\n\t\t\t<div class=\"entry-meta\"><span class=\"category-link\"><a href=\"https:\/\/www.monta\u00f1asdelaluna.es\/?cat=185\" rel=\"category\">Glaciar Aletsch 2<\/a><\/span><a class=\"author vcard\" href=\"https:\/\/www.monta\u00f1asdelaluna.es\/?author=1\" title=\"Ver todas las publicaciones de Joaquin Terres\" rel=\"author\">Por <span class=\"fn\">Joaquin Terres<\/span><\/a><a href=\"https:\/\/www.monta\u00f1asdelaluna.es\/?m=20220714\" title=\"6:33 pm\" class=\"data-link\" rel=\"bookmark\"><time class=\"entry-date updated\" datetime=\"2022-07-14T18:33:42+00:00\">14 julio, 2022<\/time><\/a><a href=\"https:\/\/www.monta\u00f1asdelaluna.es\/?p=51963#respond\" class=\"comment-link\" >Deja un comentario<\/a><\/div><p>[vc_row][vc_column][vc_column_text]Casi que nos levantamos de los primeros en la habitaci\u00f3n, pero hay otros monta\u00f1eros que se han levantado a la misma hora o poco despu\u00e9s, pero s\u00ed somos de los primeros en el refugio. Ayer hubo un debate por ver a qu\u00e9 hora nos levant\u00e1bamos, si a las 3:30, 4:00, 4:30 horas\u2026 al final creo&hellip;<\/p>\n\n<a href=\"https:\/\/www.monta\u00f1asdelaluna.es\/?p=51963\" class=\"details more-link\" aria-label=\"Read more about 14 de julio del 2.022, jueves: Refugio M\u00f6nchjochH\u00fctte-Fiesch, por todo el Glaciar Aletsch\" rel=\"nofollow\">Detalles<\/a>\n\n\t\t<\/div>\n\n\t<\/article>\n\n<\/div>\n<div class=\"wf-cell iso-item category-185\" data-post-id=\"51935\" data-date=\"2022-07-13T08:41:06+00:00\" data-name=\"13 de julio del 2.022, mi\u00e9rcoles: Refugio de Konkordia-Refugio M\u00f6nchjochH\u00fctte\">\n\t<article class=\"post post-51935 type-post status-publish format-standard has-post-thumbnail hentry category-glaciar-aletsch-2 category-185 description-off\">\n\n\t\t\n\t\t\t<div class=\"blog-media wf-td\">\n\n\t\t\t\t<p><a href=\"https:\/\/www.monta\u00f1asdelaluna.es\/?p=51935\" class=\"alignnone rollover layzr-bg\" ><img loading=\"lazy\" decoding=\"async\" class=\"preload-me iso-lazy-load\" src=\"data:image\/svg+xml,%3Csvg%20xmlns%3D&#39;http%3A%2F%2Fwww.w3.org%2F2000%2Fsvg&#39;%20viewBox%3D&#39;0%200%20555%20371&#39;%2F%3E\" data-src=\"https:\/\/www.monta\u00f1asdelaluna.es\/wp-content\/uploads\/2023\/01\/P7130254-555x371.jpg\" data-srcset=\"https:\/\/www.monta\u00f1asdelaluna.es\/wp-content\/uploads\/2023\/01\/P7130254-555x371.jpg 555w, https:\/\/www.monta\u00f1asdelaluna.es\/wp-content\/uploads\/2023\/01\/P7130254-1110x742.jpg 1110w\" alt=\"\" title=\"P7130254\" width=\"555\" height=\"371\"  \/><\/a><\/p>\n\t\t\t<\/div>\n\n\t\t\n\t\t<div class=\"blog-content wf-td\">\n\t\t\t<h3 class=\"entry-title\"><a href=\"https:\/\/www.monta\u00f1asdelaluna.es\/?p=51935\" title=\"13 de julio del 2.022, mi\u00e9rcoles: Refugio de Konkordia-Refugio M\u00f6nchjochH\u00fctte\" rel=\"bookmark\">13 de julio del 2.022, mi\u00e9rcoles: Refugio de Konkordia-Refugio M\u00f6nchjochH\u00fctte<\/a><\/h3>\n\n\t\t\t<div class=\"entry-meta\"><span class=\"category-link\"><a href=\"https:\/\/www.monta\u00f1asdelaluna.es\/?cat=185\" rel=\"category\">Glaciar Aletsch 2<\/a><\/span><a class=\"author vcard\" href=\"https:\/\/www.monta\u00f1asdelaluna.es\/?author=1\" title=\"Ver todas las publicaciones de Joaquin Terres\" rel=\"author\">Por <span class=\"fn\">Joaquin Terres<\/span><\/a><a href=\"https:\/\/www.monta\u00f1asdelaluna.es\/?m=20220713\" title=\"8:41 am\" class=\"data-link\" rel=\"bookmark\"><time class=\"entry-date updated\" datetime=\"2022-07-13T08:41:06+00:00\">13 julio, 2022<\/time><\/a><a href=\"https:\/\/www.monta\u00f1asdelaluna.es\/?p=51935#respond\" class=\"comment-link\" >Deja un comentario<\/a><\/div><p>[vc_row][vc_column][vc_column_text]Nos levantamos aproximadamente a la misma hora que el d\u00eda anterior; para hacer la actividad de hoy no hay que madrugar tanto como para ascender uno de estos picos afectados por la subida de temperaturas tan brutal de esta primavera, pero es preferible pasar por la zona de grietas antes de las 12 de la&hellip;<\/p>\n\n<a href=\"https:\/\/www.monta\u00f1asdelaluna.es\/?p=51935\" class=\"details more-link\" aria-label=\"Read more about 13 de julio del 2.022, mi\u00e9rcoles: Refugio de Konkordia-Refugio M\u00f6nchjochH\u00fctte\" rel=\"nofollow\">Detalles<\/a>\n\n\t\t<\/div>\n\n\t<\/article>\n\n<\/div>\n<div class=\"wf-cell iso-item category-185\" data-post-id=\"51877\" data-date=\"2022-07-12T18:37:22+00:00\" data-name=\"12 de julio del 2.022, martes: Pendientes del Gr\u00fcnhorn\">\n\t<article class=\"post post-51877 type-post status-publish format-standard has-post-thumbnail hentry category-glaciar-aletsch-2 category-185 description-off\">\n\n\t\t\n\t\t\t<div class=\"blog-media wf-td\">\n\n\t\t\t\t<p><a href=\"https:\/\/www.monta\u00f1asdelaluna.es\/?p=51877\" class=\"alignnone rollover layzr-bg\" ><img loading=\"lazy\" decoding=\"async\" class=\"preload-me iso-lazy-load\" src=\"data:image\/svg+xml,%3Csvg%20xmlns%3D&#39;http%3A%2F%2Fwww.w3.org%2F2000%2Fsvg&#39;%20viewBox%3D&#39;0%200%20555%20371&#39;%2F%3E\" data-src=\"https:\/\/www.monta\u00f1asdelaluna.es\/wp-content\/uploads\/2022\/07\/P7120156-555x371.jpg\" data-srcset=\"https:\/\/www.monta\u00f1asdelaluna.es\/wp-content\/uploads\/2022\/07\/P7120156-555x371.jpg 555w, https:\/\/www.monta\u00f1asdelaluna.es\/wp-content\/uploads\/2022\/07\/P7120156-1110x742.jpg 1110w\" alt=\"\" title=\"P7120156\" width=\"555\" height=\"371\"  \/><\/a><\/p>\n\t\t\t<\/div>\n\n\t\t\n\t\t<div class=\"blog-content wf-td\">\n\t\t\t<h3 class=\"entry-title\"><a href=\"https:\/\/www.monta\u00f1asdelaluna.es\/?p=51877\" title=\"12 de julio del 2.022, martes: Pendientes del Gr\u00fcnhorn\" rel=\"bookmark\">12 de julio del 2.022, martes: Pendientes del Gr\u00fcnhorn<\/a><\/h3>\n\n\t\t\t<div class=\"entry-meta\"><span class=\"category-link\"><a href=\"https:\/\/www.monta\u00f1asdelaluna.es\/?cat=185\" rel=\"category\">Glaciar Aletsch 2<\/a><\/span><a class=\"author vcard\" href=\"https:\/\/www.monta\u00f1asdelaluna.es\/?author=1\" title=\"Ver todas las publicaciones de Joaquin Terres\" rel=\"author\">Por <span class=\"fn\">Joaquin Terres<\/span><\/a><a href=\"https:\/\/www.monta\u00f1asdelaluna.es\/?m=20220712\" title=\"6:37 pm\" class=\"data-link\" rel=\"bookmark\"><time class=\"entry-date updated\" datetime=\"2022-07-12T18:37:22+00:00\">12 julio, 2022<\/time><\/a><a href=\"https:\/\/www.monta\u00f1asdelaluna.es\/?p=51877#respond\" class=\"comment-link\" >Deja un comentario<\/a><\/div><p>[vc_row][vc_column][vc_column_text]Nos levantamos temprano para desayunar entre las 07:00 y las 07:30 con la intenci\u00f3n de salir como muy tarde a eso de las 08:00. Puede ser buena hora para hacer una actividad de ruta entre refugios pero ya es tarde para ascender a un pico y m\u00e1s con las condiciones que tenemos este a\u00f1o\u2026 de&hellip;<\/p>\n\n<a href=\"https:\/\/www.monta\u00f1asdelaluna.es\/?p=51877\" class=\"details more-link\" aria-label=\"Read more about 12 de julio del 2.022, martes: Pendientes del Gr\u00fcnhorn\" rel=\"nofollow\">Detalles<\/a>\n\n\t\t<\/div>\n\n\t<\/article>\n\n<\/div>\n<div class=\"wf-cell iso-item category-185\" data-post-id=\"51852\" data-date=\"2022-07-11T17:29:14+00:00\" data-name=\"11 de julio del 2.022, lunes: Fiesch-Refugio Konkordia\">\n\t<article class=\"post post-51852 type-post status-publish format-standard has-post-thumbnail hentry category-glaciar-aletsch-2 category-185 description-off\">\n\n\t\t\n\t\t\t<div class=\"blog-media wf-td\">\n\n\t\t\t\t<p><a href=\"https:\/\/www.monta\u00f1asdelaluna.es\/?p=51852\" class=\"alignnone rollover layzr-bg\" ><img loading=\"lazy\" decoding=\"async\" class=\"preload-me iso-lazy-load\" src=\"data:image\/svg+xml,%3Csvg%20xmlns%3D&#39;http%3A%2F%2Fwww.w3.org%2F2000%2Fsvg&#39;%20viewBox%3D&#39;0%200%20555%20371&#39;%2F%3E\" data-src=\"https:\/\/www.monta\u00f1asdelaluna.es\/wp-content\/uploads\/2022\/07\/P7110087-1-555x371.jpg\" data-srcset=\"https:\/\/www.monta\u00f1asdelaluna.es\/wp-content\/uploads\/2022\/07\/P7110087-1-555x371.jpg 555w, https:\/\/www.monta\u00f1asdelaluna.es\/wp-content\/uploads\/2022\/07\/P7110087-1-1110x742.jpg 1110w\" alt=\"\" title=\"P7110087\" width=\"555\" height=\"371\"  \/><\/a><\/p>\n\t\t\t<\/div>\n\n\t\t\n\t\t<div class=\"blog-content wf-td\">\n\t\t\t<h3 class=\"entry-title\"><a href=\"https:\/\/www.monta\u00f1asdelaluna.es\/?p=51852\" title=\"11 de julio del 2.022, lunes: Fiesch-Refugio Konkordia\" rel=\"bookmark\">11 de julio del 2.022, lunes: Fiesch-Refugio Konkordia<\/a><\/h3>\n\n\t\t\t<div class=\"entry-meta\"><span class=\"category-link\"><a href=\"https:\/\/www.monta\u00f1asdelaluna.es\/?cat=185\" rel=\"category\">Glaciar Aletsch 2<\/a><\/span><a class=\"author vcard\" href=\"https:\/\/www.monta\u00f1asdelaluna.es\/?author=1\" title=\"Ver todas las publicaciones de Joaquin Terres\" rel=\"author\">Por <span class=\"fn\">Joaquin Terres<\/span><\/a><a href=\"https:\/\/www.monta\u00f1asdelaluna.es\/?m=20220711\" title=\"5:29 pm\" class=\"data-link\" rel=\"bookmark\"><time class=\"entry-date updated\" datetime=\"2022-07-11T17:29:14+00:00\">11 julio, 2022<\/time><\/a><a href=\"https:\/\/www.monta\u00f1asdelaluna.es\/?p=51852#respond\" class=\"comment-link\" >Deja un comentario<\/a><\/div><p>[vc_row][vc_column][vc_column_text]Nos levantamos casi sin prisa, hay que recoger la tienda, equiparse, pagar\u2026 y parece que esperan a que el sol salga y seque la tienda. Yo comienzo a recordar lo sucedido hace 5 a\u00f1os y me pongo algo nervioso de este retraso, de esta tranquilidad, ya que se nos hizo de noche caminando por en&hellip;<\/p>\n\n<a href=\"https:\/\/www.monta\u00f1asdelaluna.es\/?p=51852\" class=\"details more-link\" aria-label=\"Read more about 11 de julio del 2.022, lunes: Fiesch-Refugio Konkordia\" rel=\"nofollow\">Detalles<\/a>\n\n\t\t<\/div>\n\n\t<\/article>\n\n<\/div>\n<div class=\"wf-cell iso-item category-185\" data-post-id=\"51830\" data-date=\"2022-07-10T18:24:27+00:00\" data-name=\"10 de julio del 2.022, domingo: Preparaci\u00f3n y viaje\">\n\t<article class=\"post post-51830 type-post status-publish format-standard has-post-thumbnail hentry category-glaciar-aletsch-2 category-185 description-off\">\n\n\t\t\n\t\t\t<div class=\"blog-media wf-td\">\n\n\t\t\t\t<p><a href=\"https:\/\/www.monta\u00f1asdelaluna.es\/?p=51830\" class=\"alignnone rollover layzr-bg\" ><img loading=\"lazy\" decoding=\"async\" class=\"preload-me iso-lazy-load\" src=\"data:image\/svg+xml,%3Csvg%20xmlns%3D&#39;http%3A%2F%2Fwww.w3.org%2F2000%2Fsvg&#39;%20viewBox%3D&#39;0%200%20555%20371&#39;%2F%3E\" data-src=\"https:\/\/www.monta\u00f1asdelaluna.es\/wp-content\/uploads\/2022\/12\/P7110079-555x371.jpg\" data-srcset=\"https:\/\/www.monta\u00f1asdelaluna.es\/wp-content\/uploads\/2022\/12\/P7110079-555x371.jpg 555w, https:\/\/www.monta\u00f1asdelaluna.es\/wp-content\/uploads\/2022\/12\/P7110079-1110x742.jpg 1110w\" alt=\"\" title=\"P7110079\" width=\"555\" height=\"371\"  \/><\/a><\/p>\n\t\t\t<\/div>\n\n\t\t\n\t\t<div class=\"blog-content wf-td\">\n\t\t\t<h3 class=\"entry-title\"><a href=\"https:\/\/www.monta\u00f1asdelaluna.es\/?p=51830\" title=\"10 de julio del 2.022, domingo: Preparaci\u00f3n y viaje\" rel=\"bookmark\">10 de julio del 2.022, domingo: Preparaci\u00f3n y viaje<\/a><\/h3>\n\n\t\t\t<div class=\"entry-meta\"><span class=\"category-link\"><a href=\"https:\/\/www.monta\u00f1asdelaluna.es\/?cat=185\" rel=\"category\">Glaciar Aletsch 2<\/a><\/span><a class=\"author vcard\" href=\"https:\/\/www.monta\u00f1asdelaluna.es\/?author=1\" title=\"Ver todas las publicaciones de Joaquin Terres\" rel=\"author\">Por <span class=\"fn\">Joaquin Terres<\/span><\/a><a href=\"https:\/\/www.monta\u00f1asdelaluna.es\/?m=20220710\" title=\"6:24 pm\" class=\"data-link\" rel=\"bookmark\"><time class=\"entry-date updated\" datetime=\"2022-07-10T18:24:27+00:00\">10 julio, 2022<\/time><\/a><a href=\"https:\/\/www.monta\u00f1asdelaluna.es\/?p=51830#respond\" class=\"comment-link\" >Deja un comentario<\/a><\/div><p>[vc_row][vc_column][vc_column_text]\u201cLa soberbia del hombre es hundida por la realidad de la monta\u00f1a\u201d ser\u00eda un buen resumen o titular para la experiencia o viaje de este a\u00f1o a los Alpes. Quiz\u00e1s las ansias de conquista, de tener un magn\u00edfico resultado de mentalizaci\u00f3n, de entrenamiento, me hizo aspirar a retos, objetivos que parec\u00edan tan cercanos o alcanzables&hellip;<\/p>\n\n<a href=\"https:\/\/www.monta\u00f1asdelaluna.es\/?p=51830\" class=\"details more-link\" aria-label=\"Read more about 10 de julio del 2.022, domingo: Preparaci\u00f3n y viaje\" rel=\"nofollow\">Detalles<\/a>\n\n\t\t<\/div>\n\n\t<\/article>\n\n<\/div>\n<div class=\"wf-cell iso-item category-129\" data-post-id=\"52113\" data-date=\"2022-06-19T18:04:33+00:00\" data-name=\"Cresta sureste del Gra de Fajol Petit\">\n\t<article class=\"post post-52113 type-post status-publish format-standard has-post-thumbnail hentry category-pirineo-oriental category-129 description-off\">\n\n\t\t\n\t\t\t<div class=\"blog-media wf-td\">\n\n\t\t\t\t<p><a href=\"https:\/\/www.monta\u00f1asdelaluna.es\/?p=52113\" class=\"alignnone rollover layzr-bg\" ><img loading=\"lazy\" decoding=\"async\" class=\"preload-me iso-lazy-load\" src=\"data:image\/svg+xml,%3Csvg%20xmlns%3D&#39;http%3A%2F%2Fwww.w3.org%2F2000%2Fsvg&#39;%20viewBox%3D&#39;0%200%20555%20256&#39;%2F%3E\" data-src=\"https:\/\/www.monta\u00f1asdelaluna.es\/wp-content\/uploads\/2023\/07\/IMG-20220619-WA0002-555x256.jpg\" data-srcset=\"https:\/\/www.monta\u00f1asdelaluna.es\/wp-content\/uploads\/2023\/07\/IMG-20220619-WA0002-555x256.jpg 555w, https:\/\/www.monta\u00f1asdelaluna.es\/wp-content\/uploads\/2023\/07\/IMG-20220619-WA0002-1110x512.jpg 1110w\" alt=\"\" title=\"IMG-20220619-WA0002\" width=\"555\" height=\"256\"  \/><\/a><\/p>\n\t\t\t<\/div>\n\n\t\t\n\t\t<div class=\"blog-content wf-td\">\n\t\t\t<h3 class=\"entry-title\"><a href=\"https:\/\/www.monta\u00f1asdelaluna.es\/?p=52113\" title=\"Cresta sureste del Gra de Fajol Petit\" rel=\"bookmark\">Cresta sureste del Gra de Fajol Petit<\/a><\/h3>\n\n\t\t\t<div class=\"entry-meta\"><span class=\"category-link\"><a href=\"https:\/\/www.monta\u00f1asdelaluna.es\/?cat=129\" rel=\"category\">Pirineo Oriental<\/a><\/span><a class=\"author vcard\" href=\"https:\/\/www.monta\u00f1asdelaluna.es\/?author=1\" title=\"Ver todas las publicaciones de Joaquin Terres\" rel=\"author\">Por <span class=\"fn\">Joaquin Terres<\/span><\/a><a href=\"https:\/\/www.monta\u00f1asdelaluna.es\/?m=20220619\" title=\"6:04 pm\" class=\"data-link\" rel=\"bookmark\"><time class=\"entry-date updated\" datetime=\"2022-06-19T18:04:33+00:00\">19 junio, 2022<\/time><\/a><a href=\"https:\/\/www.monta\u00f1asdelaluna.es\/?p=52113#respond\" class=\"comment-link\" >Deja un comentario<\/a><\/div><p>[vc_row][vc_column][vc_column_text]Una vez suspendida o aplazada la Expedici\u00f3n a Per\u00fa, ten\u00eda que organizar otro viaje, otra actividad in extremis para este verano, para julio como muy tarde. Y al final pude convencer a Manolet y a Pau para ir a los Alpes Suizos para intentar ascender el Aletschhorn y recorrernos el Glaciar Aletsch de nuevo. El&hellip;<\/p>\n\n<a href=\"https:\/\/www.monta\u00f1asdelaluna.es\/?p=52113\" class=\"details more-link\" aria-label=\"Read more about Cresta sureste del Gra de Fajol Petit\" rel=\"nofollow\">Detalles<\/a>\n\n\t\t<\/div>\n\n\t<\/article>\n\n<\/div>\n<div class=\"wf-cell iso-item category-129\" data-post-id=\"52088\" data-date=\"2022-06-05T06:46:37+00:00\" data-name=\"Circo de Ulldeter\">\n\t<article class=\"post post-52088 type-post status-publish format-standard has-post-thumbnail hentry category-pirineo-oriental category-129 description-off\">\n\n\t\t\n\t\t\t<div class=\"blog-media wf-td\">\n\n\t\t\t\t<p><a href=\"https:\/\/www.monta\u00f1asdelaluna.es\/?p=52088\" class=\"alignnone rollover layzr-bg\" ><img loading=\"lazy\" decoding=\"async\" class=\"preload-me iso-lazy-load\" src=\"data:image\/svg+xml,%3Csvg%20xmlns%3D&#39;http%3A%2F%2Fwww.w3.org%2F2000%2Fsvg&#39;%20viewBox%3D&#39;0%200%20555%20371&#39;%2F%3E\" data-src=\"https:\/\/www.monta\u00f1asdelaluna.es\/wp-content\/uploads\/2022\/06\/P6051242-555x371.jpg\" data-srcset=\"https:\/\/www.monta\u00f1asdelaluna.es\/wp-content\/uploads\/2022\/06\/P6051242-555x371.jpg 555w, https:\/\/www.monta\u00f1asdelaluna.es\/wp-content\/uploads\/2022\/06\/P6051242-1110x742.jpg 1110w\" alt=\"\" title=\"P6051242\" width=\"555\" height=\"371\"  \/><\/a><\/p>\n\t\t\t<\/div>\n\n\t\t\n\t\t<div class=\"blog-content wf-td\">\n\t\t\t<h3 class=\"entry-title\"><a href=\"https:\/\/www.monta\u00f1asdelaluna.es\/?p=52088\" title=\"Circo de Ulldeter\" rel=\"bookmark\">Circo de Ulldeter<\/a><\/h3>\n\n\t\t\t<div class=\"entry-meta\"><span class=\"category-link\"><a href=\"https:\/\/www.monta\u00f1asdelaluna.es\/?cat=129\" rel=\"category\">Pirineo Oriental<\/a><\/span><a class=\"author vcard\" href=\"https:\/\/www.monta\u00f1asdelaluna.es\/?author=1\" title=\"Ver todas las publicaciones de Joaquin Terres\" rel=\"author\">Por <span class=\"fn\">Joaquin Terres<\/span><\/a><a href=\"https:\/\/www.monta\u00f1asdelaluna.es\/?m=20220605\" title=\"6:46 am\" class=\"data-link\" rel=\"bookmark\"><time class=\"entry-date updated\" datetime=\"2022-06-05T06:46:37+00:00\">5 junio, 2022<\/time><\/a><a href=\"https:\/\/www.monta\u00f1asdelaluna.es\/?p=52088#respond\" class=\"comment-link\" >Deja un comentario<\/a><\/div><p>[vc_row][vc_column][vc_column_text]Despu\u00e9s de pasar el Covid hace unos 15 d\u00edas y de que se anulase la expedici\u00f3n a Per\u00fa, decid\u00ed probarme para intentar recuperar mi buena forma conseguida antes de mitad de mayo, antes de caer enfermo por el fat\u00eddico Covid; con el buen entrenamiento que ten\u00eda\u2026 Entonces ide\u00e9 una actividad de alta monta\u00f1a que me&hellip;<\/p>\n\n<a href=\"https:\/\/www.monta\u00f1asdelaluna.es\/?p=52088\" class=\"details more-link\" aria-label=\"Read more about Circo de Ulldeter\" rel=\"nofollow\">Detalles<\/a>\n\n\t\t<\/div>\n\n\t<\/article>\n\n<\/div>\n<div class=\"wf-cell iso-item category-131\" data-post-id=\"52039\" data-date=\"2022-05-14T18:26:26+00:00\" data-name=\"Tur\u00f3 de l&#039;Home desde Montseny pasando por Santa Fe\">\n\t<article class=\"post post-52039 type-post status-publish format-standard has-post-thumbnail hentry category-turo-de-lhome category-131 description-off\">\n\n\t\t\n\t\t\t<div class=\"blog-media wf-td\">\n\n\t\t\t\t<p><a href=\"https:\/\/www.monta\u00f1asdelaluna.es\/?p=52039\" class=\"alignnone rollover layzr-bg\" ><img loading=\"lazy\" decoding=\"async\" class=\"preload-me iso-lazy-load\" src=\"data:image\/svg+xml,%3Csvg%20xmlns%3D&#39;http%3A%2F%2Fwww.w3.org%2F2000%2Fsvg&#39;%20viewBox%3D&#39;0%200%20555%20313&#39;%2F%3E\" data-src=\"https:\/\/www.monta\u00f1asdelaluna.es\/wp-content\/uploads\/2022\/05\/P5141167-555x313.jpg\" data-srcset=\"https:\/\/www.monta\u00f1asdelaluna.es\/wp-content\/uploads\/2022\/05\/P5141167-555x313.jpg 555w, https:\/\/www.monta\u00f1asdelaluna.es\/wp-content\/uploads\/2022\/05\/P5141167-1110x626.jpg 1110w\" alt=\"\" title=\"P5141167\" width=\"555\" height=\"313\"  \/><\/a><\/p>\n\t\t\t<\/div>\n\n\t\t\n\t\t<div class=\"blog-content wf-td\">\n\t\t\t<h3 class=\"entry-title\"><a href=\"https:\/\/www.monta\u00f1asdelaluna.es\/?p=52039\" title=\"Tur\u00f3 de l&#8217;Home desde Montseny pasando por Santa Fe\" rel=\"bookmark\">Tur\u00f3 de l&#8217;Home desde Montseny pasando por Santa Fe<\/a><\/h3>\n\n\t\t\t<div class=\"entry-meta\"><span class=\"category-link\"><a href=\"https:\/\/www.monta\u00f1asdelaluna.es\/?cat=131\" rel=\"category\">Tur\u00f3 de l'Home<\/a><\/span><a class=\"author vcard\" href=\"https:\/\/www.monta\u00f1asdelaluna.es\/?author=1\" title=\"Ver todas las publicaciones de Joaquin Terres\" rel=\"author\">Por <span class=\"fn\">Joaquin Terres<\/span><\/a><a href=\"https:\/\/www.monta\u00f1asdelaluna.es\/?m=20220514\" title=\"6:26 pm\" class=\"data-link\" rel=\"bookmark\"><time class=\"entry-date updated\" datetime=\"2022-05-14T18:26:26+00:00\">14 mayo, 2022<\/time><\/a><a href=\"https:\/\/www.monta\u00f1asdelaluna.es\/?p=52039#respond\" class=\"comment-link\" >Deja un comentario<\/a><\/div><p>[vc_row][vc_column][vc_column_text]Pensando en otra esforzada actividad de entrenamiento para mi infructuosa finalmente expedici\u00f3n a Per\u00fa, pens\u00e9 en otro recorrido por el Montseny, intentando salvar grandes desniveles pero sin que sea el ya conocido Viladrau-Matagalls, mejor otro nuevo con mas distancia y dificultad. Entonces me fij\u00e9 en la cima m\u00e1s alta del macizo, el Tur\u00f3 de l\u2019Home,&hellip;<\/p>\n\n<a href=\"https:\/\/www.monta\u00f1asdelaluna.es\/?p=52039\" class=\"details more-link\" aria-label=\"Read more about Tur\u00f3 de l&#8217;Home desde Montseny pasando por Santa Fe\" rel=\"nofollow\">Detalles<\/a>\n\n\t\t<\/div>\n\n\t<\/article>\n\n<\/div>\n<div class=\"wf-cell iso-item category-133 category-132 category-131\" data-post-id=\"51752\" data-date=\"2022-04-24T06:25:36+00:00\" data-name=\"Traves\u00eda por el Montseny: La Calma, Matagalls y Santa Fe\">\n\t<article class=\"post post-51752 type-post status-publish format-standard has-post-thumbnail hentry category-la-calma category-matagalls category-turo-de-lhome category-133 category-132 category-131 description-off\">\n\n\t\t\n\t\t\t<div class=\"blog-media wf-td\">\n\n\t\t\t\t<p><a href=\"https:\/\/www.monta\u00f1asdelaluna.es\/?p=51752\" class=\"alignnone rollover layzr-bg\" ><img loading=\"lazy\" decoding=\"async\" class=\"preload-me iso-lazy-load\" src=\"data:image\/svg+xml,%3Csvg%20xmlns%3D&#39;http%3A%2F%2Fwww.w3.org%2F2000%2Fsvg&#39;%20viewBox%3D&#39;0%200%20555%20371&#39;%2F%3E\" data-src=\"https:\/\/www.monta\u00f1asdelaluna.es\/wp-content\/uploads\/2022\/07\/P4240780-555x371.jpg\" data-srcset=\"https:\/\/www.monta\u00f1asdelaluna.es\/wp-content\/uploads\/2022\/07\/P4240780-555x371.jpg 555w, https:\/\/www.monta\u00f1asdelaluna.es\/wp-content\/uploads\/2022\/07\/P4240780-1110x742.jpg 1110w\" alt=\"\" title=\"P4240780\" width=\"555\" height=\"371\"  \/><\/a><\/p>\n\t\t\t<\/div>\n\n\t\t\n\t\t<div class=\"blog-content wf-td\">\n\t\t\t<h3 class=\"entry-title\"><a href=\"https:\/\/www.monta\u00f1asdelaluna.es\/?p=51752\" title=\"Traves\u00eda por el Montseny: La Calma, Matagalls y Santa Fe\" rel=\"bookmark\">Traves\u00eda por el Montseny: La Calma, Matagalls y Santa Fe<\/a><\/h3>\n\n\t\t\t<div class=\"entry-meta\"><span class=\"category-link\"><a href=\"https:\/\/www.monta\u00f1asdelaluna.es\/?cat=133\" rel=\"category\">La Calma<\/a>, <a href=\"https:\/\/www.monta\u00f1asdelaluna.es\/?cat=132\" rel=\"category\">Matagalls<\/a>, <a href=\"https:\/\/www.monta\u00f1asdelaluna.es\/?cat=131\" rel=\"category\">Tur\u00f3 de l'Home<\/a><\/span><a class=\"author vcard\" href=\"https:\/\/www.monta\u00f1asdelaluna.es\/?author=1\" title=\"Ver todas las publicaciones de Joaquin Terres\" rel=\"author\">Por <span class=\"fn\">Joaquin Terres<\/span><\/a><a href=\"https:\/\/www.monta\u00f1asdelaluna.es\/?m=20220424\" title=\"6:25 am\" class=\"data-link\" rel=\"bookmark\"><time class=\"entry-date updated\" datetime=\"2022-04-24T06:25:36+00:00\">24 abril, 2022<\/time><\/a><a href=\"https:\/\/www.monta\u00f1asdelaluna.es\/?p=51752#respond\" class=\"comment-link\" >Deja un comentario<\/a><\/div><p>[vc_row][vc_column][vc_column_text]Ya iba siendo hora de ir ideando, planeando, una traves\u00eda por el extraordinario macizo del Montseny. Ya hab\u00eda pensado en hacer alguna traves\u00eda con recorridos por los bosques y cimas alrededor del Matagalls, Les Agudes, Santa Fe\u2026 pero pasando alguna noche, con el mochil\u00f3n, en vivac, para disfrutar de la noche y de los peque\u00f1os&hellip;<\/p>\n\n<a href=\"https:\/\/www.monta\u00f1asdelaluna.es\/?p=51752\" class=\"details more-link\" aria-label=\"Read more about Traves\u00eda por el Montseny: La Calma, Matagalls y Santa Fe\" rel=\"nofollow\">Detalles<\/a>\n\n\t\t<\/div>\n\n\t<\/article>\n\n<\/div>\n<div class=\"wf-cell iso-item category-126\" data-post-id=\"51700\" data-date=\"2022-04-09T16:06:48+00:00\" data-name=\"El Marbor\u00e9 y los 3 Picos de La Cascada\">\n\t<article class=\"post post-51700 type-post status-publish format-standard has-post-thumbnail hentry category-valle-del-cinca category-126 description-off\">\n\n\t\t\n\t\t\t<div class=\"blog-media wf-td\">\n\n\t\t\t\t<p><a href=\"https:\/\/www.monta\u00f1asdelaluna.es\/?p=51700\" class=\"alignnone rollover layzr-bg\" ><img loading=\"lazy\" decoding=\"async\" class=\"preload-me iso-lazy-load\" src=\"data:image\/svg+xml,%3Csvg%20xmlns%3D&#39;http%3A%2F%2Fwww.w3.org%2F2000%2Fsvg&#39;%20viewBox%3D&#39;0%200%20555%20371&#39;%2F%3E\" data-src=\"https:\/\/www.monta\u00f1asdelaluna.es\/wp-content\/uploads\/2022\/07\/P4100701-555x371.jpg\" data-srcset=\"https:\/\/www.monta\u00f1asdelaluna.es\/wp-content\/uploads\/2022\/07\/P4100701-555x371.jpg 555w, https:\/\/www.monta\u00f1asdelaluna.es\/wp-content\/uploads\/2022\/07\/P4100701-1110x742.jpg 1110w\" alt=\"\" title=\"P4100701\" width=\"555\" height=\"371\"  \/><\/a><\/p>\n\t\t\t<\/div>\n\n\t\t\n\t\t<div class=\"blog-content wf-td\">\n\t\t\t<h3 class=\"entry-title\"><a href=\"https:\/\/www.monta\u00f1asdelaluna.es\/?p=51700\" title=\"El Marbor\u00e9 y los 3 Picos de La Cascada\" rel=\"bookmark\">El Marbor\u00e9 y los 3 Picos de La Cascada<\/a><\/h3>\n\n\t\t\t<div class=\"entry-meta\"><span class=\"category-link\"><a href=\"https:\/\/www.monta\u00f1asdelaluna.es\/?cat=126\" rel=\"category\">Valle del Cinca<\/a><\/span><a class=\"author vcard\" href=\"https:\/\/www.monta\u00f1asdelaluna.es\/?author=1\" title=\"Ver todas las publicaciones de Joaquin Terres\" rel=\"author\">Por <span class=\"fn\">Joaquin Terres<\/span><\/a><a href=\"https:\/\/www.monta\u00f1asdelaluna.es\/?m=20220409\" title=\"4:06 pm\" class=\"data-link\" rel=\"bookmark\"><time class=\"entry-date updated\" datetime=\"2022-04-09T16:06:48+00:00\">9 abril, 2022<\/time><\/a><a href=\"https:\/\/www.monta\u00f1asdelaluna.es\/?p=51700#respond\" class=\"comment-link\" >Deja un comentario<\/a><\/div><p>[vc_row][vc_column][vc_column_text]Como otros inviernos Vicente Molina me pidi\u00f3 organizar alguna actividad invernal por el Pirineo. Ya era abril y marzo hab\u00eda sido bastante lluvioso, con mal tiempo, despu\u00e9s de casi 3 meses de secano invernal, con lo que la nieve en altura era abundante pero no excesiva. Deb\u00eda de idear una ruta para subir a un&hellip;<\/p>\n\n<a href=\"https:\/\/www.monta\u00f1asdelaluna.es\/?p=51700\" class=\"details more-link\" aria-label=\"Read more about El Marbor\u00e9 y los 3 Picos de La Cascada\" rel=\"nofollow\">Detalles<\/a>\n\n\t\t<\/div>\n\n\t<\/article>\n\n<\/div>\n<div class=\"wf-cell iso-item category-128\" data-post-id=\"51664\" data-date=\"2022-02-26T06:22:17+00:00\" data-name=\"Tuc de Motoliu\">\n\t<article class=\"post post-51664 type-post status-publish format-standard has-post-thumbnail hentry category-alto-pirineo-catalan category-128 description-off\">\n\n\t\t\n\t\t\t<div class=\"blog-media wf-td\">\n\n\t\t\t\t<p><a href=\"https:\/\/www.monta\u00f1asdelaluna.es\/?p=51664\" class=\"alignnone rollover layzr-bg\" ><img loading=\"lazy\" decoding=\"async\" class=\"preload-me iso-lazy-load\" src=\"data:image\/svg+xml,%3Csvg%20xmlns%3D&#39;http%3A%2F%2Fwww.w3.org%2F2000%2Fsvg&#39;%20viewBox%3D&#39;0%200%20555%20371&#39;%2F%3E\" data-src=\"https:\/\/www.monta\u00f1asdelaluna.es\/wp-content\/uploads\/2022\/02\/00000610-555x371.jpg\" data-srcset=\"https:\/\/www.monta\u00f1asdelaluna.es\/wp-content\/uploads\/2022\/02\/00000610-555x371.jpg 555w, https:\/\/www.monta\u00f1asdelaluna.es\/wp-content\/uploads\/2022\/02\/00000610-1110x742.jpg 1110w\" alt=\"\" title=\"00000610\" width=\"555\" height=\"371\"  \/><\/a><\/p>\n\t\t\t<\/div>\n\n\t\t\n\t\t<div class=\"blog-content wf-td\">\n\t\t\t<h3 class=\"entry-title\"><a href=\"https:\/\/www.monta\u00f1asdelaluna.es\/?p=51664\" title=\"Tuc de Motoliu\" rel=\"bookmark\">Tuc de Motoliu<\/a><\/h3>\n\n\t\t\t<div class=\"entry-meta\"><span class=\"category-link\"><a href=\"https:\/\/www.monta\u00f1asdelaluna.es\/?cat=128\" rel=\"category\">Alto Pirineo Catal\u00e1n<\/a><\/span><a class=\"author vcard\" href=\"https:\/\/www.monta\u00f1asdelaluna.es\/?author=1\" title=\"Ver todas las publicaciones de Joaquin Terres\" rel=\"author\">Por <span class=\"fn\">Joaquin Terres<\/span><\/a><a href=\"https:\/\/www.monta\u00f1asdelaluna.es\/?m=20220226\" title=\"6:22 am\" class=\"data-link\" rel=\"bookmark\"><time class=\"entry-date updated\" datetime=\"2022-02-26T06:22:17+00:00\">26 febrero, 2022<\/time><\/a><a href=\"https:\/\/www.monta\u00f1asdelaluna.es\/?p=51664#respond\" class=\"comment-link\" >Deja un comentario<\/a><\/div><p>[vc_row][vc_column][vc_column_text]De repente Paco y Josep Gallem\u00ed sugirieron hacer una traves\u00eda invernal por el alto Valle de Ar\u00e1n para ascender a una de sus monta\u00f1as m\u00e1s altas y \u201ccodiciadas\u201d que hace frontera con Francia: el Tuc de Maub\u00e8rme. Pero esta traves\u00eda invernal ya la hab\u00eda ideado que no realizado, yo, a\u00f1os atr\u00e1s, pero planeada para 3&hellip;<\/p>\n\n<a href=\"https:\/\/www.monta\u00f1asdelaluna.es\/?p=51664\" class=\"details more-link\" aria-label=\"Read more about Tuc de Motoliu\" rel=\"nofollow\">Detalles<\/a>\n\n\t\t<\/div>\n\n\t<\/article>\n\n<\/div>\n<div class=\"wf-cell iso-item category-91\" data-post-id=\"51620\" data-date=\"2022-01-28T14:06:56+00:00\" data-name=\"Pic de La Tribuna, 2.499 mts.\">\n\t<article class=\"post post-51620 type-post status-publish format-standard has-post-thumbnail hentry category-pirineo-frances-y-andorra category-91 description-off\">\n\n\t\t\n\t\t\t<div class=\"blog-media wf-td\">\n\n\t\t\t\t<p><a href=\"https:\/\/www.monta\u00f1asdelaluna.es\/?p=51620\" class=\"alignnone rollover layzr-bg\" ><img loading=\"lazy\" decoding=\"async\" class=\"preload-me iso-lazy-load\" src=\"data:image\/svg+xml,%3Csvg%20xmlns%3D&#39;http%3A%2F%2Fwww.w3.org%2F2000%2Fsvg&#39;%20viewBox%3D&#39;0%200%20555%20371&#39;%2F%3E\" data-src=\"https:\/\/www.monta\u00f1asdelaluna.es\/wp-content\/uploads\/2022\/05\/00000520-555x371.jpg\" data-srcset=\"https:\/\/www.monta\u00f1asdelaluna.es\/wp-content\/uploads\/2022\/05\/00000520-555x371.jpg 555w, https:\/\/www.monta\u00f1asdelaluna.es\/wp-content\/uploads\/2022\/05\/00000520-1110x742.jpg 1110w\" alt=\"\" title=\"00000520\" width=\"555\" height=\"371\"  \/><\/a><\/p>\n\t\t\t<\/div>\n\n\t\t\n\t\t<div class=\"blog-content wf-td\">\n\t\t\t<h3 class=\"entry-title\"><a href=\"https:\/\/www.monta\u00f1asdelaluna.es\/?p=51620\" title=\"Pic de La Tribuna, 2.499 mts.\" rel=\"bookmark\">Pic de La Tribuna, 2.499 mts.<\/a><\/h3>\n\n\t\t\t<div class=\"entry-meta\"><span class=\"category-link\"><a href=\"https:\/\/www.monta\u00f1asdelaluna.es\/?cat=91\" rel=\"category\">Pirineo franc\u00e9s y Andorra<\/a><\/span><a class=\"author vcard\" href=\"https:\/\/www.monta\u00f1asdelaluna.es\/?author=1\" title=\"Ver todas las publicaciones de Joaquin Terres\" rel=\"author\">Por <span class=\"fn\">Joaquin Terres<\/span><\/a><a href=\"https:\/\/www.monta\u00f1asdelaluna.es\/?m=20220128\" title=\"2:06 pm\" class=\"data-link\" rel=\"bookmark\"><time class=\"entry-date updated\" datetime=\"2022-01-28T14:06:56+00:00\">28 enero, 2022<\/time><\/a><a href=\"https:\/\/www.monta\u00f1asdelaluna.es\/?p=51620#respond\" class=\"comment-link\" >Deja un comentario<\/a><\/div><p>[vc_row][vc_column][vc_column_text]Esta vez Pau escog\u00eda la actividad y monta\u00f1a a visitar, a ascender. Mientras \u00edbamos y volv\u00edamos del Pic de Rulhe me hab\u00eda mencionado en varias ocasiones el nombre del Roc Blanc; adem\u00e1s de que casi lo vemos desde el recorrido en coche, all\u00e1 al fondo, emergiendo de un extenso y verde manto boscoso, en los&hellip;<\/p>\n\n<a href=\"https:\/\/www.monta\u00f1asdelaluna.es\/?p=51620\" class=\"details more-link\" aria-label=\"Read more about Pic de La Tribuna, 2.499 mts.\" rel=\"nofollow\">Detalles<\/a>\n\n\t\t<\/div>\n\n\t<\/article>\n\n<\/div>\n<div class=\"wf-cell iso-item category-129\" data-post-id=\"51427\" data-date=\"2021-12-18T20:00:19+00:00\" data-name=\"Corredor Oriental del Pic de l&#039;Infern\">\n\t<article class=\"post post-51427 type-post status-publish format-standard has-post-thumbnail hentry category-pirineo-oriental category-129 description-off\">\n\n\t\t\n\t\t\t<div class=\"blog-media wf-td\">\n\n\t\t\t\t<p><a href=\"https:\/\/www.monta\u00f1asdelaluna.es\/?p=51427\" class=\"alignnone rollover layzr-bg\" ><img loading=\"lazy\" decoding=\"async\" class=\"preload-me iso-lazy-load\" src=\"data:image\/svg+xml,%3Csvg%20xmlns%3D&#39;http%3A%2F%2Fwww.w3.org%2F2000%2Fsvg&#39;%20viewBox%3D&#39;0%200%20555%20371&#39;%2F%3E\" data-src=\"https:\/\/www.monta\u00f1asdelaluna.es\/wp-content\/uploads\/2021\/12\/00000410-555x371.jpg\" data-srcset=\"https:\/\/www.monta\u00f1asdelaluna.es\/wp-content\/uploads\/2021\/12\/00000410-555x371.jpg 555w, https:\/\/www.monta\u00f1asdelaluna.es\/wp-content\/uploads\/2021\/12\/00000410-1110x742.jpg 1110w\" alt=\"\" title=\"00000410\" width=\"555\" height=\"371\"  \/><\/a><\/p>\n\t\t\t<\/div>\n\n\t\t\n\t\t<div class=\"blog-content wf-td\">\n\t\t\t<h3 class=\"entry-title\"><a href=\"https:\/\/www.monta\u00f1asdelaluna.es\/?p=51427\" title=\"Corredor Oriental del Pic de l&#8217;Infern\" rel=\"bookmark\">Corredor Oriental del Pic de l&#8217;Infern<\/a><\/h3>\n\n\t\t\t<div class=\"entry-meta\"><span class=\"category-link\"><a href=\"https:\/\/www.monta\u00f1asdelaluna.es\/?cat=129\" rel=\"category\">Pirineo Oriental<\/a><\/span><a class=\"author vcard\" href=\"https:\/\/www.monta\u00f1asdelaluna.es\/?author=1\" title=\"Ver todas las publicaciones de Joaquin Terres\" rel=\"author\">Por <span class=\"fn\">Joaquin Terres<\/span><\/a><a href=\"https:\/\/www.monta\u00f1asdelaluna.es\/?m=20211218\" title=\"8:00 pm\" class=\"data-link\" rel=\"bookmark\"><time class=\"entry-date updated\" datetime=\"2021-12-18T20:00:19+00:00\">18 diciembre, 2021<\/time><\/a><a href=\"https:\/\/www.monta\u00f1asdelaluna.es\/?p=51427#respond\" class=\"comment-link\" >Deja un comentario<\/a><\/div><p>[vc_row][vc_column][vc_column_text]Las primeras veces o la primera vez que descubr\u00ed esta monta\u00f1a, no s\u00e9 si por su nombre o por su perfil, forma, semblante, ubicaci\u00f3n\u2026 me hipnotizo de alguna manera que me interes\u00e9 m\u00e1s por subirla, recorrerla o admirarla que cualquier otro pico o monta\u00f1a de la zona de Ulldeter: el Pic de l\u2019Infern. Aunque no&hellip;<\/p>\n\n<a href=\"https:\/\/www.monta\u00f1asdelaluna.es\/?p=51427\" class=\"details more-link\" aria-label=\"Read more about Corredor Oriental del Pic de l&#8217;Infern\" rel=\"nofollow\">Detalles<\/a>\n\n\t\t<\/div>\n\n\t<\/article>\n\n<\/div>\n<div class=\"wf-cell iso-item category-91\" data-post-id=\"51332\" data-date=\"2021-11-20T16:38:39+00:00\" data-name=\"Pica del Carlit (2.921 mts.) desde La Bullosa con vivac invernal\">\n\t<article class=\"post post-51332 type-post status-publish format-standard has-post-thumbnail hentry category-pirineo-frances-y-andorra category-91 description-off\">\n\n\t\t\n\t\t\t<div class=\"blog-media wf-td\">\n\n\t\t\t\t<p><a href=\"https:\/\/www.monta\u00f1asdelaluna.es\/?p=51332\" class=\"alignnone rollover layzr-bg\" ><img loading=\"lazy\" decoding=\"async\" class=\"preload-me iso-lazy-load\" src=\"data:image\/svg+xml,%3Csvg%20xmlns%3D&#39;http%3A%2F%2Fwww.w3.org%2F2000%2Fsvg&#39;%20viewBox%3D&#39;0%200%20555%20371&#39;%2F%3E\" data-src=\"https:\/\/www.monta\u00f1asdelaluna.es\/wp-content\/uploads\/2021\/11\/00000188-555x371.jpg\" data-srcset=\"https:\/\/www.monta\u00f1asdelaluna.es\/wp-content\/uploads\/2021\/11\/00000188-555x371.jpg 555w, https:\/\/www.monta\u00f1asdelaluna.es\/wp-content\/uploads\/2021\/11\/00000188-1110x742.jpg 1110w\" alt=\"\" title=\"00000188\" width=\"555\" height=\"371\"  \/><\/a><\/p>\n\t\t\t<\/div>\n\n\t\t\n\t\t<div class=\"blog-content wf-td\">\n\t\t\t<h3 class=\"entry-title\"><a href=\"https:\/\/www.monta\u00f1asdelaluna.es\/?p=51332\" title=\"Pica del Carlit (2.921 mts.) desde La Bullosa con vivac invernal\" rel=\"bookmark\">Pica del Carlit (2.921 mts.) desde La Bullosa con vivac invernal<\/a><\/h3>\n\n\t\t\t<div class=\"entry-meta\"><span class=\"category-link\"><a href=\"https:\/\/www.monta\u00f1asdelaluna.es\/?cat=91\" rel=\"category\">Pirineo franc\u00e9s y Andorra<\/a><\/span><a class=\"author vcard\" href=\"https:\/\/www.monta\u00f1asdelaluna.es\/?author=1\" title=\"Ver todas las publicaciones de Joaquin Terres\" rel=\"author\">Por <span class=\"fn\">Joaquin Terres<\/span><\/a><a href=\"https:\/\/www.monta\u00f1asdelaluna.es\/?m=20211120\" title=\"4:38 pm\" class=\"data-link\" rel=\"bookmark\"><time class=\"entry-date updated\" datetime=\"2021-11-20T16:38:39+00:00\">20 noviembre, 2021<\/time><\/a><a href=\"https:\/\/www.monta\u00f1asdelaluna.es\/?p=51332#respond\" class=\"comment-link\" >Deja un comentario<\/a><\/div><p>[vc_row][vc_column][vc_column_text]Nos reunimos los viejos compa\u00f1eros de actividades y alta monta\u00f1a que hace m\u00e1s de 2 o 3 a\u00f1os, entre pandemias y otros l\u00edos, no nos hemos visto o coincidido en una buena actividad de alta monta\u00f1a. Esta vez Toni quiere organizar una actividad de alta monta\u00f1a en el Pirineo con un vivac en la cima&hellip;<\/p>\n\n<a href=\"https:\/\/www.monta\u00f1asdelaluna.es\/?p=51332\" class=\"details more-link\" aria-label=\"Read more about Pica del Carlit (2.921 mts.) desde La Bullosa con vivac invernal\" rel=\"nofollow\">Detalles<\/a>\n\n\t\t<\/div>\n\n\t<\/article>\n\n<\/div>\n<div class=\"wf-cell iso-item category-120\" data-post-id=\"51569\" data-date=\"2021-11-18T07:24:17+00:00\" data-name=\"Sierra de Cabrera y Puig Sabastida\">\n\t<article class=\"post post-51569 type-post status-publish format-standard has-post-thumbnail hentry category-collsacabra-i-guilleries category-120 description-off\">\n\n\t\t\n\t\t\t<div class=\"blog-media wf-td\">\n\n\t\t\t\t<p><a href=\"https:\/\/www.monta\u00f1asdelaluna.es\/?p=51569\" class=\"alignnone rollover layzr-bg\" ><img loading=\"lazy\" decoding=\"async\" class=\"preload-me iso-lazy-load\" src=\"data:image\/svg+xml,%3Csvg%20xmlns%3D&#39;http%3A%2F%2Fwww.w3.org%2F2000%2Fsvg&#39;%20viewBox%3D&#39;0%200%20555%20371&#39;%2F%3E\" data-src=\"https:\/\/www.monta\u00f1asdelaluna.es\/wp-content\/uploads\/2022\/11\/PB140156-555x371.jpg\" data-srcset=\"https:\/\/www.monta\u00f1asdelaluna.es\/wp-content\/uploads\/2022\/11\/PB140156-555x371.jpg 555w, https:\/\/www.monta\u00f1asdelaluna.es\/wp-content\/uploads\/2022\/11\/PB140156-1110x742.jpg 1110w\" alt=\"\" title=\"PB140156\" width=\"555\" height=\"371\"  \/><\/a><\/p>\n\t\t\t<\/div>\n\n\t\t\n\t\t<div class=\"blog-content wf-td\">\n\t\t\t<h3 class=\"entry-title\"><a href=\"https:\/\/www.monta\u00f1asdelaluna.es\/?p=51569\" title=\"Sierra de Cabrera y Puig Sabastida\" rel=\"bookmark\">Sierra de Cabrera y Puig Sabastida<\/a><\/h3>\n\n\t\t\t<div class=\"entry-meta\"><span class=\"category-link\"><a href=\"https:\/\/www.monta\u00f1asdelaluna.es\/?cat=120\" rel=\"category\">Collsacabra i Guilleries<\/a><\/span><a class=\"author vcard\" href=\"https:\/\/www.monta\u00f1asdelaluna.es\/?author=1\" title=\"Ver todas las publicaciones de Joaquin Terres\" rel=\"author\">Por <span class=\"fn\">Joaquin Terres<\/span><\/a><a href=\"https:\/\/www.monta\u00f1asdelaluna.es\/?m=20211118\" title=\"7:24 am\" class=\"data-link\" rel=\"bookmark\"><time class=\"entry-date updated\" datetime=\"2021-11-18T07:24:17+00:00\">18 noviembre, 2021<\/time><\/a><a href=\"https:\/\/www.monta\u00f1asdelaluna.es\/?p=51569#respond\" class=\"comment-link\" >Deja un comentario<\/a><\/div><p>[vc_row][vc_column][vc_column_text]Regreso a uno de los lugares y sierras del Collsacabra que me encanta y que no ser\u00e1 la \u00faltima visita o recorrido que haga en ella: la Serra de Cabrera; con el Pla d\u2019Aiats, el Santuario de Cabrera\u2026 sus bosques, sus mesetas, sus cortados\u2026 son excepcionales y preciosos, as\u00ed como sus alrededores, prados, mas\u00edas\u2026 el&hellip;<\/p>\n\n<a href=\"https:\/\/www.monta\u00f1asdelaluna.es\/?p=51569\" class=\"details more-link\" aria-label=\"Read more about Sierra de Cabrera y Puig Sabastida\" rel=\"nofollow\">Detalles<\/a>\n\n\t\t<\/div>\n\n\t<\/article>\n\n<\/div>\n<div class=\"wf-cell iso-item category-91\" data-post-id=\"51295\" data-date=\"2021-10-23T20:23:02+00:00\" data-name=\"Pic de Rulhe (2.791 mts.)\">\n\t<article class=\"post post-51295 type-post status-publish format-standard has-post-thumbnail hentry category-pirineo-frances-y-andorra category-91 description-off\">\n\n\t\t\n\t\t\t<div class=\"blog-media wf-td\">\n\n\t\t\t\t<p><a href=\"https:\/\/www.monta\u00f1asdelaluna.es\/?p=51295\" class=\"alignnone rollover layzr-bg\" ><img loading=\"lazy\" decoding=\"async\" class=\"preload-me iso-lazy-load\" src=\"data:image\/svg+xml,%3Csvg%20xmlns%3D&#39;http%3A%2F%2Fwww.w3.org%2F2000%2Fsvg&#39;%20viewBox%3D&#39;0%200%20555%20370&#39;%2F%3E\" data-src=\"https:\/\/www.monta\u00f1asdelaluna.es\/wp-content\/uploads\/2021\/10\/IMG_4554-555x370.jpg\" data-srcset=\"https:\/\/www.monta\u00f1asdelaluna.es\/wp-content\/uploads\/2021\/10\/IMG_4554-555x370.jpg 555w, https:\/\/www.monta\u00f1asdelaluna.es\/wp-content\/uploads\/2021\/10\/IMG_4554-1110x740.jpg 1110w\" alt=\"\" title=\"IMG_4554\" width=\"555\" height=\"370\"  \/><\/a><\/p>\n\t\t\t<\/div>\n\n\t\t\n\t\t<div class=\"blog-content wf-td\">\n\t\t\t<h3 class=\"entry-title\"><a href=\"https:\/\/www.monta\u00f1asdelaluna.es\/?p=51295\" title=\"Pic de Rulhe (2.791 mts.)\" rel=\"bookmark\">Pic de Rulhe (2.791 mts.)<\/a><\/h3>\n\n\t\t\t<div class=\"entry-meta\"><span class=\"category-link\"><a href=\"https:\/\/www.monta\u00f1asdelaluna.es\/?cat=91\" rel=\"category\">Pirineo franc\u00e9s y Andorra<\/a><\/span><a class=\"author vcard\" href=\"https:\/\/www.monta\u00f1asdelaluna.es\/?author=1\" title=\"Ver todas las publicaciones de Joaquin Terres\" rel=\"author\">Por <span class=\"fn\">Joaquin Terres<\/span><\/a><a href=\"https:\/\/www.monta\u00f1asdelaluna.es\/?m=20211023\" title=\"8:23 pm\" class=\"data-link\" rel=\"bookmark\"><time class=\"entry-date updated\" datetime=\"2021-10-23T20:23:02+00:00\">23 octubre, 2021<\/time><\/a><a href=\"https:\/\/www.monta\u00f1asdelaluna.es\/?p=51295#respond\" class=\"comment-link\" >Deja un comentario<\/a><\/div><p>[vc_row][vc_column][vc_column_text]Esta vez es Pau el que quiere escoger la monta\u00f1a a subir en esta pr\u00f3xima actividad. Conocedor y visitante habitual del Pirineo franc\u00e9s, del Ari\u00e8ge y norte de Andorra, me dice de organizar una ascensi\u00f3n al Pic de Rulhe, monta\u00f1a que queda justo al noreste de Andorra, pero en el Pirineo de Francia, en el&hellip;<\/p>\n\n<a href=\"https:\/\/www.monta\u00f1asdelaluna.es\/?p=51295\" class=\"details more-link\" aria-label=\"Read more about Pic de Rulhe (2.791 mts.)\" rel=\"nofollow\">Detalles<\/a>\n\n\t\t<\/div>\n\n\t<\/article>\n\n<\/div>\n<div class=\"wf-cell iso-item category-101\" data-post-id=\"51529\" data-date=\"2021-09-26T08:20:10+00:00\" data-name=\"El Port\u00edn en Sierra Mariola\">\n\t<article class=\"post post-51529 type-post status-publish format-standard has-post-thumbnail hentry category-sierra-mariola-y-menetjador category-101 description-off\">\n\n\t\t\n\t\t\t<div class=\"blog-media wf-td\">\n\n\t\t\t\t<p><a href=\"https:\/\/www.monta\u00f1asdelaluna.es\/?p=51529\" class=\"alignnone rollover layzr-bg\" ><img loading=\"lazy\" decoding=\"async\" class=\"preload-me iso-lazy-load\" src=\"data:image\/svg+xml,%3Csvg%20xmlns%3D&#39;http%3A%2F%2Fwww.w3.org%2F2000%2Fsvg&#39;%20viewBox%3D&#39;0%200%20555%20312&#39;%2F%3E\" data-src=\"https:\/\/www.monta\u00f1asdelaluna.es\/wp-content\/uploads\/2021\/12\/IMG_4475-555x312.jpg\" data-srcset=\"https:\/\/www.monta\u00f1asdelaluna.es\/wp-content\/uploads\/2021\/12\/IMG_4475-555x312.jpg 555w, https:\/\/www.monta\u00f1asdelaluna.es\/wp-content\/uploads\/2021\/12\/IMG_4475-1110x624.jpg 1110w\" alt=\"\" title=\"IMG_4475\" width=\"555\" height=\"312\"  \/><\/a><\/p>\n\t\t\t<\/div>\n\n\t\t\n\t\t<div class=\"blog-content wf-td\">\n\t\t\t<h3 class=\"entry-title\"><a href=\"https:\/\/www.monta\u00f1asdelaluna.es\/?p=51529\" title=\"El Port\u00edn en Sierra Mariola\" rel=\"bookmark\">El Port\u00edn en Sierra Mariola<\/a><\/h3>\n\n\t\t\t<div class=\"entry-meta\"><span class=\"category-link\"><a href=\"https:\/\/www.monta\u00f1asdelaluna.es\/?cat=101\" rel=\"category\">Sierra Mariola y Menetjador<\/a><\/span><a class=\"author vcard\" href=\"https:\/\/www.monta\u00f1asdelaluna.es\/?author=1\" title=\"Ver todas las publicaciones de Joaquin Terres\" rel=\"author\">Por <span class=\"fn\">Joaquin Terres<\/span><\/a><a href=\"https:\/\/www.monta\u00f1asdelaluna.es\/?m=20210926\" title=\"8:20 am\" class=\"data-link\" rel=\"bookmark\"><time class=\"entry-date updated\" datetime=\"2021-09-26T08:20:10+00:00\">26 septiembre, 2021<\/time><\/a><a href=\"https:\/\/www.monta\u00f1asdelaluna.es\/?p=51529#respond\" class=\"comment-link\" >Deja un comentario<\/a><\/div><p>[vc_row][vc_column][vc_column_text]Este finales de septiembre hago un viaje a Almorad\u00ed, a Alicante, aprovechando un baj\u00f3n en los niveles de contagio de la pandemia y as\u00ed poder ver a mis padres, familia. Hace mucho que no veo a Quique Segura, Infi, ni a Jes\u00fas Santana, Eva, y sus ni\u00f1os; con lo que aprovecho para intentar quedar con&hellip;<\/p>\n\n<a href=\"https:\/\/www.monta\u00f1asdelaluna.es\/?p=51529\" class=\"details more-link\" aria-label=\"Read more about El Port\u00edn en Sierra Mariola\" rel=\"nofollow\">Detalles<\/a>\n\n\t\t<\/div>\n\n\t<\/article>\n\n<\/div>\n<div class=\"wf-cell iso-item category-125\" data-post-id=\"51235\" data-date=\"2021-08-28T13:28:30+00:00\" data-name=\"Pico de Bardamina (3.079 mts.) entre crestas\">\n\t<article class=\"post post-51235 type-post status-publish format-standard has-post-thumbnail hentry category-valle-del-esera category-125 description-off\">\n\n\t\t\n\t\t\t<div class=\"blog-media wf-td\">\n\n\t\t\t\t<p><a href=\"https:\/\/www.monta\u00f1asdelaluna.es\/?p=51235\" class=\"alignnone rollover layzr-bg\" ><img loading=\"lazy\" decoding=\"async\" class=\"preload-me iso-lazy-load\" src=\"data:image\/svg+xml,%3Csvg%20xmlns%3D&#39;http%3A%2F%2Fwww.w3.org%2F2000%2Fsvg&#39;%20viewBox%3D&#39;0%200%20555%20370&#39;%2F%3E\" data-src=\"https:\/\/www.monta\u00f1asdelaluna.es\/wp-content\/uploads\/2021\/08\/IMG_4375-555x370.jpg\" data-srcset=\"https:\/\/www.monta\u00f1asdelaluna.es\/wp-content\/uploads\/2021\/08\/IMG_4375-555x370.jpg 555w, https:\/\/www.monta\u00f1asdelaluna.es\/wp-content\/uploads\/2021\/08\/IMG_4375-1110x740.jpg 1110w\" alt=\"\" title=\"IMG_4375\" width=\"555\" height=\"370\"  \/><\/a><\/p>\n\t\t\t<\/div>\n\n\t\t\n\t\t<div class=\"blog-content wf-td\">\n\t\t\t<h3 class=\"entry-title\"><a href=\"https:\/\/www.monta\u00f1asdelaluna.es\/?p=51235\" title=\"Pico de Bardamina (3.079 mts.) entre crestas\" rel=\"bookmark\">Pico de Bardamina (3.079 mts.) entre crestas<\/a><\/h3>\n\n\t\t\t<div class=\"entry-meta\"><span class=\"category-link\"><a href=\"https:\/\/www.monta\u00f1asdelaluna.es\/?cat=125\" rel=\"category\">Valle del \u00c9sera<\/a><\/span><a class=\"author vcard\" href=\"https:\/\/www.monta\u00f1asdelaluna.es\/?author=1\" title=\"Ver todas las publicaciones de Joaquin Terres\" rel=\"author\">Por <span class=\"fn\">Joaquin Terres<\/span><\/a><a href=\"https:\/\/www.monta\u00f1asdelaluna.es\/?m=20210828\" title=\"1:28 pm\" class=\"data-link\" rel=\"bookmark\"><time class=\"entry-date updated\" datetime=\"2021-08-28T13:28:30+00:00\">28 agosto, 2021<\/time><\/a><a href=\"https:\/\/www.monta\u00f1asdelaluna.es\/?p=51235#respond\" class=\"comment-link\" >Deja un comentario<\/a><\/div><p>[vc_row css=\u00bb.vc_custom_1625563174872{margin-top: 0px !important;padding-top: 0px !important;}\u00bb][vc_column][vc_column_text]Eva Zurera me comenta de salir un fin de semana de agosto hacia el Pirineo para hacer alguna cresta. Despu\u00e9s de la fenomenal actividad de este pasado julio con el Anillo de Picos, Eva espera al \u00faltimo de fin de semana de agosto para quedar y hacer una buena actividad&hellip;<\/p>\n\n<a href=\"https:\/\/www.monta\u00f1asdelaluna.es\/?p=51235\" class=\"details more-link\" aria-label=\"Read more about Pico de Bardamina (3.079 mts.) entre crestas\" rel=\"nofollow\">Detalles<\/a>\n\n\t\t<\/div>\n\n\t<\/article>\n\n<\/div>\n<div class=\"wf-cell iso-item category-181\" data-post-id=\"50840\" data-date=\"2021-07-24T08:09:26+00:00\" data-name=\"24 de julio de 2.021, s\u00e1bado. Refugio Collado Jermoso (2.046 mts.) \u2013 Soto de Sajambre (930 mts.).\">\n\t<article class=\"post post-50840 type-post status-publish format-standard has-post-thumbnail hentry category-anillo-de-picos category-181 description-off\">\n\n\t\t\n\t\t\t<div class=\"blog-media wf-td\">\n\n\t\t\t\t<p><a href=\"https:\/\/www.monta\u00f1asdelaluna.es\/?p=50840\" class=\"alignnone rollover layzr-bg\" ><img loading=\"lazy\" decoding=\"async\" class=\"preload-me iso-lazy-load\" src=\"data:image\/svg+xml,%3Csvg%20xmlns%3D&#39;http%3A%2F%2Fwww.w3.org%2F2000%2Fsvg&#39;%20viewBox%3D&#39;0%200%20555%20312&#39;%2F%3E\" data-src=\"https:\/\/www.monta\u00f1asdelaluna.es\/wp-content\/uploads\/2021\/10\/IMG_4084A-555x312.jpg\" data-srcset=\"https:\/\/www.monta\u00f1asdelaluna.es\/wp-content\/uploads\/2021\/10\/IMG_4084A-555x312.jpg 555w, https:\/\/www.monta\u00f1asdelaluna.es\/wp-content\/uploads\/2021\/10\/IMG_4084A-1110x624.jpg 1110w\" alt=\"\" title=\"IMG_4084A\" width=\"555\" height=\"312\"  \/><\/a><\/p>\n\t\t\t<\/div>\n\n\t\t\n\t\t<div class=\"blog-content wf-td\">\n\t\t\t<h3 class=\"entry-title\"><a href=\"https:\/\/www.monta\u00f1asdelaluna.es\/?p=50840\" title=\"24 de julio de 2.021, s\u00e1bado. Refugio Collado Jermoso (2.046 mts.) \u2013 Soto de Sajambre (930 mts.).\" rel=\"bookmark\">24 de julio de 2.021, s\u00e1bado. Refugio Collado Jermoso (2.046 mts.) \u2013 Soto de Sajambre (930 mts.).<\/a><\/h3>\n\n\t\t\t<div class=\"entry-meta\"><span class=\"category-link\"><a href=\"https:\/\/www.monta\u00f1asdelaluna.es\/?cat=181\" rel=\"category\">Anillo de Picos<\/a><\/span><a class=\"author vcard\" href=\"https:\/\/www.monta\u00f1asdelaluna.es\/?author=1\" title=\"Ver todas las publicaciones de Joaquin Terres\" rel=\"author\">Por <span class=\"fn\">Joaquin Terres<\/span><\/a><a href=\"https:\/\/www.monta\u00f1asdelaluna.es\/?m=20210724\" title=\"8:09 am\" class=\"data-link\" rel=\"bookmark\"><time class=\"entry-date updated\" datetime=\"2021-07-24T08:09:26+00:00\">24 julio, 2021<\/time><\/a><a href=\"https:\/\/www.monta\u00f1asdelaluna.es\/?p=50840#respond\" class=\"comment-link\" >Deja un comentario<\/a><\/div><p>[vc_row][vc_column][vc_column_text]Nos levantamos y hacemos el ritual de cada d\u00eda; hacer la mochila, desayunar y despedirnos. Esta noche he abierto la ventana, el ventanuco del techo, hacia calor con todo cerrado. Pero el Luis la ha cerrado despu\u00e9s cuando el frio se colaba por fin del exterior. La pareja de guiris sigue en sus literas y&hellip;<\/p>\n\n<a href=\"https:\/\/www.monta\u00f1asdelaluna.es\/?p=50840\" class=\"details more-link\" aria-label=\"Read more about 24 de julio de 2.021, s\u00e1bado. Refugio Collado Jermoso (2.046 mts.) \u2013 Soto de Sajambre (930 mts.).\" rel=\"nofollow\">Detalles<\/a>\n\n\t\t<\/div>\n\n\t<\/article>\n\n<\/div>\n<div class=\"wf-cell iso-item category-181\" data-post-id=\"50785\" data-date=\"2021-07-23T17:57:45+00:00\" data-name=\"23 de julio de 2.021, viernes. Refugio Vega de Urriellu (1.960 mts.) \u2013 Refugio Collado Jermoso (2.046 mts.)\">\n\t<article class=\"post post-50785 type-post status-publish format-standard has-post-thumbnail hentry category-anillo-de-picos category-181 description-off\">\n\n\t\t\n\t\t\t<div class=\"blog-media wf-td\">\n\n\t\t\t\t<p><a href=\"https:\/\/www.monta\u00f1asdelaluna.es\/?p=50785\" class=\"alignnone rollover layzr-bg\" ><img loading=\"lazy\" decoding=\"async\" class=\"preload-me iso-lazy-load\" src=\"data:image\/svg+xml,%3Csvg%20xmlns%3D&#39;http%3A%2F%2Fwww.w3.org%2F2000%2Fsvg&#39;%20viewBox%3D&#39;0%200%20555%20312&#39;%2F%3E\" data-src=\"https:\/\/www.monta\u00f1asdelaluna.es\/wp-content\/uploads\/2021\/10\/IMG_4032-555x312.jpg\" data-srcset=\"https:\/\/www.monta\u00f1asdelaluna.es\/wp-content\/uploads\/2021\/10\/IMG_4032-555x312.jpg 555w, https:\/\/www.monta\u00f1asdelaluna.es\/wp-content\/uploads\/2021\/10\/IMG_4032-1110x624.jpg 1110w\" alt=\"\" title=\"IMG_4032\" width=\"555\" height=\"312\"  \/><\/a><\/p>\n\t\t\t<\/div>\n\n\t\t\n\t\t<div class=\"blog-content wf-td\">\n\t\t\t<h3 class=\"entry-title\"><a href=\"https:\/\/www.monta\u00f1asdelaluna.es\/?p=50785\" title=\"23 de julio de 2.021, viernes. Refugio Vega de Urriellu (1.960 mts.) \u2013 Refugio Collado Jermoso (2.046 mts.)\" rel=\"bookmark\">23 de julio de 2.021, viernes. Refugio Vega de Urriellu (1.960 mts.) \u2013 Refugio Collado Jermoso (2.046 mts.)<\/a><\/h3>\n\n\t\t\t<div class=\"entry-meta\"><span class=\"category-link\"><a href=\"https:\/\/www.monta\u00f1asdelaluna.es\/?cat=181\" rel=\"category\">Anillo de Picos<\/a><\/span><a class=\"author vcard\" href=\"https:\/\/www.monta\u00f1asdelaluna.es\/?author=1\" title=\"Ver todas las publicaciones de Joaquin Terres\" rel=\"author\">Por <span class=\"fn\">Joaquin Terres<\/span><\/a><a href=\"https:\/\/www.monta\u00f1asdelaluna.es\/?m=20210723\" title=\"5:57 pm\" class=\"data-link\" rel=\"bookmark\"><time class=\"entry-date updated\" datetime=\"2021-07-23T17:57:45+00:00\">23 julio, 2021<\/time><\/a><a href=\"https:\/\/www.monta\u00f1asdelaluna.es\/?p=50785#respond\" class=\"comment-link\" >Deja un comentario<\/a><\/div><p>[vc_row][vc_column][vc_column_text]Como siempre nos despertamos entre las 07:00 hrs. para desayunar en el amplio comedor del refugio y salir alrededor de las 08:00 hrs. Todo bien y correcto. Hoy no har\u00e1 tanto calor y se espera un peque\u00f1o cambio de tiempo para la tarde, con lo que mejor llegar pronto a Collado Jermoso. Aunque si ese&hellip;<\/p>\n\n<a href=\"https:\/\/www.monta\u00f1asdelaluna.es\/?p=50785\" class=\"details more-link\" aria-label=\"Read more about 23 de julio de 2.021, viernes. Refugio Vega de Urriellu (1.960 mts.) \u2013 Refugio Collado Jermoso (2.046 mts.)\" rel=\"nofollow\">Detalles<\/a>\n\n\t\t<\/div>\n\n\t<\/article>\n\n<\/div>\n<div class=\"wf-cell iso-item category-181\" data-post-id=\"50737\" data-date=\"2021-07-22T16:08:30+00:00\" data-name=\"22 de julio de 2.021, jueves. Refugio Jou de Los Cabrones (2.024 mts.) \u2013 TorreCerredo (2.649 mts.) \u2013 Refugio Vega de Urriellu (1.960 mts.)\">\n\t<article class=\"post post-50737 type-post status-publish format-standard has-post-thumbnail hentry category-anillo-de-picos category-181 description-off\">\n\n\t\t\n\t\t\t<div class=\"blog-media wf-td\">\n\n\t\t\t\t<p><a href=\"https:\/\/www.monta\u00f1asdelaluna.es\/?p=50737\" class=\"alignnone rollover layzr-bg\" ><img loading=\"lazy\" decoding=\"async\" class=\"preload-me iso-lazy-load\" src=\"data:image\/svg+xml,%3Csvg%20xmlns%3D&#39;http%3A%2F%2Fwww.w3.org%2F2000%2Fsvg&#39;%20viewBox%3D&#39;0%200%20555%20370&#39;%2F%3E\" data-src=\"https:\/\/www.monta\u00f1asdelaluna.es\/wp-content\/uploads\/2021\/10\/IMG_3680-555x370.jpg\" data-srcset=\"https:\/\/www.monta\u00f1asdelaluna.es\/wp-content\/uploads\/2021\/10\/IMG_3680-555x370.jpg 555w, https:\/\/www.monta\u00f1asdelaluna.es\/wp-content\/uploads\/2021\/10\/IMG_3680-1110x740.jpg 1110w\" alt=\"\" title=\"IMG_3680\" width=\"555\" height=\"370\"  \/><\/a><\/p>\n\t\t\t<\/div>\n\n\t\t\n\t\t<div class=\"blog-content wf-td\">\n\t\t\t<h3 class=\"entry-title\"><a href=\"https:\/\/www.monta\u00f1asdelaluna.es\/?p=50737\" title=\"22 de julio de 2.021, jueves. Refugio Jou de Los Cabrones (2.024 mts.) \u2013 TorreCerredo (2.649 mts.) \u2013 Refugio Vega de Urriellu (1.960 mts.)\" rel=\"bookmark\">22 de julio de 2.021, jueves. Refugio Jou de Los Cabrones (2.024 mts.) \u2013 TorreCerredo (2.649 mts.) \u2013 Refugio Vega de Urriellu (1.960 mts.)<\/a><\/h3>\n\n\t\t\t<div class=\"entry-meta\"><span class=\"category-link\"><a href=\"https:\/\/www.monta\u00f1asdelaluna.es\/?cat=181\" rel=\"category\">Anillo de Picos<\/a><\/span><a class=\"author vcard\" href=\"https:\/\/www.monta\u00f1asdelaluna.es\/?author=1\" title=\"Ver todas las publicaciones de Joaquin Terres\" rel=\"author\">Por <span class=\"fn\">Joaquin Terres<\/span><\/a><a href=\"https:\/\/www.monta\u00f1asdelaluna.es\/?m=20210722\" title=\"4:08 pm\" class=\"data-link\" rel=\"bookmark\"><time class=\"entry-date updated\" datetime=\"2021-07-22T16:08:30+00:00\">22 julio, 2021<\/time><\/a><a href=\"https:\/\/www.monta\u00f1asdelaluna.es\/?p=50737#respond\" class=\"comment-link\" >Deja un comentario<\/a><\/div><p>[vc_row][vc_column][vc_column_text]Nos levantamos a las 07:00 horas, nos preparamos las mochilas, desayunamos a las 07:30 horas para salir 10 minutos antes de las 08:00 horas. He descansado y ya estoy en forma para llevar al grupo por esta nueva etapa hasta la cima de mi anhelado TorreCerredo. Es un pico que me ha llamado mucho la&hellip;<\/p>\n\n<a href=\"https:\/\/www.monta\u00f1asdelaluna.es\/?p=50737\" class=\"details more-link\" aria-label=\"Read more about 22 de julio de 2.021, jueves. Refugio Jou de Los Cabrones (2.024 mts.) \u2013 TorreCerredo (2.649 mts.) \u2013 Refugio Vega de Urriellu (1.960 mts.)\" rel=\"nofollow\">Detalles<\/a>\n\n\t\t<\/div>\n\n\t<\/article>\n\n<\/div>\n<div class=\"wf-cell iso-item category-181\" data-post-id=\"50715\" data-date=\"2021-07-21T10:06:13+00:00\" data-name=\"21 de julio de 2.021, mi\u00e9rcoles. Bulnes (649 mts.) \u2013 Refugio Jou de Los Cabrones (2.024 mts.)\">\n\t<article class=\"post post-50715 type-post status-publish format-standard has-post-thumbnail hentry category-anillo-de-picos category-181 description-off\">\n\n\t\t\n\t\t\t<div class=\"blog-media wf-td\">\n\n\t\t\t\t<p><a href=\"https:\/\/www.monta\u00f1asdelaluna.es\/?p=50715\" class=\"alignnone rollover layzr-bg\" ><img loading=\"lazy\" decoding=\"async\" class=\"preload-me iso-lazy-load\" src=\"data:image\/svg+xml,%3Csvg%20xmlns%3D&#39;http%3A%2F%2Fwww.w3.org%2F2000%2Fsvg&#39;%20viewBox%3D&#39;0%200%20555%20370&#39;%2F%3E\" data-src=\"https:\/\/www.monta\u00f1asdelaluna.es\/wp-content\/uploads\/2021\/10\/IMG_3545-555x370.jpg\" data-srcset=\"https:\/\/www.monta\u00f1asdelaluna.es\/wp-content\/uploads\/2021\/10\/IMG_3545-555x370.jpg 555w, https:\/\/www.monta\u00f1asdelaluna.es\/wp-content\/uploads\/2021\/10\/IMG_3545-1110x740.jpg 1110w\" alt=\"\" title=\"IMG_3545\" width=\"555\" height=\"370\"  \/><\/a><\/p>\n\t\t\t<\/div>\n\n\t\t\n\t\t<div class=\"blog-content wf-td\">\n\t\t\t<h3 class=\"entry-title\"><a href=\"https:\/\/www.monta\u00f1asdelaluna.es\/?p=50715\" title=\"21 de julio de 2.021, mi\u00e9rcoles. Bulnes (649 mts.) \u2013 Refugio Jou de Los Cabrones (2.024 mts.)\" rel=\"bookmark\">21 de julio de 2.021, mi\u00e9rcoles. Bulnes (649 mts.) \u2013 Refugio Jou de Los Cabrones (2.024 mts.)<\/a><\/h3>\n\n\t\t\t<div class=\"entry-meta\"><span class=\"category-link\"><a href=\"https:\/\/www.monta\u00f1asdelaluna.es\/?cat=181\" rel=\"category\">Anillo de Picos<\/a><\/span><a class=\"author vcard\" href=\"https:\/\/www.monta\u00f1asdelaluna.es\/?author=1\" title=\"Ver todas las publicaciones de Joaquin Terres\" rel=\"author\">Por <span class=\"fn\">Joaquin Terres<\/span><\/a><a href=\"https:\/\/www.monta\u00f1asdelaluna.es\/?m=20210721\" title=\"10:06 am\" class=\"data-link\" rel=\"bookmark\"><time class=\"entry-date updated\" datetime=\"2021-07-21T10:06:13+00:00\">21 julio, 2021<\/time><\/a><a href=\"https:\/\/www.monta\u00f1asdelaluna.es\/?p=50715#respond\" class=\"comment-link\" >Deja un comentario<\/a><\/div><p>[vc_row][vc_column][vc_column_text]Hemos dormido muy bien. Hac\u00eda falta una buena ducha y descanso, despu\u00e9s de lo mal y fatal que lo pas\u00e9 ayer en la subida. Mucho calor, mucho sol, a punto de cogerme una lipotimia. La etapa de hoy tambi\u00e9n tiene un buen desnivel, de casi 1.400 mts., pero tenemos todo el d\u00eda para llegar. Esta&hellip;<\/p>\n\n<a href=\"https:\/\/www.monta\u00f1asdelaluna.es\/?p=50715\" class=\"details more-link\" aria-label=\"Read more about 21 de julio de 2.021, mi\u00e9rcoles. Bulnes (649 mts.) \u2013 Refugio Jou de Los Cabrones (2.024 mts.)\" rel=\"nofollow\">Detalles<\/a>\n\n\t\t<\/div>\n\n\t<\/article>\n\n<\/div>\n<div class=\"wf-cell iso-item category-181\" data-post-id=\"50672\" data-date=\"2021-07-20T07:11:56+00:00\" data-name=\"20 de julio de 2.021, martes. Refugio Vega de Ario (1.630 mts.) \u2013 Bulnes (649 mts.)\">\n\t<article class=\"post post-50672 type-post status-publish format-standard has-post-thumbnail hentry category-anillo-de-picos category-181 description-off\">\n\n\t\t\n\t\t\t<div class=\"blog-media wf-td\">\n\n\t\t\t\t<p><a href=\"https:\/\/www.monta\u00f1asdelaluna.es\/?p=50672\" class=\"alignnone rollover layzr-bg\" ><img loading=\"lazy\" decoding=\"async\" class=\"preload-me iso-lazy-load\" src=\"data:image\/svg+xml,%3Csvg%20xmlns%3D&#39;http%3A%2F%2Fwww.w3.org%2F2000%2Fsvg&#39;%20viewBox%3D&#39;0%200%20555%20269&#39;%2F%3E\" data-src=\"https:\/\/www.monta\u00f1asdelaluna.es\/wp-content\/uploads\/2021\/09\/IMG_3065portada4-555x269.jpg\" data-srcset=\"https:\/\/www.monta\u00f1asdelaluna.es\/wp-content\/uploads\/2021\/09\/IMG_3065portada4-555x269.jpg 555w, https:\/\/www.monta\u00f1asdelaluna.es\/wp-content\/uploads\/2021\/09\/IMG_3065portada4-1110x538.jpg 1110w\" alt=\"\" title=\"IMG_3065portada4\" width=\"555\" height=\"269\"  \/><\/a><\/p>\n\t\t\t<\/div>\n\n\t\t\n\t\t<div class=\"blog-content wf-td\">\n\t\t\t<h3 class=\"entry-title\"><a href=\"https:\/\/www.monta\u00f1asdelaluna.es\/?p=50672\" title=\"20 de julio de 2.021, martes. Refugio Vega de Ario (1.630 mts.) \u2013 Bulnes (649 mts.)\" rel=\"bookmark\">20 de julio de 2.021, martes. Refugio Vega de Ario (1.630 mts.) \u2013 Bulnes (649 mts.)<\/a><\/h3>\n\n\t\t\t<div class=\"entry-meta\"><span class=\"category-link\"><a href=\"https:\/\/www.monta\u00f1asdelaluna.es\/?cat=181\" rel=\"category\">Anillo de Picos<\/a><\/span><a class=\"author vcard\" href=\"https:\/\/www.monta\u00f1asdelaluna.es\/?author=1\" title=\"Ver todas las publicaciones de Joaquin Terres\" rel=\"author\">Por <span class=\"fn\">Joaquin Terres<\/span><\/a><a href=\"https:\/\/www.monta\u00f1asdelaluna.es\/?m=20210720\" title=\"7:11 am\" class=\"data-link\" rel=\"bookmark\"><time class=\"entry-date updated\" datetime=\"2021-07-20T07:11:56+00:00\">20 julio, 2021<\/time><\/a><a href=\"https:\/\/www.monta\u00f1asdelaluna.es\/?p=50672#respond\" class=\"comment-link\" >Deja un comentario<\/a><\/div><p>[vc_row][vc_column][vc_column_text]Desayunamos casi solos en el comedor del refugio. Seg\u00fan la hora del desayuno nos levantamos antes o despu\u00e9s para hacer la mochila antes o despu\u00e9s del desayuno, y salir de las 8 a 8:30 de la ma\u00f1ana \u201c\u00bfCu\u00e1ntos quieren bizcocho?\u201d \u201c\u00bfCu\u00e1ntos pan tostado\u201d? Todo a cuentagotas, supongo que por la escasez. Aqu\u00ed meto la pata&hellip;<\/p>\n\n<a href=\"https:\/\/www.monta\u00f1asdelaluna.es\/?p=50672\" class=\"details more-link\" aria-label=\"Read more about 20 de julio de 2.021, martes. Refugio Vega de Ario (1.630 mts.) \u2013 Bulnes (649 mts.)\" rel=\"nofollow\">Detalles<\/a>\n\n\t\t<\/div>\n\n\t<\/article>\n\n<\/div>\n<div class=\"wf-cell iso-item category-181\" data-post-id=\"50633\" data-date=\"2021-07-19T14:15:30+00:00\" data-name=\"19 de julio de 2.021, lunes. Refugio de Vegarredonda (1.410 mts.) - Refugio Vega de Ario (1.630 mts.)\">\n\t<article class=\"post post-50633 type-post status-publish format-standard has-post-thumbnail hentry category-anillo-de-picos category-181 description-off\">\n\n\t\t\n\t\t\t<div class=\"blog-media wf-td\">\n\n\t\t\t\t<p><a href=\"https:\/\/www.monta\u00f1asdelaluna.es\/?p=50633\" class=\"alignnone rollover layzr-bg\" ><img loading=\"lazy\" decoding=\"async\" class=\"preload-me iso-lazy-load\" src=\"data:image\/svg+xml,%3Csvg%20xmlns%3D&#39;http%3A%2F%2Fwww.w3.org%2F2000%2Fsvg&#39;%20viewBox%3D&#39;0%200%20555%20269&#39;%2F%3E\" data-src=\"https:\/\/www.monta\u00f1asdelaluna.es\/wp-content\/uploads\/2021\/09\/IMG_3333A-555x269.jpg\" data-srcset=\"https:\/\/www.monta\u00f1asdelaluna.es\/wp-content\/uploads\/2021\/09\/IMG_3333A-555x269.jpg 555w, https:\/\/www.monta\u00f1asdelaluna.es\/wp-content\/uploads\/2021\/09\/IMG_3333A-1110x538.jpg 1110w\" alt=\"\" title=\"IMG_3333A\" width=\"555\" height=\"269\"  \/><\/a><\/p>\n\t\t\t<\/div>\n\n\t\t\n\t\t<div class=\"blog-content wf-td\">\n\t\t\t<h3 class=\"entry-title\"><a href=\"https:\/\/www.monta\u00f1asdelaluna.es\/?p=50633\" title=\"19 de julio de 2.021, lunes. Refugio de Vegarredonda (1.410 mts.) &#8211; Refugio Vega de Ario (1.630 mts.)\" rel=\"bookmark\">19 de julio de 2.021, lunes. Refugio de Vegarredonda (1.410 mts.) &#8211; Refugio Vega de Ario (1.630 mts.)<\/a><\/h3>\n\n\t\t\t<div class=\"entry-meta\"><span class=\"category-link\"><a href=\"https:\/\/www.monta\u00f1asdelaluna.es\/?cat=181\" rel=\"category\">Anillo de Picos<\/a><\/span><a class=\"author vcard\" href=\"https:\/\/www.monta\u00f1asdelaluna.es\/?author=1\" title=\"Ver todas las publicaciones de Joaquin Terres\" rel=\"author\">Por <span class=\"fn\">Joaquin Terres<\/span><\/a><a href=\"https:\/\/www.monta\u00f1asdelaluna.es\/?m=20210719\" title=\"2:15 pm\" class=\"data-link\" rel=\"bookmark\"><time class=\"entry-date updated\" datetime=\"2021-07-19T14:15:30+00:00\">19 julio, 2021<\/time><\/a><a href=\"https:\/\/www.monta\u00f1asdelaluna.es\/?p=50633#respond\" class=\"comment-link\" >Deja un comentario<\/a><\/div><p>[vc_row][vc_column][vc_column_text]El Refugio de Vegarredonda se encuentra como en los l\u00edmites de la alta monta\u00f1a de Picos, pero sin salir de sus dominios, ya que dicho refugio hacia el norte en direcci\u00f3n a los Lagos de Covadonga el terreno se suaviza, con suaves lomas, prados, valles, y ya en los Lagos de Covadonga hacia el norte&hellip;<\/p>\n\n<a href=\"https:\/\/www.monta\u00f1asdelaluna.es\/?p=50633\" class=\"details more-link\" aria-label=\"Read more about 19 de julio de 2.021, lunes. Refugio de Vegarredonda (1.410 mts.) &#8211; Refugio Vega de Ario (1.630 mts.)\" rel=\"nofollow\">Detalles<\/a>\n\n\t\t<\/div>\n\n\t<\/article>\n\n<\/div>\n<div class=\"wf-cell iso-item category-181\" data-post-id=\"50593\" data-date=\"2021-07-18T14:38:59+00:00\" data-name=\"18 de julio de 2.021, domingo. Refugio de Vegaba\u00f1o (1.320 mts. \u2013 Refugio de Vegarredonda (1.410 mts.)\">\n\t<article class=\"post post-50593 type-post status-publish format-standard has-post-thumbnail hentry category-anillo-de-picos category-181 description-off\">\n\n\t\t\n\t\t\t<div class=\"blog-media wf-td\">\n\n\t\t\t\t<p><a href=\"https:\/\/www.monta\u00f1asdelaluna.es\/?p=50593\" class=\"alignnone rollover layzr-bg\" ><img loading=\"lazy\" decoding=\"async\" class=\"preload-me iso-lazy-load\" src=\"data:image\/svg+xml,%3Csvg%20xmlns%3D&#39;http%3A%2F%2Fwww.w3.org%2F2000%2Fsvg&#39;%20viewBox%3D&#39;0%200%20555%20416&#39;%2F%3E\" data-src=\"https:\/\/www.monta\u00f1asdelaluna.es\/wp-content\/uploads\/2021\/09\/IMG_3199-scaled-555x416.jpg\" data-srcset=\"https:\/\/www.monta\u00f1asdelaluna.es\/wp-content\/uploads\/2021\/09\/IMG_3199-scaled-555x416.jpg 555w, https:\/\/www.monta\u00f1asdelaluna.es\/wp-content\/uploads\/2021\/09\/IMG_3199-scaled-1110x832.jpg 1110w\" alt=\"\" title=\"IMG_3199\" width=\"555\" height=\"416\"  \/><\/a><\/p>\n\t\t\t<\/div>\n\n\t\t\n\t\t<div class=\"blog-content wf-td\">\n\t\t\t<h3 class=\"entry-title\"><a href=\"https:\/\/www.monta\u00f1asdelaluna.es\/?p=50593\" title=\"18 de julio de 2.021, domingo. Refugio de Vegaba\u00f1o (1.320 mts. \u2013 Refugio de Vegarredonda (1.410 mts.)\" rel=\"bookmark\">18 de julio de 2.021, domingo. Refugio de Vegaba\u00f1o (1.320 mts. \u2013 Refugio de Vegarredonda (1.410 mts.)<\/a><\/h3>\n\n\t\t\t<div class=\"entry-meta\"><span class=\"category-link\"><a href=\"https:\/\/www.monta\u00f1asdelaluna.es\/?cat=181\" rel=\"category\">Anillo de Picos<\/a><\/span><a class=\"author vcard\" href=\"https:\/\/www.monta\u00f1asdelaluna.es\/?author=1\" title=\"Ver todas las publicaciones de Joaquin Terres\" rel=\"author\">Por <span class=\"fn\">Joaquin Terres<\/span><\/a><a href=\"https:\/\/www.monta\u00f1asdelaluna.es\/?m=20210718\" title=\"2:38 pm\" class=\"data-link\" rel=\"bookmark\"><time class=\"entry-date updated\" datetime=\"2021-07-18T14:38:59+00:00\">18 julio, 2021<\/time><\/a><a href=\"https:\/\/www.monta\u00f1asdelaluna.es\/?p=50593#respond\" class=\"comment-link\" >Deja un comentario<\/a><\/div><p>[vc_row][vc_column][vc_column_text]Desayuno a las 07:30, salida a las 08:00 y poco. La etapa de hoy dice Vicente que es la m\u00e1s dura del Anillo de Picos. D\u00eda muy bueno, muy soleado. Los hu\u00e9spedes del refugio tambi\u00e9n se levantan temprano, a la misma hora que nosotros. Utilizan el ba\u00f1o e incluso uno de ellos se queda encerrado&hellip;<\/p>\n\n<a href=\"https:\/\/www.monta\u00f1asdelaluna.es\/?p=50593\" class=\"details more-link\" aria-label=\"Read more about 18 de julio de 2.021, domingo. Refugio de Vegaba\u00f1o (1.320 mts. \u2013 Refugio de Vegarredonda (1.410 mts.)\" rel=\"nofollow\">Detalles<\/a>\n\n\t\t<\/div>\n\n\t<\/article>\n\n<\/div>\n<div class=\"wf-cell iso-item category-181\" data-post-id=\"50555\" data-date=\"2021-07-17T16:32:17+00:00\" data-name=\"17 de julio de 2.021, s\u00e1bado. Soto de Sajambre \u2013 Refugio de Vegaba\u00f1o.\">\n\t<article class=\"post post-50555 type-post status-publish format-standard has-post-thumbnail hentry category-anillo-de-picos category-181 description-off\">\n\n\t\t\n\t\t\t<div class=\"blog-media wf-td\">\n\n\t\t\t\t<p><a href=\"https:\/\/www.monta\u00f1asdelaluna.es\/?p=50555\" class=\"alignnone rollover layzr-bg\" ><img loading=\"lazy\" decoding=\"async\" class=\"preload-me iso-lazy-load\" src=\"data:image\/svg+xml,%3Csvg%20xmlns%3D&#39;http%3A%2F%2Fwww.w3.org%2F2000%2Fsvg&#39;%20viewBox%3D&#39;0%200%20555%20370&#39;%2F%3E\" data-src=\"https:\/\/www.monta\u00f1asdelaluna.es\/wp-content\/uploads\/2021\/07\/IMG_3065portada-555x370.jpg\" data-srcset=\"https:\/\/www.monta\u00f1asdelaluna.es\/wp-content\/uploads\/2021\/07\/IMG_3065portada-555x370.jpg 555w, https:\/\/www.monta\u00f1asdelaluna.es\/wp-content\/uploads\/2021\/07\/IMG_3065portada-1110x740.jpg 1110w\" alt=\"\" title=\"IMG_3065portada\" width=\"555\" height=\"370\"  \/><\/a><\/p>\n\t\t\t<\/div>\n\n\t\t\n\t\t<div class=\"blog-content wf-td\">\n\t\t\t<h3 class=\"entry-title\"><a href=\"https:\/\/www.monta\u00f1asdelaluna.es\/?p=50555\" title=\"17 de julio de 2.021, s\u00e1bado. Soto de Sajambre \u2013 Refugio de Vegaba\u00f1o.\" rel=\"bookmark\">17 de julio de 2.021, s\u00e1bado. Soto de Sajambre \u2013 Refugio de Vegaba\u00f1o.<\/a><\/h3>\n\n\t\t\t<div class=\"entry-meta\"><span class=\"category-link\"><a href=\"https:\/\/www.monta\u00f1asdelaluna.es\/?cat=181\" rel=\"category\">Anillo de Picos<\/a><\/span><a class=\"author vcard\" href=\"https:\/\/www.monta\u00f1asdelaluna.es\/?author=1\" title=\"Ver todas las publicaciones de Joaquin Terres\" rel=\"author\">Por <span class=\"fn\">Joaquin Terres<\/span><\/a><a href=\"https:\/\/www.monta\u00f1asdelaluna.es\/?m=20210717\" title=\"4:32 pm\" class=\"data-link\" rel=\"bookmark\"><time class=\"entry-date updated\" datetime=\"2021-07-17T16:32:17+00:00\">17 julio, 2021<\/time><\/a><a href=\"https:\/\/www.monta\u00f1asdelaluna.es\/?p=50555#respond\" class=\"comment-link\" >Deja un comentario<\/a><\/div><p>[vc_row][vc_column][vc_column_text]Lamentablemente no he visitado los Picos de Europa tanto como quisiera, como se merecen, como lo hago con el Pirineo. La distancia desde Alicante y que sus alturas no lleguen a los tres mil metros como en la nombrada cordillera, hacia que no nos propusi\u00e9ramos demasiadas visitas; aun as\u00ed alguna de sus cimas y algunos&hellip;<\/p>\n\n<a href=\"https:\/\/www.monta\u00f1asdelaluna.es\/?p=50555\" class=\"details more-link\" aria-label=\"Read more about 17 de julio de 2.021, s\u00e1bado. Soto de Sajambre \u2013 Refugio de Vegaba\u00f1o.\" rel=\"nofollow\">Detalles<\/a>\n\n\t\t<\/div>\n\n\t<\/article>\n\n<\/div>\n<div class=\"wf-cell iso-item category-127\" data-post-id=\"50907\" data-date=\"2021-06-26T08:50:48+00:00\" data-name=\"Ibones entre Ba\u00f1os de Panticosa y el Puerto de Marcadau\">\n\t<article class=\"post post-50907 type-post status-publish format-standard has-post-thumbnail hentry category-pirineo-central-atlantico category-127 description-off\">\n\n\t\t\n\t\t\t<div class=\"blog-media wf-td\">\n\n\t\t\t\t<p><a href=\"https:\/\/www.monta\u00f1asdelaluna.es\/?p=50907\" class=\"alignnone rollover layzr-bg\" ><img loading=\"lazy\" decoding=\"async\" class=\"preload-me iso-lazy-load\" src=\"data:image\/svg+xml,%3Csvg%20xmlns%3D&#39;http%3A%2F%2Fwww.w3.org%2F2000%2Fsvg&#39;%20viewBox%3D&#39;0%200%20555%20273&#39;%2F%3E\" data-src=\"https:\/\/www.monta\u00f1asdelaluna.es\/wp-content\/uploads\/2021\/11\/IMG_3019Aportada-555x273.jpg\" data-srcset=\"https:\/\/www.monta\u00f1asdelaluna.es\/wp-content\/uploads\/2021\/11\/IMG_3019Aportada-555x273.jpg 555w, https:\/\/www.monta\u00f1asdelaluna.es\/wp-content\/uploads\/2021\/11\/IMG_3019Aportada-1110x546.jpg 1110w\" alt=\"\" title=\"IMG_3019Aportada\" width=\"555\" height=\"273\"  \/><\/a><\/p>\n\t\t\t<\/div>\n\n\t\t\n\t\t<div class=\"blog-content wf-td\">\n\t\t\t<h3 class=\"entry-title\"><a href=\"https:\/\/www.monta\u00f1asdelaluna.es\/?p=50907\" title=\"Ibones entre Ba\u00f1os de Panticosa y el Puerto de Marcadau\" rel=\"bookmark\">Ibones entre Ba\u00f1os de Panticosa y el Puerto de Marcadau<\/a><\/h3>\n\n\t\t\t<div class=\"entry-meta\"><span class=\"category-link\"><a href=\"https:\/\/www.monta\u00f1asdelaluna.es\/?cat=127\" rel=\"category\">Pirineo Central Atl\u00e1ntico<\/a><\/span><a class=\"author vcard\" href=\"https:\/\/www.monta\u00f1asdelaluna.es\/?author=1\" title=\"Ver todas las publicaciones de Joaquin Terres\" rel=\"author\">Por <span class=\"fn\">Joaquin Terres<\/span><\/a><a href=\"https:\/\/www.monta\u00f1asdelaluna.es\/?m=20210626\" title=\"8:50 am\" class=\"data-link\" rel=\"bookmark\"><time class=\"entry-date updated\" datetime=\"2021-06-26T08:50:48+00:00\">26 junio, 2021<\/time><\/a><a href=\"https:\/\/www.monta\u00f1asdelaluna.es\/?p=50907#respond\" class=\"comment-link\" >Deja un comentario<\/a><\/div><p>[vc_row][vc_column][vc_column_text]En un principio la idea era subir al Gran Facha por su vertiente sur de Panticosa. Ten\u00edamos que salir de Panticosa y recorrer todo el valle de los ibones de Bachima\u00f1a para ascender hacia el Puerto de Marcadau. Y justo antes de llegar a dicho puerto girar a la izquierda en un vallecillo donde nos&hellip;<\/p>\n\n<a href=\"https:\/\/www.monta\u00f1asdelaluna.es\/?p=50907\" class=\"details more-link\" aria-label=\"Read more about Ibones entre Ba\u00f1os de Panticosa y el Puerto de Marcadau\" rel=\"nofollow\">Detalles<\/a>\n\n\t\t<\/div>\n\n\t<\/article>\n\n<\/div>\n<div class=\"wf-cell iso-item category-91\" data-post-id=\"50879\" data-date=\"2021-06-06T08:10:22+00:00\" data-name=\"Vall d\u2019Incles y Pic del Siscar\u00f3\">\n\t<article class=\"post post-50879 type-post status-publish format-standard has-post-thumbnail hentry category-pirineo-frances-y-andorra category-91 description-off\">\n\n\t\t\n\t\t\t<div class=\"blog-media wf-td\">\n\n\t\t\t\t<p><a href=\"https:\/\/www.monta\u00f1asdelaluna.es\/?p=50879\" class=\"alignnone rollover layzr-bg\" ><img loading=\"lazy\" decoding=\"async\" class=\"preload-me iso-lazy-load\" src=\"data:image\/svg+xml,%3Csvg%20xmlns%3D&#39;http%3A%2F%2Fwww.w3.org%2F2000%2Fsvg&#39;%20viewBox%3D&#39;0%200%20555%20370&#39;%2F%3E\" data-src=\"https:\/\/www.monta\u00f1asdelaluna.es\/wp-content\/uploads\/2021\/11\/IMG_2929-555x370.jpg\" data-srcset=\"https:\/\/www.monta\u00f1asdelaluna.es\/wp-content\/uploads\/2021\/11\/IMG_2929-555x370.jpg 555w, https:\/\/www.monta\u00f1asdelaluna.es\/wp-content\/uploads\/2021\/11\/IMG_2929-1110x740.jpg 1110w\" alt=\"\" title=\"IMG_2929\" width=\"555\" height=\"370\"  \/><\/a><\/p>\n\t\t\t<\/div>\n\n\t\t\n\t\t<div class=\"blog-content wf-td\">\n\t\t\t<h3 class=\"entry-title\"><a href=\"https:\/\/www.monta\u00f1asdelaluna.es\/?p=50879\" title=\"Vall d\u2019Incles y Pic del Siscar\u00f3\" rel=\"bookmark\">Vall d\u2019Incles y Pic del Siscar\u00f3<\/a><\/h3>\n\n\t\t\t<div class=\"entry-meta\"><span class=\"category-link\"><a href=\"https:\/\/www.monta\u00f1asdelaluna.es\/?cat=91\" rel=\"category\">Pirineo franc\u00e9s y Andorra<\/a><\/span><a class=\"author vcard\" href=\"https:\/\/www.monta\u00f1asdelaluna.es\/?author=1\" title=\"Ver todas las publicaciones de Joaquin Terres\" rel=\"author\">Por <span class=\"fn\">Joaquin Terres<\/span><\/a><a href=\"https:\/\/www.monta\u00f1asdelaluna.es\/?m=20210606\" title=\"8:10 am\" class=\"data-link\" rel=\"bookmark\"><time class=\"entry-date updated\" datetime=\"2021-06-06T08:10:22+00:00\">6 junio, 2021<\/time><\/a><a href=\"https:\/\/www.monta\u00f1asdelaluna.es\/?p=50879#respond\" class=\"comment-link\" >Deja un comentario<\/a><\/div><p>[vc_row][vc_column][vc_column_text]Volvemos a Andorra, de nuevo a la preciosa y fabulosa Vall d\u2019Incles donde ya estuvimos hace unos a\u00f1os en aquel intento de hacer la subida al Pic d\u2019Escobes invernal y que se qued\u00f3 en la subida por una pala, ancho corredor, en las cercan\u00edas o laderas norte del Pic de la Tosa de Juclar. A&hellip;<\/p>\n\n<a href=\"https:\/\/www.monta\u00f1asdelaluna.es\/?p=50879\" class=\"details more-link\" aria-label=\"Read more about Vall d\u2019Incles y Pic del Siscar\u00f3\" rel=\"nofollow\">Detalles<\/a>\n\n\t\t<\/div>\n\n\t<\/article>\n\n<\/div>\n<div class=\"wf-cell iso-item category-45\" data-post-id=\"51392\" data-date=\"2021-02-20T12:24:12+00:00\" data-name=\"La Telefonista y el Pant\u00e0 de La Brinxa\">\n\t<article class=\"post post-51392 type-post status-publish format-standard has-post-thumbnail hentry category-corredor-i-montnegre category-45 description-off\">\n\n\t\t\n\t\t\t<div class=\"blog-media wf-td\">\n\n\t\t\t\t<p><a href=\"https:\/\/www.monta\u00f1asdelaluna.es\/?p=51392\" class=\"alignnone rollover layzr-bg\" ><img loading=\"lazy\" decoding=\"async\" class=\"preload-me iso-lazy-load\" src=\"data:image\/svg+xml,%3Csvg%20xmlns%3D&#39;http%3A%2F%2Fwww.w3.org%2F2000%2Fsvg&#39;%20viewBox%3D&#39;0%200%20555%20370&#39;%2F%3E\" data-src=\"https:\/\/www.monta\u00f1asdelaluna.es\/wp-content\/uploads\/2021\/12\/IMG_2604-555x370.jpg\" data-srcset=\"https:\/\/www.monta\u00f1asdelaluna.es\/wp-content\/uploads\/2021\/12\/IMG_2604-555x370.jpg 555w, https:\/\/www.monta\u00f1asdelaluna.es\/wp-content\/uploads\/2021\/12\/IMG_2604-1110x740.jpg 1110w\" alt=\"\" title=\"IMG_2604\" width=\"555\" height=\"370\"  \/><\/a><\/p>\n\t\t\t<\/div>\n\n\t\t\n\t\t<div class=\"blog-content wf-td\">\n\t\t\t<h3 class=\"entry-title\"><a href=\"https:\/\/www.monta\u00f1asdelaluna.es\/?p=51392\" title=\"La Telefonista y el Pant\u00e0 de La Brinxa\" rel=\"bookmark\">La Telefonista y el Pant\u00e0 de La Brinxa<\/a><\/h3>\n\n\t\t\t<div class=\"entry-meta\"><span class=\"category-link\"><a href=\"https:\/\/www.monta\u00f1asdelaluna.es\/?cat=45\" rel=\"category\">Corredor i Montnegre<\/a><\/span><a class=\"author vcard\" href=\"https:\/\/www.monta\u00f1asdelaluna.es\/?author=1\" title=\"Ver todas las publicaciones de Joaquin Terres\" rel=\"author\">Por <span class=\"fn\">Joaquin Terres<\/span><\/a><a href=\"https:\/\/www.monta\u00f1asdelaluna.es\/?m=20210220\" title=\"12:24 pm\" class=\"data-link\" rel=\"bookmark\"><time class=\"entry-date updated\" datetime=\"2021-02-20T12:24:12+00:00\">20 febrero, 2021<\/time><\/a><a href=\"https:\/\/www.monta\u00f1asdelaluna.es\/?p=51392#respond\" class=\"comment-link\" >Deja un comentario<\/a><\/div><p>[vc_row][vc_column][vc_column_text]Hace una semana hice un recorrido por la cima de El Corredor, y ahora la quer\u00eda hacer, de nuevo en solitario, por la cima del Montnegre, la altura de La Telefonista o Tur\u00f3 Gros. Pero a la vez que quer\u00eda hacer un nuevo recorrido pisando nuevas cimas, meti\u00e9ndome por lugares no pisados y a la&hellip;<\/p>\n\n<a href=\"https:\/\/www.monta\u00f1asdelaluna.es\/?p=51392\" class=\"details more-link\" aria-label=\"Read more about La Telefonista y el Pant\u00e0 de La Brinxa\" rel=\"nofollow\">Detalles<\/a>\n\n\t\t<\/div>\n\n\t<\/article>\n\n<\/div>\n<div class=\"wf-cell iso-item category-45\" data-post-id=\"51369\" data-date=\"2021-02-13T12:35:09+00:00\" data-name=\"Rodeando la Serra d\u2019en Benet, El Corredor y el Dolmen de Ca l&#039;Arenes\">\n\t<article class=\"post post-51369 type-post status-publish format-standard has-post-thumbnail hentry category-corredor-i-montnegre category-45 description-off\">\n\n\t\t\n\t\t\t<div class=\"blog-media wf-td\">\n\n\t\t\t\t<p><a href=\"https:\/\/www.monta\u00f1asdelaluna.es\/?p=51369\" class=\"alignnone rollover layzr-bg\" ><img loading=\"lazy\" decoding=\"async\" class=\"preload-me iso-lazy-load\" src=\"data:image\/svg+xml,%3Csvg%20xmlns%3D&#39;http%3A%2F%2Fwww.w3.org%2F2000%2Fsvg&#39;%20viewBox%3D&#39;0%200%20555%20370&#39;%2F%3E\" data-src=\"https:\/\/www.monta\u00f1asdelaluna.es\/wp-content\/uploads\/2021\/12\/IMG_2513-555x370.jpg\" data-srcset=\"https:\/\/www.monta\u00f1asdelaluna.es\/wp-content\/uploads\/2021\/12\/IMG_2513-555x370.jpg 555w, https:\/\/www.monta\u00f1asdelaluna.es\/wp-content\/uploads\/2021\/12\/IMG_2513-1110x740.jpg 1110w\" alt=\"\" title=\"IMG_2513\" width=\"555\" height=\"370\"  \/><\/a><\/p>\n\t\t\t<\/div>\n\n\t\t\n\t\t<div class=\"blog-content wf-td\">\n\t\t\t<h3 class=\"entry-title\"><a href=\"https:\/\/www.monta\u00f1asdelaluna.es\/?p=51369\" title=\"Rodeando la Serra d\u2019en Benet, El Corredor y el Dolmen de Ca l&#8217;Arenes\" rel=\"bookmark\">Rodeando la Serra d\u2019en Benet, El Corredor y el Dolmen de Ca l&#8217;Arenes<\/a><\/h3>\n\n\t\t\t<div class=\"entry-meta\"><span class=\"category-link\"><a href=\"https:\/\/www.monta\u00f1asdelaluna.es\/?cat=45\" rel=\"category\">Corredor i Montnegre<\/a><\/span><a class=\"author vcard\" href=\"https:\/\/www.monta\u00f1asdelaluna.es\/?author=1\" title=\"Ver todas las publicaciones de Joaquin Terres\" rel=\"author\">Por <span class=\"fn\">Joaquin Terres<\/span><\/a><a href=\"https:\/\/www.monta\u00f1asdelaluna.es\/?m=20210213\" title=\"12:35 pm\" class=\"data-link\" rel=\"bookmark\"><time class=\"entry-date updated\" datetime=\"2021-02-13T12:35:09+00:00\">13 febrero, 2021<\/time><\/a><a href=\"https:\/\/www.monta\u00f1asdelaluna.es\/?p=51369#respond\" class=\"comment-link\" >Deja un comentario<\/a><\/div><p>[vc_row][vc_column][vc_column_text]Despu\u00e9s de mucho tiempo sin salir a las monta\u00f1as por culpa de la pandemia, decido salir este invierno por algunas cercanas a casa como la de El Corredor. Como siempre o muchas veces intentar variar o completar recorridos ya realizados, o unir algunos\u2026 En este caso saliendo de la urbanizaci\u00f3n de Canad\u00e0 Park, como punto&hellip;<\/p>\n\n<a href=\"https:\/\/www.monta\u00f1asdelaluna.es\/?p=51369\" class=\"details more-link\" aria-label=\"Read more about Rodeando la Serra d\u2019en Benet, El Corredor y el Dolmen de Ca l&#8217;Arenes\" rel=\"nofollow\">Detalles<\/a>\n\n\t\t<\/div>\n\n\t<\/article>\n\n<\/div>\n<div class=\"wf-cell iso-item category-125\" data-post-id=\"46111\" data-date=\"2020-09-12T21:39:48+00:00\" data-name=\"Tempestades y la cresta del Margalida\">\n\t<article class=\"post post-46111 type-post status-publish format-standard has-post-thumbnail hentry category-valle-del-esera category-125 description-off\">\n\n\t\t\n\t\t\t<div class=\"blog-media wf-td\">\n\n\t\t\t\t<p><a href=\"https:\/\/www.monta\u00f1asdelaluna.es\/?p=46111\" class=\"alignnone rollover layzr-bg\" ><img loading=\"lazy\" decoding=\"async\" class=\"preload-me iso-lazy-load\" src=\"data:image\/svg+xml,%3Csvg%20xmlns%3D&#39;http%3A%2F%2Fwww.w3.org%2F2000%2Fsvg&#39;%20viewBox%3D&#39;0%200%20555%20370&#39;%2F%3E\" data-src=\"https:\/\/www.monta\u00f1asdelaluna.es\/wp-content\/uploads\/2020\/11\/delante-paco-eva-y-josetxu-bajando-de-la-cresta-con-el-margalida-y-agujas-de-salenques-detras-555x370.jpg\" data-srcset=\"https:\/\/www.monta\u00f1asdelaluna.es\/wp-content\/uploads\/2020\/11\/delante-paco-eva-y-josetxu-bajando-de-la-cresta-con-el-margalida-y-agujas-de-salenques-detras-555x370.jpg 555w, https:\/\/www.monta\u00f1asdelaluna.es\/wp-content\/uploads\/2020\/11\/delante-paco-eva-y-josetxu-bajando-de-la-cresta-con-el-margalida-y-agujas-de-salenques-detras-1110x740.jpg 1110w\" alt=\"\" title=\"Delante Paco, Eva y Josetxu bajando de la cresta, con el Margalida y Agujas de Salenques detr\u00e1s\" width=\"555\" height=\"370\"  \/><\/a><\/p>\n\t\t\t<\/div>\n\n\t\t\n\t\t<div class=\"blog-content wf-td\">\n\t\t\t<h3 class=\"entry-title\"><a href=\"https:\/\/www.monta\u00f1asdelaluna.es\/?p=46111\" title=\"Tempestades y la cresta del Margalida\" rel=\"bookmark\">Tempestades y la cresta del Margalida<\/a><\/h3>\n\n\t\t\t<div class=\"entry-meta\"><span class=\"category-link\"><a href=\"https:\/\/www.monta\u00f1asdelaluna.es\/?cat=125\" rel=\"category\">Valle del \u00c9sera<\/a><\/span><a class=\"author vcard\" href=\"https:\/\/www.monta\u00f1asdelaluna.es\/?author=1\" title=\"Ver todas las publicaciones de Joaquin Terres\" rel=\"author\">Por <span class=\"fn\">Joaquin Terres<\/span><\/a><a href=\"https:\/\/www.monta\u00f1asdelaluna.es\/?m=20200912\" title=\"9:39 pm\" class=\"data-link\" rel=\"bookmark\"><time class=\"entry-date updated\" datetime=\"2020-09-12T21:39:48+00:00\">12 septiembre, 2020<\/time><\/a><a href=\"https:\/\/www.monta\u00f1asdelaluna.es\/?p=46111#respond\" class=\"comment-link\" >Deja un comentario<\/a><\/div><p>[vc_row css=\u00bb.vc_custom_1625563174872{margin-top: 0px !important;padding-top: 0px !important;}\u00bb][vc_column][vc_column_text]Ya hac\u00eda tiempo que con a Eva Zurera y Josetxu quer\u00edamos quedar para hacer el Tempestades y el Margalida, estos dos picos que se encuentran en la enorme cresta de tresmiles que desde el Aneto sigue hacia el este acabando en el pico Russell, en el macizo de los Montes&hellip;<\/p>\n\n<a href=\"https:\/\/www.monta\u00f1asdelaluna.es\/?p=46111\" class=\"details more-link\" aria-label=\"Read more about Tempestades y la cresta del Margalida\" rel=\"nofollow\">Detalles<\/a>\n\n\t\t<\/div>\n\n\t<\/article>\n\n<\/div>\n<div class=\"wf-cell iso-item category-125\" data-post-id=\"45945\" data-date=\"2020-02-22T19:48:57+00:00\" data-name=\"Pico de Vallibierna invernal desde el Valle d&#039;Anglios\">\n\t<article class=\"post post-45945 type-post status-publish format-standard has-post-thumbnail hentry category-valle-del-esera category-125 description-off\">\n\n\t\t\n\t\t\t<div class=\"blog-media wf-td\">\n\n\t\t\t\t<p><a href=\"https:\/\/www.monta\u00f1asdelaluna.es\/?p=45945\" class=\"alignnone rollover layzr-bg\" ><img loading=\"lazy\" decoding=\"async\" class=\"preload-me iso-lazy-load\" src=\"data:image\/svg+xml,%3Csvg%20xmlns%3D&#39;http%3A%2F%2Fwww.w3.org%2F2000%2Fsvg&#39;%20viewBox%3D&#39;0%200%20555%20278&#39;%2F%3E\" data-src=\"https:\/\/www.monta\u00f1asdelaluna.es\/wp-content\/uploads\/2020\/02\/1-1-555x278.jpg\" data-srcset=\"https:\/\/www.monta\u00f1asdelaluna.es\/wp-content\/uploads\/2020\/02\/1-1-555x278.jpg 555w, https:\/\/www.monta\u00f1asdelaluna.es\/wp-content\/uploads\/2020\/02\/1-1-1110x556.jpg 1110w\" alt=\"\" title=\"CREATOR: gd-jpeg v1.0 (using IJG JPEG v62), quality = 82\" width=\"555\" height=\"278\"  \/><\/a><\/p>\n\t\t\t<\/div>\n\n\t\t\n\t\t<div class=\"blog-content wf-td\">\n\t\t\t<h3 class=\"entry-title\"><a href=\"https:\/\/www.monta\u00f1asdelaluna.es\/?p=45945\" title=\"Pico de Vallibierna invernal desde el Valle d&#8217;Anglios\" rel=\"bookmark\">Pico de Vallibierna invernal desde el Valle d&#8217;Anglios<\/a><\/h3>\n\n\t\t\t<div class=\"entry-meta\"><span class=\"category-link\"><a href=\"https:\/\/www.monta\u00f1asdelaluna.es\/?cat=125\" rel=\"category\">Valle del \u00c9sera<\/a><\/span><a class=\"author vcard\" href=\"https:\/\/www.monta\u00f1asdelaluna.es\/?author=1\" title=\"Ver todas las publicaciones de Joaquin Terres\" rel=\"author\">Por <span class=\"fn\">Joaquin Terres<\/span><\/a><a href=\"https:\/\/www.monta\u00f1asdelaluna.es\/?m=20200222\" title=\"7:48 pm\" class=\"data-link\" rel=\"bookmark\"><time class=\"entry-date updated\" datetime=\"2020-02-22T19:48:57+00:00\">22 febrero, 2020<\/time><\/a><a href=\"https:\/\/www.monta\u00f1asdelaluna.es\/?p=45945#respond\" class=\"comment-link\" >Deja un comentario<\/a><\/div><p>[vc_row][vc_column][vc_column_text]Mi amigo Vicente Molina quer\u00eda hacer una escapada este invierno al Pirineo y me pidi\u00f3 que le organizara alguna excursi\u00f3n o actividad invernal de alta monta\u00f1a por nuestra maravillosa cordillera. No vendr\u00eda solo, mi amigo Roberto lo acompa\u00f1ar\u00edan saliendo de Formentera y Almorad\u00ed hasta las inmediaciones de la cordillera. Tendr\u00edan unos cuatro d\u00edas y en&hellip;<\/p>\n\n<a href=\"https:\/\/www.monta\u00f1asdelaluna.es\/?p=45945\" class=\"details more-link\" aria-label=\"Read more about Pico de Vallibierna invernal desde el Valle d&#8217;Anglios\" rel=\"nofollow\">Detalles<\/a>\n\n\t\t<\/div>\n\n\t<\/article>\n\n<\/div>\n<div class=\"wf-cell iso-item category-120\" data-post-id=\"45748\" data-date=\"2020-02-02T18:36:45+00:00\" data-name=\"L&#039;Agullola y los Salts de Rupit\">\n\t<article class=\"post post-45748 type-post status-publish format-standard has-post-thumbnail hentry category-collsacabra-i-guilleries category-120 description-off\">\n\n\t\t\n\t\t\t<div class=\"blog-media wf-td\">\n\n\t\t\t\t<p><a href=\"https:\/\/www.monta\u00f1asdelaluna.es\/?p=45748\" class=\"alignnone rollover layzr-bg\" ><img loading=\"lazy\" decoding=\"async\" class=\"preload-me iso-lazy-load\" src=\"data:image\/svg+xml,%3Csvg%20xmlns%3D&#39;http%3A%2F%2Fwww.w3.org%2F2000%2Fsvg&#39;%20viewBox%3D&#39;0%200%20555%20370&#39;%2F%3E\" data-src=\"https:\/\/www.monta\u00f1asdelaluna.es\/wp-content\/uploads\/2020\/10\/abajo-en-el-centro-queda-l-agullola-con-el-pla-de-fabregues-se-aprecia-el-camino-y-parking-a-la-derecha-al-fondo-derecha-queda-el-montseny-y-a-la-izquierda-sant-miquel-de-solterra-o-de-les-formigue-555x370.jpg\" data-srcset=\"https:\/\/www.monta\u00f1asdelaluna.es\/wp-content\/uploads\/2020\/10\/abajo-en-el-centro-queda-l-agullola-con-el-pla-de-fabregues-se-aprecia-el-camino-y-parking-a-la-derecha-al-fondo-derecha-queda-el-montseny-y-a-la-izquierda-sant-miquel-de-solterra-o-de-les-formigue-555x370.jpg 555w, https:\/\/www.monta\u00f1asdelaluna.es\/wp-content\/uploads\/2020\/10\/abajo-en-el-centro-queda-l-agullola-con-el-pla-de-fabregues-se-aprecia-el-camino-y-parking-a-la-derecha-al-fondo-derecha-queda-el-montseny-y-a-la-izquierda-sant-miquel-de-solterra-o-de-les-formigue-1110x740.jpg 1110w\" alt=\"\" title=\"Abajo en el centro queda L&#8217;Agullola con el Pla de F\u00e0bregues. Se aprecia el camino y parking a la derecha. Al fondo derecha queda el Montseny y a la izquierda Sant Miquel de Solterra o de Les Formigues\" width=\"555\" height=\"370\"  \/><\/a><\/p>\n\t\t\t<\/div>\n\n\t\t\n\t\t<div class=\"blog-content wf-td\">\n\t\t\t<h3 class=\"entry-title\"><a href=\"https:\/\/www.monta\u00f1asdelaluna.es\/?p=45748\" title=\"L&#8217;Agullola y los Salts de Rupit\" rel=\"bookmark\">L&#8217;Agullola y los Salts de Rupit<\/a><\/h3>\n\n\t\t\t<div class=\"entry-meta\"><span class=\"category-link\"><a href=\"https:\/\/www.monta\u00f1asdelaluna.es\/?cat=120\" rel=\"category\">Collsacabra i Guilleries<\/a><\/span><a class=\"author vcard\" href=\"https:\/\/www.monta\u00f1asdelaluna.es\/?author=1\" title=\"Ver todas las publicaciones de Joaquin Terres\" rel=\"author\">Por <span class=\"fn\">Joaquin Terres<\/span><\/a><a href=\"https:\/\/www.monta\u00f1asdelaluna.es\/?m=20200202\" title=\"6:36 pm\" class=\"data-link\" rel=\"bookmark\"><time class=\"entry-date updated\" datetime=\"2020-02-02T18:36:45+00:00\">2 febrero, 2020<\/time><\/a><a href=\"https:\/\/www.monta\u00f1asdelaluna.es\/?p=45748#respond\" class=\"comment-link\" >Deja un comentario<\/a><\/div><p>[vc_row][vc_column][vc_column_text]Ya llevaba muchas visitas a la regi\u00f3n del Collsacabra, Guilleries, y por ello cre\u00e9 una nueva secci\u00f3n en la web con este nombre. Pero no hab\u00eda estado a\u00fan en el coraz\u00f3n de la misma, en la famosa poblaci\u00f3n de Rupit y los cortados, barrancos, rincones, cascadas que la rodean, incluso la visita a la misma&hellip;<\/p>\n\n<a href=\"https:\/\/www.monta\u00f1asdelaluna.es\/?p=45748\" class=\"details more-link\" aria-label=\"Read more about L&#8217;Agullola y los Salts de Rupit\" rel=\"nofollow\">Detalles<\/a>\n\n\t\t<\/div>\n\n\t<\/article>\n\n<\/div>\n<div class=\"wf-cell iso-item category-120\" data-post-id=\"45435\" data-date=\"2019-11-09T15:56:07+00:00\" data-name=\"Puig del Far (832 mts.) y Cingles de Vilanova\">\n\t<article class=\"post post-45435 type-post status-publish format-standard has-post-thumbnail hentry category-collsacabra-i-guilleries category-120 description-off\">\n\n\t\t\n\t\t\t<div class=\"blog-media wf-td\">\n\n\t\t\t\t<p><a href=\"https:\/\/www.monta\u00f1asdelaluna.es\/?p=45435\" class=\"alignnone rollover layzr-bg\" ><img loading=\"lazy\" decoding=\"async\" class=\"preload-me iso-lazy-load\" src=\"data:image\/svg+xml,%3Csvg%20xmlns%3D&#39;http%3A%2F%2Fwww.w3.org%2F2000%2Fsvg&#39;%20viewBox%3D&#39;0%200%20555%20370&#39;%2F%3E\" data-src=\"https:\/\/www.monta\u00f1asdelaluna.es\/wp-content\/uploads\/2020\/10\/el-puig-del-far-a-la-izquierda-y-las-cingles-de-migdia-con-la-roca-falconera-a-la-derecha-desde-vilanova-de-sau-555x370.jpg\" data-srcset=\"https:\/\/www.monta\u00f1asdelaluna.es\/wp-content\/uploads\/2020\/10\/el-puig-del-far-a-la-izquierda-y-las-cingles-de-migdia-con-la-roca-falconera-a-la-derecha-desde-vilanova-de-sau-555x370.jpg 555w, https:\/\/www.monta\u00f1asdelaluna.es\/wp-content\/uploads\/2020\/10\/el-puig-del-far-a-la-izquierda-y-las-cingles-de-migdia-con-la-roca-falconera-a-la-derecha-desde-vilanova-de-sau-1110x740.jpg 1110w\" alt=\"\" title=\"El Puig del Far a la izquierda y las Cingles de Migdia con la Roca Falconera a la derecha desde Vilanova de Sau\" width=\"555\" height=\"370\"  \/><\/a><\/p>\n\t\t\t<\/div>\n\n\t\t\n\t\t<div class=\"blog-content wf-td\">\n\t\t\t<h3 class=\"entry-title\"><a href=\"https:\/\/www.monta\u00f1asdelaluna.es\/?p=45435\" title=\"Puig del Far (832 mts.) y Cingles de Vilanova\" rel=\"bookmark\">Puig del Far (832 mts.) y Cingles de Vilanova<\/a><\/h3>\n\n\t\t\t<div class=\"entry-meta\"><span class=\"category-link\"><a href=\"https:\/\/www.monta\u00f1asdelaluna.es\/?cat=120\" rel=\"category\">Collsacabra i Guilleries<\/a><\/span><a class=\"author vcard\" href=\"https:\/\/www.monta\u00f1asdelaluna.es\/?author=1\" title=\"Ver todas las publicaciones de Joaquin Terres\" rel=\"author\">Por <span class=\"fn\">Joaquin Terres<\/span><\/a><a href=\"https:\/\/www.monta\u00f1asdelaluna.es\/?m=20191109\" title=\"3:56 pm\" class=\"data-link\" rel=\"bookmark\"><time class=\"entry-date updated\" datetime=\"2019-11-09T15:56:07+00:00\">9 noviembre, 2019<\/time><\/a><a href=\"https:\/\/www.monta\u00f1asdelaluna.es\/?p=45435#respond\" class=\"comment-link\" >Deja un comentario<\/a><\/div><p>[vc_row][vc_column][vc_column_text]Siempre me ha obsesionado, desde que veo los anuncios, im\u00e1genes, del Pant\u00e0 de Sau y las formidables paredes de las Cingles de Tavertet, con esos estratos de diferentes colores, el lugar desde donde estar\u00e1n tomadas dichas fotos o pel\u00edculas, para que se vea el embalse y las magn\u00edficas paredes\u2026 como si las viera desde el&hellip;<\/p>\n\n<a href=\"https:\/\/www.monta\u00f1asdelaluna.es\/?p=45435\" class=\"details more-link\" aria-label=\"Read more about Puig del Far (832 mts.) y Cingles de Vilanova\" rel=\"nofollow\">Detalles<\/a>\n\n\t\t<\/div>\n\n\t<\/article>\n\n<\/div>\n<div class=\"wf-cell iso-item category-133\" data-post-id=\"41877\" data-date=\"2019-09-29T19:56:32+00:00\" data-name=\"Sant Elies en el Montseny\">\n\t<article class=\"post post-41877 type-post status-publish format-standard has-post-thumbnail hentry category-la-calma category-133 description-off\">\n\n\t\t\n\t\t\t<div class=\"blog-media wf-td\">\n\n\t\t\t\t<p><a href=\"https:\/\/www.monta\u00f1asdelaluna.es\/?p=41877\" class=\"alignnone rollover layzr-bg\" ><img loading=\"lazy\" decoding=\"async\" class=\"preload-me iso-lazy-load\" src=\"data:image\/svg+xml,%3Csvg%20xmlns%3D&#39;http%3A%2F%2Fwww.w3.org%2F2000%2Fsvg&#39;%20viewBox%3D&#39;0%200%20555%20370&#39;%2F%3E\" data-src=\"https:\/\/www.monta\u00f1asdelaluna.es\/wp-content\/uploads\/2020\/03\/ermita-de-sant-elies-desde-la-subidita-a-la-cima-de-sant-elies-a-la-izquierda-queda-el-turo-de-samon-555x370.jpg\" data-srcset=\"https:\/\/www.monta\u00f1asdelaluna.es\/wp-content\/uploads\/2020\/03\/ermita-de-sant-elies-desde-la-subidita-a-la-cima-de-sant-elies-a-la-izquierda-queda-el-turo-de-samon-555x370.jpg 555w, https:\/\/www.monta\u00f1asdelaluna.es\/wp-content\/uploads\/2020\/03\/ermita-de-sant-elies-desde-la-subidita-a-la-cima-de-sant-elies-a-la-izquierda-queda-el-turo-de-samon-1110x740.jpg 1110w\" alt=\"\" title=\"Ermita de Sant Elies desde la subidita a la cima de Sant Elies, a la izquierda queda el Tur\u00f3 de Samon\" width=\"555\" height=\"370\"  \/><\/a><\/p>\n\t\t\t<\/div>\n\n\t\t\n\t\t<div class=\"blog-content wf-td\">\n\t\t\t<h3 class=\"entry-title\"><a href=\"https:\/\/www.monta\u00f1asdelaluna.es\/?p=41877\" title=\"Sant Elies en el Montseny\" rel=\"bookmark\">Sant Elies en el Montseny<\/a><\/h3>\n\n\t\t\t<div class=\"entry-meta\"><span class=\"category-link\"><a href=\"https:\/\/www.monta\u00f1asdelaluna.es\/?cat=133\" rel=\"category\">La Calma<\/a><\/span><a class=\"author vcard\" href=\"https:\/\/www.monta\u00f1asdelaluna.es\/?author=1\" title=\"Ver todas las publicaciones de Joaquin Terres\" rel=\"author\">Por <span class=\"fn\">Joaquin Terres<\/span><\/a><a href=\"https:\/\/www.monta\u00f1asdelaluna.es\/?m=20190929\" title=\"7:56 pm\" class=\"data-link\" rel=\"bookmark\"><time class=\"entry-date updated\" datetime=\"2019-09-29T19:56:32+00:00\">29 septiembre, 2019<\/time><\/a><a href=\"https:\/\/www.monta\u00f1asdelaluna.es\/?p=41877#respond\" class=\"comment-link\" >Deja un comentario<\/a><\/div><p>[vc_row][vc_column][vc_column_text]Otra visita a la verde y extraordinaria monta\u00f1a del Montseny. Esta vez ser\u00eda visitar la cima o lugar m\u00e1s cercana al lugar donde vivo o a la zona donde vivo y que a\u00fan no hab\u00eda visitado, a pesar de la cercan\u00eda. Es conocida y tradicional la subida o romer\u00eda a Sant Elies en la zona&hellip;<\/p>\n\n<a href=\"https:\/\/www.monta\u00f1asdelaluna.es\/?p=41877\" class=\"details more-link\" aria-label=\"Read more about Sant Elies en el Montseny\" rel=\"nofollow\">Detalles<\/a>\n\n\t\t<\/div>\n\n\t<\/article>\n\n<\/div>\n<div class=\"wf-cell iso-item category-128\" data-post-id=\"41770\" data-date=\"2019-09-07T17:45:18+00:00\" data-name=\"Comaloforno y Cresta al Besiberri Sur\">\n\t<article class=\"post post-41770 type-post status-publish format-standard has-post-thumbnail hentry category-alto-pirineo-catalan category-128 description-off\">\n\n\t\t\n\t\t\t<div class=\"blog-media wf-td\">\n\n\t\t\t\t<p><a href=\"https:\/\/www.monta\u00f1asdelaluna.es\/?p=41770\" class=\"alignnone rollover layzr-bg\" ><img loading=\"lazy\" decoding=\"async\" class=\"preload-me iso-lazy-load\" src=\"data:image\/svg+xml,%3Csvg%20xmlns%3D&#39;http%3A%2F%2Fwww.w3.org%2F2000%2Fsvg&#39;%20viewBox%3D&#39;0%200%20555%20278&#39;%2F%3E\" data-src=\"https:\/\/www.monta\u00f1asdelaluna.es\/wp-content\/uploads\/2020\/02\/la-cresta-de-los-besiberris-desde-el-comaloforno-con-el-besiberri-sur-en-el-centro-el-besiberri-norte-a-la-derecha-y-entre-ellos-el-besiberri-del-mig-555x278.jpg\" data-srcset=\"https:\/\/www.monta\u00f1asdelaluna.es\/wp-content\/uploads\/2020\/02\/la-cresta-de-los-besiberris-desde-el-comaloforno-con-el-besiberri-sur-en-el-centro-el-besiberri-norte-a-la-derecha-y-entre-ellos-el-besiberri-del-mig-555x278.jpg 555w, https:\/\/www.monta\u00f1asdelaluna.es\/wp-content\/uploads\/2020\/02\/la-cresta-de-los-besiberris-desde-el-comaloforno-con-el-besiberri-sur-en-el-centro-el-besiberri-norte-a-la-derecha-y-entre-ellos-el-besiberri-del-mig-1110x556.jpg 1110w\" alt=\"\" title=\"La cresta de los Besiberris desde el Comaloforno, con el Besiberri Sur en el centro, el Besiberri Norte a la derecha, y entre ellos el Besiberri del Mig\" width=\"555\" height=\"278\"  \/><\/a><\/p>\n\t\t\t<\/div>\n\n\t\t\n\t\t<div class=\"blog-content wf-td\">\n\t\t\t<h3 class=\"entry-title\"><a href=\"https:\/\/www.monta\u00f1asdelaluna.es\/?p=41770\" title=\"Comaloforno y Cresta al Besiberri Sur\" rel=\"bookmark\">Comaloforno y Cresta al Besiberri Sur<\/a><\/h3>\n\n\t\t\t<div class=\"entry-meta\"><span class=\"category-link\"><a href=\"https:\/\/www.monta\u00f1asdelaluna.es\/?cat=128\" rel=\"category\">Alto Pirineo Catal\u00e1n<\/a><\/span><a class=\"author vcard\" href=\"https:\/\/www.monta\u00f1asdelaluna.es\/?author=1\" title=\"Ver todas las publicaciones de Joaquin Terres\" rel=\"author\">Por <span class=\"fn\">Joaquin Terres<\/span><\/a><a href=\"https:\/\/www.monta\u00f1asdelaluna.es\/?m=20190907\" title=\"5:45 pm\" class=\"data-link\" rel=\"bookmark\"><time class=\"entry-date updated\" datetime=\"2019-09-07T17:45:18+00:00\">7 septiembre, 2019<\/time><\/a><a href=\"https:\/\/www.monta\u00f1asdelaluna.es\/?p=41770#respond\" class=\"comment-link\" >Deja un comentario<\/a><\/div><p>[vc_row][vc_column][vc_column_text]El Comaloforno es el pico m\u00e1s alto del macizo o cresta de los Besiberris, que en antiguos mapas nos da una altura de 3.033 mts., y en nuevos mapas y medidas, lo degradan a 3.029 mts. Con esa misma vara de medir, descatalogaron al Besiberri del Mig de ser un tres mil a tener 2.998&hellip;<\/p>\n\n<a href=\"https:\/\/www.monta\u00f1asdelaluna.es\/?p=41770\" class=\"details more-link\" aria-label=\"Read more about Comaloforno y Cresta al Besiberri Sur\" rel=\"nofollow\">Detalles<\/a>\n\n\t\t<\/div>\n\n\t<\/article>\n\n<\/div>\n<div class=\"wf-cell iso-item category-184\" data-post-id=\"40612\" data-date=\"2019-07-12T19:50:47+00:00\" data-name=\"12 de julio de 2.019, viernes. Bajada a Zermatt y resto del viaje.\">\n\t<article class=\"post post-40612 type-post status-publish format-standard has-post-thumbnail hentry category-bishorn-y-monte-rosa-2 category-184 description-off\">\n\n\t\t\n\t\t\t<div class=\"blog-media wf-td\">\n\n\t\t\t\t<p><a href=\"https:\/\/www.monta\u00f1asdelaluna.es\/?p=40612\" class=\"alignnone rollover layzr-bg\" ><img loading=\"lazy\" decoding=\"async\" class=\"preload-me iso-lazy-load\" src=\"data:image\/svg+xml,%3Csvg%20xmlns%3D&#39;http%3A%2F%2Fwww.w3.org%2F2000%2Fsvg&#39;%20viewBox%3D&#39;0%200%20555%20370&#39;%2F%3E\" data-src=\"https:\/\/www.monta\u00f1asdelaluna.es\/wp-content\/uploads\/2019\/11\/saliendo-del-refugio-de-monte-rosa-de-izquierda-a-derecha-joaquin-terres-david-isa-leti-tere-nuria-luis-segura-joaquin-murcia-luis-guerrero-roberto-y-vicente-555x370.jpg\" data-srcset=\"https:\/\/www.monta\u00f1asdelaluna.es\/wp-content\/uploads\/2019\/11\/saliendo-del-refugio-de-monte-rosa-de-izquierda-a-derecha-joaquin-terres-david-isa-leti-tere-nuria-luis-segura-joaquin-murcia-luis-guerrero-roberto-y-vicente-555x370.jpg 555w, https:\/\/www.monta\u00f1asdelaluna.es\/wp-content\/uploads\/2019\/11\/saliendo-del-refugio-de-monte-rosa-de-izquierda-a-derecha-joaquin-terres-david-isa-leti-tere-nuria-luis-segura-joaquin-murcia-luis-guerrero-roberto-y-vicente-1110x740.jpg 1110w\" alt=\"\" title=\"Saliendo del Refugio de Monte Rosa, de izquierda a derecha: Joaqu\u00edn Terr\u00e9s, David, Isa, Leti, Tere, Nuria, Luis Segura, Joaqu\u00edn Murcia, Luis Guerrero, Roberto y Vicente\" width=\"555\" height=\"370\"  \/><\/a><\/p>\n\t\t\t<\/div>\n\n\t\t\n\t\t<div class=\"blog-content wf-td\">\n\t\t\t<h3 class=\"entry-title\"><a href=\"https:\/\/www.monta\u00f1asdelaluna.es\/?p=40612\" title=\"12 de julio de 2.019, viernes. Bajada a Zermatt y resto del viaje.\" rel=\"bookmark\">12 de julio de 2.019, viernes. Bajada a Zermatt y resto del viaje.<\/a><\/h3>\n\n\t\t\t<div class=\"entry-meta\"><span class=\"category-link\"><a href=\"https:\/\/www.monta\u00f1asdelaluna.es\/?cat=184\" rel=\"category\">Bishorn y Monte Rosa 2<\/a><\/span><a class=\"author vcard\" href=\"https:\/\/www.monta\u00f1asdelaluna.es\/?author=1\" title=\"Ver todas las publicaciones de Joaquin Terres\" rel=\"author\">Por <span class=\"fn\">Joaquin Terres<\/span><\/a><a href=\"https:\/\/www.monta\u00f1asdelaluna.es\/?m=20190712\" title=\"7:50 pm\" class=\"data-link\" rel=\"bookmark\"><time class=\"entry-date updated\" datetime=\"2019-07-12T19:50:47+00:00\">12 julio, 2019<\/time><\/a><a href=\"https:\/\/www.monta\u00f1asdelaluna.es\/?p=40612#respond\" class=\"comment-link\" >Deja un comentario<\/a><\/div><p>[vc_row][vc_column][vc_column_text]Este d\u00eda ya no hay prisa. Nos levantamos sin madrugar. Ya esta todo, casi todo hecho en este viaje, solo queda volver a Zermatt cruzando una parte desconocida para todos, por el que no pas\u00e9 yo la \u00faltima vez hace 14 a\u00f1os, y es el paso por el Glaciar Gorner m\u00e1s arriba que por donde&hellip;<\/p>\n\n<a href=\"https:\/\/www.monta\u00f1asdelaluna.es\/?p=40612\" class=\"details more-link\" aria-label=\"Read more about 12 de julio de 2.019, viernes. Bajada a Zermatt y resto del viaje.\" rel=\"nofollow\">Detalles<\/a>\n\n\t\t<\/div>\n\n\t<\/article>\n\n<\/div>\n<div class=\"wf-cell iso-item category-184\" data-post-id=\"40601\" data-date=\"2019-07-11T19:17:53+00:00\" data-name=\"11 de julio de 2.019, jueves. Cresta de la Dufourspitze (4.499 mts.).\">\n\t<article class=\"post post-40601 type-post status-publish format-standard has-post-thumbnail hentry category-bishorn-y-monte-rosa-2 category-184 description-off\">\n\n\t\t\n\t\t\t<div class=\"blog-media wf-td\">\n\n\t\t\t\t<p><a href=\"https:\/\/www.monta\u00f1asdelaluna.es\/?p=40601\" class=\"alignnone rollover layzr-bg\" ><img loading=\"lazy\" decoding=\"async\" class=\"preload-me iso-lazy-load\" src=\"data:image\/svg+xml,%3Csvg%20xmlns%3D&#39;http%3A%2F%2Fwww.w3.org%2F2000%2Fsvg&#39;%20viewBox%3D&#39;0%200%20555%20312&#39;%2F%3E\" data-src=\"https:\/\/www.monta\u00f1asdelaluna.es\/wp-content\/uploads\/2019\/11\/subiendo-por-el-glaciar-del-monte-rosa-mas-arriba-de-la-mitad-del-recorrido-glaciar-555x312.jpg\" data-srcset=\"https:\/\/www.monta\u00f1asdelaluna.es\/wp-content\/uploads\/2019\/11\/subiendo-por-el-glaciar-del-monte-rosa-mas-arriba-de-la-mitad-del-recorrido-glaciar-555x312.jpg 555w, https:\/\/www.monta\u00f1asdelaluna.es\/wp-content\/uploads\/2019\/11\/subiendo-por-el-glaciar-del-monte-rosa-mas-arriba-de-la-mitad-del-recorrido-glaciar-1110x624.jpg 1110w\" alt=\"\" title=\"Subiendo por el Glaciar del Monte Rosa m\u00e1s arriba de la mitad del recorrido glaciar\" width=\"555\" height=\"312\"  \/><\/a><\/p>\n\t\t\t<\/div>\n\n\t\t\n\t\t<div class=\"blog-content wf-td\">\n\t\t\t<h3 class=\"entry-title\"><a href=\"https:\/\/www.monta\u00f1asdelaluna.es\/?p=40601\" title=\"11 de julio de 2.019, jueves. Cresta de la Dufourspitze (4.499 mts.).\" rel=\"bookmark\">11 de julio de 2.019, jueves. Cresta de la Dufourspitze (4.499 mts.).<\/a><\/h3>\n\n\t\t\t<div class=\"entry-meta\"><span class=\"category-link\"><a href=\"https:\/\/www.monta\u00f1asdelaluna.es\/?cat=184\" rel=\"category\">Bishorn y Monte Rosa 2<\/a><\/span><a class=\"author vcard\" href=\"https:\/\/www.monta\u00f1asdelaluna.es\/?author=1\" title=\"Ver todas las publicaciones de Joaquin Terres\" rel=\"author\">Por <span class=\"fn\">Joaquin Terres<\/span><\/a><a href=\"https:\/\/www.monta\u00f1asdelaluna.es\/?m=20190711\" title=\"7:17 pm\" class=\"data-link\" rel=\"bookmark\"><time class=\"entry-date updated\" datetime=\"2019-07-11T19:17:53+00:00\">11 julio, 2019<\/time><\/a><a href=\"https:\/\/www.monta\u00f1asdelaluna.es\/?p=40601#respond\" class=\"comment-link\" >Deja un comentario<\/a><\/div><p>[vc_row][vc_column][vc_column_text]Suena el despertador poco antes de las 2 de la ma\u00f1ana. Lo poco que he dormido, ha estado bien. No como en otras ocasiones que dorm\u00edamos sobre suelos inc\u00f3modos, duros, fr\u00edos\u2026 es importante dormir bien en sitios c\u00f3modos, y los camastros del Refugio de Monte Rosa eran bastante c\u00f3modos. Me visto, me preparo. Intento no&hellip;<\/p>\n\n<a href=\"https:\/\/www.monta\u00f1asdelaluna.es\/?p=40601\" class=\"details more-link\" aria-label=\"Read more about 11 de julio de 2.019, jueves. Cresta de la Dufourspitze (4.499 mts.).\" rel=\"nofollow\">Detalles<\/a>\n\n\t\t<\/div>\n\n\t<\/article>\n\n<\/div>\n<div class=\"wf-cell iso-item category-184\" data-post-id=\"40593\" data-date=\"2019-07-10T19:44:03+00:00\" data-name=\"10 de julio de 2.019, mi\u00e9rcoles. Subida al Refugio del Monte Rosa (2.883 mts.)\">\n\t<article class=\"post post-40593 type-post status-publish format-standard has-post-thumbnail hentry category-bishorn-y-monte-rosa-2 category-184 description-off\">\n\n\t\t\n\t\t\t<div class=\"blog-media wf-td\">\n\n\t\t\t\t<p><a href=\"https:\/\/www.monta\u00f1asdelaluna.es\/?p=40593\" class=\"alignnone rollover layzr-bg\" ><img loading=\"lazy\" decoding=\"async\" class=\"preload-me iso-lazy-load\" src=\"data:image\/svg+xml,%3Csvg%20xmlns%3D&#39;http%3A%2F%2Fwww.w3.org%2F2000%2Fsvg&#39;%20viewBox%3D&#39;0%200%20555%20370&#39;%2F%3E\" data-src=\"https:\/\/www.monta\u00f1asdelaluna.es\/wp-content\/uploads\/2019\/11\/castor-pollux-y-glaciar-grenx-desde-el-refugio-de-monte-rosa-555x370.jpg\" data-srcset=\"https:\/\/www.monta\u00f1asdelaluna.es\/wp-content\/uploads\/2019\/11\/castor-pollux-y-glaciar-grenx-desde-el-refugio-de-monte-rosa-555x370.jpg 555w, https:\/\/www.monta\u00f1asdelaluna.es\/wp-content\/uploads\/2019\/11\/castor-pollux-y-glaciar-grenx-desde-el-refugio-de-monte-rosa-1110x740.jpg 1110w\" alt=\"\" title=\"Castor Pollux y Glaciar Grenx desde el Refugio de Monte Rosa\" width=\"555\" height=\"370\"  \/><\/a><\/p>\n\t\t\t<\/div>\n\n\t\t\n\t\t<div class=\"blog-content wf-td\">\n\t\t\t<h3 class=\"entry-title\"><a href=\"https:\/\/www.monta\u00f1asdelaluna.es\/?p=40593\" title=\"10 de julio de 2.019, mi\u00e9rcoles. Subida al Refugio del Monte Rosa (2.883 mts.)\" rel=\"bookmark\">10 de julio de 2.019, mi\u00e9rcoles. Subida al Refugio del Monte Rosa (2.883 mts.)<\/a><\/h3>\n\n\t\t\t<div class=\"entry-meta\"><span class=\"category-link\"><a href=\"https:\/\/www.monta\u00f1asdelaluna.es\/?cat=184\" rel=\"category\">Bishorn y Monte Rosa 2<\/a><\/span><a class=\"author vcard\" href=\"https:\/\/www.monta\u00f1asdelaluna.es\/?author=1\" title=\"Ver todas las publicaciones de Joaquin Terres\" rel=\"author\">Por <span class=\"fn\">Joaquin Terres<\/span><\/a><a href=\"https:\/\/www.monta\u00f1asdelaluna.es\/?m=20190710\" title=\"7:44 pm\" class=\"data-link\" rel=\"bookmark\"><time class=\"entry-date updated\" datetime=\"2019-07-10T19:44:03+00:00\">10 julio, 2019<\/time><\/a><a href=\"https:\/\/www.monta\u00f1asdelaluna.es\/?p=40593#respond\" class=\"comment-link\" >Deja un comentario<\/a><\/div><p>[vc_row][vc_column][vc_column_text]Nos levantamos sobre las 8 de la ma\u00f1ana para equiparnos y prepararnos para comenzar la actividad: subir al Refugio de Monte Rosa. El d\u00eda ha despertado bueno, solo las nubes bajas tapan la base del Cervino all\u00e1 arriba del valle, pero las cimas y el cielo estaban despejados. Nos har\u00e1 otro estupendo y magn\u00edfico d\u00eda.&hellip;<\/p>\n\n<a href=\"https:\/\/www.monta\u00f1asdelaluna.es\/?p=40593\" class=\"details more-link\" aria-label=\"Read more about 10 de julio de 2.019, mi\u00e9rcoles. Subida al Refugio del Monte Rosa (2.883 mts.)\" rel=\"nofollow\">Detalles<\/a>\n\n\t\t<\/div>\n\n\t<\/article>\n\n<\/div>\n<div class=\"wf-cell iso-item category-184\" data-post-id=\"40238\" data-date=\"2019-07-09T18:19:29+00:00\" data-name=\"9 de julio de 2.019, martes. Zermatt.\">\n\t<article class=\"post post-40238 type-post status-publish format-standard has-post-thumbnail hentry category-bishorn-y-monte-rosa-2 category-184 description-off\">\n\n\t\t\n\t\t\t<div class=\"blog-media wf-td\">\n\n\t\t\t\t<p><a href=\"https:\/\/www.monta\u00f1asdelaluna.es\/?p=40238\" class=\"alignnone rollover layzr-bg\" ><img loading=\"lazy\" decoding=\"async\" class=\"preload-me iso-lazy-load\" src=\"data:image\/svg+xml,%3Csvg%20xmlns%3D&#39;http%3A%2F%2Fwww.w3.org%2F2000%2Fsvg&#39;%20viewBox%3D&#39;0%200%20555%20370&#39;%2F%3E\" data-src=\"https:\/\/www.monta\u00f1asdelaluna.es\/wp-content\/uploads\/2019\/08\/zermatt-desde-el-albergue-555x370.jpg\" data-srcset=\"https:\/\/www.monta\u00f1asdelaluna.es\/wp-content\/uploads\/2019\/08\/zermatt-desde-el-albergue-555x370.jpg 555w, https:\/\/www.monta\u00f1asdelaluna.es\/wp-content\/uploads\/2019\/08\/zermatt-desde-el-albergue-1110x740.jpg 1110w\" alt=\"\" title=\"Zermatt desde el albergue\" width=\"555\" height=\"370\"  \/><\/a><\/p>\n\t\t\t<\/div>\n\n\t\t\n\t\t<div class=\"blog-content wf-td\">\n\t\t\t<h3 class=\"entry-title\"><a href=\"https:\/\/www.monta\u00f1asdelaluna.es\/?p=40238\" title=\"9 de julio de 2.019, martes. Zermatt.\" rel=\"bookmark\">9 de julio de 2.019, martes. Zermatt.<\/a><\/h3>\n\n\t\t\t<div class=\"entry-meta\"><span class=\"category-link\"><a href=\"https:\/\/www.monta\u00f1asdelaluna.es\/?cat=184\" rel=\"category\">Bishorn y Monte Rosa 2<\/a><\/span><a class=\"author vcard\" href=\"https:\/\/www.monta\u00f1asdelaluna.es\/?author=1\" title=\"Ver todas las publicaciones de Joaquin Terres\" rel=\"author\">Por <span class=\"fn\">Joaquin Terres<\/span><\/a><a href=\"https:\/\/www.monta\u00f1asdelaluna.es\/?m=20190709\" title=\"6:19 pm\" class=\"data-link\" rel=\"bookmark\"><time class=\"entry-date updated\" datetime=\"2019-07-09T18:19:29+00:00\">9 julio, 2019<\/time><\/a><a href=\"https:\/\/www.monta\u00f1asdelaluna.es\/?p=40238#respond\" class=\"comment-link\" >Deja un comentario<\/a><\/div><p>[vc_row][vc_column][vc_column_text]No madrugamos tanto como el d\u00eda anterior y poco a poco nos vamos levantando, aseando en la peque\u00f1a fuente y hiendo al ba\u00f1o provisional, port\u00e1til, junto a la misma. Desayunamos con tostadas, aceite y companaje tra\u00eddo por los compa\u00f1eros de Almorad\u00ed; un desayuno de campeones. El d\u00eda despierta sin nubes pero por estar en el&hellip;<\/p>\n\n<a href=\"https:\/\/www.monta\u00f1asdelaluna.es\/?p=40238\" class=\"details more-link\" aria-label=\"Read more about 9 de julio de 2.019, martes. Zermatt.\" rel=\"nofollow\">Detalles<\/a>\n\n\t\t<\/div>\n\n\t<\/article>\n\n<\/div>\n<div class=\"wf-cell iso-item category-184\" data-post-id=\"40233\" data-date=\"2019-07-08T16:10:40+00:00\" data-name=\"8 de Julio de 2.019, lunes. Refugio Caba\u00f1a de Tracuit (3.256 mts.) \u2013 Bishorn (4.153 mts.) \u2013 Zinal (1.680 mts.).\">\n\t<article class=\"post post-40233 type-post status-publish format-standard has-post-thumbnail hentry category-bishorn-y-monte-rosa-2 category-184 description-off\">\n\n\t\t\n\t\t\t<div class=\"blog-media wf-td\">\n\n\t\t\t\t<p><a href=\"https:\/\/www.monta\u00f1asdelaluna.es\/?p=40233\" class=\"alignnone rollover layzr-bg\" ><img loading=\"lazy\" decoding=\"async\" class=\"preload-me iso-lazy-load\" src=\"data:image\/svg+xml,%3Csvg%20xmlns%3D&#39;http%3A%2F%2Fwww.w3.org%2F2000%2Fsvg&#39;%20viewBox%3D&#39;0%200%20555%20370&#39;%2F%3E\" data-src=\"https:\/\/www.monta\u00f1asdelaluna.es\/wp-content\/uploads\/2019\/08\/subiendo-el-bishorn-por-el-glaciar-turtmann-555x370.jpg\" data-srcset=\"https:\/\/www.monta\u00f1asdelaluna.es\/wp-content\/uploads\/2019\/08\/subiendo-el-bishorn-por-el-glaciar-turtmann-555x370.jpg 555w, https:\/\/www.monta\u00f1asdelaluna.es\/wp-content\/uploads\/2019\/08\/subiendo-el-bishorn-por-el-glaciar-turtmann-1110x740.jpg 1110w\" alt=\"\" title=\"Subiendo el Bishorn por el Glaciar Turtmann\" width=\"555\" height=\"370\"  \/><\/a><\/p>\n\t\t\t<\/div>\n\n\t\t\n\t\t<div class=\"blog-content wf-td\">\n\t\t\t<h3 class=\"entry-title\"><a href=\"https:\/\/www.monta\u00f1asdelaluna.es\/?p=40233\" title=\"8 de Julio de 2.019, lunes. Refugio Caba\u00f1a de Tracuit (3.256 mts.) \u2013 Bishorn (4.153 mts.) \u2013 Zinal (1.680 mts.).\" rel=\"bookmark\">8 de Julio de 2.019, lunes. Refugio Caba\u00f1a de Tracuit (3.256 mts.) \u2013 Bishorn (4.153 mts.) \u2013 Zinal (1.680 mts.).<\/a><\/h3>\n\n\t\t\t<div class=\"entry-meta\"><span class=\"category-link\"><a href=\"https:\/\/www.monta\u00f1asdelaluna.es\/?cat=184\" rel=\"category\">Bishorn y Monte Rosa 2<\/a><\/span><a class=\"author vcard\" href=\"https:\/\/www.monta\u00f1asdelaluna.es\/?author=1\" title=\"Ver todas las publicaciones de Joaquin Terres\" rel=\"author\">Por <span class=\"fn\">Joaquin Terres<\/span><\/a><a href=\"https:\/\/www.monta\u00f1asdelaluna.es\/?m=20190708\" title=\"4:10 pm\" class=\"data-link\" rel=\"bookmark\"><time class=\"entry-date updated\" datetime=\"2019-07-08T16:10:40+00:00\">8 julio, 2019<\/time><\/a><a href=\"https:\/\/www.monta\u00f1asdelaluna.es\/?p=40233#respond\" class=\"comment-link\" >Deja un comentario<\/a><\/div><p>[vc_row][vc_column][vc_column_text]Nos levantamos todos y nos preparamos para bajar al comedor para desayunar. Desayunamos y nos equipamos para salir al exterior en busca del Glaciar Turtmann que ser\u00e1 el que nos suba y lleve hasta la cima del Bishorn. Por suerte el fabuloso refugio tiene espacio suficiente para equiparnos y dejar, recoger los hierros en la&hellip;<\/p>\n\n<a href=\"https:\/\/www.monta\u00f1asdelaluna.es\/?p=40233\" class=\"details more-link\" aria-label=\"Read more about 8 de Julio de 2.019, lunes. Refugio Caba\u00f1a de Tracuit (3.256 mts.) \u2013 Bishorn (4.153 mts.) \u2013 Zinal (1.680 mts.).\" rel=\"nofollow\">Detalles<\/a>\n\n\t\t<\/div>\n\n\t<\/article>\n\n<\/div>\n<div class=\"wf-cell iso-item category-184\" data-post-id=\"40214\" data-date=\"2019-07-07T20:18:53+00:00\" data-name=\"7 de Julio de 2.019, domingo. Zinal (1.680 mts.) \u2013 Refugio Caba\u00f1a de Tracuit (3.256 mts.)\">\n\t<article class=\"post post-40214 type-post status-publish format-standard has-post-thumbnail hentry category-bishorn-y-monte-rosa-2 category-184 description-off\">\n\n\t\t\n\t\t\t<div class=\"blog-media wf-td\">\n\n\t\t\t\t<p><a href=\"https:\/\/www.monta\u00f1asdelaluna.es\/?p=40214\" class=\"alignnone rollover layzr-bg\" ><img loading=\"lazy\" decoding=\"async\" class=\"preload-me iso-lazy-load\" src=\"data:image\/svg+xml,%3Csvg%20xmlns%3D&#39;http%3A%2F%2Fwww.w3.org%2F2000%2Fsvg&#39;%20viewBox%3D&#39;0%200%20555%20370&#39;%2F%3E\" data-src=\"https:\/\/www.monta\u00f1asdelaluna.es\/wp-content\/uploads\/2019\/08\/IMG_0718-555x370.jpg\" data-srcset=\"https:\/\/www.monta\u00f1asdelaluna.es\/wp-content\/uploads\/2019\/08\/IMG_0718-555x370.jpg 555w, https:\/\/www.monta\u00f1asdelaluna.es\/wp-content\/uploads\/2019\/08\/IMG_0718-1110x740.jpg 1110w\" alt=\"\" title=\"Camping de Zinal\" width=\"555\" height=\"370\"  \/><\/a><\/p>\n\t\t\t<\/div>\n\n\t\t\n\t\t<div class=\"blog-content wf-td\">\n\t\t\t<h3 class=\"entry-title\"><a href=\"https:\/\/www.monta\u00f1asdelaluna.es\/?p=40214\" title=\"7 de Julio de 2.019, domingo. Zinal (1.680 mts.) \u2013 Refugio Caba\u00f1a de Tracuit (3.256 mts.)\" rel=\"bookmark\">7 de Julio de 2.019, domingo. Zinal (1.680 mts.) \u2013 Refugio Caba\u00f1a de Tracuit (3.256 mts.)<\/a><\/h3>\n\n\t\t\t<div class=\"entry-meta\"><span class=\"category-link\"><a href=\"https:\/\/www.monta\u00f1asdelaluna.es\/?cat=184\" rel=\"category\">Bishorn y Monte Rosa 2<\/a><\/span><a class=\"author vcard\" href=\"https:\/\/www.monta\u00f1asdelaluna.es\/?author=1\" title=\"Ver todas las publicaciones de Joaquin Terres\" rel=\"author\">Por <span class=\"fn\">Joaquin Terres<\/span><\/a><a href=\"https:\/\/www.monta\u00f1asdelaluna.es\/?m=20190707\" title=\"8:18 pm\" class=\"data-link\" rel=\"bookmark\"><time class=\"entry-date updated\" datetime=\"2019-07-07T20:18:53+00:00\">7 julio, 2019<\/time><\/a><a href=\"https:\/\/www.monta\u00f1asdelaluna.es\/?p=40214#respond\" class=\"comment-link\" >Deja un comentario<\/a><\/div><p>[vc_row][vc_column][vc_column_text]El d\u00eda parece que se levanta bueno. Desayunamos con la comida del grupo de Almorad\u00ed. Luis Guerrero se quejar\u00eda que no le hab\u00eda dicho de llevar comida, pensando que nos abastecer\u00edamos en los supermercados, tiendas o refugios\u2026 con Manolet creo que no llegu\u00e9 a hablar del tema comida. Hornillos de camping, sillas, mesa\u2026 todo muy&hellip;<\/p>\n\n<a href=\"https:\/\/www.monta\u00f1asdelaluna.es\/?p=40214\" class=\"details more-link\" aria-label=\"Read more about 7 de Julio de 2.019, domingo. Zinal (1.680 mts.) \u2013 Refugio Caba\u00f1a de Tracuit (3.256 mts.)\" rel=\"nofollow\">Detalles<\/a>\n\n\t\t<\/div>\n\n\t<\/article>\n\n<\/div>\n<div class=\"wf-cell iso-item category-184\" data-post-id=\"40208\" data-date=\"2019-07-06T18:58:43+00:00\" data-name=\"Retorno a Zinal\">\n\t<article class=\"post post-40208 type-post status-publish format-standard has-post-thumbnail hentry category-bishorn-y-monte-rosa-2 category-184 description-off\">\n\n\t\t\n\t\t\t<div class=\"blog-media wf-td\">\n\n\t\t\t\t<p><a href=\"https:\/\/www.monta\u00f1asdelaluna.es\/?p=40208\" class=\"alignnone rollover layzr-bg\" ><img loading=\"lazy\" decoding=\"async\" class=\"preload-me iso-lazy-load\" src=\"data:image\/svg+xml,%3Csvg%20xmlns%3D&#39;http%3A%2F%2Fwww.w3.org%2F2000%2Fsvg&#39;%20viewBox%3D&#39;0%200%20555%20370&#39;%2F%3E\" data-src=\"https:\/\/www.monta\u00f1asdelaluna.es\/wp-content\/uploads\/2019\/08\/zinal-555x370.jpg\" data-srcset=\"https:\/\/www.monta\u00f1asdelaluna.es\/wp-content\/uploads\/2019\/08\/zinal-555x370.jpg 555w, https:\/\/www.monta\u00f1asdelaluna.es\/wp-content\/uploads\/2019\/08\/zinal-1110x740.jpg 1110w\" alt=\"\" title=\"Zinal\" width=\"555\" height=\"370\"  \/><\/a><\/p>\n\t\t\t<\/div>\n\n\t\t\n\t\t<div class=\"blog-content wf-td\">\n\t\t\t<h3 class=\"entry-title\"><a href=\"https:\/\/www.monta\u00f1asdelaluna.es\/?p=40208\" title=\"Retorno a Zinal\" rel=\"bookmark\">Retorno a Zinal<\/a><\/h3>\n\n\t\t\t<div class=\"entry-meta\"><span class=\"category-link\"><a href=\"https:\/\/www.monta\u00f1asdelaluna.es\/?cat=184\" rel=\"category\">Bishorn y Monte Rosa 2<\/a><\/span><a class=\"author vcard\" href=\"https:\/\/www.monta\u00f1asdelaluna.es\/?author=1\" title=\"Ver todas las publicaciones de Joaquin Terres\" rel=\"author\">Por <span class=\"fn\">Joaquin Terres<\/span><\/a><a href=\"https:\/\/www.monta\u00f1asdelaluna.es\/?m=20190706\" title=\"6:58 pm\" class=\"data-link\" rel=\"bookmark\"><time class=\"entry-date updated\" datetime=\"2019-07-06T18:58:43+00:00\">6 julio, 2019<\/time><\/a><a href=\"https:\/\/www.monta\u00f1asdelaluna.es\/?p=40208#respond\" class=\"comment-link\" >Deja un comentario<\/a><\/div><p>[vc_row][vc_column][vc_column_text]Este invierno pasado me comunican mis compa\u00f1eros de Almorad\u00ed, Vicente Molina, que van a hacer un viaje a los Alpes un grupillo que se est\u00e1 iniciando a la alta monta\u00f1a, y ya les tocaba tocar la alta monta\u00f1a de los Alpes, con sus glaciares, altura y condiciones. Me dice Vicente que Manolet lo est\u00e1 preparando&hellip;<\/p>\n\n<a href=\"https:\/\/www.monta\u00f1asdelaluna.es\/?p=40208\" class=\"details more-link\" aria-label=\"Read more about Retorno a Zinal\" rel=\"nofollow\">Detalles<\/a>\n\n\t\t<\/div>\n\n\t<\/article>\n\n<\/div>\n<div class=\"wf-cell iso-item category-91\" data-post-id=\"41591\" data-date=\"2019-06-15T22:30:14+00:00\" data-name=\"Valle de Lys y Refugio de Maupas\">\n\t<article class=\"post post-41591 type-post status-publish format-standard has-post-thumbnail hentry category-pirineo-frances-y-andorra category-91 description-off\">\n\n\t\t\n\t\t\t<div class=\"blog-media wf-td\">\n\n\t\t\t\t<p><a href=\"https:\/\/www.monta\u00f1asdelaluna.es\/?p=41591\" class=\"alignnone rollover layzr-bg\" ><img loading=\"lazy\" decoding=\"async\" class=\"preload-me iso-lazy-load\" src=\"data:image\/svg+xml,%3Csvg%20xmlns%3D&#39;http%3A%2F%2Fwww.w3.org%2F2000%2Fsvg&#39;%20viewBox%3D&#39;0%200%20555%20370&#39;%2F%3E\" data-src=\"https:\/\/www.monta\u00f1asdelaluna.es\/wp-content\/uploads\/2020\/02\/cruzando-el-hayedo-del-valle-de-lys-555x370.jpg\" data-srcset=\"https:\/\/www.monta\u00f1asdelaluna.es\/wp-content\/uploads\/2020\/02\/cruzando-el-hayedo-del-valle-de-lys-555x370.jpg 555w, https:\/\/www.monta\u00f1asdelaluna.es\/wp-content\/uploads\/2020\/02\/cruzando-el-hayedo-del-valle-de-lys-1110x740.jpg 1110w\" alt=\"\" title=\"Cruzando el hayedo del Valle de Lys\" width=\"555\" height=\"370\"  \/><\/a><\/p>\n\t\t\t<\/div>\n\n\t\t\n\t\t<div class=\"blog-content wf-td\">\n\t\t\t<h3 class=\"entry-title\"><a href=\"https:\/\/www.monta\u00f1asdelaluna.es\/?p=41591\" title=\"Valle de Lys y Refugio de Maupas\" rel=\"bookmark\">Valle de Lys y Refugio de Maupas<\/a><\/h3>\n\n\t\t\t<div class=\"entry-meta\"><span class=\"category-link\"><a href=\"https:\/\/www.monta\u00f1asdelaluna.es\/?cat=91\" rel=\"category\">Pirineo franc\u00e9s y Andorra<\/a><\/span><a class=\"author vcard\" href=\"https:\/\/www.monta\u00f1asdelaluna.es\/?author=1\" title=\"Ver todas las publicaciones de Joaquin Terres\" rel=\"author\">Por <span class=\"fn\">Joaquin Terres<\/span><\/a><a href=\"https:\/\/www.monta\u00f1asdelaluna.es\/?m=20190615\" title=\"10:30 pm\" class=\"data-link\" rel=\"bookmark\"><time class=\"entry-date updated\" datetime=\"2019-06-15T22:30:14+00:00\">15 junio, 2019<\/time><\/a><a href=\"https:\/\/www.monta\u00f1asdelaluna.es\/?p=41591#respond\" class=\"comment-link\" >Deja un comentario<\/a><\/div><p>[vc_row][vc_column][vc_column_text]Organizado por el compa\u00f1ero Luis Guerrero, salimos el fin de semana del 14, 15 y 16 de junio hacia el Valle de Ar\u00e1n para pasar la noche de viernes en un hotelito y poder madrugar lo m\u00e1ximo posible para acercarnos al franc\u00e9s Valle de Lys e intentar, desde el fondo del mismo valle, hacer la&hellip;<\/p>\n\n<a href=\"https:\/\/www.monta\u00f1asdelaluna.es\/?p=41591\" class=\"details more-link\" aria-label=\"Read more about Valle de Lys y Refugio de Maupas\" rel=\"nofollow\">Detalles<\/a>\n\n\t\t<\/div>\n\n\t<\/article>\n\n<\/div>\n<div class=\"wf-cell iso-item category-129\" data-post-id=\"41499\" data-date=\"2019-06-08T07:52:50+00:00\" data-name=\"Pic de Dalt de Coma Mitjana (2.752 mts.)\">\n\t<article class=\"post post-41499 type-post status-publish format-standard has-post-thumbnail hentry category-pirineo-oriental category-129 description-off\">\n\n\t\t\n\t\t\t<div class=\"blog-media wf-td\">\n\n\t\t\t\t<p><a href=\"https:\/\/www.monta\u00f1asdelaluna.es\/?p=41499\" class=\"alignnone rollover layzr-bg\" ><img loading=\"lazy\" decoding=\"async\" class=\"preload-me iso-lazy-load\" src=\"data:image\/svg+xml,%3Csvg%20xmlns%3D&#39;http%3A%2F%2Fwww.w3.org%2F2000%2Fsvg&#39;%20viewBox%3D&#39;0%200%20555%20370&#39;%2F%3E\" data-src=\"https:\/\/www.monta\u00f1asdelaluna.es\/wp-content\/uploads\/2020\/02\/jenny-en-la-pic-de-dalt-de-coma-mitjana-2-752-mts-detras-el-pic-de-l-infern-y-pic-de-freser-555x370.jpg\" data-srcset=\"https:\/\/www.monta\u00f1asdelaluna.es\/wp-content\/uploads\/2020\/02\/jenny-en-la-pic-de-dalt-de-coma-mitjana-2-752-mts-detras-el-pic-de-l-infern-y-pic-de-freser-555x370.jpg 555w, https:\/\/www.monta\u00f1asdelaluna.es\/wp-content\/uploads\/2020\/02\/jenny-en-la-pic-de-dalt-de-coma-mitjana-2-752-mts-detras-el-pic-de-l-infern-y-pic-de-freser-1110x740.jpg 1110w\" alt=\"\" title=\"Jenny en la Pic de Dalt de Coma Mitjana, 2.752 mts., detr\u00e1s el Pic de l&#8217;Infern y Pic de Freser\" width=\"555\" height=\"370\"  \/><\/a><\/p>\n\t\t\t<\/div>\n\n\t\t\n\t\t<div class=\"blog-content wf-td\">\n\t\t\t<h3 class=\"entry-title\"><a href=\"https:\/\/www.monta\u00f1asdelaluna.es\/?p=41499\" title=\"Pic de Dalt de Coma Mitjana (2.752 mts.)\" rel=\"bookmark\">Pic de Dalt de Coma Mitjana (2.752 mts.)<\/a><\/h3>\n\n\t\t\t<div class=\"entry-meta\"><span class=\"category-link\"><a href=\"https:\/\/www.monta\u00f1asdelaluna.es\/?cat=129\" rel=\"category\">Pirineo Oriental<\/a><\/span><a class=\"author vcard\" href=\"https:\/\/www.monta\u00f1asdelaluna.es\/?author=1\" title=\"Ver todas las publicaciones de Joaquin Terres\" rel=\"author\">Por <span class=\"fn\">Joaquin Terres<\/span><\/a><a href=\"https:\/\/www.monta\u00f1asdelaluna.es\/?m=20190608\" title=\"7:52 am\" class=\"data-link\" rel=\"bookmark\"><time class=\"entry-date updated\" datetime=\"2019-06-08T07:52:50+00:00\">8 junio, 2019<\/time><\/a><a href=\"https:\/\/www.monta\u00f1asdelaluna.es\/?p=41499#respond\" class=\"comment-link\" >Deja un comentario<\/a><\/div><p>[vc_row][vc_column][vc_column_text]Despu\u00e9s de por fin visitar la ansiada cima del Pic de l\u2019Infern y echar un vistazo a su alrededor, observo o descubro una serie de monta\u00f1as o cordal que desde su misma cima o mole, se dirigen al norte intern\u00e1ndose en tierra francesa. Son las cimas o Pics de Coma Mitjana. Supongo que Mitjana ser\u00eda&hellip;<\/p>\n\n<a href=\"https:\/\/www.monta\u00f1asdelaluna.es\/?p=41499\" class=\"details more-link\" aria-label=\"Read more about Pic de Dalt de Coma Mitjana (2.752 mts.)\" rel=\"nofollow\">Detalles<\/a>\n\n\t\t<\/div>\n\n\t<\/article>\n\n<\/div>\n<div class=\"wf-cell iso-item category-129\" data-post-id=\"41386\" data-date=\"2019-04-27T20:11:35+00:00\" data-name=\"Cimas de Coma Ermada y Roc Colom\">\n\t<article class=\"post post-41386 type-post status-publish format-standard has-post-thumbnail hentry category-pirineo-oriental category-129 description-off\">\n\n\t\t\n\t\t\t<div class=\"blog-media wf-td\">\n\n\t\t\t\t<p><a href=\"https:\/\/www.monta\u00f1asdelaluna.es\/?p=41386\" class=\"alignnone rollover layzr-bg\" ><img loading=\"lazy\" decoding=\"async\" class=\"preload-me iso-lazy-load\" src=\"data:image\/svg+xml,%3Csvg%20xmlns%3D&#39;http%3A%2F%2Fwww.w3.org%2F2000%2Fsvg&#39;%20viewBox%3D&#39;0%200%20555%20370&#39;%2F%3E\" data-src=\"https:\/\/www.monta\u00f1asdelaluna.es\/wp-content\/uploads\/2020\/01\/desde-la-falsa-cima-o-cima-noroeste-del-pic-de-coma-ermada-abajo-camp-magre-petit-de-izquierda-a-derecha-el-gra-de-fajol-coll-de-la-marrana-y-detras-de-esta-pics-de-la-vaca-bastiments-pic-de-ba-555x370.jpg\" data-srcset=\"https:\/\/www.monta\u00f1asdelaluna.es\/wp-content\/uploads\/2020\/01\/desde-la-falsa-cima-o-cima-noroeste-del-pic-de-coma-ermada-abajo-camp-magre-petit-de-izquierda-a-derecha-el-gra-de-fajol-coll-de-la-marrana-y-detras-de-esta-pics-de-la-vaca-bastiments-pic-de-ba-555x370.jpg 555w, https:\/\/www.monta\u00f1asdelaluna.es\/wp-content\/uploads\/2020\/01\/desde-la-falsa-cima-o-cima-noroeste-del-pic-de-coma-ermada-abajo-camp-magre-petit-de-izquierda-a-derecha-el-gra-de-fajol-coll-de-la-marrana-y-detras-de-esta-pics-de-la-vaca-bastiments-pic-de-ba-1110x740.jpg 1110w\" alt=\"\" title=\"Desde la falsa cima o cima noroeste del Pic de Coma Ermada, abajo Camp Magre Petit, de izquierda a derecha: el Gra de Fajol, Coll de La Marrana, y detr\u00e1s de \u00e9sta Pics de La Vaca, Bastiments, Pic de Bacivers y Pic de La Dona\" width=\"555\" height=\"370\"  \/><\/a><\/p>\n\t\t\t<\/div>\n\n\t\t\n\t\t<div class=\"blog-content wf-td\">\n\t\t\t<h3 class=\"entry-title\"><a href=\"https:\/\/www.monta\u00f1asdelaluna.es\/?p=41386\" title=\"Cimas de Coma Ermada y Roc Colom\" rel=\"bookmark\">Cimas de Coma Ermada y Roc Colom<\/a><\/h3>\n\n\t\t\t<div class=\"entry-meta\"><span class=\"category-link\"><a href=\"https:\/\/www.monta\u00f1asdelaluna.es\/?cat=129\" rel=\"category\">Pirineo Oriental<\/a><\/span><a class=\"author vcard\" href=\"https:\/\/www.monta\u00f1asdelaluna.es\/?author=1\" title=\"Ver todas las publicaciones de Joaquin Terres\" rel=\"author\">Por <span class=\"fn\">Joaquin Terres<\/span><\/a><a href=\"https:\/\/www.monta\u00f1asdelaluna.es\/?m=20190427\" title=\"8:11 pm\" class=\"data-link\" rel=\"bookmark\"><time class=\"entry-date updated\" datetime=\"2019-04-27T20:11:35+00:00\">27 abril, 2019<\/time><\/a><a href=\"https:\/\/www.monta\u00f1asdelaluna.es\/?p=41386#respond\" class=\"comment-link\" >Deja un comentario<\/a><\/div><p>[vc_row][vc_column][vc_column_text]Poco tiempo despu\u00e9s de subir al Puig de Les Borregues en la monta\u00f1a del Pastuira, vuelvo al Pirineo Oriental, al mismo circo de Ulldeter, para recorrerme aquel sitio donde hace poco se posaron mis ojos: la larga loma o cima allanada enorme y poco, poco abrupta, escarpada, de Coma Ermada y su altiplano Camp Magre.&hellip;<\/p>\n\n<a href=\"https:\/\/www.monta\u00f1asdelaluna.es\/?p=41386\" class=\"details more-link\" aria-label=\"Read more about Cimas de Coma Ermada y Roc Colom\" rel=\"nofollow\">Detalles<\/a>\n\n\t\t<\/div>\n\n\t<\/article>\n\n<\/div>\n<div class=\"wf-cell iso-item category-129\" data-post-id=\"41305\" data-date=\"2019-04-15T21:07:12+00:00\" data-name=\"Pastuira, Puig de Les Borregues (2.693 mts.)\">\n\t<article class=\"post post-41305 type-post status-publish format-standard has-post-thumbnail hentry category-pirineo-oriental category-129 description-off\">\n\n\t\t\n\t\t\t<div class=\"blog-media wf-td\">\n\n\t\t\t\t<p><a href=\"https:\/\/www.monta\u00f1asdelaluna.es\/?p=41305\" class=\"alignnone rollover layzr-bg\" ><img loading=\"lazy\" decoding=\"async\" class=\"preload-me iso-lazy-load\" src=\"data:image\/svg+xml,%3Csvg%20xmlns%3D&#39;http%3A%2F%2Fwww.w3.org%2F2000%2Fsvg&#39;%20viewBox%3D&#39;0%200%20555%20370&#39;%2F%3E\" data-src=\"https:\/\/www.monta\u00f1asdelaluna.es\/wp-content\/uploads\/2020\/01\/el-pic-de-freser-a-la-derecha-y-el-pi-de-l-infern-a-la-izquierda-desde-la-cima-del-puig-de-les-borregues-555x370.jpg\" data-srcset=\"https:\/\/www.monta\u00f1asdelaluna.es\/wp-content\/uploads\/2020\/01\/el-pic-de-freser-a-la-derecha-y-el-pi-de-l-infern-a-la-izquierda-desde-la-cima-del-puig-de-les-borregues-555x370.jpg 555w, https:\/\/www.monta\u00f1asdelaluna.es\/wp-content\/uploads\/2020\/01\/el-pic-de-freser-a-la-derecha-y-el-pi-de-l-infern-a-la-izquierda-desde-la-cima-del-puig-de-les-borregues-1110x740.jpg 1110w\" alt=\"\" title=\"El Pic de Freser a la derecha y el Pi de l&#8217;Infern a la izquierda desde la cima del Puig de Les Borregues\" width=\"555\" height=\"370\"  \/><\/a><\/p>\n\t\t\t<\/div>\n\n\t\t\n\t\t<div class=\"blog-content wf-td\">\n\t\t\t<h3 class=\"entry-title\"><a href=\"https:\/\/www.monta\u00f1asdelaluna.es\/?p=41305\" title=\"Pastuira, Puig de Les Borregues (2.693 mts.)\" rel=\"bookmark\">Pastuira, Puig de Les Borregues (2.693 mts.)<\/a><\/h3>\n\n\t\t\t<div class=\"entry-meta\"><span class=\"category-link\"><a href=\"https:\/\/www.monta\u00f1asdelaluna.es\/?cat=129\" rel=\"category\">Pirineo Oriental<\/a><\/span><a class=\"author vcard\" href=\"https:\/\/www.monta\u00f1asdelaluna.es\/?author=1\" title=\"Ver todas las publicaciones de Joaquin Terres\" rel=\"author\">Por <span class=\"fn\">Joaquin Terres<\/span><\/a><a href=\"https:\/\/www.monta\u00f1asdelaluna.es\/?m=20190415\" title=\"9:07 pm\" class=\"data-link\" rel=\"bookmark\"><time class=\"entry-date updated\" datetime=\"2019-04-15T21:07:12+00:00\">15 abril, 2019<\/time><\/a><a href=\"https:\/\/www.monta\u00f1asdelaluna.es\/?p=41305#respond\" class=\"comment-link\" >Deja un comentario<\/a><\/div><p>[vc_row][vc_column][vc_column_text]Porque en un principio conoc\u00ed a esta monta\u00f1a como Pastuira, llamarla Puig de Les Borregues ahora me parec\u00eda como degradante o casi insultante, pero mirando los nuevos mapas de Alpina descubro que realmente el pico m\u00e1s alto de esta monta\u00f1a no es el Pastuira, por mucho que suene mejor, si no el mismo Puig de&hellip;<\/p>\n\n<a href=\"https:\/\/www.monta\u00f1asdelaluna.es\/?p=41305\" class=\"details more-link\" aria-label=\"Read more about Pastuira, Puig de Les Borregues (2.693 mts.)\" rel=\"nofollow\">Detalles<\/a>\n\n\t\t<\/div>\n\n\t<\/article>\n\n<\/div>\n<div class=\"wf-cell iso-item category-91\" data-post-id=\"41205\" data-date=\"2019-02-09T08:45:51+00:00\" data-name=\"Pic de l&#039;Estany\u00f3 (2.915 mts.)\">\n\t<article class=\"post post-41205 type-post status-publish format-standard has-post-thumbnail hentry category-pirineo-frances-y-andorra category-91 description-off\">\n\n\t\t\n\t\t\t<div class=\"blog-media wf-td\">\n\n\t\t\t\t<p><a href=\"https:\/\/www.monta\u00f1asdelaluna.es\/?p=41205\" class=\"alignnone rollover layzr-bg\" ><img loading=\"lazy\" decoding=\"async\" class=\"preload-me iso-lazy-load\" src=\"data:image\/svg+xml,%3Csvg%20xmlns%3D&#39;http%3A%2F%2Fwww.w3.org%2F2000%2Fsvg&#39;%20viewBox%3D&#39;0%200%20555%20370&#39;%2F%3E\" data-src=\"https:\/\/www.monta\u00f1asdelaluna.es\/wp-content\/uploads\/2020\/01\/mirando-hacia-el-serrat-del-roc-del-rellotge-camino-de-subida-al-pic-de-l-estanyo-555x370.jpg\" data-srcset=\"https:\/\/www.monta\u00f1asdelaluna.es\/wp-content\/uploads\/2020\/01\/mirando-hacia-el-serrat-del-roc-del-rellotge-camino-de-subida-al-pic-de-l-estanyo-555x370.jpg 555w, https:\/\/www.monta\u00f1asdelaluna.es\/wp-content\/uploads\/2020\/01\/mirando-hacia-el-serrat-del-roc-del-rellotge-camino-de-subida-al-pic-de-l-estanyo-1110x740.jpg 1110w\" alt=\"\" title=\"Mirando hacia el Serrat del Roc del Rellotge, camino de subida al Pic de l&#8217;Estany\u00f3\" width=\"555\" height=\"370\"  \/><\/a><\/p>\n\t\t\t<\/div>\n\n\t\t\n\t\t<div class=\"blog-content wf-td\">\n\t\t\t<h3 class=\"entry-title\"><a href=\"https:\/\/www.monta\u00f1asdelaluna.es\/?p=41205\" title=\"Pic de l&#8217;Estany\u00f3 (2.915 mts.)\" rel=\"bookmark\">Pic de l&#8217;Estany\u00f3 (2.915 mts.)<\/a><\/h3>\n\n\t\t\t<div class=\"entry-meta\"><span class=\"category-link\"><a href=\"https:\/\/www.monta\u00f1asdelaluna.es\/?cat=91\" rel=\"category\">Pirineo franc\u00e9s y Andorra<\/a><\/span><a class=\"author vcard\" href=\"https:\/\/www.monta\u00f1asdelaluna.es\/?author=1\" title=\"Ver todas las publicaciones de Joaquin Terres\" rel=\"author\">Por <span class=\"fn\">Joaquin Terres<\/span><\/a><a href=\"https:\/\/www.monta\u00f1asdelaluna.es\/?m=20190209\" title=\"8:45 am\" class=\"data-link\" rel=\"bookmark\"><time class=\"entry-date updated\" datetime=\"2019-02-09T08:45:51+00:00\">9 febrero, 2019<\/time><\/a><a href=\"https:\/\/www.monta\u00f1asdelaluna.es\/?p=41205#respond\" class=\"comment-link\" >Deja un comentario<\/a><\/div><p>[vc_row][vc_column][vc_column_text]En febrero de hace dos a\u00f1os, se organiz\u00f3 una actividad para ya subir esta monta\u00f1a del Pirineo de Andorra. Pero entre una cosa y otra, a pesar de ser un d\u00eda magn\u00edfico y estupendo para hacer alta monta\u00f1a, solamente pudimos llegar a l\u2019Estany\u00f3. Nombre que se le da al ib\u00f3n de alta monta\u00f1a ubicado justo&hellip;<\/p>\n\n<a href=\"https:\/\/www.monta\u00f1asdelaluna.es\/?p=41205\" class=\"details more-link\" aria-label=\"Read more about Pic de l&#8217;Estany\u00f3 (2.915 mts.)\" rel=\"nofollow\">Detalles<\/a>\n\n\t\t<\/div>\n\n\t<\/article>\n\n<\/div>\n<div class=\"wf-cell iso-item category-46\" data-post-id=\"41029\" data-date=\"2018-11-25T08:44:58+00:00\" data-name=\"Bellmunt (1.248 mts.) y Salt del Mol\u00ed desde Vidr\u00e0\">\n\t<article class=\"post post-41029 type-post status-publish format-standard has-post-thumbnail hentry category-girona category-46 description-off\">\n\n\t\t\n\t\t\t<div class=\"blog-media wf-td\">\n\n\t\t\t\t<p><a href=\"https:\/\/www.monta\u00f1asdelaluna.es\/?p=41029\" class=\"alignnone rollover layzr-bg\" ><img loading=\"lazy\" decoding=\"async\" class=\"preload-me iso-lazy-load\" src=\"data:image\/svg+xml,%3Csvg%20xmlns%3D&#39;http%3A%2F%2Fwww.w3.org%2F2000%2Fsvg&#39;%20viewBox%3D&#39;0%200%20555%20370&#39;%2F%3E\" data-src=\"https:\/\/www.monta\u00f1asdelaluna.es\/wp-content\/uploads\/2020\/01\/IMG_9225-555x370.jpg\" data-srcset=\"https:\/\/www.monta\u00f1asdelaluna.es\/wp-content\/uploads\/2020\/01\/IMG_9225-555x370.jpg 555w, https:\/\/www.monta\u00f1asdelaluna.es\/wp-content\/uploads\/2020\/01\/IMG_9225-1110x740.jpg 1110w\" alt=\"\" title=\"Salt del Mol\u00ed\" width=\"555\" height=\"370\"  \/><\/a><\/p>\n\t\t\t<\/div>\n\n\t\t\n\t\t<div class=\"blog-content wf-td\">\n\t\t\t<h3 class=\"entry-title\"><a href=\"https:\/\/www.monta\u00f1asdelaluna.es\/?p=41029\" title=\"Bellmunt (1.248 mts.) y Salt del Mol\u00ed desde Vidr\u00e0\" rel=\"bookmark\">Bellmunt (1.248 mts.) y Salt del Mol\u00ed desde Vidr\u00e0<\/a><\/h3>\n\n\t\t\t<div class=\"entry-meta\"><span class=\"category-link\"><a href=\"https:\/\/www.monta\u00f1asdelaluna.es\/?cat=46\" rel=\"category\">Girona<\/a><\/span><a class=\"author vcard\" href=\"https:\/\/www.monta\u00f1asdelaluna.es\/?author=1\" title=\"Ver todas las publicaciones de Joaquin Terres\" rel=\"author\">Por <span class=\"fn\">Joaquin Terres<\/span><\/a><a href=\"https:\/\/www.monta\u00f1asdelaluna.es\/?m=20181125\" title=\"8:44 am\" class=\"data-link\" rel=\"bookmark\"><time class=\"entry-date updated\" datetime=\"2018-11-25T08:44:58+00:00\">25 noviembre, 2018<\/time><\/a><a href=\"https:\/\/www.monta\u00f1asdelaluna.es\/?p=41029#respond\" class=\"comment-link\" >Deja un comentario<\/a><\/div><p>[vc_row][vc_column][vc_column_text]Hace ya bastante tiempo que hab\u00eda subido a la cima de esta monta\u00f1a, puerta del Prepirineo, a caballo entre las provincias de Barcelona y Girona. Y lo hice desde su lado sur con una subida desde Torell\u00f3. Ya ten\u00eda ganas de volver a subirla, pero esta vez quer\u00eda recorrerme sus rincones y perfiles de su&hellip;<\/p>\n\n<a href=\"https:\/\/www.monta\u00f1asdelaluna.es\/?p=41029\" class=\"details more-link\" aria-label=\"Read more about Bellmunt (1.248 mts.) y Salt del Mol\u00ed desde Vidr\u00e0\" rel=\"nofollow\">Detalles<\/a>\n\n\t\t<\/div>\n\n\t<\/article>\n\n<\/div>\n<div class=\"wf-cell iso-item category-130\" data-post-id=\"40947\" data-date=\"2018-11-10T08:16:57+00:00\" data-name=\"Comabona desde Gisclareny\">\n\t<article class=\"post post-40947 type-post status-publish format-standard has-post-thumbnail hentry category-pirineo-calizo-catalan category-130 description-off\">\n\n\t\t\n\t\t\t<div class=\"blog-media wf-td\">\n\n\t\t\t\t<p><a href=\"https:\/\/www.monta\u00f1asdelaluna.es\/?p=40947\" class=\"alignnone rollover layzr-bg\" ><img loading=\"lazy\" decoding=\"async\" class=\"preload-me iso-lazy-load\" src=\"data:image\/svg+xml,%3Csvg%20xmlns%3D&#39;http%3A%2F%2Fwww.w3.org%2F2000%2Fsvg&#39;%20viewBox%3D&#39;0%200%20555%20370&#39;%2F%3E\" data-src=\"https:\/\/www.monta\u00f1asdelaluna.es\/wp-content\/uploads\/2019\/12\/cima-del-comabona-2-554-mts-555x370.jpg\" data-srcset=\"https:\/\/www.monta\u00f1asdelaluna.es\/wp-content\/uploads\/2019\/12\/cima-del-comabona-2-554-mts-555x370.jpg 555w, https:\/\/www.monta\u00f1asdelaluna.es\/wp-content\/uploads\/2019\/12\/cima-del-comabona-2-554-mts-1110x740.jpg 1110w\" alt=\"\" title=\"Cima del Comabona, 2.554 mts.\" width=\"555\" height=\"370\"  \/><\/a><\/p>\n\t\t\t<\/div>\n\n\t\t\n\t\t<div class=\"blog-content wf-td\">\n\t\t\t<h3 class=\"entry-title\"><a href=\"https:\/\/www.monta\u00f1asdelaluna.es\/?p=40947\" title=\"Comabona desde Gisclareny\" rel=\"bookmark\">Comabona desde Gisclareny<\/a><\/h3>\n\n\t\t\t<div class=\"entry-meta\"><span class=\"category-link\"><a href=\"https:\/\/www.monta\u00f1asdelaluna.es\/?cat=130\" rel=\"category\">Pirineo Calizo Catal\u00e1n<\/a><\/span><a class=\"author vcard\" href=\"https:\/\/www.monta\u00f1asdelaluna.es\/?author=1\" title=\"Ver todas las publicaciones de Joaquin Terres\" rel=\"author\">Por <span class=\"fn\">Joaquin Terres<\/span><\/a><a href=\"https:\/\/www.monta\u00f1asdelaluna.es\/?m=20181110\" title=\"8:16 am\" class=\"data-link\" rel=\"bookmark\"><time class=\"entry-date updated\" datetime=\"2018-11-10T08:16:57+00:00\">10 noviembre, 2018<\/time><\/a><a href=\"https:\/\/www.monta\u00f1asdelaluna.es\/?p=40947#respond\" class=\"comment-link\" >Deja un comentario<\/a><\/div><p>[vc_row][vc_column][vc_column_text]Ya hac\u00eda tiempo que no hacia ninguna salida de monta\u00f1a (en serio) desde este mes de agosto con la Expedici\u00f3n al Pamir. Ya iba teniendo ganas de recorrer laderas nevadas, llegar a fr\u00edas cimas y admirar magn\u00edficos paisajes. Hablando con mi compa\u00f1ero de trabajo Ra\u00fal, tambi\u00e9n solitario monta\u00f1ero, sali\u00f3 la conversaci\u00f3n el hacer una ruta&hellip;<\/p>\n\n<a href=\"https:\/\/www.monta\u00f1asdelaluna.es\/?p=40947\" class=\"details more-link\" aria-label=\"Read more about Comabona desde Gisclareny\" rel=\"nofollow\">Detalles<\/a>\n\n\t\t<\/div>\n\n\t<\/article>\n\n<\/div>\n<div class=\"wf-cell iso-item category-115\" data-post-id=\"39589\" data-date=\"2018-08-13T09:22:10+00:00\" data-name=\"13 de agosto de 2.018, lunes. Bajada al Campo Base, 3.600 mts. desde el Campo 1, 4.400 mts. y resto del viaje.\">\n\t<article class=\"post post-39589 type-post status-publish format-standard has-post-thumbnail hentry category-pico-lenin category-115 description-off\">\n\n\t\t\n\t\t\t<div class=\"blog-media wf-td\">\n\n\t\t\t\t<p><a href=\"https:\/\/www.monta\u00f1asdelaluna.es\/?p=39589\" class=\"alignnone rollover layzr-bg\" ><img loading=\"lazy\" decoding=\"async\" class=\"preload-me iso-lazy-load\" src=\"data:image\/svg+xml,%3Csvg%20xmlns%3D&#39;http%3A%2F%2Fwww.w3.org%2F2000%2Fsvg&#39;%20viewBox%3D&#39;0%200%20555%20416&#39;%2F%3E\" data-src=\"https:\/\/www.monta\u00f1asdelaluna.es\/wp-content\/uploads\/2019\/02\/IMG_8802A-555x416.jpg\" data-srcset=\"https:\/\/www.monta\u00f1asdelaluna.es\/wp-content\/uploads\/2019\/02\/IMG_8802A-555x416.jpg 555w, https:\/\/www.monta\u00f1asdelaluna.es\/wp-content\/uploads\/2019\/02\/IMG_8802A-1110x832.jpg 1110w\" alt=\"\" title=\"Campo 1 despu\u00e9s de la nevada de la noche anterior\" width=\"555\" height=\"416\"  \/><\/a><\/p>\n\t\t\t<\/div>\n\n\t\t\n\t\t<div class=\"blog-content wf-td\">\n\t\t\t<h3 class=\"entry-title\"><a href=\"https:\/\/www.monta\u00f1asdelaluna.es\/?p=39589\" title=\"13 de agosto de 2.018, lunes. Bajada al Campo Base, 3.600 mts. desde el Campo 1, 4.400 mts. y resto del viaje.\" rel=\"bookmark\">13 de agosto de 2.018, lunes. Bajada al Campo Base, 3.600 mts. desde el Campo 1, 4.400 mts. y resto del viaje.<\/a><\/h3>\n\n\t\t\t<div class=\"entry-meta\"><span class=\"category-link\"><a href=\"https:\/\/www.monta\u00f1asdelaluna.es\/?cat=115\" rel=\"category\">Pico Lenin<\/a><\/span><a class=\"author vcard\" href=\"https:\/\/www.monta\u00f1asdelaluna.es\/?author=1\" title=\"Ver todas las publicaciones de Joaquin Terres\" rel=\"author\">Por <span class=\"fn\">Joaquin Terres<\/span><\/a><a href=\"https:\/\/www.monta\u00f1asdelaluna.es\/?m=20180813\" title=\"9:22 am\" class=\"data-link\" rel=\"bookmark\"><time class=\"entry-date updated\" datetime=\"2018-08-13T09:22:10+00:00\">13 agosto, 2018<\/time><\/a><a href=\"https:\/\/www.monta\u00f1asdelaluna.es\/?p=39589#respond\" class=\"comment-link\" >Deja un comentario<\/a><\/div><p>[vc_row][vc_column][vc_column_text]Al otro d\u00eda nadie quiere levantarse. Pero el d\u00eda amanece espl\u00e9ndido, hermoso, con un sol enorme y sin una nube. Todo est\u00e1 blanco. Despu\u00e9s de la tormenta de ayer, la calma inaugura el d\u00eda. Han ca\u00eddo casi medio metro de nieve, aqu\u00ed en el Campo 1 entre 20 y 30 ctmos. como m\u00ednimo. El paisaje&hellip;<\/p>\n\n<a href=\"https:\/\/www.monta\u00f1asdelaluna.es\/?p=39589\" class=\"details more-link\" aria-label=\"Read more about 13 de agosto de 2.018, lunes. Bajada al Campo Base, 3.600 mts. desde el Campo 1, 4.400 mts. y resto del viaje.\" rel=\"nofollow\">Detalles<\/a>\n\n\t\t<\/div>\n\n\t<\/article>\n\n<\/div>\n<div class=\"wf-cell iso-item category-115\" data-post-id=\"39485\" data-date=\"2018-08-12T18:03:38+00:00\" data-name=\"12 de agosto de 2.018, domingo. Bajada al Campo 1, 4.400 mts. desde el Campo 3, 6.100 mts.\">\n\t<article class=\"post post-39485 type-post status-publish format-standard has-post-thumbnail hentry category-pico-lenin category-115 description-off\">\n\n\t\t\n\t\t\t<div class=\"blog-media wf-td\">\n\n\t\t\t\t<p><a href=\"https:\/\/www.monta\u00f1asdelaluna.es\/?p=39485\" class=\"alignnone rollover layzr-bg\" ><img loading=\"lazy\" decoding=\"async\" class=\"preload-me iso-lazy-load\" src=\"data:image\/svg+xml,%3Csvg%20xmlns%3D&#39;http%3A%2F%2Fwww.w3.org%2F2000%2Fsvg&#39;%20viewBox%3D&#39;0%200%20555%20370&#39;%2F%3E\" data-src=\"https:\/\/www.monta\u00f1asdelaluna.es\/wp-content\/uploads\/2019\/01\/de-izquierda-a-derecha-joaquin-luis-javi-iveta-dimitri-dima-ilan-tereza-didi-batman-guia-nepali-tom-y-trabajadores-del-campo-1-555x370.jpg\" data-srcset=\"https:\/\/www.monta\u00f1asdelaluna.es\/wp-content\/uploads\/2019\/01\/de-izquierda-a-derecha-joaquin-luis-javi-iveta-dimitri-dima-ilan-tereza-didi-batman-guia-nepali-tom-y-trabajadores-del-campo-1-555x370.jpg 555w, https:\/\/www.monta\u00f1asdelaluna.es\/wp-content\/uploads\/2019\/01\/de-izquierda-a-derecha-joaquin-luis-javi-iveta-dimitri-dima-ilan-tereza-didi-batman-guia-nepali-tom-y-trabajadores-del-campo-1-1110x740.jpg 1110w\" alt=\"\" title=\"De izquierda a derecha: Joaqu\u00edn, Luis, Javi, Iveta, Dimitri, dima, Ilan, Tereza, Didi, \u00abbatman\u00bb gu\u00eda nepal\u00ed, Tom y trabajadores del Campo 1\" width=\"555\" height=\"370\"  \/><\/a><\/p>\n\t\t\t<\/div>\n\n\t\t\n\t\t<div class=\"blog-content wf-td\">\n\t\t\t<h3 class=\"entry-title\"><a href=\"https:\/\/www.monta\u00f1asdelaluna.es\/?p=39485\" title=\"12 de agosto de 2.018, domingo. Bajada al Campo 1, 4.400 mts. desde el Campo 3, 6.100 mts.\" rel=\"bookmark\">12 de agosto de 2.018, domingo. Bajada al Campo 1, 4.400 mts. desde el Campo 3, 6.100 mts.<\/a><\/h3>\n\n\t\t\t<div class=\"entry-meta\"><span class=\"category-link\"><a href=\"https:\/\/www.monta\u00f1asdelaluna.es\/?cat=115\" rel=\"category\">Pico Lenin<\/a><\/span><a class=\"author vcard\" href=\"https:\/\/www.monta\u00f1asdelaluna.es\/?author=1\" title=\"Ver todas las publicaciones de Joaquin Terres\" rel=\"author\">Por <span class=\"fn\">Joaquin Terres<\/span><\/a><a href=\"https:\/\/www.monta\u00f1asdelaluna.es\/?m=20180812\" title=\"6:03 pm\" class=\"data-link\" rel=\"bookmark\"><time class=\"entry-date updated\" datetime=\"2018-08-12T18:03:38+00:00\">12 agosto, 2018<\/time><\/a><a href=\"https:\/\/www.monta\u00f1asdelaluna.es\/?p=39485#respond\" class=\"comment-link\" >Deja un comentario<\/a><\/div><p>[vc_row][vc_column][vc_column_text]Me despierta el ruido fuera de la tienda. Parece que el viento que no lleg\u00f3 a manifestarse ayer, esta ma\u00f1ana ha hecho acto de presencia con suficiente virulencia y fuerza como para despertarme del dulce sue\u00f1o. Javi sigue descansando y durmiendo, y parece que nadie del campamento quiere salir para observar la situaci\u00f3n. Al cabo&hellip;<\/p>\n\n<a href=\"https:\/\/www.monta\u00f1asdelaluna.es\/?p=39485\" class=\"details more-link\" aria-label=\"Read more about 12 de agosto de 2.018, domingo. Bajada al Campo 1, 4.400 mts. desde el Campo 3, 6.100 mts.\" rel=\"nofollow\">Detalles<\/a>\n\n\t\t<\/div>\n\n\t<\/article>\n\n<\/div>\n<div class=\"wf-cell iso-item category-115\" data-post-id=\"39467\" data-date=\"2018-08-11T19:04:32+00:00\" data-name=\"11 de agosto de 2.018, s\u00e1bado. Cima del Pico Lenin, 7.134 mts.\">\n\t<article class=\"post post-39467 type-post status-publish format-standard has-post-thumbnail hentry category-pico-lenin category-115 description-off\">\n\n\t\t\n\t\t\t<div class=\"blog-media wf-td\">\n\n\t\t\t\t<p><a href=\"https:\/\/www.monta\u00f1asdelaluna.es\/?p=39467\" class=\"alignnone rollover layzr-bg\" ><img loading=\"lazy\" decoding=\"async\" class=\"preload-me iso-lazy-load\" src=\"data:image\/svg+xml,%3Csvg%20xmlns%3D&#39;http%3A%2F%2Fwww.w3.org%2F2000%2Fsvg&#39;%20viewBox%3D&#39;0%200%20555%20416&#39;%2F%3E\" data-src=\"https:\/\/www.monta\u00f1asdelaluna.es\/wp-content\/uploads\/2019\/01\/luis-y-javi-en-la-cima-del-pico-lenin-7-134-mts-detras-el-pico-dzerzhinsky-555x416.jpg\" data-srcset=\"https:\/\/www.monta\u00f1asdelaluna.es\/wp-content\/uploads\/2019\/01\/luis-y-javi-en-la-cima-del-pico-lenin-7-134-mts-detras-el-pico-dzerzhinsky-555x416.jpg 555w, https:\/\/www.monta\u00f1asdelaluna.es\/wp-content\/uploads\/2019\/01\/luis-y-javi-en-la-cima-del-pico-lenin-7-134-mts-detras-el-pico-dzerzhinsky-1110x832.jpg 1110w\" alt=\"\" title=\"Luis y Javi en la cima del Pico Lenin, 7.134 mts., detr\u00e1s el pico Dzerzhinsky\" width=\"555\" height=\"416\"  \/><\/a><\/p>\n\t\t\t<\/div>\n\n\t\t\n\t\t<div class=\"blog-content wf-td\">\n\t\t\t<h3 class=\"entry-title\"><a href=\"https:\/\/www.monta\u00f1asdelaluna.es\/?p=39467\" title=\"11 de agosto de 2.018, s\u00e1bado. Cima del Pico Lenin, 7.134 mts.\" rel=\"bookmark\">11 de agosto de 2.018, s\u00e1bado. Cima del Pico Lenin, 7.134 mts.<\/a><\/h3>\n\n\t\t\t<div class=\"entry-meta\"><span class=\"category-link\"><a href=\"https:\/\/www.monta\u00f1asdelaluna.es\/?cat=115\" rel=\"category\">Pico Lenin<\/a><\/span><a class=\"author vcard\" href=\"https:\/\/www.monta\u00f1asdelaluna.es\/?author=1\" title=\"Ver todas las publicaciones de Joaquin Terres\" rel=\"author\">Por <span class=\"fn\">Joaquin Terres<\/span><\/a><a href=\"https:\/\/www.monta\u00f1asdelaluna.es\/?m=20180811\" title=\"7:04 pm\" class=\"data-link\" rel=\"bookmark\"><time class=\"entry-date updated\" datetime=\"2018-08-11T19:04:32+00:00\">11 agosto, 2018<\/time><\/a><a href=\"https:\/\/www.monta\u00f1asdelaluna.es\/?p=39467#respond\" class=\"comment-link\" >Deja un comentario<\/a><\/div><p>[vc_row][vc_column][vc_column_text]A las 01,30 de la madrugada suena Ohne Dich de Rammstein. La alarma para levantarnos y emprender la subida, el \u00faltimo ataque al Pico Lenin. No he dormido nada. Justo ahora casi que cog\u00eda el sue\u00f1o. Si por mi fuera no me levantaba ya que no he descansado lo suficiente y me falta horas de&hellip;<\/p>\n\n<a href=\"https:\/\/www.monta\u00f1asdelaluna.es\/?p=39467\" class=\"details more-link\" aria-label=\"Read more about 11 de agosto de 2.018, s\u00e1bado. Cima del Pico Lenin, 7.134 mts.\" rel=\"nofollow\">Detalles<\/a>\n\n\t\t<\/div>\n\n\t<\/article>\n\n<\/div>\n<div class=\"wf-cell iso-item category-115\" data-post-id=\"39416\" data-date=\"2018-08-10T17:49:26+00:00\" data-name=\"10 de agosto de 2.018, viernes. Ataque a la cima. Subida al Campo 3, 6.100 mts.\">\n\t<article class=\"post post-39416 type-post status-publish format-standard has-post-thumbnail hentry category-pico-lenin category-115 description-off\">\n\n\t\t\n\t\t\t<div class=\"blog-media wf-td\">\n\n\t\t\t\t<p><a href=\"https:\/\/www.monta\u00f1asdelaluna.es\/?p=39416\" class=\"alignnone rollover layzr-bg\" ><img loading=\"lazy\" decoding=\"async\" class=\"preload-me iso-lazy-load\" src=\"data:image\/svg+xml,%3Csvg%20xmlns%3D&#39;http%3A%2F%2Fwww.w3.org%2F2000%2Fsvg&#39;%20viewBox%3D&#39;0%200%20555%20370&#39;%2F%3E\" data-src=\"https:\/\/www.monta\u00f1asdelaluna.es\/wp-content\/uploads\/2019\/01\/campo-3-del-pico-lenin-6-100-mts-555x370.jpg\" data-srcset=\"https:\/\/www.monta\u00f1asdelaluna.es\/wp-content\/uploads\/2019\/01\/campo-3-del-pico-lenin-6-100-mts-555x370.jpg 555w, https:\/\/www.monta\u00f1asdelaluna.es\/wp-content\/uploads\/2019\/01\/campo-3-del-pico-lenin-6-100-mts-1110x740.jpg 1110w\" alt=\"\" title=\"Campo 3 del Pico Lenin, 6.100 mts.\" width=\"555\" height=\"370\"  \/><\/a><\/p>\n\t\t\t<\/div>\n\n\t\t\n\t\t<div class=\"blog-content wf-td\">\n\t\t\t<h3 class=\"entry-title\"><a href=\"https:\/\/www.monta\u00f1asdelaluna.es\/?p=39416\" title=\"10 de agosto de 2.018, viernes. Ataque a la cima. Subida al Campo 3, 6.100 mts.\" rel=\"bookmark\">10 de agosto de 2.018, viernes. Ataque a la cima. Subida al Campo 3, 6.100 mts.<\/a><\/h3>\n\n\t\t\t<div class=\"entry-meta\"><span class=\"category-link\"><a href=\"https:\/\/www.monta\u00f1asdelaluna.es\/?cat=115\" rel=\"category\">Pico Lenin<\/a><\/span><a class=\"author vcard\" href=\"https:\/\/www.monta\u00f1asdelaluna.es\/?author=1\" title=\"Ver todas las publicaciones de Joaquin Terres\" rel=\"author\">Por <span class=\"fn\">Joaquin Terres<\/span><\/a><a href=\"https:\/\/www.monta\u00f1asdelaluna.es\/?m=20180810\" title=\"5:49 pm\" class=\"data-link\" rel=\"bookmark\"><time class=\"entry-date updated\" datetime=\"2018-08-10T17:49:26+00:00\">10 agosto, 2018<\/time><\/a><a href=\"https:\/\/www.monta\u00f1asdelaluna.es\/?p=39416#respond\" class=\"comment-link\" >Deja un comentario<\/a><\/div><p>[vc_row][vc_column][vc_column_text]Como siempre antes de las 8 de la ma\u00f1ana estamos despiertos. La actividad de hoy no ser\u00e1 muy larga pero importante para definir y decidir el \u00e9xito, la progresi\u00f3n del ataque al Pico Lenin al otro d\u00eda. Amanece un muy buen d\u00eda, esperamos que est\u00e9 as\u00ed durante toda la ma\u00f1ana, y como siempre, como una&hellip;<\/p>\n\n<a href=\"https:\/\/www.monta\u00f1asdelaluna.es\/?p=39416\" class=\"details more-link\" aria-label=\"Read more about 10 de agosto de 2.018, viernes. Ataque a la cima. Subida al Campo 3, 6.100 mts.\" rel=\"nofollow\">Detalles<\/a>\n\n\t\t<\/div>\n\n\t<\/article>\n\n<\/div>\n<div class=\"wf-cell iso-item category-115\" data-post-id=\"39406\" data-date=\"2018-08-09T06:46:24+00:00\" data-name=\"9 de agosto de 2.018, jueves. Ataque a la cima: Subida al Campo 2, 5.300 mts.\">\n\t<article class=\"post post-39406 type-post status-publish format-standard has-post-thumbnail hentry category-pico-lenin category-115 description-off\">\n\n\t\t\n\t\t\t<div class=\"blog-media wf-td\">\n\n\t\t\t\t<p><a href=\"https:\/\/www.monta\u00f1asdelaluna.es\/?p=39406\" class=\"alignnone rollover layzr-bg\" ><img loading=\"lazy\" decoding=\"async\" class=\"preload-me iso-lazy-load\" src=\"data:image\/svg+xml,%3Csvg%20xmlns%3D&#39;http%3A%2F%2Fwww.w3.org%2F2000%2Fsvg&#39;%20viewBox%3D&#39;0%200%20555%20370&#39;%2F%3E\" data-src=\"https:\/\/www.monta\u00f1asdelaluna.es\/wp-content\/uploads\/2019\/01\/descanso-en-la-subida-al-campo-2-de-izquierda-a-derecha-javi-luis-y-batman-el-guia-nepali-555x370.jpg\" data-srcset=\"https:\/\/www.monta\u00f1asdelaluna.es\/wp-content\/uploads\/2019\/01\/descanso-en-la-subida-al-campo-2-de-izquierda-a-derecha-javi-luis-y-batman-el-guia-nepali-555x370.jpg 555w, https:\/\/www.monta\u00f1asdelaluna.es\/wp-content\/uploads\/2019\/01\/descanso-en-la-subida-al-campo-2-de-izquierda-a-derecha-javi-luis-y-batman-el-guia-nepali-1110x740.jpg 1110w\" alt=\"\" title=\"Descanso en la subida al Campo 2. De izquierda a derecha: Javi, Luis y \u00abbatman\u00bb (el gu\u00eda nepal\u00ed)\" width=\"555\" height=\"370\"  \/><\/a><\/p>\n\t\t\t<\/div>\n\n\t\t\n\t\t<div class=\"blog-content wf-td\">\n\t\t\t<h3 class=\"entry-title\"><a href=\"https:\/\/www.monta\u00f1asdelaluna.es\/?p=39406\" title=\"9 de agosto de 2.018, jueves. Ataque a la cima: Subida al Campo 2, 5.300 mts.\" rel=\"bookmark\">9 de agosto de 2.018, jueves. Ataque a la cima: Subida al Campo 2, 5.300 mts.<\/a><\/h3>\n\n\t\t\t<div class=\"entry-meta\"><span class=\"category-link\"><a href=\"https:\/\/www.monta\u00f1asdelaluna.es\/?cat=115\" rel=\"category\">Pico Lenin<\/a><\/span><a class=\"author vcard\" href=\"https:\/\/www.monta\u00f1asdelaluna.es\/?author=1\" title=\"Ver todas las publicaciones de Joaquin Terres\" rel=\"author\">Por <span class=\"fn\">Joaquin Terres<\/span><\/a><a href=\"https:\/\/www.monta\u00f1asdelaluna.es\/?m=20180809\" title=\"6:46 am\" class=\"data-link\" rel=\"bookmark\"><time class=\"entry-date updated\" datetime=\"2018-08-09T06:46:24+00:00\">9 agosto, 2018<\/time><\/a><a href=\"https:\/\/www.monta\u00f1asdelaluna.es\/?p=39406#respond\" class=\"comment-link\" >Deja un comentario<\/a><\/div><p>[vc_row][vc_column][vc_column_text]Suena el despertador del m\u00f3vil. Una canci\u00f3n de Rammstein otra vez. El mismo ritual casi calcado que la primera vez que salimos del Campo 1 hacia el Campo 2. El resto del grupo comienza a deambular por el Campo 1 en direcci\u00f3n a la yurta comedor donde desayunaremos. No se levanta ninguno m\u00e1s del resto&hellip;<\/p>\n\n<a href=\"https:\/\/www.monta\u00f1asdelaluna.es\/?p=39406\" class=\"details more-link\" aria-label=\"Read more about 9 de agosto de 2.018, jueves. Ataque a la cima: Subida al Campo 2, 5.300 mts.\" rel=\"nofollow\">Detalles<\/a>\n\n\t\t<\/div>\n\n\t<\/article>\n\n<\/div>\n<div class=\"wf-cell iso-item category-115\" data-post-id=\"39396\" data-date=\"2018-08-07T19:53:27+00:00\" data-name=\"7 y 8 de agosto de 2.018. Descanso en el Campo 1.\">\n\t<article class=\"post post-39396 type-post status-publish format-standard has-post-thumbnail hentry category-pico-lenin category-115 description-off\">\n\n\t\t\n\t\t\t<div class=\"blog-media wf-td\">\n\n\t\t\t\t<p><a href=\"https:\/\/www.monta\u00f1asdelaluna.es\/?p=39396\" class=\"alignnone rollover layzr-bg\" ><img loading=\"lazy\" decoding=\"async\" class=\"preload-me iso-lazy-load\" src=\"data:image\/svg+xml,%3Csvg%20xmlns%3D&#39;http%3A%2F%2Fwww.w3.org%2F2000%2Fsvg&#39;%20viewBox%3D&#39;0%200%20555%20370&#39;%2F%3E\" data-src=\"https:\/\/www.monta\u00f1asdelaluna.es\/wp-content\/uploads\/2019\/01\/atardecer-en-el-campo-1-del-pico-lenin-555x370.jpg\" data-srcset=\"https:\/\/www.monta\u00f1asdelaluna.es\/wp-content\/uploads\/2019\/01\/atardecer-en-el-campo-1-del-pico-lenin-555x370.jpg 555w, https:\/\/www.monta\u00f1asdelaluna.es\/wp-content\/uploads\/2019\/01\/atardecer-en-el-campo-1-del-pico-lenin-1110x740.jpg 1110w\" alt=\"\" title=\"Atardecer en el Campo 1 del Pico Lenin\" width=\"555\" height=\"370\"  \/><\/a><\/p>\n\t\t\t<\/div>\n\n\t\t\n\t\t<div class=\"blog-content wf-td\">\n\t\t\t<h3 class=\"entry-title\"><a href=\"https:\/\/www.monta\u00f1asdelaluna.es\/?p=39396\" title=\"7 y 8 de agosto de 2.018. Descanso en el Campo 1.\" rel=\"bookmark\">7 y 8 de agosto de 2.018. Descanso en el Campo 1.<\/a><\/h3>\n\n\t\t\t<div class=\"entry-meta\"><span class=\"category-link\"><a href=\"https:\/\/www.monta\u00f1asdelaluna.es\/?cat=115\" rel=\"category\">Pico Lenin<\/a><\/span><a class=\"author vcard\" href=\"https:\/\/www.monta\u00f1asdelaluna.es\/?author=1\" title=\"Ver todas las publicaciones de Joaquin Terres\" rel=\"author\">Por <span class=\"fn\">Joaquin Terres<\/span><\/a><a href=\"https:\/\/www.monta\u00f1asdelaluna.es\/?m=20180807\" title=\"7:53 pm\" class=\"data-link\" rel=\"bookmark\"><time class=\"entry-date updated\" datetime=\"2018-08-07T19:53:27+00:00\">7 agosto, 2018<\/time><\/a><a href=\"https:\/\/www.monta\u00f1asdelaluna.es\/?p=39396#respond\" class=\"comment-link\" >Deja un comentario<\/a><\/div><p>[vc_row][vc_column][vc_column_text]Estos d\u00edas nos quedamos en el Campo 1 sin bajar al Campo Base como hab\u00eda planeado la empresa. Ya hab\u00edamos decidido nosotros no bajar al Campo Base aunque tuvi\u00e9ramos que pagar un d\u00eda m\u00e1s en el Campo 1. Entonces parece que la empresa, con el gu\u00eda Dima entendieron la situaci\u00f3n, sin que haya reuni\u00f3n, y&hellip;<\/p>\n\n<a href=\"https:\/\/www.monta\u00f1asdelaluna.es\/?p=39396\" class=\"details more-link\" aria-label=\"Read more about 7 y 8 de agosto de 2.018. Descanso en el Campo 1.\" rel=\"nofollow\">Detalles<\/a>\n\n\t\t<\/div>\n\n\t<\/article>\n\n<\/div>\n<div class=\"wf-cell iso-item category-115\" data-post-id=\"39318\" data-date=\"2018-08-06T08:06:33+00:00\" data-name=\"6 de agosto de 2.018, lunes. Bajada al Campo 1, 4.400 mts.\">\n\t<article class=\"post post-39318 type-post status-publish format-standard has-post-thumbnail hentry category-pico-lenin category-115 description-off\">\n\n\t\t\n\t\t\t<div class=\"blog-media wf-td\">\n\n\t\t\t\t<p><a href=\"https:\/\/www.monta\u00f1asdelaluna.es\/?p=39318\" class=\"alignnone rollover layzr-bg\" ><img loading=\"lazy\" decoding=\"async\" class=\"preload-me iso-lazy-load\" src=\"data:image\/svg+xml,%3Csvg%20xmlns%3D&#39;http%3A%2F%2Fwww.w3.org%2F2000%2Fsvg&#39;%20viewBox%3D&#39;0%200%20555%20370&#39;%2F%3E\" data-src=\"https:\/\/www.monta\u00f1asdelaluna.es\/wp-content\/uploads\/2018\/11\/glaciar-lenin-se-aprecia-el-campo-1-en-la-morrena-entre-los-hielos-del-glaciar-555x370.jpg\" data-srcset=\"https:\/\/www.monta\u00f1asdelaluna.es\/wp-content\/uploads\/2018\/11\/glaciar-lenin-se-aprecia-el-campo-1-en-la-morrena-entre-los-hielos-del-glaciar-555x370.jpg 555w, https:\/\/www.monta\u00f1asdelaluna.es\/wp-content\/uploads\/2018\/11\/glaciar-lenin-se-aprecia-el-campo-1-en-la-morrena-entre-los-hielos-del-glaciar-1110x740.jpg 1110w\" alt=\"\" title=\"Glaciar Lenin. Se aprecia el Campo 1 en la morrena entre los hielos del glaciar\" width=\"555\" height=\"370\"  \/><\/a><\/p>\n\t\t\t<\/div>\n\n\t\t\n\t\t<div class=\"blog-content wf-td\">\n\t\t\t<h3 class=\"entry-title\"><a href=\"https:\/\/www.monta\u00f1asdelaluna.es\/?p=39318\" title=\"6 de agosto de 2.018, lunes. Bajada al Campo 1, 4.400 mts.\" rel=\"bookmark\">6 de agosto de 2.018, lunes. Bajada al Campo 1, 4.400 mts.<\/a><\/h3>\n\n\t\t\t<div class=\"entry-meta\"><span class=\"category-link\"><a href=\"https:\/\/www.monta\u00f1asdelaluna.es\/?cat=115\" rel=\"category\">Pico Lenin<\/a><\/span><a class=\"author vcard\" href=\"https:\/\/www.monta\u00f1asdelaluna.es\/?author=1\" title=\"Ver todas las publicaciones de Joaquin Terres\" rel=\"author\">Por <span class=\"fn\">Joaquin Terres<\/span><\/a><a href=\"https:\/\/www.monta\u00f1asdelaluna.es\/?m=20180806\" title=\"8:06 am\" class=\"data-link\" rel=\"bookmark\"><time class=\"entry-date updated\" datetime=\"2018-08-06T08:06:33+00:00\">6 agosto, 2018<\/time><\/a><a href=\"https:\/\/www.monta\u00f1asdelaluna.es\/?p=39318#respond\" class=\"comment-link\" >Deja un comentario<\/a><\/div><p>[vc_row][vc_column][vc_column_text]Igual que otras ma\u00f1anas nos levantamos antes de hora. Tampoco hay que madrugar mucho, aunque los gu\u00edas, Dima, quiere bajar pronto antes de que llegue el mal tiempo. Mientras salimos de las tiendas, desayunamos y preparamos las mochilas, vemos como Ilan que se ve s\u00ed ha madrugado, llega a nuestro campamento del Campo 3. Al&hellip;<\/p>\n\n<a href=\"https:\/\/www.monta\u00f1asdelaluna.es\/?p=39318\" class=\"details more-link\" aria-label=\"Read more about 6 de agosto de 2.018, lunes. Bajada al Campo 1, 4.400 mts.\" rel=\"nofollow\">Detalles<\/a>\n\n\t\t<\/div>\n\n\t<\/article>\n\n<\/div>\n<div class=\"wf-cell iso-item category-115\" data-post-id=\"39312\" data-date=\"2018-08-05T07:48:22+00:00\" data-name=\"5 de agosto de 2.018, domingo. Subida al Campo 3, 6.100 mts.\">\n\t<article class=\"post post-39312 type-post status-publish format-standard has-post-thumbnail hentry category-pico-lenin category-115 description-off\">\n\n\t\t\n\t\t\t<div class=\"blog-media wf-td\">\n\n\t\t\t\t<p><a href=\"https:\/\/www.monta\u00f1asdelaluna.es\/?p=39312\" class=\"alignnone rollover layzr-bg\" ><img loading=\"lazy\" decoding=\"async\" class=\"preload-me iso-lazy-load\" src=\"data:image\/svg+xml,%3Csvg%20xmlns%3D&#39;http%3A%2F%2Fwww.w3.org%2F2000%2Fsvg&#39;%20viewBox%3D&#39;0%200%20555%20370&#39;%2F%3E\" data-src=\"https:\/\/www.monta\u00f1asdelaluna.es\/wp-content\/uploads\/2018\/11\/campo-3-del-pico-lenin-6-100-mts-al-fondo-la-suave-loma-del-razdelnaya-y-detras-mas-alto-el-dzerzhinsky-555x370.jpg\" data-srcset=\"https:\/\/www.monta\u00f1asdelaluna.es\/wp-content\/uploads\/2018\/11\/campo-3-del-pico-lenin-6-100-mts-al-fondo-la-suave-loma-del-razdelnaya-y-detras-mas-alto-el-dzerzhinsky-555x370.jpg 555w, https:\/\/www.monta\u00f1asdelaluna.es\/wp-content\/uploads\/2018\/11\/campo-3-del-pico-lenin-6-100-mts-al-fondo-la-suave-loma-del-razdelnaya-y-detras-mas-alto-el-dzerzhinsky-1110x740.jpg 1110w\" alt=\"\" title=\"Campo 3 del Pico Lenin, 6.100 mts. Al fondo la suave loma del Razdelnaya y detr\u00e1s m\u00e1s alto el Dzerzhinsky\" width=\"555\" height=\"370\"  \/><\/a><\/p>\n\t\t\t<\/div>\n\n\t\t\n\t\t<div class=\"blog-content wf-td\">\n\t\t\t<h3 class=\"entry-title\"><a href=\"https:\/\/www.monta\u00f1asdelaluna.es\/?p=39312\" title=\"5 de agosto de 2.018, domingo. Subida al Campo 3, 6.100 mts.\" rel=\"bookmark\">5 de agosto de 2.018, domingo. Subida al Campo 3, 6.100 mts.<\/a><\/h3>\n\n\t\t\t<div class=\"entry-meta\"><span class=\"category-link\"><a href=\"https:\/\/www.monta\u00f1asdelaluna.es\/?cat=115\" rel=\"category\">Pico Lenin<\/a><\/span><a class=\"author vcard\" href=\"https:\/\/www.monta\u00f1asdelaluna.es\/?author=1\" title=\"Ver todas las publicaciones de Joaquin Terres\" rel=\"author\">Por <span class=\"fn\">Joaquin Terres<\/span><\/a><a href=\"https:\/\/www.monta\u00f1asdelaluna.es\/?m=20180805\" title=\"7:48 am\" class=\"data-link\" rel=\"bookmark\"><time class=\"entry-date updated\" datetime=\"2018-08-05T07:48:22+00:00\">5 agosto, 2018<\/time><\/a><a href=\"https:\/\/www.monta\u00f1asdelaluna.es\/?p=39312#respond\" class=\"comment-link\" >Deja un comentario<\/a><\/div><p>[vc_row][vc_column][vc_column_text]Despertar calcado al d\u00eda anterior y amanece un d\u00eda radiante, espectacular de nuevo. Ser\u00e1 el \u00faltimo ya que ma\u00f1ana comienza a girarse el tiempo. Hoy toca subir al Campo 3. Ilan pasar\u00eda la noche all\u00ed, alg\u00fan gu\u00eda se quedar\u00eda con \u00e9l (Divi) y el resto nos bajaremos al campo 2 a dormir. Desayuno esas galletitas&hellip;<\/p>\n\n<a href=\"https:\/\/www.monta\u00f1asdelaluna.es\/?p=39312\" class=\"details more-link\" aria-label=\"Read more about 5 de agosto de 2.018, domingo. Subida al Campo 3, 6.100 mts.\" rel=\"nofollow\">Detalles<\/a>\n\n\t\t<\/div>\n\n\t<\/article>\n\n<\/div>\n<div class=\"wf-cell iso-item category-115\" data-post-id=\"39229\" data-date=\"2018-08-04T20:17:39+00:00\" data-name=\"4 de agosto de 2.018, s\u00e1bado. Subida a 5.800 mts.\">\n\t<article class=\"post post-39229 type-post status-publish format-standard has-post-thumbnail hentry category-pico-lenin category-115 description-off\">\n\n\t\t\n\t\t\t<div class=\"blog-media wf-td\">\n\n\t\t\t\t<p><a href=\"https:\/\/www.monta\u00f1asdelaluna.es\/?p=39229\" class=\"alignnone rollover layzr-bg\" ><img loading=\"lazy\" decoding=\"async\" class=\"preload-me iso-lazy-load\" src=\"data:image\/svg+xml,%3Csvg%20xmlns%3D&#39;http%3A%2F%2Fwww.w3.org%2F2000%2Fsvg&#39;%20viewBox%3D&#39;0%200%20555%20416&#39;%2F%3E\" data-src=\"https:\/\/www.monta\u00f1asdelaluna.es\/wp-content\/uploads\/2018\/11\/descanso-a-5-800-mts-con-el-pico-lenin-detras-delante-en-el-suelo-javi-joaquin-en-el-centro-e-ilan-555x416.jpg\" data-srcset=\"https:\/\/www.monta\u00f1asdelaluna.es\/wp-content\/uploads\/2018\/11\/descanso-a-5-800-mts-con-el-pico-lenin-detras-delante-en-el-suelo-javi-joaquin-en-el-centro-e-ilan-555x416.jpg 555w, https:\/\/www.monta\u00f1asdelaluna.es\/wp-content\/uploads\/2018\/11\/descanso-a-5-800-mts-con-el-pico-lenin-detras-delante-en-el-suelo-javi-joaquin-en-el-centro-e-ilan-1110x832.jpg 1110w\" alt=\"\" title=\"Descanso a 5.800 mts. con el Pico Lenin detr\u00e1s, delante en el suelo Javi, Joaqu\u00edn en el centro e Ilan\" width=\"555\" height=\"416\"  \/><\/a><\/p>\n\t\t\t<\/div>\n\n\t\t\n\t\t<div class=\"blog-content wf-td\">\n\t\t\t<h3 class=\"entry-title\"><a href=\"https:\/\/www.monta\u00f1asdelaluna.es\/?p=39229\" title=\"4 de agosto de 2.018, s\u00e1bado. Subida a 5.800 mts.\" rel=\"bookmark\">4 de agosto de 2.018, s\u00e1bado. Subida a 5.800 mts.<\/a><\/h3>\n\n\t\t\t<div class=\"entry-meta\"><span class=\"category-link\"><a href=\"https:\/\/www.monta\u00f1asdelaluna.es\/?cat=115\" rel=\"category\">Pico Lenin<\/a><\/span><a class=\"author vcard\" href=\"https:\/\/www.monta\u00f1asdelaluna.es\/?author=1\" title=\"Ver todas las publicaciones de Joaquin Terres\" rel=\"author\">Por <span class=\"fn\">Joaquin Terres<\/span><\/a><a href=\"https:\/\/www.monta\u00f1asdelaluna.es\/?m=20180804\" title=\"8:17 pm\" class=\"data-link\" rel=\"bookmark\"><time class=\"entry-date updated\" datetime=\"2018-08-04T20:17:39+00:00\">4 agosto, 2018<\/time><\/a><a href=\"https:\/\/www.monta\u00f1asdelaluna.es\/?p=39229#respond\" class=\"comment-link\" >Deja un comentario<\/a><\/div><p>[vc_row][vc_column][vc_column_text]El d\u00eda se despierta igual que lo hizo el anterior: radiante, soleado, brillante y sin atisbo de mal tiempo por llegar. No tenemos que levantarnos temprano pero el sol que ya nos d\u00e1 en la tienda y el hecho de habernos ido a dormir pronto anoche, nos hace pronto, y a eso de las 8&hellip;<\/p>\n\n<a href=\"https:\/\/www.monta\u00f1asdelaluna.es\/?p=39229\" class=\"details more-link\" aria-label=\"Read more about 4 de agosto de 2.018, s\u00e1bado. Subida a 5.800 mts.\" rel=\"nofollow\">Detalles<\/a>\n\n\t\t<\/div>\n\n\t<\/article>\n\n<\/div>\n<div class=\"wf-cell iso-item category-115\" data-post-id=\"39222\" data-date=\"2018-08-03T07:48:23+00:00\" data-name=\"3 de agosto de 2.018, viernes. Campo 2 &quot;la sart\u00e9n&quot;, 5.300 mts.\">\n\t<article class=\"post post-39222 type-post status-publish format-standard has-post-thumbnail hentry category-pico-lenin category-115 description-off\">\n\n\t\t\n\t\t\t<div class=\"blog-media wf-td\">\n\n\t\t\t\t<p><a href=\"https:\/\/www.monta\u00f1asdelaluna.es\/?p=39222\" class=\"alignnone rollover layzr-bg\" ><img loading=\"lazy\" decoding=\"async\" class=\"preload-me iso-lazy-load\" src=\"data:image\/svg+xml,%3Csvg%20xmlns%3D&#39;http%3A%2F%2Fwww.w3.org%2F2000%2Fsvg&#39;%20viewBox%3D&#39;0%200%20555%20370&#39;%2F%3E\" data-src=\"https:\/\/www.monta\u00f1asdelaluna.es\/wp-content\/uploads\/2018\/11\/IMG_8465-555x370.jpg\" data-srcset=\"https:\/\/www.monta\u00f1asdelaluna.es\/wp-content\/uploads\/2018\/11\/IMG_8465-555x370.jpg 555w, https:\/\/www.monta\u00f1asdelaluna.es\/wp-content\/uploads\/2018\/11\/IMG_8465-1110x740.jpg 1110w\" alt=\"\" title=\"Javi subiendo por el Glaciar Lenin camino del Campo 2\" width=\"555\" height=\"370\"  \/><\/a><\/p>\n\t\t\t<\/div>\n\n\t\t\n\t\t<div class=\"blog-content wf-td\">\n\t\t\t<h3 class=\"entry-title\"><a href=\"https:\/\/www.monta\u00f1asdelaluna.es\/?p=39222\" title=\"3 de agosto de 2.018, viernes. Campo 2 \u00abla sart\u00e9n\u00bb, 5.300 mts.\" rel=\"bookmark\">3 de agosto de 2.018, viernes. Campo 2 \u00abla sart\u00e9n\u00bb, 5.300 mts.<\/a><\/h3>\n\n\t\t\t<div class=\"entry-meta\"><span class=\"category-link\"><a href=\"https:\/\/www.monta\u00f1asdelaluna.es\/?cat=115\" rel=\"category\">Pico Lenin<\/a><\/span><a class=\"author vcard\" href=\"https:\/\/www.monta\u00f1asdelaluna.es\/?author=1\" title=\"Ver todas las publicaciones de Joaquin Terres\" rel=\"author\">Por <span class=\"fn\">Joaquin Terres<\/span><\/a><a href=\"https:\/\/www.monta\u00f1asdelaluna.es\/?m=20180803\" title=\"7:48 am\" class=\"data-link\" rel=\"bookmark\"><time class=\"entry-date updated\" datetime=\"2018-08-03T07:48:23+00:00\">3 agosto, 2018<\/time><\/a><a href=\"https:\/\/www.monta\u00f1asdelaluna.es\/?p=39222#respond\" class=\"comment-link\" >Deja un comentario<\/a><\/div><p>[vc_row][vc_column][vc_column_text]A las 2\u201930 suena una canci\u00f3n de Rammstein para despertarnos. Javi r\u00e1pidamente se viste con lo que le queda por ponerse y comienza a guardar el saco. Yo hago lo mismo. Es noche cerrada pero muy estrellada. No parece que vayamos a tener mal tiempo. Son las 3 y ya lo tenemos todo listo para&hellip;<\/p>\n\n<a href=\"https:\/\/www.monta\u00f1asdelaluna.es\/?p=39222\" class=\"details more-link\" aria-label=\"Read more about 3 de agosto de 2.018, viernes. Campo 2 \u00abla sart\u00e9n\u00bb, 5.300 mts.\" rel=\"nofollow\">Detalles<\/a>\n\n\t\t<\/div>\n\n\t<\/article>\n\n<\/div>\n<div class=\"wf-cell iso-item category-115\" data-post-id=\"39216\" data-date=\"2018-08-02T06:49:45+00:00\" data-name=\"2 de agosto, jueves. Pr\u00e1cticas en el glaciar.\">\n\t<article class=\"post post-39216 type-post status-publish format-standard has-post-thumbnail hentry category-pico-lenin category-115 description-off\">\n\n\t\t\n\t\t\t<div class=\"blog-media wf-td\">\n\n\t\t\t\t<p><a href=\"https:\/\/www.monta\u00f1asdelaluna.es\/?p=39216\" class=\"alignnone rollover layzr-bg\" ><img loading=\"lazy\" decoding=\"async\" class=\"preload-me iso-lazy-load\" src=\"data:image\/svg+xml,%3Csvg%20xmlns%3D&#39;http%3A%2F%2Fwww.w3.org%2F2000%2Fsvg&#39;%20viewBox%3D&#39;0%200%20555%20416&#39;%2F%3E\" data-src=\"https:\/\/www.monta\u00f1asdelaluna.es\/wp-content\/uploads\/2018\/11\/practicas-en-el-glaciar-lenin-de-izquierda-a-derecha-divi-el-guia-javi-joaquin-y-stephen-555x416.jpg\" data-srcset=\"https:\/\/www.monta\u00f1asdelaluna.es\/wp-content\/uploads\/2018\/11\/practicas-en-el-glaciar-lenin-de-izquierda-a-derecha-divi-el-guia-javi-joaquin-y-stephen-555x416.jpg 555w, https:\/\/www.monta\u00f1asdelaluna.es\/wp-content\/uploads\/2018\/11\/practicas-en-el-glaciar-lenin-de-izquierda-a-derecha-divi-el-guia-javi-joaquin-y-stephen-1110x832.jpg 1110w\" alt=\"\" title=\"Pr\u00e1cticas en el Glaciar Lenin, de izquierda a derecha: Divi el guia, Javi, Joaqu\u00edn y Stephen\" width=\"555\" height=\"416\"  \/><\/a><\/p>\n\t\t\t<\/div>\n\n\t\t\n\t\t<div class=\"blog-content wf-td\">\n\t\t\t<h3 class=\"entry-title\"><a href=\"https:\/\/www.monta\u00f1asdelaluna.es\/?p=39216\" title=\"2 de agosto, jueves. Pr\u00e1cticas en el glaciar.\" rel=\"bookmark\">2 de agosto, jueves. Pr\u00e1cticas en el glaciar.<\/a><\/h3>\n\n\t\t\t<div class=\"entry-meta\"><span class=\"category-link\"><a href=\"https:\/\/www.monta\u00f1asdelaluna.es\/?cat=115\" rel=\"category\">Pico Lenin<\/a><\/span><a class=\"author vcard\" href=\"https:\/\/www.monta\u00f1asdelaluna.es\/?author=1\" title=\"Ver todas las publicaciones de Joaquin Terres\" rel=\"author\">Por <span class=\"fn\">Joaquin Terres<\/span><\/a><a href=\"https:\/\/www.monta\u00f1asdelaluna.es\/?m=20180802\" title=\"6:49 am\" class=\"data-link\" rel=\"bookmark\"><time class=\"entry-date updated\" datetime=\"2018-08-02T06:49:45+00:00\">2 agosto, 2018<\/time><\/a><a href=\"https:\/\/www.monta\u00f1asdelaluna.es\/?p=39216#respond\" class=\"comment-link\" >Deja un comentario<\/a><\/div><p>[vc_row][vc_column][vc_column_text]Nos volvemos a levantar para desayunar a las 8 de la ma\u00f1ana. Los gu\u00edas, Dimitri (Dima), nos dice que material debemos de llevar para hacer las pr\u00e1cticas. Sobre todo con las botas de altura, las que utilizaremos en el ataque a cumbre. Pero yo hago las pr\u00e1cticas con mis Salewa que el efecto y proporci\u00f3n&hellip;<\/p>\n\n<a href=\"https:\/\/www.monta\u00f1asdelaluna.es\/?p=39216\" class=\"details more-link\" aria-label=\"Read more about 2 de agosto, jueves. Pr\u00e1cticas en el glaciar.\" rel=\"nofollow\">Detalles<\/a>\n\n\t\t<\/div>\n\n\t<\/article>\n\n<\/div>\n<div class=\"wf-cell iso-item category-115\" data-post-id=\"39207\" data-date=\"2018-08-01T20:15:52+00:00\" data-name=\"1 de agosto, mi\u00e9rcoles. Pico Iukhina (Yukhin). 5.100 mts.\">\n\t<article class=\"post post-39207 type-post status-publish format-standard has-post-thumbnail hentry category-pico-lenin category-115 description-off\">\n\n\t\t\n\t\t\t<div class=\"blog-media wf-td\">\n\n\t\t\t\t<p><a href=\"https:\/\/www.monta\u00f1asdelaluna.es\/?p=39207\" class=\"alignnone rollover layzr-bg\" ><img loading=\"lazy\" decoding=\"async\" class=\"preload-me iso-lazy-load\" src=\"data:image\/svg+xml,%3Csvg%20xmlns%3D&#39;http%3A%2F%2Fwww.w3.org%2F2000%2Fsvg&#39;%20viewBox%3D&#39;0%200%20555%20370&#39;%2F%3E\" data-src=\"https:\/\/www.monta\u00f1asdelaluna.es\/wp-content\/uploads\/2018\/11\/cima-del-pico-yukhin-5-075-mts-detras-el-pico-30-years-uzbek-ssr-555x370.jpg\" data-srcset=\"https:\/\/www.monta\u00f1asdelaluna.es\/wp-content\/uploads\/2018\/11\/cima-del-pico-yukhin-5-075-mts-detras-el-pico-30-years-uzbek-ssr-555x370.jpg 555w, https:\/\/www.monta\u00f1asdelaluna.es\/wp-content\/uploads\/2018\/11\/cima-del-pico-yukhin-5-075-mts-detras-el-pico-30-years-uzbek-ssr-1110x740.jpg 1110w\" alt=\"\" title=\"Cima del pico Yukhin, 5.075 mts., detr\u00e1s el pico 30 Years Uzbek SSR\" width=\"555\" height=\"370\"  \/><\/a><\/p>\n\t\t\t<\/div>\n\n\t\t\n\t\t<div class=\"blog-content wf-td\">\n\t\t\t<h3 class=\"entry-title\"><a href=\"https:\/\/www.monta\u00f1asdelaluna.es\/?p=39207\" title=\"1 de agosto, mi\u00e9rcoles. Pico Iukhina (Yukhin). 5.100 mts.\" rel=\"bookmark\">1 de agosto, mi\u00e9rcoles. Pico Iukhina (Yukhin). 5.100 mts.<\/a><\/h3>\n\n\t\t\t<div class=\"entry-meta\"><span class=\"category-link\"><a href=\"https:\/\/www.monta\u00f1asdelaluna.es\/?cat=115\" rel=\"category\">Pico Lenin<\/a><\/span><a class=\"author vcard\" href=\"https:\/\/www.monta\u00f1asdelaluna.es\/?author=1\" title=\"Ver todas las publicaciones de Joaquin Terres\" rel=\"author\">Por <span class=\"fn\">Joaquin Terres<\/span><\/a><a href=\"https:\/\/www.monta\u00f1asdelaluna.es\/?m=20180801\" title=\"8:15 pm\" class=\"data-link\" rel=\"bookmark\"><time class=\"entry-date updated\" datetime=\"2018-08-01T20:15:52+00:00\">1 agosto, 2018<\/time><\/a><a href=\"https:\/\/www.monta\u00f1asdelaluna.es\/?p=39207#respond\" class=\"comment-link\" >Deja un comentario<\/a><\/div><p>[vc_row][vc_column][vc_column_text]Nos levantamos y todo nuestro campamento est\u00e1 nevado, aunque si sale el sol, la nieve se va r\u00e1pido, pero no el fr\u00edo. Tiempo con intervalos nubosos, casi nublado. Pero de vez en cuando sale el sol para decirnos que no es tan malo el tiempo. Ayer parece que ten\u00eda algo de diarrea \u00bfpor la altura?&hellip;<\/p>\n\n<a href=\"https:\/\/www.monta\u00f1asdelaluna.es\/?p=39207\" class=\"details more-link\" aria-label=\"Read more about 1 de agosto, mi\u00e9rcoles. Pico Iukhina (Yukhin). 5.100 mts.\" rel=\"nofollow\">Detalles<\/a>\n\n\t\t<\/div>\n\n\t<\/article>\n\n<\/div>\n<div class=\"wf-cell iso-item category-115\" data-post-id=\"39122\" data-date=\"2018-07-31T06:48:28+00:00\" data-name=\"31 de julio, martes. Subida al Campo 1.\">\n\t<article class=\"post post-39122 type-post status-publish format-standard has-post-thumbnail hentry category-pico-lenin category-115 description-off\">\n\n\t\t\n\t\t\t<div class=\"blog-media wf-td\">\n\n\t\t\t\t<p><a href=\"https:\/\/www.monta\u00f1asdelaluna.es\/?p=39122\" class=\"alignnone rollover layzr-bg\" ><img loading=\"lazy\" decoding=\"async\" class=\"preload-me iso-lazy-load\" src=\"data:image\/svg+xml,%3Csvg%20xmlns%3D&#39;http%3A%2F%2Fwww.w3.org%2F2000%2Fsvg&#39;%20viewBox%3D&#39;0%200%20555%20416&#39;%2F%3E\" data-src=\"https:\/\/www.monta\u00f1asdelaluna.es\/wp-content\/uploads\/2018\/10\/foto-de-grupo-bajo-puteshestvennikov-pass-4-100-mts-delante-de-izquierd-a-derecha-joaquin-stephen-luis-dimitri-dima-iveta-y-guia-en-segunda-fila-javi-elan-hans-tom-el-ruso-teresa-555x416.jpg\" data-srcset=\"https:\/\/www.monta\u00f1asdelaluna.es\/wp-content\/uploads\/2018\/10\/foto-de-grupo-bajo-puteshestvennikov-pass-4-100-mts-delante-de-izquierd-a-derecha-joaquin-stephen-luis-dimitri-dima-iveta-y-guia-en-segunda-fila-javi-elan-hans-tom-el-ruso-teresa-555x416.jpg 555w, https:\/\/www.monta\u00f1asdelaluna.es\/wp-content\/uploads\/2018\/10\/foto-de-grupo-bajo-puteshestvennikov-pass-4-100-mts-delante-de-izquierd-a-derecha-joaquin-stephen-luis-dimitri-dima-iveta-y-guia-en-segunda-fila-javi-elan-hans-tom-el-ruso-teresa-1110x832.jpg 1110w\" alt=\"\" title=\"Foto de grupo bajo Puteshestvennikov Pass, 4.100 mts., delante de izquierd a derecha: Joaqu\u00edn, Stephen, Luis, Dimitri, Dima, Iveta y gu\u00eda. En segunda fila: Javi, Elan, Hans, Tom, \u00abel ruso\u00bb, Teresa, Ray y otro gu\u00eda\" width=\"555\" height=\"416\"  \/><\/a><\/p>\n\t\t\t<\/div>\n\n\t\t\n\t\t<div class=\"blog-content wf-td\">\n\t\t\t<h3 class=\"entry-title\"><a href=\"https:\/\/www.monta\u00f1asdelaluna.es\/?p=39122\" title=\"31 de julio, martes. Subida al Campo 1.\" rel=\"bookmark\">31 de julio, martes. Subida al Campo 1.<\/a><\/h3>\n\n\t\t\t<div class=\"entry-meta\"><span class=\"category-link\"><a href=\"https:\/\/www.monta\u00f1asdelaluna.es\/?cat=115\" rel=\"category\">Pico Lenin<\/a><\/span><a class=\"author vcard\" href=\"https:\/\/www.monta\u00f1asdelaluna.es\/?author=1\" title=\"Ver todas las publicaciones de Joaquin Terres\" rel=\"author\">Por <span class=\"fn\">Joaquin Terres<\/span><\/a><a href=\"https:\/\/www.monta\u00f1asdelaluna.es\/?m=20180731\" title=\"6:48 am\" class=\"data-link\" rel=\"bookmark\"><time class=\"entry-date updated\" datetime=\"2018-07-31T06:48:28+00:00\">31 julio, 2018<\/time><\/a><a href=\"https:\/\/www.monta\u00f1asdelaluna.es\/?p=39122#respond\" class=\"comment-link\" >Deja un comentario<\/a><\/div><p>[vc_row][vc_column][vc_column_text]Amanece otro d\u00eda incre\u00edble en el Campo Base con las impresionantes vistas de la enorme barrera de glaciares del Pico Lenin y el inhiesto (probablemente el Unity u October Peak). Despu\u00e9s de la discusi\u00f3n y debate de ayer, Javi y yo ya por fin decidimos coger la comida para los campos de altura. La idea&hellip;<\/p>\n\n<a href=\"https:\/\/www.monta\u00f1asdelaluna.es\/?p=39122\" class=\"details more-link\" aria-label=\"Read more about 31 de julio, martes. Subida al Campo 1.\" rel=\"nofollow\">Detalles<\/a>\n\n\t\t<\/div>\n\n\t<\/article>\n\n<\/div>\n<div class=\"wf-cell iso-item category-115\" data-post-id=\"39028\" data-date=\"2018-07-30T19:54:04+00:00\" data-name=\"30 de julio, lunes. Aclimataci\u00f3n ladera pico Pietroshkogo.\">\n\t<article class=\"post post-39028 type-post status-publish format-standard has-post-thumbnail hentry category-pico-lenin category-115 description-off\">\n\n\t\t\n\t\t\t<div class=\"blog-media wf-td\">\n\n\t\t\t\t<p><a href=\"https:\/\/www.monta\u00f1asdelaluna.es\/?p=39028\" class=\"alignnone rollover layzr-bg\" ><img loading=\"lazy\" decoding=\"async\" class=\"preload-me iso-lazy-load\" src=\"data:image\/svg+xml,%3Csvg%20xmlns%3D&#39;http%3A%2F%2Fwww.w3.org%2F2000%2Fsvg&#39;%20viewBox%3D&#39;0%200%20555%20370&#39;%2F%3E\" data-src=\"https:\/\/www.monta\u00f1asdelaluna.es\/wp-content\/uploads\/2018\/10\/seguimos-por-la-parte-mas-alta-de-la-ladera-al-fondo-el-pico-pietroshkogo-delante-teresa-555x370.jpg\" data-srcset=\"https:\/\/www.monta\u00f1asdelaluna.es\/wp-content\/uploads\/2018\/10\/seguimos-por-la-parte-mas-alta-de-la-ladera-al-fondo-el-pico-pietroshkogo-delante-teresa-555x370.jpg 555w, https:\/\/www.monta\u00f1asdelaluna.es\/wp-content\/uploads\/2018\/10\/seguimos-por-la-parte-mas-alta-de-la-ladera-al-fondo-el-pico-pietroshkogo-delante-teresa-1110x740.jpg 1110w\" alt=\"\" title=\"Seguimos por la parte m\u00e1s alta de la ladera, al fondo el pico Pietroshkogo, delante Teresa\" width=\"555\" height=\"370\"  \/><\/a><\/p>\n\t\t\t<\/div>\n\n\t\t\n\t\t<div class=\"blog-content wf-td\">\n\t\t\t<h3 class=\"entry-title\"><a href=\"https:\/\/www.monta\u00f1asdelaluna.es\/?p=39028\" title=\"30 de julio, lunes. Aclimataci\u00f3n ladera pico Pietroshkogo.\" rel=\"bookmark\">30 de julio, lunes. Aclimataci\u00f3n ladera pico Pietroshkogo.<\/a><\/h3>\n\n\t\t\t<div class=\"entry-meta\"><span class=\"category-link\"><a href=\"https:\/\/www.monta\u00f1asdelaluna.es\/?cat=115\" rel=\"category\">Pico Lenin<\/a><\/span><a class=\"author vcard\" href=\"https:\/\/www.monta\u00f1asdelaluna.es\/?author=1\" title=\"Ver todas las publicaciones de Joaquin Terres\" rel=\"author\">Por <span class=\"fn\">Joaquin Terres<\/span><\/a><a href=\"https:\/\/www.monta\u00f1asdelaluna.es\/?m=20180730\" title=\"7:54 pm\" class=\"data-link\" rel=\"bookmark\"><time class=\"entry-date updated\" datetime=\"2018-07-30T19:54:04+00:00\">30 julio, 2018<\/time><\/a><a href=\"https:\/\/www.monta\u00f1asdelaluna.es\/?p=39028#respond\" class=\"comment-link\" >Deja un comentario<\/a><\/div><p>[vc_row][vc_column][vc_column_text]Amanece un d\u00eda muy despejado y soleado. Salimos de nuestra tienda y admiramos al fondo las blancas, heladas y enormes monta\u00f1as, grandes monta\u00f1as de esta parte del Pamir. Por fin admiramos al Pico Lenin, al fondo derecha; es un murall\u00f3n gigantesco de hielo y nieve, grandioso. Son monta\u00f1as incre\u00edbles. A la izquierda hay otro pico&hellip;<\/p>\n\n<a href=\"https:\/\/www.monta\u00f1asdelaluna.es\/?p=39028\" class=\"details more-link\" aria-label=\"Read more about 30 de julio, lunes. Aclimataci\u00f3n ladera pico Pietroshkogo.\" rel=\"nofollow\">Detalles<\/a>\n\n\t\t<\/div>\n\n\t<\/article>\n\n<\/div>\n<div class=\"wf-cell iso-item category-115\" data-post-id=\"38945\" data-date=\"2018-07-29T12:48:01+00:00\" data-name=\"29 de julio, domingo. Llegada al Campo Base del Pico Lenin\">\n\t<article class=\"post post-38945 type-post status-publish format-standard has-post-thumbnail hentry category-pico-lenin category-115 description-off\">\n\n\t\t\n\t\t\t<div class=\"blog-media wf-td\">\n\n\t\t\t\t<p><a href=\"https:\/\/www.monta\u00f1asdelaluna.es\/?p=38945\" class=\"alignnone rollover layzr-bg\" ><img loading=\"lazy\" decoding=\"async\" class=\"preload-me iso-lazy-load\" src=\"data:image\/svg+xml,%3Csvg%20xmlns%3D&#39;http%3A%2F%2Fwww.w3.org%2F2000%2Fsvg&#39;%20viewBox%3D&#39;0%200%20555%20370&#39;%2F%3E\" data-src=\"https:\/\/www.monta\u00f1asdelaluna.es\/wp-content\/uploads\/2018\/10\/campo-base-del-pico-lenin-3-600-mts-bajo-le-pico-petrowsky-555x370.jpg\" data-srcset=\"https:\/\/www.monta\u00f1asdelaluna.es\/wp-content\/uploads\/2018\/10\/campo-base-del-pico-lenin-3-600-mts-bajo-le-pico-petrowsky-555x370.jpg 555w, https:\/\/www.monta\u00f1asdelaluna.es\/wp-content\/uploads\/2018\/10\/campo-base-del-pico-lenin-3-600-mts-bajo-le-pico-petrowsky-1110x740.jpg 1110w\" alt=\"\" title=\"Campo Base del Pico Lenin, 3.600 mts., bajo le pico Petrowsky\" width=\"555\" height=\"370\"  \/><\/a><\/p>\n\t\t\t<\/div>\n\n\t\t\n\t\t<div class=\"blog-content wf-td\">\n\t\t\t<h3 class=\"entry-title\"><a href=\"https:\/\/www.monta\u00f1asdelaluna.es\/?p=38945\" title=\"29 de julio, domingo. Llegada al Campo Base del Pico Lenin\" rel=\"bookmark\">29 de julio, domingo. Llegada al Campo Base del Pico Lenin<\/a><\/h3>\n\n\t\t\t<div class=\"entry-meta\"><span class=\"category-link\"><a href=\"https:\/\/www.monta\u00f1asdelaluna.es\/?cat=115\" rel=\"category\">Pico Lenin<\/a><\/span><a class=\"author vcard\" href=\"https:\/\/www.monta\u00f1asdelaluna.es\/?author=1\" title=\"Ver todas las publicaciones de Joaquin Terres\" rel=\"author\">Por <span class=\"fn\">Joaquin Terres<\/span><\/a><a href=\"https:\/\/www.monta\u00f1asdelaluna.es\/?m=20180729\" title=\"12:48 pm\" class=\"data-link\" rel=\"bookmark\"><time class=\"entry-date updated\" datetime=\"2018-07-29T12:48:01+00:00\">29 julio, 2018<\/time><\/a><a href=\"https:\/\/www.monta\u00f1asdelaluna.es\/?p=38945#respond\" class=\"comment-link\" >Deja un comentario<\/a><\/div><p>[vc_row][vc_column][vc_column_text]Nos levantamos descansados, aunque yo he pasado calor y a media noche tuve que abrir la ventana. Por la noche y en mitad de la madrugada o\u00eda llamar oraci\u00f3n desde el minarete. A las 8 desayuno en el hotel y a las 9 salimos con las furgos-minibuses en busca del Lenin. Somos varios grupos, varios&hellip;<\/p>\n\n<a href=\"https:\/\/www.monta\u00f1asdelaluna.es\/?p=38945\" class=\"details more-link\" aria-label=\"Read more about 29 de julio, domingo. Llegada al Campo Base del Pico Lenin\" rel=\"nofollow\">Detalles<\/a>\n\n\t\t<\/div>\n\n\t<\/article>\n\n<\/div>\n<div class=\"wf-cell iso-item category-115\" data-post-id=\"38879\" data-date=\"2018-07-27T09:06:02+00:00\" data-name=\"Viajando al Pamir\">\n\t<article class=\"post post-38879 type-post status-publish format-standard has-post-thumbnail hentry category-pico-lenin category-115 description-off\">\n\n\t\t\n\t\t\t<div class=\"blog-media wf-td\">\n\n\t\t\t\t<p><a href=\"https:\/\/www.monta\u00f1asdelaluna.es\/?p=38879\" class=\"alignnone rollover layzr-bg\" ><img loading=\"lazy\" decoding=\"async\" class=\"preload-me iso-lazy-load\" src=\"data:image\/svg+xml,%3Csvg%20xmlns%3D&#39;http%3A%2F%2Fwww.w3.org%2F2000%2Fsvg&#39;%20viewBox%3D&#39;0%200%20555%20416&#39;%2F%3E\" data-src=\"https:\/\/www.monta\u00f1asdelaluna.es\/wp-content\/uploads\/2018\/10\/mezquita-en-osh-555x416.jpg\" data-srcset=\"https:\/\/www.monta\u00f1asdelaluna.es\/wp-content\/uploads\/2018\/10\/mezquita-en-osh-555x416.jpg 555w, https:\/\/www.monta\u00f1asdelaluna.es\/wp-content\/uploads\/2018\/10\/mezquita-en-osh-1110x832.jpg 1110w\" alt=\"\" title=\"Mezquita en Osh\" width=\"555\" height=\"416\"  \/><\/a><\/p>\n\t\t\t<\/div>\n\n\t\t\n\t\t<div class=\"blog-content wf-td\">\n\t\t\t<h3 class=\"entry-title\"><a href=\"https:\/\/www.monta\u00f1asdelaluna.es\/?p=38879\" title=\"Viajando al Pamir\" rel=\"bookmark\">Viajando al Pamir<\/a><\/h3>\n\n\t\t\t<div class=\"entry-meta\"><span class=\"category-link\"><a href=\"https:\/\/www.monta\u00f1asdelaluna.es\/?cat=115\" rel=\"category\">Pico Lenin<\/a><\/span><a class=\"author vcard\" href=\"https:\/\/www.monta\u00f1asdelaluna.es\/?author=1\" title=\"Ver todas las publicaciones de Joaquin Terres\" rel=\"author\">Por <span class=\"fn\">Joaquin Terres<\/span><\/a><a href=\"https:\/\/www.monta\u00f1asdelaluna.es\/?m=20180727\" title=\"9:06 am\" class=\"data-link\" rel=\"bookmark\"><time class=\"entry-date updated\" datetime=\"2018-07-27T09:06:02+00:00\">27 julio, 2018<\/time><\/a><a href=\"https:\/\/www.monta\u00f1asdelaluna.es\/?p=38879#respond\" class=\"comment-link\" >Deja un comentario<\/a><\/div><p>[vc_row][vc_column][vc_column_text] 27 de Julio de 2.018, viernes. Barcelona-Biskek. Por una confusi\u00f3n en la compra de billetes por parte de MundoExplora, nos adelantaron los vuelos de ida y vuelta Barcelona-Biskek. Debemos coger el avi\u00f3n a las 11\u201935 de la ma\u00f1ana en el aeropuerto de El Prat para ir en direcci\u00f3n Estambul. Salimos con el tren de&hellip;<\/p>\n\n<a href=\"https:\/\/www.monta\u00f1asdelaluna.es\/?p=38879\" class=\"details more-link\" aria-label=\"Read more about Viajando al Pamir\" rel=\"nofollow\">Detalles<\/a>\n\n\t\t<\/div>\n\n\t<\/article>\n\n<\/div>\n<div class=\"wf-cell iso-item category-115\" data-post-id=\"38824\" data-date=\"2018-07-25T10:45:29+00:00\" data-name=\"Una Expedici\u00f3n inesperada\">\n\t<article class=\"post post-38824 type-post status-publish format-standard has-post-thumbnail hentry category-pico-lenin category-115 description-off\">\n\n\t\t\n\t\t\t<div class=\"blog-media wf-td\">\n\n\t\t\t\t<p><a href=\"https:\/\/www.monta\u00f1asdelaluna.es\/?p=38824\" class=\"alignnone rollover layzr-bg\" ><img loading=\"lazy\" decoding=\"async\" class=\"preload-me iso-lazy-load\" src=\"data:image\/svg+xml,%3Csvg%20xmlns%3D&#39;http%3A%2F%2Fwww.w3.org%2F2000%2Fsvg&#39;%20viewBox%3D&#39;0%200%20555%20370&#39;%2F%3E\" data-src=\"https:\/\/www.monta\u00f1asdelaluna.es\/wp-content\/uploads\/2018\/10\/IMG_8111-555x370.jpg\" data-srcset=\"https:\/\/www.monta\u00f1asdelaluna.es\/wp-content\/uploads\/2018\/10\/IMG_8111-555x370.jpg 555w, https:\/\/www.monta\u00f1asdelaluna.es\/wp-content\/uploads\/2018\/10\/IMG_8111-1110x740.jpg 1110w\" alt=\"\" title=\"Osh\" width=\"555\" height=\"370\"  \/><\/a><\/p>\n\t\t\t<\/div>\n\n\t\t\n\t\t<div class=\"blog-content wf-td\">\n\t\t\t<h3 class=\"entry-title\"><a href=\"https:\/\/www.monta\u00f1asdelaluna.es\/?p=38824\" title=\"Una Expedici\u00f3n inesperada\" rel=\"bookmark\">Una Expedici\u00f3n inesperada<\/a><\/h3>\n\n\t\t\t<div class=\"entry-meta\"><span class=\"category-link\"><a href=\"https:\/\/www.monta\u00f1asdelaluna.es\/?cat=115\" rel=\"category\">Pico Lenin<\/a><\/span><a class=\"author vcard\" href=\"https:\/\/www.monta\u00f1asdelaluna.es\/?author=1\" title=\"Ver todas las publicaciones de Joaquin Terres\" rel=\"author\">Por <span class=\"fn\">Joaquin Terres<\/span><\/a><a href=\"https:\/\/www.monta\u00f1asdelaluna.es\/?m=20180725\" title=\"10:45 am\" class=\"data-link\" rel=\"bookmark\"><time class=\"entry-date updated\" datetime=\"2018-07-25T10:45:29+00:00\">25 julio, 2018<\/time><\/a><a href=\"https:\/\/www.monta\u00f1asdelaluna.es\/?p=38824#respond\" class=\"comment-link\" >Deja un comentario<\/a><\/div><p>Ya era el 3\u00ba a\u00f1o este 2.018 y me tocaba salir y organizar una expedici\u00f3n. Ya har\u00eda 11 a\u00f1os que no cog\u00eda un avi\u00f3n para ir a otras altas, grandes y lejanas cordilleras como los Andes, y este a\u00f1o quer\u00eda ir a Per\u00fa; pa\u00eds entre Bolivia y Ecuador que no hab\u00eda visitado. La idea, como&hellip;<\/p>\n\n<a href=\"https:\/\/www.monta\u00f1asdelaluna.es\/?p=38824\" class=\"details more-link\" aria-label=\"Read more about Una Expedici\u00f3n inesperada\" rel=\"nofollow\">Detalles<\/a>\n\n\t\t<\/div>\n\n\t<\/article>\n\n<\/div>\n<div class=\"wf-cell iso-item category-129\" data-post-id=\"40843\" data-date=\"2018-07-15T09:16:29+00:00\" data-name=\"Pic de Bacivers desde Bastiments y Pic de La Dona\">\n\t<article class=\"post post-40843 type-post status-publish format-standard has-post-thumbnail hentry category-pirineo-oriental category-129 description-off\">\n\n\t\t\n\t\t\t<div class=\"blog-media wf-td\">\n\n\t\t\t\t<p><a href=\"https:\/\/www.monta\u00f1asdelaluna.es\/?p=40843\" class=\"alignnone rollover layzr-bg\" ><img loading=\"lazy\" decoding=\"async\" class=\"preload-me iso-lazy-load\" src=\"data:image\/svg+xml,%3Csvg%20xmlns%3D&#39;http%3A%2F%2Fwww.w3.org%2F2000%2Fsvg&#39;%20viewBox%3D&#39;0%200%20555%20370&#39;%2F%3E\" data-src=\"https:\/\/www.monta\u00f1asdelaluna.es\/wp-content\/uploads\/2019\/12\/bajando-a-vallter-2000-arriba-de-izquierda-a-derecha-el-gra-de-fajol-petit-gra-de-fajol-gran-y-coll-de-la-marrana-555x370.jpg\" data-srcset=\"https:\/\/www.monta\u00f1asdelaluna.es\/wp-content\/uploads\/2019\/12\/bajando-a-vallter-2000-arriba-de-izquierda-a-derecha-el-gra-de-fajol-petit-gra-de-fajol-gran-y-coll-de-la-marrana-555x370.jpg 555w, https:\/\/www.monta\u00f1asdelaluna.es\/wp-content\/uploads\/2019\/12\/bajando-a-vallter-2000-arriba-de-izquierda-a-derecha-el-gra-de-fajol-petit-gra-de-fajol-gran-y-coll-de-la-marrana-1110x740.jpg 1110w\" alt=\"\" title=\"Bajando a Vallter 2000, arriba de izquierda a derecha: el Gra de Fajol Petit, Gra de Fajol Gran y Coll de La Marrana\" width=\"555\" height=\"370\"  \/><\/a><\/p>\n\t\t\t<\/div>\n\n\t\t\n\t\t<div class=\"blog-content wf-td\">\n\t\t\t<h3 class=\"entry-title\"><a href=\"https:\/\/www.monta\u00f1asdelaluna.es\/?p=40843\" title=\"Pic de Bacivers desde Bastiments y Pic de La Dona\" rel=\"bookmark\">Pic de Bacivers desde Bastiments y Pic de La Dona<\/a><\/h3>\n\n\t\t\t<div class=\"entry-meta\"><span class=\"category-link\"><a href=\"https:\/\/www.monta\u00f1asdelaluna.es\/?cat=129\" rel=\"category\">Pirineo Oriental<\/a><\/span><a class=\"author vcard\" href=\"https:\/\/www.monta\u00f1asdelaluna.es\/?author=1\" title=\"Ver todas las publicaciones de Joaquin Terres\" rel=\"author\">Por <span class=\"fn\">Joaquin Terres<\/span><\/a><a href=\"https:\/\/www.monta\u00f1asdelaluna.es\/?m=20180715\" title=\"9:16 am\" class=\"data-link\" rel=\"bookmark\"><time class=\"entry-date updated\" datetime=\"2018-07-15T09:16:29+00:00\">15 julio, 2018<\/time><\/a><a href=\"https:\/\/www.monta\u00f1asdelaluna.es\/?p=40843#respond\" class=\"comment-link\" >Deja un comentario<\/a><\/div><p>[vc_row][vc_column][vc_column_text]Mi misi\u00f3n por conocer y recorrerme todos los picos y monta\u00f1as del Pirineo Oriental, y adem\u00e1s que me sirva de entrenamiento para la muy cercana, Expedici\u00f3n al Pamir de este verano, me llev\u00f3 a organizar una salida para conocer y pisar la cima del franc\u00e9s Pic de Bacivers; justo al norte del alto Bastiments. En&hellip;<\/p>\n\n<a href=\"https:\/\/www.monta\u00f1asdelaluna.es\/?p=40843\" class=\"details more-link\" aria-label=\"Read more about Pic de Bacivers desde Bastiments y Pic de La Dona\" rel=\"nofollow\">Detalles<\/a>\n\n\t\t<\/div>\n\n\t<\/article>\n\n<\/div>\n<div class=\"wf-cell iso-item category-127\" data-post-id=\"40742\" data-date=\"2018-06-16T21:04:27+00:00\" data-name=\"Picos Algas (3.033 mts.) desde el Refugio de Bachima\u00f1a\">\n\t<article class=\"post post-40742 type-post status-publish format-standard has-post-thumbnail hentry category-pirineo-central-atlantico category-127 description-off\">\n\n\t\t\n\t\t\t<div class=\"blog-media wf-td\">\n\n\t\t\t\t<p><a href=\"https:\/\/www.monta\u00f1asdelaluna.es\/?p=40742\" class=\"alignnone rollover layzr-bg\" ><img loading=\"lazy\" decoding=\"async\" class=\"preload-me iso-lazy-load\" src=\"data:image\/svg+xml,%3Csvg%20xmlns%3D&#39;http%3A%2F%2Fwww.w3.org%2F2000%2Fsvg&#39;%20viewBox%3D&#39;0%200%20555%20416&#39;%2F%3E\" data-src=\"https:\/\/www.monta\u00f1asdelaluna.es\/wp-content\/uploads\/2019\/12\/a-la-izquierda-el-argualas-y-a-la-derecha-el-algas-desde-la-cima-del-algas-norte-555x416.jpg\" data-srcset=\"https:\/\/www.monta\u00f1asdelaluna.es\/wp-content\/uploads\/2019\/12\/a-la-izquierda-el-argualas-y-a-la-derecha-el-algas-desde-la-cima-del-algas-norte-555x416.jpg 555w, https:\/\/www.monta\u00f1asdelaluna.es\/wp-content\/uploads\/2019\/12\/a-la-izquierda-el-argualas-y-a-la-derecha-el-algas-desde-la-cima-del-algas-norte-1110x832.jpg 1110w\" alt=\"\" title=\"A la izquierda el Argualas y a la derecha el Algas desde la cima del Algas Norte\" width=\"555\" height=\"416\"  \/><\/a><\/p>\n\t\t\t<\/div>\n\n\t\t\n\t\t<div class=\"blog-content wf-td\">\n\t\t\t<h3 class=\"entry-title\"><a href=\"https:\/\/www.monta\u00f1asdelaluna.es\/?p=40742\" title=\"Picos Algas (3.033 mts.) desde el Refugio de Bachima\u00f1a\" rel=\"bookmark\">Picos Algas (3.033 mts.) desde el Refugio de Bachima\u00f1a<\/a><\/h3>\n\n\t\t\t<div class=\"entry-meta\"><span class=\"category-link\"><a href=\"https:\/\/www.monta\u00f1asdelaluna.es\/?cat=127\" rel=\"category\">Pirineo Central Atl\u00e1ntico<\/a><\/span><a class=\"author vcard\" href=\"https:\/\/www.monta\u00f1asdelaluna.es\/?author=1\" title=\"Ver todas las publicaciones de Joaquin Terres\" rel=\"author\">Por <span class=\"fn\">Joaquin Terres<\/span><\/a><a href=\"https:\/\/www.monta\u00f1asdelaluna.es\/?m=20180616\" title=\"9:04 pm\" class=\"data-link\" rel=\"bookmark\"><time class=\"entry-date updated\" datetime=\"2018-06-16T21:04:27+00:00\">16 junio, 2018<\/time><\/a><a href=\"https:\/\/www.monta\u00f1asdelaluna.es\/?p=40742#respond\" class=\"comment-link\" >Deja un comentario<\/a><\/div><p>[vc_row][vc_column][vc_column_text]De nuevo el Pirineo, y de nuevo buscar una cima que se me resiste, el pico Argualas en las altas cumbres de m\u00e1s de tres mil metros de la zona de Panticosa. Ya hab\u00edan pasado m\u00e1s de 10 a\u00f1os despu\u00e9s del primer intento con Jes\u00fas Santana en aquel estupendo viaje compartido con Oli, en el&hellip;<\/p>\n\n<a href=\"https:\/\/www.monta\u00f1asdelaluna.es\/?p=40742\" class=\"details more-link\" aria-label=\"Read more about Picos Algas (3.033 mts.) desde el Refugio de Bachima\u00f1a\" rel=\"nofollow\">Detalles<\/a>\n\n\t\t<\/div>\n\n\t<\/article>\n\n<\/div>\n<div class=\"wf-cell iso-item category-129\" data-post-id=\"40674\" data-date=\"2018-06-09T20:31:11+00:00\" data-name=\"Pic de l&#039;Infern y Pic de Freser\">\n\t<article class=\"post post-40674 type-post status-publish format-standard has-post-thumbnail hentry category-pirineo-oriental category-129 description-off\">\n\n\t\t\n\t\t\t<div class=\"blog-media wf-td\">\n\n\t\t\t\t<p><a href=\"https:\/\/www.monta\u00f1asdelaluna.es\/?p=40674\" class=\"alignnone rollover layzr-bg\" ><img loading=\"lazy\" decoding=\"async\" class=\"preload-me iso-lazy-load\" src=\"data:image\/svg+xml,%3Csvg%20xmlns%3D&#39;http%3A%2F%2Fwww.w3.org%2F2000%2Fsvg&#39;%20viewBox%3D&#39;0%200%20555%20370&#39;%2F%3E\" data-src=\"https:\/\/www.monta\u00f1asdelaluna.es\/wp-content\/uploads\/2019\/12\/olga-y-txell-llegando-a-la-cima-del-pic-de-l-infern-a-la-izquierda-queda-el-pic-de-freser-y-al-fondo-el-puig-de-les-borregues-en-la-coma-de-l-orri-555x370.jpg\" data-srcset=\"https:\/\/www.monta\u00f1asdelaluna.es\/wp-content\/uploads\/2019\/12\/olga-y-txell-llegando-a-la-cima-del-pic-de-l-infern-a-la-izquierda-queda-el-pic-de-freser-y-al-fondo-el-puig-de-les-borregues-en-la-coma-de-l-orri-555x370.jpg 555w, https:\/\/www.monta\u00f1asdelaluna.es\/wp-content\/uploads\/2019\/12\/olga-y-txell-llegando-a-la-cima-del-pic-de-l-infern-a-la-izquierda-queda-el-pic-de-freser-y-al-fondo-el-puig-de-les-borregues-en-la-coma-de-l-orri-1110x740.jpg 1110w\" alt=\"\" title=\"Olga y Txell llegando a la cima del Pic de l&#8217;Infern, a la izquierda queda el Pic de Freser y al fondo el Puig de Les Borregues en la Coma de l&#8217;Orri\" width=\"555\" height=\"370\"  \/><\/a><\/p>\n\t\t\t<\/div>\n\n\t\t\n\t\t<div class=\"blog-content wf-td\">\n\t\t\t<h3 class=\"entry-title\"><a href=\"https:\/\/www.monta\u00f1asdelaluna.es\/?p=40674\" title=\"Pic de l&#8217;Infern y Pic de Freser\" rel=\"bookmark\">Pic de l&#8217;Infern y Pic de Freser<\/a><\/h3>\n\n\t\t\t<div class=\"entry-meta\"><span class=\"category-link\"><a href=\"https:\/\/www.monta\u00f1asdelaluna.es\/?cat=129\" rel=\"category\">Pirineo Oriental<\/a><\/span><a class=\"author vcard\" href=\"https:\/\/www.monta\u00f1asdelaluna.es\/?author=1\" title=\"Ver todas las publicaciones de Joaquin Terres\" rel=\"author\">Por <span class=\"fn\">Joaquin Terres<\/span><\/a><a href=\"https:\/\/www.monta\u00f1asdelaluna.es\/?m=20180609\" title=\"8:31 pm\" class=\"data-link\" rel=\"bookmark\"><time class=\"entry-date updated\" datetime=\"2018-06-09T20:31:11+00:00\">9 junio, 2018<\/time><\/a><a href=\"https:\/\/www.monta\u00f1asdelaluna.es\/?p=40674#respond\" class=\"comment-link\" >Deja un comentario<\/a><\/div><p>[vc_row][vc_column][vc_column_text]Despu\u00e9s de varias intentonas o planteamientos para subir al Pic de l\u2019Infern, monta\u00f1a que por su figura, nombre y representaci\u00f3n ya me atra\u00eda desde hace tiempo, decid\u00ed llegar a su cima sin las dificultades y condiciones del invierno. Ya que estos intentos hab\u00edan sido planeados o realizados en invierno, como la primera vez que subimos&hellip;<\/p>\n\n<a href=\"https:\/\/www.monta\u00f1asdelaluna.es\/?p=40674\" class=\"details more-link\" aria-label=\"Read more about Pic de l&#8217;Infern y Pic de Freser\" rel=\"nofollow\">Detalles<\/a>\n\n\t\t<\/div>\n\n\t<\/article>\n\n<\/div>\n<div class=\"wf-cell iso-item category-125\" data-post-id=\"40621\" data-date=\"2018-05-05T08:23:24+00:00\" data-name=\"Punta Lourde Rocheblave y Clarabides\">\n\t<article class=\"post post-40621 type-post status-publish format-standard has-post-thumbnail hentry category-valle-del-esera category-125 description-off\">\n\n\t\t\n\t\t\t<div class=\"blog-media wf-td\">\n\n\t\t\t\t<p><a href=\"https:\/\/www.monta\u00f1asdelaluna.es\/?p=40621\" class=\"alignnone rollover layzr-bg\" ><img loading=\"lazy\" decoding=\"async\" class=\"preload-me iso-lazy-load\" src=\"data:image\/svg+xml,%3Csvg%20xmlns%3D&#39;http%3A%2F%2Fwww.w3.org%2F2000%2Fsvg&#39;%20viewBox%3D&#39;0%200%20555%20416&#39;%2F%3E\" data-src=\"https:\/\/www.monta\u00f1asdelaluna.es\/wp-content\/uploads\/2019\/05\/en-el-puerto-de-gias-2-911-mts-arriba-el-pico-de-clarabide-555x416.jpg\" data-srcset=\"https:\/\/www.monta\u00f1asdelaluna.es\/wp-content\/uploads\/2019\/05\/en-el-puerto-de-gias-2-911-mts-arriba-el-pico-de-clarabide-555x416.jpg 555w, https:\/\/www.monta\u00f1asdelaluna.es\/wp-content\/uploads\/2019\/05\/en-el-puerto-de-gias-2-911-mts-arriba-el-pico-de-clarabide-1110x832.jpg 1110w\" alt=\"\" title=\"En el Puerto de G\u00edas, 2.911 mts., arriba el Pico de Clarabide\" width=\"555\" height=\"416\"  \/><\/a><\/p>\n\t\t\t<\/div>\n\n\t\t\n\t\t<div class=\"blog-content wf-td\">\n\t\t\t<h3 class=\"entry-title\"><a href=\"https:\/\/www.monta\u00f1asdelaluna.es\/?p=40621\" title=\"Punta Lourde Rocheblave y Clarabides\" rel=\"bookmark\">Punta Lourde Rocheblave y Clarabides<\/a><\/h3>\n\n\t\t\t<div class=\"entry-meta\"><span class=\"category-link\"><a href=\"https:\/\/www.monta\u00f1asdelaluna.es\/?cat=125\" rel=\"category\">Valle del \u00c9sera<\/a><\/span><a class=\"author vcard\" href=\"https:\/\/www.monta\u00f1asdelaluna.es\/?author=1\" title=\"Ver todas las publicaciones de Joaquin Terres\" rel=\"author\">Por <span class=\"fn\">Joaquin Terres<\/span><\/a><a href=\"https:\/\/www.monta\u00f1asdelaluna.es\/?m=20180505\" title=\"8:23 am\" class=\"data-link\" rel=\"bookmark\"><time class=\"entry-date updated\" datetime=\"2018-05-05T08:23:24+00:00\">5 mayo, 2018<\/time><\/a><a href=\"https:\/\/www.monta\u00f1asdelaluna.es\/?p=40621#respond\" class=\"comment-link\" >Deja un comentario<\/a><\/div><p>[vc_row][vc_column][vc_column_text]De nuevo nos quer\u00edamos acercar al Valle de Est\u00f3s para intentar llegar a la cima de los Gourgs Blancs, esa cima en la que me hab\u00eda obsesionado conquistar y pisar. Ya la hab\u00eda intentado en alguna primavera atr\u00e1s, pero en su intento no llegamos siquiera a llegar hasta su falda por el estado y cantidad&hellip;<\/p>\n\n<a href=\"https:\/\/www.monta\u00f1asdelaluna.es\/?p=40621\" class=\"details more-link\" aria-label=\"Read more about Punta Lourde Rocheblave y Clarabides\" rel=\"nofollow\">Detalles<\/a>\n\n\t\t<\/div>\n\n\t<\/article>\n\n<\/div>\n<div class=\"wf-cell iso-item category-51\" data-post-id=\"39942\" data-date=\"2018-04-21T10:54:26+00:00\" data-name=\"Las cimas de Sant Lloren\u00e7 del Mont i l&#039;Obac\">\n\t<article class=\"post post-39942 type-post status-publish format-standard has-post-thumbnail hentry category-sant-llorenc-del-munt category-51 description-off\">\n\n\t\t\n\t\t\t<div class=\"blog-media wf-td\">\n\n\t\t\t\t<p><a href=\"https:\/\/www.monta\u00f1asdelaluna.es\/?p=39942\" class=\"alignnone rollover layzr-bg\" ><img loading=\"lazy\" decoding=\"async\" class=\"preload-me iso-lazy-load\" src=\"data:image\/svg+xml,%3Csvg%20xmlns%3D&#39;http%3A%2F%2Fwww.w3.org%2F2000%2Fsvg&#39;%20viewBox%3D&#39;0%200%20555%20416&#39;%2F%3E\" data-src=\"https:\/\/www.monta\u00f1asdelaluna.es\/wp-content\/uploads\/2019\/04\/el-montcau-y-delante-el-edificio-de-la-mata-555x416.jpg\" data-srcset=\"https:\/\/www.monta\u00f1asdelaluna.es\/wp-content\/uploads\/2019\/04\/el-montcau-y-delante-el-edificio-de-la-mata-555x416.jpg 555w, https:\/\/www.monta\u00f1asdelaluna.es\/wp-content\/uploads\/2019\/04\/el-montcau-y-delante-el-edificio-de-la-mata-1110x832.jpg 1110w\" alt=\"\" title=\"El Montcau y delante el edificio de La Mata\" width=\"555\" height=\"416\"  \/><\/a><\/p>\n\t\t\t<\/div>\n\n\t\t\n\t\t<div class=\"blog-content wf-td\">\n\t\t\t<h3 class=\"entry-title\"><a href=\"https:\/\/www.monta\u00f1asdelaluna.es\/?p=39942\" title=\"Las cimas de Sant Lloren\u00e7 del Mont i l&#8217;Obac\" rel=\"bookmark\">Las cimas de Sant Lloren\u00e7 del Mont i l&#8217;Obac<\/a><\/h3>\n\n\t\t\t<div class=\"entry-meta\"><span class=\"category-link\"><a href=\"https:\/\/www.monta\u00f1asdelaluna.es\/?cat=51\" rel=\"category\">Sant Lloren\u00e7 del Munt<\/a><\/span><a class=\"author vcard\" href=\"https:\/\/www.monta\u00f1asdelaluna.es\/?author=1\" title=\"Ver todas las publicaciones de Joaquin Terres\" rel=\"author\">Por <span class=\"fn\">Joaquin Terres<\/span><\/a><a href=\"https:\/\/www.monta\u00f1asdelaluna.es\/?m=20180421\" title=\"10:54 am\" class=\"data-link\" rel=\"bookmark\"><time class=\"entry-date updated\" datetime=\"2018-04-21T10:54:26+00:00\">21 abril, 2018<\/time><\/a><a href=\"https:\/\/www.monta\u00f1asdelaluna.es\/?p=39942#respond\" class=\"comment-link\" >Deja un comentario<\/a><\/div><p>[vc_row][vc_column][vc_column_text]Despu\u00e9s de haber visitado y recorrido en varias ocasiones las cimas y rincones de estas monta\u00f1as, ya iba siendo hora de hacer una Integral. Como aquellas integrales realizadas en aquellas nost\u00e1lgicas monta\u00f1as de Alicante\u2026 la subida a todas las cimas m\u00e1s altas de una sierra. Por ello mi compa\u00f1ero y amigo Mikel y yo el&hellip;<\/p>\n\n<a href=\"https:\/\/www.monta\u00f1asdelaluna.es\/?p=39942\" class=\"details more-link\" aria-label=\"Read more about Las cimas de Sant Lloren\u00e7 del Mont i l&#8217;Obac\" rel=\"nofollow\">Detalles<\/a>\n\n\t\t<\/div>\n\n\t<\/article>\n\n<\/div>\n<div class=\"wf-cell iso-item category-132\" data-post-id=\"38563\" data-date=\"2018-03-24T08:20:10+00:00\" data-name=\"El Matagalls desde Viladrau\">\n\t<article class=\"post post-38563 type-post status-publish format-standard has-post-thumbnail hentry category-matagalls category-132 description-off\">\n\n\t\t\n\t\t\t<div class=\"blog-media wf-td\">\n\n\t\t\t\t<p><a href=\"https:\/\/www.monta\u00f1asdelaluna.es\/?p=38563\" class=\"alignnone rollover layzr-bg\" ><img loading=\"lazy\" decoding=\"async\" class=\"preload-me iso-lazy-load\" src=\"data:image\/svg+xml,%3Csvg%20xmlns%3D&#39;http%3A%2F%2Fwww.w3.org%2F2000%2Fsvg&#39;%20viewBox%3D&#39;0%200%20555%20416&#39;%2F%3E\" data-src=\"https:\/\/www.monta\u00f1asdelaluna.es\/wp-content\/uploads\/2018\/02\/llegando-a-sant-segimon-555x416.jpg\" data-srcset=\"https:\/\/www.monta\u00f1asdelaluna.es\/wp-content\/uploads\/2018\/02\/llegando-a-sant-segimon-555x416.jpg 555w, https:\/\/www.monta\u00f1asdelaluna.es\/wp-content\/uploads\/2018\/02\/llegando-a-sant-segimon-1110x832.jpg 1110w\" alt=\"\" title=\"Llegando a Sant Segimon\" width=\"555\" height=\"416\"  \/><\/a><\/p>\n\t\t\t<\/div>\n\n\t\t\n\t\t<div class=\"blog-content wf-td\">\n\t\t\t<h3 class=\"entry-title\"><a href=\"https:\/\/www.monta\u00f1asdelaluna.es\/?p=38563\" title=\"El Matagalls desde Viladrau\" rel=\"bookmark\">El Matagalls desde Viladrau<\/a><\/h3>\n\n\t\t\t<div class=\"entry-meta\"><span class=\"category-link\"><a href=\"https:\/\/www.monta\u00f1asdelaluna.es\/?cat=132\" rel=\"category\">Matagalls<\/a><\/span><a class=\"author vcard\" href=\"https:\/\/www.monta\u00f1asdelaluna.es\/?author=1\" title=\"Ver todas las publicaciones de Joaquin Terres\" rel=\"author\">Por <span class=\"fn\">Joaquin Terres<\/span><\/a><a href=\"https:\/\/www.monta\u00f1asdelaluna.es\/?m=20180324\" title=\"8:20 am\" class=\"data-link\" rel=\"bookmark\"><time class=\"entry-date updated\" datetime=\"2018-03-24T08:20:10+00:00\">24 marzo, 2018<\/time><\/a><a href=\"https:\/\/www.monta\u00f1asdelaluna.es\/?p=38563#respond\" class=\"comment-link\" >Deja un comentario<\/a><\/div><p>[vc_row][vc_column][vc_column_text] Bajada por el Tur\u00f3 del Mig y Coll d&#8217;Ordials: Realmente este d\u00eda quer\u00eda acercarme al Pirineo para hacer algo de alta monta\u00f1a, pero entre indecisiones y condiciones no demasiado elegantes o c\u00f3modas en la actividad\u2026 hizo que desistiera y que pensara en planear una buena actividad por las recientes nieves que hab\u00edan ca\u00eddo en&hellip;<\/p>\n\n<a href=\"https:\/\/www.monta\u00f1asdelaluna.es\/?p=38563\" class=\"details more-link\" aria-label=\"Read more about El Matagalls desde Viladrau\" rel=\"nofollow\">Detalles<\/a>\n\n\t\t<\/div>\n\n\t<\/article>\n\n<\/div>\n<div class=\"wf-cell iso-item category-129\" data-post-id=\"39841\" data-date=\"2018-03-19T20:01:57+00:00\" data-name=\"Gra de Fajol Petit por el Corredor Occidental\">\n\t<article class=\"post post-39841 type-post status-publish format-standard has-post-thumbnail hentry category-pirineo-oriental category-129 description-off\">\n\n\t\t\n\t\t\t<div class=\"blog-media wf-td\">\n\n\t\t\t\t<p><a href=\"https:\/\/www.monta\u00f1asdelaluna.es\/?p=39841\" class=\"alignnone rollover layzr-bg\" ><img loading=\"lazy\" decoding=\"async\" class=\"preload-me iso-lazy-load\" src=\"data:image\/svg+xml,%3Csvg%20xmlns%3D&#39;http%3A%2F%2Fwww.w3.org%2F2000%2Fsvg&#39;%20viewBox%3D&#39;0%200%20555%20416&#39;%2F%3E\" data-src=\"https:\/\/www.monta\u00f1asdelaluna.es\/wp-content\/uploads\/2019\/04\/IMG_7391-555x416.jpg\" data-srcset=\"https:\/\/www.monta\u00f1asdelaluna.es\/wp-content\/uploads\/2019\/04\/IMG_7391-555x416.jpg 555w, https:\/\/www.monta\u00f1asdelaluna.es\/wp-content\/uploads\/2019\/04\/IMG_7391-1110x832.jpg 1110w\" alt=\"\" title=\"Joaqu\u00edn en la cima del Gra de Fajol Petit, 2.563 mts.\" width=\"555\" height=\"416\"  \/><\/a><\/p>\n\t\t\t<\/div>\n\n\t\t\n\t\t<div class=\"blog-content wf-td\">\n\t\t\t<h3 class=\"entry-title\"><a href=\"https:\/\/www.monta\u00f1asdelaluna.es\/?p=39841\" title=\"Gra de Fajol Petit por el Corredor Occidental\" rel=\"bookmark\">Gra de Fajol Petit por el Corredor Occidental<\/a><\/h3>\n\n\t\t\t<div class=\"entry-meta\"><span class=\"category-link\"><a href=\"https:\/\/www.monta\u00f1asdelaluna.es\/?cat=129\" rel=\"category\">Pirineo Oriental<\/a><\/span><a class=\"author vcard\" href=\"https:\/\/www.monta\u00f1asdelaluna.es\/?author=1\" title=\"Ver todas las publicaciones de Joaquin Terres\" rel=\"author\">Por <span class=\"fn\">Joaquin Terres<\/span><\/a><a href=\"https:\/\/www.monta\u00f1asdelaluna.es\/?m=20180319\" title=\"8:01 pm\" class=\"data-link\" rel=\"bookmark\"><time class=\"entry-date updated\" datetime=\"2018-03-19T20:01:57+00:00\">19 marzo, 2018<\/time><\/a><a href=\"https:\/\/www.monta\u00f1asdelaluna.es\/?p=39841#respond\" class=\"comment-link\" >Deja un comentario<\/a><\/div><p>[vc_row][vc_column][vc_column_text]Aunque no era fiesta en Catalu\u00f1a pero s\u00ed en Valencia, el pasado d\u00eda 19 de marzo, San Jos\u00e9, qued\u00e9 con el otro amigo con m\u00e1s tiempo libre del grupo, Josep Gallem\u00ed, para acercarnos al circo del Ulldeter e intentar hacer alg\u00fan corredor, alguna canal, de las numerosas y tan cerca de la carretera que sube&hellip;<\/p>\n\n<a href=\"https:\/\/www.monta\u00f1asdelaluna.es\/?p=39841\" class=\"details more-link\" aria-label=\"Read more about Gra de Fajol Petit por el Corredor Occidental\" rel=\"nofollow\">Detalles<\/a>\n\n\t\t<\/div>\n\n\t<\/article>\n\n<\/div>\n<div class=\"wf-cell iso-item category-91\" data-post-id=\"39751\" data-date=\"2018-03-03T07:12:08+00:00\" data-name=\"Refugio des Cortalets en el Canig\u00f3\">\n\t<article class=\"post post-39751 type-post status-publish format-standard has-post-thumbnail hentry category-pirineo-frances-y-andorra category-91 description-off\">\n\n\t\t\n\t\t\t<div class=\"blog-media wf-td\">\n\n\t\t\t\t<p><a href=\"https:\/\/www.monta\u00f1asdelaluna.es\/?p=39751\" class=\"alignnone rollover layzr-bg\" ><img loading=\"lazy\" decoding=\"async\" class=\"preload-me iso-lazy-load\" src=\"data:image\/svg+xml,%3Csvg%20xmlns%3D&#39;http%3A%2F%2Fwww.w3.org%2F2000%2Fsvg&#39;%20viewBox%3D&#39;0%200%20555%20416&#39;%2F%3E\" data-src=\"https:\/\/www.monta\u00f1asdelaluna.es\/wp-content\/uploads\/2019\/04\/IMG_7342-555x416.jpg\" data-srcset=\"https:\/\/www.monta\u00f1asdelaluna.es\/wp-content\/uploads\/2019\/04\/IMG_7342-555x416.jpg 555w, https:\/\/www.monta\u00f1asdelaluna.es\/wp-content\/uploads\/2019\/04\/IMG_7342-1110x832.jpg 1110w\" alt=\"\" title=\"Ras del Prat Cabrera\" width=\"555\" height=\"416\"  \/><\/a><\/p>\n\t\t\t<\/div>\n\n\t\t\n\t\t<div class=\"blog-content wf-td\">\n\t\t\t<h3 class=\"entry-title\"><a href=\"https:\/\/www.monta\u00f1asdelaluna.es\/?p=39751\" title=\"Refugio des Cortalets en el Canig\u00f3\" rel=\"bookmark\">Refugio des Cortalets en el Canig\u00f3<\/a><\/h3>\n\n\t\t\t<div class=\"entry-meta\"><span class=\"category-link\"><a href=\"https:\/\/www.monta\u00f1asdelaluna.es\/?cat=91\" rel=\"category\">Pirineo franc\u00e9s y Andorra<\/a><\/span><a class=\"author vcard\" href=\"https:\/\/www.monta\u00f1asdelaluna.es\/?author=1\" title=\"Ver todas las publicaciones de Joaquin Terres\" rel=\"author\">Por <span class=\"fn\">Joaquin Terres<\/span><\/a><a href=\"https:\/\/www.monta\u00f1asdelaluna.es\/?m=20180303\" title=\"7:12 am\" class=\"data-link\" rel=\"bookmark\"><time class=\"entry-date updated\" datetime=\"2018-03-03T07:12:08+00:00\">3 marzo, 2018<\/time><\/a><a href=\"https:\/\/www.monta\u00f1asdelaluna.es\/?p=39751#respond\" class=\"comment-link\" >Deja un comentario<\/a><\/div><p>[vc_row][vc_column][vc_column_text]Despu\u00e9s de tanto tiempo viviendo en Catalu\u00f1a y haber subido sus monta\u00f1as m\u00e1s altas y emblem\u00e1ticas, me faltaba el Canig\u00f3, que, aunque no est\u00e1 en el actual territorio catal\u00e1n, s\u00ed pertenece a la \u201cCatalu\u00f1a Norte\u201d y se incluye en la cultura, historia y tradiciones catalanas. Nos decidimos hacerla en invierno, una invernal, que no habr\u00e1&hellip;<\/p>\n\n<a href=\"https:\/\/www.monta\u00f1asdelaluna.es\/?p=39751\" class=\"details more-link\" aria-label=\"Read more about Refugio des Cortalets en el Canig\u00f3\" rel=\"nofollow\">Detalles<\/a>\n\n\t\t<\/div>\n\n\t<\/article>\n\n<\/div>\n<div class=\"wf-cell iso-item category-47\" data-post-id=\"39677\" data-date=\"2018-02-24T18:30:06+00:00\" data-name=\"Los Volcanes de Olot\">\n\t<article class=\"post post-39677 type-post status-publish format-standard has-post-thumbnail hentry category-la-garrotxa category-47 description-off\">\n\n\t\t\n\t\t\t<div class=\"blog-media wf-td\">\n\n\t\t\t\t<p><a href=\"https:\/\/www.monta\u00f1asdelaluna.es\/?p=39677\" class=\"alignnone rollover layzr-bg\" ><img loading=\"lazy\" decoding=\"async\" class=\"preload-me iso-lazy-load\" src=\"data:image\/svg+xml,%3Csvg%20xmlns%3D&#39;http%3A%2F%2Fwww.w3.org%2F2000%2Fsvg&#39;%20viewBox%3D&#39;0%200%20555%20416&#39;%2F%3E\" data-src=\"https:\/\/www.monta\u00f1asdelaluna.es\/wp-content\/uploads\/2018\/04\/en-el-centro-el-volca-de-montolivet-con-su-antena-su-cordal-que-lo-une-con-la-cima-de-sant-valenti-y-olot-rodeandolo-555x416.jpg\" data-srcset=\"https:\/\/www.monta\u00f1asdelaluna.es\/wp-content\/uploads\/2018\/04\/en-el-centro-el-volca-de-montolivet-con-su-antena-su-cordal-que-lo-une-con-la-cima-de-sant-valenti-y-olot-rodeandolo-555x416.jpg 555w, https:\/\/www.monta\u00f1asdelaluna.es\/wp-content\/uploads\/2018\/04\/en-el-centro-el-volca-de-montolivet-con-su-antena-su-cordal-que-lo-une-con-la-cima-de-sant-valenti-y-olot-rodeandolo-1110x832.jpg 1110w\" alt=\"\" title=\"En el centro el Volc\u00e1 de Montolivet (con su antena), su cordal que lo une con la cima de Sant Valent\u00ed y Olot rodeandolo\" width=\"555\" height=\"416\"  \/><\/a><\/p>\n\t\t\t<\/div>\n\n\t\t\n\t\t<div class=\"blog-content wf-td\">\n\t\t\t<h3 class=\"entry-title\"><a href=\"https:\/\/www.monta\u00f1asdelaluna.es\/?p=39677\" title=\"Los Volcanes de Olot\" rel=\"bookmark\">Los Volcanes de Olot<\/a><\/h3>\n\n\t\t\t<div class=\"entry-meta\"><span class=\"category-link\"><a href=\"https:\/\/www.monta\u00f1asdelaluna.es\/?cat=47\" rel=\"category\">La Garrotxa<\/a><\/span><a class=\"author vcard\" href=\"https:\/\/www.monta\u00f1asdelaluna.es\/?author=1\" title=\"Ver todas las publicaciones de Joaquin Terres\" rel=\"author\">Por <span class=\"fn\">Joaquin Terres<\/span><\/a><a href=\"https:\/\/www.monta\u00f1asdelaluna.es\/?m=20180224\" title=\"6:30 pm\" class=\"data-link\" rel=\"bookmark\"><time class=\"entry-date updated\" datetime=\"2018-02-24T18:30:06+00:00\">24 febrero, 2018<\/time><\/a><a href=\"https:\/\/www.monta\u00f1asdelaluna.es\/?p=39677#respond\" class=\"comment-link\" >Deja un comentario<\/a><\/div><p>[vc_row][vc_column][vc_column_text]Otra fant\u00e1stica visita a las monta\u00f1as, los rincones verdes de la preciosa comarca de La Garrotxa; y a sus volcanes. Y como no visitar la capital de la comarca, rodeada de peque\u00f1as monta\u00f1itas, antiguos volcanes, f\u00e1cil de subir y recorrer pero tan verdes y de tierras tan f\u00e9rtiles. Este ser\u00e1 un recorrido f\u00e1cil, bastante f\u00e1cil,&hellip;<\/p>\n\n<a href=\"https:\/\/www.monta\u00f1asdelaluna.es\/?p=39677\" class=\"details more-link\" aria-label=\"Read more about Los Volcanes de Olot\" rel=\"nofollow\">Detalles<\/a>\n\n\t\t<\/div>\n\n\t<\/article>\n\n<\/div>\n<div class=\"wf-cell iso-item category-131\" data-post-id=\"44181\" data-date=\"2018-02-24T07:14:40+00:00\" data-name=\"Tur\u00f3 de l&#039;Home desde el Coll de Santa Helena\">\n\t<article class=\"post post-44181 type-post status-publish format-standard has-post-thumbnail hentry category-turo-de-lhome category-131 description-off\">\n\n\t\t\n\t\t\t<div class=\"blog-media wf-td\">\n\n\t\t\t\t<p><a href=\"https:\/\/www.monta\u00f1asdelaluna.es\/?p=44181\" class=\"alignnone rollover layzr-bg\" ><img loading=\"lazy\" decoding=\"async\" class=\"preload-me iso-lazy-load\" src=\"data:image\/svg+xml,%3Csvg%20xmlns%3D&#39;http%3A%2F%2Fwww.w3.org%2F2000%2Fsvg&#39;%20viewBox%3D&#39;0%200%20555%20416&#39;%2F%3E\" data-src=\"https:\/\/www.monta\u00f1asdelaluna.es\/wp-content\/uploads\/2018\/03\/delante-el-puig-sesolles-a-la-izquierda-el-turo-gros-555x416.jpg\" data-srcset=\"https:\/\/www.monta\u00f1asdelaluna.es\/wp-content\/uploads\/2018\/03\/delante-el-puig-sesolles-a-la-izquierda-el-turo-gros-555x416.jpg 555w, https:\/\/www.monta\u00f1asdelaluna.es\/wp-content\/uploads\/2018\/03\/delante-el-puig-sesolles-a-la-izquierda-el-turo-gros-1110x832.jpg 1110w\" alt=\"\" title=\"Delante el Puig Sesolles, a la izquierda el Tur\u00f3 Gros\" width=\"555\" height=\"416\"  \/><\/a><\/p>\n\t\t\t<\/div>\n\n\t\t\n\t\t<div class=\"blog-content wf-td\">\n\t\t\t<h3 class=\"entry-title\"><a href=\"https:\/\/www.monta\u00f1asdelaluna.es\/?p=44181\" title=\"Tur\u00f3 de l&#8217;Home desde el Coll de Santa Helena\" rel=\"bookmark\">Tur\u00f3 de l&#8217;Home desde el Coll de Santa Helena<\/a><\/h3>\n\n\t\t\t<div class=\"entry-meta\"><span class=\"category-link\"><a href=\"https:\/\/www.monta\u00f1asdelaluna.es\/?cat=131\" rel=\"category\">Tur\u00f3 de l'Home<\/a><\/span><a class=\"author vcard\" href=\"https:\/\/www.monta\u00f1asdelaluna.es\/?author=1\" title=\"Ver todas las publicaciones de Joaquin Terres\" rel=\"author\">Por <span class=\"fn\">Joaquin Terres<\/span><\/a><a href=\"https:\/\/www.monta\u00f1asdelaluna.es\/?m=20180224\" title=\"7:14 am\" class=\"data-link\" rel=\"bookmark\"><time class=\"entry-date updated\" datetime=\"2018-02-24T07:14:40+00:00\">24 febrero, 2018<\/time><\/a><a href=\"https:\/\/www.monta\u00f1asdelaluna.es\/?p=44181#respond\" class=\"comment-link\" >Deja un comentario<\/a><\/div><p>[vc_row][vc_column][vc_column_text]Es un invierno con muchas nevadas al Montseny, incluso ahora que escribo este relato de la subida al Tur\u00f3 de l\u2019Home desde el Coll de Santa Helena, miro por la ventana, hoy 12 de abril, y admiro que ha vuelto a nevar con ganas en la nombrada monta\u00f1a, y a partir de 1.000 metros. Incre\u00edble.&hellip;<\/p>\n\n<a href=\"https:\/\/www.monta\u00f1asdelaluna.es\/?p=44181\" class=\"details more-link\" aria-label=\"Read more about Tur\u00f3 de l&#8217;Home desde el Coll de Santa Helena\" rel=\"nofollow\">Detalles<\/a>\n\n\t\t<\/div>\n\n\t<\/article>\n\n<\/div>\n<div class=\"wf-cell iso-item category-120\" data-post-id=\"38384\" data-date=\"2018-01-13T07:22:43+00:00\" data-name=\"Sant Miquel de Solterra o de Les Formigues desde Osor\">\n\t<article class=\"post post-38384 type-post status-publish format-standard has-post-thumbnail hentry category-collsacabra-i-guilleries category-120 description-off\">\n\n\t\t\n\t\t\t<div class=\"blog-media wf-td\">\n\n\t\t\t\t<p><a href=\"https:\/\/www.monta\u00f1asdelaluna.es\/?p=38384\" class=\"alignnone rollover layzr-bg\" ><img loading=\"lazy\" decoding=\"async\" class=\"preload-me iso-lazy-load\" src=\"data:image\/svg+xml,%3Csvg%20xmlns%3D&#39;http%3A%2F%2Fwww.w3.org%2F2000%2Fsvg&#39;%20viewBox%3D&#39;0%200%20555%20416&#39;%2F%3E\" data-src=\"https:\/\/www.monta\u00f1asdelaluna.es\/wp-content\/uploads\/2018\/02\/raquel-y-alberto-hundiendose-en-la-hojarasca-555x416.jpg\" data-srcset=\"https:\/\/www.monta\u00f1asdelaluna.es\/wp-content\/uploads\/2018\/02\/raquel-y-alberto-hundiendose-en-la-hojarasca-555x416.jpg 555w, https:\/\/www.monta\u00f1asdelaluna.es\/wp-content\/uploads\/2018\/02\/raquel-y-alberto-hundiendose-en-la-hojarasca-1110x832.jpg 1110w\" alt=\"\" title=\"Raquel y Alberto hundi\u00e9ndose en la hojarasca\" width=\"555\" height=\"416\"  \/><\/a><\/p>\n\t\t\t<\/div>\n\n\t\t\n\t\t<div class=\"blog-content wf-td\">\n\t\t\t<h3 class=\"entry-title\"><a href=\"https:\/\/www.monta\u00f1asdelaluna.es\/?p=38384\" title=\"Sant Miquel de Solterra o de Les Formigues desde Osor\" rel=\"bookmark\">Sant Miquel de Solterra o de Les Formigues desde Osor<\/a><\/h3>\n\n\t\t\t<div class=\"entry-meta\"><span class=\"category-link\"><a href=\"https:\/\/www.monta\u00f1asdelaluna.es\/?cat=120\" rel=\"category\">Collsacabra i Guilleries<\/a><\/span><a class=\"author vcard\" href=\"https:\/\/www.monta\u00f1asdelaluna.es\/?author=1\" title=\"Ver todas las publicaciones de Joaquin Terres\" rel=\"author\">Por <span class=\"fn\">Joaquin Terres<\/span><\/a><a href=\"https:\/\/www.monta\u00f1asdelaluna.es\/?m=20180113\" title=\"7:22 am\" class=\"data-link\" rel=\"bookmark\"><time class=\"entry-date updated\" datetime=\"2018-01-13T07:22:43+00:00\">13 enero, 2018<\/time><\/a><a href=\"https:\/\/www.monta\u00f1asdelaluna.es\/?p=38384#respond\" class=\"comment-link\" >Deja un comentario<\/a><\/div><p>[vc_row][vc_column][vc_column_text]Intent\u00e9 realizar esta actividad, esta ascensi\u00f3n del pico o monta\u00f1a m\u00e1s alta de Les Guilleries, hace unos meses atr\u00e1s. La idea era llegar hasta la peque\u00f1a y cuca poblaci\u00f3n de Osor, encajonada y metida en un vallecillo entre las pendientes de estas casi deshabitadas monta\u00f1as. Les Guilleries junto con el Collsacabra son un conjunto de&hellip;<\/p>\n\n<a href=\"https:\/\/www.monta\u00f1asdelaluna.es\/?p=38384\" class=\"details more-link\" aria-label=\"Read more about Sant Miquel de Solterra o de Les Formigues desde Osor\" rel=\"nofollow\">Detalles<\/a>\n\n\t\t<\/div>\n\n\t<\/article>\n\n<\/div>\n<div class=\"wf-cell iso-item category-130\" data-post-id=\"38306\" data-date=\"2017-12-16T22:09:45+00:00\" data-name=\"Tossa d&#039;Alp y Puigllan\u00e7ada desde Coll de Pal\">\n\t<article class=\"post post-38306 type-post status-publish format-standard has-post-thumbnail hentry category-pirineo-calizo-catalan category-130 description-off\">\n\n\t\t\n\t\t\t<div class=\"blog-media wf-td\">\n\n\t\t\t\t<p><a href=\"https:\/\/www.monta\u00f1asdelaluna.es\/?p=38306\" class=\"alignnone rollover layzr-bg\" ><img loading=\"lazy\" decoding=\"async\" class=\"preload-me iso-lazy-load\" src=\"data:image\/svg+xml,%3Csvg%20xmlns%3D&#39;http%3A%2F%2Fwww.w3.org%2F2000%2Fsvg&#39;%20viewBox%3D&#39;0%200%20555%20416&#39;%2F%3E\" data-src=\"https:\/\/www.monta\u00f1asdelaluna.es\/wp-content\/uploads\/2018\/01\/la-formidable-sierra-del-cadi-abajo-a-la-izquierda-les-penyes-altes-de-moixero-555x416.jpg\" data-srcset=\"https:\/\/www.monta\u00f1asdelaluna.es\/wp-content\/uploads\/2018\/01\/la-formidable-sierra-del-cadi-abajo-a-la-izquierda-les-penyes-altes-de-moixero-555x416.jpg 555w, https:\/\/www.monta\u00f1asdelaluna.es\/wp-content\/uploads\/2018\/01\/la-formidable-sierra-del-cadi-abajo-a-la-izquierda-les-penyes-altes-de-moixero-1110x832.jpg 1110w\" alt=\"\" title=\"La formidable Sierra del Cad\u00ed, abajo a la izquierda les Penyes Altes de Moixer\u00f3\" width=\"555\" height=\"416\"  \/><\/a><\/p>\n\t\t\t<\/div>\n\n\t\t\n\t\t<div class=\"blog-content wf-td\">\n\t\t\t<h3 class=\"entry-title\"><a href=\"https:\/\/www.monta\u00f1asdelaluna.es\/?p=38306\" title=\"Tossa d&#8217;Alp y Puigllan\u00e7ada desde Coll de Pal\" rel=\"bookmark\">Tossa d&#8217;Alp y Puigllan\u00e7ada desde Coll de Pal<\/a><\/h3>\n\n\t\t\t<div class=\"entry-meta\"><span class=\"category-link\"><a href=\"https:\/\/www.monta\u00f1asdelaluna.es\/?cat=130\" rel=\"category\">Pirineo Calizo Catal\u00e1n<\/a><\/span><a class=\"author vcard\" href=\"https:\/\/www.monta\u00f1asdelaluna.es\/?author=1\" title=\"Ver todas las publicaciones de Joaquin Terres\" rel=\"author\">Por <span class=\"fn\">Joaquin Terres<\/span><\/a><a href=\"https:\/\/www.monta\u00f1asdelaluna.es\/?m=20171216\" title=\"10:09 pm\" class=\"data-link\" rel=\"bookmark\"><time class=\"entry-date updated\" datetime=\"2017-12-16T22:09:45+00:00\">16 diciembre, 2017<\/time><\/a><a href=\"https:\/\/www.monta\u00f1asdelaluna.es\/?p=38306#respond\" class=\"comment-link\" >Deja un comentario<\/a><\/div><p>[vc_row][vc_column][vc_column_text]Este pasado septiembre ya quer\u00eda subir la Tossa d\u2019Alp, un pico legendario, m\u00edtico, faro entre la hermosa Sierra del Cad\u00ed y el macizo del Pirineo m\u00e1s oriental, con el Puigmal a la cabeza. Tambi\u00e9n muy famoso y visitado, no por las veces que se corona su cima, si no por sus laderas, llenas de las&hellip;<\/p>\n\n<a href=\"https:\/\/www.monta\u00f1asdelaluna.es\/?p=38306\" class=\"details more-link\" aria-label=\"Read more about Tossa d&#8217;Alp y Puigllan\u00e7ada desde Coll de Pal\" rel=\"nofollow\">Detalles<\/a>\n\n\t\t<\/div>\n\n\t<\/article>\n\n<\/div>\n<div class=\"wf-cell iso-item category-47\" data-post-id=\"38176\" data-date=\"2017-12-10T19:54:47+00:00\" data-name=\"La Vall d&#039;en Bas\">\n\t<article class=\"post post-38176 type-post status-publish format-standard has-post-thumbnail hentry category-la-garrotxa category-47 description-off\">\n\n\t\t\n\t\t\t<div class=\"blog-media wf-td\">\n\n\t\t\t\t<p><a href=\"https:\/\/www.monta\u00f1asdelaluna.es\/?p=38176\" class=\"alignnone rollover layzr-bg\" ><img loading=\"lazy\" decoding=\"async\" class=\"preload-me iso-lazy-load\" src=\"data:image\/svg+xml,%3Csvg%20xmlns%3D&#39;http%3A%2F%2Fwww.w3.org%2F2000%2Fsvg&#39;%20viewBox%3D&#39;0%200%20555%20416&#39;%2F%3E\" data-src=\"https:\/\/www.monta\u00f1asdelaluna.es\/wp-content\/uploads\/2018\/01\/IMG_6055-555x416.jpg\" data-srcset=\"https:\/\/www.monta\u00f1asdelaluna.es\/wp-content\/uploads\/2018\/01\/IMG_6055-555x416.jpg 555w, https:\/\/www.monta\u00f1asdelaluna.es\/wp-content\/uploads\/2018\/01\/IMG_6055-1110x832.jpg 1110w\" alt=\"\" title=\"A la izquierda Sant Miquel de Castell\u00f3, Pibernat, detr\u00e1s el Puig Cornell, Puigsacalm, a la derecha el valle de la Vall d&#8217;en Bas y al fondo el Pirineo\" width=\"555\" height=\"416\"  \/><\/a><\/p>\n\t\t\t<\/div>\n\n\t\t\n\t\t<div class=\"blog-content wf-td\">\n\t\t\t<h3 class=\"entry-title\"><a href=\"https:\/\/www.monta\u00f1asdelaluna.es\/?p=38176\" title=\"La Vall d&#8217;en Bas\" rel=\"bookmark\">La Vall d&#8217;en Bas<\/a><\/h3>\n\n\t\t\t<div class=\"entry-meta\"><span class=\"category-link\"><a href=\"https:\/\/www.monta\u00f1asdelaluna.es\/?cat=47\" rel=\"category\">La Garrotxa<\/a><\/span><a class=\"author vcard\" href=\"https:\/\/www.monta\u00f1asdelaluna.es\/?author=1\" title=\"Ver todas las publicaciones de Joaquin Terres\" rel=\"author\">Por <span class=\"fn\">Joaquin Terres<\/span><\/a><a href=\"https:\/\/www.monta\u00f1asdelaluna.es\/?m=20171210\" title=\"7:54 pm\" class=\"data-link\" rel=\"bookmark\"><time class=\"entry-date updated\" datetime=\"2017-12-10T19:54:47+00:00\">10 diciembre, 2017<\/time><\/a><a href=\"https:\/\/www.monta\u00f1asdelaluna.es\/?p=38176#respond\" class=\"comment-link\" >Deja un comentario<\/a><\/div><p>[vc_row][vc_column][vc_column_text]Como cada oto\u00f1o intento realizar una visita, una excursi\u00f3n por los verdes lugares de La Garrotxa. Y este oto\u00f1o casi se me escapa hacerla, despu\u00e9s de aplazar o anular la traves\u00eda habitual por La Garrotxa con noche en Santa Pau. Esta vez quer\u00eda visitar el famoso valle de la Vall d\u2019en Bas, a caballo entre&hellip;<\/p>\n\n<a href=\"https:\/\/www.monta\u00f1asdelaluna.es\/?p=38176\" class=\"details more-link\" aria-label=\"Read more about La Vall d&#8217;en Bas\" rel=\"nofollow\">Detalles<\/a>\n\n\t\t<\/div>\n\n\t<\/article>\n\n<\/div>\n<div class=\"wf-cell iso-item category-120\" data-post-id=\"38018\" data-date=\"2017-10-28T07:04:45+00:00\" data-name=\"Los Cingles de l&#039;Avenc desde Tavertet\">\n\t<article class=\"post post-38018 type-post status-publish format-standard has-post-thumbnail hentry category-collsacabra-i-guilleries category-120 description-off\">\n\n\t\t\n\t\t\t<div class=\"blog-media wf-td\">\n\n\t\t\t\t<p><a href=\"https:\/\/www.monta\u00f1asdelaluna.es\/?p=38018\" class=\"alignnone rollover layzr-bg\" ><img loading=\"lazy\" decoding=\"async\" class=\"preload-me iso-lazy-load\" src=\"data:image\/svg+xml,%3Csvg%20xmlns%3D&#39;http%3A%2F%2Fwww.w3.org%2F2000%2Fsvg&#39;%20viewBox%3D&#39;0%200%20555%20416&#39;%2F%3E\" data-src=\"https:\/\/www.monta\u00f1asdelaluna.es\/wp-content\/uploads\/2017\/11\/los-cingles-de-l-avenc-con-el-puig-de-la-creu-y-la-casa-de-l-avenc-a-la-izquierda-555x416.jpg\" data-srcset=\"https:\/\/www.monta\u00f1asdelaluna.es\/wp-content\/uploads\/2017\/11\/los-cingles-de-l-avenc-con-el-puig-de-la-creu-y-la-casa-de-l-avenc-a-la-izquierda-555x416.jpg 555w, https:\/\/www.monta\u00f1asdelaluna.es\/wp-content\/uploads\/2017\/11\/los-cingles-de-l-avenc-con-el-puig-de-la-creu-y-la-casa-de-l-avenc-a-la-izquierda-1110x832.jpg 1110w\" alt=\"\" title=\"Los Cingles de l&#8217;Avenc con el Puig de La Creu y la casa de l&#8217;Avenc a la izquierda\" width=\"555\" height=\"416\"  \/><\/a><\/p>\n\t\t\t<\/div>\n\n\t\t\n\t\t<div class=\"blog-content wf-td\">\n\t\t\t<h3 class=\"entry-title\"><a href=\"https:\/\/www.monta\u00f1asdelaluna.es\/?p=38018\" title=\"Los Cingles de l&#8217;Avenc desde Tavertet\" rel=\"bookmark\">Los Cingles de l&#8217;Avenc desde Tavertet<\/a><\/h3>\n\n\t\t\t<div class=\"entry-meta\"><span class=\"category-link\"><a href=\"https:\/\/www.monta\u00f1asdelaluna.es\/?cat=120\" rel=\"category\">Collsacabra i Guilleries<\/a><\/span><a class=\"author vcard\" href=\"https:\/\/www.monta\u00f1asdelaluna.es\/?author=1\" title=\"Ver todas las publicaciones de Joaquin Terres\" rel=\"author\">Por <span class=\"fn\">Joaquin Terres<\/span><\/a><a href=\"https:\/\/www.monta\u00f1asdelaluna.es\/?m=20171028\" title=\"7:04 am\" class=\"data-link\" rel=\"bookmark\"><time class=\"entry-date updated\" datetime=\"2017-10-28T07:04:45+00:00\">28 octubre, 2017<\/time><\/a><a href=\"https:\/\/www.monta\u00f1asdelaluna.es\/?p=38018#respond\" class=\"comment-link\" >Deja un comentario<\/a><\/div><p>[vc_row][vc_column][vc_column_text]La idea era realizar un paseo, una marcha tranquila por alg\u00fan lugar del Collsacabra, entre esos excepcionales cortados que emergen poderosos al norte del Pant\u00e0 de Sau por los alrededores de Tavertet, Rupit\u2026 e incluso hasta llegar al geron\u00e9s pico del Far. Ya hab\u00eda visitado en solitario los Cingles de Tavertet saliendo de Sant Mart\u00ed&hellip;<\/p>\n\n<a href=\"https:\/\/www.monta\u00f1asdelaluna.es\/?p=38018\" class=\"details more-link\" aria-label=\"Read more about Los Cingles de l&#8217;Avenc desde Tavertet\" rel=\"nofollow\">Detalles<\/a>\n\n\t\t<\/div>\n\n\t<\/article>\n\n<\/div>\n<div class=\"wf-cell iso-item category-125\" data-post-id=\"37752\" data-date=\"2017-10-07T18:55:42+00:00\" data-name=\"Ib\u00f3n de Bag\u00fce\u00f1a en los Picos de Eriste\">\n\t<article class=\"post post-37752 type-post status-publish format-standard has-post-thumbnail hentry category-valle-del-esera category-125 description-off\">\n\n\t\t\n\t\t\t<div class=\"blog-media wf-td\">\n\n\t\t\t\t<p><a href=\"https:\/\/www.monta\u00f1asdelaluna.es\/?p=37752\" class=\"alignnone rollover layzr-bg\" ><img loading=\"lazy\" decoding=\"async\" class=\"preload-me iso-lazy-load\" src=\"data:image\/svg+xml,%3Csvg%20xmlns%3D&#39;http%3A%2F%2Fwww.w3.org%2F2000%2Fsvg&#39;%20viewBox%3D&#39;0%200%20555%20416&#39;%2F%3E\" data-src=\"https:\/\/www.monta\u00f1asdelaluna.es\/wp-content\/uploads\/2017\/10\/delante-pau-detras-la-ball-y-la-tuca-del-cierco-a-la-derecha-555x416.jpg\" data-srcset=\"https:\/\/www.monta\u00f1asdelaluna.es\/wp-content\/uploads\/2017\/10\/delante-pau-detras-la-ball-y-la-tuca-del-cierco-a-la-derecha-555x416.jpg 555w, https:\/\/www.monta\u00f1asdelaluna.es\/wp-content\/uploads\/2017\/10\/delante-pau-detras-la-ball-y-la-tuca-del-cierco-a-la-derecha-1110x832.jpg 1110w\" alt=\"\" title=\"Delante Pau, detr\u00e1s La Ball y la Tuca del Cierco a la derecha\" width=\"555\" height=\"416\"  \/><\/a><\/p>\n\t\t\t<\/div>\n\n\t\t\n\t\t<div class=\"blog-content wf-td\">\n\t\t\t<h3 class=\"entry-title\"><a href=\"https:\/\/www.monta\u00f1asdelaluna.es\/?p=37752\" title=\"Ib\u00f3n de Bag\u00fce\u00f1a en los Picos de Eriste\" rel=\"bookmark\">Ib\u00f3n de Bag\u00fce\u00f1a en los Picos de Eriste<\/a><\/h3>\n\n\t\t\t<div class=\"entry-meta\"><span class=\"category-link\"><a href=\"https:\/\/www.monta\u00f1asdelaluna.es\/?cat=125\" rel=\"category\">Valle del \u00c9sera<\/a><\/span><a class=\"author vcard\" href=\"https:\/\/www.monta\u00f1asdelaluna.es\/?author=1\" title=\"Ver todas las publicaciones de Joaquin Terres\" rel=\"author\">Por <span class=\"fn\">Joaquin Terres<\/span><\/a><a href=\"https:\/\/www.monta\u00f1asdelaluna.es\/?m=20171007\" title=\"6:55 pm\" class=\"data-link\" rel=\"bookmark\"><time class=\"entry-date updated\" datetime=\"2017-10-07T18:55:42+00:00\">7 octubre, 2017<\/time><\/a><a href=\"https:\/\/www.monta\u00f1asdelaluna.es\/?p=37752#respond\" class=\"comment-link\" >Deja un comentario<\/a><\/div><p>[vc_row][vc_column][vc_column_text]Vicente Molina quer\u00eda que organizara una actividad por los Pirineos. Este amigo de Formentera del Segura iniciado en la monta\u00f1a no hace muchos a\u00f1os, siempre intentaba subir al Pirineo para vernos y a la vez conocer alguna altura, alg\u00fan rinc\u00f3n nuevo del Pirineo. Las fechas finales fueron el 7 y 8 de octubre, en el&hellip;<\/p>\n\n<a href=\"https:\/\/www.monta\u00f1asdelaluna.es\/?p=37752\" class=\"details more-link\" aria-label=\"Read more about Ib\u00f3n de Bag\u00fce\u00f1a en los Picos de Eriste\" rel=\"nofollow\">Detalles<\/a>\n\n\t\t<\/div>\n\n\t<\/article>\n\n<\/div>\n<div class=\"wf-cell iso-item category-128\" data-post-id=\"37745\" data-date=\"2017-09-24T19:03:28+00:00\" data-name=\"Puigpedr\u00f3s. Las alturas de La Cerda\u00f1a\">\n\t<article class=\"post post-37745 type-post status-publish format-standard has-post-thumbnail hentry category-alto-pirineo-catalan category-128 description-off\">\n\n\t\t\n\t\t\t<div class=\"blog-media wf-td\">\n\n\t\t\t\t<p><a href=\"https:\/\/www.monta\u00f1asdelaluna.es\/?p=37745\" class=\"alignnone rollover layzr-bg\" ><img loading=\"lazy\" decoding=\"async\" class=\"preload-me iso-lazy-load\" src=\"data:image\/svg+xml,%3Csvg%20xmlns%3D&#39;http%3A%2F%2Fwww.w3.org%2F2000%2Fsvg&#39;%20viewBox%3D&#39;0%200%20555%20416&#39;%2F%3E\" data-src=\"https:\/\/www.monta\u00f1asdelaluna.es\/wp-content\/uploads\/2017\/10\/delante-zaida-llegando-a-la-cima-del-puigpedros-555x416.jpg\" data-srcset=\"https:\/\/www.monta\u00f1asdelaluna.es\/wp-content\/uploads\/2017\/10\/delante-zaida-llegando-a-la-cima-del-puigpedros-555x416.jpg 555w, https:\/\/www.monta\u00f1asdelaluna.es\/wp-content\/uploads\/2017\/10\/delante-zaida-llegando-a-la-cima-del-puigpedros-1110x832.jpg 1110w\" alt=\"\" title=\"Delante Zaida llegando a la cima del Puigpedr\u00f3s\" width=\"555\" height=\"416\"  \/><\/a><\/p>\n\t\t\t<\/div>\n\n\t\t\n\t\t<div class=\"blog-content wf-td\">\n\t\t\t<h3 class=\"entry-title\"><a href=\"https:\/\/www.monta\u00f1asdelaluna.es\/?p=37745\" title=\"Puigpedr\u00f3s. Las alturas de La Cerda\u00f1a\" rel=\"bookmark\">Puigpedr\u00f3s. Las alturas de La Cerda\u00f1a<\/a><\/h3>\n\n\t\t\t<div class=\"entry-meta\"><span class=\"category-link\"><a href=\"https:\/\/www.monta\u00f1asdelaluna.es\/?cat=128\" rel=\"category\">Alto Pirineo Catal\u00e1n<\/a><\/span><a class=\"author vcard\" href=\"https:\/\/www.monta\u00f1asdelaluna.es\/?author=1\" title=\"Ver todas las publicaciones de Joaquin Terres\" rel=\"author\">Por <span class=\"fn\">Joaquin Terres<\/span><\/a><a href=\"https:\/\/www.monta\u00f1asdelaluna.es\/?m=20170924\" title=\"7:03 pm\" class=\"data-link\" rel=\"bookmark\"><time class=\"entry-date updated\" datetime=\"2017-09-24T19:03:28+00:00\">24 septiembre, 2017<\/time><\/a><a href=\"https:\/\/www.monta\u00f1asdelaluna.es\/?p=37745#respond\" class=\"comment-link\" >Deja un comentario<\/a><\/div><p>[vc_row][vc_column][vc_column_text]Una salida rel\u00e1mpago programada de un d\u00eda para otro. En un principio quer\u00eda subir uno de los picos m\u00e1s representativos de la barrera, cadena Cad\u00ed-Moixer\u00f3-Puigllan\u00e7ada, que cierran el amplio valle de La Cerda\u00f1a por el sur: la Tosa d\u2019Alp. Pero mis amigos y viejos compa\u00f1eros del Centro Excursionista Almorad\u00ed que viven en Alp, Javi y&hellip;<\/p>\n\n<a href=\"https:\/\/www.monta\u00f1asdelaluna.es\/?p=37745\" class=\"details more-link\" aria-label=\"Read more about Puigpedr\u00f3s. Las alturas de La Cerda\u00f1a\" rel=\"nofollow\">Detalles<\/a>\n\n\t\t<\/div>\n\n\t<\/article>\n\n<\/div>\n<div class=\"wf-cell iso-item category-131\" data-post-id=\"37684\" data-date=\"2017-09-10T19:15:54+00:00\" data-name=\"Tur\u00f3 Morou y Pant\u00e0 de Santa Fe\">\n\t<article class=\"post post-37684 type-post status-publish format-standard has-post-thumbnail hentry category-turo-de-lhome category-131 description-off\">\n\n\t\t\n\t\t\t<div class=\"blog-media wf-td\">\n\n\t\t\t\t<p><a href=\"https:\/\/www.monta\u00f1asdelaluna.es\/?p=37684\" class=\"alignnone rollover layzr-bg\" ><img loading=\"lazy\" decoding=\"async\" class=\"preload-me iso-lazy-load\" src=\"data:image\/svg+xml,%3Csvg%20xmlns%3D&#39;http%3A%2F%2Fwww.w3.org%2F2000%2Fsvg&#39;%20viewBox%3D&#39;0%200%20555%20416&#39;%2F%3E\" data-src=\"https:\/\/www.monta\u00f1asdelaluna.es\/wp-content\/uploads\/2017\/09\/cercanias-de-santa-fe-555x416.jpg\" data-srcset=\"https:\/\/www.monta\u00f1asdelaluna.es\/wp-content\/uploads\/2017\/09\/cercanias-de-santa-fe-555x416.jpg 555w, https:\/\/www.monta\u00f1asdelaluna.es\/wp-content\/uploads\/2017\/09\/cercanias-de-santa-fe-1110x832.jpg 1110w\" alt=\"\" title=\"Cercan\u00edas de Santa Fe\" width=\"555\" height=\"416\"  \/><\/a><\/p>\n\t\t\t<\/div>\n\n\t\t\n\t\t<div class=\"blog-content wf-td\">\n\t\t\t<h3 class=\"entry-title\"><a href=\"https:\/\/www.monta\u00f1asdelaluna.es\/?p=37684\" title=\"Tur\u00f3 Morou y Pant\u00e0 de Santa Fe\" rel=\"bookmark\">Tur\u00f3 Morou y Pant\u00e0 de Santa Fe<\/a><\/h3>\n\n\t\t\t<div class=\"entry-meta\"><span class=\"category-link\"><a href=\"https:\/\/www.monta\u00f1asdelaluna.es\/?cat=131\" rel=\"category\">Tur\u00f3 de l'Home<\/a><\/span><a class=\"author vcard\" href=\"https:\/\/www.monta\u00f1asdelaluna.es\/?author=1\" title=\"Ver todas las publicaciones de Joaquin Terres\" rel=\"author\">Por <span class=\"fn\">Joaquin Terres<\/span><\/a><a href=\"https:\/\/www.monta\u00f1asdelaluna.es\/?m=20170910\" title=\"7:15 pm\" class=\"data-link\" rel=\"bookmark\"><time class=\"entry-date updated\" datetime=\"2017-09-10T19:15:54+00:00\">10 septiembre, 2017<\/time><\/a><a href=\"https:\/\/www.monta\u00f1asdelaluna.es\/?p=37684#respond\" class=\"comment-link\" >Deja un comentario<\/a><\/div><p>[vc_row][vc_column][vc_column_text]Otro paseo por los hayedos que rodean el lugar de Santa Fe en el Montseny. Paseo por qu\u00e9 no representa dificultad alguna ni esfuerzo el hacer esta actividad. Igual que la pasada actividad Santa Fe y Tur\u00f3 Morou, hicimos el mismo recorrido pero con alguna nueva variante, alg\u00fan a\u00f1adido que ahora indico. El pasado domingo&hellip;<\/p>\n\n<a href=\"https:\/\/www.monta\u00f1asdelaluna.es\/?p=37684\" class=\"details more-link\" aria-label=\"Read more about Tur\u00f3 Morou y Pant\u00e0 de Santa Fe\" rel=\"nofollow\">Detalles<\/a>\n\n\t\t<\/div>\n\n\t<\/article>\n\n<\/div>\n<div class=\"wf-cell iso-item category-111\" data-post-id=\"37498\" data-date=\"2017-08-07T19:08:14+00:00\" data-name=\"7 de agosto del 2.017, lunes: Zermatt y viaje de regreso.\">\n\t<article class=\"post post-37498 type-post status-publish format-standard has-post-thumbnail hentry category-finsteraarhorn-y-glaciar-aletsch category-111 description-off\">\n\n\t\t\n\t\t\t<div class=\"blog-media wf-td\">\n\n\t\t\t\t<p><a href=\"https:\/\/www.monta\u00f1asdelaluna.es\/?p=37498\" class=\"alignnone rollover layzr-bg\" ><img loading=\"lazy\" decoding=\"async\" class=\"preload-me iso-lazy-load\" src=\"data:image\/svg+xml,%3Csvg%20xmlns%3D&#39;http%3A%2F%2Fwww.w3.org%2F2000%2Fsvg&#39;%20viewBox%3D&#39;0%200%20555%20416&#39;%2F%3E\" data-src=\"https:\/\/www.monta\u00f1asdelaluna.es\/wp-content\/uploads\/2017\/09\/IMG_5142-555x416.jpg\" data-srcset=\"https:\/\/www.monta\u00f1asdelaluna.es\/wp-content\/uploads\/2017\/09\/IMG_5142-555x416.jpg 555w, https:\/\/www.monta\u00f1asdelaluna.es\/wp-content\/uploads\/2017\/09\/IMG_5142-1110x832.jpg 1110w\" alt=\"\" title=\"Zermatt\" width=\"555\" height=\"416\"  \/><\/a><\/p>\n\t\t\t<\/div>\n\n\t\t\n\t\t<div class=\"blog-content wf-td\">\n\t\t\t<h3 class=\"entry-title\"><a href=\"https:\/\/www.monta\u00f1asdelaluna.es\/?p=37498\" title=\"7 de agosto del 2.017, lunes: Zermatt y viaje de regreso.\" rel=\"bookmark\">7 de agosto del 2.017, lunes: Zermatt y viaje de regreso.<\/a><\/h3>\n\n\t\t\t<div class=\"entry-meta\"><span class=\"category-link\"><a href=\"https:\/\/www.monta\u00f1asdelaluna.es\/?cat=111\" rel=\"category\">Finsteraarhorn y Glaciar Aletsch<\/a><\/span><a class=\"author vcard\" href=\"https:\/\/www.monta\u00f1asdelaluna.es\/?author=1\" title=\"Ver todas las publicaciones de Joaquin Terres\" rel=\"author\">Por <span class=\"fn\">Joaquin Terres<\/span><\/a><a href=\"https:\/\/www.monta\u00f1asdelaluna.es\/?m=20170807\" title=\"7:08 pm\" class=\"data-link\" rel=\"bookmark\"><time class=\"entry-date updated\" datetime=\"2017-08-07T19:08:14+00:00\">7 agosto, 2017<\/time><\/a><a href=\"https:\/\/www.monta\u00f1asdelaluna.es\/?p=37498#respond\" class=\"comment-link\" >Deja un comentario<\/a><\/div><p>[vc_row][vc_column][vc_column_text]No ten\u00edamos prisa en levantarnos. Desayunamos y nos disponemos a comprar los billetes de tren para subir a Zermatt. La estaci\u00f3n se encuentra muy cerca del camping y en pocos pasos llegamos a \u00e9l. \u00a0\u00a0\u00a0\u00a0\u00a0 Hoy hac\u00eda un d\u00eda magn\u00edfico. El sol y el calor ser\u00e1n la nota predominante hoy. Hay mucha gente en el&hellip;<\/p>\n\n<a href=\"https:\/\/www.monta\u00f1asdelaluna.es\/?p=37498\" class=\"details more-link\" aria-label=\"Read more about 7 de agosto del 2.017, lunes: Zermatt y viaje de regreso.\" rel=\"nofollow\">Detalles<\/a>\n\n\t\t<\/div>\n\n\t<\/article>\n\n<\/div>\n<div class=\"wf-cell iso-item category-111\" data-post-id=\"37488\" data-date=\"2017-08-06T12:00:12+00:00\" data-name=\"6 de agosto del 2.017, domingo: Hotel Oberaar-Grimselpass. Fiesch y T\u00e4sch.\">\n\t<article class=\"post post-37488 type-post status-publish format-standard has-post-thumbnail hentry category-finsteraarhorn-y-glaciar-aletsch category-111 description-off\">\n\n\t\t\n\t\t\t<div class=\"blog-media wf-td\">\n\n\t\t\t\t<p><a href=\"https:\/\/www.monta\u00f1asdelaluna.es\/?p=37488\" class=\"alignnone rollover layzr-bg\" ><img loading=\"lazy\" decoding=\"async\" class=\"preload-me iso-lazy-load\" src=\"data:image\/svg+xml,%3Csvg%20xmlns%3D&#39;http%3A%2F%2Fwww.w3.org%2F2000%2Fsvg&#39;%20viewBox%3D&#39;0%200%20555%20416&#39;%2F%3E\" data-src=\"https:\/\/www.monta\u00f1asdelaluna.es\/wp-content\/uploads\/2017\/09\/fiesch-555x416.jpg\" data-srcset=\"https:\/\/www.monta\u00f1asdelaluna.es\/wp-content\/uploads\/2017\/09\/fiesch-555x416.jpg 555w, https:\/\/www.monta\u00f1asdelaluna.es\/wp-content\/uploads\/2017\/09\/fiesch-1110x832.jpg 1110w\" alt=\"\" title=\"Fiesch\" width=\"555\" height=\"416\"  \/><\/a><\/p>\n\t\t\t<\/div>\n\n\t\t\n\t\t<div class=\"blog-content wf-td\">\n\t\t\t<h3 class=\"entry-title\"><a href=\"https:\/\/www.monta\u00f1asdelaluna.es\/?p=37488\" title=\"6 de agosto del 2.017, domingo: Hotel Oberaar-Grimselpass. Fiesch y T\u00e4sch.\" rel=\"bookmark\">6 de agosto del 2.017, domingo: Hotel Oberaar-Grimselpass. Fiesch y T\u00e4sch.<\/a><\/h3>\n\n\t\t\t<div class=\"entry-meta\"><span class=\"category-link\"><a href=\"https:\/\/www.monta\u00f1asdelaluna.es\/?cat=111\" rel=\"category\">Finsteraarhorn y Glaciar Aletsch<\/a><\/span><a class=\"author vcard\" href=\"https:\/\/www.monta\u00f1asdelaluna.es\/?author=1\" title=\"Ver todas las publicaciones de Joaquin Terres\" rel=\"author\">Por <span class=\"fn\">Joaquin Terres<\/span><\/a><a href=\"https:\/\/www.monta\u00f1asdelaluna.es\/?m=20170806\" title=\"12:00 pm\" class=\"data-link\" rel=\"bookmark\"><time class=\"entry-date updated\" datetime=\"2017-08-06T12:00:12+00:00\">6 agosto, 2017<\/time><\/a><a href=\"https:\/\/www.monta\u00f1asdelaluna.es\/?p=37488#respond\" class=\"comment-link\" >Deja un comentario<\/a><\/div><p>[vc_row][vc_column][vc_column_text]Nos comentaron que esta marcha era de 1 hora. Tambi\u00e9n que la de ayer eran de 4 a 5 horas, con lo que no creemos que tardemos esa hora en salir. Anoche el guarda joven mir\u00f3 los horarios del autob\u00fas (que nos debe de llevar de Grimselpass a Oberwald) y del tren (que nos debe&hellip;<\/p>\n\n<a href=\"https:\/\/www.monta\u00f1asdelaluna.es\/?p=37488\" class=\"details more-link\" aria-label=\"Read more about 6 de agosto del 2.017, domingo: Hotel Oberaar-Grimselpass. Fiesch y T\u00e4sch.\" rel=\"nofollow\">Detalles<\/a>\n\n\t\t<\/div>\n\n\t<\/article>\n\n<\/div>\n<div class=\"wf-cell iso-item category-111\" data-post-id=\"37413\" data-date=\"2017-08-05T19:23:06+00:00\" data-name=\"5 de agosto del 2.017, s\u00e1bado: Refugio Finsteraarhorn-Hotel Oberaar.\">\n\t<article class=\"post post-37413 type-post status-publish format-standard has-post-thumbnail hentry category-finsteraarhorn-y-glaciar-aletsch category-111 description-off\">\n\n\t\t\n\t\t\t<div class=\"blog-media wf-td\">\n\n\t\t\t\t<p><a href=\"https:\/\/www.monta\u00f1asdelaluna.es\/?p=37413\" class=\"alignnone rollover layzr-bg\" ><img loading=\"lazy\" decoding=\"async\" class=\"preload-me iso-lazy-load\" src=\"data:image\/svg+xml,%3Csvg%20xmlns%3D&#39;http%3A%2F%2Fwww.w3.org%2F2000%2Fsvg&#39;%20viewBox%3D&#39;0%200%20555%20416&#39;%2F%3E\" data-src=\"https:\/\/www.monta\u00f1asdelaluna.es\/wp-content\/uploads\/2017\/09\/IMG_4997-555x416.jpg\" data-srcset=\"https:\/\/www.monta\u00f1asdelaluna.es\/wp-content\/uploads\/2017\/09\/IMG_4997-555x416.jpg 555w, https:\/\/www.monta\u00f1asdelaluna.es\/wp-content\/uploads\/2017\/09\/IMG_4997-1110x832.jpg 1110w\" alt=\"\" title=\"Olga y Luis bajando por el Glaciar Oberaar, abajo el Lago Oberaar\" width=\"555\" height=\"416\"  \/><\/a><\/p>\n\t\t\t<\/div>\n\n\t\t\n\t\t<div class=\"blog-content wf-td\">\n\t\t\t<h3 class=\"entry-title\"><a href=\"https:\/\/www.monta\u00f1asdelaluna.es\/?p=37413\" title=\"5 de agosto del 2.017, s\u00e1bado: Refugio Finsteraarhorn-Hotel Oberaar.\" rel=\"bookmark\">5 de agosto del 2.017, s\u00e1bado: Refugio Finsteraarhorn-Hotel Oberaar.<\/a><\/h3>\n\n\t\t\t<div class=\"entry-meta\"><span class=\"category-link\"><a href=\"https:\/\/www.monta\u00f1asdelaluna.es\/?cat=111\" rel=\"category\">Finsteraarhorn y Glaciar Aletsch<\/a><\/span><a class=\"author vcard\" href=\"https:\/\/www.monta\u00f1asdelaluna.es\/?author=1\" title=\"Ver todas las publicaciones de Joaquin Terres\" rel=\"author\">Por <span class=\"fn\">Joaquin Terres<\/span><\/a><a href=\"https:\/\/www.monta\u00f1asdelaluna.es\/?m=20170805\" title=\"7:23 pm\" class=\"data-link\" rel=\"bookmark\"><time class=\"entry-date updated\" datetime=\"2017-08-05T19:23:06+00:00\">5 agosto, 2017<\/time><\/a><a href=\"https:\/\/www.monta\u00f1asdelaluna.es\/?p=37413#respond\" class=\"comment-link\" >Deja un comentario<\/a><\/div><p>[vc_row][vc_column][vc_column_text]Nos despertamos tranquilamente. Tranquilamente desayunamos. Nos hacemos las mochilas y nos preparamos para la \u201csupuesta\u201d \u00faltima traves\u00eda. Merodeamos por el refugio haciendo fotos a las habitaciones, aqu\u00ed y all\u00e1. Son nuestros \u00faltimos minutos en este acogedor lugar y quer\u00edamos inmortalizarlo. Ya no queda ning\u00fan monta\u00f1ero. Todos han salido ya a hacer su actividad, de hecho&hellip;<\/p>\n\n<a href=\"https:\/\/www.monta\u00f1asdelaluna.es\/?p=37413\" class=\"details more-link\" aria-label=\"Read more about 5 de agosto del 2.017, s\u00e1bado: Refugio Finsteraarhorn-Hotel Oberaar.\" rel=\"nofollow\">Detalles<\/a>\n\n\t\t<\/div>\n\n\t<\/article>\n\n<\/div>\n<div class=\"wf-cell iso-item category-111\" data-post-id=\"37404\" data-date=\"2017-08-04T23:23:03+00:00\" data-name=\"4 de agosto del 2.017, viernes: Finsteraarhorn, 4.274 mts.\">\n\t<article class=\"post post-37404 type-post status-publish format-standard has-post-thumbnail hentry category-finsteraarhorn-y-glaciar-aletsch category-111 description-off\">\n\n\t\t\n\t\t\t<div class=\"blog-media wf-td\">\n\n\t\t\t\t<p><a href=\"https:\/\/www.monta\u00f1asdelaluna.es\/?p=37404\" class=\"alignnone rollover layzr-bg\" ><img loading=\"lazy\" decoding=\"async\" class=\"preload-me iso-lazy-load\" src=\"data:image\/svg+xml,%3Csvg%20xmlns%3D&#39;http%3A%2F%2Fwww.w3.org%2F2000%2Fsvg&#39;%20viewBox%3D&#39;0%200%20555%20416&#39;%2F%3E\" data-src=\"https:\/\/www.monta\u00f1asdelaluna.es\/wp-content\/uploads\/2017\/09\/luis-subiendo-por-el-segundo-glaciar-a-la-izquierda-el-espolon-de-la-roca-del-desayuno-al-fondo-el-wannenhorn-el-mas-alto-schoenbuehlhorn-en-el-centro-y-el-fiescher-gabelhorn-a-lla-derecha-al-fo-555x416.jpg\" data-srcset=\"https:\/\/www.monta\u00f1asdelaluna.es\/wp-content\/uploads\/2017\/09\/luis-subiendo-por-el-segundo-glaciar-a-la-izquierda-el-espolon-de-la-roca-del-desayuno-al-fondo-el-wannenhorn-el-mas-alto-schoenbuehlhorn-en-el-centro-y-el-fiescher-gabelhorn-a-lla-derecha-al-fo-555x416.jpg 555w, https:\/\/www.monta\u00f1asdelaluna.es\/wp-content\/uploads\/2017\/09\/luis-subiendo-por-el-segundo-glaciar-a-la-izquierda-el-espolon-de-la-roca-del-desayuno-al-fondo-el-wannenhorn-el-mas-alto-schoenbuehlhorn-en-el-centro-y-el-fiescher-gabelhorn-a-lla-derecha-al-fo-1110x832.jpg 1110w\" alt=\"\" title=\"Luis subiendo por el segundo glaciar, a la izquierda el espol\u00f3n de la Roca del Desayuno, al fondo el Wannenhorn (el m\u00e1s alto), Sch\u00f6nb\u00fchlhorn en el centro y el Fiescher Gabelhorn a lla derecha. Al fondo derecha aparece el Aletschhorn\" width=\"555\" height=\"416\"  \/><\/a><\/p>\n\t\t\t<\/div>\n\n\t\t\n\t\t<div class=\"blog-content wf-td\">\n\t\t\t<h3 class=\"entry-title\"><a href=\"https:\/\/www.monta\u00f1asdelaluna.es\/?p=37404\" title=\"4 de agosto del 2.017, viernes: Finsteraarhorn, 4.274 mts.\" rel=\"bookmark\">4 de agosto del 2.017, viernes: Finsteraarhorn, 4.274 mts.<\/a><\/h3>\n\n\t\t\t<div class=\"entry-meta\"><span class=\"category-link\"><a href=\"https:\/\/www.monta\u00f1asdelaluna.es\/?cat=111\" rel=\"category\">Finsteraarhorn y Glaciar Aletsch<\/a><\/span><a class=\"author vcard\" href=\"https:\/\/www.monta\u00f1asdelaluna.es\/?author=1\" title=\"Ver todas las publicaciones de Joaquin Terres\" rel=\"author\">Por <span class=\"fn\">Joaquin Terres<\/span><\/a><a href=\"https:\/\/www.monta\u00f1asdelaluna.es\/?m=20170804\" title=\"11:23 pm\" class=\"data-link\" rel=\"bookmark\"><time class=\"entry-date updated\" datetime=\"2017-08-04T23:23:03+00:00\">4 agosto, 2017<\/time><\/a><\/div><p>[vc_row][vc_column][vc_column_text]El despertador suena. Como siempre alguna canci\u00f3n de Rammstein. He dormido a penas 3 o 2 horas bien, pero no estoy cansado ni me preocupa. \u00a0\u00a0\u00a0\u00a0\u00a0 Nos preparamos la mochila, ropa, material y comida. Abajo, despu\u00e9s de desayunar, incluiremos los hierros, cuerda, arn\u00e9s, piolets\u2026 Ese gran ritual de la preparaci\u00f3n y equipaci\u00f3n para salir a&hellip;<\/p>\n\n<a href=\"https:\/\/www.monta\u00f1asdelaluna.es\/?p=37404\" class=\"details more-link\" aria-label=\"Read more about 4 de agosto del 2.017, viernes: Finsteraarhorn, 4.274 mts.\" rel=\"nofollow\">Detalles<\/a>\n\n\t\t<\/div>\n\n\t<\/article>\n\n<\/div>\n<div class=\"wf-cell iso-item category-111\" data-post-id=\"37213\" data-date=\"2017-08-03T19:28:51+00:00\" data-name=\"3 de agosto del 2.017, jueves: Refugio Konkordia-Refugio Finsteraarhorn.\">\n\t<article class=\"post post-37213 type-post status-publish format-standard has-post-thumbnail hentry category-finsteraarhorn-y-glaciar-aletsch category-111 description-off\">\n\n\t\t\n\t\t\t<div class=\"blog-media wf-td\">\n\n\t\t\t\t<p><a href=\"https:\/\/www.monta\u00f1asdelaluna.es\/?p=37213\" class=\"alignnone rollover layzr-bg\" ><img loading=\"lazy\" decoding=\"async\" class=\"preload-me iso-lazy-load\" src=\"data:image\/svg+xml,%3Csvg%20xmlns%3D&#39;http%3A%2F%2Fwww.w3.org%2F2000%2Fsvg&#39;%20viewBox%3D&#39;0%200%20555%20416&#39;%2F%3E\" data-src=\"https:\/\/www.monta\u00f1asdelaluna.es\/wp-content\/uploads\/2017\/08\/atardecer-desde-el-refugio-abajo-el-glaciar-fiesch-arriba-de-derecha-a-izquierda-el-wyssnollen-fiescher-gabelhorn-picudo-schoenbuehlhorn-centro-y-el-grosses-wannenhorn-centro-izquierda-555x416.jpg\" data-srcset=\"https:\/\/www.monta\u00f1asdelaluna.es\/wp-content\/uploads\/2017\/08\/atardecer-desde-el-refugio-abajo-el-glaciar-fiesch-arriba-de-derecha-a-izquierda-el-wyssnollen-fiescher-gabelhorn-picudo-schoenbuehlhorn-centro-y-el-grosses-wannenhorn-centro-izquierda-555x416.jpg 555w, https:\/\/www.monta\u00f1asdelaluna.es\/wp-content\/uploads\/2017\/08\/atardecer-desde-el-refugio-abajo-el-glaciar-fiesch-arriba-de-derecha-a-izquierda-el-wyssnollen-fiescher-gabelhorn-picudo-schoenbuehlhorn-centro-y-el-grosses-wannenhorn-centro-izquierda-1110x832.jpg 1110w\" alt=\"\" title=\"Atardecer desde el refugio: abajo el Glaciar Fiesch, arriba de derecha a izquierda, el Wyssnollen, Fiescher Gabelhorn (picudo), Sch\u00f6nb\u00fchlhorn (centro) y el Grosses Wannenhorn (centro izquierda)\" width=\"555\" height=\"416\"  \/><\/a><\/p>\n\t\t\t<\/div>\n\n\t\t\n\t\t<div class=\"blog-content wf-td\">\n\t\t\t<h3 class=\"entry-title\"><a href=\"https:\/\/www.monta\u00f1asdelaluna.es\/?p=37213\" title=\"3 de agosto del 2.017, jueves: Refugio Konkordia-Refugio Finsteraarhorn.\" rel=\"bookmark\">3 de agosto del 2.017, jueves: Refugio Konkordia-Refugio Finsteraarhorn.<\/a><\/h3>\n\n\t\t\t<div class=\"entry-meta\"><span class=\"category-link\"><a href=\"https:\/\/www.monta\u00f1asdelaluna.es\/?cat=111\" rel=\"category\">Finsteraarhorn y Glaciar Aletsch<\/a><\/span><a class=\"author vcard\" href=\"https:\/\/www.monta\u00f1asdelaluna.es\/?author=1\" title=\"Ver todas las publicaciones de Joaquin Terres\" rel=\"author\">Por <span class=\"fn\">Joaquin Terres<\/span><\/a><a href=\"https:\/\/www.monta\u00f1asdelaluna.es\/?m=20170803\" title=\"7:28 pm\" class=\"data-link\" rel=\"bookmark\"><time class=\"entry-date updated\" datetime=\"2017-08-03T19:28:51+00:00\">3 agosto, 2017<\/time><\/a><a href=\"https:\/\/www.monta\u00f1asdelaluna.es\/?p=37213#respond\" class=\"comment-link\" >Deja un comentario<\/a><\/div><p>[vc_row][vc_column][vc_column_text]La gente se va despertando en la habitaci\u00f3n a medida que pasan las horas de la madrugada. Nosotros nos levantaremos los \u00faltimos pensando que la etapa de hoy es corta y que ayer llegamos demasiado tarde y es mejor descansar m\u00e1s. Una pareja se levanta sin miramientos en sus \u201cruidos personales\u201d a pesar de llevar&hellip;<\/p>\n\n<a href=\"https:\/\/www.monta\u00f1asdelaluna.es\/?p=37213\" class=\"details more-link\" aria-label=\"Read more about 3 de agosto del 2.017, jueves: Refugio Konkordia-Refugio Finsteraarhorn.\" rel=\"nofollow\">Detalles<\/a>\n\n\t\t<\/div>\n\n\t<\/article>\n\n<\/div>\n<div class=\"wf-cell iso-item category-111\" data-post-id=\"37201\" data-date=\"2017-08-02T18:07:17+00:00\" data-name=\"2 de agosto del 2.017, mi\u00e9rcoles: Fiesch-Refugio Konkordia.\">\n\t<article class=\"post post-37201 type-post status-publish format-standard has-post-thumbnail hentry category-finsteraarhorn-y-glaciar-aletsch category-111 description-off\">\n\n\t\t\n\t\t\t<div class=\"blog-media wf-td\">\n\n\t\t\t\t<p><a href=\"https:\/\/www.monta\u00f1asdelaluna.es\/?p=37201\" class=\"alignnone rollover layzr-bg\" ><img loading=\"lazy\" decoding=\"async\" class=\"preload-me iso-lazy-load\" src=\"data:image\/svg+xml,%3Csvg%20xmlns%3D&#39;http%3A%2F%2Fwww.w3.org%2F2000%2Fsvg&#39;%20viewBox%3D&#39;0%200%20555%20416&#39;%2F%3E\" data-src=\"https:\/\/www.monta\u00f1asdelaluna.es\/wp-content\/uploads\/2017\/08\/IMG_4710-555x416.jpg\" data-srcset=\"https:\/\/www.monta\u00f1asdelaluna.es\/wp-content\/uploads\/2017\/08\/IMG_4710-555x416.jpg 555w, https:\/\/www.monta\u00f1asdelaluna.es\/wp-content\/uploads\/2017\/08\/IMG_4710-1110x832.jpg 1110w\" alt=\"\" title=\"Olga y Luis marchando por el centro del Glaciar Aletsch en busca del Refugio de Konkordia\" width=\"555\" height=\"416\"  \/><\/a><\/p>\n\t\t\t<\/div>\n\n\t\t\n\t\t<div class=\"blog-content wf-td\">\n\t\t\t<h3 class=\"entry-title\"><a href=\"https:\/\/www.monta\u00f1asdelaluna.es\/?p=37201\" title=\"2 de agosto del 2.017, mi\u00e9rcoles: Fiesch-Refugio Konkordia.\" rel=\"bookmark\">2 de agosto del 2.017, mi\u00e9rcoles: Fiesch-Refugio Konkordia.<\/a><\/h3>\n\n\t\t\t<div class=\"entry-meta\"><span class=\"category-link\"><a href=\"https:\/\/www.monta\u00f1asdelaluna.es\/?cat=111\" rel=\"category\">Finsteraarhorn y Glaciar Aletsch<\/a><\/span><a class=\"author vcard\" href=\"https:\/\/www.monta\u00f1asdelaluna.es\/?author=1\" title=\"Ver todas las publicaciones de Joaquin Terres\" rel=\"author\">Por <span class=\"fn\">Joaquin Terres<\/span><\/a><a href=\"https:\/\/www.monta\u00f1asdelaluna.es\/?m=20170802\" title=\"6:07 pm\" class=\"data-link\" rel=\"bookmark\"><time class=\"entry-date updated\" datetime=\"2017-08-02T18:07:17+00:00\">2 agosto, 2017<\/time><\/a><a href=\"https:\/\/www.monta\u00f1asdelaluna.es\/?p=37201#respond\" class=\"comment-link\" >Deja un comentario<\/a><\/div><p>[vc_row][vc_column][vc_column_text]Poco antes de las 8 de la ma\u00f1ana Luis ya est\u00e1 despierto. Pero hemos puesto los despertadores a las 8 y hasta esa hora no me muevo. No hemos dormido mal. Anchos en la tienda y Olga en la suya. \u00a0\u00a0\u00a0\u00a0\u00a0 Recogemos, desayunamos, preparamos el equipo, las mochilas\u2026 despu\u00e9s de la lluvia de anoche las&hellip;<\/p>\n\n<a href=\"https:\/\/www.monta\u00f1asdelaluna.es\/?p=37201\" class=\"details more-link\" aria-label=\"Read more about 2 de agosto del 2.017, mi\u00e9rcoles: Fiesch-Refugio Konkordia.\" rel=\"nofollow\">Detalles<\/a>\n\n\t\t<\/div>\n\n\t<\/article>\n\n<\/div>\n<div class=\"wf-cell iso-item category-111\" data-post-id=\"37161\" data-date=\"2017-08-01T19:00:28+00:00\" data-name=\"1 de agosto del 2.017, martes: Preparaci\u00f3n y viaje\">\n\t<article class=\"post post-37161 type-post status-publish format-standard has-post-thumbnail hentry category-finsteraarhorn-y-glaciar-aletsch category-111 description-off\">\n\n\t\t\n\t\t\t<div class=\"blog-media wf-td\">\n\n\t\t\t\t<p><a href=\"https:\/\/www.monta\u00f1asdelaluna.es\/?p=37161\" class=\"alignnone rollover layzr-bg\" ><img loading=\"lazy\" decoding=\"async\" class=\"preload-me iso-lazy-load\" src=\"data:image\/svg+xml,%3Csvg%20xmlns%3D&#39;http%3A%2F%2Fwww.w3.org%2F2000%2Fsvg&#39;%20viewBox%3D&#39;0%200%20555%20416&#39;%2F%3E\" data-src=\"https:\/\/www.monta\u00f1asdelaluna.es\/wp-content\/uploads\/2017\/08\/IMG_4607-555x416.jpg\" data-srcset=\"https:\/\/www.monta\u00f1asdelaluna.es\/wp-content\/uploads\/2017\/08\/IMG_4607-555x416.jpg 555w, https:\/\/www.monta\u00f1asdelaluna.es\/wp-content\/uploads\/2017\/08\/IMG_4607-1110x832.jpg 1110w\" alt=\"\" title=\"Fiesch\" width=\"555\" height=\"416\"  \/><\/a><\/p>\n\t\t\t<\/div>\n\n\t\t\n\t\t<div class=\"blog-content wf-td\">\n\t\t\t<h3 class=\"entry-title\"><a href=\"https:\/\/www.monta\u00f1asdelaluna.es\/?p=37161\" title=\"1 de agosto del 2.017, martes: Preparaci\u00f3n y viaje\" rel=\"bookmark\">1 de agosto del 2.017, martes: Preparaci\u00f3n y viaje<\/a><\/h3>\n\n\t\t\t<div class=\"entry-meta\"><span class=\"category-link\"><a href=\"https:\/\/www.monta\u00f1asdelaluna.es\/?cat=111\" rel=\"category\">Finsteraarhorn y Glaciar Aletsch<\/a><\/span><a class=\"author vcard\" href=\"https:\/\/www.monta\u00f1asdelaluna.es\/?author=1\" title=\"Ver todas las publicaciones de Joaquin Terres\" rel=\"author\">Por <span class=\"fn\">Joaquin Terres<\/span><\/a><a href=\"https:\/\/www.monta\u00f1asdelaluna.es\/?m=20170801\" title=\"7:00 pm\" class=\"data-link\" rel=\"bookmark\"><time class=\"entry-date updated\" datetime=\"2017-08-01T19:00:28+00:00\">1 agosto, 2017<\/time><\/a><a href=\"https:\/\/www.monta\u00f1asdelaluna.es\/?p=37161#respond\" class=\"comment-link\" >Deja un comentario<\/a><\/div><p>[vc_row][vc_column][vc_column_text]Nueva visita a los Alpes. Despu\u00e9s del viaje del a\u00f1o pasado a Ecrins en Francia esta vez quer\u00eda volver pero organizando desde el principio la actividad. Que no sea una alternativa a otras actividades, que no sea una \u00faltima opci\u00f3n planeada a \u00faltima hora y con estos d\u00edas s\u00ed, estos d\u00edas no\u2026 deb\u00eda de ser&hellip;<\/p>\n\n<a href=\"https:\/\/www.monta\u00f1asdelaluna.es\/?p=37161\" class=\"details more-link\" aria-label=\"Read more about 1 de agosto del 2.017, martes: Preparaci\u00f3n y viaje\" rel=\"nofollow\">Detalles<\/a>\n\n\t\t<\/div>\n\n\t<\/article>\n\n<\/div>\n<div class=\"wf-cell iso-item category-129\" data-post-id=\"37152\" data-date=\"2017-06-03T19:08:56+00:00\" data-name=\"Bastiments y Pic de La Dona\">\n\t<article class=\"post post-37152 type-post status-publish format-standard has-post-thumbnail hentry category-pirineo-oriental category-129 description-off\">\n\n\t\t\n\t\t\t<div class=\"blog-media wf-td\">\n\n\t\t\t\t<p><a href=\"https:\/\/www.monta\u00f1asdelaluna.es\/?p=37152\" class=\"alignnone rollover layzr-bg\" ><img loading=\"lazy\" decoding=\"async\" class=\"preload-me iso-lazy-load\" src=\"data:image\/svg+xml,%3Csvg%20xmlns%3D&#39;http%3A%2F%2Fwww.w3.org%2F2000%2Fsvg&#39;%20viewBox%3D&#39;0%200%20555%20312&#39;%2F%3E\" data-src=\"https:\/\/www.monta\u00f1asdelaluna.es\/wp-content\/uploads\/2017\/08\/IMG_3979-555x312.jpg\" data-srcset=\"https:\/\/www.monta\u00f1asdelaluna.es\/wp-content\/uploads\/2017\/08\/IMG_3979-555x312.jpg 555w, https:\/\/www.monta\u00f1asdelaluna.es\/wp-content\/uploads\/2017\/08\/IMG_3979-1110x624.jpg 1110w\" alt=\"\" title=\"Desde la cima del Pic de La Dona, vista del Pirineo hacia el este con el Canig\u00f3 al fondo\" width=\"555\" height=\"312\"  \/><\/a><\/p>\n\t\t\t<\/div>\n\n\t\t\n\t\t<div class=\"blog-content wf-td\">\n\t\t\t<h3 class=\"entry-title\"><a href=\"https:\/\/www.monta\u00f1asdelaluna.es\/?p=37152\" title=\"Bastiments y Pic de La Dona\" rel=\"bookmark\">Bastiments y Pic de La Dona<\/a><\/h3>\n\n\t\t\t<div class=\"entry-meta\"><span class=\"category-link\"><a href=\"https:\/\/www.monta\u00f1asdelaluna.es\/?cat=129\" rel=\"category\">Pirineo Oriental<\/a><\/span><a class=\"author vcard\" href=\"https:\/\/www.monta\u00f1asdelaluna.es\/?author=1\" title=\"Ver todas las publicaciones de Joaquin Terres\" rel=\"author\">Por <span class=\"fn\">Joaquin Terres<\/span><\/a><a href=\"https:\/\/www.monta\u00f1asdelaluna.es\/?m=20170603\" title=\"7:08 pm\" class=\"data-link\" rel=\"bookmark\"><time class=\"entry-date updated\" datetime=\"2017-06-03T19:08:56+00:00\">3 junio, 2017<\/time><\/a><a href=\"https:\/\/www.monta\u00f1asdelaluna.es\/?p=37152#respond\" class=\"comment-link\" >Deja un comentario<\/a><\/div><p>[vc_row][vc_column][vc_column_text]Esta vez quer\u00edamos hacer alg\u00fan buen pico de m\u00e1s tres mil metros en el Pirineo. Quer\u00eda subir mi tres mil n\u00famero 40, y quer\u00eda que fuera alguno de los picos de m\u00e1s de tres mil metros m\u00e1s representativos, en\u00e9rgicos e interesantes que me faltaba\u2026 como el Pico Maldito, el Tempestades\u2026 y de eso hablaba con&hellip;<\/p>\n\n<a href=\"https:\/\/www.monta\u00f1asdelaluna.es\/?p=37152\" class=\"details more-link\" aria-label=\"Read more about Bastiments y Pic de La Dona\" rel=\"nofollow\">Detalles<\/a>\n\n\t\t<\/div>\n\n\t<\/article>\n\n<\/div>\n<div class=\"wf-cell iso-item category-129\" data-post-id=\"37633\" data-date=\"2017-06-02T05:52:54+00:00\" data-name=\"El Puigmal y la Olla de N\u00faria\">\n\t<article class=\"post post-37633 type-post status-publish format-standard has-post-thumbnail hentry category-pirineo-oriental category-129 description-off\">\n\n\t\t\n\t\t\t<div class=\"blog-media wf-td\">\n\n\t\t\t\t<p><a href=\"https:\/\/www.monta\u00f1asdelaluna.es\/?p=37633\" class=\"alignnone rollover layzr-bg\" ><img loading=\"lazy\" decoding=\"async\" class=\"preload-me iso-lazy-load\" src=\"data:image\/svg+xml,%3Csvg%20xmlns%3D&#39;http%3A%2F%2Fwww.w3.org%2F2000%2Fsvg&#39;%20viewBox%3D&#39;0%200%20555%20312&#39;%2F%3E\" data-src=\"https:\/\/www.monta\u00f1asdelaluna.es\/wp-content\/uploads\/2017\/09\/cima-del-pic-d-eina-2-789-mts-al-fondo-de-izquierda-a-derecha-el-puigmal-puigmal-de-segre-pic-de-nuria-y-pic-de-finestrelles-abajo-el-coll-d-eina-555x312.jpg\" data-srcset=\"https:\/\/www.monta\u00f1asdelaluna.es\/wp-content\/uploads\/2017\/09\/cima-del-pic-d-eina-2-789-mts-al-fondo-de-izquierda-a-derecha-el-puigmal-puigmal-de-segre-pic-de-nuria-y-pic-de-finestrelles-abajo-el-coll-d-eina-555x312.jpg 555w, https:\/\/www.monta\u00f1asdelaluna.es\/wp-content\/uploads\/2017\/09\/cima-del-pic-d-eina-2-789-mts-al-fondo-de-izquierda-a-derecha-el-puigmal-puigmal-de-segre-pic-de-nuria-y-pic-de-finestrelles-abajo-el-coll-d-eina-1110x624.jpg 1110w\" alt=\"\" title=\"Cima del Pic d&#8217;Eina, 2.789 mts., al fondo de izquierda a derecha el Puigmal, Puigmal de Segre, Pic de N\u00faria y Pic de Finestrelles. Abajo el Coll d&#8217;Eina\" width=\"555\" height=\"312\"  \/><\/a><\/p>\n\t\t\t<\/div>\n\n\t\t\n\t\t<div class=\"blog-content wf-td\">\n\t\t\t<h3 class=\"entry-title\"><a href=\"https:\/\/www.monta\u00f1asdelaluna.es\/?p=37633\" title=\"El Puigmal y la Olla de N\u00faria\" rel=\"bookmark\">El Puigmal y la Olla de N\u00faria<\/a><\/h3>\n\n\t\t\t<div class=\"entry-meta\"><span class=\"category-link\"><a href=\"https:\/\/www.monta\u00f1asdelaluna.es\/?cat=129\" rel=\"category\">Pirineo Oriental<\/a><\/span><a class=\"author vcard\" href=\"https:\/\/www.monta\u00f1asdelaluna.es\/?author=1\" title=\"Ver todas las publicaciones de Joaquin Terres\" rel=\"author\">Por <span class=\"fn\">Joaquin Terres<\/span><\/a><a href=\"https:\/\/www.monta\u00f1asdelaluna.es\/?m=20170602\" title=\"5:52 am\" class=\"data-link\" rel=\"bookmark\"><time class=\"entry-date updated\" datetime=\"2017-06-02T05:52:54+00:00\">2 junio, 2017<\/time><\/a><a href=\"https:\/\/www.monta\u00f1asdelaluna.es\/?p=37633#respond\" class=\"comment-link\" >Deja un comentario<\/a><\/div><p>[vc_row][vc_column][vc_column_text]Desde hac\u00eda un tiempo que cuando hablaba de monta\u00f1as hechas en el Pirineo Catal\u00e1n, los compa\u00f1eros catalanes se asombraban al saber que a\u00fan no hab\u00eda hecho el Puigmal, el pico m\u00e1s alto de Pirineo Oriental (desde la Cerda\u00f1a al Mar Mediterr\u00e1neo), y que verdaderamente no hab\u00eda tenido ocasi\u00f3n de apuntarme u organizar una salida a&hellip;<\/p>\n\n<a href=\"https:\/\/www.monta\u00f1asdelaluna.es\/?p=37633\" class=\"details more-link\" aria-label=\"Read more about El Puigmal y la Olla de N\u00faria\" rel=\"nofollow\">Detalles<\/a>\n\n\t\t<\/div>\n\n\t<\/article>\n\n<\/div>\n<div class=\"wf-cell iso-item category-126\" data-post-id=\"36906\" data-date=\"2017-05-13T07:14:39+00:00\" data-name=\"Soum de Ramond y Punta de Las Olas\">\n\t<article class=\"post post-36906 type-post status-publish format-standard has-post-thumbnail hentry category-valle-del-cinca category-126 description-off\">\n\n\t\t\n\t\t\t<div class=\"blog-media wf-td\">\n\n\t\t\t\t<p><a href=\"https:\/\/www.monta\u00f1asdelaluna.es\/?p=36906\" class=\"alignnone rollover layzr-bg\" ><img loading=\"lazy\" decoding=\"async\" class=\"preload-me iso-lazy-load\" src=\"data:image\/svg+xml,%3Csvg%20xmlns%3D&#39;http%3A%2F%2Fwww.w3.org%2F2000%2Fsvg&#39;%20viewBox%3D&#39;0%200%20555%20312&#39;%2F%3E\" data-src=\"https:\/\/www.monta\u00f1asdelaluna.es\/wp-content\/uploads\/2017\/08\/el-pico-se-de-baudrimont-a-la-izquierda-y-la-punta-de-las-olas-a-la-derecha-con-la-sierra-de-las-tucas-en-el-centro-555x312.jpg\" data-srcset=\"https:\/\/www.monta\u00f1asdelaluna.es\/wp-content\/uploads\/2017\/08\/el-pico-se-de-baudrimont-a-la-izquierda-y-la-punta-de-las-olas-a-la-derecha-con-la-sierra-de-las-tucas-en-el-centro-555x312.jpg 555w, https:\/\/www.monta\u00f1asdelaluna.es\/wp-content\/uploads\/2017\/08\/el-pico-se-de-baudrimont-a-la-izquierda-y-la-punta-de-las-olas-a-la-derecha-con-la-sierra-de-las-tucas-en-el-centro-1110x624.jpg 1110w\" alt=\"\" title=\"El Pico SE de Baudrimont a la izquierda y la Punta de Las Olas a la derecha, con la Sierra de Las Tucas en el centro\" width=\"555\" height=\"312\"  \/><\/a><\/p>\n\t\t\t<\/div>\n\n\t\t\n\t\t<div class=\"blog-content wf-td\">\n\t\t\t<h3 class=\"entry-title\"><a href=\"https:\/\/www.monta\u00f1asdelaluna.es\/?p=36906\" title=\"Soum de Ramond y Punta de Las Olas\" rel=\"bookmark\">Soum de Ramond y Punta de Las Olas<\/a><\/h3>\n\n\t\t\t<div class=\"entry-meta\"><span class=\"category-link\"><a href=\"https:\/\/www.monta\u00f1asdelaluna.es\/?cat=126\" rel=\"category\">Valle del Cinca<\/a><\/span><a class=\"author vcard\" href=\"https:\/\/www.monta\u00f1asdelaluna.es\/?author=1\" title=\"Ver todas las publicaciones de Joaquin Terres\" rel=\"author\">Por <span class=\"fn\">Joaquin Terres<\/span><\/a><a href=\"https:\/\/www.monta\u00f1asdelaluna.es\/?m=20170513\" title=\"7:14 am\" class=\"data-link\" rel=\"bookmark\"><time class=\"entry-date updated\" datetime=\"2017-05-13T07:14:39+00:00\">13 mayo, 2017<\/time><\/a><a href=\"https:\/\/www.monta\u00f1asdelaluna.es\/?p=36906#respond\" class=\"comment-link\" >Deja un comentario<\/a><\/div><p>[vc_row][vc_column][vc_column_text]De las Tres Sorores a\u00fan me quedaba por hacer la punta o pico m\u00e1s al sur de las tres, y la m\u00e1s baja, menos famosa, no por ello menos espectacular: el Soum de Ramond o Pico de A\u00f1isclo. Hab\u00eda estudiado varias veces el camino, la ruta a seguir para que un d\u00eda de estos fuera&hellip;<\/p>\n\n<a href=\"https:\/\/www.monta\u00f1asdelaluna.es\/?p=36906\" class=\"details more-link\" aria-label=\"Read more about Soum de Ramond y Punta de Las Olas\" rel=\"nofollow\">Detalles<\/a>\n\n\t\t<\/div>\n\n\t<\/article>\n\n<\/div>\n<div class=\"wf-cell iso-item category-132\" data-post-id=\"36741\" data-date=\"2017-04-29T06:19:37+00:00\" data-name=\"Santos y bandoleros en el Montseny desde Viladrau\">\n\t<article class=\"post post-36741 type-post status-publish format-standard has-post-thumbnail hentry category-matagalls category-132 description-off\">\n\n\t\t\n\t\t\t<div class=\"blog-media wf-td\">\n\n\t\t\t\t<p><a href=\"https:\/\/www.monta\u00f1asdelaluna.es\/?p=36741\" class=\"alignnone rollover layzr-bg\" ><img loading=\"lazy\" decoding=\"async\" class=\"preload-me iso-lazy-load\" src=\"data:image\/svg+xml,%3Csvg%20xmlns%3D&#39;http%3A%2F%2Fwww.w3.org%2F2000%2Fsvg&#39;%20viewBox%3D&#39;0%200%20555%20416&#39;%2F%3E\" data-src=\"https:\/\/www.monta\u00f1asdelaluna.es\/wp-content\/uploads\/2017\/05\/IMG_3730-555x416.jpg\" data-srcset=\"https:\/\/www.monta\u00f1asdelaluna.es\/wp-content\/uploads\/2017\/05\/IMG_3730-555x416.jpg 555w, https:\/\/www.monta\u00f1asdelaluna.es\/wp-content\/uploads\/2017\/05\/IMG_3730-1110x832.jpg 1110w\" alt=\"\" title=\"La Riera Major en el Mol\u00ed de Baix\" width=\"555\" height=\"416\"  \/><\/a><\/p>\n\t\t\t<\/div>\n\n\t\t\n\t\t<div class=\"blog-content wf-td\">\n\t\t\t<h3 class=\"entry-title\"><a href=\"https:\/\/www.monta\u00f1asdelaluna.es\/?p=36741\" title=\"Santos y bandoleros en el Montseny desde Viladrau\" rel=\"bookmark\">Santos y bandoleros en el Montseny desde Viladrau<\/a><\/h3>\n\n\t\t\t<div class=\"entry-meta\"><span class=\"category-link\"><a href=\"https:\/\/www.monta\u00f1asdelaluna.es\/?cat=132\" rel=\"category\">Matagalls<\/a><\/span><a class=\"author vcard\" href=\"https:\/\/www.monta\u00f1asdelaluna.es\/?author=1\" title=\"Ver todas las publicaciones de Joaquin Terres\" rel=\"author\">Por <span class=\"fn\">Joaquin Terres<\/span><\/a><a href=\"https:\/\/www.monta\u00f1asdelaluna.es\/?m=20170429\" title=\"6:19 am\" class=\"data-link\" rel=\"bookmark\"><time class=\"entry-date updated\" datetime=\"2017-04-29T06:19:37+00:00\">29 abril, 2017<\/time><\/a><a href=\"https:\/\/www.monta\u00f1asdelaluna.es\/?p=36741#respond\" class=\"comment-link\" >Deja un comentario<\/a><\/div><p>[vc_row][vc_column][vc_column_text]Ten\u00eda ganas de repetir el precioso recorrido por uno de los lugares o rincones m\u00e1s bonitos del Montseny. Aunque es una monta\u00f1a que tiene muchos, y muchos de ellos a\u00fan no los conozco, me qued\u00e9 prendado con el recorrido que hicimos por las faldas norte, oeste del macizo del Matagalls, recorri\u00e9ndonos sus hermosos bosques de&hellip;<\/p>\n\n<a href=\"https:\/\/www.monta\u00f1asdelaluna.es\/?p=36741\" class=\"details more-link\" aria-label=\"Read more about Santos y bandoleros en el Montseny desde Viladrau\" rel=\"nofollow\">Detalles<\/a>\n\n\t\t<\/div>\n\n\t<\/article>\n\n<\/div>\n<div class=\"wf-cell iso-item category-91\" data-post-id=\"36108\" data-date=\"2017-03-19T18:10:39+00:00\" data-name=\"Pic de Sanfonts invernal\">\n\t<article class=\"post post-36108 type-post status-publish format-standard has-post-thumbnail hentry category-pirineo-frances-y-andorra category-91 description-off\">\n\n\t\t\n\t\t\t<div class=\"blog-media wf-td\">\n\n\t\t\t\t<p><a href=\"https:\/\/www.monta\u00f1asdelaluna.es\/?p=36108\" class=\"alignnone rollover layzr-bg\" ><img loading=\"lazy\" decoding=\"async\" class=\"preload-me iso-lazy-load\" src=\"data:image\/svg+xml,%3Csvg%20xmlns%3D&#39;http%3A%2F%2Fwww.w3.org%2F2000%2Fsvg&#39;%20viewBox%3D&#39;0%200%20555%20416&#39;%2F%3E\" data-src=\"https:\/\/www.monta\u00f1asdelaluna.es\/wp-content\/uploads\/2017\/03\/IMG_3489-555x416.jpg\" data-srcset=\"https:\/\/www.monta\u00f1asdelaluna.es\/wp-content\/uploads\/2017\/03\/IMG_3489-555x416.jpg 555w, https:\/\/www.monta\u00f1asdelaluna.es\/wp-content\/uploads\/2017\/03\/IMG_3489-1110x832.jpg 1110w\" alt=\"\" title=\"Joaqu\u00edn en la cima del Pic de Sanfonts, 2.883 mts., detr\u00e1s el Pic de Comapedrosa\" width=\"555\" height=\"416\"  \/><\/a><\/p>\n\t\t\t<\/div>\n\n\t\t\n\t\t<div class=\"blog-content wf-td\">\n\t\t\t<h3 class=\"entry-title\"><a href=\"https:\/\/www.monta\u00f1asdelaluna.es\/?p=36108\" title=\"Pic de Sanfonts invernal\" rel=\"bookmark\">Pic de Sanfonts invernal<\/a><\/h3>\n\n\t\t\t<div class=\"entry-meta\"><span class=\"category-link\"><a href=\"https:\/\/www.monta\u00f1asdelaluna.es\/?cat=91\" rel=\"category\">Pirineo franc\u00e9s y Andorra<\/a><\/span><a class=\"author vcard\" href=\"https:\/\/www.monta\u00f1asdelaluna.es\/?author=1\" title=\"Ver todas las publicaciones de Joaquin Terres\" rel=\"author\">Por <span class=\"fn\">Joaquin Terres<\/span><\/a><a href=\"https:\/\/www.monta\u00f1asdelaluna.es\/?m=20170319\" title=\"6:10 pm\" class=\"data-link\" rel=\"bookmark\"><time class=\"entry-date updated\" datetime=\"2017-03-19T18:10:39+00:00\">19 marzo, 2017<\/time><\/a><a href=\"https:\/\/www.monta\u00f1asdelaluna.es\/?p=36108#respond\" class=\"comment-link\" >Deja un comentario<\/a><\/div><p>[vc_row][vc_column][vc_column_text]En un principio la idea era subir a la monta\u00f1a m\u00e1s alta de Andorra, el Pic de Comapedrosa, pero el resultado final no fue el esperado pero tampoco nos defraud\u00f3. Es lo que a veces tiene la aventura y el dejarte llevar por las sensaciones e intuiciones, en lugar de ver bien, sentado y concienzudamente&hellip;<\/p>\n\n<a href=\"https:\/\/www.monta\u00f1asdelaluna.es\/?p=36108\" class=\"details more-link\" aria-label=\"Read more about Pic de Sanfonts invernal\" rel=\"nofollow\">Detalles<\/a>\n\n\t\t<\/div>\n\n\t<\/article>\n\n<\/div>\n<div class=\"wf-cell iso-item category-120\" data-post-id=\"35851\" data-date=\"2017-03-05T19:24:11+00:00\" data-name=\"Sierra de Cabrera. Vuelta por Sant Juli\u00e0\">\n\t<article class=\"post post-35851 type-post status-publish format-standard has-post-thumbnail hentry category-collsacabra-i-guilleries category-120 description-off\">\n\n\t\t\n\t\t\t<div class=\"blog-media wf-td\">\n\n\t\t\t\t<p><a href=\"https:\/\/www.monta\u00f1asdelaluna.es\/?p=35851\" class=\"alignnone rollover layzr-bg\" ><img loading=\"lazy\" decoding=\"async\" class=\"preload-me iso-lazy-load\" src=\"data:image\/svg+xml,%3Csvg%20xmlns%3D&#39;http%3A%2F%2Fwww.w3.org%2F2000%2Fsvg&#39;%20viewBox%3D&#39;0%200%20555%20416&#39;%2F%3E\" data-src=\"https:\/\/www.monta\u00f1asdelaluna.es\/wp-content\/uploads\/2017\/02\/IMG_3308-555x416.jpg\" data-srcset=\"https:\/\/www.monta\u00f1asdelaluna.es\/wp-content\/uploads\/2017\/02\/IMG_3308-555x416.jpg 555w, https:\/\/www.monta\u00f1asdelaluna.es\/wp-content\/uploads\/2017\/02\/IMG_3308-1110x832.jpg 1110w\" alt=\"\" title=\"Vistas desde el mirador de Pla d&#8217;Aiats: abajo el Montcau, Puig del Bac y al fondo el Montseny\" width=\"555\" height=\"416\"  \/><\/a><\/p>\n\t\t\t<\/div>\n\n\t\t\n\t\t<div class=\"blog-content wf-td\">\n\t\t\t<h3 class=\"entry-title\"><a href=\"https:\/\/www.monta\u00f1asdelaluna.es\/?p=35851\" title=\"Sierra de Cabrera. Vuelta por Sant Juli\u00e0\" rel=\"bookmark\">Sierra de Cabrera. Vuelta por Sant Juli\u00e0<\/a><\/h3>\n\n\t\t\t<div class=\"entry-meta\"><span class=\"category-link\"><a href=\"https:\/\/www.monta\u00f1asdelaluna.es\/?cat=120\" rel=\"category\">Collsacabra i Guilleries<\/a><\/span><a class=\"author vcard\" href=\"https:\/\/www.monta\u00f1asdelaluna.es\/?author=1\" title=\"Ver todas las publicaciones de Joaquin Terres\" rel=\"author\">Por <span class=\"fn\">Joaquin Terres<\/span><\/a><a href=\"https:\/\/www.monta\u00f1asdelaluna.es\/?m=20170305\" title=\"7:24 pm\" class=\"data-link\" rel=\"bookmark\"><time class=\"entry-date updated\" datetime=\"2017-03-05T19:24:11+00:00\">5 marzo, 2017<\/time><\/a><a href=\"https:\/\/www.monta\u00f1asdelaluna.es\/?p=35851#respond\" class=\"comment-link\" >Deja un comentario<\/a><\/div><p>[vc_row][vc_column][vc_column_text]Ya ten\u00eda ganas de volver a este estupendo y curioso lugar, a esta sierra y monta\u00f1a en medio de los prados y bosques del verde Collsacabra, dentro de la comarca de Osona y muy cerca de la frontera con la provincia de Girona. Una regi\u00f3n casi despoblada, con una gran cantidad de caser\u00edos, mas\u00edas repartidas&hellip;<\/p>\n\n<a href=\"https:\/\/www.monta\u00f1asdelaluna.es\/?p=35851\" class=\"details more-link\" aria-label=\"Read more about Sierra de Cabrera. Vuelta por Sant Juli\u00e0\" rel=\"nofollow\">Detalles<\/a>\n\n\t\t<\/div>\n\n\t<\/article>\n\n<\/div>\n<div class=\"wf-cell iso-item category-91 category-11\" data-post-id=\"35666\" data-date=\"2017-02-18T22:23:44+00:00\" data-name=\"Vall de Sorteny y l&#039;Estany\u00f3\">\n\t<article class=\"post post-35666 type-post status-publish format-standard has-post-thumbnail hentry category-pirineo-frances-y-andorra category-pirineos category-91 category-11 description-off\">\n\n\t\t\n\t\t\t<div class=\"blog-media wf-td\">\n\n\t\t\t\t<p><a href=\"https:\/\/www.monta\u00f1asdelaluna.es\/?p=35666\" class=\"alignnone rollover layzr-bg\" ><img loading=\"lazy\" decoding=\"async\" class=\"preload-me iso-lazy-load\" src=\"data:image\/svg+xml,%3Csvg%20xmlns%3D&#39;http%3A%2F%2Fwww.w3.org%2F2000%2Fsvg&#39;%20viewBox%3D&#39;0%200%20555%20416&#39;%2F%3E\" data-src=\"https:\/\/www.monta\u00f1asdelaluna.es\/wp-content\/uploads\/2017\/02\/IMG_3241-555x416.jpg\" data-srcset=\"https:\/\/www.monta\u00f1asdelaluna.es\/wp-content\/uploads\/2017\/02\/IMG_3241-555x416.jpg 555w, https:\/\/www.monta\u00f1asdelaluna.es\/wp-content\/uploads\/2017\/02\/IMG_3241-1110x832.jpg 1110w\" alt=\"\" title=\"Al fondo el Pic de La Font Blanca\" width=\"555\" height=\"416\"  \/><\/a><\/p>\n\t\t\t<\/div>\n\n\t\t\n\t\t<div class=\"blog-content wf-td\">\n\t\t\t<h3 class=\"entry-title\"><a href=\"https:\/\/www.monta\u00f1asdelaluna.es\/?p=35666\" title=\"Vall de Sorteny y l&#8217;Estany\u00f3\" rel=\"bookmark\">Vall de Sorteny y l&#8217;Estany\u00f3<\/a><\/h3>\n\n\t\t\t<div class=\"entry-meta\"><span class=\"category-link\"><a href=\"https:\/\/www.monta\u00f1asdelaluna.es\/?cat=91\" rel=\"category\">Pirineo franc\u00e9s y Andorra<\/a>, <a href=\"https:\/\/www.monta\u00f1asdelaluna.es\/?cat=11\" rel=\"category\">Pirineos<\/a><\/span><a class=\"author vcard\" href=\"https:\/\/www.monta\u00f1asdelaluna.es\/?author=1\" title=\"Ver todas las publicaciones de Joaquin Terres\" rel=\"author\">Por <span class=\"fn\">Joaquin Terres<\/span><\/a><a href=\"https:\/\/www.monta\u00f1asdelaluna.es\/?m=20170218\" title=\"10:23 pm\" class=\"data-link\" rel=\"bookmark\"><time class=\"entry-date updated\" datetime=\"2017-02-18T22:23:44+00:00\">18 febrero, 2017<\/time><\/a><a href=\"https:\/\/www.monta\u00f1asdelaluna.es\/?p=35666#respond\" class=\"comment-link\" >Deja un comentario<\/a><\/div><p>[vc_row][vc_column][vc_column_text]Pep nos hab\u00eda preparado una bonita actividad de alta monta\u00f1a por un rinc\u00f3n precioso del Pirineo de Andorra. Ser\u00eda mi segunda internada por el precioso Pirineo de Andorra y esta vez me dejar\u00eda llevar por los compa\u00f1eros. No coger\u00eda ni mapa ni inter\u00e9s por querer controlar los recorridos, lugares\u2026 esta vez quiero que me sorprendan,&hellip;<\/p>\n\n<a href=\"https:\/\/www.monta\u00f1asdelaluna.es\/?p=35666\" class=\"details more-link\" aria-label=\"Read more about Vall de Sorteny y l&#8217;Estany\u00f3\" rel=\"nofollow\">Detalles<\/a>\n\n\t\t<\/div>\n\n\t<\/article>\n\n<\/div>\n<div class=\"wf-cell iso-item category-131\" data-post-id=\"35512\" data-date=\"2017-01-29T21:54:11+00:00\" data-name=\"Les Agudes y Tur\u00f3 de l&#039;Home invernal\">\n\t<article class=\"post post-35512 type-post status-publish format-standard has-post-thumbnail hentry category-turo-de-lhome category-131 description-off\">\n\n\t\t\n\t\t\t<div class=\"blog-media wf-td\">\n\n\t\t\t\t<p><a href=\"https:\/\/www.monta\u00f1asdelaluna.es\/?p=35512\" class=\"alignnone rollover layzr-bg\" ><img loading=\"lazy\" decoding=\"async\" class=\"preload-me iso-lazy-load\" src=\"data:image\/svg+xml,%3Csvg%20xmlns%3D&#39;http%3A%2F%2Fwww.w3.org%2F2000%2Fsvg&#39;%20viewBox%3D&#39;0%200%20555%20416&#39;%2F%3E\" data-src=\"https:\/\/www.monta\u00f1asdelaluna.es\/wp-content\/uploads\/2017\/02\/IMG_3058-555x416.jpg\" data-srcset=\"https:\/\/www.monta\u00f1asdelaluna.es\/wp-content\/uploads\/2017\/02\/IMG_3058-555x416.jpg 555w, https:\/\/www.monta\u00f1asdelaluna.es\/wp-content\/uploads\/2017\/02\/IMG_3058-1110x832.jpg 1110w\" alt=\"\" title=\"Cima del Tur\u00f3 de l&#8217;Home, 1.706 mts.\" width=\"555\" height=\"416\"  \/><\/a><\/p>\n\t\t\t<\/div>\n\n\t\t\n\t\t<div class=\"blog-content wf-td\">\n\t\t\t<h3 class=\"entry-title\"><a href=\"https:\/\/www.monta\u00f1asdelaluna.es\/?p=35512\" title=\"Les Agudes y Tur\u00f3 de l&#8217;Home invernal\" rel=\"bookmark\">Les Agudes y Tur\u00f3 de l&#8217;Home invernal<\/a><\/h3>\n\n\t\t\t<div class=\"entry-meta\"><span class=\"category-link\"><a href=\"https:\/\/www.monta\u00f1asdelaluna.es\/?cat=131\" rel=\"category\">Tur\u00f3 de l'Home<\/a><\/span><a class=\"author vcard\" href=\"https:\/\/www.monta\u00f1asdelaluna.es\/?author=1\" title=\"Ver todas las publicaciones de Joaquin Terres\" rel=\"author\">Por <span class=\"fn\">Joaquin Terres<\/span><\/a><a href=\"https:\/\/www.monta\u00f1asdelaluna.es\/?m=20170129\" title=\"9:54 pm\" class=\"data-link\" rel=\"bookmark\"><time class=\"entry-date updated\" datetime=\"2017-01-29T21:54:11+00:00\">29 enero, 2017<\/time><\/a><a href=\"https:\/\/www.monta\u00f1asdelaluna.es\/?p=35512#respond\" class=\"comment-link\" >Deja un comentario<\/a><\/div><p>[vc_row][vc_column][vc_column_text]En esta ocasi\u00f3n y despu\u00e9s de las esperadas nevadas de enero, me aventuro a recorrerme en solitario los picos m\u00e1s altos del Montseny: el Tur\u00f3 de l\u2019Home y Les Agudes. Y para ello, el pasado domingo 29 de enero, me acerco a Santa Fe para realizar las siguientes actividades ya descritas en los siguientes relatos:&hellip;<\/p>\n\n<a href=\"https:\/\/www.monta\u00f1asdelaluna.es\/?p=35512\" class=\"details more-link\" aria-label=\"Read more about Les Agudes y Tur\u00f3 de l&#8217;Home invernal\" rel=\"nofollow\">Detalles<\/a>\n\n\t\t<\/div>\n\n\t<\/article>\n\n<\/div>\n<div class=\"wf-cell iso-item category-127\" data-post-id=\"35069\" data-date=\"2016-12-18T08:27:09+00:00\" data-name=\"Pico de Anayet\">\n\t<article class=\"post post-35069 type-post status-publish format-standard has-post-thumbnail hentry category-pirineo-central-atlantico category-127 description-off\">\n\n\t\t\n\t\t\t<div class=\"blog-media wf-td\">\n\n\t\t\t\t<p><a href=\"https:\/\/www.monta\u00f1asdelaluna.es\/?p=35069\" class=\"alignnone rollover layzr-bg\" ><img loading=\"lazy\" decoding=\"async\" class=\"preload-me iso-lazy-load\" src=\"data:image\/svg+xml,%3Csvg%20xmlns%3D&#39;http%3A%2F%2Fwww.w3.org%2F2000%2Fsvg&#39;%20viewBox%3D&#39;0%200%20555%20416&#39;%2F%3E\" data-src=\"https:\/\/www.monta\u00f1asdelaluna.es\/wp-content\/uploads\/2016\/12\/IMG_2931-555x416.jpg\" data-srcset=\"https:\/\/www.monta\u00f1asdelaluna.es\/wp-content\/uploads\/2016\/12\/IMG_2931-555x416.jpg 555w, https:\/\/www.monta\u00f1asdelaluna.es\/wp-content\/uploads\/2016\/12\/IMG_2931-1110x832.jpg 1110w\" alt=\"\" title=\"Josep y Toni camino del Cuello de Anayet desde los Ibones de Anayet, detr\u00e1s al fondo izquierda Los Infiernos, Garmo Negro, Algas, Argualas y a la derecha la Sierra Tende\u00f1era\" width=\"555\" height=\"416\"  \/><\/a><\/p>\n\t\t\t<\/div>\n\n\t\t\n\t\t<div class=\"blog-content wf-td\">\n\t\t\t<h3 class=\"entry-title\"><a href=\"https:\/\/www.monta\u00f1asdelaluna.es\/?p=35069\" title=\"Pico de Anayet\" rel=\"bookmark\">Pico de Anayet<\/a><\/h3>\n\n\t\t\t<div class=\"entry-meta\"><span class=\"category-link\"><a href=\"https:\/\/www.monta\u00f1asdelaluna.es\/?cat=127\" rel=\"category\">Pirineo Central Atl\u00e1ntico<\/a><\/span><a class=\"author vcard\" href=\"https:\/\/www.monta\u00f1asdelaluna.es\/?author=1\" title=\"Ver todas las publicaciones de Joaquin Terres\" rel=\"author\">Por <span class=\"fn\">Joaquin Terres<\/span><\/a><a href=\"https:\/\/www.monta\u00f1asdelaluna.es\/?m=20161218\" title=\"8:27 am\" class=\"data-link\" rel=\"bookmark\"><time class=\"entry-date updated\" datetime=\"2016-12-18T08:27:09+00:00\">18 diciembre, 2016<\/time><\/a><a href=\"https:\/\/www.monta\u00f1asdelaluna.es\/?p=35069#respond\" class=\"comment-link\" >Deja un comentario<\/a><\/div><p>[vc_row][vc_column][vc_column_text]Este pasado mes de diciembre ya tocaba salir a hacer algo de alta monta\u00f1a por el Pirineo. Y ahora que ya tengo tienda propia, aunque sea de 3 estaciones, una de las ideas era ir y montar la tienda encima de la nieve. A la vez contacto con mi compa\u00f1ero Toni que hace tiempo no&hellip;<\/p>\n\n<a href=\"https:\/\/www.monta\u00f1asdelaluna.es\/?p=35069\" class=\"details more-link\" aria-label=\"Read more about Pico de Anayet\" rel=\"nofollow\">Detalles<\/a>\n\n\t\t<\/div>\n\n\t<\/article>\n\n<\/div>\n<div class=\"wf-cell iso-item category-47\" data-post-id=\"35048\" data-date=\"2016-12-04T16:01:03+00:00\" data-name=\"2\u00ba Traves\u00eda por La Garrotxa, Les Finestres. 2\u00ba d\u00eda: Santa Pau-Sant Aniol de Finestres\">\n\t<article class=\"post post-35048 type-post status-publish format-standard has-post-thumbnail hentry category-la-garrotxa category-47 description-off\">\n\n\t\t\n\t\t\t<div class=\"blog-media wf-td\">\n\n\t\t\t\t<p><a href=\"https:\/\/www.monta\u00f1asdelaluna.es\/?p=35048\" class=\"alignnone rollover layzr-bg\" ><img loading=\"lazy\" decoding=\"async\" class=\"preload-me iso-lazy-load\" src=\"data:image\/svg+xml,%3Csvg%20xmlns%3D&#39;http%3A%2F%2Fwww.w3.org%2F2000%2Fsvg&#39;%20viewBox%3D&#39;0%200%20555%20416&#39;%2F%3E\" data-src=\"https:\/\/www.monta\u00f1asdelaluna.es\/wp-content\/uploads\/2016\/12\/IMG_2810-555x416.jpg\" data-srcset=\"https:\/\/www.monta\u00f1asdelaluna.es\/wp-content\/uploads\/2016\/12\/IMG_2810-555x416.jpg 555w, https:\/\/www.monta\u00f1asdelaluna.es\/wp-content\/uploads\/2016\/12\/IMG_2810-1110x832.jpg 1110w\" alt=\"\" title=\"Bajando de la Font dels Socals a Sant Aniol de Finestres\" width=\"555\" height=\"416\"  \/><\/a><\/p>\n\t\t\t<\/div>\n\n\t\t\n\t\t<div class=\"blog-content wf-td\">\n\t\t\t<h3 class=\"entry-title\"><a href=\"https:\/\/www.monta\u00f1asdelaluna.es\/?p=35048\" title=\"2\u00ba Traves\u00eda por La Garrotxa, Les Finestres. 2\u00ba d\u00eda: Santa Pau-Sant Aniol de Finestres\" rel=\"bookmark\">2\u00ba Traves\u00eda por La Garrotxa, Les Finestres. 2\u00ba d\u00eda: Santa Pau-Sant Aniol de Finestres<\/a><\/h3>\n\n\t\t\t<div class=\"entry-meta\"><span class=\"category-link\"><a href=\"https:\/\/www.monta\u00f1asdelaluna.es\/?cat=47\" rel=\"category\">La Garrotxa<\/a><\/span><a class=\"author vcard\" href=\"https:\/\/www.monta\u00f1asdelaluna.es\/?author=1\" title=\"Ver todas las publicaciones de Joaquin Terres\" rel=\"author\">Por <span class=\"fn\">Joaquin Terres<\/span><\/a><a href=\"https:\/\/www.monta\u00f1asdelaluna.es\/?m=20161204\" title=\"4:01 pm\" class=\"data-link\" rel=\"bookmark\"><time class=\"entry-date updated\" datetime=\"2016-12-04T16:01:03+00:00\">4 diciembre, 2016<\/time><\/a><a href=\"https:\/\/www.monta\u00f1asdelaluna.es\/?p=35048#respond\" class=\"comment-link\" >Deja un comentario<\/a><\/div><p>[vc_row][vc_column][vc_column_text]Despu\u00e9s de la f\u00e1cil traves\u00eda de ayer, tocaba en el d\u00eda de hoy volver a Sant Aniol de Finestres, donde dejamos el coche, por otro camino, por otra parte de la fabulosa Sierra de Les Finestres que no hayamos pisado ayer. La ruta seg\u00fan el mapa parec\u00eda m\u00e1s larga que la de ayer\u2026 hab\u00eda que&hellip;<\/p>\n\n<a href=\"https:\/\/www.monta\u00f1asdelaluna.es\/?p=35048\" class=\"details more-link\" aria-label=\"Read more about 2\u00ba Traves\u00eda por La Garrotxa, Les Finestres. 2\u00ba d\u00eda: Santa Pau-Sant Aniol de Finestres\" rel=\"nofollow\">Detalles<\/a>\n\n\t\t<\/div>\n\n\t<\/article>\n\n<\/div>\n<div class=\"wf-cell iso-item category-47\" data-post-id=\"34857\" data-date=\"2016-12-03T20:18:47+00:00\" data-name=\"2\u00ba Traves\u00eda por La Garrotxa, Les Finestres. 1\u00ba d\u00eda: Sant Aniol de Finestres-Santa Pau\">\n\t<article class=\"post post-34857 type-post status-publish format-standard has-post-thumbnail hentry category-la-garrotxa category-47 description-off\">\n\n\t\t\n\t\t\t<div class=\"blog-media wf-td\">\n\n\t\t\t\t<p><a href=\"https:\/\/www.monta\u00f1asdelaluna.es\/?p=34857\" class=\"alignnone rollover layzr-bg\" ><img loading=\"lazy\" decoding=\"async\" class=\"preload-me iso-lazy-load\" src=\"data:image\/svg+xml,%3Csvg%20xmlns%3D&#39;http%3A%2F%2Fwww.w3.org%2F2000%2Fsvg&#39;%20viewBox%3D&#39;0%200%20555%20416&#39;%2F%3E\" data-src=\"https:\/\/www.monta\u00f1asdelaluna.es\/wp-content\/uploads\/2016\/12\/IMG_2656-555x416.jpg\" data-srcset=\"https:\/\/www.monta\u00f1asdelaluna.es\/wp-content\/uploads\/2016\/12\/IMG_2656-555x416.jpg 555w, https:\/\/www.monta\u00f1asdelaluna.es\/wp-content\/uploads\/2016\/12\/IMG_2656-1110x832.jpg 1110w\" alt=\"\" title=\"Robledal del Tur\u00f3 de Can Conill\" width=\"555\" height=\"416\"  \/><\/a><\/p>\n\t\t\t<\/div>\n\n\t\t\n\t\t<div class=\"blog-content wf-td\">\n\t\t\t<h3 class=\"entry-title\"><a href=\"https:\/\/www.monta\u00f1asdelaluna.es\/?p=34857\" title=\"2\u00ba Traves\u00eda por La Garrotxa, Les Finestres. 1\u00ba d\u00eda: Sant Aniol de Finestres-Santa Pau\" rel=\"bookmark\">2\u00ba Traves\u00eda por La Garrotxa, Les Finestres. 1\u00ba d\u00eda: Sant Aniol de Finestres-Santa Pau<\/a><\/h3>\n\n\t\t\t<div class=\"entry-meta\"><span class=\"category-link\"><a href=\"https:\/\/www.monta\u00f1asdelaluna.es\/?cat=47\" rel=\"category\">La Garrotxa<\/a><\/span><a class=\"author vcard\" href=\"https:\/\/www.monta\u00f1asdelaluna.es\/?author=1\" title=\"Ver todas las publicaciones de Joaquin Terres\" rel=\"author\">Por <span class=\"fn\">Joaquin Terres<\/span><\/a><a href=\"https:\/\/www.monta\u00f1asdelaluna.es\/?m=20161203\" title=\"8:18 pm\" class=\"data-link\" rel=\"bookmark\"><time class=\"entry-date updated\" datetime=\"2016-12-03T20:18:47+00:00\">3 diciembre, 2016<\/time><\/a><a href=\"https:\/\/www.monta\u00f1asdelaluna.es\/?p=34857#respond\" class=\"comment-link\" >Deja un comentario<\/a><\/div><p>[vc_row][vc_column][vc_column_text]Despu\u00e9s de 2 a\u00f1os de la \u00faltima y primera traves\u00eda por los espacios, volcanes y lugares de la estupenda y verde comarca de La Garrotxa, ya ten\u00eda ganas de volver y realizar otra, con destino Santa Pau y el singular Hostal de Can Menci\u00f3, y cenar en Can Rafelic. Pero la idea era realizar una&hellip;<\/p>\n\n<a href=\"https:\/\/www.monta\u00f1asdelaluna.es\/?p=34857\" class=\"details more-link\" aria-label=\"Read more about 2\u00ba Traves\u00eda por La Garrotxa, Les Finestres. 1\u00ba d\u00eda: Sant Aniol de Finestres-Santa Pau\" rel=\"nofollow\">Detalles<\/a>\n\n\t\t<\/div>\n\n\t<\/article>\n\n<\/div>\n<div class=\"wf-cell iso-item category-74\" data-post-id=\"34482\" data-date=\"2016-11-13T17:13:03+00:00\" data-name=\"Montmany y les Cingles de Bert\u00ed\">\n\t<article class=\"post post-34482 type-post status-publish format-standard has-post-thumbnail hentry category-resto-de-barcelona category-74 description-off\">\n\n\t\t\n\t\t\t<div class=\"blog-media wf-td\">\n\n\t\t\t\t<p><a href=\"https:\/\/www.monta\u00f1asdelaluna.es\/?p=34482\" class=\"alignnone rollover layzr-bg\" ><img loading=\"lazy\" decoding=\"async\" class=\"preload-me iso-lazy-load\" src=\"data:image\/svg+xml,%3Csvg%20xmlns%3D&#39;http%3A%2F%2Fwww.w3.org%2F2000%2Fsvg&#39;%20viewBox%3D&#39;0%200%20555%20416&#39;%2F%3E\" data-src=\"https:\/\/www.monta\u00f1asdelaluna.es\/wp-content\/uploads\/2016\/11\/IMG_2358-555x416.jpg\" data-srcset=\"https:\/\/www.monta\u00f1asdelaluna.es\/wp-content\/uploads\/2016\/11\/IMG_2358-555x416.jpg 555w, https:\/\/www.monta\u00f1asdelaluna.es\/wp-content\/uploads\/2016\/11\/IMG_2358-1110x832.jpg 1110w\" alt=\"\" title=\"Cingles de Bert\u00ed desde La Trona\" width=\"555\" height=\"416\"  \/><\/a><\/p>\n\t\t\t<\/div>\n\n\t\t\n\t\t<div class=\"blog-content wf-td\">\n\t\t\t<h3 class=\"entry-title\"><a href=\"https:\/\/www.monta\u00f1asdelaluna.es\/?p=34482\" title=\"Montmany y les Cingles de Bert\u00ed\" rel=\"bookmark\">Montmany y les Cingles de Bert\u00ed<\/a><\/h3>\n\n\t\t\t<div class=\"entry-meta\"><span class=\"category-link\"><a href=\"https:\/\/www.monta\u00f1asdelaluna.es\/?cat=74\" rel=\"category\">Resto de Barcelona<\/a><\/span><a class=\"author vcard\" href=\"https:\/\/www.monta\u00f1asdelaluna.es\/?author=1\" title=\"Ver todas las publicaciones de Joaquin Terres\" rel=\"author\">Por <span class=\"fn\">Joaquin Terres<\/span><\/a><a href=\"https:\/\/www.monta\u00f1asdelaluna.es\/?m=20161113\" title=\"5:13 pm\" class=\"data-link\" rel=\"bookmark\"><time class=\"entry-date updated\" datetime=\"2016-11-13T17:13:03+00:00\">13 noviembre, 2016<\/time><\/a><a href=\"https:\/\/www.monta\u00f1asdelaluna.es\/?p=34482#respond\" class=\"comment-link\" >Deja un comentario<\/a><\/div><p>[vc_row][vc_column][vc_column_text]Existen unas paredes largas y continuas que recorren todo el valle de la C-17, el Valle del Congost. Famoso valle que limita por el oeste el macizo del Montseny entre las localidades de El Figar\u00f3, Tagamanent, Centelles, Aiguafreda\u2026 pero estas paredes est\u00e1n al otro lado del macizo del Montseny, o sea, que no pertenecen a&hellip;<\/p>\n\n<a href=\"https:\/\/www.monta\u00f1asdelaluna.es\/?p=34482\" class=\"details more-link\" aria-label=\"Read more about Montmany y les Cingles de Bert\u00ed\" rel=\"nofollow\">Detalles<\/a>\n\n\t\t<\/div>\n\n\t<\/article>\n\n<\/div>\n<div class=\"wf-cell iso-item category-45\" data-post-id=\"34019\" data-date=\"2016-10-08T08:25:00+00:00\" data-name=\"Las cimas del Montnegre\">\n\t<article class=\"post post-34019 type-post status-publish format-standard has-post-thumbnail hentry category-corredor-i-montnegre category-45 description-off\">\n\n\t\t\n\t\t\t<div class=\"blog-media wf-td\">\n\n\t\t\t\t<p><a href=\"https:\/\/www.monta\u00f1asdelaluna.es\/?p=34019\" class=\"alignnone rollover layzr-bg\" ><img loading=\"lazy\" decoding=\"async\" class=\"preload-me iso-lazy-load\" src=\"data:image\/svg+xml,%3Csvg%20xmlns%3D&#39;http%3A%2F%2Fwww.w3.org%2F2000%2Fsvg&#39;%20viewBox%3D&#39;0%200%20555%20416&#39;%2F%3E\" data-src=\"https:\/\/www.monta\u00f1asdelaluna.es\/wp-content\/uploads\/2016\/10\/IMG_2204-555x416.jpg\" data-srcset=\"https:\/\/www.monta\u00f1asdelaluna.es\/wp-content\/uploads\/2016\/10\/IMG_2204-555x416.jpg 555w, https:\/\/www.monta\u00f1asdelaluna.es\/wp-content\/uploads\/2016\/10\/IMG_2204-1110x832.jpg 1110w\" alt=\"\" title=\"La Roureda i Faigs d&#8217;en Preses\" width=\"555\" height=\"416\"  \/><\/a><\/p>\n\t\t\t<\/div>\n\n\t\t\n\t\t<div class=\"blog-content wf-td\">\n\t\t\t<h3 class=\"entry-title\"><a href=\"https:\/\/www.monta\u00f1asdelaluna.es\/?p=34019\" title=\"Las cimas del Montnegre\" rel=\"bookmark\">Las cimas del Montnegre<\/a><\/h3>\n\n\t\t\t<div class=\"entry-meta\"><span class=\"category-link\"><a href=\"https:\/\/www.monta\u00f1asdelaluna.es\/?cat=45\" rel=\"category\">Corredor i Montnegre<\/a><\/span><a class=\"author vcard\" href=\"https:\/\/www.monta\u00f1asdelaluna.es\/?author=1\" title=\"Ver todas las publicaciones de Joaquin Terres\" rel=\"author\">Por <span class=\"fn\">Joaquin Terres<\/span><\/a><a href=\"https:\/\/www.monta\u00f1asdelaluna.es\/?m=20161008\" title=\"8:25 am\" class=\"data-link\" rel=\"bookmark\"><time class=\"entry-date updated\" datetime=\"2016-10-08T08:25:00+00:00\">8 octubre, 2016<\/time><\/a><a href=\"https:\/\/www.monta\u00f1asdelaluna.es\/?p=34019#respond\" class=\"comment-link\" >Deja un comentario<\/a><\/div><p>[vc_row][vc_column][vc_column_text]De nuevo volvemos al Montnegre. Esta vez la idea es poder pisar algunas de sus cimas y cumbres m\u00e1s altas. Hemos realizado varios recorridos por sus laderas, rieras y bosques pero no hab\u00edamos llegado a tocar sus cimas, al contrario que en El Corredor. Por ello idee una ruta para poder realizar una circular bonita&hellip;<\/p>\n\n<a href=\"https:\/\/www.monta\u00f1asdelaluna.es\/?p=34019\" class=\"details more-link\" aria-label=\"Read more about Las cimas del Montnegre\" rel=\"nofollow\">Detalles<\/a>\n\n\t\t<\/div>\n\n\t<\/article>\n\n<\/div>\n<div class=\"wf-cell iso-item category-127\" data-post-id=\"33905\" data-date=\"2016-09-03T06:59:18+00:00\" data-name=\"Balaitous\">\n\t<article class=\"post post-33905 type-post status-publish format-standard has-post-thumbnail hentry category-pirineo-central-atlantico category-127 description-off\">\n\n\t\t\n\t\t\t<div class=\"blog-media wf-td\">\n\n\t\t\t\t<p><a href=\"https:\/\/www.monta\u00f1asdelaluna.es\/?p=33905\" class=\"alignnone rollover layzr-bg\" ><img loading=\"lazy\" decoding=\"async\" class=\"preload-me iso-lazy-load\" src=\"data:image\/svg+xml,%3Csvg%20xmlns%3D&#39;http%3A%2F%2Fwww.w3.org%2F2000%2Fsvg&#39;%20viewBox%3D&#39;0%200%20555%20312&#39;%2F%3E\" data-src=\"https:\/\/www.monta\u00f1asdelaluna.es\/wp-content\/uploads\/2016\/10\/IMG_1994-555x312.jpg\" data-srcset=\"https:\/\/www.monta\u00f1asdelaluna.es\/wp-content\/uploads\/2016\/10\/IMG_1994-555x312.jpg 555w, https:\/\/www.monta\u00f1asdelaluna.es\/wp-content\/uploads\/2016\/10\/IMG_1994-1110x624.jpg 1110w\" alt=\"\" title=\"Al fondo el Vignemale, a la derecha el Gran Facha y a la izquierda el Pic de Cambal\u00e9s y la Peque\u00f1a Facha, delante el Pico Cristales\" width=\"555\" height=\"312\"  \/><\/a><\/p>\n\t\t\t<\/div>\n\n\t\t\n\t\t<div class=\"blog-content wf-td\">\n\t\t\t<h3 class=\"entry-title\"><a href=\"https:\/\/www.monta\u00f1asdelaluna.es\/?p=33905\" title=\"Balaitous\" rel=\"bookmark\">Balaitous<\/a><\/h3>\n\n\t\t\t<div class=\"entry-meta\"><span class=\"category-link\"><a href=\"https:\/\/www.monta\u00f1asdelaluna.es\/?cat=127\" rel=\"category\">Pirineo Central Atl\u00e1ntico<\/a><\/span><a class=\"author vcard\" href=\"https:\/\/www.monta\u00f1asdelaluna.es\/?author=1\" title=\"Ver todas las publicaciones de Joaquin Terres\" rel=\"author\">Por <span class=\"fn\">Joaquin Terres<\/span><\/a><a href=\"https:\/\/www.monta\u00f1asdelaluna.es\/?m=20160903\" title=\"6:59 am\" class=\"data-link\" rel=\"bookmark\"><time class=\"entry-date updated\" datetime=\"2016-09-03T06:59:18+00:00\">3 septiembre, 2016<\/time><\/a><a href=\"https:\/\/www.monta\u00f1asdelaluna.es\/?p=33905#respond\" class=\"comment-link\" >Deja un comentario<\/a><\/div><p>[vc_row][vc_column][vc_column_text]Recuerdo aquella decisi\u00f3n con los compa\u00f1eros del Centro Excursionista Almorad\u00ed en la tienda de campa\u00f1a aquel principio de primavera en la Semana Santa del 2.006: un grupo quer\u00eda subir el Balaitous, y Sara y David el Gran Facha. Jes\u00fas y yo al final nos decidimos por acompa\u00f1ar a Sara y David para conquistar la puntiaguda&hellip;<\/p>\n\n<a href=\"https:\/\/www.monta\u00f1asdelaluna.es\/?p=33905\" class=\"details more-link\" aria-label=\"Read more about Balaitous\" rel=\"nofollow\">Detalles<\/a>\n\n\t\t<\/div>\n\n\t<\/article>\n\n<\/div>\n<div class=\"wf-cell iso-item category-93\" data-post-id=\"34009\" data-date=\"2016-07-14T08:35:07+00:00\" data-name=\"14 de julio del 2.016, jueves. La Grave.\">\n\t<article class=\"post post-34009 type-post status-publish format-standard has-post-thumbnail hentry category-ecrins category-93 description-off\">\n\n\t\t\n\t\t\t<div class=\"blog-media wf-td\">\n\n\t\t\t\t<p><a href=\"https:\/\/www.monta\u00f1asdelaluna.es\/?p=34009\" class=\"alignnone rollover layzr-bg\" ><img loading=\"lazy\" decoding=\"async\" class=\"preload-me iso-lazy-load\" src=\"data:image\/svg+xml,%3Csvg%20xmlns%3D&#39;http%3A%2F%2Fwww.w3.org%2F2000%2Fsvg&#39;%20viewBox%3D&#39;0%200%20555%20312&#39;%2F%3E\" data-src=\"https:\/\/www.monta\u00f1asdelaluna.es\/wp-content\/uploads\/2016\/08\/IMG_1752-555x312.jpg\" data-srcset=\"https:\/\/www.monta\u00f1asdelaluna.es\/wp-content\/uploads\/2016\/08\/IMG_1752-555x312.jpg 555w, https:\/\/www.monta\u00f1asdelaluna.es\/wp-content\/uploads\/2016\/08\/IMG_1752-1110x624.jpg 1110w\" alt=\"\" title=\"El Mont Pelvoux a la izquierda y los Picos Sin Nombre a la derecha\" width=\"555\" height=\"312\"  \/><\/a><\/p>\n\t\t\t<\/div>\n\n\t\t\n\t\t<div class=\"blog-content wf-td\">\n\t\t\t<h3 class=\"entry-title\"><a href=\"https:\/\/www.monta\u00f1asdelaluna.es\/?p=34009\" title=\"14 de julio del 2.016, jueves. La Grave.\" rel=\"bookmark\">14 de julio del 2.016, jueves. La Grave.<\/a><\/h3>\n\n\t\t\t<div class=\"entry-meta\"><span class=\"category-link\"><a href=\"https:\/\/www.monta\u00f1asdelaluna.es\/?cat=93\" rel=\"category\">\u00c9crins<\/a><\/span><a class=\"author vcard\" href=\"https:\/\/www.monta\u00f1asdelaluna.es\/?author=1\" title=\"Ver todas las publicaciones de Joaquin Terres\" rel=\"author\">Por <span class=\"fn\">Joaquin Terres<\/span><\/a><a href=\"https:\/\/www.monta\u00f1asdelaluna.es\/?m=20160714\" title=\"8:35 am\" class=\"data-link\" rel=\"bookmark\"><time class=\"entry-date updated\" datetime=\"2016-07-14T08:35:07+00:00\">14 julio, 2016<\/time><\/a><a href=\"https:\/\/www.monta\u00f1asdelaluna.es\/?p=34009#respond\" class=\"comment-link\" >Deja un comentario<\/a><\/div><p>[vc_row][vc_column][vc_column_text]Nos despertamos tiempo antes de desayunar. Hacemos y preparamos las mochilas. He comprobado que estas nuevas chaquetas de GORE TEX de alta monta\u00f1a, finas y ligeras, las lleva todo el mundo. Ya no se llevan las chaquetas gruesas como mi NORTH FACE que hacen m\u00e1s bulto, pesan m\u00e1s, ocupan m\u00e1s\u2026 Habr\u00e1 que modernizarse y comprar\u00e9&hellip;<\/p>\n\n<a href=\"https:\/\/www.monta\u00f1asdelaluna.es\/?p=34009\" class=\"details more-link\" aria-label=\"Read more about 14 de julio del 2.016, jueves. La Grave.\" rel=\"nofollow\">Detalles<\/a>\n\n\t\t<\/div>\n\n\t<\/article>\n\n<\/div>\n<div class=\"wf-cell iso-item category-93\" data-post-id=\"33653\" data-date=\"2016-07-13T19:05:36+00:00\" data-name=\"13 de julio del 2.016. mi\u00e9rcoles. D\u00f4me de Niege, 4.015 mts.\">\n\t<article class=\"post post-33653 type-post status-publish format-standard has-post-thumbnail hentry category-ecrins category-93 description-off\">\n\n\t\t\n\t\t\t<div class=\"blog-media wf-td\">\n\n\t\t\t\t<p><a href=\"https:\/\/www.monta\u00f1asdelaluna.es\/?p=33653\" class=\"alignnone rollover layzr-bg\" ><img loading=\"lazy\" decoding=\"async\" class=\"preload-me iso-lazy-load\" src=\"data:image\/svg+xml,%3Csvg%20xmlns%3D&#39;http%3A%2F%2Fwww.w3.org%2F2000%2Fsvg&#39;%20viewBox%3D&#39;0%200%20555%20416&#39;%2F%3E\" data-src=\"https:\/\/www.monta\u00f1asdelaluna.es\/wp-content\/uploads\/2016\/07\/IMG_1668B-555x416.jpg\" data-srcset=\"https:\/\/www.monta\u00f1asdelaluna.es\/wp-content\/uploads\/2016\/07\/IMG_1668B-555x416.jpg 555w, https:\/\/www.monta\u00f1asdelaluna.es\/wp-content\/uploads\/2016\/07\/IMG_1668B-1110x832.jpg 1110w\" alt=\"\" title=\"Amanece en el Barre Des \u00c9crins\" width=\"555\" height=\"416\"  \/><\/a><\/p>\n\t\t\t<\/div>\n\n\t\t\n\t\t<div class=\"blog-content wf-td\">\n\t\t\t<h3 class=\"entry-title\"><a href=\"https:\/\/www.monta\u00f1asdelaluna.es\/?p=33653\" title=\"13 de julio del 2.016. mi\u00e9rcoles. D\u00f4me de Niege, 4.015 mts.\" rel=\"bookmark\">13 de julio del 2.016. mi\u00e9rcoles. D\u00f4me de Niege, 4.015 mts.<\/a><\/h3>\n\n\t\t\t<div class=\"entry-meta\"><span class=\"category-link\"><a href=\"https:\/\/www.monta\u00f1asdelaluna.es\/?cat=93\" rel=\"category\">\u00c9crins<\/a><\/span><a class=\"author vcard\" href=\"https:\/\/www.monta\u00f1asdelaluna.es\/?author=1\" title=\"Ver todas las publicaciones de Joaquin Terres\" rel=\"author\">Por <span class=\"fn\">Joaquin Terres<\/span><\/a><a href=\"https:\/\/www.monta\u00f1asdelaluna.es\/?m=20160713\" title=\"7:05 pm\" class=\"data-link\" rel=\"bookmark\"><time class=\"entry-date updated\" datetime=\"2016-07-13T19:05:36+00:00\">13 julio, 2016<\/time><\/a><a href=\"https:\/\/www.monta\u00f1asdelaluna.es\/?p=33653#respond\" class=\"comment-link\" >Deja un comentario<\/a><\/div><p>[vc_row][vc_column][vc_column_text]Son las 2 de la ma\u00f1ana cuando se despiertan y levantan los primeros. Otros les siguen a diferentes horas. Nosotros hemos quedado a desayunar a las 06\u201930 horas de la ma\u00f1ana despu\u00e9s de las conversaciones con uno de los guardas anoche. No dan desayuno a las 5 de la ma\u00f1ana, a las 6\u201930 o 7\u2026&hellip;<\/p>\n\n<a href=\"https:\/\/www.monta\u00f1asdelaluna.es\/?p=33653\" class=\"details more-link\" aria-label=\"Read more about 13 de julio del 2.016. mi\u00e9rcoles. D\u00f4me de Niege, 4.015 mts.\" rel=\"nofollow\">Detalles<\/a>\n\n\t\t<\/div>\n\n\t<\/article>\n\n<\/div>\n<div class=\"wf-cell iso-item category-93\" data-post-id=\"31977\" data-date=\"2016-07-12T19:14:46+00:00\" data-name=\"12 de julio de 2.016, martes. Mal tiempo, d\u00eda de descanso\">\n\t<article class=\"post post-31977 type-post status-publish format-standard has-post-thumbnail hentry category-ecrins category-93 description-off\">\n\n\t\t\n\t\t\t<div class=\"blog-media wf-td\">\n\n\t\t\t\t<p><a href=\"https:\/\/www.monta\u00f1asdelaluna.es\/?p=31977\" class=\"alignnone rollover layzr-bg\" ><img loading=\"lazy\" decoding=\"async\" class=\"preload-me iso-lazy-load\" src=\"data:image\/svg+xml,%3Csvg%20xmlns%3D&#39;http%3A%2F%2Fwww.w3.org%2F2000%2Fsvg&#39;%20viewBox%3D&#39;0%200%20555%20416&#39;%2F%3E\" data-src=\"https:\/\/www.monta\u00f1asdelaluna.es\/wp-content\/uploads\/2016\/07\/IMG_4612-555x416.jpg\" data-srcset=\"https:\/\/www.monta\u00f1asdelaluna.es\/wp-content\/uploads\/2016\/07\/IMG_4612-555x416.jpg 555w, https:\/\/www.monta\u00f1asdelaluna.es\/wp-content\/uploads\/2016\/07\/IMG_4612-1110x832.jpg 1110w\" alt=\"\" title=\"Vistas desde el refugio, el tiempo se va aclarando\" width=\"555\" height=\"416\"  \/><\/a><\/p>\n\t\t\t<\/div>\n\n\t\t\n\t\t<div class=\"blog-content wf-td\">\n\t\t\t<h3 class=\"entry-title\"><a href=\"https:\/\/www.monta\u00f1asdelaluna.es\/?p=31977\" title=\"12 de julio de 2.016, martes. Mal tiempo, d\u00eda de descanso\" rel=\"bookmark\">12 de julio de 2.016, martes. Mal tiempo, d\u00eda de descanso<\/a><\/h3>\n\n\t\t\t<div class=\"entry-meta\"><span class=\"category-link\"><a href=\"https:\/\/www.monta\u00f1asdelaluna.es\/?cat=93\" rel=\"category\">\u00c9crins<\/a><\/span><a class=\"author vcard\" href=\"https:\/\/www.monta\u00f1asdelaluna.es\/?author=1\" title=\"Ver todas las publicaciones de Joaquin Terres\" rel=\"author\">Por <span class=\"fn\">Joaquin Terres<\/span><\/a><a href=\"https:\/\/www.monta\u00f1asdelaluna.es\/?m=20160712\" title=\"7:14 pm\" class=\"data-link\" rel=\"bookmark\"><time class=\"entry-date updated\" datetime=\"2016-07-12T19:14:46+00:00\">12 julio, 2016<\/time><\/a><a href=\"https:\/\/www.monta\u00f1asdelaluna.es\/?p=31977#respond\" class=\"comment-link\" >Deja un comentario<\/a><\/div><p>[vc_row][vc_column][vc_column_text]Hace tiempo que ya se ha hecho de d\u00eda. Los diferentes grupos se han ido levantando, pero otros y nosotros esperamos al final, a la hora del desayuno a las 7 de la ma\u00f1ana. Este d\u00eda lo quer\u00edamos dedicar a realizar algunas pr\u00e1cticas con la cuerda en la nieve, glaciar, y con los diferentes nudos.&hellip;<\/p>\n\n<a href=\"https:\/\/www.monta\u00f1asdelaluna.es\/?p=31977\" class=\"details more-link\" aria-label=\"Read more about 12 de julio de 2.016, martes. Mal tiempo, d\u00eda de descanso\" rel=\"nofollow\">Detalles<\/a>\n\n\t\t<\/div>\n\n\t<\/article>\n\n<\/div>\n<div class=\"wf-cell iso-item category-93\" data-post-id=\"31642\" data-date=\"2016-07-10T16:03:27+00:00\" data-name=\"10 y 11 de julio del 2.016, lunes\">\n\t<article class=\"post post-31642 type-post status-publish format-standard has-post-thumbnail hentry category-ecrins category-93 description-off\">\n\n\t\t\n\t\t\t<div class=\"blog-media wf-td\">\n\n\t\t\t\t<p><a href=\"https:\/\/www.monta\u00f1asdelaluna.es\/?p=31642\" class=\"alignnone rollover layzr-bg\" ><img loading=\"lazy\" decoding=\"async\" class=\"preload-me iso-lazy-load\" src=\"data:image\/svg+xml,%3Csvg%20xmlns%3D&#39;http%3A%2F%2Fwww.w3.org%2F2000%2Fsvg&#39;%20viewBox%3D&#39;0%200%20555%20312&#39;%2F%3E\" data-src=\"https:\/\/www.monta\u00f1asdelaluna.es\/wp-content\/uploads\/2016\/07\/IMG_1619-555x312.jpg\" data-srcset=\"https:\/\/www.monta\u00f1asdelaluna.es\/wp-content\/uploads\/2016\/07\/IMG_1619-555x312.jpg 555w, https:\/\/www.monta\u00f1asdelaluna.es\/wp-content\/uploads\/2016\/07\/IMG_1619-1110x624.jpg 1110w\" alt=\"\" title=\"Mont Pelvoux\" width=\"555\" height=\"312\"  \/><\/a><\/p>\n\t\t\t<\/div>\n\n\t\t\n\t\t<div class=\"blog-content wf-td\">\n\t\t\t<h3 class=\"entry-title\"><a href=\"https:\/\/www.monta\u00f1asdelaluna.es\/?p=31642\" title=\"10 y 11 de julio del 2.016, lunes\" rel=\"bookmark\">10 y 11 de julio del 2.016, lunes<\/a><\/h3>\n\n\t\t\t<div class=\"entry-meta\"><span class=\"category-link\"><a href=\"https:\/\/www.monta\u00f1asdelaluna.es\/?cat=93\" rel=\"category\">\u00c9crins<\/a><\/span><a class=\"author vcard\" href=\"https:\/\/www.monta\u00f1asdelaluna.es\/?author=1\" title=\"Ver todas las publicaciones de Joaquin Terres\" rel=\"author\">Por <span class=\"fn\">Joaquin Terres<\/span><\/a><a href=\"https:\/\/www.monta\u00f1asdelaluna.es\/?m=20160710\" title=\"4:03 pm\" class=\"data-link\" rel=\"bookmark\"><time class=\"entry-date updated\" datetime=\"2016-07-10T16:03:27+00:00\">10 julio, 2016<\/time><\/a><a href=\"https:\/\/www.monta\u00f1asdelaluna.es\/?p=31642#respond\" class=\"comment-link\" >Deja un comentario<\/a><\/div><p>[vc_row][vc_column][vc_column_text]De nuevo ten\u00eda que ir a los Alpes. Ya hab\u00edan pasado 4 a\u00f1os desde la visita al Gran Paradiso en el Valle de Aosta en los Alpes italianos y este a\u00f1o ya decid\u00ed de una manera u otra ir a Alpes y visitar, ascender alguno de sus magn\u00edficos picos de m\u00e1s de cuatro mil metros.&hellip;<\/p>\n\n<a href=\"https:\/\/www.monta\u00f1asdelaluna.es\/?p=31642\" class=\"details more-link\" aria-label=\"Read more about 10 y 11 de julio del 2.016, lunes\" rel=\"nofollow\">Detalles<\/a>\n\n\t\t<\/div>\n\n\t<\/article>\n\n<\/div>\n<div class=\"wf-cell iso-item category-125\" data-post-id=\"32394\" data-date=\"2016-06-11T10:46:13+00:00\" data-name=\"Aneto por el Corredor Estasen\">\n\t<article class=\"post post-32394 type-post status-publish format-standard has-post-thumbnail hentry category-valle-del-esera category-125 description-off\">\n\n\t\t\n\t\t\t<div class=\"blog-media wf-td\">\n\n\t\t\t\t<p><a href=\"https:\/\/www.monta\u00f1asdelaluna.es\/?p=32394\" class=\"alignnone rollover layzr-bg\" ><img loading=\"lazy\" decoding=\"async\" class=\"preload-me iso-lazy-load\" src=\"data:image\/svg+xml,%3Csvg%20xmlns%3D&#39;http%3A%2F%2Fwww.w3.org%2F2000%2Fsvg&#39;%20viewBox%3D&#39;0%200%20555%20416&#39;%2F%3E\" data-src=\"https:\/\/www.monta\u00f1asdelaluna.es\/wp-content\/uploads\/2016\/08\/IMG_1156-555x416.jpg\" data-srcset=\"https:\/\/www.monta\u00f1asdelaluna.es\/wp-content\/uploads\/2016\/08\/IMG_1156-555x416.jpg 555w, https:\/\/www.monta\u00f1asdelaluna.es\/wp-content\/uploads\/2016\/08\/IMG_1156-1110x832.jpg 1110w\" alt=\"\" title=\"Lea pasando por arriba de la salida del Corredor Estasen\" width=\"555\" height=\"416\"  \/><\/a><\/p>\n\t\t\t<\/div>\n\n\t\t\n\t\t<div class=\"blog-content wf-td\">\n\t\t\t<h3 class=\"entry-title\"><a href=\"https:\/\/www.monta\u00f1asdelaluna.es\/?p=32394\" title=\"Aneto por el Corredor Estasen\" rel=\"bookmark\">Aneto por el Corredor Estasen<\/a><\/h3>\n\n\t\t\t<div class=\"entry-meta\"><span class=\"category-link\"><a href=\"https:\/\/www.monta\u00f1asdelaluna.es\/?cat=125\" rel=\"category\">Valle del \u00c9sera<\/a><\/span><a class=\"author vcard\" href=\"https:\/\/www.monta\u00f1asdelaluna.es\/?author=1\" title=\"Ver todas las publicaciones de Joaquin Terres\" rel=\"author\">Por <span class=\"fn\">Joaquin Terres<\/span><\/a><a href=\"https:\/\/www.monta\u00f1asdelaluna.es\/?m=20160611\" title=\"10:46 am\" class=\"data-link\" rel=\"bookmark\"><time class=\"entry-date updated\" datetime=\"2016-06-11T10:46:13+00:00\">11 junio, 2016<\/time><\/a><a href=\"https:\/\/www.monta\u00f1asdelaluna.es\/?p=32394#respond\" class=\"comment-link\" >Deja un comentario<\/a><\/div><p>[vc_row][vc_column][vc_column_text]Ya hac\u00eda mucho que mis compa\u00f1eros de Barcelona quer\u00edan realizar la subida al Aneto por el fabuloso Corredor Estasen en su lado sur. No hab\u00eda manera de que saliera la actividad; o bien por el mal tiempo o por que no pod\u00edan unos u otros (ya que quer\u00edan coger 3 d\u00edas), el Corredor Estasen pasaban&hellip;<\/p>\n\n<a href=\"https:\/\/www.monta\u00f1asdelaluna.es\/?p=32394\" class=\"details more-link\" aria-label=\"Read more about Aneto por el Corredor Estasen\" rel=\"nofollow\">Detalles<\/a>\n\n\t\t<\/div>\n\n\t<\/article>\n\n<\/div>\n<div class=\"wf-cell iso-item category-125\" data-post-id=\"32151\" data-date=\"2016-05-28T10:32:11+00:00\" data-name=\"Posets (3.375 mts.) desde \u00c1ngel Or\u00fas\">\n\t<article class=\"post post-32151 type-post status-publish format-standard has-post-thumbnail hentry category-valle-del-esera category-125 description-off\">\n\n\t\t\n\t\t\t<div class=\"blog-media wf-td\">\n\n\t\t\t\t<p><a href=\"https:\/\/www.monta\u00f1asdelaluna.es\/?p=32151\" class=\"alignnone rollover layzr-bg\" ><img loading=\"lazy\" decoding=\"async\" class=\"preload-me iso-lazy-load\" src=\"data:image\/svg+xml,%3Csvg%20xmlns%3D&#39;http%3A%2F%2Fwww.w3.org%2F2000%2Fsvg&#39;%20viewBox%3D&#39;0%200%20555%20416&#39;%2F%3E\" data-src=\"https:\/\/www.monta\u00f1asdelaluna.es\/wp-content\/uploads\/2016\/08\/IMG_0955-555x416.jpg\" data-srcset=\"https:\/\/www.monta\u00f1asdelaluna.es\/wp-content\/uploads\/2016\/08\/IMG_0955-555x416.jpg 555w, https:\/\/www.monta\u00f1asdelaluna.es\/wp-content\/uploads\/2016\/08\/IMG_0955-1110x832.jpg 1110w\" alt=\"\" title=\"Lea y Xita bajando por la Canal Fonda, enfrente las Crestas del Forcau entre nubes\" width=\"555\" height=\"416\"  \/><\/a><\/p>\n\t\t\t<\/div>\n\n\t\t\n\t\t<div class=\"blog-content wf-td\">\n\t\t\t<h3 class=\"entry-title\"><a href=\"https:\/\/www.monta\u00f1asdelaluna.es\/?p=32151\" title=\"Posets (3.375 mts.) desde \u00c1ngel Or\u00fas\" rel=\"bookmark\">Posets (3.375 mts.) desde \u00c1ngel Or\u00fas<\/a><\/h3>\n\n\t\t\t<div class=\"entry-meta\"><span class=\"category-link\"><a href=\"https:\/\/www.monta\u00f1asdelaluna.es\/?cat=125\" rel=\"category\">Valle del \u00c9sera<\/a><\/span><a class=\"author vcard\" href=\"https:\/\/www.monta\u00f1asdelaluna.es\/?author=1\" title=\"Ver todas las publicaciones de Joaquin Terres\" rel=\"author\">Por <span class=\"fn\">Joaquin Terres<\/span><\/a><a href=\"https:\/\/www.monta\u00f1asdelaluna.es\/?m=20160528\" title=\"10:32 am\" class=\"data-link\" rel=\"bookmark\"><time class=\"entry-date updated\" datetime=\"2016-05-28T10:32:11+00:00\">28 mayo, 2016<\/time><\/a><a href=\"https:\/\/www.monta\u00f1asdelaluna.es\/?p=32151#respond\" class=\"comment-link\" >Deja un comentario<\/a><\/div><p>[vc_row][vc_column][vc_column_text]Hab\u00eda quedado con algunos compa\u00f1eros del Centro Excursionista Almorad\u00ed para realizar una actividad de alta monta\u00f1a en este invierno-primavera. No hab\u00eda forma de encontrar un fin de semana que nos conviniera a todos y a la vez hiciera un tiempo id\u00f3neo, con condiciones meteorol\u00f3gicas aceptables&#8230; una de las primeras ideas que se barajaban era subir&hellip;<\/p>\n\n<a href=\"https:\/\/www.monta\u00f1asdelaluna.es\/?p=32151\" class=\"details more-link\" aria-label=\"Read more about Posets (3.375 mts.) desde \u00c1ngel Or\u00fas\" rel=\"nofollow\">Detalles<\/a>\n\n\t\t<\/div>\n\n\t<\/article>\n\n<\/div>\n<div class=\"wf-cell iso-item category-128\" data-post-id=\"31999\" data-date=\"2016-04-16T10:21:53+00:00\" data-name=\"Montardo d&#039;Aran (2.833 mts.)\">\n\t<article class=\"post post-31999 type-post status-publish format-standard has-post-thumbnail hentry category-alto-pirineo-catalan category-128 description-off\">\n\n\t\t\n\t\t\t<div class=\"blog-media wf-td\">\n\n\t\t\t\t<p><a href=\"https:\/\/www.monta\u00f1asdelaluna.es\/?p=31999\" class=\"alignnone rollover layzr-bg\" ><img loading=\"lazy\" decoding=\"async\" class=\"preload-me iso-lazy-load\" src=\"data:image\/svg+xml,%3Csvg%20xmlns%3D&#39;http%3A%2F%2Fwww.w3.org%2F2000%2Fsvg&#39;%20viewBox%3D&#39;0%200%20555%20312&#39;%2F%3E\" data-src=\"https:\/\/www.monta\u00f1asdelaluna.es\/wp-content\/uploads\/2016\/08\/IMG_0631-555x312.jpg\" data-srcset=\"https:\/\/www.monta\u00f1asdelaluna.es\/wp-content\/uploads\/2016\/08\/IMG_0631-555x312.jpg 555w, https:\/\/www.monta\u00f1asdelaluna.es\/wp-content\/uploads\/2016\/08\/IMG_0631-1110x624.jpg 1110w\" alt=\"\" title=\"El sol sale en la Serra de Rius, abajo el Estanh deth Cap deth Port\" width=\"555\" height=\"312\"  \/><\/a><\/p>\n\t\t\t<\/div>\n\n\t\t\n\t\t<div class=\"blog-content wf-td\">\n\t\t\t<h3 class=\"entry-title\"><a href=\"https:\/\/www.monta\u00f1asdelaluna.es\/?p=31999\" title=\"Montardo d&#8217;Aran (2.833 mts.)\" rel=\"bookmark\">Montardo d&#8217;Aran (2.833 mts.)<\/a><\/h3>\n\n\t\t\t<div class=\"entry-meta\"><span class=\"category-link\"><a href=\"https:\/\/www.monta\u00f1asdelaluna.es\/?cat=128\" rel=\"category\">Alto Pirineo Catal\u00e1n<\/a><\/span><a class=\"author vcard\" href=\"https:\/\/www.monta\u00f1asdelaluna.es\/?author=1\" title=\"Ver todas las publicaciones de Joaquin Terres\" rel=\"author\">Por <span class=\"fn\">Joaquin Terres<\/span><\/a><a href=\"https:\/\/www.monta\u00f1asdelaluna.es\/?m=20160416\" title=\"10:21 am\" class=\"data-link\" rel=\"bookmark\"><time class=\"entry-date updated\" datetime=\"2016-04-16T10:21:53+00:00\">16 abril, 2016<\/time><\/a><a href=\"https:\/\/www.monta\u00f1asdelaluna.es\/?p=31999#respond\" class=\"comment-link\" >Deja un comentario<\/a><\/div><p>[vc_row][vc_column][vc_column_text]De nuevo nos iba a hacer mal tiempo pero no pod\u00edamos desaprovechar este segundo viaje al Valle de Ar\u00e1n, a Valarties para acercarnos al Refugio de La Restanca y subir al Montardo d&#8217;Ar\u00e1n. Iba a ser nuestro segundo intento. Hace 2 a\u00f1os lo intentamos pero nos tuvimos que dar la vuelta en el Port de&hellip;<\/p>\n\n<a href=\"https:\/\/www.monta\u00f1asdelaluna.es\/?p=31999\" class=\"details more-link\" aria-label=\"Read more about Montardo d&#8217;Aran (2.833 mts.)\" rel=\"nofollow\">Detalles<\/a>\n\n\t\t<\/div>\n\n\t<\/article>\n\n<\/div>\n<div class=\"wf-cell iso-item category-133\" data-post-id=\"31345\" data-date=\"2016-04-10T06:11:35+00:00\" data-name=\"Tur\u00f3s de Puigvent\u00f3s y Collformic\">\n\t<article class=\"post post-31345 type-post status-publish format-standard has-post-thumbnail hentry category-la-calma category-133 description-off\">\n\n\t\t\n\t\t\t<div class=\"blog-media wf-td\">\n\n\t\t\t\t<p><a href=\"https:\/\/www.monta\u00f1asdelaluna.es\/?p=31345\" class=\"alignnone rollover layzr-bg\" ><img loading=\"lazy\" decoding=\"async\" class=\"preload-me iso-lazy-load\" src=\"data:image\/svg+xml,%3Csvg%20xmlns%3D&#39;http%3A%2F%2Fwww.w3.org%2F2000%2Fsvg&#39;%20viewBox%3D&#39;0%200%20555%20416&#39;%2F%3E\" data-src=\"https:\/\/www.monta\u00f1asdelaluna.es\/wp-content\/uploads\/2016\/07\/IMG_0520-555x416.jpg\" data-srcset=\"https:\/\/www.monta\u00f1asdelaluna.es\/wp-content\/uploads\/2016\/07\/IMG_0520-555x416.jpg 555w, https:\/\/www.monta\u00f1asdelaluna.es\/wp-content\/uploads\/2016\/07\/IMG_0520-1110x832.jpg 1110w\" alt=\"\" title=\"El Cucurull en la loma del Puigvent\u00f3s\" width=\"555\" height=\"416\"  \/><\/a><\/p>\n\t\t\t<\/div>\n\n\t\t\n\t\t<div class=\"blog-content wf-td\">\n\t\t\t<h3 class=\"entry-title\"><a href=\"https:\/\/www.monta\u00f1asdelaluna.es\/?p=31345\" title=\"Tur\u00f3s de Puigvent\u00f3s y Collformic\" rel=\"bookmark\">Tur\u00f3s de Puigvent\u00f3s y Collformic<\/a><\/h3>\n\n\t\t\t<div class=\"entry-meta\"><span class=\"category-link\"><a href=\"https:\/\/www.monta\u00f1asdelaluna.es\/?cat=133\" rel=\"category\">La Calma<\/a><\/span><a class=\"author vcard\" href=\"https:\/\/www.monta\u00f1asdelaluna.es\/?author=1\" title=\"Ver todas las publicaciones de Joaquin Terres\" rel=\"author\">Por <span class=\"fn\">Joaquin Terres<\/span><\/a><a href=\"https:\/\/www.monta\u00f1asdelaluna.es\/?m=20160410\" title=\"6:11 am\" class=\"data-link\" rel=\"bookmark\"><time class=\"entry-date updated\" datetime=\"2016-04-10T06:11:35+00:00\">10 abril, 2016<\/time><\/a><a href=\"https:\/\/www.monta\u00f1asdelaluna.es\/?p=31345#respond\" class=\"comment-link\" >Deja un comentario<\/a><\/div><p>[vc_row][vc_column][vc_column_text]La idea original de esta actividad era llegar hasta el coraz\u00f3n de La Calma, en el tercer y m\u00e1s bajo macizo del Montseny desde el famoso y visitado Collformic. Pero subiendo a los tur\u00f3s, cimas, picos que nos quedan en el camino entre Collformic y la misma Calma. La marcha es sencilla y nada dificultosa,&hellip;<\/p>\n\n<a href=\"https:\/\/www.monta\u00f1asdelaluna.es\/?p=31345\" class=\"details more-link\" aria-label=\"Read more about Tur\u00f3s de Puigvent\u00f3s y Collformic\" rel=\"nofollow\">Detalles<\/a>\n\n\t\t<\/div>\n\n\t<\/article>\n\n<\/div>\n<div class=\"wf-cell iso-item category-74\" data-post-id=\"31282\" data-date=\"2016-03-13T13:43:13+00:00\" data-name=\"La Grevolosa y la Serra dels Llancers\">\n\t<article class=\"post post-31282 type-post status-publish format-standard has-post-thumbnail hentry category-resto-de-barcelona category-74 description-off\">\n\n\t\t\n\t\t\t<div class=\"blog-media wf-td\">\n\n\t\t\t\t<p><a href=\"https:\/\/www.monta\u00f1asdelaluna.es\/?p=31282\" class=\"alignnone rollover layzr-bg\" ><img loading=\"lazy\" decoding=\"async\" class=\"preload-me iso-lazy-load\" src=\"data:image\/svg+xml,%3Csvg%20xmlns%3D&#39;http%3A%2F%2Fwww.w3.org%2F2000%2Fsvg&#39;%20viewBox%3D&#39;0%200%20555%20416&#39;%2F%3E\" data-src=\"https:\/\/www.monta\u00f1asdelaluna.es\/wp-content\/uploads\/2016\/07\/IMG_0190-555x416.jpg\" data-srcset=\"https:\/\/www.monta\u00f1asdelaluna.es\/wp-content\/uploads\/2016\/07\/IMG_0190-555x416.jpg 555w, https:\/\/www.monta\u00f1asdelaluna.es\/wp-content\/uploads\/2016\/07\/IMG_0190-1110x832.jpg 1110w\" alt=\"\" title=\"Hayedo camino del Collet dels Rubadans\" width=\"555\" height=\"416\"  \/><\/a><\/p>\n\t\t\t<\/div>\n\n\t\t\n\t\t<div class=\"blog-content wf-td\">\n\t\t\t<h3 class=\"entry-title\"><a href=\"https:\/\/www.monta\u00f1asdelaluna.es\/?p=31282\" title=\"La Grevolosa y la Serra dels Llancers\" rel=\"bookmark\">La Grevolosa y la Serra dels Llancers<\/a><\/h3>\n\n\t\t\t<div class=\"entry-meta\"><span class=\"category-link\"><a href=\"https:\/\/www.monta\u00f1asdelaluna.es\/?cat=74\" rel=\"category\">Resto de Barcelona<\/a><\/span><a class=\"author vcard\" href=\"https:\/\/www.monta\u00f1asdelaluna.es\/?author=1\" title=\"Ver todas las publicaciones de Joaquin Terres\" rel=\"author\">Por <span class=\"fn\">Joaquin Terres<\/span><\/a><a href=\"https:\/\/www.monta\u00f1asdelaluna.es\/?m=20160313\" title=\"1:43 pm\" class=\"data-link\" rel=\"bookmark\"><time class=\"entry-date updated\" datetime=\"2016-03-13T13:43:13+00:00\">13 marzo, 2016<\/time><\/a><a href=\"https:\/\/www.monta\u00f1asdelaluna.es\/?p=31282#respond\" class=\"comment-link\" >Deja un comentario<\/a><\/div><p>[vc_row][vc_column][vc_column_text]Ten\u00eda ganas de volver a disfrutar de los bosques y rincones de La Grevolosa, pero a la vez intentar realizar un recorrido nuevo por nuevos rincones y lugares del sitio, de la zona. La Serra dels Llancers es el sistema geogr\u00e1fico en donde se encuentra el circo de La Grevolosa, pero \u00e9sta se encuentra en&hellip;<\/p>\n\n<a href=\"https:\/\/www.monta\u00f1asdelaluna.es\/?p=31282\" class=\"details more-link\" aria-label=\"Read more about La Grevolosa y la Serra dels Llancers\" rel=\"nofollow\">Detalles<\/a>\n\n\t\t<\/div>\n\n\t<\/article>\n\n<\/div>\n<div class=\"wf-cell iso-item category-120\" data-post-id=\"29720\" data-date=\"2016-02-21T17:24:24+00:00\" data-name=\"Les Cingles de Tavertet desde Sau\">\n\t<article class=\"post post-29720 type-post status-publish format-standard has-post-thumbnail hentry category-collsacabra-i-guilleries category-120 description-off\">\n\n\t\t\n\t\t\t<div class=\"blog-media wf-td\">\n\n\t\t\t\t<p><a href=\"https:\/\/www.monta\u00f1asdelaluna.es\/?p=29720\" class=\"alignnone rollover layzr-bg\" ><img loading=\"lazy\" decoding=\"async\" class=\"preload-me iso-lazy-load\" src=\"data:image\/svg+xml,%3Csvg%20xmlns%3D&#39;http%3A%2F%2Fwww.w3.org%2F2000%2Fsvg&#39;%20viewBox%3D&#39;0%200%20555%20312&#39;%2F%3E\" data-src=\"https:\/\/www.monta\u00f1asdelaluna.es\/wp-content\/uploads\/2016\/05\/IMG_0127-555x312.jpg\" data-srcset=\"https:\/\/www.monta\u00f1asdelaluna.es\/wp-content\/uploads\/2016\/05\/IMG_0127-555x312.jpg 555w, https:\/\/www.monta\u00f1asdelaluna.es\/wp-content\/uploads\/2016\/05\/IMG_0127-1110x624.jpg 1110w\" alt=\"\" title=\"Cingles de l&#8217;Avenc\" width=\"555\" height=\"312\"  \/><\/a><\/p>\n\t\t\t<\/div>\n\n\t\t\n\t\t<div class=\"blog-content wf-td\">\n\t\t\t<h3 class=\"entry-title\"><a href=\"https:\/\/www.monta\u00f1asdelaluna.es\/?p=29720\" title=\"Les Cingles de Tavertet desde Sau\" rel=\"bookmark\">Les Cingles de Tavertet desde Sau<\/a><\/h3>\n\n\t\t\t<div class=\"entry-meta\"><span class=\"category-link\"><a href=\"https:\/\/www.monta\u00f1asdelaluna.es\/?cat=120\" rel=\"category\">Collsacabra i Guilleries<\/a><\/span><a class=\"author vcard\" href=\"https:\/\/www.monta\u00f1asdelaluna.es\/?author=1\" title=\"Ver todas las publicaciones de Joaquin Terres\" rel=\"author\">Por <span class=\"fn\">Joaquin Terres<\/span><\/a><a href=\"https:\/\/www.monta\u00f1asdelaluna.es\/?m=20160221\" title=\"5:24 pm\" class=\"data-link\" rel=\"bookmark\"><time class=\"entry-date updated\" datetime=\"2016-02-21T17:24:24+00:00\">21 febrero, 2016<\/time><\/a><a href=\"https:\/\/www.monta\u00f1asdelaluna.es\/?p=29720#respond\" class=\"comment-link\" >Deja un comentario<\/a><\/div><p>[vc_row][vc_column][vc_column_text]En fotograf\u00edas, reportajes y muchos sitios de la televisi\u00f3n e internet aparecen las formidables y famosas formaciones de les Cingles de Tavertet sobre el Pantano de Sau, como una representaci\u00f3n de la monta\u00f1a y paisaje catal\u00e1n a caballo entre las provincias de Barcelona y Girona. Es por ello que en la anterior actividad quise acercarme&hellip;<\/p>\n\n<a href=\"https:\/\/www.monta\u00f1asdelaluna.es\/?p=29720\" class=\"details more-link\" aria-label=\"Read more about Les Cingles de Tavertet desde Sau\" rel=\"nofollow\">Detalles<\/a>\n\n\t\t<\/div>\n\n\t<\/article>\n\n<\/div>\n<div class=\"wf-cell iso-item category-130\" data-post-id=\"29618\" data-date=\"2016-01-30T23:00:07+00:00\" data-name=\"Sierra de Busa y Vall de l&#039;Ora\">\n\t<article class=\"post post-29618 type-post status-publish format-standard has-post-thumbnail hentry category-pirineo-calizo-catalan category-130 description-off\">\n\n\t\t\n\t\t\t<div class=\"blog-media wf-td\">\n\n\t\t\t\t<p><a href=\"https:\/\/www.monta\u00f1asdelaluna.es\/?p=29618\" class=\"alignnone rollover layzr-bg\" ><img loading=\"lazy\" decoding=\"async\" class=\"preload-me iso-lazy-load\" src=\"data:image\/svg+xml,%3Csvg%20xmlns%3D&#39;http%3A%2F%2Fwww.w3.org%2F2000%2Fsvg&#39;%20viewBox%3D&#39;0%200%20555%20416&#39;%2F%3E\" data-src=\"https:\/\/www.monta\u00f1asdelaluna.es\/wp-content\/uploads\/2016\/05\/IMG_5196-555x416.jpg\" data-srcset=\"https:\/\/www.monta\u00f1asdelaluna.es\/wp-content\/uploads\/2016\/05\/IMG_5196-555x416.jpg 555w, https:\/\/www.monta\u00f1asdelaluna.es\/wp-content\/uploads\/2016\/05\/IMG_5196-1110x832.jpg 1110w\" alt=\"\" title=\"Cristina en la cima del Serrat de la Llebre, 1.521 mts. detr\u00e1s el Serrat del Cogul, al fondo el Port del Comte\" width=\"555\" height=\"416\"  \/><\/a><\/p>\n\t\t\t<\/div>\n\n\t\t\n\t\t<div class=\"blog-content wf-td\">\n\t\t\t<h3 class=\"entry-title\"><a href=\"https:\/\/www.monta\u00f1asdelaluna.es\/?p=29618\" title=\"Sierra de Busa y Vall de l&#8217;Ora\" rel=\"bookmark\">Sierra de Busa y Vall de l&#8217;Ora<\/a><\/h3>\n\n\t\t\t<div class=\"entry-meta\"><span class=\"category-link\"><a href=\"https:\/\/www.monta\u00f1asdelaluna.es\/?cat=130\" rel=\"category\">Pirineo Calizo Catal\u00e1n<\/a><\/span><a class=\"author vcard\" href=\"https:\/\/www.monta\u00f1asdelaluna.es\/?author=1\" title=\"Ver todas las publicaciones de Joaquin Terres\" rel=\"author\">Por <span class=\"fn\">Joaquin Terres<\/span><\/a><a href=\"https:\/\/www.monta\u00f1asdelaluna.es\/?m=20160130\" title=\"11:00 pm\" class=\"data-link\" rel=\"bookmark\"><time class=\"entry-date updated\" datetime=\"2016-01-30T23:00:07+00:00\">30 enero, 2016<\/time><\/a><a href=\"https:\/\/www.monta\u00f1asdelaluna.es\/?p=29618#respond\" class=\"comment-link\" >Deja un comentario<\/a><\/div><p>[vc_row][vc_column][vc_column_text]Ya hab\u00eda o\u00eddo hablar en varias ocasiones de la Sierra de Busa. La \u00faltima dentro del Plan de Voluntariado en los que participaron mis compa\u00f1eros de trabajo, y era para ayudar a introducir al lobo en este espacio de la Sierra de Busa y Port del Comte. As\u00ed que hace tiempo que fui ideando una&hellip;<\/p>\n\n<a href=\"https:\/\/www.monta\u00f1asdelaluna.es\/?p=29618\" class=\"details more-link\" aria-label=\"Read more about Sierra de Busa y Vall de l&#8217;Ora\" rel=\"nofollow\">Detalles<\/a>\n\n\t\t<\/div>\n\n\t<\/article>\n\n<\/div>\n<div class=\"wf-cell iso-item category-131\" data-post-id=\"29477\" data-date=\"2016-01-09T23:08:14+00:00\" data-name=\"Les Agudes por Els Castellets y Hayedo del Serrat Llarg\">\n\t<article class=\"post post-29477 type-post status-publish format-standard has-post-thumbnail hentry category-turo-de-lhome category-131 description-off\">\n\n\t\t\n\t\t\t<div class=\"blog-media wf-td\">\n\n\t\t\t\t<p><a href=\"https:\/\/www.monta\u00f1asdelaluna.es\/?p=29477\" class=\"alignnone rollover layzr-bg\" ><img loading=\"lazy\" decoding=\"async\" class=\"preload-me iso-lazy-load\" src=\"data:image\/svg+xml,%3Csvg%20xmlns%3D&#39;http%3A%2F%2Fwww.w3.org%2F2000%2Fsvg&#39;%20viewBox%3D&#39;0%200%20555%20416&#39;%2F%3E\" data-src=\"https:\/\/www.monta\u00f1asdelaluna.es\/wp-content\/uploads\/2016\/05\/IMG_4984-555x416.jpg\" data-srcset=\"https:\/\/www.monta\u00f1asdelaluna.es\/wp-content\/uploads\/2016\/05\/IMG_4984-555x416.jpg 555w, https:\/\/www.monta\u00f1asdelaluna.es\/wp-content\/uploads\/2016\/05\/IMG_4984-1110x832.jpg 1110w\" alt=\"\" title=\"Comienzo de la cresta de Els Castellets\" width=\"555\" height=\"416\"  \/><\/a><\/p>\n\t\t\t<\/div>\n\n\t\t\n\t\t<div class=\"blog-content wf-td\">\n\t\t\t<h3 class=\"entry-title\"><a href=\"https:\/\/www.monta\u00f1asdelaluna.es\/?p=29477\" title=\"Les Agudes por Els Castellets y Hayedo del Serrat Llarg\" rel=\"bookmark\">Les Agudes por Els Castellets y Hayedo del Serrat Llarg<\/a><\/h3>\n\n\t\t\t<div class=\"entry-meta\"><span class=\"category-link\"><a href=\"https:\/\/www.monta\u00f1asdelaluna.es\/?cat=131\" rel=\"category\">Tur\u00f3 de l'Home<\/a><\/span><a class=\"author vcard\" href=\"https:\/\/www.monta\u00f1asdelaluna.es\/?author=1\" title=\"Ver todas las publicaciones de Joaquin Terres\" rel=\"author\">Por <span class=\"fn\">Joaquin Terres<\/span><\/a><a href=\"https:\/\/www.monta\u00f1asdelaluna.es\/?m=20160109\" title=\"11:08 pm\" class=\"data-link\" rel=\"bookmark\"><time class=\"entry-date updated\" datetime=\"2016-01-09T23:08:14+00:00\">9 enero, 2016<\/time><\/a><a href=\"https:\/\/www.monta\u00f1asdelaluna.es\/?p=29477#respond\" class=\"comment-link\" >Deja un comentario<\/a><\/div><p>[vc_row][vc_column][vc_column_text]Inocente de m\u00ed. Quer\u00eda comenzar el nuevo a\u00f1o haciendo una actividad emocionante cerca de casa, cuando mi amigo Pep me dijo que le organizara algo por el Montseny para el s\u00e1bado 9 de enero. Entonces no lo dud\u00e9. Repetir\u00eda aquella subida casi en solitario (acompa\u00f1ado por Marc de Terrassa que tambi\u00e9n iba solo) a Les&hellip;<\/p>\n\n<a href=\"https:\/\/www.monta\u00f1asdelaluna.es\/?p=29477\" class=\"details more-link\" aria-label=\"Read more about Les Agudes por Els Castellets y Hayedo del Serrat Llarg\" rel=\"nofollow\">Detalles<\/a>\n\n\t\t<\/div>\n\n\t<\/article>\n\n<\/div>\n<div class=\"wf-cell iso-item category-133\" data-post-id=\"29082\" data-date=\"2015-12-20T08:16:56+00:00\" data-name=\"Roca Centella en el Montseny\">\n\t<article class=\"post post-29082 type-post status-publish format-standard has-post-thumbnail hentry category-la-calma category-133 description-off\">\n\n\t\t\n\t\t\t<div class=\"blog-media wf-td\">\n\n\t\t\t\t<p><a href=\"https:\/\/www.monta\u00f1asdelaluna.es\/?p=29082\" class=\"alignnone rollover layzr-bg\" ><img loading=\"lazy\" decoding=\"async\" class=\"preload-me iso-lazy-load\" src=\"data:image\/svg+xml,%3Csvg%20xmlns%3D&#39;http%3A%2F%2Fwww.w3.org%2F2000%2Fsvg&#39;%20viewBox%3D&#39;0%200%20555%20416&#39;%2F%3E\" data-src=\"https:\/\/www.monta\u00f1asdelaluna.es\/wp-content\/uploads\/2015\/12\/IMG_4923-555x416.jpg\" data-srcset=\"https:\/\/www.monta\u00f1asdelaluna.es\/wp-content\/uploads\/2015\/12\/IMG_4923-555x416.jpg 555w, https:\/\/www.monta\u00f1asdelaluna.es\/wp-content\/uploads\/2015\/12\/IMG_4923-1110x832.jpg 1110w\" alt=\"\" title=\"Subida a Roca Centella por el Serrat Llarg, senda entre los encinares\" width=\"555\" height=\"416\"  \/><\/a><\/p>\n\t\t\t<\/div>\n\n\t\t\n\t\t<div class=\"blog-content wf-td\">\n\t\t\t<h3 class=\"entry-title\"><a href=\"https:\/\/www.monta\u00f1asdelaluna.es\/?p=29082\" title=\"Roca Centella en el Montseny\" rel=\"bookmark\">Roca Centella en el Montseny<\/a><\/h3>\n\n\t\t\t<div class=\"entry-meta\"><span class=\"category-link\"><a href=\"https:\/\/www.monta\u00f1asdelaluna.es\/?cat=133\" rel=\"category\">La Calma<\/a><\/span><a class=\"author vcard\" href=\"https:\/\/www.monta\u00f1asdelaluna.es\/?author=1\" title=\"Ver todas las publicaciones de Joaquin Terres\" rel=\"author\">Por <span class=\"fn\">Joaquin Terres<\/span><\/a><a href=\"https:\/\/www.monta\u00f1asdelaluna.es\/?m=20151220\" title=\"8:16 am\" class=\"data-link\" rel=\"bookmark\"><time class=\"entry-date updated\" datetime=\"2015-12-20T08:16:56+00:00\">20 diciembre, 2015<\/time><\/a><a href=\"https:\/\/www.monta\u00f1asdelaluna.es\/?p=29082#respond\" class=\"comment-link\" >Deja un comentario<\/a><\/div><p>[vc_row][vc_column][vc_column_text]Se acercaba Navidad y hab\u00eda que organizar la t\u00edpica salida navide\u00f1a; la salida a la monta\u00f1a con sidra, turrones y otras delicias y dulces navide\u00f1os. Despu\u00e9s de unos meses de ajetreo fuera de la monta\u00f1a y con la residencia cambiada, m\u00e1s cerca del Montseny, lo ideal era buscar una ruta, una monta\u00f1a, ascensi\u00f3n o pico&hellip;<\/p>\n\n<a href=\"https:\/\/www.monta\u00f1asdelaluna.es\/?p=29082\" class=\"details more-link\" aria-label=\"Read more about Roca Centella en el Montseny\" rel=\"nofollow\">Detalles<\/a>\n\n\t\t<\/div>\n\n\t<\/article>\n\n<\/div>\n<div class=\"wf-cell iso-item category-58\" data-post-id=\"15087\" data-date=\"2015-10-10T09:30:16+00:00\" data-name=\"Nueva Web Monta\u00f1as de La Luna\">\n\t<article class=\"post post-15087 type-post status-publish format-standard has-post-thumbnail hentry category-noticias category-58 description-off\">\n\n\t\t\n\t\t\t<div class=\"blog-media wf-td\">\n\n\t\t\t\t<p><a href=\"https:\/\/www.monta\u00f1asdelaluna.es\/?p=15087\" class=\"alignnone rollover layzr-bg\" ><img loading=\"lazy\" decoding=\"async\" class=\"preload-me iso-lazy-load\" src=\"data:image\/svg+xml,%3Csvg%20xmlns%3D&#39;http%3A%2F%2Fwww.w3.org%2F2000%2Fsvg&#39;%20viewBox%3D&#39;0%200%20555%20416&#39;%2F%3E\" data-src=\"https:\/\/www.monta\u00f1asdelaluna.es\/wp-content\/uploads\/2015\/07\/10373658_10202891770314070_453481235994075151_n-555x416.jpg\" data-srcset=\"https:\/\/www.monta\u00f1asdelaluna.es\/wp-content\/uploads\/2015\/07\/10373658_10202891770314070_453481235994075151_n-555x416.jpg 555w, https:\/\/www.monta\u00f1asdelaluna.es\/wp-content\/uploads\/2015\/07\/10373658_10202891770314070_453481235994075151_n.jpg 960w\" alt=\"\" title=\"10373658_10202891770314070_453481235994075151_n\" width=\"555\" height=\"416\"  \/><\/a><\/p>\n\t\t\t<\/div>\n\n\t\t\n\t\t<div class=\"blog-content wf-td\">\n\t\t\t<h3 class=\"entry-title\"><a href=\"https:\/\/www.monta\u00f1asdelaluna.es\/?p=15087\" title=\"Nueva Web Monta\u00f1as de La Luna\" rel=\"bookmark\">Nueva Web Monta\u00f1as de La Luna<\/a><\/h3>\n\n\t\t\t<div class=\"entry-meta\"><span class=\"category-link\"><a href=\"https:\/\/www.monta\u00f1asdelaluna.es\/?cat=58\" rel=\"category\">Noticias<\/a><\/span><a class=\"author vcard\" href=\"https:\/\/www.monta\u00f1asdelaluna.es\/?author=1\" title=\"Ver todas las publicaciones de Joaquin Terres\" rel=\"author\">Por <span class=\"fn\">Joaquin Terres<\/span><\/a><a href=\"https:\/\/www.monta\u00f1asdelaluna.es\/?m=20151010\" title=\"9:30 am\" class=\"data-link\" rel=\"bookmark\"><time class=\"entry-date updated\" datetime=\"2015-10-10T09:30:16+00:00\">10 octubre, 2015<\/time><\/a><a href=\"https:\/\/www.monta\u00f1asdelaluna.es\/?p=15087#respond\" class=\"comment-link\" >Deja un comentario<\/a><\/div><p>Recientemente publicada MONTA\u00d1AS DE LA LUNA seguir\u00e1 durante un periodo indefinido publicando y a\u00f1adiendo Relatos y \u00c1lbumes de fotos de actividades realizadas en un pasado, desde el mismo comienzo de la andadura de J. Joaqu\u00edn Terr\u00e9s por recorrerse y subir monta\u00f1as. Muchos de ellos ser\u00e1n extra\u00eddos o rescatados de partes o a\u00f1os anteriores (gran parte&hellip;<\/p>\n\n<a href=\"https:\/\/www.monta\u00f1asdelaluna.es\/?p=15087\" class=\"details more-link\" aria-label=\"Read more about Nueva Web Monta\u00f1as de La Luna\" rel=\"nofollow\">Detalles<\/a>\n\n\t\t<\/div>\n\n\t<\/article>\n\n<\/div>\n<div class=\"wf-cell iso-item category-50\" data-post-id=\"29021\" data-date=\"2015-10-04T12:49:01+00:00\" data-name=\"De Santa Cecilia al Monasterio de Montserrat\">\n\t<article class=\"post post-29021 type-post status-publish format-standard has-post-thumbnail hentry category-montserrat category-50 description-off\">\n\n\t\t\n\t\t\t<div class=\"blog-media wf-td\">\n\n\t\t\t\t<p><a href=\"https:\/\/www.monta\u00f1asdelaluna.es\/?p=29021\" class=\"alignnone rollover layzr-bg\" ><img loading=\"lazy\" decoding=\"async\" class=\"preload-me iso-lazy-load\" src=\"data:image\/svg+xml,%3Csvg%20xmlns%3D&#39;http%3A%2F%2Fwww.w3.org%2F2000%2Fsvg&#39;%20viewBox%3D&#39;0%200%20555%20416&#39;%2F%3E\" data-src=\"https:\/\/www.monta\u00f1asdelaluna.es\/wp-content\/uploads\/2015\/10\/IMG_4795-555x416.jpg\" data-srcset=\"https:\/\/www.monta\u00f1asdelaluna.es\/wp-content\/uploads\/2015\/10\/IMG_4795-555x416.jpg 555w, https:\/\/www.monta\u00f1asdelaluna.es\/wp-content\/uploads\/2015\/10\/IMG_4795-1110x832.jpg 1110w\" alt=\"\" title=\"Monasterio de Montserrat\" width=\"555\" height=\"416\"  \/><\/a><\/p>\n\t\t\t<\/div>\n\n\t\t\n\t\t<div class=\"blog-content wf-td\">\n\t\t\t<h3 class=\"entry-title\"><a href=\"https:\/\/www.monta\u00f1asdelaluna.es\/?p=29021\" title=\"De Santa Cecilia al Monasterio de Montserrat\" rel=\"bookmark\">De Santa Cecilia al Monasterio de Montserrat<\/a><\/h3>\n\n\t\t\t<div class=\"entry-meta\"><span class=\"category-link\"><a href=\"https:\/\/www.monta\u00f1asdelaluna.es\/?cat=50\" rel=\"category\">Montserrat<\/a><\/span><a class=\"author vcard\" href=\"https:\/\/www.monta\u00f1asdelaluna.es\/?author=1\" title=\"Ver todas las publicaciones de Joaquin Terres\" rel=\"author\">Por <span class=\"fn\">Joaquin Terres<\/span><\/a><a href=\"https:\/\/www.monta\u00f1asdelaluna.es\/?m=20151004\" title=\"12:49 pm\" class=\"data-link\" rel=\"bookmark\"><time class=\"entry-date updated\" datetime=\"2015-10-04T12:49:01+00:00\">4 octubre, 2015<\/time><\/a><a href=\"https:\/\/www.monta\u00f1asdelaluna.es\/?p=29021#respond\" class=\"comment-link\" >Deja un comentario<\/a><\/div><p>[vc_row][vc_column][vc_column_text]Montserrat es una monta\u00f1a que debe ser visitada tanto si eres de Catalu\u00f1a como si vienes de visita o por un periodo de tiempo determinado. Y ya no hablo de si eres monta\u00f1ero y te gustan los caprichos de la Naturaleza, porque entonces no tienes excusa: su inmensa y original imagen y formas vistas desde&hellip;<\/p>\n\n<a href=\"https:\/\/www.monta\u00f1asdelaluna.es\/?p=29021\" class=\"details more-link\" aria-label=\"Read more about De Santa Cecilia al Monasterio de Montserrat\" rel=\"nofollow\">Detalles<\/a>\n\n\t\t<\/div>\n\n\t<\/article>\n\n<\/div>\n<div class=\"wf-cell iso-item category-89\" data-post-id=\"28011\" data-date=\"2015-09-26T07:58:48+00:00\" data-name=\"El Despe\u00f1ador\">\n\t<article class=\"post post-28011 type-post status-publish format-standard has-post-thumbnail hentry category-sierras-del-maigmo-y-cid category-89 description-off\">\n\n\t\t\n\t\t\t<div class=\"blog-media wf-td\">\n\n\t\t\t\t<p><a href=\"https:\/\/www.monta\u00f1asdelaluna.es\/?p=28011\" class=\"alignnone rollover layzr-bg\" ><img loading=\"lazy\" decoding=\"async\" class=\"preload-me iso-lazy-load\" src=\"data:image\/svg+xml,%3Csvg%20xmlns%3D&#39;http%3A%2F%2Fwww.w3.org%2F2000%2Fsvg&#39;%20viewBox%3D&#39;0%200%20555%20416&#39;%2F%3E\" data-src=\"https:\/\/www.monta\u00f1asdelaluna.es\/wp-content\/uploads\/2016\/03\/CuartoMilenio.Despe\u00f1ador-048-555x416.jpg\" data-srcset=\"https:\/\/www.monta\u00f1asdelaluna.es\/wp-content\/uploads\/2016\/03\/CuartoMilenio.Despe\u00f1ador-048-555x416.jpg 555w, https:\/\/www.monta\u00f1asdelaluna.es\/wp-content\/uploads\/2016\/03\/CuartoMilenio.Despe\u00f1ador-048-1110x832.jpg 1110w\" alt=\"\" title=\"Bajando del Despe\u00f1ador\" width=\"555\" height=\"416\"  \/><\/a><\/p>\n\t\t\t<\/div>\n\n\t\t\n\t\t<div class=\"blog-content wf-td\">\n\t\t\t<h3 class=\"entry-title\"><a href=\"https:\/\/www.monta\u00f1asdelaluna.es\/?p=28011\" title=\"El Despe\u00f1ador\" rel=\"bookmark\">El Despe\u00f1ador<\/a><\/h3>\n\n\t\t\t<div class=\"entry-meta\"><span class=\"category-link\"><a href=\"https:\/\/www.monta\u00f1asdelaluna.es\/?cat=89\" rel=\"category\">Sierras del Maigm\u00f3 y Cid<\/a><\/span><a class=\"author vcard\" href=\"https:\/\/www.monta\u00f1asdelaluna.es\/?author=1\" title=\"Ver todas las publicaciones de Joaquin Terres\" rel=\"author\">Por <span class=\"fn\">Joaquin Terres<\/span><\/a><a href=\"https:\/\/www.monta\u00f1asdelaluna.es\/?m=20150926\" title=\"7:58 am\" class=\"data-link\" rel=\"bookmark\"><time class=\"entry-date updated\" datetime=\"2015-09-26T07:58:48+00:00\">26 septiembre, 2015<\/time><\/a><a href=\"https:\/\/www.monta\u00f1asdelaluna.es\/?p=28011#respond\" class=\"comment-link\" >Deja un comentario<\/a><\/div><p>[vc_row][vc_column][vc_column_text]Otra de las visitas a mi tierra, hab\u00eda que subir alguna de mis queridas monta\u00f1as. Mis viejos compa\u00f1eros de monta\u00f1a y amistad de Alicante vendr\u00edan con sus ni\u00f1os a acompa\u00f1arnos esa ma\u00f1ana. Con lo que\u2026 si solo ten\u00eda una ma\u00f1ana para realizar la escapada, la actividad y se vendr\u00edan ni\u00f1os para hacerla, lo mejor es&hellip;<\/p>\n\n<a href=\"https:\/\/www.monta\u00f1asdelaluna.es\/?p=28011\" class=\"details more-link\" aria-label=\"Read more about El Despe\u00f1ador\" rel=\"nofollow\">Detalles<\/a>\n\n\t\t<\/div>\n\n\t<\/article>\n\n<\/div>\n<div class=\"wf-cell iso-item category-51\" data-post-id=\"27882\" data-date=\"2015-09-20T12:43:28+00:00\" data-name=\"Hospital de La Sang en la Serra de l&#039;Obac\">\n\t<article class=\"post post-27882 type-post status-publish format-standard has-post-thumbnail hentry category-sant-llorenc-del-munt category-51 description-off\">\n\n\t\t\n\t\t\t<div class=\"blog-media wf-td\">\n\n\t\t\t\t<p><a href=\"https:\/\/www.monta\u00f1asdelaluna.es\/?p=27882\" class=\"alignnone rollover layzr-bg\" ><img loading=\"lazy\" decoding=\"async\" class=\"preload-me iso-lazy-load\" src=\"data:image\/svg+xml,%3Csvg%20xmlns%3D&#39;http%3A%2F%2Fwww.w3.org%2F2000%2Fsvg&#39;%20viewBox%3D&#39;0%200%20555%20416&#39;%2F%3E\" data-src=\"https:\/\/www.monta\u00f1asdelaluna.es\/wp-content\/uploads\/2016\/03\/IMG_4570-555x416.jpg\" data-srcset=\"https:\/\/www.monta\u00f1asdelaluna.es\/wp-content\/uploads\/2016\/03\/IMG_4570-555x416.jpg 555w, https:\/\/www.monta\u00f1asdelaluna.es\/wp-content\/uploads\/2016\/03\/IMG_4570-1110x832.jpg 1110w\" alt=\"\" title=\"L&#8217;Alzina del Vent\" width=\"555\" height=\"416\"  \/><\/a><\/p>\n\t\t\t<\/div>\n\n\t\t\n\t\t<div class=\"blog-content wf-td\">\n\t\t\t<h3 class=\"entry-title\"><a href=\"https:\/\/www.monta\u00f1asdelaluna.es\/?p=27882\" title=\"Hospital de La Sang en la Serra de l&#8217;Obac\" rel=\"bookmark\">Hospital de La Sang en la Serra de l&#8217;Obac<\/a><\/h3>\n\n\t\t\t<div class=\"entry-meta\"><span class=\"category-link\"><a href=\"https:\/\/www.monta\u00f1asdelaluna.es\/?cat=51\" rel=\"category\">Sant Lloren\u00e7 del Munt<\/a><\/span><a class=\"author vcard\" href=\"https:\/\/www.monta\u00f1asdelaluna.es\/?author=1\" title=\"Ver todas las publicaciones de Joaquin Terres\" rel=\"author\">Por <span class=\"fn\">Joaquin Terres<\/span><\/a><a href=\"https:\/\/www.monta\u00f1asdelaluna.es\/?m=20150920\" title=\"12:43 pm\" class=\"data-link\" rel=\"bookmark\"><time class=\"entry-date updated\" datetime=\"2015-09-20T12:43:28+00:00\">20 septiembre, 2015<\/time><\/a><a href=\"https:\/\/www.monta\u00f1asdelaluna.es\/?p=27882#respond\" class=\"comment-link\" >Deja un comentario<\/a><\/div><p>[vc_row][vc_column][vc_column_text]Hab\u00eda o\u00eddo de palabras de Paco, creo, la existencia del Hospital de la Sang en la misma Sierra de l\u2019Obac, en el Parque Natural de Sant Lloren\u00e7 del Munt i l\u2019Obac. No estaba muy definido como era el lugar, pero contaba que hab\u00eda sido refugio de guerras y hospital de campa\u00f1a, escondido entre los riscos,&hellip;<\/p>\n\n<a href=\"https:\/\/www.monta\u00f1asdelaluna.es\/?p=27882\" class=\"details more-link\" aria-label=\"Read more about Hospital de La Sang en la Serra de l&#8217;Obac\" rel=\"nofollow\">Detalles<\/a>\n\n\t\t<\/div>\n\n\t<\/article>\n\n<\/div>\n<div class=\"wf-cell iso-item category-126\" data-post-id=\"27489\" data-date=\"2015-09-05T08:08:20+00:00\" data-name=\"La Munia\">\n\t<article class=\"post post-27489 type-post status-publish format-standard has-post-thumbnail hentry category-valle-del-cinca category-126 description-off\">\n\n\t\t\n\t\t\t<div class=\"blog-media wf-td\">\n\n\t\t\t\t<p><a href=\"https:\/\/www.monta\u00f1asdelaluna.es\/?p=27489\" class=\"alignnone rollover layzr-bg\" ><img loading=\"lazy\" decoding=\"async\" class=\"preload-me iso-lazy-load\" src=\"data:image\/svg+xml,%3Csvg%20xmlns%3D&#39;http%3A%2F%2Fwww.w3.org%2F2000%2Fsvg&#39;%20viewBox%3D&#39;0%200%20555%20416&#39;%2F%3E\" data-src=\"https:\/\/www.monta\u00f1asdelaluna.es\/wp-content\/uploads\/2015\/09\/LaMunia2015-069-555x416.jpg\" data-srcset=\"https:\/\/www.monta\u00f1asdelaluna.es\/wp-content\/uploads\/2015\/09\/LaMunia2015-069-555x416.jpg 555w, https:\/\/www.monta\u00f1asdelaluna.es\/wp-content\/uploads\/2015\/09\/LaMunia2015-069-1110x832.jpg 1110w\" alt=\"\" title=\"LaMunia2015-069\" width=\"555\" height=\"416\"  \/><\/a><\/p>\n\t\t\t<\/div>\n\n\t\t\n\t\t<div class=\"blog-content wf-td\">\n\t\t\t<h3 class=\"entry-title\"><a href=\"https:\/\/www.monta\u00f1asdelaluna.es\/?p=27489\" title=\"La Munia\" rel=\"bookmark\">La Munia<\/a><\/h3>\n\n\t\t\t<div class=\"entry-meta\"><span class=\"category-link\"><a href=\"https:\/\/www.monta\u00f1asdelaluna.es\/?cat=126\" rel=\"category\">Valle del Cinca<\/a><\/span><a class=\"author vcard\" href=\"https:\/\/www.monta\u00f1asdelaluna.es\/?author=1\" title=\"Ver todas las publicaciones de Joaquin Terres\" rel=\"author\">Por <span class=\"fn\">Joaquin Terres<\/span><\/a><a href=\"https:\/\/www.monta\u00f1asdelaluna.es\/?m=20150905\" title=\"8:08 am\" class=\"data-link\" rel=\"bookmark\"><time class=\"entry-date updated\" datetime=\"2015-09-05T08:08:20+00:00\">5 septiembre, 2015<\/time><\/a><a href=\"https:\/\/www.monta\u00f1asdelaluna.es\/?p=27489#respond\" class=\"comment-link\" >Deja un comentario<\/a><\/div><p>[vc_row][vc_column][vc_column_text]Ten\u00edamos que decidir a qu\u00e9 monta\u00f1a del Pirineo quer\u00edamos ir este pasado mes de septiembre. Con Francesc se barajan dos posibilidades: La Munia, monta\u00f1a que sali\u00f3 de alguna conversaci\u00f3n y de alguien que ten\u00eda intenci\u00f3n de subirla y entonces nos llam\u00f3 la atenci\u00f3n, y la otra era la cresta de Las Argualas desde Panticosa, haza\u00f1a&hellip;<\/p>\n\n<a href=\"https:\/\/www.monta\u00f1asdelaluna.es\/?p=27489\" class=\"details more-link\" aria-label=\"Read more about La Munia\" rel=\"nofollow\">Detalles<\/a>\n\n\t\t<\/div>\n\n\t<\/article>\n\n<\/div>\n<div class=\"wf-cell iso-item category-75\" data-post-id=\"28922\" data-date=\"2015-07-07T05:57:30+00:00\" data-name=\"7 de Julio. 5\u00ba Etapa: G\u00f3riz-Bujaruelo\">\n\t<article class=\"post post-28922 type-post status-publish format-standard has-post-thumbnail hentry category-alta-ruta-perdidos category-75 description-off\">\n\n\t\t\n\t\t\t<div class=\"blog-media wf-td\">\n\n\t\t\t\t<p><a href=\"https:\/\/www.monta\u00f1asdelaluna.es\/?p=28922\" class=\"alignnone rollover layzr-bg\" ><img loading=\"lazy\" decoding=\"async\" class=\"preload-me iso-lazy-load\" src=\"data:image\/svg+xml,%3Csvg%20xmlns%3D&#39;http%3A%2F%2Fwww.w3.org%2F2000%2Fsvg&#39;%20viewBox%3D&#39;0%200%20555%20312&#39;%2F%3E\" data-src=\"https:\/\/www.monta\u00f1asdelaluna.es\/wp-content\/uploads\/2016\/04\/AltaRutaPerdidos-193-555x312.jpg\" data-srcset=\"https:\/\/www.monta\u00f1asdelaluna.es\/wp-content\/uploads\/2016\/04\/AltaRutaPerdidos-193-555x312.jpg 555w, https:\/\/www.monta\u00f1asdelaluna.es\/wp-content\/uploads\/2016\/04\/AltaRutaPerdidos-193-1110x624.jpg 1110w\" alt=\"\" title=\"Refugio de Serradets con el Circo de Gavarni\u00e9 desde el Marbor\u00e9 a la izquierda hasta el Casco a la derecha\" width=\"555\" height=\"312\"  \/><\/a><\/p>\n\t\t\t<\/div>\n\n\t\t\n\t\t<div class=\"blog-content wf-td\">\n\t\t\t<h3 class=\"entry-title\"><a href=\"https:\/\/www.monta\u00f1asdelaluna.es\/?p=28922\" title=\"7 de Julio. 5\u00ba Etapa: G\u00f3riz-Bujaruelo\" rel=\"bookmark\">7 de Julio. 5\u00ba Etapa: G\u00f3riz-Bujaruelo<\/a><\/h3>\n\n\t\t\t<div class=\"entry-meta\"><span class=\"category-link\"><a href=\"https:\/\/www.monta\u00f1asdelaluna.es\/?cat=75\" rel=\"category\">Alta Ruta Perdidos<\/a><\/span><a class=\"author vcard\" href=\"https:\/\/www.monta\u00f1asdelaluna.es\/?author=1\" title=\"Ver todas las publicaciones de Joaquin Terres\" rel=\"author\">Por <span class=\"fn\">Joaquin Terres<\/span><\/a><a href=\"https:\/\/www.monta\u00f1asdelaluna.es\/?m=20150707\" title=\"5:57 am\" class=\"data-link\" rel=\"bookmark\"><time class=\"entry-date updated\" datetime=\"2015-07-07T05:57:30+00:00\">7 julio, 2015<\/time><\/a><a href=\"https:\/\/www.monta\u00f1asdelaluna.es\/?p=28922#respond\" class=\"comment-link\" >Deja un comentario<\/a><\/div><p>[vc_row][vc_column][vc_column_text]Decidimos no madrugar como ayer e intentar salir a la hora de siempre. Ahora hay m\u00e1s gente que nos puede estorbar a la hora de desayunar, preparar las mochilas\u2026 pero al final entre las 6 y las 7 de la ma\u00f1ana nos dio tiempo a todo. Hay gente, siempre mucha gente revoloteando por el refugio.&hellip;<\/p>\n\n<a href=\"https:\/\/www.monta\u00f1asdelaluna.es\/?p=28922\" class=\"details more-link\" aria-label=\"Read more about 7 de Julio. 5\u00ba Etapa: G\u00f3riz-Bujaruelo\" rel=\"nofollow\">Detalles<\/a>\n\n\t\t<\/div>\n\n\t<\/article>\n\n<\/div>\n<div class=\"wf-cell iso-item category-75\" data-post-id=\"28732\" data-date=\"2015-07-06T06:30:10+00:00\" data-name=\"6 de Julio. 4\u00ba etapa: Pineta-G\u00f3riz\">\n\t<article class=\"post post-28732 type-post status-publish format-standard has-post-thumbnail hentry category-alta-ruta-perdidos category-75 description-off\">\n\n\t\t\n\t\t\t<div class=\"blog-media wf-td\">\n\n\t\t\t\t<p><a href=\"https:\/\/www.monta\u00f1asdelaluna.es\/?p=28732\" class=\"alignnone rollover layzr-bg\" ><img loading=\"lazy\" decoding=\"async\" class=\"preload-me iso-lazy-load\" src=\"data:image\/svg+xml,%3Csvg%20xmlns%3D&#39;http%3A%2F%2Fwww.w3.org%2F2000%2Fsvg&#39;%20viewBox%3D&#39;0%200%20555%20416&#39;%2F%3E\" data-src=\"https:\/\/www.monta\u00f1asdelaluna.es\/wp-content\/uploads\/2016\/04\/AltaRutaPerdidos-127-555x416.jpg\" data-srcset=\"https:\/\/www.monta\u00f1asdelaluna.es\/wp-content\/uploads\/2016\/04\/AltaRutaPerdidos-127-555x416.jpg 555w, https:\/\/www.monta\u00f1asdelaluna.es\/wp-content\/uploads\/2016\/04\/AltaRutaPerdidos-127-1110x832.jpg 1110w\" alt=\"\" title=\"Ca\u00f1\u00f3n de A\u00f1isclo\" width=\"555\" height=\"416\"  \/><\/a><\/p>\n\t\t\t<\/div>\n\n\t\t\n\t\t<div class=\"blog-content wf-td\">\n\t\t\t<h3 class=\"entry-title\"><a href=\"https:\/\/www.monta\u00f1asdelaluna.es\/?p=28732\" title=\"6 de Julio. 4\u00ba etapa: Pineta-G\u00f3riz\" rel=\"bookmark\">6 de Julio. 4\u00ba etapa: Pineta-G\u00f3riz<\/a><\/h3>\n\n\t\t\t<div class=\"entry-meta\"><span class=\"category-link\"><a href=\"https:\/\/www.monta\u00f1asdelaluna.es\/?cat=75\" rel=\"category\">Alta Ruta Perdidos<\/a><\/span><a class=\"author vcard\" href=\"https:\/\/www.monta\u00f1asdelaluna.es\/?author=1\" title=\"Ver todas las publicaciones de Joaquin Terres\" rel=\"author\">Por <span class=\"fn\">Joaquin Terres<\/span><\/a><a href=\"https:\/\/www.monta\u00f1asdelaluna.es\/?m=20150706\" title=\"6:30 am\" class=\"data-link\" rel=\"bookmark\"><time class=\"entry-date updated\" datetime=\"2015-07-06T06:30:10+00:00\">6 julio, 2015<\/time><\/a><a href=\"https:\/\/www.monta\u00f1asdelaluna.es\/?p=28732#respond\" class=\"comment-link\" >Deja un comentario<\/a><\/div><p>[vc_row][vc_column][vc_column_text]Hicimos un intento de levantarnos antes. A eso de las 5:30 de la ma\u00f1ana para a las 6:30 ya estar de camino. De esta manera evitamos o intentamos evitar las horas m\u00e1s fuertes de calor, estando ya en altura con el \u201cfresco\u201d de la alta monta\u00f1a. Ayer sufrimos m\u00e1s de lo habitual, pasamos mucho calor&hellip;<\/p>\n\n<a href=\"https:\/\/www.monta\u00f1asdelaluna.es\/?p=28732\" class=\"details more-link\" aria-label=\"Read more about 6 de Julio. 4\u00ba etapa: Pineta-G\u00f3riz\" rel=\"nofollow\">Detalles<\/a>\n\n\t\t<\/div>\n\n\t<\/article>\n\n<\/div>\n<div class=\"wf-cell iso-item category-75\" data-post-id=\"27278\" data-date=\"2015-07-05T13:53:09+00:00\" data-name=\"5 de Julio. 3\u00ba Etapa: Gavarni\u00e9-Pineta\">\n\t<article class=\"post post-27278 type-post status-publish format-standard has-post-thumbnail hentry category-alta-ruta-perdidos category-75 description-off\">\n\n\t\t\n\t\t\t<div class=\"blog-media wf-td\">\n\n\t\t\t\t<p><a href=\"https:\/\/www.monta\u00f1asdelaluna.es\/?p=27278\" class=\"alignnone rollover layzr-bg\" ><img loading=\"lazy\" decoding=\"async\" class=\"preload-me iso-lazy-load\" src=\"data:image\/svg+xml,%3Csvg%20xmlns%3D&#39;http%3A%2F%2Fwww.w3.org%2F2000%2Fsvg&#39;%20viewBox%3D&#39;0%200%20555%20312&#39;%2F%3E\" data-src=\"https:\/\/www.monta\u00f1asdelaluna.es\/wp-content\/uploads\/2016\/02\/AltaRutaPerdidos-096-555x312.jpg\" data-srcset=\"https:\/\/www.monta\u00f1asdelaluna.es\/wp-content\/uploads\/2016\/02\/AltaRutaPerdidos-096-555x312.jpg 555w, https:\/\/www.monta\u00f1asdelaluna.es\/wp-content\/uploads\/2016\/02\/AltaRutaPerdidos-096-1110x624.jpg 1110w\" alt=\"\" title=\"Refugio des Espuguettes con parte del Circo de Gavarnie detr\u00e1s\" width=\"555\" height=\"312\"  \/><\/a><\/p>\n\t\t\t<\/div>\n\n\t\t\n\t\t<div class=\"blog-content wf-td\">\n\t\t\t<h3 class=\"entry-title\"><a href=\"https:\/\/www.monta\u00f1asdelaluna.es\/?p=27278\" title=\"5 de Julio. 3\u00ba Etapa: Gavarni\u00e9-Pineta\" rel=\"bookmark\">5 de Julio. 3\u00ba Etapa: Gavarni\u00e9-Pineta<\/a><\/h3>\n\n\t\t\t<div class=\"entry-meta\"><span class=\"category-link\"><a href=\"https:\/\/www.monta\u00f1asdelaluna.es\/?cat=75\" rel=\"category\">Alta Ruta Perdidos<\/a><\/span><a class=\"author vcard\" href=\"https:\/\/www.monta\u00f1asdelaluna.es\/?author=1\" title=\"Ver todas las publicaciones de Joaquin Terres\" rel=\"author\">Por <span class=\"fn\">Joaquin Terres<\/span><\/a><a href=\"https:\/\/www.monta\u00f1asdelaluna.es\/?m=20150705\" title=\"1:53 pm\" class=\"data-link\" rel=\"bookmark\"><time class=\"entry-date updated\" datetime=\"2015-07-05T13:53:09+00:00\">5 julio, 2015<\/time><\/a><a href=\"https:\/\/www.monta\u00f1asdelaluna.es\/?p=27278#respond\" class=\"comment-link\" >Deja un comentario<\/a><\/div><p>[vc_row][vc_column][vc_column_text]Al principio no lo parec\u00eda pero iba a ser un d\u00eda duro, muy duro de sol y calor. De momento esta ser\u00e1 la etapa m\u00e1s dura que haremos, y sobre todo ser\u00e1 por el implacable sol y el fuerte calor que hemos sufrido. Intentamos madrugar. Desayunamos en un primer turno sin mucha gente. Solo con&hellip;<\/p>\n\n<a href=\"https:\/\/www.monta\u00f1asdelaluna.es\/?p=27278\" class=\"details more-link\" aria-label=\"Read more about 5 de Julio. 3\u00ba Etapa: Gavarni\u00e9-Pineta\" rel=\"nofollow\">Detalles<\/a>\n\n\t\t<\/div>\n\n\t<\/article>\n\n<\/div>\n<div class=\"wf-cell iso-item category-75\" data-post-id=\"26006\" data-date=\"2015-07-04T14:09:17+00:00\" data-name=\"4 de Julio. 2\u00ba Etapa: Oulettes-Gavarni\u00e9\">\n\t<article class=\"post post-26006 type-post status-publish format-standard has-post-thumbnail hentry category-alta-ruta-perdidos category-75 description-off\">\n\n\t\t\n\t\t\t<div class=\"blog-media wf-td\">\n\n\t\t\t\t<p><a href=\"https:\/\/www.monta\u00f1asdelaluna.es\/?p=26006\" class=\"alignnone rollover layzr-bg\" ><img loading=\"lazy\" decoding=\"async\" class=\"preload-me iso-lazy-load\" src=\"data:image\/svg+xml,%3Csvg%20xmlns%3D&#39;http%3A%2F%2Fwww.w3.org%2F2000%2Fsvg&#39;%20viewBox%3D&#39;0%200%20555%20312&#39;%2F%3E\" data-src=\"https:\/\/www.monta\u00f1asdelaluna.es\/wp-content\/uploads\/2016\/01\/AltaRutaPerdidos-265-555x312.jpg\" data-srcset=\"https:\/\/www.monta\u00f1asdelaluna.es\/wp-content\/uploads\/2016\/01\/AltaRutaPerdidos-265-555x312.jpg 555w, https:\/\/www.monta\u00f1asdelaluna.es\/wp-content\/uploads\/2016\/01\/AltaRutaPerdidos-265-1110x624.jpg 1110w\" alt=\"\" title=\"El Vignemale al final del Valle d&#8217;Ossoue\" width=\"555\" height=\"312\"  \/><\/a><\/p>\n\t\t\t<\/div>\n\n\t\t\n\t\t<div class=\"blog-content wf-td\">\n\t\t\t<h3 class=\"entry-title\"><a href=\"https:\/\/www.monta\u00f1asdelaluna.es\/?p=26006\" title=\"4 de Julio. 2\u00ba Etapa: Oulettes-Gavarni\u00e9\" rel=\"bookmark\">4 de Julio. 2\u00ba Etapa: Oulettes-Gavarni\u00e9<\/a><\/h3>\n\n\t\t\t<div class=\"entry-meta\"><span class=\"category-link\"><a href=\"https:\/\/www.monta\u00f1asdelaluna.es\/?cat=75\" rel=\"category\">Alta Ruta Perdidos<\/a><\/span><a class=\"author vcard\" href=\"https:\/\/www.monta\u00f1asdelaluna.es\/?author=1\" title=\"Ver todas las publicaciones de Joaquin Terres\" rel=\"author\">Por <span class=\"fn\">Joaquin Terres<\/span><\/a><a href=\"https:\/\/www.monta\u00f1asdelaluna.es\/?m=20150704\" title=\"2:09 pm\" class=\"data-link\" rel=\"bookmark\"><time class=\"entry-date updated\" datetime=\"2015-07-04T14:09:17+00:00\">4 julio, 2015<\/time><\/a><a href=\"https:\/\/www.monta\u00f1asdelaluna.es\/?p=26006#respond\" class=\"comment-link\" >Deja un comentario<\/a><\/div><p>[vc_row][vc_column][vc_column_text]Hemos pasado calor esta noche pero el amanecer nos sorprende con unos colores sorprendentes y la casi luna llena en la cresta de la Pique Longue. Amanecer sobre el Vignemale \u00a1Incre\u00edble! Las vistas siguen siendo impresionantes, el tiempo genial. El despertador suena a las 06:30 y somos de los \u00faltimos en levantarnos. Los vascos ya&hellip;<\/p>\n\n<a href=\"https:\/\/www.monta\u00f1asdelaluna.es\/?p=26006\" class=\"details more-link\" aria-label=\"Read more about 4 de Julio. 2\u00ba Etapa: Oulettes-Gavarni\u00e9\" rel=\"nofollow\">Detalles<\/a>\n\n\t\t<\/div>\n\n\t<\/article>\n\n<\/div>\n<div class=\"wf-cell iso-item category-75\" data-post-id=\"21815\" data-date=\"2015-07-02T07:33:29+00:00\" data-name=\"2 y 3 de julio. 1\u00ba Etapa: Bujaruelo-Oulettes\">\n\t<article class=\"post post-21815 type-post status-publish format-standard has-post-thumbnail hentry category-alta-ruta-perdidos category-75 description-off\">\n\n\t\t\n\t\t\t<div class=\"blog-media wf-td\">\n\n\t\t\t\t<p><a href=\"https:\/\/www.monta\u00f1asdelaluna.es\/?p=21815\" class=\"alignnone rollover layzr-bg\" ><img loading=\"lazy\" decoding=\"async\" class=\"preload-me iso-lazy-load\" src=\"data:image\/svg+xml,%3Csvg%20xmlns%3D&#39;http%3A%2F%2Fwww.w3.org%2F2000%2Fsvg&#39;%20viewBox%3D&#39;0%200%20555%20416&#39;%2F%3E\" data-src=\"https:\/\/www.monta\u00f1asdelaluna.es\/wp-content\/uploads\/2015\/10\/AltaRutaPerdidos-094-555x416.jpg\" data-srcset=\"https:\/\/www.monta\u00f1asdelaluna.es\/wp-content\/uploads\/2015\/10\/AltaRutaPerdidos-094-555x416.jpg 555w, https:\/\/www.monta\u00f1asdelaluna.es\/wp-content\/uploads\/2015\/10\/AltaRutaPerdidos-094.jpg 760w\" alt=\"\" title=\"Joaqu\u00edn, Txell y Mario en el Puerto de Los Mulos\" width=\"555\" height=\"416\"  \/><\/a><\/p>\n\t\t\t<\/div>\n\n\t\t\n\t\t<div class=\"blog-content wf-td\">\n\t\t\t<h3 class=\"entry-title\"><a href=\"https:\/\/www.monta\u00f1asdelaluna.es\/?p=21815\" title=\"2 y 3 de julio. 1\u00ba Etapa: Bujaruelo-Oulettes\" rel=\"bookmark\">2 y 3 de julio. 1\u00ba Etapa: Bujaruelo-Oulettes<\/a><\/h3>\n\n\t\t\t<div class=\"entry-meta\"><span class=\"category-link\"><a href=\"https:\/\/www.monta\u00f1asdelaluna.es\/?cat=75\" rel=\"category\">Alta Ruta Perdidos<\/a><\/span><a class=\"author vcard\" href=\"https:\/\/www.monta\u00f1asdelaluna.es\/?author=1\" title=\"Ver todas las publicaciones de Joaquin Terres\" rel=\"author\">Por <span class=\"fn\">Joaquin Terres<\/span><\/a><a href=\"https:\/\/www.monta\u00f1asdelaluna.es\/?m=20150702\" title=\"7:33 am\" class=\"data-link\" rel=\"bookmark\"><time class=\"entry-date updated\" datetime=\"2015-07-02T07:33:29+00:00\">2 julio, 2015<\/time><\/a><a href=\"https:\/\/www.monta\u00f1asdelaluna.es\/?p=21815#comments\" class=\"comment-link\" >1 comentario<\/a><\/div><p>[vc_row][vc_column][vc_column_text] &#8211; D\u00eda 2 de julio, jueves. Bujaruelo. Como dice Mario llegamos a mesa puesta sobre las 20:30 de la tarde al Refugio de Bujaruelo. Txell ya hace 20 minutos que nos espera. El Refugio est\u00e1 muy bien: la habitaci\u00f3n es para 4 con 2 literas y 1 ba\u00f1o. Solo dormimos Mario y yo, Txell&hellip;<\/p>\n\n<a href=\"https:\/\/www.monta\u00f1asdelaluna.es\/?p=21815\" class=\"details more-link\" aria-label=\"Read more about 2 y 3 de julio. 1\u00ba Etapa: Bujaruelo-Oulettes\" rel=\"nofollow\">Detalles<\/a>\n\n\t\t<\/div>\n\n\t<\/article>\n\n<\/div>\n<div class=\"wf-cell iso-item category-73\" data-post-id=\"26264\" data-date=\"2015-06-06T07:58:10+00:00\" data-name=\"Vallgrassa desde El Garraf\">\n\t<article class=\"post post-26264 type-post status-publish format-standard has-post-thumbnail hentry category-el-garraf category-73 description-off\">\n\n\t\t\n\t\t\t<div class=\"blog-media wf-td\">\n\n\t\t\t\t<p><a href=\"https:\/\/www.monta\u00f1asdelaluna.es\/?p=26264\" class=\"alignnone rollover layzr-bg\" ><img loading=\"lazy\" decoding=\"async\" class=\"preload-me iso-lazy-load\" src=\"data:image\/svg+xml,%3Csvg%20xmlns%3D&#39;http%3A%2F%2Fwww.w3.org%2F2000%2Fsvg&#39;%20viewBox%3D&#39;0%200%20555%20416&#39;%2F%3E\" data-src=\"https:\/\/www.monta\u00f1asdelaluna.es\/wp-content\/uploads\/2016\/01\/Espot.Garraf-025-555x416.jpg\" data-srcset=\"https:\/\/www.monta\u00f1asdelaluna.es\/wp-content\/uploads\/2016\/01\/Espot.Garraf-025-555x416.jpg 555w, https:\/\/www.monta\u00f1asdelaluna.es\/wp-content\/uploads\/2016\/01\/Espot.Garraf-025-1110x832.jpg 1110w\" alt=\"\" title=\"Vallgrassa\" width=\"555\" height=\"416\"  \/><\/a><\/p>\n\t\t\t<\/div>\n\n\t\t\n\t\t<div class=\"blog-content wf-td\">\n\t\t\t<h3 class=\"entry-title\"><a href=\"https:\/\/www.monta\u00f1asdelaluna.es\/?p=26264\" title=\"Vallgrassa desde El Garraf\" rel=\"bookmark\">Vallgrassa desde El Garraf<\/a><\/h3>\n\n\t\t\t<div class=\"entry-meta\"><span class=\"category-link\"><a href=\"https:\/\/www.monta\u00f1asdelaluna.es\/?cat=73\" rel=\"category\">El Garraf<\/a><\/span><a class=\"author vcard\" href=\"https:\/\/www.monta\u00f1asdelaluna.es\/?author=1\" title=\"Ver todas las publicaciones de Joaquin Terres\" rel=\"author\">Por <span class=\"fn\">Joaquin Terres<\/span><\/a><a href=\"https:\/\/www.monta\u00f1asdelaluna.es\/?m=20150606\" title=\"7:58 am\" class=\"data-link\" rel=\"bookmark\"><time class=\"entry-date updated\" datetime=\"2015-06-06T07:58:10+00:00\">6 junio, 2015<\/time><\/a><a href=\"https:\/\/www.monta\u00f1asdelaluna.es\/?p=26264#respond\" class=\"comment-link\" >Deja un comentario<\/a><\/div><p>[vc_row][vc_column][vc_column_text]Quer\u00eda volver a El Garraf para conocer y recorrerme los caminos y senderos que llegan de la peque\u00f1a poblaci\u00f3n costera que d\u00e1 nombre a la monta\u00f1a, hasta el vallecillo de Vallgrassa; qued\u00e1ndoseme grabado el nombre y lugar por las menciones que hacia de \u00e9l, el personaje de l\u2019Eduard. La ruta iba a ser corta, de&hellip;<\/p>\n\n<a href=\"https:\/\/www.monta\u00f1asdelaluna.es\/?p=26264\" class=\"details more-link\" aria-label=\"Read more about Vallgrassa desde El Garraf\" rel=\"nofollow\">Detalles<\/a>\n\n\t\t<\/div>\n\n\t<\/article>\n\n<\/div>\n<div class=\"wf-cell iso-item category-45\" data-post-id=\"26183\" data-date=\"2015-04-18T20:10:40+00:00\" data-name=\"Dolmen de Ca l&#039;Arenes y Santuario del Corredor\">\n\t<article class=\"post post-26183 type-post status-publish format-standard has-post-thumbnail hentry category-corredor-i-montnegre category-45 description-off\">\n\n\t\t\n\t\t\t<div class=\"blog-media wf-td\">\n\n\t\t\t\t<p><a href=\"https:\/\/www.monta\u00f1asdelaluna.es\/?p=26183\" class=\"alignnone rollover layzr-bg\" ><img loading=\"lazy\" decoding=\"async\" class=\"preload-me iso-lazy-load\" src=\"data:image\/svg+xml,%3Csvg%20xmlns%3D&#39;http%3A%2F%2Fwww.w3.org%2F2000%2Fsvg&#39;%20viewBox%3D&#39;0%200%20555%20416&#39;%2F%3E\" data-src=\"https:\/\/www.monta\u00f1asdelaluna.es\/wp-content\/uploads\/2016\/01\/ElCorredor-029-555x416.jpg\" data-srcset=\"https:\/\/www.monta\u00f1asdelaluna.es\/wp-content\/uploads\/2016\/01\/ElCorredor-029-555x416.jpg 555w, https:\/\/www.monta\u00f1asdelaluna.es\/wp-content\/uploads\/2016\/01\/ElCorredor-029-1110x832.jpg 1110w\" alt=\"\" title=\"Can Bosc\" width=\"555\" height=\"416\"  \/><\/a><\/p>\n\t\t\t<\/div>\n\n\t\t\n\t\t<div class=\"blog-content wf-td\">\n\t\t\t<h3 class=\"entry-title\"><a href=\"https:\/\/www.monta\u00f1asdelaluna.es\/?p=26183\" title=\"Dolmen de Ca l&#8217;Arenes y Santuario del Corredor\" rel=\"bookmark\">Dolmen de Ca l&#8217;Arenes y Santuario del Corredor<\/a><\/h3>\n\n\t\t\t<div class=\"entry-meta\"><span class=\"category-link\"><a href=\"https:\/\/www.monta\u00f1asdelaluna.es\/?cat=45\" rel=\"category\">Corredor i Montnegre<\/a><\/span><a class=\"author vcard\" href=\"https:\/\/www.monta\u00f1asdelaluna.es\/?author=1\" title=\"Ver todas las publicaciones de Joaquin Terres\" rel=\"author\">Por <span class=\"fn\">Joaquin Terres<\/span><\/a><a href=\"https:\/\/www.monta\u00f1asdelaluna.es\/?m=20150418\" title=\"8:10 pm\" class=\"data-link\" rel=\"bookmark\"><time class=\"entry-date updated\" datetime=\"2015-04-18T20:10:40+00:00\">18 abril, 2015<\/time><\/a><a href=\"https:\/\/www.monta\u00f1asdelaluna.es\/?p=26183#respond\" class=\"comment-link\" >Deja un comentario<\/a><\/div><p>[vc_row][vc_column][vc_column_text]El Santuario del Corredor tiene un suntuoso restaurante integrado en la misma estructura del antiguo edificio. Es un lugar id\u00edlico para poder celebrar comidas y reuniones de amigos, as\u00ed como final de etapa de actividades con un buen surtido de carnes y embutidos a la brasa. Con lo que el pasado s\u00e1bado 18 de abril&hellip;<\/p>\n\n<a href=\"https:\/\/www.monta\u00f1asdelaluna.es\/?p=26183\" class=\"details more-link\" aria-label=\"Read more about Dolmen de Ca l&#8217;Arenes y Santuario del Corredor\" rel=\"nofollow\">Detalles<\/a>\n\n\t\t<\/div>\n\n\t<\/article>\n\n<\/div>\n<div class=\"wf-cell iso-item category-126\" data-post-id=\"25583\" data-date=\"2015-03-20T12:50:36+00:00\" data-name=\"El Marbor\u00e9\">\n\t<article class=\"post post-25583 type-post status-publish format-standard has-post-thumbnail hentry category-valle-del-cinca category-126 description-off\">\n\n\t\t\n\t\t\t<div class=\"blog-media wf-td\">\n\n\t\t\t\t<p><a href=\"https:\/\/www.monta\u00f1asdelaluna.es\/?p=25583\" class=\"alignnone rollover layzr-bg\" ><img loading=\"lazy\" decoding=\"async\" class=\"preload-me iso-lazy-load\" src=\"data:image\/svg+xml,%3Csvg%20xmlns%3D&#39;http%3A%2F%2Fwww.w3.org%2F2000%2Fsvg&#39;%20viewBox%3D&#39;0%200%20555%20312&#39;%2F%3E\" data-src=\"https:\/\/www.monta\u00f1asdelaluna.es\/wp-content\/uploads\/2015\/12\/Marbor\u00e9Ordesa-070-555x312.jpg\" data-srcset=\"https:\/\/www.monta\u00f1asdelaluna.es\/wp-content\/uploads\/2015\/12\/Marbor\u00e9Ordesa-070-555x312.jpg 555w, https:\/\/www.monta\u00f1asdelaluna.es\/wp-content\/uploads\/2015\/12\/Marbor\u00e9Ordesa-070-1110x624.jpg 1110w\" alt=\"\" title=\"Circo de Soaso\" width=\"555\" height=\"312\"  \/><\/a><\/p>\n\t\t\t<\/div>\n\n\t\t\n\t\t<div class=\"blog-content wf-td\">\n\t\t\t<h3 class=\"entry-title\"><a href=\"https:\/\/www.monta\u00f1asdelaluna.es\/?p=25583\" title=\"El Marbor\u00e9\" rel=\"bookmark\">El Marbor\u00e9<\/a><\/h3>\n\n\t\t\t<div class=\"entry-meta\"><span class=\"category-link\"><a href=\"https:\/\/www.monta\u00f1asdelaluna.es\/?cat=126\" rel=\"category\">Valle del Cinca<\/a><\/span><a class=\"author vcard\" href=\"https:\/\/www.monta\u00f1asdelaluna.es\/?author=1\" title=\"Ver todas las publicaciones de Joaquin Terres\" rel=\"author\">Por <span class=\"fn\">Joaquin Terres<\/span><\/a><a href=\"https:\/\/www.monta\u00f1asdelaluna.es\/?m=20150320\" title=\"12:50 pm\" class=\"data-link\" rel=\"bookmark\"><time class=\"entry-date updated\" datetime=\"2015-03-20T12:50:36+00:00\">20 marzo, 2015<\/time><\/a><a href=\"https:\/\/www.monta\u00f1asdelaluna.es\/?p=25583#respond\" class=\"comment-link\" >Deja un comentario<\/a><\/div><p>[vc_row][vc_column][vc_column_text]Apartado del famoso tridente de Las 3 Sorores, el Marbor\u00e9 (3.248 mts.) a veces queda en un segundo plano ensombrecido por la fama de sus contiguos picos el Cilindro de Marbor\u00e9 y el Monte Perdido; pero las vistas desde su cima lo hacen un objetivo llamativo, atractivo y obligado. El Circo de Gavarni\u00e9 es la&hellip;<\/p>\n\n<a href=\"https:\/\/www.monta\u00f1asdelaluna.es\/?p=25583\" class=\"details more-link\" aria-label=\"Read more about El Marbor\u00e9\" rel=\"nofollow\">Detalles<\/a>\n\n\t\t<\/div>\n\n\t<\/article>\n\n<\/div>\n<div class=\"wf-cell iso-item category-45\" data-post-id=\"24913\" data-date=\"2015-02-28T06:59:27+00:00\" data-name=\"La Riera del Montnegre\">\n\t<article class=\"post post-24913 type-post status-publish format-standard has-post-thumbnail hentry category-corredor-i-montnegre category-45 description-off\">\n\n\t\t\n\t\t\t<div class=\"blog-media wf-td\">\n\n\t\t\t\t<p><a href=\"https:\/\/www.monta\u00f1asdelaluna.es\/?p=24913\" class=\"alignnone rollover layzr-bg\" ><img loading=\"lazy\" decoding=\"async\" class=\"preload-me iso-lazy-load\" src=\"data:image\/svg+xml,%3Csvg%20xmlns%3D&#39;http%3A%2F%2Fwww.w3.org%2F2000%2Fsvg&#39;%20viewBox%3D&#39;0%200%20555%20416&#39;%2F%3E\" data-src=\"https:\/\/www.monta\u00f1asdelaluna.es\/wp-content\/uploads\/2015\/11\/142-555x416.jpg\" data-srcset=\"https:\/\/www.monta\u00f1asdelaluna.es\/wp-content\/uploads\/2015\/11\/142-555x416.jpg 555w, https:\/\/www.monta\u00f1asdelaluna.es\/wp-content\/uploads\/2015\/11\/142-1110x832.jpg 1110w\" alt=\"\" title=\"Can Cases abajo y Montllorer al fondo\" width=\"555\" height=\"416\"  \/><\/a><\/p>\n\t\t\t<\/div>\n\n\t\t\n\t\t<div class=\"blog-content wf-td\">\n\t\t\t<h3 class=\"entry-title\"><a href=\"https:\/\/www.monta\u00f1asdelaluna.es\/?p=24913\" title=\"La Riera del Montnegre\" rel=\"bookmark\">La Riera del Montnegre<\/a><\/h3>\n\n\t\t\t<div class=\"entry-meta\"><span class=\"category-link\"><a href=\"https:\/\/www.monta\u00f1asdelaluna.es\/?cat=45\" rel=\"category\">Corredor i Montnegre<\/a><\/span><a class=\"author vcard\" href=\"https:\/\/www.monta\u00f1asdelaluna.es\/?author=1\" title=\"Ver todas las publicaciones de Joaquin Terres\" rel=\"author\">Por <span class=\"fn\">Joaquin Terres<\/span><\/a><a href=\"https:\/\/www.monta\u00f1asdelaluna.es\/?m=20150228\" title=\"6:59 am\" class=\"data-link\" rel=\"bookmark\"><time class=\"entry-date updated\" datetime=\"2015-02-28T06:59:27+00:00\">28 febrero, 2015<\/time><\/a><a href=\"https:\/\/www.monta\u00f1asdelaluna.es\/?p=24913#respond\" class=\"comment-link\" >Deja un comentario<\/a><\/div><p>[vc_row][vc_column][vc_column_text]Me llamaba la atenci\u00f3n en el mapa una l\u00ednea serpenteante y curiosa; a la vez hab\u00edan varias rutas naturales dentro del parque natural que recorr\u00edan parte de este curioso dibujo en medio de la monta\u00f1a. Es el cauce y valle que recorre la riera que lleva el nombre de la monta\u00f1a: El Montnegre. Y para&hellip;<\/p>\n\n<a href=\"https:\/\/www.monta\u00f1asdelaluna.es\/?p=24913\" class=\"details more-link\" aria-label=\"Read more about La Riera del Montnegre\" rel=\"nofollow\">Detalles<\/a>\n\n\t\t<\/div>\n\n\t<\/article>\n\n<\/div>\n<div class=\"wf-cell iso-item category-133\" data-post-id=\"24622\" data-date=\"2015-02-07T10:49:57+00:00\" data-name=\"Castanyer de Can Cuch y las cimas del Su\u00ef\">\n\t<article class=\"post post-24622 type-post status-publish format-standard has-post-thumbnail hentry category-la-calma category-133 description-off\">\n\n\t\t\n\t\t\t<div class=\"blog-media wf-td\">\n\n\t\t\t\t<p><a href=\"https:\/\/www.monta\u00f1asdelaluna.es\/?p=24622\" class=\"alignnone rollover layzr-bg\" ><img loading=\"lazy\" decoding=\"async\" class=\"preload-me iso-lazy-load\" src=\"data:image\/svg+xml,%3Csvg%20xmlns%3D&#39;http%3A%2F%2Fwww.w3.org%2F2000%2Fsvg&#39;%20viewBox%3D&#39;0%200%20555%20416&#39;%2F%3E\" data-src=\"https:\/\/www.monta\u00f1asdelaluna.es\/wp-content\/uploads\/2015\/11\/Montseny.cuch_.sui-102-555x416.jpg\" data-srcset=\"https:\/\/www.monta\u00f1asdelaluna.es\/wp-content\/uploads\/2015\/11\/Montseny.cuch_.sui-102-555x416.jpg 555w, https:\/\/www.monta\u00f1asdelaluna.es\/wp-content\/uploads\/2015\/11\/Montseny.cuch_.sui-102-1110x832.jpg 1110w\" alt=\"\" title=\"Pilu y Nuri subiendo al Coll del Roure Gros\" width=\"555\" height=\"416\"  \/><\/a><\/p>\n\t\t\t<\/div>\n\n\t\t\n\t\t<div class=\"blog-content wf-td\">\n\t\t\t<h3 class=\"entry-title\"><a href=\"https:\/\/www.monta\u00f1asdelaluna.es\/?p=24622\" title=\"Castanyer de Can Cuch y las cimas del Su\u00ef\" rel=\"bookmark\">Castanyer de Can Cuch y las cimas del Su\u00ef<\/a><\/h3>\n\n\t\t\t<div class=\"entry-meta\"><span class=\"category-link\"><a href=\"https:\/\/www.monta\u00f1asdelaluna.es\/?cat=133\" rel=\"category\">La Calma<\/a><\/span><a class=\"author vcard\" href=\"https:\/\/www.monta\u00f1asdelaluna.es\/?author=1\" title=\"Ver todas las publicaciones de Joaquin Terres\" rel=\"author\">Por <span class=\"fn\">Joaquin Terres<\/span><\/a><a href=\"https:\/\/www.monta\u00f1asdelaluna.es\/?m=20150207\" title=\"10:49 am\" class=\"data-link\" rel=\"bookmark\"><time class=\"entry-date updated\" datetime=\"2015-02-07T10:49:57+00:00\">7 febrero, 2015<\/time><\/a><a href=\"https:\/\/www.monta\u00f1asdelaluna.es\/?p=24622#respond\" class=\"comment-link\" >Deja un comentario<\/a><\/div><p>[vc_row][vc_column][vc_column_text]Josep Gallem\u00ed me hab\u00eda contado algo de un gran casta\u00f1o que hab\u00eda en las laderas del Montseny. Muy famoso. El cual en su interior cab\u00edan varias personas de pi\u00e9 y todo. Esto hablando una vez de los fabulosos casta\u00f1ares y hayedos que se extienden por las extensas laderas del Montseny. As\u00ed que un d\u00eda decid\u00ed&hellip;<\/p>\n\n<a href=\"https:\/\/www.monta\u00f1asdelaluna.es\/?p=24622\" class=\"details more-link\" aria-label=\"Read more about Castanyer de Can Cuch y las cimas del Su\u00ef\" rel=\"nofollow\">Detalles<\/a>\n\n\t\t<\/div>\n\n\t<\/article>\n\n<\/div>\n<div class=\"wf-cell iso-item category-132\" data-post-id=\"23942\" data-date=\"2015-01-31T19:37:29+00:00\" data-name=\"Umbr\u00eda del Matagalls\">\n\t<article class=\"post post-23942 type-post status-publish format-standard has-post-thumbnail hentry category-matagalls category-132 description-off\">\n\n\t\t\n\t\t\t<div class=\"blog-media wf-td\">\n\n\t\t\t\t<p><a href=\"https:\/\/www.monta\u00f1asdelaluna.es\/?p=23942\" class=\"alignnone rollover layzr-bg\" ><img loading=\"lazy\" decoding=\"async\" class=\"preload-me iso-lazy-load\" src=\"data:image\/svg+xml,%3Csvg%20xmlns%3D&#39;http%3A%2F%2Fwww.w3.org%2F2000%2Fsvg&#39;%20viewBox%3D&#39;0%200%20555%20416&#39;%2F%3E\" data-src=\"https:\/\/www.monta\u00f1asdelaluna.es\/wp-content\/uploads\/2015\/10\/UmbriaMatagalls-104-555x416.jpg\" data-srcset=\"https:\/\/www.monta\u00f1asdelaluna.es\/wp-content\/uploads\/2015\/10\/UmbriaMatagalls-104-555x416.jpg 555w, https:\/\/www.monta\u00f1asdelaluna.es\/wp-content\/uploads\/2015\/10\/UmbriaMatagalls-104-1110x832.jpg 1110w\" alt=\"\" title=\"Casta\u00f1os junto al Torrent de l&#8217;Erola\" width=\"555\" height=\"416\"  \/><\/a><\/p>\n\t\t\t<\/div>\n\n\t\t\n\t\t<div class=\"blog-content wf-td\">\n\t\t\t<h3 class=\"entry-title\"><a href=\"https:\/\/www.monta\u00f1asdelaluna.es\/?p=23942\" title=\"Umbr\u00eda del Matagalls\" rel=\"bookmark\">Umbr\u00eda del Matagalls<\/a><\/h3>\n\n\t\t\t<div class=\"entry-meta\"><span class=\"category-link\"><a href=\"https:\/\/www.monta\u00f1asdelaluna.es\/?cat=132\" rel=\"category\">Matagalls<\/a><\/span><a class=\"author vcard\" href=\"https:\/\/www.monta\u00f1asdelaluna.es\/?author=1\" title=\"Ver todas las publicaciones de Joaquin Terres\" rel=\"author\">Por <span class=\"fn\">Joaquin Terres<\/span><\/a><a href=\"https:\/\/www.monta\u00f1asdelaluna.es\/?m=20150131\" title=\"7:37 pm\" class=\"data-link\" rel=\"bookmark\"><time class=\"entry-date updated\" datetime=\"2015-01-31T19:37:29+00:00\">31 enero, 2015<\/time><\/a><a href=\"https:\/\/www.monta\u00f1asdelaluna.es\/?p=23942#respond\" class=\"comment-link\" >Deja un comentario<\/a><\/div><p>[vc_row][vc_column][vc_column_text]Aunque no subimos a la cima del Matagalls en ning\u00fan momento del recorrido, la idea era recorrernos rincones y lugares, a la vez que enlazar otras rutas y recorridos realizados, en las laderas del Montseny que miran a Viladrau, y \u00e9stas son las que bajan del Matagalls hac\u00eda dicha localidad. Aparte el recorrido pasar\u00eda por&hellip;<\/p>\n\n<a href=\"https:\/\/www.monta\u00f1asdelaluna.es\/?p=23942\" class=\"details more-link\" aria-label=\"Read more about Umbr\u00eda del Matagalls\" rel=\"nofollow\">Detalles<\/a>\n\n\t\t<\/div>\n\n\t<\/article>\n\n<\/div>\n<div class=\"wf-cell iso-item category-47\" data-post-id=\"26865\" data-date=\"2014-12-07T08:04:46+00:00\" data-name=\"Traves\u00eda por La Garrotxa, entre volcanes y selvas. 2\u00ba d\u00eda: Santa Pau-Les Preses\">\n\t<article class=\"post post-26865 type-post status-publish format-standard has-post-thumbnail hentry category-la-garrotxa category-47 description-off\">\n\n\t\t\n\t\t\t<div class=\"blog-media wf-td\">\n\n\t\t\t\t<p><a href=\"https:\/\/www.monta\u00f1asdelaluna.es\/?p=26865\" class=\"alignnone rollover layzr-bg\" ><img loading=\"lazy\" decoding=\"async\" class=\"preload-me iso-lazy-load\" src=\"data:image\/svg+xml,%3Csvg%20xmlns%3D&#39;http%3A%2F%2Fwww.w3.org%2F2000%2Fsvg&#39;%20viewBox%3D&#39;0%200%20555%20416&#39;%2F%3E\" data-src=\"https:\/\/www.monta\u00f1asdelaluna.es\/wp-content\/uploads\/2016\/02\/776-555x416.jpg\" data-srcset=\"https:\/\/www.monta\u00f1asdelaluna.es\/wp-content\/uploads\/2016\/02\/776-555x416.jpg 555w, https:\/\/www.monta\u00f1asdelaluna.es\/wp-content\/uploads\/2016\/02\/776-1110x832.jpg 1110w\" alt=\"\" title=\"Fageda d&#8217;en Jord\u00e0\" width=\"555\" height=\"416\"  \/><\/a><\/p>\n\t\t\t<\/div>\n\n\t\t\n\t\t<div class=\"blog-content wf-td\">\n\t\t\t<h3 class=\"entry-title\"><a href=\"https:\/\/www.monta\u00f1asdelaluna.es\/?p=26865\" title=\"Traves\u00eda por La Garrotxa, entre volcanes y selvas. 2\u00ba d\u00eda: Santa Pau-Les Preses\" rel=\"bookmark\">Traves\u00eda por La Garrotxa, entre volcanes y selvas. 2\u00ba d\u00eda: Santa Pau-Les Preses<\/a><\/h3>\n\n\t\t\t<div class=\"entry-meta\"><span class=\"category-link\"><a href=\"https:\/\/www.monta\u00f1asdelaluna.es\/?cat=47\" rel=\"category\">La Garrotxa<\/a><\/span><a class=\"author vcard\" href=\"https:\/\/www.monta\u00f1asdelaluna.es\/?author=1\" title=\"Ver todas las publicaciones de Joaquin Terres\" rel=\"author\">Por <span class=\"fn\">Joaquin Terres<\/span><\/a><a href=\"https:\/\/www.monta\u00f1asdelaluna.es\/?m=20141207\" title=\"8:04 am\" class=\"data-link\" rel=\"bookmark\"><time class=\"entry-date updated\" datetime=\"2014-12-07T08:04:46+00:00\">7 diciembre, 2014<\/time><\/a><a href=\"https:\/\/www.monta\u00f1asdelaluna.es\/?p=26865#respond\" class=\"comment-link\" >Deja un comentario<\/a><\/div><p>[vc_row][vc_column][vc_column_text]Amanece en los fr\u00edos y f\u00e9rtiles valles de La Garrotxa, y la excepcional luna llena que esa noche nos iba a acompa\u00f1ar con su magn\u00edfica silueta, se oculta ahora con las primeras luces del d\u00eda detr\u00e1s justo del Volc\u00e1n de Rocanegra. Impresionante, magn\u00edfico. Ayer ve\u00edamos como se \u201cencend\u00eda\u201d su cr\u00e1ter, con ese rojo fuego del&hellip;<\/p>\n\n<a href=\"https:\/\/www.monta\u00f1asdelaluna.es\/?p=26865\" class=\"details more-link\" aria-label=\"Read more about Traves\u00eda por La Garrotxa, entre volcanes y selvas. 2\u00ba d\u00eda: Santa Pau-Les Preses\" rel=\"nofollow\">Detalles<\/a>\n\n\t\t<\/div>\n\n\t<\/article>\n\n<\/div>\n<div class=\"wf-cell iso-item category-47\" data-post-id=\"24783\" data-date=\"2014-12-06T17:44:59+00:00\" data-name=\"Traves\u00eda por La Garrotxa, entre volcanes y selvas. 1\u00ba d\u00eda: Les Preses-Santa Pau.\">\n\t<article class=\"post post-24783 type-post status-publish format-standard has-post-thumbnail hentry category-la-garrotxa category-47 description-off\">\n\n\t\t\n\t\t\t<div class=\"blog-media wf-td\">\n\n\t\t\t\t<p><a href=\"https:\/\/www.monta\u00f1asdelaluna.es\/?p=24783\" class=\"alignnone rollover layzr-bg\" ><img loading=\"lazy\" decoding=\"async\" class=\"preload-me iso-lazy-load\" src=\"data:image\/svg+xml,%3Csvg%20xmlns%3D&#39;http%3A%2F%2Fwww.w3.org%2F2000%2Fsvg&#39;%20viewBox%3D&#39;0%200%20555%20416&#39;%2F%3E\" data-src=\"https:\/\/www.monta\u00f1asdelaluna.es\/wp-content\/uploads\/2015\/11\/406-555x416.jpg\" data-srcset=\"https:\/\/www.monta\u00f1asdelaluna.es\/wp-content\/uploads\/2015\/11\/406-555x416.jpg 555w, https:\/\/www.monta\u00f1asdelaluna.es\/wp-content\/uploads\/2015\/11\/406-1110x832.jpg 1110w\" alt=\"\" title=\"Delante el Volc\u00e1n El Croscat\" width=\"555\" height=\"416\"  \/><\/a><\/p>\n\t\t\t<\/div>\n\n\t\t\n\t\t<div class=\"blog-content wf-td\">\n\t\t\t<h3 class=\"entry-title\"><a href=\"https:\/\/www.monta\u00f1asdelaluna.es\/?p=24783\" title=\"Traves\u00eda por La Garrotxa, entre volcanes y selvas. 1\u00ba d\u00eda: Les Preses-Santa Pau.\" rel=\"bookmark\">Traves\u00eda por La Garrotxa, entre volcanes y selvas. 1\u00ba d\u00eda: Les Preses-Santa Pau.<\/a><\/h3>\n\n\t\t\t<div class=\"entry-meta\"><span class=\"category-link\"><a href=\"https:\/\/www.monta\u00f1asdelaluna.es\/?cat=47\" rel=\"category\">La Garrotxa<\/a><\/span><a class=\"author vcard\" href=\"https:\/\/www.monta\u00f1asdelaluna.es\/?author=1\" title=\"Ver todas las publicaciones de Joaquin Terres\" rel=\"author\">Por <span class=\"fn\">Joaquin Terres<\/span><\/a><a href=\"https:\/\/www.monta\u00f1asdelaluna.es\/?m=20141206\" title=\"5:44 pm\" class=\"data-link\" rel=\"bookmark\"><time class=\"entry-date updated\" datetime=\"2014-12-06T17:44:59+00:00\">6 diciembre, 2014<\/time><\/a><a href=\"https:\/\/www.monta\u00f1asdelaluna.es\/?p=24783#respond\" class=\"comment-link\" >Deja un comentario<\/a><\/div><p>[vc_row][vc_column][vc_column_text]Aunque el t\u00edtulo podr\u00eda ser perfectamente para describir una aventura, un recorrido por alg\u00fan rinc\u00f3n de Ecuador, de Sudam\u00e9rica\u2026 tenemos estas condiciones y paisajes m\u00e1s cerca de lo que pensamos. Como cada oto\u00f1o intento visitar la hermosa y espectacular comarca de La Garrotxa. Sus bosques, hayedos y verdes rincones me embelesan y sorprenden; sus volcanes&hellip;<\/p>\n\n<a href=\"https:\/\/www.monta\u00f1asdelaluna.es\/?p=24783\" class=\"details more-link\" aria-label=\"Read more about Traves\u00eda por La Garrotxa, entre volcanes y selvas. 1\u00ba d\u00eda: Les Preses-Santa Pau.\" rel=\"nofollow\">Detalles<\/a>\n\n\t\t<\/div>\n\n\t<\/article>\n\n<\/div>\n<div class=\"wf-cell iso-item category-84\" data-post-id=\"33232\" data-date=\"2014-11-22T06:41:58+00:00\" data-name=\"El Pla de La Casa en La Serrella\">\n\t<article class=\"post post-33232 type-post status-publish format-standard has-post-thumbnail hentry category-la-serrella-y-laixorta category-84 description-off\">\n\n\t\t\n\t\t\t<div class=\"blog-media wf-td\">\n\n\t\t\t\t<p><a href=\"https:\/\/www.monta\u00f1asdelaluna.es\/?p=33232\" class=\"alignnone rollover layzr-bg\" ><img loading=\"lazy\" decoding=\"async\" class=\"preload-me iso-lazy-load\" src=\"data:image\/svg+xml,%3Csvg%20xmlns%3D&#39;http%3A%2F%2Fwww.w3.org%2F2000%2Fsvg&#39;%20viewBox%3D&#39;0%200%20555%20416&#39;%2F%3E\" data-src=\"https:\/\/www.monta\u00f1asdelaluna.es\/wp-content\/uploads\/2016\/09\/220-555x416.jpg\" data-srcset=\"https:\/\/www.monta\u00f1asdelaluna.es\/wp-content\/uploads\/2016\/09\/220-555x416.jpg 555w, https:\/\/www.monta\u00f1asdelaluna.es\/wp-content\/uploads\/2016\/09\/220-1110x832.jpg 1110w\" alt=\"\" title=\"Poste indicador hacia la cima del Pla de La Casa\" width=\"555\" height=\"416\"  \/><\/a><\/p>\n\t\t\t<\/div>\n\n\t\t\n\t\t<div class=\"blog-content wf-td\">\n\t\t\t<h3 class=\"entry-title\"><a href=\"https:\/\/www.monta\u00f1asdelaluna.es\/?p=33232\" title=\"El Pla de La Casa en La Serrella\" rel=\"bookmark\">El Pla de La Casa en La Serrella<\/a><\/h3>\n\n\t\t\t<div class=\"entry-meta\"><span class=\"category-link\"><a href=\"https:\/\/www.monta\u00f1asdelaluna.es\/?cat=84\" rel=\"category\">La Serrella y L'Aixort\u00e0<\/a><\/span><a class=\"author vcard\" href=\"https:\/\/www.monta\u00f1asdelaluna.es\/?author=1\" title=\"Ver todas las publicaciones de Joaquin Terres\" rel=\"author\">Por <span class=\"fn\">Joaquin Terres<\/span><\/a><a href=\"https:\/\/www.monta\u00f1asdelaluna.es\/?m=20141122\" title=\"6:41 am\" class=\"data-link\" rel=\"bookmark\"><time class=\"entry-date updated\" datetime=\"2014-11-22T06:41:58+00:00\">22 noviembre, 2014<\/time><\/a><a href=\"https:\/\/www.monta\u00f1asdelaluna.es\/?p=33232#respond\" class=\"comment-link\" >Deja un comentario<\/a><\/div><p>[vc_row][vc_column][vc_column_text]Casi en el centro de la provincia y rodeado de valles y otras famosas y fenomenales monta\u00f1as como Aitana, est\u00e1 la solitaria, magn\u00edfica y excepcional Serrella. Mi buen compa\u00f1ero de viajes y Grandes Monta\u00f1as Jes\u00fas Santana la llama \u201cEl Pirineo de Alicante\u201d un nombre que ahora, con la distancia, los recuerdos y \u00e9sta \u00faltima visita&hellip;<\/p>\n\n<a href=\"https:\/\/www.monta\u00f1asdelaluna.es\/?p=33232\" class=\"details more-link\" aria-label=\"Read more about El Pla de La Casa en La Serrella\" rel=\"nofollow\">Detalles<\/a>\n\n\t\t<\/div>\n\n\t<\/article>\n\n<\/div>\n<div class=\"wf-cell iso-item category-80\" data-post-id=\"24920\" data-date=\"2014-11-16T17:41:37+00:00\" data-name=\"La Sierra de Callosa. La joya de la Vega Baja\">\n\t<article class=\"post post-24920 type-post status-publish format-standard has-post-thumbnail hentry category-sierras-de-orihuela-y-callosa category-80 description-off\">\n\n\t\t\n\t\t\t<div class=\"blog-media wf-td\">\n\n\t\t\t\t<p><a href=\"https:\/\/www.monta\u00f1asdelaluna.es\/?p=24920\" class=\"alignnone rollover layzr-bg\" ><img loading=\"lazy\" decoding=\"async\" class=\"preload-me iso-lazy-load\" src=\"data:image\/svg+xml,%3Csvg%20xmlns%3D&#39;http%3A%2F%2Fwww.w3.org%2F2000%2Fsvg&#39;%20viewBox%3D&#39;0%200%20555%20416&#39;%2F%3E\" data-src=\"https:\/\/www.monta\u00f1asdelaluna.es\/wp-content\/uploads\/2015\/11\/086-555x416.jpg\" data-srcset=\"https:\/\/www.monta\u00f1asdelaluna.es\/wp-content\/uploads\/2015\/11\/086-555x416.jpg 555w, https:\/\/www.monta\u00f1asdelaluna.es\/wp-content\/uploads\/2015\/11\/086-1110x832.jpg 1110w\" alt=\"\" title=\"Nuria y Vicente camino del San Bernardo\" width=\"555\" height=\"416\"  \/><\/a><\/p>\n\t\t\t<\/div>\n\n\t\t\n\t\t<div class=\"blog-content wf-td\">\n\t\t\t<h3 class=\"entry-title\"><a href=\"https:\/\/www.monta\u00f1asdelaluna.es\/?p=24920\" title=\"La Sierra de Callosa. La joya de la Vega Baja\" rel=\"bookmark\">La Sierra de Callosa. La joya de la Vega Baja<\/a><\/h3>\n\n\t\t\t<div class=\"entry-meta\"><span class=\"category-link\"><a href=\"https:\/\/www.monta\u00f1asdelaluna.es\/?cat=80\" rel=\"category\">Sierras de Orihuela y Callosa<\/a><\/span><a class=\"author vcard\" href=\"https:\/\/www.monta\u00f1asdelaluna.es\/?author=1\" title=\"Ver todas las publicaciones de Joaquin Terres\" rel=\"author\">Por <span class=\"fn\">Joaquin Terres<\/span><\/a><a href=\"https:\/\/www.monta\u00f1asdelaluna.es\/?m=20141116\" title=\"5:41 pm\" class=\"data-link\" rel=\"bookmark\"><time class=\"entry-date updated\" datetime=\"2014-11-16T17:41:37+00:00\">16 noviembre, 2014<\/time><\/a><a href=\"https:\/\/www.monta\u00f1asdelaluna.es\/?p=24920#respond\" class=\"comment-link\" >Deja un comentario<\/a><\/div><p>[vc_row][vc_column][vc_column_text] San Bernardo con Vicente y N\u00faria &nbsp; No pierdo oportunidad cada vez que voy a mi tierra de visitar mis queridas monta\u00f1as alicantinas. Esta vez una semana en Almorad\u00ed d\u00e1 para acercarme a algunas de ellas. Pero para una r\u00e1pida visita un domingo por la ma\u00f1ana, c\u00e1lido, soleado y seco de oto\u00f1o, la mejor&hellip;<\/p>\n\n<a href=\"https:\/\/www.monta\u00f1asdelaluna.es\/?p=24920\" class=\"details more-link\" aria-label=\"Read more about La Sierra de Callosa. La joya de la Vega Baja\" rel=\"nofollow\">Detalles<\/a>\n\n\t\t<\/div>\n\n\t<\/article>\n\n<\/div>\n<div class=\"wf-cell iso-item category-48\" data-post-id=\"19073\" data-date=\"2014-11-08T08:44:06+00:00\" data-name=\"Las Gradas de la Serra Major de Montsant\">\n\t<article class=\"post post-19073 type-post status-publish format-standard has-post-thumbnail hentry category-tarragona category-48 description-off\">\n\n\t\t\n\t\t\t<div class=\"blog-media wf-td\">\n\n\t\t\t\t<p><a href=\"https:\/\/www.monta\u00f1asdelaluna.es\/?p=19073\" class=\"alignnone rollover layzr-bg\" ><img loading=\"lazy\" decoding=\"async\" class=\"preload-me iso-lazy-load\" src=\"data:image\/svg+xml,%3Csvg%20xmlns%3D&#39;http%3A%2F%2Fwww.w3.org%2F2000%2Fsvg&#39;%20viewBox%3D&#39;0%200%20555%20416&#39;%2F%3E\" data-src=\"https:\/\/www.monta\u00f1asdelaluna.es\/wp-content\/uploads\/2015\/08\/Montsant.14-156-555x416.jpg\" data-srcset=\"https:\/\/www.monta\u00f1asdelaluna.es\/wp-content\/uploads\/2015\/08\/Montsant.14-156-555x416.jpg 555w, https:\/\/www.monta\u00f1asdelaluna.es\/wp-content\/uploads\/2015\/08\/Montsant.14-156.jpg 760w\" alt=\"\" title=\"Paredes de La Roca Falconera\" width=\"555\" height=\"416\"  \/><\/a><\/p>\n\t\t\t<\/div>\n\n\t\t\n\t\t<div class=\"blog-content wf-td\">\n\t\t\t<h3 class=\"entry-title\"><a href=\"https:\/\/www.monta\u00f1asdelaluna.es\/?p=19073\" title=\"Las Gradas de la Serra Major de Montsant\" rel=\"bookmark\">Las Gradas de la Serra Major de Montsant<\/a><\/h3>\n\n\t\t\t<div class=\"entry-meta\"><span class=\"category-link\"><a href=\"https:\/\/www.monta\u00f1asdelaluna.es\/?cat=48\" rel=\"category\">Tarragona<\/a><\/span><a class=\"author vcard\" href=\"https:\/\/www.monta\u00f1asdelaluna.es\/?author=1\" title=\"Ver todas las publicaciones de Joaquin Terres\" rel=\"author\">Por <span class=\"fn\">Joaquin Terres<\/span><\/a><a href=\"https:\/\/www.monta\u00f1asdelaluna.es\/?m=20141108\" title=\"8:44 am\" class=\"data-link\" rel=\"bookmark\"><time class=\"entry-date updated\" datetime=\"2014-11-08T08:44:06+00:00\">8 noviembre, 2014<\/time><\/a><a href=\"https:\/\/www.monta\u00f1asdelaluna.es\/?p=19073#respond\" class=\"comment-link\" >Deja un comentario<\/a><\/div><p>[vc_row][vc_column][vc_column_text]De vuelta a la fant\u00e1stica e inigualable Sierra del Monte Santo, Montsant. Esta vez eligiendo una de las muchas posibilidades de rutas y de visita de la sierra, nos dirigimos a la peque\u00f1a y curiosa localidad de La Morera del Montsant. De nuevo cojo mi mapa de Editorial Piolet e ideo una ruta o recorrido&hellip;<\/p>\n\n<a href=\"https:\/\/www.monta\u00f1asdelaluna.es\/?p=19073\" class=\"details more-link\" aria-label=\"Read more about Las Gradas de la Serra Major de Montsant\" rel=\"nofollow\">Detalles<\/a>\n\n\t\t<\/div>\n\n\t<\/article>\n\n<\/div>\n<div class=\"wf-cell iso-item category-50\" data-post-id=\"21455\" data-date=\"2014-10-25T16:43:29+00:00\" data-name=\"Vuelta a los Ecos de Montserrat\">\n\t<article class=\"post post-21455 type-post status-publish format-standard has-post-thumbnail hentry category-montserrat category-50 description-off\">\n\n\t\t\n\t\t\t<div class=\"blog-media wf-td\">\n\n\t\t\t\t<p><a href=\"https:\/\/www.monta\u00f1asdelaluna.es\/?p=21455\" class=\"alignnone rollover layzr-bg\" ><img loading=\"lazy\" decoding=\"async\" class=\"preload-me iso-lazy-load\" src=\"data:image\/svg+xml,%3Csvg%20xmlns%3D&#39;http%3A%2F%2Fwww.w3.org%2F2000%2Fsvg&#39;%20viewBox%3D&#39;0%200%20555%20416&#39;%2F%3E\" data-src=\"https:\/\/www.monta\u00f1asdelaluna.es\/wp-content\/uploads\/2015\/09\/Montserrat.14-179-555x416.jpg\" data-srcset=\"https:\/\/www.monta\u00f1asdelaluna.es\/wp-content\/uploads\/2015\/09\/Montserrat.14-179-555x416.jpg 555w, https:\/\/www.monta\u00f1asdelaluna.es\/wp-content\/uploads\/2015\/09\/Montserrat.14-179.jpg 760w\" alt=\"\" title=\"Frares Encantats y Les Agulles\" width=\"555\" height=\"416\"  \/><\/a><\/p>\n\t\t\t<\/div>\n\n\t\t\n\t\t<div class=\"blog-content wf-td\">\n\t\t\t<h3 class=\"entry-title\"><a href=\"https:\/\/www.monta\u00f1asdelaluna.es\/?p=21455\" title=\"Vuelta a los Ecos de Montserrat\" rel=\"bookmark\">Vuelta a los Ecos de Montserrat<\/a><\/h3>\n\n\t\t\t<div class=\"entry-meta\"><span class=\"category-link\"><a href=\"https:\/\/www.monta\u00f1asdelaluna.es\/?cat=50\" rel=\"category\">Montserrat<\/a><\/span><a class=\"author vcard\" href=\"https:\/\/www.monta\u00f1asdelaluna.es\/?author=1\" title=\"Ver todas las publicaciones de Joaquin Terres\" rel=\"author\">Por <span class=\"fn\">Joaquin Terres<\/span><\/a><a href=\"https:\/\/www.monta\u00f1asdelaluna.es\/?m=20141025\" title=\"4:43 pm\" class=\"data-link\" rel=\"bookmark\"><time class=\"entry-date updated\" datetime=\"2014-10-25T16:43:29+00:00\">25 octubre, 2014<\/time><\/a><a href=\"https:\/\/www.monta\u00f1asdelaluna.es\/?p=21455#respond\" class=\"comment-link\" >Deja un comentario<\/a><\/div><p>[vc_row][vc_column][vc_column_text]Hab\u00eda que volver a Montserrat. Ya iba siendo hora de volver a recorrernos esos lugares de formas impensables, desafiantes, \u00fanicos, m\u00edsticos y m\u00e1gicos. Y para hacerlo decid\u00ed elegir alguna parte de la misma monta\u00f1a que no me haya recorrido, pero que haya pasado cerca o lo haya visto desde las alturas cercanas. Es por ello&hellip;<\/p>\n\n<a href=\"https:\/\/www.monta\u00f1asdelaluna.es\/?p=21455\" class=\"details more-link\" aria-label=\"Read more about Vuelta a los Ecos de Montserrat\" rel=\"nofollow\">Detalles<\/a>\n\n\t\t<\/div>\n\n\t<\/article>\n\n<\/div>\n<div class=\"wf-cell iso-item category-91\" data-post-id=\"32706\" data-date=\"2014-10-12T12:34:54+00:00\" data-name=\"Pic du Midi d&#039;Ossau\">\n\t<article class=\"post post-32706 type-post status-publish format-standard has-post-thumbnail hentry category-pirineo-frances-y-andorra category-91 description-off\">\n\n\t\t\n\t\t\t<div class=\"blog-media wf-td\">\n\n\t\t\t\t<p><a href=\"https:\/\/www.monta\u00f1asdelaluna.es\/?p=32706\" class=\"alignnone rollover layzr-bg\" ><img loading=\"lazy\" decoding=\"async\" class=\"preload-me iso-lazy-load\" src=\"data:image\/svg+xml,%3Csvg%20xmlns%3D&#39;http%3A%2F%2Fwww.w3.org%2F2000%2Fsvg&#39;%20viewBox%3D&#39;0%200%20555%20416&#39;%2F%3E\" data-src=\"https:\/\/www.monta\u00f1asdelaluna.es\/wp-content\/uploads\/2016\/08\/MidiDOssau-022-555x416.jpg\" data-srcset=\"https:\/\/www.monta\u00f1asdelaluna.es\/wp-content\/uploads\/2016\/08\/MidiDOssau-022-555x416.jpg 555w, https:\/\/www.monta\u00f1asdelaluna.es\/wp-content\/uploads\/2016\/08\/MidiDOssau-022-1110x832.jpg 1110w\" alt=\"\" title=\"El Pic du Midi d&#8217;Ossau desde el Col de Soum de Pombie\" width=\"555\" height=\"416\"  \/><\/a><\/p>\n\t\t\t<\/div>\n\n\t\t\n\t\t<div class=\"blog-content wf-td\">\n\t\t\t<h3 class=\"entry-title\"><a href=\"https:\/\/www.monta\u00f1asdelaluna.es\/?p=32706\" title=\"Pic du Midi d&#8217;Ossau\" rel=\"bookmark\">Pic du Midi d&#8217;Ossau<\/a><\/h3>\n\n\t\t\t<div class=\"entry-meta\"><span class=\"category-link\"><a href=\"https:\/\/www.monta\u00f1asdelaluna.es\/?cat=91\" rel=\"category\">Pirineo franc\u00e9s y Andorra<\/a><\/span><a class=\"author vcard\" href=\"https:\/\/www.monta\u00f1asdelaluna.es\/?author=1\" title=\"Ver todas las publicaciones de Joaquin Terres\" rel=\"author\">Por <span class=\"fn\">Joaquin Terres<\/span><\/a><a href=\"https:\/\/www.monta\u00f1asdelaluna.es\/?m=20141012\" title=\"12:34 pm\" class=\"data-link\" rel=\"bookmark\"><time class=\"entry-date updated\" datetime=\"2014-10-12T12:34:54+00:00\">12 octubre, 2014<\/time><\/a><a href=\"https:\/\/www.monta\u00f1asdelaluna.es\/?p=32706#respond\" class=\"comment-link\" >Deja un comentario<\/a><\/div><p>[vc_row][vc_column][vc_column_text]Flora insist\u00eda en organizar una actividad para subir el gran Pic du Midi d\u2019Ossau este pasado mes de septiembre. La verdad es una de las monta\u00f1as m\u00e1s espectaculares del Pirineo (a pesar de no llegar a los tres mil metros, de rozar los dos mil novecientos); siempre ha sito un reto, un desaf\u00edo para los&hellip;<\/p>\n\n<a href=\"https:\/\/www.monta\u00f1asdelaluna.es\/?p=32706\" class=\"details more-link\" aria-label=\"Read more about Pic du Midi d&#8217;Ossau\" rel=\"nofollow\">Detalles<\/a>\n\n\t\t<\/div>\n\n\t<\/article>\n\n<\/div>\n<div class=\"wf-cell iso-item category-128\" data-post-id=\"17937\" data-date=\"2014-09-27T16:04:55+00:00\" data-name=\"Punta Alta. Bajada por Cavallers\">\n\t<article class=\"post post-17937 type-post status-publish format-standard has-post-thumbnail hentry category-alto-pirineo-catalan category-128 description-off\">\n\n\t\t\n\t\t\t<div class=\"blog-media wf-td\">\n\n\t\t\t\t<p><a href=\"https:\/\/www.monta\u00f1asdelaluna.es\/?p=17937\" class=\"alignnone rollover layzr-bg\" ><img loading=\"lazy\" decoding=\"async\" class=\"preload-me iso-lazy-load\" src=\"data:image\/svg+xml,%3Csvg%20xmlns%3D&#39;http%3A%2F%2Fwww.w3.org%2F2000%2Fsvg&#39;%20viewBox%3D&#39;0%200%20555%20313&#39;%2F%3E\" data-src=\"https:\/\/www.monta\u00f1asdelaluna.es\/wp-content\/uploads\/2015\/08\/PuntaAlta-069-555x313.jpg\" data-srcset=\"https:\/\/www.monta\u00f1asdelaluna.es\/wp-content\/uploads\/2015\/08\/PuntaAlta-069-555x313.jpg 555w, https:\/\/www.monta\u00f1asdelaluna.es\/wp-content\/uploads\/2015\/08\/PuntaAlta-069-758x428.jpg 758w\" alt=\"\" title=\"Refugio Ventosa i Calvell con Tumeneia y Besiberris al fondo\" width=\"555\" height=\"313\"  \/><\/a><\/p>\n\t\t\t<\/div>\n\n\t\t\n\t\t<div class=\"blog-content wf-td\">\n\t\t\t<h3 class=\"entry-title\"><a href=\"https:\/\/www.monta\u00f1asdelaluna.es\/?p=17937\" title=\"Punta Alta. Bajada por Cavallers\" rel=\"bookmark\">Punta Alta. Bajada por Cavallers<\/a><\/h3>\n\n\t\t\t<div class=\"entry-meta\"><span class=\"category-link\"><a href=\"https:\/\/www.monta\u00f1asdelaluna.es\/?cat=128\" rel=\"category\">Alto Pirineo Catal\u00e1n<\/a><\/span><a class=\"author vcard\" href=\"https:\/\/www.monta\u00f1asdelaluna.es\/?author=1\" title=\"Ver todas las publicaciones de Joaquin Terres\" rel=\"author\">Por <span class=\"fn\">Joaquin Terres<\/span><\/a><a href=\"https:\/\/www.monta\u00f1asdelaluna.es\/?m=20140927\" title=\"4:04 pm\" class=\"data-link\" rel=\"bookmark\"><time class=\"entry-date updated\" datetime=\"2014-09-27T16:04:55+00:00\">27 septiembre, 2014<\/time><\/a><a href=\"https:\/\/www.monta\u00f1asdelaluna.es\/?p=17937#respond\" class=\"comment-link\" >Deja un comentario<\/a><\/div><p>[vc_row][vc_column][vc_column_text]No pudimos disfrutar hace pocos d\u00edas antes de los rincones, cimas y vistas entre G\u00f3riz y Serradets, entre Monte Perdido y Gavarni\u00e9, pero al fin de semana siguiente, 27 y 28 de septiembre, aprovechamos para quitarnos la espinita de subir un tres mil acerc\u00e1ndonos al conocido Valle de Boi para atacar al Punta Alta, tambi\u00e9n&hellip;<\/p>\n\n<a href=\"https:\/\/www.monta\u00f1asdelaluna.es\/?p=17937\" class=\"details more-link\" aria-label=\"Read more about Punta Alta. Bajada por Cavallers\" rel=\"nofollow\">Detalles<\/a>\n\n\t\t<\/div>\n\n\t<\/article>\n\n<\/div>\n<div class=\"wf-cell iso-item category-46\" data-post-id=\"31167\" data-date=\"2014-09-14T07:03:11+00:00\" data-name=\"Cap de Creus\">\n\t<article class=\"post post-31167 type-post status-publish format-standard has-post-thumbnail hentry category-girona category-46 description-off\">\n\n\t\t\n\t\t\t<div class=\"blog-media wf-td\">\n\n\t\t\t\t<p><a href=\"https:\/\/www.monta\u00f1asdelaluna.es\/?p=31167\" class=\"alignnone rollover layzr-bg\" ><img loading=\"lazy\" decoding=\"async\" class=\"preload-me iso-lazy-load\" src=\"data:image\/svg+xml,%3Csvg%20xmlns%3D&#39;http%3A%2F%2Fwww.w3.org%2F2000%2Fsvg&#39;%20viewBox%3D&#39;0%200%20555%20312&#39;%2F%3E\" data-src=\"https:\/\/www.monta\u00f1asdelaluna.es\/wp-content\/uploads\/2016\/07\/IMG_5120-555x312.jpg\" data-srcset=\"https:\/\/www.monta\u00f1asdelaluna.es\/wp-content\/uploads\/2016\/07\/IMG_5120-555x312.jpg 555w, https:\/\/www.monta\u00f1asdelaluna.es\/wp-content\/uploads\/2016\/07\/IMG_5120-1110x624.jpg 1110w\" alt=\"\" title=\"Cala Jugadora abajo y al fondo el Pen\u00ed\" width=\"555\" height=\"312\"  \/><\/a><\/p>\n\t\t\t<\/div>\n\n\t\t\n\t\t<div class=\"blog-content wf-td\">\n\t\t\t<h3 class=\"entry-title\"><a href=\"https:\/\/www.monta\u00f1asdelaluna.es\/?p=31167\" title=\"Cap de Creus\" rel=\"bookmark\">Cap de Creus<\/a><\/h3>\n\n\t\t\t<div class=\"entry-meta\"><span class=\"category-link\"><a href=\"https:\/\/www.monta\u00f1asdelaluna.es\/?cat=46\" rel=\"category\">Girona<\/a><\/span><a class=\"author vcard\" href=\"https:\/\/www.monta\u00f1asdelaluna.es\/?author=1\" title=\"Ver todas las publicaciones de Joaquin Terres\" rel=\"author\">Por <span class=\"fn\">Joaquin Terres<\/span><\/a><a href=\"https:\/\/www.monta\u00f1asdelaluna.es\/?m=20140914\" title=\"7:03 am\" class=\"data-link\" rel=\"bookmark\"><time class=\"entry-date updated\" datetime=\"2014-09-14T07:03:11+00:00\">14 septiembre, 2014<\/time><\/a><a href=\"https:\/\/www.monta\u00f1asdelaluna.es\/?p=31167#respond\" class=\"comment-link\" >Deja un comentario<\/a><\/div><p>[vc_row][vc_column][vc_column_text]El famoso lugar rocoso, volc\u00e1nico, solitario, que se introduce en el mar como una espada que corta el azul tranquilo, entre una Tramuntana exasperada e insoportable en ocasiones\u2026 hab\u00eda que visitarla, hab\u00eda que cruzar sus \u00e1speras y porosas rocas, \u00e1ridos y calurosos terrenos, con cientos de calas, de entradas y salidas al mar, a ese&hellip;<\/p>\n\n<a href=\"https:\/\/www.monta\u00f1asdelaluna.es\/?p=31167\" class=\"details more-link\" aria-label=\"Read more about Cap de Creus\" rel=\"nofollow\">Detalles<\/a>\n\n\t\t<\/div>\n\n\t<\/article>\n\n<\/div>\n<div class=\"wf-cell iso-item category-49\" data-post-id=\"30634\" data-date=\"2014-09-09T11:44:18+00:00\" data-name=\"Marcha nocturna en Collserola\">\n\t<article class=\"post post-30634 type-post status-publish format-standard has-post-thumbnail hentry category-collserola category-49 description-off\">\n\n\t\t\n\t\t\t<div class=\"blog-media wf-td\">\n\n\t\t\t\t<p><a href=\"https:\/\/www.monta\u00f1asdelaluna.es\/?p=30634\" class=\"alignnone rollover layzr-bg\" ><img loading=\"lazy\" decoding=\"async\" class=\"preload-me iso-lazy-load\" src=\"data:image\/svg+xml,%3Csvg%20xmlns%3D&#39;http%3A%2F%2Fwww.w3.org%2F2000%2Fsvg&#39;%20viewBox%3D&#39;0%200%20555%20416&#39;%2F%3E\" data-src=\"https:\/\/www.monta\u00f1asdelaluna.es\/wp-content\/uploads\/2016\/06\/CollserolaNocturna-034-555x416.jpg\" data-srcset=\"https:\/\/www.monta\u00f1asdelaluna.es\/wp-content\/uploads\/2016\/06\/CollserolaNocturna-034-555x416.jpg 555w, https:\/\/www.monta\u00f1asdelaluna.es\/wp-content\/uploads\/2016\/06\/CollserolaNocturna-034-1110x832.jpg 1110w\" alt=\"\" title=\"Barcelona desde el Tur\u00f3 de La Magarola\" width=\"555\" height=\"416\"  \/><\/a><\/p>\n\t\t\t<\/div>\n\n\t\t\n\t\t<div class=\"blog-content wf-td\">\n\t\t\t<h3 class=\"entry-title\"><a href=\"https:\/\/www.monta\u00f1asdelaluna.es\/?p=30634\" title=\"Marcha nocturna en Collserola\" rel=\"bookmark\">Marcha nocturna en Collserola<\/a><\/h3>\n\n\t\t\t<div class=\"entry-meta\"><span class=\"category-link\"><a href=\"https:\/\/www.monta\u00f1asdelaluna.es\/?cat=49\" rel=\"category\">Collserola<\/a><\/span><a class=\"author vcard\" href=\"https:\/\/www.monta\u00f1asdelaluna.es\/?author=1\" title=\"Ver todas las publicaciones de Joaquin Terres\" rel=\"author\">Por <span class=\"fn\">Joaquin Terres<\/span><\/a><a href=\"https:\/\/www.monta\u00f1asdelaluna.es\/?m=20140909\" title=\"11:44 am\" class=\"data-link\" rel=\"bookmark\"><time class=\"entry-date updated\" datetime=\"2014-09-09T11:44:18+00:00\">9 septiembre, 2014<\/time><\/a><a href=\"https:\/\/www.monta\u00f1asdelaluna.es\/?p=30634#respond\" class=\"comment-link\" >Deja un comentario<\/a><\/div><p>[vc_row][vc_column][vc_column_text]Aprovechamos esta \u00faltima Mega Luna, Luna Llena, del verano para realizar este pasado martes 9 de septiembre una salida por los rincones y cimas ya visitadas y conocidas de otras actividades y excursiones; pero esta vez de noche, iluminados y acunados por la magn\u00edfica luna llena. Nos acercamos como otras veces hasta la calle con&hellip;<\/p>\n\n<a href=\"https:\/\/www.monta\u00f1asdelaluna.es\/?p=30634\" class=\"details more-link\" aria-label=\"Read more about Marcha nocturna en Collserola\" rel=\"nofollow\">Detalles<\/a>\n\n\t\t<\/div>\n\n\t<\/article>\n\n<\/div>\n<div class=\"wf-cell iso-item category-130\" data-post-id=\"29278\" data-date=\"2014-08-30T18:53:41+00:00\" data-name=\"Penyes Altes de Moixer\u00f3\">\n\t<article class=\"post post-29278 type-post status-publish format-standard has-post-thumbnail hentry category-pirineo-calizo-catalan category-130 description-off\">\n\n\t\t\n\t\t\t<div class=\"blog-media wf-td\">\n\n\t\t\t\t<p><a href=\"https:\/\/www.monta\u00f1asdelaluna.es\/?p=29278\" class=\"alignnone rollover layzr-bg\" ><img loading=\"lazy\" decoding=\"async\" class=\"preload-me iso-lazy-load\" src=\"data:image\/svg+xml,%3Csvg%20xmlns%3D&#39;http%3A%2F%2Fwww.w3.org%2F2000%2Fsvg&#39;%20viewBox%3D&#39;0%200%20555%20416&#39;%2F%3E\" data-src=\"https:\/\/www.monta\u00f1asdelaluna.es\/wp-content\/uploads\/2016\/05\/Moixer\u00f3-040-555x416.jpg\" data-srcset=\"https:\/\/www.monta\u00f1asdelaluna.es\/wp-content\/uploads\/2016\/05\/Moixer\u00f3-040-555x416.jpg 555w, https:\/\/www.monta\u00f1asdelaluna.es\/wp-content\/uploads\/2016\/05\/Moixer\u00f3-040-1110x832.jpg 1110w\" alt=\"\" title=\"En el centro Les Penyes Altes de Moixer\u00f3\" width=\"555\" height=\"416\"  \/><\/a><\/p>\n\t\t\t<\/div>\n\n\t\t\n\t\t<div class=\"blog-content wf-td\">\n\t\t\t<h3 class=\"entry-title\"><a href=\"https:\/\/www.monta\u00f1asdelaluna.es\/?p=29278\" title=\"Penyes Altes de Moixer\u00f3\" rel=\"bookmark\">Penyes Altes de Moixer\u00f3<\/a><\/h3>\n\n\t\t\t<div class=\"entry-meta\"><span class=\"category-link\"><a href=\"https:\/\/www.monta\u00f1asdelaluna.es\/?cat=130\" rel=\"category\">Pirineo Calizo Catal\u00e1n<\/a><\/span><a class=\"author vcard\" href=\"https:\/\/www.monta\u00f1asdelaluna.es\/?author=1\" title=\"Ver todas las publicaciones de Joaquin Terres\" rel=\"author\">Por <span class=\"fn\">Joaquin Terres<\/span><\/a><a href=\"https:\/\/www.monta\u00f1asdelaluna.es\/?m=20140830\" title=\"6:53 pm\" class=\"data-link\" rel=\"bookmark\"><time class=\"entry-date updated\" datetime=\"2014-08-30T18:53:41+00:00\">30 agosto, 2014<\/time><\/a><a href=\"https:\/\/www.monta\u00f1asdelaluna.es\/?p=29278#respond\" class=\"comment-link\" >Deja un comentario<\/a><\/div><p>[vc_row][vc_column][vc_column_text]Despu\u00e9s de aplazar una interesante traves\u00eda y ascensi\u00f3n en los Pirineos, decido salir en solitario a conocer improvisadamente una bonita y conocida parte del Prepirineo Interior entre las provincias de Girona y Barcelona: el famoso sistema de la Sierra del Cad\u00ed-Moixer\u00f3. En este caso me acercar\u00e9 a la m\u00e1xima altura de la Sierra del Moixer\u00f3,&hellip;<\/p>\n\n<a href=\"https:\/\/www.monta\u00f1asdelaluna.es\/?p=29278\" class=\"details more-link\" aria-label=\"Read more about Penyes Altes de Moixer\u00f3\" rel=\"nofollow\">Detalles<\/a>\n\n\t\t<\/div>\n\n\t<\/article>\n\n<\/div>\n<div class=\"wf-cell iso-item category-45\" data-post-id=\"30110\" data-date=\"2014-07-12T18:27:52+00:00\" data-name=\"La noche del Aquelarre. De Vallgorguina al Dolmen de Pedra Gentil\">\n\t<article class=\"post post-30110 type-post status-publish format-standard has-post-thumbnail hentry category-corredor-i-montnegre category-45 description-off\">\n\n\t\t\n\t\t\t<div class=\"blog-media wf-td\">\n\n\t\t\t\t<p><a href=\"https:\/\/www.monta\u00f1asdelaluna.es\/?p=30110\" class=\"alignnone rollover layzr-bg\" ><img loading=\"lazy\" decoding=\"async\" class=\"preload-me iso-lazy-load\" src=\"data:image\/svg+xml,%3Csvg%20xmlns%3D&#39;http%3A%2F%2Fwww.w3.org%2F2000%2Fsvg&#39;%20viewBox%3D&#39;0%200%20555%20416&#39;%2F%3E\" data-src=\"https:\/\/www.monta\u00f1asdelaluna.es\/wp-content\/uploads\/2016\/06\/Vallgorguina-026-555x416.jpg\" data-srcset=\"https:\/\/www.monta\u00f1asdelaluna.es\/wp-content\/uploads\/2016\/06\/Vallgorguina-026-555x416.jpg 555w, https:\/\/www.monta\u00f1asdelaluna.es\/wp-content\/uploads\/2016\/06\/Vallgorguina-026-1110x832.jpg 1110w\" alt=\"\" title=\"Dolmen de Pedra Gentil\" width=\"555\" height=\"416\"  \/><\/a><\/p>\n\t\t\t<\/div>\n\n\t\t\n\t\t<div class=\"blog-content wf-td\">\n\t\t\t<h3 class=\"entry-title\"><a href=\"https:\/\/www.monta\u00f1asdelaluna.es\/?p=30110\" title=\"La noche del Aquelarre. De Vallgorguina al Dolmen de Pedra Gentil\" rel=\"bookmark\">La noche del Aquelarre. De Vallgorguina al Dolmen de Pedra Gentil<\/a><\/h3>\n\n\t\t\t<div class=\"entry-meta\"><span class=\"category-link\"><a href=\"https:\/\/www.monta\u00f1asdelaluna.es\/?cat=45\" rel=\"category\">Corredor i Montnegre<\/a><\/span><a class=\"author vcard\" href=\"https:\/\/www.monta\u00f1asdelaluna.es\/?author=1\" title=\"Ver todas las publicaciones de Joaquin Terres\" rel=\"author\">Por <span class=\"fn\">Joaquin Terres<\/span><\/a><a href=\"https:\/\/www.monta\u00f1asdelaluna.es\/?m=20140712\" title=\"6:27 pm\" class=\"data-link\" rel=\"bookmark\"><time class=\"entry-date updated\" datetime=\"2014-07-12T18:27:52+00:00\">12 julio, 2014<\/time><\/a><a href=\"https:\/\/www.monta\u00f1asdelaluna.es\/?p=30110#respond\" class=\"comment-link\" >Deja un comentario<\/a><\/div><p>[vc_row][vc_column][vc_column_text]Aprovechando una de las \u201cMega Lunas\u201d de este verano, el pasado s\u00e1bado de julio decidimos visitar uno de los lugares ya recorrido anteriormente en otras excursiones pero con la fama de ser un lugar de antiguas reuniones de brujas y otros personajes de la noche y del esoterismo: el Dolmen de Pedra Gentil. Y a&hellip;<\/p>\n\n<a href=\"https:\/\/www.monta\u00f1asdelaluna.es\/?p=30110\" class=\"details more-link\" aria-label=\"Read more about La noche del Aquelarre. De Vallgorguina al Dolmen de Pedra Gentil\" rel=\"nofollow\">Detalles<\/a>\n\n\t\t<\/div>\n\n\t<\/article>\n\n<\/div>\n<div class=\"wf-cell iso-item category-71\" data-post-id=\"25218\" data-date=\"2014-07-05T14:52:47+00:00\" data-name=\"5 de julio del 2.014, s\u00e1bado. 5\u00ba Etapa: Vallferrera-Tavasc\u00e1n\">\n\t<article class=\"post post-25218 type-post status-publish format-standard has-post-thumbnail hentry category-porta-del-cel category-71 description-off\">\n\n\t\t\n\t\t\t<div class=\"blog-media wf-td\">\n\n\t\t\t\t<p><a href=\"https:\/\/www.monta\u00f1asdelaluna.es\/?p=25218\" class=\"alignnone rollover layzr-bg\" ><img loading=\"lazy\" decoding=\"async\" class=\"preload-me iso-lazy-load\" src=\"data:image\/svg+xml,%3Csvg%20xmlns%3D&#39;http%3A%2F%2Fwww.w3.org%2F2000%2Fsvg&#39;%20viewBox%3D&#39;0%200%20555%20416&#39;%2F%3E\" data-src=\"https:\/\/www.monta\u00f1asdelaluna.es\/wp-content\/uploads\/2015\/11\/P7050281-555x416.jpg\" data-srcset=\"https:\/\/www.monta\u00f1asdelaluna.es\/wp-content\/uploads\/2015\/11\/P7050281-555x416.jpg 555w, https:\/\/www.monta\u00f1asdelaluna.es\/wp-content\/uploads\/2015\/11\/P7050281.jpg 751w\" alt=\"\" title=\"Joaqu\u00edn en el Coll de La Llaguna\" width=\"555\" height=\"416\"  \/><\/a><\/p>\n\t\t\t<\/div>\n\n\t\t\n\t\t<div class=\"blog-content wf-td\">\n\t\t\t<h3 class=\"entry-title\"><a href=\"https:\/\/www.monta\u00f1asdelaluna.es\/?p=25218\" title=\"5 de julio del 2.014, s\u00e1bado. 5\u00ba Etapa: Vallferrera-Tavasc\u00e1n\" rel=\"bookmark\">5 de julio del 2.014, s\u00e1bado. 5\u00ba Etapa: Vallferrera-Tavasc\u00e1n<\/a><\/h3>\n\n\t\t\t<div class=\"entry-meta\"><span class=\"category-link\"><a href=\"https:\/\/www.monta\u00f1asdelaluna.es\/?cat=71\" rel=\"category\">Porta del Cel<\/a><\/span><a class=\"author vcard\" href=\"https:\/\/www.monta\u00f1asdelaluna.es\/?author=1\" title=\"Ver todas las publicaciones de Joaquin Terres\" rel=\"author\">Por <span class=\"fn\">Joaquin Terres<\/span><\/a><a href=\"https:\/\/www.monta\u00f1asdelaluna.es\/?m=20140705\" title=\"2:52 pm\" class=\"data-link\" rel=\"bookmark\"><time class=\"entry-date updated\" datetime=\"2014-07-05T14:52:47+00:00\">5 julio, 2014<\/time><\/a><a href=\"https:\/\/www.monta\u00f1asdelaluna.es\/?p=25218#respond\" class=\"comment-link\" >Deja un comentario<\/a><\/div><p>[vc_row][vc_column][vc_column_text]A pesar de la cantidad de gente esta noche en el refugio (mucha comparada con las anteriores noches), hemos dormido bien y holgados. Nos despertamos a eso de las 6 de la ma\u00f1ana para poder desayunar a las 6\u201930. Hay monta\u00f1eros que se han levantado a las 5. Supongo que ir\u00edan a subir la Pica&hellip;<\/p>\n\n<a href=\"https:\/\/www.monta\u00f1asdelaluna.es\/?p=25218\" class=\"details more-link\" aria-label=\"Read more about 5 de julio del 2.014, s\u00e1bado. 5\u00ba Etapa: Vallferrera-Tavasc\u00e1n\" rel=\"nofollow\">Detalles<\/a>\n\n\t\t<\/div>\n\n\t<\/article>\n\n<\/div>\n<div class=\"wf-cell iso-item category-71\" data-post-id=\"23313\" data-date=\"2014-07-04T17:57:07+00:00\" data-name=\"4 de julio del 2.014, viernes. 4\u00ba Etapa: Pinet-Vallferrera\">\n\t<article class=\"post post-23313 type-post status-publish format-standard has-post-thumbnail hentry category-porta-del-cel category-71 description-off\">\n\n\t\t\n\t\t\t<div class=\"blog-media wf-td\">\n\n\t\t\t\t<p><a href=\"https:\/\/www.monta\u00f1asdelaluna.es\/?p=23313\" class=\"alignnone rollover layzr-bg\" ><img loading=\"lazy\" decoding=\"async\" class=\"preload-me iso-lazy-load\" src=\"data:image\/svg+xml,%3Csvg%20xmlns%3D&#39;http%3A%2F%2Fwww.w3.org%2F2000%2Fsvg&#39;%20viewBox%3D&#39;0%200%20555%20312&#39;%2F%3E\" data-src=\"https:\/\/www.monta\u00f1asdelaluna.es\/wp-content\/uploads\/2015\/10\/PortaDelCel-570-555x312.jpg\" data-srcset=\"https:\/\/www.monta\u00f1asdelaluna.es\/wp-content\/uploads\/2015\/10\/PortaDelCel-570-555x312.jpg 555w, https:\/\/www.monta\u00f1asdelaluna.es\/wp-content\/uploads\/2015\/10\/PortaDelCel-570-1110x624.jpg 1110w\" alt=\"\" title=\"Vallferrera\" width=\"555\" height=\"312\"  \/><\/a><\/p>\n\t\t\t<\/div>\n\n\t\t\n\t\t<div class=\"blog-content wf-td\">\n\t\t\t<h3 class=\"entry-title\"><a href=\"https:\/\/www.monta\u00f1asdelaluna.es\/?p=23313\" title=\"4 de julio del 2.014, viernes. 4\u00ba Etapa: Pinet-Vallferrera\" rel=\"bookmark\">4 de julio del 2.014, viernes. 4\u00ba Etapa: Pinet-Vallferrera<\/a><\/h3>\n\n\t\t\t<div class=\"entry-meta\"><span class=\"category-link\"><a href=\"https:\/\/www.monta\u00f1asdelaluna.es\/?cat=71\" rel=\"category\">Porta del Cel<\/a><\/span><a class=\"author vcard\" href=\"https:\/\/www.monta\u00f1asdelaluna.es\/?author=1\" title=\"Ver todas las publicaciones de Joaquin Terres\" rel=\"author\">Por <span class=\"fn\">Joaquin Terres<\/span><\/a><a href=\"https:\/\/www.monta\u00f1asdelaluna.es\/?m=20140704\" title=\"5:57 pm\" class=\"data-link\" rel=\"bookmark\"><time class=\"entry-date updated\" datetime=\"2014-07-04T17:57:07+00:00\">4 julio, 2014<\/time><\/a><a href=\"https:\/\/www.monta\u00f1asdelaluna.es\/?p=23313#respond\" class=\"comment-link\" >Deja un comentario<\/a><\/div><p>[vc_row][vc_column][vc_column_text]Otra vez el d\u00eda amanece incre\u00edble. Ni una nube. Un cielo azul limpio y brillante, y unas vistas impresionantes de todas las monta\u00f1as sin nubes. Salvo el espectacular Mar de Nubes que ha invadido la parte baja de los valles franceses \u00a1Hermoso, impresionante! En esta 4\u00ba etapa en lugar de hacer un subibaja continuo, ser\u00e1&hellip;<\/p>\n\n<a href=\"https:\/\/www.monta\u00f1asdelaluna.es\/?p=23313\" class=\"details more-link\" aria-label=\"Read more about 4 de julio del 2.014, viernes. 4\u00ba Etapa: Pinet-Vallferrera\" rel=\"nofollow\">Detalles<\/a>\n\n\t\t<\/div>\n\n\t<\/article>\n\n<\/div>\n<div class=\"wf-cell iso-item category-71\" data-post-id=\"21252\" data-date=\"2014-07-03T16:00:48+00:00\" data-name=\"3 de julio del 2.014, jueves. 3\u00ba Etapa: Certasc\u00e1n-Pinet\">\n\t<article class=\"post post-21252 type-post status-publish format-standard has-post-thumbnail hentry category-porta-del-cel category-71 description-off\">\n\n\t\t\n\t\t\t<div class=\"blog-media wf-td\">\n\n\t\t\t\t<p><a href=\"https:\/\/www.monta\u00f1asdelaluna.es\/?p=21252\" class=\"alignnone rollover layzr-bg\" ><img loading=\"lazy\" decoding=\"async\" class=\"preload-me iso-lazy-load\" src=\"data:image\/svg+xml,%3Csvg%20xmlns%3D&#39;http%3A%2F%2Fwww.w3.org%2F2000%2Fsvg&#39;%20viewBox%3D&#39;0%200%20555%20313&#39;%2F%3E\" data-src=\"https:\/\/www.monta\u00f1asdelaluna.es\/wp-content\/uploads\/2015\/09\/PortaDelCel-284-555x313.jpg\" data-srcset=\"https:\/\/www.monta\u00f1asdelaluna.es\/wp-content\/uploads\/2015\/09\/PortaDelCel-284-555x313.jpg 555w, https:\/\/www.monta\u00f1asdelaluna.es\/wp-content\/uploads\/2015\/09\/PortaDelCel-284-758x428.jpg 758w\" alt=\"\" title=\"Estany Romedo de Dalt\" width=\"555\" height=\"313\"  \/><\/a><\/p>\n\t\t\t<\/div>\n\n\t\t\n\t\t<div class=\"blog-content wf-td\">\n\t\t\t<h3 class=\"entry-title\"><a href=\"https:\/\/www.monta\u00f1asdelaluna.es\/?p=21252\" title=\"3 de julio del 2.014, jueves. 3\u00ba Etapa: Certasc\u00e1n-Pinet\" rel=\"bookmark\">3 de julio del 2.014, jueves. 3\u00ba Etapa: Certasc\u00e1n-Pinet<\/a><\/h3>\n\n\t\t\t<div class=\"entry-meta\"><span class=\"category-link\"><a href=\"https:\/\/www.monta\u00f1asdelaluna.es\/?cat=71\" rel=\"category\">Porta del Cel<\/a><\/span><a class=\"author vcard\" href=\"https:\/\/www.monta\u00f1asdelaluna.es\/?author=1\" title=\"Ver todas las publicaciones de Joaquin Terres\" rel=\"author\">Por <span class=\"fn\">Joaquin Terres<\/span><\/a><a href=\"https:\/\/www.monta\u00f1asdelaluna.es\/?m=20140703\" title=\"4:00 pm\" class=\"data-link\" rel=\"bookmark\"><time class=\"entry-date updated\" datetime=\"2014-07-03T16:00:48+00:00\">3 julio, 2014<\/time><\/a><a href=\"https:\/\/www.monta\u00f1asdelaluna.es\/?p=21252#respond\" class=\"comment-link\" >Deja un comentario<\/a><\/div><p>[vc_row][vc_column][vc_column_text]El d\u00eda amanece incre\u00edble, sin una nube. Un d\u00eda muy claro y bonito. Bajo el primero a desayunar y a las 06\u201930 desayunamos. Casi puntualmente pasados 8 minutos de las 07\u201930 salimos en busca del Refugio de Pinet. Esta etapa ser\u00e1 tambi\u00e9n durilla y a la vez curiosa y emocionante. No bajamos mucha altura ni&hellip;<\/p>\n\n<a href=\"https:\/\/www.monta\u00f1asdelaluna.es\/?p=21252\" class=\"details more-link\" aria-label=\"Read more about 3 de julio del 2.014, jueves. 3\u00ba Etapa: Certasc\u00e1n-Pinet\" rel=\"nofollow\">Detalles<\/a>\n\n\t\t<\/div>\n\n\t<\/article>\n\n<\/div>\n<div class=\"wf-cell iso-item category-71\" data-post-id=\"19674\" data-date=\"2014-07-02T16:01:45+00:00\" data-name=\"2 de julio del 2.014, mi\u00e9rcoles. 2\u00ba Etapa: Graus-Certasc\u00e1n\">\n\t<article class=\"post post-19674 type-post status-publish format-standard has-post-thumbnail hentry category-porta-del-cel category-71 description-off\">\n\n\t\t\n\t\t\t<div class=\"blog-media wf-td\">\n\n\t\t\t\t<p><a href=\"https:\/\/www.monta\u00f1asdelaluna.es\/?p=19674\" class=\"alignnone rollover layzr-bg\" ><img loading=\"lazy\" decoding=\"async\" class=\"preload-me iso-lazy-load\" src=\"data:image\/svg+xml,%3Csvg%20xmlns%3D&#39;http%3A%2F%2Fwww.w3.org%2F2000%2Fsvg&#39;%20viewBox%3D&#39;0%200%20555%20416&#39;%2F%3E\" data-src=\"https:\/\/www.monta\u00f1asdelaluna.es\/wp-content\/uploads\/2015\/08\/PortaDelCel-184A-555x416.jpg\" data-srcset=\"https:\/\/www.monta\u00f1asdelaluna.es\/wp-content\/uploads\/2015\/08\/PortaDelCel-184A-555x416.jpg 555w, https:\/\/www.monta\u00f1asdelaluna.es\/wp-content\/uploads\/2015\/08\/PortaDelCel-184A.jpg 881w\" alt=\"\" title=\"Abajo el Estany de Certasc\u00e1 y al fondo el macizo de la Pica d&#8217;Estats\" width=\"555\" height=\"416\"  \/><\/a><\/p>\n\t\t\t<\/div>\n\n\t\t\n\t\t<div class=\"blog-content wf-td\">\n\t\t\t<h3 class=\"entry-title\"><a href=\"https:\/\/www.monta\u00f1asdelaluna.es\/?p=19674\" title=\"2 de julio del 2.014, mi\u00e9rcoles. 2\u00ba Etapa: Graus-Certasc\u00e1n\" rel=\"bookmark\">2 de julio del 2.014, mi\u00e9rcoles. 2\u00ba Etapa: Graus-Certasc\u00e1n<\/a><\/h3>\n\n\t\t\t<div class=\"entry-meta\"><span class=\"category-link\"><a href=\"https:\/\/www.monta\u00f1asdelaluna.es\/?cat=71\" rel=\"category\">Porta del Cel<\/a><\/span><a class=\"author vcard\" href=\"https:\/\/www.monta\u00f1asdelaluna.es\/?author=1\" title=\"Ver todas las publicaciones de Joaquin Terres\" rel=\"author\">Por <span class=\"fn\">Joaquin Terres<\/span><\/a><a href=\"https:\/\/www.monta\u00f1asdelaluna.es\/?m=20140702\" title=\"4:01 pm\" class=\"data-link\" rel=\"bookmark\"><time class=\"entry-date updated\" datetime=\"2014-07-02T16:01:45+00:00\">2 julio, 2014<\/time><\/a><a href=\"https:\/\/www.monta\u00f1asdelaluna.es\/?p=19674#respond\" class=\"comment-link\" >Deja un comentario<\/a><\/div><p>[vc_row][vc_column][vc_column_text]Amanece algo nublado. Una de las parejas se han despertado antes de que sonara mi despertador; \u00e9stos ya salen. Arreglo la mochila y desayuno con la otra pareja en el restaurante del camping. Hablamos de las dificultades de esta traves\u00eda, m\u00e1s dura que Carres de Foc. Salgo ya preparado y a destiempo de las 2&hellip;<\/p>\n\n<a href=\"https:\/\/www.monta\u00f1asdelaluna.es\/?p=19674\" class=\"details more-link\" aria-label=\"Read more about 2 de julio del 2.014, mi\u00e9rcoles. 2\u00ba Etapa: Graus-Certasc\u00e1n\" rel=\"nofollow\">Detalles<\/a>\n\n\t\t<\/div>\n\n\t<\/article>\n\n<\/div>\n<div class=\"wf-cell iso-item category-71\" data-post-id=\"18021\" data-date=\"2014-07-01T10:41:52+00:00\" data-name=\"1 de julio del 2.014, martes. 1\u00ba Etapa: Tavasc\u00e1n-Graus\">\n\t<article class=\"post post-18021 type-post status-publish format-standard has-post-thumbnail hentry category-porta-del-cel category-71 description-off\">\n\n\t\t\n\t\t\t<div class=\"blog-media wf-td\">\n\n\t\t\t\t<p><a href=\"https:\/\/www.monta\u00f1asdelaluna.es\/?p=18021\" class=\"alignnone rollover layzr-bg\" ><img loading=\"lazy\" decoding=\"async\" class=\"preload-me iso-lazy-load\" src=\"data:image\/svg+xml,%3Csvg%20xmlns%3D&#39;http%3A%2F%2Fwww.w3.org%2F2000%2Fsvg&#39;%20viewBox%3D&#39;0%200%20555%20416&#39;%2F%3E\" data-src=\"https:\/\/www.monta\u00f1asdelaluna.es\/wp-content\/uploads\/2015\/08\/PortaDelCel-072-555x416.jpg\" data-srcset=\"https:\/\/www.monta\u00f1asdelaluna.es\/wp-content\/uploads\/2015\/08\/PortaDelCel-072-555x416.jpg 555w, https:\/\/www.monta\u00f1asdelaluna.es\/wp-content\/uploads\/2015\/08\/PortaDelCel-072.jpg 760w\" alt=\"\" title=\"Graus\" width=\"555\" height=\"416\"  \/><\/a><\/p>\n\t\t\t<\/div>\n\n\t\t\n\t\t<div class=\"blog-content wf-td\">\n\t\t\t<h3 class=\"entry-title\"><a href=\"https:\/\/www.monta\u00f1asdelaluna.es\/?p=18021\" title=\"1 de julio del 2.014, martes. 1\u00ba Etapa: Tavasc\u00e1n-Graus\" rel=\"bookmark\">1 de julio del 2.014, martes. 1\u00ba Etapa: Tavasc\u00e1n-Graus<\/a><\/h3>\n\n\t\t\t<div class=\"entry-meta\"><span class=\"category-link\"><a href=\"https:\/\/www.monta\u00f1asdelaluna.es\/?cat=71\" rel=\"category\">Porta del Cel<\/a><\/span><a class=\"author vcard\" href=\"https:\/\/www.monta\u00f1asdelaluna.es\/?author=1\" title=\"Ver todas las publicaciones de Joaquin Terres\" rel=\"author\">Por <span class=\"fn\">Joaquin Terres<\/span><\/a><a href=\"https:\/\/www.monta\u00f1asdelaluna.es\/?m=20140701\" title=\"10:41 am\" class=\"data-link\" rel=\"bookmark\"><time class=\"entry-date updated\" datetime=\"2014-07-01T10:41:52+00:00\">1 julio, 2014<\/time><\/a><a href=\"https:\/\/www.monta\u00f1asdelaluna.es\/?p=18021#respond\" class=\"comment-link\" >Deja un comentario<\/a><\/div><p>[vc_row][vc_column][vc_column_text]Llego sobre las 13\u201930 a Tavasc\u00e1n desde Barcelona. Esto es el Valle de Card\u00f3s. El d\u00eda est\u00e1 nublado y amenaza lluvia y tormenta. Me queda subir a Graus, a su refugio. Tengo que equiparme y subir antes de que empiece a llover, y ya como arriba. Solo son 1\u201930 horas seg\u00fan tengo entendido por un&hellip;<\/p>\n\n<a href=\"https:\/\/www.monta\u00f1asdelaluna.es\/?p=18021\" class=\"details more-link\" aria-label=\"Read more about 1 de julio del 2.014, martes. 1\u00ba Etapa: Tavasc\u00e1n-Graus\" rel=\"nofollow\">Detalles<\/a>\n\n\t\t<\/div>\n\n\t<\/article>\n\n<\/div>\n<div class=\"wf-cell iso-item category-46\" data-post-id=\"22651\" data-date=\"2014-06-17T18:00:17+00:00\" data-name=\"Del Castell de Lla\u00e9s al Castell de Milany. Donde nacen las tormentas\">\n\t<article class=\"post post-22651 type-post status-publish format-standard has-post-thumbnail hentry category-girona category-46 description-off\">\n\n\t\t\n\t\t\t<div class=\"blog-media wf-td\">\n\n\t\t\t\t<p><a href=\"https:\/\/www.monta\u00f1asdelaluna.es\/?p=22651\" class=\"alignnone rollover layzr-bg\" ><img loading=\"lazy\" decoding=\"async\" class=\"preload-me iso-lazy-load\" src=\"data:image\/svg+xml,%3Csvg%20xmlns%3D&#39;http%3A%2F%2Fwww.w3.org%2F2000%2Fsvg&#39;%20viewBox%3D&#39;0%200%20555%20416&#39;%2F%3E\" data-src=\"https:\/\/www.monta\u00f1asdelaluna.es\/wp-content\/uploads\/2015\/10\/Llaes-209-555x416.jpg\" data-srcset=\"https:\/\/www.monta\u00f1asdelaluna.es\/wp-content\/uploads\/2015\/10\/Llaes-209-555x416.jpg 555w, https:\/\/www.monta\u00f1asdelaluna.es\/wp-content\/uploads\/2015\/10\/Llaes-209-1110x832.jpg 1110w\" alt=\"\" title=\"Vistas del valle de la Riera de Milany y al fondo Bellmunt\" width=\"555\" height=\"416\"  \/><\/a><\/p>\n\t\t\t<\/div>\n\n\t\t\n\t\t<div class=\"blog-content wf-td\">\n\t\t\t<h3 class=\"entry-title\"><a href=\"https:\/\/www.monta\u00f1asdelaluna.es\/?p=22651\" title=\"Del Castell de Lla\u00e9s al Castell de Milany. Donde nacen las tormentas\" rel=\"bookmark\">Del Castell de Lla\u00e9s al Castell de Milany. Donde nacen las tormentas<\/a><\/h3>\n\n\t\t\t<div class=\"entry-meta\"><span class=\"category-link\"><a href=\"https:\/\/www.monta\u00f1asdelaluna.es\/?cat=46\" rel=\"category\">Girona<\/a><\/span><a class=\"author vcard\" href=\"https:\/\/www.monta\u00f1asdelaluna.es\/?author=1\" title=\"Ver todas las publicaciones de Joaquin Terres\" rel=\"author\">Por <span class=\"fn\">Joaquin Terres<\/span><\/a><a href=\"https:\/\/www.monta\u00f1asdelaluna.es\/?m=20140617\" title=\"6:00 pm\" class=\"data-link\" rel=\"bookmark\"><time class=\"entry-date updated\" datetime=\"2014-06-17T18:00:17+00:00\">17 junio, 2014<\/time><\/a><a href=\"https:\/\/www.monta\u00f1asdelaluna.es\/?p=22651#respond\" class=\"comment-link\" >Deja un comentario<\/a><\/div><p>[vc_row][vc_column][vc_column_text]Parece un t\u00edtulo muy po\u00e9tico para el relato de una aventura, de un libro o de una pel\u00edcula. Pero la realidad es que pude comprobar in situ y despu\u00e9s a medida que observaba en los distintos d\u00edas siguientes los mapas de radar de precipitaci\u00f3n en los espacios del tiempo, como en un lugar del sur&hellip;<\/p>\n\n<a href=\"https:\/\/www.monta\u00f1asdelaluna.es\/?p=22651\" class=\"details more-link\" aria-label=\"Read more about Del Castell de Lla\u00e9s al Castell de Milany. Donde nacen las tormentas\" rel=\"nofollow\">Detalles<\/a>\n\n\t\t<\/div>\n\n\t<\/article>\n\n<\/div>\n<div class=\"wf-cell iso-item category-126\" data-post-id=\"32377\" data-date=\"2014-05-31T18:01:12+00:00\" data-name=\"El Hombro de la Punta Sabre\">\n\t<article class=\"post post-32377 type-post status-publish format-standard has-post-thumbnail hentry category-valle-del-cinca category-126 description-off\">\n\n\t\t\n\t\t\t<div class=\"blog-media wf-td\">\n\n\t\t\t\t<p><a href=\"https:\/\/www.monta\u00f1asdelaluna.es\/?p=32377\" class=\"alignnone rollover layzr-bg\" ><img loading=\"lazy\" decoding=\"async\" class=\"preload-me iso-lazy-load\" src=\"data:image\/svg+xml,%3Csvg%20xmlns%3D&#39;http%3A%2F%2Fwww.w3.org%2F2000%2Fsvg&#39;%20viewBox%3D&#39;0%200%20555%20416&#39;%2F%3E\" data-src=\"https:\/\/www.monta\u00f1asdelaluna.es\/wp-content\/uploads\/2016\/08\/Bachimala-193-555x416.jpg\" data-srcset=\"https:\/\/www.monta\u00f1asdelaluna.es\/wp-content\/uploads\/2016\/08\/Bachimala-193-555x416.jpg 555w, https:\/\/www.monta\u00f1asdelaluna.es\/wp-content\/uploads\/2016\/08\/Bachimala-193-1110x832.jpg 1110w\" alt=\"\" title=\"Pe\u00f1a l&#8217;Ixabre, detr\u00e1s se descubren las dos cimas de Las Espadas\" width=\"555\" height=\"416\"  \/><\/a><\/p>\n\t\t\t<\/div>\n\n\t\t\n\t\t<div class=\"blog-content wf-td\">\n\t\t\t<h3 class=\"entry-title\"><a href=\"https:\/\/www.monta\u00f1asdelaluna.es\/?p=32377\" title=\"El Hombro de la Punta Sabre\" rel=\"bookmark\">El Hombro de la Punta Sabre<\/a><\/h3>\n\n\t\t\t<div class=\"entry-meta\"><span class=\"category-link\"><a href=\"https:\/\/www.monta\u00f1asdelaluna.es\/?cat=126\" rel=\"category\">Valle del Cinca<\/a><\/span><a class=\"author vcard\" href=\"https:\/\/www.monta\u00f1asdelaluna.es\/?author=1\" title=\"Ver todas las publicaciones de Joaquin Terres\" rel=\"author\">Por <span class=\"fn\">Joaquin Terres<\/span><\/a><a href=\"https:\/\/www.monta\u00f1asdelaluna.es\/?m=20140531\" title=\"6:01 pm\" class=\"data-link\" rel=\"bookmark\"><time class=\"entry-date updated\" datetime=\"2014-05-31T18:01:12+00:00\">31 mayo, 2014<\/time><\/a><a href=\"https:\/\/www.monta\u00f1asdelaluna.es\/?p=32377#respond\" class=\"comment-link\" >Deja un comentario<\/a><\/div><p>[vc_row][vc_column][vc_column_text]Era la segunda vez que me acercaba al macizo del Bachimala. La \u00faltima vez fue en el puente de diciembre del a\u00f1o 2.006. Una intentona fallida por lo largo del recorrido, por la indisposici\u00f3n de Trino y por un tiempo no demasiado bueno. El caso es que quer\u00eda volver pero esta vez lo intentar\u00eda a&hellip;<\/p>\n\n<a href=\"https:\/\/www.monta\u00f1asdelaluna.es\/?p=32377\" class=\"details more-link\" aria-label=\"Read more about El Hombro de la Punta Sabre\" rel=\"nofollow\">Detalles<\/a>\n\n\t\t<\/div>\n\n\t<\/article>\n\n<\/div>\n<div class=\"wf-cell iso-item category-74\" data-post-id=\"24138\" data-date=\"2014-05-24T18:11:49+00:00\" data-name=\"La Grevolosa y el Mol\u00ed de Bracons\">\n\t<article class=\"post post-24138 type-post status-publish format-standard has-post-thumbnail hentry category-resto-de-barcelona category-74 description-off\">\n\n\t\t\n\t\t\t<div class=\"blog-media wf-td\">\n\n\t\t\t\t<p><a href=\"https:\/\/www.monta\u00f1asdelaluna.es\/?p=24138\" class=\"alignnone rollover layzr-bg\" ><img loading=\"lazy\" decoding=\"async\" class=\"preload-me iso-lazy-load\" src=\"data:image\/svg+xml,%3Csvg%20xmlns%3D&#39;http%3A%2F%2Fwww.w3.org%2F2000%2Fsvg&#39;%20viewBox%3D&#39;0%200%20555%20416&#39;%2F%3E\" data-src=\"https:\/\/www.monta\u00f1asdelaluna.es\/wp-content\/uploads\/2015\/10\/Grevolosa-096-555x416.jpg\" data-srcset=\"https:\/\/www.monta\u00f1asdelaluna.es\/wp-content\/uploads\/2015\/10\/Grevolosa-096-555x416.jpg 555w, https:\/\/www.monta\u00f1asdelaluna.es\/wp-content\/uploads\/2015\/10\/Grevolosa-096-1110x832.jpg 1110w\" alt=\"\" title=\"Hayedo de La Grevolosa\" width=\"555\" height=\"416\"  \/><\/a><\/p>\n\t\t\t<\/div>\n\n\t\t\n\t\t<div class=\"blog-content wf-td\">\n\t\t\t<h3 class=\"entry-title\"><a href=\"https:\/\/www.monta\u00f1asdelaluna.es\/?p=24138\" title=\"La Grevolosa y el Mol\u00ed de Bracons\" rel=\"bookmark\">La Grevolosa y el Mol\u00ed de Bracons<\/a><\/h3>\n\n\t\t\t<div class=\"entry-meta\"><span class=\"category-link\"><a href=\"https:\/\/www.monta\u00f1asdelaluna.es\/?cat=74\" rel=\"category\">Resto de Barcelona<\/a><\/span><a class=\"author vcard\" href=\"https:\/\/www.monta\u00f1asdelaluna.es\/?author=1\" title=\"Ver todas las publicaciones de Joaquin Terres\" rel=\"author\">Por <span class=\"fn\">Joaquin Terres<\/span><\/a><a href=\"https:\/\/www.monta\u00f1asdelaluna.es\/?m=20140524\" title=\"6:11 pm\" class=\"data-link\" rel=\"bookmark\"><time class=\"entry-date updated\" datetime=\"2014-05-24T18:11:49+00:00\">24 mayo, 2014<\/time><\/a><a href=\"https:\/\/www.monta\u00f1asdelaluna.es\/?p=24138#respond\" class=\"comment-link\" >Deja un comentario<\/a><\/div><p>[vc_row][vc_column][vc_column_text]Estaba esperando que llegara abril o mayo para poder hacer una visita a unos de los hayedos m\u00e1s famosos de Catalu\u00f1a: La Grevolosa. Y desde hace tiempo que oigo y leo sobre sus recorridos y lugares, y quiero organizar una excursi\u00f3n por la zona. Francesc Fabregat me dec\u00eda que si iba a La Grevolosa no&hellip;<\/p>\n\n<a href=\"https:\/\/www.monta\u00f1asdelaluna.es\/?p=24138\" class=\"details more-link\" aria-label=\"Read more about La Grevolosa y el Mol\u00ed de Bracons\" rel=\"nofollow\">Detalles<\/a>\n\n\t\t<\/div>\n\n\t<\/article>\n\n<\/div>\n<div class=\"wf-cell iso-item category-45\" data-post-id=\"30066\" data-date=\"2014-05-17T11:28:47+00:00\" data-name=\"Montalt y Els Tres Turons\">\n\t<article class=\"post post-30066 type-post status-publish format-standard has-post-thumbnail hentry category-corredor-i-montnegre category-45 description-off\">\n\n\t\t\n\t\t\t<div class=\"blog-media wf-td\">\n\n\t\t\t\t<p><a href=\"https:\/\/www.monta\u00f1asdelaluna.es\/?p=30066\" class=\"alignnone rollover layzr-bg\" ><img loading=\"lazy\" decoding=\"async\" class=\"preload-me iso-lazy-load\" src=\"data:image\/svg+xml,%3Csvg%20xmlns%3D&#39;http%3A%2F%2Fwww.w3.org%2F2000%2Fsvg&#39;%20viewBox%3D&#39;0%200%20555%20312&#39;%2F%3E\" data-src=\"https:\/\/www.monta\u00f1asdelaluna.es\/wp-content\/uploads\/2016\/06\/Montalt-109-555x312.jpg\" data-srcset=\"https:\/\/www.monta\u00f1asdelaluna.es\/wp-content\/uploads\/2016\/06\/Montalt-109-555x312.jpg 555w, https:\/\/www.monta\u00f1asdelaluna.es\/wp-content\/uploads\/2016\/06\/Montalt-109-1110x624.jpg 1110w\" alt=\"\" title=\"Entre el Montalt y la costa. Zona de Torrentb\u00f2\" width=\"555\" height=\"312\"  \/><\/a><\/p>\n\t\t\t<\/div>\n\n\t\t\n\t\t<div class=\"blog-content wf-td\">\n\t\t\t<h3 class=\"entry-title\"><a href=\"https:\/\/www.monta\u00f1asdelaluna.es\/?p=30066\" title=\"Montalt y Els Tres Turons\" rel=\"bookmark\">Montalt y Els Tres Turons<\/a><\/h3>\n\n\t\t\t<div class=\"entry-meta\"><span class=\"category-link\"><a href=\"https:\/\/www.monta\u00f1asdelaluna.es\/?cat=45\" rel=\"category\">Corredor i Montnegre<\/a><\/span><a class=\"author vcard\" href=\"https:\/\/www.monta\u00f1asdelaluna.es\/?author=1\" title=\"Ver todas las publicaciones de Joaquin Terres\" rel=\"author\">Por <span class=\"fn\">Joaquin Terres<\/span><\/a><a href=\"https:\/\/www.monta\u00f1asdelaluna.es\/?m=20140517\" title=\"11:28 am\" class=\"data-link\" rel=\"bookmark\"><time class=\"entry-date updated\" datetime=\"2014-05-17T11:28:47+00:00\">17 mayo, 2014<\/time><\/a><a href=\"https:\/\/www.monta\u00f1asdelaluna.es\/?p=30066#respond\" class=\"comment-link\" >Deja un comentario<\/a><\/div><p>[vc_row][vc_column][vc_column_text]Aprovecho la solitaria ma\u00f1ana del s\u00e1bado 17 de mayo para acercarme a uno de los rincones y monta\u00f1as que desde hace tiempo me llamaba la atenci\u00f3n en El Corredor: El Montalt. Las vistas del mismo desde la cima de El Corredor y su ubicaci\u00f3n en el mapa de Alpina, hac\u00edan que fuera un interesante y&hellip;<\/p>\n\n<a href=\"https:\/\/www.monta\u00f1asdelaluna.es\/?p=30066\" class=\"details more-link\" aria-label=\"Read more about Montalt y Els Tres Turons\" rel=\"nofollow\">Detalles<\/a>\n\n\t\t<\/div>\n\n\t<\/article>\n\n<\/div>\n<div class=\"wf-cell iso-item category-128\" data-post-id=\"28287\" data-date=\"2014-04-25T11:21:58+00:00\" data-name=\"Valle del N\u00e8re o deth H\u00f2ro en el Valle de Ar\u00e1n\">\n\t<article class=\"post post-28287 type-post status-publish format-standard has-post-thumbnail hentry category-alto-pirineo-catalan category-128 description-off\">\n\n\t\t\n\t\t\t<div class=\"blog-media wf-td\">\n\n\t\t\t\t<p><a href=\"https:\/\/www.monta\u00f1asdelaluna.es\/?p=28287\" class=\"alignnone rollover layzr-bg\" ><img loading=\"lazy\" decoding=\"async\" class=\"preload-me iso-lazy-load\" src=\"data:image\/svg+xml,%3Csvg%20xmlns%3D&#39;http%3A%2F%2Fwww.w3.org%2F2000%2Fsvg&#39;%20viewBox%3D&#39;0%200%20555%20312&#39;%2F%3E\" data-src=\"https:\/\/www.monta\u00f1asdelaluna.es\/wp-content\/uploads\/2016\/03\/Forcanada-091-555x312.jpg\" data-srcset=\"https:\/\/www.monta\u00f1asdelaluna.es\/wp-content\/uploads\/2016\/03\/Forcanada-091-555x312.jpg 555w, https:\/\/www.monta\u00f1asdelaluna.es\/wp-content\/uploads\/2016\/03\/Forcanada-091-1110x624.jpg 1110w\" alt=\"\" title=\"Amanece en la Forcanada y alto Valle del N\u00e8re\" width=\"555\" height=\"312\"  \/><\/a><\/p>\n\t\t\t<\/div>\n\n\t\t\n\t\t<div class=\"blog-content wf-td\">\n\t\t\t<h3 class=\"entry-title\"><a href=\"https:\/\/www.monta\u00f1asdelaluna.es\/?p=28287\" title=\"Valle del N\u00e8re o deth H\u00f2ro en el Valle de Ar\u00e1n\" rel=\"bookmark\">Valle del N\u00e8re o deth H\u00f2ro en el Valle de Ar\u00e1n<\/a><\/h3>\n\n\t\t\t<div class=\"entry-meta\"><span class=\"category-link\"><a href=\"https:\/\/www.monta\u00f1asdelaluna.es\/?cat=128\" rel=\"category\">Alto Pirineo Catal\u00e1n<\/a><\/span><a class=\"author vcard\" href=\"https:\/\/www.monta\u00f1asdelaluna.es\/?author=1\" title=\"Ver todas las publicaciones de Joaquin Terres\" rel=\"author\">Por <span class=\"fn\">Joaquin Terres<\/span><\/a><a href=\"https:\/\/www.monta\u00f1asdelaluna.es\/?m=20140425\" title=\"11:21 am\" class=\"data-link\" rel=\"bookmark\"><time class=\"entry-date updated\" datetime=\"2014-04-25T11:21:58+00:00\">25 abril, 2014<\/time><\/a><a href=\"https:\/\/www.monta\u00f1asdelaluna.es\/?p=28287#respond\" class=\"comment-link\" >Deja un comentario<\/a><\/div><p>[vc_row][vc_column][vc_column_text]La idea era acercarnos hasta las inmediaciones del incre\u00edble pico Forcanada. Dentro del macizo de los Montes Malditos pero m\u00e1s bien alejada de ellos, o del centro de los mismos, hac\u00eda el noreste del Aneto, se encuentra esta escarpada e impresionante monta\u00f1a con forma de bidente (casi tridente) como si fuera primo hermano de Els&hellip;<\/p>\n\n<a href=\"https:\/\/www.monta\u00f1asdelaluna.es\/?p=28287\" class=\"details more-link\" aria-label=\"Read more about Valle del N\u00e8re o deth H\u00f2ro en el Valle de Ar\u00e1n\" rel=\"nofollow\">Detalles<\/a>\n\n\t\t<\/div>\n\n\t<\/article>\n\n<\/div>\n<div class=\"wf-cell iso-item category-46\" data-post-id=\"31030\" data-date=\"2014-04-05T07:02:41+00:00\" data-name=\"Macizo de Les Salines\">\n\t<article class=\"post post-31030 type-post status-publish format-standard has-post-thumbnail hentry category-girona category-46 description-off\">\n\n\t\t\n\t\t\t<div class=\"blog-media wf-td\">\n\n\t\t\t\t<p><a href=\"https:\/\/www.monta\u00f1asdelaluna.es\/?p=31030\" class=\"alignnone rollover layzr-bg\" ><img loading=\"lazy\" decoding=\"async\" class=\"preload-me iso-lazy-load\" src=\"data:image\/svg+xml,%3Csvg%20xmlns%3D&#39;http%3A%2F%2Fwww.w3.org%2F2000%2Fsvg&#39;%20viewBox%3D&#39;0%200%20555%20416&#39;%2F%3E\" data-src=\"https:\/\/www.monta\u00f1asdelaluna.es\/wp-content\/uploads\/2016\/06\/Salines-262-555x416.jpg\" data-srcset=\"https:\/\/www.monta\u00f1asdelaluna.es\/wp-content\/uploads\/2016\/06\/Salines-262-555x416.jpg 555w, https:\/\/www.monta\u00f1asdelaluna.es\/wp-content\/uploads\/2016\/06\/Salines-262-1110x832.jpg 1110w\" alt=\"\" title=\"Magn\u00edfico hayedo\" width=\"555\" height=\"416\"  \/><\/a><\/p>\n\t\t\t<\/div>\n\n\t\t\n\t\t<div class=\"blog-content wf-td\">\n\t\t\t<h3 class=\"entry-title\"><a href=\"https:\/\/www.monta\u00f1asdelaluna.es\/?p=31030\" title=\"Macizo de Les Salines\" rel=\"bookmark\">Macizo de Les Salines<\/a><\/h3>\n\n\t\t\t<div class=\"entry-meta\"><span class=\"category-link\"><a href=\"https:\/\/www.monta\u00f1asdelaluna.es\/?cat=46\" rel=\"category\">Girona<\/a><\/span><a class=\"author vcard\" href=\"https:\/\/www.monta\u00f1asdelaluna.es\/?author=1\" title=\"Ver todas las publicaciones de Joaquin Terres\" rel=\"author\">Por <span class=\"fn\">Joaquin Terres<\/span><\/a><a href=\"https:\/\/www.monta\u00f1asdelaluna.es\/?m=20140405\" title=\"7:02 am\" class=\"data-link\" rel=\"bookmark\"><time class=\"entry-date updated\" datetime=\"2014-04-05T07:02:41+00:00\">5 abril, 2014<\/time><\/a><a href=\"https:\/\/www.monta\u00f1asdelaluna.es\/?p=31030#respond\" class=\"comment-link\" >Deja un comentario<\/a><\/div><p>[vc_row][vc_column][vc_column_text]Nuestro amigo Cuspidiano y giron\u00e9s Xavi (Xavi Xavi) nos llevar\u00e1 por uno de las monta\u00f1as y lugares m\u00e1s rec\u00f3nditos, solitarios pero a la vez espectaculares y hermosos del bajo Pirineo. Bajo Pirineo por que la altura de esta monta\u00f1a, este macizo, esta sierra no llega a los mil quinientos metros, pero forma parte de la&hellip;<\/p>\n\n<a href=\"https:\/\/www.monta\u00f1asdelaluna.es\/?p=31030\" class=\"details more-link\" aria-label=\"Read more about Macizo de Les Salines\" rel=\"nofollow\">Detalles<\/a>\n\n\t\t<\/div>\n\n\t<\/article>\n\n<\/div>\n<div class=\"wf-cell iso-item category-128\" data-post-id=\"28185\" data-date=\"2014-03-22T23:26:43+00:00\" data-name=\"Invernal a La Restanca\">\n\t<article class=\"post post-28185 type-post status-publish format-standard has-post-thumbnail hentry category-alto-pirineo-catalan category-128 description-off\">\n\n\t\t\n\t\t\t<div class=\"blog-media wf-td\">\n\n\t\t\t\t<p><a href=\"https:\/\/www.monta\u00f1asdelaluna.es\/?p=28185\" class=\"alignnone rollover layzr-bg\" ><img loading=\"lazy\" decoding=\"async\" class=\"preload-me iso-lazy-load\" src=\"data:image\/svg+xml,%3Csvg%20xmlns%3D&#39;http%3A%2F%2Fwww.w3.org%2F2000%2Fsvg&#39;%20viewBox%3D&#39;0%200%20555%20312&#39;%2F%3E\" data-src=\"https:\/\/www.monta\u00f1asdelaluna.es\/wp-content\/uploads\/2016\/03\/Restanca-091-555x312.jpg\" data-srcset=\"https:\/\/www.monta\u00f1asdelaluna.es\/wp-content\/uploads\/2016\/03\/Restanca-091-555x312.jpg 555w, https:\/\/www.monta\u00f1asdelaluna.es\/wp-content\/uploads\/2016\/03\/Restanca-091-1110x624.jpg 1110w\" alt=\"\" title=\"Atr\u00e1s queda el Refugio de La Restanca a orillas de su estany\" width=\"555\" height=\"312\"  \/><\/a><\/p>\n\t\t\t<\/div>\n\n\t\t\n\t\t<div class=\"blog-content wf-td\">\n\t\t\t<h3 class=\"entry-title\"><a href=\"https:\/\/www.monta\u00f1asdelaluna.es\/?p=28185\" title=\"Invernal a La Restanca\" rel=\"bookmark\">Invernal a La Restanca<\/a><\/h3>\n\n\t\t\t<div class=\"entry-meta\"><span class=\"category-link\"><a href=\"https:\/\/www.monta\u00f1asdelaluna.es\/?cat=128\" rel=\"category\">Alto Pirineo Catal\u00e1n<\/a><\/span><a class=\"author vcard\" href=\"https:\/\/www.monta\u00f1asdelaluna.es\/?author=1\" title=\"Ver todas las publicaciones de Joaquin Terres\" rel=\"author\">Por <span class=\"fn\">Joaquin Terres<\/span><\/a><a href=\"https:\/\/www.monta\u00f1asdelaluna.es\/?m=20140322\" title=\"11:26 pm\" class=\"data-link\" rel=\"bookmark\"><time class=\"entry-date updated\" datetime=\"2014-03-22T23:26:43+00:00\">22 marzo, 2014<\/time><\/a><a href=\"https:\/\/www.monta\u00f1asdelaluna.es\/?p=28185#respond\" class=\"comment-link\" >Deja un comentario<\/a><\/div><p>[vc_row][vc_column][vc_column_text]El\u00a0 Valle de Ar\u00e1n es uno de los valles o regiones m\u00e1s bonitas, atractivas e identificativos de los Pirineos. Mirando al norte es el \u00fanico valle dentro del Pirineo catal\u00e1n y dentro de la naci\u00f3n espa\u00f1ola con esta caracter\u00edstica; por ello sus diferenciaciones con el resto de la pen\u00ednsula de clima, morfolog\u00eda, y en el&hellip;<\/p>\n\n<a href=\"https:\/\/www.monta\u00f1asdelaluna.es\/?p=28185\" class=\"details more-link\" aria-label=\"Read more about Invernal a La Restanca\" rel=\"nofollow\">Detalles<\/a>\n\n\t\t<\/div>\n\n\t<\/article>\n\n<\/div>\n<div class=\"wf-cell iso-item category-120\" data-post-id=\"26713\" data-date=\"2014-03-15T08:26:28+00:00\" data-name=\"El Far y el Castell de Fornills\">\n\t<article class=\"post post-26713 type-post status-publish format-standard has-post-thumbnail hentry category-collsacabra-i-guilleries category-120 description-off\">\n\n\t\t\n\t\t\t<div class=\"blog-media wf-td\">\n\n\t\t\t\t<p><a href=\"https:\/\/www.monta\u00f1asdelaluna.es\/?p=26713\" class=\"alignnone rollover layzr-bg\" ><img loading=\"lazy\" decoding=\"async\" class=\"preload-me iso-lazy-load\" src=\"data:image\/svg+xml,%3Csvg%20xmlns%3D&#39;http%3A%2F%2Fwww.w3.org%2F2000%2Fsvg&#39;%20viewBox%3D&#39;0%200%20555%20416&#39;%2F%3E\" data-src=\"https:\/\/www.monta\u00f1asdelaluna.es\/wp-content\/uploads\/2016\/02\/ElFar-018-555x416.jpg\" data-srcset=\"https:\/\/www.monta\u00f1asdelaluna.es\/wp-content\/uploads\/2016\/02\/ElFar-018-555x416.jpg 555w, https:\/\/www.monta\u00f1asdelaluna.es\/wp-content\/uploads\/2016\/02\/ElFar-018-1110x832.jpg 1110w\" alt=\"\" title=\"El Far\" width=\"555\" height=\"416\"  \/><\/a><\/p>\n\t\t\t<\/div>\n\n\t\t\n\t\t<div class=\"blog-content wf-td\">\n\t\t\t<h3 class=\"entry-title\"><a href=\"https:\/\/www.monta\u00f1asdelaluna.es\/?p=26713\" title=\"El Far y el Castell de Fornills\" rel=\"bookmark\">El Far y el Castell de Fornills<\/a><\/h3>\n\n\t\t\t<div class=\"entry-meta\"><span class=\"category-link\"><a href=\"https:\/\/www.monta\u00f1asdelaluna.es\/?cat=120\" rel=\"category\">Collsacabra i Guilleries<\/a><\/span><a class=\"author vcard\" href=\"https:\/\/www.monta\u00f1asdelaluna.es\/?author=1\" title=\"Ver todas las publicaciones de Joaquin Terres\" rel=\"author\">Por <span class=\"fn\">Joaquin Terres<\/span><\/a><a href=\"https:\/\/www.monta\u00f1asdelaluna.es\/?m=20140315\" title=\"8:26 am\" class=\"data-link\" rel=\"bookmark\"><time class=\"entry-date updated\" datetime=\"2014-03-15T08:26:28+00:00\">15 marzo, 2014<\/time><\/a><a href=\"https:\/\/www.monta\u00f1asdelaluna.es\/?p=26713#respond\" class=\"comment-link\" >Deja un comentario<\/a><\/div><p>[vc_row][vc_column][vc_column_text]A parte de la visita a la Sierra de Cabrera, no hab\u00eda hecho ninguna excursi\u00f3n o recorrido por la m\u00edtica regi\u00f3n del Collsacabra. Los bosques, monta\u00f1as, rincones y desperdigados habitantes son \u00fanicos, originales y casi fascinantes. Es como internarte en un lugar repleto de historia y misticismo que el paso del tiempo ha respetado y&hellip;<\/p>\n\n<a href=\"https:\/\/www.monta\u00f1asdelaluna.es\/?p=26713\" class=\"details more-link\" aria-label=\"Read more about El Far y el Castell de Fornills\" rel=\"nofollow\">Detalles<\/a>\n\n\t\t<\/div>\n\n\t<\/article>\n\n<\/div>\n<div class=\"wf-cell iso-item category-130\" data-post-id=\"32968\" data-date=\"2014-03-08T14:41:33+00:00\" data-name=\"Sierra d&#039;Ensija. El Cap de La Gallina Pelada\">\n\t<article class=\"post post-32968 type-post status-publish format-standard has-post-thumbnail hentry category-pirineo-calizo-catalan category-130 description-off\">\n\n\t\t\n\t\t\t<div class=\"blog-media wf-td\">\n\n\t\t\t\t<p><a href=\"https:\/\/www.monta\u00f1asdelaluna.es\/?p=32968\" class=\"alignnone rollover layzr-bg\" ><img loading=\"lazy\" decoding=\"async\" class=\"preload-me iso-lazy-load\" src=\"data:image\/svg+xml,%3Csvg%20xmlns%3D&#39;http%3A%2F%2Fwww.w3.org%2F2000%2Fsvg&#39;%20viewBox%3D&#39;0%200%20555%20416&#39;%2F%3E\" data-src=\"https:\/\/www.monta\u00f1asdelaluna.es\/wp-content\/uploads\/2016\/08\/GallinaPelada-082-555x416.jpg\" data-srcset=\"https:\/\/www.monta\u00f1asdelaluna.es\/wp-content\/uploads\/2016\/08\/GallinaPelada-082-555x416.jpg 555w, https:\/\/www.monta\u00f1asdelaluna.es\/wp-content\/uploads\/2016\/08\/GallinaPelada-082-1110x832.jpg 1110w\" alt=\"\" title=\"Camino del Refugio Delgado \u00dabeda\" width=\"555\" height=\"416\"  \/><\/a><\/p>\n\t\t\t<\/div>\n\n\t\t\n\t\t<div class=\"blog-content wf-td\">\n\t\t\t<h3 class=\"entry-title\"><a href=\"https:\/\/www.monta\u00f1asdelaluna.es\/?p=32968\" title=\"Sierra d&#8217;Ensija. El Cap de La Gallina Pelada\" rel=\"bookmark\">Sierra d&#8217;Ensija. El Cap de La Gallina Pelada<\/a><\/h3>\n\n\t\t\t<div class=\"entry-meta\"><span class=\"category-link\"><a href=\"https:\/\/www.monta\u00f1asdelaluna.es\/?cat=130\" rel=\"category\">Pirineo Calizo Catal\u00e1n<\/a><\/span><a class=\"author vcard\" href=\"https:\/\/www.monta\u00f1asdelaluna.es\/?author=1\" title=\"Ver todas las publicaciones de Joaquin Terres\" rel=\"author\">Por <span class=\"fn\">Joaquin Terres<\/span><\/a><a href=\"https:\/\/www.monta\u00f1asdelaluna.es\/?m=20140308\" title=\"2:41 pm\" class=\"data-link\" rel=\"bookmark\"><time class=\"entry-date updated\" datetime=\"2014-03-08T14:41:33+00:00\">8 marzo, 2014<\/time><\/a><a href=\"https:\/\/www.monta\u00f1asdelaluna.es\/?p=32968#respond\" class=\"comment-link\" >Deja un comentario<\/a><\/div><p>[vc_row][vc_column][vc_column_text]Esta vez Kike nos lleva hasta el Prepirineo Barcelon\u00e9s para, aprovechando la nieve ca\u00edda este invierno, realizar una actividad de \u201calta monta\u00f1a\u201d usando las herramientas id\u00f3neas para pisar la blanda y abundante nieve: las raquetas. La actividad: \u201cuna raqueteda\u201d. El lugar escogido es una monta\u00f1a sobresaliente y casi recluida a un segundo plano, inmerecido, por&hellip;<\/p>\n\n<a href=\"https:\/\/www.monta\u00f1asdelaluna.es\/?p=32968\" class=\"details more-link\" aria-label=\"Read more about Sierra d&#8217;Ensija. El Cap de La Gallina Pelada\" rel=\"nofollow\">Detalles<\/a>\n\n\t\t<\/div>\n\n\t<\/article>\n\n<\/div>\n<div class=\"wf-cell iso-item category-131\" data-post-id=\"33636\" data-date=\"2014-03-01T07:17:22+00:00\" data-name=\"Les Agudes desde Santa Fe\">\n\t<article class=\"post post-33636 type-post status-publish format-standard has-post-thumbnail hentry category-turo-de-lhome category-131 description-off\">\n\n\t\t\n\t\t\t<div class=\"blog-media wf-td\">\n\n\t\t\t\t<p><a href=\"https:\/\/www.monta\u00f1asdelaluna.es\/?p=33636\" class=\"alignnone rollover layzr-bg\" ><img loading=\"lazy\" decoding=\"async\" class=\"preload-me iso-lazy-load\" src=\"data:image\/svg+xml,%3Csvg%20xmlns%3D&#39;http%3A%2F%2Fwww.w3.org%2F2000%2Fsvg&#39;%20viewBox%3D&#39;0%200%20555%20416&#39;%2F%3E\" data-src=\"https:\/\/www.monta\u00f1asdelaluna.es\/wp-content\/uploads\/2016\/09\/Les-agudes-118-555x416.jpg\" data-srcset=\"https:\/\/www.monta\u00f1asdelaluna.es\/wp-content\/uploads\/2016\/09\/Les-agudes-118-555x416.jpg 555w, https:\/\/www.monta\u00f1asdelaluna.es\/wp-content\/uploads\/2016\/09\/Les-agudes-118-1110x832.jpg 1110w\" alt=\"\" title=\"Anna y Joaqu\u00edn en la cima de Les Agudes, 1.706 mts., detr\u00e1s el Matagalls\" width=\"555\" height=\"416\"  \/><\/a><\/p>\n\t\t\t<\/div>\n\n\t\t\n\t\t<div class=\"blog-content wf-td\">\n\t\t\t<h3 class=\"entry-title\"><a href=\"https:\/\/www.monta\u00f1asdelaluna.es\/?p=33636\" title=\"Les Agudes desde Santa Fe\" rel=\"bookmark\">Les Agudes desde Santa Fe<\/a><\/h3>\n\n\t\t\t<div class=\"entry-meta\"><span class=\"category-link\"><a href=\"https:\/\/www.monta\u00f1asdelaluna.es\/?cat=131\" rel=\"category\">Tur\u00f3 de l'Home<\/a><\/span><a class=\"author vcard\" href=\"https:\/\/www.monta\u00f1asdelaluna.es\/?author=1\" title=\"Ver todas las publicaciones de Joaquin Terres\" rel=\"author\">Por <span class=\"fn\">Joaquin Terres<\/span><\/a><a href=\"https:\/\/www.monta\u00f1asdelaluna.es\/?m=20140301\" title=\"7:17 am\" class=\"data-link\" rel=\"bookmark\"><time class=\"entry-date updated\" datetime=\"2014-03-01T07:17:22+00:00\">1 marzo, 2014<\/time><\/a><a href=\"https:\/\/www.monta\u00f1asdelaluna.es\/?p=33636#respond\" class=\"comment-link\" >Deja un comentario<\/a><\/div><p>[vc_row][vc_column][vc_column_text]De nuevo el Montseny. De tanto en tanto me gusta acercarme al Montseny y pasearme o recorrerme sus impresionantes hayedos y sus altas cumbres. Esta vez vuelvo a Santa Fe para, desde all\u00ed, subir a Les Agudes, la segunda cumbre del macizo en altura y tercera en importancia, y a la vez recorrerme su bello&hellip;<\/p>\n\n<a href=\"https:\/\/www.monta\u00f1asdelaluna.es\/?p=33636\" class=\"details more-link\" aria-label=\"Read more about Les Agudes desde Santa Fe\" rel=\"nofollow\">Detalles<\/a>\n\n\t\t<\/div>\n\n\t<\/article>\n\n<\/div>\n<div class=\"wf-cell iso-item category-51\" data-post-id=\"23545\" data-date=\"2014-02-15T18:26:28+00:00\" data-name=\"Castellsapera y La Roca del Corb\">\n\t<article class=\"post post-23545 type-post status-publish format-standard has-post-thumbnail hentry category-sant-llorenc-del-munt category-51 description-off\">\n\n\t\t\n\t\t\t<div class=\"blog-media wf-td\">\n\n\t\t\t\t<p><a href=\"https:\/\/www.monta\u00f1asdelaluna.es\/?p=23545\" class=\"alignnone rollover layzr-bg\" ><img loading=\"lazy\" decoding=\"async\" class=\"preload-me iso-lazy-load\" src=\"data:image\/svg+xml,%3Csvg%20xmlns%3D&#39;http%3A%2F%2Fwww.w3.org%2F2000%2Fsvg&#39;%20viewBox%3D&#39;0%200%20555%20312&#39;%2F%3E\" data-src=\"https:\/\/www.monta\u00f1asdelaluna.es\/wp-content\/uploads\/2015\/10\/Castellsapera-007-555x312.jpg\" data-srcset=\"https:\/\/www.monta\u00f1asdelaluna.es\/wp-content\/uploads\/2015\/10\/Castellsapera-007-555x312.jpg 555w, https:\/\/www.monta\u00f1asdelaluna.es\/wp-content\/uploads\/2015\/10\/Castellsapera-007-1110x624.jpg 1110w\" alt=\"\" title=\"Arriba el Castellsapera\" width=\"555\" height=\"312\"  \/><\/a><\/p>\n\t\t\t<\/div>\n\n\t\t\n\t\t<div class=\"blog-content wf-td\">\n\t\t\t<h3 class=\"entry-title\"><a href=\"https:\/\/www.monta\u00f1asdelaluna.es\/?p=23545\" title=\"Castellsapera y La Roca del Corb\" rel=\"bookmark\">Castellsapera y La Roca del Corb<\/a><\/h3>\n\n\t\t\t<div class=\"entry-meta\"><span class=\"category-link\"><a href=\"https:\/\/www.monta\u00f1asdelaluna.es\/?cat=51\" rel=\"category\">Sant Lloren\u00e7 del Munt<\/a><\/span><a class=\"author vcard\" href=\"https:\/\/www.monta\u00f1asdelaluna.es\/?author=1\" title=\"Ver todas las publicaciones de Joaquin Terres\" rel=\"author\">Por <span class=\"fn\">Joaquin Terres<\/span><\/a><a href=\"https:\/\/www.monta\u00f1asdelaluna.es\/?m=20140215\" title=\"6:26 pm\" class=\"data-link\" rel=\"bookmark\"><time class=\"entry-date updated\" datetime=\"2014-02-15T18:26:28+00:00\">15 febrero, 2014<\/time><\/a><a href=\"https:\/\/www.monta\u00f1asdelaluna.es\/?p=23545#respond\" class=\"comment-link\" >Deja un comentario<\/a><\/div><p>[vc_row][vc_column][vc_column_text]Hac\u00eda tiempo que ten\u00eda cierto inter\u00e9s por visitar y conocer esta, casi desconocida monta\u00f1a, fuera del habitual entorno visitado del P. N. de Sant Lloren\u00e7 del Munt i l\u2019Obac. A la sombra de La Mola y el Montcau, el Castellsapera queda relegado, injustamente, en un segundo plano entre las cimas m\u00e1s distinguidas y relevantes del&hellip;<\/p>\n\n<a href=\"https:\/\/www.monta\u00f1asdelaluna.es\/?p=23545\" class=\"details more-link\" aria-label=\"Read more about Castellsapera y La Roca del Corb\" rel=\"nofollow\">Detalles<\/a>\n\n\t\t<\/div>\n\n\t<\/article>\n\n<\/div>\n<div class=\"wf-cell iso-item category-91\" data-post-id=\"33136\" data-date=\"2014-01-12T06:01:19+00:00\" data-name=\"Vall d&#039;Incles y La Tosa de Juclar\">\n\t<article class=\"post post-33136 type-post status-publish format-standard has-post-thumbnail hentry category-pirineo-frances-y-andorra category-91 description-off\">\n\n\t\t\n\t\t\t<div class=\"blog-media wf-td\">\n\n\t\t\t\t<p><a href=\"https:\/\/www.monta\u00f1asdelaluna.es\/?p=33136\" class=\"alignnone rollover layzr-bg\" ><img loading=\"lazy\" decoding=\"async\" class=\"preload-me iso-lazy-load\" src=\"data:image\/svg+xml,%3Csvg%20xmlns%3D&#39;http%3A%2F%2Fwww.w3.org%2F2000%2Fsvg&#39;%20viewBox%3D&#39;0%200%20555%20416&#39;%2F%3E\" data-src=\"https:\/\/www.monta\u00f1asdelaluna.es\/wp-content\/uploads\/2016\/08\/andorraPirineos-075A-555x416.jpg\" data-srcset=\"https:\/\/www.monta\u00f1asdelaluna.es\/wp-content\/uploads\/2016\/08\/andorraPirineos-075A-555x416.jpg 555w, https:\/\/www.monta\u00f1asdelaluna.es\/wp-content\/uploads\/2016\/08\/andorraPirineos-075A-1110x832.jpg 1110w\" alt=\"\" title=\"Joaqu\u00edn fotografiando el atardecer en el Pirineo de Andorra\" width=\"555\" height=\"416\"  \/><\/a><\/p>\n\t\t\t<\/div>\n\n\t\t\n\t\t<div class=\"blog-content wf-td\">\n\t\t\t<h3 class=\"entry-title\"><a href=\"https:\/\/www.monta\u00f1asdelaluna.es\/?p=33136\" title=\"Vall d&#8217;Incles y La Tosa de Juclar\" rel=\"bookmark\">Vall d&#8217;Incles y La Tosa de Juclar<\/a><\/h3>\n\n\t\t\t<div class=\"entry-meta\"><span class=\"category-link\"><a href=\"https:\/\/www.monta\u00f1asdelaluna.es\/?cat=91\" rel=\"category\">Pirineo franc\u00e9s y Andorra<\/a><\/span><a class=\"author vcard\" href=\"https:\/\/www.monta\u00f1asdelaluna.es\/?author=1\" title=\"Ver todas las publicaciones de Joaquin Terres\" rel=\"author\">Por <span class=\"fn\">Joaquin Terres<\/span><\/a><a href=\"https:\/\/www.monta\u00f1asdelaluna.es\/?m=20140112\" title=\"6:01 am\" class=\"data-link\" rel=\"bookmark\"><time class=\"entry-date updated\" datetime=\"2014-01-12T06:01:19+00:00\">12 enero, 2014<\/time><\/a><a href=\"https:\/\/www.monta\u00f1asdelaluna.es\/?p=33136#respond\" class=\"comment-link\" >Deja un comentario<\/a><\/div><p>[vc_row][vc_column][vc_column_text]Toni ya ten\u00eda mono de alta monta\u00f1a, de hacer un corredor, y despu\u00e9s de la nieve ca\u00edda a principios de diciembre, finales de noviembre, parec\u00eda que las condiciones eran id\u00f3neas. Viendo alg\u00fan librillo de gu\u00edas de corredores de su viejo amigo Paco Krestas, y por alguna rese\u00f1a en el MadTeam e internet, propone acercarnos al&hellip;<\/p>\n\n<a href=\"https:\/\/www.monta\u00f1asdelaluna.es\/?p=33136\" class=\"details more-link\" aria-label=\"Read more about Vall d&#8217;Incles y La Tosa de Juclar\" rel=\"nofollow\">Detalles<\/a>\n\n\t\t<\/div>\n\n\t<\/article>\n\n<\/div>\n<div class=\"wf-cell iso-item category-89\" data-post-id=\"27032\" data-date=\"2013-12-28T20:25:25+00:00\" data-name=\"El Maigm\u00f3 y el Balc\u00f3n de Alicante\">\n\t<article class=\"post post-27032 type-post status-publish format-standard has-post-thumbnail hentry category-sierras-del-maigmo-y-cid category-89 description-off\">\n\n\t\t\n\t\t\t<div class=\"blog-media wf-td\">\n\n\t\t\t\t<p><a href=\"https:\/\/www.monta\u00f1asdelaluna.es\/?p=27032\" class=\"alignnone rollover layzr-bg\" ><img loading=\"lazy\" decoding=\"async\" class=\"preload-me iso-lazy-load\" src=\"data:image\/svg+xml,%3Csvg%20xmlns%3D&#39;http%3A%2F%2Fwww.w3.org%2F2000%2Fsvg&#39;%20viewBox%3D&#39;0%200%20555%20312&#39;%2F%3E\" data-src=\"https:\/\/www.monta\u00f1asdelaluna.es\/wp-content\/uploads\/2013\/12\/cima-del-maigmo-1-296-mts-555x312.jpg\" data-srcset=\"https:\/\/www.monta\u00f1asdelaluna.es\/wp-content\/uploads\/2013\/12\/cima-del-maigmo-1-296-mts-555x312.jpg 555w, https:\/\/www.monta\u00f1asdelaluna.es\/wp-content\/uploads\/2013\/12\/cima-del-maigmo-1-296-mts-1110x624.jpg 1110w\" alt=\"\" title=\"Cima del Maigm\u00f3, 1.296 mts.\" width=\"555\" height=\"312\"  \/><\/a><\/p>\n\t\t\t<\/div>\n\n\t\t\n\t\t<div class=\"blog-content wf-td\">\n\t\t\t<h3 class=\"entry-title\"><a href=\"https:\/\/www.monta\u00f1asdelaluna.es\/?p=27032\" title=\"El Maigm\u00f3 y el Balc\u00f3n de Alicante\" rel=\"bookmark\">El Maigm\u00f3 y el Balc\u00f3n de Alicante<\/a><\/h3>\n\n\t\t\t<div class=\"entry-meta\"><span class=\"category-link\"><a href=\"https:\/\/www.monta\u00f1asdelaluna.es\/?cat=89\" rel=\"category\">Sierras del Maigm\u00f3 y Cid<\/a><\/span><a class=\"author vcard\" href=\"https:\/\/www.monta\u00f1asdelaluna.es\/?author=1\" title=\"Ver todas las publicaciones de Joaquin Terres\" rel=\"author\">Por <span class=\"fn\">Joaquin Terres<\/span><\/a><a href=\"https:\/\/www.monta\u00f1asdelaluna.es\/?m=20131228\" title=\"8:25 pm\" class=\"data-link\" rel=\"bookmark\"><time class=\"entry-date updated\" datetime=\"2013-12-28T20:25:25+00:00\">28 diciembre, 2013<\/time><\/a><a href=\"https:\/\/www.monta\u00f1asdelaluna.es\/?p=27032#respond\" class=\"comment-link\" >Deja un comentario<\/a><\/div><p>[vc_row][vc_column][vc_column_text]Bonitos y entra\u00f1ables recuerdos me traen esta monta\u00f1a, de mis primeras salidas a las monta\u00f1as alicantinas. Mi primo Miguel \u00c1ngel ya me trajo por primera vez cuando comenzaba a ser un joven adolescente, y su majestuoso y cuidado bosque de pino carrasco me impresion\u00f3 por su belleza y frondosidad; tan cerca de lugares subdes\u00e9rticos como&hellip;<\/p>\n\n<a href=\"https:\/\/www.monta\u00f1asdelaluna.es\/?p=27032\" class=\"details more-link\" aria-label=\"Read more about El Maigm\u00f3 y el Balc\u00f3n de Alicante\" rel=\"nofollow\">Detalles<\/a>\n\n\t\t<\/div>\n\n\t<\/article>\n\n<\/div>\n<div class=\"wf-cell iso-item category-72\" data-post-id=\"19932\" data-date=\"2013-12-21T17:08:49+00:00\" data-name=\"Serralada de Marina por la Font de l&#039;Amig\u00f2\">\n\t<article class=\"post post-19932 type-post status-publish format-standard has-post-thumbnail hentry category-serralada-de-marina-y-litoral category-72 description-off\">\n\n\t\t\n\t\t\t<div class=\"blog-media wf-td\">\n\n\t\t\t\t<p><a href=\"https:\/\/www.monta\u00f1asdelaluna.es\/?p=19932\" class=\"alignnone rollover layzr-bg\" ><img loading=\"lazy\" decoding=\"async\" class=\"preload-me iso-lazy-load\" src=\"data:image\/svg+xml,%3Csvg%20xmlns%3D&#39;http%3A%2F%2Fwww.w3.org%2F2000%2Fsvg&#39;%20viewBox%3D&#39;0%200%20555%20416&#39;%2F%3E\" data-src=\"https:\/\/www.monta\u00f1asdelaluna.es\/wp-content\/uploads\/2015\/08\/Marina-039-555x416.jpg\" data-srcset=\"https:\/\/www.monta\u00f1asdelaluna.es\/wp-content\/uploads\/2015\/08\/Marina-039-555x416.jpg 555w, https:\/\/www.monta\u00f1asdelaluna.es\/wp-content\/uploads\/2015\/08\/Marina-039.jpg 751w\" alt=\"\" title=\"Vall de Reixac\" width=\"555\" height=\"416\"  \/><\/a><\/p>\n\t\t\t<\/div>\n\n\t\t\n\t\t<div class=\"blog-content wf-td\">\n\t\t\t<h3 class=\"entry-title\"><a href=\"https:\/\/www.monta\u00f1asdelaluna.es\/?p=19932\" title=\"Serralada de Marina por la Font de l&#8217;Amig\u00f2\" rel=\"bookmark\">Serralada de Marina por la Font de l&#8217;Amig\u00f2<\/a><\/h3>\n\n\t\t\t<div class=\"entry-meta\"><span class=\"category-link\"><a href=\"https:\/\/www.monta\u00f1asdelaluna.es\/?cat=72\" rel=\"category\">Serralada de Marina y Litoral<\/a><\/span><a class=\"author vcard\" href=\"https:\/\/www.monta\u00f1asdelaluna.es\/?author=1\" title=\"Ver todas las publicaciones de Joaquin Terres\" rel=\"author\">Por <span class=\"fn\">Joaquin Terres<\/span><\/a><a href=\"https:\/\/www.monta\u00f1asdelaluna.es\/?m=20131221\" title=\"5:08 pm\" class=\"data-link\" rel=\"bookmark\"><time class=\"entry-date updated\" datetime=\"2013-12-21T17:08:49+00:00\">21 diciembre, 2013<\/time><\/a><a href=\"https:\/\/www.monta\u00f1asdelaluna.es\/?p=19932#respond\" class=\"comment-link\" >Deja un comentario<\/a><\/div><p>[vc_row][vc_column][vc_column_text]Os presento una corta ruta que se pude hacer en menos de 4 horas. Ideal para una ma\u00f1ana pudiendo regresar a comer a casa. El recorrido es muy cercano a la urbe de Barcelona saliendo por sus radiales norte, de forma que se puede utilizar como medio de transporte, aparte del coche, el tren de&hellip;<\/p>\n\n<a href=\"https:\/\/www.monta\u00f1asdelaluna.es\/?p=19932\" class=\"details more-link\" aria-label=\"Read more about Serralada de Marina por la Font de l&#8217;Amig\u00f2\" rel=\"nofollow\">Detalles<\/a>\n\n\t\t<\/div>\n\n\t<\/article>\n\n<\/div>\n<div class=\"wf-cell iso-item category-128\" data-post-id=\"23088\" data-date=\"2013-12-14T09:06:01+00:00\" data-name=\"Pico de Saboredo desde Amitges\">\n\t<article class=\"post post-23088 type-post status-publish format-standard has-post-thumbnail hentry category-alto-pirineo-catalan category-128 description-off\">\n\n\t\t\n\t\t\t<div class=\"blog-media wf-td\">\n\n\t\t\t\t<p><a href=\"https:\/\/www.monta\u00f1asdelaluna.es\/?p=23088\" class=\"alignnone rollover layzr-bg\" ><img loading=\"lazy\" decoding=\"async\" class=\"preload-me iso-lazy-load\" src=\"data:image\/svg+xml,%3Csvg%20xmlns%3D&#39;http%3A%2F%2Fwww.w3.org%2F2000%2Fsvg&#39;%20viewBox%3D&#39;0%200%20555%20416&#39;%2F%3E\" data-src=\"https:\/\/www.monta\u00f1asdelaluna.es\/wp-content\/uploads\/2015\/10\/Saboredo-053-555x416.jpg\" data-srcset=\"https:\/\/www.monta\u00f1asdelaluna.es\/wp-content\/uploads\/2015\/10\/Saboredo-053-555x416.jpg 555w, https:\/\/www.monta\u00f1asdelaluna.es\/wp-content\/uploads\/2015\/10\/Saboredo-053.jpg 751w\" alt=\"\" title=\"Atardeciendo en Pico de Saboredo, Pico y Agulles d&#8217;Amitges\" width=\"555\" height=\"416\"  \/><\/a><\/p>\n\t\t\t<\/div>\n\n\t\t\n\t\t<div class=\"blog-content wf-td\">\n\t\t\t<h3 class=\"entry-title\"><a href=\"https:\/\/www.monta\u00f1asdelaluna.es\/?p=23088\" title=\"Pico de Saboredo desde Amitges\" rel=\"bookmark\">Pico de Saboredo desde Amitges<\/a><\/h3>\n\n\t\t\t<div class=\"entry-meta\"><span class=\"category-link\"><a href=\"https:\/\/www.monta\u00f1asdelaluna.es\/?cat=128\" rel=\"category\">Alto Pirineo Catal\u00e1n<\/a><\/span><a class=\"author vcard\" href=\"https:\/\/www.monta\u00f1asdelaluna.es\/?author=1\" title=\"Ver todas las publicaciones de Joaquin Terres\" rel=\"author\">Por <span class=\"fn\">Joaquin Terres<\/span><\/a><a href=\"https:\/\/www.monta\u00f1asdelaluna.es\/?m=20131214\" title=\"9:06 am\" class=\"data-link\" rel=\"bookmark\"><time class=\"entry-date updated\" datetime=\"2013-12-14T09:06:01+00:00\">14 diciembre, 2013<\/time><\/a><a href=\"https:\/\/www.monta\u00f1asdelaluna.es\/?p=23088#respond\" class=\"comment-link\" >Deja un comentario<\/a><\/div><p>[vc_row][vc_column][vc_column_text]En un principio mi intenci\u00f3n en esta nueva temporada invernal, era acercarnos al Bachimala desde el Valle de CHistau para alcanzar su cumbre. Pero las abundantes nevadas en el mes de noviembre y principios de diciembre y a tan baja altura que llenaron todos los fondos de los valles pirenaicos, nos imped\u00eda llegar al Refugio&hellip;<\/p>\n\n<a href=\"https:\/\/www.monta\u00f1asdelaluna.es\/?p=23088\" class=\"details more-link\" aria-label=\"Read more about Pico de Saboredo desde Amitges\" rel=\"nofollow\">Detalles<\/a>\n\n\t\t<\/div>\n\n\t<\/article>\n\n<\/div>\n<div class=\"wf-cell iso-item category-46\" data-post-id=\"20356\" data-date=\"2013-11-30T16:23:39+00:00\" data-name=\"Sierra dels Bufadors y de Lla\u00e9s\">\n\t<article class=\"post post-20356 type-post status-publish format-standard has-post-thumbnail hentry category-girona category-46 description-off\">\n\n\t\t\n\t\t\t<div class=\"blog-media wf-td\">\n\n\t\t\t\t<p><a href=\"https:\/\/www.monta\u00f1asdelaluna.es\/?p=20356\" class=\"alignnone rollover layzr-bg\" ><img loading=\"lazy\" decoding=\"async\" class=\"preload-me iso-lazy-load\" src=\"data:image\/svg+xml,%3Csvg%20xmlns%3D&#39;http%3A%2F%2Fwww.w3.org%2F2000%2Fsvg&#39;%20viewBox%3D&#39;0%200%20555%20416&#39;%2F%3E\" data-src=\"https:\/\/www.monta\u00f1asdelaluna.es\/wp-content\/uploads\/2015\/08\/LlaesBufadors-186B-555x416.jpg\" data-srcset=\"https:\/\/www.monta\u00f1asdelaluna.es\/wp-content\/uploads\/2015\/08\/LlaesBufadors-186B-555x416.jpg 555w, https:\/\/www.monta\u00f1asdelaluna.es\/wp-content\/uploads\/2015\/08\/LlaesBufadors-186B.jpg 960w\" alt=\"\" title=\"Castell de Lla\u00e8s y detr\u00e1s el Pirineo nevado\" width=\"555\" height=\"416\"  \/><\/a><\/p>\n\t\t\t<\/div>\n\n\t\t\n\t\t<div class=\"blog-content wf-td\">\n\t\t\t<h3 class=\"entry-title\"><a href=\"https:\/\/www.monta\u00f1asdelaluna.es\/?p=20356\" title=\"Sierra dels Bufadors y de Lla\u00e9s\" rel=\"bookmark\">Sierra dels Bufadors y de Lla\u00e9s<\/a><\/h3>\n\n\t\t\t<div class=\"entry-meta\"><span class=\"category-link\"><a href=\"https:\/\/www.monta\u00f1asdelaluna.es\/?cat=46\" rel=\"category\">Girona<\/a><\/span><a class=\"author vcard\" href=\"https:\/\/www.monta\u00f1asdelaluna.es\/?author=1\" title=\"Ver todas las publicaciones de Joaquin Terres\" rel=\"author\">Por <span class=\"fn\">Joaquin Terres<\/span><\/a><a href=\"https:\/\/www.monta\u00f1asdelaluna.es\/?m=20131130\" title=\"4:23 pm\" class=\"data-link\" rel=\"bookmark\"><time class=\"entry-date updated\" datetime=\"2013-11-30T16:23:39+00:00\">30 noviembre, 2013<\/time><\/a><a href=\"https:\/\/www.monta\u00f1asdelaluna.es\/?p=20356#respond\" class=\"comment-link\" >Deja un comentario<\/a><\/div><p>[vc_row][vc_column][vc_column_text]Esta vez, en nuestra segunda comida-reuni\u00f3n-actividad \u201cprenadalenca\u201d de Cuspidianos, Kike nos ha preparado una sorprendente marcha por los lugares, bosques y rincones de Lla\u00e9s y la Sierra dels Bufadors. Aunque tenemos que acercarnos a estos lugares desde Santa Mar\u00eda de Besora (Barcelona) todo el recorrido se hace dentro del termino municipal de Ripoll (Girona), en&hellip;<\/p>\n\n<a href=\"https:\/\/www.monta\u00f1asdelaluna.es\/?p=20356\" class=\"details more-link\" aria-label=\"Read more about Sierra dels Bufadors y de Lla\u00e9s\" rel=\"nofollow\">Detalles<\/a>\n\n\t\t<\/div>\n\n\t<\/article>\n\n<\/div>\n<div class=\"wf-cell iso-item category-48\" data-post-id=\"17253\" data-date=\"2013-11-23T14:39:43+00:00\" data-name=\"Roca Corbatera en el Montsant. El Techo del Priorat\">\n\t<article class=\"post post-17253 type-post status-publish format-standard has-post-thumbnail hentry category-tarragona category-48 description-off\">\n\n\t\t\n\t\t\t<div class=\"blog-media wf-td\">\n\n\t\t\t\t<p><a href=\"https:\/\/www.monta\u00f1asdelaluna.es\/?p=17253\" class=\"alignnone rollover layzr-bg\" ><img loading=\"lazy\" decoding=\"async\" class=\"preload-me iso-lazy-load\" src=\"data:image\/svg+xml,%3Csvg%20xmlns%3D&#39;http%3A%2F%2Fwww.w3.org%2F2000%2Fsvg&#39;%20viewBox%3D&#39;0%200%20555%20416&#39;%2F%3E\" data-src=\"https:\/\/www.monta\u00f1asdelaluna.es\/wp-content\/uploads\/2015\/08\/Monsant13-145-555x416.jpg\" data-srcset=\"https:\/\/www.monta\u00f1asdelaluna.es\/wp-content\/uploads\/2015\/08\/Monsant13-145-555x416.jpg 555w, https:\/\/www.monta\u00f1asdelaluna.es\/wp-content\/uploads\/2015\/08\/Monsant13-145.jpg 751w\" alt=\"\" title=\"Atr\u00e1s queda la Mare de D\u00e8u de Montsant\" width=\"555\" height=\"416\"  \/><\/a><\/p>\n\t\t\t<\/div>\n\n\t\t\n\t\t<div class=\"blog-content wf-td\">\n\t\t\t<h3 class=\"entry-title\"><a href=\"https:\/\/www.monta\u00f1asdelaluna.es\/?p=17253\" title=\"Roca Corbatera en el Montsant. El Techo del Priorat\" rel=\"bookmark\">Roca Corbatera en el Montsant. El Techo del Priorat<\/a><\/h3>\n\n\t\t\t<div class=\"entry-meta\"><span class=\"category-link\"><a href=\"https:\/\/www.monta\u00f1asdelaluna.es\/?cat=48\" rel=\"category\">Tarragona<\/a><\/span><a class=\"author vcard\" href=\"https:\/\/www.monta\u00f1asdelaluna.es\/?author=1\" title=\"Ver todas las publicaciones de Joaquin Terres\" rel=\"author\">Por <span class=\"fn\">Joaquin Terres<\/span><\/a><a href=\"https:\/\/www.monta\u00f1asdelaluna.es\/?m=20131123\" title=\"2:39 pm\" class=\"data-link\" rel=\"bookmark\"><time class=\"entry-date updated\" datetime=\"2013-11-23T14:39:43+00:00\">23 noviembre, 2013<\/time><\/a><a href=\"https:\/\/www.monta\u00f1asdelaluna.es\/?p=17253#respond\" class=\"comment-link\" >Deja un comentario<\/a><\/div><p>[vc_row][vc_column][vc_column_text]Siempre me hab\u00eda llamado la atenci\u00f3n la Sierra de Montsant. Lo hab\u00eda estudiado en mis libros y atlas de geograf\u00eda como una de las sierras o monta\u00f1as m\u00e1s representativa de Catalu\u00f1a; y sobre todo de Tarragona. Y ya despu\u00e9s de 3 a\u00f1os viviendo en Catalu\u00f1a ya iba siendo hora de volver a mirar hac\u00eda las&hellip;<\/p>\n\n<a href=\"https:\/\/www.monta\u00f1asdelaluna.es\/?p=17253\" class=\"details more-link\" aria-label=\"Read more about Roca Corbatera en el Montsant. El Techo del Priorat\" rel=\"nofollow\">Detalles<\/a>\n\n\t\t<\/div>\n\n\t<\/article>\n\n<\/div>\n<div class=\"wf-cell iso-item category-47\" data-post-id=\"22875\" data-date=\"2013-11-10T09:15:20+00:00\" data-name=\"Puig de Lliurella desde Castellfollit de La Roca\">\n\t<article class=\"post post-22875 type-post status-publish format-standard has-post-thumbnail hentry category-la-garrotxa category-47 description-off\">\n\n\t\t\n\t\t\t<div class=\"blog-media wf-td\">\n\n\t\t\t\t<p><a href=\"https:\/\/www.monta\u00f1asdelaluna.es\/?p=22875\" class=\"alignnone rollover layzr-bg\" ><img loading=\"lazy\" decoding=\"async\" class=\"preload-me iso-lazy-load\" src=\"data:image\/svg+xml,%3Csvg%20xmlns%3D&#39;http%3A%2F%2Fwww.w3.org%2F2000%2Fsvg&#39;%20viewBox%3D&#39;0%200%20555%20416&#39;%2F%3E\" data-src=\"https:\/\/www.monta\u00f1asdelaluna.es\/wp-content\/uploads\/2015\/10\/Puig-de-Lliurella-162-555x416.jpg\" data-srcset=\"https:\/\/www.monta\u00f1asdelaluna.es\/wp-content\/uploads\/2015\/10\/Puig-de-Lliurella-162-555x416.jpg 555w, https:\/\/www.monta\u00f1asdelaluna.es\/wp-content\/uploads\/2015\/10\/Puig-de-Lliurella-162-1110x832.jpg 1110w\" alt=\"\" title=\"Camino de la Iglesia de la Mare de D\u00e8u de Mont-ros\" width=\"555\" height=\"416\"  \/><\/a><\/p>\n\t\t\t<\/div>\n\n\t\t\n\t\t<div class=\"blog-content wf-td\">\n\t\t\t<h3 class=\"entry-title\"><a href=\"https:\/\/www.monta\u00f1asdelaluna.es\/?p=22875\" title=\"Puig de Lliurella desde Castellfollit de La Roca\" rel=\"bookmark\">Puig de Lliurella desde Castellfollit de La Roca<\/a><\/h3>\n\n\t\t\t<div class=\"entry-meta\"><span class=\"category-link\"><a href=\"https:\/\/www.monta\u00f1asdelaluna.es\/?cat=47\" rel=\"category\">La Garrotxa<\/a><\/span><a class=\"author vcard\" href=\"https:\/\/www.monta\u00f1asdelaluna.es\/?author=1\" title=\"Ver todas las publicaciones de Joaquin Terres\" rel=\"author\">Por <span class=\"fn\">Joaquin Terres<\/span><\/a><a href=\"https:\/\/www.monta\u00f1asdelaluna.es\/?m=20131110\" title=\"9:15 am\" class=\"data-link\" rel=\"bookmark\"><time class=\"entry-date updated\" datetime=\"2013-11-10T09:15:20+00:00\">10 noviembre, 2013<\/time><\/a><a href=\"https:\/\/www.monta\u00f1asdelaluna.es\/?p=22875#respond\" class=\"comment-link\" >Deja un comentario<\/a><\/div><p>[vc_row][vc_column][vc_column_text]Como cada oto\u00f1o, aprovecho para realizar alguna excursi\u00f3n y visitar la verde, boscosa y espectacular comarca de La Garrotxa: sus robledales, hayedos, casta\u00f1ares, volcanes, monta\u00f1as y escondidos rincones siempre hacen las delicias de cualquier amante de la Naturaleza y la Monta\u00f1a. Esta vez me acerco al sonado pueblo de Castellfollit de La Roca. Sonado y&hellip;<\/p>\n\n<a href=\"https:\/\/www.monta\u00f1asdelaluna.es\/?p=22875\" class=\"details more-link\" aria-label=\"Read more about Puig de Lliurella desde Castellfollit de La Roca\" rel=\"nofollow\">Detalles<\/a>\n\n\t\t<\/div>\n\n\t<\/article>\n\n<\/div>\n<div class=\"wf-cell iso-item category-133\" data-post-id=\"33462\" data-date=\"2013-10-26T19:18:12+00:00\" data-name=\"Tagamanent y Vallc\u00e0rquera\">\n\t<article class=\"post post-33462 type-post status-publish format-standard has-post-thumbnail hentry category-la-calma category-133 description-off\">\n\n\t\t\n\t\t\t<div class=\"blog-media wf-td\">\n\n\t\t\t\t<p><a href=\"https:\/\/www.monta\u00f1asdelaluna.es\/?p=33462\" class=\"alignnone rollover layzr-bg\" ><img loading=\"lazy\" decoding=\"async\" class=\"preload-me iso-lazy-load\" src=\"data:image\/svg+xml,%3Csvg%20xmlns%3D&#39;http%3A%2F%2Fwww.w3.org%2F2000%2Fsvg&#39;%20viewBox%3D&#39;0%200%20555%20416&#39;%2F%3E\" data-src=\"https:\/\/www.monta\u00f1asdelaluna.es\/wp-content\/uploads\/2016\/09\/Tagamanent-034-555x416.jpg\" data-srcset=\"https:\/\/www.monta\u00f1asdelaluna.es\/wp-content\/uploads\/2016\/09\/Tagamanent-034-555x416.jpg 555w, https:\/\/www.monta\u00f1asdelaluna.es\/wp-content\/uploads\/2016\/09\/Tagamanent-034-1110x832.jpg 1110w\" alt=\"\" title=\"Tagamanent desde Puig Agut\" width=\"555\" height=\"416\"  \/><\/a><\/p>\n\t\t\t<\/div>\n\n\t\t\n\t\t<div class=\"blog-content wf-td\">\n\t\t\t<h3 class=\"entry-title\"><a href=\"https:\/\/www.monta\u00f1asdelaluna.es\/?p=33462\" title=\"Tagamanent y Vallc\u00e0rquera\" rel=\"bookmark\">Tagamanent y Vallc\u00e0rquera<\/a><\/h3>\n\n\t\t\t<div class=\"entry-meta\"><span class=\"category-link\"><a href=\"https:\/\/www.monta\u00f1asdelaluna.es\/?cat=133\" rel=\"category\">La Calma<\/a><\/span><a class=\"author vcard\" href=\"https:\/\/www.monta\u00f1asdelaluna.es\/?author=1\" title=\"Ver todas las publicaciones de Joaquin Terres\" rel=\"author\">Por <span class=\"fn\">Joaquin Terres<\/span><\/a><a href=\"https:\/\/www.monta\u00f1asdelaluna.es\/?m=20131026\" title=\"7:18 pm\" class=\"data-link\" rel=\"bookmark\"><time class=\"entry-date updated\" datetime=\"2013-10-26T19:18:12+00:00\">26 octubre, 2013<\/time><\/a><a href=\"https:\/\/www.monta\u00f1asdelaluna.es\/?p=33462#respond\" class=\"comment-link\" >Deja un comentario<\/a><\/div><p>[vc_row][vc_column][vc_column_text]Esta vez salgo yo solo para acercarme a una de las monta\u00f1as y lugares m\u00e1s emblem\u00e1ticos del Montseny: El Tagamanent. La idea es hacer una ruta que, gracias a las cercan\u00edas de las estaciones del tren que va de Barcelona a Puigcerd\u00e1, salir de una de estas estaciones (viniendo de Barcelona) y terminar en otra,&hellip;<\/p>\n\n<a href=\"https:\/\/www.monta\u00f1asdelaluna.es\/?p=33462\" class=\"details more-link\" aria-label=\"Read more about Tagamanent y Vallc\u00e0rquera\" rel=\"nofollow\">Detalles<\/a>\n\n\t\t<\/div>\n\n\t<\/article>\n\n<\/div>\n<div class=\"wf-cell iso-item category-120\" data-post-id=\"26546\" data-date=\"2013-10-05T19:18:34+00:00\" data-name=\"Tav\u00e8rnoles, Savassona, Casserres Y Parador De Sau\">\n\t<article class=\"post post-26546 type-post status-publish format-standard has-post-thumbnail hentry category-collsacabra-i-guilleries category-120 description-off\">\n\n\t\t\n\t\t\t<div class=\"blog-media wf-td\">\n\n\t\t\t\t<p><a href=\"https:\/\/www.monta\u00f1asdelaluna.es\/?p=26546\" class=\"alignnone rollover layzr-bg\" ><img loading=\"lazy\" decoding=\"async\" class=\"preload-me iso-lazy-load\" src=\"data:image\/svg+xml,%3Csvg%20xmlns%3D&#39;http%3A%2F%2Fwww.w3.org%2F2000%2Fsvg&#39;%20viewBox%3D&#39;0%200%20555%20312&#39;%2F%3E\" data-src=\"https:\/\/www.monta\u00f1asdelaluna.es\/wp-content\/uploads\/2016\/02\/Tav\u00e8rnoles-Sau-147-555x312.jpg\" data-srcset=\"https:\/\/www.monta\u00f1asdelaluna.es\/wp-content\/uploads\/2016\/02\/Tav\u00e8rnoles-Sau-147-555x312.jpg 555w, https:\/\/www.monta\u00f1asdelaluna.es\/wp-content\/uploads\/2016\/02\/Tav\u00e8rnoles-Sau-147-1110x624.jpg 1110w\" alt=\"\" title=\"El Pant\u00e1 desde el Parador\" width=\"555\" height=\"312\"  \/><\/a><\/p>\n\t\t\t<\/div>\n\n\t\t\n\t\t<div class=\"blog-content wf-td\">\n\t\t\t<h3 class=\"entry-title\"><a href=\"https:\/\/www.monta\u00f1asdelaluna.es\/?p=26546\" title=\"Tav\u00e8rnoles, Savassona, Casserres Y Parador De Sau\" rel=\"bookmark\">Tav\u00e8rnoles, Savassona, Casserres Y Parador De Sau<\/a><\/h3>\n\n\t\t\t<div class=\"entry-meta\"><span class=\"category-link\"><a href=\"https:\/\/www.monta\u00f1asdelaluna.es\/?cat=120\" rel=\"category\">Collsacabra i Guilleries<\/a><\/span><a class=\"author vcard\" href=\"https:\/\/www.monta\u00f1asdelaluna.es\/?author=1\" title=\"Ver todas las publicaciones de Joaquin Terres\" rel=\"author\">Por <span class=\"fn\">Joaquin Terres<\/span><\/a><a href=\"https:\/\/www.monta\u00f1asdelaluna.es\/?m=20131005\" title=\"7:18 pm\" class=\"data-link\" rel=\"bookmark\"><time class=\"entry-date updated\" datetime=\"2013-10-05T19:18:34+00:00\">5 octubre, 2013<\/time><\/a><a href=\"https:\/\/www.monta\u00f1asdelaluna.es\/?p=26546#respond\" class=\"comment-link\" >Deja un comentario<\/a><\/div><p>[vc_row][vc_column][vc_column_text]Ya ten\u00eda ganas de visitar el boscoso y oscuro Valle de Sau dentro del Parque Natural de Les Guilleries i Savassona. Recorrerme las orillas del Pantano de Sau sobre el r\u00edo Ter y perderme por sus rincones selv\u00e1ticos de robles en las suaves y lluviosas lomas del lugar. Entre el Wikiloc, mapas, recorridos de webs&hellip;<\/p>\n\n<a href=\"https:\/\/www.monta\u00f1asdelaluna.es\/?p=26546\" class=\"details more-link\" aria-label=\"Read more about Tav\u00e8rnoles, Savassona, Casserres Y Parador De Sau\" rel=\"nofollow\">Detalles<\/a>\n\n\t\t<\/div>\n\n\t<\/article>\n\n<\/div>\n<div class=\"wf-cell iso-item category-125\" data-post-id=\"21022\" data-date=\"2013-09-21T17:45:20+00:00\" data-name=\"Maladeta (3.308 mts.) y asedio al Pico Maldito\">\n\t<article class=\"post post-21022 type-post status-publish format-standard has-post-thumbnail hentry category-valle-del-esera category-125 description-off\">\n\n\t\t\n\t\t\t<div class=\"blog-media wf-td\">\n\n\t\t\t\t<p><a href=\"https:\/\/www.monta\u00f1asdelaluna.es\/?p=21022\" class=\"alignnone rollover layzr-bg\" ><img loading=\"lazy\" decoding=\"async\" class=\"preload-me iso-lazy-load\" src=\"data:image\/svg+xml,%3Csvg%20xmlns%3D&#39;http%3A%2F%2Fwww.w3.org%2F2000%2Fsvg&#39;%20viewBox%3D&#39;0%200%20555%20312&#39;%2F%3E\" data-src=\"https:\/\/www.monta\u00f1asdelaluna.es\/wp-content\/uploads\/2015\/09\/Maladeta-108-555x312.jpg\" data-srcset=\"https:\/\/www.monta\u00f1asdelaluna.es\/wp-content\/uploads\/2015\/09\/Maladeta-108-555x312.jpg 555w, https:\/\/www.monta\u00f1asdelaluna.es\/wp-content\/uploads\/2015\/09\/Maladeta-108.jpg 706w\" alt=\"\" title=\"Pico Maldito y siguiendo su cresta la Punta d&#8217;Astorg\" width=\"555\" height=\"312\"  \/><\/a><\/p>\n\t\t\t<\/div>\n\n\t\t\n\t\t<div class=\"blog-content wf-td\">\n\t\t\t<h3 class=\"entry-title\"><a href=\"https:\/\/www.monta\u00f1asdelaluna.es\/?p=21022\" title=\"Maladeta (3.308 mts.) y asedio al Pico Maldito\" rel=\"bookmark\">Maladeta (3.308 mts.) y asedio al Pico Maldito<\/a><\/h3>\n\n\t\t\t<div class=\"entry-meta\"><span class=\"category-link\"><a href=\"https:\/\/www.monta\u00f1asdelaluna.es\/?cat=125\" rel=\"category\">Valle del \u00c9sera<\/a><\/span><a class=\"author vcard\" href=\"https:\/\/www.monta\u00f1asdelaluna.es\/?author=1\" title=\"Ver todas las publicaciones de Joaquin Terres\" rel=\"author\">Por <span class=\"fn\">Joaquin Terres<\/span><\/a><a href=\"https:\/\/www.monta\u00f1asdelaluna.es\/?m=20130921\" title=\"5:45 pm\" class=\"data-link\" rel=\"bookmark\"><time class=\"entry-date updated\" datetime=\"2013-09-21T17:45:20+00:00\">21 septiembre, 2013<\/time><\/a><a href=\"https:\/\/www.monta\u00f1asdelaluna.es\/?p=21022#respond\" class=\"comment-link\" >Deja un comentario<\/a><\/div><p>[vc_row][vc_column][vc_column_text]Al final decidimos dormir en la tienda de campa\u00f1a montada en los prados junto al aparcamiento del Plan d\u2019Estan. Son cerca de las 12 de la noche cuando nos acostamos en una fr\u00eda noche, en la que la temperatura bajar\u00e1 de los 6\u00ba C. Paso frio. Mi delgado saco de verano Coleman Bambusa no me&hellip;<\/p>\n\n<a href=\"https:\/\/www.monta\u00f1asdelaluna.es\/?p=21022\" class=\"details more-link\" aria-label=\"Read more about Maladeta (3.308 mts.) y asedio al Pico Maldito\" rel=\"nofollow\">Detalles<\/a>\n\n\t\t<\/div>\n\n\t<\/article>\n\n<\/div>\n<div class=\"wf-cell iso-item category-125\" data-post-id=\"28484\" data-date=\"2013-08-31T07:17:11+00:00\" data-name=\"Cresta de Las Espadas\">\n\t<article class=\"post post-28484 type-post status-publish format-standard has-post-thumbnail hentry category-valle-del-esera category-125 description-off\">\n\n\t\t\n\t\t\t<div class=\"blog-media wf-td\">\n\n\t\t\t\t<p><a href=\"https:\/\/www.monta\u00f1asdelaluna.es\/?p=28484\" class=\"alignnone rollover layzr-bg\" ><img loading=\"lazy\" decoding=\"async\" class=\"preload-me iso-lazy-load\" src=\"data:image\/svg+xml,%3Csvg%20xmlns%3D&#39;http%3A%2F%2Fwww.w3.org%2F2000%2Fsvg&#39;%20viewBox%3D&#39;0%200%20555%20416&#39;%2F%3E\" data-src=\"https:\/\/www.monta\u00f1asdelaluna.es\/wp-content\/uploads\/2016\/03\/EspadasPosets-047-555x416.jpg\" data-srcset=\"https:\/\/www.monta\u00f1asdelaluna.es\/wp-content\/uploads\/2016\/03\/EspadasPosets-047-555x416.jpg 555w, https:\/\/www.monta\u00f1asdelaluna.es\/wp-content\/uploads\/2016\/03\/EspadasPosets-047-1110x832.jpg 1110w\" alt=\"\" title=\"Joaqu\u00edn y Francesc en la cima del Diente Royo, 3.010 mts. Detr\u00e1s la cresta a recorrer\" width=\"555\" height=\"416\"  \/><\/a><\/p>\n\t\t\t<\/div>\n\n\t\t\n\t\t<div class=\"blog-content wf-td\">\n\t\t\t<h3 class=\"entry-title\"><a href=\"https:\/\/www.monta\u00f1asdelaluna.es\/?p=28484\" title=\"Cresta de Las Espadas\" rel=\"bookmark\">Cresta de Las Espadas<\/a><\/h3>\n\n\t\t\t<div class=\"entry-meta\"><span class=\"category-link\"><a href=\"https:\/\/www.monta\u00f1asdelaluna.es\/?cat=125\" rel=\"category\">Valle del \u00c9sera<\/a><\/span><a class=\"author vcard\" href=\"https:\/\/www.monta\u00f1asdelaluna.es\/?author=1\" title=\"Ver todas las publicaciones de Joaquin Terres\" rel=\"author\">Por <span class=\"fn\">Joaquin Terres<\/span><\/a><a href=\"https:\/\/www.monta\u00f1asdelaluna.es\/?m=20130831\" title=\"7:17 am\" class=\"data-link\" rel=\"bookmark\"><time class=\"entry-date updated\" datetime=\"2013-08-31T07:17:11+00:00\">31 agosto, 2013<\/time><\/a><a href=\"https:\/\/www.monta\u00f1asdelaluna.es\/?p=28484#respond\" class=\"comment-link\" >Deja un comentario<\/a><\/div><p>[vc_row][vc_column][vc_column_text]Mi viejo amigo y compa\u00f1ero de instituto en mi pueblo, Vicente Molina, ven\u00eda al Pirineo para hacer la vuelta al Posets, por los caminos que comunican sus tres refugios guardados, con su novia y amiga m\u00eda Nuria. Y aprovech\u00f3 para que le acompa\u00f1ara en sus \u00faltimos d\u00edas en la subida a la c\u00faspide del macizo:&hellip;<\/p>\n\n<a href=\"https:\/\/www.monta\u00f1asdelaluna.es\/?p=28484\" class=\"details more-link\" aria-label=\"Read more about Cresta de Las Espadas\" rel=\"nofollow\">Detalles<\/a>\n\n\t\t<\/div>\n\n\t<\/article>\n\n<\/div>\n<div class=\"wf-cell iso-item category-46\" data-post-id=\"24346\" data-date=\"2013-06-08T12:05:52+00:00\" data-name=\"Las 3 cimas de Montgr\u00ed\">\n\t<article class=\"post post-24346 type-post status-publish format-standard has-post-thumbnail hentry category-girona category-46 description-off\">\n\n\t\t\n\t\t\t<div class=\"blog-media wf-td\">\n\n\t\t\t\t<p><a href=\"https:\/\/www.monta\u00f1asdelaluna.es\/?p=24346\" class=\"alignnone rollover layzr-bg\" ><img loading=\"lazy\" decoding=\"async\" class=\"preload-me iso-lazy-load\" src=\"data:image\/svg+xml,%3Csvg%20xmlns%3D&#39;http%3A%2F%2Fwww.w3.org%2F2000%2Fsvg&#39;%20viewBox%3D&#39;0%200%20555%20416&#39;%2F%3E\" data-src=\"https:\/\/www.monta\u00f1asdelaluna.es\/wp-content\/uploads\/2015\/11\/Montgri-162-555x416.jpg\" data-srcset=\"https:\/\/www.monta\u00f1asdelaluna.es\/wp-content\/uploads\/2015\/11\/Montgri-162-555x416.jpg 555w, https:\/\/www.monta\u00f1asdelaluna.es\/wp-content\/uploads\/2015\/11\/Montgri-162-1110x832.jpg 1110w\" alt=\"\" title=\"La tormenta sobre el Puig Rod\u00f3\" width=\"555\" height=\"416\"  \/><\/a><\/p>\n\t\t\t<\/div>\n\n\t\t\n\t\t<div class=\"blog-content wf-td\">\n\t\t\t<h3 class=\"entry-title\"><a href=\"https:\/\/www.monta\u00f1asdelaluna.es\/?p=24346\" title=\"Las 3 cimas de Montgr\u00ed\" rel=\"bookmark\">Las 3 cimas de Montgr\u00ed<\/a><\/h3>\n\n\t\t\t<div class=\"entry-meta\"><span class=\"category-link\"><a href=\"https:\/\/www.monta\u00f1asdelaluna.es\/?cat=46\" rel=\"category\">Girona<\/a><\/span><a class=\"author vcard\" href=\"https:\/\/www.monta\u00f1asdelaluna.es\/?author=1\" title=\"Ver todas las publicaciones de Joaquin Terres\" rel=\"author\">Por <span class=\"fn\">Joaquin Terres<\/span><\/a><a href=\"https:\/\/www.monta\u00f1asdelaluna.es\/?m=20130608\" title=\"12:05 pm\" class=\"data-link\" rel=\"bookmark\"><time class=\"entry-date updated\" datetime=\"2013-06-08T12:05:52+00:00\">8 junio, 2013<\/time><\/a><a href=\"https:\/\/www.monta\u00f1asdelaluna.es\/?p=24346#respond\" class=\"comment-link\" >Deja un comentario<\/a><\/div><p>[vc_row][vc_column][vc_column_text]Desde las playas y alrededores de Ampuriabrava ve\u00edamos las monta\u00f1as y formas que Maribel llamaba \u201cLa Geganta\u201d mirando hac\u00eda el sur. La fisionom\u00eda de la misma resultaba que las monta\u00f1as y laderas que rodeaban, por el norte, Torroella de Montgr\u00ed hasta l\u2019Estartit, daban forma a este ser de fantas\u00eda, con cierta gracia e imaginaci\u00f3n. La&hellip;<\/p>\n\n<a href=\"https:\/\/www.monta\u00f1asdelaluna.es\/?p=24346\" class=\"details more-link\" aria-label=\"Read more about Las 3 cimas de Montgr\u00ed\" rel=\"nofollow\">Detalles<\/a>\n\n\t\t<\/div>\n\n\t<\/article>\n\n<\/div>\n<div class=\"wf-cell iso-item category-51\" data-post-id=\"21640\" data-date=\"2013-06-01T18:39:56+00:00\" data-name=\"Montcau, Emprius, Castell de Pere, Marquet de Les Roques\">\n\t<article class=\"post post-21640 type-post status-publish format-standard has-post-thumbnail hentry category-sant-llorenc-del-munt category-51 description-off\">\n\n\t\t\n\t\t\t<div class=\"blog-media wf-td\">\n\n\t\t\t\t<p><a href=\"https:\/\/www.monta\u00f1asdelaluna.es\/?p=21640\" class=\"alignnone rollover layzr-bg\" ><img loading=\"lazy\" decoding=\"async\" class=\"preload-me iso-lazy-load\" src=\"data:image\/svg+xml,%3Csvg%20xmlns%3D&#39;http%3A%2F%2Fwww.w3.org%2F2000%2Fsvg&#39;%20viewBox%3D&#39;0%200%20555%20416&#39;%2F%3E\" data-src=\"https:\/\/www.monta\u00f1asdelaluna.es\/wp-content\/uploads\/2015\/09\/Montcau13-028-555x416.jpg\" data-srcset=\"https:\/\/www.monta\u00f1asdelaluna.es\/wp-content\/uploads\/2015\/09\/Montcau13-028-555x416.jpg 555w, https:\/\/www.monta\u00f1asdelaluna.es\/wp-content\/uploads\/2015\/09\/Montcau13-028.jpg 751w\" alt=\"\" title=\"Hac\u00eda el collado entre el Montcau y Els Cortins, por una balma de Els Cortins\" width=\"555\" height=\"416\"  \/><\/a><\/p>\n\t\t\t<\/div>\n\n\t\t\n\t\t<div class=\"blog-content wf-td\">\n\t\t\t<h3 class=\"entry-title\"><a href=\"https:\/\/www.monta\u00f1asdelaluna.es\/?p=21640\" title=\"Montcau, Emprius, Castell de Pere, Marquet de Les Roques\" rel=\"bookmark\">Montcau, Emprius, Castell de Pere, Marquet de Les Roques<\/a><\/h3>\n\n\t\t\t<div class=\"entry-meta\"><span class=\"category-link\"><a href=\"https:\/\/www.monta\u00f1asdelaluna.es\/?cat=51\" rel=\"category\">Sant Lloren\u00e7 del Munt<\/a><\/span><a class=\"author vcard\" href=\"https:\/\/www.monta\u00f1asdelaluna.es\/?author=1\" title=\"Ver todas las publicaciones de Joaquin Terres\" rel=\"author\">Por <span class=\"fn\">Joaquin Terres<\/span><\/a><a href=\"https:\/\/www.monta\u00f1asdelaluna.es\/?m=20130601\" title=\"6:39 pm\" class=\"data-link\" rel=\"bookmark\"><time class=\"entry-date updated\" datetime=\"2013-06-01T18:39:56+00:00\">1 junio, 2013<\/time><\/a><a href=\"https:\/\/www.monta\u00f1asdelaluna.es\/?p=21640#respond\" class=\"comment-link\" >Deja un comentario<\/a><\/div><p>[vc_row][vc_column][vc_column_text]La idea era hacer un recorrido que pasara por algunos lugares emblem\u00e1ticos del Parque Natural de Sant LLoren\u00e7 del Munt i l\u2019Obac, rese\u00f1ados en la gu\u00eda de Rutes de Patrimoni Arquitect\u00f2nic de la Xarxa de Parcs Naturals de la Diputaci\u00f3 de Barcelona: el Castell de Pere y la casona del Marquet de Les Roques\u2026 y&hellip;<\/p>\n\n<a href=\"https:\/\/www.monta\u00f1asdelaluna.es\/?p=21640\" class=\"details more-link\" aria-label=\"Read more about Montcau, Emprius, Castell de Pere, Marquet de Les Roques\" rel=\"nofollow\">Detalles<\/a>\n\n\t\t<\/div>\n\n\t<\/article>\n\n<\/div>\n<div class=\"wf-cell iso-item category-132\" data-post-id=\"30592\" data-date=\"2013-05-04T06:42:14+00:00\" data-name=\"Santos y bandoleros en el Montseny\">\n\t<article class=\"post post-30592 type-post status-publish format-standard has-post-thumbnail hentry category-matagalls category-132 description-off\">\n\n\t\t\n\t\t\t<div class=\"blog-media wf-td\">\n\n\t\t\t\t<p><a href=\"https:\/\/www.monta\u00f1asdelaluna.es\/?p=30592\" class=\"alignnone rollover layzr-bg\" ><img loading=\"lazy\" decoding=\"async\" class=\"preload-me iso-lazy-load\" src=\"data:image\/svg+xml,%3Csvg%20xmlns%3D&#39;http%3A%2F%2Fwww.w3.org%2F2000%2Fsvg&#39;%20viewBox%3D&#39;0%200%20555%20416&#39;%2F%3E\" data-src=\"https:\/\/www.monta\u00f1asdelaluna.es\/wp-content\/uploads\/2016\/06\/Montseny13-261-555x416.jpg\" data-srcset=\"https:\/\/www.monta\u00f1asdelaluna.es\/wp-content\/uploads\/2016\/06\/Montseny13-261-555x416.jpg 555w, https:\/\/www.monta\u00f1asdelaluna.es\/wp-content\/uploads\/2016\/06\/Montseny13-261-1110x832.jpg 1110w\" alt=\"\" title=\"Camino de Can Gat por el vallecillo del Torrent del Rentadors\" width=\"555\" height=\"416\"  \/><\/a><\/p>\n\t\t\t<\/div>\n\n\t\t\n\t\t<div class=\"blog-content wf-td\">\n\t\t\t<h3 class=\"entry-title\"><a href=\"https:\/\/www.monta\u00f1asdelaluna.es\/?p=30592\" title=\"Santos y bandoleros en el Montseny\" rel=\"bookmark\">Santos y bandoleros en el Montseny<\/a><\/h3>\n\n\t\t\t<div class=\"entry-meta\"><span class=\"category-link\"><a href=\"https:\/\/www.monta\u00f1asdelaluna.es\/?cat=132\" rel=\"category\">Matagalls<\/a><\/span><a class=\"author vcard\" href=\"https:\/\/www.monta\u00f1asdelaluna.es\/?author=1\" title=\"Ver todas las publicaciones de Joaquin Terres\" rel=\"author\">Por <span class=\"fn\">Joaquin Terres<\/span><\/a><a href=\"https:\/\/www.monta\u00f1asdelaluna.es\/?m=20130504\" title=\"6:42 am\" class=\"data-link\" rel=\"bookmark\"><time class=\"entry-date updated\" datetime=\"2013-05-04T06:42:14+00:00\">4 mayo, 2013<\/time><\/a><a href=\"https:\/\/www.monta\u00f1asdelaluna.es\/?p=30592#respond\" class=\"comment-link\" >Deja un comentario<\/a><\/div><p>[vc_row][vc_column][vc_column_text]Aunque el nombre de la actividad no fue el actual nombre del relato, un descubrimiento, unos comentarios y la ilusi\u00f3n de toparnos con la historia, me hizo cambiar de idea. Quer\u00eda recorrerme una de las zonas de esta monta\u00f1a que cre\u00eda ser\u00edan de las m\u00e1s bonitas y casi solitarias: el camino a Sant Segimon desde&hellip;<\/p>\n\n<a href=\"https:\/\/www.monta\u00f1asdelaluna.es\/?p=30592\" class=\"details more-link\" aria-label=\"Read more about Santos y bandoleros en el Montseny\" rel=\"nofollow\">Detalles<\/a>\n\n\t\t<\/div>\n\n\t<\/article>\n\n<\/div>\n<div class=\"wf-cell iso-item category-132\" data-post-id=\"33374\" data-date=\"2013-05-01T07:50:49+00:00\" data-name=\"Las Fonts perdidas del Matagalls\">\n\t<article class=\"post post-33374 type-post status-publish format-standard has-post-thumbnail hentry category-matagalls category-132 description-off\">\n\n\t\t\n\t\t\t<div class=\"blog-media wf-td\">\n\n\t\t\t\t<p><a href=\"https:\/\/www.monta\u00f1asdelaluna.es\/?p=33374\" class=\"alignnone rollover layzr-bg\" ><img loading=\"lazy\" decoding=\"async\" class=\"preload-me iso-lazy-load\" src=\"data:image\/svg+xml,%3Csvg%20xmlns%3D&#39;http%3A%2F%2Fwww.w3.org%2F2000%2Fsvg&#39;%20viewBox%3D&#39;0%200%20555%20416&#39;%2F%3E\" data-src=\"https:\/\/www.monta\u00f1asdelaluna.es\/wp-content\/uploads\/2016\/09\/Matagalls-074-555x416.jpg\" data-srcset=\"https:\/\/www.monta\u00f1asdelaluna.es\/wp-content\/uploads\/2016\/09\/Matagalls-074-555x416.jpg 555w, https:\/\/www.monta\u00f1asdelaluna.es\/wp-content\/uploads\/2016\/09\/Matagalls-074-1110x832.jpg 1110w\" alt=\"\" title=\"Font del Matagalls\" width=\"555\" height=\"416\"  \/><\/a><\/p>\n\t\t\t<\/div>\n\n\t\t\n\t\t<div class=\"blog-content wf-td\">\n\t\t\t<h3 class=\"entry-title\"><a href=\"https:\/\/www.monta\u00f1asdelaluna.es\/?p=33374\" title=\"Las Fonts perdidas del Matagalls\" rel=\"bookmark\">Las Fonts perdidas del Matagalls<\/a><\/h3>\n\n\t\t\t<div class=\"entry-meta\"><span class=\"category-link\"><a href=\"https:\/\/www.monta\u00f1asdelaluna.es\/?cat=132\" rel=\"category\">Matagalls<\/a><\/span><a class=\"author vcard\" href=\"https:\/\/www.monta\u00f1asdelaluna.es\/?author=1\" title=\"Ver todas las publicaciones de Joaquin Terres\" rel=\"author\">Por <span class=\"fn\">Joaquin Terres<\/span><\/a><a href=\"https:\/\/www.monta\u00f1asdelaluna.es\/?m=20130501\" title=\"7:50 am\" class=\"data-link\" rel=\"bookmark\"><time class=\"entry-date updated\" datetime=\"2013-05-01T07:50:49+00:00\">1 mayo, 2013<\/time><\/a><a href=\"https:\/\/www.monta\u00f1asdelaluna.es\/?p=33374#respond\" class=\"comment-link\" >Deja un comentario<\/a><\/div><p>[vc_row][vc_column][vc_column_text]La idea de Kike para este d\u00eda era subir el Matagalls desde Collformic, pasando por la famosa y atractiva construcci\u00f3n de Sant Segimon. Pero el d\u00eda y las circunstancias hacen que a veces tengamos que cambiar los planes en la monta\u00f1a, casi siempre para mejorar el recorrido. Con lo que el pasado 1 de mayo,&hellip;<\/p>\n\n<a href=\"https:\/\/www.monta\u00f1asdelaluna.es\/?p=33374\" class=\"details more-link\" aria-label=\"Read more about Las Fonts perdidas del Matagalls\" rel=\"nofollow\">Detalles<\/a>\n\n\t\t<\/div>\n\n\t<\/article>\n\n<\/div>\n<div class=\"wf-cell iso-item category-49\" data-post-id=\"25858\" data-date=\"2013-04-21T18:40:22+00:00\" data-name=\"Paseo matinal por Collserola\">\n\t<article class=\"post post-25858 type-post status-publish format-standard has-post-thumbnail hentry category-collserola category-49 description-off\">\n\n\t\t\n\t\t\t<div class=\"blog-media wf-td\">\n\n\t\t\t\t<p><a href=\"https:\/\/www.monta\u00f1asdelaluna.es\/?p=25858\" class=\"alignnone rollover layzr-bg\" ><img loading=\"lazy\" decoding=\"async\" class=\"preload-me iso-lazy-load\" src=\"data:image\/svg+xml,%3Csvg%20xmlns%3D&#39;http%3A%2F%2Fwww.w3.org%2F2000%2Fsvg&#39;%20viewBox%3D&#39;0%200%20555%20416&#39;%2F%3E\" data-src=\"https:\/\/www.monta\u00f1asdelaluna.es\/wp-content\/uploads\/2016\/01\/Paseo-Collserola-y-Sant-Jordi-026-555x416.jpg\" data-srcset=\"https:\/\/www.monta\u00f1asdelaluna.es\/wp-content\/uploads\/2016\/01\/Paseo-Collserola-y-Sant-Jordi-026-555x416.jpg 555w, https:\/\/www.monta\u00f1asdelaluna.es\/wp-content\/uploads\/2016\/01\/Paseo-Collserola-y-Sant-Jordi-026-1110x832.jpg 1110w\" alt=\"\" title=\"Frondosa vegetaci\u00f3n en la bajada\" width=\"555\" height=\"416\"  \/><\/a><\/p>\n\t\t\t<\/div>\n\n\t\t\n\t\t<div class=\"blog-content wf-td\">\n\t\t\t<h3 class=\"entry-title\"><a href=\"https:\/\/www.monta\u00f1asdelaluna.es\/?p=25858\" title=\"Paseo matinal por Collserola\" rel=\"bookmark\">Paseo matinal por Collserola<\/a><\/h3>\n\n\t\t\t<div class=\"entry-meta\"><span class=\"category-link\"><a href=\"https:\/\/www.monta\u00f1asdelaluna.es\/?cat=49\" rel=\"category\">Collserola<\/a><\/span><a class=\"author vcard\" href=\"https:\/\/www.monta\u00f1asdelaluna.es\/?author=1\" title=\"Ver todas las publicaciones de Joaquin Terres\" rel=\"author\">Por <span class=\"fn\">Joaquin Terres<\/span><\/a><a href=\"https:\/\/www.monta\u00f1asdelaluna.es\/?m=20130421\" title=\"6:40 pm\" class=\"data-link\" rel=\"bookmark\"><time class=\"entry-date updated\" datetime=\"2013-04-21T18:40:22+00:00\">21 abril, 2013<\/time><\/a><a href=\"https:\/\/www.monta\u00f1asdelaluna.es\/?p=25858#respond\" class=\"comment-link\" >Deja un comentario<\/a><\/div><p>[vc_row][vc_column][vc_column_text]F\u00e1cil y sencilla ruta por lugares ya conocidos y pisados de Collserola. Aprovechando que ven\u00edan la familia de mi amigo y compa\u00f1ero Giovanni, idee una ruta f\u00e1cil y corta para iniciados y ni\u00f1os para que puedan disfrutar de la monta\u00f1a. Poco m\u00e1s de 3 horas con las paradas para le almuerzo y el juego, nos&hellip;<\/p>\n\n<a href=\"https:\/\/www.monta\u00f1asdelaluna.es\/?p=25858\" class=\"details more-link\" aria-label=\"Read more about Paseo matinal por Collserola\" rel=\"nofollow\">Detalles<\/a>\n\n\t\t<\/div>\n\n\t<\/article>\n\n<\/div>\n<div class=\"wf-cell iso-item category-91\" data-post-id=\"29170\" data-date=\"2013-03-23T20:53:32+00:00\" data-name=\"Corredor Vermicelle en Cambre d&#039;Aze\">\n\t<article class=\"post post-29170 type-post status-publish format-standard has-post-thumbnail hentry category-pirineo-frances-y-andorra category-91 description-off\">\n\n\t\t\n\t\t\t<div class=\"blog-media wf-td\">\n\n\t\t\t\t<p><a href=\"https:\/\/www.monta\u00f1asdelaluna.es\/?p=29170\" class=\"alignnone rollover layzr-bg\" ><img loading=\"lazy\" decoding=\"async\" class=\"preload-me iso-lazy-load\" src=\"data:image\/svg+xml,%3Csvg%20xmlns%3D&#39;http%3A%2F%2Fwww.w3.org%2F2000%2Fsvg&#39;%20viewBox%3D&#39;0%200%20555%20416&#39;%2F%3E\" data-src=\"https:\/\/www.monta\u00f1asdelaluna.es\/wp-content\/uploads\/2016\/05\/CA034-555x416.jpg\" data-srcset=\"https:\/\/www.monta\u00f1asdelaluna.es\/wp-content\/uploads\/2016\/05\/CA034-555x416.jpg 555w, https:\/\/www.monta\u00f1asdelaluna.es\/wp-content\/uploads\/2016\/05\/CA034-1110x832.jpg 1110w\" alt=\"\" title=\"Toni llegando al Circo de Cambre d&#8217;Aze\" width=\"555\" height=\"416\"  \/><\/a><\/p>\n\t\t\t<\/div>\n\n\t\t\n\t\t<div class=\"blog-content wf-td\">\n\t\t\t<h3 class=\"entry-title\"><a href=\"https:\/\/www.monta\u00f1asdelaluna.es\/?p=29170\" title=\"Corredor Vermicelle en Cambre d&#8217;Aze\" rel=\"bookmark\">Corredor Vermicelle en Cambre d&#8217;Aze<\/a><\/h3>\n\n\t\t\t<div class=\"entry-meta\"><span class=\"category-link\"><a href=\"https:\/\/www.monta\u00f1asdelaluna.es\/?cat=91\" rel=\"category\">Pirineo franc\u00e9s y Andorra<\/a><\/span><a class=\"author vcard\" href=\"https:\/\/www.monta\u00f1asdelaluna.es\/?author=1\" title=\"Ver todas las publicaciones de Joaquin Terres\" rel=\"author\">Por <span class=\"fn\">Joaquin Terres<\/span><\/a><a href=\"https:\/\/www.monta\u00f1asdelaluna.es\/?m=20130323\" title=\"8:53 pm\" class=\"data-link\" rel=\"bookmark\"><time class=\"entry-date updated\" datetime=\"2013-03-23T20:53:32+00:00\">23 marzo, 2013<\/time><\/a><a href=\"https:\/\/www.monta\u00f1asdelaluna.es\/?p=29170#respond\" class=\"comment-link\" >Deja un comentario<\/a><\/div><p>[vc_row][vc_column][vc_column_text]Despu\u00e9s del fallido intento el fin de semana pasado de intentar hacer una traves\u00eda invernal de alta monta\u00f1a por alg\u00fan macizo de los Pirineos, se nos qued\u00f3 la espinita de hacer algo interesante y emocionante antes de que se acabe el invierno en los Pirineos. Por ello Toni y yo convencimos a nuestras amadas y&hellip;<\/p>\n\n<a href=\"https:\/\/www.monta\u00f1asdelaluna.es\/?p=29170\" class=\"details more-link\" aria-label=\"Read more about Corredor Vermicelle en Cambre d&#8217;Aze\" rel=\"nofollow\">Detalles<\/a>\n\n\t\t<\/div>\n\n\t<\/article>\n\n<\/div>\n<div class=\"wf-cell iso-item category-74\" data-post-id=\"29963\" data-date=\"2013-03-02T09:48:53+00:00\" data-name=\"Sierra de Miralles y sus 3 castillos\">\n\t<article class=\"post post-29963 type-post status-publish format-standard has-post-thumbnail hentry category-resto-de-barcelona category-74 description-off\">\n\n\t\t\n\t\t\t<div class=\"blog-media wf-td\">\n\n\t\t\t\t<p><a href=\"https:\/\/www.monta\u00f1asdelaluna.es\/?p=29963\" class=\"alignnone rollover layzr-bg\" ><img loading=\"lazy\" decoding=\"async\" class=\"preload-me iso-lazy-load\" src=\"data:image\/svg+xml,%3Csvg%20xmlns%3D&#39;http%3A%2F%2Fwww.w3.org%2F2000%2Fsvg&#39;%20viewBox%3D&#39;0%200%20555%20416&#39;%2F%3E\" data-src=\"https:\/\/www.monta\u00f1asdelaluna.es\/wp-content\/uploads\/2016\/06\/Sierra-de-Miralles-130-555x416.jpg\" data-srcset=\"https:\/\/www.monta\u00f1asdelaluna.es\/wp-content\/uploads\/2016\/06\/Sierra-de-Miralles-130-555x416.jpg 555w, https:\/\/www.monta\u00f1asdelaluna.es\/wp-content\/uploads\/2016\/06\/Sierra-de-Miralles-130-1110x832.jpg 1110w\" alt=\"\" title=\"Ruinas de Sant Crist\u00f2fol en el Castillo de Queralt\" width=\"555\" height=\"416\"  \/><\/a><\/p>\n\t\t\t<\/div>\n\n\t\t\n\t\t<div class=\"blog-content wf-td\">\n\t\t\t<h3 class=\"entry-title\"><a href=\"https:\/\/www.monta\u00f1asdelaluna.es\/?p=29963\" title=\"Sierra de Miralles y sus 3 castillos\" rel=\"bookmark\">Sierra de Miralles y sus 3 castillos<\/a><\/h3>\n\n\t\t\t<div class=\"entry-meta\"><span class=\"category-link\"><a href=\"https:\/\/www.monta\u00f1asdelaluna.es\/?cat=74\" rel=\"category\">Resto de Barcelona<\/a><\/span><a class=\"author vcard\" href=\"https:\/\/www.monta\u00f1asdelaluna.es\/?author=1\" title=\"Ver todas las publicaciones de Joaquin Terres\" rel=\"author\">Por <span class=\"fn\">Joaquin Terres<\/span><\/a><a href=\"https:\/\/www.monta\u00f1asdelaluna.es\/?m=20130302\" title=\"9:48 am\" class=\"data-link\" rel=\"bookmark\"><time class=\"entry-date updated\" datetime=\"2013-03-02T09:48:53+00:00\">2 marzo, 2013<\/time><\/a><a href=\"https:\/\/www.monta\u00f1asdelaluna.es\/?p=29963#respond\" class=\"comment-link\" >Deja un comentario<\/a><\/div><p>[vc_row][vc_column][vc_column_text]Ya ten\u00eda ganas de descubrir nuevas monta\u00f1as, recorridos y horizontes. Buscando lugares y sierras que recorrer, me atrajo la Sierra de Miralles por que la cruzaba el G.R.-7 y por que 3 castillos rodeaban su coraz\u00f3n. Fotos, im\u00e1genes, recorrido al wikiloc&#8230; y la aventura estaba servida. Dejaba de mirar de Barcelona hac\u00eda el norte y&hellip;<\/p>\n\n<a href=\"https:\/\/www.monta\u00f1asdelaluna.es\/?p=29963\" class=\"details more-link\" aria-label=\"Read more about Sierra de Miralles y sus 3 castillos\" rel=\"nofollow\">Detalles<\/a>\n\n\t\t<\/div>\n\n\t<\/article>\n\n<\/div>\n<div class=\"wf-cell iso-item category-49\" data-post-id=\"25326\" data-date=\"2013-02-24T22:13:22+00:00\" data-name=\"Collserola. Valles de Les Feixes\">\n\t<article class=\"post post-25326 type-post status-publish format-standard has-post-thumbnail hentry category-collserola category-49 description-off\">\n\n\t\t\n\t\t\t<div class=\"blog-media wf-td\">\n\n\t\t\t\t<p><a href=\"https:\/\/www.monta\u00f1asdelaluna.es\/?p=25326\" class=\"alignnone rollover layzr-bg\" ><img loading=\"lazy\" decoding=\"async\" class=\"preload-me iso-lazy-load\" src=\"data:image\/svg+xml,%3Csvg%20xmlns%3D&#39;http%3A%2F%2Fwww.w3.org%2F2000%2Fsvg&#39;%20viewBox%3D&#39;0%200%20555%20416&#39;%2F%3E\" data-src=\"https:\/\/www.monta\u00f1asdelaluna.es\/wp-content\/uploads\/2015\/11\/Collserola.-Valles-de-Les-Feixes-072-555x416.jpg\" data-srcset=\"https:\/\/www.monta\u00f1asdelaluna.es\/wp-content\/uploads\/2015\/11\/Collserola.-Valles-de-Les-Feixes-072-555x416.jpg 555w, https:\/\/www.monta\u00f1asdelaluna.es\/wp-content\/uploads\/2015\/11\/Collserola.-Valles-de-Les-Feixes-072-1110x832.jpg 1110w\" alt=\"\" title=\"Anna y Raquel camino de Can Codina\" width=\"555\" height=\"416\"  \/><\/a><\/p>\n\t\t\t<\/div>\n\n\t\t\n\t\t<div class=\"blog-content wf-td\">\n\t\t\t<h3 class=\"entry-title\"><a href=\"https:\/\/www.monta\u00f1asdelaluna.es\/?p=25326\" title=\"Collserola. Valles de Les Feixes\" rel=\"bookmark\">Collserola. Valles de Les Feixes<\/a><\/h3>\n\n\t\t\t<div class=\"entry-meta\"><span class=\"category-link\"><a href=\"https:\/\/www.monta\u00f1asdelaluna.es\/?cat=49\" rel=\"category\">Collserola<\/a><\/span><a class=\"author vcard\" href=\"https:\/\/www.monta\u00f1asdelaluna.es\/?author=1\" title=\"Ver todas las publicaciones de Joaquin Terres\" rel=\"author\">Por <span class=\"fn\">Joaquin Terres<\/span><\/a><a href=\"https:\/\/www.monta\u00f1asdelaluna.es\/?m=20130224\" title=\"10:13 pm\" class=\"data-link\" rel=\"bookmark\"><time class=\"entry-date updated\" datetime=\"2013-02-24T22:13:22+00:00\">24 febrero, 2013<\/time><\/a><a href=\"https:\/\/www.monta\u00f1asdelaluna.es\/?p=25326#respond\" class=\"comment-link\" >Deja un comentario<\/a><\/div><p>[vc_row][vc_column][vc_column_text]Ya hac\u00eda tiempo que me atra\u00eda visitar el valle de Collserola m\u00e1s al noreste de la sierra; ya que gracias al libro de Rutes de Patrimoni Arquitect\u00f2nic de la Xarxa de Parcs Naturals de la Diputaci\u00f3 de Barcelona, que me regal\u00f3 mi compa\u00f1ero Jes\u00fas Santana, descubr\u00ed los rincones y antiguas construcciones entre los valles de&hellip;<\/p>\n\n<a href=\"https:\/\/www.monta\u00f1asdelaluna.es\/?p=25326\" class=\"details more-link\" aria-label=\"Read more about Collserola. Valles de Les Feixes\" rel=\"nofollow\">Detalles<\/a>\n\n\t\t<\/div>\n\n\t<\/article>\n\n<\/div>\n<div class=\"wf-cell iso-item category-130\" data-post-id=\"32708\" data-date=\"2013-02-16T09:21:03+00:00\" data-name=\"Pedraforca desde G\u00f3sol\">\n\t<article class=\"post post-32708 type-post status-publish format-standard has-post-thumbnail hentry category-pirineo-calizo-catalan category-130 description-off\">\n\n\t\t\n\t\t\t<div class=\"blog-media wf-td\">\n\n\t\t\t\t<p><a href=\"https:\/\/www.monta\u00f1asdelaluna.es\/?p=32708\" class=\"alignnone rollover layzr-bg\" ><img loading=\"lazy\" decoding=\"async\" class=\"preload-me iso-lazy-load\" src=\"data:image\/svg+xml,%3Csvg%20xmlns%3D&#39;http%3A%2F%2Fwww.w3.org%2F2000%2Fsvg&#39;%20viewBox%3D&#39;0%200%20555%20416&#39;%2F%3E\" data-src=\"https:\/\/www.monta\u00f1asdelaluna.es\/wp-content\/uploads\/2016\/08\/Pedarforca-casi-invernal-058-555x416.jpg\" data-srcset=\"https:\/\/www.monta\u00f1asdelaluna.es\/wp-content\/uploads\/2016\/08\/Pedarforca-casi-invernal-058-555x416.jpg 555w, https:\/\/www.monta\u00f1asdelaluna.es\/wp-content\/uploads\/2016\/08\/Pedarforca-casi-invernal-058-1110x832.jpg 1110w\" alt=\"\" title=\"Bajando del Polleg\u00f3 Superior a la izquierda el Pic del Candeler y el Polleg\u00f3 Inferior abajo derecha\" width=\"555\" height=\"416\"  \/><\/a><\/p>\n\t\t\t<\/div>\n\n\t\t\n\t\t<div class=\"blog-content wf-td\">\n\t\t\t<h3 class=\"entry-title\"><a href=\"https:\/\/www.monta\u00f1asdelaluna.es\/?p=32708\" title=\"Pedraforca desde G\u00f3sol\" rel=\"bookmark\">Pedraforca desde G\u00f3sol<\/a><\/h3>\n\n\t\t\t<div class=\"entry-meta\"><span class=\"category-link\"><a href=\"https:\/\/www.monta\u00f1asdelaluna.es\/?cat=130\" rel=\"category\">Pirineo Calizo Catal\u00e1n<\/a><\/span><a class=\"author vcard\" href=\"https:\/\/www.monta\u00f1asdelaluna.es\/?author=1\" title=\"Ver todas las publicaciones de Joaquin Terres\" rel=\"author\">Por <span class=\"fn\">Joaquin Terres<\/span><\/a><a href=\"https:\/\/www.monta\u00f1asdelaluna.es\/?m=20130216\" title=\"9:21 am\" class=\"data-link\" rel=\"bookmark\"><time class=\"entry-date updated\" datetime=\"2013-02-16T09:21:03+00:00\">16 febrero, 2013<\/time><\/a><a href=\"https:\/\/www.monta\u00f1asdelaluna.es\/?p=32708#respond\" class=\"comment-link\" >Deja un comentario<\/a><\/div><p>[vc_row][vc_column][vc_column_text] Casi invernal. Buscando un paso bajo las paredes del Polleg\u00f3 Superior. 16-Febrero-2.013 &nbsp; Pensaba deb\u00eda de ser excepcional poder subir el Pedraforca en invierno con nieve y hielo. Que sus agrestes caracter\u00edsticas deb\u00edan de ser interesantes en una subida invernal: con sus paredes y verticalidades; sobre todo por la ruta de la collada del&hellip;<\/p>\n\n<a href=\"https:\/\/www.monta\u00f1asdelaluna.es\/?p=32708\" class=\"details more-link\" aria-label=\"Read more about Pedraforca desde G\u00f3sol\" rel=\"nofollow\">Detalles<\/a>\n\n\t\t<\/div>\n\n\t<\/article>\n\n<\/div>\n<div class=\"wf-cell iso-item category-131\" data-post-id=\"26440\" data-date=\"2013-02-03T19:02:40+00:00\" data-name=\"Arb\u00facies y Montfort (Alrededores de Arb\u00facies 2)\">\n\t<article class=\"post post-26440 type-post status-publish format-standard has-post-thumbnail hentry category-turo-de-lhome category-131 description-off\">\n\n\t\t\n\t\t\t<div class=\"blog-media wf-td\">\n\n\t\t\t\t<p><a href=\"https:\/\/www.monta\u00f1asdelaluna.es\/?p=26440\" class=\"alignnone rollover layzr-bg\" ><img loading=\"lazy\" decoding=\"async\" class=\"preload-me iso-lazy-load\" src=\"data:image\/svg+xml,%3Csvg%20xmlns%3D&#39;http%3A%2F%2Fwww.w3.org%2F2000%2Fsvg&#39;%20viewBox%3D&#39;0%200%20555%20416&#39;%2F%3E\" data-src=\"https:\/\/www.monta\u00f1asdelaluna.es\/wp-content\/uploads\/2016\/01\/Arb\u00facies-y-Montfort.-049-555x416.jpg\" data-srcset=\"https:\/\/www.monta\u00f1asdelaluna.es\/wp-content\/uploads\/2016\/01\/Arb\u00facies-y-Montfort.-049-555x416.jpg 555w, https:\/\/www.monta\u00f1asdelaluna.es\/wp-content\/uploads\/2016\/01\/Arb\u00facies-y-Montfort.-049-1110x832.jpg 1110w\" alt=\"\" title=\"El Tur\u00f3 de Montfort entre los casta\u00f1ares\" width=\"555\" height=\"416\"  \/><\/a><\/p>\n\t\t\t<\/div>\n\n\t\t\n\t\t<div class=\"blog-content wf-td\">\n\t\t\t<h3 class=\"entry-title\"><a href=\"https:\/\/www.monta\u00f1asdelaluna.es\/?p=26440\" title=\"Arb\u00facies y Montfort (Alrededores de Arb\u00facies 2)\" rel=\"bookmark\">Arb\u00facies y Montfort (Alrededores de Arb\u00facies 2)<\/a><\/h3>\n\n\t\t\t<div class=\"entry-meta\"><span class=\"category-link\"><a href=\"https:\/\/www.monta\u00f1asdelaluna.es\/?cat=131\" rel=\"category\">Tur\u00f3 de l'Home<\/a><\/span><a class=\"author vcard\" href=\"https:\/\/www.monta\u00f1asdelaluna.es\/?author=1\" title=\"Ver todas las publicaciones de Joaquin Terres\" rel=\"author\">Por <span class=\"fn\">Joaquin Terres<\/span><\/a><a href=\"https:\/\/www.monta\u00f1asdelaluna.es\/?m=20130203\" title=\"7:02 pm\" class=\"data-link\" rel=\"bookmark\"><time class=\"entry-date updated\" datetime=\"2013-02-03T19:02:40+00:00\">3 febrero, 2013<\/time><\/a><a href=\"https:\/\/www.monta\u00f1asdelaluna.es\/?p=26440#respond\" class=\"comment-link\" >Deja un comentario<\/a><\/div><p>[vc_row][vc_column][vc_column_text]De nuevo intento esta ruta para, por fin, llegar al Castell de Montsoriu. Ahora con el mapa estudiado, requetestudiado y confiando en encontrar un buen camino que me lleve hasta el susodicho castillo, sin tener que pasar por la urbanizaci\u00f3n ni desandar camino ya pisado&#8230; Salimos el pasado domingo 3 de febrero de 2013 unas&hellip;<\/p>\n\n<a href=\"https:\/\/www.monta\u00f1asdelaluna.es\/?p=26440\" class=\"details more-link\" aria-label=\"Read more about Arb\u00facies y Montfort (Alrededores de Arb\u00facies 2)\" rel=\"nofollow\">Detalles<\/a>\n\n\t\t<\/div>\n\n\t<\/article>\n\n<\/div>\n<div class=\"wf-cell iso-item category-129\" data-post-id=\"28084\" data-date=\"2013-01-26T23:25:40+00:00\" data-name=\"Bastiments. El Pirineo del viento\">\n\t<article class=\"post post-28084 type-post status-publish format-standard has-post-thumbnail hentry category-pirineo-oriental category-129 description-off\">\n\n\t\t\n\t\t\t<div class=\"blog-media wf-td\">\n\n\t\t\t\t<p><a href=\"https:\/\/www.monta\u00f1asdelaluna.es\/?p=28084\" class=\"alignnone rollover layzr-bg\" ><img loading=\"lazy\" decoding=\"async\" class=\"preload-me iso-lazy-load\" src=\"data:image\/svg+xml,%3Csvg%20xmlns%3D&#39;http%3A%2F%2Fwww.w3.org%2F2000%2Fsvg&#39;%20viewBox%3D&#39;0%200%20555%20416&#39;%2F%3E\" data-src=\"https:\/\/www.monta\u00f1asdelaluna.es\/wp-content\/uploads\/2016\/03\/Bastiments-066-555x416.jpg\" data-srcset=\"https:\/\/www.monta\u00f1asdelaluna.es\/wp-content\/uploads\/2016\/03\/Bastiments-066-555x416.jpg 555w, https:\/\/www.monta\u00f1asdelaluna.es\/wp-content\/uploads\/2016\/03\/Bastiments-066-1110x832.jpg 1110w\" alt=\"\" title=\"Regreso a la cima principal del Bastiments\" width=\"555\" height=\"416\"  \/><\/a><\/p>\n\t\t\t<\/div>\n\n\t\t\n\t\t<div class=\"blog-content wf-td\">\n\t\t\t<h3 class=\"entry-title\"><a href=\"https:\/\/www.monta\u00f1asdelaluna.es\/?p=28084\" title=\"Bastiments. El Pirineo del viento\" rel=\"bookmark\">Bastiments. El Pirineo del viento<\/a><\/h3>\n\n\t\t\t<div class=\"entry-meta\"><span class=\"category-link\"><a href=\"https:\/\/www.monta\u00f1asdelaluna.es\/?cat=129\" rel=\"category\">Pirineo Oriental<\/a><\/span><a class=\"author vcard\" href=\"https:\/\/www.monta\u00f1asdelaluna.es\/?author=1\" title=\"Ver todas las publicaciones de Joaquin Terres\" rel=\"author\">Por <span class=\"fn\">Joaquin Terres<\/span><\/a><a href=\"https:\/\/www.monta\u00f1asdelaluna.es\/?m=20130126\" title=\"11:25 pm\" class=\"data-link\" rel=\"bookmark\"><time class=\"entry-date updated\" datetime=\"2013-01-26T23:25:40+00:00\">26 enero, 2013<\/time><\/a><a href=\"https:\/\/www.monta\u00f1asdelaluna.es\/?p=28084#respond\" class=\"comment-link\" >Deja un comentario<\/a><\/div><p>[vc_row][vc_column][vc_column_text]Ya tocaba visitar el Pirineo de nuevo y subir a alguna de sus altivas cumbres. Despu\u00e9s del Puigllan\u00e7ada, la idea era subir al Bastiments (2.883 mts.) en el Pirineo Oriental y sobre Vallter 2000, pero como una actividad de iniciaci\u00f3n a la alta monta\u00f1a. Despu\u00e9s de las numerosas e intensas nevadas, el Pirineo tendr\u00eda que&hellip;<\/p>\n\n<a href=\"https:\/\/www.monta\u00f1asdelaluna.es\/?p=28084\" class=\"details more-link\" aria-label=\"Read more about Bastiments. El Pirineo del viento\" rel=\"nofollow\">Detalles<\/a>\n\n\t\t<\/div>\n\n\t<\/article>\n\n<\/div>\n<div class=\"wf-cell iso-item category-83\" data-post-id=\"26958\" data-date=\"2013-01-05T19:56:12+00:00\" data-name=\"Puig Campana, monta\u00f1a forcada.\">\n\t<article class=\"post post-26958 type-post status-publish format-standard has-post-thumbnail hentry category-aitana-y-puig-campana category-83 description-off\">\n\n\t\t\n\t\t\t<div class=\"blog-media wf-td\">\n\n\t\t\t\t<p><a href=\"https:\/\/www.monta\u00f1asdelaluna.es\/?p=26958\" class=\"alignnone rollover layzr-bg\" ><img loading=\"lazy\" decoding=\"async\" class=\"preload-me iso-lazy-load\" src=\"data:image\/svg+xml,%3Csvg%20xmlns%3D&#39;http%3A%2F%2Fwww.w3.org%2F2000%2Fsvg&#39;%20viewBox%3D&#39;0%200%20555%20381&#39;%2F%3E\" data-src=\"https:\/\/www.monta\u00f1asdelaluna.es\/wp-content\/uploads\/2016\/02\/Puig-Campana-003.b-555x381.jpg\" data-srcset=\"https:\/\/www.monta\u00f1asdelaluna.es\/wp-content\/uploads\/2016\/02\/Puig-Campana-003.b-555x381.jpg 555w, https:\/\/www.monta\u00f1asdelaluna.es\/wp-content\/uploads\/2016\/02\/Puig-Campana-003.b-1110x762.jpg 1110w\" alt=\"\" title=\"Puig Campana desde la Font del Mol\u00ed\" width=\"555\" height=\"381\"  \/><\/a><\/p>\n\t\t\t<\/div>\n\n\t\t\n\t\t<div class=\"blog-content wf-td\">\n\t\t\t<h3 class=\"entry-title\"><a href=\"https:\/\/www.monta\u00f1asdelaluna.es\/?p=26958\" title=\"Puig Campana, monta\u00f1a forcada.\" rel=\"bookmark\">Puig Campana, monta\u00f1a forcada.<\/a><\/h3>\n\n\t\t\t<div class=\"entry-meta\"><span class=\"category-link\"><a href=\"https:\/\/www.monta\u00f1asdelaluna.es\/?cat=83\" rel=\"category\">Aitana y Puig Campana<\/a><\/span><a class=\"author vcard\" href=\"https:\/\/www.monta\u00f1asdelaluna.es\/?author=1\" title=\"Ver todas las publicaciones de Joaquin Terres\" rel=\"author\">Por <span class=\"fn\">Joaquin Terres<\/span><\/a><a href=\"https:\/\/www.monta\u00f1asdelaluna.es\/?m=20130105\" title=\"7:56 pm\" class=\"data-link\" rel=\"bookmark\"><time class=\"entry-date updated\" datetime=\"2013-01-05T19:56:12+00:00\">5 enero, 2013<\/time><\/a><a href=\"https:\/\/www.monta\u00f1asdelaluna.es\/?p=26958#respond\" class=\"comment-link\" >Deja un comentario<\/a><\/div><p>[vc_row][vc_column][vc_column_text]Hablaros del Puig Campana, me llena de buenos recuerdos, a la memoria me vienen momentos \u00fanicos con amigos y compa\u00f1eros \u00fanicos. Hablaros del Puig Campana es como hablaros de la belleza monumental de la Naturaleza, de la Tierra, como si fuera una de sus Obras de Arte. Hablaros del Puig Campana, a la vez, es&hellip;<\/p>\n\n<a href=\"https:\/\/www.monta\u00f1asdelaluna.es\/?p=26958\" class=\"details more-link\" aria-label=\"Read more about Puig Campana, monta\u00f1a forcada.\" rel=\"nofollow\">Detalles<\/a>\n\n\t\t<\/div>\n\n\t<\/article>\n\n<\/div>\n<div class=\"wf-cell iso-item category-130\" data-post-id=\"32970\" data-date=\"2012-12-29T14:55:55+00:00\" data-name=\"Puigllan\u00e7ada desde el Coll de La Creueta\">\n\t<article class=\"post post-32970 type-post status-publish format-standard has-post-thumbnail hentry category-pirineo-calizo-catalan category-130 description-off\">\n\n\t\t\n\t\t\t<div class=\"blog-media wf-td\">\n\n\t\t\t\t<p><a href=\"https:\/\/www.monta\u00f1asdelaluna.es\/?p=32970\" class=\"alignnone rollover layzr-bg\" ><img loading=\"lazy\" decoding=\"async\" class=\"preload-me iso-lazy-load\" src=\"data:image\/svg+xml,%3Csvg%20xmlns%3D&#39;http%3A%2F%2Fwww.w3.org%2F2000%2Fsvg&#39;%20viewBox%3D&#39;0%200%20555%20416&#39;%2F%3E\" data-src=\"https:\/\/www.monta\u00f1asdelaluna.es\/wp-content\/uploads\/2016\/08\/Puigllan\u00e7ada-y-Nochevieja-008-555x416.jpg\" data-srcset=\"https:\/\/www.monta\u00f1asdelaluna.es\/wp-content\/uploads\/2016\/08\/Puigllan\u00e7ada-y-Nochevieja-008-555x416.jpg 555w, https:\/\/www.monta\u00f1asdelaluna.es\/wp-content\/uploads\/2016\/08\/Puigllan\u00e7ada-y-Nochevieja-008-1110x832.jpg 1110w\" alt=\"\" title=\"Coll de La Creueta, 1.888 mts., al fondo derecha el Montseny\" width=\"555\" height=\"416\"  \/><\/a><\/p>\n\t\t\t<\/div>\n\n\t\t\n\t\t<div class=\"blog-content wf-td\">\n\t\t\t<h3 class=\"entry-title\"><a href=\"https:\/\/www.monta\u00f1asdelaluna.es\/?p=32970\" title=\"Puigllan\u00e7ada desde el Coll de La Creueta\" rel=\"bookmark\">Puigllan\u00e7ada desde el Coll de La Creueta<\/a><\/h3>\n\n\t\t\t<div class=\"entry-meta\"><span class=\"category-link\"><a href=\"https:\/\/www.monta\u00f1asdelaluna.es\/?cat=130\" rel=\"category\">Pirineo Calizo Catal\u00e1n<\/a><\/span><a class=\"author vcard\" href=\"https:\/\/www.monta\u00f1asdelaluna.es\/?author=1\" title=\"Ver todas las publicaciones de Joaquin Terres\" rel=\"author\">Por <span class=\"fn\">Joaquin Terres<\/span><\/a><a href=\"https:\/\/www.monta\u00f1asdelaluna.es\/?m=20121229\" title=\"2:55 pm\" class=\"data-link\" rel=\"bookmark\"><time class=\"entry-date updated\" datetime=\"2012-12-29T14:55:55+00:00\">29 diciembre, 2012<\/time><\/a><a href=\"https:\/\/www.monta\u00f1asdelaluna.es\/?p=32970#respond\" class=\"comment-link\" >Deja un comentario<\/a><\/div><p>[vc_row][vc_column][vc_column_text]Para la \u00faltima salida del a\u00f1o, Kike nos ha preparado una marcha tranquila y f\u00e1cil a uno de los picos m\u00e1s cercano a la Estaci\u00f3n de Esqu\u00ed de La Molina: el Puigllan\u00e7ada. A caballo entre la Sierra de Moixer\u00f3, la Tossa d\u2019Alp y la de Montgrony, el Puigllan\u00e7ada queda como una alta y suave loma&hellip;<\/p>\n\n<a href=\"https:\/\/www.monta\u00f1asdelaluna.es\/?p=32970\" class=\"details more-link\" aria-label=\"Read more about Puigllan\u00e7ada desde el Coll de La Creueta\" rel=\"nofollow\">Detalles<\/a>\n\n\t\t<\/div>\n\n\t<\/article>\n\n<\/div>\n<div class=\"wf-cell iso-item category-131\" data-post-id=\"33541\" data-date=\"2012-12-01T06:39:20+00:00\" data-name=\"Subida al Tur\u00f3 de l&#039;Home desde Passavets\">\n\t<article class=\"post post-33541 type-post status-publish format-standard has-post-thumbnail hentry category-turo-de-lhome category-131 description-off\">\n\n\t\t\n\t\t\t<div class=\"blog-media wf-td\">\n\n\t\t\t\t<p><a href=\"https:\/\/www.monta\u00f1asdelaluna.es\/?p=33541\" class=\"alignnone rollover layzr-bg\" ><img loading=\"lazy\" decoding=\"async\" class=\"preload-me iso-lazy-load\" src=\"data:image\/svg+xml,%3Csvg%20xmlns%3D&#39;http%3A%2F%2Fwww.w3.org%2F2000%2Fsvg&#39;%20viewBox%3D&#39;0%200%20555%20416&#39;%2F%3E\" data-src=\"https:\/\/www.monta\u00f1asdelaluna.es\/wp-content\/uploads\/2016\/09\/Tur\u00f3-de-lHome-desde-Passavets-055-555x416.jpg\" data-srcset=\"https:\/\/www.monta\u00f1asdelaluna.es\/wp-content\/uploads\/2016\/09\/Tur\u00f3-de-lHome-desde-Passavets-055-555x416.jpg 555w, https:\/\/www.monta\u00f1asdelaluna.es\/wp-content\/uploads\/2016\/09\/Tur\u00f3-de-lHome-desde-Passavets-055-1110x832.jpg 1110w\" alt=\"\" title=\"Les Agudes desde la cima del Tur\u00f3 de l&#8217;Home\" width=\"555\" height=\"416\"  \/><\/a><\/p>\n\t\t\t<\/div>\n\n\t\t\n\t\t<div class=\"blog-content wf-td\">\n\t\t\t<h3 class=\"entry-title\"><a href=\"https:\/\/www.monta\u00f1asdelaluna.es\/?p=33541\" title=\"Subida al Tur\u00f3 de l&#8217;Home desde Passavets\" rel=\"bookmark\">Subida al Tur\u00f3 de l&#8217;Home desde Passavets<\/a><\/h3>\n\n\t\t\t<div class=\"entry-meta\"><span class=\"category-link\"><a href=\"https:\/\/www.monta\u00f1asdelaluna.es\/?cat=131\" rel=\"category\">Tur\u00f3 de l'Home<\/a><\/span><a class=\"author vcard\" href=\"https:\/\/www.monta\u00f1asdelaluna.es\/?author=1\" title=\"Ver todas las publicaciones de Joaquin Terres\" rel=\"author\">Por <span class=\"fn\">Joaquin Terres<\/span><\/a><a href=\"https:\/\/www.monta\u00f1asdelaluna.es\/?m=20121201\" title=\"6:39 am\" class=\"data-link\" rel=\"bookmark\"><time class=\"entry-date updated\" datetime=\"2012-12-01T06:39:20+00:00\">1 diciembre, 2012<\/time><\/a><a href=\"https:\/\/www.monta\u00f1asdelaluna.es\/?p=33541#respond\" class=\"comment-link\" >Deja un comentario<\/a><\/div><p>[vc_row][vc_column][vc_column_text]Aprovechando las primeras y fr\u00edas nieves de la temporada y queriendo estar al mediod\u00eda en casa, salimos al Montseny para subir a su c\u00faspide desde uno de los lugares m\u00e1s visitados y \u201cbase\u201d para abordar dicha cumbre, y que a la vez no hab\u00eda tenido el gusto a\u00fan de conocer: la Font de Passavets. As\u00ed&hellip;<\/p>\n\n<a href=\"https:\/\/www.monta\u00f1asdelaluna.es\/?p=33541\" class=\"details more-link\" aria-label=\"Read more about Subida al Tur\u00f3 de l&#8217;Home desde Passavets\" rel=\"nofollow\">Detalles<\/a>\n\n\t\t<\/div>\n\n\t<\/article>\n\n<\/div>\n<div class=\"wf-cell iso-item category-49\" data-post-id=\"23436\" data-date=\"2012-11-24T18:08:03+00:00\" data-name=\"Les Escletxes y Puig Madrona en Collserola\">\n\t<article class=\"post post-23436 type-post status-publish format-standard has-post-thumbnail hentry category-collserola category-49 description-off\">\n\n\t\t\n\t\t\t<div class=\"blog-media wf-td\">\n\n\t\t\t\t<p><a href=\"https:\/\/www.monta\u00f1asdelaluna.es\/?p=23436\" class=\"alignnone rollover layzr-bg\" ><img loading=\"lazy\" decoding=\"async\" class=\"preload-me iso-lazy-load\" src=\"data:image\/svg+xml,%3Csvg%20xmlns%3D&#39;http%3A%2F%2Fwww.w3.org%2F2000%2Fsvg&#39;%20viewBox%3D&#39;0%200%20555%20416&#39;%2F%3E\" data-src=\"https:\/\/www.monta\u00f1asdelaluna.es\/wp-content\/uploads\/2015\/10\/Collserola.-Puig-Madrona-114-555x416.jpg\" data-srcset=\"https:\/\/www.monta\u00f1asdelaluna.es\/wp-content\/uploads\/2015\/10\/Collserola.-Puig-Madrona-114-555x416.jpg 555w, https:\/\/www.monta\u00f1asdelaluna.es\/wp-content\/uploads\/2015\/10\/Collserola.-Puig-Madrona-114.jpg 751w\" alt=\"\" title=\"Alrededores del Salt\" width=\"555\" height=\"416\"  \/><\/a><\/p>\n\t\t\t<\/div>\n\n\t\t\n\t\t<div class=\"blog-content wf-td\">\n\t\t\t<h3 class=\"entry-title\"><a href=\"https:\/\/www.monta\u00f1asdelaluna.es\/?p=23436\" title=\"Les Escletxes y Puig Madrona en Collserola\" rel=\"bookmark\">Les Escletxes y Puig Madrona en Collserola<\/a><\/h3>\n\n\t\t\t<div class=\"entry-meta\"><span class=\"category-link\"><a href=\"https:\/\/www.monta\u00f1asdelaluna.es\/?cat=49\" rel=\"category\">Collserola<\/a><\/span><a class=\"author vcard\" href=\"https:\/\/www.monta\u00f1asdelaluna.es\/?author=1\" title=\"Ver todas las publicaciones de Joaquin Terres\" rel=\"author\">Por <span class=\"fn\">Joaquin Terres<\/span><\/a><a href=\"https:\/\/www.monta\u00f1asdelaluna.es\/?m=20121124\" title=\"6:08 pm\" class=\"data-link\" rel=\"bookmark\"><time class=\"entry-date updated\" datetime=\"2012-11-24T18:08:03+00:00\">24 noviembre, 2012<\/time><\/a><a href=\"https:\/\/www.monta\u00f1asdelaluna.es\/?p=23436#respond\" class=\"comment-link\" >Deja un comentario<\/a><\/div><p>[vc_row][vc_column][vc_column_text]Reuni\u00f3n de amigos. Comida de amistad. Sentimos tal \u201ccelos\u201d y \u201cenvidia\u201d de los compa\u00f1eros monta\u00f1eros de Girona que aqu\u00ed en Barcelona quisimos hacer lo mismo: una actividad festiva y l\u00fadica; una comida. Y que mejor lugar que las faldas de Collserola, y las mesas de unos de sus restaurantes: Can Rabella. Por ello, Enrique nos&hellip;<\/p>\n\n<a href=\"https:\/\/www.monta\u00f1asdelaluna.es\/?p=23436\" class=\"details more-link\" aria-label=\"Read more about Les Escletxes y Puig Madrona en Collserola\" rel=\"nofollow\">Detalles<\/a>\n\n\t\t<\/div>\n\n\t<\/article>\n\n<\/div>\n<div class=\"wf-cell iso-item category-47\" data-post-id=\"18873\" data-date=\"2012-11-11T23:00:08+00:00\" data-name=\"Puigsacalm\">\n\t<article class=\"post post-18873 type-post status-publish format-standard has-post-thumbnail hentry category-la-garrotxa category-47 description-off\">\n\n\t\t\n\t\t\t<div class=\"blog-media wf-td\">\n\n\t\t\t\t<p><a href=\"https:\/\/www.monta\u00f1asdelaluna.es\/?p=18873\" class=\"alignnone rollover layzr-bg\" ><img loading=\"lazy\" decoding=\"async\" class=\"preload-me iso-lazy-load\" src=\"data:image\/svg+xml,%3Csvg%20xmlns%3D&#39;http%3A%2F%2Fwww.w3.org%2F2000%2Fsvg&#39;%20viewBox%3D&#39;0%200%20555%20416&#39;%2F%3E\" data-src=\"https:\/\/www.monta\u00f1asdelaluna.es\/wp-content\/uploads\/2015\/08\/Puigsacalm-109-555x416.jpg\" data-srcset=\"https:\/\/www.monta\u00f1asdelaluna.es\/wp-content\/uploads\/2015\/08\/Puigsacalm-109-555x416.jpg 555w, https:\/\/www.monta\u00f1asdelaluna.es\/wp-content\/uploads\/2015\/08\/Puigsacalm-109.jpg 751w\" alt=\"\" title=\"Subida al Puigsacalm\" width=\"555\" height=\"416\"  \/><\/a><\/p>\n\t\t\t<\/div>\n\n\t\t\n\t\t<div class=\"blog-content wf-td\">\n\t\t\t<h3 class=\"entry-title\"><a href=\"https:\/\/www.monta\u00f1asdelaluna.es\/?p=18873\" title=\"Puigsacalm\" rel=\"bookmark\">Puigsacalm<\/a><\/h3>\n\n\t\t\t<div class=\"entry-meta\"><span class=\"category-link\"><a href=\"https:\/\/www.monta\u00f1asdelaluna.es\/?cat=47\" rel=\"category\">La Garrotxa<\/a><\/span><a class=\"author vcard\" href=\"https:\/\/www.monta\u00f1asdelaluna.es\/?author=1\" title=\"Ver todas las publicaciones de Joaquin Terres\" rel=\"author\">Por <span class=\"fn\">Joaquin Terres<\/span><\/a><a href=\"https:\/\/www.monta\u00f1asdelaluna.es\/?m=20121111\" title=\"11:00 pm\" class=\"data-link\" rel=\"bookmark\"><time class=\"entry-date updated\" datetime=\"2012-11-11T23:00:08+00:00\">11 noviembre, 2012<\/time><\/a><a href=\"https:\/\/www.monta\u00f1asdelaluna.es\/?p=18873#respond\" class=\"comment-link\" >Deja un comentario<\/a><\/div><p>[vc_row][vc_column][vc_column_text]Desde hace poco tiempo que vivo en Catalu\u00f1a, tuve conocimiento de la existencia, devoci\u00f3n y fama del Puigsacalm. Y desde entonces que mi intenci\u00f3n hab\u00eda sido visitarlo, recorr\u00e9rmelo y conquistarlo. Por ello este oto\u00f1o Kike ten\u00eda pensado ir a esta emblem\u00e1tica monta\u00f1a, y me apunt\u00e9 y dej\u00e9 que me llevar\u00e1 y me guiara por los&hellip;<\/p>\n\n<a href=\"https:\/\/www.monta\u00f1asdelaluna.es\/?p=18873\" class=\"details more-link\" aria-label=\"Read more about Puigsacalm\" rel=\"nofollow\">Detalles<\/a>\n\n\t\t<\/div>\n\n\t<\/article>\n\n<\/div>\n<div class=\"wf-cell iso-item category-47\" data-post-id=\"20500\" data-date=\"2012-11-03T20:57:59+00:00\" data-name=\"Serra de Les Finestres\">\n\t<article class=\"post post-20500 type-post status-publish format-standard has-post-thumbnail hentry category-la-garrotxa category-47 description-off\">\n\n\t\t\n\t\t\t<div class=\"blog-media wf-td\">\n\n\t\t\t\t<p><a href=\"https:\/\/www.monta\u00f1asdelaluna.es\/?p=20500\" class=\"alignnone rollover layzr-bg\" ><img loading=\"lazy\" decoding=\"async\" class=\"preload-me iso-lazy-load\" src=\"data:image\/svg+xml,%3Csvg%20xmlns%3D&#39;http%3A%2F%2Fwww.w3.org%2F2000%2Fsvg&#39;%20viewBox%3D&#39;0%200%20555%20416&#39;%2F%3E\" data-src=\"https:\/\/www.monta\u00f1asdelaluna.es\/wp-content\/uploads\/2015\/08\/Sierra-de-Les-Finestres.-03-11-12-192-555x416.jpg\" data-srcset=\"https:\/\/www.monta\u00f1asdelaluna.es\/wp-content\/uploads\/2015\/08\/Sierra-de-Les-Finestres.-03-11-12-192-555x416.jpg 555w, https:\/\/www.monta\u00f1asdelaluna.es\/wp-content\/uploads\/2015\/08\/Sierra-de-Les-Finestres.-03-11-12-192.jpg 751w\" alt=\"\" title=\"Vistas al Pirineo con el Canig\u00f3 a la derecha, y abajo Santa Pau\" width=\"555\" height=\"416\"  \/><\/a><\/p>\n\t\t\t<\/div>\n\n\t\t\n\t\t<div class=\"blog-content wf-td\">\n\t\t\t<h3 class=\"entry-title\"><a href=\"https:\/\/www.monta\u00f1asdelaluna.es\/?p=20500\" title=\"Serra de Les Finestres\" rel=\"bookmark\">Serra de Les Finestres<\/a><\/h3>\n\n\t\t\t<div class=\"entry-meta\"><span class=\"category-link\"><a href=\"https:\/\/www.monta\u00f1asdelaluna.es\/?cat=47\" rel=\"category\">La Garrotxa<\/a><\/span><a class=\"author vcard\" href=\"https:\/\/www.monta\u00f1asdelaluna.es\/?author=1\" title=\"Ver todas las publicaciones de Joaquin Terres\" rel=\"author\">Por <span class=\"fn\">Joaquin Terres<\/span><\/a><a href=\"https:\/\/www.monta\u00f1asdelaluna.es\/?m=20121103\" title=\"8:57 pm\" class=\"data-link\" rel=\"bookmark\"><time class=\"entry-date updated\" datetime=\"2012-11-03T20:57:59+00:00\">3 noviembre, 2012<\/time><\/a><a href=\"https:\/\/www.monta\u00f1asdelaluna.es\/?p=20500#respond\" class=\"comment-link\" >Deja un comentario<\/a><\/div><p>[vc_row][vc_column][vc_column_text]Ya ten\u00eda ganas de volver a la incre\u00edble comarca de La Garrotxa, recorrerme sus fascinantes volcanes y sus fabulosos bosques. Maravillarme ante sus verdes y suaves colinas, como si formaran un laberinto de conos frondosos y encantadores&#8230; sus volcanes. Despu\u00e9s de que el a\u00f1o pasado por estas fechas visitara parte de la zona, subiendo los&hellip;<\/p>\n\n<a href=\"https:\/\/www.monta\u00f1asdelaluna.es\/?p=20500\" class=\"details more-link\" aria-label=\"Read more about Serra de Les Finestres\" rel=\"nofollow\">Detalles<\/a>\n\n\t\t<\/div>\n\n\t<\/article>\n\n<\/div>\n<div class=\"wf-cell iso-item category-45\" data-post-id=\"26112\" data-date=\"2012-10-27T16:45:08+00:00\" data-name=\"Montgr\u00f2s y la Mina de l&#039;Or\">\n\t<article class=\"post post-26112 type-post status-publish format-standard has-post-thumbnail hentry category-corredor-i-montnegre category-45 description-off\">\n\n\t\t\n\t\t\t<div class=\"blog-media wf-td\">\n\n\t\t\t\t<p><a href=\"https:\/\/www.monta\u00f1asdelaluna.es\/?p=26112\" class=\"alignnone rollover layzr-bg\" ><img loading=\"lazy\" decoding=\"async\" class=\"preload-me iso-lazy-load\" src=\"data:image\/svg+xml,%3Csvg%20xmlns%3D&#39;http%3A%2F%2Fwww.w3.org%2F2000%2Fsvg&#39;%20viewBox%3D&#39;0%200%20555%20416&#39;%2F%3E\" data-src=\"https:\/\/www.monta\u00f1asdelaluna.es\/wp-content\/uploads\/2016\/01\/Montnegre.-Montgros-y-la-Mina-dOr.-27-10-12-031-555x416.jpg\" data-srcset=\"https:\/\/www.monta\u00f1asdelaluna.es\/wp-content\/uploads\/2016\/01\/Montnegre.-Montgros-y-la-Mina-dOr.-27-10-12-031-555x416.jpg 555w, https:\/\/www.monta\u00f1asdelaluna.es\/wp-content\/uploads\/2016\/01\/Montnegre.-Montgros-y-la-Mina-dOr.-27-10-12-031-1110x832.jpg 1110w\" alt=\"\" title=\"Bosques del Montgr\u00f3s\" width=\"555\" height=\"416\"  \/><\/a><\/p>\n\t\t\t<\/div>\n\n\t\t\n\t\t<div class=\"blog-content wf-td\">\n\t\t\t<h3 class=\"entry-title\"><a href=\"https:\/\/www.monta\u00f1asdelaluna.es\/?p=26112\" title=\"Montgr\u00f2s y la Mina de l&#8217;Or\" rel=\"bookmark\">Montgr\u00f2s y la Mina de l&#8217;Or<\/a><\/h3>\n\n\t\t\t<div class=\"entry-meta\"><span class=\"category-link\"><a href=\"https:\/\/www.monta\u00f1asdelaluna.es\/?cat=45\" rel=\"category\">Corredor i Montnegre<\/a><\/span><a class=\"author vcard\" href=\"https:\/\/www.monta\u00f1asdelaluna.es\/?author=1\" title=\"Ver todas las publicaciones de Joaquin Terres\" rel=\"author\">Por <span class=\"fn\">Joaquin Terres<\/span><\/a><a href=\"https:\/\/www.monta\u00f1asdelaluna.es\/?m=20121027\" title=\"4:45 pm\" class=\"data-link\" rel=\"bookmark\"><time class=\"entry-date updated\" datetime=\"2012-10-27T16:45:08+00:00\">27 octubre, 2012<\/time><\/a><a href=\"https:\/\/www.monta\u00f1asdelaluna.es\/?p=26112#respond\" class=\"comment-link\" >Deja un comentario<\/a><\/div><p>[vc_row][vc_column][vc_column_text]Quer\u00eda volver a hacer otra ruta en el macizo de la Sierra del Montnegre, pensando que es una sierra con una gran extensi\u00f3n de bosque muy bien conservado y con muchos lugares escondidos, casi desconocidos por recorrer. Por ello intent\u00e9 idear una ruta (otra cosa es que saliera igual a lo planeado, que no fue&hellip;<\/p>\n\n<a href=\"https:\/\/www.monta\u00f1asdelaluna.es\/?p=26112\" class=\"details more-link\" aria-label=\"Read more about Montgr\u00f2s y la Mina de l&#8217;Or\" rel=\"nofollow\">Detalles<\/a>\n\n\t\t<\/div>\n\n\t<\/article>\n\n<\/div>\n<div class=\"wf-cell iso-item category-50\" data-post-id=\"19823\" data-date=\"2012-10-07T14:42:43+00:00\" data-name=\"Entre Agulles y Frares Encantats\">\n\t<article class=\"post post-19823 type-post status-publish format-standard has-post-thumbnail hentry category-montserrat category-50 description-off\">\n\n\t\t\n\t\t\t<div class=\"blog-media wf-td\">\n\n\t\t\t\t<p><a href=\"https:\/\/www.monta\u00f1asdelaluna.es\/?p=19823\" class=\"alignnone rollover layzr-bg\" ><img loading=\"lazy\" decoding=\"async\" class=\"preload-me iso-lazy-load\" src=\"data:image\/svg+xml,%3Csvg%20xmlns%3D&#39;http%3A%2F%2Fwww.w3.org%2F2000%2Fsvg&#39;%20viewBox%3D&#39;0%200%20555%20416&#39;%2F%3E\" data-src=\"https:\/\/www.monta\u00f1asdelaluna.es\/wp-content\/uploads\/2015\/08\/Montserrat.-7-10-2.012-039-555x416.jpg\" data-srcset=\"https:\/\/www.monta\u00f1asdelaluna.es\/wp-content\/uploads\/2015\/08\/Montserrat.-7-10-2.012-039-555x416.jpg 555w, https:\/\/www.monta\u00f1asdelaluna.es\/wp-content\/uploads\/2015\/08\/Montserrat.-7-10-2.012-039.jpg 751w\" alt=\"\" title=\"Joaqu\u00edn y detr\u00e1s Les Agulles\" width=\"555\" height=\"416\"  \/><\/a><\/p>\n\t\t\t<\/div>\n\n\t\t\n\t\t<div class=\"blog-content wf-td\">\n\t\t\t<h3 class=\"entry-title\"><a href=\"https:\/\/www.monta\u00f1asdelaluna.es\/?p=19823\" title=\"Entre Agulles y Frares Encantats\" rel=\"bookmark\">Entre Agulles y Frares Encantats<\/a><\/h3>\n\n\t\t\t<div class=\"entry-meta\"><span class=\"category-link\"><a href=\"https:\/\/www.monta\u00f1asdelaluna.es\/?cat=50\" rel=\"category\">Montserrat<\/a><\/span><a class=\"author vcard\" href=\"https:\/\/www.monta\u00f1asdelaluna.es\/?author=1\" title=\"Ver todas las publicaciones de Joaquin Terres\" rel=\"author\">Por <span class=\"fn\">Joaquin Terres<\/span><\/a><a href=\"https:\/\/www.monta\u00f1asdelaluna.es\/?m=20121007\" title=\"2:42 pm\" class=\"data-link\" rel=\"bookmark\"><time class=\"entry-date updated\" datetime=\"2012-10-07T14:42:43+00:00\">7 octubre, 2012<\/time><\/a><a href=\"https:\/\/www.monta\u00f1asdelaluna.es\/?p=19823#respond\" class=\"comment-link\" >Deja un comentario<\/a><\/div><p>[vc_row][vc_column][vc_column_text]Al domingo siguiente, 7 de octubre, Paco decide intentar de nuevo la actividad original de Agulles i Frares. Esta vez crea dos eventos, en s\u00e1bado 6 y domingo 7, para que no tener una aglomeraci\u00f3n de gente como el domingo pasado; ya que cruzaremos lugares y pasos interesantes con cuerdas fijas, cadenas y mini ferratas.&hellip;<\/p>\n\n<a href=\"https:\/\/www.monta\u00f1asdelaluna.es\/?p=19823\" class=\"details more-link\" aria-label=\"Read more about Entre Agulles y Frares Encantats\" rel=\"nofollow\">Detalles<\/a>\n\n\t\t<\/div>\n\n\t<\/article>\n\n<\/div>\n<div class=\"wf-cell iso-item category-50\" data-post-id=\"18324\" data-date=\"2012-09-30T16:04:22+00:00\" data-name=\"Gran vuelta desde Can Ma\u00e7ana\">\n\t<article class=\"post post-18324 type-post status-publish format-standard has-post-thumbnail hentry category-montserrat category-50 description-off\">\n\n\t\t\n\t\t\t<div class=\"blog-media wf-td\">\n\n\t\t\t\t<p><a href=\"https:\/\/www.monta\u00f1asdelaluna.es\/?p=18324\" class=\"alignnone rollover layzr-bg\" ><img loading=\"lazy\" decoding=\"async\" class=\"preload-me iso-lazy-load\" src=\"data:image\/svg+xml,%3Csvg%20xmlns%3D&#39;http%3A%2F%2Fwww.w3.org%2F2000%2Fsvg&#39;%20viewBox%3D&#39;0%200%20555%20416&#39;%2F%3E\" data-src=\"https:\/\/www.monta\u00f1asdelaluna.es\/wp-content\/uploads\/2015\/08\/Montserrat.-30-09-12-118-555x416.jpg\" data-srcset=\"https:\/\/www.monta\u00f1asdelaluna.es\/wp-content\/uploads\/2015\/08\/Montserrat.-30-09-12-118-555x416.jpg 555w, https:\/\/www.monta\u00f1asdelaluna.es\/wp-content\/uploads\/2015\/08\/Montserrat.-30-09-12-118.jpg 751w\" alt=\"\" title=\"Cavall Bernat y Mirador del Moro entre nubes\" width=\"555\" height=\"416\"  \/><\/a><\/p>\n\t\t\t<\/div>\n\n\t\t\n\t\t<div class=\"blog-content wf-td\">\n\t\t\t<h3 class=\"entry-title\"><a href=\"https:\/\/www.monta\u00f1asdelaluna.es\/?p=18324\" title=\"Gran vuelta desde Can Ma\u00e7ana\" rel=\"bookmark\">Gran vuelta desde Can Ma\u00e7ana<\/a><\/h3>\n\n\t\t\t<div class=\"entry-meta\"><span class=\"category-link\"><a href=\"https:\/\/www.monta\u00f1asdelaluna.es\/?cat=50\" rel=\"category\">Montserrat<\/a><\/span><a class=\"author vcard\" href=\"https:\/\/www.monta\u00f1asdelaluna.es\/?author=1\" title=\"Ver todas las publicaciones de Joaquin Terres\" rel=\"author\">Por <span class=\"fn\">Joaquin Terres<\/span><\/a><a href=\"https:\/\/www.monta\u00f1asdelaluna.es\/?m=20120930\" title=\"4:04 pm\" class=\"data-link\" rel=\"bookmark\"><time class=\"entry-date updated\" datetime=\"2012-09-30T16:04:22+00:00\">30 septiembre, 2012<\/time><\/a><a href=\"https:\/\/www.monta\u00f1asdelaluna.es\/?p=18324#respond\" class=\"comment-link\" >Deja un comentario<\/a><\/div><p>[vc_row][vc_column][vc_column_text]La idea de volver a Montserrat ya me rondaba desde hace tiempo. La experiencia de la primera salida por tan espectacular sierra fue eso: espectacular (Montserrat: vuelta y subida a Sant Jeroni). Y aprovechamos la salida que organizaba nuestro amigo Paco que, aunque no era un recorrido convencional, si podr\u00eda ser muy interesante. As\u00ed pues&hellip;<\/p>\n\n<a href=\"https:\/\/www.monta\u00f1asdelaluna.es\/?p=18324\" class=\"details more-link\" aria-label=\"Read more about Gran vuelta desde Can Ma\u00e7ana\" rel=\"nofollow\">Detalles<\/a>\n\n\t\t<\/div>\n\n\t<\/article>\n\n<\/div>\n<div class=\"wf-cell iso-item category-131\" data-post-id=\"25405\" data-date=\"2012-09-16T16:31:46+00:00\" data-name=\"Montseny. Santa Fe y Tur\u00f3 Morou\">\n\t<article class=\"post post-25405 type-post status-publish format-standard has-post-thumbnail hentry category-turo-de-lhome category-131 description-off\">\n\n\t\t\n\t\t\t<div class=\"blog-media wf-td\">\n\n\t\t\t\t<p><a href=\"https:\/\/www.monta\u00f1asdelaluna.es\/?p=25405\" class=\"alignnone rollover layzr-bg\" ><img loading=\"lazy\" decoding=\"async\" class=\"preload-me iso-lazy-load\" src=\"data:image\/svg+xml,%3Csvg%20xmlns%3D&#39;http%3A%2F%2Fwww.w3.org%2F2000%2Fsvg&#39;%20viewBox%3D&#39;0%200%20555%20416&#39;%2F%3E\" data-src=\"https:\/\/www.monta\u00f1asdelaluna.es\/wp-content\/uploads\/2015\/11\/Montseny.-Vuelta-por-Santa-Fe-y-Tur\u00f3-Morou.-16-06-12-031-555x416.jpg\" data-srcset=\"https:\/\/www.monta\u00f1asdelaluna.es\/wp-content\/uploads\/2015\/11\/Montseny.-Vuelta-por-Santa-Fe-y-Tur\u00f3-Morou.-16-06-12-031-555x416.jpg 555w, https:\/\/www.monta\u00f1asdelaluna.es\/wp-content\/uploads\/2015\/11\/Montseny.-Vuelta-por-Santa-Fe-y-Tur\u00f3-Morou.-16-06-12-031-1110x832.jpg 1110w\" alt=\"\" title=\"Alrededores del Tur\u00f3 Morou\" width=\"555\" height=\"416\"  \/><\/a><\/p>\n\t\t\t<\/div>\n\n\t\t\n\t\t<div class=\"blog-content wf-td\">\n\t\t\t<h3 class=\"entry-title\"><a href=\"https:\/\/www.monta\u00f1asdelaluna.es\/?p=25405\" title=\"Montseny. Santa Fe y Tur\u00f3 Morou\" rel=\"bookmark\">Montseny. Santa Fe y Tur\u00f3 Morou<\/a><\/h3>\n\n\t\t\t<div class=\"entry-meta\"><span class=\"category-link\"><a href=\"https:\/\/www.monta\u00f1asdelaluna.es\/?cat=131\" rel=\"category\">Tur\u00f3 de l'Home<\/a><\/span><a class=\"author vcard\" href=\"https:\/\/www.monta\u00f1asdelaluna.es\/?author=1\" title=\"Ver todas las publicaciones de Joaquin Terres\" rel=\"author\">Por <span class=\"fn\">Joaquin Terres<\/span><\/a><a href=\"https:\/\/www.monta\u00f1asdelaluna.es\/?m=20120916\" title=\"4:31 pm\" class=\"data-link\" rel=\"bookmark\"><time class=\"entry-date updated\" datetime=\"2012-09-16T16:31:46+00:00\">16 septiembre, 2012<\/time><\/a><a href=\"https:\/\/www.monta\u00f1asdelaluna.es\/?p=25405#respond\" class=\"comment-link\" >Deja un comentario<\/a><\/div><p>[vc_row][vc_column][vc_column_text]F\u00e1cil, corto y fascinante recorrido por los alrededores de Santa F\u00e9 del Montseny y su pantano. Pasando por extraordinarios hayedos y rocas antiguamente habitadas por pueblos prehist\u00f3ricos, Entre Kike, desde Barcelona, y David, desde Girona, han organizado un estupendo encuentro entre los antiguos miembros de C\u00faspidis; y que mejor lugar que un sitio hermoso, conocido&hellip;<\/p>\n\n<a href=\"https:\/\/www.monta\u00f1asdelaluna.es\/?p=25405\" class=\"details more-link\" aria-label=\"Read more about Montseny. Santa Fe y Tur\u00f3 Morou\" rel=\"nofollow\">Detalles<\/a>\n\n\t\t<\/div>\n\n\t<\/article>\n\n<\/div>\n<div class=\"wf-cell iso-item category-125\" data-post-id=\"19570\" data-date=\"2012-09-07T19:03:36+00:00\" data-name=\"Russell\">\n\t<article class=\"post post-19570 type-post status-publish format-standard has-post-thumbnail hentry category-valle-del-esera category-125 description-off\">\n\n\t\t\n\t\t\t<div class=\"blog-media wf-td\">\n\n\t\t\t\t<p><a href=\"https:\/\/www.monta\u00f1asdelaluna.es\/?p=19570\" class=\"alignnone rollover layzr-bg\" ><img loading=\"lazy\" decoding=\"async\" class=\"preload-me iso-lazy-load\" src=\"data:image\/svg+xml,%3Csvg%20xmlns%3D&#39;http%3A%2F%2Fwww.w3.org%2F2000%2Fsvg&#39;%20viewBox%3D&#39;0%200%20555%20416&#39;%2F%3E\" data-src=\"https:\/\/www.monta\u00f1asdelaluna.es\/wp-content\/uploads\/2015\/08\/Pirineos.-Russel-desde-Vallibierna.-8-9-09-12-062-555x416.jpg\" data-srcset=\"https:\/\/www.monta\u00f1asdelaluna.es\/wp-content\/uploads\/2015\/08\/Pirineos.-Russel-desde-Vallibierna.-8-9-09-12-062-555x416.jpg 555w, https:\/\/www.monta\u00f1asdelaluna.es\/wp-content\/uploads\/2015\/08\/Pirineos.-Russel-desde-Vallibierna.-8-9-09-12-062.jpg 751w\" alt=\"\" title=\"Abajo los Ibones de Vallibierna y al fondo el Posets\" width=\"555\" height=\"416\"  \/><\/a><\/p>\n\t\t\t<\/div>\n\n\t\t\n\t\t<div class=\"blog-content wf-td\">\n\t\t\t<h3 class=\"entry-title\"><a href=\"https:\/\/www.monta\u00f1asdelaluna.es\/?p=19570\" title=\"Russell\" rel=\"bookmark\">Russell<\/a><\/h3>\n\n\t\t\t<div class=\"entry-meta\"><span class=\"category-link\"><a href=\"https:\/\/www.monta\u00f1asdelaluna.es\/?cat=125\" rel=\"category\">Valle del \u00c9sera<\/a><\/span><a class=\"author vcard\" href=\"https:\/\/www.monta\u00f1asdelaluna.es\/?author=1\" title=\"Ver todas las publicaciones de Joaquin Terres\" rel=\"author\">Por <span class=\"fn\">Joaquin Terres<\/span><\/a><a href=\"https:\/\/www.monta\u00f1asdelaluna.es\/?m=20120907\" title=\"7:03 pm\" class=\"data-link\" rel=\"bookmark\"><time class=\"entry-date updated\" datetime=\"2012-09-07T19:03:36+00:00\">7 septiembre, 2012<\/time><\/a><a href=\"https:\/\/www.monta\u00f1asdelaluna.es\/?p=19570#respond\" class=\"comment-link\" >Deja un comentario<\/a><\/div><p>[vc_row][vc_column][vc_column_text]Podr\u00eda ser el nombre de alg\u00fan personaje famoso (y de hecho lo fue en su d\u00eda), y este personaje famoso fue el que dio su nombre a uno de los picos m\u00e1s orientales de los Montes Malditos, del macizo de La Maladeta\u2026 podr\u00eda ser el comienzo de un bonito cuento, de una extraordinaria historia. En&hellip;<\/p>\n\n<a href=\"https:\/\/www.monta\u00f1asdelaluna.es\/?p=19570\" class=\"details more-link\" aria-label=\"Read more about Russell\" rel=\"nofollow\">Detalles<\/a>\n\n\t\t<\/div>\n\n\t<\/article>\n\n<\/div>\n<div class=\"wf-cell iso-item category-72\" data-post-id=\"29761\" data-date=\"2012-08-28T05:53:13+00:00\" data-name=\"Sant Mateu desde Tei\u00e0\">\n\t<article class=\"post post-29761 type-post status-publish format-standard has-post-thumbnail hentry category-serralada-de-marina-y-litoral category-72 description-off\">\n\n\t\t\n\t\t\t<div class=\"blog-media wf-td\">\n\n\t\t\t\t<p><a href=\"https:\/\/www.monta\u00f1asdelaluna.es\/?p=29761\" class=\"alignnone rollover layzr-bg\" ><img loading=\"lazy\" decoding=\"async\" class=\"preload-me iso-lazy-load\" src=\"data:image\/svg+xml,%3Csvg%20xmlns%3D&#39;http%3A%2F%2Fwww.w3.org%2F2000%2Fsvg&#39;%20viewBox%3D&#39;0%200%20555%20416&#39;%2F%3E\" data-src=\"https:\/\/www.monta\u00f1asdelaluna.es\/wp-content\/uploads\/2016\/05\/Sant-Mateu-desde-Tei\u00e0.-28-07-12-015-555x416.jpg\" data-srcset=\"https:\/\/www.monta\u00f1asdelaluna.es\/wp-content\/uploads\/2016\/05\/Sant-Mateu-desde-Tei\u00e0.-28-07-12-015-555x416.jpg 555w, https:\/\/www.monta\u00f1asdelaluna.es\/wp-content\/uploads\/2016\/05\/Sant-Mateu-desde-Tei\u00e0.-28-07-12-015-1110x832.jpg 1110w\" alt=\"\" title=\"Llegando a la Ermita y Hospicio de Sant Mateu\" width=\"555\" height=\"416\"  \/><\/a><\/p>\n\t\t\t<\/div>\n\n\t\t\n\t\t<div class=\"blog-content wf-td\">\n\t\t\t<h3 class=\"entry-title\"><a href=\"https:\/\/www.monta\u00f1asdelaluna.es\/?p=29761\" title=\"Sant Mateu desde Tei\u00e0\" rel=\"bookmark\">Sant Mateu desde Tei\u00e0<\/a><\/h3>\n\n\t\t\t<div class=\"entry-meta\"><span class=\"category-link\"><a href=\"https:\/\/www.monta\u00f1asdelaluna.es\/?cat=72\" rel=\"category\">Serralada de Marina y Litoral<\/a><\/span><a class=\"author vcard\" href=\"https:\/\/www.monta\u00f1asdelaluna.es\/?author=1\" title=\"Ver todas las publicaciones de Joaquin Terres\" rel=\"author\">Por <span class=\"fn\">Joaquin Terres<\/span><\/a><a href=\"https:\/\/www.monta\u00f1asdelaluna.es\/?m=20120828\" title=\"5:53 am\" class=\"data-link\" rel=\"bookmark\"><time class=\"entry-date updated\" datetime=\"2012-08-28T05:53:13+00:00\">28 agosto, 2012<\/time><\/a><a href=\"https:\/\/www.monta\u00f1asdelaluna.es\/?p=29761#respond\" class=\"comment-link\" >Deja un comentario<\/a><\/div><p>[vc_row][vc_column][vc_column_text]Despu\u00e9s de haber subido La Coscollada, el Tur\u00f3 d\u2019en Galceran, el Tur\u00f3 de C\u00e9llecs, Castell de Burriac, Montcabrer, El Corredor&#8230; me faltaba otra alta culminaci\u00f3n en esta cordillera de las sierras litorales catalanas que miran al Maresme y al Vall\u00e8s: el Sant Mateu de 499 mts. de altitud. Hace poco tiempo ya ideaba rutas largas&hellip;<\/p>\n\n<a href=\"https:\/\/www.monta\u00f1asdelaluna.es\/?p=29761\" class=\"details more-link\" aria-label=\"Read more about Sant Mateu desde Tei\u00e0\" rel=\"nofollow\">Detalles<\/a>\n\n\t\t<\/div>\n\n\t<\/article>\n\n<\/div>\n<div class=\"wf-cell iso-item category-39\" data-post-id=\"20814\" data-date=\"2012-08-08T00:21:08+00:00\" data-name=\"8 de agosto del 2.012, mi\u00e9rcoles. Bajada del Refugio Vittorio Emanuele II y resto del viaje\">\n\t<article class=\"post post-20814 type-post status-publish format-standard has-post-thumbnail hentry category-gran-paradiso category-39 description-off\">\n\n\t\t\n\t\t\t<div class=\"blog-media wf-td\">\n\n\t\t\t\t<p><a href=\"https:\/\/www.monta\u00f1asdelaluna.es\/?p=20814\" class=\"alignnone rollover layzr-bg\" ><img loading=\"lazy\" decoding=\"async\" class=\"preload-me iso-lazy-load\" src=\"data:image\/svg+xml,%3Csvg%20xmlns%3D&#39;http%3A%2F%2Fwww.w3.org%2F2000%2Fsvg&#39;%20viewBox%3D&#39;0%200%20555%20416&#39;%2F%3E\" data-src=\"https:\/\/www.monta\u00f1asdelaluna.es\/wp-content\/uploads\/2015\/08\/Alpes-d\u00eda-8.-Bajada-Refugio-Vittorio-Emanuele-II-002-555x416.jpg\" data-srcset=\"https:\/\/www.monta\u00f1asdelaluna.es\/wp-content\/uploads\/2015\/08\/Alpes-d\u00eda-8.-Bajada-Refugio-Vittorio-Emanuele-II-002-555x416.jpg 555w, https:\/\/www.monta\u00f1asdelaluna.es\/wp-content\/uploads\/2015\/08\/Alpes-d\u00eda-8.-Bajada-Refugio-Vittorio-Emanuele-II-002.jpg 751w\" alt=\"\" title=\"Saliendo del Refugio Vittorio Emanuele II\" width=\"555\" height=\"416\"  \/><\/a><\/p>\n\t\t\t<\/div>\n\n\t\t\n\t\t<div class=\"blog-content wf-td\">\n\t\t\t<h3 class=\"entry-title\"><a href=\"https:\/\/www.monta\u00f1asdelaluna.es\/?p=20814\" title=\"8 de agosto del 2.012, mi\u00e9rcoles. Bajada del Refugio Vittorio Emanuele II y resto del viaje\" rel=\"bookmark\">8 de agosto del 2.012, mi\u00e9rcoles. Bajada del Refugio Vittorio Emanuele II y resto del viaje<\/a><\/h3>\n\n\t\t\t<div class=\"entry-meta\"><span class=\"category-link\"><a href=\"https:\/\/www.monta\u00f1asdelaluna.es\/?cat=39\" rel=\"category\">Gran Paradiso<\/a><\/span><a class=\"author vcard\" href=\"https:\/\/www.monta\u00f1asdelaluna.es\/?author=1\" title=\"Ver todas las publicaciones de Joaquin Terres\" rel=\"author\">Por <span class=\"fn\">Joaquin Terres<\/span><\/a><a href=\"https:\/\/www.monta\u00f1asdelaluna.es\/?m=20120808\" title=\"12:21 am\" class=\"data-link\" rel=\"bookmark\"><time class=\"entry-date updated\" datetime=\"2012-08-08T00:21:08+00:00\">8 agosto, 2012<\/time><\/a><a href=\"https:\/\/www.monta\u00f1asdelaluna.es\/?p=20814#respond\" class=\"comment-link\" >Deja un comentario<\/a><\/div><p>[vc_row][vc_column][vc_column_text]Los monta\u00f1eros se levantan pronto. Nosotros no lo hacemos hasta que no sale el sol. Bajamos a desayunar, miramos los mapas del comedor del refugio, la foto de un cura bendiciendo la Madonna y decidimos que no est\u00e1n en la cumbre, si no abajo de la cresta&#8230; pero despu\u00e9s de mirarla bien y compararla con&hellip;<\/p>\n\n<a href=\"https:\/\/www.monta\u00f1asdelaluna.es\/?p=20814\" class=\"details more-link\" aria-label=\"Read more about 8 de agosto del 2.012, mi\u00e9rcoles. Bajada del Refugio Vittorio Emanuele II y resto del viaje\" rel=\"nofollow\">Detalles<\/a>\n\n\t\t<\/div>\n\n\t<\/article>\n\n<\/div>\n<div class=\"wf-cell iso-item category-39\" data-post-id=\"19335\" data-date=\"2012-08-07T17:35:02+00:00\" data-name=\"7 de agosto del 2.012, martes. Subida al Gran Paradiso (4.061 mts.)\">\n\t<article class=\"post post-19335 type-post status-publish format-standard has-post-thumbnail hentry category-gran-paradiso category-39 description-off\">\n\n\t\t\n\t\t\t<div class=\"blog-media wf-td\">\n\n\t\t\t\t<p><a href=\"https:\/\/www.monta\u00f1asdelaluna.es\/?p=19335\" class=\"alignnone rollover layzr-bg\" ><img loading=\"lazy\" decoding=\"async\" class=\"preload-me iso-lazy-load\" src=\"data:image\/svg+xml,%3Csvg%20xmlns%3D&#39;http%3A%2F%2Fwww.w3.org%2F2000%2Fsvg&#39;%20viewBox%3D&#39;0%200%20555%20416&#39;%2F%3E\" data-src=\"https:\/\/www.monta\u00f1asdelaluna.es\/wp-content\/uploads\/2015\/08\/Alpes-d\u00eda-7.-Gran-Paradiso-089-555x416.jpg\" data-srcset=\"https:\/\/www.monta\u00f1asdelaluna.es\/wp-content\/uploads\/2015\/08\/Alpes-d\u00eda-7.-Gran-Paradiso-089-555x416.jpg 555w, https:\/\/www.monta\u00f1asdelaluna.es\/wp-content\/uploads\/2015\/08\/Alpes-d\u00eda-7.-Gran-Paradiso-089.jpg 751w\" alt=\"\" title=\"Bajando al Glaciar del Gran Paradiso\" width=\"555\" height=\"416\"  \/><\/a><\/p>\n\t\t\t<\/div>\n\n\t\t\n\t\t<div class=\"blog-content wf-td\">\n\t\t\t<h3 class=\"entry-title\"><a href=\"https:\/\/www.monta\u00f1asdelaluna.es\/?p=19335\" title=\"7 de agosto del 2.012, martes. Subida al Gran Paradiso (4.061 mts.)\" rel=\"bookmark\">7 de agosto del 2.012, martes. Subida al Gran Paradiso (4.061 mts.)<\/a><\/h3>\n\n\t\t\t<div class=\"entry-meta\"><span class=\"category-link\"><a href=\"https:\/\/www.monta\u00f1asdelaluna.es\/?cat=39\" rel=\"category\">Gran Paradiso<\/a><\/span><a class=\"author vcard\" href=\"https:\/\/www.monta\u00f1asdelaluna.es\/?author=1\" title=\"Ver todas las publicaciones de Joaquin Terres\" rel=\"author\">Por <span class=\"fn\">Joaquin Terres<\/span><\/a><a href=\"https:\/\/www.monta\u00f1asdelaluna.es\/?m=20120807\" title=\"5:35 pm\" class=\"data-link\" rel=\"bookmark\"><time class=\"entry-date updated\" datetime=\"2012-08-07T17:35:02+00:00\">7 agosto, 2012<\/time><\/a><a href=\"https:\/\/www.monta\u00f1asdelaluna.es\/?p=19335#respond\" class=\"comment-link\" >Deja un comentario<\/a><\/div><p>[vc_row][vc_column][vc_column_text]Me despierto s\u00fabitamente, los tapones han funcionado muy bien. Ya han comenzado a vestirse. Bajamos a desayunar a eso de las 4 de la ma\u00f1ana. El comedor est\u00e1 lleno. Todo el mundo ha pensado lo mismo, salir antes para no encontrar cola en la subida ni en el acceso a la Madonna, punto culminante del&hellip;<\/p>\n\n<a href=\"https:\/\/www.monta\u00f1asdelaluna.es\/?p=19335\" class=\"details more-link\" aria-label=\"Read more about 7 de agosto del 2.012, martes. Subida al Gran Paradiso (4.061 mts.)\" rel=\"nofollow\">Detalles<\/a>\n\n\t\t<\/div>\n\n\t<\/article>\n\n<\/div>\n<div class=\"wf-cell iso-item category-39\" data-post-id=\"17826\" data-date=\"2012-08-06T12:29:00+00:00\" data-name=\"6 de agosto de 2012, lunes. Subida al Refugio Vittorio Emanuele II (2.719 mts.)\">\n\t<article class=\"post post-17826 type-post status-publish format-standard has-post-thumbnail hentry category-gran-paradiso category-39 description-off\">\n\n\t\t\n\t\t\t<div class=\"blog-media wf-td\">\n\n\t\t\t\t<p><a href=\"https:\/\/www.monta\u00f1asdelaluna.es\/?p=17826\" class=\"alignnone rollover layzr-bg\" ><img loading=\"lazy\" decoding=\"async\" class=\"preload-me iso-lazy-load\" src=\"data:image\/svg+xml,%3Csvg%20xmlns%3D&#39;http%3A%2F%2Fwww.w3.org%2F2000%2Fsvg&#39;%20viewBox%3D&#39;0%200%20555%20370&#39;%2F%3E\" data-src=\"https:\/\/www.monta\u00f1asdelaluna.es\/wp-content\/uploads\/2015\/08\/Alpes-d\u00eda-6.-Refugio-Vittorio-Emanuele-II-031C-555x370.jpg\" data-srcset=\"https:\/\/www.monta\u00f1asdelaluna.es\/wp-content\/uploads\/2015\/08\/Alpes-d\u00eda-6.-Refugio-Vittorio-Emanuele-II-031C-555x370.jpg 555w, https:\/\/www.monta\u00f1asdelaluna.es\/wp-content\/uploads\/2015\/08\/Alpes-d\u00eda-6.-Refugio-Vittorio-Emanuele-II-031C.jpg 1036w\" alt=\"\" title=\"Refugio Vittorio Emanuele II\" width=\"555\" height=\"370\"  \/><\/a><\/p>\n\t\t\t<\/div>\n\n\t\t\n\t\t<div class=\"blog-content wf-td\">\n\t\t\t<h3 class=\"entry-title\"><a href=\"https:\/\/www.monta\u00f1asdelaluna.es\/?p=17826\" title=\"6 de agosto de 2012, lunes. Subida al Refugio Vittorio Emanuele II (2.719 mts.)\" rel=\"bookmark\">6 de agosto de 2012, lunes. Subida al Refugio Vittorio Emanuele II (2.719 mts.)<\/a><\/h3>\n\n\t\t\t<div class=\"entry-meta\"><span class=\"category-link\"><a href=\"https:\/\/www.monta\u00f1asdelaluna.es\/?cat=39\" rel=\"category\">Gran Paradiso<\/a><\/span><a class=\"author vcard\" href=\"https:\/\/www.monta\u00f1asdelaluna.es\/?author=1\" title=\"Ver todas las publicaciones de Joaquin Terres\" rel=\"author\">Por <span class=\"fn\">Joaquin Terres<\/span><\/a><a href=\"https:\/\/www.monta\u00f1asdelaluna.es\/?m=20120806\" title=\"12:29 pm\" class=\"data-link\" rel=\"bookmark\"><time class=\"entry-date updated\" datetime=\"2012-08-06T12:29:00+00:00\">6 agosto, 2012<\/time><\/a><a href=\"https:\/\/www.monta\u00f1asdelaluna.es\/?p=17826#respond\" class=\"comment-link\" >Deja un comentario<\/a><\/div><p>[vc_row][vc_column][vc_column_text]Paco se levanta antes que nadie; a mi me ha costado dormirme y Toni ha roncado m\u00e1s que ayer. El d\u00eda es bueno, esperamos que nos d\u00e9 el sol para secar las tiendas y recogerlas. Hacemos las mochilas, recogemos las tiendas y pagamos el camping, y pasadas las 11 salimos hac\u00eda el refugio con el&hellip;<\/p>\n\n<a href=\"https:\/\/www.monta\u00f1asdelaluna.es\/?p=17826\" class=\"details more-link\" aria-label=\"Read more about 6 de agosto de 2012, lunes. Subida al Refugio Vittorio Emanuele II (2.719 mts.)\" rel=\"nofollow\">Detalles<\/a>\n\n\t\t<\/div>\n\n\t<\/article>\n\n<\/div>\n<div class=\"wf-cell iso-item category-39\" data-post-id=\"16741\" data-date=\"2012-08-04T16:44:49+00:00\" data-name=\"4 y 5 de agosto del 2.012, domingo\">\n\t<article class=\"post post-16741 type-post status-publish format-standard has-post-thumbnail hentry category-gran-paradiso category-39 description-off\">\n\n\t\t\n\t\t\t<div class=\"blog-media wf-td\">\n\n\t\t\t\t<p><a href=\"https:\/\/www.monta\u00f1asdelaluna.es\/?p=16741\" class=\"alignnone rollover layzr-bg\" ><img loading=\"lazy\" decoding=\"async\" class=\"preload-me iso-lazy-load\" src=\"data:image\/svg+xml,%3Csvg%20xmlns%3D&#39;http%3A%2F%2Fwww.w3.org%2F2000%2Fsvg&#39;%20viewBox%3D&#39;0%200%20555%20312&#39;%2F%3E\" data-src=\"https:\/\/www.monta\u00f1asdelaluna.es\/wp-content\/uploads\/2015\/08\/Gran-Paradiso-1023-555x312.jpg\" data-srcset=\"https:\/\/www.monta\u00f1asdelaluna.es\/wp-content\/uploads\/2015\/08\/Gran-Paradiso-1023-555x312.jpg 555w, https:\/\/www.monta\u00f1asdelaluna.es\/wp-content\/uploads\/2015\/08\/Gran-Paradiso-1023-1110x624.jpg 1110w\" alt=\"\" title=\"Macizo del Gran Paradiso\" width=\"555\" height=\"312\"  \/><\/a><\/p>\n\t\t\t<\/div>\n\n\t\t\n\t\t<div class=\"blog-content wf-td\">\n\t\t\t<h3 class=\"entry-title\"><a href=\"https:\/\/www.monta\u00f1asdelaluna.es\/?p=16741\" title=\"4 y 5 de agosto del 2.012, domingo\" rel=\"bookmark\">4 y 5 de agosto del 2.012, domingo<\/a><\/h3>\n\n\t\t\t<div class=\"entry-meta\"><span class=\"category-link\"><a href=\"https:\/\/www.monta\u00f1asdelaluna.es\/?cat=39\" rel=\"category\">Gran Paradiso<\/a><\/span><a class=\"author vcard\" href=\"https:\/\/www.monta\u00f1asdelaluna.es\/?author=1\" title=\"Ver todas las publicaciones de Joaquin Terres\" rel=\"author\">Por <span class=\"fn\">Joaquin Terres<\/span><\/a><a href=\"https:\/\/www.monta\u00f1asdelaluna.es\/?m=20120804\" title=\"4:44 pm\" class=\"data-link\" rel=\"bookmark\"><time class=\"entry-date updated\" datetime=\"2012-08-04T16:44:49+00:00\">4 agosto, 2012<\/time><\/a><a href=\"https:\/\/www.monta\u00f1asdelaluna.es\/?p=16741#respond\" class=\"comment-link\" >Deja un comentario<\/a><\/div><p>[vc_row][vc_column][vc_column_text]Una magn\u00edfica manera de reunirnos los amigos monta\u00f1eros, es yendo a la monta\u00f1a juntos. Aprovech\u00e9 las ganas de salir y visitar de nuevo los Alpes despu\u00e9s de 7 a\u00f1os desde la \u00faltima vez, y a la vez traslad\u00e9 mi ilusi\u00f3n e invitaci\u00f3n a mis \u201cviejos\u201d compa\u00f1eros de grandes monta\u00f1as (por muchos a\u00f1os), Quique y Jes\u00fas.&hellip;<\/p>\n\n<a href=\"https:\/\/www.monta\u00f1asdelaluna.es\/?p=16741\" class=\"details more-link\" aria-label=\"Read more about 4 y 5 de agosto del 2.012, domingo\" rel=\"nofollow\">Detalles<\/a>\n\n\t\t<\/div>\n\n\t<\/article>\n\n<\/div>\n<div class=\"wf-cell iso-item category-51\" data-post-id=\"19856\" data-date=\"2012-07-14T15:55:19+00:00\" data-name=\"Marcha nocturna a La Mola\">\n\t<article class=\"post post-19856 type-post status-publish format-standard has-post-thumbnail hentry category-sant-llorenc-del-munt category-51 description-off\">\n\n\t\t\n\t\t\t<div class=\"blog-media wf-td\">\n\n\t\t\t\t<p><a href=\"https:\/\/www.monta\u00f1asdelaluna.es\/?p=19856\" class=\"alignnone rollover layzr-bg\" ><img loading=\"lazy\" decoding=\"async\" class=\"preload-me iso-lazy-load\" src=\"data:image\/svg+xml,%3Csvg%20xmlns%3D&#39;http%3A%2F%2Fwww.w3.org%2F2000%2Fsvg&#39;%20viewBox%3D&#39;0%200%20555%20416&#39;%2F%3E\" data-src=\"https:\/\/www.monta\u00f1asdelaluna.es\/wp-content\/uploads\/2015\/08\/Lo-Mola-nocturna.-14-07-12-024-555x416.jpg\" data-srcset=\"https:\/\/www.monta\u00f1asdelaluna.es\/wp-content\/uploads\/2015\/08\/Lo-Mola-nocturna.-14-07-12-024-555x416.jpg 555w, https:\/\/www.monta\u00f1asdelaluna.es\/wp-content\/uploads\/2015\/08\/Lo-Mola-nocturna.-14-07-12-024.jpg 751w\" alt=\"\" title=\"Atardeciendo detr\u00e1s del Montcau\" width=\"555\" height=\"416\"  \/><\/a><\/p>\n\t\t\t<\/div>\n\n\t\t\n\t\t<div class=\"blog-content wf-td\">\n\t\t\t<h3 class=\"entry-title\"><a href=\"https:\/\/www.monta\u00f1asdelaluna.es\/?p=19856\" title=\"Marcha nocturna a La Mola\" rel=\"bookmark\">Marcha nocturna a La Mola<\/a><\/h3>\n\n\t\t\t<div class=\"entry-meta\"><span class=\"category-link\"><a href=\"https:\/\/www.monta\u00f1asdelaluna.es\/?cat=51\" rel=\"category\">Sant Lloren\u00e7 del Munt<\/a><\/span><a class=\"author vcard\" href=\"https:\/\/www.monta\u00f1asdelaluna.es\/?author=1\" title=\"Ver todas las publicaciones de Joaquin Terres\" rel=\"author\">Por <span class=\"fn\">Joaquin Terres<\/span><\/a><a href=\"https:\/\/www.monta\u00f1asdelaluna.es\/?m=20120714\" title=\"3:55 pm\" class=\"data-link\" rel=\"bookmark\"><time class=\"entry-date updated\" datetime=\"2012-07-14T15:55:19+00:00\">14 julio, 2012<\/time><\/a><a href=\"https:\/\/www.monta\u00f1asdelaluna.es\/?p=19856#respond\" class=\"comment-link\" >Deja un comentario<\/a><\/div><p>[vc_row][vc_column][vc_column_text]Nuestra amiga Raquel, avisados por Kike y Xenia, organizaba una sencilla, f\u00e1cil y emocionante excursi\u00f3n por el macizo del Montcau-La Mola, y despu\u00e9s de la desaparecida C\u00faspidis, nos pareci\u00f3 una buena excusa para reencontrarnos. Como es verano lo mejor, para no sufrir el calor estival, era realizarla al atardecer y por la noche, y as\u00ed&hellip;<\/p>\n\n<a href=\"https:\/\/www.monta\u00f1asdelaluna.es\/?p=19856\" class=\"details more-link\" aria-label=\"Read more about Marcha nocturna a La Mola\" rel=\"nofollow\">Detalles<\/a>\n\n\t\t<\/div>\n\n\t<\/article>\n\n<\/div>\n<div class=\"wf-cell iso-item category-128\" data-post-id=\"19440\" data-date=\"2012-06-17T15:26:45+00:00\" data-name=\"Besiberri Norte\">\n\t<article class=\"post post-19440 type-post status-publish format-standard has-post-thumbnail hentry category-alto-pirineo-catalan category-128 description-off\">\n\n\t\t\n\t\t\t<div class=\"blog-media wf-td\">\n\n\t\t\t\t<p><a href=\"https:\/\/www.monta\u00f1asdelaluna.es\/?p=19440\" class=\"alignnone rollover layzr-bg\" ><img loading=\"lazy\" decoding=\"async\" class=\"preload-me iso-lazy-load\" src=\"data:image\/svg+xml,%3Csvg%20xmlns%3D&#39;http%3A%2F%2Fwww.w3.org%2F2000%2Fsvg&#39;%20viewBox%3D&#39;0%200%20555%20416&#39;%2F%3E\" data-src=\"https:\/\/www.monta\u00f1asdelaluna.es\/wp-content\/uploads\/2015\/08\/Vall-de-Boi.-Junio-12-079A-555x416.jpg\" data-srcset=\"https:\/\/www.monta\u00f1asdelaluna.es\/wp-content\/uploads\/2015\/08\/Vall-de-Boi.-Junio-12-079A-555x416.jpg 555w, https:\/\/www.monta\u00f1asdelaluna.es\/wp-content\/uploads\/2015\/08\/Vall-de-Boi.-Junio-12-079A.jpg 960w\" alt=\"\" title=\"Joaqu\u00edn escalando el Besiberri Norte\" width=\"555\" height=\"416\"  \/><\/a><\/p>\n\t\t\t<\/div>\n\n\t\t\n\t\t<div class=\"blog-content wf-td\">\n\t\t\t<h3 class=\"entry-title\"><a href=\"https:\/\/www.monta\u00f1asdelaluna.es\/?p=19440\" title=\"Besiberri Norte\" rel=\"bookmark\">Besiberri Norte<\/a><\/h3>\n\n\t\t\t<div class=\"entry-meta\"><span class=\"category-link\"><a href=\"https:\/\/www.monta\u00f1asdelaluna.es\/?cat=128\" rel=\"category\">Alto Pirineo Catal\u00e1n<\/a><\/span><a class=\"author vcard\" href=\"https:\/\/www.monta\u00f1asdelaluna.es\/?author=1\" title=\"Ver todas las publicaciones de Joaquin Terres\" rel=\"author\">Por <span class=\"fn\">Joaquin Terres<\/span><\/a><a href=\"https:\/\/www.monta\u00f1asdelaluna.es\/?m=20120617\" title=\"3:26 pm\" class=\"data-link\" rel=\"bookmark\"><time class=\"entry-date updated\" datetime=\"2012-06-17T15:26:45+00:00\">17 junio, 2012<\/time><\/a><a href=\"https:\/\/www.monta\u00f1asdelaluna.es\/?p=19440#respond\" class=\"comment-link\" >Deja un comentario<\/a><\/div><p>[vc_row][vc_column][vc_column_text]Si hab\u00eda alguna, de tantas, monta\u00f1as o picos en el Pirineo que m\u00e1s asombro, desaf\u00edo, respeto, superaci\u00f3n&#8230; me transmit\u00eda, esa era el Besiberri Norte. Desde hace mucho tiempo, desde que admir\u00e9 y v\u00ed por primera vez su escarpado y soberbio perfil piramidal en mi libro \u201cLos Tresmiles del Pirineo\u201d de Juan Buyse all\u00e1 por el&hellip;<\/p>\n\n<a href=\"https:\/\/www.monta\u00f1asdelaluna.es\/?p=19440\" class=\"details more-link\" aria-label=\"Read more about Besiberri Norte\" rel=\"nofollow\">Detalles<\/a>\n\n\t\t<\/div>\n\n\t<\/article>\n\n<\/div>\n<div class=\"wf-cell iso-item category-72\" data-post-id=\"23724\" data-date=\"2012-06-09T13:06:20+00:00\" data-name=\"Castell de Burriac y Montcabrer\">\n\t<article class=\"post post-23724 type-post status-publish format-standard has-post-thumbnail hentry category-serralada-de-marina-y-litoral category-72 description-off\">\n\n\t\t\n\t\t\t<div class=\"blog-media wf-td\">\n\n\t\t\t\t<p><a href=\"https:\/\/www.monta\u00f1asdelaluna.es\/?p=23724\" class=\"alignnone rollover layzr-bg\" ><img loading=\"lazy\" decoding=\"async\" class=\"preload-me iso-lazy-load\" src=\"data:image\/svg+xml,%3Csvg%20xmlns%3D&#39;http%3A%2F%2Fwww.w3.org%2F2000%2Fsvg&#39;%20viewBox%3D&#39;0%200%20555%20416&#39;%2F%3E\" data-src=\"https:\/\/www.monta\u00f1asdelaluna.es\/wp-content\/uploads\/2015\/10\/Castell-de-Burriac-y-Montcabrer.-9-06-12-101-555x416.jpg\" data-srcset=\"https:\/\/www.monta\u00f1asdelaluna.es\/wp-content\/uploads\/2015\/10\/Castell-de-Burriac-y-Montcabrer.-9-06-12-101-555x416.jpg 555w, https:\/\/www.monta\u00f1asdelaluna.es\/wp-content\/uploads\/2015\/10\/Castell-de-Burriac-y-Montcabrer.-9-06-12-101-1110x832.jpg 1110w\" alt=\"\" title=\"Castell de Burriac\" width=\"555\" height=\"416\"  \/><\/a><\/p>\n\t\t\t<\/div>\n\n\t\t\n\t\t<div class=\"blog-content wf-td\">\n\t\t\t<h3 class=\"entry-title\"><a href=\"https:\/\/www.monta\u00f1asdelaluna.es\/?p=23724\" title=\"Castell de Burriac y Montcabrer\" rel=\"bookmark\">Castell de Burriac y Montcabrer<\/a><\/h3>\n\n\t\t\t<div class=\"entry-meta\"><span class=\"category-link\"><a href=\"https:\/\/www.monta\u00f1asdelaluna.es\/?cat=72\" rel=\"category\">Serralada de Marina y Litoral<\/a><\/span><a class=\"author vcard\" href=\"https:\/\/www.monta\u00f1asdelaluna.es\/?author=1\" title=\"Ver todas las publicaciones de Joaquin Terres\" rel=\"author\">Por <span class=\"fn\">Joaquin Terres<\/span><\/a><a href=\"https:\/\/www.monta\u00f1asdelaluna.es\/?m=20120609\" title=\"1:06 pm\" class=\"data-link\" rel=\"bookmark\"><time class=\"entry-date updated\" datetime=\"2012-06-09T13:06:20+00:00\">9 junio, 2012<\/time><\/a><a href=\"https:\/\/www.monta\u00f1asdelaluna.es\/?p=23724#respond\" class=\"comment-link\" >Deja un comentario<\/a><\/div><p>[vc_row][vc_column][vc_column_text]Siempre ve\u00eda el Castell de Burriac desde la autopista cerca de Matar\u00f3 como una fortaleza muy bien adherida, aferrada y enclavada a un abrupto pe\u00f1asco. Su imagen me atra\u00eda y lo buscaba con la mirada cada vez que me acercaba a sus dominios. Por ello, tarde o temprano, ten\u00eda que organizar una ruta que lo&hellip;<\/p>\n\n<a href=\"https:\/\/www.monta\u00f1asdelaluna.es\/?p=23724\" class=\"details more-link\" aria-label=\"Read more about Castell de Burriac y Montcabrer\" rel=\"nofollow\">Detalles<\/a>\n\n\t\t<\/div>\n\n\t<\/article>\n\n<\/div>\n<div class=\"wf-cell iso-item category-132\" data-post-id=\"22539\" data-date=\"2012-05-19T17:02:06+00:00\" data-name=\"Matagalls. El bosque animado\">\n\t<article class=\"post post-22539 type-post status-publish format-standard has-post-thumbnail hentry category-matagalls category-132 description-off\">\n\n\t\t\n\t\t\t<div class=\"blog-media wf-td\">\n\n\t\t\t\t<p><a href=\"https:\/\/www.monta\u00f1asdelaluna.es\/?p=22539\" class=\"alignnone rollover layzr-bg\" ><img loading=\"lazy\" decoding=\"async\" class=\"preload-me iso-lazy-load\" src=\"data:image\/svg+xml,%3Csvg%20xmlns%3D&#39;http%3A%2F%2Fwww.w3.org%2F2000%2Fsvg&#39;%20viewBox%3D&#39;0%200%20555%20416&#39;%2F%3E\" data-src=\"https:\/\/www.monta\u00f1asdelaluna.es\/wp-content\/uploads\/2015\/10\/Matagalls.-19-05-12-013-555x416.jpg\" data-srcset=\"https:\/\/www.monta\u00f1asdelaluna.es\/wp-content\/uploads\/2015\/10\/Matagalls.-19-05-12-013-555x416.jpg 555w, https:\/\/www.monta\u00f1asdelaluna.es\/wp-content\/uploads\/2015\/10\/Matagalls.-19-05-12-013-1110x832.jpg 1110w\" alt=\"\" title=\"Fabuloso hayedo de subida a Coll Preg\u00f3n\" width=\"555\" height=\"416\"  \/><\/a><\/p>\n\t\t\t<\/div>\n\n\t\t\n\t\t<div class=\"blog-content wf-td\">\n\t\t\t<h3 class=\"entry-title\"><a href=\"https:\/\/www.monta\u00f1asdelaluna.es\/?p=22539\" title=\"Matagalls. El bosque animado\" rel=\"bookmark\">Matagalls. El bosque animado<\/a><\/h3>\n\n\t\t\t<div class=\"entry-meta\"><span class=\"category-link\"><a href=\"https:\/\/www.monta\u00f1asdelaluna.es\/?cat=132\" rel=\"category\">Matagalls<\/a><\/span><a class=\"author vcard\" href=\"https:\/\/www.monta\u00f1asdelaluna.es\/?author=1\" title=\"Ver todas las publicaciones de Joaquin Terres\" rel=\"author\">Por <span class=\"fn\">Joaquin Terres<\/span><\/a><a href=\"https:\/\/www.monta\u00f1asdelaluna.es\/?m=20120519\" title=\"5:02 pm\" class=\"data-link\" rel=\"bookmark\"><time class=\"entry-date updated\" datetime=\"2012-05-19T17:02:06+00:00\">19 mayo, 2012<\/time><\/a><a href=\"https:\/\/www.monta\u00f1asdelaluna.es\/?p=22539#respond\" class=\"comment-link\" >Deja un comentario<\/a><\/div><p>[vc_row][vc_column][vc_column_text]Me atra\u00eda la idea de volver al Matagalls, al Montseny y sobre todo a sus magn\u00edficos hayedos. Y cuando Kike organiz\u00f3 una nueva excusi\u00f3n Cuspidiana, no pudimos menos que resistirnos ante tan buena oportunidad. La idea era salir de Coll Bordoriol, en la carretera Santa F\u00e9-Viladrau, m\u00e1s cerca de \u00e9sta \u00faltima localidad, y acercarnos a&hellip;<\/p>\n\n<a href=\"https:\/\/www.monta\u00f1asdelaluna.es\/?p=22539\" class=\"details more-link\" aria-label=\"Read more about Matagalls. El bosque animado\" rel=\"nofollow\">Detalles<\/a>\n\n\t\t<\/div>\n\n\t<\/article>\n\n<\/div>\n<div class=\"wf-cell iso-item category-128\" data-post-id=\"20911\" data-date=\"2012-05-05T06:41:52+00:00\" data-name=\"Asedio al Pic de Peguera (2.984 mts.)\">\n\t<article class=\"post post-20911 type-post status-publish format-standard has-post-thumbnail hentry category-alto-pirineo-catalan category-128 description-off\">\n\n\t\t\n\t\t\t<div class=\"blog-media wf-td\">\n\n\t\t\t\t<p><a href=\"https:\/\/www.monta\u00f1asdelaluna.es\/?p=20911\" class=\"alignnone rollover layzr-bg\" ><img loading=\"lazy\" decoding=\"async\" class=\"preload-me iso-lazy-load\" src=\"data:image\/svg+xml,%3Csvg%20xmlns%3D&#39;http%3A%2F%2Fwww.w3.org%2F2000%2Fsvg&#39;%20viewBox%3D&#39;0%200%20555%20416&#39;%2F%3E\" data-src=\"https:\/\/www.monta\u00f1asdelaluna.es\/wp-content\/uploads\/2015\/08\/Pic-de-Peguera.-5-6-05-12-068-555x416.jpg\" data-srcset=\"https:\/\/www.monta\u00f1asdelaluna.es\/wp-content\/uploads\/2015\/08\/Pic-de-Peguera.-5-6-05-12-068-555x416.jpg 555w, https:\/\/www.monta\u00f1asdelaluna.es\/wp-content\/uploads\/2015\/08\/Pic-de-Peguera.-5-6-05-12-068.jpg 751w\" alt=\"\" title=\"Los Sabur\u00f3s\" width=\"555\" height=\"416\"  \/><\/a><\/p>\n\t\t\t<\/div>\n\n\t\t\n\t\t<div class=\"blog-content wf-td\">\n\t\t\t<h3 class=\"entry-title\"><a href=\"https:\/\/www.monta\u00f1asdelaluna.es\/?p=20911\" title=\"Asedio al Pic de Peguera (2.984 mts.)\" rel=\"bookmark\">Asedio al Pic de Peguera (2.984 mts.)<\/a><\/h3>\n\n\t\t\t<div class=\"entry-meta\"><span class=\"category-link\"><a href=\"https:\/\/www.monta\u00f1asdelaluna.es\/?cat=128\" rel=\"category\">Alto Pirineo Catal\u00e1n<\/a><\/span><a class=\"author vcard\" href=\"https:\/\/www.monta\u00f1asdelaluna.es\/?author=1\" title=\"Ver todas las publicaciones de Joaquin Terres\" rel=\"author\">Por <span class=\"fn\">Joaquin Terres<\/span><\/a><a href=\"https:\/\/www.monta\u00f1asdelaluna.es\/?m=20120505\" title=\"6:41 am\" class=\"data-link\" rel=\"bookmark\"><time class=\"entry-date updated\" datetime=\"2012-05-05T06:41:52+00:00\">5 mayo, 2012<\/time><\/a><a href=\"https:\/\/www.monta\u00f1asdelaluna.es\/?p=20911#respond\" class=\"comment-link\" >Deja un comentario<\/a><\/div><p>[vc_row][vc_column][vc_column_text]Desde que conozco el Parque Nacional de Aig\u00fcestortes y Lago San Mauricio que me ha atra\u00eddo la idea de subir a, entonces, su pico m\u00e1s alto: el Pic de Peguera. Actualmente, con los Besiberris dentro del ampliado parque, han dejado atr\u00e1s a aquellas monta\u00f1as que rozaban los tres mil metros, pero sin llegar, para tener&hellip;<\/p>\n\n<a href=\"https:\/\/www.monta\u00f1asdelaluna.es\/?p=20911\" class=\"details more-link\" aria-label=\"Read more about Asedio al Pic de Peguera (2.984 mts.)\" rel=\"nofollow\">Detalles<\/a>\n\n\t\t<\/div>\n\n\t<\/article>\n\n<\/div>\n<div class=\"wf-cell iso-item category-120\" data-post-id=\"18738\" data-date=\"2012-04-21T16:07:48+00:00\" data-name=\"Ruta de las 4 Ermitas de Farners\">\n\t<article class=\"post post-18738 type-post status-publish format-standard has-post-thumbnail hentry category-collsacabra-i-guilleries category-120 description-off\">\n\n\t\t\n\t\t\t<div class=\"blog-media wf-td\">\n\n\t\t\t\t<p><a href=\"https:\/\/www.monta\u00f1asdelaluna.es\/?p=18738\" class=\"alignnone rollover layzr-bg\" ><img loading=\"lazy\" decoding=\"async\" class=\"preload-me iso-lazy-load\" src=\"data:image\/svg+xml,%3Csvg%20xmlns%3D&#39;http%3A%2F%2Fwww.w3.org%2F2000%2Fsvg&#39;%20viewBox%3D&#39;0%200%20555%20416&#39;%2F%3E\" data-src=\"https:\/\/www.monta\u00f1asdelaluna.es\/wp-content\/uploads\/2015\/08\/Santa-Coloma-de-Farners.-Ruta-de-las-4-Ermitas.-21-04-12-120-555x416.jpg\" data-srcset=\"https:\/\/www.monta\u00f1asdelaluna.es\/wp-content\/uploads\/2015\/08\/Santa-Coloma-de-Farners.-Ruta-de-las-4-Ermitas.-21-04-12-120-555x416.jpg 555w, https:\/\/www.monta\u00f1asdelaluna.es\/wp-content\/uploads\/2015\/08\/Santa-Coloma-de-Farners.-Ruta-de-las-4-Ermitas.-21-04-12-120.jpg 979w\" alt=\"\" title=\"Bajando a Santa Coloma de Farners\" width=\"555\" height=\"416\"  \/><\/a><\/p>\n\t\t\t<\/div>\n\n\t\t\n\t\t<div class=\"blog-content wf-td\">\n\t\t\t<h3 class=\"entry-title\"><a href=\"https:\/\/www.monta\u00f1asdelaluna.es\/?p=18738\" title=\"Ruta de las 4 Ermitas de Farners\" rel=\"bookmark\">Ruta de las 4 Ermitas de Farners<\/a><\/h3>\n\n\t\t\t<div class=\"entry-meta\"><span class=\"category-link\"><a href=\"https:\/\/www.monta\u00f1asdelaluna.es\/?cat=120\" rel=\"category\">Collsacabra i Guilleries<\/a><\/span><a class=\"author vcard\" href=\"https:\/\/www.monta\u00f1asdelaluna.es\/?author=1\" title=\"Ver todas las publicaciones de Joaquin Terres\" rel=\"author\">Por <span class=\"fn\">Joaquin Terres<\/span><\/a><a href=\"https:\/\/www.monta\u00f1asdelaluna.es\/?m=20120421\" title=\"4:07 pm\" class=\"data-link\" rel=\"bookmark\"><time class=\"entry-date updated\" datetime=\"2012-04-21T16:07:48+00:00\">21 abril, 2012<\/time><\/a><a href=\"https:\/\/www.monta\u00f1asdelaluna.es\/?p=18738#respond\" class=\"comment-link\" >Deja un comentario<\/a><\/div><p>[vc_row][vc_column][vc_column_text]David volvi\u00f3 a organizar la ruta de las 10 Ermitas de Santa Coloma de Farners, despu\u00e9s de la actividad fallida y anulada por la abundante lluvia en noviembre del a\u00f1o pasado, en la que solo llegamos hasta el Castell de Farners. Ahora, volv\u00edamos con el desaf\u00edo y con un Bar\u00e7a-Madrid por la tarde el mismo&hellip;<\/p>\n\n<a href=\"https:\/\/www.monta\u00f1asdelaluna.es\/?p=18738\" class=\"details more-link\" aria-label=\"Read more about Ruta de las 4 Ermitas de Farners\" rel=\"nofollow\">Detalles<\/a>\n\n\t\t<\/div>\n\n\t<\/article>\n\n<\/div>\n<div class=\"wf-cell iso-item category-129\" data-post-id=\"25139\" data-date=\"2012-03-31T18:39:09+00:00\" data-name=\"Pic de Freser (2.835 mts.)\">\n\t<article class=\"post post-25139 type-post status-publish format-standard has-post-thumbnail hentry category-pirineo-oriental category-129 description-off\">\n\n\t\t\n\t\t\t<div class=\"blog-media wf-td\">\n\n\t\t\t\t<p><a href=\"https:\/\/www.monta\u00f1asdelaluna.es\/?p=25139\" class=\"alignnone rollover layzr-bg\" ><img loading=\"lazy\" decoding=\"async\" class=\"preload-me iso-lazy-load\" src=\"data:image\/svg+xml,%3Csvg%20xmlns%3D&#39;http%3A%2F%2Fwww.w3.org%2F2000%2Fsvg&#39;%20viewBox%3D&#39;0%200%20555%20416&#39;%2F%3E\" data-src=\"https:\/\/www.monta\u00f1asdelaluna.es\/wp-content\/uploads\/2015\/11\/Pic-de-Freser.-31-03-12-093-555x416.jpg\" data-srcset=\"https:\/\/www.monta\u00f1asdelaluna.es\/wp-content\/uploads\/2015\/11\/Pic-de-Freser.-31-03-12-093-555x416.jpg 555w, https:\/\/www.monta\u00f1asdelaluna.es\/wp-content\/uploads\/2015\/11\/Pic-de-Freser.-31-03-12-093-1110x832.jpg 1110w\" alt=\"\" title=\"Delante Paco bajando del Pic de Freser, a la derecha el Pic de l&#8217;Infern\" width=\"555\" height=\"416\"  \/><\/a><\/p>\n\t\t\t<\/div>\n\n\t\t\n\t\t<div class=\"blog-content wf-td\">\n\t\t\t<h3 class=\"entry-title\"><a href=\"https:\/\/www.monta\u00f1asdelaluna.es\/?p=25139\" title=\"Pic de Freser (2.835 mts.)\" rel=\"bookmark\">Pic de Freser (2.835 mts.)<\/a><\/h3>\n\n\t\t\t<div class=\"entry-meta\"><span class=\"category-link\"><a href=\"https:\/\/www.monta\u00f1asdelaluna.es\/?cat=129\" rel=\"category\">Pirineo Oriental<\/a><\/span><a class=\"author vcard\" href=\"https:\/\/www.monta\u00f1asdelaluna.es\/?author=1\" title=\"Ver todas las publicaciones de Joaquin Terres\" rel=\"author\">Por <span class=\"fn\">Joaquin Terres<\/span><\/a><a href=\"https:\/\/www.monta\u00f1asdelaluna.es\/?m=20120331\" title=\"6:39 pm\" class=\"data-link\" rel=\"bookmark\"><time class=\"entry-date updated\" datetime=\"2012-03-31T18:39:09+00:00\">31 marzo, 2012<\/time><\/a><a href=\"https:\/\/www.monta\u00f1asdelaluna.es\/?p=25139#respond\" class=\"comment-link\" >Deja un comentario<\/a><\/div><p>[vc_row][vc_column][vc_column_text]La verdadera intenci\u00f3n de esta salida era hacer el Pic de l\u2019Infern (2.851 mts.) por el corredor de su cara norte, y al final terminamos realizando la subida al inhiesto Pic de Freser. Pocos \u00e9ramos, esta vez, los que particip\u00e1bamos, ya que una salida de alta monta\u00f1a y con la dificultad adquirida, no era santo&hellip;<\/p>\n\n<a href=\"https:\/\/www.monta\u00f1asdelaluna.es\/?p=25139\" class=\"details more-link\" aria-label=\"Read more about Pic de Freser (2.835 mts.)\" rel=\"nofollow\">Detalles<\/a>\n\n\t\t<\/div>\n\n\t<\/article>\n\n<\/div>\n<div class=\"wf-cell iso-item category-120\" data-post-id=\"25752\" data-date=\"2012-03-24T12:17:07+00:00\" data-name=\"Santuario y Sierra de Cabrera\">\n\t<article class=\"post post-25752 type-post status-publish format-standard has-post-thumbnail hentry category-collsacabra-i-guilleries category-120 description-off\">\n\n\t\t\n\t\t\t<div class=\"blog-media wf-td\">\n\n\t\t\t\t<p><a href=\"https:\/\/www.monta\u00f1asdelaluna.es\/?p=25752\" class=\"alignnone rollover layzr-bg\" ><img loading=\"lazy\" decoding=\"async\" class=\"preload-me iso-lazy-load\" src=\"data:image\/svg+xml,%3Csvg%20xmlns%3D&#39;http%3A%2F%2Fwww.w3.org%2F2000%2Fsvg&#39;%20viewBox%3D&#39;0%200%20555%20416&#39;%2F%3E\" data-src=\"https:\/\/www.monta\u00f1asdelaluna.es\/wp-content\/uploads\/2015\/12\/Sierra-de-Cabrera.-24-03-12-134-555x416.jpg\" data-srcset=\"https:\/\/www.monta\u00f1asdelaluna.es\/wp-content\/uploads\/2015\/12\/Sierra-de-Cabrera.-24-03-12-134-555x416.jpg 555w, https:\/\/www.monta\u00f1asdelaluna.es\/wp-content\/uploads\/2015\/12\/Sierra-de-Cabrera.-24-03-12-134-1110x832.jpg 1110w\" alt=\"\" title=\"Sierra y Santuario de Cabrera\" width=\"555\" height=\"416\"  \/><\/a><\/p>\n\t\t\t<\/div>\n\n\t\t\n\t\t<div class=\"blog-content wf-td\">\n\t\t\t<h3 class=\"entry-title\"><a href=\"https:\/\/www.monta\u00f1asdelaluna.es\/?p=25752\" title=\"Santuario y Sierra de Cabrera\" rel=\"bookmark\">Santuario y Sierra de Cabrera<\/a><\/h3>\n\n\t\t\t<div class=\"entry-meta\"><span class=\"category-link\"><a href=\"https:\/\/www.monta\u00f1asdelaluna.es\/?cat=120\" rel=\"category\">Collsacabra i Guilleries<\/a><\/span><a class=\"author vcard\" href=\"https:\/\/www.monta\u00f1asdelaluna.es\/?author=1\" title=\"Ver todas las publicaciones de Joaquin Terres\" rel=\"author\">Por <span class=\"fn\">Joaquin Terres<\/span><\/a><a href=\"https:\/\/www.monta\u00f1asdelaluna.es\/?m=20120324\" title=\"12:17 pm\" class=\"data-link\" rel=\"bookmark\"><time class=\"entry-date updated\" datetime=\"2012-03-24T12:17:07+00:00\">24 marzo, 2012<\/time><\/a><a href=\"https:\/\/www.monta\u00f1asdelaluna.es\/?p=25752#respond\" class=\"comment-link\" >Deja un comentario<\/a><\/div><p>[vc_row][vc_column][vc_column_text]Esta vez Kike nos preparaba una excursi\u00f3n por un lugar desconocido por m\u00ed. Sacado del \u201cwikiloc\u201d la actividad se internaba por la Sierra de Cabrera visitando su Santuario, desde la poblaci\u00f3n de Cantonigr\u00f2s. La zona, dentro de lo que llaman la Vall de Sau (con su famoso pantano) y el Collsacabra, se encuentra a caballo&hellip;<\/p>\n\n<a href=\"https:\/\/www.monta\u00f1asdelaluna.es\/?p=25752\" class=\"details more-link\" aria-label=\"Read more about Santuario y Sierra de Cabrera\" rel=\"nofollow\">Detalles<\/a>\n\n\t\t<\/div>\n\n\t<\/article>\n\n<\/div>\n<div class=\"wf-cell iso-item category-45\" data-post-id=\"24215\" data-date=\"2012-03-18T10:29:32+00:00\" data-name=\"Perdidos en el Montnegre\">\n\t<article class=\"post post-24215 type-post status-publish format-standard has-post-thumbnail hentry category-corredor-i-montnegre category-45 description-off\">\n\n\t\t\n\t\t\t<div class=\"blog-media wf-td\">\n\n\t\t\t\t<p><a href=\"https:\/\/www.monta\u00f1asdelaluna.es\/?p=24215\" class=\"alignnone rollover layzr-bg\" ><img loading=\"lazy\" decoding=\"async\" class=\"preload-me iso-lazy-load\" src=\"data:image\/svg+xml,%3Csvg%20xmlns%3D&#39;http%3A%2F%2Fwww.w3.org%2F2000%2Fsvg&#39;%20viewBox%3D&#39;0%200%20555%20416&#39;%2F%3E\" data-src=\"https:\/\/www.monta\u00f1asdelaluna.es\/wp-content\/uploads\/2015\/11\/Perdidos-por-el-Montnegre.-18-03-12-094-555x416.jpg\" data-srcset=\"https:\/\/www.monta\u00f1asdelaluna.es\/wp-content\/uploads\/2015\/11\/Perdidos-por-el-Montnegre.-18-03-12-094-555x416.jpg 555w, https:\/\/www.monta\u00f1asdelaluna.es\/wp-content\/uploads\/2015\/11\/Perdidos-por-el-Montnegre.-18-03-12-094-1110x832.jpg 1110w\" alt=\"\" title=\"Sierra del Montnegre\" width=\"555\" height=\"416\"  \/><\/a><\/p>\n\t\t\t<\/div>\n\n\t\t\n\t\t<div class=\"blog-content wf-td\">\n\t\t\t<h3 class=\"entry-title\"><a href=\"https:\/\/www.monta\u00f1asdelaluna.es\/?p=24215\" title=\"Perdidos en el Montnegre\" rel=\"bookmark\">Perdidos en el Montnegre<\/a><\/h3>\n\n\t\t\t<div class=\"entry-meta\"><span class=\"category-link\"><a href=\"https:\/\/www.monta\u00f1asdelaluna.es\/?cat=45\" rel=\"category\">Corredor i Montnegre<\/a><\/span><a class=\"author vcard\" href=\"https:\/\/www.monta\u00f1asdelaluna.es\/?author=1\" title=\"Ver todas las publicaciones de Joaquin Terres\" rel=\"author\">Por <span class=\"fn\">Joaquin Terres<\/span><\/a><a href=\"https:\/\/www.monta\u00f1asdelaluna.es\/?m=20120318\" title=\"10:29 am\" class=\"data-link\" rel=\"bookmark\"><time class=\"entry-date updated\" datetime=\"2012-03-18T10:29:32+00:00\">18 marzo, 2012<\/time><\/a><a href=\"https:\/\/www.monta\u00f1asdelaluna.es\/?p=24215#respond\" class=\"comment-link\" >Deja un comentario<\/a><\/div><p>[vc_row][vc_column][vc_column_text]La Sierra del Montnegre era otro de los lugares que faltaba por visitar cercano y conocido. Pero su gran extensi\u00f3n y extra\u00f1as comunicaciones lo hac\u00eda dif\u00edcil de explorar, de adentrarse en sus formidables bosques y perderse recorri\u00e9ndolos. Despu\u00e9s de ojear varias veces el mapa de Alpina, divis\u00e9 alguna \u201cpuerta\u201d por el norte, noroeste: Sant Celoni,&hellip;<\/p>\n\n<a href=\"https:\/\/www.monta\u00f1asdelaluna.es\/?p=24215\" class=\"details more-link\" aria-label=\"Read more about Perdidos en el Montnegre\" rel=\"nofollow\">Detalles<\/a>\n\n\t\t<\/div>\n\n\t<\/article>\n\n<\/div>\n<div class=\"wf-cell iso-item category-46\" data-post-id=\"22318\" data-date=\"2012-03-03T20:47:57+00:00\" data-name=\"Castell de Milany\">\n\t<article class=\"post post-22318 type-post status-publish format-standard has-post-thumbnail hentry category-girona category-46 description-off\">\n\n\t\t\n\t\t\t<div class=\"blog-media wf-td\">\n\n\t\t\t\t<p><a href=\"https:\/\/www.monta\u00f1asdelaluna.es\/?p=22318\" class=\"alignnone rollover layzr-bg\" ><img loading=\"lazy\" decoding=\"async\" class=\"preload-me iso-lazy-load\" src=\"data:image\/svg+xml,%3Csvg%20xmlns%3D&#39;http%3A%2F%2Fwww.w3.org%2F2000%2Fsvg&#39;%20viewBox%3D&#39;0%200%20555%20416&#39;%2F%3E\" data-src=\"https:\/\/www.monta\u00f1asdelaluna.es\/wp-content\/uploads\/2015\/10\/Castell-de-Milany.-03-03-12-048-555x416.jpg\" data-srcset=\"https:\/\/www.monta\u00f1asdelaluna.es\/wp-content\/uploads\/2015\/10\/Castell-de-Milany.-03-03-12-048-555x416.jpg 555w, https:\/\/www.monta\u00f1asdelaluna.es\/wp-content\/uploads\/2015\/10\/Castell-de-Milany.-03-03-12-048-1110x832.jpg 1110w\" alt=\"\" title=\"Impresionantes hayedos en las laderas del Puig del Palou\" width=\"555\" height=\"416\"  \/><\/a><\/p>\n\t\t\t<\/div>\n\n\t\t\n\t\t<div class=\"blog-content wf-td\">\n\t\t\t<h3 class=\"entry-title\"><a href=\"https:\/\/www.monta\u00f1asdelaluna.es\/?p=22318\" title=\"Castell de Milany\" rel=\"bookmark\">Castell de Milany<\/a><\/h3>\n\n\t\t\t<div class=\"entry-meta\"><span class=\"category-link\"><a href=\"https:\/\/www.monta\u00f1asdelaluna.es\/?cat=46\" rel=\"category\">Girona<\/a><\/span><a class=\"author vcard\" href=\"https:\/\/www.monta\u00f1asdelaluna.es\/?author=1\" title=\"Ver todas las publicaciones de Joaquin Terres\" rel=\"author\">Por <span class=\"fn\">Joaquin Terres<\/span><\/a><a href=\"https:\/\/www.monta\u00f1asdelaluna.es\/?m=20120303\" title=\"8:47 pm\" class=\"data-link\" rel=\"bookmark\"><time class=\"entry-date updated\" datetime=\"2012-03-03T20:47:57+00:00\">3 marzo, 2012<\/time><\/a><a href=\"https:\/\/www.monta\u00f1asdelaluna.es\/?p=22318#respond\" class=\"comment-link\" >Deja un comentario<\/a><\/div><p>[vc_row][vc_column][vc_column_text]Iba a ser una actividad de alta monta\u00f1a; pero el mal tiempo (ya era mala suerte, 2 meses sin una nube y vino todo este s\u00e1bado) nos impidi\u00f3 acercarnos a Vallter 2.000 y realizar, lo que iba a ser, una marcha de alta monta\u00f1a por el Pic de La Dona, Bastiments&#8230; Al final, salvamos el&hellip;<\/p>\n\n<a href=\"https:\/\/www.monta\u00f1asdelaluna.es\/?p=22318\" class=\"details more-link\" aria-label=\"Read more about Castell de Milany\" rel=\"nofollow\">Detalles<\/a>\n\n\t\t<\/div>\n\n\t<\/article>\n\n<\/div>\n<div class=\"wf-cell iso-item category-49\" data-post-id=\"21318\" data-date=\"2012-02-18T18:14:23+00:00\" data-name=\"De Montbau a Baixador de Vallvidrera subiendo al Tibidabo\">\n\t<article class=\"post post-21318 type-post status-publish format-standard has-post-thumbnail hentry category-collserola category-49 description-off\">\n\n\t\t\n\t\t\t<div class=\"blog-media wf-td\">\n\n\t\t\t\t<p><a href=\"https:\/\/www.monta\u00f1asdelaluna.es\/?p=21318\" class=\"alignnone rollover layzr-bg\" ><img loading=\"lazy\" decoding=\"async\" class=\"preload-me iso-lazy-load\" src=\"data:image\/svg+xml,%3Csvg%20xmlns%3D&#39;http%3A%2F%2Fwww.w3.org%2F2000%2Fsvg&#39;%20viewBox%3D&#39;0%200%20555%20416&#39;%2F%3E\" data-src=\"https:\/\/www.monta\u00f1asdelaluna.es\/wp-content\/uploads\/2015\/09\/030-555x416.jpg\" data-srcset=\"https:\/\/www.monta\u00f1asdelaluna.es\/wp-content\/uploads\/2015\/09\/030-555x416.jpg 555w, https:\/\/www.monta\u00f1asdelaluna.es\/wp-content\/uploads\/2015\/09\/030.jpg 751w\" alt=\"\" title=\"Subiendo al Tibidabo\" width=\"555\" height=\"416\"  \/><\/a><\/p>\n\t\t\t<\/div>\n\n\t\t\n\t\t<div class=\"blog-content wf-td\">\n\t\t\t<h3 class=\"entry-title\"><a href=\"https:\/\/www.monta\u00f1asdelaluna.es\/?p=21318\" title=\"De Montbau a Baixador de Vallvidrera subiendo al Tibidabo\" rel=\"bookmark\">De Montbau a Baixador de Vallvidrera subiendo al Tibidabo<\/a><\/h3>\n\n\t\t\t<div class=\"entry-meta\"><span class=\"category-link\"><a href=\"https:\/\/www.monta\u00f1asdelaluna.es\/?cat=49\" rel=\"category\">Collserola<\/a><\/span><a class=\"author vcard\" href=\"https:\/\/www.monta\u00f1asdelaluna.es\/?author=1\" title=\"Ver todas las publicaciones de Joaquin Terres\" rel=\"author\">Por <span class=\"fn\">Joaquin Terres<\/span><\/a><a href=\"https:\/\/www.monta\u00f1asdelaluna.es\/?m=20120218\" title=\"6:14 pm\" class=\"data-link\" rel=\"bookmark\"><time class=\"entry-date updated\" datetime=\"2012-02-18T18:14:23+00:00\">18 febrero, 2012<\/time><\/a><a href=\"https:\/\/www.monta\u00f1asdelaluna.es\/?p=21318#respond\" class=\"comment-link\" >Deja un comentario<\/a><\/div><p>[vc_row][vc_column][vc_column_text]&#8230;Otra por Collserola. La tenemos tan cerca de casa y es tan especial&#8230; Este fin de semana unos amigos de mi lejana tierra, la Vega Baja (sur de Alicante), Vicente Molina y Nuria, ven\u00edan a Barcelona y no pod\u00eda menos que prepararles una excursi\u00f3n por la bella Sierra de Collserola, entre otras actividades. Aprovechando tambi\u00e9n&hellip;<\/p>\n\n<a href=\"https:\/\/www.monta\u00f1asdelaluna.es\/?p=21318\" class=\"details more-link\" aria-label=\"Read more about De Montbau a Baixador de Vallvidrera subiendo al Tibidabo\" rel=\"nofollow\">Detalles<\/a>\n\n\t\t<\/div>\n\n\t<\/article>\n\n<\/div>\n<div class=\"wf-cell iso-item category-51\" data-post-id=\"18422\" data-date=\"2012-02-04T21:07:39+00:00\" data-name=\"Montcau\">\n\t<article class=\"post post-18422 type-post status-publish format-standard has-post-thumbnail hentry category-sant-llorenc-del-munt category-51 description-off\">\n\n\t\t\n\t\t\t<div class=\"blog-media wf-td\">\n\n\t\t\t\t<p><a href=\"https:\/\/www.monta\u00f1asdelaluna.es\/?p=18422\" class=\"alignnone rollover layzr-bg\" ><img loading=\"lazy\" decoding=\"async\" class=\"preload-me iso-lazy-load\" src=\"data:image\/svg+xml,%3Csvg%20xmlns%3D&#39;http%3A%2F%2Fwww.w3.org%2F2000%2Fsvg&#39;%20viewBox%3D&#39;0%200%20555%20416&#39;%2F%3E\" data-src=\"https:\/\/www.monta\u00f1asdelaluna.es\/wp-content\/uploads\/2015\/08\/Montcau.-04-02-12-030-555x416.jpg\" data-srcset=\"https:\/\/www.monta\u00f1asdelaluna.es\/wp-content\/uploads\/2015\/08\/Montcau.-04-02-12-030-555x416.jpg 555w, https:\/\/www.monta\u00f1asdelaluna.es\/wp-content\/uploads\/2015\/08\/Montcau.-04-02-12-030.jpg 751w\" alt=\"\" title=\"Sot de La B\u00f2ta\" width=\"555\" height=\"416\"  \/><\/a><\/p>\n\t\t\t<\/div>\n\n\t\t\n\t\t<div class=\"blog-content wf-td\">\n\t\t\t<h3 class=\"entry-title\"><a href=\"https:\/\/www.monta\u00f1asdelaluna.es\/?p=18422\" title=\"Montcau\" rel=\"bookmark\">Montcau<\/a><\/h3>\n\n\t\t\t<div class=\"entry-meta\"><span class=\"category-link\"><a href=\"https:\/\/www.monta\u00f1asdelaluna.es\/?cat=51\" rel=\"category\">Sant Lloren\u00e7 del Munt<\/a><\/span><a class=\"author vcard\" href=\"https:\/\/www.monta\u00f1asdelaluna.es\/?author=1\" title=\"Ver todas las publicaciones de Joaquin Terres\" rel=\"author\">Por <span class=\"fn\">Joaquin Terres<\/span><\/a><a href=\"https:\/\/www.monta\u00f1asdelaluna.es\/?m=20120204\" title=\"9:07 pm\" class=\"data-link\" rel=\"bookmark\"><time class=\"entry-date updated\" datetime=\"2012-02-04T21:07:39+00:00\">4 febrero, 2012<\/time><\/a><a href=\"https:\/\/www.monta\u00f1asdelaluna.es\/?p=18422#respond\" class=\"comment-link\" >Deja un comentario<\/a><\/div><p>[vc_row][vc_column][vc_column_text]Otra de las monta\u00f1as m\u00e1s representativas y visitadas del centro de la provincia de Barcelona, es el Montcau. Dentro del P. N. de Sant Lloren\u00e7 del Munt i l\u2019Obac, el Montcau es la cumbre m\u00e1s alta hac\u00eda el norte del\u00a0 tremendo macizo que lo compone. F\u00e1cilmente se puede llegar de La Mola al Montcau recorriendo&hellip;<\/p>\n\n<a href=\"https:\/\/www.monta\u00f1asdelaluna.es\/?p=18422\" class=\"details more-link\" aria-label=\"Read more about Montcau\" rel=\"nofollow\">Detalles<\/a>\n\n\t\t<\/div>\n\n\t<\/article>\n\n<\/div>\n<div class=\"wf-cell iso-item category-131\" data-post-id=\"26354\" data-date=\"2012-01-21T13:15:20+00:00\" data-name=\"Alrededores de Arb\u00facies\">\n\t<article class=\"post post-26354 type-post status-publish format-standard has-post-thumbnail hentry category-turo-de-lhome category-131 description-off\">\n\n\t\t\n\t\t\t<div class=\"blog-media wf-td\">\n\n\t\t\t\t<p><a href=\"https:\/\/www.monta\u00f1asdelaluna.es\/?p=26354\" class=\"alignnone rollover layzr-bg\" ><img loading=\"lazy\" decoding=\"async\" class=\"preload-me iso-lazy-load\" src=\"data:image\/svg+xml,%3Csvg%20xmlns%3D&#39;http%3A%2F%2Fwww.w3.org%2F2000%2Fsvg&#39;%20viewBox%3D&#39;0%200%20555%20416&#39;%2F%3E\" data-src=\"https:\/\/www.monta\u00f1asdelaluna.es\/wp-content\/uploads\/2016\/01\/Bosques-de-Arb\u00facies.-21-01-12-062-555x416.jpg\" data-srcset=\"https:\/\/www.monta\u00f1asdelaluna.es\/wp-content\/uploads\/2016\/01\/Bosques-de-Arb\u00facies.-21-01-12-062-555x416.jpg 555w, https:\/\/www.monta\u00f1asdelaluna.es\/wp-content\/uploads\/2016\/01\/Bosques-de-Arb\u00facies.-21-01-12-062-1110x832.jpg 1110w\" alt=\"\" title=\"Tur\u00f3 de Montfort en el centro\" width=\"555\" height=\"416\"  \/><\/a><\/p>\n\t\t\t<\/div>\n\n\t\t\n\t\t<div class=\"blog-content wf-td\">\n\t\t\t<h3 class=\"entry-title\"><a href=\"https:\/\/www.monta\u00f1asdelaluna.es\/?p=26354\" title=\"Alrededores de Arb\u00facies\" rel=\"bookmark\">Alrededores de Arb\u00facies<\/a><\/h3>\n\n\t\t\t<div class=\"entry-meta\"><span class=\"category-link\"><a href=\"https:\/\/www.monta\u00f1asdelaluna.es\/?cat=131\" rel=\"category\">Tur\u00f3 de l'Home<\/a><\/span><a class=\"author vcard\" href=\"https:\/\/www.monta\u00f1asdelaluna.es\/?author=1\" title=\"Ver todas las publicaciones de Joaquin Terres\" rel=\"author\">Por <span class=\"fn\">Joaquin Terres<\/span><\/a><a href=\"https:\/\/www.monta\u00f1asdelaluna.es\/?m=20120121\" title=\"1:15 pm\" class=\"data-link\" rel=\"bookmark\"><time class=\"entry-date updated\" datetime=\"2012-01-21T13:15:20+00:00\">21 enero, 2012<\/time><\/a><a href=\"https:\/\/www.monta\u00f1asdelaluna.es\/?p=26354#respond\" class=\"comment-link\" >Deja un comentario<\/a><\/div><p>[vc_row][vc_column][vc_column_text]Despu\u00e9s de recorrer diferentes sitios de la Sierra del Montseny, decid\u00ed que el siguiente lugar ser\u00edan los alrededores del Castillo de Montsoriu, cerca de Arb\u00facies. Despu\u00e9s de estudiar mapas y mirar rutas conclu\u00ed en hacer un recorrido que uniera las fortificaciones de las inmediaciones o cercanas a la poblaci\u00f3n, junto con un bonito recorrido por&hellip;<\/p>\n\n<a href=\"https:\/\/www.monta\u00f1asdelaluna.es\/?p=26354\" class=\"details more-link\" aria-label=\"Read more about Alrededores de Arb\u00facies\" rel=\"nofollow\">Detalles<\/a>\n\n\t\t<\/div>\n\n\t<\/article>\n\n<\/div>\n<div class=\"wf-cell iso-item category-129\" data-post-id=\"25825\" data-date=\"2012-01-14T20:06:22+00:00\" data-name=\"Gra de Fajol\">\n\t<article class=\"post post-25825 type-post status-publish format-standard has-post-thumbnail hentry category-pirineo-oriental category-129 description-off\">\n\n\t\t\n\t\t\t<div class=\"blog-media wf-td\">\n\n\t\t\t\t<p><a href=\"https:\/\/www.monta\u00f1asdelaluna.es\/?p=25825\" class=\"alignnone rollover layzr-bg\" ><img loading=\"lazy\" decoding=\"async\" class=\"preload-me iso-lazy-load\" src=\"data:image\/svg+xml,%3Csvg%20xmlns%3D&#39;http%3A%2F%2Fwww.w3.org%2F2000%2Fsvg&#39;%20viewBox%3D&#39;0%200%20555%20416&#39;%2F%3E\" data-src=\"https:\/\/www.monta\u00f1asdelaluna.es\/wp-content\/uploads\/2015\/12\/Gra-de-Fajol.-14-01-12-006-555x416.jpg\" data-srcset=\"https:\/\/www.monta\u00f1asdelaluna.es\/wp-content\/uploads\/2015\/12\/Gra-de-Fajol.-14-01-12-006-555x416.jpg 555w, https:\/\/www.monta\u00f1asdelaluna.es\/wp-content\/uploads\/2015\/12\/Gra-de-Fajol.-14-01-12-006-1110x832.jpg 1110w\" alt=\"\" title=\"Por las pistas de esqu\u00ed de Vallter\" width=\"555\" height=\"416\"  \/><\/a><\/p>\n\t\t\t<\/div>\n\n\t\t\n\t\t<div class=\"blog-content wf-td\">\n\t\t\t<h3 class=\"entry-title\"><a href=\"https:\/\/www.monta\u00f1asdelaluna.es\/?p=25825\" title=\"Gra de Fajol\" rel=\"bookmark\">Gra de Fajol<\/a><\/h3>\n\n\t\t\t<div class=\"entry-meta\"><span class=\"category-link\"><a href=\"https:\/\/www.monta\u00f1asdelaluna.es\/?cat=129\" rel=\"category\">Pirineo Oriental<\/a><\/span><a class=\"author vcard\" href=\"https:\/\/www.monta\u00f1asdelaluna.es\/?author=1\" title=\"Ver todas las publicaciones de Joaquin Terres\" rel=\"author\">Por <span class=\"fn\">Joaquin Terres<\/span><\/a><a href=\"https:\/\/www.monta\u00f1asdelaluna.es\/?m=20120114\" title=\"8:06 pm\" class=\"data-link\" rel=\"bookmark\"><time class=\"entry-date updated\" datetime=\"2012-01-14T20:06:22+00:00\">14 enero, 2012<\/time><\/a><a href=\"https:\/\/www.monta\u00f1asdelaluna.es\/?p=25825#respond\" class=\"comment-link\" >Deja un comentario<\/a><\/div><p>[vc_row][vc_column][vc_column_text]Ya ten\u00eda ganas de visitar de nuevo el Pirineo. Y sobre todo el desconocido, para mi, Pirineo de Girona. Aprovechando la invitaci\u00f3n de unos amigos monta\u00f1eros de Barcelona y Tiana, David y Gonzalo, me apunto a lo que parece ser una interesante actividad: subir un corredor de nieve en el Gra de Fajol. En un&hellip;<\/p>\n\n<a href=\"https:\/\/www.monta\u00f1asdelaluna.es\/?p=25825\" class=\"details more-link\" aria-label=\"Read more about Gra de Fajol\" rel=\"nofollow\">Detalles<\/a>\n\n\t\t<\/div>\n\n\t<\/article>\n\n<\/div>\n<div class=\"wf-cell iso-item category-73\" data-post-id=\"22147\" data-date=\"2011-11-26T07:48:23+00:00\" data-name=\"El Garraf. Del mar a La Morella\">\n\t<article class=\"post post-22147 type-post status-publish format-standard has-post-thumbnail hentry category-el-garraf category-73 description-off\">\n\n\t\t\n\t\t\t<div class=\"blog-media wf-td\">\n\n\t\t\t\t<p><a href=\"https:\/\/www.monta\u00f1asdelaluna.es\/?p=22147\" class=\"alignnone rollover layzr-bg\" ><img loading=\"lazy\" decoding=\"async\" class=\"preload-me iso-lazy-load\" src=\"data:image\/svg+xml,%3Csvg%20xmlns%3D&#39;http%3A%2F%2Fwww.w3.org%2F2000%2Fsvg&#39;%20viewBox%3D&#39;0%200%20555%20416&#39;%2F%3E\" data-src=\"https:\/\/www.monta\u00f1asdelaluna.es\/wp-content\/uploads\/2015\/10\/El-Garraf.-Del-mar-a-La-Morella.-26-11-11.-022-555x416.jpg\" data-srcset=\"https:\/\/www.monta\u00f1asdelaluna.es\/wp-content\/uploads\/2015\/10\/El-Garraf.-Del-mar-a-La-Morella.-26-11-11.-022-555x416.jpg 555w, https:\/\/www.monta\u00f1asdelaluna.es\/wp-content\/uploads\/2015\/10\/El-Garraf.-Del-mar-a-La-Morella.-26-11-11.-022-1110x832.jpg 1110w\" alt=\"\" title=\"Atr\u00e1s queda El Garraf junto al mar\" width=\"555\" height=\"416\"  \/><\/a><\/p>\n\t\t\t<\/div>\n\n\t\t\n\t\t<div class=\"blog-content wf-td\">\n\t\t\t<h3 class=\"entry-title\"><a href=\"https:\/\/www.monta\u00f1asdelaluna.es\/?p=22147\" title=\"El Garraf. Del mar a La Morella\" rel=\"bookmark\">El Garraf. Del mar a La Morella<\/a><\/h3>\n\n\t\t\t<div class=\"entry-meta\"><span class=\"category-link\"><a href=\"https:\/\/www.monta\u00f1asdelaluna.es\/?cat=73\" rel=\"category\">El Garraf<\/a><\/span><a class=\"author vcard\" href=\"https:\/\/www.monta\u00f1asdelaluna.es\/?author=1\" title=\"Ver todas las publicaciones de Joaquin Terres\" rel=\"author\">Por <span class=\"fn\">Joaquin Terres<\/span><\/a><a href=\"https:\/\/www.monta\u00f1asdelaluna.es\/?m=20111126\" title=\"7:48 am\" class=\"data-link\" rel=\"bookmark\"><time class=\"entry-date updated\" datetime=\"2011-11-26T07:48:23+00:00\">26 noviembre, 2011<\/time><\/a><a href=\"https:\/\/www.monta\u00f1asdelaluna.es\/?p=22147#respond\" class=\"comment-link\" >Deja un comentario<\/a><\/div><p>[vc_row][vc_column][vc_column_text]Me fascinaba la idea de hacer una actividad que saliera desde una playa hasta la cima de una monta\u00f1a; me recordaba la actividad que hice con la Asociaci\u00f3n Pasico a Pasico de Orihuela por los murcianos acantilados del Monte Cenizas y Bah\u00eda de Portman. Ya iba siendo hora de que volvi\u00e9ramos a las monta\u00f1as del&hellip;<\/p>\n\n<a href=\"https:\/\/www.monta\u00f1asdelaluna.es\/?p=22147\" class=\"details more-link\" aria-label=\"Read more about El Garraf. Del mar a La Morella\" rel=\"nofollow\">Detalles<\/a>\n\n\t\t<\/div>\n\n\t<\/article>\n\n<\/div>\n<div class=\"wf-cell iso-item category-42\" data-post-id=\"17349\" data-date=\"2011-11-14T15:46:50+00:00\" data-name=\"Visita al Macizo de Larra\">\n\t<article class=\"post post-17349 type-post status-publish format-standard has-post-thumbnail hentry category-pirineo-navarro category-42 description-off\">\n\n\t\t\n\t\t\t<div class=\"blog-media wf-td\">\n\n\t\t\t\t<p><a href=\"https:\/\/www.monta\u00f1asdelaluna.es\/?p=17349\" class=\"alignnone rollover layzr-bg\" ><img loading=\"lazy\" decoding=\"async\" class=\"preload-me iso-lazy-load\" src=\"data:image\/svg+xml,%3Csvg%20xmlns%3D&#39;http%3A%2F%2Fwww.w3.org%2F2000%2Fsvg&#39;%20viewBox%3D&#39;0%200%20555%20416&#39;%2F%3E\" data-src=\"https:\/\/www.monta\u00f1asdelaluna.es\/wp-content\/uploads\/2015\/08\/Viaje-al-Valle-de-Roncal.-19-20-11-11-014-555x416.jpg\" data-srcset=\"https:\/\/www.monta\u00f1asdelaluna.es\/wp-content\/uploads\/2015\/08\/Viaje-al-Valle-de-Roncal.-19-20-11-11-014-555x416.jpg 555w, https:\/\/www.monta\u00f1asdelaluna.es\/wp-content\/uploads\/2015\/08\/Viaje-al-Valle-de-Roncal.-19-20-11-11-014.jpg 979w\" alt=\"\" title=\"Pic d&#8217;Anie\" width=\"555\" height=\"416\"  \/><\/a><\/p>\n\t\t\t<\/div>\n\n\t\t\n\t\t<div class=\"blog-content wf-td\">\n\t\t\t<h3 class=\"entry-title\"><a href=\"https:\/\/www.monta\u00f1asdelaluna.es\/?p=17349\" title=\"Visita al Macizo de Larra\" rel=\"bookmark\">Visita al Macizo de Larra<\/a><\/h3>\n\n\t\t\t<div class=\"entry-meta\"><span class=\"category-link\"><a href=\"https:\/\/www.monta\u00f1asdelaluna.es\/?cat=42\" rel=\"category\">Pirineo Navarro<\/a><\/span><a class=\"author vcard\" href=\"https:\/\/www.monta\u00f1asdelaluna.es\/?author=1\" title=\"Ver todas las publicaciones de Joaquin Terres\" rel=\"author\">Por <span class=\"fn\">Joaquin Terres<\/span><\/a><a href=\"https:\/\/www.monta\u00f1asdelaluna.es\/?m=20111114\" title=\"3:46 pm\" class=\"data-link\" rel=\"bookmark\"><time class=\"entry-date updated\" datetime=\"2011-11-14T15:46:50+00:00\">14 noviembre, 2011<\/time><\/a><a href=\"https:\/\/www.monta\u00f1asdelaluna.es\/?p=17349#respond\" class=\"comment-link\" >Deja un comentario<\/a><\/div><p>[vc_row][vc_column][vc_column_text]Al final del navarro Valle del Roncal est\u00e1 el Valle de Belagua y el k\u00e1rstico Macizo de Larra, d\u00f3nde, compartidos entre los territorios franc\u00e9s y espa\u00f1ol, se encuentran notables altitudes como el Pic d&#8217;Anie y la Mesa de Los Tres Reyes. Salimos desde el Portillo de Ernaz.[vc_separator][\/vc_column_text][\/vc_column][\/vc_row][vc_row][vc_column][vc_empty_space height=\u00bb60px\u00bb][\/vc_column][\/vc_row][vc_row][vc_column][vc_cta h2=\u00bb\u00c1lbum de fotos\u00bb txt_align=\u00bbcenter\u00bb add_button=\u00bbbottom\u00bb btn_title=\u00bbVer fotos\u00bb&hellip;<\/p>\n\n<a href=\"https:\/\/www.monta\u00f1asdelaluna.es\/?p=17349\" class=\"details more-link\" aria-label=\"Read more about Visita al Macizo de Larra\" rel=\"nofollow\">Detalles<\/a>\n\n\t\t<\/div>\n\n\t<\/article>\n\n<\/div>\n<div class=\"wf-cell iso-item category-120\" data-post-id=\"16865\" data-date=\"2011-11-13T15:17:28+00:00\" data-name=\"Castell de Farners\">\n\t<article class=\"post post-16865 type-post status-publish format-standard has-post-thumbnail hentry category-collsacabra-i-guilleries category-120 description-off\">\n\n\t\t\n\t\t\t<div class=\"blog-media wf-td\">\n\n\t\t\t\t<p><a href=\"https:\/\/www.monta\u00f1asdelaluna.es\/?p=16865\" class=\"alignnone rollover layzr-bg\" ><img loading=\"lazy\" decoding=\"async\" class=\"preload-me iso-lazy-load\" src=\"data:image\/svg+xml,%3Csvg%20xmlns%3D&#39;http%3A%2F%2Fwww.w3.org%2F2000%2Fsvg&#39;%20viewBox%3D&#39;0%200%20555%20416&#39;%2F%3E\" data-src=\"https:\/\/www.monta\u00f1asdelaluna.es\/wp-content\/uploads\/2015\/08\/Santa-Coloma-de-Farners.-13-11-11-037-555x416.jpg\" data-srcset=\"https:\/\/www.monta\u00f1asdelaluna.es\/wp-content\/uploads\/2015\/08\/Santa-Coloma-de-Farners.-13-11-11-037-555x416.jpg 555w, https:\/\/www.monta\u00f1asdelaluna.es\/wp-content\/uploads\/2015\/08\/Santa-Coloma-de-Farners.-13-11-11-037.jpg 751w\" alt=\"\" title=\"Castell de Farners\" width=\"555\" height=\"416\"  \/><\/a><\/p>\n\t\t\t<\/div>\n\n\t\t\n\t\t<div class=\"blog-content wf-td\">\n\t\t\t<h3 class=\"entry-title\"><a href=\"https:\/\/www.monta\u00f1asdelaluna.es\/?p=16865\" title=\"Castell de Farners\" rel=\"bookmark\">Castell de Farners<\/a><\/h3>\n\n\t\t\t<div class=\"entry-meta\"><span class=\"category-link\"><a href=\"https:\/\/www.monta\u00f1asdelaluna.es\/?cat=120\" rel=\"category\">Collsacabra i Guilleries<\/a><\/span><a class=\"author vcard\" href=\"https:\/\/www.monta\u00f1asdelaluna.es\/?author=1\" title=\"Ver todas las publicaciones de Joaquin Terres\" rel=\"author\">Por <span class=\"fn\">Joaquin Terres<\/span><\/a><a href=\"https:\/\/www.monta\u00f1asdelaluna.es\/?m=20111113\" title=\"3:17 pm\" class=\"data-link\" rel=\"bookmark\"><time class=\"entry-date updated\" datetime=\"2011-11-13T15:17:28+00:00\">13 noviembre, 2011<\/time><\/a><a href=\"https:\/\/www.monta\u00f1asdelaluna.es\/?p=16865#respond\" class=\"comment-link\" >Deja un comentario<\/a><\/div><p>[vc_row][vc_column][vc_column_text]Proponemos ahora una sencilla y simp\u00e1tica marcha de poco tiempo o de una ma\u00f1ana tranquila. Acercarnos a santa Coloma de Farners para hacer una circular y subir al Castillo de Farners junto a la Ermita de Farners. El pasado domingo 13 de noviembre, David de Girona, nos organiza una estupenda actividad para los amigos de&hellip;<\/p>\n\n<a href=\"https:\/\/www.monta\u00f1asdelaluna.es\/?p=16865\" class=\"details more-link\" aria-label=\"Read more about Castell de Farners\" rel=\"nofollow\">Detalles<\/a>\n\n\t\t<\/div>\n\n\t<\/article>\n\n<\/div>\n<div class=\"wf-cell iso-item category-47\" data-post-id=\"16977\" data-date=\"2011-11-05T06:10:14+00:00\" data-name=\"Los Volcanes de La Garrotxa\">\n\t<article class=\"post post-16977 type-post status-publish format-standard has-post-thumbnail hentry category-la-garrotxa category-47 description-off\">\n\n\t\t\n\t\t\t<div class=\"blog-media wf-td\">\n\n\t\t\t\t<p><a href=\"https:\/\/www.monta\u00f1asdelaluna.es\/?p=16977\" class=\"alignnone rollover layzr-bg\" ><img loading=\"lazy\" decoding=\"async\" class=\"preload-me iso-lazy-load\" src=\"data:image\/svg+xml,%3Csvg%20xmlns%3D&#39;http%3A%2F%2Fwww.w3.org%2F2000%2Fsvg&#39;%20viewBox%3D&#39;0%200%20555%20416&#39;%2F%3E\" data-src=\"https:\/\/www.monta\u00f1asdelaluna.es\/wp-content\/uploads\/2015\/08\/Volcanes-de-La-Garrotxa.-05-11-11-106-555x416.jpg\" data-srcset=\"https:\/\/www.monta\u00f1asdelaluna.es\/wp-content\/uploads\/2015\/08\/Volcanes-de-La-Garrotxa.-05-11-11-106-555x416.jpg 555w, https:\/\/www.monta\u00f1asdelaluna.es\/wp-content\/uploads\/2015\/08\/Volcanes-de-La-Garrotxa.-05-11-11-106.jpg 751w\" alt=\"\" title=\"Camino del Volc\u00e1n El Croscat\" width=\"555\" height=\"416\"  \/><\/a><\/p>\n\t\t\t<\/div>\n\n\t\t\n\t\t<div class=\"blog-content wf-td\">\n\t\t\t<h3 class=\"entry-title\"><a href=\"https:\/\/www.monta\u00f1asdelaluna.es\/?p=16977\" title=\"Los Volcanes de La Garrotxa\" rel=\"bookmark\">Los Volcanes de La Garrotxa<\/a><\/h3>\n\n\t\t\t<div class=\"entry-meta\"><span class=\"category-link\"><a href=\"https:\/\/www.monta\u00f1asdelaluna.es\/?cat=47\" rel=\"category\">La Garrotxa<\/a><\/span><a class=\"author vcard\" href=\"https:\/\/www.monta\u00f1asdelaluna.es\/?author=1\" title=\"Ver todas las publicaciones de Joaquin Terres\" rel=\"author\">Por <span class=\"fn\">Joaquin Terres<\/span><\/a><a href=\"https:\/\/www.monta\u00f1asdelaluna.es\/?m=20111105\" title=\"6:10 am\" class=\"data-link\" rel=\"bookmark\"><time class=\"entry-date updated\" datetime=\"2011-11-05T06:10:14+00:00\">5 noviembre, 2011<\/time><\/a><a href=\"https:\/\/www.monta\u00f1asdelaluna.es\/?p=16977#respond\" class=\"comment-link\" >Deja un comentario<\/a><\/div><p>[vc_row][vc_column][vc_column_text]\u00bfVolcanes en Catalu\u00f1a?&#8230; la primera vez que o\u00ed que en Catalu\u00f1a, muy cerca o pr\u00e1cticamente en el Prepirineo de Girona hab\u00edan volcanes, me qued\u00e9 impresionado. Quiz\u00e1s por que pensaba que la erupci\u00f3n de volcanes se daba en lugares y condiciones espec\u00edficas y de grandioso volumen, como en Las Canarias, Sicilia, Islandia&#8230; Despu\u00e9s descubr\u00ed en muchas&hellip;<\/p>\n\n<a href=\"https:\/\/www.monta\u00f1asdelaluna.es\/?p=16977\" class=\"details more-link\" aria-label=\"Read more about Los Volcanes de La Garrotxa\" rel=\"nofollow\">Detalles<\/a>\n\n\t\t<\/div>\n\n\t<\/article>\n\n<\/div>\n<div class=\"wf-cell iso-item category-98\" data-post-id=\"17456\" data-date=\"2011-10-28T08:12:04+00:00\" data-name=\"Pe\u00f1agolosa. La monta\u00f1a del bosque sagrado\">\n\t<article class=\"post post-17456 type-post status-publish format-standard has-post-thumbnail hentry category-cordilleras-centrales category-98 description-off\">\n\n\t\t\n\t\t\t<div class=\"blog-media wf-td\">\n\n\t\t\t\t<p><a href=\"https:\/\/www.monta\u00f1asdelaluna.es\/?p=17456\" class=\"alignnone rollover layzr-bg\" ><img loading=\"lazy\" decoding=\"async\" class=\"preload-me iso-lazy-load\" src=\"data:image\/svg+xml,%3Csvg%20xmlns%3D&#39;http%3A%2F%2Fwww.w3.org%2F2000%2Fsvg&#39;%20viewBox%3D&#39;0%200%20555%20416&#39;%2F%3E\" data-src=\"https:\/\/www.monta\u00f1asdelaluna.es\/wp-content\/uploads\/2015\/08\/Pe\u00f1agolosa.-29-30-10-11-097-555x416.jpg\" data-srcset=\"https:\/\/www.monta\u00f1asdelaluna.es\/wp-content\/uploads\/2015\/08\/Pe\u00f1agolosa.-29-30-10-11-097-555x416.jpg 555w, https:\/\/www.monta\u00f1asdelaluna.es\/wp-content\/uploads\/2015\/08\/Pe\u00f1agolosa.-29-30-10-11-097.jpg 751w\" alt=\"\" title=\"Bosque entre La Cambreta y el Portalico\" width=\"555\" height=\"416\"  \/><\/a><\/p>\n\t\t\t<\/div>\n\n\t\t\n\t\t<div class=\"blog-content wf-td\">\n\t\t\t<h3 class=\"entry-title\"><a href=\"https:\/\/www.monta\u00f1asdelaluna.es\/?p=17456\" title=\"Pe\u00f1agolosa. La monta\u00f1a del bosque sagrado\" rel=\"bookmark\">Pe\u00f1agolosa. La monta\u00f1a del bosque sagrado<\/a><\/h3>\n\n\t\t\t<div class=\"entry-meta\"><span class=\"category-link\"><a href=\"https:\/\/www.monta\u00f1asdelaluna.es\/?cat=98\" rel=\"category\">Cordilleras centrales<\/a><\/span><a class=\"author vcard\" href=\"https:\/\/www.monta\u00f1asdelaluna.es\/?author=1\" title=\"Ver todas las publicaciones de Joaquin Terres\" rel=\"author\">Por <span class=\"fn\">Joaquin Terres<\/span><\/a><a href=\"https:\/\/www.monta\u00f1asdelaluna.es\/?m=20111028\" title=\"8:12 am\" class=\"data-link\" rel=\"bookmark\"><time class=\"entry-date updated\" datetime=\"2011-10-28T08:12:04+00:00\">28 octubre, 2011<\/time><\/a><a href=\"https:\/\/www.monta\u00f1asdelaluna.es\/?p=17456#respond\" class=\"comment-link\" >Deja un comentario<\/a><\/div><p>[vc_row][vc_column][vc_column_text]Pe\u00f1agolosa es la monta\u00f1a m\u00e1s alta de Castell\u00f3n, y hasta no hace mucho se cre\u00eda la m\u00e1s alta de Valencia. Como se puede pensar en su curioso top\u00f3nimo, no tiene nada que ver con ser golosa, tampoco con colosal ni con golas (cuevas), palabras que han propuesto Cavanilles y otros ge\u00f3grafos hist\u00f3ricos. El verdadero origen&hellip;<\/p>\n\n<a href=\"https:\/\/www.monta\u00f1asdelaluna.es\/?p=17456\" class=\"details more-link\" aria-label=\"Read more about Pe\u00f1agolosa. La monta\u00f1a del bosque sagrado\" rel=\"nofollow\">Detalles<\/a>\n\n\t\t<\/div>\n\n\t<\/article>\n\n<\/div>\n<div class=\"wf-cell iso-item category-131\" data-post-id=\"20683\" data-date=\"2011-10-15T09:25:27+00:00\" data-name=\"Les Agudes por Els Castellets\">\n\t<article class=\"post post-20683 type-post status-publish format-standard has-post-thumbnail hentry category-turo-de-lhome category-131 description-off\">\n\n\t\t\n\t\t\t<div class=\"blog-media wf-td\">\n\n\t\t\t\t<p><a href=\"https:\/\/www.monta\u00f1asdelaluna.es\/?p=20683\" class=\"alignnone rollover layzr-bg\" ><img loading=\"lazy\" decoding=\"async\" class=\"preload-me iso-lazy-load\" src=\"data:image\/svg+xml,%3Csvg%20xmlns%3D&#39;http%3A%2F%2Fwww.w3.org%2F2000%2Fsvg&#39;%20viewBox%3D&#39;0%200%20555%20416&#39;%2F%3E\" data-src=\"https:\/\/www.monta\u00f1asdelaluna.es\/wp-content\/uploads\/2015\/08\/0042-555x416.jpg\" data-srcset=\"https:\/\/www.monta\u00f1asdelaluna.es\/wp-content\/uploads\/2015\/08\/0042-555x416.jpg 555w, https:\/\/www.monta\u00f1asdelaluna.es\/wp-content\/uploads\/2015\/08\/0042.jpg 751w\" alt=\"\" title=\"Hayedo de subida a Els Castellets, sigo las marcas rojas\" width=\"555\" height=\"416\"  \/><\/a><\/p>\n\t\t\t<\/div>\n\n\t\t\n\t\t<div class=\"blog-content wf-td\">\n\t\t\t<h3 class=\"entry-title\"><a href=\"https:\/\/www.monta\u00f1asdelaluna.es\/?p=20683\" title=\"Les Agudes por Els Castellets\" rel=\"bookmark\">Les Agudes por Els Castellets<\/a><\/h3>\n\n\t\t\t<div class=\"entry-meta\"><span class=\"category-link\"><a href=\"https:\/\/www.monta\u00f1asdelaluna.es\/?cat=131\" rel=\"category\">Tur\u00f3 de l'Home<\/a><\/span><a class=\"author vcard\" href=\"https:\/\/www.monta\u00f1asdelaluna.es\/?author=1\" title=\"Ver todas las publicaciones de Joaquin Terres\" rel=\"author\">Por <span class=\"fn\">Joaquin Terres<\/span><\/a><a href=\"https:\/\/www.monta\u00f1asdelaluna.es\/?m=20111015\" title=\"9:25 am\" class=\"data-link\" rel=\"bookmark\"><time class=\"entry-date updated\" datetime=\"2011-10-15T09:25:27+00:00\">15 octubre, 2011<\/time><\/a><a href=\"https:\/\/www.monta\u00f1asdelaluna.es\/?p=20683#respond\" class=\"comment-link\" >Deja un comentario<\/a><\/div><p>[vc_row][vc_column][vc_column_text] Primer ascenso h\u00famedo y resvaladizo por Els Castellets. 15-Octubre-2.011 &nbsp; Hac\u00eda tiempo que sab\u00eda de esta excepcional subida y me atra\u00eda la idea de subir por una cresta a una de las m\u00e1ximas alturas del Montseny. Claro que tambi\u00e9n aprovechar\u00eda para hacer un recorrido por lugares cercanos y escondidos que esta magn\u00edfica monta\u00f1a nos&hellip;<\/p>\n\n<a href=\"https:\/\/www.monta\u00f1asdelaluna.es\/?p=20683\" class=\"details more-link\" aria-label=\"Read more about Les Agudes por Els Castellets\" rel=\"nofollow\">Detalles<\/a>\n\n\t\t<\/div>\n\n\t<\/article>\n\n<\/div>\n<div class=\"wf-cell iso-item category-45\" data-post-id=\"22414\" data-date=\"2011-10-01T12:01:28+00:00\" data-name=\"El Corredor. Entre Brujas y Santas\">\n\t<article class=\"post post-22414 type-post status-publish format-standard has-post-thumbnail hentry category-corredor-i-montnegre category-45 description-off\">\n\n\t\t\n\t\t\t<div class=\"blog-media wf-td\">\n\n\t\t\t\t<p><a href=\"https:\/\/www.monta\u00f1asdelaluna.es\/?p=22414\" class=\"alignnone rollover layzr-bg\" ><img loading=\"lazy\" decoding=\"async\" class=\"preload-me iso-lazy-load\" src=\"data:image\/svg+xml,%3Csvg%20xmlns%3D&#39;http%3A%2F%2Fwww.w3.org%2F2000%2Fsvg&#39;%20viewBox%3D&#39;0%200%20555%20416&#39;%2F%3E\" data-src=\"https:\/\/www.monta\u00f1asdelaluna.es\/wp-content\/uploads\/2015\/08\/0103-555x416.jpg\" data-srcset=\"https:\/\/www.monta\u00f1asdelaluna.es\/wp-content\/uploads\/2015\/08\/0103-555x416.jpg 555w, https:\/\/www.monta\u00f1asdelaluna.es\/wp-content\/uploads\/2015\/08\/0103.jpg 751w\" alt=\"\" title=\"Entre el bosque queda Santa Eulalia de Tapioles\" width=\"555\" height=\"416\"  \/><\/a><\/p>\n\t\t\t<\/div>\n\n\t\t\n\t\t<div class=\"blog-content wf-td\">\n\t\t\t<h3 class=\"entry-title\"><a href=\"https:\/\/www.monta\u00f1asdelaluna.es\/?p=22414\" title=\"El Corredor. Entre Brujas y Santas\" rel=\"bookmark\">El Corredor. Entre Brujas y Santas<\/a><\/h3>\n\n\t\t\t<div class=\"entry-meta\"><span class=\"category-link\"><a href=\"https:\/\/www.monta\u00f1asdelaluna.es\/?cat=45\" rel=\"category\">Corredor i Montnegre<\/a><\/span><a class=\"author vcard\" href=\"https:\/\/www.monta\u00f1asdelaluna.es\/?author=1\" title=\"Ver todas las publicaciones de Joaquin Terres\" rel=\"author\">Por <span class=\"fn\">Joaquin Terres<\/span><\/a><a href=\"https:\/\/www.monta\u00f1asdelaluna.es\/?m=20111001\" title=\"12:01 pm\" class=\"data-link\" rel=\"bookmark\"><time class=\"entry-date updated\" datetime=\"2011-10-01T12:01:28+00:00\">1 octubre, 2011<\/time><\/a><a href=\"https:\/\/www.monta\u00f1asdelaluna.es\/?p=22414#respond\" class=\"comment-link\" >Deja un comentario<\/a><\/div><p>[vc_row][vc_column][vc_column_text]Aunque el t\u00edtulo original ser\u00eda \u201cRuta de las Brujas y las Santas\u201d, \u00e9ste queda mucho m\u00e1s expresivo. \u00bfPor qu\u00e9 Brujas y Santas?: el valle y lugar de Vallgorguina es famoso por sus leyendas, historias y an\u00e9cdotas de aquelarres y reuniones de brujas y brujos por los boscosos alrededores, llenos de misterios y magia con esos&hellip;<\/p>\n\n<a href=\"https:\/\/www.monta\u00f1asdelaluna.es\/?p=22414\" class=\"details more-link\" aria-label=\"Read more about El Corredor. Entre Brujas y Santas\" rel=\"nofollow\">Detalles<\/a>\n\n\t\t<\/div>\n\n\t<\/article>\n\n<\/div>\n<div class=\"wf-cell iso-item category-74\" data-post-id=\"20016\" data-date=\"2011-09-18T22:26:43+00:00\" data-name=\"Bellmunt\">\n\t<article class=\"post post-20016 type-post status-publish format-standard has-post-thumbnail hentry category-resto-de-barcelona category-74 description-off\">\n\n\t\t\n\t\t\t<div class=\"blog-media wf-td\">\n\n\t\t\t\t<p><a href=\"https:\/\/www.monta\u00f1asdelaluna.es\/?p=20016\" class=\"alignnone rollover layzr-bg\" ><img loading=\"lazy\" decoding=\"async\" class=\"preload-me iso-lazy-load\" src=\"data:image\/svg+xml,%3Csvg%20xmlns%3D&#39;http%3A%2F%2Fwww.w3.org%2F2000%2Fsvg&#39;%20viewBox%3D&#39;0%200%20555%20416&#39;%2F%3E\" data-src=\"https:\/\/www.monta\u00f1asdelaluna.es\/wp-content\/uploads\/2015\/08\/Bellmunt-041-555x416.jpg\" data-srcset=\"https:\/\/www.monta\u00f1asdelaluna.es\/wp-content\/uploads\/2015\/08\/Bellmunt-041-555x416.jpg 555w, https:\/\/www.monta\u00f1asdelaluna.es\/wp-content\/uploads\/2015\/08\/Bellmunt-041.jpg 751w\" alt=\"\" title=\"l&#8217;Alzina Grossa\" width=\"555\" height=\"416\"  \/><\/a><\/p>\n\t\t\t<\/div>\n\n\t\t\n\t\t<div class=\"blog-content wf-td\">\n\t\t\t<h3 class=\"entry-title\"><a href=\"https:\/\/www.monta\u00f1asdelaluna.es\/?p=20016\" title=\"Bellmunt\" rel=\"bookmark\">Bellmunt<\/a><\/h3>\n\n\t\t\t<div class=\"entry-meta\"><span class=\"category-link\"><a href=\"https:\/\/www.monta\u00f1asdelaluna.es\/?cat=74\" rel=\"category\">Resto de Barcelona<\/a><\/span><a class=\"author vcard\" href=\"https:\/\/www.monta\u00f1asdelaluna.es\/?author=1\" title=\"Ver todas las publicaciones de Joaquin Terres\" rel=\"author\">Por <span class=\"fn\">Joaquin Terres<\/span><\/a><a href=\"https:\/\/www.monta\u00f1asdelaluna.es\/?m=20110918\" title=\"10:26 pm\" class=\"data-link\" rel=\"bookmark\"><time class=\"entry-date updated\" datetime=\"2011-09-18T22:26:43+00:00\">18 septiembre, 2011<\/time><\/a><a href=\"https:\/\/www.monta\u00f1asdelaluna.es\/?p=20016#respond\" class=\"comment-link\" >Deja un comentario<\/a><\/div><p>[vc_row][vc_column][vc_column_text]Aunque la monta\u00f1a y Sierra de Bellmunt est\u00e1n ya dentro de los Pirineos, m\u00e1s concretamente en el prepirineo, ten\u00eda que diferenciar las monta\u00f1as catalanas que saldr\u00edan en esta Secci\u00f3n (Resto de Barcelona), de las del Pirineo. Sencillamente llegar\u00eda un momento que ocurrir\u00eda esto: subir una monta\u00f1a catalana y no saber si ponerla en una u&hellip;<\/p>\n\n<a href=\"https:\/\/www.monta\u00f1asdelaluna.es\/?p=20016\" class=\"details more-link\" aria-label=\"Read more about Bellmunt\" rel=\"nofollow\">Detalles<\/a>\n\n\t\t<\/div>\n\n\t<\/article>\n\n<\/div>\n<div class=\"wf-cell iso-item category-130\" data-post-id=\"29369\" data-date=\"2011-09-10T06:03:50+00:00\" data-name=\"Pedraforca, Puig Campana. Monta\u00f1as hermanas, monta\u00f1as forcadas\">\n\t<article class=\"post post-29369 type-post status-publish format-standard has-post-thumbnail hentry category-pirineo-calizo-catalan category-130 description-off\">\n\n\t\t\n\t\t\t<div class=\"blog-media wf-td\">\n\n\t\t\t\t<p><a href=\"https:\/\/www.monta\u00f1asdelaluna.es\/?p=29369\" class=\"alignnone rollover layzr-bg\" ><img loading=\"lazy\" decoding=\"async\" class=\"preload-me iso-lazy-load\" src=\"data:image\/svg+xml,%3Csvg%20xmlns%3D&#39;http%3A%2F%2Fwww.w3.org%2F2000%2Fsvg&#39;%20viewBox%3D&#39;0%200%20555%20416&#39;%2F%3E\" data-src=\"https:\/\/www.monta\u00f1asdelaluna.es\/wp-content\/uploads\/2011\/09\/Pedraforca.-10-09-11-002-555x416.jpg\" data-srcset=\"https:\/\/www.monta\u00f1asdelaluna.es\/wp-content\/uploads\/2011\/09\/Pedraforca.-10-09-11-002-555x416.jpg 555w, https:\/\/www.monta\u00f1asdelaluna.es\/wp-content\/uploads\/2011\/09\/Pedraforca.-10-09-11-002-1110x832.jpg 1110w\" alt=\"\" title=\"Pedraforca desde Ma\u00e7aners\" width=\"555\" height=\"416\"  \/><\/a><\/p>\n\t\t\t<\/div>\n\n\t\t\n\t\t<div class=\"blog-content wf-td\">\n\t\t\t<h3 class=\"entry-title\"><a href=\"https:\/\/www.monta\u00f1asdelaluna.es\/?p=29369\" title=\"Pedraforca, Puig Campana. Monta\u00f1as hermanas, monta\u00f1as forcadas\" rel=\"bookmark\">Pedraforca, Puig Campana. Monta\u00f1as hermanas, monta\u00f1as forcadas<\/a><\/h3>\n\n\t\t\t<div class=\"entry-meta\"><span class=\"category-link\"><a href=\"https:\/\/www.monta\u00f1asdelaluna.es\/?cat=130\" rel=\"category\">Pirineo Calizo Catal\u00e1n<\/a><\/span><a class=\"author vcard\" href=\"https:\/\/www.monta\u00f1asdelaluna.es\/?author=1\" title=\"Ver todas las publicaciones de Joaquin Terres\" rel=\"author\">Por <span class=\"fn\">Joaquin Terres<\/span><\/a><a href=\"https:\/\/www.monta\u00f1asdelaluna.es\/?m=20110910\" title=\"6:03 am\" class=\"data-link\" rel=\"bookmark\"><time class=\"entry-date updated\" datetime=\"2011-09-10T06:03:50+00:00\">10 septiembre, 2011<\/time><\/a><a href=\"https:\/\/www.monta\u00f1asdelaluna.es\/?p=29369#respond\" class=\"comment-link\" >Deja un comentario<\/a><\/div><p>[vc_row][vc_column][vc_column_text] Aunque mi fascinaci\u00f3n y pasi\u00f3n por las monta\u00f1as va m\u00e1s all\u00e1 de reconocerlas y personificarlas como si realmente tuvieran una personalidad, un car\u00e1cter, un esp\u00edritu, una imagen singular y diferenciada&#8230; ha habido pocas veces en que las he hermanado, familiarizado entre si, pensando que cada una, como las personas, son diferentes entre si en&hellip;<\/p>\n\n<a href=\"https:\/\/www.monta\u00f1asdelaluna.es\/?p=29369\" class=\"details more-link\" aria-label=\"Read more about Pedraforca, Puig Campana. Monta\u00f1as hermanas, monta\u00f1as forcadas\" rel=\"nofollow\">Detalles<\/a>\n\n\t\t<\/div>\n\n\t<\/article>\n\n<\/div>\n<div class=\"wf-cell iso-item category-49\" data-post-id=\"19739\" data-date=\"2011-09-04T23:10:19+00:00\" data-name=\"Collserola. Ruta de Las Ermitas\">\n\t<article class=\"post post-19739 type-post status-publish format-standard has-post-thumbnail hentry category-collserola category-49 description-off\">\n\n\t\t\n\t\t\t<div class=\"blog-media wf-td\">\n\n\t\t\t\t<p><a href=\"https:\/\/www.monta\u00f1asdelaluna.es\/?p=19739\" class=\"alignnone rollover layzr-bg\" ><img loading=\"lazy\" decoding=\"async\" class=\"preload-me iso-lazy-load\" src=\"data:image\/svg+xml,%3Csvg%20xmlns%3D&#39;http%3A%2F%2Fwww.w3.org%2F2000%2Fsvg&#39;%20viewBox%3D&#39;0%200%20555%20416&#39;%2F%3E\" data-src=\"https:\/\/www.monta\u00f1asdelaluna.es\/wp-content\/uploads\/2015\/08\/Collserola.-De-Barcelona-a-Sant-Cugat.-04-09-11-034-555x416.jpg\" data-srcset=\"https:\/\/www.monta\u00f1asdelaluna.es\/wp-content\/uploads\/2015\/08\/Collserola.-De-Barcelona-a-Sant-Cugat.-04-09-11-034-555x416.jpg 555w, https:\/\/www.monta\u00f1asdelaluna.es\/wp-content\/uploads\/2015\/08\/Collserola.-De-Barcelona-a-Sant-Cugat.-04-09-11-034.jpg 751w\" alt=\"\" title=\"Sant Medir\" width=\"555\" height=\"416\"  \/><\/a><\/p>\n\t\t\t<\/div>\n\n\t\t\n\t\t<div class=\"blog-content wf-td\">\n\t\t\t<h3 class=\"entry-title\"><a href=\"https:\/\/www.monta\u00f1asdelaluna.es\/?p=19739\" title=\"Collserola. Ruta de Las Ermitas\" rel=\"bookmark\">Collserola. Ruta de Las Ermitas<\/a><\/h3>\n\n\t\t\t<div class=\"entry-meta\"><span class=\"category-link\"><a href=\"https:\/\/www.monta\u00f1asdelaluna.es\/?cat=49\" rel=\"category\">Collserola<\/a><\/span><a class=\"author vcard\" href=\"https:\/\/www.monta\u00f1asdelaluna.es\/?author=1\" title=\"Ver todas las publicaciones de Joaquin Terres\" rel=\"author\">Por <span class=\"fn\">Joaquin Terres<\/span><\/a><a href=\"https:\/\/www.monta\u00f1asdelaluna.es\/?m=20110904\" title=\"11:10 pm\" class=\"data-link\" rel=\"bookmark\"><time class=\"entry-date updated\" datetime=\"2011-09-04T23:10:19+00:00\">4 septiembre, 2011<\/time><\/a><a href=\"https:\/\/www.monta\u00f1asdelaluna.es\/?p=19739#respond\" class=\"comment-link\" >Deja un comentario<\/a><\/div><p>[vc_row][vc_column][vc_column_text]Quer\u00eda comenzar la temporada haciendo una bonita y a la vez interesante ruta por la sierra m\u00e1s cercana a casa: Collserola. A la vez quer\u00eda intentar la marcha de \u201cLa ruta de las ermitas\u201d del libro de \u201cRutes del Patrimoni arquitect\u00f2nic\u201d de la Red de Parques Naturales de la Provincia de Barcelona; ya que en&hellip;<\/p>\n\n<a href=\"https:\/\/www.monta\u00f1asdelaluna.es\/?p=19739\" class=\"details more-link\" aria-label=\"Read more about Collserola. Ruta de Las Ermitas\" rel=\"nofollow\">Detalles<\/a>\n\n\t\t<\/div>\n\n\t<\/article>\n\n<\/div>\n<div class=\"wf-cell iso-item category-125\" data-post-id=\"32223\" data-date=\"2011-07-30T12:43:55+00:00\" data-name=\"Ibones de Batisielles y Escarpinosa en el Valle de Est\u00f3s\">\n\t<article class=\"post post-32223 type-post status-publish format-standard has-post-thumbnail hentry category-valle-del-esera category-125 description-off\">\n\n\t\t\n\t\t\t<div class=\"blog-media wf-td\">\n\n\t\t\t\t<p><a href=\"https:\/\/www.monta\u00f1asdelaluna.es\/?p=32223\" class=\"alignnone rollover layzr-bg\" ><img loading=\"lazy\" decoding=\"async\" class=\"preload-me iso-lazy-load\" src=\"data:image\/svg+xml,%3Csvg%20xmlns%3D&#39;http%3A%2F%2Fwww.w3.org%2F2000%2Fsvg&#39;%20viewBox%3D&#39;0%200%20555%20328&#39;%2F%3E\" data-src=\"https:\/\/www.monta\u00f1asdelaluna.es\/wp-content\/uploads\/2016\/08\/Pirineos.-Valle-de-Est\u00f3s.-Ib\u00f3nes-de-Batisielles.-077b.postblog-555x328.jpg\" data-srcset=\"https:\/\/www.monta\u00f1asdelaluna.es\/wp-content\/uploads\/2016\/08\/Pirineos.-Valle-de-Est\u00f3s.-Ib\u00f3nes-de-Batisielles.-077b.postblog-555x328.jpg 555w, https:\/\/www.monta\u00f1asdelaluna.es\/wp-content\/uploads\/2016\/08\/Pirineos.-Valle-de-Est\u00f3s.-Ib\u00f3nes-de-Batisielles.-077b.postblog-1110x656.jpg 1110w\" alt=\"\" title=\"Joaqu\u00edn y Anna en el Ib\u00f3n de Escarpinosa\" width=\"555\" height=\"328\"  \/><\/a><\/p>\n\t\t\t<\/div>\n\n\t\t\n\t\t<div class=\"blog-content wf-td\">\n\t\t\t<h3 class=\"entry-title\"><a href=\"https:\/\/www.monta\u00f1asdelaluna.es\/?p=32223\" title=\"Ibones de Batisielles y Escarpinosa en el Valle de Est\u00f3s\" rel=\"bookmark\">Ibones de Batisielles y Escarpinosa en el Valle de Est\u00f3s<\/a><\/h3>\n\n\t\t\t<div class=\"entry-meta\"><span class=\"category-link\"><a href=\"https:\/\/www.monta\u00f1asdelaluna.es\/?cat=125\" rel=\"category\">Valle del \u00c9sera<\/a><\/span><a class=\"author vcard\" href=\"https:\/\/www.monta\u00f1asdelaluna.es\/?author=1\" title=\"Ver todas las publicaciones de Joaquin Terres\" rel=\"author\">Por <span class=\"fn\">Joaquin Terres<\/span><\/a><a href=\"https:\/\/www.monta\u00f1asdelaluna.es\/?m=20110730\" title=\"12:43 pm\" class=\"data-link\" rel=\"bookmark\"><time class=\"entry-date updated\" datetime=\"2011-07-30T12:43:55+00:00\">30 julio, 2011<\/time><\/a><a href=\"https:\/\/www.monta\u00f1asdelaluna.es\/?p=32223#respond\" class=\"comment-link\" >Deja un comentario<\/a><\/div><p>[vc_row][vc_column][vc_column_text]Aunque Batisielles no es el nombre gen\u00e9rico para este valle, rinc\u00f3n del Valle de Est\u00f3s, es el nombre o zona geogr\u00e1fica m\u00e1s reconocida para este lugar. Realmente el valle no tiene nombre, y se encuentra rodeado de cimas, agujas y monta\u00f1as como las Tucas y Agujas d\u2019Ixeia, Perram\u00f3 y el propio Batisielles. Eso si, para&hellip;<\/p>\n\n<a href=\"https:\/\/www.monta\u00f1asdelaluna.es\/?p=32223\" class=\"details more-link\" aria-label=\"Read more about Ibones de Batisielles y Escarpinosa en el Valle de Est\u00f3s\" rel=\"nofollow\">Detalles<\/a>\n\n\t\t<\/div>\n\n\t<\/article>\n\n<\/div>\n<div class=\"wf-cell iso-item category-49\" data-post-id=\"18188\" data-date=\"2011-07-17T17:16:18+00:00\" data-name=\"Collserola. Subida al Tibidabo\">\n\t<article class=\"post post-18188 type-post status-publish format-standard has-post-thumbnail hentry category-collserola category-49 description-off\">\n\n\t\t\n\t\t\t<div class=\"blog-media wf-td\">\n\n\t\t\t\t<p><a href=\"https:\/\/www.monta\u00f1asdelaluna.es\/?p=18188\" class=\"alignnone rollover layzr-bg\" ><img loading=\"lazy\" decoding=\"async\" class=\"preload-me iso-lazy-load\" src=\"data:image\/svg+xml,%3Csvg%20xmlns%3D&#39;http%3A%2F%2Fwww.w3.org%2F2000%2Fsvg&#39;%20viewBox%3D&#39;0%200%20555%20416&#39;%2F%3E\" data-src=\"https:\/\/www.monta\u00f1asdelaluna.es\/wp-content\/uploads\/2015\/08\/Collserola.-Subida-al-Tibidabo.-17-07-11-104-555x416.jpg\" data-srcset=\"https:\/\/www.monta\u00f1asdelaluna.es\/wp-content\/uploads\/2015\/08\/Collserola.-Subida-al-Tibidabo.-17-07-11-104-555x416.jpg 555w, https:\/\/www.monta\u00f1asdelaluna.es\/wp-content\/uploads\/2015\/08\/Collserola.-Subida-al-Tibidabo.-17-07-11-104.jpg 751w\" alt=\"\" title=\"Bajando a Baixador de Valvidrera\" width=\"555\" height=\"416\"  \/><\/a><\/p>\n\t\t\t<\/div>\n\n\t\t\n\t\t<div class=\"blog-content wf-td\">\n\t\t\t<h3 class=\"entry-title\"><a href=\"https:\/\/www.monta\u00f1asdelaluna.es\/?p=18188\" title=\"Collserola. Subida al Tibidabo\" rel=\"bookmark\">Collserola. Subida al Tibidabo<\/a><\/h3>\n\n\t\t\t<div class=\"entry-meta\"><span class=\"category-link\"><a href=\"https:\/\/www.monta\u00f1asdelaluna.es\/?cat=49\" rel=\"category\">Collserola<\/a><\/span><a class=\"author vcard\" href=\"https:\/\/www.monta\u00f1asdelaluna.es\/?author=1\" title=\"Ver todas las publicaciones de Joaquin Terres\" rel=\"author\">Por <span class=\"fn\">Joaquin Terres<\/span><\/a><a href=\"https:\/\/www.monta\u00f1asdelaluna.es\/?m=20110717\" title=\"5:16 pm\" class=\"data-link\" rel=\"bookmark\"><time class=\"entry-date updated\" datetime=\"2011-07-17T17:16:18+00:00\">17 julio, 2011<\/time><\/a><a href=\"https:\/\/www.monta\u00f1asdelaluna.es\/?p=18188#respond\" class=\"comment-link\" >Deja un comentario<\/a><\/div><p>[vc_row][vc_column][vc_column_text]No tiene perd\u00f3n que un monta\u00f1ero se venga a vivir a Barcelona y no suba a lo m\u00e1s alto de Collserola, a su pico m\u00e1s alto: El Tibidabo. Ya hab\u00edamos hecho una bonita marcha atravesando Collserola desde la estaci\u00f3n de metro de Montbau hasta la estaci\u00f3n de tren de Cerdanyola del Vall\u00e8s; y en lo&hellip;<\/p>\n\n<a href=\"https:\/\/www.monta\u00f1asdelaluna.es\/?p=18188\" class=\"details more-link\" aria-label=\"Read more about Collserola. Subida al Tibidabo\" rel=\"nofollow\">Detalles<\/a>\n\n\t\t<\/div>\n\n\t<\/article>\n\n<\/div>\n<div class=\"wf-cell iso-item category-126\" data-post-id=\"27775\" data-date=\"2011-06-18T18:07:43+00:00\" data-name=\"Cara norte de Monte Perdido. El gigante ca\u00eddo\">\n\t<article class=\"post post-27775 type-post status-publish format-standard has-post-thumbnail hentry category-valle-del-cinca category-126 description-off\">\n\n\t\t\n\t\t\t<div class=\"blog-media wf-td\">\n\n\t\t\t\t<p><a href=\"https:\/\/www.monta\u00f1asdelaluna.es\/?p=27775\" class=\"alignnone rollover layzr-bg\" ><img loading=\"lazy\" decoding=\"async\" class=\"preload-me iso-lazy-load\" src=\"data:image\/svg+xml,%3Csvg%20xmlns%3D&#39;http%3A%2F%2Fwww.w3.org%2F2000%2Fsvg&#39;%20viewBox%3D&#39;0%200%20555%20416&#39;%2F%3E\" data-src=\"https:\/\/www.monta\u00f1asdelaluna.es\/wp-content\/uploads\/2016\/03\/Monte-Perdido.-Cara-norte.-18-19-06-11-057-555x416.jpg\" data-srcset=\"https:\/\/www.monta\u00f1asdelaluna.es\/wp-content\/uploads\/2016\/03\/Monte-Perdido.-Cara-norte.-18-19-06-11-057-555x416.jpg 555w, https:\/\/www.monta\u00f1asdelaluna.es\/wp-content\/uploads\/2016\/03\/Monte-Perdido.-Cara-norte.-18-19-06-11-057-1110x832.jpg 1110w\" alt=\"\" title=\"Antonio, Joaqu\u00edn y Manolet acampados frente al Monte Perdido\" width=\"555\" height=\"416\"  \/><\/a><\/p>\n\t\t\t<\/div>\n\n\t\t\n\t\t<div class=\"blog-content wf-td\">\n\t\t\t<h3 class=\"entry-title\"><a href=\"https:\/\/www.monta\u00f1asdelaluna.es\/?p=27775\" title=\"Cara norte de Monte Perdido. El gigante ca\u00eddo\" rel=\"bookmark\">Cara norte de Monte Perdido. El gigante ca\u00eddo<\/a><\/h3>\n\n\t\t\t<div class=\"entry-meta\"><span class=\"category-link\"><a href=\"https:\/\/www.monta\u00f1asdelaluna.es\/?cat=126\" rel=\"category\">Valle del Cinca<\/a><\/span><a class=\"author vcard\" href=\"https:\/\/www.monta\u00f1asdelaluna.es\/?author=1\" title=\"Ver todas las publicaciones de Joaquin Terres\" rel=\"author\">Por <span class=\"fn\">Joaquin Terres<\/span><\/a><a href=\"https:\/\/www.monta\u00f1asdelaluna.es\/?m=20110618\" title=\"6:07 pm\" class=\"data-link\" rel=\"bookmark\"><time class=\"entry-date updated\" datetime=\"2011-06-18T18:07:43+00:00\">18 junio, 2011<\/time><\/a><a href=\"https:\/\/www.monta\u00f1asdelaluna.es\/?p=27775#respond\" class=\"comment-link\" >Deja un comentario<\/a><\/div><p>[vc_row][vc_column][vc_column_text]Se habla de las caras norte de las monta\u00f1as, generalizando, por que son las laderas m\u00e1s escarpadas, m\u00e1s fr\u00edas, que m\u00e1s han sufrido la erosi\u00f3n de los hielos, de los antiguos glaciares y las sombras. Paredes, car\u00e1mbanos, corredores de nieve y hielo, verticalidades y dificultades se unen en las laderas norte de estas monta\u00f1as. Y&hellip;<\/p>\n\n<a href=\"https:\/\/www.monta\u00f1asdelaluna.es\/?p=27775\" class=\"details more-link\" aria-label=\"Read more about Cara norte de Monte Perdido. El gigante ca\u00eddo\" rel=\"nofollow\">Detalles<\/a>\n\n\t\t<\/div>\n\n\t<\/article>\n\n<\/div>\n<div class=\"wf-cell iso-item category-45\" data-post-id=\"20258\" data-date=\"2011-06-04T14:19:46+00:00\" data-name=\"Dolmen de Pedra Gentil en El Corredor\">\n\t<article class=\"post post-20258 type-post status-publish format-standard has-post-thumbnail hentry category-corredor-i-montnegre category-45 description-off\">\n\n\t\t\n\t\t\t<div class=\"blog-media wf-td\">\n\n\t\t\t\t<p><a href=\"https:\/\/www.monta\u00f1asdelaluna.es\/?p=20258\" class=\"alignnone rollover layzr-bg\" ><img loading=\"lazy\" decoding=\"async\" class=\"preload-me iso-lazy-load\" src=\"data:image\/svg+xml,%3Csvg%20xmlns%3D&#39;http%3A%2F%2Fwww.w3.org%2F2000%2Fsvg&#39;%20viewBox%3D&#39;0%200%20555%20416&#39;%2F%3E\" data-src=\"https:\/\/www.monta\u00f1asdelaluna.es\/wp-content\/uploads\/2015\/08\/Pedra008-555x416.jpg\" data-srcset=\"https:\/\/www.monta\u00f1asdelaluna.es\/wp-content\/uploads\/2015\/08\/Pedra008-555x416.jpg 555w, https:\/\/www.monta\u00f1asdelaluna.es\/wp-content\/uploads\/2015\/08\/Pedra008.jpg 751w\" alt=\"\" title=\"Joaqu\u00edn junto al Dolmen de Pedra Gentil\" width=\"555\" height=\"416\"  \/><\/a><\/p>\n\t\t\t<\/div>\n\n\t\t\n\t\t<div class=\"blog-content wf-td\">\n\t\t\t<h3 class=\"entry-title\"><a href=\"https:\/\/www.monta\u00f1asdelaluna.es\/?p=20258\" title=\"Dolmen de Pedra Gentil en El Corredor\" rel=\"bookmark\">Dolmen de Pedra Gentil en El Corredor<\/a><\/h3>\n\n\t\t\t<div class=\"entry-meta\"><span class=\"category-link\"><a href=\"https:\/\/www.monta\u00f1asdelaluna.es\/?cat=45\" rel=\"category\">Corredor i Montnegre<\/a><\/span><a class=\"author vcard\" href=\"https:\/\/www.monta\u00f1asdelaluna.es\/?author=1\" title=\"Ver todas las publicaciones de Joaquin Terres\" rel=\"author\">Por <span class=\"fn\">Joaquin Terres<\/span><\/a><a href=\"https:\/\/www.monta\u00f1asdelaluna.es\/?m=20110604\" title=\"2:19 pm\" class=\"data-link\" rel=\"bookmark\"><time class=\"entry-date updated\" datetime=\"2011-06-04T14:19:46+00:00\">4 junio, 2011<\/time><\/a><a href=\"https:\/\/www.monta\u00f1asdelaluna.es\/?p=20258#respond\" class=\"comment-link\" >Deja un comentario<\/a><\/div><p>[vc_row][vc_column][vc_column_text]Simp\u00e1tica pero corta marcha que nos lleva a visitar el famoso Dolmen de Pedra Gentil, uno de los m\u00e1s grandes o altos de la zona, el conjunto y edificaci\u00f3n religiosa de Santa Eulalia de Tapioles y nos recorre los bosques y frondosos lugares del Parque Natural de Montnegre i El Corredor desde la carretera a&hellip;<\/p>\n\n<a href=\"https:\/\/www.monta\u00f1asdelaluna.es\/?p=20258\" class=\"details more-link\" aria-label=\"Read more about Dolmen de Pedra Gentil en El Corredor\" rel=\"nofollow\">Detalles<\/a>\n\n\t\t<\/div>\n\n\t<\/article>\n\n<\/div>\n<div class=\"wf-cell iso-item category-45\" data-post-id=\"18625\" data-date=\"2011-05-21T06:17:21+00:00\" data-name=\"De la Serralada Litoral al Corredor por el G.R.-92\">\n\t<article class=\"post post-18625 type-post status-publish format-standard has-post-thumbnail hentry category-corredor-i-montnegre category-45 description-off\">\n\n\t\t\n\t\t\t<div class=\"blog-media wf-td\">\n\n\t\t\t\t<p><a href=\"https:\/\/www.monta\u00f1asdelaluna.es\/?p=18625\" class=\"alignnone rollover layzr-bg\" ><img loading=\"lazy\" decoding=\"async\" class=\"preload-me iso-lazy-load\" src=\"data:image\/svg+xml,%3Csvg%20xmlns%3D&#39;http%3A%2F%2Fwww.w3.org%2F2000%2Fsvg&#39;%20viewBox%3D&#39;0%200%20555%20416&#39;%2F%3E\" data-src=\"https:\/\/www.monta\u00f1asdelaluna.es\/wp-content\/uploads\/2015\/08\/GR-92.-De-la-Serralada-Litoral-al-Corredor-039-555x416.jpg\" data-srcset=\"https:\/\/www.monta\u00f1asdelaluna.es\/wp-content\/uploads\/2015\/08\/GR-92.-De-la-Serralada-Litoral-al-Corredor-039-555x416.jpg 555w, https:\/\/www.monta\u00f1asdelaluna.es\/wp-content\/uploads\/2015\/08\/GR-92.-De-la-Serralada-Litoral-al-Corredor-039.jpg 751w\" alt=\"\" title=\"Mirando hac\u00eda El Corredor\" width=\"555\" height=\"416\"  \/><\/a><\/p>\n\t\t\t<\/div>\n\n\t\t\n\t\t<div class=\"blog-content wf-td\">\n\t\t\t<h3 class=\"entry-title\"><a href=\"https:\/\/www.monta\u00f1asdelaluna.es\/?p=18625\" title=\"De la Serralada Litoral al Corredor por el G.R.-92\" rel=\"bookmark\">De la Serralada Litoral al Corredor por el G.R.-92<\/a><\/h3>\n\n\t\t\t<div class=\"entry-meta\"><span class=\"category-link\"><a href=\"https:\/\/www.monta\u00f1asdelaluna.es\/?cat=45\" rel=\"category\">Corredor i Montnegre<\/a><\/span><a class=\"author vcard\" href=\"https:\/\/www.monta\u00f1asdelaluna.es\/?author=1\" title=\"Ver todas las publicaciones de Joaquin Terres\" rel=\"author\">Por <span class=\"fn\">Joaquin Terres<\/span><\/a><a href=\"https:\/\/www.monta\u00f1asdelaluna.es\/?m=20110521\" title=\"6:17 am\" class=\"data-link\" rel=\"bookmark\"><time class=\"entry-date updated\" datetime=\"2011-05-21T06:17:21+00:00\">21 mayo, 2011<\/time><\/a><a href=\"https:\/\/www.monta\u00f1asdelaluna.es\/?p=18625#respond\" class=\"comment-link\" >Deja un comentario<\/a><\/div><p>[vc_row][vc_column][vc_column_text]Hab\u00edamos quedado el s\u00e1bado 21 en ir a Canad\u00e0 Park, y a mi se me ocurri\u00f3 que pod\u00eda hacer una ruta lineal con final en la puerta de casa de Canad\u00e1 Park. Aparte buscar otra bajada o enlace entre Canad\u00e0 Park y El Corredor, que no fuera por la Mas\u00eda del Tuy o Tull. Observ\u00e9&hellip;<\/p>\n\n<a href=\"https:\/\/www.monta\u00f1asdelaluna.es\/?p=18625\" class=\"details more-link\" aria-label=\"Read more about De la Serralada Litoral al Corredor por el G.R.-92\" rel=\"nofollow\">Detalles<\/a>\n\n\t\t<\/div>\n\n\t<\/article>\n\n<\/div>\n<div class=\"wf-cell iso-item category-72\" data-post-id=\"26052\" data-date=\"2011-05-01T15:31:29+00:00\" data-name=\"Subida al Tur\u00f3 d&#039;en Galceran desde Tiana\">\n\t<article class=\"post post-26052 type-post status-publish format-standard has-post-thumbnail hentry category-serralada-de-marina-y-litoral category-72 description-off\">\n\n\t\t\n\t\t\t<div class=\"blog-media wf-td\">\n\n\t\t\t\t<p><a href=\"https:\/\/www.monta\u00f1asdelaluna.es\/?p=26052\" class=\"alignnone rollover layzr-bg\" ><img loading=\"lazy\" decoding=\"async\" class=\"preload-me iso-lazy-load\" src=\"data:image\/svg+xml,%3Csvg%20xmlns%3D&#39;http%3A%2F%2Fwww.w3.org%2F2000%2Fsvg&#39;%20viewBox%3D&#39;0%200%20555%20416&#39;%2F%3E\" data-src=\"https:\/\/www.monta\u00f1asdelaluna.es\/wp-content\/uploads\/2016\/01\/Tur\u00f3-den-Galcer\u00e1n-desde-Tiana.-1-5-2.011-034-555x416.jpg\" data-srcset=\"https:\/\/www.monta\u00f1asdelaluna.es\/wp-content\/uploads\/2016\/01\/Tur\u00f3-den-Galcer\u00e1n-desde-Tiana.-1-5-2.011-034-555x416.jpg 555w, https:\/\/www.monta\u00f1asdelaluna.es\/wp-content\/uploads\/2016\/01\/Tur\u00f3-den-Galcer\u00e1n-desde-Tiana.-1-5-2.011-034-1110x832.jpg 1110w\" alt=\"\" title=\"Al fondo la torre de vigilancia de incendios de la cima del Tur\u00f3 d&#8217;en Galcer\u00e1n\" width=\"555\" height=\"416\"  \/><\/a><\/p>\n\t\t\t<\/div>\n\n\t\t\n\t\t<div class=\"blog-content wf-td\">\n\t\t\t<h3 class=\"entry-title\"><a href=\"https:\/\/www.monta\u00f1asdelaluna.es\/?p=26052\" title=\"Subida al Tur\u00f3 d&#8217;en Galceran desde Tiana\" rel=\"bookmark\">Subida al Tur\u00f3 d&#8217;en Galceran desde Tiana<\/a><\/h3>\n\n\t\t\t<div class=\"entry-meta\"><span class=\"category-link\"><a href=\"https:\/\/www.monta\u00f1asdelaluna.es\/?cat=72\" rel=\"category\">Serralada de Marina y Litoral<\/a><\/span><a class=\"author vcard\" href=\"https:\/\/www.monta\u00f1asdelaluna.es\/?author=1\" title=\"Ver todas las publicaciones de Joaquin Terres\" rel=\"author\">Por <span class=\"fn\">Joaquin Terres<\/span><\/a><a href=\"https:\/\/www.monta\u00f1asdelaluna.es\/?m=20110501\" title=\"3:31 pm\" class=\"data-link\" rel=\"bookmark\"><time class=\"entry-date updated\" datetime=\"2011-05-01T15:31:29+00:00\">1 mayo, 2011<\/time><\/a><a href=\"https:\/\/www.monta\u00f1asdelaluna.es\/?p=26052#respond\" class=\"comment-link\" >Deja un comentario<\/a><\/div><p>[vc_row][vc_column][vc_column_text]Al d\u00eda siguiente de ir a La Mola, qued\u00e9 con David Roig para hacer alguna salida por las inmediaciones de su pueblo, de una sola ma\u00f1ana. Como a mi me hab\u00eda quedado por subir el Tur\u00f3 d\u2019en Galcer\u00e1n despu\u00e9s de la \u00faltima vez que estuve en la Serralada de Marina con Anna. Decidimos hacer una&hellip;<\/p>\n\n<a href=\"https:\/\/www.monta\u00f1asdelaluna.es\/?p=26052\" class=\"details more-link\" aria-label=\"Read more about Subida al Tur\u00f3 d&#8217;en Galceran desde Tiana\" rel=\"nofollow\">Detalles<\/a>\n\n\t\t<\/div>\n\n\t<\/article>\n\n<\/div>\n<div class=\"wf-cell iso-item category-51\" data-post-id=\"16601\" data-date=\"2011-04-30T18:17:29+00:00\" data-name=\"Sant LLoren\u00e7 del Munt. La Mola\">\n\t<article class=\"post post-16601 type-post status-publish format-standard has-post-thumbnail hentry category-sant-llorenc-del-munt category-51 description-off\">\n\n\t\t\n\t\t\t<div class=\"blog-media wf-td\">\n\n\t\t\t\t<p><a href=\"https:\/\/www.monta\u00f1asdelaluna.es\/?p=16601\" class=\"alignnone rollover layzr-bg\" ><img loading=\"lazy\" decoding=\"async\" class=\"preload-me iso-lazy-load\" src=\"data:image\/svg+xml,%3Csvg%20xmlns%3D&#39;http%3A%2F%2Fwww.w3.org%2F2000%2Fsvg&#39;%20viewBox%3D&#39;0%200%20555%20416&#39;%2F%3E\" data-src=\"https:\/\/www.monta\u00f1asdelaluna.es\/wp-content\/uploads\/2015\/08\/Sant-Lloren\u00e7-del-Munt.-La-Mola-093-555x416.jpg\" data-srcset=\"https:\/\/www.monta\u00f1asdelaluna.es\/wp-content\/uploads\/2015\/08\/Sant-Lloren\u00e7-del-Munt.-La-Mola-093-555x416.jpg 555w, https:\/\/www.monta\u00f1asdelaluna.es\/wp-content\/uploads\/2015\/08\/Sant-Lloren\u00e7-del-Munt.-La-Mola-093.jpg 751w\" alt=\"\" title=\"La Mola: Monasterio de Sant Lloren\u00e7 del Munt\" width=\"555\" height=\"416\"  \/><\/a><\/p>\n\t\t\t<\/div>\n\n\t\t\n\t\t<div class=\"blog-content wf-td\">\n\t\t\t<h3 class=\"entry-title\"><a href=\"https:\/\/www.monta\u00f1asdelaluna.es\/?p=16601\" title=\"Sant LLoren\u00e7 del Munt. La Mola\" rel=\"bookmark\">Sant LLoren\u00e7 del Munt. La Mola<\/a><\/h3>\n\n\t\t\t<div class=\"entry-meta\"><span class=\"category-link\"><a href=\"https:\/\/www.monta\u00f1asdelaluna.es\/?cat=51\" rel=\"category\">Sant Lloren\u00e7 del Munt<\/a><\/span><a class=\"author vcard\" href=\"https:\/\/www.monta\u00f1asdelaluna.es\/?author=1\" title=\"Ver todas las publicaciones de Joaquin Terres\" rel=\"author\">Por <span class=\"fn\">Joaquin Terres<\/span><\/a><a href=\"https:\/\/www.monta\u00f1asdelaluna.es\/?m=20110430\" title=\"6:17 pm\" class=\"data-link\" rel=\"bookmark\"><time class=\"entry-date updated\" datetime=\"2011-04-30T18:17:29+00:00\">30 abril, 2011<\/time><\/a><a href=\"https:\/\/www.monta\u00f1asdelaluna.es\/?p=16601#respond\" class=\"comment-link\" >Deja un comentario<\/a><\/div><p>[vc_row][vc_column][vc_column_text]Anna me ped\u00eda una marcha por la monta\u00f1a de unas 3 horas como mucho, e intent\u00e9 buscar, de nuevo, otro lugar cercano a una estaci\u00f3n de tren, y en otro macizo diferente. Ya hac\u00eda tiempo que tocaba acercarnos al Parque Natural de Sant Lloren\u00e7 del Munt i l\u2019Obac y subir a uno de sus picos&hellip;<\/p>\n\n<a href=\"https:\/\/www.monta\u00f1asdelaluna.es\/?p=16601\" class=\"details more-link\" aria-label=\"Read more about Sant LLoren\u00e7 del Munt. La Mola\" rel=\"nofollow\">Detalles<\/a>\n\n\t\t<\/div>\n\n\t<\/article>\n\n<\/div>\n<div class=\"wf-cell iso-item category-72\" data-post-id=\"22060\" data-date=\"2011-04-24T14:28:27+00:00\" data-name=\"Serralada Litoral. Ruta Prehist\u00f3rica\">\n\t<article class=\"post post-22060 type-post status-publish format-standard has-post-thumbnail hentry category-serralada-de-marina-y-litoral category-72 description-off\">\n\n\t\t\n\t\t\t<div class=\"blog-media wf-td\">\n\n\t\t\t\t<p><a href=\"https:\/\/www.monta\u00f1asdelaluna.es\/?p=22060\" class=\"alignnone rollover layzr-bg\" ><img loading=\"lazy\" decoding=\"async\" class=\"preload-me iso-lazy-load\" src=\"data:image\/svg+xml,%3Csvg%20xmlns%3D&#39;http%3A%2F%2Fwww.w3.org%2F2000%2Fsvg&#39;%20viewBox%3D&#39;0%200%20555%20416&#39;%2F%3E\" data-src=\"https:\/\/www.monta\u00f1asdelaluna.es\/wp-content\/uploads\/2015\/10\/Serralada-Litoral.-Granollers-La-Roca.-24-01-2011-122-555x416.jpg\" data-srcset=\"https:\/\/www.monta\u00f1asdelaluna.es\/wp-content\/uploads\/2015\/10\/Serralada-Litoral.-Granollers-La-Roca.-24-01-2011-122-555x416.jpg 555w, https:\/\/www.monta\u00f1asdelaluna.es\/wp-content\/uploads\/2015\/10\/Serralada-Litoral.-Granollers-La-Roca.-24-01-2011-122-1110x832.jpg 1110w\" alt=\"\" title=\"Dolmen Cova del Moro\" width=\"555\" height=\"416\"  \/><\/a><\/p>\n\t\t\t<\/div>\n\n\t\t\n\t\t<div class=\"blog-content wf-td\">\n\t\t\t<h3 class=\"entry-title\"><a href=\"https:\/\/www.monta\u00f1asdelaluna.es\/?p=22060\" title=\"Serralada Litoral. Ruta Prehist\u00f3rica\" rel=\"bookmark\">Serralada Litoral. Ruta Prehist\u00f3rica<\/a><\/h3>\n\n\t\t\t<div class=\"entry-meta\"><span class=\"category-link\"><a href=\"https:\/\/www.monta\u00f1asdelaluna.es\/?cat=72\" rel=\"category\">Serralada de Marina y Litoral<\/a><\/span><a class=\"author vcard\" href=\"https:\/\/www.monta\u00f1asdelaluna.es\/?author=1\" title=\"Ver todas las publicaciones de Joaquin Terres\" rel=\"author\">Por <span class=\"fn\">Joaquin Terres<\/span><\/a><a href=\"https:\/\/www.monta\u00f1asdelaluna.es\/?m=20110424\" title=\"2:28 pm\" class=\"data-link\" rel=\"bookmark\"><time class=\"entry-date updated\" datetime=\"2011-04-24T14:28:27+00:00\">24 abril, 2011<\/time><\/a><a href=\"https:\/\/www.monta\u00f1asdelaluna.es\/?p=22060#respond\" class=\"comment-link\" >Deja un comentario<\/a><\/div><p>[vc_row][vc_column][vc_column_text]Sin devolver el libro de gu\u00eda por los Parques Naturales de Barcelona, vuelvo a mirar una ruta aut\u00e9ntica para realizar en el inhiesto parque y monta\u00f1as de la Serralada de Marina, la Serralada Litoral. Se unieron varios factores: el pico m\u00e1s alto de la sierra y lugar, dos rutas de las llamadas Rutas Prehist\u00f3ricas, y&hellip;<\/p>\n\n<a href=\"https:\/\/www.monta\u00f1asdelaluna.es\/?p=22060\" class=\"details more-link\" aria-label=\"Read more about Serralada Litoral. Ruta Prehist\u00f3rica\" rel=\"nofollow\">Detalles<\/a>\n\n\t\t<\/div>\n\n\t<\/article>\n\n<\/div>\n<div class=\"wf-cell iso-item category-72\" data-post-id=\"18202\" data-date=\"2011-04-21T17:56:14+00:00\" data-name=\"Serralada de Marina. Una extra\u00f1a circular\">\n\t<article class=\"post post-18202 type-post status-publish format-standard has-post-thumbnail hentry category-serralada-de-marina-y-litoral category-72 description-off\">\n\n\t\t\n\t\t\t<div class=\"blog-media wf-td\">\n\n\t\t\t\t<p><a href=\"https:\/\/www.monta\u00f1asdelaluna.es\/?p=18202\" class=\"alignnone rollover layzr-bg\" ><img loading=\"lazy\" decoding=\"async\" class=\"preload-me iso-lazy-load\" src=\"data:image\/svg+xml,%3Csvg%20xmlns%3D&#39;http%3A%2F%2Fwww.w3.org%2F2000%2Fsvg&#39;%20viewBox%3D&#39;0%200%20555%20416&#39;%2F%3E\" data-src=\"https:\/\/www.monta\u00f1asdelaluna.es\/wp-content\/uploads\/2015\/08\/Serralada-de-Marina.-Montcada-i-Reixac-054-555x416.jpg\" data-srcset=\"https:\/\/www.monta\u00f1asdelaluna.es\/wp-content\/uploads\/2015\/08\/Serralada-de-Marina.-Montcada-i-Reixac-054-555x416.jpg 555w, https:\/\/www.monta\u00f1asdelaluna.es\/wp-content\/uploads\/2015\/08\/Serralada-de-Marina.-Montcada-i-Reixac-054.jpg 751w\" alt=\"\" title=\"Vall de reixac\" width=\"555\" height=\"416\"  \/><\/a><\/p>\n\t\t\t<\/div>\n\n\t\t\n\t\t<div class=\"blog-content wf-td\">\n\t\t\t<h3 class=\"entry-title\"><a href=\"https:\/\/www.monta\u00f1asdelaluna.es\/?p=18202\" title=\"Serralada de Marina. Una extra\u00f1a circular\" rel=\"bookmark\">Serralada de Marina. Una extra\u00f1a circular<\/a><\/h3>\n\n\t\t\t<div class=\"entry-meta\"><span class=\"category-link\"><a href=\"https:\/\/www.monta\u00f1asdelaluna.es\/?cat=72\" rel=\"category\">Serralada de Marina y Litoral<\/a><\/span><a class=\"author vcard\" href=\"https:\/\/www.monta\u00f1asdelaluna.es\/?author=1\" title=\"Ver todas las publicaciones de Joaquin Terres\" rel=\"author\">Por <span class=\"fn\">Joaquin Terres<\/span><\/a><a href=\"https:\/\/www.monta\u00f1asdelaluna.es\/?m=20110421\" title=\"5:56 pm\" class=\"data-link\" rel=\"bookmark\"><time class=\"entry-date updated\" datetime=\"2011-04-21T17:56:14+00:00\">21 abril, 2011<\/time><\/a><a href=\"https:\/\/www.monta\u00f1asdelaluna.es\/?p=18202#respond\" class=\"comment-link\" >Deja un comentario<\/a><\/div><p>[vc_row][vc_column][vc_column_text]Siguiendo mi habitual recorrido por las monta\u00f1as y parques naturales de Barcelona y Catalu\u00f1a en general, quer\u00eda acercarme al pr\u00f3ximo Parque Natural de la Serralada de Marina. Entre otras cosas me atra\u00eda el hecho de poder acercarme a estos recorridos, parques y rutas por medio del transporte p\u00fablico, en este caso del tren, como ya&hellip;<\/p>\n\n<a href=\"https:\/\/www.monta\u00f1asdelaluna.es\/?p=18202\" class=\"details more-link\" aria-label=\"Read more about Serralada de Marina. Una extra\u00f1a circular\" rel=\"nofollow\">Detalles<\/a>\n\n\t\t<\/div>\n\n\t<\/article>\n\n<\/div>\n<div class=\"wf-cell iso-item category-132\" data-post-id=\"18956\" data-date=\"2011-04-03T18:36:31+00:00\" data-name=\"El Montseny. Subida al Matagalls desde Collformic\">\n\t<article class=\"post post-18956 type-post status-publish format-standard has-post-thumbnail hentry category-matagalls category-132 description-off\">\n\n\t\t\n\t\t\t<div class=\"blog-media wf-td\">\n\n\t\t\t\t<p><a href=\"https:\/\/www.monta\u00f1asdelaluna.es\/?p=18956\" class=\"alignnone rollover layzr-bg\" ><img loading=\"lazy\" decoding=\"async\" class=\"preload-me iso-lazy-load\" src=\"data:image\/svg+xml,%3Csvg%20xmlns%3D&#39;http%3A%2F%2Fwww.w3.org%2F2000%2Fsvg&#39;%20viewBox%3D&#39;0%200%20555%20416&#39;%2F%3E\" data-src=\"https:\/\/www.monta\u00f1asdelaluna.es\/wp-content\/uploads\/2015\/08\/El-Montseny.-Matagalls.-03-04-11-053-555x416.jpg\" data-srcset=\"https:\/\/www.monta\u00f1asdelaluna.es\/wp-content\/uploads\/2015\/08\/El-Montseny.-Matagalls.-03-04-11-053-555x416.jpg 555w, https:\/\/www.monta\u00f1asdelaluna.es\/wp-content\/uploads\/2015\/08\/El-Montseny.-Matagalls.-03-04-11-053.jpg 751w\" alt=\"\" title=\"Font de La Rosa o Font del Collet dels Llops\" width=\"555\" height=\"416\"  \/><\/a><\/p>\n\t\t\t<\/div>\n\n\t\t\n\t\t<div class=\"blog-content wf-td\">\n\t\t\t<h3 class=\"entry-title\"><a href=\"https:\/\/www.monta\u00f1asdelaluna.es\/?p=18956\" title=\"El Montseny. Subida al Matagalls desde Collformic\" rel=\"bookmark\">El Montseny. Subida al Matagalls desde Collformic<\/a><\/h3>\n\n\t\t\t<div class=\"entry-meta\"><span class=\"category-link\"><a href=\"https:\/\/www.monta\u00f1asdelaluna.es\/?cat=132\" rel=\"category\">Matagalls<\/a><\/span><a class=\"author vcard\" href=\"https:\/\/www.monta\u00f1asdelaluna.es\/?author=1\" title=\"Ver todas las publicaciones de Joaquin Terres\" rel=\"author\">Por <span class=\"fn\">Joaquin Terres<\/span><\/a><a href=\"https:\/\/www.monta\u00f1asdelaluna.es\/?m=20110403\" title=\"6:36 pm\" class=\"data-link\" rel=\"bookmark\"><time class=\"entry-date updated\" datetime=\"2011-04-03T18:36:31+00:00\">3 abril, 2011<\/time><\/a><a href=\"https:\/\/www.monta\u00f1asdelaluna.es\/?p=18956#respond\" class=\"comment-link\" >Deja un comentario<\/a><\/div><p>[vc_row][vc_column][vc_column_text] Vuelta por Sant Segimon: Anna me dijo que ir\u00edamos a casa de su hermana Mabel a celebrar su cumplea\u00f1os y que nos podr\u00edamos quedar a dormir en casa de Canad\u00e0 Park; e incluso al otro d\u00eda hacer una ruta por el Montseny. Ya hac\u00eda 2 semanas que hab\u00edamos hecho actividad de monta\u00f1a: en Montserrat&hellip;<\/p>\n\n<a href=\"https:\/\/www.monta\u00f1asdelaluna.es\/?p=18956\" class=\"details more-link\" aria-label=\"Read more about El Montseny. Subida al Matagalls desde Collformic\" rel=\"nofollow\">Detalles<\/a>\n\n\t\t<\/div>\n\n\t<\/article>\n\n<\/div>\n<div class=\"wf-cell iso-item category-50\" data-post-id=\"16328\" data-date=\"2011-03-13T10:13:35+00:00\" data-name=\"Vuelta y subida a Sant Jeroni\">\n\t<article class=\"post post-16328 type-post status-publish format-standard has-post-thumbnail hentry category-montserrat category-50 description-off\">\n\n\t\t\n\t\t\t<div class=\"blog-media wf-td\">\n\n\t\t\t\t<p><a href=\"https:\/\/www.monta\u00f1asdelaluna.es\/?p=16328\" class=\"alignnone rollover layzr-bg\" ><img loading=\"lazy\" decoding=\"async\" class=\"preload-me iso-lazy-load\" src=\"data:image\/svg+xml,%3Csvg%20xmlns%3D&#39;http%3A%2F%2Fwww.w3.org%2F2000%2Fsvg&#39;%20viewBox%3D&#39;0%200%20555%20416&#39;%2F%3E\" data-src=\"https:\/\/www.monta\u00f1asdelaluna.es\/wp-content\/uploads\/2015\/08\/Sierra-de-Montserrat.-13-03-11-104-555x416.jpg\" data-srcset=\"https:\/\/www.monta\u00f1asdelaluna.es\/wp-content\/uploads\/2015\/08\/Sierra-de-Montserrat.-13-03-11-104-555x416.jpg 555w, https:\/\/www.monta\u00f1asdelaluna.es\/wp-content\/uploads\/2015\/08\/Sierra-de-Montserrat.-13-03-11-104.jpg 620w\" alt=\"\" title=\"Cima del Sant Jeroni\" width=\"555\" height=\"416\"  \/><\/a><\/p>\n\t\t\t<\/div>\n\n\t\t\n\t\t<div class=\"blog-content wf-td\">\n\t\t\t<h3 class=\"entry-title\"><a href=\"https:\/\/www.monta\u00f1asdelaluna.es\/?p=16328\" title=\"Vuelta y subida a Sant Jeroni\" rel=\"bookmark\">Vuelta y subida a Sant Jeroni<\/a><\/h3>\n\n\t\t\t<div class=\"entry-meta\"><span class=\"category-link\"><a href=\"https:\/\/www.monta\u00f1asdelaluna.es\/?cat=50\" rel=\"category\">Montserrat<\/a><\/span><a class=\"author vcard\" href=\"https:\/\/www.monta\u00f1asdelaluna.es\/?author=1\" title=\"Ver todas las publicaciones de Joaquin Terres\" rel=\"author\">Por <span class=\"fn\">Joaquin Terres<\/span><\/a><a href=\"https:\/\/www.monta\u00f1asdelaluna.es\/?m=20110313\" title=\"10:13 am\" class=\"data-link\" rel=\"bookmark\"><time class=\"entry-date updated\" datetime=\"2011-03-13T10:13:35+00:00\">13 marzo, 2011<\/time><\/a><a href=\"https:\/\/www.monta\u00f1asdelaluna.es\/?p=16328#respond\" class=\"comment-link\" >Deja un comentario<\/a><\/div><p>[vc_row][vc_column][vc_column_text]Desde que soy monta\u00f1ero me han entusiasmado las monta\u00f1as; aquellas que destacaban sobre las dem\u00e1s por su singularidad, originalidad, historia, perfiles asombrosos diferentes&#8230; me han intrigado, asombrado, encantado&#8230; una de ellas, desde ni\u00f1o, ha sido la fant\u00e1stica, enigm\u00e1tica y sorprendente Sierra de Montserrat. Desde que vivo en Barcelona he esperado la ocasi\u00f3n id\u00f3nea para visitarla,&hellip;<\/p>\n\n<a href=\"https:\/\/www.monta\u00f1asdelaluna.es\/?p=16328\" class=\"details more-link\" aria-label=\"Read more about Vuelta y subida a Sant Jeroni\" rel=\"nofollow\">Detalles<\/a>\n\n\t\t<\/div>\n\n\t<\/article>\n\n<\/div>\n<div class=\"wf-cell iso-item category-49\" data-post-id=\"16297\" data-date=\"2011-02-20T09:03:57+00:00\" data-name=\"Collserola. El pulm\u00f3n de Barcelona\">\n\t<article class=\"post post-16297 type-post status-publish format-standard has-post-thumbnail hentry category-collserola category-49 description-off\">\n\n\t\t\n\t\t\t<div class=\"blog-media wf-td\">\n\n\t\t\t\t<p><a href=\"https:\/\/www.monta\u00f1asdelaluna.es\/?p=16297\" class=\"alignnone rollover layzr-bg\" ><img loading=\"lazy\" decoding=\"async\" class=\"preload-me iso-lazy-load\" src=\"data:image\/svg+xml,%3Csvg%20xmlns%3D&#39;http%3A%2F%2Fwww.w3.org%2F2000%2Fsvg&#39;%20viewBox%3D&#39;0%200%20555%20416&#39;%2F%3E\" data-src=\"https:\/\/www.monta\u00f1asdelaluna.es\/wp-content\/uploads\/2015\/08\/Collsrola.-20-02-11-086-555x416.jpg\" data-srcset=\"https:\/\/www.monta\u00f1asdelaluna.es\/wp-content\/uploads\/2015\/08\/Collsrola.-20-02-11-086-555x416.jpg 555w, https:\/\/www.monta\u00f1asdelaluna.es\/wp-content\/uploads\/2015\/08\/Collsrola.-20-02-11-086.jpg 751w\" alt=\"\" title=\"Cruce con la Font dels Ca\u00e7adors\" width=\"555\" height=\"416\"  \/><\/a><\/p>\n\t\t\t<\/div>\n\n\t\t\n\t\t<div class=\"blog-content wf-td\">\n\t\t\t<h3 class=\"entry-title\"><a href=\"https:\/\/www.monta\u00f1asdelaluna.es\/?p=16297\" title=\"Collserola. El pulm\u00f3n de Barcelona\" rel=\"bookmark\">Collserola. El pulm\u00f3n de Barcelona<\/a><\/h3>\n\n\t\t\t<div class=\"entry-meta\"><span class=\"category-link\"><a href=\"https:\/\/www.monta\u00f1asdelaluna.es\/?cat=49\" rel=\"category\">Collserola<\/a><\/span><a class=\"author vcard\" href=\"https:\/\/www.monta\u00f1asdelaluna.es\/?author=1\" title=\"Ver todas las publicaciones de Joaquin Terres\" rel=\"author\">Por <span class=\"fn\">Joaquin Terres<\/span><\/a><a href=\"https:\/\/www.monta\u00f1asdelaluna.es\/?m=20110220\" title=\"9:03 am\" class=\"data-link\" rel=\"bookmark\"><time class=\"entry-date updated\" datetime=\"2011-02-20T09:03:57+00:00\">20 febrero, 2011<\/time><\/a><a href=\"https:\/\/www.monta\u00f1asdelaluna.es\/?p=16297#respond\" class=\"comment-link\" >Deja un comentario<\/a><\/div><p>[vc_row][vc_column][vc_column_text]Viviendo en Barcelona no encontraba el fin de semana id\u00f3neo para acercarme a su famosa e inhiesta Sierra de Collserola. Famosa por albergar su pico y cumbre m\u00e1s alta llamada como el parque de atracciones, o mejor dicho al rev\u00e9s, el Tibidabo de 512 mts. y por formar frontera entre la propia ciudad y el&hellip;<\/p>\n\n<a href=\"https:\/\/www.monta\u00f1asdelaluna.es\/?p=16297\" class=\"details more-link\" aria-label=\"Read more about Collserola. El pulm\u00f3n de Barcelona\" rel=\"nofollow\">Detalles<\/a>\n\n\t\t<\/div>\n\n\t<\/article>\n\n<\/div>\n<div class=\"wf-cell iso-item category-131\" data-post-id=\"17069\" data-date=\"2011-02-05T17:06:33+00:00\" data-name=\"El Montseny. Subida al Tur\u00f3 de l&#039;Home\">\n\t<article class=\"post post-17069 type-post status-publish format-standard has-post-thumbnail hentry category-turo-de-lhome category-131 description-off\">\n\n\t\t\n\t\t\t<div class=\"blog-media wf-td\">\n\n\t\t\t\t<p><a href=\"https:\/\/www.monta\u00f1asdelaluna.es\/?p=17069\" class=\"alignnone rollover layzr-bg\" ><img loading=\"lazy\" decoding=\"async\" class=\"preload-me iso-lazy-load\" src=\"data:image\/svg+xml,%3Csvg%20xmlns%3D&#39;http%3A%2F%2Fwww.w3.org%2F2000%2Fsvg&#39;%20viewBox%3D&#39;0%200%20555%20416&#39;%2F%3E\" data-src=\"https:\/\/www.monta\u00f1asdelaluna.es\/wp-content\/uploads\/2015\/08\/El-Montseny.-05-02-2.011-009-555x416.jpg\" data-srcset=\"https:\/\/www.monta\u00f1asdelaluna.es\/wp-content\/uploads\/2015\/08\/El-Montseny.-05-02-2.011-009-555x416.jpg 555w, https:\/\/www.monta\u00f1asdelaluna.es\/wp-content\/uploads\/2015\/08\/El-Montseny.-05-02-2.011-009.jpg 653w\" alt=\"\" title=\"El Tur\u00f3 de l&#8217;Home nevado\" width=\"555\" height=\"416\"  \/><\/a><\/p>\n\t\t\t<\/div>\n\n\t\t\n\t\t<div class=\"blog-content wf-td\">\n\t\t\t<h3 class=\"entry-title\"><a href=\"https:\/\/www.monta\u00f1asdelaluna.es\/?p=17069\" title=\"El Montseny. Subida al Tur\u00f3 de l&#8217;Home\" rel=\"bookmark\">El Montseny. Subida al Tur\u00f3 de l&#8217;Home<\/a><\/h3>\n\n\t\t\t<div class=\"entry-meta\"><span class=\"category-link\"><a href=\"https:\/\/www.monta\u00f1asdelaluna.es\/?cat=131\" rel=\"category\">Tur\u00f3 de l'Home<\/a><\/span><a class=\"author vcard\" href=\"https:\/\/www.monta\u00f1asdelaluna.es\/?author=1\" title=\"Ver todas las publicaciones de Joaquin Terres\" rel=\"author\">Por <span class=\"fn\">Joaquin Terres<\/span><\/a><a href=\"https:\/\/www.monta\u00f1asdelaluna.es\/?m=20110205\" title=\"5:06 pm\" class=\"data-link\" rel=\"bookmark\"><time class=\"entry-date updated\" datetime=\"2011-02-05T17:06:33+00:00\">5 febrero, 2011<\/time><\/a><a href=\"https:\/\/www.monta\u00f1asdelaluna.es\/?p=17069#respond\" class=\"comment-link\" >Deja un comentario<\/a><\/div><p>[vc_row][vc_column][vc_column_text]Como no podr\u00eda ser, una de las monta\u00f1as m\u00e1s importantes que rodean a Barcelona dentro de la Cordillera Prelitoral, es el Montseny. Muy reconocible su majestuoso perfil desde las laderas de Canad\u00e0 Park y El Corredor, y desde los valles circundantes, atraen sus suaves pero altas formas. Compar\u00e1ndola con el resto de monta\u00f1as de las&hellip;<\/p>\n\n<a href=\"https:\/\/www.monta\u00f1asdelaluna.es\/?p=17069\" class=\"details more-link\" aria-label=\"Read more about El Montseny. Subida al Tur\u00f3 de l&#8217;Home\" rel=\"nofollow\">Detalles<\/a>\n\n\t\t<\/div>\n\n\t<\/article>\n\n<\/div>\n<div class=\"wf-cell iso-item category-45\" data-post-id=\"16784\" data-date=\"2010-12-26T17:34:33+00:00\" data-name=\"Conociendo El Corredor\">\n\t<article class=\"post post-16784 type-post status-publish format-standard has-post-thumbnail hentry category-corredor-i-montnegre category-45 description-off\">\n\n\t\t\n\t\t\t<div class=\"blog-media wf-td\">\n\n\t\t\t\t<p><a href=\"https:\/\/www.monta\u00f1asdelaluna.es\/?p=16784\" class=\"alignnone rollover layzr-bg\" ><img loading=\"lazy\" decoding=\"async\" class=\"preload-me iso-lazy-load\" src=\"data:image\/svg+xml,%3Csvg%20xmlns%3D&#39;http%3A%2F%2Fwww.w3.org%2F2000%2Fsvg&#39;%20viewBox%3D&#39;0%200%20555%20416&#39;%2F%3E\" data-src=\"https:\/\/www.monta\u00f1asdelaluna.es\/wp-content\/uploads\/2015\/08\/El-Corredor.-26-12-2.010-028-555x416.jpg\" data-srcset=\"https:\/\/www.monta\u00f1asdelaluna.es\/wp-content\/uploads\/2015\/08\/El-Corredor.-26-12-2.010-028-555x416.jpg 555w, https:\/\/www.monta\u00f1asdelaluna.es\/wp-content\/uploads\/2015\/08\/El-Corredor.-26-12-2.010-028.jpg 620w\" alt=\"\" title=\"Santuario del Corredor\" width=\"555\" height=\"416\"  \/><\/a><\/p>\n\t\t\t<\/div>\n\n\t\t\n\t\t<div class=\"blog-content wf-td\">\n\t\t\t<h3 class=\"entry-title\"><a href=\"https:\/\/www.monta\u00f1asdelaluna.es\/?p=16784\" title=\"Conociendo El Corredor\" rel=\"bookmark\">Conociendo El Corredor<\/a><\/h3>\n\n\t\t\t<div class=\"entry-meta\"><span class=\"category-link\"><a href=\"https:\/\/www.monta\u00f1asdelaluna.es\/?cat=45\" rel=\"category\">Corredor i Montnegre<\/a><\/span><a class=\"author vcard\" href=\"https:\/\/www.monta\u00f1asdelaluna.es\/?author=1\" title=\"Ver todas las publicaciones de Joaquin Terres\" rel=\"author\">Por <span class=\"fn\">Joaquin Terres<\/span><\/a><a href=\"https:\/\/www.monta\u00f1asdelaluna.es\/?m=20101226\" title=\"5:34 pm\" class=\"data-link\" rel=\"bookmark\"><time class=\"entry-date updated\" datetime=\"2010-12-26T17:34:33+00:00\">26 diciembre, 2010<\/time><\/a><a href=\"https:\/\/www.monta\u00f1asdelaluna.es\/?p=16784#respond\" class=\"comment-link\" >Deja un comentario<\/a><\/div><p>[vc_row][vc_column][vc_column_text]Que lujo es tener una casa en las inmediaciones de este bello, singular y m\u00edstico lugar. La monta\u00f1a o sierra o monte de El Corredor cierra la vista al mar desde el interior de Catalu\u00f1a, y solo le puede hacer verdadera sombra el cercano Montseny y poco menos su hermano la Serra\u00a0 del Montnegre. Tener&hellip;<\/p>\n\n<a href=\"https:\/\/www.monta\u00f1asdelaluna.es\/?p=16784\" class=\"details more-link\" aria-label=\"Read more about Conociendo El Corredor\" rel=\"nofollow\">Detalles<\/a>\n\n\t\t<\/div>\n\n\t<\/article>\n\n<\/div>\n<div class=\"wf-cell iso-item category-73\" data-post-id=\"18889\" data-date=\"2010-12-19T07:23:34+00:00\" data-name=\"El Garraf. Subida a La Morella\">\n\t<article class=\"post post-18889 type-post status-publish format-standard has-post-thumbnail hentry category-el-garraf category-73 description-off\">\n\n\t\t\n\t\t\t<div class=\"blog-media wf-td\">\n\n\t\t\t\t<p><a href=\"https:\/\/www.monta\u00f1asdelaluna.es\/?p=18889\" class=\"alignnone rollover layzr-bg\" ><img loading=\"lazy\" decoding=\"async\" class=\"preload-me iso-lazy-load\" src=\"data:image\/svg+xml,%3Csvg%20xmlns%3D&#39;http%3A%2F%2Fwww.w3.org%2F2000%2Fsvg&#39;%20viewBox%3D&#39;0%200%20555%20416&#39;%2F%3E\" data-src=\"https:\/\/www.monta\u00f1asdelaluna.es\/wp-content\/uploads\/2015\/08\/Luces-de-Navidad-en-Barcelona-010-555x416.jpg\" data-srcset=\"https:\/\/www.monta\u00f1asdelaluna.es\/wp-content\/uploads\/2015\/08\/Luces-de-Navidad-en-Barcelona-010-555x416.jpg 555w, https:\/\/www.monta\u00f1asdelaluna.es\/wp-content\/uploads\/2015\/08\/Luces-de-Navidad-en-Barcelona-010.jpg 653w\" alt=\"\" title=\"Subida al Castillo d&#8217;Erampruny\u00e0\" width=\"555\" height=\"416\"  \/><\/a><\/p>\n\t\t\t<\/div>\n\n\t\t\n\t\t<div class=\"blog-content wf-td\">\n\t\t\t<h3 class=\"entry-title\"><a href=\"https:\/\/www.monta\u00f1asdelaluna.es\/?p=18889\" title=\"El Garraf. Subida a La Morella\" rel=\"bookmark\">El Garraf. Subida a La Morella<\/a><\/h3>\n\n\t\t\t<div class=\"entry-meta\"><span class=\"category-link\"><a href=\"https:\/\/www.monta\u00f1asdelaluna.es\/?cat=73\" rel=\"category\">El Garraf<\/a><\/span><a class=\"author vcard\" href=\"https:\/\/www.monta\u00f1asdelaluna.es\/?author=1\" title=\"Ver todas las publicaciones de Joaquin Terres\" rel=\"author\">Por <span class=\"fn\">Joaquin Terres<\/span><\/a><a href=\"https:\/\/www.monta\u00f1asdelaluna.es\/?m=20101219\" title=\"7:23 am\" class=\"data-link\" rel=\"bookmark\"><time class=\"entry-date updated\" datetime=\"2010-12-19T07:23:34+00:00\">19 diciembre, 2010<\/time><\/a><a href=\"https:\/\/www.monta\u00f1asdelaluna.es\/?p=18889#respond\" class=\"comment-link\" >Deja un comentario<\/a><\/div><p>[vc_row][vc_column][vc_column_text]Despu\u00e9s de un tiempo mirando y remirando el mapa de la comarca del Baix LLobregat en las cercan\u00edas de la Estaci\u00f3n de tren de Castelldefels, en las horas libres de mi \u201cestupendo trabajo\u201d; decid\u00ed que la primera monta\u00f1a a visitar en Catalu\u00f1a iba a ser el macizo de El Garraf. El Garraf es un macizo&hellip;<\/p>\n\n<a href=\"https:\/\/www.monta\u00f1asdelaluna.es\/?p=18889\" class=\"details more-link\" aria-label=\"Read more about El Garraf. Subida a La Morella\" rel=\"nofollow\">Detalles<\/a>\n\n\t\t<\/div>\n\n\t<\/article>\n\n<\/div>\n<div class=\"wf-cell iso-item category-76\" data-post-id=\"15463\" data-date=\"2010-03-27T22:50:10+00:00\" data-name=\"Crevillente-Abanilla 2.010\">\n\t<article class=\"post post-15463 type-post status-publish format-standard has-post-thumbnail hentry category-sierra-de-crevillente category-76 description-off\">\n\n\t\t\n\t\t\t<div class=\"blog-media wf-td\">\n\n\t\t\t\t<p><a href=\"https:\/\/www.monta\u00f1asdelaluna.es\/?p=15463\" class=\"alignnone rollover layzr-bg\" ><img loading=\"lazy\" decoding=\"async\" class=\"preload-me iso-lazy-load\" src=\"data:image\/svg+xml,%3Csvg%20xmlns%3D&#39;http%3A%2F%2Fwww.w3.org%2F2000%2Fsvg&#39;%20viewBox%3D&#39;0%200%20555%20416&#39;%2F%3E\" data-src=\"https:\/\/www.monta\u00f1asdelaluna.es\/wp-content\/uploads\/2010\/03\/llegando-al-zulum-a-la-izquierda-el-pico-del-aguila-en-la-sierra-de-orihuela-555x416.jpg\" data-srcset=\"https:\/\/www.monta\u00f1asdelaluna.es\/wp-content\/uploads\/2010\/03\/llegando-al-zulum-a-la-izquierda-el-pico-del-aguila-en-la-sierra-de-orihuela-555x416.jpg 555w, https:\/\/www.monta\u00f1asdelaluna.es\/wp-content\/uploads\/2010\/03\/llegando-al-zulum-a-la-izquierda-el-pico-del-aguila-en-la-sierra-de-orihuela-1110x832.jpg 1110w\" alt=\"\" title=\"Llegando al Zulum, a la izquierda el Pico del \u00c1guila en la Sierra de Orihuela\" width=\"555\" height=\"416\"  \/><\/a><\/p>\n\t\t\t<\/div>\n\n\t\t\n\t\t<div class=\"blog-content wf-td\">\n\t\t\t<h3 class=\"entry-title\"><a href=\"https:\/\/www.monta\u00f1asdelaluna.es\/?p=15463\" title=\"Crevillente-Abanilla 2.010\" rel=\"bookmark\">Crevillente-Abanilla 2.010<\/a><\/h3>\n\n\t\t\t<div class=\"entry-meta\"><span class=\"category-link\"><a href=\"https:\/\/www.monta\u00f1asdelaluna.es\/?cat=76\" rel=\"category\">Sierra de Crevillente<\/a><\/span><a class=\"author vcard\" href=\"https:\/\/www.monta\u00f1asdelaluna.es\/?author=1\" title=\"Ver todas las publicaciones de Joaquin Terres\" rel=\"author\">Por <span class=\"fn\">Joaquin Terres<\/span><\/a><a href=\"https:\/\/www.monta\u00f1asdelaluna.es\/?m=20100327\" title=\"10:50 pm\" class=\"data-link\" rel=\"bookmark\"><time class=\"entry-date updated\" datetime=\"2010-03-27T22:50:10+00:00\">27 marzo, 2010<\/time><\/a><a href=\"https:\/\/www.monta\u00f1asdelaluna.es\/?p=15463#respond\" class=\"comment-link\" >Deja un comentario<\/a><\/div><p>[vc_row][vc_column][vc_column_text]Si ya la magn\u00edfica traves\u00eda Abanilla-Crevillente subiendo a todos los picos de la sierra de Crevillente-Abanilla (Desde el Puntal de Matamoros hasta el Zulum), en un d\u00eda, unas 12 horas para ser exactos&#8230; es dura; imaginaos hacerla al rev\u00e9s: de Crevillente a Abanilla. Los chicos pensaban que la diferencia de dificultad no iba a ser&hellip;<\/p>\n\n<a href=\"https:\/\/www.monta\u00f1asdelaluna.es\/?p=15463\" class=\"details more-link\" aria-label=\"Read more about Crevillente-Abanilla 2.010\" rel=\"nofollow\">Detalles<\/a>\n\n\t\t<\/div>\n\n\t<\/article>\n\n<\/div>\n<div class=\"wf-cell iso-item category-94\" data-post-id=\"43678\" data-date=\"2009-12-20T10:38:48+00:00\" data-name=\"La Blasca desde Ba\u00f1eres de Mariola\">\n\t<article class=\"post post-43678 type-post status-publish format-standard has-post-thumbnail hentry category-resto-de-alicante category-94 description-off\">\n\n\t\t\n\t\t\t<div class=\"blog-media wf-td\">\n\n\t\t\t\t<p><a href=\"https:\/\/www.monta\u00f1asdelaluna.es\/?p=43678\" class=\"alignnone rollover layzr-bg\" ><img loading=\"lazy\" decoding=\"async\" class=\"preload-me iso-lazy-load\" src=\"data:image\/svg+xml,%3Csvg%20xmlns%3D&#39;http%3A%2F%2Fwww.w3.org%2F2000%2Fsvg&#39;%20viewBox%3D&#39;0%200%20555%20416&#39;%2F%3E\" data-src=\"https:\/\/www.monta\u00f1asdelaluna.es\/wp-content\/uploads\/2020\/05\/camino-del-mas-del-perolit-atras-queda-baneres-de-mariola-555x416.jpg\" data-srcset=\"https:\/\/www.monta\u00f1asdelaluna.es\/wp-content\/uploads\/2020\/05\/camino-del-mas-del-perolit-atras-queda-baneres-de-mariola-555x416.jpg 555w, https:\/\/www.monta\u00f1asdelaluna.es\/wp-content\/uploads\/2020\/05\/camino-del-mas-del-perolit-atras-queda-baneres-de-mariola-1110x832.jpg 1110w\" alt=\"\" title=\"Camino del Mas del Perolit. Atr\u00e1s queda Ba\u00f1eres de Mariola\" width=\"555\" height=\"416\"  \/><\/a><\/p>\n\t\t\t<\/div>\n\n\t\t\n\t\t<div class=\"blog-content wf-td\">\n\t\t\t<h3 class=\"entry-title\"><a href=\"https:\/\/www.monta\u00f1asdelaluna.es\/?p=43678\" title=\"La Blasca desde Ba\u00f1eres de Mariola\" rel=\"bookmark\">La Blasca desde Ba\u00f1eres de Mariola<\/a><\/h3>\n\n\t\t\t<div class=\"entry-meta\"><span class=\"category-link\"><a href=\"https:\/\/www.monta\u00f1asdelaluna.es\/?cat=94\" rel=\"category\">Resto de Alicante<\/a><\/span><a class=\"author vcard\" href=\"https:\/\/www.monta\u00f1asdelaluna.es\/?author=1\" title=\"Ver todas las publicaciones de Joaquin Terres\" rel=\"author\">Por <span class=\"fn\">Joaquin Terres<\/span><\/a><a href=\"https:\/\/www.monta\u00f1asdelaluna.es\/?m=20091220\" title=\"10:38 am\" class=\"data-link\" rel=\"bookmark\"><time class=\"entry-date updated\" datetime=\"2009-12-20T10:38:48+00:00\">20 diciembre, 2009<\/time><\/a><a href=\"https:\/\/www.monta\u00f1asdelaluna.es\/?p=43678#respond\" class=\"comment-link\" >Deja un comentario<\/a><\/div><p>[vc_row][vc_column][vc_column_text]La Blasca, la cima m\u00e1s alta de la Sierra de La Fontanella, era una cima pendiente. Seguramente ya la hab\u00eda subido a principios de los a\u00f1os 90 con mi primo Miguel \u00c1ngel Gonz\u00e1lez, o al menos un intento o intenci\u00f3n de ascender a esta cima. Lo que es seguro es que ya la hab\u00edamos visitado,&hellip;<\/p>\n\n<a href=\"https:\/\/www.monta\u00f1asdelaluna.es\/?p=43678\" class=\"details more-link\" aria-label=\"Read more about La Blasca desde Ba\u00f1eres de Mariola\" rel=\"nofollow\">Detalles<\/a>\n\n\t\t<\/div>\n\n\t<\/article>\n\n<\/div>\n<div class=\"wf-cell iso-item category-84\" data-post-id=\"15923\" data-date=\"2009-12-05T07:19:04+00:00\" data-name=\"Traves\u00eda Serrella-Aixort\u00e0 2.009\">\n\t<article class=\"post post-15923 type-post status-publish format-standard has-post-thumbnail hentry category-la-serrella-y-laixorta category-84 description-off\">\n\n\t\t\n\t\t\t<div class=\"blog-media wf-td\">\n\n\t\t\t\t<p><a href=\"https:\/\/www.monta\u00f1asdelaluna.es\/?p=15923\" class=\"alignnone rollover layzr-bg\" ><img loading=\"lazy\" decoding=\"async\" class=\"preload-me iso-lazy-load\" src=\"data:image\/svg+xml,%3Csvg%20xmlns%3D&#39;http%3A%2F%2Fwww.w3.org%2F2000%2Fsvg&#39;%20viewBox%3D&#39;0%200%20555%20416&#39;%2F%3E\" data-src=\"https:\/\/www.monta\u00f1asdelaluna.es\/wp-content\/uploads\/2015\/08\/38-Contraluz-con-la-Serrella-555x416.jpg\" data-srcset=\"https:\/\/www.monta\u00f1asdelaluna.es\/wp-content\/uploads\/2015\/08\/38-Contraluz-con-la-Serrella-555x416.jpg 555w, https:\/\/www.monta\u00f1asdelaluna.es\/wp-content\/uploads\/2015\/08\/38-Contraluz-con-la-Serrella.jpg 816w\" alt=\"\" title=\"Contraluz con la Serrella\" width=\"555\" height=\"416\"  \/><\/a><\/p>\n\t\t\t<\/div>\n\n\t\t\n\t\t<div class=\"blog-content wf-td\">\n\t\t\t<h3 class=\"entry-title\"><a href=\"https:\/\/www.monta\u00f1asdelaluna.es\/?p=15923\" title=\"Traves\u00eda Serrella-Aixort\u00e0 2.009\" rel=\"bookmark\">Traves\u00eda Serrella-Aixort\u00e0 2.009<\/a><\/h3>\n\n\t\t\t<div class=\"entry-meta\"><span class=\"category-link\"><a href=\"https:\/\/www.monta\u00f1asdelaluna.es\/?cat=84\" rel=\"category\">La Serrella y L'Aixort\u00e0<\/a><\/span><a class=\"author vcard\" href=\"https:\/\/www.monta\u00f1asdelaluna.es\/?author=1\" title=\"Ver todas las publicaciones de Joaquin Terres\" rel=\"author\">Por <span class=\"fn\">Joaquin Terres<\/span><\/a><a href=\"https:\/\/www.monta\u00f1asdelaluna.es\/?m=20091205\" title=\"7:19 am\" class=\"data-link\" rel=\"bookmark\"><time class=\"entry-date updated\" datetime=\"2009-12-05T07:19:04+00:00\">5 diciembre, 2009<\/time><\/a><a href=\"https:\/\/www.monta\u00f1asdelaluna.es\/?p=15923#respond\" class=\"comment-link\" >Deja un comentario<\/a><\/div><p>[vc_row][vc_column][vc_column_text]En esta ocasi\u00f3n no quiero alargarme mucho ya que esta es la segunda vez que hago esta ruta y ya est\u00e1 explicada en esta web en un art\u00edculo escrito en Traves\u00eda Serrella-Aixort\u00e0 2.007. Pero si quiero rendirle de nuevo homenaje por la bonita e incre\u00edble experiencia de volver a cruzar tan espectaculares paisajes y por&hellip;<\/p>\n\n<a href=\"https:\/\/www.monta\u00f1asdelaluna.es\/?p=15923\" class=\"details more-link\" aria-label=\"Read more about Traves\u00eda Serrella-Aixort\u00e0 2.009\" rel=\"nofollow\">Detalles<\/a>\n\n\t\t<\/div>\n\n\t<\/article>\n\n<\/div>\n<div class=\"wf-cell iso-item category-69\" data-post-id=\"22939\" data-date=\"2009-10-12T10:40:13+00:00\" data-name=\"4\u00ba d\u00eda: Cortijo de Echevarr\u00eda-Nig\u00fcelas\">\n\t<article class=\"post post-22939 type-post status-publish format-standard has-post-thumbnail hentry category-integral-de-sierra-nevada category-69 description-off\">\n\n\t\t\n\t\t\t<div class=\"blog-media wf-td\">\n\n\t\t\t\t<p><a href=\"https:\/\/www.monta\u00f1asdelaluna.es\/?p=22939\" class=\"alignnone rollover layzr-bg\" ><img loading=\"lazy\" decoding=\"async\" class=\"preload-me iso-lazy-load\" src=\"data:image\/svg+xml,%3Csvg%20xmlns%3D&#39;http%3A%2F%2Fwww.w3.org%2F2000%2Fsvg&#39;%20viewBox%3D&#39;0%200%20555%20416&#39;%2F%3E\" data-src=\"https:\/\/www.monta\u00f1asdelaluna.es\/wp-content\/uploads\/2015\/10\/Integral-de-Sierra-Nevada.-Del-9-al-12-10-2.009-165-555x416.jpg\" data-srcset=\"https:\/\/www.monta\u00f1asdelaluna.es\/wp-content\/uploads\/2015\/10\/Integral-de-Sierra-Nevada.-Del-9-al-12-10-2.009-165-555x416.jpg 555w, https:\/\/www.monta\u00f1asdelaluna.es\/wp-content\/uploads\/2015\/10\/Integral-de-Sierra-Nevada.-Del-9-al-12-10-2.009-165.jpg 881w\" alt=\"\" title=\"Plaza de la Iglesia de Nig\u00fcelas\" width=\"555\" height=\"416\"  \/><\/a><\/p>\n\t\t\t<\/div>\n\n\t\t\n\t\t<div class=\"blog-content wf-td\">\n\t\t\t<h3 class=\"entry-title\"><a href=\"https:\/\/www.monta\u00f1asdelaluna.es\/?p=22939\" title=\"4\u00ba d\u00eda: Cortijo de Echevarr\u00eda-Nig\u00fcelas\" rel=\"bookmark\">4\u00ba d\u00eda: Cortijo de Echevarr\u00eda-Nig\u00fcelas<\/a><\/h3>\n\n\t\t\t<div class=\"entry-meta\"><span class=\"category-link\"><a href=\"https:\/\/www.monta\u00f1asdelaluna.es\/?cat=69\" rel=\"category\">Integral de Sierra Nevada<\/a><\/span><a class=\"author vcard\" href=\"https:\/\/www.monta\u00f1asdelaluna.es\/?author=1\" title=\"Ver todas las publicaciones de Joaquin Terres\" rel=\"author\">Por <span class=\"fn\">Joaquin Terres<\/span><\/a><a href=\"https:\/\/www.monta\u00f1asdelaluna.es\/?m=20091012\" title=\"10:40 am\" class=\"data-link\" rel=\"bookmark\"><time class=\"entry-date updated\" datetime=\"2009-10-12T10:40:13+00:00\">12 octubre, 2009<\/time><\/a><a href=\"https:\/\/www.monta\u00f1asdelaluna.es\/?p=22939#respond\" class=\"comment-link\" >Deja un comentario<\/a><\/div><p>[vc_row][vc_column][vc_column_text]Al otro d\u00eda no nos cuesta tanto levantarnos. Bajo techo se espabila uno antes y no cuesta salir del saco. Ya lo que nos queda es algo menos de tres horitas de bajada hasta Nig\u00fcelas. Solo tenemos que seguir la pista hac\u00eda la derecha, seg\u00fan volvemos a ella desde el Cortijo de Echevarr\u00eda, de bajada&hellip;<\/p>\n\n<a href=\"https:\/\/www.monta\u00f1asdelaluna.es\/?p=22939\" class=\"details more-link\" aria-label=\"Read more about 4\u00ba d\u00eda: Cortijo de Echevarr\u00eda-Nig\u00fcelas\" rel=\"nofollow\">Detalles<\/a>\n\n\t\t<\/div>\n\n\t<\/article>\n\n<\/div>\n<div class=\"wf-cell iso-item category-69\" data-post-id=\"20737\" data-date=\"2009-10-11T19:26:07+00:00\" data-name=\"3\u00ba d\u00eda: Laguna de R\u00edo Seco-Cortijo de Echevarr\u00eda\">\n\t<article class=\"post post-20737 type-post status-publish format-standard has-post-thumbnail hentry category-integral-de-sierra-nevada category-69 description-off\">\n\n\t\t\n\t\t\t<div class=\"blog-media wf-td\">\n\n\t\t\t\t<p><a href=\"https:\/\/www.monta\u00f1asdelaluna.es\/?p=20737\" class=\"alignnone rollover layzr-bg\" ><img loading=\"lazy\" decoding=\"async\" class=\"preload-me iso-lazy-load\" src=\"data:image\/svg+xml,%3Csvg%20xmlns%3D&#39;http%3A%2F%2Fwww.w3.org%2F2000%2Fsvg&#39;%20viewBox%3D&#39;0%200%20555%20416&#39;%2F%3E\" data-src=\"https:\/\/www.monta\u00f1asdelaluna.es\/wp-content\/uploads\/2015\/08\/84-Bajando-a-la-Loma-de-Los-Tres-Mojones-555x416.jpg\" data-srcset=\"https:\/\/www.monta\u00f1asdelaluna.es\/wp-content\/uploads\/2015\/08\/84-Bajando-a-la-Loma-de-Los-Tres-Mojones-555x416.jpg 555w, https:\/\/www.monta\u00f1asdelaluna.es\/wp-content\/uploads\/2015\/08\/84-Bajando-a-la-Loma-de-Los-Tres-Mojones.jpg 652w\" alt=\"\" title=\"Bajando a la Loma de Los Tres Mojones\" width=\"555\" height=\"416\"  \/><\/a><\/p>\n\t\t\t<\/div>\n\n\t\t\n\t\t<div class=\"blog-content wf-td\">\n\t\t\t<h3 class=\"entry-title\"><a href=\"https:\/\/www.monta\u00f1asdelaluna.es\/?p=20737\" title=\"3\u00ba d\u00eda: Laguna de R\u00edo Seco-Cortijo de Echevarr\u00eda\" rel=\"bookmark\">3\u00ba d\u00eda: Laguna de R\u00edo Seco-Cortijo de Echevarr\u00eda<\/a><\/h3>\n\n\t\t\t<div class=\"entry-meta\"><span class=\"category-link\"><a href=\"https:\/\/www.monta\u00f1asdelaluna.es\/?cat=69\" rel=\"category\">Integral de Sierra Nevada<\/a><\/span><a class=\"author vcard\" href=\"https:\/\/www.monta\u00f1asdelaluna.es\/?author=1\" title=\"Ver todas las publicaciones de Joaquin Terres\" rel=\"author\">Por <span class=\"fn\">Joaquin Terres<\/span><\/a><a href=\"https:\/\/www.monta\u00f1asdelaluna.es\/?m=20091011\" title=\"7:26 pm\" class=\"data-link\" rel=\"bookmark\"><time class=\"entry-date updated\" datetime=\"2009-10-11T19:26:07+00:00\">11 octubre, 2009<\/time><\/a><a href=\"https:\/\/www.monta\u00f1asdelaluna.es\/?p=20737#respond\" class=\"comment-link\" >Deja un comentario<\/a><\/div><p>[vc_row][vc_column][vc_column_text]Que recuerdos me tra\u00eda la Laguna de R\u00edo Seco. Una \u00fanica vez visit\u00e9 el vetusto Refugio F\u00e9lix M\u00e9ndez enclavado junto a \u00e9sta laguna. Ya nunca m\u00e1s baj\u00e9 a las orillas mansas de aguas cristalinas y profundas de la laguna&#8230; hasta esa tarde. \u201cEl lugar es ideal\u201d dec\u00eda y repet\u00eda Tom\u00e1s hablando del vivaque que est\u00e1bamos&hellip;<\/p>\n\n<a href=\"https:\/\/www.monta\u00f1asdelaluna.es\/?p=20737\" class=\"details more-link\" aria-label=\"Read more about 3\u00ba d\u00eda: Laguna de R\u00edo Seco-Cortijo de Echevarr\u00eda\" rel=\"nofollow\">Detalles<\/a>\n\n\t\t<\/div>\n\n\t<\/article>\n\n<\/div>\n<div class=\"wf-cell iso-item category-69\" data-post-id=\"19090\" data-date=\"2009-10-10T09:42:07+00:00\" data-name=\"2\u00ba d\u00eda: Las Calderetas-Laguna de R\u00edo Seco\">\n\t<article class=\"post post-19090 type-post status-publish format-standard has-post-thumbnail hentry category-integral-de-sierra-nevada category-69 description-off\">\n\n\t\t\n\t\t\t<div class=\"blog-media wf-td\">\n\n\t\t\t\t<p><a href=\"https:\/\/www.monta\u00f1asdelaluna.es\/?p=19090\" class=\"alignnone rollover layzr-bg\" ><img loading=\"lazy\" decoding=\"async\" class=\"preload-me iso-lazy-load\" src=\"data:image\/svg+xml,%3Csvg%20xmlns%3D&#39;http%3A%2F%2Fwww.w3.org%2F2000%2Fsvg&#39;%20viewBox%3D&#39;0%200%20555%20416&#39;%2F%3E\" data-src=\"https:\/\/www.monta\u00f1asdelaluna.es\/wp-content\/uploads\/2015\/08\/38-Acerc\u00e1ndonos-a-la-Laguna-Hondera-555x416.jpg\" data-srcset=\"https:\/\/www.monta\u00f1asdelaluna.es\/wp-content\/uploads\/2015\/08\/38-Acerc\u00e1ndonos-a-la-Laguna-Hondera-555x416.jpg 555w, https:\/\/www.monta\u00f1asdelaluna.es\/wp-content\/uploads\/2015\/08\/38-Acerc\u00e1ndonos-a-la-Laguna-Hondera.jpg 652w\" alt=\"\" title=\"Acerc\u00e1ndonos a la Laguna Hondera\" width=\"555\" height=\"416\"  \/><\/a><\/p>\n\t\t\t<\/div>\n\n\t\t\n\t\t<div class=\"blog-content wf-td\">\n\t\t\t<h3 class=\"entry-title\"><a href=\"https:\/\/www.monta\u00f1asdelaluna.es\/?p=19090\" title=\"2\u00ba d\u00eda: Las Calderetas-Laguna de R\u00edo Seco\" rel=\"bookmark\">2\u00ba d\u00eda: Las Calderetas-Laguna de R\u00edo Seco<\/a><\/h3>\n\n\t\t\t<div class=\"entry-meta\"><span class=\"category-link\"><a href=\"https:\/\/www.monta\u00f1asdelaluna.es\/?cat=69\" rel=\"category\">Integral de Sierra Nevada<\/a><\/span><a class=\"author vcard\" href=\"https:\/\/www.monta\u00f1asdelaluna.es\/?author=1\" title=\"Ver todas las publicaciones de Joaquin Terres\" rel=\"author\">Por <span class=\"fn\">Joaquin Terres<\/span><\/a><a href=\"https:\/\/www.monta\u00f1asdelaluna.es\/?m=20091010\" title=\"9:42 am\" class=\"data-link\" rel=\"bookmark\"><time class=\"entry-date updated\" datetime=\"2009-10-10T09:42:07+00:00\">10 octubre, 2009<\/time><\/a><a href=\"https:\/\/www.monta\u00f1asdelaluna.es\/?p=19090#respond\" class=\"comment-link\" >Deja un comentario<\/a><\/div><p>[vc_row][vc_column][vc_column_text]Empieza a amanecer y ninguno nos levantamos de nuestros calentitos sacos. Empiezan a o\u00edrse las voces de Miguel \u00c1ngel y Tom\u00e1s pero ninguno nos atrevemos a abrir los ojos o hacer un movimiento a pesar de estar ya despiertos. Al cabo de poco tiempo salimos de los sacos, ordenamos las mochilas y desayunamos. No tengo&hellip;<\/p>\n\n<a href=\"https:\/\/www.monta\u00f1asdelaluna.es\/?p=19090\" class=\"details more-link\" aria-label=\"Read more about 2\u00ba d\u00eda: Las Calderetas-Laguna de R\u00edo Seco\" rel=\"nofollow\">Detalles<\/a>\n\n\t\t<\/div>\n\n\t<\/article>\n\n<\/div>\n<div class=\"wf-cell iso-item category-69\" data-post-id=\"17383\" data-date=\"2009-10-09T16:36:42+00:00\" data-name=\"1\u00ba d\u00eda: Refugio Postero Alto-Las Calderetas\">\n\t<article class=\"post post-17383 type-post status-publish format-standard has-post-thumbnail hentry category-integral-de-sierra-nevada category-69 description-off\">\n\n\t\t\n\t\t\t<div class=\"blog-media wf-td\">\n\n\t\t\t\t<p><a href=\"https:\/\/www.monta\u00f1asdelaluna.es\/?p=17383\" class=\"alignnone rollover layzr-bg\" ><img loading=\"lazy\" decoding=\"async\" class=\"preload-me iso-lazy-load\" src=\"data:image\/svg+xml,%3Csvg%20xmlns%3D&#39;http%3A%2F%2Fwww.w3.org%2F2000%2Fsvg&#39;%20viewBox%3D&#39;0%200%20555%20416&#39;%2F%3E\" data-src=\"https:\/\/www.monta\u00f1asdelaluna.es\/wp-content\/uploads\/2015\/08\/08-Camino-hac\u00eda-el-resto-de-la-sierra-555x416.jpg\" data-srcset=\"https:\/\/www.monta\u00f1asdelaluna.es\/wp-content\/uploads\/2015\/08\/08-Camino-hac\u00eda-el-resto-de-la-sierra-555x416.jpg 555w, https:\/\/www.monta\u00f1asdelaluna.es\/wp-content\/uploads\/2015\/08\/08-Camino-hac\u00eda-el-resto-de-la-sierra.jpg 652w\" alt=\"\" title=\"Camino hac\u00eda el resto de la sierra\" width=\"555\" height=\"416\"  \/><\/a><\/p>\n\t\t\t<\/div>\n\n\t\t\n\t\t<div class=\"blog-content wf-td\">\n\t\t\t<h3 class=\"entry-title\"><a href=\"https:\/\/www.monta\u00f1asdelaluna.es\/?p=17383\" title=\"1\u00ba d\u00eda: Refugio Postero Alto-Las Calderetas\" rel=\"bookmark\">1\u00ba d\u00eda: Refugio Postero Alto-Las Calderetas<\/a><\/h3>\n\n\t\t\t<div class=\"entry-meta\"><span class=\"category-link\"><a href=\"https:\/\/www.monta\u00f1asdelaluna.es\/?cat=69\" rel=\"category\">Integral de Sierra Nevada<\/a><\/span><a class=\"author vcard\" href=\"https:\/\/www.monta\u00f1asdelaluna.es\/?author=1\" title=\"Ver todas las publicaciones de Joaquin Terres\" rel=\"author\">Por <span class=\"fn\">Joaquin Terres<\/span><\/a><a href=\"https:\/\/www.monta\u00f1asdelaluna.es\/?m=20091009\" title=\"4:36 pm\" class=\"data-link\" rel=\"bookmark\"><time class=\"entry-date updated\" datetime=\"2009-10-09T16:36:42+00:00\">9 octubre, 2009<\/time><\/a><a href=\"https:\/\/www.monta\u00f1asdelaluna.es\/?p=17383#respond\" class=\"comment-link\" >Deja un comentario<\/a><\/div><p>[vc_row][vc_column][vc_column_text]Que locura les lleva a la gente a realizar proezas incre\u00edbles, imposibles o, sencillamente, impresionantes&#8230; las ganas de vivir y sentirse vivo. Se acercaba el Puente de La Pilarica, que conjuntamente con la festividad del 9 de octubre en la Comunidad Valenciana se nos ofrec\u00eda la posibilidad de realizar una actividad de 4 d\u00edas. Manuel&hellip;<\/p>\n\n<a href=\"https:\/\/www.monta\u00f1asdelaluna.es\/?p=17383\" class=\"details more-link\" aria-label=\"Read more about 1\u00ba d\u00eda: Refugio Postero Alto-Las Calderetas\" rel=\"nofollow\">Detalles<\/a>\n\n\t\t<\/div>\n\n\t<\/article>\n\n<\/div>\n<div class=\"wf-cell iso-item category-76\" data-post-id=\"15289\" data-date=\"2009-04-04T10:36:58+00:00\" data-name=\"Abanilla-Crevillente 2.009\">\n\t<article class=\"post post-15289 type-post status-publish format-standard has-post-thumbnail hentry category-sierra-de-crevillente category-76 description-off\">\n\n\t\t\n\t\t\t<div class=\"blog-media wf-td\">\n\n\t\t\t\t<p><a href=\"https:\/\/www.monta\u00f1asdelaluna.es\/?p=15289\" class=\"alignnone rollover layzr-bg\" ><img loading=\"lazy\" decoding=\"async\" class=\"preload-me iso-lazy-load\" src=\"data:image\/svg+xml,%3Csvg%20xmlns%3D&#39;http%3A%2F%2Fwww.w3.org%2F2000%2Fsvg&#39;%20viewBox%3D&#39;0%200%20555%20417&#39;%2F%3E\" data-src=\"https:\/\/www.monta\u00f1asdelaluna.es\/wp-content\/uploads\/2009\/04\/delante-el-agudo-555x417.jpg\" data-srcset=\"https:\/\/www.monta\u00f1asdelaluna.es\/wp-content\/uploads\/2009\/04\/delante-el-agudo-555x417.jpg 555w, https:\/\/www.monta\u00f1asdelaluna.es\/wp-content\/uploads\/2009\/04\/delante-el-agudo-1110x834.jpg 1110w\" alt=\"\" title=\"Delante el Agudo\" width=\"555\" height=\"417\"  \/><\/a><\/p>\n\t\t\t<\/div>\n\n\t\t\n\t\t<div class=\"blog-content wf-td\">\n\t\t\t<h3 class=\"entry-title\"><a href=\"https:\/\/www.monta\u00f1asdelaluna.es\/?p=15289\" title=\"Abanilla-Crevillente 2.009\" rel=\"bookmark\">Abanilla-Crevillente 2.009<\/a><\/h3>\n\n\t\t\t<div class=\"entry-meta\"><span class=\"category-link\"><a href=\"https:\/\/www.monta\u00f1asdelaluna.es\/?cat=76\" rel=\"category\">Sierra de Crevillente<\/a><\/span><a class=\"author vcard\" href=\"https:\/\/www.monta\u00f1asdelaluna.es\/?author=1\" title=\"Ver todas las publicaciones de Joaquin Terres\" rel=\"author\">Por <span class=\"fn\">Joaquin Terres<\/span><\/a><a href=\"https:\/\/www.monta\u00f1asdelaluna.es\/?m=20090404\" title=\"10:36 am\" class=\"data-link\" rel=\"bookmark\"><time class=\"entry-date updated\" datetime=\"2009-04-04T10:36:58+00:00\">4 abril, 2009<\/time><\/a><a href=\"https:\/\/www.monta\u00f1asdelaluna.es\/?p=15289#respond\" class=\"comment-link\" >Deja un comentario<\/a><\/div><p>[vc_row][vc_column][vc_column_text]Ya hac\u00eda 2 a\u00f1os que no realiz\u00e1bamos esta interesante traves\u00eda. En todo el sur de Alicante no se conoce o, mejor dicho, no existe traves\u00eda tan peculiar, bonita, original y fascinante como \u00e9sta. Aunque esta vez, y como ya mencion\u00e9 la \u00faltima vez que la hice, se incorporar\u00eda un pico, una cumbre o culminaci\u00f3n nueva&hellip;<\/p>\n\n<a href=\"https:\/\/www.monta\u00f1asdelaluna.es\/?p=15289\" class=\"details more-link\" aria-label=\"Read more about Abanilla-Crevillente 2.009\" rel=\"nofollow\">Detalles<\/a>\n\n\t\t<\/div>\n\n\t<\/article>\n\n<\/div>\n<div class=\"wf-cell iso-item category-101\" data-post-id=\"43277\" data-date=\"2008-11-09T19:14:34+00:00\" data-name=\"De Ibi a La Font Roja. El original bosque mediterr\u00e1neo\">\n\t<article class=\"post post-43277 type-post status-publish format-standard has-post-thumbnail hentry category-sierra-mariola-y-menetjador category-101 description-off\">\n\n\t\t\n\t\t\t<div class=\"blog-media wf-td\">\n\n\t\t\t\t<p><a href=\"https:\/\/www.monta\u00f1asdelaluna.es\/?p=43277\" class=\"alignnone rollover layzr-bg\" ><img loading=\"lazy\" decoding=\"async\" class=\"preload-me iso-lazy-load\" src=\"data:image\/svg+xml,%3Csvg%20xmlns%3D&#39;http%3A%2F%2Fwww.w3.org%2F2000%2Fsvg&#39;%20viewBox%3D&#39;0%200%20555%20370&#39;%2F%3E\" data-src=\"https:\/\/www.monta\u00f1asdelaluna.es\/wp-content\/uploads\/2020\/04\/foto-de-grupo-detras-sierra-mariola-con-el-montcabrer-en-el-centro-y-la-safor-al-fondo-derecha-555x370.jpg\" data-srcset=\"https:\/\/www.monta\u00f1asdelaluna.es\/wp-content\/uploads\/2020\/04\/foto-de-grupo-detras-sierra-mariola-con-el-montcabrer-en-el-centro-y-la-safor-al-fondo-derecha-555x370.jpg 555w, https:\/\/www.monta\u00f1asdelaluna.es\/wp-content\/uploads\/2020\/04\/foto-de-grupo-detras-sierra-mariola-con-el-montcabrer-en-el-centro-y-la-safor-al-fondo-derecha-1110x740.jpg 1110w\" alt=\"\" title=\"Foto de grupo. Detr\u00e1s Sierra Mariola con el Montcabrer en el centro y La Safor al fondo derecha\" width=\"555\" height=\"370\"  \/><\/a><\/p>\n\t\t\t<\/div>\n\n\t\t\n\t\t<div class=\"blog-content wf-td\">\n\t\t\t<h3 class=\"entry-title\"><a href=\"https:\/\/www.monta\u00f1asdelaluna.es\/?p=43277\" title=\"De Ibi a La Font Roja. El original bosque mediterr\u00e1neo\" rel=\"bookmark\">De Ibi a La Font Roja. El original bosque mediterr\u00e1neo<\/a><\/h3>\n\n\t\t\t<div class=\"entry-meta\"><span class=\"category-link\"><a href=\"https:\/\/www.monta\u00f1asdelaluna.es\/?cat=101\" rel=\"category\">Sierra Mariola y Menetjador<\/a><\/span><a class=\"author vcard\" href=\"https:\/\/www.monta\u00f1asdelaluna.es\/?author=1\" title=\"Ver todas las publicaciones de Joaquin Terres\" rel=\"author\">Por <span class=\"fn\">Joaquin Terres<\/span><\/a><a href=\"https:\/\/www.monta\u00f1asdelaluna.es\/?m=20081109\" title=\"7:14 pm\" class=\"data-link\" rel=\"bookmark\"><time class=\"entry-date updated\" datetime=\"2008-11-09T19:14:34+00:00\">9 noviembre, 2008<\/time><\/a><a href=\"https:\/\/www.monta\u00f1asdelaluna.es\/?p=43277#respond\" class=\"comment-link\" >Deja un comentario<\/a><\/div><p>[vc_row][vc_column][vc_column_text]Y ya por fin hab\u00eda que traer a los participantes de Iniciaci\u00f3n al Senderismo\/Monta\u00f1ismo a realizar un recorrido por la fabulosa y espectacular Font Roja. Hab\u00eda que programar, organizar una ruta lineal por en medio de la Sierra del Menetjador, sabiendo que llevar\u00edamos m\u00e1s de 50 personas, pasando por los lugares m\u00e1s emblem\u00e1ticos e importantes&hellip;<\/p>\n\n<a href=\"https:\/\/www.monta\u00f1asdelaluna.es\/?p=43277\" class=\"details more-link\" aria-label=\"Read more about De Ibi a La Font Roja. El original bosque mediterr\u00e1neo\" rel=\"nofollow\">Detalles<\/a>\n\n\t\t<\/div>\n\n\t<\/article>\n\n<\/div>\n<div class=\"wf-cell iso-item category-76\" data-post-id=\"43238\" data-date=\"2008-03-02T06:29:06+00:00\" data-name=\"Agudo por Los Vives y Barbarroja\">\n\t<article class=\"post post-43238 type-post status-publish format-standard has-post-thumbnail hentry category-sierra-de-crevillente category-76 description-off\">\n\n\t\t\n\t\t\t<div class=\"blog-media wf-td\">\n\n\t\t\t\t<p><a href=\"https:\/\/www.monta\u00f1asdelaluna.es\/?p=43238\" class=\"alignnone rollover layzr-bg\" ><img loading=\"lazy\" decoding=\"async\" class=\"preload-me iso-lazy-load\" src=\"data:image\/svg+xml,%3Csvg%20xmlns%3D&#39;http%3A%2F%2Fwww.w3.org%2F2000%2Fsvg&#39;%20viewBox%3D&#39;0%200%20555%20370&#39;%2F%3E\" data-src=\"https:\/\/www.monta\u00f1asdelaluna.es\/wp-content\/uploads\/2020\/04\/atras-dejamos-el-agudo-por-su-cara-sur-555x370.jpg\" data-srcset=\"https:\/\/www.monta\u00f1asdelaluna.es\/wp-content\/uploads\/2020\/04\/atras-dejamos-el-agudo-por-su-cara-sur-555x370.jpg 555w, https:\/\/www.monta\u00f1asdelaluna.es\/wp-content\/uploads\/2020\/04\/atras-dejamos-el-agudo-por-su-cara-sur-1110x740.jpg 1110w\" alt=\"\" title=\"Atr\u00e1s dejamos el Agudo por su cara sur\" width=\"555\" height=\"370\"  \/><\/a><\/p>\n\t\t\t<\/div>\n\n\t\t\n\t\t<div class=\"blog-content wf-td\">\n\t\t\t<h3 class=\"entry-title\"><a href=\"https:\/\/www.monta\u00f1asdelaluna.es\/?p=43238\" title=\"Agudo por Los Vives y Barbarroja\" rel=\"bookmark\">Agudo por Los Vives y Barbarroja<\/a><\/h3>\n\n\t\t\t<div class=\"entry-meta\"><span class=\"category-link\"><a href=\"https:\/\/www.monta\u00f1asdelaluna.es\/?cat=76\" rel=\"category\">Sierra de Crevillente<\/a><\/span><a class=\"author vcard\" href=\"https:\/\/www.monta\u00f1asdelaluna.es\/?author=1\" title=\"Ver todas las publicaciones de Joaquin Terres\" rel=\"author\">Por <span class=\"fn\">Joaquin Terres<\/span><\/a><a href=\"https:\/\/www.monta\u00f1asdelaluna.es\/?m=20080302\" title=\"6:29 am\" class=\"data-link\" rel=\"bookmark\"><time class=\"entry-date updated\" datetime=\"2008-03-02T06:29:06+00:00\">2 marzo, 2008<\/time><\/a><a href=\"https:\/\/www.monta\u00f1asdelaluna.es\/?p=43238#respond\" class=\"comment-link\" >Deja un comentario<\/a><\/div><p>[vc_row][vc_column][vc_column_text]Despu\u00e9s de hacer la ascensi\u00f3n y subida al Agudo guiado por mi primo Miguel \u00c1ngel en aquellos primeros a\u00f1os de monta\u00f1as desde que la descubr\u00ed a tierna edad; nos hab\u00edamos quedado en c\u00f3mo llegar hasta la pared sur del mismo, desde la poblaci\u00f3n al sur de la misma monta\u00f1a, Los Vives. Hab\u00edamos ido pocas veces&hellip;<\/p>\n\n<a href=\"https:\/\/www.monta\u00f1asdelaluna.es\/?p=43238\" class=\"details more-link\" aria-label=\"Read more about Agudo por Los Vives y Barbarroja\" rel=\"nofollow\">Detalles<\/a>\n\n\t\t<\/div>\n\n\t<\/article>\n\n<\/div>\n<div class=\"wf-cell iso-item category-98\" data-post-id=\"35767\" data-date=\"2007-12-07T19:35:34+00:00\" data-name=\"Sierra del Moncayo y Pe\u00f1as de Herrera\">\n\t<article class=\"post post-35767 type-post status-publish format-standard has-post-thumbnail hentry category-cordilleras-centrales category-98 description-off\">\n\n\t\t\n\t\t\t<div class=\"blog-media wf-td\">\n\n\t\t\t\t<p><a href=\"https:\/\/www.monta\u00f1asdelaluna.es\/?p=35767\" class=\"alignnone rollover layzr-bg\" ><img loading=\"lazy\" decoding=\"async\" class=\"preload-me iso-lazy-load\" src=\"data:image\/svg+xml,%3Csvg%20xmlns%3D&#39;http%3A%2F%2Fwww.w3.org%2F2000%2Fsvg&#39;%20viewBox%3D&#39;0%200%20555%20416&#39;%2F%3E\" data-src=\"https:\/\/www.monta\u00f1asdelaluna.es\/wp-content\/uploads\/2017\/03\/026b-IMG_1101-555x416.jpg\" data-srcset=\"https:\/\/www.monta\u00f1asdelaluna.es\/wp-content\/uploads\/2017\/03\/026b-IMG_1101-555x416.jpg 555w, https:\/\/www.monta\u00f1asdelaluna.es\/wp-content\/uploads\/2017\/03\/026b-IMG_1101-1110x832.jpg 1110w\" alt=\"\" title=\"Bajando de las Pe\u00f1as de Herrera\" width=\"555\" height=\"416\"  \/><\/a><\/p>\n\t\t\t<\/div>\n\n\t\t\n\t\t<div class=\"blog-content wf-td\">\n\t\t\t<h3 class=\"entry-title\"><a href=\"https:\/\/www.monta\u00f1asdelaluna.es\/?p=35767\" title=\"Sierra del Moncayo y Pe\u00f1as de Herrera\" rel=\"bookmark\">Sierra del Moncayo y Pe\u00f1as de Herrera<\/a><\/h3>\n\n\t\t\t<div class=\"entry-meta\"><span class=\"category-link\"><a href=\"https:\/\/www.monta\u00f1asdelaluna.es\/?cat=98\" rel=\"category\">Cordilleras centrales<\/a><\/span><a class=\"author vcard\" href=\"https:\/\/www.monta\u00f1asdelaluna.es\/?author=1\" title=\"Ver todas las publicaciones de Joaquin Terres\" rel=\"author\">Por <span class=\"fn\">Joaquin Terres<\/span><\/a><a href=\"https:\/\/www.monta\u00f1asdelaluna.es\/?m=20071207\" title=\"7:35 pm\" class=\"data-link\" rel=\"bookmark\"><time class=\"entry-date updated\" datetime=\"2007-12-07T19:35:34+00:00\">7 diciembre, 2007<\/time><\/a><a href=\"https:\/\/www.monta\u00f1asdelaluna.es\/?p=35767#respond\" class=\"comment-link\" >Deja un comentario<\/a><\/div><p>[vc_row][vc_column][vc_column_text]Para terminar las actividades del Mes del Monta\u00f1ismo de este a\u00f1o 2.007; en el puente de diciembre decidimos acercarnos a una sierra, no demasiado t\u00e9cnica ni dif\u00edcil para monta\u00f1eros consolidados, pero si famosa, bonita y singular. Justo en la frontera entre Zaragoza y Soria se alza la Sierra del Moncayo (que no el de Guardamar),&hellip;<\/p>\n\n<a href=\"https:\/\/www.monta\u00f1asdelaluna.es\/?p=35767\" class=\"details more-link\" aria-label=\"Read more about Sierra del Moncayo y Pe\u00f1as de Herrera\" rel=\"nofollow\">Detalles<\/a>\n\n\t\t<\/div>\n\n\t<\/article>\n\n<\/div>\n<div class=\"wf-cell iso-item category-34\" data-post-id=\"49178\" data-date=\"2007-08-09T14:37:52+00:00\" data-name=\"9 de agosto, jueves. Campamento de Altura del Huayna Potos\u00ed. Camp Rock (5.130 mts.).\">\n\t<article class=\"post post-49178 type-post status-publish format-standard has-post-thumbnail hentry category-bolivia category-34 description-off\">\n\n\t\t\n\t\t\t<div class=\"blog-media wf-td\">\n\n\t\t\t\t<p><a href=\"https:\/\/www.monta\u00f1asdelaluna.es\/?p=49178\" class=\"alignnone rollover layzr-bg\" ><img loading=\"lazy\" decoding=\"async\" class=\"preload-me iso-lazy-load\" src=\"data:image\/svg+xml,%3Csvg%20xmlns%3D&#39;http%3A%2F%2Fwww.w3.org%2F2000%2Fsvg&#39;%20viewBox%3D&#39;0%200%20555%20416&#39;%2F%3E\" data-src=\"https:\/\/www.monta\u00f1asdelaluna.es\/wp-content\/uploads\/2021\/04\/013A-555x416.jpg\" data-srcset=\"https:\/\/www.monta\u00f1asdelaluna.es\/wp-content\/uploads\/2021\/04\/013A-555x416.jpg 555w, https:\/\/www.monta\u00f1asdelaluna.es\/wp-content\/uploads\/2021\/04\/013A-1110x832.jpg 1110w\" alt=\"\" title=\"En el centro de la imagen donde acaba la roca y comienza la nieve, se ubica Camp Rock. La morrena por donde pasa la senda, abajo a la derecha, el Glaciar Viejo a la izquierda y arriba las antecimas el Huayna Potos\u00ed\" width=\"555\" height=\"416\"  \/><\/a><\/p>\n\t\t\t<\/div>\n\n\t\t\n\t\t<div class=\"blog-content wf-td\">\n\t\t\t<h3 class=\"entry-title\"><a href=\"https:\/\/www.monta\u00f1asdelaluna.es\/?p=49178\" title=\"9 de agosto, jueves. Campamento de Altura del Huayna Potos\u00ed. Camp Rock (5.130 mts.).\" rel=\"bookmark\">9 de agosto, jueves. Campamento de Altura del Huayna Potos\u00ed. Camp Rock (5.130 mts.).<\/a><\/h3>\n\n\t\t\t<div class=\"entry-meta\"><span class=\"category-link\"><a href=\"https:\/\/www.monta\u00f1asdelaluna.es\/?cat=34\" rel=\"category\">Bolivia<\/a><\/span><a class=\"author vcard\" href=\"https:\/\/www.monta\u00f1asdelaluna.es\/?author=1\" title=\"Ver todas las publicaciones de Joaquin Terres\" rel=\"author\">Por <span class=\"fn\">Joaquin Terres<\/span><\/a><a href=\"https:\/\/www.monta\u00f1asdelaluna.es\/?m=20070809\" title=\"2:37 pm\" class=\"data-link\" rel=\"bookmark\"><time class=\"entry-date updated\" datetime=\"2007-08-09T14:37:52+00:00\">9 agosto, 2007<\/time><\/a><a href=\"https:\/\/www.monta\u00f1asdelaluna.es\/?p=49178#respond\" class=\"comment-link\" >Deja un comentario<\/a><\/div><p>[vc_row][vc_column][vc_column_text]De nuevo otro gran d\u00eda de buen tiempo y fr\u00edo amanece en las faldas de una gran monta\u00f1a en este m\u00edstico y encantador pa\u00eds como es Bolivia, en las faldas de este Huayna Potos\u00ed. Parece que hoy el humor ser\u00e1 diferente, los \u00e1nimos ser\u00e1n m\u00e1s latentes y exaltados, la alegr\u00eda y simpat\u00eda intentar\u00e1n ser la&hellip;<\/p>\n\n<a href=\"https:\/\/www.monta\u00f1asdelaluna.es\/?p=49178\" class=\"details more-link\" aria-label=\"Read more about 9 de agosto, jueves. Campamento de Altura del Huayna Potos\u00ed. Camp Rock (5.130 mts.).\" rel=\"nofollow\">Detalles<\/a>\n\n\t\t<\/div>\n\n\t<\/article>\n\n<\/div>\n<div class=\"wf-cell iso-item category-34 category-1\" data-post-id=\"49165\" data-date=\"2007-08-08T07:23:27+00:00\" data-name=\"8 de agosto, mi\u00e9rcoles; Campo Base del Huayna Potos\u00ed\">\n\t<article class=\"post post-49165 type-post status-publish format-standard has-post-thumbnail hentry category-bolivia category-sin-categoria category-34 category-1 description-off\">\n\n\t\t\n\t\t\t<div class=\"blog-media wf-td\">\n\n\t\t\t\t<p><a href=\"https:\/\/www.monta\u00f1asdelaluna.es\/?p=49165\" class=\"alignnone rollover layzr-bg\" ><img loading=\"lazy\" decoding=\"async\" class=\"preload-me iso-lazy-load\" src=\"data:image\/svg+xml,%3Csvg%20xmlns%3D&#39;http%3A%2F%2Fwww.w3.org%2F2000%2Fsvg&#39;%20viewBox%3D&#39;0%200%20555%20416&#39;%2F%3E\" data-src=\"https:\/\/www.monta\u00f1asdelaluna.es\/wp-content\/uploads\/2021\/04\/002A-555x416.jpg\" data-srcset=\"https:\/\/www.monta\u00f1asdelaluna.es\/wp-content\/uploads\/2021\/04\/002A-555x416.jpg 555w, https:\/\/www.monta\u00f1asdelaluna.es\/wp-content\/uploads\/2021\/04\/002A-1110x832.jpg 1110w\" alt=\"\" title=\"El Huayna Potos\u00ed sobre la Laguna Jankho-Khota\" width=\"555\" height=\"416\"  \/><\/a><\/p>\n\t\t\t<\/div>\n\n\t\t\n\t\t<div class=\"blog-content wf-td\">\n\t\t\t<h3 class=\"entry-title\"><a href=\"https:\/\/www.monta\u00f1asdelaluna.es\/?p=49165\" title=\"8 de agosto, mi\u00e9rcoles; Campo Base del Huayna Potos\u00ed\" rel=\"bookmark\">8 de agosto, mi\u00e9rcoles; Campo Base del Huayna Potos\u00ed<\/a><\/h3>\n\n\t\t\t<div class=\"entry-meta\"><span class=\"category-link\"><a href=\"https:\/\/www.monta\u00f1asdelaluna.es\/?cat=34\" rel=\"category\">Bolivia<\/a>, <a href=\"https:\/\/www.monta\u00f1asdelaluna.es\/?cat=1\" rel=\"category\">Sin categor\u00eda<\/a><\/span><a class=\"author vcard\" href=\"https:\/\/www.monta\u00f1asdelaluna.es\/?author=1\" title=\"Ver todas las publicaciones de Joaquin Terres\" rel=\"author\">Por <span class=\"fn\">Joaquin Terres<\/span><\/a><a href=\"https:\/\/www.monta\u00f1asdelaluna.es\/?m=20070808\" title=\"7:23 am\" class=\"data-link\" rel=\"bookmark\"><time class=\"entry-date updated\" datetime=\"2007-08-08T07:23:27+00:00\">8 agosto, 2007<\/time><\/a><a href=\"https:\/\/www.monta\u00f1asdelaluna.es\/?p=49165#respond\" class=\"comment-link\" >Deja un comentario<\/a><\/div><p>[vc_row][vc_column][vc_column_text]Nos levantamos Jes\u00fas y yo. Parece que tenemos algo de resaca, pero anoche fue fenomenal, genial; el peque\u00f1o sufrimiento y mal trago de la resaca vale la pena a cambio de otra noche de risas, alegr\u00eda y juerga como \u00e9sta. Desayunamos solos arriba en el comedor. El resto de los amigos descansan; es su d\u00eda&hellip;<\/p>\n\n<a href=\"https:\/\/www.monta\u00f1asdelaluna.es\/?p=49165\" class=\"details more-link\" aria-label=\"Read more about 8 de agosto, mi\u00e9rcoles; Campo Base del Huayna Potos\u00ed\" rel=\"nofollow\">Detalles<\/a>\n\n\t\t<\/div>\n\n\t<\/article>\n\n<\/div>\n<div class=\"wf-cell iso-item category-34\" data-post-id=\"49052\" data-date=\"2007-08-07T18:56:54+00:00\" data-name=\"7 de agosto, martes; San Cayetano. La Paz.\">\n\t<article class=\"post post-49052 type-post status-publish format-standard has-post-thumbnail hentry category-bolivia category-34 description-off\">\n\n\t\t\n\t\t\t<div class=\"blog-media wf-td\">\n\n\t\t\t\t<p><a href=\"https:\/\/www.monta\u00f1asdelaluna.es\/?p=49052\" class=\"alignnone rollover layzr-bg\" ><img loading=\"lazy\" decoding=\"async\" class=\"preload-me iso-lazy-load\" src=\"data:image\/svg+xml,%3Csvg%20xmlns%3D&#39;http%3A%2F%2Fwww.w3.org%2F2000%2Fsvg&#39;%20viewBox%3D&#39;0%200%20555%20416&#39;%2F%3E\" data-src=\"https:\/\/www.monta\u00f1asdelaluna.es\/wp-content\/uploads\/2021\/04\/272-555x416.jpg\" data-srcset=\"https:\/\/www.monta\u00f1asdelaluna.es\/wp-content\/uploads\/2021\/04\/272-555x416.jpg 555w, https:\/\/www.monta\u00f1asdelaluna.es\/wp-content\/uploads\/2021\/04\/272-1110x832.jpg 1110w\" alt=\"\" title=\"El Nevado Sajama, la monta\u00f1a m\u00e1s alta de Bolivia\" width=\"555\" height=\"416\"  \/><\/a><\/p>\n\t\t\t<\/div>\n\n\t\t\n\t\t<div class=\"blog-content wf-td\">\n\t\t\t<h3 class=\"entry-title\"><a href=\"https:\/\/www.monta\u00f1asdelaluna.es\/?p=49052\" title=\"7 de agosto, martes; San Cayetano. La Paz.\" rel=\"bookmark\">7 de agosto, martes; San Cayetano. La Paz.<\/a><\/h3>\n\n\t\t\t<div class=\"entry-meta\"><span class=\"category-link\"><a href=\"https:\/\/www.monta\u00f1asdelaluna.es\/?cat=34\" rel=\"category\">Bolivia<\/a><\/span><a class=\"author vcard\" href=\"https:\/\/www.monta\u00f1asdelaluna.es\/?author=1\" title=\"Ver todas las publicaciones de Joaquin Terres\" rel=\"author\">Por <span class=\"fn\">Joaquin Terres<\/span><\/a><a href=\"https:\/\/www.monta\u00f1asdelaluna.es\/?m=20070807\" title=\"6:56 pm\" class=\"data-link\" rel=\"bookmark\"><time class=\"entry-date updated\" datetime=\"2007-08-07T18:56:54+00:00\">7 agosto, 2007<\/time><\/a><a href=\"https:\/\/www.monta\u00f1asdelaluna.es\/?p=49052#respond\" class=\"comment-link\" >Deja un comentario<\/a><\/div><p>[vc_row][vc_column][vc_column_text]Otro d\u00eda m\u00e1s en nuestro fabuloso campo base en La Paz, el Hotel Se\u00f1orial Montero. Los planes han cambiado, se ha anulado la actividad del Sajama y decidimos otras alternativas que pasan por la ascensi\u00f3n de otro pico que supera los seis mil metros para que Quique e Infi puedan hacer su seismil en Bolivia,&hellip;<\/p>\n\n<a href=\"https:\/\/www.monta\u00f1asdelaluna.es\/?p=49052\" class=\"details more-link\" aria-label=\"Read more about 7 de agosto, martes; San Cayetano. La Paz.\" rel=\"nofollow\">Detalles<\/a>\n\n\t\t<\/div>\n\n\t<\/article>\n\n<\/div>\n<div class=\"wf-cell iso-item category-34\" data-post-id=\"49017\" data-date=\"2007-08-06T14:24:07+00:00\" data-name=\"6 de agosto, lunes. D\u00eda de la Independencia de Bolivia. Fiesta Nacional.\">\n\t<article class=\"post post-49017 type-post status-publish format-standard has-post-thumbnail hentry category-bolivia category-34 description-off\">\n\n\t\t\n\t\t\t<div class=\"blog-media wf-td\">\n\n\t\t\t\t<p><a href=\"https:\/\/www.monta\u00f1asdelaluna.es\/?p=49017\" class=\"alignnone rollover layzr-bg\" ><img loading=\"lazy\" decoding=\"async\" class=\"preload-me iso-lazy-load\" src=\"data:image\/svg+xml,%3Csvg%20xmlns%3D&#39;http%3A%2F%2Fwww.w3.org%2F2000%2Fsvg&#39;%20viewBox%3D&#39;0%200%20555%20370&#39;%2F%3E\" data-src=\"https:\/\/www.monta\u00f1asdelaluna.es\/wp-content\/uploads\/2020\/02\/239B-555x370.jpg\" data-srcset=\"https:\/\/www.monta\u00f1asdelaluna.es\/wp-content\/uploads\/2020\/02\/239B-555x370.jpg 555w, https:\/\/www.monta\u00f1asdelaluna.es\/wp-content\/uploads\/2020\/02\/239B-1110x740.jpg 1110w\" alt=\"\" title=\"El Illimani desde las afueras de Bolivia\" width=\"555\" height=\"370\"  \/><\/a><\/p>\n\t\t\t<\/div>\n\n\t\t\n\t\t<div class=\"blog-content wf-td\">\n\t\t\t<h3 class=\"entry-title\"><a href=\"https:\/\/www.monta\u00f1asdelaluna.es\/?p=49017\" title=\"6 de agosto, lunes. D\u00eda de la Independencia de Bolivia. Fiesta Nacional.\" rel=\"bookmark\">6 de agosto, lunes. D\u00eda de la Independencia de Bolivia. Fiesta Nacional.<\/a><\/h3>\n\n\t\t\t<div class=\"entry-meta\"><span class=\"category-link\"><a href=\"https:\/\/www.monta\u00f1asdelaluna.es\/?cat=34\" rel=\"category\">Bolivia<\/a><\/span><a class=\"author vcard\" href=\"https:\/\/www.monta\u00f1asdelaluna.es\/?author=1\" title=\"Ver todas las publicaciones de Joaquin Terres\" rel=\"author\">Por <span class=\"fn\">Joaquin Terres<\/span><\/a><a href=\"https:\/\/www.monta\u00f1asdelaluna.es\/?m=20070806\" title=\"2:24 pm\" class=\"data-link\" rel=\"bookmark\"><time class=\"entry-date updated\" datetime=\"2007-08-06T14:24:07+00:00\">6 agosto, 2007<\/time><\/a><a href=\"https:\/\/www.monta\u00f1asdelaluna.es\/?p=49017#respond\" class=\"comment-link\" >Deja un comentario<\/a><\/div><p>[vc_row][vc_column][vc_column_text]Nos levantamos poco antes de las 08,30 de la ma\u00f1ana. Hemos estado durmiendo casi 12 horas seguidas entre que nos acost\u00e1bamos y nos qued\u00e1bamos durmiendo en aquellas duras camas. Bajamos a desayunar y comenzar a preparar los paquetes, equipajes, mochilas para la vuelta a La Paz. El d\u00eda se despierta de nuevo grandioso, soleado, incre\u00edble.&hellip;<\/p>\n\n<a href=\"https:\/\/www.monta\u00f1asdelaluna.es\/?p=49017\" class=\"details more-link\" aria-label=\"Read more about 6 de agosto, lunes. D\u00eda de la Independencia de Bolivia. Fiesta Nacional.\" rel=\"nofollow\">Detalles<\/a>\n\n\t\t<\/div>\n\n\t<\/article>\n\n<\/div>\n<div class=\"wf-cell iso-item category-34\" data-post-id=\"41831\" data-date=\"2007-08-05T20:20:10+00:00\" data-name=\"5 de agosto, domingo. Illimani, 6.462 mts.\">\n\t<article class=\"post post-41831 type-post status-publish format-standard has-post-thumbnail hentry category-bolivia category-34 description-off\">\n\n\t\t\n\t\t\t<div class=\"blog-media wf-td\">\n\n\t\t\t\t<p><a href=\"https:\/\/www.monta\u00f1asdelaluna.es\/?p=41831\" class=\"alignnone rollover layzr-bg\" ><img loading=\"lazy\" decoding=\"async\" class=\"preload-me iso-lazy-load\" src=\"data:image\/svg+xml,%3Csvg%20xmlns%3D&#39;http%3A%2F%2Fwww.w3.org%2F2000%2Fsvg&#39;%20viewBox%3D&#39;0%200%20555%20370&#39;%2F%3E\" data-src=\"https:\/\/www.monta\u00f1asdelaluna.es\/wp-content\/uploads\/2020\/02\/la-cima-del-illimani-a-la-derecha-se-observa-el-recorridode-subida-por-los-lomos-del-glaciar-555x370.jpg\" data-srcset=\"https:\/\/www.monta\u00f1asdelaluna.es\/wp-content\/uploads\/2020\/02\/la-cima-del-illimani-a-la-derecha-se-observa-el-recorridode-subida-por-los-lomos-del-glaciar-555x370.jpg 555w, https:\/\/www.monta\u00f1asdelaluna.es\/wp-content\/uploads\/2020\/02\/la-cima-del-illimani-a-la-derecha-se-observa-el-recorridode-subida-por-los-lomos-del-glaciar-1110x740.jpg 1110w\" alt=\"\" title=\"La cima del Illimani a la derecha, se observa el recorridode subida por los lomos del glaciar\" width=\"555\" height=\"370\"  \/><\/a><\/p>\n\t\t\t<\/div>\n\n\t\t\n\t\t<div class=\"blog-content wf-td\">\n\t\t\t<h3 class=\"entry-title\"><a href=\"https:\/\/www.monta\u00f1asdelaluna.es\/?p=41831\" title=\"5 de agosto, domingo. Illimani, 6.462 mts.\" rel=\"bookmark\">5 de agosto, domingo. Illimani, 6.462 mts.<\/a><\/h3>\n\n\t\t\t<div class=\"entry-meta\"><span class=\"category-link\"><a href=\"https:\/\/www.monta\u00f1asdelaluna.es\/?cat=34\" rel=\"category\">Bolivia<\/a><\/span><a class=\"author vcard\" href=\"https:\/\/www.monta\u00f1asdelaluna.es\/?author=1\" title=\"Ver todas las publicaciones de Joaquin Terres\" rel=\"author\">Por <span class=\"fn\">Joaquin Terres<\/span><\/a><a href=\"https:\/\/www.monta\u00f1asdelaluna.es\/?m=20070805\" title=\"8:20 pm\" class=\"data-link\" rel=\"bookmark\"><time class=\"entry-date updated\" datetime=\"2007-08-05T20:20:10+00:00\">5 agosto, 2007<\/time><\/a><a href=\"https:\/\/www.monta\u00f1asdelaluna.es\/?p=41831#respond\" class=\"comment-link\" >Deja un comentario<\/a><\/div><p>[vc_row][vc_column][vc_column_text]Hoy es el d\u00eda elegido. D\u00eda de ataque; d\u00eda de cumbre; d\u00eda de \u00e9xito y culminaci\u00f3n de un objetivo, de un sue\u00f1o, de un desaf\u00edo\u2026 Madrugamos como habitualmente se hace en la alta monta\u00f1a y nos levantamos a eso de la 1\u201930 de la ma\u00f1ana. Casi en silencio nos vestimos y preparamos como si de&hellip;<\/p>\n\n<a href=\"https:\/\/www.monta\u00f1asdelaluna.es\/?p=41831\" class=\"details more-link\" aria-label=\"Read more about 5 de agosto, domingo. Illimani, 6.462 mts.\" rel=\"nofollow\">Detalles<\/a>\n\n\t\t<\/div>\n\n\t<\/article>\n\n<\/div>\n<div class=\"wf-cell iso-item category-34\" data-post-id=\"41780\" data-date=\"2007-08-04T19:44:41+00:00\" data-name=\"4 de agosto, s\u00e1bado. Subida a Nido de C\u00f3ndores (5.500 mts.)\">\n\t<article class=\"post post-41780 type-post status-publish format-standard has-post-thumbnail hentry category-bolivia category-34 description-off\">\n\n\t\t\n\t\t\t<div class=\"blog-media wf-td\">\n\n\t\t\t\t<p><a href=\"https:\/\/www.monta\u00f1asdelaluna.es\/?p=41780\" class=\"alignnone rollover layzr-bg\" ><img loading=\"lazy\" decoding=\"async\" class=\"preload-me iso-lazy-load\" src=\"data:image\/svg+xml,%3Csvg%20xmlns%3D&#39;http%3A%2F%2Fwww.w3.org%2F2000%2Fsvg&#39;%20viewBox%3D&#39;0%200%20555%20370&#39;%2F%3E\" data-src=\"https:\/\/www.monta\u00f1asdelaluna.es\/wp-content\/uploads\/2020\/02\/jesus-en-nido-de-condores-5-500-mts-555x370.jpg\" data-srcset=\"https:\/\/www.monta\u00f1asdelaluna.es\/wp-content\/uploads\/2020\/02\/jesus-en-nido-de-condores-5-500-mts-555x370.jpg 555w, https:\/\/www.monta\u00f1asdelaluna.es\/wp-content\/uploads\/2020\/02\/jesus-en-nido-de-condores-5-500-mts-1110x740.jpg 1110w\" alt=\"\" title=\"Jes\u00fas en Nido de C\u00f3ndores, 5.500 mts.\" width=\"555\" height=\"370\"  \/><\/a><\/p>\n\t\t\t<\/div>\n\n\t\t\n\t\t<div class=\"blog-content wf-td\">\n\t\t\t<h3 class=\"entry-title\"><a href=\"https:\/\/www.monta\u00f1asdelaluna.es\/?p=41780\" title=\"4 de agosto, s\u00e1bado. Subida a Nido de C\u00f3ndores (5.500 mts.)\" rel=\"bookmark\">4 de agosto, s\u00e1bado. Subida a Nido de C\u00f3ndores (5.500 mts.)<\/a><\/h3>\n\n\t\t\t<div class=\"entry-meta\"><span class=\"category-link\"><a href=\"https:\/\/www.monta\u00f1asdelaluna.es\/?cat=34\" rel=\"category\">Bolivia<\/a><\/span><a class=\"author vcard\" href=\"https:\/\/www.monta\u00f1asdelaluna.es\/?author=1\" title=\"Ver todas las publicaciones de Joaquin Terres\" rel=\"author\">Por <span class=\"fn\">Joaquin Terres<\/span><\/a><a href=\"https:\/\/www.monta\u00f1asdelaluna.es\/?m=20070804\" title=\"7:44 pm\" class=\"data-link\" rel=\"bookmark\"><time class=\"entry-date updated\" datetime=\"2007-08-04T19:44:41+00:00\">4 agosto, 2007<\/time><\/a><a href=\"https:\/\/www.monta\u00f1asdelaluna.es\/?p=41780#respond\" class=\"comment-link\" >Deja un comentario<\/a><\/div><p>[vc_row][vc_column][vc_column_text]Nos despertamos sobre las 8 de la ma\u00f1ana. Todo un lujo. La ma\u00f1ana se presenta soleada pero fr\u00eda, sin nubes a la vista. Y de nuevo la magn\u00edfica visi\u00f3n de la monta\u00f1a a conquistar. Imponente y contrastado colorido de tierras marrones de diferentes tonos, con el blanco inmaculado de glaciares y nieves encaramados entre sus&hellip;<\/p>\n\n<a href=\"https:\/\/www.monta\u00f1asdelaluna.es\/?p=41780\" class=\"details more-link\" aria-label=\"Read more about 4 de agosto, s\u00e1bado. Subida a Nido de C\u00f3ndores (5.500 mts.)\" rel=\"nofollow\">Detalles<\/a>\n\n\t\t<\/div>\n\n\t<\/article>\n\n<\/div>\n<div class=\"wf-cell iso-item category-34\" data-post-id=\"41763\" data-date=\"2007-08-03T20:09:45+00:00\" data-name=\"3 de agosto, viernes. Pinaya y Puente Roto. Camino del Illimani\">\n\t<article class=\"post post-41763 type-post status-publish format-standard has-post-thumbnail hentry category-bolivia category-34 description-off\">\n\n\t\t\n\t\t\t<div class=\"blog-media wf-td\">\n\n\t\t\t\t<p><a href=\"https:\/\/www.monta\u00f1asdelaluna.es\/?p=41763\" class=\"alignnone rollover layzr-bg\" ><img loading=\"lazy\" decoding=\"async\" class=\"preload-me iso-lazy-load\" src=\"data:image\/svg+xml,%3Csvg%20xmlns%3D&#39;http%3A%2F%2Fwww.w3.org%2F2000%2Fsvg&#39;%20viewBox%3D&#39;0%200%20555%20416&#39;%2F%3E\" data-src=\"https:\/\/www.monta\u00f1asdelaluna.es\/wp-content\/uploads\/2016\/03\/062-555x416.jpg\" data-srcset=\"https:\/\/www.monta\u00f1asdelaluna.es\/wp-content\/uploads\/2016\/03\/062-555x416.jpg 555w, https:\/\/www.monta\u00f1asdelaluna.es\/wp-content\/uploads\/2016\/03\/062-1110x832.jpg 1110w\" alt=\"\" title=\"Al fondo el Illimani desde La Paz\" width=\"555\" height=\"416\"  \/><\/a><\/p>\n\t\t\t<\/div>\n\n\t\t\n\t\t<div class=\"blog-content wf-td\">\n\t\t\t<h3 class=\"entry-title\"><a href=\"https:\/\/www.monta\u00f1asdelaluna.es\/?p=41763\" title=\"3 de agosto, viernes. Pinaya y Puente Roto. Camino del Illimani\" rel=\"bookmark\">3 de agosto, viernes. Pinaya y Puente Roto. Camino del Illimani<\/a><\/h3>\n\n\t\t\t<div class=\"entry-meta\"><span class=\"category-link\"><a href=\"https:\/\/www.monta\u00f1asdelaluna.es\/?cat=34\" rel=\"category\">Bolivia<\/a><\/span><a class=\"author vcard\" href=\"https:\/\/www.monta\u00f1asdelaluna.es\/?author=1\" title=\"Ver todas las publicaciones de Joaquin Terres\" rel=\"author\">Por <span class=\"fn\">Joaquin Terres<\/span><\/a><a href=\"https:\/\/www.monta\u00f1asdelaluna.es\/?m=20070803\" title=\"8:09 pm\" class=\"data-link\" rel=\"bookmark\"><time class=\"entry-date updated\" datetime=\"2007-08-03T20:09:45+00:00\">3 agosto, 2007<\/time><\/a><a href=\"https:\/\/www.monta\u00f1asdelaluna.es\/?p=41763#respond\" class=\"comment-link\" >Deja un comentario<\/a><\/div><p>[vc_row][vc_column][vc_column_text]Nos despedimos de nuestros compa\u00f1eros que marchan temprano hacia Sajama. Nosotros, Jes\u00fas y yo, ya hemos hecho las maletas, hemos dejado parte del equipaje en consigna en el hotel y nos llevamos las mochilas de traves\u00eda y de ataque, junto con la tienda, para subirlas al Illimani. La expedici\u00f3n y compa\u00f1eros somos tan vers\u00e1tiles que&hellip;<\/p>\n\n<a href=\"https:\/\/www.monta\u00f1asdelaluna.es\/?p=41763\" class=\"details more-link\" aria-label=\"Read more about 3 de agosto, viernes. Pinaya y Puente Roto. Camino del Illimani\" rel=\"nofollow\">Detalles<\/a>\n\n\t\t<\/div>\n\n\t<\/article>\n\n<\/div>\n<div class=\"wf-cell iso-item category-34\" data-post-id=\"41713\" data-date=\"2007-08-02T08:18:06+00:00\" data-name=\"2 de agosto, jueves. La Paz. D\u00eda del Indio\">\n\t<article class=\"post post-41713 type-post status-publish format-standard has-post-thumbnail hentry category-bolivia category-34 description-off\">\n\n\t\t\n\t\t\t<div class=\"blog-media wf-td\">\n\n\t\t\t\t<p><a href=\"https:\/\/www.monta\u00f1asdelaluna.es\/?p=41713\" class=\"alignnone rollover layzr-bg\" ><img loading=\"lazy\" decoding=\"async\" class=\"preload-me iso-lazy-load\" src=\"data:image\/svg+xml,%3Csvg%20xmlns%3D&#39;http%3A%2F%2Fwww.w3.org%2F2000%2Fsvg&#39;%20viewBox%3D&#39;0%200%20555%20416&#39;%2F%3E\" data-src=\"https:\/\/www.monta\u00f1asdelaluna.es\/wp-content\/uploads\/2016\/03\/055-555x416.jpg\" data-srcset=\"https:\/\/www.monta\u00f1asdelaluna.es\/wp-content\/uploads\/2016\/03\/055-555x416.jpg 555w, https:\/\/www.monta\u00f1asdelaluna.es\/wp-content\/uploads\/2016\/03\/055-1110x832.jpg 1110w\" alt=\"\" title=\"Mercados de La Paz, Mercado de Las Brujas. Frutos secos y fruta deshidratada\" width=\"555\" height=\"416\"  \/><\/a><\/p>\n\t\t\t<\/div>\n\n\t\t\n\t\t<div class=\"blog-content wf-td\">\n\t\t\t<h3 class=\"entry-title\"><a href=\"https:\/\/www.monta\u00f1asdelaluna.es\/?p=41713\" title=\"2 de agosto, jueves. La Paz. D\u00eda del Indio\" rel=\"bookmark\">2 de agosto, jueves. La Paz. D\u00eda del Indio<\/a><\/h3>\n\n\t\t\t<div class=\"entry-meta\"><span class=\"category-link\"><a href=\"https:\/\/www.monta\u00f1asdelaluna.es\/?cat=34\" rel=\"category\">Bolivia<\/a><\/span><a class=\"author vcard\" href=\"https:\/\/www.monta\u00f1asdelaluna.es\/?author=1\" title=\"Ver todas las publicaciones de Joaquin Terres\" rel=\"author\">Por <span class=\"fn\">Joaquin Terres<\/span><\/a><a href=\"https:\/\/www.monta\u00f1asdelaluna.es\/?m=20070802\" title=\"8:18 am\" class=\"data-link\" rel=\"bookmark\"><time class=\"entry-date updated\" datetime=\"2007-08-02T08:18:06+00:00\">2 agosto, 2007<\/time><\/a><a href=\"https:\/\/www.monta\u00f1asdelaluna.es\/?p=41713#respond\" class=\"comment-link\" >Deja un comentario<\/a><\/div><p>[vc_row][vc_column][vc_column_text]Hoy es nuestro d\u00eda de descanso en La Paz entre \u201cmonta\u00f1a y monta\u00f1a\u201d. Es bueno tomarse este d\u00eda para que el cuerpo, f\u00edsicamente, se pueda relajar y descansar; y m\u00e1s si las monta\u00f1as son grandes monta\u00f1as. Como por costumbre nos levantamos temprano y subimos al fabuloso comedor de la parte alta del hotel a desayunar.&hellip;<\/p>\n\n<a href=\"https:\/\/www.monta\u00f1asdelaluna.es\/?p=41713\" class=\"details more-link\" aria-label=\"Read more about 2 de agosto, jueves. La Paz. D\u00eda del Indio\" rel=\"nofollow\">Detalles<\/a>\n\n\t\t<\/div>\n\n\t<\/article>\n\n<\/div>\n<div class=\"wf-cell iso-item category-34\" data-post-id=\"38038\" data-date=\"2007-08-01T10:38:54+00:00\" data-name=\"1 de agosto, mi\u00e9rcoles. Regreso a La Paz\">\n\t<article class=\"post post-38038 type-post status-publish format-standard has-post-thumbnail hentry category-bolivia category-34 description-off\">\n\n\t\t\n\t\t\t<div class=\"blog-media wf-td\">\n\n\t\t\t\t<p><a href=\"https:\/\/www.monta\u00f1asdelaluna.es\/?p=38038\" class=\"alignnone rollover layzr-bg\" ><img loading=\"lazy\" decoding=\"async\" class=\"preload-me iso-lazy-load\" src=\"data:image\/svg+xml,%3Csvg%20xmlns%3D&#39;http%3A%2F%2Fwww.w3.org%2F2000%2Fsvg&#39;%20viewBox%3D&#39;0%200%20555%20416&#39;%2F%3E\" data-src=\"https:\/\/www.monta\u00f1asdelaluna.es\/wp-content\/uploads\/2016\/06\/109-555x416.jpg\" data-srcset=\"https:\/\/www.monta\u00f1asdelaluna.es\/wp-content\/uploads\/2016\/06\/109-555x416.jpg 555w, https:\/\/www.monta\u00f1asdelaluna.es\/wp-content\/uploads\/2016\/06\/109-1110x832.jpg 1110w\" alt=\"\" title=\"De izquierda a derecha: Pico Woyming, Tarija (y glaciar), Pir\u00e1mide Blanca, Aguja Negra, abajo la Laguna Negra\" width=\"555\" height=\"416\"  \/><\/a><\/p>\n\t\t\t<\/div>\n\n\t\t\n\t\t<div class=\"blog-content wf-td\">\n\t\t\t<h3 class=\"entry-title\"><a href=\"https:\/\/www.monta\u00f1asdelaluna.es\/?p=38038\" title=\"1 de agosto, mi\u00e9rcoles. Regreso a La Paz\" rel=\"bookmark\">1 de agosto, mi\u00e9rcoles. Regreso a La Paz<\/a><\/h3>\n\n\t\t\t<div class=\"entry-meta\"><span class=\"category-link\"><a href=\"https:\/\/www.monta\u00f1asdelaluna.es\/?cat=34\" rel=\"category\">Bolivia<\/a><\/span><a class=\"author vcard\" href=\"https:\/\/www.monta\u00f1asdelaluna.es\/?author=1\" title=\"Ver todas las publicaciones de Joaquin Terres\" rel=\"author\">Por <span class=\"fn\">Joaquin Terres<\/span><\/a><a href=\"https:\/\/www.monta\u00f1asdelaluna.es\/?m=20070801\" title=\"10:38 am\" class=\"data-link\" rel=\"bookmark\"><time class=\"entry-date updated\" datetime=\"2007-08-01T10:38:54+00:00\">1 agosto, 2007<\/time><\/a><a href=\"https:\/\/www.monta\u00f1asdelaluna.es\/?p=38038#respond\" class=\"comment-link\" >Deja un comentario<\/a><\/div><p>[vc_row][vc_column][vc_column_text]Nos levantamos muy temprano, antes de las siete. Estas noches son extraordinarias, ya que nos solemos ir a dormir cuando se mete el sol, sin otro compromiso, distracci\u00f3n, placer u obligaci\u00f3n que el dormir. Y te levantas con ganas de recorrerte el Mundo despu\u00e9s de dormir de un tir\u00f3n en tu calentito saco de plumas.&hellip;<\/p>\n\n<a href=\"https:\/\/www.monta\u00f1asdelaluna.es\/?p=38038\" class=\"details more-link\" aria-label=\"Read more about 1 de agosto, mi\u00e9rcoles. Regreso a La Paz\" rel=\"nofollow\">Detalles<\/a>\n\n\t\t<\/div>\n\n\t<\/article>\n\n<\/div>\n<div class=\"wf-cell iso-item category-34\" data-post-id=\"38034\" data-date=\"2007-07-31T10:24:55+00:00\" data-name=\"31 de julio, martes. Descanso\">\n\t<article class=\"post post-38034 type-post status-publish format-standard has-post-thumbnail hentry category-bolivia category-34 description-off\">\n\n\t\t\n\t\t\t<div class=\"blog-media wf-td\">\n\n\t\t\t\t<p><a href=\"https:\/\/www.monta\u00f1asdelaluna.es\/?p=38034\" class=\"alignnone rollover layzr-bg\" ><img loading=\"lazy\" decoding=\"async\" class=\"preload-me iso-lazy-load\" src=\"data:image\/svg+xml,%3Csvg%20xmlns%3D&#39;http%3A%2F%2Fwww.w3.org%2F2000%2Fsvg&#39;%20viewBox%3D&#39;0%200%20555%20416&#39;%2F%3E\" data-src=\"https:\/\/www.monta\u00f1asdelaluna.es\/wp-content\/uploads\/2016\/06\/102-555x416.jpg\" data-srcset=\"https:\/\/www.monta\u00f1asdelaluna.es\/wp-content\/uploads\/2016\/06\/102-555x416.jpg 555w, https:\/\/www.monta\u00f1asdelaluna.es\/wp-content\/uploads\/2016\/06\/102-1110x832.jpg 1110w\" alt=\"\" title=\"Joaqu\u00edn, Javi y Zaida haciendo estiramientos\" width=\"555\" height=\"416\"  \/><\/a><\/p>\n\t\t\t<\/div>\n\n\t\t\n\t\t<div class=\"blog-content wf-td\">\n\t\t\t<h3 class=\"entry-title\"><a href=\"https:\/\/www.monta\u00f1asdelaluna.es\/?p=38034\" title=\"31 de julio, martes. Descanso\" rel=\"bookmark\">31 de julio, martes. Descanso<\/a><\/h3>\n\n\t\t\t<div class=\"entry-meta\"><span class=\"category-link\"><a href=\"https:\/\/www.monta\u00f1asdelaluna.es\/?cat=34\" rel=\"category\">Bolivia<\/a><\/span><a class=\"author vcard\" href=\"https:\/\/www.monta\u00f1asdelaluna.es\/?author=1\" title=\"Ver todas las publicaciones de Joaquin Terres\" rel=\"author\">Por <span class=\"fn\">Joaquin Terres<\/span><\/a><a href=\"https:\/\/www.monta\u00f1asdelaluna.es\/?m=20070731\" title=\"10:24 am\" class=\"data-link\" rel=\"bookmark\"><time class=\"entry-date updated\" datetime=\"2007-07-31T10:24:55+00:00\">31 julio, 2007<\/time><\/a><a href=\"https:\/\/www.monta\u00f1asdelaluna.es\/?p=38034#respond\" class=\"comment-link\" >Deja un comentario<\/a><\/div><p>[vc_row][vc_column][vc_column_text]Ya nos queda poco tiempo en Condoriri. Los d\u00edas en estas extraordinarias monta\u00f1as est\u00e1n contados y llegan a su fin. Pero con la alegr\u00eda y satisfacci\u00f3n de haber conseguido una gran proeza, una gran monta\u00f1a y una incre\u00edble experiencia con el Peque\u00f1o Alpamayo. Recordando que la monta\u00f1a no es solo altura, rocas y hielo. Nos&hellip;<\/p>\n\n<a href=\"https:\/\/www.monta\u00f1asdelaluna.es\/?p=38034\" class=\"details more-link\" aria-label=\"Read more about 31 de julio, martes. Descanso\" rel=\"nofollow\">Detalles<\/a>\n\n\t\t<\/div>\n\n\t<\/article>\n\n<\/div>\n<div class=\"wf-cell iso-item category-34\" data-post-id=\"38025\" data-date=\"2007-07-30T08:37:24+00:00\" data-name=\"30 de julio, lunes. Peque\u00f1o Alpamayo, 5.370 mts.\">\n\t<article class=\"post post-38025 type-post status-publish format-standard has-post-thumbnail hentry category-bolivia category-34 description-off\">\n\n\t\t\n\t\t\t<div class=\"blog-media wf-td\">\n\n\t\t\t\t<p><a href=\"https:\/\/www.monta\u00f1asdelaluna.es\/?p=38025\" class=\"alignnone rollover layzr-bg\" ><img loading=\"lazy\" decoding=\"async\" class=\"preload-me iso-lazy-load\" src=\"data:image\/svg+xml,%3Csvg%20xmlns%3D&#39;http%3A%2F%2Fwww.w3.org%2F2000%2Fsvg&#39;%20viewBox%3D&#39;0%200%20555%20370&#39;%2F%3E\" data-src=\"https:\/\/www.monta\u00f1asdelaluna.es\/wp-content\/uploads\/2016\/06\/092-555x370.jpg\" data-srcset=\"https:\/\/www.monta\u00f1asdelaluna.es\/wp-content\/uploads\/2016\/06\/092-555x370.jpg 555w, https:\/\/www.monta\u00f1asdelaluna.es\/wp-content\/uploads\/2016\/06\/092-1110x740.jpg 1110w\" alt=\"\" title=\"La Cordillera Real se adentra en el Mar del Nubes hacia el este\" width=\"555\" height=\"370\"  \/><\/a><\/p>\n\t\t\t<\/div>\n\n\t\t\n\t\t<div class=\"blog-content wf-td\">\n\t\t\t<h3 class=\"entry-title\"><a href=\"https:\/\/www.monta\u00f1asdelaluna.es\/?p=38025\" title=\"30 de julio, lunes. Peque\u00f1o Alpamayo, 5.370 mts.\" rel=\"bookmark\">30 de julio, lunes. Peque\u00f1o Alpamayo, 5.370 mts.<\/a><\/h3>\n\n\t\t\t<div class=\"entry-meta\"><span class=\"category-link\"><a href=\"https:\/\/www.monta\u00f1asdelaluna.es\/?cat=34\" rel=\"category\">Bolivia<\/a><\/span><a class=\"author vcard\" href=\"https:\/\/www.monta\u00f1asdelaluna.es\/?author=1\" title=\"Ver todas las publicaciones de Joaquin Terres\" rel=\"author\">Por <span class=\"fn\">Joaquin Terres<\/span><\/a><a href=\"https:\/\/www.monta\u00f1asdelaluna.es\/?m=20070730\" title=\"8:37 am\" class=\"data-link\" rel=\"bookmark\"><time class=\"entry-date updated\" datetime=\"2007-07-30T08:37:24+00:00\">30 julio, 2007<\/time><\/a><a href=\"https:\/\/www.monta\u00f1asdelaluna.es\/?p=38025#respond\" class=\"comment-link\" >Deja un comentario<\/a><\/div><p>[vc_row][vc_column][vc_column_text]Hoy es el gran d\u00eda en Condoriri para subir el picudo y elegante Peque\u00f1o Alpamayo. No s\u00e9 si llegaremos a conquistar su cumbre, pero con el gran equipo que vamos, las esperanzas son enormes. Hoy debemos de cargar con todo el equipo: el acostumbrado m\u00e1s el arn\u00e9s, cuerda, mosquetones, cintas\u2026 todo. No hay que escatimar&hellip;<\/p>\n\n<a href=\"https:\/\/www.monta\u00f1asdelaluna.es\/?p=38025\" class=\"details more-link\" aria-label=\"Read more about 30 de julio, lunes. Peque\u00f1o Alpamayo, 5.370 mts.\" rel=\"nofollow\">Detalles<\/a>\n\n\t\t<\/div>\n\n\t<\/article>\n\n<\/div>\n<div class=\"wf-cell iso-item category-34\" data-post-id=\"34531\" data-date=\"2007-07-29T17:52:38+00:00\" data-name=\"29 de julio, domingo. Pr\u00e1cticas\">\n\t<article class=\"post post-34531 type-post status-publish format-standard has-post-thumbnail hentry category-bolivia category-34 description-off\">\n\n\t\t\n\t\t\t<div class=\"blog-media wf-td\">\n\n\t\t\t\t<p><a href=\"https:\/\/www.monta\u00f1asdelaluna.es\/?p=34531\" class=\"alignnone rollover layzr-bg\" ><img loading=\"lazy\" decoding=\"async\" class=\"preload-me iso-lazy-load\" src=\"data:image\/svg+xml,%3Csvg%20xmlns%3D&#39;http%3A%2F%2Fwww.w3.org%2F2000%2Fsvg&#39;%20viewBox%3D&#39;0%200%20555%20416&#39;%2F%3E\" data-src=\"https:\/\/www.monta\u00f1asdelaluna.es\/wp-content\/uploads\/2016\/06\/046-555x416.jpg\" data-srcset=\"https:\/\/www.monta\u00f1asdelaluna.es\/wp-content\/uploads\/2016\/06\/046-555x416.jpg 555w, https:\/\/www.monta\u00f1asdelaluna.es\/wp-content\/uploads\/2016\/06\/046-1110x832.jpg 1110w\" alt=\"\" title=\"Pr\u00e1cticas en el Glaciar del Tarija, de izquierda a derecha: Gemma, Joaqu\u00edn, Ballester y Jes\u00fas\" width=\"555\" height=\"416\"  \/><\/a><\/p>\n\t\t\t<\/div>\n\n\t\t\n\t\t<div class=\"blog-content wf-td\">\n\t\t\t<h3 class=\"entry-title\"><a href=\"https:\/\/www.monta\u00f1asdelaluna.es\/?p=34531\" title=\"29 de julio, domingo. Pr\u00e1cticas\" rel=\"bookmark\">29 de julio, domingo. Pr\u00e1cticas<\/a><\/h3>\n\n\t\t\t<div class=\"entry-meta\"><span class=\"category-link\"><a href=\"https:\/\/www.monta\u00f1asdelaluna.es\/?cat=34\" rel=\"category\">Bolivia<\/a><\/span><a class=\"author vcard\" href=\"https:\/\/www.monta\u00f1asdelaluna.es\/?author=1\" title=\"Ver todas las publicaciones de Joaquin Terres\" rel=\"author\">Por <span class=\"fn\">Joaquin Terres<\/span><\/a><a href=\"https:\/\/www.monta\u00f1asdelaluna.es\/?m=20070729\" title=\"5:52 pm\" class=\"data-link\" rel=\"bookmark\"><time class=\"entry-date updated\" datetime=\"2007-07-29T17:52:38+00:00\">29 julio, 2007<\/time><\/a><a href=\"https:\/\/www.monta\u00f1asdelaluna.es\/?p=34531#respond\" class=\"comment-link\" >Deja un comentario<\/a><\/div><p>[vc_row][vc_column][vc_column_text]Descansamos sin despertador ni horario. Nos despertamos son madrugar. La aclimataci\u00f3n est\u00e1 siendo efectiva y paulatina. Sin sobreesfuerzos, sin estrictos horarios\u2026 y eso se ver\u00e1 reflejado en el resultado. Sacamos y ordenamos el equipo y ropa t\u00e9cnica. Hoy, en este d\u00eda de descanso, aprovecharemos para hacer las pr\u00e1cticas como y acordamos ayer: nos acercamos al&hellip;<\/p>\n\n<a href=\"https:\/\/www.monta\u00f1asdelaluna.es\/?p=34531\" class=\"details more-link\" aria-label=\"Read more about 29 de julio, domingo. Pr\u00e1cticas\" rel=\"nofollow\">Detalles<\/a>\n\n\t\t<\/div>\n\n\t<\/article>\n\n<\/div>\n<div class=\"wf-cell iso-item category-34\" data-post-id=\"34525\" data-date=\"2007-07-28T10:25:51+00:00\" data-name=\"28 de julio, s\u00e1bado. Pico Austria, 5.320 mts.\">\n\t<article class=\"post post-34525 type-post status-publish format-standard has-post-thumbnail hentry category-bolivia category-34 description-off\">\n\n\t\t\n\t\t\t<div class=\"blog-media wf-td\">\n\n\t\t\t\t<p><a href=\"https:\/\/www.monta\u00f1asdelaluna.es\/?p=34525\" class=\"alignnone rollover layzr-bg\" ><img loading=\"lazy\" decoding=\"async\" class=\"preload-me iso-lazy-load\" src=\"data:image\/svg+xml,%3Csvg%20xmlns%3D&#39;http%3A%2F%2Fwww.w3.org%2F2000%2Fsvg&#39;%20viewBox%3D&#39;0%200%20555%20416&#39;%2F%3E\" data-src=\"https:\/\/www.monta\u00f1asdelaluna.es\/wp-content\/uploads\/2016\/06\/026-555x416.jpg\" data-srcset=\"https:\/\/www.monta\u00f1asdelaluna.es\/wp-content\/uploads\/2016\/06\/026-555x416.jpg 555w, https:\/\/www.monta\u00f1asdelaluna.es\/wp-content\/uploads\/2016\/06\/026-1110x832.jpg 1110w\" alt=\"\" title=\"A la derecha Javi, a la izquierda Joaqu\u00edn, detr\u00e1s a la derecha la Cabeza de C\u00f3ndor con su Ala Izquierda a su izquierda\" width=\"555\" height=\"416\"  \/><\/a><\/p>\n\t\t\t<\/div>\n\n\t\t\n\t\t<div class=\"blog-content wf-td\">\n\t\t\t<h3 class=\"entry-title\"><a href=\"https:\/\/www.monta\u00f1asdelaluna.es\/?p=34525\" title=\"28 de julio, s\u00e1bado. Pico Austria, 5.320 mts.\" rel=\"bookmark\">28 de julio, s\u00e1bado. Pico Austria, 5.320 mts.<\/a><\/h3>\n\n\t\t\t<div class=\"entry-meta\"><span class=\"category-link\"><a href=\"https:\/\/www.monta\u00f1asdelaluna.es\/?cat=34\" rel=\"category\">Bolivia<\/a><\/span><a class=\"author vcard\" href=\"https:\/\/www.monta\u00f1asdelaluna.es\/?author=1\" title=\"Ver todas las publicaciones de Joaquin Terres\" rel=\"author\">Por <span class=\"fn\">Joaquin Terres<\/span><\/a><a href=\"https:\/\/www.monta\u00f1asdelaluna.es\/?m=20070728\" title=\"10:25 am\" class=\"data-link\" rel=\"bookmark\"><time class=\"entry-date updated\" datetime=\"2007-07-28T10:25:51+00:00\">28 julio, 2007<\/time><\/a><a href=\"https:\/\/www.monta\u00f1asdelaluna.es\/?p=34525#respond\" class=\"comment-link\" >Deja un comentario<\/a><\/div><p>[vc_row][vc_column][vc_column_text]A pesar de la hora a la que nos hemos acostado, nos levantamos m\u00e1s tarde de lo previsto, a las 7 de la ma\u00f1ana, pero no demasiado tarde para emprender la actividad planeada: la ascensi\u00f3n al Pico Austria de 5.320 metros. Ya es de d\u00eda, el sol ya est\u00e1 algo alto y parece que la&hellip;<\/p>\n\n<a href=\"https:\/\/www.monta\u00f1asdelaluna.es\/?p=34525\" class=\"details more-link\" aria-label=\"Read more about 28 de julio, s\u00e1bado. Pico Austria, 5.320 mts.\" rel=\"nofollow\">Detalles<\/a>\n\n\t\t<\/div>\n\n\t<\/article>\n\n<\/div>\n<div class=\"wf-cell iso-item category-34\" data-post-id=\"32993\" data-date=\"2007-07-27T07:16:31+00:00\" data-name=\"27 de julio, viernes. Los Condoriri\">\n\t<article class=\"post post-32993 type-post status-publish format-standard has-post-thumbnail hentry category-bolivia category-34 description-off\">\n\n\t\t\n\t\t\t<div class=\"blog-media wf-td\">\n\n\t\t\t\t<p><a href=\"https:\/\/www.monta\u00f1asdelaluna.es\/?p=32993\" class=\"alignnone rollover layzr-bg\" ><img loading=\"lazy\" decoding=\"async\" class=\"preload-me iso-lazy-load\" src=\"data:image\/svg+xml,%3Csvg%20xmlns%3D&#39;http%3A%2F%2Fwww.w3.org%2F2000%2Fsvg&#39;%20viewBox%3D&#39;0%200%20555%20370&#39;%2F%3E\" data-src=\"https:\/\/www.monta\u00f1asdelaluna.es\/wp-content\/uploads\/2016\/06\/008-555x370.jpg\" data-srcset=\"https:\/\/www.monta\u00f1asdelaluna.es\/wp-content\/uploads\/2016\/06\/008-555x370.jpg 555w, https:\/\/www.monta\u00f1asdelaluna.es\/wp-content\/uploads\/2016\/06\/008-1110x740.jpg 1110w\" alt=\"\" title=\"Descanso en el camino, Cabeza de Condor y sus alas a la derecha y el Pico Austria a la izquierda\" width=\"555\" height=\"370\"  \/><\/a><\/p>\n\t\t\t<\/div>\n\n\t\t\n\t\t<div class=\"blog-content wf-td\">\n\t\t\t<h3 class=\"entry-title\"><a href=\"https:\/\/www.monta\u00f1asdelaluna.es\/?p=32993\" title=\"27 de julio, viernes. Los Condoriri\" rel=\"bookmark\">27 de julio, viernes. Los Condoriri<\/a><\/h3>\n\n\t\t\t<div class=\"entry-meta\"><span class=\"category-link\"><a href=\"https:\/\/www.monta\u00f1asdelaluna.es\/?cat=34\" rel=\"category\">Bolivia<\/a><\/span><a class=\"author vcard\" href=\"https:\/\/www.monta\u00f1asdelaluna.es\/?author=1\" title=\"Ver todas las publicaciones de Joaquin Terres\" rel=\"author\">Por <span class=\"fn\">Joaquin Terres<\/span><\/a><a href=\"https:\/\/www.monta\u00f1asdelaluna.es\/?m=20070727\" title=\"7:16 am\" class=\"data-link\" rel=\"bookmark\"><time class=\"entry-date updated\" datetime=\"2007-07-27T07:16:31+00:00\">27 julio, 2007<\/time><\/a><a href=\"https:\/\/www.monta\u00f1asdelaluna.es\/?p=32993#respond\" class=\"comment-link\" >Deja un comentario<\/a><\/div><p>[vc_row][vc_column][vc_column_text]Despu\u00e9s de seis d\u00edas sin actividad monta\u00f1era, por fin nos acercar\u00edamos a Los Andes. Desayuno, preparativos\u2026 ya tenemos las mochilas hechas, material recogido\u2026 lo que no nos llevamos lo dejamos en consigna en el hotel. Todo preparado. Tranquilos e ilusionados cogemos dos taxis para que nos lleven a lo que era la antigua estaci\u00f3n de&hellip;<\/p>\n\n<a href=\"https:\/\/www.monta\u00f1asdelaluna.es\/?p=32993\" class=\"details more-link\" aria-label=\"Read more about 27 de julio, viernes. Los Condoriri\" rel=\"nofollow\">Detalles<\/a>\n\n\t\t<\/div>\n\n\t<\/article>\n\n<\/div>\n<div class=\"wf-cell iso-item category-34\" data-post-id=\"32986\" data-date=\"2007-07-26T08:18:17+00:00\" data-name=\"26 de julio, jueves. D\u00eda de descanso en La Paz\">\n\t<article class=\"post post-32986 type-post status-publish format-standard has-post-thumbnail hentry category-bolivia category-34 description-off\">\n\n\t\t\n\t\t\t<div class=\"blog-media wf-td\">\n\n\t\t\t\t<p><a href=\"https:\/\/www.monta\u00f1asdelaluna.es\/?p=32986\" class=\"alignnone rollover layzr-bg\" ><img loading=\"lazy\" decoding=\"async\" class=\"preload-me iso-lazy-load\" src=\"data:image\/svg+xml,%3Csvg%20xmlns%3D&#39;http%3A%2F%2Fwww.w3.org%2F2000%2Fsvg&#39;%20viewBox%3D&#39;0%200%20555%20416&#39;%2F%3E\" data-src=\"https:\/\/www.monta\u00f1asdelaluna.es\/wp-content\/uploads\/2016\/03\/029-555x416.jpg\" data-srcset=\"https:\/\/www.monta\u00f1asdelaluna.es\/wp-content\/uploads\/2016\/03\/029-555x416.jpg 555w, https:\/\/www.monta\u00f1asdelaluna.es\/wp-content\/uploads\/2016\/03\/029-1110x832.jpg 1110w\" alt=\"\" title=\"La Paz nevada\" width=\"555\" height=\"416\"  \/><\/a><\/p>\n\t\t\t<\/div>\n\n\t\t\n\t\t<div class=\"blog-content wf-td\">\n\t\t\t<h3 class=\"entry-title\"><a href=\"https:\/\/www.monta\u00f1asdelaluna.es\/?p=32986\" title=\"26 de julio, jueves. D\u00eda de descanso en La Paz\" rel=\"bookmark\">26 de julio, jueves. D\u00eda de descanso en La Paz<\/a><\/h3>\n\n\t\t\t<div class=\"entry-meta\"><span class=\"category-link\"><a href=\"https:\/\/www.monta\u00f1asdelaluna.es\/?cat=34\" rel=\"category\">Bolivia<\/a><\/span><a class=\"author vcard\" href=\"https:\/\/www.monta\u00f1asdelaluna.es\/?author=1\" title=\"Ver todas las publicaciones de Joaquin Terres\" rel=\"author\">Por <span class=\"fn\">Joaquin Terres<\/span><\/a><a href=\"https:\/\/www.monta\u00f1asdelaluna.es\/?m=20070726\" title=\"8:18 am\" class=\"data-link\" rel=\"bookmark\"><time class=\"entry-date updated\" datetime=\"2007-07-26T08:18:17+00:00\">26 julio, 2007<\/time><\/a><a href=\"https:\/\/www.monta\u00f1asdelaluna.es\/?p=32986#respond\" class=\"comment-link\" >Deja un comentario<\/a><\/div><p>[vc_row][vc_column][vc_column_text]D\u00eda de descanso, d\u00eda intermedio entre las actividades, d\u00eda de reencuentros y planificaciones. Jes\u00fas y yo nos levantamos juntos y, a expensas del resto del grupo, nos disponemos a subir hasta la \u00faltima planta para desayunar. Como de costumbre nos asomamos por las ventanas como para intentar, cada ma\u00f1ana, cada d\u00eda, buscar, atrapar y sentir&hellip;<\/p>\n\n<a href=\"https:\/\/www.monta\u00f1asdelaluna.es\/?p=32986\" class=\"details more-link\" aria-label=\"Read more about 26 de julio, jueves. D\u00eda de descanso en La Paz\" rel=\"nofollow\">Detalles<\/a>\n\n\t\t<\/div>\n\n\t<\/article>\n\n<\/div>\n<div class=\"wf-cell iso-item category-34\" data-post-id=\"31351\" data-date=\"2007-07-25T06:46:24+00:00\" data-name=\"25 de julio, mi\u00e9rcoles. Tiwanako\">\n\t<article class=\"post post-31351 type-post status-publish format-standard has-post-thumbnail hentry category-bolivia category-34 description-off\">\n\n\t\t\n\t\t\t<div class=\"blog-media wf-td\">\n\n\t\t\t\t<p><a href=\"https:\/\/www.monta\u00f1asdelaluna.es\/?p=31351\" class=\"alignnone rollover layzr-bg\" ><img loading=\"lazy\" decoding=\"async\" class=\"preload-me iso-lazy-load\" src=\"data:image\/svg+xml,%3Csvg%20xmlns%3D&#39;http%3A%2F%2Fwww.w3.org%2F2000%2Fsvg&#39;%20viewBox%3D&#39;0%200%20555%20370&#39;%2F%3E\" data-src=\"https:\/\/www.monta\u00f1asdelaluna.es\/wp-content\/uploads\/2016\/06\/293-555x370.jpg\" data-srcset=\"https:\/\/www.monta\u00f1asdelaluna.es\/wp-content\/uploads\/2016\/06\/293-555x370.jpg 555w, https:\/\/www.monta\u00f1asdelaluna.es\/wp-content\/uploads\/2016\/06\/293-1110x740.jpg 1110w\" alt=\"\" title=\"Templete Semisubterr\u00e1neo y detr\u00e1s Kalasasaya\" width=\"555\" height=\"370\"  \/><\/a><\/p>\n\t\t\t<\/div>\n\n\t\t\n\t\t<div class=\"blog-content wf-td\">\n\t\t\t<h3 class=\"entry-title\"><a href=\"https:\/\/www.monta\u00f1asdelaluna.es\/?p=31351\" title=\"25 de julio, mi\u00e9rcoles. Tiwanako\" rel=\"bookmark\">25 de julio, mi\u00e9rcoles. Tiwanako<\/a><\/h3>\n\n\t\t\t<div class=\"entry-meta\"><span class=\"category-link\"><a href=\"https:\/\/www.monta\u00f1asdelaluna.es\/?cat=34\" rel=\"category\">Bolivia<\/a><\/span><a class=\"author vcard\" href=\"https:\/\/www.monta\u00f1asdelaluna.es\/?author=1\" title=\"Ver todas las publicaciones de Joaquin Terres\" rel=\"author\">Por <span class=\"fn\">Joaquin Terres<\/span><\/a><a href=\"https:\/\/www.monta\u00f1asdelaluna.es\/?m=20070725\" title=\"6:46 am\" class=\"data-link\" rel=\"bookmark\"><time class=\"entry-date updated\" datetime=\"2007-07-25T06:46:24+00:00\">25 julio, 2007<\/time><\/a><a href=\"https:\/\/www.monta\u00f1asdelaluna.es\/?p=31351#respond\" class=\"comment-link\" >Deja un comentario<\/a><\/div><p>[vc_row][vc_column][vc_column_text]La primera noche en el Hotel Se\u00f1orial Montero fue muy buena. Lejanas y cortas conversaciones entre dos personas que se lo han contado todo, lo saben todo el uno del otro y tienen mucho en com\u00fan. Me gusta el hotel. Ya estamos m\u00e1s acostumbrados a la altura de Bolivia, La Paz y el altiplano y&hellip;<\/p>\n\n<a href=\"https:\/\/www.monta\u00f1asdelaluna.es\/?p=31351\" class=\"details more-link\" aria-label=\"Read more about 25 de julio, mi\u00e9rcoles. Tiwanako\" rel=\"nofollow\">Detalles<\/a>\n\n\t\t<\/div>\n\n\t<\/article>\n\n<\/div>\n<div class=\"wf-cell iso-item category-34\" data-post-id=\"30869\" data-date=\"2007-07-24T06:24:41+00:00\" data-name=\"24 de julio, martes. Titicaca\">\n\t<article class=\"post post-30869 type-post status-publish format-standard has-post-thumbnail hentry category-bolivia category-34 description-off\">\n\n\t\t\n\t\t\t<div class=\"blog-media wf-td\">\n\n\t\t\t\t<p><a href=\"https:\/\/www.monta\u00f1asdelaluna.es\/?p=30869\" class=\"alignnone rollover layzr-bg\" ><img loading=\"lazy\" decoding=\"async\" class=\"preload-me iso-lazy-load\" src=\"data:image\/svg+xml,%3Csvg%20xmlns%3D&#39;http%3A%2F%2Fwww.w3.org%2F2000%2Fsvg&#39;%20viewBox%3D&#39;0%200%20555%20416&#39;%2F%3E\" data-src=\"https:\/\/www.monta\u00f1asdelaluna.es\/wp-content\/uploads\/2016\/02\/219-555x416.jpg\" data-srcset=\"https:\/\/www.monta\u00f1asdelaluna.es\/wp-content\/uploads\/2016\/02\/219-555x416.jpg 555w, https:\/\/www.monta\u00f1asdelaluna.es\/wp-content\/uploads\/2016\/02\/219-1110x832.jpg 1110w\" alt=\"\" title=\"Isla del Sol y visita a una casa Inca\" width=\"555\" height=\"416\"  \/><\/a><\/p>\n\t\t\t<\/div>\n\n\t\t\n\t\t<div class=\"blog-content wf-td\">\n\t\t\t<h3 class=\"entry-title\"><a href=\"https:\/\/www.monta\u00f1asdelaluna.es\/?p=30869\" title=\"24 de julio, martes. Titicaca\" rel=\"bookmark\">24 de julio, martes. Titicaca<\/a><\/h3>\n\n\t\t\t<div class=\"entry-meta\"><span class=\"category-link\"><a href=\"https:\/\/www.monta\u00f1asdelaluna.es\/?cat=34\" rel=\"category\">Bolivia<\/a><\/span><a class=\"author vcard\" href=\"https:\/\/www.monta\u00f1asdelaluna.es\/?author=1\" title=\"Ver todas las publicaciones de Joaquin Terres\" rel=\"author\">Por <span class=\"fn\">Joaquin Terres<\/span><\/a><a href=\"https:\/\/www.monta\u00f1asdelaluna.es\/?m=20070724\" title=\"6:24 am\" class=\"data-link\" rel=\"bookmark\"><time class=\"entry-date updated\" datetime=\"2007-07-24T06:24:41+00:00\">24 julio, 2007<\/time><\/a><a href=\"https:\/\/www.monta\u00f1asdelaluna.es\/?p=30869#respond\" class=\"comment-link\" >Deja un comentario<\/a><\/div><p>[vc_row][vc_column][vc_column_text]Al otro d\u00eda me levanto muy bien animado. Y no s\u00e9 si antes o despu\u00e9s de desayunar decido dar una vuelta en solitario por Yumani. Yumani no es muy grande, de casas peque\u00f1as con sus habituales ladrillos de adobe, de barro pero con muchos tejados met\u00e1licos, de aluminio\u2026 con algo de modernidad. Me encantaba fundirme&hellip;<\/p>\n\n<a href=\"https:\/\/www.monta\u00f1asdelaluna.es\/?p=30869\" class=\"details more-link\" aria-label=\"Read more about 24 de julio, martes. Titicaca\" rel=\"nofollow\">Detalles<\/a>\n\n\t\t<\/div>\n\n\t<\/article>\n\n<\/div>\n<div class=\"wf-cell iso-item category-34\" data-post-id=\"29832\" data-date=\"2007-07-23T18:30:26+00:00\" data-name=\"23 de julio, lunes. Titicaca\">\n\t<article class=\"post post-29832 type-post status-publish format-standard has-post-thumbnail hentry category-bolivia category-34 description-off\">\n\n\t\t\n\t\t\t<div class=\"blog-media wf-td\">\n\n\t\t\t\t<p><a href=\"https:\/\/www.monta\u00f1asdelaluna.es\/?p=29832\" class=\"alignnone rollover layzr-bg\" ><img loading=\"lazy\" decoding=\"async\" class=\"preload-me iso-lazy-load\" src=\"data:image\/svg+xml,%3Csvg%20xmlns%3D&#39;http%3A%2F%2Fwww.w3.org%2F2000%2Fsvg&#39;%20viewBox%3D&#39;0%200%20555%20370&#39;%2F%3E\" data-src=\"https:\/\/www.monta\u00f1asdelaluna.es\/wp-content\/uploads\/2016\/02\/212-555x370.jpg\" data-srcset=\"https:\/\/www.monta\u00f1asdelaluna.es\/wp-content\/uploads\/2016\/02\/212-555x370.jpg 555w, https:\/\/www.monta\u00f1asdelaluna.es\/wp-content\/uploads\/2016\/02\/212-1110x740.jpg 1110w\" alt=\"\" title=\"Atardecer en la Isla del Sol, en el Lago Titicaca\" width=\"555\" height=\"370\"  \/><\/a><\/p>\n\t\t\t<\/div>\n\n\t\t\n\t\t<div class=\"blog-content wf-td\">\n\t\t\t<h3 class=\"entry-title\"><a href=\"https:\/\/www.monta\u00f1asdelaluna.es\/?p=29832\" title=\"23 de julio, lunes. Titicaca\" rel=\"bookmark\">23 de julio, lunes. Titicaca<\/a><\/h3>\n\n\t\t\t<div class=\"entry-meta\"><span class=\"category-link\"><a href=\"https:\/\/www.monta\u00f1asdelaluna.es\/?cat=34\" rel=\"category\">Bolivia<\/a><\/span><a class=\"author vcard\" href=\"https:\/\/www.monta\u00f1asdelaluna.es\/?author=1\" title=\"Ver todas las publicaciones de Joaquin Terres\" rel=\"author\">Por <span class=\"fn\">Joaquin Terres<\/span><\/a><a href=\"https:\/\/www.monta\u00f1asdelaluna.es\/?m=20070723\" title=\"6:30 pm\" class=\"data-link\" rel=\"bookmark\"><time class=\"entry-date updated\" datetime=\"2007-07-23T18:30:26+00:00\">23 julio, 2007<\/time><\/a><a href=\"https:\/\/www.monta\u00f1asdelaluna.es\/?p=29832#respond\" class=\"comment-link\" >Deja un comentario<\/a><\/div><p>[vc_row][vc_column][vc_column_text]Nos levantamos pronto para llegar a tiempo al punto de encuentro donde la empresa de Adolfoandino nos ha de recoger para ir al Titicaca. Nos pidieron dos taxis en el hotel y fieros y r\u00e1pidos por las callejuelas, avenidas y pasajes de La Paz llegamos a la empedrada calle Sag\u00e1rnaga, a la puerta de la&hellip;<\/p>\n\n<a href=\"https:\/\/www.monta\u00f1asdelaluna.es\/?p=29832\" class=\"details more-link\" aria-label=\"Read more about 23 de julio, lunes. Titicaca\" rel=\"nofollow\">Detalles<\/a>\n\n\t\t<\/div>\n\n\t<\/article>\n\n<\/div>\n<div class=\"wf-cell iso-item category-34\" data-post-id=\"28929\" data-date=\"2007-07-22T18:56:47+00:00\" data-name=\"22 de julio, domingo. La Paz.\">\n\t<article class=\"post post-28929 type-post status-publish format-standard has-post-thumbnail hentry category-bolivia category-34 description-off\">\n\n\t\t\n\t\t\t<div class=\"blog-media wf-td\">\n\n\t\t\t\t<p><a href=\"https:\/\/www.monta\u00f1asdelaluna.es\/?p=28929\" class=\"alignnone rollover layzr-bg\" ><img loading=\"lazy\" decoding=\"async\" class=\"preload-me iso-lazy-load\" src=\"data:image\/svg+xml,%3Csvg%20xmlns%3D&#39;http%3A%2F%2Fwww.w3.org%2F2000%2Fsvg&#39;%20viewBox%3D&#39;0%200%20555%20370&#39;%2F%3E\" data-src=\"https:\/\/www.monta\u00f1asdelaluna.es\/wp-content\/uploads\/2016\/03\/008-555x370.jpg\" data-srcset=\"https:\/\/www.monta\u00f1asdelaluna.es\/wp-content\/uploads\/2016\/03\/008-555x370.jpg 555w, https:\/\/www.monta\u00f1asdelaluna.es\/wp-content\/uploads\/2016\/03\/008-1110x740.jpg 1110w\" alt=\"\" title=\"Plaza Murillo\" width=\"555\" height=\"370\"  \/><\/a><\/p>\n\t\t\t<\/div>\n\n\t\t\n\t\t<div class=\"blog-content wf-td\">\n\t\t\t<h3 class=\"entry-title\"><a href=\"https:\/\/www.monta\u00f1asdelaluna.es\/?p=28929\" title=\"22 de julio, domingo. La Paz.\" rel=\"bookmark\">22 de julio, domingo. La Paz.<\/a><\/h3>\n\n\t\t\t<div class=\"entry-meta\"><span class=\"category-link\"><a href=\"https:\/\/www.monta\u00f1asdelaluna.es\/?cat=34\" rel=\"category\">Bolivia<\/a><\/span><a class=\"author vcard\" href=\"https:\/\/www.monta\u00f1asdelaluna.es\/?author=1\" title=\"Ver todas las publicaciones de Joaquin Terres\" rel=\"author\">Por <span class=\"fn\">Joaquin Terres<\/span><\/a><a href=\"https:\/\/www.monta\u00f1asdelaluna.es\/?m=20070722\" title=\"6:56 pm\" class=\"data-link\" rel=\"bookmark\"><time class=\"entry-date updated\" datetime=\"2007-07-22T18:56:47+00:00\">22 julio, 2007<\/time><\/a><a href=\"https:\/\/www.monta\u00f1asdelaluna.es\/?p=28929#respond\" class=\"comment-link\" >Deja un comentario<\/a><\/div><p>[vc_row][vc_column][vc_column_text]Despu\u00e9s de levantarnos y desayunar sobre las ocho de la ma\u00f1ana, decidimos dedicar el d\u00eda a visitar el centro de La Paz y contratar las actividades de salida a Titicaca y Tiwanako. Nos dicen que en la c\u00e9ntrica Plaza Murillo los domingos hay un recital de m\u00fasica con la banda de m\u00fasica de la escuela&hellip;<\/p>\n\n<a href=\"https:\/\/www.monta\u00f1asdelaluna.es\/?p=28929\" class=\"details more-link\" aria-label=\"Read more about 22 de julio, domingo. La Paz.\" rel=\"nofollow\">Detalles<\/a>\n\n\t\t<\/div>\n\n\t<\/article>\n\n<\/div>\n<div class=\"wf-cell iso-item category-34\" data-post-id=\"28741\" data-date=\"2007-07-21T12:59:11+00:00\" data-name=\"21 de julio, s\u00e1bado. La Paz.\">\n\t<article class=\"post post-28741 type-post status-publish format-standard has-post-thumbnail hentry category-bolivia category-34 description-off\">\n\n\t\t\n\t\t\t<div class=\"blog-media wf-td\">\n\n\t\t\t\t<p><a href=\"https:\/\/www.monta\u00f1asdelaluna.es\/?p=28741\" class=\"alignnone rollover layzr-bg\" ><img loading=\"lazy\" decoding=\"async\" class=\"preload-me iso-lazy-load\" src=\"data:image\/svg+xml,%3Csvg%20xmlns%3D&#39;http%3A%2F%2Fwww.w3.org%2F2000%2Fsvg&#39;%20viewBox%3D&#39;0%200%20555%20370&#39;%2F%3E\" data-src=\"https:\/\/www.monta\u00f1asdelaluna.es\/wp-content\/uploads\/2016\/03\/018-555x370.jpg\" data-srcset=\"https:\/\/www.monta\u00f1asdelaluna.es\/wp-content\/uploads\/2016\/03\/018-555x370.jpg 555w, https:\/\/www.monta\u00f1asdelaluna.es\/wp-content\/uploads\/2016\/03\/018-1110x740.jpg 1110w\" alt=\"\" title=\"La Paz\" width=\"555\" height=\"370\"  \/><\/a><\/p>\n\t\t\t<\/div>\n\n\t\t\n\t\t<div class=\"blog-content wf-td\">\n\t\t\t<h3 class=\"entry-title\"><a href=\"https:\/\/www.monta\u00f1asdelaluna.es\/?p=28741\" title=\"21 de julio, s\u00e1bado. La Paz.\" rel=\"bookmark\">21 de julio, s\u00e1bado. La Paz.<\/a><\/h3>\n\n\t\t\t<div class=\"entry-meta\"><span class=\"category-link\"><a href=\"https:\/\/www.monta\u00f1asdelaluna.es\/?cat=34\" rel=\"category\">Bolivia<\/a><\/span><a class=\"author vcard\" href=\"https:\/\/www.monta\u00f1asdelaluna.es\/?author=1\" title=\"Ver todas las publicaciones de Joaquin Terres\" rel=\"author\">Por <span class=\"fn\">Joaquin Terres<\/span><\/a><a href=\"https:\/\/www.monta\u00f1asdelaluna.es\/?m=20070721\" title=\"12:59 pm\" class=\"data-link\" rel=\"bookmark\"><time class=\"entry-date updated\" datetime=\"2007-07-21T12:59:11+00:00\">21 julio, 2007<\/time><\/a><a href=\"https:\/\/www.monta\u00f1asdelaluna.es\/?p=28741#respond\" class=\"comment-link\" >Deja un comentario<\/a><\/div><p>[vc_row][vc_column][vc_column_text]Al otro d\u00eda nos levantamos muy descansados y bajamos al bufet libre para desayunar esos ricos alimentos que Jes\u00fas tan bien sabe describir en su cuaderno de viaje. La comidilla del comedor fue el desconcertante desmayo de Jes\u00fas. Despu\u00e9s, desde la misma habitaci\u00f3n llamamos a Espa\u00f1a, a nuestra gente para que supiera que hab\u00edamos llegado&hellip;<\/p>\n\n<a href=\"https:\/\/www.monta\u00f1asdelaluna.es\/?p=28741\" class=\"details more-link\" aria-label=\"Read more about 21 de julio, s\u00e1bado. La Paz.\" rel=\"nofollow\">Detalles<\/a>\n\n\t\t<\/div>\n\n\t<\/article>\n\n<\/div>\n<div class=\"wf-cell iso-item category-34\" data-post-id=\"27958\" data-date=\"2007-07-20T07:23:21+00:00\" data-name=\"20 de julio, viernes. Primeros d\u00edas en La Paz.\">\n\t<article class=\"post post-27958 type-post status-publish format-standard has-post-thumbnail hentry category-bolivia category-34 description-off\">\n\n\t\t\n\t\t\t<div class=\"blog-media wf-td\">\n\n\t\t\t\t<p><a href=\"https:\/\/www.monta\u00f1asdelaluna.es\/?p=27958\" class=\"alignnone rollover layzr-bg\" ><img loading=\"lazy\" decoding=\"async\" class=\"preload-me iso-lazy-load\" src=\"data:image\/svg+xml,%3Csvg%20xmlns%3D&#39;http%3A%2F%2Fwww.w3.org%2F2000%2Fsvg&#39;%20viewBox%3D&#39;0%200%20555%20416&#39;%2F%3E\" data-src=\"https:\/\/www.monta\u00f1asdelaluna.es\/wp-content\/uploads\/2016\/03\/003-555x416.jpg\" data-srcset=\"https:\/\/www.monta\u00f1asdelaluna.es\/wp-content\/uploads\/2016\/03\/003-555x416.jpg 555w, https:\/\/www.monta\u00f1asdelaluna.es\/wp-content\/uploads\/2016\/03\/003-1110x832.jpg 1110w\" alt=\"\" title=\"La Paz con el Illimani al fondo\" width=\"555\" height=\"416\"  \/><\/a><\/p>\n\t\t\t<\/div>\n\n\t\t\n\t\t<div class=\"blog-content wf-td\">\n\t\t\t<h3 class=\"entry-title\"><a href=\"https:\/\/www.monta\u00f1asdelaluna.es\/?p=27958\" title=\"20 de julio, viernes. Primeros d\u00edas en La Paz.\" rel=\"bookmark\">20 de julio, viernes. Primeros d\u00edas en La Paz.<\/a><\/h3>\n\n\t\t\t<div class=\"entry-meta\"><span class=\"category-link\"><a href=\"https:\/\/www.monta\u00f1asdelaluna.es\/?cat=34\" rel=\"category\">Bolivia<\/a><\/span><a class=\"author vcard\" href=\"https:\/\/www.monta\u00f1asdelaluna.es\/?author=1\" title=\"Ver todas las publicaciones de Joaquin Terres\" rel=\"author\">Por <span class=\"fn\">Joaquin Terres<\/span><\/a><a href=\"https:\/\/www.monta\u00f1asdelaluna.es\/?m=20070720\" title=\"7:23 am\" class=\"data-link\" rel=\"bookmark\"><time class=\"entry-date updated\" datetime=\"2007-07-20T07:23:21+00:00\">20 julio, 2007<\/time><\/a><a href=\"https:\/\/www.monta\u00f1asdelaluna.es\/?p=27958#respond\" class=\"comment-link\" >Deja un comentario<\/a><\/div><p>[vc_row][vc_column][vc_column_text]De nuevo hay que madrugar \u00bfPor qu\u00e9 habr\u00e1 que madrugar siempre tanto para coger un avi\u00f3n a alg\u00fan lugar tan lejano? A pesar de estar casi a mitad de julio y de ser las noches cortas, a\u00fan no ha salido el sol. No hay nadie en la calle, no hay ruido; estoy esperando a Edu&hellip;<\/p>\n\n<a href=\"https:\/\/www.monta\u00f1asdelaluna.es\/?p=27958\" class=\"details more-link\" aria-label=\"Read more about 20 de julio, viernes. Primeros d\u00edas en La Paz.\" rel=\"nofollow\">Detalles<\/a>\n\n\t\t<\/div>\n\n\t<\/article>\n\n<\/div>\n<div class=\"wf-cell iso-item category-84\" data-post-id=\"15375\" data-date=\"2007-05-03T15:40:34+00:00\" data-name=\"Traves\u00eda Serrella-Aixort\u00e0 2.007\">\n\t<article class=\"post post-15375 type-post status-publish format-standard has-post-thumbnail hentry category-la-serrella-y-laixorta category-84 description-off\">\n\n\t\t\n\t\t\t<div class=\"blog-media wf-td\">\n\n\t\t\t\t<p><a href=\"https:\/\/www.monta\u00f1asdelaluna.es\/?p=15375\" class=\"alignnone rollover layzr-bg\" ><img loading=\"lazy\" decoding=\"async\" class=\"preload-me iso-lazy-load\" src=\"data:image\/svg+xml,%3Csvg%20xmlns%3D&#39;http%3A%2F%2Fwww.w3.org%2F2000%2Fsvg&#39;%20viewBox%3D&#39;0%200%20555%20370&#39;%2F%3E\" data-src=\"https:\/\/www.monta\u00f1asdelaluna.es\/wp-content\/uploads\/2015\/08\/10.-Atardecer-tras-La-Serrella-555x370.jpg\" data-srcset=\"https:\/\/www.monta\u00f1asdelaluna.es\/wp-content\/uploads\/2015\/08\/10.-Atardecer-tras-La-Serrella-555x370.jpg 555w, https:\/\/www.monta\u00f1asdelaluna.es\/wp-content\/uploads\/2015\/08\/10.-Atardecer-tras-La-Serrella-1110x740.jpg 1110w\" alt=\"\" title=\"10. Atardecer tras La Serrella\" width=\"555\" height=\"370\"  \/><\/a><\/p>\n\t\t\t<\/div>\n\n\t\t\n\t\t<div class=\"blog-content wf-td\">\n\t\t\t<h3 class=\"entry-title\"><a href=\"https:\/\/www.monta\u00f1asdelaluna.es\/?p=15375\" title=\"Traves\u00eda Serrella-Aixort\u00e0 2.007\" rel=\"bookmark\">Traves\u00eda Serrella-Aixort\u00e0 2.007<\/a><\/h3>\n\n\t\t\t<div class=\"entry-meta\"><span class=\"category-link\"><a href=\"https:\/\/www.monta\u00f1asdelaluna.es\/?cat=84\" rel=\"category\">La Serrella y L'Aixort\u00e0<\/a><\/span><a class=\"author vcard\" href=\"https:\/\/www.monta\u00f1asdelaluna.es\/?author=1\" title=\"Ver todas las publicaciones de Joaquin Terres\" rel=\"author\">Por <span class=\"fn\">Joaquin Terres<\/span><\/a><a href=\"https:\/\/www.monta\u00f1asdelaluna.es\/?m=20070503\" title=\"3:40 pm\" class=\"data-link\" rel=\"bookmark\"><time class=\"entry-date updated\" datetime=\"2007-05-03T15:40:34+00:00\">3 mayo, 2007<\/time><\/a><a href=\"https:\/\/www.monta\u00f1asdelaluna.es\/?p=15375#respond\" class=\"comment-link\" >Deja un comentario<\/a><\/div><p>[vc_row][vc_column][vc_column_text]Que mejor manera de hacer en poco tiempo muchas monta\u00f1as que haci\u00e9ndolas en una traves\u00eda. Pues la traves\u00eda Serrella-Aixort\u00e1 (de Benasau hasta Callosa d\u2019en Sarri\u00e1, que coge las dos sierras) puede ser una de las m\u00e1s hermosas, llamativas e interesantes de la provincia. Empezamos subiendo, de noche, desde Benasau hasta la mitad de la Sierra&hellip;<\/p>\n\n<a href=\"https:\/\/www.monta\u00f1asdelaluna.es\/?p=15375\" class=\"details more-link\" aria-label=\"Read more about Traves\u00eda Serrella-Aixort\u00e0 2.007\" rel=\"nofollow\">Detalles<\/a>\n\n\t\t<\/div>\n\n\t<\/article>\n\n<\/div>\n<div class=\"wf-cell iso-item category-34\" data-post-id=\"26199\" data-date=\"2007-04-20T18:09:00+00:00\" data-name=\"Organizando la expedici\u00f3n a Bolivia\">\n\t<article class=\"post post-26199 type-post status-publish format-standard has-post-thumbnail hentry category-bolivia category-34 description-off\">\n\n\t\t\n\t\t\t<div class=\"blog-media wf-td\">\n\n\t\t\t\t<p><a href=\"https:\/\/www.monta\u00f1asdelaluna.es\/?p=26199\" class=\"alignnone rollover layzr-bg\" ><img loading=\"lazy\" decoding=\"async\" class=\"preload-me iso-lazy-load\" src=\"data:image\/svg+xml,%3Csvg%20xmlns%3D&#39;http%3A%2F%2Fwww.w3.org%2F2000%2Fsvg&#39;%20viewBox%3D&#39;0%200%20555%20366&#39;%2F%3E\" data-src=\"https:\/\/www.monta\u00f1asdelaluna.es\/wp-content\/uploads\/2016\/01\/La-Paz.web_-555x366.jpg\" data-srcset=\"https:\/\/www.monta\u00f1asdelaluna.es\/wp-content\/uploads\/2016\/01\/La-Paz.web_-555x366.jpg 555w, https:\/\/www.monta\u00f1asdelaluna.es\/wp-content\/uploads\/2016\/01\/La-Paz.web_-1110x732.jpg 1110w\" alt=\"\" title=\"Mvd975794\" width=\"555\" height=\"366\"  \/><\/a><\/p>\n\t\t\t<\/div>\n\n\t\t\n\t\t<div class=\"blog-content wf-td\">\n\t\t\t<h3 class=\"entry-title\"><a href=\"https:\/\/www.monta\u00f1asdelaluna.es\/?p=26199\" title=\"Organizando la expedici\u00f3n a Bolivia\" rel=\"bookmark\">Organizando la expedici\u00f3n a Bolivia<\/a><\/h3>\n\n\t\t\t<div class=\"entry-meta\"><span class=\"category-link\"><a href=\"https:\/\/www.monta\u00f1asdelaluna.es\/?cat=34\" rel=\"category\">Bolivia<\/a><\/span><a class=\"author vcard\" href=\"https:\/\/www.monta\u00f1asdelaluna.es\/?author=1\" title=\"Ver todas las publicaciones de Joaquin Terres\" rel=\"author\">Por <span class=\"fn\">Joaquin Terres<\/span><\/a><a href=\"https:\/\/www.monta\u00f1asdelaluna.es\/?m=20070420\" title=\"6:09 pm\" class=\"data-link\" rel=\"bookmark\"><time class=\"entry-date updated\" datetime=\"2007-04-20T18:09:00+00:00\">20 abril, 2007<\/time><\/a><a href=\"https:\/\/www.monta\u00f1asdelaluna.es\/?p=26199#respond\" class=\"comment-link\" >Deja un comentario<\/a><\/div><p>La preparaci\u00f3n del viaje no iba a ser tan complicada como la de Rusia, la del C\u00e1ucaso y Elbrus en el a\u00f1o dos mil tres. Si la expedici\u00f3n, viaje a Ecuador fue algo sencillo, a la preparaci\u00f3n desde Espa\u00f1a me refiero, la de Bolivia fue incluso m\u00e1s f\u00e1cil y sencilla. Primero por que, conociendo la&hellip;<\/p>\n\n<a href=\"https:\/\/www.monta\u00f1asdelaluna.es\/?p=26199\" class=\"details more-link\" aria-label=\"Read more about Organizando la expedici\u00f3n a Bolivia\" rel=\"nofollow\">Detalles<\/a>\n\n\t\t<\/div>\n\n\t<\/article>\n\n<\/div>\n<div class=\"wf-cell iso-item category-35\" data-post-id=\"49173\" data-date=\"2007-02-01T10:37:46+00:00\" data-name=\"Almorad\u00ed \u2013 El Ecuador. Un paseo por la Avenida de los Volcanes\">\n\t<article class=\"post post-49173 type-post status-publish format-standard has-post-thumbnail hentry category-ecuador category-35 description-off\">\n\n\t\t\n\t\t\t<div class=\"blog-media wf-td\">\n\n\t\t\t\t<p><a href=\"https:\/\/www.monta\u00f1asdelaluna.es\/?p=49173\" class=\"alignnone rollover layzr-bg\" ><img loading=\"lazy\" decoding=\"async\" class=\"preload-me iso-lazy-load\" src=\"data:image\/svg+xml,%3Csvg%20xmlns%3D&#39;http%3A%2F%2Fwww.w3.org%2F2000%2Fsvg&#39;%20viewBox%3D&#39;0%200%20555%20370&#39;%2F%3E\" data-src=\"https:\/\/www.monta\u00f1asdelaluna.es\/wp-content\/uploads\/2021\/02\/joaquin-en-el-mirador-a-la-selva-hacia-la-reserva-de-nantar-555x370.jpg\" data-srcset=\"https:\/\/www.monta\u00f1asdelaluna.es\/wp-content\/uploads\/2021\/02\/joaquin-en-el-mirador-a-la-selva-hacia-la-reserva-de-nantar-555x370.jpg 555w, https:\/\/www.monta\u00f1asdelaluna.es\/wp-content\/uploads\/2021\/02\/joaquin-en-el-mirador-a-la-selva-hacia-la-reserva-de-nantar-1110x740.jpg 1110w\" alt=\"\" title=\"Joaqu\u00edn en el mirador a la selva, hacia la Reserva de Nantar\" width=\"555\" height=\"370\"  \/><\/a><\/p>\n\t\t\t<\/div>\n\n\t\t\n\t\t<div class=\"blog-content wf-td\">\n\t\t\t<h3 class=\"entry-title\"><a href=\"https:\/\/www.monta\u00f1asdelaluna.es\/?p=49173\" title=\"Almorad\u00ed \u2013 El Ecuador. Un paseo por la Avenida de los Volcanes\" rel=\"bookmark\">Almorad\u00ed \u2013 El Ecuador. Un paseo por la Avenida de los Volcanes<\/a><\/h3>\n\n\t\t\t<div class=\"entry-meta\"><span class=\"category-link\"><a href=\"https:\/\/www.monta\u00f1asdelaluna.es\/?cat=35\" rel=\"category\">Ecuador<\/a><\/span><a class=\"author vcard\" href=\"https:\/\/www.monta\u00f1asdelaluna.es\/?author=1\" title=\"Ver todas las publicaciones de Joaquin Terres\" rel=\"author\">Por <span class=\"fn\">Joaquin Terres<\/span><\/a><a href=\"https:\/\/www.monta\u00f1asdelaluna.es\/?m=20070201\" title=\"10:37 am\" class=\"data-link\" rel=\"bookmark\"><time class=\"entry-date updated\" datetime=\"2007-02-01T10:37:46+00:00\">1 febrero, 2007<\/time><\/a><a href=\"https:\/\/www.monta\u00f1asdelaluna.es\/?p=49173#respond\" class=\"comment-link\" >Deja un comentario<\/a><\/div><p>[vc_row][vc_column][vc_column_text]Relato sacado de un art\u00edculo ALMORADI \u2013 EL ECUADOR. UN PASEO POR LA AVENIDA DE LOS VOLCANES escrito con el mismo t\u00edtulo en el n\u00famero 72 de la desaparecida revista Sism\u00f3grafo, Magazine de Cultura y Ocio, en febrero de 2.007: El Ecuador es el \u00fanico pa\u00eds de Sudam\u00e9rica donde sus grandes monta\u00f1as andinas son todo&hellip;<\/p>\n\n<a href=\"https:\/\/www.monta\u00f1asdelaluna.es\/?p=49173\" class=\"details more-link\" aria-label=\"Read more about Almorad\u00ed \u2013 El Ecuador. Un paseo por la Avenida de los Volcanes\" rel=\"nofollow\">Detalles<\/a>\n\n\t\t<\/div>\n\n\t<\/article>\n\n<\/div>\n<div class=\"wf-cell iso-item category-34\" data-post-id=\"26188\" data-date=\"2007-01-19T16:44:38+00:00\" data-name=\"El Sue\u00f1o de Bolivia\">\n\t<article class=\"post post-26188 type-post status-publish format-standard has-post-thumbnail hentry category-bolivia category-34 description-off\">\n\n\t\t\n\t\t\t<div class=\"blog-media wf-td\">\n\n\t\t\t\t<p><a href=\"https:\/\/www.monta\u00f1asdelaluna.es\/?p=26188\" class=\"alignnone rollover layzr-bg\" ><img loading=\"lazy\" decoding=\"async\" class=\"preload-me iso-lazy-load\" src=\"data:image\/svg+xml,%3Csvg%20xmlns%3D&#39;http%3A%2F%2Fwww.w3.org%2F2000%2Fsvg&#39;%20viewBox%3D&#39;0%200%20555%20372&#39;%2F%3E\" data-src=\"https:\/\/www.monta\u00f1asdelaluna.es\/wp-content\/uploads\/2007\/01\/Bolivia-DSC_6430-555x372.jpg\" data-srcset=\"https:\/\/www.monta\u00f1asdelaluna.es\/wp-content\/uploads\/2007\/01\/Bolivia-DSC_6430-555x372.jpg 555w, https:\/\/www.monta\u00f1asdelaluna.es\/wp-content\/uploads\/2007\/01\/Bolivia-DSC_6430-1110x744.jpg 1110w\" alt=\"\" title=\"Bolivia-DSC_6430\" width=\"555\" height=\"372\"  \/><\/a><\/p>\n\t\t\t<\/div>\n\n\t\t\n\t\t<div class=\"blog-content wf-td\">\n\t\t\t<h3 class=\"entry-title\"><a href=\"https:\/\/www.monta\u00f1asdelaluna.es\/?p=26188\" title=\"El Sue\u00f1o de Bolivia\" rel=\"bookmark\">El Sue\u00f1o de Bolivia<\/a><\/h3>\n\n\t\t\t<div class=\"entry-meta\"><span class=\"category-link\"><a href=\"https:\/\/www.monta\u00f1asdelaluna.es\/?cat=34\" rel=\"category\">Bolivia<\/a><\/span><a class=\"author vcard\" href=\"https:\/\/www.monta\u00f1asdelaluna.es\/?author=1\" title=\"Ver todas las publicaciones de Joaquin Terres\" rel=\"author\">Por <span class=\"fn\">Joaquin Terres<\/span><\/a><a href=\"https:\/\/www.monta\u00f1asdelaluna.es\/?m=20070119\" title=\"4:44 pm\" class=\"data-link\" rel=\"bookmark\"><time class=\"entry-date updated\" datetime=\"2007-01-19T16:44:38+00:00\">19 enero, 2007<\/time><\/a><a href=\"https:\/\/www.monta\u00f1asdelaluna.es\/?p=26188#comments\" class=\"comment-link\" >1 comentario<\/a><\/div><p>Recuerdo mi infancia y primera parte de mi adolescencia. En esos d\u00edas solitarios y de reclusi\u00f3n en mi mismo, quiz\u00e1s por casualidad, en uno de esos documentales de tanta televisi\u00f3n que ve\u00eda, me asombr\u00f3 por alguna raz\u00f3n que ahora no acierto a recordar, pero que sin duda no me coge por sorpresa, todo lo relacionado&hellip;<\/p>\n\n<a href=\"https:\/\/www.monta\u00f1asdelaluna.es\/?p=26188\" class=\"details more-link\" aria-label=\"Read more about El Sue\u00f1o de Bolivia\" rel=\"nofollow\">Detalles<\/a>\n\n\t\t<\/div>\n\n\t<\/article>\n\n<\/div>\n<div class=\"wf-cell iso-item category-127 category-126\" data-post-id=\"35426\" data-date=\"2006-12-06T07:11:34+00:00\" data-name=\"Bachimala y Pico de Bac\u00edas\">\n\t<article class=\"post post-35426 type-post status-publish format-standard has-post-thumbnail hentry category-pirineo-central-atlantico category-valle-del-cinca category-127 category-126 description-off\">\n\n\t\t\n\t\t\t<div class=\"blog-media wf-td\">\n\n\t\t\t\t<p><a href=\"https:\/\/www.monta\u00f1asdelaluna.es\/?p=35426\" class=\"alignnone rollover layzr-bg\" ><img loading=\"lazy\" decoding=\"async\" class=\"preload-me iso-lazy-load\" src=\"data:image\/svg+xml,%3Csvg%20xmlns%3D&#39;http%3A%2F%2Fwww.w3.org%2F2000%2Fsvg&#39;%20viewBox%3D&#39;0%200%20555%20416&#39;%2F%3E\" data-src=\"https:\/\/www.monta\u00f1asdelaluna.es\/wp-content\/uploads\/2017\/02\/253-Bachimala-Kike-555x416.jpg\" data-srcset=\"https:\/\/www.monta\u00f1asdelaluna.es\/wp-content\/uploads\/2017\/02\/253-Bachimala-Kike-555x416.jpg 555w, https:\/\/www.monta\u00f1asdelaluna.es\/wp-content\/uploads\/2017\/02\/253-Bachimala-Kike-1110x832.jpg 1110w\" alt=\"\" title=\"Subiendo al Ib\u00f3n del Brazato se asoma el Pe\u00f1a Telera a la derecha y abajo queda el Valle de Tena entre nieblas\" width=\"555\" height=\"416\"  \/><\/a><\/p>\n\t\t\t<\/div>\n\n\t\t\n\t\t<div class=\"blog-content wf-td\">\n\t\t\t<h3 class=\"entry-title\"><a href=\"https:\/\/www.monta\u00f1asdelaluna.es\/?p=35426\" title=\"Bachimala y Pico de Bac\u00edas\" rel=\"bookmark\">Bachimala y Pico de Bac\u00edas<\/a><\/h3>\n\n\t\t\t<div class=\"entry-meta\"><span class=\"category-link\"><a href=\"https:\/\/www.monta\u00f1asdelaluna.es\/?cat=127\" rel=\"category\">Pirineo Central Atl\u00e1ntico<\/a>, <a href=\"https:\/\/www.monta\u00f1asdelaluna.es\/?cat=126\" rel=\"category\">Valle del Cinca<\/a><\/span><a class=\"author vcard\" href=\"https:\/\/www.monta\u00f1asdelaluna.es\/?author=1\" title=\"Ver todas las publicaciones de Joaquin Terres\" rel=\"author\">Por <span class=\"fn\">Joaquin Terres<\/span><\/a><a href=\"https:\/\/www.monta\u00f1asdelaluna.es\/?m=20061206\" title=\"7:11 am\" class=\"data-link\" rel=\"bookmark\"><time class=\"entry-date updated\" datetime=\"2006-12-06T07:11:34+00:00\">6 diciembre, 2006<\/time><\/a><a href=\"https:\/\/www.monta\u00f1asdelaluna.es\/?p=35426#respond\" class=\"comment-link\" >Deja un comentario<\/a><\/div><p>[vc_row][vc_column][vc_column_text]En el pasado puente de La Inmaculada y dentro del calendario de actividades del Mes del Monta\u00f1ismo, aprovechamos algunos monta\u00f1eros y monta\u00f1eras del Centro Excursionista Almorad\u00ed estas mini vacaciones para acercarnos al Pirineo y disfrutar con sus hermosos paisajes y sus altas y fr\u00edas cumbres. Esta vez nos dividimos en dos grupos: unos (Javi, Zaida,&hellip;<\/p>\n\n<a href=\"https:\/\/www.monta\u00f1asdelaluna.es\/?p=35426\" class=\"details more-link\" aria-label=\"Read more about Bachimala y Pico de Bac\u00edas\" rel=\"nofollow\">Detalles<\/a>\n\n\t\t<\/div>\n\n\t<\/article>\n\n<\/div>\n<div class=\"wf-cell iso-item category-89\" data-post-id=\"27081\" data-date=\"2006-10-22T07:10:48+00:00\" data-name=\"Cordal cimero y norte del Maigm\u00f3\">\n\t<article class=\"post post-27081 type-post status-publish format-standard has-post-thumbnail hentry category-sierras-del-maigmo-y-cid category-89 description-off\">\n\n\t\t\n\t\t\t<div class=\"blog-media wf-td\">\n\n\t\t\t\t<p><a href=\"https:\/\/www.monta\u00f1asdelaluna.es\/?p=27081\" class=\"alignnone rollover layzr-bg\" ><img loading=\"lazy\" decoding=\"async\" class=\"preload-me iso-lazy-load\" src=\"data:image\/svg+xml,%3Csvg%20xmlns%3D&#39;http%3A%2F%2Fwww.w3.org%2F2000%2Fsvg&#39;%20viewBox%3D&#39;0%200%20555%20361&#39;%2F%3E\" data-src=\"https:\/\/www.monta\u00f1asdelaluna.es\/wp-content\/uploads\/2006\/10\/delante-el-maigmonet-y-detras-las-paredes-norte-del-maigmo-555x361.jpg\" data-srcset=\"https:\/\/www.monta\u00f1asdelaluna.es\/wp-content\/uploads\/2006\/10\/delante-el-maigmonet-y-detras-las-paredes-norte-del-maigmo-555x361.jpg 555w, https:\/\/www.monta\u00f1asdelaluna.es\/wp-content\/uploads\/2006\/10\/delante-el-maigmonet-y-detras-las-paredes-norte-del-maigmo-1110x722.jpg 1110w\" alt=\"\" title=\"Delante el Maigmonet y detr\u00e1s las paredes norte del Maigm\u00f3\" width=\"555\" height=\"361\"  \/><\/a><\/p>\n\t\t\t<\/div>\n\n\t\t\n\t\t<div class=\"blog-content wf-td\">\n\t\t\t<h3 class=\"entry-title\"><a href=\"https:\/\/www.monta\u00f1asdelaluna.es\/?p=27081\" title=\"Cordal cimero y norte del Maigm\u00f3\" rel=\"bookmark\">Cordal cimero y norte del Maigm\u00f3<\/a><\/h3>\n\n\t\t\t<div class=\"entry-meta\"><span class=\"category-link\"><a href=\"https:\/\/www.monta\u00f1asdelaluna.es\/?cat=89\" rel=\"category\">Sierras del Maigm\u00f3 y Cid<\/a><\/span><a class=\"author vcard\" href=\"https:\/\/www.monta\u00f1asdelaluna.es\/?author=1\" title=\"Ver todas las publicaciones de Joaquin Terres\" rel=\"author\">Por <span class=\"fn\">Joaquin Terres<\/span><\/a><a href=\"https:\/\/www.monta\u00f1asdelaluna.es\/?m=20061022\" title=\"7:10 am\" class=\"data-link\" rel=\"bookmark\"><time class=\"entry-date updated\" datetime=\"2006-10-22T07:10:48+00:00\">22 octubre, 2006<\/time><\/a><a href=\"https:\/\/www.monta\u00f1asdelaluna.es\/?p=27081#respond\" class=\"comment-link\" >Deja un comentario<\/a><\/div><p>[vc_row][vc_column][vc_column_text]Para llegar al Collado del Portell hay que llegar hasta la poblaci\u00f3n de Castalla, y desde el sur de la misma poblaci\u00f3n encontraremos las indicaciones para coger el camino asfaltado que nos lleve hasta el Xorret del Cat\u00ed, que fue el antiguo camino para comunicar Elda y Petrel (Valls del Vinalop\u00f3) con Castalla (Foia de&hellip;<\/p>\n\n<a href=\"https:\/\/www.monta\u00f1asdelaluna.es\/?p=27081\" class=\"details more-link\" aria-label=\"Read more about Cordal cimero y norte del Maigm\u00f3\" rel=\"nofollow\">Detalles<\/a>\n\n\t\t<\/div>\n\n\t<\/article>\n\n<\/div>\n<div class=\"wf-cell iso-item category-125\" data-post-id=\"35165\" data-date=\"2006-10-14T08:08:57+00:00\" data-name=\"Las faldas del pico Russell\">\n\t<article class=\"post post-35165 type-post status-publish format-standard has-post-thumbnail hentry category-valle-del-esera category-125 description-off\">\n\n\t\t\n\t\t\t<div class=\"blog-media wf-td\">\n\n\t\t\t\t<p><a href=\"https:\/\/www.monta\u00f1asdelaluna.es\/?p=35165\" class=\"alignnone rollover layzr-bg\" ><img loading=\"lazy\" decoding=\"async\" class=\"preload-me iso-lazy-load\" src=\"data:image\/svg+xml,%3Csvg%20xmlns%3D&#39;http%3A%2F%2Fwww.w3.org%2F2000%2Fsvg&#39;%20viewBox%3D&#39;0%200%20555%20370&#39;%2F%3E\" data-src=\"https:\/\/www.monta\u00f1asdelaluna.es\/wp-content\/uploads\/2006\/10\/PortadaRussell-555x370.jpg\" data-srcset=\"https:\/\/www.monta\u00f1asdelaluna.es\/wp-content\/uploads\/2006\/10\/PortadaRussell-555x370.jpg 555w, https:\/\/www.monta\u00f1asdelaluna.es\/wp-content\/uploads\/2006\/10\/PortadaRussell-1110x740.jpg 1110w\" alt=\"\" title=\"PortadaRussell\" width=\"555\" height=\"370\"  \/><\/a><\/p>\n\t\t\t<\/div>\n\n\t\t\n\t\t<div class=\"blog-content wf-td\">\n\t\t\t<h3 class=\"entry-title\"><a href=\"https:\/\/www.monta\u00f1asdelaluna.es\/?p=35165\" title=\"Las faldas del pico Russell\" rel=\"bookmark\">Las faldas del pico Russell<\/a><\/h3>\n\n\t\t\t<div class=\"entry-meta\"><span class=\"category-link\"><a href=\"https:\/\/www.monta\u00f1asdelaluna.es\/?cat=125\" rel=\"category\">Valle del \u00c9sera<\/a><\/span><a class=\"author vcard\" href=\"https:\/\/www.monta\u00f1asdelaluna.es\/?author=1\" title=\"Ver todas las publicaciones de Joaquin Terres\" rel=\"author\">Por <span class=\"fn\">Joaquin Terres<\/span><\/a><a href=\"https:\/\/www.monta\u00f1asdelaluna.es\/?m=20061014\" title=\"8:08 am\" class=\"data-link\" rel=\"bookmark\"><time class=\"entry-date updated\" datetime=\"2006-10-14T08:08:57+00:00\">14 octubre, 2006<\/time><\/a><a href=\"https:\/\/www.monta\u00f1asdelaluna.es\/?p=35165#respond\" class=\"comment-link\" >Deja un comentario<\/a><\/div><p>[vc_row][vc_column][vc_column_text]El pico Russell de 3.207 mts. de altitud, es junto con el Tuc de Mulleres de 3.010 mts., uno de los tresmiles m\u00e1s orientales del macizo de Los Montes Malditos. Cresta final y oriental que empieza en el Alba y termina en el Mulleres pasando por el Maladeta, Maldito, Aneto y Tempestades entre otros. Queda&hellip;<\/p>\n\n<a href=\"https:\/\/www.monta\u00f1asdelaluna.es\/?p=35165\" class=\"details more-link\" aria-label=\"Read more about Las faldas del pico Russell\" rel=\"nofollow\">Detalles<\/a>\n\n\t\t<\/div>\n\n\t<\/article>\n\n<\/div>\n<div class=\"wf-cell iso-item category-128\" data-post-id=\"35159\" data-date=\"2006-10-13T18:58:33+00:00\" data-name=\"Besiberri Sur\">\n\t<article class=\"post post-35159 type-post status-publish format-standard has-post-thumbnail hentry category-alto-pirineo-catalan category-128 description-off\">\n\n\t\t\n\t\t\t<div class=\"blog-media wf-td\">\n\n\t\t\t\t<p><a href=\"https:\/\/www.monta\u00f1asdelaluna.es\/?p=35159\" class=\"alignnone rollover layzr-bg\" ><img loading=\"lazy\" decoding=\"async\" class=\"preload-me iso-lazy-load\" src=\"data:image\/svg+xml,%3Csvg%20xmlns%3D&#39;http%3A%2F%2Fwww.w3.org%2F2000%2Fsvg&#39;%20viewBox%3D&#39;0%200%20555%20370&#39;%2F%3E\" data-src=\"https:\/\/www.monta\u00f1asdelaluna.es\/wp-content\/uploads\/2017\/01\/151-Amanece-en-el-Estany-de-los-Besiberris-555x370.gif\" data-srcset=\"https:\/\/www.monta\u00f1asdelaluna.es\/wp-content\/uploads\/2017\/01\/151-Amanece-en-el-Estany-de-los-Besiberris-555x370.gif 555w, https:\/\/www.monta\u00f1asdelaluna.es\/wp-content\/uploads\/2017\/01\/151-Amanece-en-el-Estany-de-los-Besiberris-1110x740.gif 1110w\" alt=\"\" title=\"Amanece en el Estany de los Besiberris\" width=\"555\" height=\"370\"  \/><\/a><\/p>\n\t\t\t<\/div>\n\n\t\t\n\t\t<div class=\"blog-content wf-td\">\n\t\t\t<h3 class=\"entry-title\"><a href=\"https:\/\/www.monta\u00f1asdelaluna.es\/?p=35159\" title=\"Besiberri Sur\" rel=\"bookmark\">Besiberri Sur<\/a><\/h3>\n\n\t\t\t<div class=\"entry-meta\"><span class=\"category-link\"><a href=\"https:\/\/www.monta\u00f1asdelaluna.es\/?cat=128\" rel=\"category\">Alto Pirineo Catal\u00e1n<\/a><\/span><a class=\"author vcard\" href=\"https:\/\/www.monta\u00f1asdelaluna.es\/?author=1\" title=\"Ver todas las publicaciones de Joaquin Terres\" rel=\"author\">Por <span class=\"fn\">Joaquin Terres<\/span><\/a><a href=\"https:\/\/www.monta\u00f1asdelaluna.es\/?m=20061013\" title=\"6:58 pm\" class=\"data-link\" rel=\"bookmark\"><time class=\"entry-date updated\" datetime=\"2006-10-13T18:58:33+00:00\">13 octubre, 2006<\/time><\/a><a href=\"https:\/\/www.monta\u00f1asdelaluna.es\/?p=35159#respond\" class=\"comment-link\" >Deja un comentario<\/a><\/div><p>[vc_row][vc_column][vc_column_text]Est\u00e1bamos en la frontera entre Arag\u00f3n y Catalu\u00f1a. Perteneciente a la comarca de Val d\u2019Aran, aunque geogr\u00e1ficamente mirando al sur, en la cabecera del valle del Noguera Ribagorzana, tambi\u00e9n llamado Valle de Barrab\u00e9s; nos hosped\u00e1bamos en un albergue-refugio justo en la boca sur del afamado t\u00fanel de Viella. El tiempo es gris, fr\u00edo e inestable.&hellip;<\/p>\n\n<a href=\"https:\/\/www.monta\u00f1asdelaluna.es\/?p=35159\" class=\"details more-link\" aria-label=\"Read more about Besiberri Sur\" rel=\"nofollow\">Detalles<\/a>\n\n\t\t<\/div>\n\n\t<\/article>\n\n<\/div>\n<div class=\"wf-cell iso-item category-103\" data-post-id=\"34506\" data-date=\"2006-09-24T09:37:53+00:00\" data-name=\"Vereda de La Estrella y Laguna de La Mosca\">\n\t<article class=\"post post-34506 type-post status-publish format-standard has-post-thumbnail hentry category-ascensiones-y-recorridos category-103 description-off\">\n\n\t\t\n\t\t\t<div class=\"blog-media wf-td\">\n\n\t\t\t\t<p><a href=\"https:\/\/www.monta\u00f1asdelaluna.es\/?p=34506\" class=\"alignnone rollover layzr-bg\" ><img loading=\"lazy\" decoding=\"async\" class=\"preload-me iso-lazy-load\" src=\"data:image\/svg+xml,%3Csvg%20xmlns%3D&#39;http%3A%2F%2Fwww.w3.org%2F2000%2Fsvg&#39;%20viewBox%3D&#39;0%200%20555%20360&#39;%2F%3E\" data-src=\"https:\/\/www.monta\u00f1asdelaluna.es\/wp-content\/uploads\/2006\/09\/vereda-de-la-estrella-a-la-derecha-con-alcazaba-y-mulhacen-al-fondo-555x360.jpg\" data-srcset=\"https:\/\/www.monta\u00f1asdelaluna.es\/wp-content\/uploads\/2006\/09\/vereda-de-la-estrella-a-la-derecha-con-alcazaba-y-mulhacen-al-fondo-555x360.jpg 555w, https:\/\/www.monta\u00f1asdelaluna.es\/wp-content\/uploads\/2006\/09\/vereda-de-la-estrella-a-la-derecha-con-alcazaba-y-mulhacen-al-fondo-1110x720.jpg 1110w\" alt=\"\" title=\"Vereda de La Estrella a la derecha con Alcazaba y Mulhac\u00e9n al fondo\" width=\"555\" height=\"360\"  \/><\/a><\/p>\n\t\t\t<\/div>\n\n\t\t\n\t\t<div class=\"blog-content wf-td\">\n\t\t\t<h3 class=\"entry-title\"><a href=\"https:\/\/www.monta\u00f1asdelaluna.es\/?p=34506\" title=\"Vereda de La Estrella y Laguna de La Mosca\" rel=\"bookmark\">Vereda de La Estrella y Laguna de La Mosca<\/a><\/h3>\n\n\t\t\t<div class=\"entry-meta\"><span class=\"category-link\"><a href=\"https:\/\/www.monta\u00f1asdelaluna.es\/?cat=103\" rel=\"category\">Ascensiones y recorridos<\/a><\/span><a class=\"author vcard\" href=\"https:\/\/www.monta\u00f1asdelaluna.es\/?author=1\" title=\"Ver todas las publicaciones de Joaquin Terres\" rel=\"author\">Por <span class=\"fn\">Joaquin Terres<\/span><\/a><a href=\"https:\/\/www.monta\u00f1asdelaluna.es\/?m=20060924\" title=\"9:37 am\" class=\"data-link\" rel=\"bookmark\"><time class=\"entry-date updated\" datetime=\"2006-09-24T09:37:53+00:00\">24 septiembre, 2006<\/time><\/a><a href=\"https:\/\/www.monta\u00f1asdelaluna.es\/?p=34506#respond\" class=\"comment-link\" >Deja un comentario<\/a><\/div><p>[vc_row][vc_column][vc_column_text]Sierra Nevada siempre es un lugar privilegiado para hacer una f\u00e1cil alta monta\u00f1a en invierno, cercana y amplia cumple con los requisitos suficientes que se necesitan para disfrutar de una gran monta\u00f1a. Aunque esta vez la visita a la sierra no tenia nada que ver con la alta monta\u00f1a y s\u00ed con el agua, los&hellip;<\/p>\n\n<a href=\"https:\/\/www.monta\u00f1asdelaluna.es\/?p=34506\" class=\"details more-link\" aria-label=\"Read more about Vereda de La Estrella y Laguna de La Mosca\" rel=\"nofollow\">Detalles<\/a>\n\n\t\t<\/div>\n\n\t<\/article>\n\n<\/div>\n<div class=\"wf-cell iso-item category-94\" data-post-id=\"43564\" data-date=\"2006-09-16T19:13:01+00:00\" data-name=\"Las cimas de la Sierra del Reconc o d&#039;Onil\">\n\t<article class=\"post post-43564 type-post status-publish format-standard has-post-thumbnail hentry category-resto-de-alicante category-94 description-off\">\n\n\t\t\n\t\t\t<div class=\"blog-media wf-td\">\n\n\t\t\t\t<p><a href=\"https:\/\/www.monta\u00f1asdelaluna.es\/?p=43564\" class=\"alignnone rollover layzr-bg\" ><img loading=\"lazy\" decoding=\"async\" class=\"preload-me iso-lazy-load\" src=\"data:image\/svg+xml,%3Csvg%20xmlns%3D&#39;http%3A%2F%2Fwww.w3.org%2F2000%2Fsvg&#39;%20viewBox%3D&#39;0%200%20555%20375&#39;%2F%3E\" data-src=\"https:\/\/www.monta\u00f1asdelaluna.es\/wp-content\/uploads\/2020\/05\/delante-la-cima-del-reconc-555x375.jpg\" data-srcset=\"https:\/\/www.monta\u00f1asdelaluna.es\/wp-content\/uploads\/2020\/05\/delante-la-cima-del-reconc-555x375.jpg 555w, https:\/\/www.monta\u00f1asdelaluna.es\/wp-content\/uploads\/2020\/05\/delante-la-cima-del-reconc-1110x750.jpg 1110w\" alt=\"\" title=\"Delante la cima del Reconc\" width=\"555\" height=\"375\"  \/><\/a><\/p>\n\t\t\t<\/div>\n\n\t\t\n\t\t<div class=\"blog-content wf-td\">\n\t\t\t<h3 class=\"entry-title\"><a href=\"https:\/\/www.monta\u00f1asdelaluna.es\/?p=43564\" title=\"Las cimas de la Sierra del Reconc o d&#8217;Onil\" rel=\"bookmark\">Las cimas de la Sierra del Reconc o d&#8217;Onil<\/a><\/h3>\n\n\t\t\t<div class=\"entry-meta\"><span class=\"category-link\"><a href=\"https:\/\/www.monta\u00f1asdelaluna.es\/?cat=94\" rel=\"category\">Resto de Alicante<\/a><\/span><a class=\"author vcard\" href=\"https:\/\/www.monta\u00f1asdelaluna.es\/?author=1\" title=\"Ver todas las publicaciones de Joaquin Terres\" rel=\"author\">Por <span class=\"fn\">Joaquin Terres<\/span><\/a><a href=\"https:\/\/www.monta\u00f1asdelaluna.es\/?m=20060916\" title=\"7:13 pm\" class=\"data-link\" rel=\"bookmark\"><time class=\"entry-date updated\" datetime=\"2006-09-16T19:13:01+00:00\">16 septiembre, 2006<\/time><\/a><a href=\"https:\/\/www.monta\u00f1asdelaluna.es\/?p=43564#respond\" class=\"comment-link\" >Deja un comentario<\/a><\/div><p>[vc_row][vc_column][vc_column_text]Despu\u00e9s de visitar en varias ocasiones la Sierra del Reconc y la Sierra de La Fontanella, subiendo el pico m\u00e1s relevante o conocido del conjunto de sierras, que es el Reconc, una idea surgi\u00f3 ante el reconocimiento de que no hab\u00edamos subida todas las cimas o c\u00faspides de las sierras. Nos faltaba, o me faltaba,&hellip;<\/p>\n\n<a href=\"https:\/\/www.monta\u00f1asdelaluna.es\/?p=43564\" class=\"details more-link\" aria-label=\"Read more about Las cimas de la Sierra del Reconc o d&#8217;Onil\" rel=\"nofollow\">Detalles<\/a>\n\n\t\t<\/div>\n\n\t<\/article>\n\n<\/div>\n<div class=\"wf-cell iso-item category-35\" data-post-id=\"34601\" data-date=\"2006-09-01T01:51:38+00:00\" data-name=\"Art\u00edculo resumen de la Expedici\u00f3n a Ecuador\">\n\t<article class=\"post post-34601 type-post status-publish format-standard has-post-thumbnail hentry category-ecuador category-35 description-off\">\n\n\t\t\n\t\t\t<div class=\"blog-media wf-td\">\n\n\t\t\t\t<p><a href=\"https:\/\/www.monta\u00f1asdelaluna.es\/?p=34601\" class=\"alignnone rollover layzr-bg\" ><img loading=\"lazy\" decoding=\"async\" class=\"preload-me iso-lazy-load\" src=\"data:image\/svg+xml,%3Csvg%20xmlns%3D&#39;http%3A%2F%2Fwww.w3.org%2F2000%2Fsvg&#39;%20viewBox%3D&#39;0%200%20555%20370&#39;%2F%3E\" data-src=\"https:\/\/www.monta\u00f1asdelaluna.es\/wp-content\/uploads\/2016\/12\/014B-555x370.jpg\" data-srcset=\"https:\/\/www.monta\u00f1asdelaluna.es\/wp-content\/uploads\/2016\/12\/014B-555x370.jpg 555w, https:\/\/www.monta\u00f1asdelaluna.es\/wp-content\/uploads\/2016\/12\/014B-1110x740.jpg 1110w\" alt=\"\" title=\"014b\" width=\"555\" height=\"370\"  \/><\/a><\/p>\n\t\t\t<\/div>\n\n\t\t\n\t\t<div class=\"blog-content wf-td\">\n\t\t\t<h3 class=\"entry-title\"><a href=\"https:\/\/www.monta\u00f1asdelaluna.es\/?p=34601\" title=\"Art\u00edculo resumen de la Expedici\u00f3n a Ecuador\" rel=\"bookmark\">Art\u00edculo resumen de la Expedici\u00f3n a Ecuador<\/a><\/h3>\n\n\t\t\t<div class=\"entry-meta\"><span class=\"category-link\"><a href=\"https:\/\/www.monta\u00f1asdelaluna.es\/?cat=35\" rel=\"category\">Ecuador<\/a><\/span><a class=\"author vcard\" href=\"https:\/\/www.monta\u00f1asdelaluna.es\/?author=1\" title=\"Ver todas las publicaciones de Joaquin Terres\" rel=\"author\">Por <span class=\"fn\">Joaquin Terres<\/span><\/a><a href=\"https:\/\/www.monta\u00f1asdelaluna.es\/?m=20060901\" title=\"1:51 am\" class=\"data-link\" rel=\"bookmark\"><time class=\"entry-date updated\" datetime=\"2006-09-01T01:51:38+00:00\">1 septiembre, 2006<\/time><\/a><a href=\"https:\/\/www.monta\u00f1asdelaluna.es\/?p=34601#respond\" class=\"comment-link\" >Deja un comentario<\/a><\/div><p>Relato breve y previo al diario de la Expedici\u00f3n Ecuador-2.006. Art\u00edculo escrito en el mismo a\u00f1o y subido a la web del Centro Excursionista Almorad\u00ed, hoy d\u00eda desaparecido. Os lo adelanto esperando que os deje buen sabor de boca y ganas de conocer y leer las experiencias, correr\u00edas, ascensiones, conquistas y aventuras vividas en este&hellip;<\/p>\n\n<a href=\"https:\/\/www.monta\u00f1asdelaluna.es\/?p=34601\" class=\"details more-link\" aria-label=\"Read more about Art\u00edculo resumen de la Expedici\u00f3n a Ecuador\" rel=\"nofollow\">Detalles<\/a>\n\n\t\t<\/div>\n\n\t<\/article>\n\n<\/div>\n<div class=\"wf-cell iso-item category-35\" data-post-id=\"49008\" data-date=\"2006-08-02T18:30:05+00:00\" data-name=\"Ecuador, resto del viaje\">\n\t<article class=\"post post-49008 type-post status-publish format-standard has-post-thumbnail hentry category-ecuador category-35 description-off\">\n\n\t\t\n\t\t\t<div class=\"blog-media wf-td\">\n\n\t\t\t\t<p><a href=\"https:\/\/www.monta\u00f1asdelaluna.es\/?p=49008\" class=\"alignnone rollover layzr-bg\" ><img loading=\"lazy\" decoding=\"async\" class=\"preload-me iso-lazy-load\" src=\"data:image\/svg+xml,%3Csvg%20xmlns%3D&#39;http%3A%2F%2Fwww.w3.org%2F2000%2Fsvg&#39;%20viewBox%3D&#39;0%200%20555%20370&#39;%2F%3E\" data-src=\"https:\/\/www.monta\u00f1asdelaluna.es\/wp-content\/uploads\/2016\/12\/253-555x370.jpg\" data-srcset=\"https:\/\/www.monta\u00f1asdelaluna.es\/wp-content\/uploads\/2016\/12\/253-555x370.jpg 555w, https:\/\/www.monta\u00f1asdelaluna.es\/wp-content\/uploads\/2016\/12\/253-1110x740.jpg 1110w\" alt=\"\" title=\"Vista del centro y ciudad vieja de Quito\" width=\"555\" height=\"370\"  \/><\/a><\/p>\n\t\t\t<\/div>\n\n\t\t\n\t\t<div class=\"blog-content wf-td\">\n\t\t\t<h3 class=\"entry-title\"><a href=\"https:\/\/www.monta\u00f1asdelaluna.es\/?p=49008\" title=\"Ecuador, resto del viaje\" rel=\"bookmark\">Ecuador, resto del viaje<\/a><\/h3>\n\n\t\t\t<div class=\"entry-meta\"><span class=\"category-link\"><a href=\"https:\/\/www.monta\u00f1asdelaluna.es\/?cat=35\" rel=\"category\">Ecuador<\/a><\/span><a class=\"author vcard\" href=\"https:\/\/www.monta\u00f1asdelaluna.es\/?author=1\" title=\"Ver todas las publicaciones de Joaquin Terres\" rel=\"author\">Por <span class=\"fn\">Joaquin Terres<\/span><\/a><a href=\"https:\/\/www.monta\u00f1asdelaluna.es\/?m=20060802\" title=\"6:30 pm\" class=\"data-link\" rel=\"bookmark\"><time class=\"entry-date updated\" datetime=\"2006-08-02T18:30:05+00:00\">2 agosto, 2006<\/time><\/a><a href=\"https:\/\/www.monta\u00f1asdelaluna.es\/?p=49008#respond\" class=\"comment-link\" >Deja un comentario<\/a><\/div><p>[vc_row][vc_column][vc_column_text] 2 de agosto de 2.006. Mi\u00e9rcoles. Quito. &nbsp; Dormimos muy bien en habitaciones individuales por primera vez y camas grandes y calentitas, pero a las 06:30 arriba a acabar la mochila y a las 07:30 est\u00e1bamos en el \u00faltimo desayuno de Urbina, (como siempre glorioso). Nos despedimos de Mar\u00eda, Delf\u00edn, Julio y Fabi\u00e1n, es&hellip;<\/p>\n\n<a href=\"https:\/\/www.monta\u00f1asdelaluna.es\/?p=49008\" class=\"details more-link\" aria-label=\"Read more about Ecuador, resto del viaje\" rel=\"nofollow\">Detalles<\/a>\n\n\t\t<\/div>\n\n\t<\/article>\n\n<\/div>\n<div class=\"wf-cell iso-item category-35\" data-post-id=\"48992\" data-date=\"2006-08-01T08:50:19+00:00\" data-name=\"1 de agosto de 2.006. Martes. Fiesta Nacional Suiza\">\n\t<article class=\"post post-48992 type-post status-publish format-standard has-post-thumbnail hentry category-ecuador category-35 description-off\">\n\n\t\t\n\t\t\t<div class=\"blog-media wf-td\">\n\n\t\t\t\t<p><a href=\"https:\/\/www.monta\u00f1asdelaluna.es\/?p=48992\" class=\"alignnone rollover layzr-bg\" ><img loading=\"lazy\" decoding=\"async\" class=\"preload-me iso-lazy-load\" src=\"data:image\/svg+xml,%3Csvg%20xmlns%3D&#39;http%3A%2F%2Fwww.w3.org%2F2000%2Fsvg&#39;%20viewBox%3D&#39;0%200%20555%20370&#39;%2F%3E\" data-src=\"https:\/\/www.monta\u00f1asdelaluna.es\/wp-content\/uploads\/2021\/02\/241-555x370.jpg\" data-srcset=\"https:\/\/www.monta\u00f1asdelaluna.es\/wp-content\/uploads\/2021\/02\/241-555x370.jpg 555w, https:\/\/www.monta\u00f1asdelaluna.es\/wp-content\/uploads\/2021\/02\/241-1110x740.jpg 1110w\" alt=\"\" title=\"Niebla y mal tiempo desde el mirador a la selva, a la Reserva de Nantar\" width=\"555\" height=\"370\"  \/><\/a><\/p>\n\t\t\t<\/div>\n\n\t\t\n\t\t<div class=\"blog-content wf-td\">\n\t\t\t<h3 class=\"entry-title\"><a href=\"https:\/\/www.monta\u00f1asdelaluna.es\/?p=48992\" title=\"1 de agosto de 2.006. Martes. Fiesta Nacional Suiza\" rel=\"bookmark\">1 de agosto de 2.006. Martes. Fiesta Nacional Suiza<\/a><\/h3>\n\n\t\t\t<div class=\"entry-meta\"><span class=\"category-link\"><a href=\"https:\/\/www.monta\u00f1asdelaluna.es\/?cat=35\" rel=\"category\">Ecuador<\/a><\/span><a class=\"author vcard\" href=\"https:\/\/www.monta\u00f1asdelaluna.es\/?author=1\" title=\"Ver todas las publicaciones de Joaquin Terres\" rel=\"author\">Por <span class=\"fn\">Joaquin Terres<\/span><\/a><a href=\"https:\/\/www.monta\u00f1asdelaluna.es\/?m=20060801\" title=\"8:50 am\" class=\"data-link\" rel=\"bookmark\"><time class=\"entry-date updated\" datetime=\"2006-08-01T08:50:19+00:00\">1 agosto, 2006<\/time><\/a><a href=\"https:\/\/www.monta\u00f1asdelaluna.es\/?p=48992#respond\" class=\"comment-link\" >Deja un comentario<\/a><\/div><p>[vc_row][vc_column][vc_column_text]Marcelo nos llama a las 5:45 h. y r\u00e1pidamente recogemos el saco y la mochila para salir a las 6 h. Suena como si lloviera mucho aunque no cae casi nada ahora. Amanece y no es necesario la frontal ni el chubasquero. Subimos al mirador Nantar desde donde el Sangay deber\u00e1 verse. Pero entre las&hellip;<\/p>\n\n<a href=\"https:\/\/www.monta\u00f1asdelaluna.es\/?p=48992\" class=\"details more-link\" aria-label=\"Read more about 1 de agosto de 2.006. Martes. Fiesta Nacional Suiza\" rel=\"nofollow\">Detalles<\/a>\n\n\t\t<\/div>\n\n\t<\/article>\n\n<\/div>\n<div class=\"wf-cell iso-item category-35\" data-post-id=\"48981\" data-date=\"2006-07-31T11:34:52+00:00\" data-name=\"31 de julio de 2.006. Lunes. San Ignacio. Reserva de Nantar. Buena Esperanza (Selva)\">\n\t<article class=\"post post-48981 type-post status-publish format-standard has-post-thumbnail hentry category-ecuador category-35 description-off\">\n\n\t\t\n\t\t\t<div class=\"blog-media wf-td\">\n\n\t\t\t\t<p><a href=\"https:\/\/www.monta\u00f1asdelaluna.es\/?p=48981\" class=\"alignnone rollover layzr-bg\" ><img loading=\"lazy\" decoding=\"async\" class=\"preload-me iso-lazy-load\" src=\"data:image\/svg+xml,%3Csvg%20xmlns%3D&#39;http%3A%2F%2Fwww.w3.org%2F2000%2Fsvg&#39;%20viewBox%3D&#39;0%200%20555%20370&#39;%2F%3E\" data-src=\"https:\/\/www.monta\u00f1asdelaluna.es\/wp-content\/uploads\/2021\/02\/preciosa-tormenta-tropical-en-las-cercanias-de-la-cabana-shuar-donde-dormimos-555x370.jpg\" data-srcset=\"https:\/\/www.monta\u00f1asdelaluna.es\/wp-content\/uploads\/2021\/02\/preciosa-tormenta-tropical-en-las-cercanias-de-la-cabana-shuar-donde-dormimos-555x370.jpg 555w, https:\/\/www.monta\u00f1asdelaluna.es\/wp-content\/uploads\/2021\/02\/preciosa-tormenta-tropical-en-las-cercanias-de-la-cabana-shuar-donde-dormimos-1110x740.jpg 1110w\" alt=\"\" title=\"Preciosa tormenta tropical en las cercan\u00edas de la caba\u00f1a Shuar donde dormimos\" width=\"555\" height=\"370\"  \/><\/a><\/p>\n\t\t\t<\/div>\n\n\t\t\n\t\t<div class=\"blog-content wf-td\">\n\t\t\t<h3 class=\"entry-title\"><a href=\"https:\/\/www.monta\u00f1asdelaluna.es\/?p=48981\" title=\"31 de julio de 2.006. Lunes. San Ignacio. Reserva de Nantar. Buena Esperanza (Selva)\" rel=\"bookmark\">31 de julio de 2.006. Lunes. San Ignacio. Reserva de Nantar. Buena Esperanza (Selva)<\/a><\/h3>\n\n\t\t\t<div class=\"entry-meta\"><span class=\"category-link\"><a href=\"https:\/\/www.monta\u00f1asdelaluna.es\/?cat=35\" rel=\"category\">Ecuador<\/a><\/span><a class=\"author vcard\" href=\"https:\/\/www.monta\u00f1asdelaluna.es\/?author=1\" title=\"Ver todas las publicaciones de Joaquin Terres\" rel=\"author\">Por <span class=\"fn\">Joaquin Terres<\/span><\/a><a href=\"https:\/\/www.monta\u00f1asdelaluna.es\/?m=20060731\" title=\"11:34 am\" class=\"data-link\" rel=\"bookmark\"><time class=\"entry-date updated\" datetime=\"2006-07-31T11:34:52+00:00\">31 julio, 2006<\/time><\/a><a href=\"https:\/\/www.monta\u00f1asdelaluna.es\/?p=48981#respond\" class=\"comment-link\" >Deja un comentario<\/a><\/div><p>[vc_row][vc_column][vc_column_text]Pasamos mala noche por el calor y los ruidos de la calle, perros, gallos, monjitas en los maitines, pero sobre todo el estar pendientes de la hora para levantarnos a las 6 h. Aunque pedimos al recepcionista que nos llame, no nos fiamos, y a las 6:20 cuando llama ya estamos despiertos. Llevamos las maletas&hellip;<\/p>\n\n<a href=\"https:\/\/www.monta\u00f1asdelaluna.es\/?p=48981\" class=\"details more-link\" aria-label=\"Read more about 31 de julio de 2.006. Lunes. San Ignacio. Reserva de Nantar. Buena Esperanza (Selva)\" rel=\"nofollow\">Detalles<\/a>\n\n\t\t<\/div>\n\n\t<\/article>\n\n<\/div>\n<div class=\"wf-cell iso-item category-35\" data-post-id=\"46756\" data-date=\"2006-07-30T21:06:30+00:00\" data-name=\"30 de julio de 2.006. Domingo. Macas.\">\n\t<article class=\"post post-46756 type-post status-publish format-standard has-post-thumbnail hentry category-ecuador category-35 description-off\">\n\n\t\t\n\t\t\t<div class=\"blog-media wf-td\">\n\n\t\t\t\t<p><a href=\"https:\/\/www.monta\u00f1asdelaluna.es\/?p=46756\" class=\"alignnone rollover layzr-bg\" ><img loading=\"lazy\" decoding=\"async\" class=\"preload-me iso-lazy-load\" src=\"data:image\/svg+xml,%3Csvg%20xmlns%3D&#39;http%3A%2F%2Fwww.w3.org%2F2000%2Fsvg&#39;%20viewBox%3D&#39;0%200%20555%20370&#39;%2F%3E\" data-src=\"https:\/\/www.monta\u00f1asdelaluna.es\/wp-content\/uploads\/2021\/02\/cerca-de-las-lagunas-de-atillo-en-el-p-n-sangay-555x370.jpg\" data-srcset=\"https:\/\/www.monta\u00f1asdelaluna.es\/wp-content\/uploads\/2021\/02\/cerca-de-las-lagunas-de-atillo-en-el-p-n-sangay-555x370.jpg 555w, https:\/\/www.monta\u00f1asdelaluna.es\/wp-content\/uploads\/2021\/02\/cerca-de-las-lagunas-de-atillo-en-el-p-n-sangay-1110x740.jpg 1110w\" alt=\"\" title=\"Cerca de las Lagunas de Atillo en el P.N. Sangay\" width=\"555\" height=\"370\"  \/><\/a><\/p>\n\t\t\t<\/div>\n\n\t\t\n\t\t<div class=\"blog-content wf-td\">\n\t\t\t<h3 class=\"entry-title\"><a href=\"https:\/\/www.monta\u00f1asdelaluna.es\/?p=46756\" title=\"30 de julio de 2.006. Domingo. Macas.\" rel=\"bookmark\">30 de julio de 2.006. Domingo. Macas.<\/a><\/h3>\n\n\t\t\t<div class=\"entry-meta\"><span class=\"category-link\"><a href=\"https:\/\/www.monta\u00f1asdelaluna.es\/?cat=35\" rel=\"category\">Ecuador<\/a><\/span><a class=\"author vcard\" href=\"https:\/\/www.monta\u00f1asdelaluna.es\/?author=1\" title=\"Ver todas las publicaciones de Joaquin Terres\" rel=\"author\">Por <span class=\"fn\">Joaquin Terres<\/span><\/a><a href=\"https:\/\/www.monta\u00f1asdelaluna.es\/?m=20060730\" title=\"9:06 pm\" class=\"data-link\" rel=\"bookmark\"><time class=\"entry-date updated\" datetime=\"2006-07-30T21:06:30+00:00\">30 julio, 2006<\/time><\/a><a href=\"https:\/\/www.monta\u00f1asdelaluna.es\/?p=46756#respond\" class=\"comment-link\" >Deja un comentario<\/a><\/div><p>[vc_row][vc_column][vc_column_text]Nos levantamos a las 7:30 y no hay nadie a la vista. Los holandeses se fueron a las 4 h., pero de nosotros se han olvidado, incluso cuando se fueron se llevaron la chaqueta (chompa) de Joaqu\u00edn. Suerte que ya hab\u00edamos acabado con las actividades de alta monta\u00f1a. Hacemos las mochilas para dejar y para&hellip;<\/p>\n\n<a href=\"https:\/\/www.monta\u00f1asdelaluna.es\/?p=46756\" class=\"details more-link\" aria-label=\"Read more about 30 de julio de 2.006. Domingo. Macas.\" rel=\"nofollow\">Detalles<\/a>\n\n\t\t<\/div>\n\n\t<\/article>\n\n<\/div>\n<div class=\"wf-cell iso-item category-35\" data-post-id=\"46745\" data-date=\"2006-07-29T19:07:47+00:00\" data-name=\"29 de julio de 2.006. S\u00e1bado. Ascensi\u00f3n al Cotopaxi. Cima sur, 5.880 mts.\">\n\t<article class=\"post post-46745 type-post status-publish format-standard has-post-thumbnail hentry category-ecuador category-35 description-off\">\n\n\t\t\n\t\t\t<div class=\"blog-media wf-td\">\n\n\t\t\t\t<p><a href=\"https:\/\/www.monta\u00f1asdelaluna.es\/?p=46745\" class=\"alignnone rollover layzr-bg\" ><img loading=\"lazy\" decoding=\"async\" class=\"preload-me iso-lazy-load\" src=\"data:image\/svg+xml,%3Csvg%20xmlns%3D&#39;http%3A%2F%2Fwww.w3.org%2F2000%2Fsvg&#39;%20viewBox%3D&#39;0%200%20555%20370&#39;%2F%3E\" data-src=\"https:\/\/www.monta\u00f1asdelaluna.es\/wp-content\/uploads\/2021\/01\/joaquin-y-jesus-en-la-cima-sur-del-cotopaxi-5-880-mts-detras-abajo-su-crater-nuestra-tercera-cima-importante-en-ecuador-555x370.jpg\" data-srcset=\"https:\/\/www.monta\u00f1asdelaluna.es\/wp-content\/uploads\/2021\/01\/joaquin-y-jesus-en-la-cima-sur-del-cotopaxi-5-880-mts-detras-abajo-su-crater-nuestra-tercera-cima-importante-en-ecuador-555x370.jpg 555w, https:\/\/www.monta\u00f1asdelaluna.es\/wp-content\/uploads\/2021\/01\/joaquin-y-jesus-en-la-cima-sur-del-cotopaxi-5-880-mts-detras-abajo-su-crater-nuestra-tercera-cima-importante-en-ecuador-1110x740.jpg 1110w\" alt=\"\" title=\"Joaqu\u00edn y Jes\u00fas en la cima sur del Cotopaxi, 5.880 mts., detr\u00e1s abajo su cr\u00e1ter. Nuestra tercera cima importante en Ecuador\" width=\"555\" height=\"370\"  \/><\/a><\/p>\n\t\t\t<\/div>\n\n\t\t\n\t\t<div class=\"blog-content wf-td\">\n\t\t\t<h3 class=\"entry-title\"><a href=\"https:\/\/www.monta\u00f1asdelaluna.es\/?p=46745\" title=\"29 de julio de 2.006. S\u00e1bado. Ascensi\u00f3n al Cotopaxi. Cima sur, 5.880 mts.\" rel=\"bookmark\">29 de julio de 2.006. S\u00e1bado. Ascensi\u00f3n al Cotopaxi. Cima sur, 5.880 mts.<\/a><\/h3>\n\n\t\t\t<div class=\"entry-meta\"><span class=\"category-link\"><a href=\"https:\/\/www.monta\u00f1asdelaluna.es\/?cat=35\" rel=\"category\">Ecuador<\/a><\/span><a class=\"author vcard\" href=\"https:\/\/www.monta\u00f1asdelaluna.es\/?author=1\" title=\"Ver todas las publicaciones de Joaquin Terres\" rel=\"author\">Por <span class=\"fn\">Joaquin Terres<\/span><\/a><a href=\"https:\/\/www.monta\u00f1asdelaluna.es\/?m=20060729\" title=\"7:07 pm\" class=\"data-link\" rel=\"bookmark\"><time class=\"entry-date updated\" datetime=\"2006-07-29T19:07:47+00:00\">29 julio, 2006<\/time><\/a><a href=\"https:\/\/www.monta\u00f1asdelaluna.es\/?p=46745#respond\" class=\"comment-link\" >Deja un comentario<\/a><\/div><p>[vc_row][vc_column][vc_column_text]2 h. (4.800 mts.) campo alto. Bebemos un traguito de agua y cogemos el espol\u00f3n que sale de Campo alto hasta el glaciar (1 h.). Parada para encordarnos y ponernos los crampones. Hoy soy el \u00faltimo de la cordada (Manuel, Joaqu\u00edn y yo). La otra la forma Delf\u00edn y Rodrigo. En plena oscuridad parece que&hellip;<\/p>\n\n<a href=\"https:\/\/www.monta\u00f1asdelaluna.es\/?p=46745\" class=\"details more-link\" aria-label=\"Read more about 29 de julio de 2.006. S\u00e1bado. Ascensi\u00f3n al Cotopaxi. Cima sur, 5.880 mts.\" rel=\"nofollow\">Detalles<\/a>\n\n\t\t<\/div>\n\n\t<\/article>\n\n<\/div>\n<div class=\"wf-cell iso-item category-35\" data-post-id=\"46700\" data-date=\"2006-07-28T12:30:26+00:00\" data-name=\"28 de julio de 2.006. Viernes. Nueva subida al Refugio de la Cara Sur del Cotopaxi, 3.990 mts.\">\n\t<article class=\"post post-46700 type-post status-publish format-standard has-post-thumbnail hentry category-ecuador category-35 description-off\">\n\n\t\t\n\t\t\t<div class=\"blog-media wf-td\">\n\n\t\t\t\t<p><a href=\"https:\/\/www.monta\u00f1asdelaluna.es\/?p=46700\" class=\"alignnone rollover layzr-bg\" ><img loading=\"lazy\" decoding=\"async\" class=\"preload-me iso-lazy-load\" src=\"data:image\/svg+xml,%3Csvg%20xmlns%3D&#39;http%3A%2F%2Fwww.w3.org%2F2000%2Fsvg&#39;%20viewBox%3D&#39;0%200%20555%20370&#39;%2F%3E\" data-src=\"https:\/\/www.monta\u00f1asdelaluna.es\/wp-content\/uploads\/2021\/01\/niebla-en-la-entrada-al-refugio-de-la-cara-sur-del-cotopaxi-3-990-mts-555x370.jpg\" data-srcset=\"https:\/\/www.monta\u00f1asdelaluna.es\/wp-content\/uploads\/2021\/01\/niebla-en-la-entrada-al-refugio-de-la-cara-sur-del-cotopaxi-3-990-mts-555x370.jpg 555w, https:\/\/www.monta\u00f1asdelaluna.es\/wp-content\/uploads\/2021\/01\/niebla-en-la-entrada-al-refugio-de-la-cara-sur-del-cotopaxi-3-990-mts-1110x740.jpg 1110w\" alt=\"\" title=\"Niebla en la entrada al Refugio de la cara sur del Cotopaxi, 3.990 mts.\" width=\"555\" height=\"370\"  \/><\/a><\/p>\n\t\t\t<\/div>\n\n\t\t\n\t\t<div class=\"blog-content wf-td\">\n\t\t\t<h3 class=\"entry-title\"><a href=\"https:\/\/www.monta\u00f1asdelaluna.es\/?p=46700\" title=\"28 de julio de 2.006. Viernes. Nueva subida al Refugio de la Cara Sur del Cotopaxi, 3.990 mts.\" rel=\"bookmark\">28 de julio de 2.006. Viernes. Nueva subida al Refugio de la Cara Sur del Cotopaxi, 3.990 mts.<\/a><\/h3>\n\n\t\t\t<div class=\"entry-meta\"><span class=\"category-link\"><a href=\"https:\/\/www.monta\u00f1asdelaluna.es\/?cat=35\" rel=\"category\">Ecuador<\/a><\/span><a class=\"author vcard\" href=\"https:\/\/www.monta\u00f1asdelaluna.es\/?author=1\" title=\"Ver todas las publicaciones de Joaquin Terres\" rel=\"author\">Por <span class=\"fn\">Joaquin Terres<\/span><\/a><a href=\"https:\/\/www.monta\u00f1asdelaluna.es\/?m=20060728\" title=\"12:30 pm\" class=\"data-link\" rel=\"bookmark\"><time class=\"entry-date updated\" datetime=\"2006-07-28T12:30:26+00:00\">28 julio, 2006<\/time><\/a><a href=\"https:\/\/www.monta\u00f1asdelaluna.es\/?p=46700#respond\" class=\"comment-link\" >Deja un comentario<\/a><\/div><p>[vc_row][vc_column][vc_column_text]Esta noche ha hecho m\u00e1s frio de lo habitual y ha precipitado a la vez. Al levantarnos y ver el paisaje, vemos que el Chimborazo y el Carihuayrazo est\u00e1n despejados, pero en un d\u00eda que en Espa\u00f1a calificar\u00edamos de invierno, con nubes altas que impiden al sol calentar e incluso ser visible, pero que deja&hellip;<\/p>\n\n<a href=\"https:\/\/www.monta\u00f1asdelaluna.es\/?p=46700\" class=\"details more-link\" aria-label=\"Read more about 28 de julio de 2.006. Viernes. Nueva subida al Refugio de la Cara Sur del Cotopaxi, 3.990 mts.\" rel=\"nofollow\">Detalles<\/a>\n\n\t\t<\/div>\n\n\t<\/article>\n\n<\/div>\n<div class=\"wf-cell iso-item category-35\" data-post-id=\"46690\" data-date=\"2006-07-27T10:08:12+00:00\" data-name=\"27 de julio de 2.006. Jueves. Guamote.\">\n\t<article class=\"post post-46690 type-post status-publish format-standard has-post-thumbnail hentry category-ecuador category-35 description-off\">\n\n\t\t\n\t\t\t<div class=\"blog-media wf-td\">\n\n\t\t\t\t<p><a href=\"https:\/\/www.monta\u00f1asdelaluna.es\/?p=46690\" class=\"alignnone rollover layzr-bg\" ><img loading=\"lazy\" decoding=\"async\" class=\"preload-me iso-lazy-load\" src=\"data:image\/svg+xml,%3Csvg%20xmlns%3D&#39;http%3A%2F%2Fwww.w3.org%2F2000%2Fsvg&#39;%20viewBox%3D&#39;0%200%20555%20370&#39;%2F%3E\" data-src=\"https:\/\/www.monta\u00f1asdelaluna.es\/wp-content\/uploads\/2020\/12\/puestos-de-frutas-y-hortalizas-en-las-inutilizadas-vias-del-tren-en-guamote-555x370.jpg\" data-srcset=\"https:\/\/www.monta\u00f1asdelaluna.es\/wp-content\/uploads\/2020\/12\/puestos-de-frutas-y-hortalizas-en-las-inutilizadas-vias-del-tren-en-guamote-555x370.jpg 555w, https:\/\/www.monta\u00f1asdelaluna.es\/wp-content\/uploads\/2020\/12\/puestos-de-frutas-y-hortalizas-en-las-inutilizadas-vias-del-tren-en-guamote-1110x740.jpg 1110w\" alt=\"\" title=\"Puestos de frutas y hortalizas en las inutilizadas v\u00edas del tren en Guamote\" width=\"555\" height=\"370\"  \/><\/a><\/p>\n\t\t\t<\/div>\n\n\t\t\n\t\t<div class=\"blog-content wf-td\">\n\t\t\t<h3 class=\"entry-title\"><a href=\"https:\/\/www.monta\u00f1asdelaluna.es\/?p=46690\" title=\"27 de julio de 2.006. Jueves. Guamote.\" rel=\"bookmark\">27 de julio de 2.006. Jueves. Guamote.<\/a><\/h3>\n\n\t\t\t<div class=\"entry-meta\"><span class=\"category-link\"><a href=\"https:\/\/www.monta\u00f1asdelaluna.es\/?cat=35\" rel=\"category\">Ecuador<\/a><\/span><a class=\"author vcard\" href=\"https:\/\/www.monta\u00f1asdelaluna.es\/?author=1\" title=\"Ver todas las publicaciones de Joaquin Terres\" rel=\"author\">Por <span class=\"fn\">Joaquin Terres<\/span><\/a><a href=\"https:\/\/www.monta\u00f1asdelaluna.es\/?m=20060727\" title=\"10:08 am\" class=\"data-link\" rel=\"bookmark\"><time class=\"entry-date updated\" datetime=\"2006-07-27T10:08:12+00:00\">27 julio, 2006<\/time><\/a><a href=\"https:\/\/www.monta\u00f1asdelaluna.es\/?p=46690#respond\" class=\"comment-link\" >Deja un comentario<\/a><\/div><p>[vc_row][vc_column][vc_column_text]Amanecemos tarde y nos levantamos de mala gana. Desayunamos y bajamos con Rodrigo a Riobamba a la oficina, all\u00ed solucionamos el tema de la transferencia. Vamos a pedirla de La Caixa al Banco Solidario a nombre de Jannette. Joaqu\u00edn se lo encarga por tel\u00e9fono a su hermana. Este d\u00eda nos lo tomamos de descanso y&hellip;<\/p>\n\n<a href=\"https:\/\/www.monta\u00f1asdelaluna.es\/?p=46690\" class=\"details more-link\" aria-label=\"Read more about 27 de julio de 2.006. Jueves. Guamote.\" rel=\"nofollow\">Detalles<\/a>\n\n\t\t<\/div>\n\n\t<\/article>\n\n<\/div>\n<div class=\"wf-cell iso-item category-35\" data-post-id=\"46600\" data-date=\"2006-07-26T15:20:12+00:00\" data-name=\"26 de julio de 2.006. Mi\u00e9rcoles. Ascensi\u00f3n al Chimborazo, 6.310 mts.\">\n\t<article class=\"post post-46600 type-post status-publish format-standard has-post-thumbnail hentry category-ecuador category-35 description-off\">\n\n\t\t\n\t\t\t<div class=\"blog-media wf-td\">\n\n\t\t\t\t<p><a href=\"https:\/\/www.monta\u00f1asdelaluna.es\/?p=46600\" class=\"alignnone rollover layzr-bg\" ><img loading=\"lazy\" decoding=\"async\" class=\"preload-me iso-lazy-load\" src=\"data:image\/svg+xml,%3Csvg%20xmlns%3D&#39;http%3A%2F%2Fwww.w3.org%2F2000%2Fsvg&#39;%20viewBox%3D&#39;0%200%20555%20370&#39;%2F%3E\" data-src=\"https:\/\/www.monta\u00f1asdelaluna.es\/wp-content\/uploads\/2021\/01\/133-555x370.jpg\" data-srcset=\"https:\/\/www.monta\u00f1asdelaluna.es\/wp-content\/uploads\/2021\/01\/133-555x370.jpg 555w, https:\/\/www.monta\u00f1asdelaluna.es\/wp-content\/uploads\/2021\/01\/133-1110x740.jpg 1110w\" alt=\"\" title=\"Cima Whymper del Chimborazo, 6.310 mts., de izquierda a derecha: Jes\u00fas, Fabian, abajo sentados Joaqu\u00edn, nuestro gu\u00eda Eloy y \u00bfDon Eloy?\" width=\"555\" height=\"370\"  \/><\/a><\/p>\n\t\t\t<\/div>\n\n\t\t\n\t\t<div class=\"blog-content wf-td\">\n\t\t\t<h3 class=\"entry-title\"><a href=\"https:\/\/www.monta\u00f1asdelaluna.es\/?p=46600\" title=\"26 de julio de 2.006. Mi\u00e9rcoles. Ascensi\u00f3n al Chimborazo, 6.310 mts.\" rel=\"bookmark\">26 de julio de 2.006. Mi\u00e9rcoles. Ascensi\u00f3n al Chimborazo, 6.310 mts.<\/a><\/h3>\n\n\t\t\t<div class=\"entry-meta\"><span class=\"category-link\"><a href=\"https:\/\/www.monta\u00f1asdelaluna.es\/?cat=35\" rel=\"category\">Ecuador<\/a><\/span><a class=\"author vcard\" href=\"https:\/\/www.monta\u00f1asdelaluna.es\/?author=1\" title=\"Ver todas las publicaciones de Joaquin Terres\" rel=\"author\">Por <span class=\"fn\">Joaquin Terres<\/span><\/a><a href=\"https:\/\/www.monta\u00f1asdelaluna.es\/?m=20060726\" title=\"3:20 pm\" class=\"data-link\" rel=\"bookmark\"><time class=\"entry-date updated\" datetime=\"2006-07-26T15:20:12+00:00\">26 julio, 2006<\/time><\/a><a href=\"https:\/\/www.monta\u00f1asdelaluna.es\/?p=46600#respond\" class=\"comment-link\" >Deja un comentario<\/a><\/div><p>[vc_row][vc_column][vc_column_text]Caminamos 1 h. para llegar al hielo que se alterna con la roca. Nos ponemos crampones y formamos las cordadas. Eloy conmigo y Joaqu\u00edn (de \u00faltimo), y la otra Rodrigo, Fabi\u00e1n y Don Eloy, el guarda del Refugio Carrel. Eloy era nuestro gu\u00eda, el cual ha subido innumerables veces al Chimborazo y es perfecto conocedor&hellip;<\/p>\n\n<a href=\"https:\/\/www.monta\u00f1asdelaluna.es\/?p=46600\" class=\"details more-link\" aria-label=\"Read more about 26 de julio de 2.006. Mi\u00e9rcoles. Ascensi\u00f3n al Chimborazo, 6.310 mts.\" rel=\"nofollow\">Detalles<\/a>\n\n\t\t<\/div>\n\n\t<\/article>\n\n<\/div>\n<div class=\"wf-cell iso-item category-35\" data-post-id=\"46589\" data-date=\"2006-07-25T07:29:33+00:00\" data-name=\"25 de julio de 2.006. Martes. D\u00eda de Santiago. Refugio Whymper en el Chimborazo (5.043 mts.)\">\n\t<article class=\"post post-46589 type-post status-publish format-standard has-post-thumbnail hentry category-ecuador category-35 description-off\">\n\n\t\t\n\t\t\t<div class=\"blog-media wf-td\">\n\n\t\t\t\t<p><a href=\"https:\/\/www.monta\u00f1asdelaluna.es\/?p=46589\" class=\"alignnone rollover layzr-bg\" ><img loading=\"lazy\" decoding=\"async\" class=\"preload-me iso-lazy-load\" src=\"data:image\/svg+xml,%3Csvg%20xmlns%3D&#39;http%3A%2F%2Fwww.w3.org%2F2000%2Fsvg&#39;%20viewBox%3D&#39;0%200%20555%20370&#39;%2F%3E\" data-src=\"https:\/\/www.monta\u00f1asdelaluna.es\/wp-content\/uploads\/2021\/01\/cumbre-veintimilla-del-chimborazo-con-el-el-glaciar-thielmann-a-la-izquierda-555x370.jpg\" data-srcset=\"https:\/\/www.monta\u00f1asdelaluna.es\/wp-content\/uploads\/2021\/01\/cumbre-veintimilla-del-chimborazo-con-el-el-glaciar-thielmann-a-la-izquierda-555x370.jpg 555w, https:\/\/www.monta\u00f1asdelaluna.es\/wp-content\/uploads\/2021\/01\/cumbre-veintimilla-del-chimborazo-con-el-el-glaciar-thielmann-a-la-izquierda-1110x740.jpg 1110w\" alt=\"\" title=\"Cumbre Veintimilla del Chimborazo con el el Glaciar Thielmann a la izquierda\" width=\"555\" height=\"370\"  \/><\/a><\/p>\n\t\t\t<\/div>\n\n\t\t\n\t\t<div class=\"blog-content wf-td\">\n\t\t\t<h3 class=\"entry-title\"><a href=\"https:\/\/www.monta\u00f1asdelaluna.es\/?p=46589\" title=\"25 de julio de 2.006. Martes. D\u00eda de Santiago. Refugio Whymper en el Chimborazo (5.043 mts.)\" rel=\"bookmark\">25 de julio de 2.006. Martes. D\u00eda de Santiago. Refugio Whymper en el Chimborazo (5.043 mts.)<\/a><\/h3>\n\n\t\t\t<div class=\"entry-meta\"><span class=\"category-link\"><a href=\"https:\/\/www.monta\u00f1asdelaluna.es\/?cat=35\" rel=\"category\">Ecuador<\/a><\/span><a class=\"author vcard\" href=\"https:\/\/www.monta\u00f1asdelaluna.es\/?author=1\" title=\"Ver todas las publicaciones de Joaquin Terres\" rel=\"author\">Por <span class=\"fn\">Joaquin Terres<\/span><\/a><a href=\"https:\/\/www.monta\u00f1asdelaluna.es\/?m=20060725\" title=\"7:29 am\" class=\"data-link\" rel=\"bookmark\"><time class=\"entry-date updated\" datetime=\"2006-07-25T07:29:33+00:00\">25 julio, 2006<\/time><\/a><a href=\"https:\/\/www.monta\u00f1asdelaluna.es\/?p=46589#respond\" class=\"comment-link\" >Deja un comentario<\/a><\/div><p>[vc_row][vc_column][vc_column_text]Nos levantamos tard\u00edsimo, a las 08:20. Desayunamos fuerte como es habitual. Nos hacemos las mochilas mientras desayunan los amigos de Rodrigo. Hoy saldremos en busca del Chimborazo. Nos acercaremos al Refugio de los Hermanos Carrel y seguidamente al Refugio Whymper. Pero eso en un principio no lo sab\u00edamos, sab\u00edamos que hab\u00eda dos refugios, pero a&hellip;<\/p>\n\n<a href=\"https:\/\/www.monta\u00f1asdelaluna.es\/?p=46589\" class=\"details more-link\" aria-label=\"Read more about 25 de julio de 2.006. Martes. D\u00eda de Santiago. Refugio Whymper en el Chimborazo (5.043 mts.)\" rel=\"nofollow\">Detalles<\/a>\n\n\t\t<\/div>\n\n\t<\/article>\n\n<\/div>\n<div class=\"wf-cell iso-item category-35\" data-post-id=\"46540\" data-date=\"2006-07-24T08:44:05+00:00\" data-name=\"24 de julio de 2.006. Lunes. Quito.\">\n\t<article class=\"post post-46540 type-post status-publish format-standard has-post-thumbnail hentry category-ecuador category-35 description-off\">\n\n\t\t\n\t\t\t<div class=\"blog-media wf-td\">\n\n\t\t\t\t<p><a href=\"https:\/\/www.monta\u00f1asdelaluna.es\/?p=46540\" class=\"alignnone rollover layzr-bg\" ><img loading=\"lazy\" decoding=\"async\" class=\"preload-me iso-lazy-load\" src=\"data:image\/svg+xml,%3Csvg%20xmlns%3D&#39;http%3A%2F%2Fwww.w3.org%2F2000%2Fsvg&#39;%20viewBox%3D&#39;0%200%20555%20370&#39;%2F%3E\" data-src=\"https:\/\/www.monta\u00f1asdelaluna.es\/wp-content\/uploads\/2016\/12\/109-555x370.jpg\" data-srcset=\"https:\/\/www.monta\u00f1asdelaluna.es\/wp-content\/uploads\/2016\/12\/109-555x370.jpg 555w, https:\/\/www.monta\u00f1asdelaluna.es\/wp-content\/uploads\/2016\/12\/109-1110x740.jpg 1110w\" alt=\"\" title=\"Jes\u00fas en el Monumento a Humbolt en Quito, Plaza El Ejido\" width=\"555\" height=\"370\"  \/><\/a><\/p>\n\t\t\t<\/div>\n\n\t\t\n\t\t<div class=\"blog-content wf-td\">\n\t\t\t<h3 class=\"entry-title\"><a href=\"https:\/\/www.monta\u00f1asdelaluna.es\/?p=46540\" title=\"24 de julio de 2.006. Lunes. Quito.\" rel=\"bookmark\">24 de julio de 2.006. Lunes. Quito.<\/a><\/h3>\n\n\t\t\t<div class=\"entry-meta\"><span class=\"category-link\"><a href=\"https:\/\/www.monta\u00f1asdelaluna.es\/?cat=35\" rel=\"category\">Ecuador<\/a><\/span><a class=\"author vcard\" href=\"https:\/\/www.monta\u00f1asdelaluna.es\/?author=1\" title=\"Ver todas las publicaciones de Joaquin Terres\" rel=\"author\">Por <span class=\"fn\">Joaquin Terres<\/span><\/a><a href=\"https:\/\/www.monta\u00f1asdelaluna.es\/?m=20060724\" title=\"8:44 am\" class=\"data-link\" rel=\"bookmark\"><time class=\"entry-date updated\" datetime=\"2006-07-24T08:44:05+00:00\">24 julio, 2006<\/time><\/a><a href=\"https:\/\/www.monta\u00f1asdelaluna.es\/?p=46540#respond\" class=\"comment-link\" >Deja un comentario<\/a><\/div><p>[vc_row][vc_column][vc_column_text]Nos levantamos, desayunamos y a las 8:40 estamos en la carretera y el segundo bus que pasa nos para. Trans. Vencedores. Vamos de pie en el pasillo hasta Ambato, donde baja gente y tenemos puestos sentados. El viaje se demora bastante por todas las paradas en todos los pueblos del trayecto. Ponen una peli del&hellip;<\/p>\n\n<a href=\"https:\/\/www.monta\u00f1asdelaluna.es\/?p=46540\" class=\"details more-link\" aria-label=\"Read more about 24 de julio de 2.006. Lunes. Quito.\" rel=\"nofollow\">Detalles<\/a>\n\n\t\t<\/div>\n\n\t<\/article>\n\n<\/div>\n<div class=\"wf-cell iso-item category-35\" data-post-id=\"46679\" data-date=\"2006-07-23T08:25:10+00:00\" data-name=\"23 de julio de 2.006. Domingo. Primera tentativa de ascenso al volc\u00e1n Cotopaxi. Alcanzamos 5.700 metros.\">\n\t<article class=\"post post-46679 type-post status-publish format-standard has-post-thumbnail hentry category-ecuador category-35 description-off\">\n\n\t\t\n\t\t\t<div class=\"blog-media wf-td\">\n\n\t\t\t\t<p><a href=\"https:\/\/www.monta\u00f1asdelaluna.es\/?p=46679\" class=\"alignnone rollover layzr-bg\" ><img loading=\"lazy\" decoding=\"async\" class=\"preload-me iso-lazy-load\" src=\"data:image\/svg+xml,%3Csvg%20xmlns%3D&#39;http%3A%2F%2Fwww.w3.org%2F2000%2Fsvg&#39;%20viewBox%3D&#39;0%200%20555%20370&#39;%2F%3E\" data-src=\"https:\/\/www.monta\u00f1asdelaluna.es\/wp-content\/uploads\/2021\/01\/bajando-al-campo-alto-de-la-cara-sur-del-cotopaxi-con-viento-blanco-las-carpas-del-campo-alto-en-el-centro-de-la-ladera-menos-nevada-555x370.jpg\" data-srcset=\"https:\/\/www.monta\u00f1asdelaluna.es\/wp-content\/uploads\/2021\/01\/bajando-al-campo-alto-de-la-cara-sur-del-cotopaxi-con-viento-blanco-las-carpas-del-campo-alto-en-el-centro-de-la-ladera-menos-nevada-555x370.jpg 555w, https:\/\/www.monta\u00f1asdelaluna.es\/wp-content\/uploads\/2021\/01\/bajando-al-campo-alto-de-la-cara-sur-del-cotopaxi-con-viento-blanco-las-carpas-del-campo-alto-en-el-centro-de-la-ladera-menos-nevada-1110x740.jpg 1110w\" alt=\"\" title=\"Bajando al campo alto de la cara sur del Cotopaxi con Viento Blanco. Las carpas del campo alto en el centro de la ladera menos nevada\" width=\"555\" height=\"370\"  \/><\/a><\/p>\n\t\t\t<\/div>\n\n\t\t\n\t\t<div class=\"blog-content wf-td\">\n\t\t\t<h3 class=\"entry-title\"><a href=\"https:\/\/www.monta\u00f1asdelaluna.es\/?p=46679\" title=\"23 de julio de 2.006. Domingo. Primera tentativa de ascenso al volc\u00e1n Cotopaxi. Alcanzamos 5.700 metros.\" rel=\"bookmark\">23 de julio de 2.006. Domingo. Primera tentativa de ascenso al volc\u00e1n Cotopaxi. Alcanzamos 5.700 metros.<\/a><\/h3>\n\n\t\t\t<div class=\"entry-meta\"><span class=\"category-link\"><a href=\"https:\/\/www.monta\u00f1asdelaluna.es\/?cat=35\" rel=\"category\">Ecuador<\/a><\/span><a class=\"author vcard\" href=\"https:\/\/www.monta\u00f1asdelaluna.es\/?author=1\" title=\"Ver todas las publicaciones de Joaquin Terres\" rel=\"author\">Por <span class=\"fn\">Joaquin Terres<\/span><\/a><a href=\"https:\/\/www.monta\u00f1asdelaluna.es\/?m=20060723\" title=\"8:25 am\" class=\"data-link\" rel=\"bookmark\"><time class=\"entry-date updated\" datetime=\"2006-07-23T08:25:10+00:00\">23 julio, 2006<\/time><\/a><a href=\"https:\/\/www.monta\u00f1asdelaluna.es\/?p=46679#respond\" class=\"comment-link\" >Deja un comentario<\/a><\/div><p>[vc_row][vc_column][vc_column_text]La noche transcurre con ansiedad ante la emoci\u00f3n \u00bfc\u00f3mo responder\u00e1 el organismo? \u00bfQu\u00e9 tiempo habr\u00e1? Hace viento toda la noche y se desprenden gotas de las bolsas de agua de la carpa, por lo que se moja el saco, la ropa y la cara cuando justo coincide que se cuela. \u00a0\u00a0\u00a0\u00a0\u00a0 A las 12 h.&hellip;<\/p>\n\n<a href=\"https:\/\/www.monta\u00f1asdelaluna.es\/?p=46679\" class=\"details more-link\" aria-label=\"Read more about 23 de julio de 2.006. Domingo. Primera tentativa de ascenso al volc\u00e1n Cotopaxi. Alcanzamos 5.700 metros.\" rel=\"nofollow\">Detalles<\/a>\n\n\t\t<\/div>\n\n\t<\/article>\n\n<\/div>\n<div class=\"wf-cell iso-item category-35\" data-post-id=\"46674\" data-date=\"2006-07-22T08:47:22+00:00\" data-name=\"22 de julio de 2.006. S\u00e1bado. Subida al campo base de la cara sur del Cotopaxi. Campo Alto (4.750 mts.)\">\n\t<article class=\"post post-46674 type-post status-publish format-standard has-post-thumbnail hentry category-ecuador category-35 description-off\">\n\n\t\t\n\t\t\t<div class=\"blog-media wf-td\">\n\n\t\t\t\t<p><a href=\"https:\/\/www.monta\u00f1asdelaluna.es\/?p=46674\" class=\"alignnone rollover layzr-bg\" ><img loading=\"lazy\" decoding=\"async\" class=\"preload-me iso-lazy-load\" src=\"data:image\/svg+xml,%3Csvg%20xmlns%3D&#39;http%3A%2F%2Fwww.w3.org%2F2000%2Fsvg&#39;%20viewBox%3D&#39;0%200%20555%20370&#39;%2F%3E\" data-src=\"https:\/\/www.monta\u00f1asdelaluna.es\/wp-content\/uploads\/2021\/01\/de-izquierda-a-derecha-jesus-joaquin-rodrigo-y-delfil-dentro-de-la-carpa-invernadero-del-campo-alto-de-la-cara-sur-del-cotopaxi-4-750-mts-555x370.jpg\" data-srcset=\"https:\/\/www.monta\u00f1asdelaluna.es\/wp-content\/uploads\/2021\/01\/de-izquierda-a-derecha-jesus-joaquin-rodrigo-y-delfil-dentro-de-la-carpa-invernadero-del-campo-alto-de-la-cara-sur-del-cotopaxi-4-750-mts-555x370.jpg 555w, https:\/\/www.monta\u00f1asdelaluna.es\/wp-content\/uploads\/2021\/01\/de-izquierda-a-derecha-jesus-joaquin-rodrigo-y-delfil-dentro-de-la-carpa-invernadero-del-campo-alto-de-la-cara-sur-del-cotopaxi-4-750-mts-1110x740.jpg 1110w\" alt=\"\" title=\"De izquierda a derecha: Jes\u00fas, Joaqu\u00edn, Rodrigo y Delfil dentro de la carpa \u00abinvernadero\u00bb del campo alto de la cara sur del Cotopaxi, 4.750 mts.\" width=\"555\" height=\"370\"  \/><\/a><\/p>\n\t\t\t<\/div>\n\n\t\t\n\t\t<div class=\"blog-content wf-td\">\n\t\t\t<h3 class=\"entry-title\"><a href=\"https:\/\/www.monta\u00f1asdelaluna.es\/?p=46674\" title=\"22 de julio de 2.006. S\u00e1bado. Subida al campo base de la cara sur del Cotopaxi. Campo Alto (4.750 mts.)\" rel=\"bookmark\">22 de julio de 2.006. S\u00e1bado. Subida al campo base de la cara sur del Cotopaxi. Campo Alto (4.750 mts.)<\/a><\/h3>\n\n\t\t\t<div class=\"entry-meta\"><span class=\"category-link\"><a href=\"https:\/\/www.monta\u00f1asdelaluna.es\/?cat=35\" rel=\"category\">Ecuador<\/a><\/span><a class=\"author vcard\" href=\"https:\/\/www.monta\u00f1asdelaluna.es\/?author=1\" title=\"Ver todas las publicaciones de Joaquin Terres\" rel=\"author\">Por <span class=\"fn\">Joaquin Terres<\/span><\/a><a href=\"https:\/\/www.monta\u00f1asdelaluna.es\/?m=20060722\" title=\"8:47 am\" class=\"data-link\" rel=\"bookmark\"><time class=\"entry-date updated\" datetime=\"2006-07-22T08:47:22+00:00\">22 julio, 2006<\/time><\/a><a href=\"https:\/\/www.monta\u00f1asdelaluna.es\/?p=46674#respond\" class=\"comment-link\" >Deja un comentario<\/a><\/div><p>[vc_row][vc_column][vc_column_text]Nos levantamos a las 7:30. El desayuno lo prepara Julio sobre las 8 con la generosidad habitual. Despu\u00e9s de visitar al Sr. \u201cEdesa\u201d, decidimos salir a las 09:20, en vez de esperar a que llegue el hombre del caballo para subir las mochilas o Rodrigo a las 12 h. Hoy subimos al campo de altura&hellip;<\/p>\n\n<a href=\"https:\/\/www.monta\u00f1asdelaluna.es\/?p=46674\" class=\"details more-link\" aria-label=\"Read more about 22 de julio de 2.006. S\u00e1bado. Subida al campo base de la cara sur del Cotopaxi. Campo Alto (4.750 mts.)\" rel=\"nofollow\">Detalles<\/a>\n\n\t\t<\/div>\n\n\t<\/article>\n\n<\/div>\n<div class=\"wf-cell iso-item category-35\" data-post-id=\"46657\" data-date=\"2006-07-21T11:17:13+00:00\" data-name=\"21 de julio de 2.006. Viernes. Campo 1 del Cotopaxi. Refugio cara sur (3.990 mts.)\">\n\t<article class=\"post post-46657 type-post status-publish format-standard has-post-thumbnail hentry category-ecuador category-35 description-off\">\n\n\t\t\n\t\t\t<div class=\"blog-media wf-td\">\n\n\t\t\t\t<p><a href=\"https:\/\/www.monta\u00f1asdelaluna.es\/?p=46657\" class=\"alignnone rollover layzr-bg\" ><img loading=\"lazy\" decoding=\"async\" class=\"preload-me iso-lazy-load\" src=\"data:image\/svg+xml,%3Csvg%20xmlns%3D&#39;http%3A%2F%2Fwww.w3.org%2F2000%2Fsvg&#39;%20viewBox%3D&#39;0%200%20555%20370&#39;%2F%3E\" data-src=\"https:\/\/www.monta\u00f1asdelaluna.es\/wp-content\/uploads\/2021\/01\/delante-la-cara-sur-del-cotopaxi-con-su-glaciar-555x370.jpg\" data-srcset=\"https:\/\/www.monta\u00f1asdelaluna.es\/wp-content\/uploads\/2021\/01\/delante-la-cara-sur-del-cotopaxi-con-su-glaciar-555x370.jpg 555w, https:\/\/www.monta\u00f1asdelaluna.es\/wp-content\/uploads\/2021\/01\/delante-la-cara-sur-del-cotopaxi-con-su-glaciar-1110x740.jpg 1110w\" alt=\"\" title=\"Delante la cara sur del Cotopaxi con su glaciar\" width=\"555\" height=\"370\"  \/><\/a><\/p>\n\t\t\t<\/div>\n\n\t\t\n\t\t<div class=\"blog-content wf-td\">\n\t\t\t<h3 class=\"entry-title\"><a href=\"https:\/\/www.monta\u00f1asdelaluna.es\/?p=46657\" title=\"21 de julio de 2.006. Viernes. Campo 1 del Cotopaxi. Refugio cara sur (3.990 mts.)\" rel=\"bookmark\">21 de julio de 2.006. Viernes. Campo 1 del Cotopaxi. Refugio cara sur (3.990 mts.)<\/a><\/h3>\n\n\t\t\t<div class=\"entry-meta\"><span class=\"category-link\"><a href=\"https:\/\/www.monta\u00f1asdelaluna.es\/?cat=35\" rel=\"category\">Ecuador<\/a><\/span><a class=\"author vcard\" href=\"https:\/\/www.monta\u00f1asdelaluna.es\/?author=1\" title=\"Ver todas las publicaciones de Joaquin Terres\" rel=\"author\">Por <span class=\"fn\">Joaquin Terres<\/span><\/a><a href=\"https:\/\/www.monta\u00f1asdelaluna.es\/?m=20060721\" title=\"11:17 am\" class=\"data-link\" rel=\"bookmark\"><time class=\"entry-date updated\" datetime=\"2006-07-21T11:17:13+00:00\">21 julio, 2006<\/time><\/a><a href=\"https:\/\/www.monta\u00f1asdelaluna.es\/?p=46657#respond\" class=\"comment-link\" >Deja un comentario<\/a><\/div><p>[vc_row][vc_column][vc_column_text]Que bien he dormido hoy. Tenemos el desayuno a las 8, en la mesa peque\u00f1a con la pareja de ecuatorianos de Cuenca con los que cenamos ayer. Est\u00e1n haciendo un viaje en moto. En la mesa grande desayunan las inglesas, 10 chicas, 3 chicos, 2 gu\u00edas, 1 profesor estirado y una miss alta con gafas&hellip;<\/p>\n\n<a href=\"https:\/\/www.monta\u00f1asdelaluna.es\/?p=46657\" class=\"details more-link\" aria-label=\"Read more about 21 de julio de 2.006. Viernes. Campo 1 del Cotopaxi. Refugio cara sur (3.990 mts.)\" rel=\"nofollow\">Detalles<\/a>\n\n\t\t<\/div>\n\n\t<\/article>\n\n<\/div>\n<div class=\"wf-cell iso-item category-35\" data-post-id=\"46533\" data-date=\"2006-07-20T19:59:40+00:00\" data-name=\"20 de julio de 2.006. Jueves. Carihuayrazo (5.018 mts.)\">\n\t<article class=\"post post-46533 type-post status-publish format-standard has-post-thumbnail hentry category-ecuador category-35 description-off\">\n\n\t\t\n\t\t\t<div class=\"blog-media wf-td\">\n\n\t\t\t\t<p><a href=\"https:\/\/www.monta\u00f1asdelaluna.es\/?p=46533\" class=\"alignnone rollover layzr-bg\" ><img loading=\"lazy\" decoding=\"async\" class=\"preload-me iso-lazy-load\" src=\"data:image\/svg+xml,%3Csvg%20xmlns%3D&#39;http%3A%2F%2Fwww.w3.org%2F2000%2Fsvg&#39;%20viewBox%3D&#39;0%200%20555%20370&#39;%2F%3E\" data-src=\"https:\/\/www.monta\u00f1asdelaluna.es\/wp-content\/uploads\/2021\/01\/amanece-en-el-chimborazo-en-la-subida-al-carihuayrazo-555x370.jpg\" data-srcset=\"https:\/\/www.monta\u00f1asdelaluna.es\/wp-content\/uploads\/2021\/01\/amanece-en-el-chimborazo-en-la-subida-al-carihuayrazo-555x370.jpg 555w, https:\/\/www.monta\u00f1asdelaluna.es\/wp-content\/uploads\/2021\/01\/amanece-en-el-chimborazo-en-la-subida-al-carihuayrazo-1110x740.jpg 1110w\" alt=\"\" title=\"Amanece en el Chimborazo en la subida al Carihuayrazo\" width=\"555\" height=\"370\"  \/><\/a><\/p>\n\t\t\t<\/div>\n\n\t\t\n\t\t<div class=\"blog-content wf-td\">\n\t\t\t<h3 class=\"entry-title\"><a href=\"https:\/\/www.monta\u00f1asdelaluna.es\/?p=46533\" title=\"20 de julio de 2.006. Jueves. Carihuayrazo (5.018 mts.)\" rel=\"bookmark\">20 de julio de 2.006. Jueves. Carihuayrazo (5.018 mts.)<\/a><\/h3>\n\n\t\t\t<div class=\"entry-meta\"><span class=\"category-link\"><a href=\"https:\/\/www.monta\u00f1asdelaluna.es\/?cat=35\" rel=\"category\">Ecuador<\/a><\/span><a class=\"author vcard\" href=\"https:\/\/www.monta\u00f1asdelaluna.es\/?author=1\" title=\"Ver todas las publicaciones de Joaquin Terres\" rel=\"author\">Por <span class=\"fn\">Joaquin Terres<\/span><\/a><a href=\"https:\/\/www.monta\u00f1asdelaluna.es\/?m=20060720\" title=\"7:59 pm\" class=\"data-link\" rel=\"bookmark\"><time class=\"entry-date updated\" datetime=\"2006-07-20T19:59:40+00:00\">20 julio, 2006<\/time><\/a><a href=\"https:\/\/www.monta\u00f1asdelaluna.es\/?p=46533#respond\" class=\"comment-link\" >Deja un comentario<\/a><\/div><p>[vc_row][vc_column][vc_column_text]Nos levantamos a las 3. Est\u00e1 oscuro y fuera de la tienda hace frio, no apetece. Pero ya est\u00e1bamos todos inquietos y no se hace esperar el ritual de vestirse. Ponerse el arn\u00e9s y tomar un t\u00e9 caliente. Lleno mi cantimplora de eso, pero se enfr\u00eda r\u00e1pido y se convierte en un jarabe dulz\u00f3n insoportable.&hellip;<\/p>\n\n<a href=\"https:\/\/www.monta\u00f1asdelaluna.es\/?p=46533\" class=\"details more-link\" aria-label=\"Read more about 20 de julio de 2.006. Jueves. Carihuayrazo (5.018 mts.)\" rel=\"nofollow\">Detalles<\/a>\n\n\t\t<\/div>\n\n\t<\/article>\n\n<\/div>\n<div class=\"wf-cell iso-item category-35\" data-post-id=\"46515\" data-date=\"2006-07-19T19:43:39+00:00\" data-name=\"19 de julio de 2.006. Mi\u00e9rcoles. Campo Base del Carihuayrazo, 4.300 mts.\">\n\t<article class=\"post post-46515 type-post status-publish format-standard has-post-thumbnail hentry category-ecuador category-35 description-off\">\n\n\t\t\n\t\t\t<div class=\"blog-media wf-td\">\n\n\t\t\t\t<p><a href=\"https:\/\/www.monta\u00f1asdelaluna.es\/?p=46515\" class=\"alignnone rollover layzr-bg\" ><img loading=\"lazy\" decoding=\"async\" class=\"preload-me iso-lazy-load\" src=\"data:image\/svg+xml,%3Csvg%20xmlns%3D&#39;http%3A%2F%2Fwww.w3.org%2F2000%2Fsvg&#39;%20viewBox%3D&#39;0%200%20555%20370&#39;%2F%3E\" data-src=\"https:\/\/www.monta\u00f1asdelaluna.es\/wp-content\/uploads\/2021\/01\/valle-del-rio-mocha-o-abraspungo-555x370.jpg\" data-srcset=\"https:\/\/www.monta\u00f1asdelaluna.es\/wp-content\/uploads\/2021\/01\/valle-del-rio-mocha-o-abraspungo-555x370.jpg 555w, https:\/\/www.monta\u00f1asdelaluna.es\/wp-content\/uploads\/2021\/01\/valle-del-rio-mocha-o-abraspungo-1110x740.jpg 1110w\" alt=\"\" title=\"Valle del R\u00edo Mocha o Abraspungo\" width=\"555\" height=\"370\"  \/><\/a><\/p>\n\t\t\t<\/div>\n\n\t\t\n\t\t<div class=\"blog-content wf-td\">\n\t\t\t<h3 class=\"entry-title\"><a href=\"https:\/\/www.monta\u00f1asdelaluna.es\/?p=46515\" title=\"19 de julio de 2.006. Mi\u00e9rcoles. Campo Base del Carihuayrazo, 4.300 mts.\" rel=\"bookmark\">19 de julio de 2.006. Mi\u00e9rcoles. Campo Base del Carihuayrazo, 4.300 mts.<\/a><\/h3>\n\n\t\t\t<div class=\"entry-meta\"><span class=\"category-link\"><a href=\"https:\/\/www.monta\u00f1asdelaluna.es\/?cat=35\" rel=\"category\">Ecuador<\/a><\/span><a class=\"author vcard\" href=\"https:\/\/www.monta\u00f1asdelaluna.es\/?author=1\" title=\"Ver todas las publicaciones de Joaquin Terres\" rel=\"author\">Por <span class=\"fn\">Joaquin Terres<\/span><\/a><a href=\"https:\/\/www.monta\u00f1asdelaluna.es\/?m=20060719\" title=\"7:43 pm\" class=\"data-link\" rel=\"bookmark\"><time class=\"entry-date updated\" datetime=\"2006-07-19T19:43:39+00:00\">19 julio, 2006<\/time><\/a><a href=\"https:\/\/www.monta\u00f1asdelaluna.es\/?p=46515#respond\" class=\"comment-link\" >Deja un comentario<\/a><\/div><p>[vc_row][vc_column][vc_column_text]He dormido muy a gusto. Caldeamos la habitaci\u00f3n con le\u00f1a en la chimenea, pero hizo algo de humo y Joaqu\u00edn abri\u00f3 un poco la ventana y el humo se fue a \u00e9l con la corriente. Ya vamos cogiendo tal confianza y pedimos le\u00f1a para encender la chimenea \u00a1Una chimenea en nuestra habitaci\u00f3n y no la&hellip;<\/p>\n\n<a href=\"https:\/\/www.monta\u00f1asdelaluna.es\/?p=46515\" class=\"details more-link\" aria-label=\"Read more about 19 de julio de 2.006. Mi\u00e9rcoles. Campo Base del Carihuayrazo, 4.300 mts.\" rel=\"nofollow\">Detalles<\/a>\n\n\t\t<\/div>\n\n\t<\/article>\n\n<\/div>\n<div class=\"wf-cell iso-item category-35\" data-post-id=\"46503\" data-date=\"2006-07-18T08:40:15+00:00\" data-name=\"18 de julio de 2.006. Martes. Cima y descenso del Igualata  (4.432 mts.).\">\n\t<article class=\"post post-46503 type-post status-publish format-standard has-post-thumbnail hentry category-ecuador category-35 description-off\">\n\n\t\t\n\t\t\t<div class=\"blog-media wf-td\">\n\n\t\t\t\t<p><a href=\"https:\/\/www.monta\u00f1asdelaluna.es\/?p=46503\" class=\"alignnone rollover layzr-bg\" ><img loading=\"lazy\" decoding=\"async\" class=\"preload-me iso-lazy-load\" src=\"data:image\/svg+xml,%3Csvg%20xmlns%3D&#39;http%3A%2F%2Fwww.w3.org%2F2000%2Fsvg&#39;%20viewBox%3D&#39;0%200%20555%20370&#39;%2F%3E\" data-src=\"https:\/\/www.monta\u00f1asdelaluna.es\/wp-content\/uploads\/2021\/01\/amanece-en-el-volcan-tungurahua-desde-la-cima-del-igualata-despues-de-una-gran-erupcion-con-su-nube-de-cenizas-y-polvo-volcanico-555x370.jpg\" data-srcset=\"https:\/\/www.monta\u00f1asdelaluna.es\/wp-content\/uploads\/2021\/01\/amanece-en-el-volcan-tungurahua-desde-la-cima-del-igualata-despues-de-una-gran-erupcion-con-su-nube-de-cenizas-y-polvo-volcanico-555x370.jpg 555w, https:\/\/www.monta\u00f1asdelaluna.es\/wp-content\/uploads\/2021\/01\/amanece-en-el-volcan-tungurahua-desde-la-cima-del-igualata-despues-de-una-gran-erupcion-con-su-nube-de-cenizas-y-polvo-volcanico-1110x740.jpg 1110w\" alt=\"\" title=\"Amanece en el Volc\u00e1n Tungurahua desde la cima del Igualata despu\u00e9s de una gran erupci\u00f3n con su nube de cenizas y polvo volc\u00e1nico\" width=\"555\" height=\"370\"  \/><\/a><\/p>\n\t\t\t<\/div>\n\n\t\t\n\t\t<div class=\"blog-content wf-td\">\n\t\t\t<h3 class=\"entry-title\"><a href=\"https:\/\/www.monta\u00f1asdelaluna.es\/?p=46503\" title=\"18 de julio de 2.006. Martes. Cima y descenso del Igualata  (4.432 mts.).\" rel=\"bookmark\">18 de julio de 2.006. Martes. Cima y descenso del Igualata  (4.432 mts.).<\/a><\/h3>\n\n\t\t\t<div class=\"entry-meta\"><span class=\"category-link\"><a href=\"https:\/\/www.monta\u00f1asdelaluna.es\/?cat=35\" rel=\"category\">Ecuador<\/a><\/span><a class=\"author vcard\" href=\"https:\/\/www.monta\u00f1asdelaluna.es\/?author=1\" title=\"Ver todas las publicaciones de Joaquin Terres\" rel=\"author\">Por <span class=\"fn\">Joaquin Terres<\/span><\/a><a href=\"https:\/\/www.monta\u00f1asdelaluna.es\/?m=20060718\" title=\"8:40 am\" class=\"data-link\" rel=\"bookmark\"><time class=\"entry-date updated\" datetime=\"2006-07-18T08:40:15+00:00\">18 julio, 2006<\/time><\/a><a href=\"https:\/\/www.monta\u00f1asdelaluna.es\/?p=46503#respond\" class=\"comment-link\" >Deja un comentario<\/a><\/div><p>[vc_row][vc_column][vc_column_text]A mitad de madrugada, acab\u00e1bamos de dormirnos como aquel de que dice, por fin hemos cogido el sue\u00f1o agradablemente como hemos podido, es cuando Rodrigo nos despierta para decirnos que veamos con \u00e9l el espect\u00e1culo del Tungurahua, la brillante e incandescente lava saliendo del cr\u00e1ter y bajando ladera abajo; que realmente deb\u00eda de ser una&hellip;<\/p>\n\n<a href=\"https:\/\/www.monta\u00f1asdelaluna.es\/?p=46503\" class=\"details more-link\" aria-label=\"Read more about 18 de julio de 2.006. Martes. Cima y descenso del Igualata  (4.432 mts.).\" rel=\"nofollow\">Detalles<\/a>\n\n\t\t<\/div>\n\n\t<\/article>\n\n<\/div>\n<div class=\"wf-cell iso-item category-35\" data-post-id=\"46492\" data-date=\"2006-07-17T10:12:23+00:00\" data-name=\"17 de julio de 2.006. Lunes. Riobamba e Igualata.\">\n\t<article class=\"post post-46492 type-post status-publish format-standard has-post-thumbnail hentry category-ecuador category-35 description-off\">\n\n\t\t\n\t\t\t<div class=\"blog-media wf-td\">\n\n\t\t\t\t<p><a href=\"https:\/\/www.monta\u00f1asdelaluna.es\/?p=46492\" class=\"alignnone rollover layzr-bg\" ><img loading=\"lazy\" decoding=\"async\" class=\"preload-me iso-lazy-load\" src=\"data:image\/svg+xml,%3Csvg%20xmlns%3D&#39;http%3A%2F%2Fwww.w3.org%2F2000%2Fsvg&#39;%20viewBox%3D&#39;0%200%20555%20370&#39;%2F%3E\" data-src=\"https:\/\/www.monta\u00f1asdelaluna.es\/wp-content\/uploads\/2021\/01\/al-fondo-la-cima-del-igualata-abajo-lo-que-parece-una-caldera-volcanica-555x370.jpg\" data-srcset=\"https:\/\/www.monta\u00f1asdelaluna.es\/wp-content\/uploads\/2021\/01\/al-fondo-la-cima-del-igualata-abajo-lo-que-parece-una-caldera-volcanica-555x370.jpg 555w, https:\/\/www.monta\u00f1asdelaluna.es\/wp-content\/uploads\/2021\/01\/al-fondo-la-cima-del-igualata-abajo-lo-que-parece-una-caldera-volcanica-1110x740.jpg 1110w\" alt=\"\" title=\"Al fondo la cima del Igualata, abajo lo que parece una caldera volc\u00e1nica\" width=\"555\" height=\"370\"  \/><\/a><\/p>\n\t\t\t<\/div>\n\n\t\t\n\t\t<div class=\"blog-content wf-td\">\n\t\t\t<h3 class=\"entry-title\"><a href=\"https:\/\/www.monta\u00f1asdelaluna.es\/?p=46492\" title=\"17 de julio de 2.006. Lunes. Riobamba e Igualata.\" rel=\"bookmark\">17 de julio de 2.006. Lunes. Riobamba e Igualata.<\/a><\/h3>\n\n\t\t\t<div class=\"entry-meta\"><span class=\"category-link\"><a href=\"https:\/\/www.monta\u00f1asdelaluna.es\/?cat=35\" rel=\"category\">Ecuador<\/a><\/span><a class=\"author vcard\" href=\"https:\/\/www.monta\u00f1asdelaluna.es\/?author=1\" title=\"Ver todas las publicaciones de Joaquin Terres\" rel=\"author\">Por <span class=\"fn\">Joaquin Terres<\/span><\/a><a href=\"https:\/\/www.monta\u00f1asdelaluna.es\/?m=20060717\" title=\"10:12 am\" class=\"data-link\" rel=\"bookmark\"><time class=\"entry-date updated\" datetime=\"2006-07-17T10:12:23+00:00\">17 julio, 2006<\/time><\/a><a href=\"https:\/\/www.monta\u00f1asdelaluna.es\/?p=46492#respond\" class=\"comment-link\" >Deja un comentario<\/a><\/div><p>[vc_row][vc_column][vc_column_text]No hay turistas. Ya no est\u00e1n las llamas y las alpacas atadas al suelo junto a la puerta del refugio. Es un d\u00eda despejado y claro. Sopla viento que sin ser muy fuerte, mueve las ramas de los \u00e1rboles y se le oye silbar en la lejan\u00eda. Tenemos por fin el Chimborazo y el Carihuayrazo&hellip;<\/p>\n\n<a href=\"https:\/\/www.monta\u00f1asdelaluna.es\/?p=46492\" class=\"details more-link\" aria-label=\"Read more about 17 de julio de 2.006. Lunes. Riobamba e Igualata.\" rel=\"nofollow\">Detalles<\/a>\n\n\t\t<\/div>\n\n\t<\/article>\n\n<\/div>\n<div class=\"wf-cell iso-item category-35\" data-post-id=\"46372\" data-date=\"2006-07-16T22:47:46+00:00\" data-name=\"16 de julio de 2.006. Domingo. Riobamba.\">\n\t<article class=\"post post-46372 type-post status-publish format-standard has-post-thumbnail hentry category-ecuador category-35 description-off\">\n\n\t\t\n\t\t\t<div class=\"blog-media wf-td\">\n\n\t\t\t\t<p><a href=\"https:\/\/www.monta\u00f1asdelaluna.es\/?p=46372\" class=\"alignnone rollover layzr-bg\" ><img loading=\"lazy\" decoding=\"async\" class=\"preload-me iso-lazy-load\" src=\"data:image\/svg+xml,%3Csvg%20xmlns%3D&#39;http%3A%2F%2Fwww.w3.org%2F2000%2Fsvg&#39;%20viewBox%3D&#39;0%200%20555%20370&#39;%2F%3E\" data-src=\"https:\/\/www.monta\u00f1asdelaluna.es\/wp-content\/uploads\/2006\/07\/el-chimborazo-cubierto-desde-la-estacion-de-urbina-555x370.jpg\" data-srcset=\"https:\/\/www.monta\u00f1asdelaluna.es\/wp-content\/uploads\/2006\/07\/el-chimborazo-cubierto-desde-la-estacion-de-urbina-555x370.jpg 555w, https:\/\/www.monta\u00f1asdelaluna.es\/wp-content\/uploads\/2006\/07\/el-chimborazo-cubierto-desde-la-estacion-de-urbina-1110x740.jpg 1110w\" alt=\"\" title=\"El CHimborazo cubierto desde la Estaci\u00f3n de Urbina\" width=\"555\" height=\"370\"  \/><\/a><\/p>\n\t\t\t<\/div>\n\n\t\t\n\t\t<div class=\"blog-content wf-td\">\n\t\t\t<h3 class=\"entry-title\"><a href=\"https:\/\/www.monta\u00f1asdelaluna.es\/?p=46372\" title=\"16 de julio de 2.006. Domingo. Riobamba.\" rel=\"bookmark\">16 de julio de 2.006. Domingo. Riobamba.<\/a><\/h3>\n\n\t\t\t<div class=\"entry-meta\"><span class=\"category-link\"><a href=\"https:\/\/www.monta\u00f1asdelaluna.es\/?cat=35\" rel=\"category\">Ecuador<\/a><\/span><a class=\"author vcard\" href=\"https:\/\/www.monta\u00f1asdelaluna.es\/?author=1\" title=\"Ver todas las publicaciones de Joaquin Terres\" rel=\"author\">Por <span class=\"fn\">Joaquin Terres<\/span><\/a><a href=\"https:\/\/www.monta\u00f1asdelaluna.es\/?m=20060716\" title=\"10:47 pm\" class=\"data-link\" rel=\"bookmark\"><time class=\"entry-date updated\" datetime=\"2006-07-16T22:47:46+00:00\">16 julio, 2006<\/time><\/a><a href=\"https:\/\/www.monta\u00f1asdelaluna.es\/?p=46372#respond\" class=\"comment-link\" >Deja un comentario<\/a><\/div><p>[vc_row][vc_column][vc_column_text]Me levanto con dolor de cabeza. He dormido mal, quiz\u00e1s los efectos estimulantes del t\u00e9 de coca. Quiz\u00e1s la altura. Tras el desayuno de campeones (cereales, te, tostadas, huevos revueltos\u2026) y una aspirina, me siento mucho mejor. Yo por el momento no me encuentro mal, parece que me aclimato algo mejor que Jes\u00fas. Hay que&hellip;<\/p>\n\n<a href=\"https:\/\/www.monta\u00f1asdelaluna.es\/?p=46372\" class=\"details more-link\" aria-label=\"Read more about 16 de julio de 2.006. Domingo. Riobamba.\" rel=\"nofollow\">Detalles<\/a>\n\n\t\t<\/div>\n\n\t<\/article>\n\n<\/div>\n<div class=\"wf-cell iso-item category-35\" data-post-id=\"46370\" data-date=\"2006-07-15T22:14:04+00:00\" data-name=\"15 de julio de 2.006. S\u00e1bado. Hieleros\">\n\t<article class=\"post post-46370 type-post status-publish format-standard has-post-thumbnail hentry category-ecuador category-35 description-off\">\n\n\t\t\n\t\t\t<div class=\"blog-media wf-td\">\n\n\t\t\t\t<p><a href=\"https:\/\/www.monta\u00f1asdelaluna.es\/?p=46370\" class=\"alignnone rollover layzr-bg\" ><img loading=\"lazy\" decoding=\"async\" class=\"preload-me iso-lazy-load\" src=\"data:image\/svg+xml,%3Csvg%20xmlns%3D&#39;http%3A%2F%2Fwww.w3.org%2F2000%2Fsvg&#39;%20viewBox%3D&#39;0%200%20555%20370&#39;%2F%3E\" data-src=\"https:\/\/www.monta\u00f1asdelaluna.es\/wp-content\/uploads\/2020\/12\/gregorio-modelando-los-trozos-de-hielo-sacados-del-glaciar-a-la-derecha-julio-555x370.jpg\" data-srcset=\"https:\/\/www.monta\u00f1asdelaluna.es\/wp-content\/uploads\/2020\/12\/gregorio-modelando-los-trozos-de-hielo-sacados-del-glaciar-a-la-derecha-julio-555x370.jpg 555w, https:\/\/www.monta\u00f1asdelaluna.es\/wp-content\/uploads\/2020\/12\/gregorio-modelando-los-trozos-de-hielo-sacados-del-glaciar-a-la-derecha-julio-1110x740.jpg 1110w\" alt=\"\" title=\"Gregorio modelando los trozos de hielo sacados del glaciar. A la derecha Julio\" width=\"555\" height=\"370\"  \/><\/a><\/p>\n\t\t\t<\/div>\n\n\t\t\n\t\t<div class=\"blog-content wf-td\">\n\t\t\t<h3 class=\"entry-title\"><a href=\"https:\/\/www.monta\u00f1asdelaluna.es\/?p=46370\" title=\"15 de julio de 2.006. S\u00e1bado. Hieleros\" rel=\"bookmark\">15 de julio de 2.006. S\u00e1bado. Hieleros<\/a><\/h3>\n\n\t\t\t<div class=\"entry-meta\"><span class=\"category-link\"><a href=\"https:\/\/www.monta\u00f1asdelaluna.es\/?cat=35\" rel=\"category\">Ecuador<\/a><\/span><a class=\"author vcard\" href=\"https:\/\/www.monta\u00f1asdelaluna.es\/?author=1\" title=\"Ver todas las publicaciones de Joaquin Terres\" rel=\"author\">Por <span class=\"fn\">Joaquin Terres<\/span><\/a><a href=\"https:\/\/www.monta\u00f1asdelaluna.es\/?m=20060715\" title=\"10:14 pm\" class=\"data-link\" rel=\"bookmark\"><time class=\"entry-date updated\" datetime=\"2006-07-15T22:14:04+00:00\">15 julio, 2006<\/time><\/a><a href=\"https:\/\/www.monta\u00f1asdelaluna.es\/?p=46370#respond\" class=\"comment-link\" >Deja un comentario<\/a><\/div><p>[vc_row][vc_column][vc_column_text]Amanece temprano y aguantamos en la cama. Solo ir a mear consigue levantarme y volver a acostarme. Rodrigo llama a la puerta y nos invita a ir a la excursi\u00f3n a los Hieleros que es una muy buena ocasi\u00f3n de aclimatar. Llama varias veces y le dicen que es pronto, que el conductor no sabe&hellip;<\/p>\n\n<a href=\"https:\/\/www.monta\u00f1asdelaluna.es\/?p=46370\" class=\"details more-link\" aria-label=\"Read more about 15 de julio de 2.006. S\u00e1bado. Hieleros\" rel=\"nofollow\">Detalles<\/a>\n\n\t\t<\/div>\n\n\t<\/article>\n\n<\/div>\n<div class=\"wf-cell iso-item category-35\" data-post-id=\"46360\" data-date=\"2006-07-14T09:00:19+00:00\" data-name=\"14 de julio de 2.006. Viernes. Quito, Urbina. Fiesta Nacional francesa.\">\n\t<article class=\"post post-46360 type-post status-publish format-standard has-post-thumbnail hentry category-ecuador category-35 description-off\">\n\n\t\t\n\t\t\t<div class=\"blog-media wf-td\">\n\n\t\t\t\t<p><a href=\"https:\/\/www.monta\u00f1asdelaluna.es\/?p=46360\" class=\"alignnone rollover layzr-bg\" ><img loading=\"lazy\" decoding=\"async\" class=\"preload-me iso-lazy-load\" src=\"data:image\/svg+xml,%3Csvg%20xmlns%3D&#39;http%3A%2F%2Fwww.w3.org%2F2000%2Fsvg&#39;%20viewBox%3D&#39;0%200%20555%20370&#39;%2F%3E\" data-src=\"https:\/\/www.monta\u00f1asdelaluna.es\/wp-content\/uploads\/2016\/12\/003-555x370.jpg\" data-srcset=\"https:\/\/www.monta\u00f1asdelaluna.es\/wp-content\/uploads\/2016\/12\/003-555x370.jpg 555w, https:\/\/www.monta\u00f1asdelaluna.es\/wp-content\/uploads\/2016\/12\/003-1110x740.jpg 1110w\" alt=\"\" title=\"Jes\u00fas en la Estaci\u00f3n Terminal Terrestre de Quito\" width=\"555\" height=\"370\"  \/><\/a><\/p>\n\t\t\t<\/div>\n\n\t\t\n\t\t<div class=\"blog-content wf-td\">\n\t\t\t<h3 class=\"entry-title\"><a href=\"https:\/\/www.monta\u00f1asdelaluna.es\/?p=46360\" title=\"14 de julio de 2.006. Viernes. Quito, Urbina. Fiesta Nacional francesa.\" rel=\"bookmark\">14 de julio de 2.006. Viernes. Quito, Urbina. Fiesta Nacional francesa.<\/a><\/h3>\n\n\t\t\t<div class=\"entry-meta\"><span class=\"category-link\"><a href=\"https:\/\/www.monta\u00f1asdelaluna.es\/?cat=35\" rel=\"category\">Ecuador<\/a><\/span><a class=\"author vcard\" href=\"https:\/\/www.monta\u00f1asdelaluna.es\/?author=1\" title=\"Ver todas las publicaciones de Joaquin Terres\" rel=\"author\">Por <span class=\"fn\">Joaquin Terres<\/span><\/a><a href=\"https:\/\/www.monta\u00f1asdelaluna.es\/?m=20060714\" title=\"9:00 am\" class=\"data-link\" rel=\"bookmark\"><time class=\"entry-date updated\" datetime=\"2006-07-14T09:00:19+00:00\">14 julio, 2006<\/time><\/a><a href=\"https:\/\/www.monta\u00f1asdelaluna.es\/?p=46360#respond\" class=\"comment-link\" >Deja un comentario<\/a><\/div><p>[vc_row][vc_column][vc_column_text]Amanece pronto y me cuesta estar en la cama. Nos levantamos a las 7 y el desayuno no se sirve hasta las 8. Esperamos. Antes de salir o puede que anoche, decidimos dividir el dinero de Jes\u00fas, para que una parte, 300 \u20ac o Dl. los llevara yo, y los otros 300 \u00e9l. Me met\u00ed&hellip;<\/p>\n\n<a href=\"https:\/\/www.monta\u00f1asdelaluna.es\/?p=46360\" class=\"details more-link\" aria-label=\"Read more about 14 de julio de 2.006. Viernes. Quito, Urbina. Fiesta Nacional francesa.\" rel=\"nofollow\">Detalles<\/a>\n\n\t\t<\/div>\n\n\t<\/article>\n\n<\/div>\n<div class=\"wf-cell iso-item category-35\" data-post-id=\"46309\" data-date=\"2006-07-13T18:28:10+00:00\" data-name=\"13 de julio de 2.006. Jueves. San Enrique. Llegada a Quito\">\n\t<article class=\"post post-46309 type-post status-publish format-standard has-post-thumbnail hentry category-ecuador category-35 description-off\">\n\n\t\t\n\t\t\t<div class=\"blog-media wf-td\">\n\n\t\t\t\t<p><a href=\"https:\/\/www.monta\u00f1asdelaluna.es\/?p=46309\" class=\"alignnone rollover layzr-bg\" ><img loading=\"lazy\" decoding=\"async\" class=\"preload-me iso-lazy-load\" src=\"data:image\/svg+xml,%3Csvg%20xmlns%3D&#39;http%3A%2F%2Fwww.w3.org%2F2000%2Fsvg&#39;%20viewBox%3D&#39;0%200%20555%20370&#39;%2F%3E\" data-src=\"https:\/\/www.monta\u00f1asdelaluna.es\/wp-content\/uploads\/2016\/12\/001-555x370.jpg\" data-srcset=\"https:\/\/www.monta\u00f1asdelaluna.es\/wp-content\/uploads\/2016\/12\/001-555x370.jpg 555w, https:\/\/www.monta\u00f1asdelaluna.es\/wp-content\/uploads\/2016\/12\/001-1110x740.jpg 1110w\" alt=\"\" title=\"Hostal \u201cEl Cafecito\u201d\" width=\"555\" height=\"370\"  \/><\/a><\/p>\n\t\t\t<\/div>\n\n\t\t\n\t\t<div class=\"blog-content wf-td\">\n\t\t\t<h3 class=\"entry-title\"><a href=\"https:\/\/www.monta\u00f1asdelaluna.es\/?p=46309\" title=\"13 de julio de 2.006. Jueves. San Enrique. Llegada a Quito\" rel=\"bookmark\">13 de julio de 2.006. Jueves. San Enrique. Llegada a Quito<\/a><\/h3>\n\n\t\t\t<div class=\"entry-meta\"><span class=\"category-link\"><a href=\"https:\/\/www.monta\u00f1asdelaluna.es\/?cat=35\" rel=\"category\">Ecuador<\/a><\/span><a class=\"author vcard\" href=\"https:\/\/www.monta\u00f1asdelaluna.es\/?author=1\" title=\"Ver todas las publicaciones de Joaquin Terres\" rel=\"author\">Por <span class=\"fn\">Joaquin Terres<\/span><\/a><a href=\"https:\/\/www.monta\u00f1asdelaluna.es\/?m=20060713\" title=\"6:28 pm\" class=\"data-link\" rel=\"bookmark\"><time class=\"entry-date updated\" datetime=\"2006-07-13T18:28:10+00:00\">13 julio, 2006<\/time><\/a><a href=\"https:\/\/www.monta\u00f1asdelaluna.es\/?p=46309#respond\" class=\"comment-link\" >Deja un comentario<\/a><\/div><p>[vc_row][vc_column][vc_column_text]Noticias: Esta madrugada acab\u00f3 la huelga de Iberia (Pilotos) que cada verano es tradicional. 240 vuelos cancelados. 5.106 \u20ac perdidos al d\u00eda. Ayer, 11 J, el atentado en los trenes de Bombay se llev\u00f3 por delante a 200 personas. Israel ha invadido Gaza y el sur del L\u00edbano, amenaza la guerra. Ya comienza el viaje&hellip;<\/p>\n\n<a href=\"https:\/\/www.monta\u00f1asdelaluna.es\/?p=46309\" class=\"details more-link\" aria-label=\"Read more about 13 de julio de 2.006. Jueves. San Enrique. Llegada a Quito\" rel=\"nofollow\">Detalles<\/a>\n\n\t\t<\/div>\n\n\t<\/article>\n\n<\/div>\n<div class=\"wf-cell iso-item category-127\" data-post-id=\"34322\" data-date=\"2006-05-01T09:24:21+00:00\" data-name=\"Los Infiernos, Algas y Garmo Negro\">\n\t<article class=\"post post-34322 type-post status-publish format-standard has-post-thumbnail hentry category-pirineo-central-atlantico category-127 description-off\">\n\n\t\t\n\t\t\t<div class=\"blog-media wf-td\">\n\n\t\t\t\t<p><a href=\"https:\/\/www.monta\u00f1asdelaluna.es\/?p=34322\" class=\"alignnone rollover layzr-bg\" ><img loading=\"lazy\" decoding=\"async\" class=\"preload-me iso-lazy-load\" src=\"data:image\/svg+xml,%3Csvg%20xmlns%3D&#39;http%3A%2F%2Fwww.w3.org%2F2000%2Fsvg&#39;%20viewBox%3D&#39;0%200%20555%20370&#39;%2F%3E\" data-src=\"https:\/\/www.monta\u00f1asdelaluna.es\/wp-content\/uploads\/2016\/11\/021_21A-555x370.jpg\" data-srcset=\"https:\/\/www.monta\u00f1asdelaluna.es\/wp-content\/uploads\/2016\/11\/021_21A-555x370.jpg 555w, https:\/\/www.monta\u00f1asdelaluna.es\/wp-content\/uploads\/2016\/11\/021_21A-1110x740.jpg 1110w\" alt=\"\" title=\"Joaqu\u00edn y Jes\u00fas en la cresta entre el Infierno Central y el Occidental, al fondo derecha el Balaitous y Las Frondellas\" width=\"555\" height=\"370\"  \/><\/a><\/p>\n\t\t\t<\/div>\n\n\t\t\n\t\t<div class=\"blog-content wf-td\">\n\t\t\t<h3 class=\"entry-title\"><a href=\"https:\/\/www.monta\u00f1asdelaluna.es\/?p=34322\" title=\"Los Infiernos, Algas y Garmo Negro\" rel=\"bookmark\">Los Infiernos, Algas y Garmo Negro<\/a><\/h3>\n\n\t\t\t<div class=\"entry-meta\"><span class=\"category-link\"><a href=\"https:\/\/www.monta\u00f1asdelaluna.es\/?cat=127\" rel=\"category\">Pirineo Central Atl\u00e1ntico<\/a><\/span><a class=\"author vcard\" href=\"https:\/\/www.monta\u00f1asdelaluna.es\/?author=1\" title=\"Ver todas las publicaciones de Joaquin Terres\" rel=\"author\">Por <span class=\"fn\">Joaquin Terres<\/span><\/a><a href=\"https:\/\/www.monta\u00f1asdelaluna.es\/?m=20060501\" title=\"9:24 am\" class=\"data-link\" rel=\"bookmark\"><time class=\"entry-date updated\" datetime=\"2006-05-01T09:24:21+00:00\">1 mayo, 2006<\/time><\/a><a href=\"https:\/\/www.monta\u00f1asdelaluna.es\/?p=34322#respond\" class=\"comment-link\" >Deja un comentario<\/a><\/div><p>[vc_row][vc_column][vc_column_text]En el pasado puente del 1 de mayo aprovechamos Oli, Jes\u00fas Santana y yo para realizar un viaje a los Pirineos. Despu\u00e9s de ver el tiempo que \u00edbamos a estar y la actividad en concreto, decidimos ir al Valle de Panticosa y subir los picos de m\u00e1s de tres mil metros que lo rodean; m\u00e1s&hellip;<\/p>\n\n<a href=\"https:\/\/www.monta\u00f1asdelaluna.es\/?p=34322\" class=\"details more-link\" aria-label=\"Read more about Los Infiernos, Algas y Garmo Negro\" rel=\"nofollow\">Detalles<\/a>\n\n\t\t<\/div>\n\n\t<\/article>\n\n<\/div>\n<div class=\"wf-cell iso-item category-127\" data-post-id=\"34165\" data-date=\"2006-04-14T12:51:13+00:00\" data-name=\"Gran Facha y Valle de Tena\">\n\t<article class=\"post post-34165 type-post status-publish format-standard has-post-thumbnail hentry category-pirineo-central-atlantico category-127 description-off\">\n\n\t\t\n\t\t\t<div class=\"blog-media wf-td\">\n\n\t\t\t\t<p><a href=\"https:\/\/www.monta\u00f1asdelaluna.es\/?p=34165\" class=\"alignnone rollover layzr-bg\" ><img loading=\"lazy\" decoding=\"async\" class=\"preload-me iso-lazy-load\" src=\"data:image\/svg+xml,%3Csvg%20xmlns%3D&#39;http%3A%2F%2Fwww.w3.org%2F2000%2Fsvg&#39;%20viewBox%3D&#39;0%200%20555%20370&#39;%2F%3E\" data-src=\"https:\/\/www.monta\u00f1asdelaluna.es\/wp-content\/uploads\/2016\/11\/050-555x370.jpg\" data-srcset=\"https:\/\/www.monta\u00f1asdelaluna.es\/wp-content\/uploads\/2016\/11\/050-555x370.jpg 555w, https:\/\/www.monta\u00f1asdelaluna.es\/wp-content\/uploads\/2016\/11\/050-1110x740.jpg 1110w\" alt=\"\" title=\"Joaqu\u00edn en la cima del Gran Facha, 3.005 mts., detr\u00e1s el Vignemale\" width=\"555\" height=\"370\"  \/><\/a><\/p>\n\t\t\t<\/div>\n\n\t\t\n\t\t<div class=\"blog-content wf-td\">\n\t\t\t<h3 class=\"entry-title\"><a href=\"https:\/\/www.monta\u00f1asdelaluna.es\/?p=34165\" title=\"Gran Facha y Valle de Tena\" rel=\"bookmark\">Gran Facha y Valle de Tena<\/a><\/h3>\n\n\t\t\t<div class=\"entry-meta\"><span class=\"category-link\"><a href=\"https:\/\/www.monta\u00f1asdelaluna.es\/?cat=127\" rel=\"category\">Pirineo Central Atl\u00e1ntico<\/a><\/span><a class=\"author vcard\" href=\"https:\/\/www.monta\u00f1asdelaluna.es\/?author=1\" title=\"Ver todas las publicaciones de Joaquin Terres\" rel=\"author\">Por <span class=\"fn\">Joaquin Terres<\/span><\/a><a href=\"https:\/\/www.monta\u00f1asdelaluna.es\/?m=20060414\" title=\"12:51 pm\" class=\"data-link\" rel=\"bookmark\"><time class=\"entry-date updated\" datetime=\"2006-04-14T12:51:13+00:00\">14 abril, 2006<\/time><\/a><a href=\"https:\/\/www.monta\u00f1asdelaluna.es\/?p=34165#respond\" class=\"comment-link\" >Deja un comentario<\/a><\/div><p>[vc_row][vc_column][vc_column_text]Como habitualmente lleva haciendo el Centro Excursionista Almorad\u00ed; la Semana Santa pasada realizamos un viaje con autob\u00fas y albergue con destino el Pirineo de Huesca, m\u00e1s concretamente el Valle de Tena. El albergue se encuentra en Piedrafita de Jaca, un lugar estrat\u00e9gico para empezar correr\u00edas por este bonito valle y las cercanas y escarpadas pendientes&hellip;<\/p>\n\n<a href=\"https:\/\/www.monta\u00f1asdelaluna.es\/?p=34165\" class=\"details more-link\" aria-label=\"Read more about Gran Facha y Valle de Tena\" rel=\"nofollow\">Detalles<\/a>\n\n\t\t<\/div>\n\n\t<\/article>\n\n<\/div>\n<div class=\"wf-cell iso-item category-76\" data-post-id=\"15501\" data-date=\"2006-04-08T15:23:04+00:00\" data-name=\"Abanilla-Crevillente 2.006\">\n\t<article class=\"post post-15501 type-post status-publish format-standard has-post-thumbnail hentry category-sierra-de-crevillente category-76 description-off\">\n\n\t\t\n\t\t\t<div class=\"blog-media wf-td\">\n\n\t\t\t\t<p><a href=\"https:\/\/www.monta\u00f1asdelaluna.es\/?p=15501\" class=\"alignnone rollover layzr-bg\" ><img loading=\"lazy\" decoding=\"async\" class=\"preload-me iso-lazy-load\" src=\"data:image\/svg+xml,%3Csvg%20xmlns%3D&#39;http%3A%2F%2Fwww.w3.org%2F2000%2Fsvg&#39;%20viewBox%3D&#39;0%200%20555%20378&#39;%2F%3E\" data-src=\"https:\/\/www.monta\u00f1asdelaluna.es\/wp-content\/uploads\/2006\/04\/llegando-al-agudo-555x378.jpg\" data-srcset=\"https:\/\/www.monta\u00f1asdelaluna.es\/wp-content\/uploads\/2006\/04\/llegando-al-agudo-555x378.jpg 555w, https:\/\/www.monta\u00f1asdelaluna.es\/wp-content\/uploads\/2006\/04\/llegando-al-agudo-1110x756.jpg 1110w\" alt=\"\" title=\"Llegando al Agudo\" width=\"555\" height=\"378\"  \/><\/a><\/p>\n\t\t\t<\/div>\n\n\t\t\n\t\t<div class=\"blog-content wf-td\">\n\t\t\t<h3 class=\"entry-title\"><a href=\"https:\/\/www.monta\u00f1asdelaluna.es\/?p=15501\" title=\"Abanilla-Crevillente 2.006\" rel=\"bookmark\">Abanilla-Crevillente 2.006<\/a><\/h3>\n\n\t\t\t<div class=\"entry-meta\"><span class=\"category-link\"><a href=\"https:\/\/www.monta\u00f1asdelaluna.es\/?cat=76\" rel=\"category\">Sierra de Crevillente<\/a><\/span><a class=\"author vcard\" href=\"https:\/\/www.monta\u00f1asdelaluna.es\/?author=1\" title=\"Ver todas las publicaciones de Joaquin Terres\" rel=\"author\">Por <span class=\"fn\">Joaquin Terres<\/span><\/a><a href=\"https:\/\/www.monta\u00f1asdelaluna.es\/?m=20060408\" title=\"3:23 pm\" class=\"data-link\" rel=\"bookmark\"><time class=\"entry-date updated\" datetime=\"2006-04-08T15:23:04+00:00\">8 abril, 2006<\/time><\/a><a href=\"https:\/\/www.monta\u00f1asdelaluna.es\/?p=15501#respond\" class=\"comment-link\" >Deja un comentario<\/a><\/div><p>[vc_row][vc_column][vc_column_text]Mucha gente alguna vez le ha atra\u00eddo realizar una marcha como esta: De Abanilla a Crevillente, subiendo y cruzando cada una de las monta\u00f1as y cimas que las separan en este recorrido. Zulum de 624 mts., Agudo de 725 mts., Monte Alto de 682 mts., San Cayetano de 817 mts., San Yuri de 803 mts.&hellip;<\/p>\n\n<a href=\"https:\/\/www.monta\u00f1asdelaluna.es\/?p=15501\" class=\"details more-link\" aria-label=\"Read more about Abanilla-Crevillente 2.006\" rel=\"nofollow\">Detalles<\/a>\n\n\t\t<\/div>\n\n\t<\/article>\n\n<\/div>\n<div class=\"wf-cell iso-item category-94\" data-post-id=\"43431\" data-date=\"2006-03-12T06:43:43+00:00\" data-name=\"El Caire y La Capilla del Fraile en la Sierra de Salinas\">\n\t<article class=\"post post-43431 type-post status-publish format-standard has-post-thumbnail hentry category-resto-de-alicante category-94 description-off\">\n\n\t\t\n\t\t\t<div class=\"blog-media wf-td\">\n\n\t\t\t\t<p><a href=\"https:\/\/www.monta\u00f1asdelaluna.es\/?p=43431\" class=\"alignnone rollover layzr-bg\" ><img loading=\"lazy\" decoding=\"async\" class=\"preload-me iso-lazy-load\" src=\"data:image\/svg+xml,%3Csvg%20xmlns%3D&#39;http%3A%2F%2Fwww.w3.org%2F2000%2Fsvg&#39;%20viewBox%3D&#39;0%200%20555%20369&#39;%2F%3E\" data-src=\"https:\/\/www.monta\u00f1asdelaluna.es\/wp-content\/uploads\/2020\/05\/de-izquierda-a-derecha-pareja-amigos-de-quique-infi-maria-sara-pablo-joaquin-santi-jesus-y-quique-en-la-cima-de-el-caire-1-047-mts-555x369.jpg\" data-srcset=\"https:\/\/www.monta\u00f1asdelaluna.es\/wp-content\/uploads\/2020\/05\/de-izquierda-a-derecha-pareja-amigos-de-quique-infi-maria-sara-pablo-joaquin-santi-jesus-y-quique-en-la-cima-de-el-caire-1-047-mts-555x369.jpg 555w, https:\/\/www.monta\u00f1asdelaluna.es\/wp-content\/uploads\/2020\/05\/de-izquierda-a-derecha-pareja-amigos-de-quique-infi-maria-sara-pablo-joaquin-santi-jesus-y-quique-en-la-cima-de-el-caire-1-047-mts-1110x738.jpg 1110w\" alt=\"\" title=\"De izquierda a derecha: pareja amigos de Quique, Infi, Mar\u00eda, Sara, Pablo, Joaqu\u00edn, Santi, Jes\u00fas y Quique en la cima de El Caire, 1.047 mts.\" width=\"555\" height=\"369\"  \/><\/a><\/p>\n\t\t\t<\/div>\n\n\t\t\n\t\t<div class=\"blog-content wf-td\">\n\t\t\t<h3 class=\"entry-title\"><a href=\"https:\/\/www.monta\u00f1asdelaluna.es\/?p=43431\" title=\"El Caire y La Capilla del Fraile en la Sierra de Salinas\" rel=\"bookmark\">El Caire y La Capilla del Fraile en la Sierra de Salinas<\/a><\/h3>\n\n\t\t\t<div class=\"entry-meta\"><span class=\"category-link\"><a href=\"https:\/\/www.monta\u00f1asdelaluna.es\/?cat=94\" rel=\"category\">Resto de Alicante<\/a><\/span><a class=\"author vcard\" href=\"https:\/\/www.monta\u00f1asdelaluna.es\/?author=1\" title=\"Ver todas las publicaciones de Joaquin Terres\" rel=\"author\">Por <span class=\"fn\">Joaquin Terres<\/span><\/a><a href=\"https:\/\/www.monta\u00f1asdelaluna.es\/?m=20060312\" title=\"6:43 am\" class=\"data-link\" rel=\"bookmark\"><time class=\"entry-date updated\" datetime=\"2006-03-12T06:43:43+00:00\">12 marzo, 2006<\/time><\/a><a href=\"https:\/\/www.monta\u00f1asdelaluna.es\/?p=43431#respond\" class=\"comment-link\" >Deja un comentario<\/a><\/div><p>[vc_row][vc_column][vc_column_text]La Sierra de Salinas siempre la hab\u00eda visto como una gran sierra al estilo de El Carche, La Pila, con una gran extensi\u00f3n y masa boscosa y con alturas superiores a los mil doscientos metros. Adem\u00e1s como \u00e9stas, ubicada en zonas y sitios poco habitados o que dan la sensaci\u00f3n de estar como aislados, olvidados\u2026&hellip;<\/p>\n\n<a href=\"https:\/\/www.monta\u00f1asdelaluna.es\/?p=43431\" class=\"details more-link\" aria-label=\"Read more about El Caire y La Capilla del Fraile en la Sierra de Salinas\" rel=\"nofollow\">Detalles<\/a>\n\n\t\t<\/div>\n\n\t<\/article>\n\n<\/div>\n<div class=\"wf-cell iso-item category-101\" data-post-id=\"43265\" data-date=\"2006-02-04T06:29:28+00:00\" data-name=\"Sierra del Menetjador desde Ibi\">\n\t<article class=\"post post-43265 type-post status-publish format-standard has-post-thumbnail hentry category-sierra-mariola-y-menetjador category-101 description-off\">\n\n\t\t\n\t\t\t<div class=\"blog-media wf-td\">\n\n\t\t\t\t<p><a href=\"https:\/\/www.monta\u00f1asdelaluna.es\/?p=43265\" class=\"alignnone rollover layzr-bg\" ><img loading=\"lazy\" decoding=\"async\" class=\"preload-me iso-lazy-load\" src=\"data:image\/svg+xml,%3Csvg%20xmlns%3D&#39;http%3A%2F%2Fwww.w3.org%2F2000%2Fsvg&#39;%20viewBox%3D&#39;0%200%20555%20370&#39;%2F%3E\" data-src=\"https:\/\/www.monta\u00f1asdelaluna.es\/wp-content\/uploads\/2020\/04\/delante-jesus-en-el-carrascal-de-la-font-roja-555x370.jpg\" data-srcset=\"https:\/\/www.monta\u00f1asdelaluna.es\/wp-content\/uploads\/2020\/04\/delante-jesus-en-el-carrascal-de-la-font-roja-555x370.jpg 555w, https:\/\/www.monta\u00f1asdelaluna.es\/wp-content\/uploads\/2020\/04\/delante-jesus-en-el-carrascal-de-la-font-roja-1110x740.jpg 1110w\" alt=\"\" title=\"Delante Jes\u00fas en el Carrascal de La Font Roja\" width=\"555\" height=\"370\"  \/><\/a><\/p>\n\t\t\t<\/div>\n\n\t\t\n\t\t<div class=\"blog-content wf-td\">\n\t\t\t<h3 class=\"entry-title\"><a href=\"https:\/\/www.monta\u00f1asdelaluna.es\/?p=43265\" title=\"Sierra del Menetjador desde Ibi\" rel=\"bookmark\">Sierra del Menetjador desde Ibi<\/a><\/h3>\n\n\t\t\t<div class=\"entry-meta\"><span class=\"category-link\"><a href=\"https:\/\/www.monta\u00f1asdelaluna.es\/?cat=101\" rel=\"category\">Sierra Mariola y Menetjador<\/a><\/span><a class=\"author vcard\" href=\"https:\/\/www.monta\u00f1asdelaluna.es\/?author=1\" title=\"Ver todas las publicaciones de Joaquin Terres\" rel=\"author\">Por <span class=\"fn\">Joaquin Terres<\/span><\/a><a href=\"https:\/\/www.monta\u00f1asdelaluna.es\/?m=20060204\" title=\"6:29 am\" class=\"data-link\" rel=\"bookmark\"><time class=\"entry-date updated\" datetime=\"2006-02-04T06:29:28+00:00\">4 febrero, 2006<\/time><\/a><a href=\"https:\/\/www.monta\u00f1asdelaluna.es\/?p=43265#respond\" class=\"comment-link\" >Deja un comentario<\/a><\/div><p>[vc_row][vc_column][vc_column_text]Mi compa\u00f1ero de viajes y de monta\u00f1as alicantinas, Jes\u00fas Santana, es un gran conocedor y un habitual de la Sierra del Menetjador, del Carrascal de La Font Roja. Como ya os he explicado en el Carrascal de La Font Roja, es un espacio \u00fanico en Alicante de bosque antiguo, preservado a lo largo de los&hellip;<\/p>\n\n<a href=\"https:\/\/www.monta\u00f1asdelaluna.es\/?p=43265\" class=\"details more-link\" aria-label=\"Read more about Sierra del Menetjador desde Ibi\" rel=\"nofollow\">Detalles<\/a>\n\n\t\t<\/div>\n\n\t<\/article>\n\n<\/div>\n<div class=\"wf-cell iso-item category-35\" data-post-id=\"46296\" data-date=\"2006-01-01T12:11:40+00:00\" data-name=\"Cruzando el Charco\">\n\t<article class=\"post post-46296 type-post status-publish format-standard has-post-thumbnail hentry category-ecuador category-35 description-off\">\n\n\t\t\n\t\t\t<div class=\"blog-media wf-td\">\n\n\t\t\t\t<p><a href=\"https:\/\/www.monta\u00f1asdelaluna.es\/?p=46296\" class=\"alignnone rollover layzr-bg\" ><img loading=\"lazy\" decoding=\"async\" class=\"preload-me iso-lazy-load\" src=\"data:image\/svg+xml,%3Csvg%20xmlns%3D&#39;http%3A%2F%2Fwww.w3.org%2F2000%2Fsvg&#39;%20viewBox%3D&#39;0%200%20555%20371&#39;%2F%3E\" data-src=\"https:\/\/www.monta\u00f1asdelaluna.es\/wp-content\/uploads\/2020\/11\/2655089687_bbfffda867_b-555x371.jpg\" data-srcset=\"https:\/\/www.monta\u00f1asdelaluna.es\/wp-content\/uploads\/2020\/11\/2655089687_bbfffda867_b-555x371.jpg 555w, https:\/\/www.monta\u00f1asdelaluna.es\/wp-content\/uploads\/2020\/11\/2655089687_bbfffda867_b.jpg 1024w\" alt=\"\" title=\"2655089687_bbfffda867_b\" width=\"555\" height=\"371\"  \/><\/a><\/p>\n\t\t\t<\/div>\n\n\t\t\n\t\t<div class=\"blog-content wf-td\">\n\t\t\t<h3 class=\"entry-title\"><a href=\"https:\/\/www.monta\u00f1asdelaluna.es\/?p=46296\" title=\"Cruzando el Charco\" rel=\"bookmark\">Cruzando el Charco<\/a><\/h3>\n\n\t\t\t<div class=\"entry-meta\"><span class=\"category-link\"><a href=\"https:\/\/www.monta\u00f1asdelaluna.es\/?cat=35\" rel=\"category\">Ecuador<\/a><\/span><a class=\"author vcard\" href=\"https:\/\/www.monta\u00f1asdelaluna.es\/?author=1\" title=\"Ver todas las publicaciones de Joaquin Terres\" rel=\"author\">Por <span class=\"fn\">Joaquin Terres<\/span><\/a><a href=\"https:\/\/www.monta\u00f1asdelaluna.es\/?m=20060101\" title=\"12:11 pm\" class=\"data-link\" rel=\"bookmark\"><time class=\"entry-date updated\" datetime=\"2006-01-01T12:11:40+00:00\">1 enero, 2006<\/time><\/a><a href=\"https:\/\/www.monta\u00f1asdelaluna.es\/?p=46296#respond\" class=\"comment-link\" >Deja un comentario<\/a><\/div><p>Ya hace m\u00e1s de 14 a\u00f1os que realizamos esta expedici\u00f3n, este viaje, estas ascensiones, esta aventura, pero ya iba siendo hora de comenzar a escribirla, ya que cuanto m\u00e1s tiempo pasase, m\u00e1s dif\u00edcil es recordar muchos de aquellos momentos o detalles de la expedici\u00f3n, aunque tambi\u00e9n debo de decir que muchos de ellos son Inolvidables,&hellip;<\/p>\n\n<a href=\"https:\/\/www.monta\u00f1asdelaluna.es\/?p=46296\" class=\"details more-link\" aria-label=\"Read more about Cruzando el Charco\" rel=\"nofollow\">Detalles<\/a>\n\n\t\t<\/div>\n\n\t<\/article>\n\n<\/div>\n<div class=\"wf-cell iso-item category-94\" data-post-id=\"43423\" data-date=\"2005-12-06T07:40:21+00:00\" data-name=\"Algarejo en la Sierra del Reclot\">\n\t<article class=\"post post-43423 type-post status-publish format-standard has-post-thumbnail hentry category-resto-de-alicante category-94 description-off\">\n\n\t\t\n\t\t\t<div class=\"blog-media wf-td\">\n\n\t\t\t\t<p><a href=\"https:\/\/www.monta\u00f1asdelaluna.es\/?p=43423\" class=\"alignnone rollover layzr-bg\" ><img loading=\"lazy\" decoding=\"async\" class=\"preload-me iso-lazy-load\" src=\"data:image\/svg+xml,%3Csvg%20xmlns%3D&#39;http%3A%2F%2Fwww.w3.org%2F2000%2Fsvg&#39;%20viewBox%3D&#39;0%200%20555%20371&#39;%2F%3E\" data-src=\"https:\/\/www.monta\u00f1asdelaluna.es\/wp-content\/uploads\/2020\/05\/joaquin-en-el-cordal-de-la-sierra-del-reclot-hacia-la-romana-de-tarafa-a-la-izquierda-la-sierra-de-pena-zafra-o-dels-bertrans-detras-de-esta-la-sierra-del-cid-y-cabeco-d-or-555x371.jpg\" data-srcset=\"https:\/\/www.monta\u00f1asdelaluna.es\/wp-content\/uploads\/2020\/05\/joaquin-en-el-cordal-de-la-sierra-del-reclot-hacia-la-romana-de-tarafa-a-la-izquierda-la-sierra-de-pena-zafra-o-dels-bertrans-detras-de-esta-la-sierra-del-cid-y-cabeco-d-or-555x371.jpg 555w, https:\/\/www.monta\u00f1asdelaluna.es\/wp-content\/uploads\/2020\/05\/joaquin-en-el-cordal-de-la-sierra-del-reclot-hacia-la-romana-de-tarafa-a-la-izquierda-la-sierra-de-pena-zafra-o-dels-bertrans-detras-de-esta-la-sierra-del-cid-y-cabeco-d-or-1110x742.jpg 1110w\" alt=\"\" title=\"Joaqu\u00edn en el cordal de la Sierra del Reclot hacia La Romana de Tarafa. A la izquierda la Sierra de Pe\u00f1a Zafra o Dels Bertrans, detr\u00e1s de \u00e9sta, la Sierra del Cid y Cabe\u00e7\u00f3 d&#8217;Or\" width=\"555\" height=\"371\"  \/><\/a><\/p>\n\t\t\t<\/div>\n\n\t\t\n\t\t<div class=\"blog-content wf-td\">\n\t\t\t<h3 class=\"entry-title\"><a href=\"https:\/\/www.monta\u00f1asdelaluna.es\/?p=43423\" title=\"Algarejo en la Sierra del Reclot\" rel=\"bookmark\">Algarejo en la Sierra del Reclot<\/a><\/h3>\n\n\t\t\t<div class=\"entry-meta\"><span class=\"category-link\"><a href=\"https:\/\/www.monta\u00f1asdelaluna.es\/?cat=94\" rel=\"category\">Resto de Alicante<\/a><\/span><a class=\"author vcard\" href=\"https:\/\/www.monta\u00f1asdelaluna.es\/?author=1\" title=\"Ver todas las publicaciones de Joaquin Terres\" rel=\"author\">Por <span class=\"fn\">Joaquin Terres<\/span><\/a><a href=\"https:\/\/www.monta\u00f1asdelaluna.es\/?m=20051206\" title=\"7:40 am\" class=\"data-link\" rel=\"bookmark\"><time class=\"entry-date updated\" datetime=\"2005-12-06T07:40:21+00:00\">6 diciembre, 2005<\/time><\/a><a href=\"https:\/\/www.monta\u00f1asdelaluna.es\/?p=43423#respond\" class=\"comment-link\" >Deja un comentario<\/a><\/div><p>[vc_row][vc_column][vc_column_text]Hoy d\u00eda esta sierra y cimas tienen recorridos se\u00f1alados y marcados que comienzan en las laderas boscosas y simp\u00e1ticas que miran al norte de la Sierra del Reclot; como por ejemplo salir del Aula de la Naturaleza del Monte Coto justo al otro lado de las enormes canteras de la Sierra del Coto en L\u2019Alguenya.&hellip;<\/p>\n\n<a href=\"https:\/\/www.monta\u00f1asdelaluna.es\/?p=43423\" class=\"details more-link\" aria-label=\"Read more about Algarejo en la Sierra del Reclot\" rel=\"nofollow\">Detalles<\/a>\n\n\t\t<\/div>\n\n\t<\/article>\n\n<\/div>\n<div class=\"wf-cell iso-item category-110\" data-post-id=\"40363\" data-date=\"2005-08-11T08:12:54+00:00\" data-name=\"11 de agosto de 2.005, jueves. Bajada del Monte Rosa y resto del viaje\">\n\t<article class=\"post post-40363 type-post status-publish format-standard has-post-thumbnail hentry category-anniviers-y-monte-rosa category-110 description-off\">\n\n\t\t\n\t\t\t<div class=\"blog-media wf-td\">\n\n\t\t\t\t<p><a href=\"https:\/\/www.monta\u00f1asdelaluna.es\/?p=40363\" class=\"alignnone rollover layzr-bg\" ><img loading=\"lazy\" decoding=\"async\" class=\"preload-me iso-lazy-load\" src=\"data:image\/svg+xml,%3Csvg%20xmlns%3D&#39;http%3A%2F%2Fwww.w3.org%2F2000%2Fsvg&#39;%20viewBox%3D&#39;0%200%20555%20374&#39;%2F%3E\" data-src=\"https:\/\/www.monta\u00f1asdelaluna.es\/wp-content\/uploads\/2019\/10\/recogiendo-el-campamento-al-fondo-el-cervino-a-la-izquierda-el-dent-blanche-en-el-centro-y-el-ober-gabelhorn-a-la-derecha-555x374.jpg\" data-srcset=\"https:\/\/www.monta\u00f1asdelaluna.es\/wp-content\/uploads\/2019\/10\/recogiendo-el-campamento-al-fondo-el-cervino-a-la-izquierda-el-dent-blanche-en-el-centro-y-el-ober-gabelhorn-a-la-derecha-555x374.jpg 555w, https:\/\/www.monta\u00f1asdelaluna.es\/wp-content\/uploads\/2019\/10\/recogiendo-el-campamento-al-fondo-el-cervino-a-la-izquierda-el-dent-blanche-en-el-centro-y-el-ober-gabelhorn-a-la-derecha-1110x748.jpg 1110w\" alt=\"\" title=\"Recogiendo el campamento, al fondo el Cervino a la izquierda, el Dent Blanche en el centro y el Ober Gabelhorn a la derecha\" width=\"555\" height=\"374\"  \/><\/a><\/p>\n\t\t\t<\/div>\n\n\t\t\n\t\t<div class=\"blog-content wf-td\">\n\t\t\t<h3 class=\"entry-title\"><a href=\"https:\/\/www.monta\u00f1asdelaluna.es\/?p=40363\" title=\"11 de agosto de 2.005, jueves. Bajada del Monte Rosa y resto del viaje\" rel=\"bookmark\">11 de agosto de 2.005, jueves. Bajada del Monte Rosa y resto del viaje<\/a><\/h3>\n\n\t\t\t<div class=\"entry-meta\"><span class=\"category-link\"><a href=\"https:\/\/www.monta\u00f1asdelaluna.es\/?cat=110\" rel=\"category\">Anniviers y Monte Rosa<\/a><\/span><a class=\"author vcard\" href=\"https:\/\/www.monta\u00f1asdelaluna.es\/?author=1\" title=\"Ver todas las publicaciones de Joaquin Terres\" rel=\"author\">Por <span class=\"fn\">Joaquin Terres<\/span><\/a><a href=\"https:\/\/www.monta\u00f1asdelaluna.es\/?m=20050811\" title=\"8:12 am\" class=\"data-link\" rel=\"bookmark\"><time class=\"entry-date updated\" datetime=\"2005-08-11T08:12:54+00:00\">11 agosto, 2005<\/time><\/a><a href=\"https:\/\/www.monta\u00f1asdelaluna.es\/?p=40363#respond\" class=\"comment-link\" >Deja un comentario<\/a><\/div><p>[vc_row][vc_column][vc_column_text]Al otro d\u00eda amanece otra jornada incre\u00edble, muy soleada y sin una nube. No madrugamos. Nos levantamos y poco a poco desayunamos, y vamos desmontando las tiendas. Tenemos que pasar por el cercano Refugio del Monte Rosa para recoger a Infi, no tardamos mucho en llegar con nuestros mochilones. Estamos alegres, contentos, no s\u00e9 si&hellip;<\/p>\n\n<a href=\"https:\/\/www.monta\u00f1asdelaluna.es\/?p=40363\" class=\"details more-link\" aria-label=\"Read more about 11 de agosto de 2.005, jueves. Bajada del Monte Rosa y resto del viaje\" rel=\"nofollow\">Detalles<\/a>\n\n\t\t<\/div>\n\n\t<\/article>\n\n<\/div>\n<div class=\"wf-cell iso-item category-110\" data-post-id=\"40354\" data-date=\"2005-08-10T18:05:50+00:00\" data-name=\"10 de agosto de 2.005, mi\u00e9rcoles. Subida al Monte Rosa\">\n\t<article class=\"post post-40354 type-post status-publish format-standard has-post-thumbnail hentry category-anniviers-y-monte-rosa category-110 description-off\">\n\n\t\t\n\t\t\t<div class=\"blog-media wf-td\">\n\n\t\t\t\t<p><a href=\"https:\/\/www.monta\u00f1asdelaluna.es\/?p=40354\" class=\"alignnone rollover layzr-bg\" ><img loading=\"lazy\" decoding=\"async\" class=\"preload-me iso-lazy-load\" src=\"data:image\/svg+xml,%3Csvg%20xmlns%3D&#39;http%3A%2F%2Fwww.w3.org%2F2000%2Fsvg&#39;%20viewBox%3D&#39;0%200%20555%20374&#39;%2F%3E\" data-src=\"https:\/\/www.monta\u00f1asdelaluna.es\/wp-content\/uploads\/2019\/10\/joaquin-terres-bajando-por-el-glaciar-del-monte-rosa-delante-el-breithorn-con-el-pollux-a-la-izquierda-el-glaciar-grenx-abajo-con-el-dent-d-herens-y-cervino-a-la-derecha-entre-nubes-555x374.jpg\" data-srcset=\"https:\/\/www.monta\u00f1asdelaluna.es\/wp-content\/uploads\/2019\/10\/joaquin-terres-bajando-por-el-glaciar-del-monte-rosa-delante-el-breithorn-con-el-pollux-a-la-izquierda-el-glaciar-grenx-abajo-con-el-dent-d-herens-y-cervino-a-la-derecha-entre-nubes-555x374.jpg 555w, https:\/\/www.monta\u00f1asdelaluna.es\/wp-content\/uploads\/2019\/10\/joaquin-terres-bajando-por-el-glaciar-del-monte-rosa-delante-el-breithorn-con-el-pollux-a-la-izquierda-el-glaciar-grenx-abajo-con-el-dent-d-herens-y-cervino-a-la-derecha-entre-nubes-1110x748.jpg 1110w\" alt=\"\" title=\"Joaqu\u00edn Terr\u00e9s bajando por el Glaciar del Monte Rosa, delante el Breithorn con el Pollux a la izquierda, el Glaciar Grenx abajo, con el Dent d&#8217;H\u00e8rens y Cervino a la derecha entre nubes\" width=\"555\" height=\"374\"  \/><\/a><\/p>\n\t\t\t<\/div>\n\n\t\t\n\t\t<div class=\"blog-content wf-td\">\n\t\t\t<h3 class=\"entry-title\"><a href=\"https:\/\/www.monta\u00f1asdelaluna.es\/?p=40354\" title=\"10 de agosto de 2.005, mi\u00e9rcoles. Subida al Monte Rosa\" rel=\"bookmark\">10 de agosto de 2.005, mi\u00e9rcoles. Subida al Monte Rosa<\/a><\/h3>\n\n\t\t\t<div class=\"entry-meta\"><span class=\"category-link\"><a href=\"https:\/\/www.monta\u00f1asdelaluna.es\/?cat=110\" rel=\"category\">Anniviers y Monte Rosa<\/a><\/span><a class=\"author vcard\" href=\"https:\/\/www.monta\u00f1asdelaluna.es\/?author=1\" title=\"Ver todas las publicaciones de Joaquin Terres\" rel=\"author\">Por <span class=\"fn\">Joaquin Terres<\/span><\/a><a href=\"https:\/\/www.monta\u00f1asdelaluna.es\/?m=20050810\" title=\"6:05 pm\" class=\"data-link\" rel=\"bookmark\"><time class=\"entry-date updated\" datetime=\"2005-08-10T18:05:50+00:00\">10 agosto, 2005<\/time><\/a><a href=\"https:\/\/www.monta\u00f1asdelaluna.es\/?p=40354#respond\" class=\"comment-link\" >Deja un comentario<\/a><\/div><p>[vc_row][vc_column][vc_column_text]Son alrededor de las 03:30 horas. Nos levantamos y nos preparamos para emprender sobre las cinco de la ma\u00f1ana la dura subida a la Dufourspitze. Antes de levantarnos hemos o\u00eddo voces y pisadas de monta\u00f1eros que sal\u00edan del refugio alrededor de las dos de la ma\u00f1ana, algunos de ellos en espa\u00f1ol; monta\u00f1eros que m\u00e1s tarde&hellip;<\/p>\n\n<a href=\"https:\/\/www.monta\u00f1asdelaluna.es\/?p=40354\" class=\"details more-link\" aria-label=\"Read more about 10 de agosto de 2.005, mi\u00e9rcoles. Subida al Monte Rosa\" rel=\"nofollow\">Detalles<\/a>\n\n\t\t<\/div>\n\n\t<\/article>\n\n<\/div>\n<div class=\"wf-cell iso-item category-110\" data-post-id=\"40297\" data-date=\"2005-08-09T18:28:11+00:00\" data-name=\"9 de agosto de 2.005, martes. Aproximaci\u00f3n al Monte Rosa\">\n\t<article class=\"post post-40297 type-post status-publish format-standard has-post-thumbnail hentry category-anniviers-y-monte-rosa category-110 description-off\">\n\n\t\t\n\t\t\t<div class=\"blog-media wf-td\">\n\n\t\t\t\t<p><a href=\"https:\/\/www.monta\u00f1asdelaluna.es\/?p=40297\" class=\"alignnone rollover layzr-bg\" ><img loading=\"lazy\" decoding=\"async\" class=\"preload-me iso-lazy-load\" src=\"data:image\/svg+xml,%3Csvg%20xmlns%3D&#39;http%3A%2F%2Fwww.w3.org%2F2000%2Fsvg&#39;%20viewBox%3D&#39;0%200%20555%20374&#39;%2F%3E\" data-src=\"https:\/\/www.monta\u00f1asdelaluna.es\/wp-content\/uploads\/2019\/10\/llegando-al-refugio-de-monte-rosa-con-el-liskamm-detras-555x374.jpg\" data-srcset=\"https:\/\/www.monta\u00f1asdelaluna.es\/wp-content\/uploads\/2019\/10\/llegando-al-refugio-de-monte-rosa-con-el-liskamm-detras-555x374.jpg 555w, https:\/\/www.monta\u00f1asdelaluna.es\/wp-content\/uploads\/2019\/10\/llegando-al-refugio-de-monte-rosa-con-el-liskamm-detras-1110x748.jpg 1110w\" alt=\"\" title=\"Llegando al Refugio de Monte Rosa con el Liskamm detr\u00e1s\" width=\"555\" height=\"374\"  \/><\/a><\/p>\n\t\t\t<\/div>\n\n\t\t\n\t\t<div class=\"blog-content wf-td\">\n\t\t\t<h3 class=\"entry-title\"><a href=\"https:\/\/www.monta\u00f1asdelaluna.es\/?p=40297\" title=\"9 de agosto de 2.005, martes. Aproximaci\u00f3n al Monte Rosa\" rel=\"bookmark\">9 de agosto de 2.005, martes. Aproximaci\u00f3n al Monte Rosa<\/a><\/h3>\n\n\t\t\t<div class=\"entry-meta\"><span class=\"category-link\"><a href=\"https:\/\/www.monta\u00f1asdelaluna.es\/?cat=110\" rel=\"category\">Anniviers y Monte Rosa<\/a><\/span><a class=\"author vcard\" href=\"https:\/\/www.monta\u00f1asdelaluna.es\/?author=1\" title=\"Ver todas las publicaciones de Joaquin Terres\" rel=\"author\">Por <span class=\"fn\">Joaquin Terres<\/span><\/a><a href=\"https:\/\/www.monta\u00f1asdelaluna.es\/?m=20050809\" title=\"6:28 pm\" class=\"data-link\" rel=\"bookmark\"><time class=\"entry-date updated\" datetime=\"2005-08-09T18:28:11+00:00\">9 agosto, 2005<\/time><\/a><a href=\"https:\/\/www.monta\u00f1asdelaluna.es\/?p=40297#respond\" class=\"comment-link\" >Deja un comentario<\/a><\/div><p>[vc_row][vc_column][vc_column_text]Despu\u00e9s del Tour de la Val d\u2019Anniviers con su magn\u00edfico recorrido y traves\u00eda, ya est\u00e1bamos preparados para atacar la cima m\u00e1s alta de Suiza, la Dufourspitze en el Monte Rosa\u2026 y recurriendo a la introducci\u00f3n de la primera etapa del mismo Tour de la Val d\u2019Anniviers, emprendemos el viaje cambiando de valle pero no de&hellip;<\/p>\n\n<a href=\"https:\/\/www.monta\u00f1asdelaluna.es\/?p=40297\" class=\"details more-link\" aria-label=\"Read more about 9 de agosto de 2.005, martes. Aproximaci\u00f3n al Monte Rosa\" rel=\"nofollow\">Detalles<\/a>\n\n\t\t<\/div>\n\n\t<\/article>\n\n<\/div>\n<div class=\"wf-cell iso-item category-110\" data-post-id=\"36788\" data-date=\"2005-08-06T08:44:26+00:00\" data-name=\"Tour Val d&#039;Anniviers. 6, 7 de agosto de 2.005, 4\u00ba, 5\u00ba Etapas: Caba\u00f1a de Moiry-Mayoux-Vercor\u00edn (Sierre).\">\n\t<article class=\"post post-36788 type-post status-publish format-standard has-post-thumbnail hentry category-anniviers-y-monte-rosa category-110 description-off\">\n\n\t\t\n\t\t\t<div class=\"blog-media wf-td\">\n\n\t\t\t\t<p><a href=\"https:\/\/www.monta\u00f1asdelaluna.es\/?p=36788\" class=\"alignnone rollover layzr-bg\" ><img loading=\"lazy\" decoding=\"async\" class=\"preload-me iso-lazy-load\" src=\"data:image\/svg+xml,%3Csvg%20xmlns%3D&#39;http%3A%2F%2Fwww.w3.org%2F2000%2Fsvg&#39;%20viewBox%3D&#39;0%200%20555%20370&#39;%2F%3E\" data-src=\"https:\/\/www.monta\u00f1asdelaluna.es\/wp-content\/uploads\/2017\/05\/51-Detr\u00e1s-la-caida-del-glaciar-555x370.jpg\" data-srcset=\"https:\/\/www.monta\u00f1asdelaluna.es\/wp-content\/uploads\/2017\/05\/51-Detr\u00e1s-la-caida-del-glaciar-555x370.jpg 555w, https:\/\/www.monta\u00f1asdelaluna.es\/wp-content\/uploads\/2017\/05\/51-Detr\u00e1s-la-caida-del-glaciar-1110x740.jpg 1110w\" alt=\"\" title=\"De izquierda a derecha: Infi, Quique, Joaqu\u00edn y Trino cruzando el Glaciar de Moiry\" width=\"555\" height=\"370\"  \/><\/a><\/p>\n\t\t\t<\/div>\n\n\t\t\n\t\t<div class=\"blog-content wf-td\">\n\t\t\t<h3 class=\"entry-title\"><a href=\"https:\/\/www.monta\u00f1asdelaluna.es\/?p=36788\" title=\"Tour Val d&#8217;Anniviers. 6, 7 de agosto de 2.005, 4\u00ba, 5\u00ba Etapas: Caba\u00f1a de Moiry-Mayoux-Vercor\u00edn (Sierre).\" rel=\"bookmark\">Tour Val d&#8217;Anniviers. 6, 7 de agosto de 2.005, 4\u00ba, 5\u00ba Etapas: Caba\u00f1a de Moiry-Mayoux-Vercor\u00edn (Sierre).<\/a><\/h3>\n\n\t\t\t<div class=\"entry-meta\"><span class=\"category-link\"><a href=\"https:\/\/www.monta\u00f1asdelaluna.es\/?cat=110\" rel=\"category\">Anniviers y Monte Rosa<\/a><\/span><a class=\"author vcard\" href=\"https:\/\/www.monta\u00f1asdelaluna.es\/?author=1\" title=\"Ver todas las publicaciones de Joaquin Terres\" rel=\"author\">Por <span class=\"fn\">Joaquin Terres<\/span><\/a><a href=\"https:\/\/www.monta\u00f1asdelaluna.es\/?m=20050806\" title=\"8:44 am\" class=\"data-link\" rel=\"bookmark\"><time class=\"entry-date updated\" datetime=\"2005-08-06T08:44:26+00:00\">6 agosto, 2005<\/time><\/a><a href=\"https:\/\/www.monta\u00f1asdelaluna.es\/?p=36788#respond\" class=\"comment-link\" >Deja un comentario<\/a><\/div><p>[vc_row][vc_column][vc_column_text]Al d\u00eda siguiente (6 de agosto) subimos al Coll de Pigne a tres mil ciento cincuenta metros de altura, despu\u00e9s de cruzar fr\u00edos neveros que bordean el enorme plateau del glaciar. Las vistas desde aqu\u00ed son impresionantes, hipn\u00f3ticas y bellas. Amanece un d\u00eda magn\u00edfico. El resto de gente del refugio que se dispon\u00eda a realizar&hellip;<\/p>\n\n<a href=\"https:\/\/www.monta\u00f1asdelaluna.es\/?p=36788\" class=\"details more-link\" aria-label=\"Read more about Tour Val d&#8217;Anniviers. 6, 7 de agosto de 2.005, 4\u00ba, 5\u00ba Etapas: Caba\u00f1a de Moiry-Mayoux-Vercor\u00edn (Sierre).\" rel=\"nofollow\">Detalles<\/a>\n\n\t\t<\/div>\n\n\t<\/article>\n\n<\/div>\n<div class=\"wf-cell iso-item category-110\" data-post-id=\"36764\" data-date=\"2005-08-04T08:00:22+00:00\" data-name=\"Tour Val d&#039;Anniviers. 4, 5 de agosto de 2.005, 2\u00ba y 3\u00ba Etapas: St. Luc.-Zinal-Caba\u00f1a de Moiry\">\n\t<article class=\"post post-36764 type-post status-publish format-standard has-post-thumbnail hentry category-anniviers-y-monte-rosa category-110 description-off\">\n\n\t\t\n\t\t\t<div class=\"blog-media wf-td\">\n\n\t\t\t\t<p><a href=\"https:\/\/www.monta\u00f1asdelaluna.es\/?p=36764\" class=\"alignnone rollover layzr-bg\" ><img loading=\"lazy\" decoding=\"async\" class=\"preload-me iso-lazy-load\" src=\"data:image\/svg+xml,%3Csvg%20xmlns%3D&#39;http%3A%2F%2Fwww.w3.org%2F2000%2Fsvg&#39;%20viewBox%3D&#39;0%200%20555%20374&#39;%2F%3E\" data-src=\"https:\/\/www.monta\u00f1asdelaluna.es\/wp-content\/uploads\/2017\/05\/36-Refugio-Caba\u00f1a-de-Moiry-bajo-Puntas-de-Mourti-555x374.jpg\" data-srcset=\"https:\/\/www.monta\u00f1asdelaluna.es\/wp-content\/uploads\/2017\/05\/36-Refugio-Caba\u00f1a-de-Moiry-bajo-Puntas-de-Mourti-555x374.jpg 555w, https:\/\/www.monta\u00f1asdelaluna.es\/wp-content\/uploads\/2017\/05\/36-Refugio-Caba\u00f1a-de-Moiry-bajo-Puntas-de-Mourti-1110x748.jpg 1110w\" alt=\"\" title=\"Refugio Caba\u00f1a de Moiry, 2.825 mts., bajo Puntas de Mourti\" width=\"555\" height=\"374\"  \/><\/a><\/p>\n\t\t\t<\/div>\n\n\t\t\n\t\t<div class=\"blog-content wf-td\">\n\t\t\t<h3 class=\"entry-title\"><a href=\"https:\/\/www.monta\u00f1asdelaluna.es\/?p=36764\" title=\"Tour Val d&#8217;Anniviers. 4, 5 de agosto de 2.005, 2\u00ba y 3\u00ba Etapas: St. Luc.-Zinal-Caba\u00f1a de Moiry\" rel=\"bookmark\">Tour Val d&#8217;Anniviers. 4, 5 de agosto de 2.005, 2\u00ba y 3\u00ba Etapas: St. Luc.-Zinal-Caba\u00f1a de Moiry<\/a><\/h3>\n\n\t\t\t<div class=\"entry-meta\"><span class=\"category-link\"><a href=\"https:\/\/www.monta\u00f1asdelaluna.es\/?cat=110\" rel=\"category\">Anniviers y Monte Rosa<\/a><\/span><a class=\"author vcard\" href=\"https:\/\/www.monta\u00f1asdelaluna.es\/?author=1\" title=\"Ver todas las publicaciones de Joaquin Terres\" rel=\"author\">Por <span class=\"fn\">Joaquin Terres<\/span><\/a><a href=\"https:\/\/www.monta\u00f1asdelaluna.es\/?m=20050804\" title=\"8:00 am\" class=\"data-link\" rel=\"bookmark\"><time class=\"entry-date updated\" datetime=\"2005-08-04T08:00:22+00:00\">4 agosto, 2005<\/time><\/a><a href=\"https:\/\/www.monta\u00f1asdelaluna.es\/?p=36764#respond\" class=\"comment-link\" >Deja un comentario<\/a><\/div><p>[vc_row][vc_column][vc_column_text]\u00a0Al d\u00eda siguiente (4 de agosto) salimos de St. Luc para coger altura hasta los l\u00edmites del frondoso bosque que tan bien cuidado lo tienen los suizos (a ver si aprendemos). Las cascadas, los arroyos y la humedad abundan en esta subida a Le Prilett. De nuevo me fascino por el lugar, tan boscoso y&hellip;<\/p>\n\n<a href=\"https:\/\/www.monta\u00f1asdelaluna.es\/?p=36764\" class=\"details more-link\" aria-label=\"Read more about Tour Val d&#8217;Anniviers. 4, 5 de agosto de 2.005, 2\u00ba y 3\u00ba Etapas: St. Luc.-Zinal-Caba\u00f1a de Moiry\" rel=\"nofollow\">Detalles<\/a>\n\n\t\t<\/div>\n\n\t<\/article>\n\n<\/div>\n<div class=\"wf-cell iso-item category-110\" data-post-id=\"36750\" data-date=\"2005-08-03T08:38:41+00:00\" data-name=\"Tour Val d&#039;Anniviers. 3 de agosto de 2.005, 1\u00ba Etapa: Sierre-St. Luc.\">\n\t<article class=\"post post-36750 type-post status-publish format-standard has-post-thumbnail hentry category-anniviers-y-monte-rosa category-110 description-off\">\n\n\t\t\n\t\t\t<div class=\"blog-media wf-td\">\n\n\t\t\t\t<p><a href=\"https:\/\/www.monta\u00f1asdelaluna.es\/?p=36750\" class=\"alignnone rollover layzr-bg\" ><img loading=\"lazy\" decoding=\"async\" class=\"preload-me iso-lazy-load\" src=\"data:image\/svg+xml,%3Csvg%20xmlns%3D&#39;http%3A%2F%2Fwww.w3.org%2F2000%2Fsvg&#39;%20viewBox%3D&#39;0%200%20555%20416&#39;%2F%3E\" data-src=\"https:\/\/www.monta\u00f1asdelaluna.es\/wp-content\/uploads\/2017\/05\/03B-555x416.jpg\" data-srcset=\"https:\/\/www.monta\u00f1asdelaluna.es\/wp-content\/uploads\/2017\/05\/03B-555x416.jpg 555w, https:\/\/www.monta\u00f1asdelaluna.es\/wp-content\/uploads\/2017\/05\/03B-1110x832.jpg 1110w\" alt=\"\" title=\"De izquierda a derecha: Joaqu\u00edn, Infi, Quique y Jes\u00fas en Soussillon\" width=\"555\" height=\"416\"  \/><\/a><\/p>\n\t\t\t<\/div>\n\n\t\t\n\t\t<div class=\"blog-content wf-td\">\n\t\t\t<h3 class=\"entry-title\"><a href=\"https:\/\/www.monta\u00f1asdelaluna.es\/?p=36750\" title=\"Tour Val d&#8217;Anniviers. 3 de agosto de 2.005, 1\u00ba Etapa: Sierre-St. Luc.\" rel=\"bookmark\">Tour Val d&#8217;Anniviers. 3 de agosto de 2.005, 1\u00ba Etapa: Sierre-St. Luc.<\/a><\/h3>\n\n\t\t\t<div class=\"entry-meta\"><span class=\"category-link\"><a href=\"https:\/\/www.monta\u00f1asdelaluna.es\/?cat=110\" rel=\"category\">Anniviers y Monte Rosa<\/a><\/span><a class=\"author vcard\" href=\"https:\/\/www.monta\u00f1asdelaluna.es\/?author=1\" title=\"Ver todas las publicaciones de Joaquin Terres\" rel=\"author\">Por <span class=\"fn\">Joaquin Terres<\/span><\/a><a href=\"https:\/\/www.monta\u00f1asdelaluna.es\/?m=20050803\" title=\"8:38 am\" class=\"data-link\" rel=\"bookmark\"><time class=\"entry-date updated\" datetime=\"2005-08-03T08:38:41+00:00\">3 agosto, 2005<\/time><\/a><a href=\"https:\/\/www.monta\u00f1asdelaluna.es\/?p=36750#respond\" class=\"comment-link\" >Deja un comentario<\/a><\/div><p>[vc_row][vc_column][vc_column_text]Despu\u00e9s de la Expedici\u00f3n al Elbrus y el pasado \u201ca\u00f1o de descanso\u201d, decidimos, el buen grupo que hab\u00edamos formado Quique, Jes\u00fas Santana y yo, volver a los Alpes para realizar alguna ascensi\u00f3n y visita de aquellas impresionantes y preciosas monta\u00f1as. Es cierto que Ballester y Pepe D\u00edaz nos contaban su haza\u00f1a a mitad de los&hellip;<\/p>\n\n<a href=\"https:\/\/www.monta\u00f1asdelaluna.es\/?p=36750\" class=\"details more-link\" aria-label=\"Read more about Tour Val d&#8217;Anniviers. 3 de agosto de 2.005, 1\u00ba Etapa: Sierre-St. Luc.\" rel=\"nofollow\">Detalles<\/a>\n\n\t\t<\/div>\n\n\t<\/article>\n\n<\/div>\n<div class=\"wf-cell iso-item category-94\" data-post-id=\"46277\" data-date=\"2005-02-13T19:49:05+00:00\" data-name=\"Sierra de Benicadell. La forma de la Roca\">\n\t<article class=\"post post-46277 type-post status-publish format-standard has-post-thumbnail hentry category-resto-de-alicante category-94 description-off\">\n\n\t\t\n\t\t\t<div class=\"blog-media wf-td\">\n\n\t\t\t\t<p><a href=\"https:\/\/www.monta\u00f1asdelaluna.es\/?p=46277\" class=\"alignnone rollover layzr-bg\" ><img loading=\"lazy\" decoding=\"async\" class=\"preload-me iso-lazy-load\" src=\"data:image\/svg+xml,%3Csvg%20xmlns%3D&#39;http%3A%2F%2Fwww.w3.org%2F2000%2Fsvg&#39;%20viewBox%3D&#39;0%200%20555%20366&#39;%2F%3E\" data-src=\"https:\/\/www.monta\u00f1asdelaluna.es\/wp-content\/uploads\/2020\/11\/pasillo-rocoso-para-llegar-a-la-cima-del-benicadell-555x366.jpg\" data-srcset=\"https:\/\/www.monta\u00f1asdelaluna.es\/wp-content\/uploads\/2020\/11\/pasillo-rocoso-para-llegar-a-la-cima-del-benicadell-555x366.jpg 555w, https:\/\/www.monta\u00f1asdelaluna.es\/wp-content\/uploads\/2020\/11\/pasillo-rocoso-para-llegar-a-la-cima-del-benicadell-1110x732.jpg 1110w\" alt=\"\" title=\"Pasillo rocoso para llegar a la cima del Benicadell\" width=\"555\" height=\"366\"  \/><\/a><\/p>\n\t\t\t<\/div>\n\n\t\t\n\t\t<div class=\"blog-content wf-td\">\n\t\t\t<h3 class=\"entry-title\"><a href=\"https:\/\/www.monta\u00f1asdelaluna.es\/?p=46277\" title=\"Sierra de Benicadell. La forma de la Roca\" rel=\"bookmark\">Sierra de Benicadell. La forma de la Roca<\/a><\/h3>\n\n\t\t\t<div class=\"entry-meta\"><span class=\"category-link\"><a href=\"https:\/\/www.monta\u00f1asdelaluna.es\/?cat=94\" rel=\"category\">Resto de Alicante<\/a><\/span><a class=\"author vcard\" href=\"https:\/\/www.monta\u00f1asdelaluna.es\/?author=1\" title=\"Ver todas las publicaciones de Joaquin Terres\" rel=\"author\">Por <span class=\"fn\">Joaquin Terres<\/span><\/a><a href=\"https:\/\/www.monta\u00f1asdelaluna.es\/?m=20050213\" title=\"7:49 pm\" class=\"data-link\" rel=\"bookmark\"><time class=\"entry-date updated\" datetime=\"2005-02-13T19:49:05+00:00\">13 febrero, 2005<\/time><\/a><a href=\"https:\/\/www.monta\u00f1asdelaluna.es\/?p=46277#respond\" class=\"comment-link\" >Deja un comentario<\/a><\/div><p>[vc_row][vc_column][vc_column_text]Dentro de nuestro inter\u00e9s por recorrernos o descubrir todas las monta\u00f1as o rincones monta\u00f1osos de nuestra tierra Alicante, Jes\u00fas Santana me habl\u00f3 de una de las sierras m\u00e1s al norte de la provincia, que justo su cima y ella misma hacia frontera con Valencia; y las ganas que ten\u00eda de visitarla y de subirla. Adem\u00e1s&hellip;<\/p>\n\n<a href=\"https:\/\/www.monta\u00f1asdelaluna.es\/?p=46277\" class=\"details more-link\" aria-label=\"Read more about Sierra de Benicadell. La forma de la Roca\" rel=\"nofollow\">Detalles<\/a>\n\n\t\t<\/div>\n\n\t<\/article>\n\n<\/div>\n<div class=\"wf-cell iso-item category-105\" data-post-id=\"46238\" data-date=\"2005-01-15T08:27:43+00:00\" data-name=\"Las Cabras en la Sierra de Taibilla. El Techo de Albacete\">\n\t<article class=\"post post-46238 type-post status-publish format-standard has-post-thumbnail hentry category-cordilleras-del-betis category-105 description-off\">\n\n\t\t\n\t\t\t<div class=\"blog-media wf-td\">\n\n\t\t\t\t<p><a href=\"https:\/\/www.monta\u00f1asdelaluna.es\/?p=46238\" class=\"alignnone rollover layzr-bg\" ><img loading=\"lazy\" decoding=\"async\" class=\"preload-me iso-lazy-load\" src=\"data:image\/svg+xml,%3Csvg%20xmlns%3D&#39;http%3A%2F%2Fwww.w3.org%2F2000%2Fsvg&#39;%20viewBox%3D&#39;0%200%20555%20367&#39;%2F%3E\" data-src=\"https:\/\/www.monta\u00f1asdelaluna.es\/wp-content\/uploads\/2020\/11\/comenzamos-la-ruta-hacia-la-sierra-de-taibilla-delante-infi-y-detras-el-revolcadores-555x367.jpg\" data-srcset=\"https:\/\/www.monta\u00f1asdelaluna.es\/wp-content\/uploads\/2020\/11\/comenzamos-la-ruta-hacia-la-sierra-de-taibilla-delante-infi-y-detras-el-revolcadores-555x367.jpg 555w, https:\/\/www.monta\u00f1asdelaluna.es\/wp-content\/uploads\/2020\/11\/comenzamos-la-ruta-hacia-la-sierra-de-taibilla-delante-infi-y-detras-el-revolcadores-1110x734.jpg 1110w\" alt=\"\" title=\"Comenzamos la ruta hacia la Sierra de Taibilla, delante Infi y detr\u00e1s el Revolcadores\" width=\"555\" height=\"367\"  \/><\/a><\/p>\n\t\t\t<\/div>\n\n\t\t\n\t\t<div class=\"blog-content wf-td\">\n\t\t\t<h3 class=\"entry-title\"><a href=\"https:\/\/www.monta\u00f1asdelaluna.es\/?p=46238\" title=\"Las Cabras en la Sierra de Taibilla. El Techo de Albacete\" rel=\"bookmark\">Las Cabras en la Sierra de Taibilla. El Techo de Albacete<\/a><\/h3>\n\n\t\t\t<div class=\"entry-meta\"><span class=\"category-link\"><a href=\"https:\/\/www.monta\u00f1asdelaluna.es\/?cat=105\" rel=\"category\">Cordilleras del Betis<\/a><\/span><a class=\"author vcard\" href=\"https:\/\/www.monta\u00f1asdelaluna.es\/?author=1\" title=\"Ver todas las publicaciones de Joaquin Terres\" rel=\"author\">Por <span class=\"fn\">Joaquin Terres<\/span><\/a><a href=\"https:\/\/www.monta\u00f1asdelaluna.es\/?m=20050115\" title=\"8:27 am\" class=\"data-link\" rel=\"bookmark\"><time class=\"entry-date updated\" datetime=\"2005-01-15T08:27:43+00:00\">15 enero, 2005<\/time><\/a><a href=\"https:\/\/www.monta\u00f1asdelaluna.es\/?p=46238#respond\" class=\"comment-link\" >Deja un comentario<\/a><\/div><p>[vc_row][vc_column][vc_column_text]A\u00fan era un ni\u00f1o cuando escuchaba a mis padres y personas mayores, familiares, como siempre dec\u00edan que el agua potable que sal\u00edan por los grifos de casa, y as\u00ed supon\u00eda yo que del resto del pueblo o incluso de parte de la Vega Baja, era de agua del Taibilla. En un principio quiz\u00e1s era peque\u00f1o&hellip;<\/p>\n\n<a href=\"https:\/\/www.monta\u00f1asdelaluna.es\/?p=46238\" class=\"details more-link\" aria-label=\"Read more about Las Cabras en la Sierra de Taibilla. El Techo de Albacete\" rel=\"nofollow\">Detalles<\/a>\n\n\t\t<\/div>\n\n\t<\/article>\n\n<\/div>\n<div class=\"wf-cell iso-item category-80\" data-post-id=\"46191\" data-date=\"2005-01-03T18:34:37+00:00\" data-name=\"Leja de Millam\u00f3n y Cruz de La Muela\">\n\t<article class=\"post post-46191 type-post status-publish format-standard has-post-thumbnail hentry category-sierras-de-orihuela-y-callosa category-80 description-off\">\n\n\t\t\n\t\t\t<div class=\"blog-media wf-td\">\n\n\t\t\t\t<p><a href=\"https:\/\/www.monta\u00f1asdelaluna.es\/?p=46191\" class=\"alignnone rollover layzr-bg\" ><img loading=\"lazy\" decoding=\"async\" class=\"preload-me iso-lazy-load\" src=\"data:image\/svg+xml,%3Csvg%20xmlns%3D&#39;http%3A%2F%2Fwww.w3.org%2F2000%2Fsvg&#39;%20viewBox%3D&#39;0%200%20555%20368&#39;%2F%3E\" data-src=\"https:\/\/www.monta\u00f1asdelaluna.es\/wp-content\/uploads\/2020\/11\/bajando-de-la-leja-de-millamon-en-el-centro-la-cruz-de-la-muela-a-la-derecha-parte-de-orihuela-al-fondo-izquierda-la-sierra-de-callosa-555x368.jpg\" data-srcset=\"https:\/\/www.monta\u00f1asdelaluna.es\/wp-content\/uploads\/2020\/11\/bajando-de-la-leja-de-millamon-en-el-centro-la-cruz-de-la-muela-a-la-derecha-parte-de-orihuela-al-fondo-izquierda-la-sierra-de-callosa-555x368.jpg 555w, https:\/\/www.monta\u00f1asdelaluna.es\/wp-content\/uploads\/2020\/11\/bajando-de-la-leja-de-millamon-en-el-centro-la-cruz-de-la-muela-a-la-derecha-parte-de-orihuela-al-fondo-izquierda-la-sierra-de-callosa-1110x736.jpg 1110w\" alt=\"\" title=\"Bajando de La Leja de Millam\u00f3n, en el centro la Cruz de La Muela, a la derecha parte de Orihuela, al fondo izquierda la Sierra de Callosa\" width=\"555\" height=\"368\"  \/><\/a><\/p>\n\t\t\t<\/div>\n\n\t\t\n\t\t<div class=\"blog-content wf-td\">\n\t\t\t<h3 class=\"entry-title\"><a href=\"https:\/\/www.monta\u00f1asdelaluna.es\/?p=46191\" title=\"Leja de Millam\u00f3n y Cruz de La Muela\" rel=\"bookmark\">Leja de Millam\u00f3n y Cruz de La Muela<\/a><\/h3>\n\n\t\t\t<div class=\"entry-meta\"><span class=\"category-link\"><a href=\"https:\/\/www.monta\u00f1asdelaluna.es\/?cat=80\" rel=\"category\">Sierras de Orihuela y Callosa<\/a><\/span><a class=\"author vcard\" href=\"https:\/\/www.monta\u00f1asdelaluna.es\/?author=1\" title=\"Ver todas las publicaciones de Joaquin Terres\" rel=\"author\">Por <span class=\"fn\">Joaquin Terres<\/span><\/a><a href=\"https:\/\/www.monta\u00f1asdelaluna.es\/?m=20050103\" title=\"6:34 pm\" class=\"data-link\" rel=\"bookmark\"><time class=\"entry-date updated\" datetime=\"2005-01-03T18:34:37+00:00\">3 enero, 2005<\/time><\/a><a href=\"https:\/\/www.monta\u00f1asdelaluna.es\/?p=46191#respond\" class=\"comment-link\" >Deja un comentario<\/a><\/div><p>[vc_row][vc_column][vc_column_text]La Leja de Millam\u00f3n es la cima m\u00e1s alta de la Sierra de Orihuela, de las tres cimas m\u00e1s representativas junto con la famosa Cruz de La Muela sobre la ciudad de Orihuela, y la m\u00e1s cercana a la frontera con Murcia, Pico del \u00c1guila. \u00c9sta queda en el centro de la sierra, entre las&hellip;<\/p>\n\n<a href=\"https:\/\/www.monta\u00f1asdelaluna.es\/?p=46191\" class=\"details more-link\" aria-label=\"Read more about Leja de Millam\u00f3n y Cruz de La Muela\" rel=\"nofollow\">Detalles<\/a>\n\n\t\t<\/div>\n\n\t<\/article>\n\n<\/div>\n<div class=\"wf-cell iso-item category-94\" data-post-id=\"43539\" data-date=\"2004-12-19T06:20:36+00:00\" data-name=\"Sierra de La Fontanella desde Biar\">\n\t<article class=\"post post-43539 type-post status-publish format-standard has-post-thumbnail hentry category-resto-de-alicante category-94 description-off\">\n\n\t\t\n\t\t\t<div class=\"blog-media wf-td\">\n\n\t\t\t\t<p><a href=\"https:\/\/www.monta\u00f1asdelaluna.es\/?p=43539\" class=\"alignnone rollover layzr-bg\" ><img loading=\"lazy\" decoding=\"async\" class=\"preload-me iso-lazy-load\" src=\"data:image\/svg+xml,%3Csvg%20xmlns%3D&#39;http%3A%2F%2Fwww.w3.org%2F2000%2Fsvg&#39;%20viewBox%3D&#39;0%200%20555%20372&#39;%2F%3E\" data-src=\"https:\/\/www.monta\u00f1asdelaluna.es\/wp-content\/uploads\/2020\/05\/marcha-por-los-pinares-de-la-sierra-de-la-fontanella-555x372.jpg\" data-srcset=\"https:\/\/www.monta\u00f1asdelaluna.es\/wp-content\/uploads\/2020\/05\/marcha-por-los-pinares-de-la-sierra-de-la-fontanella-555x372.jpg 555w, https:\/\/www.monta\u00f1asdelaluna.es\/wp-content\/uploads\/2020\/05\/marcha-por-los-pinares-de-la-sierra-de-la-fontanella-1110x744.jpg 1110w\" alt=\"\" title=\"Marcha por los pinares de la Sierra de La Fontanella\" width=\"555\" height=\"372\"  \/><\/a><\/p>\n\t\t\t<\/div>\n\n\t\t\n\t\t<div class=\"blog-content wf-td\">\n\t\t\t<h3 class=\"entry-title\"><a href=\"https:\/\/www.monta\u00f1asdelaluna.es\/?p=43539\" title=\"Sierra de La Fontanella desde Biar\" rel=\"bookmark\">Sierra de La Fontanella desde Biar<\/a><\/h3>\n\n\t\t\t<div class=\"entry-meta\"><span class=\"category-link\"><a href=\"https:\/\/www.monta\u00f1asdelaluna.es\/?cat=94\" rel=\"category\">Resto de Alicante<\/a><\/span><a class=\"author vcard\" href=\"https:\/\/www.monta\u00f1asdelaluna.es\/?author=1\" title=\"Ver todas las publicaciones de Joaquin Terres\" rel=\"author\">Por <span class=\"fn\">Joaquin Terres<\/span><\/a><a href=\"https:\/\/www.monta\u00f1asdelaluna.es\/?m=20041219\" title=\"6:20 am\" class=\"data-link\" rel=\"bookmark\"><time class=\"entry-date updated\" datetime=\"2004-12-19T06:20:36+00:00\">19 diciembre, 2004<\/time><\/a><a href=\"https:\/\/www.monta\u00f1asdelaluna.es\/?p=43539#respond\" class=\"comment-link\" >Deja un comentario<\/a><\/div><p>[vc_row][vc_column][vc_column_text]Las monta\u00f1as entre Villena y Ba\u00f1eres de Mariola, en aquellos a\u00f1os de iniciaci\u00f3n con mi primo Miguel \u00c1ngel Gonz\u00e1lez, siempre las ve\u00edamos muy lejos, distantes y desconocidas como para ir a visitarlas a menudo. Con lo que no recuerdo si en alguna ocasi\u00f3n llegamos a subir o visitar el Reconc desde su lado sur, m\u00e1s&hellip;<\/p>\n\n<a href=\"https:\/\/www.monta\u00f1asdelaluna.es\/?p=43539\" class=\"details more-link\" aria-label=\"Read more about Sierra de La Fontanella desde Biar\" rel=\"nofollow\">Detalles<\/a>\n\n\t\t<\/div>\n\n\t<\/article>\n\n<\/div>\n<div class=\"wf-cell iso-item category-94\" data-post-id=\"45338\" data-date=\"2004-11-07T20:06:48+00:00\" data-name=\"Barranc de l&#039;Infern. La Catedral del Senderismo\">\n\t<article class=\"post post-45338 type-post status-publish format-standard has-post-thumbnail hentry category-resto-de-alicante category-94 description-off\">\n\n\t\t\n\t\t\t<div class=\"blog-media wf-td\">\n\n\t\t\t\t<p><a href=\"https:\/\/www.monta\u00f1asdelaluna.es\/?p=45338\" class=\"alignnone rollover layzr-bg\" ><img loading=\"lazy\" decoding=\"async\" class=\"preload-me iso-lazy-load\" src=\"data:image\/svg+xml,%3Csvg%20xmlns%3D&#39;http%3A%2F%2Fwww.w3.org%2F2000%2Fsvg&#39;%20viewBox%3D&#39;0%200%20555%20370&#39;%2F%3E\" data-src=\"https:\/\/www.monta\u00f1asdelaluna.es\/wp-content\/uploads\/2020\/10\/bajamos-por-el-antiguo-camino-al-fondo-de-la-vall-de-laguar-555x370.jpg\" data-srcset=\"https:\/\/www.monta\u00f1asdelaluna.es\/wp-content\/uploads\/2020\/10\/bajamos-por-el-antiguo-camino-al-fondo-de-la-vall-de-laguar-555x370.jpg 555w, https:\/\/www.monta\u00f1asdelaluna.es\/wp-content\/uploads\/2020\/10\/bajamos-por-el-antiguo-camino-al-fondo-de-la-vall-de-laguar-1110x740.jpg 1110w\" alt=\"\" title=\"Bajamos por el antiguo camino al fondo de la Vall de Laguar\" width=\"555\" height=\"370\"  \/><\/a><\/p>\n\t\t\t<\/div>\n\n\t\t\n\t\t<div class=\"blog-content wf-td\">\n\t\t\t<h3 class=\"entry-title\"><a href=\"https:\/\/www.monta\u00f1asdelaluna.es\/?p=45338\" title=\"Barranc de l&#8217;Infern. La Catedral del Senderismo\" rel=\"bookmark\">Barranc de l&#8217;Infern. La Catedral del Senderismo<\/a><\/h3>\n\n\t\t\t<div class=\"entry-meta\"><span class=\"category-link\"><a href=\"https:\/\/www.monta\u00f1asdelaluna.es\/?cat=94\" rel=\"category\">Resto de Alicante<\/a><\/span><a class=\"author vcard\" href=\"https:\/\/www.monta\u00f1asdelaluna.es\/?author=1\" title=\"Ver todas las publicaciones de Joaquin Terres\" rel=\"author\">Por <span class=\"fn\">Joaquin Terres<\/span><\/a><a href=\"https:\/\/www.monta\u00f1asdelaluna.es\/?m=20041107\" title=\"8:06 pm\" class=\"data-link\" rel=\"bookmark\"><time class=\"entry-date updated\" datetime=\"2004-11-07T20:06:48+00:00\">7 noviembre, 2004<\/time><\/a><a href=\"https:\/\/www.monta\u00f1asdelaluna.es\/?p=45338#respond\" class=\"comment-link\" >Deja un comentario<\/a><\/div><p>[vc_row][vc_column][vc_column_text]No ten\u00eda que tardar mucho en venir a estos rincones de los valles de Alicante para recorrerme y visitar las monta\u00f1as, valles y rincones de \u00e9stos. Los valles de Alicante es la zona de la provincia que queda entre el llano de la comarca del Comtat donde se sit\u00faan una serie de importantes poblaciones como&hellip;<\/p>\n\n<a href=\"https:\/\/www.monta\u00f1asdelaluna.es\/?p=45338\" class=\"details more-link\" aria-label=\"Read more about Barranc de l&#8217;Infern. La Catedral del Senderismo\" rel=\"nofollow\">Detalles<\/a>\n\n\t\t<\/div>\n\n\t<\/article>\n\n<\/div>\n<div class=\"wf-cell iso-item category-125\" data-post-id=\"45277\" data-date=\"2004-10-10T14:02:27+00:00\" data-name=\"Aneto (3.404 mts.) y Pla d&#039;Aigualluts. El 7 pasos\">\n\t<article class=\"post post-45277 type-post status-publish format-standard has-post-thumbnail hentry category-valle-del-esera category-125 description-off\">\n\n\t\t\n\t\t\t<div class=\"blog-media wf-td\">\n\n\t\t\t\t<p><a href=\"https:\/\/www.monta\u00f1asdelaluna.es\/?p=45277\" class=\"alignnone rollover layzr-bg\" ><img loading=\"lazy\" decoding=\"async\" class=\"preload-me iso-lazy-load\" src=\"data:image\/svg+xml,%3Csvg%20xmlns%3D&#39;http%3A%2F%2Fwww.w3.org%2F2000%2Fsvg&#39;%20viewBox%3D&#39;0%200%20555%20367&#39;%2F%3E\" data-src=\"https:\/\/www.monta\u00f1asdelaluna.es\/wp-content\/uploads\/2020\/09\/paso-de-mahoma-ya-en-la-cima-del-aneto-555x367.jpg\" data-srcset=\"https:\/\/www.monta\u00f1asdelaluna.es\/wp-content\/uploads\/2020\/09\/paso-de-mahoma-ya-en-la-cima-del-aneto-555x367.jpg 555w, https:\/\/www.monta\u00f1asdelaluna.es\/wp-content\/uploads\/2020\/09\/paso-de-mahoma-ya-en-la-cima-del-aneto-1110x734.jpg 1110w\" alt=\"\" title=\"Paso de Mahoma ya en la cima del Aneto\" width=\"555\" height=\"367\"  \/><\/a><\/p>\n\t\t\t<\/div>\n\n\t\t\n\t\t<div class=\"blog-content wf-td\">\n\t\t\t<h3 class=\"entry-title\"><a href=\"https:\/\/www.monta\u00f1asdelaluna.es\/?p=45277\" title=\"Aneto (3.404 mts.) y Pla d&#8217;Aigualluts. El 7 pasos\" rel=\"bookmark\">Aneto (3.404 mts.) y Pla d&#8217;Aigualluts. El 7 pasos<\/a><\/h3>\n\n\t\t\t<div class=\"entry-meta\"><span class=\"category-link\"><a href=\"https:\/\/www.monta\u00f1asdelaluna.es\/?cat=125\" rel=\"category\">Valle del \u00c9sera<\/a><\/span><a class=\"author vcard\" href=\"https:\/\/www.monta\u00f1asdelaluna.es\/?author=1\" title=\"Ver todas las publicaciones de Joaquin Terres\" rel=\"author\">Por <span class=\"fn\">Joaquin Terres<\/span><\/a><a href=\"https:\/\/www.monta\u00f1asdelaluna.es\/?m=20041010\" title=\"2:02 pm\" class=\"data-link\" rel=\"bookmark\"><time class=\"entry-date updated\" datetime=\"2004-10-10T14:02:27+00:00\">10 octubre, 2004<\/time><\/a><a href=\"https:\/\/www.monta\u00f1asdelaluna.es\/?p=45277#respond\" class=\"comment-link\" >Deja un comentario<\/a><\/div><p>[vc_row][vc_column][vc_column_text]Ya hac\u00eda 10 a\u00f1os que hab\u00eda subido mi primer pico en los Pirineos, y justamente el pico m\u00e1s alto de los mismos, el Aneto, en aquella \u00e9pica \u201cexpedici\u00f3n\u201d hacia uno de los lugares ahora m\u00e1s visitados y \u201ccastigados\u201d de la cordillera. Y es mi compa\u00f1ero Jes\u00fas Santana al que se le ocurre la idea de&hellip;<\/p>\n\n<a href=\"https:\/\/www.monta\u00f1asdelaluna.es\/?p=45277\" class=\"details more-link\" aria-label=\"Read more about Aneto (3.404 mts.) y Pla d&#8217;Aigualluts. El 7 pasos\" rel=\"nofollow\">Detalles<\/a>\n\n\t\t<\/div>\n\n\t<\/article>\n\n<\/div>\n<div class=\"wf-cell iso-item category-127\" data-post-id=\"25618\" data-date=\"2004-08-01T07:49:10+00:00\" data-name=\"Panticosa y los Picos del Infierno\">\n\t<article class=\"post post-25618 type-post status-publish format-standard has-post-thumbnail hentry category-pirineo-central-atlantico category-127 description-off\">\n\n\t\t\n\t\t\t<div class=\"blog-media wf-td\">\n\n\t\t\t\t<p><a href=\"https:\/\/www.monta\u00f1asdelaluna.es\/?p=25618\" class=\"alignnone rollover layzr-bg\" ><img loading=\"lazy\" decoding=\"async\" class=\"preload-me iso-lazy-load\" src=\"data:image\/svg+xml,%3Csvg%20xmlns%3D&#39;http%3A%2F%2Fwww.w3.org%2F2000%2Fsvg&#39;%20viewBox%3D&#39;0%200%20555%20383&#39;%2F%3E\" data-src=\"https:\/\/www.monta\u00f1asdelaluna.es\/wp-content\/uploads\/2004\/08\/desde-la-cima-del-infierno-occidental-3-075-mts-se-observa-la-cresta-sobre-la-marmolada-el-infierno-central-a-la-derecha-y-el-oriental-a-la-izquierda-555x383.jpg\" data-srcset=\"https:\/\/www.monta\u00f1asdelaluna.es\/wp-content\/uploads\/2004\/08\/desde-la-cima-del-infierno-occidental-3-075-mts-se-observa-la-cresta-sobre-la-marmolada-el-infierno-central-a-la-derecha-y-el-oriental-a-la-izquierda-555x383.jpg 555w, https:\/\/www.monta\u00f1asdelaluna.es\/wp-content\/uploads\/2004\/08\/desde-la-cima-del-infierno-occidental-3-075-mts-se-observa-la-cresta-sobre-la-marmolada-el-infierno-central-a-la-derecha-y-el-oriental-a-la-izquierda-1110x766.jpg 1110w\" alt=\"\" title=\"Desde la cima del Infierno Occidental, 3.075 mts., se observa la cresta sobre la Marmolada, el Infierno Central a la derecha y el Oriental a la izquierda\" width=\"555\" height=\"383\"  \/><\/a><\/p>\n\t\t\t<\/div>\n\n\t\t\n\t\t<div class=\"blog-content wf-td\">\n\t\t\t<h3 class=\"entry-title\"><a href=\"https:\/\/www.monta\u00f1asdelaluna.es\/?p=25618\" title=\"Panticosa y los Picos del Infierno\" rel=\"bookmark\">Panticosa y los Picos del Infierno<\/a><\/h3>\n\n\t\t\t<div class=\"entry-meta\"><span class=\"category-link\"><a href=\"https:\/\/www.monta\u00f1asdelaluna.es\/?cat=127\" rel=\"category\">Pirineo Central Atl\u00e1ntico<\/a><\/span><a class=\"author vcard\" href=\"https:\/\/www.monta\u00f1asdelaluna.es\/?author=1\" title=\"Ver todas las publicaciones de Joaquin Terres\" rel=\"author\">Por <span class=\"fn\">Joaquin Terres<\/span><\/a><a href=\"https:\/\/www.monta\u00f1asdelaluna.es\/?m=20040801\" title=\"7:49 am\" class=\"data-link\" rel=\"bookmark\"><time class=\"entry-date updated\" datetime=\"2004-08-01T07:49:10+00:00\">1 agosto, 2004<\/time><\/a><a href=\"https:\/\/www.monta\u00f1asdelaluna.es\/?p=25618#respond\" class=\"comment-link\" >Deja un comentario<\/a><\/div><p>[vc_row][vc_column][vc_column_text]Hace escasamente un mes desde que escribo estas l\u00edneas, y despu\u00e9s de diez a\u00f1os de haber ido a Panticosa, vuelvo a ir con la intenci\u00f3n de subir los Picos del Infierno. Estamos en agosto de dos mil cuatro. Realmente este verano no ten\u00eda intenci\u00f3n de irme a ninguna monta\u00f1a despu\u00e9s del viaje a Rusia del&hellip;<\/p>\n\n<a href=\"https:\/\/www.monta\u00f1asdelaluna.es\/?p=25618\" class=\"details more-link\" aria-label=\"Read more about Panticosa y los Picos del Infierno\" rel=\"nofollow\">Detalles<\/a>\n\n\t\t<\/div>\n\n\t<\/article>\n\n<\/div>\n<div class=\"wf-cell iso-item category-94\" data-post-id=\"45188\" data-date=\"2004-06-05T06:40:29+00:00\" data-name=\"El Circo de La Safor\">\n\t<article class=\"post post-45188 type-post status-publish format-standard has-post-thumbnail hentry category-resto-de-alicante category-94 description-off\">\n\n\t\t\n\t\t\t<div class=\"blog-media wf-td\">\n\n\t\t\t\t<p><a href=\"https:\/\/www.monta\u00f1asdelaluna.es\/?p=45188\" class=\"alignnone rollover layzr-bg\" ><img loading=\"lazy\" decoding=\"async\" class=\"preload-me iso-lazy-load\" src=\"data:image\/svg+xml,%3Csvg%20xmlns%3D&#39;http%3A%2F%2Fwww.w3.org%2F2000%2Fsvg&#39;%20viewBox%3D&#39;0%200%20555%20369&#39;%2F%3E\" data-src=\"https:\/\/www.monta\u00f1asdelaluna.es\/wp-content\/uploads\/2020\/09\/delante-jesus-subiendo-a-la-cima-de-la-safor-al-fondo-el-benicadell-a-la-derecha-la-serra-d-ador-555x369.jpg\" data-srcset=\"https:\/\/www.monta\u00f1asdelaluna.es\/wp-content\/uploads\/2020\/09\/delante-jesus-subiendo-a-la-cima-de-la-safor-al-fondo-el-benicadell-a-la-derecha-la-serra-d-ador-555x369.jpg 555w, https:\/\/www.monta\u00f1asdelaluna.es\/wp-content\/uploads\/2020\/09\/delante-jesus-subiendo-a-la-cima-de-la-safor-al-fondo-el-benicadell-a-la-derecha-la-serra-d-ador-1110x738.jpg 1110w\" alt=\"\" title=\"Delante Jes\u00fas subiendo a la cima de La Safor, al fondo el Benicadell, a la derecha la Serra d&#8217;Ador\" width=\"555\" height=\"369\"  \/><\/a><\/p>\n\t\t\t<\/div>\n\n\t\t\n\t\t<div class=\"blog-content wf-td\">\n\t\t\t<h3 class=\"entry-title\"><a href=\"https:\/\/www.monta\u00f1asdelaluna.es\/?p=45188\" title=\"El Circo de La Safor\" rel=\"bookmark\">El Circo de La Safor<\/a><\/h3>\n\n\t\t\t<div class=\"entry-meta\"><span class=\"category-link\"><a href=\"https:\/\/www.monta\u00f1asdelaluna.es\/?cat=94\" rel=\"category\">Resto de Alicante<\/a><\/span><a class=\"author vcard\" href=\"https:\/\/www.monta\u00f1asdelaluna.es\/?author=1\" title=\"Ver todas las publicaciones de Joaquin Terres\" rel=\"author\">Por <span class=\"fn\">Joaquin Terres<\/span><\/a><a href=\"https:\/\/www.monta\u00f1asdelaluna.es\/?m=20040605\" title=\"6:40 am\" class=\"data-link\" rel=\"bookmark\"><time class=\"entry-date updated\" datetime=\"2004-06-05T06:40:29+00:00\">5 junio, 2004<\/time><\/a><a href=\"https:\/\/www.monta\u00f1asdelaluna.es\/?p=45188#respond\" class=\"comment-link\" >Deja un comentario<\/a><\/div><p>[vc_row][vc_column][vc_column_text]Dentro de nuestro af\u00e1n de subir todas las monta\u00f1as y recorrernos los rincones de los valles y lugares de la provincia de Alicante, nos faltaba una monta\u00f1a y lugar que representaba un accidente geogr\u00e1fico como incluso comarcal, importante. Aunque no demasiado visitada o deseada, es una monta\u00f1a con unos perfiles curiosos y famosos por sus&hellip;<\/p>\n\n<a href=\"https:\/\/www.monta\u00f1asdelaluna.es\/?p=45188\" class=\"details more-link\" aria-label=\"Read more about El Circo de La Safor\" rel=\"nofollow\">Detalles<\/a>\n\n\t\t<\/div>\n\n\t<\/article>\n\n<\/div>\n<div class=\"wf-cell iso-item category-84\" data-post-id=\"45139\" data-date=\"2004-05-09T18:24:25+00:00\" data-name=\"Sierra de L&#039;Aixort\u00e0. De Guadalest al Morro Blau\">\n\t<article class=\"post post-45139 type-post status-publish format-standard has-post-thumbnail hentry category-la-serrella-y-laixorta category-84 description-off\">\n\n\t\t\n\t\t\t<div class=\"blog-media wf-td\">\n\n\t\t\t\t<p><a href=\"https:\/\/www.monta\u00f1asdelaluna.es\/?p=45139\" class=\"alignnone rollover layzr-bg\" ><img loading=\"lazy\" decoding=\"async\" class=\"preload-me iso-lazy-load\" src=\"data:image\/svg+xml,%3Csvg%20xmlns%3D&#39;http%3A%2F%2Fwww.w3.org%2F2000%2Fsvg&#39;%20viewBox%3D&#39;0%200%20555%20378&#39;%2F%3E\" data-src=\"https:\/\/www.monta\u00f1asdelaluna.es\/wp-content\/uploads\/2020\/09\/penya-alta-o-cerro-de-los-parados-sobre-la-font-dels-teixos-555x378.jpg\" data-srcset=\"https:\/\/www.monta\u00f1asdelaluna.es\/wp-content\/uploads\/2020\/09\/penya-alta-o-cerro-de-los-parados-sobre-la-font-dels-teixos-555x378.jpg 555w, https:\/\/www.monta\u00f1asdelaluna.es\/wp-content\/uploads\/2020\/09\/penya-alta-o-cerro-de-los-parados-sobre-la-font-dels-teixos-1110x756.jpg 1110w\" alt=\"\" title=\"Penya Alta o Cerro de Los Parados sobre la Font dels Teixos\" width=\"555\" height=\"378\"  \/><\/a><\/p>\n\t\t\t<\/div>\n\n\t\t\n\t\t<div class=\"blog-content wf-td\">\n\t\t\t<h3 class=\"entry-title\"><a href=\"https:\/\/www.monta\u00f1asdelaluna.es\/?p=45139\" title=\"Sierra de L&#8217;Aixort\u00e0. De Guadalest al Morro Blau\" rel=\"bookmark\">Sierra de L&#8217;Aixort\u00e0. De Guadalest al Morro Blau<\/a><\/h3>\n\n\t\t\t<div class=\"entry-meta\"><span class=\"category-link\"><a href=\"https:\/\/www.monta\u00f1asdelaluna.es\/?cat=84\" rel=\"category\">La Serrella y L'Aixort\u00e0<\/a><\/span><a class=\"author vcard\" href=\"https:\/\/www.monta\u00f1asdelaluna.es\/?author=1\" title=\"Ver todas las publicaciones de Joaquin Terres\" rel=\"author\">Por <span class=\"fn\">Joaquin Terres<\/span><\/a><a href=\"https:\/\/www.monta\u00f1asdelaluna.es\/?m=20040509\" title=\"6:24 pm\" class=\"data-link\" rel=\"bookmark\"><time class=\"entry-date updated\" datetime=\"2004-05-09T18:24:25+00:00\">9 mayo, 2004<\/time><\/a><a href=\"https:\/\/www.monta\u00f1asdelaluna.es\/?p=45139#respond\" class=\"comment-link\" >Deja un comentario<\/a><\/div><p>[vc_row][vc_column][vc_column_text]La Sierra de L\u2019Aixort\u00e0 es la t\u00edpica olvidada e ignorada a causa de las excepcionales sierras que la rodean o al menos que rodean la Vall de Guadalest: Sierra Aitana y La Serrella. La Aixort\u00e0 cierra el mismo valle por el norte, noreste, quedando al otro lado de la sierra los lugares y valles t\u00edpicos&hellip;<\/p>\n\n<a href=\"https:\/\/www.monta\u00f1asdelaluna.es\/?p=45139\" class=\"details more-link\" aria-label=\"Read more about Sierra de L&#8217;Aixort\u00e0. De Guadalest al Morro Blau\" rel=\"nofollow\">Detalles<\/a>\n\n\t\t<\/div>\n\n\t<\/article>\n\n<\/div>\n<div class=\"wf-cell iso-item category-94\" data-post-id=\"44976\" data-date=\"2004-04-25T20:43:40+00:00\" data-name=\"Sierra de B\u00e8rnia. El gale\u00f3n volcado\">\n\t<article class=\"post post-44976 type-post status-publish format-standard has-post-thumbnail hentry category-resto-de-alicante category-94 description-off\">\n\n\t\t\n\t\t\t<div class=\"blog-media wf-td\">\n\n\t\t\t\t<p><a href=\"https:\/\/www.monta\u00f1asdelaluna.es\/?p=44976\" class=\"alignnone rollover layzr-bg\" ><img loading=\"lazy\" decoding=\"async\" class=\"preload-me iso-lazy-load\" src=\"data:image\/svg+xml,%3Csvg%20xmlns%3D&#39;http%3A%2F%2Fwww.w3.org%2F2000%2Fsvg&#39;%20viewBox%3D&#39;0%200%20555%20369&#39;%2F%3E\" data-src=\"https:\/\/www.monta\u00f1asdelaluna.es\/wp-content\/uploads\/2020\/09\/bajando-del-coll-de-l-orenga-819-mts-al-fondo-casi-invisible-la-sierra-de-l-aixorta-con-su-pico-mas-alto-penya-alta-o-cerro-de-los-parados-555x369.jpg\" data-srcset=\"https:\/\/www.monta\u00f1asdelaluna.es\/wp-content\/uploads\/2020\/09\/bajando-del-coll-de-l-orenga-819-mts-al-fondo-casi-invisible-la-sierra-de-l-aixorta-con-su-pico-mas-alto-penya-alta-o-cerro-de-los-parados-555x369.jpg 555w, https:\/\/www.monta\u00f1asdelaluna.es\/wp-content\/uploads\/2020\/09\/bajando-del-coll-de-l-orenga-819-mts-al-fondo-casi-invisible-la-sierra-de-l-aixorta-con-su-pico-mas-alto-penya-alta-o-cerro-de-los-parados-1110x738.jpg 1110w\" alt=\"\" title=\"Bajando del Coll de l&#8217;Orenga, 819 mts, al fondo casi invisible la Sierra de L&#8217;Aixort\u00e0 con su pico m\u00e1s alto Penya Alta o Cerro de Los Parados\" width=\"555\" height=\"369\"  \/><\/a><\/p>\n\t\t\t<\/div>\n\n\t\t\n\t\t<div class=\"blog-content wf-td\">\n\t\t\t<h3 class=\"entry-title\"><a href=\"https:\/\/www.monta\u00f1asdelaluna.es\/?p=44976\" title=\"Sierra de B\u00e8rnia. El gale\u00f3n volcado\" rel=\"bookmark\">Sierra de B\u00e8rnia. El gale\u00f3n volcado<\/a><\/h3>\n\n\t\t\t<div class=\"entry-meta\"><span class=\"category-link\"><a href=\"https:\/\/www.monta\u00f1asdelaluna.es\/?cat=94\" rel=\"category\">Resto de Alicante<\/a><\/span><a class=\"author vcard\" href=\"https:\/\/www.monta\u00f1asdelaluna.es\/?author=1\" title=\"Ver todas las publicaciones de Joaquin Terres\" rel=\"author\">Por <span class=\"fn\">Joaquin Terres<\/span><\/a><a href=\"https:\/\/www.monta\u00f1asdelaluna.es\/?m=20040425\" title=\"8:43 pm\" class=\"data-link\" rel=\"bookmark\"><time class=\"entry-date updated\" datetime=\"2004-04-25T20:43:40+00:00\">25 abril, 2004<\/time><\/a><a href=\"https:\/\/www.monta\u00f1asdelaluna.es\/?p=44976#respond\" class=\"comment-link\" >Deja un comentario<\/a><\/div><p>[vc_row][vc_column][vc_column_text]Otra de las magn\u00edficas sierras o monta\u00f1as alicantinas que me faltaba por visitar, ascender o reconocer, era la espectacular Sierra de B\u00e8rnia. Una sierra muy tenida en cuenta en la historia, y en el entorno social del entorno o habitantes, visitantes que a lo largo de la misma historia, se han acercado hasta ella y&hellip;<\/p>\n\n<a href=\"https:\/\/www.monta\u00f1asdelaluna.es\/?p=44976\" class=\"details more-link\" aria-label=\"Read more about Sierra de B\u00e8rnia. El gale\u00f3n volcado\" rel=\"nofollow\">Detalles<\/a>\n\n\t\t<\/div>\n\n\t<\/article>\n\n<\/div>\n<div class=\"wf-cell iso-item category-121\" data-post-id=\"44937\" data-date=\"2004-04-11T08:24:43+00:00\" data-name=\"Subida a Tresviso\">\n\t<article class=\"post post-44937 type-post status-publish format-standard has-post-thumbnail hentry category-cantabrico-y-picos-de-europa category-121 description-off\">\n\n\t\t\n\t\t\t<div class=\"blog-media wf-td\">\n\n\t\t\t\t<p><a href=\"https:\/\/www.monta\u00f1asdelaluna.es\/?p=44937\" class=\"alignnone rollover layzr-bg\" ><img loading=\"lazy\" decoding=\"async\" class=\"preload-me iso-lazy-load\" src=\"data:image\/svg+xml,%3Csvg%20xmlns%3D&#39;http%3A%2F%2Fwww.w3.org%2F2000%2Fsvg&#39;%20viewBox%3D&#39;0%200%20555%20369&#39;%2F%3E\" data-src=\"https:\/\/www.monta\u00f1asdelaluna.es\/wp-content\/uploads\/2020\/08\/aparece-la-nieve-en-el-zigzagueante-camino-de-subida-a-tresviso-delante-los-invernales-de-prias-555x369.jpg\" data-srcset=\"https:\/\/www.monta\u00f1asdelaluna.es\/wp-content\/uploads\/2020\/08\/aparece-la-nieve-en-el-zigzagueante-camino-de-subida-a-tresviso-delante-los-invernales-de-prias-555x369.jpg 555w, https:\/\/www.monta\u00f1asdelaluna.es\/wp-content\/uploads\/2020\/08\/aparece-la-nieve-en-el-zigzagueante-camino-de-subida-a-tresviso-delante-los-invernales-de-prias-1110x738.jpg 1110w\" alt=\"\" title=\"Aparece la nieve en el zigzagueante camino de subida a Tresviso. Delante los Invernales de Pr\u00edas\" width=\"555\" height=\"369\"  \/><\/a><\/p>\n\t\t\t<\/div>\n\n\t\t\n\t\t<div class=\"blog-content wf-td\">\n\t\t\t<h3 class=\"entry-title\"><a href=\"https:\/\/www.monta\u00f1asdelaluna.es\/?p=44937\" title=\"Subida a Tresviso\" rel=\"bookmark\">Subida a Tresviso<\/a><\/h3>\n\n\t\t\t<div class=\"entry-meta\"><span class=\"category-link\"><a href=\"https:\/\/www.monta\u00f1asdelaluna.es\/?cat=121\" rel=\"category\">Cant\u00e1brico y Picos de Europa<\/a><\/span><a class=\"author vcard\" href=\"https:\/\/www.monta\u00f1asdelaluna.es\/?author=1\" title=\"Ver todas las publicaciones de Joaquin Terres\" rel=\"author\">Por <span class=\"fn\">Joaquin Terres<\/span><\/a><a href=\"https:\/\/www.monta\u00f1asdelaluna.es\/?m=20040411\" title=\"8:24 am\" class=\"data-link\" rel=\"bookmark\"><time class=\"entry-date updated\" datetime=\"2004-04-11T08:24:43+00:00\">11 abril, 2004<\/time><\/a><a href=\"https:\/\/www.monta\u00f1asdelaluna.es\/?p=44937#respond\" class=\"comment-link\" >Deja un comentario<\/a><\/div><p>[vc_row][vc_column][vc_column_text]Al d\u00eda siguiente de visitar la espectacular garganta del R\u00edo Cares, mirando un libro de actividades y recorridos de la biblioteca del Centro Excursionista Almorad\u00ed, descubrimos una ruta que desde el fondo del Desfiladero de La Hermida, sub\u00eda, por un serpenteante y con incre\u00edble desnivel ancho camino, hasta la poblaci\u00f3n de Tresviso. Estamos en el&hellip;<\/p>\n\n<a href=\"https:\/\/www.monta\u00f1asdelaluna.es\/?p=44937\" class=\"details more-link\" aria-label=\"Read more about Subida a Tresviso\" rel=\"nofollow\">Detalles<\/a>\n\n\t\t<\/div>\n\n\t<\/article>\n\n<\/div>\n<div class=\"wf-cell iso-item category-121\" data-post-id=\"44930\" data-date=\"2004-04-10T15:56:08+00:00\" data-name=\"La Ruta del Cares\">\n\t<article class=\"post post-44930 type-post status-publish format-standard has-post-thumbnail hentry category-cantabrico-y-picos-de-europa category-121 description-off\">\n\n\t\t\n\t\t\t<div class=\"blog-media wf-td\">\n\n\t\t\t\t<p><a href=\"https:\/\/www.monta\u00f1asdelaluna.es\/?p=44930\" class=\"alignnone rollover layzr-bg\" ><img loading=\"lazy\" decoding=\"async\" class=\"preload-me iso-lazy-load\" src=\"data:image\/svg+xml,%3Csvg%20xmlns%3D&#39;http%3A%2F%2Fwww.w3.org%2F2000%2Fsvg&#39;%20viewBox%3D&#39;0%200%20555%20370&#39;%2F%3E\" data-src=\"https:\/\/www.monta\u00f1asdelaluna.es\/wp-content\/uploads\/2020\/08\/murallas-del-macizo-de-cornion-delante-555x370.jpg\" data-srcset=\"https:\/\/www.monta\u00f1asdelaluna.es\/wp-content\/uploads\/2020\/08\/murallas-del-macizo-de-cornion-delante-555x370.jpg 555w, https:\/\/www.monta\u00f1asdelaluna.es\/wp-content\/uploads\/2020\/08\/murallas-del-macizo-de-cornion-delante-1110x740.jpg 1110w\" alt=\"\" title=\"Murallas del Macizo de Corni\u00f3n delante\" width=\"555\" height=\"370\"  \/><\/a><\/p>\n\t\t\t<\/div>\n\n\t\t\n\t\t<div class=\"blog-content wf-td\">\n\t\t\t<h3 class=\"entry-title\"><a href=\"https:\/\/www.monta\u00f1asdelaluna.es\/?p=44930\" title=\"La Ruta del Cares\" rel=\"bookmark\">La Ruta del Cares<\/a><\/h3>\n\n\t\t\t<div class=\"entry-meta\"><span class=\"category-link\"><a href=\"https:\/\/www.monta\u00f1asdelaluna.es\/?cat=121\" rel=\"category\">Cant\u00e1brico y Picos de Europa<\/a><\/span><a class=\"author vcard\" href=\"https:\/\/www.monta\u00f1asdelaluna.es\/?author=1\" title=\"Ver todas las publicaciones de Joaquin Terres\" rel=\"author\">Por <span class=\"fn\">Joaquin Terres<\/span><\/a><a href=\"https:\/\/www.monta\u00f1asdelaluna.es\/?m=20040410\" title=\"3:56 pm\" class=\"data-link\" rel=\"bookmark\"><time class=\"entry-date updated\" datetime=\"2004-04-10T15:56:08+00:00\">10 abril, 2004<\/time><\/a><a href=\"https:\/\/www.monta\u00f1asdelaluna.es\/?p=44930#respond\" class=\"comment-link\" >Deja un comentario<\/a><\/div><p>[vc_row][vc_column][vc_column_text]Despu\u00e9s de nuestra aventura frustrada en la alta monta\u00f1a de estos fabulosos Picos de Europa, al otro d\u00eda nos reunimos con el resto del grupo para realizar una de las marchas o excursiones m\u00e1s famosas o visitadas de todas estas monta\u00f1as: la Ruta del Cares. El desfiladero o Garganta del R\u00edo Cares es uno de&hellip;<\/p>\n\n<a href=\"https:\/\/www.monta\u00f1asdelaluna.es\/?p=44930\" class=\"details more-link\" aria-label=\"Read more about La Ruta del Cares\" rel=\"nofollow\">Detalles<\/a>\n\n\t\t<\/div>\n\n\t<\/article>\n\n<\/div>\n<div class=\"wf-cell iso-item category-121\" data-post-id=\"44664\" data-date=\"2004-04-08T17:08:02+00:00\" data-name=\"Ventisca en Caba\u00f1a Ver\u00f3nica\">\n\t<article class=\"post post-44664 type-post status-publish format-standard has-post-thumbnail hentry category-cantabrico-y-picos-de-europa category-121 description-off\">\n\n\t\t\n\t\t\t<div class=\"blog-media wf-td\">\n\n\t\t\t\t<p><a href=\"https:\/\/www.monta\u00f1asdelaluna.es\/?p=44664\" class=\"alignnone rollover layzr-bg\" ><img loading=\"lazy\" decoding=\"async\" class=\"preload-me iso-lazy-load\" src=\"data:image\/svg+xml,%3Csvg%20xmlns%3D&#39;http%3A%2F%2Fwww.w3.org%2F2000%2Fsvg&#39;%20viewBox%3D&#39;0%200%20555%20368&#39;%2F%3E\" data-src=\"https:\/\/www.monta\u00f1asdelaluna.es\/wp-content\/uploads\/2020\/08\/campamento-arriba-de-cabana-veronica-a-la-izquierda-manolet-en-el-centro-antonio-manzanera-y-a-la-derecha-zaida-y-javi-detras-los-espectaculares-horcados-rojos-555x368.jpg\" data-srcset=\"https:\/\/www.monta\u00f1asdelaluna.es\/wp-content\/uploads\/2020\/08\/campamento-arriba-de-cabana-veronica-a-la-izquierda-manolet-en-el-centro-antonio-manzanera-y-a-la-derecha-zaida-y-javi-detras-los-espectaculares-horcados-rojos-555x368.jpg 555w, https:\/\/www.monta\u00f1asdelaluna.es\/wp-content\/uploads\/2020\/08\/campamento-arriba-de-cabana-veronica-a-la-izquierda-manolet-en-el-centro-antonio-manzanera-y-a-la-derecha-zaida-y-javi-detras-los-espectaculares-horcados-rojos-1110x736.jpg 1110w\" alt=\"\" title=\"Campamento arriba de Caba\u00f1a Ver\u00f3nica. A la izquierda Manolet, en el centro Antonio Manzanera, y a la derecha Zaida y Javi. Detr\u00e1s los espectaculares Horcados Rojos\" width=\"555\" height=\"368\"  \/><\/a><\/p>\n\t\t\t<\/div>\n\n\t\t\n\t\t<div class=\"blog-content wf-td\">\n\t\t\t<h3 class=\"entry-title\"><a href=\"https:\/\/www.monta\u00f1asdelaluna.es\/?p=44664\" title=\"Ventisca en Caba\u00f1a Ver\u00f3nica\" rel=\"bookmark\">Ventisca en Caba\u00f1a Ver\u00f3nica<\/a><\/h3>\n\n\t\t\t<div class=\"entry-meta\"><span class=\"category-link\"><a href=\"https:\/\/www.monta\u00f1asdelaluna.es\/?cat=121\" rel=\"category\">Cant\u00e1brico y Picos de Europa<\/a><\/span><a class=\"author vcard\" href=\"https:\/\/www.monta\u00f1asdelaluna.es\/?author=1\" title=\"Ver todas las publicaciones de Joaquin Terres\" rel=\"author\">Por <span class=\"fn\">Joaquin Terres<\/span><\/a><a href=\"https:\/\/www.monta\u00f1asdelaluna.es\/?m=20040408\" title=\"5:08 pm\" class=\"data-link\" rel=\"bookmark\"><time class=\"entry-date updated\" datetime=\"2004-04-08T17:08:02+00:00\">8 abril, 2004<\/time><\/a><a href=\"https:\/\/www.monta\u00f1asdelaluna.es\/?p=44664#respond\" class=\"comment-link\" >Deja un comentario<\/a><\/div><p>[vc_row][vc_column][vc_column_text]Esta vez por iniciativa m\u00eda, el Centro Excursionista Almorad\u00ed cambia los paisajes del Pirineo en su viaje habitual de Semana Santa, por los de otra cordillera del norte, no tan alta pero espectacular y m\u00edstica: la Cordillera Cant\u00e1brica. M\u00e1s concretamente los espectaculares y famosos Picos de Europa. Hace ya a\u00f1os, nueve para ser exactos, ya&hellip;<\/p>\n\n<a href=\"https:\/\/www.monta\u00f1asdelaluna.es\/?p=44664\" class=\"details more-link\" aria-label=\"Read more about Ventisca en Caba\u00f1a Ver\u00f3nica\" rel=\"nofollow\">Detalles<\/a>\n\n\t\t<\/div>\n\n\t<\/article>\n\n<\/div>\n<div class=\"wf-cell iso-item category-94\" data-post-id=\"44748\" data-date=\"2004-03-07T14:01:30+00:00\" data-name=\"Circular integral en la Sierra del Algallet\">\n\t<article class=\"post post-44748 type-post status-publish format-standard has-post-thumbnail hentry category-resto-de-alicante category-94 description-off\">\n\n\t\t\n\t\t\t<div class=\"blog-media wf-td\">\n\n\t\t\t\t<p><a href=\"https:\/\/www.monta\u00f1asdelaluna.es\/?p=44748\" class=\"alignnone rollover layzr-bg\" ><img loading=\"lazy\" decoding=\"async\" class=\"preload-me iso-lazy-load\" src=\"data:image\/svg+xml,%3Csvg%20xmlns%3D&#39;http%3A%2F%2Fwww.w3.org%2F2000%2Fsvg&#39;%20viewBox%3D&#39;0%200%20555%20368&#39;%2F%3E\" data-src=\"https:\/\/www.monta\u00f1asdelaluna.es\/wp-content\/uploads\/2004\/03\/la-pena-de-la-mina-desde-las-inmediaciones-de-la-rambla-fonda-555x368.jpg\" data-srcset=\"https:\/\/www.monta\u00f1asdelaluna.es\/wp-content\/uploads\/2004\/03\/la-pena-de-la-mina-desde-las-inmediaciones-de-la-rambla-fonda-555x368.jpg 555w, https:\/\/www.monta\u00f1asdelaluna.es\/wp-content\/uploads\/2004\/03\/la-pena-de-la-mina-desde-las-inmediaciones-de-la-rambla-fonda-1110x736.jpg 1110w\" alt=\"\" title=\"La Pe\u00f1a de La Mina desde las inmediaciones de la Rambla Fonda\" width=\"555\" height=\"368\"  \/><\/a><\/p>\n\t\t\t<\/div>\n\n\t\t\n\t\t<div class=\"blog-content wf-td\">\n\t\t\t<h3 class=\"entry-title\"><a href=\"https:\/\/www.monta\u00f1asdelaluna.es\/?p=44748\" title=\"Circular integral en la Sierra del Algallet\" rel=\"bookmark\">Circular integral en la Sierra del Algallet<\/a><\/h3>\n\n\t\t\t<div class=\"entry-meta\"><span class=\"category-link\"><a href=\"https:\/\/www.monta\u00f1asdelaluna.es\/?cat=94\" rel=\"category\">Resto de Alicante<\/a><\/span><a class=\"author vcard\" href=\"https:\/\/www.monta\u00f1asdelaluna.es\/?author=1\" title=\"Ver todas las publicaciones de Joaquin Terres\" rel=\"author\">Por <span class=\"fn\">Joaquin Terres<\/span><\/a><a href=\"https:\/\/www.monta\u00f1asdelaluna.es\/?m=20040307\" title=\"2:01 pm\" class=\"data-link\" rel=\"bookmark\"><time class=\"entry-date updated\" datetime=\"2004-03-07T14:01:30+00:00\">7 marzo, 2004<\/time><\/a><a href=\"https:\/\/www.monta\u00f1asdelaluna.es\/?p=44748#respond\" class=\"comment-link\" >Deja un comentario<\/a><\/div><p>[vc_row][vc_column][vc_column_text]Con el paso de los a\u00f1os y las muchas visitas a las monta\u00f1as, intentas cambiar las rutinas de sus ascensiones o ampliarlas, buscando nuevas rutas o derivaciones de las mismas, o completarlas, uni\u00e9ndolas, meti\u00e9ndote por aquellos sitios que no hab\u00edas previsto meterte\u2026 explorar, agrandar la aventura, hacer de la dulce rutina de la monta\u00f1a un&hellip;<\/p>\n\n<a href=\"https:\/\/www.monta\u00f1asdelaluna.es\/?p=44748\" class=\"details more-link\" aria-label=\"Read more about Circular integral en la Sierra del Algallet\" rel=\"nofollow\">Detalles<\/a>\n\n\t\t<\/div>\n\n\t<\/article>\n\n<\/div>\n<div class=\"wf-cell iso-item category-83\" data-post-id=\"44740\" data-date=\"2004-02-15T11:48:06+00:00\" data-name=\"Penya Alta por el Pas de La Rabosa en Sierra Aitana\">\n\t<article class=\"post post-44740 type-post status-publish format-standard has-post-thumbnail hentry category-aitana-y-puig-campana category-83 description-off\">\n\n\t\t\n\t\t\t<div class=\"blog-media wf-td\">\n\n\t\t\t\t<p><a href=\"https:\/\/www.monta\u00f1asdelaluna.es\/?p=44740\" class=\"alignnone rollover layzr-bg\" ><img loading=\"lazy\" decoding=\"async\" class=\"preload-me iso-lazy-load\" src=\"data:image\/svg+xml,%3Csvg%20xmlns%3D&#39;http%3A%2F%2Fwww.w3.org%2F2000%2Fsvg&#39;%20viewBox%3D&#39;0%200%20555%20380&#39;%2F%3E\" data-src=\"https:\/\/www.monta\u00f1asdelaluna.es\/wp-content\/uploads\/2020\/08\/llegando-a-la-font-de-la-forata-delante-las-paredes-de-aitana-y-a-la-izquierda-el-penya-alta-555x380.jpg\" data-srcset=\"https:\/\/www.monta\u00f1asdelaluna.es\/wp-content\/uploads\/2020\/08\/llegando-a-la-font-de-la-forata-delante-las-paredes-de-aitana-y-a-la-izquierda-el-penya-alta-555x380.jpg 555w, https:\/\/www.monta\u00f1asdelaluna.es\/wp-content\/uploads\/2020\/08\/llegando-a-la-font-de-la-forata-delante-las-paredes-de-aitana-y-a-la-izquierda-el-penya-alta-1110x760.jpg 1110w\" alt=\"\" title=\"Llegando a la Font de La Forata, delante las paredes de Aitana y a la izquierda el Penya Alta\" width=\"555\" height=\"380\"  \/><\/a><\/p>\n\t\t\t<\/div>\n\n\t\t\n\t\t<div class=\"blog-content wf-td\">\n\t\t\t<h3 class=\"entry-title\"><a href=\"https:\/\/www.monta\u00f1asdelaluna.es\/?p=44740\" title=\"Penya Alta por el Pas de La Rabosa en Sierra Aitana\" rel=\"bookmark\">Penya Alta por el Pas de La Rabosa en Sierra Aitana<\/a><\/h3>\n\n\t\t\t<div class=\"entry-meta\"><span class=\"category-link\"><a href=\"https:\/\/www.monta\u00f1asdelaluna.es\/?cat=83\" rel=\"category\">Aitana y Puig Campana<\/a><\/span><a class=\"author vcard\" href=\"https:\/\/www.monta\u00f1asdelaluna.es\/?author=1\" title=\"Ver todas las publicaciones de Joaquin Terres\" rel=\"author\">Por <span class=\"fn\">Joaquin Terres<\/span><\/a><a href=\"https:\/\/www.monta\u00f1asdelaluna.es\/?m=20040215\" title=\"11:48 am\" class=\"data-link\" rel=\"bookmark\"><time class=\"entry-date updated\" datetime=\"2004-02-15T11:48:06+00:00\">15 febrero, 2004<\/time><\/a><a href=\"https:\/\/www.monta\u00f1asdelaluna.es\/?p=44740#respond\" class=\"comment-link\" >Deja un comentario<\/a><\/div><p>[vc_row][vc_column][vc_column_text]Otra fant\u00e1stica salida de un d\u00eda o una ma\u00f1ana por Sierra Aitana ser\u00eda subir hasta sus cimas o la zona de las simas que queda entre la cima de los radares y antenas de Aitana y la cima del Penya Alta, cruzando el famoso paso Pas de La Rabosa: un estrecho paso entre lisas y&hellip;<\/p>\n\n<a href=\"https:\/\/www.monta\u00f1asdelaluna.es\/?p=44740\" class=\"details more-link\" aria-label=\"Read more about Penya Alta por el Pas de La Rabosa en Sierra Aitana\" rel=\"nofollow\">Detalles<\/a>\n\n\t\t<\/div>\n\n\t<\/article>\n\n<\/div>\n<div class=\"wf-cell iso-item category-84\" data-post-id=\"44657\" data-date=\"2004-02-01T08:49:40+00:00\" data-name=\"El Serrella o El Recingle Alt\">\n\t<article class=\"post post-44657 type-post status-publish format-standard has-post-thumbnail hentry category-la-serrella-y-laixorta category-84 description-off\">\n\n\t\t\n\t\t\t<div class=\"blog-media wf-td\">\n\n\t\t\t\t<p><a href=\"https:\/\/www.monta\u00f1asdelaluna.es\/?p=44657\" class=\"alignnone rollover layzr-bg\" ><img loading=\"lazy\" decoding=\"async\" class=\"preload-me iso-lazy-load\" src=\"data:image\/svg+xml,%3Csvg%20xmlns%3D&#39;http%3A%2F%2Fwww.w3.org%2F2000%2Fsvg&#39;%20viewBox%3D&#39;0%200%20555%20367&#39;%2F%3E\" data-src=\"https:\/\/www.monta\u00f1asdelaluna.es\/wp-content\/uploads\/2020\/08\/zaida-y-maria-camino-del-mollo-detras-la-sierra-de-la-carrasqueta-con-els-plans-lo-mas-alto-555x367.jpg\" data-srcset=\"https:\/\/www.monta\u00f1asdelaluna.es\/wp-content\/uploads\/2020\/08\/zaida-y-maria-camino-del-mollo-detras-la-sierra-de-la-carrasqueta-con-els-plans-lo-mas-alto-555x367.jpg 555w, https:\/\/www.monta\u00f1asdelaluna.es\/wp-content\/uploads\/2020\/08\/zaida-y-maria-camino-del-mollo-detras-la-sierra-de-la-carrasqueta-con-els-plans-lo-mas-alto-1110x734.jpg 1110w\" alt=\"\" title=\"Zaida y Mar\u00eda camino del Moll\u00f3, detr\u00e1s la Sierra de La Carrasqueta con Els Plans lo m\u00e1s alto\" width=\"555\" height=\"367\"  \/><\/a><\/p>\n\t\t\t<\/div>\n\n\t\t\n\t\t<div class=\"blog-content wf-td\">\n\t\t\t<h3 class=\"entry-title\"><a href=\"https:\/\/www.monta\u00f1asdelaluna.es\/?p=44657\" title=\"El Serrella o El Recingle Alt\" rel=\"bookmark\">El Serrella o El Recingle Alt<\/a><\/h3>\n\n\t\t\t<div class=\"entry-meta\"><span class=\"category-link\"><a href=\"https:\/\/www.monta\u00f1asdelaluna.es\/?cat=84\" rel=\"category\">La Serrella y L'Aixort\u00e0<\/a><\/span><a class=\"author vcard\" href=\"https:\/\/www.monta\u00f1asdelaluna.es\/?author=1\" title=\"Ver todas las publicaciones de Joaquin Terres\" rel=\"author\">Por <span class=\"fn\">Joaquin Terres<\/span><\/a><a href=\"https:\/\/www.monta\u00f1asdelaluna.es\/?m=20040201\" title=\"8:49 am\" class=\"data-link\" rel=\"bookmark\"><time class=\"entry-date updated\" datetime=\"2004-02-01T08:49:40+00:00\">1 febrero, 2004<\/time><\/a><a href=\"https:\/\/www.monta\u00f1asdelaluna.es\/?p=44657#respond\" class=\"comment-link\" >Deja un comentario<\/a><\/div><p>[vc_row][vc_column][vc_column_text]Esta era el nombre por el que conoc\u00edamos a uno de los tres picos m\u00e1s importantes de La Serrella, con el nombre de la misma sierra. En La Serrella existen tres macizos claramente diferenciados como ya he comentado en alg\u00fan otro relato o descripci\u00f3n de esta fabulosa sierra; y cada macizo culmina en un pico&hellip;<\/p>\n\n<a href=\"https:\/\/www.monta\u00f1asdelaluna.es\/?p=44657\" class=\"details more-link\" aria-label=\"Read more about El Serrella o El Recingle Alt\" rel=\"nofollow\">Detalles<\/a>\n\n\t\t<\/div>\n\n\t<\/article>\n\n<\/div>\n<div class=\"wf-cell iso-item category-83\" data-post-id=\"44624\" data-date=\"2004-01-25T06:42:13+00:00\" data-name=\"Los hermanos peque\u00f1os del gigante, Ponoch y Cabal\">\n\t<article class=\"post post-44624 type-post status-publish format-standard has-post-thumbnail hentry category-aitana-y-puig-campana category-83 description-off\">\n\n\t\t\n\t\t\t<div class=\"blog-media wf-td\">\n\n\t\t\t\t<p><a href=\"https:\/\/www.monta\u00f1asdelaluna.es\/?p=44624\" class=\"alignnone rollover layzr-bg\" ><img loading=\"lazy\" decoding=\"async\" class=\"preload-me iso-lazy-load\" src=\"data:image\/svg+xml,%3Csvg%20xmlns%3D&#39;http%3A%2F%2Fwww.w3.org%2F2000%2Fsvg&#39;%20viewBox%3D&#39;0%200%20555%20377&#39;%2F%3E\" data-src=\"https:\/\/www.monta\u00f1asdelaluna.es\/wp-content\/uploads\/2020\/08\/el-leon-dormido-paredes-del-ponoch-555x377.jpg\" data-srcset=\"https:\/\/www.monta\u00f1asdelaluna.es\/wp-content\/uploads\/2020\/08\/el-leon-dormido-paredes-del-ponoch-555x377.jpg 555w, https:\/\/www.monta\u00f1asdelaluna.es\/wp-content\/uploads\/2020\/08\/el-leon-dormido-paredes-del-ponoch-1110x754.jpg 1110w\" alt=\"\" title=\"El Le\u00f3n Dormido. Paredes del Ponoch\" width=\"555\" height=\"377\"  \/><\/a><\/p>\n\t\t\t<\/div>\n\n\t\t\n\t\t<div class=\"blog-content wf-td\">\n\t\t\t<h3 class=\"entry-title\"><a href=\"https:\/\/www.monta\u00f1asdelaluna.es\/?p=44624\" title=\"Los hermanos peque\u00f1os del gigante, Ponoch y Cabal\" rel=\"bookmark\">Los hermanos peque\u00f1os del gigante, Ponoch y Cabal<\/a><\/h3>\n\n\t\t\t<div class=\"entry-meta\"><span class=\"category-link\"><a href=\"https:\/\/www.monta\u00f1asdelaluna.es\/?cat=83\" rel=\"category\">Aitana y Puig Campana<\/a><\/span><a class=\"author vcard\" href=\"https:\/\/www.monta\u00f1asdelaluna.es\/?author=1\" title=\"Ver todas las publicaciones de Joaquin Terres\" rel=\"author\">Por <span class=\"fn\">Joaquin Terres<\/span><\/a><a href=\"https:\/\/www.monta\u00f1asdelaluna.es\/?m=20040125\" title=\"6:42 am\" class=\"data-link\" rel=\"bookmark\"><time class=\"entry-date updated\" datetime=\"2004-01-25T06:42:13+00:00\">25 enero, 2004<\/time><\/a><a href=\"https:\/\/www.monta\u00f1asdelaluna.es\/?p=44624#respond\" class=\"comment-link\" >Deja un comentario<\/a><\/div><p>[vc_row][vc_column][vc_column_text]Era llegar a la cima del alto y m\u00edtico Puig Campana y mirar hacia el norte, al otro lado de la monta\u00f1a por el que hab\u00edamos subido, a parte de la larga, alta y sobresaliente Sierra Aitana y las bajas pero incre\u00edblemente escarpadas crestecillas de camino a Sella, admiramos otros dos picos casi igual que&hellip;<\/p>\n\n<a href=\"https:\/\/www.monta\u00f1asdelaluna.es\/?p=44624\" class=\"details more-link\" aria-label=\"Read more about Los hermanos peque\u00f1os del gigante, Ponoch y Cabal\" rel=\"nofollow\">Detalles<\/a>\n\n\t\t<\/div>\n\n\t<\/article>\n\n<\/div>\n<div class=\"wf-cell iso-item category-36\" data-post-id=\"17749\" data-date=\"2003-07-17T19:17:47+00:00\" data-name=\"17 de julio de 2.003, jueves. Viaje a Mosc\u00fa\">\n\t<article class=\"post post-17749 type-post status-publish format-standard has-post-thumbnail hentry category-caucaso category-36 description-off\">\n\n\t\t\n\t\t\t<div class=\"blog-media wf-td\">\n\n\t\t\t\t<p><a href=\"https:\/\/www.monta\u00f1asdelaluna.es\/?p=17749\" class=\"alignnone rollover layzr-bg\" ><img loading=\"lazy\" decoding=\"async\" class=\"preload-me iso-lazy-load\" src=\"data:image\/svg+xml,%3Csvg%20xmlns%3D&#39;http%3A%2F%2Fwww.w3.org%2F2000%2Fsvg&#39;%20viewBox%3D&#39;0%200%20555%20369&#39;%2F%3E\" data-src=\"https:\/\/www.monta\u00f1asdelaluna.es\/wp-content\/uploads\/2003\/07\/de-izquierda-a-derecha-quique-jesus-andujar-joaquin-y-jesus-santana-en-el-aeropuerto-de-mineralnye-vody-555x369.jpg\" data-srcset=\"https:\/\/www.monta\u00f1asdelaluna.es\/wp-content\/uploads\/2003\/07\/de-izquierda-a-derecha-quique-jesus-andujar-joaquin-y-jesus-santana-en-el-aeropuerto-de-mineralnye-vody-555x369.jpg 555w, https:\/\/www.monta\u00f1asdelaluna.es\/wp-content\/uploads\/2003\/07\/de-izquierda-a-derecha-quique-jesus-andujar-joaquin-y-jesus-santana-en-el-aeropuerto-de-mineralnye-vody-1110x738.jpg 1110w\" alt=\"\" title=\"De izquierda a derecha: Quique, Jes\u00fas And\u00fajar, Joaqu\u00edn y Jes\u00fas Santana en el Aeropuerto de  Mineralnye Vody.\" width=\"555\" height=\"369\"  \/><\/a><\/p>\n\t\t\t<\/div>\n\n\t\t\n\t\t<div class=\"blog-content wf-td\">\n\t\t\t<h3 class=\"entry-title\"><a href=\"https:\/\/www.monta\u00f1asdelaluna.es\/?p=17749\" title=\"17 de julio de 2.003, jueves. Viaje a Mosc\u00fa\" rel=\"bookmark\">17 de julio de 2.003, jueves. Viaje a Mosc\u00fa<\/a><\/h3>\n\n\t\t\t<div class=\"entry-meta\"><span class=\"category-link\"><a href=\"https:\/\/www.monta\u00f1asdelaluna.es\/?cat=36\" rel=\"category\">C\u00e1ucaso<\/a><\/span><a class=\"author vcard\" href=\"https:\/\/www.monta\u00f1asdelaluna.es\/?author=1\" title=\"Ver todas las publicaciones de Joaquin Terres\" rel=\"author\">Por <span class=\"fn\">Joaquin Terres<\/span><\/a><a href=\"https:\/\/www.monta\u00f1asdelaluna.es\/?m=20030717\" title=\"7:17 pm\" class=\"data-link\" rel=\"bookmark\"><time class=\"entry-date updated\" datetime=\"2003-07-17T19:17:47+00:00\">17 julio, 2003<\/time><\/a><a href=\"https:\/\/www.monta\u00f1asdelaluna.es\/?p=17749#respond\" class=\"comment-link\" >Deja un comentario<\/a><\/div><p>[vc_row][vc_column][vc_column_text]Viaje a Mosc\u00fa. \u00a0\u00a0\u00a0\u00a0 Madrugamos para desayunar a las 8 h. y cargar las mochilas a las 8:30 h. en una furgoneta para dejar Terskol por todo el Valle del Baksan (primero glaciar y luego fluvial). El paisaje es de una exhuberancia sobrecogedora, prados y pinos, abedules&#8230; El d\u00eda es lluvioso y la furgoneta avanza&hellip;<\/p>\n\n<a href=\"https:\/\/www.monta\u00f1asdelaluna.es\/?p=17749\" class=\"details more-link\" aria-label=\"Read more about 17 de julio de 2.003, jueves. Viaje a Mosc\u00fa\" rel=\"nofollow\">Detalles<\/a>\n\n\t\t<\/div>\n\n\t<\/article>\n\n<\/div>\n<div class=\"wf-cell iso-item category-36\" data-post-id=\"17742\" data-date=\"2003-07-16T18:51:38+00:00\" data-name=\"16 de julio de 2.003, mi\u00e9rcoles. D\u00eda de descanso\">\n\t<article class=\"post post-17742 type-post status-publish format-standard has-post-thumbnail hentry category-caucaso category-36 description-off\">\n\n\t\t\n\t\t\t<div class=\"blog-media wf-td\">\n\n\t\t\t\t<p><a href=\"https:\/\/www.monta\u00f1asdelaluna.es\/?p=17742\" class=\"alignnone rollover layzr-bg\" ><img loading=\"lazy\" decoding=\"async\" class=\"preload-me iso-lazy-load\" src=\"data:image\/svg+xml,%3Csvg%20xmlns%3D&#39;http%3A%2F%2Fwww.w3.org%2F2000%2Fsvg&#39;%20viewBox%3D&#39;0%200%20555%20370&#39;%2F%3E\" data-src=\"https:\/\/www.monta\u00f1asdelaluna.es\/wp-content\/uploads\/2003\/07\/de-izquierda-a-derecha-joaquin-quique-y-jesus-andujar-junto-a-unos-canones-para-crear-aludes-detras-los-hermanos-koguters-y-su-glaciar-555x370.jpg\" data-srcset=\"https:\/\/www.monta\u00f1asdelaluna.es\/wp-content\/uploads\/2003\/07\/de-izquierda-a-derecha-joaquin-quique-y-jesus-andujar-junto-a-unos-canones-para-crear-aludes-detras-los-hermanos-koguters-y-su-glaciar-555x370.jpg 555w, https:\/\/www.monta\u00f1asdelaluna.es\/wp-content\/uploads\/2003\/07\/de-izquierda-a-derecha-joaquin-quique-y-jesus-andujar-junto-a-unos-canones-para-crear-aludes-detras-los-hermanos-koguters-y-su-glaciar-1110x740.jpg 1110w\" alt=\"\" title=\"De izquierda a derecha: Joaqu\u00edn, Quique y Jes\u00fas And\u00fajar junto a unos ca\u00f1ones para crear aludes. Detr\u00e1s los Hermanos Koguters y su glaciar\" width=\"555\" height=\"370\"  \/><\/a><\/p>\n\t\t\t<\/div>\n\n\t\t\n\t\t<div class=\"blog-content wf-td\">\n\t\t\t<h3 class=\"entry-title\"><a href=\"https:\/\/www.monta\u00f1asdelaluna.es\/?p=17742\" title=\"16 de julio de 2.003, mi\u00e9rcoles. D\u00eda de descanso\" rel=\"bookmark\">16 de julio de 2.003, mi\u00e9rcoles. D\u00eda de descanso<\/a><\/h3>\n\n\t\t\t<div class=\"entry-meta\"><span class=\"category-link\"><a href=\"https:\/\/www.monta\u00f1asdelaluna.es\/?cat=36\" rel=\"category\">C\u00e1ucaso<\/a><\/span><a class=\"author vcard\" href=\"https:\/\/www.monta\u00f1asdelaluna.es\/?author=1\" title=\"Ver todas las publicaciones de Joaquin Terres\" rel=\"author\">Por <span class=\"fn\">Joaquin Terres<\/span><\/a><a href=\"https:\/\/www.monta\u00f1asdelaluna.es\/?m=20030716\" title=\"6:51 pm\" class=\"data-link\" rel=\"bookmark\"><time class=\"entry-date updated\" datetime=\"2003-07-16T18:51:38+00:00\">16 julio, 2003<\/time><\/a><a href=\"https:\/\/www.monta\u00f1asdelaluna.es\/?p=17742#respond\" class=\"comment-link\" >Deja un comentario<\/a><\/div><p>[vc_row][vc_column][vc_column_text]D\u00eda de descanso. \u00a0\u00a0\u00a0\u00a0 Nos levantamos para medio llegar al desayuno (todos menos Joaqu\u00edn). Ten\u00eda el est\u00f3mago algo raro de algo que tom\u00e9 el d\u00eda anterior, por los nervios o yo que s\u00e9; el caso es que no ten\u00eda hambre y ve\u00eda una tonter\u00eda bajar a ver como desayunaban los dem\u00e1s. Elena nos acompa\u00f1a a&hellip;<\/p>\n\n<a href=\"https:\/\/www.monta\u00f1asdelaluna.es\/?p=17742\" class=\"details more-link\" aria-label=\"Read more about 16 de julio de 2.003, mi\u00e9rcoles. D\u00eda de descanso\" rel=\"nofollow\">Detalles<\/a>\n\n\t\t<\/div>\n\n\t<\/article>\n\n<\/div>\n<div class=\"wf-cell iso-item category-36\" data-post-id=\"17728\" data-date=\"2003-07-15T18:27:13+00:00\" data-name=\"15 de julio de 2.003, martes. Bajada de Barrels\">\n\t<article class=\"post post-17728 type-post status-publish format-standard has-post-thumbnail hentry category-caucaso category-36 description-off\">\n\n\t\t\n\t\t\t<div class=\"blog-media wf-td\">\n\n\t\t\t\t<p><a href=\"https:\/\/www.monta\u00f1asdelaluna.es\/?p=17728\" class=\"alignnone rollover layzr-bg\" ><img loading=\"lazy\" decoding=\"async\" class=\"preload-me iso-lazy-load\" src=\"data:image\/svg+xml,%3Csvg%20xmlns%3D&#39;http%3A%2F%2Fwww.w3.org%2F2000%2Fsvg&#39;%20viewBox%3D&#39;0%200%20555%20369&#39;%2F%3E\" data-src=\"https:\/\/www.monta\u00f1asdelaluna.es\/wp-content\/uploads\/2003\/07\/bajando-en-el-telesilla-el-donguzorum-pequeno-a-la-izquierda-555x369.jpg\" data-srcset=\"https:\/\/www.monta\u00f1asdelaluna.es\/wp-content\/uploads\/2003\/07\/bajando-en-el-telesilla-el-donguzorum-pequeno-a-la-izquierda-555x369.jpg 555w, https:\/\/www.monta\u00f1asdelaluna.es\/wp-content\/uploads\/2003\/07\/bajando-en-el-telesilla-el-donguzorum-pequeno-a-la-izquierda-1110x738.jpg 1110w\" alt=\"\" title=\"Bajando en el telesilla, el Donguzorum Peque\u00f1o a la izquierda\" width=\"555\" height=\"369\"  \/><\/a><\/p>\n\t\t\t<\/div>\n\n\t\t\n\t\t<div class=\"blog-content wf-td\">\n\t\t\t<h3 class=\"entry-title\"><a href=\"https:\/\/www.monta\u00f1asdelaluna.es\/?p=17728\" title=\"15 de julio de 2.003, martes. Bajada de Barrels\" rel=\"bookmark\">15 de julio de 2.003, martes. Bajada de Barrels<\/a><\/h3>\n\n\t\t\t<div class=\"entry-meta\"><span class=\"category-link\"><a href=\"https:\/\/www.monta\u00f1asdelaluna.es\/?cat=36\" rel=\"category\">C\u00e1ucaso<\/a><\/span><a class=\"author vcard\" href=\"https:\/\/www.monta\u00f1asdelaluna.es\/?author=1\" title=\"Ver todas las publicaciones de Joaquin Terres\" rel=\"author\">Por <span class=\"fn\">Joaquin Terres<\/span><\/a><a href=\"https:\/\/www.monta\u00f1asdelaluna.es\/?m=20030715\" title=\"6:27 pm\" class=\"data-link\" rel=\"bookmark\"><time class=\"entry-date updated\" datetime=\"2003-07-15T18:27:13+00:00\">15 julio, 2003<\/time><\/a><a href=\"https:\/\/www.monta\u00f1asdelaluna.es\/?p=17728#respond\" class=\"comment-link\" >Deja un comentario<\/a><\/div><p>[vc_row][vc_column][vc_column_text]Bajada de Barrels. \u00a0\u00a0\u00a0\u00a0 Amanece en Barrels y seguimos durmiendo hasta las 8:30. Nos hacemos las mochilas y nos presentamos a las 9 h. en el barrac\u00f3n comedor. Pero hemos de esperar a que Nadia preparase el desayuno. La espera vale la pena: espaguetis con huevo y queso, tarta de chocolate casera, yogurt, caf\u00e9, galletas&#8230;&hellip;<\/p>\n\n<a href=\"https:\/\/www.monta\u00f1asdelaluna.es\/?p=17728\" class=\"details more-link\" aria-label=\"Read more about 15 de julio de 2.003, martes. Bajada de Barrels\" rel=\"nofollow\">Detalles<\/a>\n\n\t\t<\/div>\n\n\t<\/article>\n\n<\/div>\n<div class=\"wf-cell iso-item category-36\" data-post-id=\"17684\" data-date=\"2003-07-14T16:59:17+00:00\" data-name=\"14 de julio de 2.003, lunes. Ascensi\u00f3n al Elbrus\">\n\t<article class=\"post post-17684 type-post status-publish format-standard has-post-thumbnail hentry category-caucaso category-36 description-off\">\n\n\t\t\n\t\t\t<div class=\"blog-media wf-td\">\n\n\t\t\t\t<p><a href=\"https:\/\/www.monta\u00f1asdelaluna.es\/?p=17684\" class=\"alignnone rollover layzr-bg\" ><img loading=\"lazy\" decoding=\"async\" class=\"preload-me iso-lazy-load\" src=\"data:image\/svg+xml,%3Csvg%20xmlns%3D&#39;http%3A%2F%2Fwww.w3.org%2F2000%2Fsvg&#39;%20viewBox%3D&#39;0%200%20555%20369&#39;%2F%3E\" data-src=\"https:\/\/www.monta\u00f1asdelaluna.es\/wp-content\/uploads\/2003\/07\/la-sombra-del-elbrus-junto-a-la-luna-llena-555x369.jpg\" data-srcset=\"https:\/\/www.monta\u00f1asdelaluna.es\/wp-content\/uploads\/2003\/07\/la-sombra-del-elbrus-junto-a-la-luna-llena-555x369.jpg 555w, https:\/\/www.monta\u00f1asdelaluna.es\/wp-content\/uploads\/2003\/07\/la-sombra-del-elbrus-junto-a-la-luna-llena-1110x738.jpg 1110w\" alt=\"\" title=\"La sombra del Elbrus junto a la luna llena\" width=\"555\" height=\"369\"  \/><\/a><\/p>\n\t\t\t<\/div>\n\n\t\t\n\t\t<div class=\"blog-content wf-td\">\n\t\t\t<h3 class=\"entry-title\"><a href=\"https:\/\/www.monta\u00f1asdelaluna.es\/?p=17684\" title=\"14 de julio de 2.003, lunes. Ascensi\u00f3n al Elbrus\" rel=\"bookmark\">14 de julio de 2.003, lunes. Ascensi\u00f3n al Elbrus<\/a><\/h3>\n\n\t\t\t<div class=\"entry-meta\"><span class=\"category-link\"><a href=\"https:\/\/www.monta\u00f1asdelaluna.es\/?cat=36\" rel=\"category\">C\u00e1ucaso<\/a><\/span><a class=\"author vcard\" href=\"https:\/\/www.monta\u00f1asdelaluna.es\/?author=1\" title=\"Ver todas las publicaciones de Joaquin Terres\" rel=\"author\">Por <span class=\"fn\">Joaquin Terres<\/span><\/a><a href=\"https:\/\/www.monta\u00f1asdelaluna.es\/?m=20030714\" title=\"4:59 pm\" class=\"data-link\" rel=\"bookmark\"><time class=\"entry-date updated\" datetime=\"2003-07-14T16:59:17+00:00\">14 julio, 2003<\/time><\/a><a href=\"https:\/\/www.monta\u00f1asdelaluna.es\/?p=17684#respond\" class=\"comment-link\" >Deja un comentario<\/a><\/div><p>[vc_row][vc_column][vc_column_text]Lunes. Ascensi\u00f3n al Elbrus.\u00a0\u00a0\u00a0\u00a0 \u00a0 \u00a0\u00a0\u00a0\u00a0 El d\u00eda empieza a la 1 h. con el ritual de vestirse de monta\u00f1ero. Botas de pl\u00e1stico, polainas, mayas, pantal\u00f3n t\u00e9cnico. Hoy somos nosotros los que hacemos ruido pero no demasiado. Desayunamos dulces, t\u00e9 caliente, tostadas. Hay que coger fuerzas. Nos ponemos los crampones y salimos a las 2h.&hellip;<\/p>\n\n<a href=\"https:\/\/www.monta\u00f1asdelaluna.es\/?p=17684\" class=\"details more-link\" aria-label=\"Read more about 14 de julio de 2.003, lunes. Ascensi\u00f3n al Elbrus\" rel=\"nofollow\">Detalles<\/a>\n\n\t\t<\/div>\n\n\t<\/article>\n\n<\/div>\n<div class=\"wf-cell iso-item category-36\" data-post-id=\"17678\" data-date=\"2003-07-13T16:30:18+00:00\" data-name=\"13 de julio de 2.003, domingo. Dizel Hut\">\n\t<article class=\"post post-17678 type-post status-publish format-standard has-post-thumbnail hentry category-caucaso category-36 description-off\">\n\n\t\t\n\t\t\t<div class=\"blog-media wf-td\">\n\n\t\t\t\t<p><a href=\"https:\/\/www.monta\u00f1asdelaluna.es\/?p=17678\" class=\"alignnone rollover layzr-bg\" ><img loading=\"lazy\" decoding=\"async\" class=\"preload-me iso-lazy-load\" src=\"data:image\/svg+xml,%3Csvg%20xmlns%3D&#39;http%3A%2F%2Fwww.w3.org%2F2000%2Fsvg&#39;%20viewBox%3D&#39;0%200%20555%20370&#39;%2F%3E\" data-src=\"https:\/\/www.monta\u00f1asdelaluna.es\/wp-content\/uploads\/2003\/07\/jovenes-y-curiosas-turistas-rusas-entre-jesus-andujar-a-la-izquierda-joaquin-en-el-centro-y-quique-a-la-derecha-555x370.jpg\" data-srcset=\"https:\/\/www.monta\u00f1asdelaluna.es\/wp-content\/uploads\/2003\/07\/jovenes-y-curiosas-turistas-rusas-entre-jesus-andujar-a-la-izquierda-joaquin-en-el-centro-y-quique-a-la-derecha-555x370.jpg 555w, https:\/\/www.monta\u00f1asdelaluna.es\/wp-content\/uploads\/2003\/07\/jovenes-y-curiosas-turistas-rusas-entre-jesus-andujar-a-la-izquierda-joaquin-en-el-centro-y-quique-a-la-derecha-1110x740.jpg 1110w\" alt=\"\" title=\"J\u00f3venes y curiosas turistas rusas, entre Jes\u00fas And\u00fajar a la izquierda, Joaqu\u00edn en el centro y Quique a la derecha\" width=\"555\" height=\"370\"  \/><\/a><\/p>\n\t\t\t<\/div>\n\n\t\t\n\t\t<div class=\"blog-content wf-td\">\n\t\t\t<h3 class=\"entry-title\"><a href=\"https:\/\/www.monta\u00f1asdelaluna.es\/?p=17678\" title=\"13 de julio de 2.003, domingo. Dizel Hut\" rel=\"bookmark\">13 de julio de 2.003, domingo. Dizel Hut<\/a><\/h3>\n\n\t\t\t<div class=\"entry-meta\"><span class=\"category-link\"><a href=\"https:\/\/www.monta\u00f1asdelaluna.es\/?cat=36\" rel=\"category\">C\u00e1ucaso<\/a><\/span><a class=\"author vcard\" href=\"https:\/\/www.monta\u00f1asdelaluna.es\/?author=1\" title=\"Ver todas las publicaciones de Joaquin Terres\" rel=\"author\">Por <span class=\"fn\">Joaquin Terres<\/span><\/a><a href=\"https:\/\/www.monta\u00f1asdelaluna.es\/?m=20030713\" title=\"4:30 pm\" class=\"data-link\" rel=\"bookmark\"><time class=\"entry-date updated\" datetime=\"2003-07-13T16:30:18+00:00\">13 julio, 2003<\/time><\/a><a href=\"https:\/\/www.monta\u00f1asdelaluna.es\/?p=17678#respond\" class=\"comment-link\" >Deja un comentario<\/a><\/div><p>[vc_row][vc_column][vc_column_text]Domingo. Dizel Hut. Desayunamos. Vemos los efectos de la nevada. Parece que se despeja por el W pero no demasiado. Jes\u00fas And\u00fajar me cont\u00f3 que anoche, mientras mis compa\u00f1eros y yo ya dorm\u00edamos acunados por la nana de la tormenta, Oleg nuestro gu\u00eda, se hab\u00eda levantado para ver si el tiempo hab\u00eda mejorado y parado&hellip;<\/p>\n\n<a href=\"https:\/\/www.monta\u00f1asdelaluna.es\/?p=17678\" class=\"details more-link\" aria-label=\"Read more about 13 de julio de 2.003, domingo. Dizel Hut\" rel=\"nofollow\">Detalles<\/a>\n\n\t\t<\/div>\n\n\t<\/article>\n\n<\/div>\n<div class=\"wf-cell iso-item category-36\" data-post-id=\"17665\" data-date=\"2003-07-12T16:05:49+00:00\" data-name=\"12 de julio de 2.003, s\u00e1bado. Dizel Hut\">\n\t<article class=\"post post-17665 type-post status-publish format-standard has-post-thumbnail hentry category-caucaso category-36 description-off\">\n\n\t\t\n\t\t\t<div class=\"blog-media wf-td\">\n\n\t\t\t\t<p><a href=\"https:\/\/www.monta\u00f1asdelaluna.es\/?p=17665\" class=\"alignnone rollover layzr-bg\" ><img loading=\"lazy\" decoding=\"async\" class=\"preload-me iso-lazy-load\" src=\"data:image\/svg+xml,%3Csvg%20xmlns%3D&#39;http%3A%2F%2Fwww.w3.org%2F2000%2Fsvg&#39;%20viewBox%3D&#39;0%200%20555%20369&#39;%2F%3E\" data-src=\"https:\/\/www.monta\u00f1asdelaluna.es\/wp-content\/uploads\/2003\/07\/refugio-dizel-hut-4-100-mts-555x369.jpg\" data-srcset=\"https:\/\/www.monta\u00f1asdelaluna.es\/wp-content\/uploads\/2003\/07\/refugio-dizel-hut-4-100-mts-555x369.jpg 555w, https:\/\/www.monta\u00f1asdelaluna.es\/wp-content\/uploads\/2003\/07\/refugio-dizel-hut-4-100-mts-1110x738.jpg 1110w\" alt=\"\" title=\"Refugio Dizel Hut, 4.100 mts.\" width=\"555\" height=\"369\"  \/><\/a><\/p>\n\t\t\t<\/div>\n\n\t\t\n\t\t<div class=\"blog-content wf-td\">\n\t\t\t<h3 class=\"entry-title\"><a href=\"https:\/\/www.monta\u00f1asdelaluna.es\/?p=17665\" title=\"12 de julio de 2.003, s\u00e1bado. Dizel Hut\" rel=\"bookmark\">12 de julio de 2.003, s\u00e1bado. Dizel Hut<\/a><\/h3>\n\n\t\t\t<div class=\"entry-meta\"><span class=\"category-link\"><a href=\"https:\/\/www.monta\u00f1asdelaluna.es\/?cat=36\" rel=\"category\">C\u00e1ucaso<\/a><\/span><a class=\"author vcard\" href=\"https:\/\/www.monta\u00f1asdelaluna.es\/?author=1\" title=\"Ver todas las publicaciones de Joaquin Terres\" rel=\"author\">Por <span class=\"fn\">Joaquin Terres<\/span><\/a><a href=\"https:\/\/www.monta\u00f1asdelaluna.es\/?m=20030712\" title=\"4:05 pm\" class=\"data-link\" rel=\"bookmark\"><time class=\"entry-date updated\" datetime=\"2003-07-12T16:05:49+00:00\">12 julio, 2003<\/time><\/a><a href=\"https:\/\/www.monta\u00f1asdelaluna.es\/?p=17665#respond\" class=\"comment-link\" >Deja un comentario<\/a><\/div><p>[vc_row][vc_column][vc_column_text]S\u00e1bado. Dizel Hut. \u00a0\u00a0\u00a0\u00a0 Un desayuno moderado, una aspirina, una buena cagada y 1 h. 30 minutos de siesta me reponen y hasta tengo hambre. Dejamos pasar el tiempo hasta las 13 hrs. sentados en la mesa tomando el solecito; mientras se meten inquietantes nubes por el valle. Hoy iba a ser un d\u00eda casi&hellip;<\/p>\n\n<a href=\"https:\/\/www.monta\u00f1asdelaluna.es\/?p=17665\" class=\"details more-link\" aria-label=\"Read more about 12 de julio de 2.003, s\u00e1bado. Dizel Hut\" rel=\"nofollow\">Detalles<\/a>\n\n\t\t<\/div>\n\n\t<\/article>\n\n<\/div>\n<div class=\"wf-cell iso-item category-36\" data-post-id=\"17643\" data-date=\"2003-07-11T12:18:07+00:00\" data-name=\"11 de julio de 2.003, viernes. Pastukhov Rocks\">\n\t<article class=\"post post-17643 type-post status-publish format-standard has-post-thumbnail hentry category-caucaso category-36 description-off\">\n\n\t\t\n\t\t\t<div class=\"blog-media wf-td\">\n\n\t\t\t\t<p><a href=\"https:\/\/www.monta\u00f1asdelaluna.es\/?p=17643\" class=\"alignnone rollover layzr-bg\" ><img loading=\"lazy\" decoding=\"async\" class=\"preload-me iso-lazy-load\" src=\"data:image\/svg+xml,%3Csvg%20xmlns%3D&#39;http%3A%2F%2Fwww.w3.org%2F2000%2Fsvg&#39;%20viewBox%3D&#39;0%200%20555%20369&#39;%2F%3E\" data-src=\"https:\/\/www.monta\u00f1asdelaluna.es\/wp-content\/uploads\/2003\/07\/atardecer-con-el-donguzorum-pequeno-a-la-derecha-delante-y-el-donguzorum-en-el-centro-izquierda-555x369.jpg\" data-srcset=\"https:\/\/www.monta\u00f1asdelaluna.es\/wp-content\/uploads\/2003\/07\/atardecer-con-el-donguzorum-pequeno-a-la-derecha-delante-y-el-donguzorum-en-el-centro-izquierda-555x369.jpg 555w, https:\/\/www.monta\u00f1asdelaluna.es\/wp-content\/uploads\/2003\/07\/atardecer-con-el-donguzorum-pequeno-a-la-derecha-delante-y-el-donguzorum-en-el-centro-izquierda-1110x738.jpg 1110w\" alt=\"\" title=\"Atardecer con el Donguzorum Peque\u00f1o a la derecha delante y el Donguzorum en el centro izquierda\" width=\"555\" height=\"369\"  \/><\/a><\/p>\n\t\t\t<\/div>\n\n\t\t\n\t\t<div class=\"blog-content wf-td\">\n\t\t\t<h3 class=\"entry-title\"><a href=\"https:\/\/www.monta\u00f1asdelaluna.es\/?p=17643\" title=\"11 de julio de 2.003, viernes. Pastukhov Rocks\" rel=\"bookmark\">11 de julio de 2.003, viernes. Pastukhov Rocks<\/a><\/h3>\n\n\t\t\t<div class=\"entry-meta\"><span class=\"category-link\"><a href=\"https:\/\/www.monta\u00f1asdelaluna.es\/?cat=36\" rel=\"category\">C\u00e1ucaso<\/a><\/span><a class=\"author vcard\" href=\"https:\/\/www.monta\u00f1asdelaluna.es\/?author=1\" title=\"Ver todas las publicaciones de Joaquin Terres\" rel=\"author\">Por <span class=\"fn\">Joaquin Terres<\/span><\/a><a href=\"https:\/\/www.monta\u00f1asdelaluna.es\/?m=20030711\" title=\"12:18 pm\" class=\"data-link\" rel=\"bookmark\"><time class=\"entry-date updated\" datetime=\"2003-07-11T12:18:07+00:00\">11 julio, 2003<\/time><\/a><a href=\"https:\/\/www.monta\u00f1asdelaluna.es\/?p=17643#respond\" class=\"comment-link\" >Deja un comentario<\/a><\/div><p>[vc_row][vc_column][vc_column_text]Viernes. Aclimataci\u00f3n a Pastukhov Rocks.\u00a0 \u00a0 \u00a0\u00a0\u00a0\u00a0 Desayunamos en le comedor del BO\/\\(\/)PAN. Ponemos a punto la mochila para subir a la monta\u00f1a. Cargamos la comida y el material en la furgoneta. Damos aviso a las autoridades que vamos a subir. Nos ponemos el peto y vestimenta de alta monta\u00f1a a pesar del d\u00eda tan&hellip;<\/p>\n\n<a href=\"https:\/\/www.monta\u00f1asdelaluna.es\/?p=17643\" class=\"details more-link\" aria-label=\"Read more about 11 de julio de 2.003, viernes. Pastukhov Rocks\" rel=\"nofollow\">Detalles<\/a>\n\n\t\t<\/div>\n\n\t<\/article>\n\n<\/div>\n<div class=\"wf-cell iso-item category-36\" data-post-id=\"17621\" data-date=\"2003-07-10T10:07:27+00:00\" data-name=\"10 de julio de 2.003, jueves. 3\u00ba d\u00eda de aclimataci\u00f3n\">\n\t<article class=\"post post-17621 type-post status-publish format-standard has-post-thumbnail hentry category-caucaso category-36 description-off\">\n\n\t\t\n\t\t\t<div class=\"blog-media wf-td\">\n\n\t\t\t\t<p><a href=\"https:\/\/www.monta\u00f1asdelaluna.es\/?p=17621\" class=\"alignnone rollover layzr-bg\" ><img loading=\"lazy\" decoding=\"async\" class=\"preload-me iso-lazy-load\" src=\"data:image\/svg+xml,%3Csvg%20xmlns%3D&#39;http%3A%2F%2Fwww.w3.org%2F2000%2Fsvg&#39;%20viewBox%3D&#39;0%200%20555%20370&#39;%2F%3E\" data-src=\"https:\/\/www.monta\u00f1asdelaluna.es\/wp-content\/uploads\/2003\/07\/el-elbrus-con-sus-dos-cimas-555x370.jpg\" data-srcset=\"https:\/\/www.monta\u00f1asdelaluna.es\/wp-content\/uploads\/2003\/07\/el-elbrus-con-sus-dos-cimas-555x370.jpg 555w, https:\/\/www.monta\u00f1asdelaluna.es\/wp-content\/uploads\/2003\/07\/el-elbrus-con-sus-dos-cimas-1110x740.jpg 1110w\" alt=\"\" title=\"El Elbrus con sus dos cimas\" width=\"555\" height=\"370\"  \/><\/a><\/p>\n\t\t\t<\/div>\n\n\t\t\n\t\t<div class=\"blog-content wf-td\">\n\t\t\t<h3 class=\"entry-title\"><a href=\"https:\/\/www.monta\u00f1asdelaluna.es\/?p=17621\" title=\"10 de julio de 2.003, jueves. 3\u00ba d\u00eda de aclimataci\u00f3n\" rel=\"bookmark\">10 de julio de 2.003, jueves. 3\u00ba d\u00eda de aclimataci\u00f3n<\/a><\/h3>\n\n\t\t\t<div class=\"entry-meta\"><span class=\"category-link\"><a href=\"https:\/\/www.monta\u00f1asdelaluna.es\/?cat=36\" rel=\"category\">C\u00e1ucaso<\/a><\/span><a class=\"author vcard\" href=\"https:\/\/www.monta\u00f1asdelaluna.es\/?author=1\" title=\"Ver todas las publicaciones de Joaquin Terres\" rel=\"author\">Por <span class=\"fn\">Joaquin Terres<\/span><\/a><a href=\"https:\/\/www.monta\u00f1asdelaluna.es\/?m=20030710\" title=\"10:07 am\" class=\"data-link\" rel=\"bookmark\"><time class=\"entry-date updated\" datetime=\"2003-07-10T10:07:27+00:00\">10 julio, 2003<\/time><\/a><a href=\"https:\/\/www.monta\u00f1asdelaluna.es\/?p=17621#respond\" class=\"comment-link\" >Deja un comentario<\/a><\/div><p>[vc_row][vc_column][vc_column_text]Koguters. \u00a0\u00a0\u00a0\u00a0 Suena el despertador a las 7:30 y no hay ni una puta nube, hace un d\u00eda espl\u00e9ndido como ayer a estas horas. Elena, sonriente y triunfante, pasa por las habitaciones anunciando el desayuno a las 8:30. Ponemos toda la ropa a secar (T=15\u00baC). Al final Elena tuvo raz\u00f3n con eso de que el&hellip;<\/p>\n\n<a href=\"https:\/\/www.monta\u00f1asdelaluna.es\/?p=17621\" class=\"details more-link\" aria-label=\"Read more about 10 de julio de 2.003, jueves. 3\u00ba d\u00eda de aclimataci\u00f3n\" rel=\"nofollow\">Detalles<\/a>\n\n\t\t<\/div>\n\n\t<\/article>\n\n<\/div>\n<div class=\"wf-cell iso-item category-36\" data-post-id=\"17607\" data-date=\"2003-07-09T09:17:16+00:00\" data-name=\"9 de julio de 2.003, mi\u00e9rcoles. 2\u00ba d\u00eda de aclimataci\u00f3n\">\n\t<article class=\"post post-17607 type-post status-publish format-standard has-post-thumbnail hentry category-caucaso category-36 description-off\">\n\n\t\t\n\t\t\t<div class=\"blog-media wf-td\">\n\n\t\t\t\t<p><a href=\"https:\/\/www.monta\u00f1asdelaluna.es\/?p=17607\" class=\"alignnone rollover layzr-bg\" ><img loading=\"lazy\" decoding=\"async\" class=\"preload-me iso-lazy-load\" src=\"data:image\/svg+xml,%3Csvg%20xmlns%3D&#39;http%3A%2F%2Fwww.w3.org%2F2000%2Fsvg&#39;%20viewBox%3D&#39;0%200%20555%20371&#39;%2F%3E\" data-src=\"https:\/\/www.monta\u00f1asdelaluna.es\/wp-content\/uploads\/2003\/07\/de-izquierda-a-derecha-oleg-ola-jesus-andujar-quique-y-jesus-santana-con-el-glaciar-koguters-detras-555x371.jpg\" data-srcset=\"https:\/\/www.monta\u00f1asdelaluna.es\/wp-content\/uploads\/2003\/07\/de-izquierda-a-derecha-oleg-ola-jesus-andujar-quique-y-jesus-santana-con-el-glaciar-koguters-detras-555x371.jpg 555w, https:\/\/www.monta\u00f1asdelaluna.es\/wp-content\/uploads\/2003\/07\/de-izquierda-a-derecha-oleg-ola-jesus-andujar-quique-y-jesus-santana-con-el-glaciar-koguters-detras-1110x742.jpg 1110w\" alt=\"\" title=\"De izquierda a derecha: Oleg, Ola, Jes\u00fas And\u00fajar, Quique y Jes\u00fas Santana con el Glaciar Koguters detr\u00e1s\" width=\"555\" height=\"371\"  \/><\/a><\/p>\n\t\t\t<\/div>\n\n\t\t\n\t\t<div class=\"blog-content wf-td\">\n\t\t\t<h3 class=\"entry-title\"><a href=\"https:\/\/www.monta\u00f1asdelaluna.es\/?p=17607\" title=\"9 de julio de 2.003, mi\u00e9rcoles. 2\u00ba d\u00eda de aclimataci\u00f3n\" rel=\"bookmark\">9 de julio de 2.003, mi\u00e9rcoles. 2\u00ba d\u00eda de aclimataci\u00f3n<\/a><\/h3>\n\n\t\t\t<div class=\"entry-meta\"><span class=\"category-link\"><a href=\"https:\/\/www.monta\u00f1asdelaluna.es\/?cat=36\" rel=\"category\">C\u00e1ucaso<\/a><\/span><a class=\"author vcard\" href=\"https:\/\/www.monta\u00f1asdelaluna.es\/?author=1\" title=\"Ver todas las publicaciones de Joaquin Terres\" rel=\"author\">Por <span class=\"fn\">Joaquin Terres<\/span><\/a><a href=\"https:\/\/www.monta\u00f1asdelaluna.es\/?m=20030709\" title=\"9:17 am\" class=\"data-link\" rel=\"bookmark\"><time class=\"entry-date updated\" datetime=\"2003-07-09T09:17:16+00:00\">9 julio, 2003<\/time><\/a><a href=\"https:\/\/www.monta\u00f1asdelaluna.es\/?p=17607#respond\" class=\"comment-link\" >Deja un comentario<\/a><\/div><p>[vc_row][vc_column][vc_column_text]2\u00ba d\u00eda de aclimataci\u00f3n\/ entrenamiento Terskol Peak. \u00a0 \u00a0\u00a0\u00a0\u00a0 Bajamos al comedor a desayunar. Quedamos a las 9 en las escaleras con Oleg y una cliente nueva o un ligue del gu\u00eda que se llama Ola? M\u00e1s bien era su ligue, su amante o como quiera que se diga o llame en Rusia&#8230; bueno, ya&hellip;<\/p>\n\n<a href=\"https:\/\/www.monta\u00f1asdelaluna.es\/?p=17607\" class=\"details more-link\" aria-label=\"Read more about 9 de julio de 2.003, mi\u00e9rcoles. 2\u00ba d\u00eda de aclimataci\u00f3n\" rel=\"nofollow\">Detalles<\/a>\n\n\t\t<\/div>\n\n\t<\/article>\n\n<\/div>\n<div class=\"wf-cell iso-item category-36\" data-post-id=\"17583\" data-date=\"2003-07-08T23:37:17+00:00\" data-name=\"8 de julio del 2.003, martes. 1\u00ba d\u00eda de aclimataci\u00f3n\">\n\t<article class=\"post post-17583 type-post status-publish format-standard has-post-thumbnail hentry category-caucaso category-36 description-off\">\n\n\t\t\n\t\t\t<div class=\"blog-media wf-td\">\n\n\t\t\t\t<p><a href=\"https:\/\/www.monta\u00f1asdelaluna.es\/?p=17583\" class=\"alignnone rollover layzr-bg\" ><img loading=\"lazy\" decoding=\"async\" class=\"preload-me iso-lazy-load\" src=\"data:image\/svg+xml,%3Csvg%20xmlns%3D&#39;http%3A%2F%2Fwww.w3.org%2F2000%2Fsvg&#39;%20viewBox%3D&#39;0%200%20555%20370&#39;%2F%3E\" data-src=\"https:\/\/www.monta\u00f1asdelaluna.es\/wp-content\/uploads\/2003\/07\/delante-jesus-andujar-quique-joaquin-y-jesus-santana-subiendo-al-couple-cheget-peak-cuando-comienza-a-nevar-555x370.jpg\" data-srcset=\"https:\/\/www.monta\u00f1asdelaluna.es\/wp-content\/uploads\/2003\/07\/delante-jesus-andujar-quique-joaquin-y-jesus-santana-subiendo-al-couple-cheget-peak-cuando-comienza-a-nevar-555x370.jpg 555w, https:\/\/www.monta\u00f1asdelaluna.es\/wp-content\/uploads\/2003\/07\/delante-jesus-andujar-quique-joaquin-y-jesus-santana-subiendo-al-couple-cheget-peak-cuando-comienza-a-nevar-1110x740.jpg 1110w\" alt=\"\" title=\"Delante Jes\u00fas And\u00fajar, Quique, Joaqu\u00edn y Jes\u00fas Santana subiendo al Couple CHeget Peak, cuando comienza a nevar\" width=\"555\" height=\"370\"  \/><\/a><\/p>\n\t\t\t<\/div>\n\n\t\t\n\t\t<div class=\"blog-content wf-td\">\n\t\t\t<h3 class=\"entry-title\"><a href=\"https:\/\/www.monta\u00f1asdelaluna.es\/?p=17583\" title=\"8 de julio del 2.003, martes. 1\u00ba d\u00eda de aclimataci\u00f3n\" rel=\"bookmark\">8 de julio del 2.003, martes. 1\u00ba d\u00eda de aclimataci\u00f3n<\/a><\/h3>\n\n\t\t\t<div class=\"entry-meta\"><span class=\"category-link\"><a href=\"https:\/\/www.monta\u00f1asdelaluna.es\/?cat=36\" rel=\"category\">C\u00e1ucaso<\/a><\/span><a class=\"author vcard\" href=\"https:\/\/www.monta\u00f1asdelaluna.es\/?author=1\" title=\"Ver todas las publicaciones de Joaquin Terres\" rel=\"author\">Por <span class=\"fn\">Joaquin Terres<\/span><\/a><a href=\"https:\/\/www.monta\u00f1asdelaluna.es\/?m=20030708\" title=\"11:37 pm\" class=\"data-link\" rel=\"bookmark\"><time class=\"entry-date updated\" datetime=\"2003-07-08T23:37:17+00:00\">8 julio, 2003<\/time><\/a><a href=\"https:\/\/www.monta\u00f1asdelaluna.es\/?p=17583#respond\" class=\"comment-link\" >Deja un comentario<\/a><\/div><p>[vc_row][vc_column][vc_column_text]Despu\u00e9s de la mala noche anterior nuestro cuerpo se desahoga y descansa tanto que no o\u00edmos el despertador. A las 8:13 Joaqu\u00edn toca en nuestra puerta y nos avisa que el desayuno est\u00e1 servido. Bajamos a desayunar con Oleg. T\u00e9, una papilla dulce y un revuelto con huevo y verduras. Extra\u00f1os productos de la tierra&hellip;<\/p>\n\n<a href=\"https:\/\/www.monta\u00f1asdelaluna.es\/?p=17583\" class=\"details more-link\" aria-label=\"Read more about 8 de julio del 2.003, martes. 1\u00ba d\u00eda de aclimataci\u00f3n\" rel=\"nofollow\">Detalles<\/a>\n\n\t\t<\/div>\n\n\t<\/article>\n\n<\/div>\n<div class=\"wf-cell iso-item category-36\" data-post-id=\"17558\" data-date=\"2003-07-07T18:31:23+00:00\" data-name=\"7 de Julio del 2.003, San Ferm\u00edn, lunes.\">\n\t<article class=\"post post-17558 type-post status-publish format-standard has-post-thumbnail hentry category-caucaso category-36 description-off\">\n\n\t\t\n\t\t\t<div class=\"blog-media wf-td\">\n\n\t\t\t\t<p><a href=\"https:\/\/www.monta\u00f1asdelaluna.es\/?p=17558\" class=\"alignnone rollover layzr-bg\" ><img loading=\"lazy\" decoding=\"async\" class=\"preload-me iso-lazy-load\" src=\"data:image\/svg+xml,%3Csvg%20xmlns%3D&#39;http%3A%2F%2Fwww.w3.org%2F2000%2Fsvg&#39;%20viewBox%3D&#39;0%200%20555%20825&#39;%2F%3E\" data-src=\"https:\/\/www.monta\u00f1asdelaluna.es\/wp-content\/uploads\/2003\/07\/bajo-una-estatua-a-lenin-en-el-valle-de-baksan-de-izquierda-a-derecha-jesus-andujar-joaquin-y-jesus-santana-555x825.jpg\" data-srcset=\"https:\/\/www.monta\u00f1asdelaluna.es\/wp-content\/uploads\/2003\/07\/bajo-una-estatua-a-lenin-en-el-valle-de-baksan-de-izquierda-a-derecha-jesus-andujar-joaquin-y-jesus-santana-555x825.jpg 555w, https:\/\/www.monta\u00f1asdelaluna.es\/wp-content\/uploads\/2003\/07\/bajo-una-estatua-a-lenin-en-el-valle-de-baksan-de-izquierda-a-derecha-jesus-andujar-joaquin-y-jesus-santana-1110x1650.jpg 1110w\" alt=\"\" title=\"Bajo una estatua a Lenin en el Valle de Baksan, de izquierda a derecha: Jes\u00fas And\u00fajar, Joaqu\u00edn y Jes\u00fas Santana\" width=\"555\" height=\"825\"  \/><\/a><\/p>\n\t\t\t<\/div>\n\n\t\t\n\t\t<div class=\"blog-content wf-td\">\n\t\t\t<h3 class=\"entry-title\"><a href=\"https:\/\/www.monta\u00f1asdelaluna.es\/?p=17558\" title=\"7 de Julio del 2.003, San Ferm\u00edn, lunes.\" rel=\"bookmark\">7 de Julio del 2.003, San Ferm\u00edn, lunes.<\/a><\/h3>\n\n\t\t\t<div class=\"entry-meta\"><span class=\"category-link\"><a href=\"https:\/\/www.monta\u00f1asdelaluna.es\/?cat=36\" rel=\"category\">C\u00e1ucaso<\/a><\/span><a class=\"author vcard\" href=\"https:\/\/www.monta\u00f1asdelaluna.es\/?author=1\" title=\"Ver todas las publicaciones de Joaquin Terres\" rel=\"author\">Por <span class=\"fn\">Joaquin Terres<\/span><\/a><a href=\"https:\/\/www.monta\u00f1asdelaluna.es\/?m=20030707\" title=\"6:31 pm\" class=\"data-link\" rel=\"bookmark\"><time class=\"entry-date updated\" datetime=\"2003-07-07T18:31:23+00:00\">7 julio, 2003<\/time><\/a><a href=\"https:\/\/www.monta\u00f1asdelaluna.es\/?p=17558#respond\" class=\"comment-link\" >Deja un comentario<\/a><\/div><p>[vc_row][vc_column][vc_column_text] \u00a0\u00a0\u00a0\u00a0 Despertarse, ducharse y bajar los bultos a recepci\u00f3n. Esperar a Mari Luz. Cambiar de Euros a Rublos. Sacar dinero del cajero. De repente Jes\u00fas A. hecha en falta un sobre con 75.000 pts. en euros. Lo busca nerviosos, vuelve y revuelve la mochila, el petate y la habitaci\u00f3n hasta encontrarlo. Desayuno en el&hellip;<\/p>\n\n<a href=\"https:\/\/www.monta\u00f1asdelaluna.es\/?p=17558\" class=\"details more-link\" aria-label=\"Read more about 7 de Julio del 2.003, San Ferm\u00edn, lunes.\" rel=\"nofollow\">Detalles<\/a>\n\n\t\t<\/div>\n\n\t<\/article>\n\n<\/div>\n<div class=\"wf-cell iso-item category-36\" data-post-id=\"16182\" data-date=\"2003-07-06T19:24:57+00:00\" data-name=\"6 de Julio del 2.003, domingo.\">\n\t<article class=\"post post-16182 type-post status-publish format-standard has-post-thumbnail hentry category-caucaso category-36 description-off\">\n\n\t\t\n\t\t\t<div class=\"blog-media wf-td\">\n\n\t\t\t\t<p><a href=\"https:\/\/www.monta\u00f1asdelaluna.es\/?p=16182\" class=\"alignnone rollover layzr-bg\" ><img loading=\"lazy\" decoding=\"async\" class=\"preload-me iso-lazy-load\" src=\"data:image\/svg+xml,%3Csvg%20xmlns%3D&#39;http%3A%2F%2Fwww.w3.org%2F2000%2Fsvg&#39;%20viewBox%3D&#39;0%200%20555%20369&#39;%2F%3E\" data-src=\"https:\/\/www.monta\u00f1asdelaluna.es\/wp-content\/uploads\/2003\/07\/afueras-de-moscu-555x369.jpg\" data-srcset=\"https:\/\/www.monta\u00f1asdelaluna.es\/wp-content\/uploads\/2003\/07\/afueras-de-moscu-555x369.jpg 555w, https:\/\/www.monta\u00f1asdelaluna.es\/wp-content\/uploads\/2003\/07\/afueras-de-moscu-1110x738.jpg 1110w\" alt=\"\" title=\"Afueras de Mosc\u00fa\" width=\"555\" height=\"369\"  \/><\/a><\/p>\n\t\t\t<\/div>\n\n\t\t\n\t\t<div class=\"blog-content wf-td\">\n\t\t\t<h3 class=\"entry-title\"><a href=\"https:\/\/www.monta\u00f1asdelaluna.es\/?p=16182\" title=\"6 de Julio del 2.003, domingo.\" rel=\"bookmark\">6 de Julio del 2.003, domingo.<\/a><\/h3>\n\n\t\t\t<div class=\"entry-meta\"><span class=\"category-link\"><a href=\"https:\/\/www.monta\u00f1asdelaluna.es\/?cat=36\" rel=\"category\">C\u00e1ucaso<\/a><\/span><a class=\"author vcard\" href=\"https:\/\/www.monta\u00f1asdelaluna.es\/?author=1\" title=\"Ver todas las publicaciones de Joaquin Terres\" rel=\"author\">Por <span class=\"fn\">Joaquin Terres<\/span><\/a><a href=\"https:\/\/www.monta\u00f1asdelaluna.es\/?m=20030706\" title=\"7:24 pm\" class=\"data-link\" rel=\"bookmark\"><time class=\"entry-date updated\" datetime=\"2003-07-06T19:24:57+00:00\">6 julio, 2003<\/time><\/a><a href=\"https:\/\/www.monta\u00f1asdelaluna.es\/?p=16182#respond\" class=\"comment-link\" >Deja un comentario<\/a><\/div><p>[vc_row][vc_column][vc_column_text]Tr\u00e1mites del aeropuerto. Embarcar las maletas\u00a0 pesarlas. Colas, esperas, pasaportes. El avi\u00f3n TU-ISH es una vieja cafetera, tres asientos inc\u00f3modos a cada lado del pasillo. Las azafatas salvo una rubia madurita espl\u00e9ndida, no parecen aut\u00e9nticas azafatas (que desilusi\u00f3n). Hace bastante calor dentro, agobia. Pr\u00e1cticamente, todo el pasaje es ruso, como es normal en un avi\u00f3n&hellip;<\/p>\n\n<a href=\"https:\/\/www.monta\u00f1asdelaluna.es\/?p=16182\" class=\"details more-link\" aria-label=\"Read more about 6 de Julio del 2.003, domingo.\" rel=\"nofollow\">Detalles<\/a>\n\n\t\t<\/div>\n\n\t<\/article>\n\n<\/div>\n<div class=\"wf-cell iso-item category-36\" data-post-id=\"16144\" data-date=\"2003-07-05T16:09:15+00:00\" data-name=\"Elbrus. Realizando una idea\">\n\t<article class=\"post post-16144 type-post status-publish format-standard has-post-thumbnail hentry category-caucaso category-36 description-off\">\n\n\t\t\n\t\t\t<div class=\"blog-media wf-td\">\n\n\t\t\t\t<p><a href=\"https:\/\/www.monta\u00f1asdelaluna.es\/?p=16144\" class=\"alignnone rollover layzr-bg\" ><img loading=\"lazy\" decoding=\"async\" class=\"preload-me iso-lazy-load\" src=\"data:image\/svg+xml,%3Csvg%20xmlns%3D&#39;http%3A%2F%2Fwww.w3.org%2F2000%2Fsvg&#39;%20viewBox%3D&#39;0%200%20555%20416&#39;%2F%3E\" data-src=\"https:\/\/www.monta\u00f1asdelaluna.es\/wp-content\/uploads\/2015\/08\/elbruskarach-555x416.jpg\" data-srcset=\"https:\/\/www.monta\u00f1asdelaluna.es\/wp-content\/uploads\/2015\/08\/elbruskarach-555x416.jpg 555w, https:\/\/www.monta\u00f1asdelaluna.es\/wp-content\/uploads\/2015\/08\/elbruskarach-1110x832.jpg 1110w\" alt=\"\" title=\"OLYMPUS DIGITAL CAMERA\" width=\"555\" height=\"416\"  \/><\/a><\/p>\n\t\t\t<\/div>\n\n\t\t\n\t\t<div class=\"blog-content wf-td\">\n\t\t\t<h3 class=\"entry-title\"><a href=\"https:\/\/www.monta\u00f1asdelaluna.es\/?p=16144\" title=\"Elbrus. Realizando una idea\" rel=\"bookmark\">Elbrus. Realizando una idea<\/a><\/h3>\n\n\t\t\t<div class=\"entry-meta\"><span class=\"category-link\"><a href=\"https:\/\/www.monta\u00f1asdelaluna.es\/?cat=36\" rel=\"category\">C\u00e1ucaso<\/a><\/span><a class=\"author vcard\" href=\"https:\/\/www.monta\u00f1asdelaluna.es\/?author=1\" title=\"Ver todas las publicaciones de Joaquin Terres\" rel=\"author\">Por <span class=\"fn\">Joaquin Terres<\/span><\/a><a href=\"https:\/\/www.monta\u00f1asdelaluna.es\/?m=20030705\" title=\"4:09 pm\" class=\"data-link\" rel=\"bookmark\"><time class=\"entry-date updated\" datetime=\"2003-07-05T16:09:15+00:00\">5 julio, 2003<\/time><\/a><a href=\"https:\/\/www.monta\u00f1asdelaluna.es\/?p=16144#respond\" class=\"comment-link\" >Deja un comentario<\/a><\/div><p>[vc_row][vc_column][vc_column_text]Escrito a mediados del A\u00f1o 2.004: \u201cHace cinco a\u00f1os pensar en subir el Elbrus era una cosa tan lejana, imposible, especial y tan incre\u00edble que nunca hubiera pensado el resultado de una expedici\u00f3n al Caucaso, a Rusia. El mero hecho de ir a Rusia ya era una aut\u00e9ntica aventura, imag\u00ednate ir al Caucaso y subir&hellip;<\/p>\n\n<a href=\"https:\/\/www.monta\u00f1asdelaluna.es\/?p=16144\" class=\"details more-link\" aria-label=\"Read more about Elbrus. Realizando una idea\" rel=\"nofollow\">Detalles<\/a>\n\n\t\t<\/div>\n\n\t<\/article>\n\n<\/div>\n<div class=\"wf-cell iso-item category-76\" data-post-id=\"44588\" data-date=\"2003-05-04T16:47:44+00:00\" data-name=\"Los tres techos de Crevillente\">\n\t<article class=\"post post-44588 type-post status-publish format-standard has-post-thumbnail hentry category-sierra-de-crevillente category-76 description-off\">\n\n\t\t\n\t\t\t<div class=\"blog-media wf-td\">\n\n\t\t\t\t<p><a href=\"https:\/\/www.monta\u00f1asdelaluna.es\/?p=44588\" class=\"alignnone rollover layzr-bg\" ><img loading=\"lazy\" decoding=\"async\" class=\"preload-me iso-lazy-load\" src=\"data:image\/svg+xml,%3Csvg%20xmlns%3D&#39;http%3A%2F%2Fwww.w3.org%2F2000%2Fsvg&#39;%20viewBox%3D&#39;0%200%20555%20371&#39;%2F%3E\" data-src=\"https:\/\/www.monta\u00f1asdelaluna.es\/wp-content\/uploads\/2020\/08\/bajando-del-san-yuri-delante-la-vella-555x371.jpg\" data-srcset=\"https:\/\/www.monta\u00f1asdelaluna.es\/wp-content\/uploads\/2020\/08\/bajando-del-san-yuri-delante-la-vella-555x371.jpg 555w, https:\/\/www.monta\u00f1asdelaluna.es\/wp-content\/uploads\/2020\/08\/bajando-del-san-yuri-delante-la-vella-1110x742.jpg 1110w\" alt=\"\" title=\"Bajando del San Yuri, delante La Vella\" width=\"555\" height=\"371\"  \/><\/a><\/p>\n\t\t\t<\/div>\n\n\t\t\n\t\t<div class=\"blog-content wf-td\">\n\t\t\t<h3 class=\"entry-title\"><a href=\"https:\/\/www.monta\u00f1asdelaluna.es\/?p=44588\" title=\"Los tres techos de Crevillente\" rel=\"bookmark\">Los tres techos de Crevillente<\/a><\/h3>\n\n\t\t\t<div class=\"entry-meta\"><span class=\"category-link\"><a href=\"https:\/\/www.monta\u00f1asdelaluna.es\/?cat=76\" rel=\"category\">Sierra de Crevillente<\/a><\/span><a class=\"author vcard\" href=\"https:\/\/www.monta\u00f1asdelaluna.es\/?author=1\" title=\"Ver todas las publicaciones de Joaquin Terres\" rel=\"author\">Por <span class=\"fn\">Joaquin Terres<\/span><\/a><a href=\"https:\/\/www.monta\u00f1asdelaluna.es\/?m=20030504\" title=\"4:47 pm\" class=\"data-link\" rel=\"bookmark\"><time class=\"entry-date updated\" datetime=\"2003-05-04T16:47:44+00:00\">4 mayo, 2003<\/time><\/a><a href=\"https:\/\/www.monta\u00f1asdelaluna.es\/?p=44588#respond\" class=\"comment-link\" >Deja un comentario<\/a><\/div><p>[vc_row][vc_column][vc_column_text]Ya hac\u00eda unos 15 a\u00f1os que estaba subiendo monta\u00f1as desde que aquella primavera del a\u00f1o 1.988 sal\u00ed por primera vez con mi primo Miguel \u00c1ngel Gonz\u00e1lez. Y que mejor forma de celebrar que segu\u00eda subiendo monta\u00f1as, e incluso grandes monta\u00f1as, que subir aquella cima, aquel pico que sub\u00ed siendo mi primera monta\u00f1a: El Crevillente; La&hellip;<\/p>\n\n<a href=\"https:\/\/www.monta\u00f1asdelaluna.es\/?p=44588\" class=\"details more-link\" aria-label=\"Read more about Los tres techos de Crevillente\" rel=\"nofollow\">Detalles<\/a>\n\n\t\t<\/div>\n\n\t<\/article>\n\n<\/div>\n<div class=\"wf-cell iso-item category-125\" data-post-id=\"28595\" data-date=\"2003-04-17T18:03:50+00:00\" data-name=\"Perdiguero invernal desde la Caba\u00f1a de La Coma\">\n\t<article class=\"post post-28595 type-post status-publish format-standard has-post-thumbnail hentry category-valle-del-esera category-125 description-off\">\n\n\t\t\n\t\t\t<div class=\"blog-media wf-td\">\n\n\t\t\t\t<p><a href=\"https:\/\/www.monta\u00f1asdelaluna.es\/?p=28595\" class=\"alignnone rollover layzr-bg\" ><img loading=\"lazy\" decoding=\"async\" class=\"preload-me iso-lazy-load\" src=\"data:image\/svg+xml,%3Csvg%20xmlns%3D&#39;http%3A%2F%2Fwww.w3.org%2F2000%2Fsvg&#39;%20viewBox%3D&#39;0%200%20555%20404&#39;%2F%3E\" data-src=\"https:\/\/www.monta\u00f1asdelaluna.es\/wp-content\/uploads\/2016\/04\/2003Perdiguero35-001-555x404.jpg\" data-srcset=\"https:\/\/www.monta\u00f1asdelaluna.es\/wp-content\/uploads\/2016\/04\/2003Perdiguero35-001-555x404.jpg 555w, https:\/\/www.monta\u00f1asdelaluna.es\/wp-content\/uploads\/2016\/04\/2003Perdiguero35-001-1110x808.jpg 1110w\" alt=\"\" title=\"Tucas d&#8217;Ixeia\" width=\"555\" height=\"404\"  \/><\/a><\/p>\n\t\t\t<\/div>\n\n\t\t\n\t\t<div class=\"blog-content wf-td\">\n\t\t\t<h3 class=\"entry-title\"><a href=\"https:\/\/www.monta\u00f1asdelaluna.es\/?p=28595\" title=\"Perdiguero invernal desde la Caba\u00f1a de La Coma\" rel=\"bookmark\">Perdiguero invernal desde la Caba\u00f1a de La Coma<\/a><\/h3>\n\n\t\t\t<div class=\"entry-meta\"><span class=\"category-link\"><a href=\"https:\/\/www.monta\u00f1asdelaluna.es\/?cat=125\" rel=\"category\">Valle del \u00c9sera<\/a><\/span><a class=\"author vcard\" href=\"https:\/\/www.monta\u00f1asdelaluna.es\/?author=1\" title=\"Ver todas las publicaciones de Joaquin Terres\" rel=\"author\">Por <span class=\"fn\">Joaquin Terres<\/span><\/a><a href=\"https:\/\/www.monta\u00f1asdelaluna.es\/?m=20030417\" title=\"6:03 pm\" class=\"data-link\" rel=\"bookmark\"><time class=\"entry-date updated\" datetime=\"2003-04-17T18:03:50+00:00\">17 abril, 2003<\/time><\/a><a href=\"https:\/\/www.monta\u00f1asdelaluna.es\/?p=28595#respond\" class=\"comment-link\" >Deja un comentario<\/a><\/div><p>[vc_row][vc_column][vc_column_text]Tanto me gust\u00f3 la experiencia vivida, el valle y las monta\u00f1as cercanas a Est\u00f3s, que al a\u00f1o siguiente suger\u00ed al Centro ir en el viaje de Semana Santa a este bonito lugar. Y as\u00ed hicimos. En la Semana Santa del dos mil tres fletamos el acostumbrado autob\u00fas al Pirineo; esta vez al Valle de Benasque,&hellip;<\/p>\n\n<a href=\"https:\/\/www.monta\u00f1asdelaluna.es\/?p=28595\" class=\"details more-link\" aria-label=\"Read more about Perdiguero invernal desde la Caba\u00f1a de La Coma\" rel=\"nofollow\">Detalles<\/a>\n\n\t\t<\/div>\n\n\t<\/article>\n\n<\/div>\n<div class=\"wf-cell iso-item category-126\" data-post-id=\"27664\" data-date=\"2003-02-15T06:54:12+00:00\" data-name=\"Valle de Pineta. Concierto de aludes\">\n\t<article class=\"post post-27664 type-post status-publish format-standard has-post-thumbnail hentry category-valle-del-cinca category-126 description-off\">\n\n\t\t\n\t\t\t<div class=\"blog-media wf-td\">\n\n\t\t\t\t<p><a href=\"https:\/\/www.monta\u00f1asdelaluna.es\/?p=27664\" class=\"alignnone rollover layzr-bg\" ><img loading=\"lazy\" decoding=\"async\" class=\"preload-me iso-lazy-load\" src=\"data:image\/svg+xml,%3Csvg%20xmlns%3D&#39;http%3A%2F%2Fwww.w3.org%2F2000%2Fsvg&#39;%20viewBox%3D&#39;0%200%20555%20202&#39;%2F%3E\" data-src=\"https:\/\/www.monta\u00f1asdelaluna.es\/wp-content\/uploads\/2003\/02\/saliendo-del-valle-de-ainsa-de-izquierda-a-derecha-gabietos-taillon-el-casco-la-torre-picos-de-la-cascada-cilindro-monte-perdido-soum-de-ramond-punta-de-las-olas-collado-de-anisclo-sierra-555x202.jpg\" data-srcset=\"https:\/\/www.monta\u00f1asdelaluna.es\/wp-content\/uploads\/2003\/02\/saliendo-del-valle-de-ainsa-de-izquierda-a-derecha-gabietos-taillon-el-casco-la-torre-picos-de-la-cascada-cilindro-monte-perdido-soum-de-ramond-punta-de-las-olas-collado-de-anisclo-sierra-555x202.jpg 555w, https:\/\/www.monta\u00f1asdelaluna.es\/wp-content\/uploads\/2003\/02\/saliendo-del-valle-de-ainsa-de-izquierda-a-derecha-gabietos-taillon-el-casco-la-torre-picos-de-la-cascada-cilindro-monte-perdido-soum-de-ramond-punta-de-las-olas-collado-de-anisclo-sierra-1110x404.jpg 1110w\" alt=\"\" title=\"Saliendo del valle de A\u00ednsa, de izquierda a derecha: Gabietos, Taill\u00f3n, El Casco, La Torre, Picos de La Cascada, Cilindro, Monte Perdido, Soum de Ramond, Punta de las Olas, Collado de A\u00f1isclo, Sierra de Las Tucas y macizo de La Munia. A la derecha m\u00e1s cerca la Pe\u00f1a Monta\u00f1esa\" width=\"555\" height=\"202\"  \/><\/a><\/p>\n\t\t\t<\/div>\n\n\t\t\n\t\t<div class=\"blog-content wf-td\">\n\t\t\t<h3 class=\"entry-title\"><a href=\"https:\/\/www.monta\u00f1asdelaluna.es\/?p=27664\" title=\"Valle de Pineta. Concierto de aludes\" rel=\"bookmark\">Valle de Pineta. Concierto de aludes<\/a><\/h3>\n\n\t\t\t<div class=\"entry-meta\"><span class=\"category-link\"><a href=\"https:\/\/www.monta\u00f1asdelaluna.es\/?cat=126\" rel=\"category\">Valle del Cinca<\/a><\/span><a class=\"author vcard\" href=\"https:\/\/www.monta\u00f1asdelaluna.es\/?author=1\" title=\"Ver todas las publicaciones de Joaquin Terres\" rel=\"author\">Por <span class=\"fn\">Joaquin Terres<\/span><\/a><a href=\"https:\/\/www.monta\u00f1asdelaluna.es\/?m=20030215\" title=\"6:54 am\" class=\"data-link\" rel=\"bookmark\"><time class=\"entry-date updated\" datetime=\"2003-02-15T06:54:12+00:00\">15 febrero, 2003<\/time><\/a><a href=\"https:\/\/www.monta\u00f1asdelaluna.es\/?p=27664#respond\" class=\"comment-link\" >Deja un comentario<\/a><\/div><p>[vc_row][vc_column][vc_column_text]Aprovechando las vacaciones invernales de carnavales que alguien invent\u00f3 hace tiempo y que llamaron Semana Blanca, siempre para los profesores, claro; nos dirigimos mi, desde hace pocos a\u00f1os, nuevo compa\u00f1ero de monta\u00f1as Jes\u00fas Santana y yo al m\u00edtico Valle de Pineta. Creo que, al igual que el anterior a\u00f1o que vine, el objetivo era subir&hellip;<\/p>\n\n<a href=\"https:\/\/www.monta\u00f1asdelaluna.es\/?p=27664\" class=\"details more-link\" aria-label=\"Read more about Valle de Pineta. Concierto de aludes\" rel=\"nofollow\">Detalles<\/a>\n\n\t\t<\/div>\n\n\t<\/article>\n\n<\/div>\n<div class=\"wf-cell iso-item category-83\" data-post-id=\"44314\" data-date=\"2003-01-26T14:47:09+00:00\" data-name=\"El invierno de Sierra Aitana\">\n\t<article class=\"post post-44314 type-post status-publish format-standard has-post-thumbnail hentry category-aitana-y-puig-campana category-83 description-off\">\n\n\t\t\n\t\t\t<div class=\"blog-media wf-td\">\n\n\t\t\t\t<p><a href=\"https:\/\/www.monta\u00f1asdelaluna.es\/?p=44314\" class=\"alignnone rollover layzr-bg\" ><img loading=\"lazy\" decoding=\"async\" class=\"preload-me iso-lazy-load\" src=\"data:image\/svg+xml,%3Csvg%20xmlns%3D&#39;http%3A%2F%2Fwww.w3.org%2F2000%2Fsvg&#39;%20viewBox%3D&#39;0%200%20555%20367&#39;%2F%3E\" data-src=\"https:\/\/www.monta\u00f1asdelaluna.es\/wp-content\/uploads\/2020\/07\/delante-el-morro-de-pinareta-castell-de-confrides-a-la-derecha-el-morro-de-les-moles-en-el-centro-y-las-paredes-de-partagat-a-la-izquierda-555x367.jpg\" data-srcset=\"https:\/\/www.monta\u00f1asdelaluna.es\/wp-content\/uploads\/2020\/07\/delante-el-morro-de-pinareta-castell-de-confrides-a-la-derecha-el-morro-de-les-moles-en-el-centro-y-las-paredes-de-partagat-a-la-izquierda-555x367.jpg 555w, https:\/\/www.monta\u00f1asdelaluna.es\/wp-content\/uploads\/2020\/07\/delante-el-morro-de-pinareta-castell-de-confrides-a-la-derecha-el-morro-de-les-moles-en-el-centro-y-las-paredes-de-partagat-a-la-izquierda-1110x734.jpg 1110w\" alt=\"\" title=\"Delante el Morro de Pinareta, Castell de Confrides a la derecha, el Morro de Les Moles en el centro y las paredes de Partagat a la izquierda\" width=\"555\" height=\"367\"  \/><\/a><\/p>\n\t\t\t<\/div>\n\n\t\t\n\t\t<div class=\"blog-content wf-td\">\n\t\t\t<h3 class=\"entry-title\"><a href=\"https:\/\/www.monta\u00f1asdelaluna.es\/?p=44314\" title=\"El invierno de Sierra Aitana\" rel=\"bookmark\">El invierno de Sierra Aitana<\/a><\/h3>\n\n\t\t\t<div class=\"entry-meta\"><span class=\"category-link\"><a href=\"https:\/\/www.monta\u00f1asdelaluna.es\/?cat=83\" rel=\"category\">Aitana y Puig Campana<\/a><\/span><a class=\"author vcard\" href=\"https:\/\/www.monta\u00f1asdelaluna.es\/?author=1\" title=\"Ver todas las publicaciones de Joaquin Terres\" rel=\"author\">Por <span class=\"fn\">Joaquin Terres<\/span><\/a><a href=\"https:\/\/www.monta\u00f1asdelaluna.es\/?m=20030126\" title=\"2:47 pm\" class=\"data-link\" rel=\"bookmark\"><time class=\"entry-date updated\" datetime=\"2003-01-26T14:47:09+00:00\">26 enero, 2003<\/time><\/a><a href=\"https:\/\/www.monta\u00f1asdelaluna.es\/?p=44314#respond\" class=\"comment-link\" >Deja un comentario<\/a><\/div><p>[vc_row][vc_column][vc_column_text]A pesar de ser la monta\u00f1a y sierra m\u00e1s alta de Alicante, no fue un objetivo en aquellas excursiones y salidas domingueras que hac\u00eda con mi primo Miguel \u00c1ngel Gonz\u00e1lez. Creo que alguna vez le pregunt\u00e9 si ir\u00edamos a Sierra Aitana, al techo de Alicante, no recuerdo bien la respuesta pero ir\u00eda por estos derroteros:&hellip;<\/p>\n\n<a href=\"https:\/\/www.monta\u00f1asdelaluna.es\/?p=44314\" class=\"details more-link\" aria-label=\"Read more about El invierno de Sierra Aitana\" rel=\"nofollow\">Detalles<\/a>\n\n\t\t<\/div>\n\n\t<\/article>\n\n<\/div>\n<div class=\"wf-cell iso-item category-99\" data-post-id=\"44265\" data-date=\"2003-01-12T09:40:29+00:00\" data-name=\"El Carche. M\u00e1s all\u00e1 de La Pila\">\n\t<article class=\"post post-44265 type-post status-publish format-standard has-post-thumbnail hentry category-murcia category-99 description-off\">\n\n\t\t\n\t\t\t<div class=\"blog-media wf-td\">\n\n\t\t\t\t<p><a href=\"https:\/\/www.monta\u00f1asdelaluna.es\/?p=44265\" class=\"alignnone rollover layzr-bg\" ><img loading=\"lazy\" decoding=\"async\" class=\"preload-me iso-lazy-load\" src=\"data:image\/svg+xml,%3Csvg%20xmlns%3D&#39;http%3A%2F%2Fwww.w3.org%2F2000%2Fsvg&#39;%20viewBox%3D&#39;0%200%20555%20367&#39;%2F%3E\" data-src=\"https:\/\/www.monta\u00f1asdelaluna.es\/wp-content\/uploads\/2020\/07\/una-de-las-cimas-del-carche-555x367.jpg\" data-srcset=\"https:\/\/www.monta\u00f1asdelaluna.es\/wp-content\/uploads\/2020\/07\/una-de-las-cimas-del-carche-555x367.jpg 555w, https:\/\/www.monta\u00f1asdelaluna.es\/wp-content\/uploads\/2020\/07\/una-de-las-cimas-del-carche-1110x734.jpg 1110w\" alt=\"\" title=\"Una de las cimas del Carche\" width=\"555\" height=\"367\"  \/><\/a><\/p>\n\t\t\t<\/div>\n\n\t\t\n\t\t<div class=\"blog-content wf-td\">\n\t\t\t<h3 class=\"entry-title\"><a href=\"https:\/\/www.monta\u00f1asdelaluna.es\/?p=44265\" title=\"El Carche. M\u00e1s all\u00e1 de La Pila\" rel=\"bookmark\">El Carche. M\u00e1s all\u00e1 de La Pila<\/a><\/h3>\n\n\t\t\t<div class=\"entry-meta\"><span class=\"category-link\"><a href=\"https:\/\/www.monta\u00f1asdelaluna.es\/?cat=99\" rel=\"category\">Murcia<\/a><\/span><a class=\"author vcard\" href=\"https:\/\/www.monta\u00f1asdelaluna.es\/?author=1\" title=\"Ver todas las publicaciones de Joaquin Terres\" rel=\"author\">Por <span class=\"fn\">Joaquin Terres<\/span><\/a><a href=\"https:\/\/www.monta\u00f1asdelaluna.es\/?m=20030112\" title=\"9:40 am\" class=\"data-link\" rel=\"bookmark\"><time class=\"entry-date updated\" datetime=\"2003-01-12T09:40:29+00:00\">12 enero, 2003<\/time><\/a><a href=\"https:\/\/www.monta\u00f1asdelaluna.es\/?p=44265#respond\" class=\"comment-link\" >Deja un comentario<\/a><\/div><p>[vc_row][vc_column][vc_column_text]Recuerdo la primera vez que mi primo Miguel \u00c1ngel Gonz\u00e1lez me llev\u00f3 a El Carche. Creo que tambi\u00e9n fue su primera vez. Seguramente mir\u00f3 uno de sus mapas cartogr\u00e1ficos militares que se compraban en un lugar concreto de Alicante. All\u00ed se fij\u00f3 en un camino que sal\u00eda de la carretera que un\u00eda Pinoso con Jumilla,&hellip;<\/p>\n\n<a href=\"https:\/\/www.monta\u00f1asdelaluna.es\/?p=44265\" class=\"details more-link\" aria-label=\"Read more about El Carche. M\u00e1s all\u00e1 de La Pila\" rel=\"nofollow\">Detalles<\/a>\n\n\t\t<\/div>\n\n\t<\/article>\n\n<\/div>\n<div class=\"wf-cell iso-item category-84\" data-post-id=\"44229\" data-date=\"2002-12-15T09:40:36+00:00\" data-name=\"La Mallada del Llop y el Pla de La Casa, las primeras cimas en La Serrella\">\n\t<article class=\"post post-44229 type-post status-publish format-standard has-post-thumbnail hentry category-la-serrella-y-laixorta category-84 description-off\">\n\n\t\t\n\t\t\t<div class=\"blog-media wf-td\">\n\n\t\t\t\t<p><a href=\"https:\/\/www.monta\u00f1asdelaluna.es\/?p=44229\" class=\"alignnone rollover layzr-bg\" ><img loading=\"lazy\" decoding=\"async\" class=\"preload-me iso-lazy-load\" src=\"data:image\/svg+xml,%3Csvg%20xmlns%3D&#39;http%3A%2F%2Fwww.w3.org%2F2000%2Fsvg&#39;%20viewBox%3D&#39;0%200%20555%20370&#39;%2F%3E\" data-src=\"https:\/\/www.monta\u00f1asdelaluna.es\/wp-content\/uploads\/2020\/07\/Serrella2002-10-001-555x370.jpg\" data-srcset=\"https:\/\/www.monta\u00f1asdelaluna.es\/wp-content\/uploads\/2020\/07\/Serrella2002-10-001-555x370.jpg 555w, https:\/\/www.monta\u00f1asdelaluna.es\/wp-content\/uploads\/2020\/07\/Serrella2002-10-001-1110x740.jpg 1110w\" alt=\"\" title=\"Camino del Pla de La Casa desde La Mallada del Llop, dicho pico delante, al fondo derecha Sierra Mariola con El Montcabrer su pico m\u00e1s alto, y delante a la derecha Regall\" width=\"555\" height=\"370\"  \/><\/a><\/p>\n\t\t\t<\/div>\n\n\t\t\n\t\t<div class=\"blog-content wf-td\">\n\t\t\t<h3 class=\"entry-title\"><a href=\"https:\/\/www.monta\u00f1asdelaluna.es\/?p=44229\" title=\"La Mallada del Llop y el Pla de La Casa, las primeras cimas en La Serrella\" rel=\"bookmark\">La Mallada del Llop y el Pla de La Casa, las primeras cimas en La Serrella<\/a><\/h3>\n\n\t\t\t<div class=\"entry-meta\"><span class=\"category-link\"><a href=\"https:\/\/www.monta\u00f1asdelaluna.es\/?cat=84\" rel=\"category\">La Serrella y L'Aixort\u00e0<\/a><\/span><a class=\"author vcard\" href=\"https:\/\/www.monta\u00f1asdelaluna.es\/?author=1\" title=\"Ver todas las publicaciones de Joaquin Terres\" rel=\"author\">Por <span class=\"fn\">Joaquin Terres<\/span><\/a><a href=\"https:\/\/www.monta\u00f1asdelaluna.es\/?m=20021215\" title=\"9:40 am\" class=\"data-link\" rel=\"bookmark\"><time class=\"entry-date updated\" datetime=\"2002-12-15T09:40:36+00:00\">15 diciembre, 2002<\/time><\/a><a href=\"https:\/\/www.monta\u00f1asdelaluna.es\/?p=44229#respond\" class=\"comment-link\" >Deja un comentario<\/a><\/div><p>[vc_row][vc_column][vc_column_text]Creo que no era la primera vez que visitaba La Serrella con Jes\u00fas Santana, el culpable de ense\u00f1arme muchas monta\u00f1as y sierras alicantinas que no llegu\u00e9 a visitar o recorrerme con mi primo Miguel \u00c1ngel Gonz\u00e1lez, seguramente por su lejan\u00eda. Y me parece recordar, aunque no la tengo documentada con fotograf\u00edas, que la primera cima&hellip;<\/p>\n\n<a href=\"https:\/\/www.monta\u00f1asdelaluna.es\/?p=44229\" class=\"details more-link\" aria-label=\"Read more about La Mallada del Llop y el Pla de La Casa, las primeras cimas en La Serrella\" rel=\"nofollow\">Detalles<\/a>\n\n\t\t<\/div>\n\n\t<\/article>\n\n<\/div>\n<div class=\"wf-cell iso-item category-103\" data-post-id=\"44021\" data-date=\"2002-10-09T14:17:42+00:00\" data-name=\"El Alcazaba desde 7 Lagunas\">\n\t<article class=\"post post-44021 type-post status-publish format-standard has-post-thumbnail hentry category-ascensiones-y-recorridos category-103 description-off\">\n\n\t\t\n\t\t\t<div class=\"blog-media wf-td\">\n\n\t\t\t\t<p><a href=\"https:\/\/www.monta\u00f1asdelaluna.es\/?p=44021\" class=\"alignnone rollover layzr-bg\" ><img loading=\"lazy\" decoding=\"async\" class=\"preload-me iso-lazy-load\" src=\"data:image\/svg+xml,%3Csvg%20xmlns%3D&#39;http%3A%2F%2Fwww.w3.org%2F2000%2Fsvg&#39;%20viewBox%3D&#39;0%200%20555%20372&#39;%2F%3E\" data-src=\"https:\/\/www.monta\u00f1asdelaluna.es\/wp-content\/uploads\/2020\/07\/bajando-de-la-cima-del-alcazaba-seguido-el-puntal-de-la-cornisa-y-detras-el-mulhacen-con-su-cara-norte-555x372.jpg\" data-srcset=\"https:\/\/www.monta\u00f1asdelaluna.es\/wp-content\/uploads\/2020\/07\/bajando-de-la-cima-del-alcazaba-seguido-el-puntal-de-la-cornisa-y-detras-el-mulhacen-con-su-cara-norte-555x372.jpg 555w, https:\/\/www.monta\u00f1asdelaluna.es\/wp-content\/uploads\/2020\/07\/bajando-de-la-cima-del-alcazaba-seguido-el-puntal-de-la-cornisa-y-detras-el-mulhacen-con-su-cara-norte-1110x744.jpg 1110w\" alt=\"\" title=\"Bajando de la cima del Alcazaba, seguido el Puntal de La Cornisa y detr\u00e1s el Mulhac\u00e9n con su cara norte\" width=\"555\" height=\"372\"  \/><\/a><\/p>\n\t\t\t<\/div>\n\n\t\t\n\t\t<div class=\"blog-content wf-td\">\n\t\t\t<h3 class=\"entry-title\"><a href=\"https:\/\/www.monta\u00f1asdelaluna.es\/?p=44021\" title=\"El Alcazaba desde 7 Lagunas\" rel=\"bookmark\">El Alcazaba desde 7 Lagunas<\/a><\/h3>\n\n\t\t\t<div class=\"entry-meta\"><span class=\"category-link\"><a href=\"https:\/\/www.monta\u00f1asdelaluna.es\/?cat=103\" rel=\"category\">Ascensiones y recorridos<\/a><\/span><a class=\"author vcard\" href=\"https:\/\/www.monta\u00f1asdelaluna.es\/?author=1\" title=\"Ver todas las publicaciones de Joaquin Terres\" rel=\"author\">Por <span class=\"fn\">Joaquin Terres<\/span><\/a><a href=\"https:\/\/www.monta\u00f1asdelaluna.es\/?m=20021009\" title=\"2:17 pm\" class=\"data-link\" rel=\"bookmark\"><time class=\"entry-date updated\" datetime=\"2002-10-09T14:17:42+00:00\">9 octubre, 2002<\/time><\/a><a href=\"https:\/\/www.monta\u00f1asdelaluna.es\/?p=44021#respond\" class=\"comment-link\" >Deja un comentario<\/a><\/div><p>[vc_row][vc_column][vc_column_text]Despu\u00e9s de aquella intentona invernal el pasado mes de marzo acampados junto a la Laguna Hondera en 7 Lagunas, en oto\u00f1o del mismo a\u00f1o, exactamente en el puente del 12 de octubre, organizamos una salida con un numeroso grupo de compa\u00f1eros del Centro Excursionista Almorad\u00ed al mismo lugar. 7 Lagunas y las cimas que pod\u00edamos&hellip;<\/p>\n\n<a href=\"https:\/\/www.monta\u00f1asdelaluna.es\/?p=44021\" class=\"details more-link\" aria-label=\"Read more about El Alcazaba desde 7 Lagunas\" rel=\"nofollow\">Detalles<\/a>\n\n\t\t<\/div>\n\n\t<\/article>\n\n<\/div>\n<div class=\"wf-cell iso-item category-38\" data-post-id=\"17546\" data-date=\"2002-07-25T16:44:47+00:00\" data-name=\"Mont Blanc. Resto del viaje\">\n\t<article class=\"post post-17546 type-post status-publish format-standard has-post-thumbnail hentry category-montblanc category-38 description-off\">\n\n\t\t\n\t\t\t<div class=\"blog-media wf-td\">\n\n\t\t\t\t<p><a href=\"https:\/\/www.monta\u00f1asdelaluna.es\/?p=17546\" class=\"alignnone rollover layzr-bg\" ><img loading=\"lazy\" decoding=\"async\" class=\"preload-me iso-lazy-load\" src=\"data:image\/svg+xml,%3Csvg%20xmlns%3D&#39;http%3A%2F%2Fwww.w3.org%2F2000%2Fsvg&#39;%20viewBox%3D&#39;0%200%20555%20371&#39;%2F%3E\" data-src=\"https:\/\/www.monta\u00f1asdelaluna.es\/wp-content\/uploads\/2002\/07\/el-cervino-matterhorn-desde-zermatt-555x371.jpg\" data-srcset=\"https:\/\/www.monta\u00f1asdelaluna.es\/wp-content\/uploads\/2002\/07\/el-cervino-matterhorn-desde-zermatt-555x371.jpg 555w, https:\/\/www.monta\u00f1asdelaluna.es\/wp-content\/uploads\/2002\/07\/el-cervino-matterhorn-desde-zermatt-1110x742.jpg 1110w\" alt=\"\" title=\"El Cervino, Matterhorn, desde Zermatt\" width=\"555\" height=\"371\"  \/><\/a><\/p>\n\t\t\t<\/div>\n\n\t\t\n\t\t<div class=\"blog-content wf-td\">\n\t\t\t<h3 class=\"entry-title\"><a href=\"https:\/\/www.monta\u00f1asdelaluna.es\/?p=17546\" title=\"Mont Blanc. Resto del viaje\" rel=\"bookmark\">Mont Blanc. Resto del viaje<\/a><\/h3>\n\n\t\t\t<div class=\"entry-meta\"><span class=\"category-link\"><a href=\"https:\/\/www.monta\u00f1asdelaluna.es\/?cat=38\" rel=\"category\">Montblanc<\/a><\/span><a class=\"author vcard\" href=\"https:\/\/www.monta\u00f1asdelaluna.es\/?author=1\" title=\"Ver todas las publicaciones de Joaquin Terres\" rel=\"author\">Por <span class=\"fn\">Joaquin Terres<\/span><\/a><a href=\"https:\/\/www.monta\u00f1asdelaluna.es\/?m=20020725\" title=\"4:44 pm\" class=\"data-link\" rel=\"bookmark\"><time class=\"entry-date updated\" datetime=\"2002-07-25T16:44:47+00:00\">25 julio, 2002<\/time><\/a><a href=\"https:\/\/www.monta\u00f1asdelaluna.es\/?p=17546#respond\" class=\"comment-link\" >Deja un comentario<\/a><\/div><p>[vc_row][vc_column][vc_column_text]Al otro d\u00eda mal tiempo. No llov\u00eda a\u00fan pero el cielo estaba totalmente encapotado. No se ve\u00eda nada del macizo del Mont Blanc a m\u00e1s de tres mil, tres mil quinientos metros. Era d\u00eda para hacer algunas visitas por CHamonix y el valle, hacer las compras para reabastecernos y descansar. As\u00ed pues decidimos visitar alg\u00fan&hellip;<\/p>\n\n<a href=\"https:\/\/www.monta\u00f1asdelaluna.es\/?p=17546\" class=\"details more-link\" aria-label=\"Read more about Mont Blanc. Resto del viaje\" rel=\"nofollow\">Detalles<\/a>\n\n\t\t<\/div>\n\n\t<\/article>\n\n<\/div>\n<div class=\"wf-cell iso-item category-38\" data-post-id=\"17534\" data-date=\"2002-07-24T16:15:16+00:00\" data-name=\"24 de julio del 2.002, mi\u00e9rcoles\">\n\t<article class=\"post post-17534 type-post status-publish format-standard has-post-thumbnail hentry category-montblanc category-38 description-off\">\n\n\t\t\n\t\t\t<div class=\"blog-media wf-td\">\n\n\t\t\t\t<p><a href=\"https:\/\/www.monta\u00f1asdelaluna.es\/?p=17534\" class=\"alignnone rollover layzr-bg\" ><img loading=\"lazy\" decoding=\"async\" class=\"preload-me iso-lazy-load\" src=\"data:image\/svg+xml,%3Csvg%20xmlns%3D&#39;http%3A%2F%2Fwww.w3.org%2F2000%2Fsvg&#39;%20viewBox%3D&#39;0%200%20555%20369&#39;%2F%3E\" data-src=\"https:\/\/www.monta\u00f1asdelaluna.es\/wp-content\/uploads\/2002\/07\/aiguille-du-gouter-3-863-mts-bajando-a-chamonix-555x369.jpg\" data-srcset=\"https:\/\/www.monta\u00f1asdelaluna.es\/wp-content\/uploads\/2002\/07\/aiguille-du-gouter-3-863-mts-bajando-a-chamonix-555x369.jpg 555w, https:\/\/www.monta\u00f1asdelaluna.es\/wp-content\/uploads\/2002\/07\/aiguille-du-gouter-3-863-mts-bajando-a-chamonix-1110x738.jpg 1110w\" alt=\"\" title=\"Aiguille du Go\u00fbter, 3.863 mts, bajando a CHamonix\" width=\"555\" height=\"369\"  \/><\/a><\/p>\n\t\t\t<\/div>\n\n\t\t\n\t\t<div class=\"blog-content wf-td\">\n\t\t\t<h3 class=\"entry-title\"><a href=\"https:\/\/www.monta\u00f1asdelaluna.es\/?p=17534\" title=\"24 de julio del 2.002, mi\u00e9rcoles\" rel=\"bookmark\">24 de julio del 2.002, mi\u00e9rcoles<\/a><\/h3>\n\n\t\t\t<div class=\"entry-meta\"><span class=\"category-link\"><a href=\"https:\/\/www.monta\u00f1asdelaluna.es\/?cat=38\" rel=\"category\">Montblanc<\/a><\/span><a class=\"author vcard\" href=\"https:\/\/www.monta\u00f1asdelaluna.es\/?author=1\" title=\"Ver todas las publicaciones de Joaquin Terres\" rel=\"author\">Por <span class=\"fn\">Joaquin Terres<\/span><\/a><a href=\"https:\/\/www.monta\u00f1asdelaluna.es\/?m=20020724\" title=\"4:15 pm\" class=\"data-link\" rel=\"bookmark\"><time class=\"entry-date updated\" datetime=\"2002-07-24T16:15:16+00:00\">24 julio, 2002<\/time><\/a><a href=\"https:\/\/www.monta\u00f1asdelaluna.es\/?p=17534#respond\" class=\"comment-link\" >Deja un comentario<\/a><\/div><p>[vc_row][vc_column][vc_column_text]Abro los ojos. A\u00fan es de d\u00eda. Parece que solo han pasado unos minutos. Me quedo quieto en mi calentito y c\u00f3modo saco de plumas. Pero parece que ocurre algo raro, da la impresi\u00f3n de que la claridad del d\u00eda es mayor \u00a1Que raro! Al poco tiempo oigo la voz de Quique que desde la&hellip;<\/p>\n\n<a href=\"https:\/\/www.monta\u00f1asdelaluna.es\/?p=17534\" class=\"details more-link\" aria-label=\"Read more about 24 de julio del 2.002, mi\u00e9rcoles\" rel=\"nofollow\">Detalles<\/a>\n\n\t\t<\/div>\n\n\t<\/article>\n\n<\/div>\n<div class=\"wf-cell iso-item category-38\" data-post-id=\"17519\" data-date=\"2002-07-23T15:32:41+00:00\" data-name=\"23 de julio del 2.002, martes\">\n\t<article class=\"post post-17519 type-post status-publish format-standard has-post-thumbnail hentry category-montblanc category-38 description-off\">\n\n\t\t\n\t\t\t<div class=\"blog-media wf-td\">\n\n\t\t\t\t<p><a href=\"https:\/\/www.monta\u00f1asdelaluna.es\/?p=17519\" class=\"alignnone rollover layzr-bg\" ><img loading=\"lazy\" decoding=\"async\" class=\"preload-me iso-lazy-load\" src=\"data:image\/svg+xml,%3Csvg%20xmlns%3D&#39;http%3A%2F%2Fwww.w3.org%2F2000%2Fsvg&#39;%20viewBox%3D&#39;0%200%20555%20372&#39;%2F%3E\" data-src=\"https:\/\/www.monta\u00f1asdelaluna.es\/wp-content\/uploads\/2002\/07\/quique-bajando-a-la-aiguille-du-gouter-delante-la-aiguille-du-bionnassay-555x372.jpg\" data-srcset=\"https:\/\/www.monta\u00f1asdelaluna.es\/wp-content\/uploads\/2002\/07\/quique-bajando-a-la-aiguille-du-gouter-delante-la-aiguille-du-bionnassay-555x372.jpg 555w, https:\/\/www.monta\u00f1asdelaluna.es\/wp-content\/uploads\/2002\/07\/quique-bajando-a-la-aiguille-du-gouter-delante-la-aiguille-du-bionnassay-1110x744.jpg 1110w\" alt=\"\" title=\"Quique bajando a la Aiguille du Go\u00fbter, delante la Aiguille du Bionnassay\" width=\"555\" height=\"372\"  \/><\/a><\/p>\n\t\t\t<\/div>\n\n\t\t\n\t\t<div class=\"blog-content wf-td\">\n\t\t\t<h3 class=\"entry-title\"><a href=\"https:\/\/www.monta\u00f1asdelaluna.es\/?p=17519\" title=\"23 de julio del 2.002, martes\" rel=\"bookmark\">23 de julio del 2.002, martes<\/a><\/h3>\n\n\t\t\t<div class=\"entry-meta\"><span class=\"category-link\"><a href=\"https:\/\/www.monta\u00f1asdelaluna.es\/?cat=38\" rel=\"category\">Montblanc<\/a><\/span><a class=\"author vcard\" href=\"https:\/\/www.monta\u00f1asdelaluna.es\/?author=1\" title=\"Ver todas las publicaciones de Joaquin Terres\" rel=\"author\">Por <span class=\"fn\">Joaquin Terres<\/span><\/a><a href=\"https:\/\/www.monta\u00f1asdelaluna.es\/?m=20020723\" title=\"3:32 pm\" class=\"data-link\" rel=\"bookmark\"><time class=\"entry-date updated\" datetime=\"2002-07-23T15:32:41+00:00\">23 julio, 2002<\/time><\/a><a href=\"https:\/\/www.monta\u00f1asdelaluna.es\/?p=17519#respond\" class=\"comment-link\" >Deja un comentario<\/a><\/div><p>[vc_row][vc_column][vc_column_text]Ya era madrugada y el viento no paraba en su fuerza, en su empuje. Dentro de lo malo lleg\u00f3 un momento en que la fuerza no fue a m\u00e1s pero tampoco a menos. Despu\u00e9s de muchos minutos mis manos y brazos estaban \u201chelados\u201d al tenerlos fuera del saco, y decid\u00ed dejar la tienda y \u201cque&hellip;<\/p>\n\n<a href=\"https:\/\/www.monta\u00f1asdelaluna.es\/?p=17519\" class=\"details more-link\" aria-label=\"Read more about 23 de julio del 2.002, martes\" rel=\"nofollow\">Detalles<\/a>\n\n\t\t<\/div>\n\n\t<\/article>\n\n<\/div>\n<div class=\"wf-cell iso-item category-38\" data-post-id=\"17502\" data-date=\"2002-07-22T14:56:41+00:00\" data-name=\"22 de julio del 2.002, lunes\">\n\t<article class=\"post post-17502 type-post status-publish format-standard has-post-thumbnail hentry category-montblanc category-38 description-off\">\n\n\t\t\n\t\t\t<div class=\"blog-media wf-td\">\n\n\t\t\t\t<p><a href=\"https:\/\/www.monta\u00f1asdelaluna.es\/?p=17502\" class=\"alignnone rollover layzr-bg\" ><img loading=\"lazy\" decoding=\"async\" class=\"preload-me iso-lazy-load\" src=\"data:image\/svg+xml,%3Csvg%20xmlns%3D&#39;http%3A%2F%2Fwww.w3.org%2F2000%2Fsvg&#39;%20viewBox%3D&#39;0%200%20555%20369&#39;%2F%3E\" data-src=\"https:\/\/www.monta\u00f1asdelaluna.es\/wp-content\/uploads\/2002\/07\/fernando-jesus-y-quique-acampando-en-la-aiguille-du-gouter-3-863-mts-555x369.jpg\" data-srcset=\"https:\/\/www.monta\u00f1asdelaluna.es\/wp-content\/uploads\/2002\/07\/fernando-jesus-y-quique-acampando-en-la-aiguille-du-gouter-3-863-mts-555x369.jpg 555w, https:\/\/www.monta\u00f1asdelaluna.es\/wp-content\/uploads\/2002\/07\/fernando-jesus-y-quique-acampando-en-la-aiguille-du-gouter-3-863-mts-1110x738.jpg 1110w\" alt=\"\" title=\"Fernando, Jes\u00fas y Quique acampando en la Aiguille du Go\u00fbter, 3.863 mts.\" width=\"555\" height=\"369\"  \/><\/a><\/p>\n\t\t\t<\/div>\n\n\t\t\n\t\t<div class=\"blog-content wf-td\">\n\t\t\t<h3 class=\"entry-title\"><a href=\"https:\/\/www.monta\u00f1asdelaluna.es\/?p=17502\" title=\"22 de julio del 2.002, lunes\" rel=\"bookmark\">22 de julio del 2.002, lunes<\/a><\/h3>\n\n\t\t\t<div class=\"entry-meta\"><span class=\"category-link\"><a href=\"https:\/\/www.monta\u00f1asdelaluna.es\/?cat=38\" rel=\"category\">Montblanc<\/a><\/span><a class=\"author vcard\" href=\"https:\/\/www.monta\u00f1asdelaluna.es\/?author=1\" title=\"Ver todas las publicaciones de Joaquin Terres\" rel=\"author\">Por <span class=\"fn\">Joaquin Terres<\/span><\/a><a href=\"https:\/\/www.monta\u00f1asdelaluna.es\/?m=20020722\" title=\"2:56 pm\" class=\"data-link\" rel=\"bookmark\"><time class=\"entry-date updated\" datetime=\"2002-07-22T14:56:41+00:00\">22 julio, 2002<\/time><\/a><a href=\"https:\/\/www.monta\u00f1asdelaluna.es\/?p=17502#respond\" class=\"comment-link\" >Deja un comentario<\/a><\/div><p>[vc_row][vc_column][vc_column_text]Hoy lunes nos levantamos algo temprano para que nos d\u00e9 tiempo a desmontar, pagar el camping, distribuirnos el material a utilizar (tiendas, cuerdas, pl\u00e1sticos&#8230;). Hoy es el d\u00eda en que emprenderemos la primera etapa hac\u00eda el Refugio T\u00eate-Rousse a unos tres mil ciento cincuenta metros de altitud. El d\u00eda se presenta bueno. Hay nubecillas pero&hellip;<\/p>\n\n<a href=\"https:\/\/www.monta\u00f1asdelaluna.es\/?p=17502\" class=\"details more-link\" aria-label=\"Read more about 22 de julio del 2.002, lunes\" rel=\"nofollow\">Detalles<\/a>\n\n\t\t<\/div>\n\n\t<\/article>\n\n<\/div>\n<div class=\"wf-cell iso-item category-38\" data-post-id=\"17493\" data-date=\"2002-07-21T11:31:40+00:00\" data-name=\"21 de julio del 2.002, domingo\">\n\t<article class=\"post post-17493 type-post status-publish format-standard has-post-thumbnail hentry category-montblanc category-38 description-off\">\n\n\t\t\n\t\t\t<div class=\"blog-media wf-td\">\n\n\t\t\t\t<p><a href=\"https:\/\/www.monta\u00f1asdelaluna.es\/?p=17493\" class=\"alignnone rollover layzr-bg\" ><img loading=\"lazy\" decoding=\"async\" class=\"preload-me iso-lazy-load\" src=\"data:image\/svg+xml,%3Csvg%20xmlns%3D&#39;http%3A%2F%2Fwww.w3.org%2F2000%2Fsvg&#39;%20viewBox%3D&#39;0%200%20555%20368&#39;%2F%3E\" data-src=\"https:\/\/www.monta\u00f1asdelaluna.es\/wp-content\/uploads\/2002\/07\/la-mer-de-glace-555x368.jpg\" data-srcset=\"https:\/\/www.monta\u00f1asdelaluna.es\/wp-content\/uploads\/2002\/07\/la-mer-de-glace-555x368.jpg 555w, https:\/\/www.monta\u00f1asdelaluna.es\/wp-content\/uploads\/2002\/07\/la-mer-de-glace-1110x736.jpg 1110w\" alt=\"\" title=\"La Mer de Glace\" width=\"555\" height=\"368\"  \/><\/a><\/p>\n\t\t\t<\/div>\n\n\t\t\n\t\t<div class=\"blog-content wf-td\">\n\t\t\t<h3 class=\"entry-title\"><a href=\"https:\/\/www.monta\u00f1asdelaluna.es\/?p=17493\" title=\"21 de julio del 2.002, domingo\" rel=\"bookmark\">21 de julio del 2.002, domingo<\/a><\/h3>\n\n\t\t\t<div class=\"entry-meta\"><span class=\"category-link\"><a href=\"https:\/\/www.monta\u00f1asdelaluna.es\/?cat=38\" rel=\"category\">Montblanc<\/a><\/span><a class=\"author vcard\" href=\"https:\/\/www.monta\u00f1asdelaluna.es\/?author=1\" title=\"Ver todas las publicaciones de Joaquin Terres\" rel=\"author\">Por <span class=\"fn\">Joaquin Terres<\/span><\/a><a href=\"https:\/\/www.monta\u00f1asdelaluna.es\/?m=20020721\" title=\"11:31 am\" class=\"data-link\" rel=\"bookmark\"><time class=\"entry-date updated\" datetime=\"2002-07-21T11:31:40+00:00\">21 julio, 2002<\/time><\/a><a href=\"https:\/\/www.monta\u00f1asdelaluna.es\/?p=17493#respond\" class=\"comment-link\" >Deja un comentario<\/a><\/div><p>[vc_row][vc_column][vc_column_text]Despertamos. Es domingo y salimos de la tienda. El cielo est\u00e1 enteramente encapotado, muy negro y tapado. Al cabo de un tiempo empieza a chispear y luego a llover. Las predicciones ten\u00edan raz\u00f3n. Hoy nada m\u00e1s levantarnos el mal tiempo inunda todo el macizo y el valle. Estamos dentro de la tienda y no para&hellip;<\/p>\n\n<a href=\"https:\/\/www.monta\u00f1asdelaluna.es\/?p=17493\" class=\"details more-link\" aria-label=\"Read more about 21 de julio del 2.002, domingo\" rel=\"nofollow\">Detalles<\/a>\n\n\t\t<\/div>\n\n\t<\/article>\n\n<\/div>\n<div class=\"wf-cell iso-item category-38\" data-post-id=\"17479\" data-date=\"2002-07-20T10:57:29+00:00\" data-name=\"20 de julio del 2.002, s\u00e1bado\">\n\t<article class=\"post post-17479 type-post status-publish format-standard has-post-thumbnail hentry category-montblanc category-38 description-off\">\n\n\t\t\n\t\t\t<div class=\"blog-media wf-td\">\n\n\t\t\t\t<p><a href=\"https:\/\/www.monta\u00f1asdelaluna.es\/?p=17479\" class=\"alignnone rollover layzr-bg\" ><img loading=\"lazy\" decoding=\"async\" class=\"preload-me iso-lazy-load\" src=\"data:image\/svg+xml,%3Csvg%20xmlns%3D&#39;http%3A%2F%2Fwww.w3.org%2F2000%2Fsvg&#39;%20viewBox%3D&#39;0%200%20555%20370&#39;%2F%3E\" data-src=\"https:\/\/www.monta\u00f1asdelaluna.es\/wp-content\/uploads\/2002\/07\/aiguille-du-midi-555x370.jpg\" data-srcset=\"https:\/\/www.monta\u00f1asdelaluna.es\/wp-content\/uploads\/2002\/07\/aiguille-du-midi-555x370.jpg 555w, https:\/\/www.monta\u00f1asdelaluna.es\/wp-content\/uploads\/2002\/07\/aiguille-du-midi-1110x740.jpg 1110w\" alt=\"\" title=\"Aiguille du Midi\" width=\"555\" height=\"370\"  \/><\/a><\/p>\n\t\t\t<\/div>\n\n\t\t\n\t\t<div class=\"blog-content wf-td\">\n\t\t\t<h3 class=\"entry-title\"><a href=\"https:\/\/www.monta\u00f1asdelaluna.es\/?p=17479\" title=\"20 de julio del 2.002, s\u00e1bado\" rel=\"bookmark\">20 de julio del 2.002, s\u00e1bado<\/a><\/h3>\n\n\t\t\t<div class=\"entry-meta\"><span class=\"category-link\"><a href=\"https:\/\/www.monta\u00f1asdelaluna.es\/?cat=38\" rel=\"category\">Montblanc<\/a><\/span><a class=\"author vcard\" href=\"https:\/\/www.monta\u00f1asdelaluna.es\/?author=1\" title=\"Ver todas las publicaciones de Joaquin Terres\" rel=\"author\">Por <span class=\"fn\">Joaquin Terres<\/span><\/a><a href=\"https:\/\/www.monta\u00f1asdelaluna.es\/?m=20020720\" title=\"10:57 am\" class=\"data-link\" rel=\"bookmark\"><time class=\"entry-date updated\" datetime=\"2002-07-20T10:57:29+00:00\">20 julio, 2002<\/time><\/a><a href=\"https:\/\/www.monta\u00f1asdelaluna.es\/?p=17479#respond\" class=\"comment-link\" >Deja un comentario<\/a><\/div><p>[vc_row][vc_column][vc_column_text]Despertamos en La Jonquera con la c\u00e1mara de video de Fernando en la cara. Nos est\u00e1 filmando mientras despertamos. Desde luego la visi\u00f3n tiene que ser espantosa. Hemos pasado calor esta noche, al menos yo, y no he dormido muy bien. Desayunamos en una especie de restaurante en un primer piso con una terraza desde&hellip;<\/p>\n\n<a href=\"https:\/\/www.monta\u00f1asdelaluna.es\/?p=17479\" class=\"details more-link\" aria-label=\"Read more about 20 de julio del 2.002, s\u00e1bado\" rel=\"nofollow\">Detalles<\/a>\n\n\t\t<\/div>\n\n\t<\/article>\n\n<\/div>\n<div class=\"wf-cell iso-item category-38\" data-post-id=\"17474\" data-date=\"2002-07-19T10:49:39+00:00\" data-name=\"19 de julio del 2.002, viernes\">\n\t<article class=\"post post-17474 type-post status-publish format-standard has-post-thumbnail hentry category-montblanc category-38 description-off\">\n\n\t\t\n\t\t\t<div class=\"blog-media wf-td\">\n\n\t\t\t\t<p><a href=\"https:\/\/www.monta\u00f1asdelaluna.es\/?p=17474\" class=\"alignnone rollover layzr-bg\" ><img loading=\"lazy\" decoding=\"async\" class=\"preload-me iso-lazy-load\" src=\"data:image\/svg+xml,%3Csvg%20xmlns%3D&#39;http%3A%2F%2Fwww.w3.org%2F2000%2Fsvg&#39;%20viewBox%3D&#39;0%200%20555%20370&#39;%2F%3E\" data-src=\"https:\/\/www.monta\u00f1asdelaluna.es\/wp-content\/uploads\/2002\/07\/quique-bolaga-jesus-y-joaquin-saliendo-de-alicante-555x370.jpg\" data-srcset=\"https:\/\/www.monta\u00f1asdelaluna.es\/wp-content\/uploads\/2002\/07\/quique-bolaga-jesus-y-joaquin-saliendo-de-alicante-555x370.jpg 555w, https:\/\/www.monta\u00f1asdelaluna.es\/wp-content\/uploads\/2002\/07\/quique-bolaga-jesus-y-joaquin-saliendo-de-alicante-1110x740.jpg 1110w\" alt=\"\" title=\"Quique, Bolaga, Jes\u00fas y Joaqu\u00edn saliendo de Alicante\" width=\"555\" height=\"370\"  \/><\/a><\/p>\n\t\t\t<\/div>\n\n\t\t\n\t\t<div class=\"blog-content wf-td\">\n\t\t\t<h3 class=\"entry-title\"><a href=\"https:\/\/www.monta\u00f1asdelaluna.es\/?p=17474\" title=\"19 de julio del 2.002, viernes\" rel=\"bookmark\">19 de julio del 2.002, viernes<\/a><\/h3>\n\n\t\t\t<div class=\"entry-meta\"><span class=\"category-link\"><a href=\"https:\/\/www.monta\u00f1asdelaluna.es\/?cat=38\" rel=\"category\">Montblanc<\/a><\/span><a class=\"author vcard\" href=\"https:\/\/www.monta\u00f1asdelaluna.es\/?author=1\" title=\"Ver todas las publicaciones de Joaquin Terres\" rel=\"author\">Por <span class=\"fn\">Joaquin Terres<\/span><\/a><a href=\"https:\/\/www.monta\u00f1asdelaluna.es\/?m=20020719\" title=\"10:49 am\" class=\"data-link\" rel=\"bookmark\"><time class=\"entry-date updated\" datetime=\"2002-07-19T10:49:39+00:00\">19 julio, 2002<\/time><\/a><a href=\"https:\/\/www.monta\u00f1asdelaluna.es\/?p=17474#respond\" class=\"comment-link\" >Deja un comentario<\/a><\/div><p>[vc_row][vc_column][vc_column_text]Por la tarde, despu\u00e9s de comer, ya ten\u00edamos la furgoneta que hab\u00edamos alquilado en Torrevieja (gracias al hermano de Miguel \u00c1ngel Sala), y despu\u00e9s de cargarla con mis cosas, comida y material com\u00fan del Centro (cascos, arneses, cuerdas, cintas, mosquetones, camping-gas, ochos&#8230; ), gracias a unas cajas de pl\u00e1stico donde todo el material que no&hellip;<\/p>\n\n<a href=\"https:\/\/www.monta\u00f1asdelaluna.es\/?p=17474\" class=\"details more-link\" aria-label=\"Read more about 19 de julio del 2.002, viernes\" rel=\"nofollow\">Detalles<\/a>\n\n\t\t<\/div>\n\n\t<\/article>\n\n<\/div>\n<div class=\"wf-cell iso-item category-38\" data-post-id=\"16027\" data-date=\"2002-07-18T15:23:40+00:00\" data-name=\"Mont Blanc 2.002. Presentaci\u00f3n\">\n\t<article class=\"post post-16027 type-post status-publish format-standard has-post-thumbnail hentry category-montblanc category-38 description-off\">\n\n\t\t\n\t\t\t<div class=\"blog-media wf-td\">\n\n\t\t\t\t<p><a href=\"https:\/\/www.monta\u00f1asdelaluna.es\/?p=16027\" class=\"alignnone rollover layzr-bg\" ><img loading=\"lazy\" decoding=\"async\" class=\"preload-me iso-lazy-load\" src=\"data:image\/svg+xml,%3Csvg%20xmlns%3D&#39;http%3A%2F%2Fwww.w3.org%2F2000%2Fsvg&#39;%20viewBox%3D&#39;0%200%20555%20369&#39;%2F%3E\" data-src=\"https:\/\/www.monta\u00f1asdelaluna.es\/wp-content\/uploads\/2002\/07\/el-mont-blanc-desde-la-dome-du-gouter-4-304-mts-en-el-centro-el-refugio-vallot-555x369.jpg\" data-srcset=\"https:\/\/www.monta\u00f1asdelaluna.es\/wp-content\/uploads\/2002\/07\/el-mont-blanc-desde-la-dome-du-gouter-4-304-mts-en-el-centro-el-refugio-vallot-555x369.jpg 555w, https:\/\/www.monta\u00f1asdelaluna.es\/wp-content\/uploads\/2002\/07\/el-mont-blanc-desde-la-dome-du-gouter-4-304-mts-en-el-centro-el-refugio-vallot-1110x738.jpg 1110w\" alt=\"\" title=\"El Mont Blanc desde la D\u00f4me du Go\u00fbter, 4.304 mts., en el centro el Refugio Vallot\" width=\"555\" height=\"369\"  \/><\/a><\/p>\n\t\t\t<\/div>\n\n\t\t\n\t\t<div class=\"blog-content wf-td\">\n\t\t\t<h3 class=\"entry-title\"><a href=\"https:\/\/www.monta\u00f1asdelaluna.es\/?p=16027\" title=\"Mont Blanc 2.002. Presentaci\u00f3n\" rel=\"bookmark\">Mont Blanc 2.002. Presentaci\u00f3n<\/a><\/h3>\n\n\t\t\t<div class=\"entry-meta\"><span class=\"category-link\"><a href=\"https:\/\/www.monta\u00f1asdelaluna.es\/?cat=38\" rel=\"category\">Montblanc<\/a><\/span><a class=\"author vcard\" href=\"https:\/\/www.monta\u00f1asdelaluna.es\/?author=1\" title=\"Ver todas las publicaciones de Joaquin Terres\" rel=\"author\">Por <span class=\"fn\">Joaquin Terres<\/span><\/a><a href=\"https:\/\/www.monta\u00f1asdelaluna.es\/?m=20020718\" title=\"3:23 pm\" class=\"data-link\" rel=\"bookmark\"><time class=\"entry-date updated\" datetime=\"2002-07-18T15:23:40+00:00\">18 julio, 2002<\/time><\/a><a href=\"https:\/\/www.monta\u00f1asdelaluna.es\/?p=16027#respond\" class=\"comment-link\" >Deja un comentario<\/a><\/div><p>[vc_row][vc_column][vc_column_text]El Mont Blanc. El m\u00edtico e imperioso Mont Blanc. Hace tiempo fue la monta\u00f1a de las monta\u00f1as y hoy en d\u00eda sigue siendo objetivo de aquellos alpinistas y monta\u00f1eros que se definen como tal. Digamos que para un alpinista no haber subido el Mont Blanc es como para un corredor no haber participado en la&hellip;<\/p>\n\n<a href=\"https:\/\/www.monta\u00f1asdelaluna.es\/?p=16027\" class=\"details more-link\" aria-label=\"Read more about Mont Blanc 2.002. Presentaci\u00f3n\" rel=\"nofollow\">Detalles<\/a>\n\n\t\t<\/div>\n\n\t<\/article>\n\n<\/div>\n<div class=\"wf-cell iso-item category-125\" data-post-id=\"28524\" data-date=\"2002-07-06T13:44:00+00:00\" data-name=\"Perdiguero y Valle de Est\u00f3s. Un laberinto de alturas\">\n\t<article class=\"post post-28524 type-post status-publish format-standard has-post-thumbnail hentry category-valle-del-esera category-125 description-off\">\n\n\t\t\n\t\t\t<div class=\"blog-media wf-td\">\n\n\t\t\t\t<p><a href=\"https:\/\/www.monta\u00f1asdelaluna.es\/?p=28524\" class=\"alignnone rollover layzr-bg\" ><img loading=\"lazy\" decoding=\"async\" class=\"preload-me iso-lazy-load\" src=\"data:image\/svg+xml,%3Csvg%20xmlns%3D&#39;http%3A%2F%2Fwww.w3.org%2F2000%2Fsvg&#39;%20viewBox%3D&#39;0%200%20555%20370&#39;%2F%3E\" data-src=\"https:\/\/www.monta\u00f1asdelaluna.es\/wp-content\/uploads\/2016\/04\/Perdiguero21-001-555x370.jpg\" data-srcset=\"https:\/\/www.monta\u00f1asdelaluna.es\/wp-content\/uploads\/2016\/04\/Perdiguero21-001-555x370.jpg 555w, https:\/\/www.monta\u00f1asdelaluna.es\/wp-content\/uploads\/2016\/04\/Perdiguero21-001-1110x740.jpg 1110w\" alt=\"\" title=\"Gran Quayrat a la izquierda y Lezat con sus agujas en el centro\" width=\"555\" height=\"370\"  \/><\/a><\/p>\n\t\t\t<\/div>\n\n\t\t\n\t\t<div class=\"blog-content wf-td\">\n\t\t\t<h3 class=\"entry-title\"><a href=\"https:\/\/www.monta\u00f1asdelaluna.es\/?p=28524\" title=\"Perdiguero y Valle de Est\u00f3s. Un laberinto de alturas\" rel=\"bookmark\">Perdiguero y Valle de Est\u00f3s. Un laberinto de alturas<\/a><\/h3>\n\n\t\t\t<div class=\"entry-meta\"><span class=\"category-link\"><a href=\"https:\/\/www.monta\u00f1asdelaluna.es\/?cat=125\" rel=\"category\">Valle del \u00c9sera<\/a><\/span><a class=\"author vcard\" href=\"https:\/\/www.monta\u00f1asdelaluna.es\/?author=1\" title=\"Ver todas las publicaciones de Joaquin Terres\" rel=\"author\">Por <span class=\"fn\">Joaquin Terres<\/span><\/a><a href=\"https:\/\/www.monta\u00f1asdelaluna.es\/?m=20020706\" title=\"1:44 pm\" class=\"data-link\" rel=\"bookmark\"><time class=\"entry-date updated\" datetime=\"2002-07-06T13:44:00+00:00\">6 julio, 2002<\/time><\/a><a href=\"https:\/\/www.monta\u00f1asdelaluna.es\/?p=28524#comments\" class=\"comment-link\" >1 comentario<\/a><\/div><p>[vc_row][vc_column][vc_column_text]No recuerdo exactamente el hecho de por que me empez\u00f3 a llamar la atenci\u00f3n el Perdiguero y sobre todo el Valle de Est\u00f3s. Quiz\u00e1s por un viejo libro de gu\u00edas tur\u00edsticas pirenaicas que mis padres me trajeron de un viaje al Pirineo de Huesca, y en el cual ven\u00edan unas fotograf\u00edas del lugar al que&hellip;<\/p>\n\n<a href=\"https:\/\/www.monta\u00f1asdelaluna.es\/?p=28524\" class=\"details more-link\" aria-label=\"Read more about Perdiguero y Valle de Est\u00f3s. Un laberinto de alturas\" rel=\"nofollow\">Detalles<\/a>\n\n\t\t<\/div>\n\n\t<\/article>\n\n<\/div>\n<div class=\"wf-cell iso-item category-103\" data-post-id=\"43987\" data-date=\"2002-05-01T07:24:16+00:00\" data-name=\"Cartujo y Caballo. Los tresmiles del ocaso.\">\n\t<article class=\"post post-43987 type-post status-publish format-standard has-post-thumbnail hentry category-ascensiones-y-recorridos category-103 description-off\">\n\n\t\t\n\t\t\t<div class=\"blog-media wf-td\">\n\n\t\t\t\t<p><a href=\"https:\/\/www.monta\u00f1asdelaluna.es\/?p=43987\" class=\"alignnone rollover layzr-bg\" ><img loading=\"lazy\" decoding=\"async\" class=\"preload-me iso-lazy-load\" src=\"data:image\/svg+xml,%3Csvg%20xmlns%3D&#39;http%3A%2F%2Fwww.w3.org%2F2000%2Fsvg&#39;%20viewBox%3D&#39;0%200%20555%20372&#39;%2F%3E\" data-src=\"https:\/\/www.monta\u00f1asdelaluna.es\/wp-content\/uploads\/2020\/07\/llegando-a-la-cima-del-cartujo-555x372.jpg\" data-srcset=\"https:\/\/www.monta\u00f1asdelaluna.es\/wp-content\/uploads\/2020\/07\/llegando-a-la-cima-del-cartujo-555x372.jpg 555w, https:\/\/www.monta\u00f1asdelaluna.es\/wp-content\/uploads\/2020\/07\/llegando-a-la-cima-del-cartujo-1110x744.jpg 1110w\" alt=\"\" title=\"Llegando a la cima del Cartujo\" width=\"555\" height=\"372\"  \/><\/a><\/p>\n\t\t\t<\/div>\n\n\t\t\n\t\t<div class=\"blog-content wf-td\">\n\t\t\t<h3 class=\"entry-title\"><a href=\"https:\/\/www.monta\u00f1asdelaluna.es\/?p=43987\" title=\"Cartujo y Caballo. Los tresmiles del ocaso.\" rel=\"bookmark\">Cartujo y Caballo. Los tresmiles del ocaso.<\/a><\/h3>\n\n\t\t\t<div class=\"entry-meta\"><span class=\"category-link\"><a href=\"https:\/\/www.monta\u00f1asdelaluna.es\/?cat=103\" rel=\"category\">Ascensiones y recorridos<\/a><\/span><a class=\"author vcard\" href=\"https:\/\/www.monta\u00f1asdelaluna.es\/?author=1\" title=\"Ver todas las publicaciones de Joaquin Terres\" rel=\"author\">Por <span class=\"fn\">Joaquin Terres<\/span><\/a><a href=\"https:\/\/www.monta\u00f1asdelaluna.es\/?m=20020501\" title=\"7:24 am\" class=\"data-link\" rel=\"bookmark\"><time class=\"entry-date updated\" datetime=\"2002-05-01T07:24:16+00:00\">1 mayo, 2002<\/time><\/a><a href=\"https:\/\/www.monta\u00f1asdelaluna.es\/?p=43987#respond\" class=\"comment-link\" >Deja un comentario<\/a><\/div><p>[vc_row][vc_column][vc_column_text]Seg\u00fan el a\u00f1o cuando acaba la temporada de esqu\u00ed en Sierra Nevada, a\u00fan queda mucha nieve los primeros d\u00edas o semanas entre finales de abril y mayo. Si ese a\u00f1o ha sido abundante en nieves, las condiciones primaverales de la sierra pueden ser igual de buenas que a finales de invierno pero con m\u00e1s luz,&hellip;<\/p>\n\n<a href=\"https:\/\/www.monta\u00f1asdelaluna.es\/?p=43987\" class=\"details more-link\" aria-label=\"Read more about Cartujo y Caballo. Los tresmiles del ocaso.\" rel=\"nofollow\">Detalles<\/a>\n\n\t\t<\/div>\n\n\t<\/article>\n\n<\/div>\n<div class=\"wf-cell iso-item category-126\" data-post-id=\"28373\" data-date=\"2002-03-28T11:36:41+00:00\" data-name=\"Posets. Un gigante desconocido\">\n\t<article class=\"post post-28373 type-post status-publish format-standard has-post-thumbnail hentry category-valle-del-cinca category-126 description-off\">\n\n\t\t\n\t\t\t<div class=\"blog-media wf-td\">\n\n\t\t\t\t<p><a href=\"https:\/\/www.monta\u00f1asdelaluna.es\/?p=28373\" class=\"alignnone rollover layzr-bg\" ><img loading=\"lazy\" decoding=\"async\" class=\"preload-me iso-lazy-load\" src=\"data:image\/svg+xml,%3Csvg%20xmlns%3D&#39;http%3A%2F%2Fwww.w3.org%2F2000%2Fsvg&#39;%20viewBox%3D&#39;0%200%20555%20492&#39;%2F%3E\" data-src=\"https:\/\/www.monta\u00f1asdelaluna.es\/wp-content\/uploads\/2016\/03\/Posets40A-001-555x492.jpg\" data-srcset=\"https:\/\/www.monta\u00f1asdelaluna.es\/wp-content\/uploads\/2016\/03\/Posets40A-001-555x492.jpg 555w, https:\/\/www.monta\u00f1asdelaluna.es\/wp-content\/uploads\/2016\/03\/Posets40A-001.jpg 752w\" alt=\"\" title=\"Delante Manuel en la cresta ciemra del Posets, atr\u00e1s queda su cima\" width=\"555\" height=\"492\"  \/><\/a><\/p>\n\t\t\t<\/div>\n\n\t\t\n\t\t<div class=\"blog-content wf-td\">\n\t\t\t<h3 class=\"entry-title\"><a href=\"https:\/\/www.monta\u00f1asdelaluna.es\/?p=28373\" title=\"Posets. Un gigante desconocido\" rel=\"bookmark\">Posets. Un gigante desconocido<\/a><\/h3>\n\n\t\t\t<div class=\"entry-meta\"><span class=\"category-link\"><a href=\"https:\/\/www.monta\u00f1asdelaluna.es\/?cat=126\" rel=\"category\">Valle del Cinca<\/a><\/span><a class=\"author vcard\" href=\"https:\/\/www.monta\u00f1asdelaluna.es\/?author=1\" title=\"Ver todas las publicaciones de Joaquin Terres\" rel=\"author\">Por <span class=\"fn\">Joaquin Terres<\/span><\/a><a href=\"https:\/\/www.monta\u00f1asdelaluna.es\/?m=20020328\" title=\"11:36 am\" class=\"data-link\" rel=\"bookmark\"><time class=\"entry-date updated\" datetime=\"2002-03-28T11:36:41+00:00\">28 marzo, 2002<\/time><\/a><a href=\"https:\/\/www.monta\u00f1asdelaluna.es\/?p=28373#respond\" class=\"comment-link\" >Deja un comentario<\/a><\/div><p>[vc_row][vc_column][vc_column_text]A la Semana Santa siguiente del Punta Alta har\u00edamos otro viaje al Pirineo. \u00bfD\u00f3nde ir? Como el Valle de Pineta hab\u00eda otro valle en los mapas, en las gu\u00edas que me llamaba la atenci\u00f3n por su forma, por estar rodeado de grandes macizos pirenaicos, de forma que lo hac\u00edan un valle cerrado al resto de&hellip;<\/p>\n\n<a href=\"https:\/\/www.monta\u00f1asdelaluna.es\/?p=28373\" class=\"details more-link\" aria-label=\"Read more about Posets. Un gigante desconocido\" rel=\"nofollow\">Detalles<\/a>\n\n\t\t<\/div>\n\n\t<\/article>\n\n<\/div>\n<div class=\"wf-cell iso-item category-103\" data-post-id=\"43927\" data-date=\"2002-03-16T08:46:16+00:00\" data-name=\"Invernal en 7 Lagunas\">\n\t<article class=\"post post-43927 type-post status-publish format-standard has-post-thumbnail hentry category-ascensiones-y-recorridos category-103 description-off\">\n\n\t\t\n\t\t\t<div class=\"blog-media wf-td\">\n\n\t\t\t\t<p><a href=\"https:\/\/www.monta\u00f1asdelaluna.es\/?p=43927\" class=\"alignnone rollover layzr-bg\" ><img loading=\"lazy\" decoding=\"async\" class=\"preload-me iso-lazy-load\" src=\"data:image\/svg+xml,%3Csvg%20xmlns%3D&#39;http%3A%2F%2Fwww.w3.org%2F2000%2Fsvg&#39;%20viewBox%3D&#39;0%200%20555%20366&#39;%2F%3E\" data-src=\"https:\/\/www.monta\u00f1asdelaluna.es\/wp-content\/uploads\/2020\/06\/delante-quique-bajando-a-trevelez-555x366.jpg\" data-srcset=\"https:\/\/www.monta\u00f1asdelaluna.es\/wp-content\/uploads\/2020\/06\/delante-quique-bajando-a-trevelez-555x366.jpg 555w, https:\/\/www.monta\u00f1asdelaluna.es\/wp-content\/uploads\/2020\/06\/delante-quique-bajando-a-trevelez-1110x732.jpg 1110w\" alt=\"\" title=\"Delante Quique bajando a Trev\u00e9lez\" width=\"555\" height=\"366\"  \/><\/a><\/p>\n\t\t\t<\/div>\n\n\t\t\n\t\t<div class=\"blog-content wf-td\">\n\t\t\t<h3 class=\"entry-title\"><a href=\"https:\/\/www.monta\u00f1asdelaluna.es\/?p=43927\" title=\"Invernal en 7 Lagunas\" rel=\"bookmark\">Invernal en 7 Lagunas<\/a><\/h3>\n\n\t\t\t<div class=\"entry-meta\"><span class=\"category-link\"><a href=\"https:\/\/www.monta\u00f1asdelaluna.es\/?cat=103\" rel=\"category\">Ascensiones y recorridos<\/a><\/span><a class=\"author vcard\" href=\"https:\/\/www.monta\u00f1asdelaluna.es\/?author=1\" title=\"Ver todas las publicaciones de Joaquin Terres\" rel=\"author\">Por <span class=\"fn\">Joaquin Terres<\/span><\/a><a href=\"https:\/\/www.monta\u00f1asdelaluna.es\/?m=20020316\" title=\"8:46 am\" class=\"data-link\" rel=\"bookmark\"><time class=\"entry-date updated\" datetime=\"2002-03-16T08:46:16+00:00\">16 marzo, 2002<\/time><\/a><a href=\"https:\/\/www.monta\u00f1asdelaluna.es\/?p=43927#respond\" class=\"comment-link\" >Deja un comentario<\/a><\/div><p>[vc_row][vc_column][vc_column_text]Despu\u00e9s de aquella visita al valle, ca\u00f1ada o circo de 7 Lagunas a la bajada del Mulhac\u00e9n en la actividad de finales del a\u00f1o pasado en Sierra Nevada, decidimos interesarnos m\u00e1s por el lugar, por la zona de 7 Lagunas. Nos pareci\u00f3 un sitio de alta monta\u00f1a con un encanto especial, un gran circo o&hellip;<\/p>\n\n<a href=\"https:\/\/www.monta\u00f1asdelaluna.es\/?p=43927\" class=\"details more-link\" aria-label=\"Read more about Invernal en 7 Lagunas\" rel=\"nofollow\">Detalles<\/a>\n\n\t\t<\/div>\n\n\t<\/article>\n\n<\/div>\n<div class=\"wf-cell iso-item category-80\" data-post-id=\"43883\" data-date=\"2002-02-17T07:18:19+00:00\" data-name=\"San Bernardo y Pico del \u00c1guila en la Sierra de Callosa\">\n\t<article class=\"post post-43883 type-post status-publish format-standard has-post-thumbnail hentry category-sierras-de-orihuela-y-callosa category-80 description-off\">\n\n\t\t\n\t\t\t<div class=\"blog-media wf-td\">\n\n\t\t\t\t<p><a href=\"https:\/\/www.monta\u00f1asdelaluna.es\/?p=43883\" class=\"alignnone rollover layzr-bg\" ><img loading=\"lazy\" decoding=\"async\" class=\"preload-me iso-lazy-load\" src=\"data:image\/svg+xml,%3Csvg%20xmlns%3D&#39;http%3A%2F%2Fwww.w3.org%2F2000%2Fsvg&#39;%20viewBox%3D&#39;0%200%20555%20363&#39;%2F%3E\" data-src=\"https:\/\/www.monta\u00f1asdelaluna.es\/wp-content\/uploads\/2020\/06\/delante-jesus-subiendo-al-cordal-entre-la-cruz-de-enmedio-y-el-san-bernardo-555x363.jpg\" data-srcset=\"https:\/\/www.monta\u00f1asdelaluna.es\/wp-content\/uploads\/2020\/06\/delante-jesus-subiendo-al-cordal-entre-la-cruz-de-enmedio-y-el-san-bernardo-555x363.jpg 555w, https:\/\/www.monta\u00f1asdelaluna.es\/wp-content\/uploads\/2020\/06\/delante-jesus-subiendo-al-cordal-entre-la-cruz-de-enmedio-y-el-san-bernardo-1110x726.jpg 1110w\" alt=\"\" title=\"Delante Jes\u00fas subiendo al cordal entre la Cruz de Enmedio y el San Bernardo\" width=\"555\" height=\"363\"  \/><\/a><\/p>\n\t\t\t<\/div>\n\n\t\t\n\t\t<div class=\"blog-content wf-td\">\n\t\t\t<h3 class=\"entry-title\"><a href=\"https:\/\/www.monta\u00f1asdelaluna.es\/?p=43883\" title=\"San Bernardo y Pico del \u00c1guila en la Sierra de Callosa\" rel=\"bookmark\">San Bernardo y Pico del \u00c1guila en la Sierra de Callosa<\/a><\/h3>\n\n\t\t\t<div class=\"entry-meta\"><span class=\"category-link\"><a href=\"https:\/\/www.monta\u00f1asdelaluna.es\/?cat=80\" rel=\"category\">Sierras de Orihuela y Callosa<\/a><\/span><a class=\"author vcard\" href=\"https:\/\/www.monta\u00f1asdelaluna.es\/?author=1\" title=\"Ver todas las publicaciones de Joaquin Terres\" rel=\"author\">Por <span class=\"fn\">Joaquin Terres<\/span><\/a><a href=\"https:\/\/www.monta\u00f1asdelaluna.es\/?m=20020217\" title=\"7:18 am\" class=\"data-link\" rel=\"bookmark\"><time class=\"entry-date updated\" datetime=\"2002-02-17T07:18:19+00:00\">17 febrero, 2002<\/time><\/a><a href=\"https:\/\/www.monta\u00f1asdelaluna.es\/?p=43883#respond\" class=\"comment-link\" >Deja un comentario<\/a><\/div><p>[vc_row][vc_column][vc_column_text]En el invierno del 2.002 nos acercamos a la Sierra de Callosa para realizar otro de sus emocionantes y estupendos recorridos ascendiendo y visitando su cima m\u00e1s alta, el Pico del \u00c1guila, y el escarpado San Bernardo. Como el recorrido realizado en este relato ya est\u00e1 descrito en las anteriores descripciones ya publicadas, para no&hellip;<\/p>\n\n<a href=\"https:\/\/www.monta\u00f1asdelaluna.es\/?p=43883\" class=\"details more-link\" aria-label=\"Read more about San Bernardo y Pico del \u00c1guila en la Sierra de Callosa\" rel=\"nofollow\">Detalles<\/a>\n\n\t\t<\/div>\n\n\t<\/article>\n\n<\/div>\n<div class=\"wf-cell iso-item category-103\" data-post-id=\"43862\" data-date=\"2002-01-19T06:29:46+00:00\" data-name=\"Entre el Pic\u00f3n y Cerro Pelao, las alturas del Postero Alto\">\n\t<article class=\"post post-43862 type-post status-publish format-standard has-post-thumbnail hentry category-ascensiones-y-recorridos category-103 description-off\">\n\n\t\t\n\t\t\t<div class=\"blog-media wf-td\">\n\n\t\t\t\t<p><a href=\"https:\/\/www.monta\u00f1asdelaluna.es\/?p=43862\" class=\"alignnone rollover layzr-bg\" ><img loading=\"lazy\" decoding=\"async\" class=\"preload-me iso-lazy-load\" src=\"data:image\/svg+xml,%3Csvg%20xmlns%3D&#39;http%3A%2F%2Fwww.w3.org%2F2000%2Fsvg&#39;%20viewBox%3D&#39;0%200%20555%20367&#39;%2F%3E\" data-src=\"https:\/\/www.monta\u00f1asdelaluna.es\/wp-content\/uploads\/2020\/03\/quique-jesus-y-joaquin-en-la-cima-del-cerro-pelao-3-182-mts-detras-de-izquierda-a-derecha-mulhacen-alcazaba-puntal-de-vacares-puntal-de-la-caldera-crestones-de-rio-seco-cerro-de-los-machos-y-555x367.jpg\" data-srcset=\"https:\/\/www.monta\u00f1asdelaluna.es\/wp-content\/uploads\/2020\/03\/quique-jesus-y-joaquin-en-la-cima-del-cerro-pelao-3-182-mts-detras-de-izquierda-a-derecha-mulhacen-alcazaba-puntal-de-vacares-puntal-de-la-caldera-crestones-de-rio-seco-cerro-de-los-machos-y-555x367.jpg 555w, https:\/\/www.monta\u00f1asdelaluna.es\/wp-content\/uploads\/2020\/03\/quique-jesus-y-joaquin-en-la-cima-del-cerro-pelao-3-182-mts-detras-de-izquierda-a-derecha-mulhacen-alcazaba-puntal-de-vacares-puntal-de-la-caldera-crestones-de-rio-seco-cerro-de-los-machos-y-1110x734.jpg 1110w\" alt=\"\" title=\"Quique, Jes\u00fas y Joaqu\u00edn en la cima del Cerro Pelao, 3.182 mts., detr\u00e1s de izquierda a derecha: Mulhac\u00e9n, Alcazaba, Puntal de Vacares, Puntal de La Caldera, Crestones de R\u00edo Seco, Cerro de Los Machos y Veleta\" width=\"555\" height=\"367\"  \/><\/a><\/p>\n\t\t\t<\/div>\n\n\t\t\n\t\t<div class=\"blog-content wf-td\">\n\t\t\t<h3 class=\"entry-title\"><a href=\"https:\/\/www.monta\u00f1asdelaluna.es\/?p=43862\" title=\"Entre el Pic\u00f3n y Cerro Pelao, las alturas del Postero Alto\" rel=\"bookmark\">Entre el Pic\u00f3n y Cerro Pelao, las alturas del Postero Alto<\/a><\/h3>\n\n\t\t\t<div class=\"entry-meta\"><span class=\"category-link\"><a href=\"https:\/\/www.monta\u00f1asdelaluna.es\/?cat=103\" rel=\"category\">Ascensiones y recorridos<\/a><\/span><a class=\"author vcard\" href=\"https:\/\/www.monta\u00f1asdelaluna.es\/?author=1\" title=\"Ver todas las publicaciones de Joaquin Terres\" rel=\"author\">Por <span class=\"fn\">Joaquin Terres<\/span><\/a><a href=\"https:\/\/www.monta\u00f1asdelaluna.es\/?m=20020119\" title=\"6:29 am\" class=\"data-link\" rel=\"bookmark\"><time class=\"entry-date updated\" datetime=\"2002-01-19T06:29:46+00:00\">19 enero, 2002<\/time><\/a><a href=\"https:\/\/www.monta\u00f1asdelaluna.es\/?p=43862#respond\" class=\"comment-link\" >Deja un comentario<\/a><\/div><p>[vc_row][vc_column][vc_column_text]Despu\u00e9s de la primera visita a la zona de los tresmiles m\u00e1s orientales de Sierra Nevada con base en el encantador y acogedor Refugio Postero Alto, hace un a\u00f1o, los siguientes a\u00f1os casi que comenzar\u00edamos a visitar esta zona con mucha m\u00e1s asiduidad. Pero sobre todo para subir su pico m\u00e1s representativo, que no el&hellip;<\/p>\n\n<a href=\"https:\/\/www.monta\u00f1asdelaluna.es\/?p=43862\" class=\"details more-link\" aria-label=\"Read more about Entre el Pic\u00f3n y Cerro Pelao, las alturas del Postero Alto\" rel=\"nofollow\">Detalles<\/a>\n\n\t\t<\/div>\n\n\t<\/article>\n\n<\/div>\n<div class=\"wf-cell iso-item category-103\" data-post-id=\"43801\" data-date=\"2001-12-06T19:46:12+00:00\" data-name=\"Mulhac\u00e9n y Veleta desde el Refugio Poqueira\">\n\t<article class=\"post post-43801 type-post status-publish format-standard has-post-thumbnail hentry category-ascensiones-y-recorridos category-103 description-off\">\n\n\t\t\n\t\t\t<div class=\"blog-media wf-td\">\n\n\t\t\t\t<p><a href=\"https:\/\/www.monta\u00f1asdelaluna.es\/?p=43801\" class=\"alignnone rollover layzr-bg\" ><img loading=\"lazy\" decoding=\"async\" class=\"preload-me iso-lazy-load\" src=\"data:image\/svg+xml,%3Csvg%20xmlns%3D&#39;http%3A%2F%2Fwww.w3.org%2F2000%2Fsvg&#39;%20viewBox%3D&#39;0%200%20555%20371&#39;%2F%3E\" data-src=\"https:\/\/www.monta\u00f1asdelaluna.es\/wp-content\/uploads\/2020\/04\/antonio-y-jesus-bajando-a-la-carihuela-dicho-collado-a-la-izquierda-el-centro-a-la-izquierda-los-tajos-de-la-virgen-y-pico-del-tajo-de-los-machos-detras-entre-nubes-en-el-centro-elorrieta-y-caballo-555x371.jpg\" data-srcset=\"https:\/\/www.monta\u00f1asdelaluna.es\/wp-content\/uploads\/2020\/04\/antonio-y-jesus-bajando-a-la-carihuela-dicho-collado-a-la-izquierda-el-centro-a-la-izquierda-los-tajos-de-la-virgen-y-pico-del-tajo-de-los-machos-detras-entre-nubes-en-el-centro-elorrieta-y-caballo-555x371.jpg 555w, https:\/\/www.monta\u00f1asdelaluna.es\/wp-content\/uploads\/2020\/04\/antonio-y-jesus-bajando-a-la-carihuela-dicho-collado-a-la-izquierda-el-centro-a-la-izquierda-los-tajos-de-la-virgen-y-pico-del-tajo-de-los-machos-detras-entre-nubes-en-el-centro-elorrieta-y-caballo-1110x742.jpg 1110w\" alt=\"\" title=\"Antonio y Jes\u00fas bajando a La Carihuela, dicho collado a la izquierda, el centro a la izquierda los Tajos de La Virgen y Pico del Tajo de Los Machos detr\u00e1s entre nubes, en el centro Elorrieta y Caballo detr\u00e1s, a la derecha Cartujo y al fondo la Sierra de Tejeda\" width=\"555\" height=\"371\"  \/><\/a><\/p>\n\t\t\t<\/div>\n\n\t\t\n\t\t<div class=\"blog-content wf-td\">\n\t\t\t<h3 class=\"entry-title\"><a href=\"https:\/\/www.monta\u00f1asdelaluna.es\/?p=43801\" title=\"Mulhac\u00e9n y Veleta desde el Refugio Poqueira\" rel=\"bookmark\">Mulhac\u00e9n y Veleta desde el Refugio Poqueira<\/a><\/h3>\n\n\t\t\t<div class=\"entry-meta\"><span class=\"category-link\"><a href=\"https:\/\/www.monta\u00f1asdelaluna.es\/?cat=103\" rel=\"category\">Ascensiones y recorridos<\/a><\/span><a class=\"author vcard\" href=\"https:\/\/www.monta\u00f1asdelaluna.es\/?author=1\" title=\"Ver todas las publicaciones de Joaquin Terres\" rel=\"author\">Por <span class=\"fn\">Joaquin Terres<\/span><\/a><a href=\"https:\/\/www.monta\u00f1asdelaluna.es\/?m=20011206\" title=\"7:46 pm\" class=\"data-link\" rel=\"bookmark\"><time class=\"entry-date updated\" datetime=\"2001-12-06T19:46:12+00:00\">6 diciembre, 2001<\/time><\/a><a href=\"https:\/\/www.monta\u00f1asdelaluna.es\/?p=43801#respond\" class=\"comment-link\" >Deja un comentario<\/a><\/div><p>[vc_row][vc_column][vc_column_text]Esta iba a ser la segunda vez que visitaba el Refugio Poqueira, al suroeste de la loma cimera del Mulhac\u00e9n en Sierra Nevada, y aprovechamos los d\u00edas del largo puente de principios de diciembre para acercarnos a dicho refugio, el cual lo tendr\u00edamos de base para subir a los picos m\u00e1s altos de la sierra,&hellip;<\/p>\n\n<a href=\"https:\/\/www.monta\u00f1asdelaluna.es\/?p=43801\" class=\"details more-link\" aria-label=\"Read more about Mulhac\u00e9n y Veleta desde el Refugio Poqueira\" rel=\"nofollow\">Detalles<\/a>\n\n\t\t<\/div>\n\n\t<\/article>\n\n<\/div>\n<div class=\"wf-cell iso-item category-98\" data-post-id=\"43795\" data-date=\"2001-11-01T06:52:46+00:00\" data-name=\"El Almanzor en la Sierra de Gredos\">\n\t<article class=\"post post-43795 type-post status-publish format-standard has-post-thumbnail hentry category-cordilleras-centrales category-98 description-off\">\n\n\t\t\n\t\t\t<div class=\"blog-media wf-td\">\n\n\t\t\t\t<p><a href=\"https:\/\/www.monta\u00f1asdelaluna.es\/?p=43795\" class=\"alignnone rollover layzr-bg\" ><img loading=\"lazy\" decoding=\"async\" class=\"preload-me iso-lazy-load\" src=\"data:image\/svg+xml,%3Csvg%20xmlns%3D&#39;http%3A%2F%2Fwww.w3.org%2F2000%2Fsvg&#39;%20viewBox%3D&#39;0%200%20555%20367&#39;%2F%3E\" data-src=\"https:\/\/www.monta\u00f1asdelaluna.es\/wp-content\/uploads\/2020\/04\/del-centro-a-la-derecha-joaquin-terres-pepe-diaz-fernando-bolaga-con-la-lengua-fuera-gabi-y-adrian-en-la-cima-del-almanzor-2-592-mts-detras-el-cuchillar-de-navajas-555x367.jpg\" data-srcset=\"https:\/\/www.monta\u00f1asdelaluna.es\/wp-content\/uploads\/2020\/04\/del-centro-a-la-derecha-joaquin-terres-pepe-diaz-fernando-bolaga-con-la-lengua-fuera-gabi-y-adrian-en-la-cima-del-almanzor-2-592-mts-detras-el-cuchillar-de-navajas-555x367.jpg 555w, https:\/\/www.monta\u00f1asdelaluna.es\/wp-content\/uploads\/2020\/04\/del-centro-a-la-derecha-joaquin-terres-pepe-diaz-fernando-bolaga-con-la-lengua-fuera-gabi-y-adrian-en-la-cima-del-almanzor-2-592-mts-detras-el-cuchillar-de-navajas-1110x734.jpg 1110w\" alt=\"\" title=\"Del centro a la derecha: Joaqu\u00edn Terr\u00e9s, Pepe D\u00edaz, Fernando Bolaga (con la lengua fuera), Gabi y Adri\u00e1n en la cima del Almanzor, 2.592 mts., detr\u00e1s el Cuchillar de Navajas\" width=\"555\" height=\"367\"  \/><\/a><\/p>\n\t\t\t<\/div>\n\n\t\t\n\t\t<div class=\"blog-content wf-td\">\n\t\t\t<h3 class=\"entry-title\"><a href=\"https:\/\/www.monta\u00f1asdelaluna.es\/?p=43795\" title=\"El Almanzor en la Sierra de Gredos\" rel=\"bookmark\">El Almanzor en la Sierra de Gredos<\/a><\/h3>\n\n\t\t\t<div class=\"entry-meta\"><span class=\"category-link\"><a href=\"https:\/\/www.monta\u00f1asdelaluna.es\/?cat=98\" rel=\"category\">Cordilleras centrales<\/a><\/span><a class=\"author vcard\" href=\"https:\/\/www.monta\u00f1asdelaluna.es\/?author=1\" title=\"Ver todas las publicaciones de Joaquin Terres\" rel=\"author\">Por <span class=\"fn\">Joaquin Terres<\/span><\/a><a href=\"https:\/\/www.monta\u00f1asdelaluna.es\/?m=20011101\" title=\"6:52 am\" class=\"data-link\" rel=\"bookmark\"><time class=\"entry-date updated\" datetime=\"2001-11-01T06:52:46+00:00\">1 noviembre, 2001<\/time><\/a><a href=\"https:\/\/www.monta\u00f1asdelaluna.es\/?p=43795#respond\" class=\"comment-link\" >Deja un comentario<\/a><\/div><p>[vc_row][vc_column][vc_column_text]Gredos es la sierra m\u00e1s alta e importante junto con la Sierra de Guadarrama, la mal llamada \u201cSierra de Madrid\u201d, del Sistema Central en la Pen\u00ednsula Ib\u00e9rica. Hay otras muchas m\u00e1s sierras y formaciones en el Sistema Central, cordillera que atraviesa la misma Pen\u00ednsula Ib\u00e9rica desde su centro entre Soria y Guadalajara (uni\u00e9ndose a el&hellip;<\/p>\n\n<a href=\"https:\/\/www.monta\u00f1asdelaluna.es\/?p=43795\" class=\"details more-link\" aria-label=\"Read more about El Almanzor en la Sierra de Gredos\" rel=\"nofollow\">Detalles<\/a>\n\n\t\t<\/div>\n\n\t<\/article>\n\n<\/div>\n<div class=\"wf-cell iso-item category-128\" data-post-id=\"17286\" data-date=\"2001-03-13T18:20:33+00:00\" data-name=\"Punta Alta y Valle de Bo\u00ed. La tierra de los cien mil lagos\">\n\t<article class=\"post post-17286 type-post status-publish format-standard has-post-thumbnail hentry category-alto-pirineo-catalan category-128 description-off\">\n\n\t\t\n\t\t\t<div class=\"blog-media wf-td\">\n\n\t\t\t\t<p><a href=\"https:\/\/www.monta\u00f1asdelaluna.es\/?p=17286\" class=\"alignnone rollover layzr-bg\" ><img loading=\"lazy\" decoding=\"async\" class=\"preload-me iso-lazy-load\" src=\"data:image\/svg+xml,%3Csvg%20xmlns%3D&#39;http%3A%2F%2Fwww.w3.org%2F2000%2Fsvg&#39;%20viewBox%3D&#39;0%200%20555%20378&#39;%2F%3E\" data-src=\"https:\/\/www.monta\u00f1asdelaluna.es\/wp-content\/uploads\/2020\/03\/abajo-la-bassa-al-fondo-izquierda-el-besiberri-del-mig-y-norte-en-el-centro-la-punta-harle-y-pa-de-sucre-a-la-derecha-tumeneia-555x378.jpg\" data-srcset=\"https:\/\/www.monta\u00f1asdelaluna.es\/wp-content\/uploads\/2020\/03\/abajo-la-bassa-al-fondo-izquierda-el-besiberri-del-mig-y-norte-en-el-centro-la-punta-harle-y-pa-de-sucre-a-la-derecha-tumeneia-555x378.jpg 555w, https:\/\/www.monta\u00f1asdelaluna.es\/wp-content\/uploads\/2020\/03\/abajo-la-bassa-al-fondo-izquierda-el-besiberri-del-mig-y-norte-en-el-centro-la-punta-harle-y-pa-de-sucre-a-la-derecha-tumeneia-1110x756.jpg 1110w\" alt=\"\" title=\"Abajo La Bassa, al fondo izquierda el Besiberri del Mig y Norte, en el centro la Punta Harl\u00e9 y Pa de Sucre, a la derecha Tumeneia\" width=\"555\" height=\"378\"  \/><\/a><\/p>\n\t\t\t<\/div>\n\n\t\t\n\t\t<div class=\"blog-content wf-td\">\n\t\t\t<h3 class=\"entry-title\"><a href=\"https:\/\/www.monta\u00f1asdelaluna.es\/?p=17286\" title=\"Punta Alta y Valle de Bo\u00ed. La tierra de los cien mil lagos\" rel=\"bookmark\">Punta Alta y Valle de Bo\u00ed. La tierra de los cien mil lagos<\/a><\/h3>\n\n\t\t\t<div class=\"entry-meta\"><span class=\"category-link\"><a href=\"https:\/\/www.monta\u00f1asdelaluna.es\/?cat=128\" rel=\"category\">Alto Pirineo Catal\u00e1n<\/a><\/span><a class=\"author vcard\" href=\"https:\/\/www.monta\u00f1asdelaluna.es\/?author=1\" title=\"Ver todas las publicaciones de Joaquin Terres\" rel=\"author\">Por <span class=\"fn\">Joaquin Terres<\/span><\/a><a href=\"https:\/\/www.monta\u00f1asdelaluna.es\/?m=20010313\" title=\"6:20 pm\" class=\"data-link\" rel=\"bookmark\"><time class=\"entry-date updated\" datetime=\"2001-03-13T18:20:33+00:00\">13 marzo, 2001<\/time><\/a><a href=\"https:\/\/www.monta\u00f1asdelaluna.es\/?p=17286#respond\" class=\"comment-link\" >Deja un comentario<\/a><\/div><p>[vc_row][vc_column][vc_column_text]Cerca de la hermosa torre campanario de la iglesia de Santa Eulalia en Erill la Vall, magn\u00edfico y singular monumento al rom\u00e1nico pirenaico, ten\u00edamos nuestro albergue. Fue el primer viaje (con autob\u00fas, de Semana Santa) que hice con el Centro Excursionista Almorad\u00ed despu\u00e9s de una pausa de actividades monta\u00f1eras; en la Semana Santa del dos&hellip;<\/p>\n\n<a href=\"https:\/\/www.monta\u00f1asdelaluna.es\/?p=17286\" class=\"details more-link\" aria-label=\"Read more about Punta Alta y Valle de Bo\u00ed. La tierra de los cien mil lagos\" rel=\"nofollow\">Detalles<\/a>\n\n\t\t<\/div>\n\n\t<\/article>\n\n<\/div>\n<div class=\"wf-cell iso-item category-124\" data-post-id=\"43787\" data-date=\"2001-02-15T19:09:04+00:00\" data-name=\"Bajada a Imlil y resto del viaje\">\n\t<article class=\"post post-43787 type-post status-publish format-standard has-post-thumbnail hentry category-atlas category-124 description-off\">\n\n\t\t\n\t\t\t<div class=\"blog-media wf-td\">\n\n\t\t\t\t<p><a href=\"https:\/\/www.monta\u00f1asdelaluna.es\/?p=43787\" class=\"alignnone rollover layzr-bg\" ><img loading=\"lazy\" decoding=\"async\" class=\"preload-me iso-lazy-load\" src=\"data:image\/svg+xml,%3Csvg%20xmlns%3D&#39;http%3A%2F%2Fwww.w3.org%2F2000%2Fsvg&#39;%20viewBox%3D&#39;0%200%20555%20377&#39;%2F%3E\" data-src=\"https:\/\/www.monta\u00f1asdelaluna.es\/wp-content\/uploads\/2001\/02\/joaquin-con-el-valle-de-imlil-delante-555x377.jpg\" data-srcset=\"https:\/\/www.monta\u00f1asdelaluna.es\/wp-content\/uploads\/2001\/02\/joaquin-con-el-valle-de-imlil-delante-555x377.jpg 555w, https:\/\/www.monta\u00f1asdelaluna.es\/wp-content\/uploads\/2001\/02\/joaquin-con-el-valle-de-imlil-delante-1110x754.jpg 1110w\" alt=\"\" title=\"Joaqu\u00edn con el valle de Imlil delante\" width=\"555\" height=\"377\"  \/><\/a><\/p>\n\t\t\t<\/div>\n\n\t\t\n\t\t<div class=\"blog-content wf-td\">\n\t\t\t<h3 class=\"entry-title\"><a href=\"https:\/\/www.monta\u00f1asdelaluna.es\/?p=43787\" title=\"Bajada a Imlil y resto del viaje\" rel=\"bookmark\">Bajada a Imlil y resto del viaje<\/a><\/h3>\n\n\t\t\t<div class=\"entry-meta\"><span class=\"category-link\"><a href=\"https:\/\/www.monta\u00f1asdelaluna.es\/?cat=124\" rel=\"category\">Atlas<\/a><\/span><a class=\"author vcard\" href=\"https:\/\/www.monta\u00f1asdelaluna.es\/?author=1\" title=\"Ver todas las publicaciones de Joaquin Terres\" rel=\"author\">Por <span class=\"fn\">Joaquin Terres<\/span><\/a><a href=\"https:\/\/www.monta\u00f1asdelaluna.es\/?m=20010215\" title=\"7:09 pm\" class=\"data-link\" rel=\"bookmark\"><time class=\"entry-date updated\" datetime=\"2001-02-15T19:09:04+00:00\">15 febrero, 2001<\/time><\/a><a href=\"https:\/\/www.monta\u00f1asdelaluna.es\/?p=43787#respond\" class=\"comment-link\" >Deja un comentario<\/a><\/div><p>[vc_row][vc_column][vc_column_text]Al otro d\u00eda nos levantamos bien temprano, casi igual que para subir al Toubkal, pero esta vez para bajar de la monta\u00f1a a Imlil. Paco quiere dejar la monta\u00f1a y visitar la ciudad de Marrakech qued\u00e1ndonos a dormir all\u00ed. Ya verdad es que tiene que ser emocionante poder visitar y dormir en Marrakech. Siempre hab\u00eda&hellip;<\/p>\n\n<a href=\"https:\/\/www.monta\u00f1asdelaluna.es\/?p=43787\" class=\"details more-link\" aria-label=\"Read more about Bajada a Imlil y resto del viaje\" rel=\"nofollow\">Detalles<\/a>\n\n\t\t<\/div>\n\n\t<\/article>\n\n<\/div>\n<div class=\"wf-cell iso-item category-124\" data-post-id=\"43776\" data-date=\"2001-02-14T22:16:43+00:00\" data-name=\"Djebel Toubkal, 4.167 mts. El mirador del desierto.\">\n\t<article class=\"post post-43776 type-post status-publish format-standard has-post-thumbnail hentry category-atlas category-124 description-off\">\n\n\t\t\n\t\t\t<div class=\"blog-media wf-td\">\n\n\t\t\t\t<p><a href=\"https:\/\/www.monta\u00f1asdelaluna.es\/?p=43776\" class=\"alignnone rollover layzr-bg\" ><img loading=\"lazy\" decoding=\"async\" class=\"preload-me iso-lazy-load\" src=\"data:image\/svg+xml,%3Csvg%20xmlns%3D&#39;http%3A%2F%2Fwww.w3.org%2F2000%2Fsvg&#39;%20viewBox%3D&#39;0%200%20555%20378&#39;%2F%3E\" data-src=\"https:\/\/www.monta\u00f1asdelaluna.es\/wp-content\/uploads\/2001\/02\/arriba-ya-vemos-la-cima-del-toubkal-555x378.jpg\" data-srcset=\"https:\/\/www.monta\u00f1asdelaluna.es\/wp-content\/uploads\/2001\/02\/arriba-ya-vemos-la-cima-del-toubkal-555x378.jpg 555w, https:\/\/www.monta\u00f1asdelaluna.es\/wp-content\/uploads\/2001\/02\/arriba-ya-vemos-la-cima-del-toubkal-1110x756.jpg 1110w\" alt=\"\" title=\"Arriba ya vemos la cima del Toubkal\" width=\"555\" height=\"378\"  \/><\/a><\/p>\n\t\t\t<\/div>\n\n\t\t\n\t\t<div class=\"blog-content wf-td\">\n\t\t\t<h3 class=\"entry-title\"><a href=\"https:\/\/www.monta\u00f1asdelaluna.es\/?p=43776\" title=\"Djebel Toubkal, 4.167 mts. El mirador del desierto.\" rel=\"bookmark\">Djebel Toubkal, 4.167 mts. El mirador del desierto.<\/a><\/h3>\n\n\t\t\t<div class=\"entry-meta\"><span class=\"category-link\"><a href=\"https:\/\/www.monta\u00f1asdelaluna.es\/?cat=124\" rel=\"category\">Atlas<\/a><\/span><a class=\"author vcard\" href=\"https:\/\/www.monta\u00f1asdelaluna.es\/?author=1\" title=\"Ver todas las publicaciones de Joaquin Terres\" rel=\"author\">Por <span class=\"fn\">Joaquin Terres<\/span><\/a><a href=\"https:\/\/www.monta\u00f1asdelaluna.es\/?m=20010214\" title=\"10:16 pm\" class=\"data-link\" rel=\"bookmark\"><time class=\"entry-date updated\" datetime=\"2001-02-14T22:16:43+00:00\">14 febrero, 2001<\/time><\/a><a href=\"https:\/\/www.monta\u00f1asdelaluna.es\/?p=43776#respond\" class=\"comment-link\" >Deja un comentario<\/a><\/div><p>[vc_row][vc_column][vc_column_text]Salimos temprano del refugio. Amaneciendo o poco antes de amanecer para poder salir con algo de luz por la monta\u00f1a. No recuerdo si nos subimos comida para desayunar y comer en el refugio, y en la actividad, o desayunamos del refugio. Yo creo que s\u00ed nos subimos la comida para la actividad. Nadie m\u00e1s sale&hellip;<\/p>\n\n<a href=\"https:\/\/www.monta\u00f1asdelaluna.es\/?p=43776\" class=\"details more-link\" aria-label=\"Read more about Djebel Toubkal, 4.167 mts. El mirador del desierto.\" rel=\"nofollow\">Detalles<\/a>\n\n\t\t<\/div>\n\n\t<\/article>\n\n<\/div>\n<div class=\"wf-cell iso-item category-124\" data-post-id=\"43770\" data-date=\"2001-02-13T06:18:09+00:00\" data-name=\"Subida al Refugio del Toubkal (3.207 mts.) desde Imlil (1.740 mts.).\">\n\t<article class=\"post post-43770 type-post status-publish format-standard has-post-thumbnail hentry category-atlas category-124 description-off\">\n\n\t\t\n\t\t\t<div class=\"blog-media wf-td\">\n\n\t\t\t\t<p><a href=\"https:\/\/www.monta\u00f1asdelaluna.es\/?p=43770\" class=\"alignnone rollover layzr-bg\" ><img loading=\"lazy\" decoding=\"async\" class=\"preload-me iso-lazy-load\" src=\"data:image\/svg+xml,%3Csvg%20xmlns%3D&#39;http%3A%2F%2Fwww.w3.org%2F2000%2Fsvg&#39;%20viewBox%3D&#39;0%200%20555%20378&#39;%2F%3E\" data-src=\"https:\/\/www.monta\u00f1asdelaluna.es\/wp-content\/uploads\/2001\/02\/llegando-al-refugio-del-toubkal-detras-el-akioud-555x378.jpg\" data-srcset=\"https:\/\/www.monta\u00f1asdelaluna.es\/wp-content\/uploads\/2001\/02\/llegando-al-refugio-del-toubkal-detras-el-akioud-555x378.jpg 555w, https:\/\/www.monta\u00f1asdelaluna.es\/wp-content\/uploads\/2001\/02\/llegando-al-refugio-del-toubkal-detras-el-akioud-1110x756.jpg 1110w\" alt=\"\" title=\"Llegando al Refugio del Toubkal, detr\u00e1s el Akioud\" width=\"555\" height=\"378\"  \/><\/a><\/p>\n\t\t\t<\/div>\n\n\t\t\n\t\t<div class=\"blog-content wf-td\">\n\t\t\t<h3 class=\"entry-title\"><a href=\"https:\/\/www.monta\u00f1asdelaluna.es\/?p=43770\" title=\"Subida al Refugio del Toubkal (3.207 mts.) desde Imlil (1.740 mts.).\" rel=\"bookmark\">Subida al Refugio del Toubkal (3.207 mts.) desde Imlil (1.740 mts.).<\/a><\/h3>\n\n\t\t\t<div class=\"entry-meta\"><span class=\"category-link\"><a href=\"https:\/\/www.monta\u00f1asdelaluna.es\/?cat=124\" rel=\"category\">Atlas<\/a><\/span><a class=\"author vcard\" href=\"https:\/\/www.monta\u00f1asdelaluna.es\/?author=1\" title=\"Ver todas las publicaciones de Joaquin Terres\" rel=\"author\">Por <span class=\"fn\">Joaquin Terres<\/span><\/a><a href=\"https:\/\/www.monta\u00f1asdelaluna.es\/?m=20010213\" title=\"6:18 am\" class=\"data-link\" rel=\"bookmark\"><time class=\"entry-date updated\" datetime=\"2001-02-13T06:18:09+00:00\">13 febrero, 2001<\/time><\/a><a href=\"https:\/\/www.monta\u00f1asdelaluna.es\/?p=43770#respond\" class=\"comment-link\" >Deja un comentario<\/a><\/div><p>[vc_row][vc_column][vc_column_text]A la ma\u00f1ana siguiente martes, todo preparado para dejar Imlil y salir con nuestro burrito porteador y su amo, camino o carretera arriba hacia el sur, en busca del Toubkal. La ruta es sencilla aunque no la conoc\u00eda en aquel entonces, realmente me dej\u00e9 llevar por Paco sin empaparme de lo que \u00edbamos a hacer&hellip;<\/p>\n\n<a href=\"https:\/\/www.monta\u00f1asdelaluna.es\/?p=43770\" class=\"details more-link\" aria-label=\"Read more about Subida al Refugio del Toubkal (3.207 mts.) desde Imlil (1.740 mts.).\" rel=\"nofollow\">Detalles<\/a>\n\n\t\t<\/div>\n\n\t<\/article>\n\n<\/div>\n<div class=\"wf-cell iso-item category-124\" data-post-id=\"43742\" data-date=\"2001-02-12T06:36:30+00:00\" data-name=\"Mi primera Expedici\u00f3n... Bajarse al Moro\">\n\t<article class=\"post post-43742 type-post status-publish format-standard has-post-thumbnail hentry category-atlas category-124 description-off\">\n\n\t\t\n\t\t\t<div class=\"blog-media wf-td\">\n\n\t\t\t\t<p><a href=\"https:\/\/www.monta\u00f1asdelaluna.es\/?p=43742\" class=\"alignnone rollover layzr-bg\" ><img loading=\"lazy\" decoding=\"async\" class=\"preload-me iso-lazy-load\" src=\"data:image\/svg+xml,%3Csvg%20xmlns%3D&#39;http%3A%2F%2Fwww.w3.org%2F2000%2Fsvg&#39;%20viewBox%3D&#39;0%200%20555%20380&#39;%2F%3E\" data-src=\"https:\/\/www.monta\u00f1asdelaluna.es\/wp-content\/uploads\/2001\/02\/la-cordillera-del-atlas-desde-imlil-555x380.jpg\" data-srcset=\"https:\/\/www.monta\u00f1asdelaluna.es\/wp-content\/uploads\/2001\/02\/la-cordillera-del-atlas-desde-imlil-555x380.jpg 555w, https:\/\/www.monta\u00f1asdelaluna.es\/wp-content\/uploads\/2001\/02\/la-cordillera-del-atlas-desde-imlil-1110x760.jpg 1110w\" alt=\"\" title=\"La Cordillera del Atlas desde Imlil\" width=\"555\" height=\"380\"  \/><\/a><\/p>\n\t\t\t<\/div>\n\n\t\t\n\t\t<div class=\"blog-content wf-td\">\n\t\t\t<h3 class=\"entry-title\"><a href=\"https:\/\/www.monta\u00f1asdelaluna.es\/?p=43742\" title=\"Mi primera Expedici\u00f3n&#8230; Bajarse al Moro\" rel=\"bookmark\">Mi primera Expedici\u00f3n&#8230; Bajarse al Moro<\/a><\/h3>\n\n\t\t\t<div class=\"entry-meta\"><span class=\"category-link\"><a href=\"https:\/\/www.monta\u00f1asdelaluna.es\/?cat=124\" rel=\"category\">Atlas<\/a><\/span><a class=\"author vcard\" href=\"https:\/\/www.monta\u00f1asdelaluna.es\/?author=1\" title=\"Ver todas las publicaciones de Joaquin Terres\" rel=\"author\">Por <span class=\"fn\">Joaquin Terres<\/span><\/a><a href=\"https:\/\/www.monta\u00f1asdelaluna.es\/?m=20010212\" title=\"6:36 am\" class=\"data-link\" rel=\"bookmark\"><time class=\"entry-date updated\" datetime=\"2001-02-12T06:36:30+00:00\">12 febrero, 2001<\/time><\/a><a href=\"https:\/\/www.monta\u00f1asdelaluna.es\/?p=43742#respond\" class=\"comment-link\" >Deja un comentario<\/a><\/div><p>[vc_row][vc_column][vc_column_text]Ya hac\u00eda unos meses o m\u00e1s de un a\u00f1o que hab\u00eda reiniciado mi actividad monta\u00f1era. Ya hab\u00eda visitado los Pirineos, Sierra Nevada y segu\u00eda pate\u00e1ndome las monta\u00f1as alicantinas. Gracias a eso y a mis condiciones laborales y sociales, me pod\u00eda permitir el escarpe una semana en mitad del mes de febrero para hacer un viaje&hellip;<\/p>\n\n<a href=\"https:\/\/www.monta\u00f1asdelaluna.es\/?p=43742\" class=\"details more-link\" aria-label=\"Read more about Mi primera Expedici\u00f3n&#8230; Bajarse al Moro\" rel=\"nofollow\">Detalles<\/a>\n\n\t\t<\/div>\n\n\t<\/article>\n\n<\/div>\n<div class=\"wf-cell iso-item category-103\" data-post-id=\"43719\" data-date=\"2001-01-13T08:55:48+00:00\" data-name=\"Los tresmiles m\u00e1s orientales de Sierra Nevada\">\n\t<article class=\"post post-43719 type-post status-publish format-standard has-post-thumbnail hentry category-ascensiones-y-recorridos category-103 description-off\">\n\n\t\t\n\t\t\t<div class=\"blog-media wf-td\">\n\n\t\t\t\t<p><a href=\"https:\/\/www.monta\u00f1asdelaluna.es\/?p=43719\" class=\"alignnone rollover layzr-bg\" ><img loading=\"lazy\" decoding=\"async\" class=\"preload-me iso-lazy-load\" src=\"data:image\/svg+xml,%3Csvg%20xmlns%3D&#39;http%3A%2F%2Fwww.w3.org%2F2000%2Fsvg&#39;%20viewBox%3D&#39;0%200%20555%20376&#39;%2F%3E\" data-src=\"https:\/\/www.monta\u00f1asdelaluna.es\/wp-content\/uploads\/2020\/03\/desde-el-refugio-postero-alto-el-circo-del-alhori-y-el-picon-de-jerez-en-el-centro-555x376.jpg\" data-srcset=\"https:\/\/www.monta\u00f1asdelaluna.es\/wp-content\/uploads\/2020\/03\/desde-el-refugio-postero-alto-el-circo-del-alhori-y-el-picon-de-jerez-en-el-centro-555x376.jpg 555w, https:\/\/www.monta\u00f1asdelaluna.es\/wp-content\/uploads\/2020\/03\/desde-el-refugio-postero-alto-el-circo-del-alhori-y-el-picon-de-jerez-en-el-centro-1110x752.jpg 1110w\" alt=\"\" title=\"Desde el Refugio Postero Alto el Circo del Alhor\u00ed y el Pic\u00f3n de Jerez en el centro\" width=\"555\" height=\"376\"  \/><\/a><\/p>\n\t\t\t<\/div>\n\n\t\t\n\t\t<div class=\"blog-content wf-td\">\n\t\t\t<h3 class=\"entry-title\"><a href=\"https:\/\/www.monta\u00f1asdelaluna.es\/?p=43719\" title=\"Los tresmiles m\u00e1s orientales de Sierra Nevada\" rel=\"bookmark\">Los tresmiles m\u00e1s orientales de Sierra Nevada<\/a><\/h3>\n\n\t\t\t<div class=\"entry-meta\"><span class=\"category-link\"><a href=\"https:\/\/www.monta\u00f1asdelaluna.es\/?cat=103\" rel=\"category\">Ascensiones y recorridos<\/a><\/span><a class=\"author vcard\" href=\"https:\/\/www.monta\u00f1asdelaluna.es\/?author=1\" title=\"Ver todas las publicaciones de Joaquin Terres\" rel=\"author\">Por <span class=\"fn\">Joaquin Terres<\/span><\/a><a href=\"https:\/\/www.monta\u00f1asdelaluna.es\/?m=20010113\" title=\"8:55 am\" class=\"data-link\" rel=\"bookmark\"><time class=\"entry-date updated\" datetime=\"2001-01-13T08:55:48+00:00\">13 enero, 2001<\/time><\/a><a href=\"https:\/\/www.monta\u00f1asdelaluna.es\/?p=43719#respond\" class=\"comment-link\" >Deja un comentario<\/a><\/div><p>[vc_row][vc_column][vc_column_text]Despu\u00e9s de un tiempo sin visitar Sierra Nevada y de haber visitado o pateado desde Pradollano a Elorrieta, Veleta, Mulhac\u00e9n\u2026 con esa \u00fanica visita al Refugio Poqueira de hace dos a\u00f1os, a\u00fan me quedaban muchas otras zonas por visitar, explorar y ascender de esta gran Sierra Nevada. Y una de ellas es la que m\u00e1s&hellip;<\/p>\n\n<a href=\"https:\/\/www.monta\u00f1asdelaluna.es\/?p=43719\" class=\"details more-link\" aria-label=\"Read more about Los tresmiles m\u00e1s orientales de Sierra Nevada\" rel=\"nofollow\">Detalles<\/a>\n\n\t\t<\/div>\n\n\t<\/article>\n\n<\/div>\n<div class=\"wf-cell iso-item category-126\" data-post-id=\"27590\" data-date=\"2000-12-06T17:43:48+00:00\" data-name=\"Valle de Pineta. Un circo imposible\">\n\t<article class=\"post post-27590 type-post status-publish format-standard has-post-thumbnail hentry category-valle-del-cinca category-126 description-off\">\n\n\t\t\n\t\t\t<div class=\"blog-media wf-td\">\n\n\t\t\t\t<p><a href=\"https:\/\/www.monta\u00f1asdelaluna.es\/?p=27590\" class=\"alignnone rollover layzr-bg\" ><img loading=\"lazy\" decoding=\"async\" class=\"preload-me iso-lazy-load\" src=\"data:image\/svg+xml,%3Csvg%20xmlns%3D&#39;http%3A%2F%2Fwww.w3.org%2F2000%2Fsvg&#39;%20viewBox%3D&#39;0%200%20555%20379&#39;%2F%3E\" data-src=\"https:\/\/www.monta\u00f1asdelaluna.es\/wp-content\/uploads\/2016\/03\/Pineta12-001-555x379.jpg\" data-srcset=\"https:\/\/www.monta\u00f1asdelaluna.es\/wp-content\/uploads\/2016\/03\/Pineta12-001-555x379.jpg 555w, https:\/\/www.monta\u00f1asdelaluna.es\/wp-content\/uploads\/2016\/03\/Pineta12-001-1110x758.jpg 1110w\" alt=\"\" title=\"Amanece en el Pico de Pineta y Pico Gari\u00e9n a la izquierda y Pico La Capilla a la izquierda\" width=\"555\" height=\"379\"  \/><\/a><\/p>\n\t\t\t<\/div>\n\n\t\t\n\t\t<div class=\"blog-content wf-td\">\n\t\t\t<h3 class=\"entry-title\"><a href=\"https:\/\/www.monta\u00f1asdelaluna.es\/?p=27590\" title=\"Valle de Pineta. Un circo imposible\" rel=\"bookmark\">Valle de Pineta. Un circo imposible<\/a><\/h3>\n\n\t\t\t<div class=\"entry-meta\"><span class=\"category-link\"><a href=\"https:\/\/www.monta\u00f1asdelaluna.es\/?cat=126\" rel=\"category\">Valle del Cinca<\/a><\/span><a class=\"author vcard\" href=\"https:\/\/www.monta\u00f1asdelaluna.es\/?author=1\" title=\"Ver todas las publicaciones de Joaquin Terres\" rel=\"author\">Por <span class=\"fn\">Joaquin Terres<\/span><\/a><a href=\"https:\/\/www.monta\u00f1asdelaluna.es\/?m=20001206\" title=\"5:43 pm\" class=\"data-link\" rel=\"bookmark\"><time class=\"entry-date updated\" datetime=\"2000-12-06T17:43:48+00:00\">6 diciembre, 2000<\/time><\/a><a href=\"https:\/\/www.monta\u00f1asdelaluna.es\/?p=27590#respond\" class=\"comment-link\" >Deja un comentario<\/a><\/div><p>[vc_row][vc_column][vc_column_text]El Valle de Pineta al igual que el Valle de Gista\u00edn son lugares que me atra\u00edan sin conocerlos. Solamente por su forma y dibujo en el mapa cartogr\u00e1fico hac\u00eda que me imaginara una geograf\u00eda interesante y atrayente. En el caso del Valle de Pineta ve\u00eda un profundo, ancho y largo corredor rodeado, sobre todo en&hellip;<\/p>\n\n<a href=\"https:\/\/www.monta\u00f1asdelaluna.es\/?p=27590\" class=\"details more-link\" aria-label=\"Read more about Valle de Pineta. Un circo imposible\" rel=\"nofollow\">Detalles<\/a>\n\n\t\t<\/div>\n\n\t<\/article>\n\n<\/div>\n<div class=\"wf-cell iso-item category-125\" data-post-id=\"17975\" data-date=\"2000-10-11T10:07:42+00:00\" data-name=\"Paseando por Vallibierna\">\n\t<article class=\"post post-17975 type-post status-publish format-standard has-post-thumbnail hentry category-valle-del-esera category-125 description-off\">\n\n\t\t\n\t\t\t<div class=\"blog-media wf-td\">\n\n\t\t\t\t<p><a href=\"https:\/\/www.monta\u00f1asdelaluna.es\/?p=17975\" class=\"alignnone rollover layzr-bg\" ><img loading=\"lazy\" decoding=\"async\" class=\"preload-me iso-lazy-load\" src=\"data:image\/svg+xml,%3Csvg%20xmlns%3D&#39;http%3A%2F%2Fwww.w3.org%2F2000%2Fsvg&#39;%20viewBox%3D&#39;0%200%20555%20378&#39;%2F%3E\" data-src=\"https:\/\/www.monta\u00f1asdelaluna.es\/wp-content\/uploads\/2020\/03\/jesus-antonio-y-joaquin-en-el-valle-de-vallibierna-al-fondo-el-macizo-del-posets-555x378.jpg\" data-srcset=\"https:\/\/www.monta\u00f1asdelaluna.es\/wp-content\/uploads\/2020\/03\/jesus-antonio-y-joaquin-en-el-valle-de-vallibierna-al-fondo-el-macizo-del-posets-555x378.jpg 555w, https:\/\/www.monta\u00f1asdelaluna.es\/wp-content\/uploads\/2020\/03\/jesus-antonio-y-joaquin-en-el-valle-de-vallibierna-al-fondo-el-macizo-del-posets-1110x756.jpg 1110w\" alt=\"\" title=\"Jes\u00fas, Antonio y Joaqu\u00edn en el Valle de Vallibierna, al fondo el macizo del Posets\" width=\"555\" height=\"378\"  \/><\/a><\/p>\n\t\t\t<\/div>\n\n\t\t\n\t\t<div class=\"blog-content wf-td\">\n\t\t\t<h3 class=\"entry-title\"><a href=\"https:\/\/www.monta\u00f1asdelaluna.es\/?p=17975\" title=\"Paseando por Vallibierna\" rel=\"bookmark\">Paseando por Vallibierna<\/a><\/h3>\n\n\t\t\t<div class=\"entry-meta\"><span class=\"category-link\"><a href=\"https:\/\/www.monta\u00f1asdelaluna.es\/?cat=125\" rel=\"category\">Valle del \u00c9sera<\/a><\/span><a class=\"author vcard\" href=\"https:\/\/www.monta\u00f1asdelaluna.es\/?author=1\" title=\"Ver todas las publicaciones de Joaquin Terres\" rel=\"author\">Por <span class=\"fn\">Joaquin Terres<\/span><\/a><a href=\"https:\/\/www.monta\u00f1asdelaluna.es\/?m=20001011\" title=\"10:07 am\" class=\"data-link\" rel=\"bookmark\"><time class=\"entry-date updated\" datetime=\"2000-10-11T10:07:42+00:00\">11 octubre, 2000<\/time><\/a><a href=\"https:\/\/www.monta\u00f1asdelaluna.es\/?p=17975#respond\" class=\"comment-link\" >Deja un comentario<\/a><\/div><p>[vc_row][vc_column][vc_column_text]&#8230;Seis a\u00f1os m\u00e1s tarde volv\u00ed a La Renclusa. Esta vez mis nuevos compa\u00f1eros de monta\u00f1a fueron Jes\u00fas Santana, Enrique Segura y Antonio Santana. Hac\u00eda poco que quer\u00edan iniciarse en la alta monta\u00f1a y hac\u00eda medio a\u00f1o que hab\u00eda conocido a Antonio por el trabajo. Se enter\u00f3 de mi afici\u00f3n y pasi\u00f3n que tambi\u00e9n \u00e9l compart\u00eda&hellip;<\/p>\n\n<a href=\"https:\/\/www.monta\u00f1asdelaluna.es\/?p=17975\" class=\"details more-link\" aria-label=\"Read more about Paseando por Vallibierna\" rel=\"nofollow\">Detalles<\/a>\n\n\t\t<\/div>\n\n\t<\/article>\n\n<\/div>\n<div class=\"wf-cell iso-item category-126\" data-post-id=\"25169\" data-date=\"1999-08-01T11:50:51+00:00\" data-name=\"Monte Perdido. La monta\u00f1a escondida\">\n\t<article class=\"post post-25169 type-post status-publish format-standard has-post-thumbnail hentry category-valle-del-cinca category-126 description-off\">\n\n\t\t\n\t\t\t<div class=\"blog-media wf-td\">\n\n\t\t\t\t<p><a href=\"https:\/\/www.monta\u00f1asdelaluna.es\/?p=25169\" class=\"alignnone rollover layzr-bg\" ><img loading=\"lazy\" decoding=\"async\" class=\"preload-me iso-lazy-load\" src=\"data:image\/svg+xml,%3Csvg%20xmlns%3D&#39;http%3A%2F%2Fwww.w3.org%2F2000%2Fsvg&#39;%20viewBox%3D&#39;0%200%20555%20374&#39;%2F%3E\" data-src=\"https:\/\/www.monta\u00f1asdelaluna.es\/wp-content\/uploads\/2020\/03\/jesus-joaquin-y-paco-en-el-mirador-de-calcilarruego-555x374.jpg\" data-srcset=\"https:\/\/www.monta\u00f1asdelaluna.es\/wp-content\/uploads\/2020\/03\/jesus-joaquin-y-paco-en-el-mirador-de-calcilarruego-555x374.jpg 555w, https:\/\/www.monta\u00f1asdelaluna.es\/wp-content\/uploads\/2020\/03\/jesus-joaquin-y-paco-en-el-mirador-de-calcilarruego-1110x748.jpg 1110w\" alt=\"\" title=\"Jes\u00fas, Joaqu\u00edn y Paco en el Mirador de Calcilarruego\" width=\"555\" height=\"374\"  \/><\/a><\/p>\n\t\t\t<\/div>\n\n\t\t\n\t\t<div class=\"blog-content wf-td\">\n\t\t\t<h3 class=\"entry-title\"><a href=\"https:\/\/www.monta\u00f1asdelaluna.es\/?p=25169\" title=\"Monte Perdido. La monta\u00f1a escondida\" rel=\"bookmark\">Monte Perdido. La monta\u00f1a escondida<\/a><\/h3>\n\n\t\t\t<div class=\"entry-meta\"><span class=\"category-link\"><a href=\"https:\/\/www.monta\u00f1asdelaluna.es\/?cat=126\" rel=\"category\">Valle del Cinca<\/a><\/span><a class=\"author vcard\" href=\"https:\/\/www.monta\u00f1asdelaluna.es\/?author=1\" title=\"Ver todas las publicaciones de Joaquin Terres\" rel=\"author\">Por <span class=\"fn\">Joaquin Terres<\/span><\/a><a href=\"https:\/\/www.monta\u00f1asdelaluna.es\/?m=19990801\" title=\"11:50 am\" class=\"data-link\" rel=\"bookmark\"><time class=\"entry-date updated\" datetime=\"1999-08-01T11:50:51+00:00\">1 agosto, 1999<\/time><\/a><a href=\"https:\/\/www.monta\u00f1asdelaluna.es\/?p=25169#respond\" class=\"comment-link\" >Deja un comentario<\/a><\/div><p>[vc_row][vc_column][vc_column_text]Dicen que a la tercera va la vencida. Por ello en el verano del noventa y nueve Paco Mart\u00ednez me invit\u00f3 a irme con \u00e9l y con Jes\u00fas Andujar a Ordesa para subir a Monte Perdido. Yo no estaba preparado ni estaba en mis planes salir de viaje ese verano, es m\u00e1s, llevaba una temporada&hellip;<\/p>\n\n<a href=\"https:\/\/www.monta\u00f1asdelaluna.es\/?p=25169\" class=\"details more-link\" aria-label=\"Read more about Monte Perdido. La monta\u00f1a escondida\" rel=\"nofollow\">Detalles<\/a>\n\n\t\t<\/div>\n\n\t<\/article>\n\n<\/div>\n<div class=\"wf-cell iso-item category-103\" data-post-id=\"42667\" data-date=\"1999-03-19T18:30:20+00:00\" data-name=\"Odisea en Sierra Nevada. De Capileira al Refugio Poqueira\">\n\t<article class=\"post post-42667 type-post status-publish format-standard has-post-thumbnail hentry category-ascensiones-y-recorridos category-103 description-off\">\n\n\t\t\n\t\t\t<div class=\"blog-media wf-td\">\n\n\t\t\t\t<p><a href=\"https:\/\/www.monta\u00f1asdelaluna.es\/?p=42667\" class=\"alignnone rollover layzr-bg\" ><img loading=\"lazy\" decoding=\"async\" class=\"preload-me iso-lazy-load\" src=\"data:image\/svg+xml,%3Csvg%20xmlns%3D&#39;http%3A%2F%2Fwww.w3.org%2F2000%2Fsvg&#39;%20viewBox%3D&#39;0%200%20555%20380&#39;%2F%3E\" data-src=\"https:\/\/www.monta\u00f1asdelaluna.es\/wp-content\/uploads\/2020\/03\/roberto-y-joaquin-camino-del-refugio-poqueira-detras-la-loca-sur-del-mulhacen-y-el-puntal-de-la-caldera-a-su-izquierda-555x380.jpg\" data-srcset=\"https:\/\/www.monta\u00f1asdelaluna.es\/wp-content\/uploads\/2020\/03\/roberto-y-joaquin-camino-del-refugio-poqueira-detras-la-loca-sur-del-mulhacen-y-el-puntal-de-la-caldera-a-su-izquierda-555x380.jpg 555w, https:\/\/www.monta\u00f1asdelaluna.es\/wp-content\/uploads\/2020\/03\/roberto-y-joaquin-camino-del-refugio-poqueira-detras-la-loca-sur-del-mulhacen-y-el-puntal-de-la-caldera-a-su-izquierda-1110x760.jpg 1110w\" alt=\"\" title=\"Roberto y Joaqu\u00edn camino del Refugio Poqueira, detr\u00e1s la loca sur del Mulhac\u00e9n y el Puntal de La Caldera a su izquierda\" width=\"555\" height=\"380\"  \/><\/a><\/p>\n\t\t\t<\/div>\n\n\t\t\n\t\t<div class=\"blog-content wf-td\">\n\t\t\t<h3 class=\"entry-title\"><a href=\"https:\/\/www.monta\u00f1asdelaluna.es\/?p=42667\" title=\"Odisea en Sierra Nevada. De Capileira al Refugio Poqueira\" rel=\"bookmark\">Odisea en Sierra Nevada. De Capileira al Refugio Poqueira<\/a><\/h3>\n\n\t\t\t<div class=\"entry-meta\"><span class=\"category-link\"><a href=\"https:\/\/www.monta\u00f1asdelaluna.es\/?cat=103\" rel=\"category\">Ascensiones y recorridos<\/a><\/span><a class=\"author vcard\" href=\"https:\/\/www.monta\u00f1asdelaluna.es\/?author=1\" title=\"Ver todas las publicaciones de Joaquin Terres\" rel=\"author\">Por <span class=\"fn\">Joaquin Terres<\/span><\/a><a href=\"https:\/\/www.monta\u00f1asdelaluna.es\/?m=19990319\" title=\"6:30 pm\" class=\"data-link\" rel=\"bookmark\"><time class=\"entry-date updated\" datetime=\"1999-03-19T18:30:20+00:00\">19 marzo, 1999<\/time><\/a><a href=\"https:\/\/www.monta\u00f1asdelaluna.es\/?p=42667#respond\" class=\"comment-link\" >Deja un comentario<\/a><\/div><p>[vc_row][vc_column][vc_column_text]Estaba tiempo despegado de la monta\u00f1a, supongo que por las circunstancias ocurridas con el Centro Excursionista Almorad\u00ed en el a\u00f1o 1.998 o porque desde hac\u00eda un tiempo compart\u00eda mi vida con mi primera novia Sandra\u2026 de todo un poco. El caso es que mi viejo compa\u00f1ero y amigo de monta\u00f1as Jes\u00fas And\u00fajar contacto conmigo porque&hellip;<\/p>\n\n<a href=\"https:\/\/www.monta\u00f1asdelaluna.es\/?p=42667\" class=\"details more-link\" aria-label=\"Read more about Odisea en Sierra Nevada. De Capileira al Refugio Poqueira\" rel=\"nofollow\">Detalles<\/a>\n\n\t\t<\/div>\n\n\t<\/article>\n\n<\/div>\n<div class=\"wf-cell iso-item category-126\" data-post-id=\"23167\" data-date=\"1996-12-06T11:23:50+00:00\" data-name=\"Ordesa. Enamorado del invierno\">\n\t<article class=\"post post-23167 type-post status-publish format-standard has-post-thumbnail hentry category-valle-del-cinca category-126 description-off\">\n\n\t\t\n\t\t\t<div class=\"blog-media wf-td\">\n\n\t\t\t\t<p><a href=\"https:\/\/www.monta\u00f1asdelaluna.es\/?p=23167\" class=\"alignnone rollover layzr-bg\" ><img loading=\"lazy\" decoding=\"async\" class=\"preload-me iso-lazy-load\" src=\"data:image\/svg+xml,%3Csvg%20xmlns%3D&#39;http%3A%2F%2Fwww.w3.org%2F2000%2Fsvg&#39;%20viewBox%3D&#39;0%200%20555%20377&#39;%2F%3E\" data-src=\"https:\/\/www.monta\u00f1asdelaluna.es\/wp-content\/uploads\/1996\/12\/valle-de-ordesa-desde-arriba-de-las-clavijas-de-soaso-555x377.jpg\" data-srcset=\"https:\/\/www.monta\u00f1asdelaluna.es\/wp-content\/uploads\/1996\/12\/valle-de-ordesa-desde-arriba-de-las-clavijas-de-soaso-555x377.jpg 555w, https:\/\/www.monta\u00f1asdelaluna.es\/wp-content\/uploads\/1996\/12\/valle-de-ordesa-desde-arriba-de-las-clavijas-de-soaso-1110x754.jpg 1110w\" alt=\"\" title=\"Valle de Ordesa desde arriba de las Clavijas de Soaso\" width=\"555\" height=\"377\"  \/><\/a><\/p>\n\t\t\t<\/div>\n\n\t\t\n\t\t<div class=\"blog-content wf-td\">\n\t\t\t<h3 class=\"entry-title\"><a href=\"https:\/\/www.monta\u00f1asdelaluna.es\/?p=23167\" title=\"Ordesa. Enamorado del invierno\" rel=\"bookmark\">Ordesa. Enamorado del invierno<\/a><\/h3>\n\n\t\t\t<div class=\"entry-meta\"><span class=\"category-link\"><a href=\"https:\/\/www.monta\u00f1asdelaluna.es\/?cat=126\" rel=\"category\">Valle del Cinca<\/a><\/span><a class=\"author vcard\" href=\"https:\/\/www.monta\u00f1asdelaluna.es\/?author=1\" title=\"Ver todas las publicaciones de Joaquin Terres\" rel=\"author\">Por <span class=\"fn\">Joaquin Terres<\/span><\/a><a href=\"https:\/\/www.monta\u00f1asdelaluna.es\/?m=19961206\" title=\"11:23 am\" class=\"data-link\" rel=\"bookmark\"><time class=\"entry-date updated\" datetime=\"1996-12-06T11:23:50+00:00\">6 diciembre, 1996<\/time><\/a><a href=\"https:\/\/www.monta\u00f1asdelaluna.es\/?p=23167#respond\" class=\"comment-link\" >Deja un comentario<\/a><\/div><p>[vc_row][vc_column][vc_column_text]&#8230;Dos a\u00f1os m\u00e1s tarde, en diciembre del noventa y seis, vuelvo al Valle de Ordesa, esta vez en invierno y con el Monte Perdido como objetivo. Jes\u00fas L\u00f3pez, Jos\u00e9 Manuel \u201cHenry\u201d, Fran de Albatera, Jos\u00e9 Vicente \u201cMon\u00edn\u201d y Juan Mart\u00ednez \u201cTripilla\u201d eran mis compa\u00f1eros esta vez. Al contrar\u00edo que en verano, en invierno no hay&hellip;<\/p>\n\n<a href=\"https:\/\/www.monta\u00f1asdelaluna.es\/?p=23167\" class=\"details more-link\" aria-label=\"Read more about Ordesa. Enamorado del invierno\" rel=\"nofollow\">Detalles<\/a>\n\n\t\t<\/div>\n\n\t<\/article>\n\n<\/div>\n<div class=\"wf-cell iso-item category-103\" data-post-id=\"42476\" data-date=\"1996-11-01T17:46:38+00:00\" data-name=\"Veleta (3.398 mts.) y Mulhac\u00e9n (3.479 mts.) desde Pradollano\">\n\t<article class=\"post post-42476 type-post status-publish format-standard has-post-thumbnail hentry category-ascensiones-y-recorridos category-103 description-off\">\n\n\t\t\n\t\t\t<div class=\"blog-media wf-td\">\n\n\t\t\t\t<p><a href=\"https:\/\/www.monta\u00f1asdelaluna.es\/?p=42476\" class=\"alignnone rollover layzr-bg\" ><img loading=\"lazy\" decoding=\"async\" class=\"preload-me iso-lazy-load\" src=\"data:image\/svg+xml,%3Csvg%20xmlns%3D&#39;http%3A%2F%2Fwww.w3.org%2F2000%2Fsvg&#39;%20viewBox%3D&#39;0%200%20555%20372&#39;%2F%3E\" data-src=\"https:\/\/www.monta\u00f1asdelaluna.es\/wp-content\/uploads\/2020\/03\/vicente-y-jesus-descansando-en-el-puntal-de-laguna-larga-en-loma-pelada-detras-la-laguna-de-rioseco-y-los-raspones-de-rioseco-a-la-derecha-el-veleta-y-bajo-este-a-su-izquierda-el-collado-de-la-carih-555x372.jpg\" data-srcset=\"https:\/\/www.monta\u00f1asdelaluna.es\/wp-content\/uploads\/2020\/03\/vicente-y-jesus-descansando-en-el-puntal-de-laguna-larga-en-loma-pelada-detras-la-laguna-de-rioseco-y-los-raspones-de-rioseco-a-la-derecha-el-veleta-y-bajo-este-a-su-izquierda-el-collado-de-la-carih-555x372.jpg 555w, https:\/\/www.monta\u00f1asdelaluna.es\/wp-content\/uploads\/2020\/03\/vicente-y-jesus-descansando-en-el-puntal-de-laguna-larga-en-loma-pelada-detras-la-laguna-de-rioseco-y-los-raspones-de-rioseco-a-la-derecha-el-veleta-y-bajo-este-a-su-izquierda-el-collado-de-la-carih-1110x744.jpg 1110w\" alt=\"\" title=\"Vicente y Jes\u00fas descansando en el Puntal de Laguna Larga en Loma Pelada, detr\u00e1s la Laguna de Rioseco y los Raspones de Rioseco, a la derecha el Veleta y bajo \u00e9ste a su izquierda el Collado de La Carihuela\" width=\"555\" height=\"372\"  \/><\/a><\/p>\n\t\t\t<\/div>\n\n\t\t\n\t\t<div class=\"blog-content wf-td\">\n\t\t\t<h3 class=\"entry-title\"><a href=\"https:\/\/www.monta\u00f1asdelaluna.es\/?p=42476\" title=\"Veleta (3.398 mts.) y Mulhac\u00e9n (3.479 mts.) desde Pradollano\" rel=\"bookmark\">Veleta (3.398 mts.) y Mulhac\u00e9n (3.479 mts.) desde Pradollano<\/a><\/h3>\n\n\t\t\t<div class=\"entry-meta\"><span class=\"category-link\"><a href=\"https:\/\/www.monta\u00f1asdelaluna.es\/?cat=103\" rel=\"category\">Ascensiones y recorridos<\/a><\/span><a class=\"author vcard\" href=\"https:\/\/www.monta\u00f1asdelaluna.es\/?author=1\" title=\"Ver todas las publicaciones de Joaquin Terres\" rel=\"author\">Por <span class=\"fn\">Joaquin Terres<\/span><\/a><a href=\"https:\/\/www.monta\u00f1asdelaluna.es\/?m=19961101\" title=\"5:46 pm\" class=\"data-link\" rel=\"bookmark\"><time class=\"entry-date updated\" datetime=\"1996-11-01T17:46:38+00:00\">1 noviembre, 1996<\/time><\/a><a href=\"https:\/\/www.monta\u00f1asdelaluna.es\/?p=42476#respond\" class=\"comment-link\" >Deja un comentario<\/a><\/div><p>[vc_row][vc_column][vc_column_text]Despu\u00e9s de la aventura este pasado invierno por el Desierto Blanco de Sierra Nevada y no haber podido conseguir nuestro objetivo, al menos, una cima como el Veleta por ejemplo\u2026 decidimos, el mismo grupo menos Miguel \u00c1ngel \u201cMendoza\u201d, salir el mismo a\u00f1o pero en mitad del oto\u00f1o cuando igual ya hab\u00eda ca\u00eddo la primera nevada&hellip;<\/p>\n\n<a href=\"https:\/\/www.monta\u00f1asdelaluna.es\/?p=42476\" class=\"details more-link\" aria-label=\"Read more about Veleta (3.398 mts.) y Mulhac\u00e9n (3.479 mts.) desde Pradollano\" rel=\"nofollow\">Detalles<\/a>\n\n\t\t<\/div>\n\n\t<\/article>\n\n<\/div>\n<div class=\"wf-cell iso-item category-76\" data-post-id=\"42424\" data-date=\"1996-06-29T17:45:18+00:00\" data-name=\"Sierra de Crevillente con ni\u00f1os del Colegio Canales y Mart\u00ednez de Almorad\u00ed\">\n\t<article class=\"post post-42424 type-post status-publish format-standard has-post-thumbnail hentry category-sierra-de-crevillente category-76 description-off\">\n\n\t\t\n\t\t\t<div class=\"blog-media wf-td\">\n\n\t\t\t\t<p><a href=\"https:\/\/www.monta\u00f1asdelaluna.es\/?p=42424\" class=\"alignnone rollover layzr-bg\" ><img loading=\"lazy\" decoding=\"async\" class=\"preload-me iso-lazy-load\" src=\"data:image\/svg+xml,%3Csvg%20xmlns%3D&#39;http%3A%2F%2Fwww.w3.org%2F2000%2Fsvg&#39;%20viewBox%3D&#39;0%200%20555%20377&#39;%2F%3E\" data-src=\"https:\/\/www.monta\u00f1asdelaluna.es\/wp-content\/uploads\/2020\/03\/los-monitores-manolo-cano-en-el-centro-jesus-y-vicente-a-la-derecha-a-cada-lado-de-manolo-cano-joni-y-filiu-555x377.jpg\" data-srcset=\"https:\/\/www.monta\u00f1asdelaluna.es\/wp-content\/uploads\/2020\/03\/los-monitores-manolo-cano-en-el-centro-jesus-y-vicente-a-la-derecha-a-cada-lado-de-manolo-cano-joni-y-filiu-555x377.jpg 555w, https:\/\/www.monta\u00f1asdelaluna.es\/wp-content\/uploads\/2020\/03\/los-monitores-manolo-cano-en-el-centro-jesus-y-vicente-a-la-derecha-a-cada-lado-de-manolo-cano-joni-y-filiu-1110x754.jpg 1110w\" alt=\"\" title=\"Los monitores: Manolo Cano en el centro, Jes\u00fas y Vicente a la derecha. A cada lado de Manolo Cano, Joni y Filiu\" width=\"555\" height=\"377\"  \/><\/a><\/p>\n\t\t\t<\/div>\n\n\t\t\n\t\t<div class=\"blog-content wf-td\">\n\t\t\t<h3 class=\"entry-title\"><a href=\"https:\/\/www.monta\u00f1asdelaluna.es\/?p=42424\" title=\"Sierra de Crevillente con ni\u00f1os del Colegio Canales y Mart\u00ednez de Almorad\u00ed\" rel=\"bookmark\">Sierra de Crevillente con ni\u00f1os del Colegio Canales y Mart\u00ednez de Almorad\u00ed<\/a><\/h3>\n\n\t\t\t<div class=\"entry-meta\"><span class=\"category-link\"><a href=\"https:\/\/www.monta\u00f1asdelaluna.es\/?cat=76\" rel=\"category\">Sierra de Crevillente<\/a><\/span><a class=\"author vcard\" href=\"https:\/\/www.monta\u00f1asdelaluna.es\/?author=1\" title=\"Ver todas las publicaciones de Joaquin Terres\" rel=\"author\">Por <span class=\"fn\">Joaquin Terres<\/span><\/a><a href=\"https:\/\/www.monta\u00f1asdelaluna.es\/?m=19960629\" title=\"5:45 pm\" class=\"data-link\" rel=\"bookmark\"><time class=\"entry-date updated\" datetime=\"1996-06-29T17:45:18+00:00\">29 junio, 1996<\/time><\/a><a href=\"https:\/\/www.monta\u00f1asdelaluna.es\/?p=42424#respond\" class=\"comment-link\" >Deja un comentario<\/a><\/div><p>[vc_row][vc_column][vc_column_text]El Centro Excursionista Almorad\u00ed all\u00e1 por mediados de los a\u00f1os 90, decidi\u00f3 realizar actividades con ni\u00f1os de colegios de Almorad\u00ed con edades comprendidas entre los 9 y 12 a\u00f1os, con el fin de iniciarles en la monta\u00f1a, excursiones, acampadas y aquellas actividades que ten\u00edan que ver con la aventura y con la naturaleza. Dentro de&hellip;<\/p>\n\n<a href=\"https:\/\/www.monta\u00f1asdelaluna.es\/?p=42424\" class=\"details more-link\" aria-label=\"Read more about Sierra de Crevillente con ni\u00f1os del Colegio Canales y Mart\u00ednez de Almorad\u00ed\" rel=\"nofollow\">Detalles<\/a>\n\n\t\t<\/div>\n\n\t<\/article>\n\n<\/div>\n<div class=\"wf-cell iso-item category-103\" data-post-id=\"42329\" data-date=\"1996-06-15T20:45:41+00:00\" data-name=\"Veleta, 3.398 mts.\">\n\t<article class=\"post post-42329 type-post status-publish format-standard has-post-thumbnail hentry category-ascensiones-y-recorridos category-103 description-off\">\n\n\t\t\n\t\t\t<div class=\"blog-media wf-td\">\n\n\t\t\t\t<p><a href=\"https:\/\/www.monta\u00f1asdelaluna.es\/?p=42329\" class=\"alignnone rollover layzr-bg\" ><img loading=\"lazy\" decoding=\"async\" class=\"preload-me iso-lazy-load\" src=\"data:image\/svg+xml,%3Csvg%20xmlns%3D&#39;http%3A%2F%2Fwww.w3.org%2F2000%2Fsvg&#39;%20viewBox%3D&#39;0%200%20555%20376&#39;%2F%3E\" data-src=\"https:\/\/www.monta\u00f1asdelaluna.es\/wp-content\/uploads\/2020\/03\/cerca-de-pradollano-atras-queda-el-veleta-555x376.jpg\" data-srcset=\"https:\/\/www.monta\u00f1asdelaluna.es\/wp-content\/uploads\/2020\/03\/cerca-de-pradollano-atras-queda-el-veleta-555x376.jpg 555w, https:\/\/www.monta\u00f1asdelaluna.es\/wp-content\/uploads\/2020\/03\/cerca-de-pradollano-atras-queda-el-veleta-1110x752.jpg 1110w\" alt=\"\" title=\"Cerca de Pradollano, atr\u00e1s queda el Veleta\" width=\"555\" height=\"376\"  \/><\/a><\/p>\n\t\t\t<\/div>\n\n\t\t\n\t\t<div class=\"blog-content wf-td\">\n\t\t\t<h3 class=\"entry-title\"><a href=\"https:\/\/www.monta\u00f1asdelaluna.es\/?p=42329\" title=\"Veleta, 3.398 mts.\" rel=\"bookmark\">Veleta, 3.398 mts.<\/a><\/h3>\n\n\t\t\t<div class=\"entry-meta\"><span class=\"category-link\"><a href=\"https:\/\/www.monta\u00f1asdelaluna.es\/?cat=103\" rel=\"category\">Ascensiones y recorridos<\/a><\/span><a class=\"author vcard\" href=\"https:\/\/www.monta\u00f1asdelaluna.es\/?author=1\" title=\"Ver todas las publicaciones de Joaquin Terres\" rel=\"author\">Por <span class=\"fn\">Joaquin Terres<\/span><\/a><a href=\"https:\/\/www.monta\u00f1asdelaluna.es\/?m=19960615\" title=\"8:45 pm\" class=\"data-link\" rel=\"bookmark\"><time class=\"entry-date updated\" datetime=\"1996-06-15T20:45:41+00:00\">15 junio, 1996<\/time><\/a><a href=\"https:\/\/www.monta\u00f1asdelaluna.es\/?p=42329#respond\" class=\"comment-link\" >Deja un comentario<\/a><\/div><p>[vc_row][vc_column][vc_column_text]Despu\u00e9s del intento fallido este pasado invierno de subir al Veleta o realizar una actividad en la muy nevada Sierra Nevada, me emplazo ya cerca del verano con mi compa\u00f1ero Paco S\u00e1nchez y su vecino Jos\u00e9 Mar\u00eda a subir en un d\u00eda y quedarnos a pasar alguna noche, al Veleta en Sierra Nevada. Desde el&hellip;<\/p>\n\n<a href=\"https:\/\/www.monta\u00f1asdelaluna.es\/?p=42329\" class=\"details more-link\" aria-label=\"Read more about Veleta, 3.398 mts.\" rel=\"nofollow\">Detalles<\/a>\n\n\t\t<\/div>\n\n\t<\/article>\n\n<\/div>\n<div class=\"wf-cell iso-item category-123\" data-post-id=\"43652\" data-date=\"1996-05-01T16:14:52+00:00\" data-name=\"L&#039;Alacant\u00ed\">\n\t<article class=\"post post-43652 type-post status-publish format-standard has-post-thumbnail hentry category-comarcas-cercanas category-123 description-off\">\n\n\t\t\n\t\t\t<div class=\"blog-media wf-td\">\n\n\t\t\t\t<p><a href=\"https:\/\/www.monta\u00f1asdelaluna.es\/?p=43652\" class=\"alignnone rollover layzr-bg\" ><img loading=\"lazy\" decoding=\"async\" class=\"preload-me iso-lazy-load\" src=\"data:image\/svg+xml,%3Csvg%20xmlns%3D&#39;http%3A%2F%2Fwww.w3.org%2F2000%2Fsvg&#39;%20viewBox%3D&#39;0%200%20555%20374&#39;%2F%3E\" data-src=\"https:\/\/www.monta\u00f1asdelaluna.es\/wp-content\/uploads\/2020\/05\/LAlacanti33.web_-555x374.jpg\" data-srcset=\"https:\/\/www.monta\u00f1asdelaluna.es\/wp-content\/uploads\/2020\/05\/LAlacanti33.web_-555x374.jpg 555w, https:\/\/www.monta\u00f1asdelaluna.es\/wp-content\/uploads\/2020\/05\/LAlacanti33.web_-1110x748.jpg 1110w\" alt=\"\" title=\"L&#8217;Alacanti33.web\" width=\"555\" height=\"374\"  \/><\/a><\/p>\n\t\t\t<\/div>\n\n\t\t\n\t\t<div class=\"blog-content wf-td\">\n\t\t\t<h3 class=\"entry-title\"><a href=\"https:\/\/www.monta\u00f1asdelaluna.es\/?p=43652\" title=\"L&#8217;Alacant\u00ed\" rel=\"bookmark\">L&#8217;Alacant\u00ed<\/a><\/h3>\n\n\t\t\t<div class=\"entry-meta\"><span class=\"category-link\"><a href=\"https:\/\/www.monta\u00f1asdelaluna.es\/?cat=123\" rel=\"category\">Comarcas Cercanas<\/a><\/span><a class=\"author vcard\" href=\"https:\/\/www.monta\u00f1asdelaluna.es\/?author=1\" title=\"Ver todas las publicaciones de Joaquin Terres\" rel=\"author\">Por <span class=\"fn\">Joaquin Terres<\/span><\/a><a href=\"https:\/\/www.monta\u00f1asdelaluna.es\/?m=19960501\" title=\"4:14 pm\" class=\"data-link\" rel=\"bookmark\"><time class=\"entry-date updated\" datetime=\"1996-05-01T16:14:52+00:00\">1 mayo, 1996<\/time><\/a><a href=\"https:\/\/www.monta\u00f1asdelaluna.es\/?p=43652#respond\" class=\"comment-link\" >Deja un comentario<\/a><\/div><p>[vc_row][vc_column][vc_column_text]Esta comarca tiene como capital la ciudad que da nombre a la provincia y a ella misma, Alicante. Pero que puedo decir de Alicante que no sepamos ya o hayamos visto. Es por esto que no me enrollar\u00e9 demasiado hablando de la ciudad. La primera ciudad de esta comarca que visitaremos, as\u00ed como la m\u00e1s&hellip;<\/p>\n\n<a href=\"https:\/\/www.monta\u00f1asdelaluna.es\/?p=43652\" class=\"details more-link\" aria-label=\"Read more about L&#8217;Alacant\u00ed\" rel=\"nofollow\">Detalles<\/a>\n\n\t\t<\/div>\n\n\t<\/article>\n\n<\/div>\n<div class=\"wf-cell iso-item category-103\" data-post-id=\"36398\" data-date=\"1996-03-16T18:23:15+00:00\" data-name=\"Desierto blanco\">\n\t<article class=\"post post-36398 type-post status-publish format-standard has-post-thumbnail hentry category-ascensiones-y-recorridos category-103 description-off\">\n\n\t\t\n\t\t\t<div class=\"blog-media wf-td\">\n\n\t\t\t\t<p><a href=\"https:\/\/www.monta\u00f1asdelaluna.es\/?p=36398\" class=\"alignnone rollover layzr-bg\" ><img loading=\"lazy\" decoding=\"async\" class=\"preload-me iso-lazy-load\" src=\"data:image\/svg+xml,%3Csvg%20xmlns%3D&#39;http%3A%2F%2Fwww.w3.org%2F2000%2Fsvg&#39;%20viewBox%3D&#39;0%200%20555%20375&#39;%2F%3E\" data-src=\"https:\/\/www.monta\u00f1asdelaluna.es\/wp-content\/uploads\/2017\/04\/SierraNevada96-06-001-555x375.jpg\" data-srcset=\"https:\/\/www.monta\u00f1asdelaluna.es\/wp-content\/uploads\/2017\/04\/SierraNevada96-06-001-555x375.jpg 555w, https:\/\/www.monta\u00f1asdelaluna.es\/wp-content\/uploads\/2017\/04\/SierraNevada96-06-001-1110x750.jpg 1110w\" alt=\"\" title=\"Enfrente el Cartujo, a la izquierda la zona de Elorrieta\" width=\"555\" height=\"375\"  \/><\/a><\/p>\n\t\t\t<\/div>\n\n\t\t\n\t\t<div class=\"blog-content wf-td\">\n\t\t\t<h3 class=\"entry-title\"><a href=\"https:\/\/www.monta\u00f1asdelaluna.es\/?p=36398\" title=\"Desierto blanco\" rel=\"bookmark\">Desierto blanco<\/a><\/h3>\n\n\t\t\t<div class=\"entry-meta\"><span class=\"category-link\"><a href=\"https:\/\/www.monta\u00f1asdelaluna.es\/?cat=103\" rel=\"category\">Ascensiones y recorridos<\/a><\/span><a class=\"author vcard\" href=\"https:\/\/www.monta\u00f1asdelaluna.es\/?author=1\" title=\"Ver todas las publicaciones de Joaquin Terres\" rel=\"author\">Por <span class=\"fn\">Joaquin Terres<\/span><\/a><a href=\"https:\/\/www.monta\u00f1asdelaluna.es\/?m=19960316\" title=\"6:23 pm\" class=\"data-link\" rel=\"bookmark\"><time class=\"entry-date updated\" datetime=\"1996-03-16T18:23:15+00:00\">16 marzo, 1996<\/time><\/a><a href=\"https:\/\/www.monta\u00f1asdelaluna.es\/?p=36398#respond\" class=\"comment-link\" >Deja un comentario<\/a><\/div><p>[vc_row][vc_column][vc_column_text]A pesar de que en esta actividad, en esta salida a Sierra Nevada no llegamos a subir ning\u00fan pico, ni pudimos realizar recorrido u objetivo representativo, disfrutamos (mejor dicho, sufrimos) de una Sierra Nevada como nunca la he llegado a ver, a sentir, a recordar\u2026 El pasado invierno y a\u00f1o en general, de 1.995, fue&hellip;<\/p>\n\n<a href=\"https:\/\/www.monta\u00f1asdelaluna.es\/?p=36398\" class=\"details more-link\" aria-label=\"Read more about Desierto blanco\" rel=\"nofollow\">Detalles<\/a>\n\n\t\t<\/div>\n\n\t<\/article>\n\n<\/div>\n<div class=\"wf-cell iso-item category-123\" data-post-id=\"43617\" data-date=\"1995-10-01T17:53:27+00:00\" data-name=\"El Vinalop\u00f3 Medio\">\n\t<article class=\"post post-43617 type-post status-publish format-standard has-post-thumbnail hentry category-comarcas-cercanas category-123 description-off\">\n\n\t\t\n\t\t\t<div class=\"blog-media wf-td\">\n\n\t\t\t\t<p><a href=\"https:\/\/www.monta\u00f1asdelaluna.es\/?p=43617\" class=\"alignnone rollover layzr-bg\" ><img loading=\"lazy\" decoding=\"async\" class=\"preload-me iso-lazy-load\" src=\"data:image\/svg+xml,%3Csvg%20xmlns%3D&#39;http%3A%2F%2Fwww.w3.org%2F2000%2Fsvg&#39;%20viewBox%3D&#39;0%200%20555%20416&#39;%2F%3E\" data-src=\"https:\/\/www.monta\u00f1asdelaluna.es\/wp-content\/uploads\/2020\/05\/Vinalop\u00f3Medio333.web_-555x416.jpg\" data-srcset=\"https:\/\/www.monta\u00f1asdelaluna.es\/wp-content\/uploads\/2020\/05\/Vinalop\u00f3Medio333.web_-555x416.jpg 555w, https:\/\/www.monta\u00f1asdelaluna.es\/wp-content\/uploads\/2020\/05\/Vinalop\u00f3Medio333.web_-1110x832.jpg 1110w\" alt=\"\" title=\"Vinalop\u00f3Medio333.web\" width=\"555\" height=\"416\"  \/><\/a><\/p>\n\t\t\t<\/div>\n\n\t\t\n\t\t<div class=\"blog-content wf-td\">\n\t\t\t<h3 class=\"entry-title\"><a href=\"https:\/\/www.monta\u00f1asdelaluna.es\/?p=43617\" title=\"El Vinalop\u00f3 Medio\" rel=\"bookmark\">El Vinalop\u00f3 Medio<\/a><\/h3>\n\n\t\t\t<div class=\"entry-meta\"><span class=\"category-link\"><a href=\"https:\/\/www.monta\u00f1asdelaluna.es\/?cat=123\" rel=\"category\">Comarcas Cercanas<\/a><\/span><a class=\"author vcard\" href=\"https:\/\/www.monta\u00f1asdelaluna.es\/?author=1\" title=\"Ver todas las publicaciones de Joaquin Terres\" rel=\"author\">Por <span class=\"fn\">Joaquin Terres<\/span><\/a><a href=\"https:\/\/www.monta\u00f1asdelaluna.es\/?m=19951001\" title=\"5:53 pm\" class=\"data-link\" rel=\"bookmark\"><time class=\"entry-date updated\" datetime=\"1995-10-01T17:53:27+00:00\">1 octubre, 1995<\/time><\/a><a href=\"https:\/\/www.monta\u00f1asdelaluna.es\/?p=43617#respond\" class=\"comment-link\" >Deja un comentario<\/a><\/div><p>[vc_row][vc_column][vc_column_text]Geogr\u00e1ficamente esta comarca est\u00e1 muy bien definida, ya que sus \u00fanicos tres pueblos que la componen se abren en una grande y no perfecta planicie, entre vi\u00f1edos y almendros, rodeada de sierras y monta\u00f1as m\u00e1s altas. Saliendo desde la Vega, el primer pueblo que visitaremos ser\u00e1 Aspe, por la famosa carretera de \u201cla garganta\u201d, atravesando&hellip;<\/p>\n\n<a href=\"https:\/\/www.monta\u00f1asdelaluna.es\/?p=43617\" class=\"details more-link\" aria-label=\"Read more about El Vinalop\u00f3 Medio\" rel=\"nofollow\">Detalles<\/a>\n\n\t\t<\/div>\n\n\t<\/article>\n\n<\/div>\n<div class=\"wf-cell iso-item category-126\" data-post-id=\"27548\" data-date=\"1995-08-07T21:57:41+00:00\" data-name=\"Vignemale, un monumento a la naturaleza p\u00e9trea\">\n\t<article class=\"post post-27548 type-post status-publish format-standard has-post-thumbnail hentry category-valle-del-cinca category-126 description-off\">\n\n\t\t\n\t\t\t<div class=\"blog-media wf-td\">\n\n\t\t\t\t<p><a href=\"https:\/\/www.monta\u00f1asdelaluna.es\/?p=27548\" class=\"alignnone rollover layzr-bg\" ><img loading=\"lazy\" decoding=\"async\" class=\"preload-me iso-lazy-load\" src=\"data:image\/svg+xml,%3Csvg%20xmlns%3D&#39;http%3A%2F%2Fwww.w3.org%2F2000%2Fsvg&#39;%20viewBox%3D&#39;0%200%20555%20361&#39;%2F%3E\" data-src=\"https:\/\/www.monta\u00f1asdelaluna.es\/wp-content\/uploads\/2016\/02\/Vignemale36-001-555x361.jpg\" data-srcset=\"https:\/\/www.monta\u00f1asdelaluna.es\/wp-content\/uploads\/2016\/02\/Vignemale36-001-555x361.jpg 555w, https:\/\/www.monta\u00f1asdelaluna.es\/wp-content\/uploads\/2016\/02\/Vignemale36-001-1110x722.jpg 1110w\" alt=\"\" title=\"Manolo, Cano, \u00abHenry\u00bb, Esteban y Paco delante del Pit\u00f3n Carr\u00e9 y Punta CHausenque.\" width=\"555\" height=\"361\"  \/><\/a><\/p>\n\t\t\t<\/div>\n\n\t\t\n\t\t<div class=\"blog-content wf-td\">\n\t\t\t<h3 class=\"entry-title\"><a href=\"https:\/\/www.monta\u00f1asdelaluna.es\/?p=27548\" title=\"Vignemale, un monumento a la naturaleza p\u00e9trea\" rel=\"bookmark\">Vignemale, un monumento a la naturaleza p\u00e9trea<\/a><\/h3>\n\n\t\t\t<div class=\"entry-meta\"><span class=\"category-link\"><a href=\"https:\/\/www.monta\u00f1asdelaluna.es\/?cat=126\" rel=\"category\">Valle del Cinca<\/a><\/span><a class=\"author vcard\" href=\"https:\/\/www.monta\u00f1asdelaluna.es\/?author=1\" title=\"Ver todas las publicaciones de Joaquin Terres\" rel=\"author\">Por <span class=\"fn\">Joaquin Terres<\/span><\/a><a href=\"https:\/\/www.monta\u00f1asdelaluna.es\/?m=19950807\" title=\"9:57 pm\" class=\"data-link\" rel=\"bookmark\"><time class=\"entry-date updated\" datetime=\"1995-08-07T21:57:41+00:00\">7 agosto, 1995<\/time><\/a><a href=\"https:\/\/www.monta\u00f1asdelaluna.es\/?p=27548#respond\" class=\"comment-link\" >Deja un comentario<\/a><\/div><p>[vc_row][vc_column][vc_column_text]En la frontera entre Francia y Espa\u00f1a (y m\u00e1s franc\u00e9s que espa\u00f1ol) se encuentra el magn\u00edfico y espectacular macizo del Vignemale. Es la catedral de los Pirineos, posiblemente el macizo m\u00e1s alpino y atrayente de los mismos. Un alto faro entre un mar de olas encrestadas y puntiagudas, sobresaliente y destacado monumento entre las monta\u00f1as&hellip;<\/p>\n\n<a href=\"https:\/\/www.monta\u00f1asdelaluna.es\/?p=27548\" class=\"details more-link\" aria-label=\"Read more about Vignemale, un monumento a la naturaleza p\u00e9trea\" rel=\"nofollow\">Detalles<\/a>\n\n\t\t<\/div>\n\n\t<\/article>\n\n<\/div>\n<div class=\"wf-cell iso-item category-121\" data-post-id=\"42285\" data-date=\"1995-04-15T18:47:05+00:00\" data-name=\"Lagos de Somiedo\">\n\t<article class=\"post post-42285 type-post status-publish format-standard has-post-thumbnail hentry category-cantabrico-y-picos-de-europa category-121 description-off\">\n\n\t\t\n\t\t\t<div class=\"blog-media wf-td\">\n\n\t\t\t\t<p><a href=\"https:\/\/www.monta\u00f1asdelaluna.es\/?p=42285\" class=\"alignnone rollover layzr-bg\" ><img loading=\"lazy\" decoding=\"async\" class=\"preload-me iso-lazy-load\" src=\"data:image\/svg+xml,%3Csvg%20xmlns%3D&#39;http%3A%2F%2Fwww.w3.org%2F2000%2Fsvg&#39;%20viewBox%3D&#39;0%200%20555%20369&#39;%2F%3E\" data-src=\"https:\/\/www.monta\u00f1asdelaluna.es\/wp-content\/uploads\/2020\/03\/arriba-sierra-de-chagueenzos-con-pena-chana-555x369.jpg\" data-srcset=\"https:\/\/www.monta\u00f1asdelaluna.es\/wp-content\/uploads\/2020\/03\/arriba-sierra-de-chagueenzos-con-pena-chana-555x369.jpg 555w, https:\/\/www.monta\u00f1asdelaluna.es\/wp-content\/uploads\/2020\/03\/arriba-sierra-de-chagueenzos-con-pena-chana-1110x738.jpg 1110w\" alt=\"\" title=\"Arriba Sierra de CHag\u00fcenzos con Pe\u00f1a Chana\" width=\"555\" height=\"369\"  \/><\/a><\/p>\n\t\t\t<\/div>\n\n\t\t\n\t\t<div class=\"blog-content wf-td\">\n\t\t\t<h3 class=\"entry-title\"><a href=\"https:\/\/www.monta\u00f1asdelaluna.es\/?p=42285\" title=\"Lagos de Somiedo\" rel=\"bookmark\">Lagos de Somiedo<\/a><\/h3>\n\n\t\t\t<div class=\"entry-meta\"><span class=\"category-link\"><a href=\"https:\/\/www.monta\u00f1asdelaluna.es\/?cat=121\" rel=\"category\">Cant\u00e1brico y Picos de Europa<\/a><\/span><a class=\"author vcard\" href=\"https:\/\/www.monta\u00f1asdelaluna.es\/?author=1\" title=\"Ver todas las publicaciones de Joaquin Terres\" rel=\"author\">Por <span class=\"fn\">Joaquin Terres<\/span><\/a><a href=\"https:\/\/www.monta\u00f1asdelaluna.es\/?m=19950415\" title=\"6:47 pm\" class=\"data-link\" rel=\"bookmark\"><time class=\"entry-date updated\" datetime=\"1995-04-15T18:47:05+00:00\">15 abril, 1995<\/time><\/a><a href=\"https:\/\/www.monta\u00f1asdelaluna.es\/?p=42285#respond\" class=\"comment-link\" >Deja un comentario<\/a><\/div><p>[vc_row][vc_column][vc_column_text]Despu\u00e9s de subir al fabuloso y emocionante Pe\u00f1a Ubi\u00f1a el d\u00eda anterior, ahora tocaba realizar alguna marcha por los valles y rincones de Asturias, de Somiedo. La idea es hacer un recorrido m\u00e1s factible para todo el mundo y visitar esos preciosos rincones, aunque nada solitarios y s\u00ed bastante pisados por la gente del lugar&hellip;<\/p>\n\n<a href=\"https:\/\/www.monta\u00f1asdelaluna.es\/?p=42285\" class=\"details more-link\" aria-label=\"Read more about Lagos de Somiedo\" rel=\"nofollow\">Detalles<\/a>\n\n\t\t<\/div>\n\n\t<\/article>\n\n<\/div>\n<div class=\"wf-cell iso-item category-121\" data-post-id=\"42193\" data-date=\"1995-04-14T07:29:29+00:00\" data-name=\"Pe\u00f1a Ubi\u00f1a (2.417 mts.)\">\n\t<article class=\"post post-42193 type-post status-publish format-standard has-post-thumbnail hentry category-cantabrico-y-picos-de-europa category-121 description-off\">\n\n\t\t\n\t\t\t<div class=\"blog-media wf-td\">\n\n\t\t\t\t<p><a href=\"https:\/\/www.monta\u00f1asdelaluna.es\/?p=42193\" class=\"alignnone rollover layzr-bg\" ><img loading=\"lazy\" decoding=\"async\" class=\"preload-me iso-lazy-load\" src=\"data:image\/svg+xml,%3Csvg%20xmlns%3D&#39;http%3A%2F%2Fwww.w3.org%2F2000%2Fsvg&#39;%20viewBox%3D&#39;0%200%20555%20366&#39;%2F%3E\" data-src=\"https:\/\/www.monta\u00f1asdelaluna.es\/wp-content\/uploads\/2019\/11\/bajando-del-pena-ubina-555x366.jpg\" data-srcset=\"https:\/\/www.monta\u00f1asdelaluna.es\/wp-content\/uploads\/2019\/11\/bajando-del-pena-ubina-555x366.jpg 555w, https:\/\/www.monta\u00f1asdelaluna.es\/wp-content\/uploads\/2019\/11\/bajando-del-pena-ubina-1110x732.jpg 1110w\" alt=\"\" title=\"Bajando del Pe\u00f1a Ubi\u00f1a\" width=\"555\" height=\"366\"  \/><\/a><\/p>\n\t\t\t<\/div>\n\n\t\t\n\t\t<div class=\"blog-content wf-td\">\n\t\t\t<h3 class=\"entry-title\"><a href=\"https:\/\/www.monta\u00f1asdelaluna.es\/?p=42193\" title=\"Pe\u00f1a Ubi\u00f1a (2.417 mts.)\" rel=\"bookmark\">Pe\u00f1a Ubi\u00f1a (2.417 mts.)<\/a><\/h3>\n\n\t\t\t<div class=\"entry-meta\"><span class=\"category-link\"><a href=\"https:\/\/www.monta\u00f1asdelaluna.es\/?cat=121\" rel=\"category\">Cant\u00e1brico y Picos de Europa<\/a><\/span><a class=\"author vcard\" href=\"https:\/\/www.monta\u00f1asdelaluna.es\/?author=1\" title=\"Ver todas las publicaciones de Joaquin Terres\" rel=\"author\">Por <span class=\"fn\">Joaquin Terres<\/span><\/a><a href=\"https:\/\/www.monta\u00f1asdelaluna.es\/?m=19950414\" title=\"7:29 am\" class=\"data-link\" rel=\"bookmark\"><time class=\"entry-date updated\" datetime=\"1995-04-14T07:29:29+00:00\">14 abril, 1995<\/time><\/a><a href=\"https:\/\/www.monta\u00f1asdelaluna.es\/?p=42193#respond\" class=\"comment-link\" >Deja un comentario<\/a><\/div><p>[vc_row][vc_column][vc_column_text]Hab\u00eda que preparar el viaje de Semana Santa para el Centro Excursionista Almorad\u00ed y quer\u00eda proponer lugares no muy escuchados, o\u00eddos en Almorad\u00ed y por los monta\u00f1eros de las poblaciones cercanas, pero que a la vez sea un lugar precioso, alpino, espectacular\u2026 vamos, una especie de Para\u00edso Desconocido de monta\u00f1a y Naturaleza. Y en lugar&hellip;<\/p>\n\n<a href=\"https:\/\/www.monta\u00f1asdelaluna.es\/?p=42193\" class=\"details more-link\" aria-label=\"Read more about Pe\u00f1a Ubi\u00f1a (2.417 mts.)\" rel=\"nofollow\">Detalles<\/a>\n\n\t\t<\/div>\n\n\t<\/article>\n\n<\/div>\n<div class=\"wf-cell iso-item category-123\" data-post-id=\"43693\" data-date=\"1994-11-01T06:33:51+00:00\" data-name=\"El Alto Vinalop\u00f3\">\n\t<article class=\"post post-43693 type-post status-publish format-standard has-post-thumbnail hentry category-comarcas-cercanas category-123 description-off\">\n\n\t\t\n\t\t\t<div class=\"blog-media wf-td\">\n\n\t\t\t\t<p><a href=\"https:\/\/www.monta\u00f1asdelaluna.es\/?p=43693\" class=\"alignnone rollover layzr-bg\" ><img loading=\"lazy\" decoding=\"async\" class=\"preload-me iso-lazy-load\" src=\"data:image\/svg+xml,%3Csvg%20xmlns%3D&#39;http%3A%2F%2Fwww.w3.org%2F2000%2Fsvg&#39;%20viewBox%3D&#39;0%200%20555%20416&#39;%2F%3E\" data-src=\"https:\/\/www.monta\u00f1asdelaluna.es\/wp-content\/uploads\/1994\/11\/La-Blasca.Web_-555x416.jpg\" data-srcset=\"https:\/\/www.monta\u00f1asdelaluna.es\/wp-content\/uploads\/1994\/11\/La-Blasca.Web_-555x416.jpg 555w, https:\/\/www.monta\u00f1asdelaluna.es\/wp-content\/uploads\/1994\/11\/La-Blasca.Web_-1110x832.jpg 1110w\" alt=\"\" title=\"La Blasca.Web\" width=\"555\" height=\"416\"  \/><\/a><\/p>\n\t\t\t<\/div>\n\n\t\t\n\t\t<div class=\"blog-content wf-td\">\n\t\t\t<h3 class=\"entry-title\"><a href=\"https:\/\/www.monta\u00f1asdelaluna.es\/?p=43693\" title=\"El Alto Vinalop\u00f3\" rel=\"bookmark\">El Alto Vinalop\u00f3<\/a><\/h3>\n\n\t\t\t<div class=\"entry-meta\"><span class=\"category-link\"><a href=\"https:\/\/www.monta\u00f1asdelaluna.es\/?cat=123\" rel=\"category\">Comarcas Cercanas<\/a><\/span><a class=\"author vcard\" href=\"https:\/\/www.monta\u00f1asdelaluna.es\/?author=1\" title=\"Ver todas las publicaciones de Joaquin Terres\" rel=\"author\">Por <span class=\"fn\">Joaquin Terres<\/span><\/a><a href=\"https:\/\/www.monta\u00f1asdelaluna.es\/?m=19941101\" title=\"6:33 am\" class=\"data-link\" rel=\"bookmark\"><time class=\"entry-date updated\" datetime=\"1994-11-01T06:33:51+00:00\">1 noviembre, 1994<\/time><\/a><a href=\"https:\/\/www.monta\u00f1asdelaluna.es\/?p=43693#respond\" class=\"comment-link\" >Deja un comentario<\/a><\/div><p>[vc_row][vc_column][vc_column_text]El camino m\u00e1s cercano para llegar a esta comarca es por Elda hasta Sax por la ruta de los castillos. Aproximadamente a 7 km. de Elda se encuentra Sax en un abierto valle alejada de la Sierra de la Pe\u00f1arrubia al norte, de la Sierra Cabrera al oeste y un poco m\u00e1s cerca la alta&hellip;<\/p>\n\n<a href=\"https:\/\/www.monta\u00f1asdelaluna.es\/?p=43693\" class=\"details more-link\" aria-label=\"Read more about El Alto Vinalop\u00f3\" rel=\"nofollow\">Detalles<\/a>\n\n\t\t<\/div>\n\n\t<\/article>\n\n<\/div>\n<div class=\"wf-cell iso-item category-127\" data-post-id=\"36289\" data-date=\"1994-09-16T13:32:54+00:00\" data-name=\"Panticosa. Casa de Piedra\">\n\t<article class=\"post post-36289 type-post status-publish format-standard has-post-thumbnail hentry category-pirineo-central-atlantico category-127 description-off\">\n\n\t\t\n\t\t\t<div class=\"blog-media wf-td\">\n\n\t\t\t\t<p><a href=\"https:\/\/www.monta\u00f1asdelaluna.es\/?p=36289\" class=\"alignnone rollover layzr-bg\" ><img loading=\"lazy\" decoding=\"async\" class=\"preload-me iso-lazy-load\" src=\"data:image\/svg+xml,%3Csvg%20xmlns%3D&#39;http%3A%2F%2Fwww.w3.org%2F2000%2Fsvg&#39;%20viewBox%3D&#39;0%200%20555%20360&#39;%2F%3E\" data-src=\"https:\/\/www.monta\u00f1asdelaluna.es\/wp-content\/uploads\/2017\/04\/Panticosa94-02-001-555x360.jpg\" data-srcset=\"https:\/\/www.monta\u00f1asdelaluna.es\/wp-content\/uploads\/2017\/04\/Panticosa94-02-001-555x360.jpg 555w, https:\/\/www.monta\u00f1asdelaluna.es\/wp-content\/uploads\/2017\/04\/Panticosa94-02-001-1110x720.jpg 1110w\" alt=\"\" title=\"Desde los Ba\u00f1os de Panticosa, a la izquierda el Argualas, en el centro el Garmo Negro y a la derecha Pondiellos\" width=\"555\" height=\"360\"  \/><\/a><\/p>\n\t\t\t<\/div>\n\n\t\t\n\t\t<div class=\"blog-content wf-td\">\n\t\t\t<h3 class=\"entry-title\"><a href=\"https:\/\/www.monta\u00f1asdelaluna.es\/?p=36289\" title=\"Panticosa. Casa de Piedra\" rel=\"bookmark\">Panticosa. Casa de Piedra<\/a><\/h3>\n\n\t\t\t<div class=\"entry-meta\"><span class=\"category-link\"><a href=\"https:\/\/www.monta\u00f1asdelaluna.es\/?cat=127\" rel=\"category\">Pirineo Central Atl\u00e1ntico<\/a><\/span><a class=\"author vcard\" href=\"https:\/\/www.monta\u00f1asdelaluna.es\/?author=1\" title=\"Ver todas las publicaciones de Joaquin Terres\" rel=\"author\">Por <span class=\"fn\">Joaquin Terres<\/span><\/a><a href=\"https:\/\/www.monta\u00f1asdelaluna.es\/?m=19940916\" title=\"1:32 pm\" class=\"data-link\" rel=\"bookmark\"><time class=\"entry-date updated\" datetime=\"1994-09-16T13:32:54+00:00\">16 septiembre, 1994<\/time><\/a><a href=\"https:\/\/www.monta\u00f1asdelaluna.es\/?p=36289#respond\" class=\"comment-link\" >Deja un comentario<\/a><\/div><p>[vc_row][vc_column][vc_column_text]En el primer viaje a los Pirineos, en el noventa y cuatro, lo terminamos haciendo una visita a Panticosa despu\u00e9s de recorrernos el Valle de Ordesa. Yo no hab\u00eda visto ni conoc\u00eda nada del Valle de Panticosa, ni de los tresmiles que lo rodean. Y as\u00ed, despu\u00e9s de llegar a Biescas, en el gran Valle&hellip;<\/p>\n\n<a href=\"https:\/\/www.monta\u00f1asdelaluna.es\/?p=36289\" class=\"details more-link\" aria-label=\"Read more about Panticosa. Casa de Piedra\" rel=\"nofollow\">Detalles<\/a>\n\n\t\t<\/div>\n\n\t<\/article>\n\n<\/div>\n<div class=\"wf-cell iso-item category-126\" data-post-id=\"23122\" data-date=\"1994-09-14T10:22:58+00:00\" data-name=\"Ordesa. El paraiso encontrado\">\n\t<article class=\"post post-23122 type-post status-publish format-standard has-post-thumbnail hentry category-valle-del-cinca category-126 description-off\">\n\n\t\t\n\t\t\t<div class=\"blog-media wf-td\">\n\n\t\t\t\t<p><a href=\"https:\/\/www.monta\u00f1asdelaluna.es\/?p=23122\" class=\"alignnone rollover layzr-bg\" ><img loading=\"lazy\" decoding=\"async\" class=\"preload-me iso-lazy-load\" src=\"data:image\/svg+xml,%3Csvg%20xmlns%3D&#39;http%3A%2F%2Fwww.w3.org%2F2000%2Fsvg&#39;%20viewBox%3D&#39;0%200%20555%20360&#39;%2F%3E\" data-src=\"https:\/\/www.monta\u00f1asdelaluna.es\/wp-content\/uploads\/2017\/04\/OrdesaPanticosa94-27-001-555x360.jpg\" data-srcset=\"https:\/\/www.monta\u00f1asdelaluna.es\/wp-content\/uploads\/2017\/04\/OrdesaPanticosa94-27-001-555x360.jpg 555w, https:\/\/www.monta\u00f1asdelaluna.es\/wp-content\/uploads\/2017\/04\/OrdesaPanticosa94-27-001-1110x720.jpg 1110w\" alt=\"\" title=\"Circo de Cotatuero\" width=\"555\" height=\"360\"  \/><\/a><\/p>\n\t\t\t<\/div>\n\n\t\t\n\t\t<div class=\"blog-content wf-td\">\n\t\t\t<h3 class=\"entry-title\"><a href=\"https:\/\/www.monta\u00f1asdelaluna.es\/?p=23122\" title=\"Ordesa. El paraiso encontrado\" rel=\"bookmark\">Ordesa. El paraiso encontrado<\/a><\/h3>\n\n\t\t\t<div class=\"entry-meta\"><span class=\"category-link\"><a href=\"https:\/\/www.monta\u00f1asdelaluna.es\/?cat=126\" rel=\"category\">Valle del Cinca<\/a><\/span><a class=\"author vcard\" href=\"https:\/\/www.monta\u00f1asdelaluna.es\/?author=1\" title=\"Ver todas las publicaciones de Joaquin Terres\" rel=\"author\">Por <span class=\"fn\">Joaquin Terres<\/span><\/a><a href=\"https:\/\/www.monta\u00f1asdelaluna.es\/?m=19940914\" title=\"10:22 am\" class=\"data-link\" rel=\"bookmark\"><time class=\"entry-date updated\" datetime=\"1994-09-14T10:22:58+00:00\">14 septiembre, 1994<\/time><\/a><a href=\"https:\/\/www.monta\u00f1asdelaluna.es\/?p=23122#respond\" class=\"comment-link\" >Deja un comentario<\/a><\/div><p>[vc_row][vc_column][vc_column_text]Hab\u00eda o\u00eddo hablar mucho del Parque Nacional de Ordesa y Monte Perdido, sobre todo del Valle de Ordesa: sus bosques, sus paredes cortadas, sus cascadas, sus escondidos lugares tan bellos y de formas tan perfectas que la combinaci\u00f3n de tonas sus caracter\u00edsticas hac\u00edan del lugar un verdadero para\u00edso, el m\u00e1s bello de los Pirineos, el&hellip;<\/p>\n\n<a href=\"https:\/\/www.monta\u00f1asdelaluna.es\/?p=23122\" class=\"details more-link\" aria-label=\"Read more about Ordesa. El paraiso encontrado\" rel=\"nofollow\">Detalles<\/a>\n\n\t\t<\/div>\n\n\t<\/article>\n\n<\/div>\n<div class=\"wf-cell iso-item category-125\" data-post-id=\"15159\" data-date=\"1994-09-11T17:02:24+00:00\" data-name=\"Descubriendo los Pirineos. Aneto\">\n\t<article class=\"post post-15159 type-post status-publish format-standard has-post-thumbnail hentry category-valle-del-esera category-125 description-off\">\n\n\t\t\n\t\t\t<div class=\"blog-media wf-td\">\n\n\t\t\t\t<p><a href=\"https:\/\/www.monta\u00f1asdelaluna.es\/?p=15159\" class=\"alignnone rollover layzr-bg\" ><img loading=\"lazy\" decoding=\"async\" class=\"preload-me iso-lazy-load\" src=\"data:image\/svg+xml,%3Csvg%20xmlns%3D&#39;http%3A%2F%2Fwww.w3.org%2F2000%2Fsvg&#39;%20viewBox%3D&#39;0%200%20555%20357&#39;%2F%3E\" data-src=\"https:\/\/www.monta\u00f1asdelaluna.es\/wp-content\/uploads\/2017\/04\/Aneto94-24-001-555x357.jpg\" data-srcset=\"https:\/\/www.monta\u00f1asdelaluna.es\/wp-content\/uploads\/2017\/04\/Aneto94-24-001-555x357.jpg 555w, https:\/\/www.monta\u00f1asdelaluna.es\/wp-content\/uploads\/2017\/04\/Aneto94-24-001-1110x714.jpg 1110w\" alt=\"\" title=\"Delante Manolo Cano en el Glaciar del Aneto, con el Aneto cubierto delante\" width=\"555\" height=\"357\"  \/><\/a><\/p>\n\t\t\t<\/div>\n\n\t\t\n\t\t<div class=\"blog-content wf-td\">\n\t\t\t<h3 class=\"entry-title\"><a href=\"https:\/\/www.monta\u00f1asdelaluna.es\/?p=15159\" title=\"Descubriendo los Pirineos. Aneto\" rel=\"bookmark\">Descubriendo los Pirineos. Aneto<\/a><\/h3>\n\n\t\t\t<div class=\"entry-meta\"><span class=\"category-link\"><a href=\"https:\/\/www.monta\u00f1asdelaluna.es\/?cat=125\" rel=\"category\">Valle del \u00c9sera<\/a><\/span><a class=\"author vcard\" href=\"https:\/\/www.monta\u00f1asdelaluna.es\/?author=1\" title=\"Ver todas las publicaciones de Joaquin Terres\" rel=\"author\">Por <span class=\"fn\">Joaquin Terres<\/span><\/a><a href=\"https:\/\/www.monta\u00f1asdelaluna.es\/?m=19940911\" title=\"5:02 pm\" class=\"data-link\" rel=\"bookmark\"><time class=\"entry-date updated\" datetime=\"1994-09-11T17:02:24+00:00\">11 septiembre, 1994<\/time><\/a><a href=\"https:\/\/www.monta\u00f1asdelaluna.es\/?p=15159#respond\" class=\"comment-link\" >Deja un comentario<\/a><\/div><p>[vc_row][vc_column][vc_column_text]Aunque mi primer contacto con los Pirineos fue en un viaje de fin de curso de octavo, nada monta\u00f1ero, con destino Espot y su estaci\u00f3n de esqu\u00ed S\u00faper Spot en las fronteras con el Parque Nacional de Aig\u00fcestortes y Lago San Mauricio en el Pallars leridano del pirineo catal\u00e1n. Una excursi\u00f3n fue subir al Lago&hellip;<\/p>\n\n<a href=\"https:\/\/www.monta\u00f1asdelaluna.es\/?p=15159\" class=\"details more-link\" aria-label=\"Read more about Descubriendo los Pirineos. Aneto\" rel=\"nofollow\">Detalles<\/a>\n\n\t\t<\/div>\n\n\t<\/article>\n\n<\/div>\n<div class=\"wf-cell iso-item category-105\" data-post-id=\"43334\" data-date=\"1994-02-20T16:13:40+00:00\" data-name=\"La Sagra por el Collado de Las V\u00edboras\">\n\t<article class=\"post post-43334 type-post status-publish format-standard has-post-thumbnail hentry category-cordilleras-del-betis category-105 description-off\">\n\n\t\t\n\t\t\t<div class=\"blog-media wf-td\">\n\n\t\t\t\t<p><a href=\"https:\/\/www.monta\u00f1asdelaluna.es\/?p=43334\" class=\"alignnone rollover layzr-bg\" ><img loading=\"lazy\" decoding=\"async\" class=\"preload-me iso-lazy-load\" src=\"data:image\/svg+xml,%3Csvg%20xmlns%3D&#39;http%3A%2F%2Fwww.w3.org%2F2000%2Fsvg&#39;%20viewBox%3D&#39;0%200%20555%20371&#39;%2F%3E\" data-src=\"https:\/\/www.monta\u00f1asdelaluna.es\/wp-content\/uploads\/2020\/05\/SAgra2004-9-001-555x371.jpg\" data-srcset=\"https:\/\/www.monta\u00f1asdelaluna.es\/wp-content\/uploads\/2020\/05\/SAgra2004-9-001-555x371.jpg 555w, https:\/\/www.monta\u00f1asdelaluna.es\/wp-content\/uploads\/2020\/05\/SAgra2004-9-001-1110x742.jpg 1110w\" alt=\"\" title=\"De izquierda a derecha: Quique, Javi, Jes\u00fas Santana, Jos\u00e9 \u00c1ngel y Fernando P\u00e9rez subiendo por la ladera este de La Sagra\" width=\"555\" height=\"371\"  \/><\/a><\/p>\n\t\t\t<\/div>\n\n\t\t\n\t\t<div class=\"blog-content wf-td\">\n\t\t\t<h3 class=\"entry-title\"><a href=\"https:\/\/www.monta\u00f1asdelaluna.es\/?p=43334\" title=\"La Sagra por el Collado de Las V\u00edboras\" rel=\"bookmark\">La Sagra por el Collado de Las V\u00edboras<\/a><\/h3>\n\n\t\t\t<div class=\"entry-meta\"><span class=\"category-link\"><a href=\"https:\/\/www.monta\u00f1asdelaluna.es\/?cat=105\" rel=\"category\">Cordilleras del Betis<\/a><\/span><a class=\"author vcard\" href=\"https:\/\/www.monta\u00f1asdelaluna.es\/?author=1\" title=\"Ver todas las publicaciones de Joaquin Terres\" rel=\"author\">Por <span class=\"fn\">Joaquin Terres<\/span><\/a><a href=\"https:\/\/www.monta\u00f1asdelaluna.es\/?m=19940220\" title=\"4:13 pm\" class=\"data-link\" rel=\"bookmark\"><time class=\"entry-date updated\" datetime=\"1994-02-20T16:13:40+00:00\">20 febrero, 1994<\/time><\/a><a href=\"https:\/\/www.monta\u00f1asdelaluna.es\/?p=43334#respond\" class=\"comment-link\" >Deja un comentario<\/a><\/div><p>[vc_row][vc_column][vc_column_text]Despu\u00e9s de conocer La Sagra con aquella subida en octubre de 1.991 con el grupo que formar\u00e1 parte de la asociaci\u00f3n Centro Excursionista Almorad\u00ed, los compa\u00f1eros de las salidas con mi primo Miguel \u00c1ngel, quer\u00edan conocer y subir tambi\u00e9n La Sagra; con lo que una ma\u00f1ana de s\u00e1bado madrugamos para en un d\u00eda subir y&hellip;<\/p>\n\n<a href=\"https:\/\/www.monta\u00f1asdelaluna.es\/?p=43334\" class=\"details more-link\" aria-label=\"Read more about La Sagra por el Collado de Las V\u00edboras\" rel=\"nofollow\">Detalles<\/a>\n\n\t\t<\/div>\n\n\t<\/article>\n\n<\/div>\n<div class=\"wf-cell iso-item category-101\" data-post-id=\"36116\" data-date=\"1994-01-22T13:15:05+00:00\" data-name=\"El Montcabrer nevado\">\n\t<article class=\"post post-36116 type-post status-publish format-standard has-post-thumbnail hentry category-sierra-mariola-y-menetjador category-101 description-off\">\n\n\t\t\n\t\t\t<div class=\"blog-media wf-td\">\n\n\t\t\t\t<p><a href=\"https:\/\/www.monta\u00f1asdelaluna.es\/?p=36116\" class=\"alignnone rollover layzr-bg\" ><img loading=\"lazy\" decoding=\"async\" class=\"preload-me iso-lazy-load\" src=\"data:image\/svg+xml,%3Csvg%20xmlns%3D&#39;http%3A%2F%2Fwww.w3.org%2F2000%2Fsvg&#39;%20viewBox%3D&#39;0%200%20555%20358&#39;%2F%3E\" data-src=\"https:\/\/www.monta\u00f1asdelaluna.es\/wp-content\/uploads\/2017\/03\/montcabrer94-04-001-555x358.jpg\" data-srcset=\"https:\/\/www.monta\u00f1asdelaluna.es\/wp-content\/uploads\/2017\/03\/montcabrer94-04-001-555x358.jpg 555w, https:\/\/www.monta\u00f1asdelaluna.es\/wp-content\/uploads\/2017\/03\/montcabrer94-04-001-1110x716.jpg 1110w\" alt=\"\" title=\"El Montcabrer\" width=\"555\" height=\"358\"  \/><\/a><\/p>\n\t\t\t<\/div>\n\n\t\t\n\t\t<div class=\"blog-content wf-td\">\n\t\t\t<h3 class=\"entry-title\"><a href=\"https:\/\/www.monta\u00f1asdelaluna.es\/?p=36116\" title=\"El Montcabrer nevado\" rel=\"bookmark\">El Montcabrer nevado<\/a><\/h3>\n\n\t\t\t<div class=\"entry-meta\"><span class=\"category-link\"><a href=\"https:\/\/www.monta\u00f1asdelaluna.es\/?cat=101\" rel=\"category\">Sierra Mariola y Menetjador<\/a><\/span><a class=\"author vcard\" href=\"https:\/\/www.monta\u00f1asdelaluna.es\/?author=1\" title=\"Ver todas las publicaciones de Joaquin Terres\" rel=\"author\">Por <span class=\"fn\">Joaquin Terres<\/span><\/a><a href=\"https:\/\/www.monta\u00f1asdelaluna.es\/?m=19940122\" title=\"1:15 pm\" class=\"data-link\" rel=\"bookmark\"><time class=\"entry-date updated\" datetime=\"1994-01-22T13:15:05+00:00\">22 enero, 1994<\/time><\/a><a href=\"https:\/\/www.monta\u00f1asdelaluna.es\/?p=36116#respond\" class=\"comment-link\" >Deja un comentario<\/a><\/div><p>[vc_row][vc_column][vc_column_text]Con mis nuevos compa\u00f1eros del Centro Excursionista Almorad\u00ed no hac\u00edamos salidas a las monta\u00f1as alicantinas como lo hac\u00eda con mi primo Miguel \u00c1ngel y su grupito de amigos y conocidos del Way Kay. Las \u00fanicas salidas m\u00e1s frecuentas por \u00e9stos era, ir a La Sagra (al norte de Granada) o ir al Montcabrer, sobre todo&hellip;<\/p>\n\n<a href=\"https:\/\/www.monta\u00f1asdelaluna.es\/?p=36116\" class=\"details more-link\" aria-label=\"Read more about El Montcabrer nevado\" rel=\"nofollow\">Detalles<\/a>\n\n\t\t<\/div>\n\n\t<\/article>\n\n<\/div>\n<div class=\"wf-cell iso-item category-123\" data-post-id=\"43579\" data-date=\"1993-08-01T07:15:47+00:00\" data-name=\"Los Valles del Vinalop\u00f3\">\n\t<article class=\"post post-43579 type-post status-publish format-standard has-post-thumbnail hentry category-comarcas-cercanas category-123 description-off\">\n\n\t\t\n\t\t\t<div class=\"blog-media wf-td\">\n\n\t\t\t\t<p><a href=\"https:\/\/www.monta\u00f1asdelaluna.es\/?p=43579\" class=\"alignnone rollover layzr-bg\" ><img loading=\"lazy\" decoding=\"async\" class=\"preload-me iso-lazy-load\" src=\"data:image\/svg+xml,%3Csvg%20xmlns%3D&#39;http%3A%2F%2Fwww.w3.org%2F2000%2Fsvg&#39;%20viewBox%3D&#39;0%200%20555%20372&#39;%2F%3E\" data-src=\"https:\/\/www.monta\u00f1asdelaluna.es\/wp-content\/uploads\/1993\/08\/VallesVinalopo1-555x372.jpg\" data-srcset=\"https:\/\/www.monta\u00f1asdelaluna.es\/wp-content\/uploads\/1993\/08\/VallesVinalopo1-555x372.jpg 555w, https:\/\/www.monta\u00f1asdelaluna.es\/wp-content\/uploads\/1993\/08\/VallesVinalopo1-1110x744.jpg 1110w\" alt=\"\" title=\"VallesVinalopo1\" width=\"555\" height=\"372\"  \/><\/a><\/p>\n\t\t\t<\/div>\n\n\t\t\n\t\t<div class=\"blog-content wf-td\">\n\t\t\t<h3 class=\"entry-title\"><a href=\"https:\/\/www.monta\u00f1asdelaluna.es\/?p=43579\" title=\"Los Valles del Vinalop\u00f3\" rel=\"bookmark\">Los Valles del Vinalop\u00f3<\/a><\/h3>\n\n\t\t\t<div class=\"entry-meta\"><span class=\"category-link\"><a href=\"https:\/\/www.monta\u00f1asdelaluna.es\/?cat=123\" rel=\"category\">Comarcas Cercanas<\/a><\/span><a class=\"author vcard\" href=\"https:\/\/www.monta\u00f1asdelaluna.es\/?author=1\" title=\"Ver todas las publicaciones de Joaquin Terres\" rel=\"author\">Por <span class=\"fn\">Joaquin Terres<\/span><\/a><a href=\"https:\/\/www.monta\u00f1asdelaluna.es\/?m=19930801\" title=\"7:15 am\" class=\"data-link\" rel=\"bookmark\"><time class=\"entry-date updated\" datetime=\"1993-08-01T07:15:47+00:00\">1 agosto, 1993<\/time><\/a><a href=\"https:\/\/www.monta\u00f1asdelaluna.es\/?p=43579#respond\" class=\"comment-link\" >Deja un comentario<\/a><\/div><p>[vc_row][vc_column][vc_column_text]Con esta serie de art\u00edculos quiero dar a conocer las desconocidas monta\u00f1as alicantinas desconocidas para los monta\u00f1eros y la gente de la Vega Baja. Veremos comarcas, pueblos, gentes y costumbres, as\u00ed como rutas de subida a los picos de cada comarca. Se compondr\u00e1 de dos partes: -Rutas de pueblos de cada comarca -Subida a los&hellip;<\/p>\n\n<a href=\"https:\/\/www.monta\u00f1asdelaluna.es\/?p=43579\" class=\"details more-link\" aria-label=\"Read more about Los Valles del Vinalop\u00f3\" rel=\"nofollow\">Detalles<\/a>\n\n\t\t<\/div>\n\n\t<\/article>\n\n<\/div>\n<div class=\"wf-cell iso-item category-76\" data-post-id=\"43372\" data-date=\"1993-05-01T19:20:31+00:00\" data-name=\"De Abanilla a Crevillente\">\n\t<article class=\"post post-43372 type-post status-publish format-standard has-post-thumbnail hentry category-sierra-de-crevillente category-76 description-off\">\n\n\t\t\n\t\t\t<div class=\"blog-media wf-td\">\n\n\t\t\t\t<p><a href=\"https:\/\/www.monta\u00f1asdelaluna.es\/?p=43372\" class=\"alignnone rollover layzr-bg\" ><img loading=\"lazy\" decoding=\"async\" class=\"preload-me iso-lazy-load\" src=\"data:image\/svg+xml,%3Csvg%20xmlns%3D&#39;http%3A%2F%2Fwww.w3.org%2F2000%2Fsvg&#39;%20viewBox%3D&#39;0%200%20555%20378&#39;%2F%3E\" data-src=\"https:\/\/www.monta\u00f1asdelaluna.es\/wp-content\/uploads\/2020\/03\/san-cayetano-subiendo-a-la-cima-del-san-yuri-555x378.jpg\" data-srcset=\"https:\/\/www.monta\u00f1asdelaluna.es\/wp-content\/uploads\/2020\/03\/san-cayetano-subiendo-a-la-cima-del-san-yuri-555x378.jpg 555w, https:\/\/www.monta\u00f1asdelaluna.es\/wp-content\/uploads\/2020\/03\/san-cayetano-subiendo-a-la-cima-del-san-yuri-1110x756.jpg 1110w\" alt=\"\" title=\"San Cayetano subiendo a la cima del San Yuri\" width=\"555\" height=\"378\"  \/><\/a><\/p>\n\t\t\t<\/div>\n\n\t\t\n\t\t<div class=\"blog-content wf-td\">\n\t\t\t<h3 class=\"entry-title\"><a href=\"https:\/\/www.monta\u00f1asdelaluna.es\/?p=43372\" title=\"De Abanilla a Crevillente\" rel=\"bookmark\">De Abanilla a Crevillente<\/a><\/h3>\n\n\t\t\t<div class=\"entry-meta\"><span class=\"category-link\"><a href=\"https:\/\/www.monta\u00f1asdelaluna.es\/?cat=76\" rel=\"category\">Sierra de Crevillente<\/a><\/span><a class=\"author vcard\" href=\"https:\/\/www.monta\u00f1asdelaluna.es\/?author=1\" title=\"Ver todas las publicaciones de Joaquin Terres\" rel=\"author\">Por <span class=\"fn\">Joaquin Terres<\/span><\/a><a href=\"https:\/\/www.monta\u00f1asdelaluna.es\/?m=19930501\" title=\"7:20 pm\" class=\"data-link\" rel=\"bookmark\"><time class=\"entry-date updated\" datetime=\"1993-05-01T19:20:31+00:00\">1 mayo, 1993<\/time><\/a><a href=\"https:\/\/www.monta\u00f1asdelaluna.es\/?p=43372#respond\" class=\"comment-link\" >Deja un comentario<\/a><\/div><p>[vc_row][vc_column][vc_column_text]Despu\u00e9s de redactar mi primo Miguel \u00c1ngel Gonz\u00e1lez su gu\u00eda para realizar la traves\u00eda Abanilla-Crevillente, y preparar, organizar la primera traves\u00eda, poniendo puntos de avituallamiento o mejor dicho, de recogida, por si alguno de los participantes se quer\u00eda retirar\u2026 la realizamos el pasado viernes santo 29 de marzo de 1.991. De la que puedo decir&hellip;<\/p>\n\n<a href=\"https:\/\/www.monta\u00f1asdelaluna.es\/?p=43372\" class=\"details more-link\" aria-label=\"Read more about De Abanilla a Crevillente\" rel=\"nofollow\">Detalles<\/a>\n\n\t\t<\/div>\n\n\t<\/article>\n\n<\/div>\n<div class=\"wf-cell iso-item category-103\" data-post-id=\"35651\" data-date=\"1993-02-19T17:43:02+00:00\" data-name=\"Mi primera cima en Sierra Nevada: Elorrieta\">\n\t<article class=\"post post-35651 type-post status-publish format-standard has-post-thumbnail hentry category-ascensiones-y-recorridos category-103 description-off\">\n\n\t\t\n\t\t\t<div class=\"blog-media wf-td\">\n\n\t\t\t\t<p><a href=\"https:\/\/www.monta\u00f1asdelaluna.es\/?p=35651\" class=\"alignnone rollover layzr-bg\" ><img loading=\"lazy\" decoding=\"async\" class=\"preload-me iso-lazy-load\" src=\"data:image\/svg+xml,%3Csvg%20xmlns%3D&#39;http%3A%2F%2Fwww.w3.org%2F2000%2Fsvg&#39;%20viewBox%3D&#39;0%200%20555%20442&#39;%2F%3E\" data-src=\"https:\/\/www.monta\u00f1asdelaluna.es\/wp-content\/uploads\/2017\/03\/elorrieta92-13-001-555x442.jpg\" data-srcset=\"https:\/\/www.monta\u00f1asdelaluna.es\/wp-content\/uploads\/2017\/03\/elorrieta92-13-001-555x442.jpg 555w, https:\/\/www.monta\u00f1asdelaluna.es\/wp-content\/uploads\/2017\/03\/elorrieta92-13-001-1110x884.jpg 1110w\" alt=\"\" title=\"Mar de nubes en Las Alpujarras y valle de Capileira\" width=\"555\" height=\"442\"  \/><\/a><\/p>\n\t\t\t<\/div>\n\n\t\t\n\t\t<div class=\"blog-content wf-td\">\n\t\t\t<h3 class=\"entry-title\"><a href=\"https:\/\/www.monta\u00f1asdelaluna.es\/?p=35651\" title=\"Mi primera cima en Sierra Nevada: Elorrieta\" rel=\"bookmark\">Mi primera cima en Sierra Nevada: Elorrieta<\/a><\/h3>\n\n\t\t\t<div class=\"entry-meta\"><span class=\"category-link\"><a href=\"https:\/\/www.monta\u00f1asdelaluna.es\/?cat=103\" rel=\"category\">Ascensiones y recorridos<\/a><\/span><a class=\"author vcard\" href=\"https:\/\/www.monta\u00f1asdelaluna.es\/?author=1\" title=\"Ver todas las publicaciones de Joaquin Terres\" rel=\"author\">Por <span class=\"fn\">Joaquin Terres<\/span><\/a><a href=\"https:\/\/www.monta\u00f1asdelaluna.es\/?m=19930219\" title=\"5:43 pm\" class=\"data-link\" rel=\"bookmark\"><time class=\"entry-date updated\" datetime=\"1993-02-19T17:43:02+00:00\">19 febrero, 1993<\/time><\/a><a href=\"https:\/\/www.monta\u00f1asdelaluna.es\/?p=35651#respond\" class=\"comment-link\" >Deja un comentario<\/a><\/div><p>[vc_row][vc_column][vc_column_text]Relato sacado de un art\u00edculo ELORRIETA: SIERRA NEVADA, 1\u00ba VIAJE DEL A\u00d1O escrito con el mismo t\u00edtulo en el n\u00famero 2 de la desaparecida revista Centro Verde del Centro Excursionista Almorad\u00ed, en mayo de 1.993: Esta es la primera salida que se proyect\u00f3 en el Calendario del 93 los d\u00edas 19, 20 y 21 de&hellip;<\/p>\n\n<a href=\"https:\/\/www.monta\u00f1asdelaluna.es\/?p=35651\" class=\"details more-link\" aria-label=\"Read more about Mi primera cima en Sierra Nevada: Elorrieta\" rel=\"nofollow\">Detalles<\/a>\n\n\t\t<\/div>\n\n\t<\/article>\n\n<\/div>\n<div class=\"wf-cell iso-item category-94\" data-post-id=\"36458\" data-date=\"1992-12-20T17:31:15+00:00\" data-name=\"El Cabe\u00e7\u00f3 d&#039;Or. La monta\u00f1a del tesoro.\">\n\t<article class=\"post post-36458 type-post status-publish format-standard has-post-thumbnail hentry category-resto-de-alicante category-94 description-off\">\n\n\t\t\n\t\t\t<div class=\"blog-media wf-td\">\n\n\t\t\t\t<p><a href=\"https:\/\/www.monta\u00f1asdelaluna.es\/?p=36458\" class=\"alignnone rollover layzr-bg\" ><img loading=\"lazy\" decoding=\"async\" class=\"preload-me iso-lazy-load\" src=\"data:image\/svg+xml,%3Csvg%20xmlns%3D&#39;http%3A%2F%2Fwww.w3.org%2F2000%2Fsvg&#39;%20viewBox%3D&#39;0%200%20555%20383&#39;%2F%3E\" data-src=\"https:\/\/www.monta\u00f1asdelaluna.es\/wp-content\/uploads\/2004\/10\/de-izquierda-a-derecha-penyo-roc-cabal-ponoch-delante-de-ambos-la-cresta-del-castellet-detras-el-ponoch-un-trocito-de-bernia-el-mas-alto-y-grande-puig-campana-serra-dorxeta-y-al-fondo-555x383.jpg\" data-srcset=\"https:\/\/www.monta\u00f1asdelaluna.es\/wp-content\/uploads\/2004\/10\/de-izquierda-a-derecha-penyo-roc-cabal-ponoch-delante-de-ambos-la-cresta-del-castellet-detras-el-ponoch-un-trocito-de-bernia-el-mas-alto-y-grande-puig-campana-serra-dorxeta-y-al-fondo-555x383.jpg 555w, https:\/\/www.monta\u00f1asdelaluna.es\/wp-content\/uploads\/2004\/10\/de-izquierda-a-derecha-penyo-roc-cabal-ponoch-delante-de-ambos-la-cresta-del-castellet-detras-el-ponoch-un-trocito-de-bernia-el-mas-alto-y-grande-puig-campana-serra-dorxeta-y-al-fondo-1110x766.jpg 1110w\" alt=\"\" title=\"De izquierda a derecha: Peny\u00f3 Roc, Cabal, Ponoch, delante de ambos la Cresta del Castellet, detr\u00e1s el Ponoch un trocito de Bernia, el m\u00e1s alto y grande: Puig Campana, Serra d\u2019Orxeta y al fondo casi inapreciable el Peny\u00f3n d\u2019Ifac\" width=\"555\" height=\"383\"  \/><\/a><\/p>\n\t\t\t<\/div>\n\n\t\t\n\t\t<div class=\"blog-content wf-td\">\n\t\t\t<h3 class=\"entry-title\"><a href=\"https:\/\/www.monta\u00f1asdelaluna.es\/?p=36458\" title=\"El Cabe\u00e7\u00f3 d&#8217;Or. La monta\u00f1a del tesoro.\" rel=\"bookmark\">El Cabe\u00e7\u00f3 d&#8217;Or. La monta\u00f1a del tesoro.<\/a><\/h3>\n\n\t\t\t<div class=\"entry-meta\"><span class=\"category-link\"><a href=\"https:\/\/www.monta\u00f1asdelaluna.es\/?cat=94\" rel=\"category\">Resto de Alicante<\/a><\/span><a class=\"author vcard\" href=\"https:\/\/www.monta\u00f1asdelaluna.es\/?author=1\" title=\"Ver todas las publicaciones de Joaquin Terres\" rel=\"author\">Por <span class=\"fn\">Joaquin Terres<\/span><\/a><a href=\"https:\/\/www.monta\u00f1asdelaluna.es\/?m=19921220\" title=\"5:31 pm\" class=\"data-link\" rel=\"bookmark\"><time class=\"entry-date updated\" datetime=\"1992-12-20T17:31:15+00:00\">20 diciembre, 1992<\/time><\/a><a href=\"https:\/\/www.monta\u00f1asdelaluna.es\/?p=36458#respond\" class=\"comment-link\" >Deja un comentario<\/a><\/div><p>[vc_row][vc_column][vc_column_text]No conoc\u00eda esta monta\u00f1a, a pesar de aparecer en el horizonte, desde las muchas cimas del sur de Alicante si miramos hacia el noreste o este; empe\u00f1ados en intentar contemplar el picudo y excepcional Puig Campana, es la agreste y algo alargada sierra que aparece delante: la Sierra del Cabe\u00e7\u00f3 d\u2019Or o sencillamente Cabe\u00e7\u00f3 d\u2019Or.&hellip;<\/p>\n\n<a href=\"https:\/\/www.monta\u00f1asdelaluna.es\/?p=36458\" class=\"details more-link\" aria-label=\"Read more about El Cabe\u00e7\u00f3 d&#8217;Or. La monta\u00f1a del tesoro.\" rel=\"nofollow\">Detalles<\/a>\n\n\t\t<\/div>\n\n\t<\/article>\n\n<\/div>\n<div class=\"wf-cell iso-item category-94\" data-post-id=\"43307\" data-date=\"1992-11-15T19:11:09+00:00\" data-name=\"Penya Migjorn, la Monta\u00f1a del Mediod\u00eda\">\n\t<article class=\"post post-43307 type-post status-publish format-standard has-post-thumbnail hentry category-resto-de-alicante category-94 description-off\">\n\n\t\t\n\t\t\t<div class=\"blog-media wf-td\">\n\n\t\t\t\t<p><a href=\"https:\/\/www.monta\u00f1asdelaluna.es\/?p=43307\" class=\"alignnone rollover layzr-bg\" ><img loading=\"lazy\" decoding=\"async\" class=\"preload-me iso-lazy-load\" src=\"data:image\/svg+xml,%3Csvg%20xmlns%3D&#39;http%3A%2F%2Fwww.w3.org%2F2000%2Fsvg&#39;%20viewBox%3D&#39;0%200%20555%20370&#39;%2F%3E\" data-src=\"https:\/\/www.monta\u00f1asdelaluna.es\/wp-content\/uploads\/2020\/05\/delante-las-paredes-este-de-la-penya-migjorn-555x370.jpg\" data-srcset=\"https:\/\/www.monta\u00f1asdelaluna.es\/wp-content\/uploads\/2020\/05\/delante-las-paredes-este-de-la-penya-migjorn-555x370.jpg 555w, https:\/\/www.monta\u00f1asdelaluna.es\/wp-content\/uploads\/2020\/05\/delante-las-paredes-este-de-la-penya-migjorn-1110x740.jpg 1110w\" alt=\"\" title=\"Delante las paredes este de la Penya Migjorn\" width=\"555\" height=\"370\"  \/><\/a><\/p>\n\t\t\t<\/div>\n\n\t\t\n\t\t<div class=\"blog-content wf-td\">\n\t\t\t<h3 class=\"entry-title\"><a href=\"https:\/\/www.monta\u00f1asdelaluna.es\/?p=43307\" title=\"Penya Migjorn, la Monta\u00f1a del Mediod\u00eda\" rel=\"bookmark\">Penya Migjorn, la Monta\u00f1a del Mediod\u00eda<\/a><\/h3>\n\n\t\t\t<div class=\"entry-meta\"><span class=\"category-link\"><a href=\"https:\/\/www.monta\u00f1asdelaluna.es\/?cat=94\" rel=\"category\">Resto de Alicante<\/a><\/span><a class=\"author vcard\" href=\"https:\/\/www.monta\u00f1asdelaluna.es\/?author=1\" title=\"Ver todas las publicaciones de Joaquin Terres\" rel=\"author\">Por <span class=\"fn\">Joaquin Terres<\/span><\/a><a href=\"https:\/\/www.monta\u00f1asdelaluna.es\/?m=19921115\" title=\"7:11 pm\" class=\"data-link\" rel=\"bookmark\"><time class=\"entry-date updated\" datetime=\"1992-11-15T19:11:09+00:00\">15 noviembre, 1992<\/time><\/a><a href=\"https:\/\/www.monta\u00f1asdelaluna.es\/?p=43307#respond\" class=\"comment-link\" >Deja un comentario<\/a><\/div><p>[vc_row][vc_column][vc_column_text]La famosa Sierra de La Carrasqueta junto con la monta\u00f1a o sierra que le sigue hacia el este, la alta y famosa tambi\u00e9n Sierra Aitana, forman un grandioso arco con el hueco mirando hacia el sur. En el centro de ese arco se yerguen la alta y cavernosa Sierra del Cabe\u00e7\u00f3 d\u2019Or y Sierra de&hellip;<\/p>\n\n<a href=\"https:\/\/www.monta\u00f1asdelaluna.es\/?p=43307\" class=\"details more-link\" aria-label=\"Read more about Penya Migjorn, la Monta\u00f1a del Mediod\u00eda\" rel=\"nofollow\">Detalles<\/a>\n\n\t\t<\/div>\n\n\t<\/article>\n\n<\/div>\n<div class=\"wf-cell iso-item category-105\" data-post-id=\"35879\" data-date=\"1992-09-24T21:54:56+00:00\" data-name=\"La Cueva de Los Chorros del R\u00edo Mundo\">\n\t<article class=\"post post-35879 type-post status-publish format-standard has-post-thumbnail hentry category-cordilleras-del-betis category-105 description-off\">\n\n\t\t\n\t\t\t<div class=\"blog-media wf-td\">\n\n\t\t\t\t<p><a href=\"https:\/\/www.monta\u00f1asdelaluna.es\/?p=35879\" class=\"alignnone rollover layzr-bg\" ><img loading=\"lazy\" decoding=\"async\" class=\"preload-me iso-lazy-load\" src=\"data:image\/svg+xml,%3Csvg%20xmlns%3D&#39;http%3A%2F%2Fwww.w3.org%2F2000%2Fsvg&#39;%20viewBox%3D&#39;0%200%20555%20846&#39;%2F%3E\" data-src=\"https:\/\/www.monta\u00f1asdelaluna.es\/wp-content\/uploads\/2017\/03\/CuevaChorros-09-002-555x846.jpg\" data-srcset=\"https:\/\/www.monta\u00f1asdelaluna.es\/wp-content\/uploads\/2017\/03\/CuevaChorros-09-002-555x846.jpg 555w, https:\/\/www.monta\u00f1asdelaluna.es\/wp-content\/uploads\/2017\/03\/CuevaChorros-09-002-1110x1692.jpg 1110w\" alt=\"\" title=\"Cueva y Chorros del R\u00edo Mundo\" width=\"555\" height=\"846\"  \/><\/a><\/p>\n\t\t\t<\/div>\n\n\t\t\n\t\t<div class=\"blog-content wf-td\">\n\t\t\t<h3 class=\"entry-title\"><a href=\"https:\/\/www.monta\u00f1asdelaluna.es\/?p=35879\" title=\"La Cueva de Los Chorros del R\u00edo Mundo\" rel=\"bookmark\">La Cueva de Los Chorros del R\u00edo Mundo<\/a><\/h3>\n\n\t\t\t<div class=\"entry-meta\"><span class=\"category-link\"><a href=\"https:\/\/www.monta\u00f1asdelaluna.es\/?cat=105\" rel=\"category\">Cordilleras del Betis<\/a><\/span><a class=\"author vcard\" href=\"https:\/\/www.monta\u00f1asdelaluna.es\/?author=1\" title=\"Ver todas las publicaciones de Joaquin Terres\" rel=\"author\">Por <span class=\"fn\">Joaquin Terres<\/span><\/a><a href=\"https:\/\/www.monta\u00f1asdelaluna.es\/?m=19920924\" title=\"9:54 pm\" class=\"data-link\" rel=\"bookmark\"><time class=\"entry-date updated\" datetime=\"1992-09-24T21:54:56+00:00\">24 septiembre, 1992<\/time><\/a><a href=\"https:\/\/www.monta\u00f1asdelaluna.es\/?p=35879#respond\" class=\"comment-link\" >Deja un comentario<\/a><\/div><p>[vc_row][vc_column][vc_column_text]Una vez que visitas el Valle de Ri\u00f3par y te acercas al Nacimiento del R\u00edo Mundo, hay que subir, por una senda vertical delante del parking y del merendero del lugar, hasta el incre\u00edble balc\u00f3n, arriba de la pared, precipicio por donde caen decenas de metros abajo, las aguas del R\u00edo Mundo que salen de&hellip;<\/p>\n\n<a href=\"https:\/\/www.monta\u00f1asdelaluna.es\/?p=35879\" class=\"details more-link\" aria-label=\"Read more about La Cueva de Los Chorros del R\u00edo Mundo\" rel=\"nofollow\">Detalles<\/a>\n\n\t\t<\/div>\n\n\t<\/article>\n\n<\/div>\n<div class=\"wf-cell iso-item category-76\" data-post-id=\"43169\" data-date=\"1992-09-20T12:34:56+00:00\" data-name=\"El Agudo, un trocito de cielo en la tierra\">\n\t<article class=\"post post-43169 type-post status-publish format-standard has-post-thumbnail hentry category-sierra-de-crevillente category-76 description-off\">\n\n\t\t\n\t\t\t<div class=\"blog-media wf-td\">\n\n\t\t\t\t<p><a href=\"https:\/\/www.monta\u00f1asdelaluna.es\/?p=43169\" class=\"alignnone rollover layzr-bg\" ><img loading=\"lazy\" decoding=\"async\" class=\"preload-me iso-lazy-load\" src=\"data:image\/svg+xml,%3Csvg%20xmlns%3D&#39;http%3A%2F%2Fwww.w3.org%2F2000%2Fsvg&#39;%20viewBox%3D&#39;0%200%20555%20371&#39;%2F%3E\" data-src=\"https:\/\/www.monta\u00f1asdelaluna.es\/wp-content\/uploads\/2020\/04\/junto-a-la-casa-del-agudo-atras-queda-dicho-pico-555x371.jpg\" data-srcset=\"https:\/\/www.monta\u00f1asdelaluna.es\/wp-content\/uploads\/2020\/04\/junto-a-la-casa-del-agudo-atras-queda-dicho-pico-555x371.jpg 555w, https:\/\/www.monta\u00f1asdelaluna.es\/wp-content\/uploads\/2020\/04\/junto-a-la-casa-del-agudo-atras-queda-dicho-pico-1110x742.jpg 1110w\" alt=\"\" title=\"Junto a la Casa del Agudo, atr\u00e1s queda dicho pico\" width=\"555\" height=\"371\"  \/><\/a><\/p>\n\t\t\t<\/div>\n\n\t\t\n\t\t<div class=\"blog-content wf-td\">\n\t\t\t<h3 class=\"entry-title\"><a href=\"https:\/\/www.monta\u00f1asdelaluna.es\/?p=43169\" title=\"El Agudo, un trocito de cielo en la tierra\" rel=\"bookmark\">El Agudo, un trocito de cielo en la tierra<\/a><\/h3>\n\n\t\t\t<div class=\"entry-meta\"><span class=\"category-link\"><a href=\"https:\/\/www.monta\u00f1asdelaluna.es\/?cat=76\" rel=\"category\">Sierra de Crevillente<\/a><\/span><a class=\"author vcard\" href=\"https:\/\/www.monta\u00f1asdelaluna.es\/?author=1\" title=\"Ver todas las publicaciones de Joaquin Terres\" rel=\"author\">Por <span class=\"fn\">Joaquin Terres<\/span><\/a><a href=\"https:\/\/www.monta\u00f1asdelaluna.es\/?m=19920920\" title=\"12:34 pm\" class=\"data-link\" rel=\"bookmark\"><time class=\"entry-date updated\" datetime=\"1992-09-20T12:34:56+00:00\">20 septiembre, 1992<\/time><\/a><a href=\"https:\/\/www.monta\u00f1asdelaluna.es\/?p=43169#respond\" class=\"comment-link\" >Deja un comentario<\/a><\/div><p>[vc_row][vc_column][vc_column_text]Cuando comenc\u00e9 a subir monta\u00f1as con mi primo Miguel \u00c1ngel Gonz\u00e1lez, tardamos un tiempo en ir al Agudo. De hecho las primera monta\u00f1as fueron en la primavera del a\u00f1o 1.988, el Crevillente (La Vella), El Cant\u00f3n y la Pe\u00f1a Gorda. Fue despu\u00e9s del verano, en oto\u00f1o de ese mismo a\u00f1o cuando la \u00fanica salida que&hellip;<\/p>\n\n<a href=\"https:\/\/www.monta\u00f1asdelaluna.es\/?p=43169\" class=\"details more-link\" aria-label=\"Read more about El Agudo, un trocito de cielo en la tierra\" rel=\"nofollow\">Detalles<\/a>\n\n\t\t<\/div>\n\n\t<\/article>\n\n<\/div>\n<div class=\"wf-cell iso-item category-42\" data-post-id=\"35305\" data-date=\"1992-08-13T07:35:11+00:00\" data-name=\"Selva de Iraty. 2\u00ba parte: Mendilatz y Mozolo\">\n\t<article class=\"post post-35305 type-post status-publish format-standard has-post-thumbnail hentry category-pirineo-navarro category-42 description-off\">\n\n\t\t\n\t\t\t<div class=\"blog-media wf-td\">\n\n\t\t\t\t<p><a href=\"https:\/\/www.monta\u00f1asdelaluna.es\/?p=35305\" class=\"alignnone rollover layzr-bg\" ><img loading=\"lazy\" decoding=\"async\" class=\"preload-me iso-lazy-load\" src=\"data:image\/svg+xml,%3Csvg%20xmlns%3D&#39;http%3A%2F%2Fwww.w3.org%2F2000%2Fsvg&#39;%20viewBox%3D&#39;0%200%20555%20442&#39;%2F%3E\" data-src=\"https:\/\/www.monta\u00f1asdelaluna.es\/wp-content\/uploads\/2017\/02\/iraty-92-39-001-555x442.jpg\" data-srcset=\"https:\/\/www.monta\u00f1asdelaluna.es\/wp-content\/uploads\/2017\/02\/iraty-92-39-001-555x442.jpg 555w, https:\/\/www.monta\u00f1asdelaluna.es\/wp-content\/uploads\/2017\/02\/iraty-92-39-001-1110x884.jpg 1110w\" alt=\"\" title=\"Selva de Iraty entorno al Collado Mozolo\" width=\"555\" height=\"442\"  \/><\/a><\/p>\n\t\t\t<\/div>\n\n\t\t\n\t\t<div class=\"blog-content wf-td\">\n\t\t\t<h3 class=\"entry-title\"><a href=\"https:\/\/www.monta\u00f1asdelaluna.es\/?p=35305\" title=\"Selva de Iraty. 2\u00ba parte: Mendilatz y Mozolo\" rel=\"bookmark\">Selva de Iraty. 2\u00ba parte: Mendilatz y Mozolo<\/a><\/h3>\n\n\t\t\t<div class=\"entry-meta\"><span class=\"category-link\"><a href=\"https:\/\/www.monta\u00f1asdelaluna.es\/?cat=42\" rel=\"category\">Pirineo Navarro<\/a><\/span><a class=\"author vcard\" href=\"https:\/\/www.monta\u00f1asdelaluna.es\/?author=1\" title=\"Ver todas las publicaciones de Joaquin Terres\" rel=\"author\">Por <span class=\"fn\">Joaquin Terres<\/span><\/a><a href=\"https:\/\/www.monta\u00f1asdelaluna.es\/?m=19920813\" title=\"7:35 am\" class=\"data-link\" rel=\"bookmark\"><time class=\"entry-date updated\" datetime=\"1992-08-13T07:35:11+00:00\">13 agosto, 1992<\/time><\/a><a href=\"https:\/\/www.monta\u00f1asdelaluna.es\/?p=35305#respond\" class=\"comment-link\" >Deja un comentario<\/a><\/div><p>[vc_row][vc_column][vc_column_text]Despu\u00e9s de la gran tormenta y de dejar pasar alg\u00fan d\u00eda sin hacer ninguna actividad, una parte del grupo decide intentar realizar una traves\u00eda de dos d\u00edas: salir de aqu\u00ed, de F\u00e1bricas de Orbaitzeta hacia una zona de acampada en medio de la Selva de Iraty, en una de las colas o brazos del Embalse&hellip;<\/p>\n\n<a href=\"https:\/\/www.monta\u00f1asdelaluna.es\/?p=35305\" class=\"details more-link\" aria-label=\"Read more about Selva de Iraty. 2\u00ba parte: Mendilatz y Mozolo\" rel=\"nofollow\">Detalles<\/a>\n\n\t\t<\/div>\n\n\t<\/article>\n\n<\/div>\n<div class=\"wf-cell iso-item category-42\" data-post-id=\"35297\" data-date=\"1992-08-09T14:30:59+00:00\" data-name=\"Selva de Iraty. 1\u00ba Parte: Roncesvalles y Urkulu\">\n\t<article class=\"post post-35297 type-post status-publish format-standard has-post-thumbnail hentry category-pirineo-navarro category-42 description-off\">\n\n\t\t\n\t\t\t<div class=\"blog-media wf-td\">\n\n\t\t\t\t<p><a href=\"https:\/\/www.monta\u00f1asdelaluna.es\/?p=35297\" class=\"alignnone rollover layzr-bg\" ><img loading=\"lazy\" decoding=\"async\" class=\"preload-me iso-lazy-load\" src=\"data:image\/svg+xml,%3Csvg%20xmlns%3D&#39;http%3A%2F%2Fwww.w3.org%2F2000%2Fsvg&#39;%20viewBox%3D&#39;0%200%20555%20371&#39;%2F%3E\" data-src=\"https:\/\/www.monta\u00f1asdelaluna.es\/wp-content\/uploads\/2017\/02\/iraty-92-13-001-555x371.jpg\" data-srcset=\"https:\/\/www.monta\u00f1asdelaluna.es\/wp-content\/uploads\/2017\/02\/iraty-92-13-001-555x371.jpg 555w, https:\/\/www.monta\u00f1asdelaluna.es\/wp-content\/uploads\/2017\/02\/iraty-92-13-001-1110x742.jpg 1110w\" alt=\"\" title=\"A la derecha el Pico Arkulu, a la izquierda el Ortzanzurieta\" width=\"555\" height=\"371\"  \/><\/a><\/p>\n\t\t\t<\/div>\n\n\t\t\n\t\t<div class=\"blog-content wf-td\">\n\t\t\t<h3 class=\"entry-title\"><a href=\"https:\/\/www.monta\u00f1asdelaluna.es\/?p=35297\" title=\"Selva de Iraty. 1\u00ba Parte: Roncesvalles y Urkulu\" rel=\"bookmark\">Selva de Iraty. 1\u00ba Parte: Roncesvalles y Urkulu<\/a><\/h3>\n\n\t\t\t<div class=\"entry-meta\"><span class=\"category-link\"><a href=\"https:\/\/www.monta\u00f1asdelaluna.es\/?cat=42\" rel=\"category\">Pirineo Navarro<\/a><\/span><a class=\"author vcard\" href=\"https:\/\/www.monta\u00f1asdelaluna.es\/?author=1\" title=\"Ver todas las publicaciones de Joaquin Terres\" rel=\"author\">Por <span class=\"fn\">Joaquin Terres<\/span><\/a><a href=\"https:\/\/www.monta\u00f1asdelaluna.es\/?m=19920809\" title=\"2:30 pm\" class=\"data-link\" rel=\"bookmark\"><time class=\"entry-date updated\" datetime=\"1992-08-09T14:30:59+00:00\">9 agosto, 1992<\/time><\/a><a href=\"https:\/\/www.monta\u00f1asdelaluna.es\/?p=35297#respond\" class=\"comment-link\" >Deja un comentario<\/a><\/div><p>[vc_row][vc_column][vc_column_text]Despu\u00e9s del exitoso viaje a Soria, a los Picos de Urbi\u00f3n en la pasada Semana Santa, el mismo a\u00f1o se organizaba otro viaje en mitad de agosto con las mismas ideas. Pens\u00e1bamos que, con el tremendo \u00e9xito del primer viaje del Centro Excursionista Almorad\u00ed, el resto de viajes organizados con autob\u00fas ser\u00edan igual\u2026 nada m\u00e1s&hellip;<\/p>\n\n<a href=\"https:\/\/www.monta\u00f1asdelaluna.es\/?p=35297\" class=\"details more-link\" aria-label=\"Read more about Selva de Iraty. 1\u00ba Parte: Roncesvalles y Urkulu\" rel=\"nofollow\">Detalles<\/a>\n\n\t\t<\/div>\n\n\t<\/article>\n\n<\/div>\n<div class=\"wf-cell iso-item category-98\" data-post-id=\"35218\" data-date=\"1992-04-17T17:13:34+00:00\" data-name=\"Picos de Urbi\u00f3n\">\n\t<article class=\"post post-35218 type-post status-publish format-standard has-post-thumbnail hentry category-cordilleras-centrales category-98 description-off\">\n\n\t\t\n\t\t\t<div class=\"blog-media wf-td\">\n\n\t\t\t\t<p><a href=\"https:\/\/www.monta\u00f1asdelaluna.es\/?p=35218\" class=\"alignnone rollover layzr-bg\" ><img loading=\"lazy\" decoding=\"async\" class=\"preload-me iso-lazy-load\" src=\"data:image\/svg+xml,%3Csvg%20xmlns%3D&#39;http%3A%2F%2Fwww.w3.org%2F2000%2Fsvg&#39;%20viewBox%3D&#39;0%200%20555%20375&#39;%2F%3E\" data-src=\"https:\/\/www.monta\u00f1asdelaluna.es\/wp-content\/uploads\/2017\/01\/Soria-92-19-001-555x375.jpg\" data-srcset=\"https:\/\/www.monta\u00f1asdelaluna.es\/wp-content\/uploads\/2017\/01\/Soria-92-19-001-555x375.jpg 555w, https:\/\/www.monta\u00f1asdelaluna.es\/wp-content\/uploads\/2017\/01\/Soria-92-19-001-1110x750.jpg 1110w\" alt=\"\" title=\"Arriba el pico Zorraqu\u00edn\" width=\"555\" height=\"375\"  \/><\/a><\/p>\n\t\t\t<\/div>\n\n\t\t\n\t\t<div class=\"blog-content wf-td\">\n\t\t\t<h3 class=\"entry-title\"><a href=\"https:\/\/www.monta\u00f1asdelaluna.es\/?p=35218\" title=\"Picos de Urbi\u00f3n\" rel=\"bookmark\">Picos de Urbi\u00f3n<\/a><\/h3>\n\n\t\t\t<div class=\"entry-meta\"><span class=\"category-link\"><a href=\"https:\/\/www.monta\u00f1asdelaluna.es\/?cat=98\" rel=\"category\">Cordilleras centrales<\/a><\/span><a class=\"author vcard\" href=\"https:\/\/www.monta\u00f1asdelaluna.es\/?author=1\" title=\"Ver todas las publicaciones de Joaquin Terres\" rel=\"author\">Por <span class=\"fn\">Joaquin Terres<\/span><\/a><a href=\"https:\/\/www.monta\u00f1asdelaluna.es\/?m=19920417\" title=\"5:13 pm\" class=\"data-link\" rel=\"bookmark\"><time class=\"entry-date updated\" datetime=\"1992-04-17T17:13:34+00:00\">17 abril, 1992<\/time><\/a><a href=\"https:\/\/www.monta\u00f1asdelaluna.es\/?p=35218#respond\" class=\"comment-link\" >Deja un comentario<\/a><\/div><p>[vc_row][vc_column][vc_column_text]El Centro Excursionista Almorad\u00ed hac\u00eda pocos meses que se hab\u00eda creado. M\u00e1s de 70 personas se hab\u00edan apuntado para ser socios y la expectaci\u00f3n y boom del momento era asombroso, casi irreal, incre\u00edble. Entonces en una de sus primeras actividades que despu\u00e9s formo precedente para el resto de otros a\u00f1os, fue el Viaje de Semana&hellip;<\/p>\n\n<a href=\"https:\/\/www.monta\u00f1asdelaluna.es\/?p=35218\" class=\"details more-link\" aria-label=\"Read more about Picos de Urbi\u00f3n\" rel=\"nofollow\">Detalles<\/a>\n\n\t\t<\/div>\n\n\t<\/article>\n\n<\/div>\n<div class=\"wf-cell iso-item category-80\" data-post-id=\"35722\" data-date=\"1992-04-12T07:21:40+00:00\" data-name=\"San Bernardo en la Sierra de Callosa\">\n\t<article class=\"post post-35722 type-post status-publish format-standard has-post-thumbnail hentry category-sierras-de-orihuela-y-callosa category-80 description-off\">\n\n\t\t\n\t\t\t<div class=\"blog-media wf-td\">\n\n\t\t\t\t<p><a href=\"https:\/\/www.monta\u00f1asdelaluna.es\/?p=35722\" class=\"alignnone rollover layzr-bg\" ><img loading=\"lazy\" decoding=\"async\" class=\"preload-me iso-lazy-load\" src=\"data:image\/svg+xml,%3Csvg%20xmlns%3D&#39;http%3A%2F%2Fwww.w3.org%2F2000%2Fsvg&#39;%20viewBox%3D&#39;0%200%20555%20372&#39;%2F%3E\" data-src=\"https:\/\/www.monta\u00f1asdelaluna.es\/wp-content\/uploads\/1992\/03\/Callosa-92-02-001-555x372.jpg\" data-srcset=\"https:\/\/www.monta\u00f1asdelaluna.es\/wp-content\/uploads\/1992\/03\/Callosa-92-02-001-555x372.jpg 555w, https:\/\/www.monta\u00f1asdelaluna.es\/wp-content\/uploads\/1992\/03\/Callosa-92-02-001-1110x744.jpg 1110w\" alt=\"\" title=\"Miguel \u00c1ngel a un lado de la V del San Bernardo, al otro lado 2 callosinos y el pico\" width=\"555\" height=\"372\"  \/><\/a><\/p>\n\t\t\t<\/div>\n\n\t\t\n\t\t<div class=\"blog-content wf-td\">\n\t\t\t<h3 class=\"entry-title\"><a href=\"https:\/\/www.monta\u00f1asdelaluna.es\/?p=35722\" title=\"San Bernardo en la Sierra de Callosa\" rel=\"bookmark\">San Bernardo en la Sierra de Callosa<\/a><\/h3>\n\n\t\t\t<div class=\"entry-meta\"><span class=\"category-link\"><a href=\"https:\/\/www.monta\u00f1asdelaluna.es\/?cat=80\" rel=\"category\">Sierras de Orihuela y Callosa<\/a><\/span><a class=\"author vcard\" href=\"https:\/\/www.monta\u00f1asdelaluna.es\/?author=1\" title=\"Ver todas las publicaciones de Joaquin Terres\" rel=\"author\">Por <span class=\"fn\">Joaquin Terres<\/span><\/a><a href=\"https:\/\/www.monta\u00f1asdelaluna.es\/?m=19920412\" title=\"7:21 am\" class=\"data-link\" rel=\"bookmark\"><time class=\"entry-date updated\" datetime=\"1992-04-12T07:21:40+00:00\">12 abril, 1992<\/time><\/a><a href=\"https:\/\/www.monta\u00f1asdelaluna.es\/?p=35722#respond\" class=\"comment-link\" >Deja un comentario<\/a><\/div><p>[vc_row][vc_column][vc_column_text]Ya hab\u00edamos subido unas cuantas veces la cima de la Sierra de Callosa, el Alto del \u00c1guila, Cruz de Enmedio, y siempre quedaba un pico alejado, fuera de nuestro alcance. A la derecha, mientras sub\u00edamos por la cresta del paso de la roca o llegando a ella, en el collado arriba justo de La Plana,&hellip;<\/p>\n\n<a href=\"https:\/\/www.monta\u00f1asdelaluna.es\/?p=35722\" class=\"details more-link\" aria-label=\"Read more about San Bernardo en la Sierra de Callosa\" rel=\"nofollow\">Detalles<\/a>\n\n\t\t<\/div>\n\n\t<\/article>\n\n<\/div>\n<div class=\"wf-cell iso-item category-105\" data-post-id=\"35222\" data-date=\"1992-02-01T07:29:33+00:00\" data-name=\"Sierra de Alcaraz y Valle de Riopar\">\n\t<article class=\"post post-35222 type-post status-publish format-standard has-post-thumbnail hentry category-cordilleras-del-betis category-105 description-off\">\n\n\t\t\n\t\t\t<div class=\"blog-media wf-td\">\n\n\t\t\t\t<p><a href=\"https:\/\/www.monta\u00f1asdelaluna.es\/?p=35222\" class=\"alignnone rollover layzr-bg\" ><img loading=\"lazy\" decoding=\"async\" class=\"preload-me iso-lazy-load\" src=\"data:image\/svg+xml,%3Csvg%20xmlns%3D&#39;http%3A%2F%2Fwww.w3.org%2F2000%2Fsvg&#39;%20viewBox%3D&#39;0%200%20555%20403&#39;%2F%3E\" data-src=\"https:\/\/www.monta\u00f1asdelaluna.es\/wp-content\/uploads\/2017\/01\/Riopar-92-11-001-555x403.jpg\" data-srcset=\"https:\/\/www.monta\u00f1asdelaluna.es\/wp-content\/uploads\/2017\/01\/Riopar-92-11-001-555x403.jpg 555w, https:\/\/www.monta\u00f1asdelaluna.es\/wp-content\/uploads\/2017\/01\/Riopar-92-11-001-1110x806.jpg 1110w\" alt=\"\" title=\"Una nube cubre la cima del Pico de La Sarga\" width=\"555\" height=\"403\"  \/><\/a><\/p>\n\t\t\t<\/div>\n\n\t\t\n\t\t<div class=\"blog-content wf-td\">\n\t\t\t<h3 class=\"entry-title\"><a href=\"https:\/\/www.monta\u00f1asdelaluna.es\/?p=35222\" title=\"Sierra de Alcaraz y Valle de Riopar\" rel=\"bookmark\">Sierra de Alcaraz y Valle de Riopar<\/a><\/h3>\n\n\t\t\t<div class=\"entry-meta\"><span class=\"category-link\"><a href=\"https:\/\/www.monta\u00f1asdelaluna.es\/?cat=105\" rel=\"category\">Cordilleras del Betis<\/a><\/span><a class=\"author vcard\" href=\"https:\/\/www.monta\u00f1asdelaluna.es\/?author=1\" title=\"Ver todas las publicaciones de Joaquin Terres\" rel=\"author\">Por <span class=\"fn\">Joaquin Terres<\/span><\/a><a href=\"https:\/\/www.monta\u00f1asdelaluna.es\/?m=19920201\" title=\"7:29 am\" class=\"data-link\" rel=\"bookmark\"><time class=\"entry-date updated\" datetime=\"1992-02-01T07:29:33+00:00\">1 febrero, 1992<\/time><\/a><a href=\"https:\/\/www.monta\u00f1asdelaluna.es\/?p=35222#respond\" class=\"comment-link\" >Deja un comentario<\/a><\/div><p>[vc_row][vc_column][vc_column_text]Encantador lugar encajado entre boscosas y extensas sierras; una de las cuales es la Sierra de Alcaraz, y su cima m\u00e1s alta que intentamos conquistar el Pico Almenaras de 1.798 mts. de altitud, y que a causa de la abundante nieve tuvimos que desistir en dicho intento. Visita al Valle de Ri\u00f3par con Ri\u00f3par Viejo&hellip;<\/p>\n\n<a href=\"https:\/\/www.monta\u00f1asdelaluna.es\/?p=35222\" class=\"details more-link\" aria-label=\"Read more about Sierra de Alcaraz y Valle de Riopar\" rel=\"nofollow\">Detalles<\/a>\n\n\t\t<\/div>\n\n\t<\/article>\n\n<\/div>\n<div class=\"wf-cell iso-item category-89\" data-post-id=\"35094\" data-date=\"1991-11-10T13:08:08+00:00\" data-name=\"Circular Maigm\u00f3-Alt de Les Xemeneies\">\n\t<article class=\"post post-35094 type-post status-publish format-standard has-post-thumbnail hentry category-sierras-del-maigmo-y-cid category-89 description-off\">\n\n\t\t\n\t\t\t<div class=\"blog-media wf-td\">\n\n\t\t\t\t<p><a href=\"https:\/\/www.monta\u00f1asdelaluna.es\/?p=35094\" class=\"alignnone rollover layzr-bg\" ><img loading=\"lazy\" decoding=\"async\" class=\"preload-me iso-lazy-load\" src=\"data:image\/svg+xml,%3Csvg%20xmlns%3D&#39;http%3A%2F%2Fwww.w3.org%2F2000%2Fsvg&#39;%20viewBox%3D&#39;0%200%20555%20375&#39;%2F%3E\" data-src=\"https:\/\/www.monta\u00f1asdelaluna.es\/wp-content\/uploads\/2017\/01\/Maigm\u00f3-91-09-001-555x375.jpg\" data-srcset=\"https:\/\/www.monta\u00f1asdelaluna.es\/wp-content\/uploads\/2017\/01\/Maigm\u00f3-91-09-001-555x375.jpg 555w, https:\/\/www.monta\u00f1asdelaluna.es\/wp-content\/uploads\/2017\/01\/Maigm\u00f3-91-09-001-1110x750.jpg 1110w\" alt=\"\" title=\"Cima del Maigm\u00f3, 1.296 mts.\" width=\"555\" height=\"375\"  \/><\/a><\/p>\n\t\t\t<\/div>\n\n\t\t\n\t\t<div class=\"blog-content wf-td\">\n\t\t\t<h3 class=\"entry-title\"><a href=\"https:\/\/www.monta\u00f1asdelaluna.es\/?p=35094\" title=\"Circular Maigm\u00f3-Alt de Les Xemeneies\" rel=\"bookmark\">Circular Maigm\u00f3-Alt de Les Xemeneies<\/a><\/h3>\n\n\t\t\t<div class=\"entry-meta\"><span class=\"category-link\"><a href=\"https:\/\/www.monta\u00f1asdelaluna.es\/?cat=89\" rel=\"category\">Sierras del Maigm\u00f3 y Cid<\/a><\/span><a class=\"author vcard\" href=\"https:\/\/www.monta\u00f1asdelaluna.es\/?author=1\" title=\"Ver todas las publicaciones de Joaquin Terres\" rel=\"author\">Por <span class=\"fn\">Joaquin Terres<\/span><\/a><a href=\"https:\/\/www.monta\u00f1asdelaluna.es\/?m=19911110\" title=\"1:08 pm\" class=\"data-link\" rel=\"bookmark\"><time class=\"entry-date updated\" datetime=\"1991-11-10T13:08:08+00:00\">10 noviembre, 1991<\/time><\/a><a href=\"https:\/\/www.monta\u00f1asdelaluna.es\/?p=35094#respond\" class=\"comment-link\" >Deja un comentario<\/a><\/div><p>[vc_row][vc_column][vc_column_text]Ahora que estos d\u00edas de enero del 2.017 un temporal de lo que solo se ven cada 40 o 50 a\u00f1os, est\u00e1 dejando nieve hasta en las playas de Guardamar y m\u00e1s a\u00fan en las monta\u00f1as alicantinas, como en esta alta cima del Maigm\u00f3. Cosa que siempre me alegra y entusiasma. Porque la nieve en&hellip;<\/p>\n\n<a href=\"https:\/\/www.monta\u00f1asdelaluna.es\/?p=35094\" class=\"details more-link\" aria-label=\"Read more about Circular Maigm\u00f3-Alt de Les Xemeneies\" rel=\"nofollow\">Detalles<\/a>\n\n\t\t<\/div>\n\n\t<\/article>\n\n<\/div>\n<div class=\"wf-cell iso-item category-105\" data-post-id=\"36334\" data-date=\"1991-10-19T07:09:37+00:00\" data-name=\"La sagrada Sagra\">\n\t<article class=\"post post-36334 type-post status-publish format-standard has-post-thumbnail hentry category-cordilleras-del-betis category-105 description-off\">\n\n\t\t\n\t\t\t<div class=\"blog-media wf-td\">\n\n\t\t\t\t<p><a href=\"https:\/\/www.monta\u00f1asdelaluna.es\/?p=36334\" class=\"alignnone rollover layzr-bg\" ><img loading=\"lazy\" decoding=\"async\" class=\"preload-me iso-lazy-load\" src=\"data:image\/svg+xml,%3Csvg%20xmlns%3D&#39;http%3A%2F%2Fwww.w3.org%2F2000%2Fsvg&#39;%20viewBox%3D&#39;0%200%20555%20408&#39;%2F%3E\" data-src=\"https:\/\/www.monta\u00f1asdelaluna.es\/wp-content\/uploads\/2017\/04\/SAgra94-08B-001-555x408.jpg\" data-srcset=\"https:\/\/www.monta\u00f1asdelaluna.es\/wp-content\/uploads\/2017\/04\/SAgra94-08B-001-555x408.jpg 555w, https:\/\/www.monta\u00f1asdelaluna.es\/wp-content\/uploads\/2017\/04\/SAgra94-08B-001-1110x816.jpg 1110w\" alt=\"\" title=\"Bajando a la parte alta del Embudo desde la cima, al fondo la Sierra de Taibilla en el centro y Revolcadores a la derecha\" width=\"555\" height=\"408\"  \/><\/a><\/p>\n\t\t\t<\/div>\n\n\t\t\n\t\t<div class=\"blog-content wf-td\">\n\t\t\t<h3 class=\"entry-title\"><a href=\"https:\/\/www.monta\u00f1asdelaluna.es\/?p=36334\" title=\"La sagrada Sagra\" rel=\"bookmark\">La sagrada Sagra<\/a><\/h3>\n\n\t\t\t<div class=\"entry-meta\"><span class=\"category-link\"><a href=\"https:\/\/www.monta\u00f1asdelaluna.es\/?cat=105\" rel=\"category\">Cordilleras del Betis<\/a><\/span><a class=\"author vcard\" href=\"https:\/\/www.monta\u00f1asdelaluna.es\/?author=1\" title=\"Ver todas las publicaciones de Joaquin Terres\" rel=\"author\">Por <span class=\"fn\">Joaquin Terres<\/span><\/a><a href=\"https:\/\/www.monta\u00f1asdelaluna.es\/?m=19911019\" title=\"7:09 am\" class=\"data-link\" rel=\"bookmark\"><time class=\"entry-date updated\" datetime=\"1991-10-19T07:09:37+00:00\">19 octubre, 1991<\/time><\/a><a href=\"https:\/\/www.monta\u00f1asdelaluna.es\/?p=36334#respond\" class=\"comment-link\" >Deja un comentario<\/a><\/div><p>[vc_row][vc_column][vc_column_text]No conoc\u00eda esta monta\u00f1a, no hab\u00eda hablar de ella mientras sub\u00eda monta\u00f1as con mi primo Miguel \u00c1ngel. No era una monta\u00f1a como Picos de Urbi\u00f3n, Cazorla, Sierra Nevada, Gredos\u2026 de estas que estudias en el colegio o instituto en clase de geograf\u00eda. Es una monta\u00f1a que en un principio no tiene una singularidad por su&hellip;<\/p>\n\n<a href=\"https:\/\/www.monta\u00f1asdelaluna.es\/?p=36334\" class=\"details more-link\" aria-label=\"Read more about La sagrada Sagra\" rel=\"nofollow\">Detalles<\/a>\n\n\t\t<\/div>\n\n\t<\/article>\n\n<\/div>\n<div class=\"wf-cell iso-item category-101\" data-post-id=\"43244\" data-date=\"1991-05-19T09:16:00+00:00\" data-name=\"El Carrascal de la Font Roja, un bosque ancestral en Alcoy\">\n\t<article class=\"post post-43244 type-post status-publish format-standard has-post-thumbnail hentry category-sierra-mariola-y-menetjador category-101 description-off\">\n\n\t\t\n\t\t\t<div class=\"blog-media wf-td\">\n\n\t\t\t\t<p><a href=\"https:\/\/www.monta\u00f1asdelaluna.es\/?p=43244\" class=\"alignnone rollover layzr-bg\" ><img loading=\"lazy\" decoding=\"async\" class=\"preload-me iso-lazy-load\" src=\"data:image\/svg+xml,%3Csvg%20xmlns%3D&#39;http%3A%2F%2Fwww.w3.org%2F2000%2Fsvg&#39;%20viewBox%3D&#39;0%200%20555%20375&#39;%2F%3E\" data-src=\"https:\/\/www.monta\u00f1asdelaluna.es\/wp-content\/uploads\/2020\/04\/camino-del-mas-de-tetuan-desde-la-font-roja-555x375.jpg\" data-srcset=\"https:\/\/www.monta\u00f1asdelaluna.es\/wp-content\/uploads\/2020\/04\/camino-del-mas-de-tetuan-desde-la-font-roja-555x375.jpg 555w, https:\/\/www.monta\u00f1asdelaluna.es\/wp-content\/uploads\/2020\/04\/camino-del-mas-de-tetuan-desde-la-font-roja-1110x750.jpg 1110w\" alt=\"\" title=\"Camino del Mas de Tetuan desde La Font Roja\" width=\"555\" height=\"375\"  \/><\/a><\/p>\n\t\t\t<\/div>\n\n\t\t\n\t\t<div class=\"blog-content wf-td\">\n\t\t\t<h3 class=\"entry-title\"><a href=\"https:\/\/www.monta\u00f1asdelaluna.es\/?p=43244\" title=\"El Carrascal de la Font Roja, un bosque ancestral en Alcoy\" rel=\"bookmark\">El Carrascal de la Font Roja, un bosque ancestral en Alcoy<\/a><\/h3>\n\n\t\t\t<div class=\"entry-meta\"><span class=\"category-link\"><a href=\"https:\/\/www.monta\u00f1asdelaluna.es\/?cat=101\" rel=\"category\">Sierra Mariola y Menetjador<\/a><\/span><a class=\"author vcard\" href=\"https:\/\/www.monta\u00f1asdelaluna.es\/?author=1\" title=\"Ver todas las publicaciones de Joaquin Terres\" rel=\"author\">Por <span class=\"fn\">Joaquin Terres<\/span><\/a><a href=\"https:\/\/www.monta\u00f1asdelaluna.es\/?m=19910519\" title=\"9:16 am\" class=\"data-link\" rel=\"bookmark\"><time class=\"entry-date updated\" datetime=\"1991-05-19T09:16:00+00:00\">19 mayo, 1991<\/time><\/a><a href=\"https:\/\/www.monta\u00f1asdelaluna.es\/?p=43244#respond\" class=\"comment-link\" >Deja un comentario<\/a><\/div><p>[vc_row][vc_column][vc_column_text]Al d\u00eda siguiente de hacer la traves\u00eda por Sierra Mariola, subiendo por primera vez al Montcabrer en aquel viaje con el Instituto Antonio Sequeros de Almorad\u00ed, tocaba visitar el \u00fanico bosque o lugar de la provincia de Alicante gestionado y cuidado con ejemplares centenarios y condiciones excepcionales. Un bosque casi primigenio de la \u00e9poca anterior&hellip;<\/p>\n\n<a href=\"https:\/\/www.monta\u00f1asdelaluna.es\/?p=43244\" class=\"details more-link\" aria-label=\"Read more about El Carrascal de la Font Roja, un bosque ancestral en Alcoy\" rel=\"nofollow\">Detalles<\/a>\n\n\t\t<\/div>\n\n\t<\/article>\n\n<\/div>\n<div class=\"wf-cell iso-item category-101\" data-post-id=\"34047\" data-date=\"1991-05-18T17:33:47+00:00\" data-name=\"Conociendo Sierra Mariola\">\n\t<article class=\"post post-34047 type-post status-publish format-standard has-post-thumbnail hentry category-sierra-mariola-y-menetjador category-101 description-off\">\n\n\t\t\n\t\t\t<div class=\"blog-media wf-td\">\n\n\t\t\t\t<p><a href=\"https:\/\/www.monta\u00f1asdelaluna.es\/?p=34047\" class=\"alignnone rollover layzr-bg\" ><img loading=\"lazy\" decoding=\"async\" class=\"preload-me iso-lazy-load\" src=\"data:image\/svg+xml,%3Csvg%20xmlns%3D&#39;http%3A%2F%2Fwww.w3.org%2F2000%2Fsvg&#39;%20viewBox%3D&#39;0%200%20555%20373&#39;%2F%3E\" data-src=\"https:\/\/www.monta\u00f1asdelaluna.es\/wp-content\/uploads\/2016\/11\/Mariola91-13-001-555x373.jpg\" data-srcset=\"https:\/\/www.monta\u00f1asdelaluna.es\/wp-content\/uploads\/2016\/11\/Mariola91-13-001-555x373.jpg 555w, https:\/\/www.monta\u00f1asdelaluna.es\/wp-content\/uploads\/2016\/11\/Mariola91-13-001-1110x746.jpg 1110w\" alt=\"\" title=\"La Cava Arqueada y detr\u00e1s El Montcabrer\" width=\"555\" height=\"373\"  \/><\/a><\/p>\n\t\t\t<\/div>\n\n\t\t\n\t\t<div class=\"blog-content wf-td\">\n\t\t\t<h3 class=\"entry-title\"><a href=\"https:\/\/www.monta\u00f1asdelaluna.es\/?p=34047\" title=\"Conociendo Sierra Mariola\" rel=\"bookmark\">Conociendo Sierra Mariola<\/a><\/h3>\n\n\t\t\t<div class=\"entry-meta\"><span class=\"category-link\"><a href=\"https:\/\/www.monta\u00f1asdelaluna.es\/?cat=101\" rel=\"category\">Sierra Mariola y Menetjador<\/a><\/span><a class=\"author vcard\" href=\"https:\/\/www.monta\u00f1asdelaluna.es\/?author=1\" title=\"Ver todas las publicaciones de Joaquin Terres\" rel=\"author\">Por <span class=\"fn\">Joaquin Terres<\/span><\/a><a href=\"https:\/\/www.monta\u00f1asdelaluna.es\/?m=19910518\" title=\"5:33 pm\" class=\"data-link\" rel=\"bookmark\"><time class=\"entry-date updated\" datetime=\"1991-05-18T17:33:47+00:00\">18 mayo, 1991<\/time><\/a><a href=\"https:\/\/www.monta\u00f1asdelaluna.es\/?p=34047#respond\" class=\"comment-link\" >Deja un comentario<\/a><\/div><p>[vc_row][vc_column][vc_column_text]Curiosamente la primera vez que visit\u00e9 Sierra Mariola no fue con mi precursor en subir monta\u00f1as alicantinas, mi primo Miguel \u00c1ngel, si no que fue con un viaje del instituto que hicimos en un fin de semana a finales de mayo (quiz\u00e1s junio) de 1.991. El director del Instituto Antonio Sequeros de Almorad\u00ed, El\u00edas, era&hellip;<\/p>\n\n<a href=\"https:\/\/www.monta\u00f1asdelaluna.es\/?p=34047\" class=\"details more-link\" aria-label=\"Read more about Conociendo Sierra Mariola\" rel=\"nofollow\">Detalles<\/a>\n\n\t\t<\/div>\n\n\t<\/article>\n\n<\/div>\n<div class=\"wf-cell iso-item category-99\" data-post-id=\"43285\" data-date=\"1991-04-14T19:27:24+00:00\" data-name=\"Caramucel, al otro lado de La Pila\">\n\t<article class=\"post post-43285 type-post status-publish format-standard has-post-thumbnail hentry category-murcia category-99 description-off\">\n\n\t\t\n\t\t\t<div class=\"blog-media wf-td\">\n\n\t\t\t\t<p><a href=\"https:\/\/www.monta\u00f1asdelaluna.es\/?p=43285\" class=\"alignnone rollover layzr-bg\" ><img loading=\"lazy\" decoding=\"async\" class=\"preload-me iso-lazy-load\" src=\"data:image\/svg+xml,%3Csvg%20xmlns%3D&#39;http%3A%2F%2Fwww.w3.org%2F2000%2Fsvg&#39;%20viewBox%3D&#39;0%200%20555%20376&#39;%2F%3E\" data-src=\"https:\/\/www.monta\u00f1asdelaluna.es\/wp-content\/uploads\/2020\/04\/en-el-centro-la-aldea-de-sanjoy-con-el-caramucel-detras-555x376.jpg\" data-srcset=\"https:\/\/www.monta\u00f1asdelaluna.es\/wp-content\/uploads\/2020\/04\/en-el-centro-la-aldea-de-sanjoy-con-el-caramucel-detras-555x376.jpg 555w, https:\/\/www.monta\u00f1asdelaluna.es\/wp-content\/uploads\/2020\/04\/en-el-centro-la-aldea-de-sanjoy-con-el-caramucel-detras-1110x752.jpg 1110w\" alt=\"\" title=\"En el centro la aldea de Sanjoy con el Caramucel detr\u00e1s\" width=\"555\" height=\"376\"  \/><\/a><\/p>\n\t\t\t<\/div>\n\n\t\t\n\t\t<div class=\"blog-content wf-td\">\n\t\t\t<h3 class=\"entry-title\"><a href=\"https:\/\/www.monta\u00f1asdelaluna.es\/?p=43285\" title=\"Caramucel, al otro lado de La Pila\" rel=\"bookmark\">Caramucel, al otro lado de La Pila<\/a><\/h3>\n\n\t\t\t<div class=\"entry-meta\"><span class=\"category-link\"><a href=\"https:\/\/www.monta\u00f1asdelaluna.es\/?cat=99\" rel=\"category\">Murcia<\/a><\/span><a class=\"author vcard\" href=\"https:\/\/www.monta\u00f1asdelaluna.es\/?author=1\" title=\"Ver todas las publicaciones de Joaquin Terres\" rel=\"author\">Por <span class=\"fn\">Joaquin Terres<\/span><\/a><a href=\"https:\/\/www.monta\u00f1asdelaluna.es\/?m=19910414\" title=\"7:27 pm\" class=\"data-link\" rel=\"bookmark\"><time class=\"entry-date updated\" datetime=\"1991-04-14T19:27:24+00:00\">14 abril, 1991<\/time><\/a><a href=\"https:\/\/www.monta\u00f1asdelaluna.es\/?p=43285#respond\" class=\"comment-link\" >Deja un comentario<\/a><\/div><p>[vc_row][vc_column][vc_column_text]En una ocasi\u00f3n mi primo Miguel \u00c1ngel Gonz\u00e1lez decidi\u00f3 que ya estaba bien de subir siempre al mismo punto de La Pila, de la gran Sierra de La Pila, su cima m\u00e1s alta y el aleda\u00f1o Los Cenajos; que hab\u00eda m\u00e1s sierra y quer\u00eda visitar la otra parte, el otro macizo de la Sierra de&hellip;<\/p>\n\n<a href=\"https:\/\/www.monta\u00f1asdelaluna.es\/?p=43285\" class=\"details more-link\" aria-label=\"Read more about Caramucel, al otro lado de La Pila\" rel=\"nofollow\">Detalles<\/a>\n\n\t\t<\/div>\n\n\t<\/article>\n\n<\/div>\n<div class=\"wf-cell iso-item category-89\" data-post-id=\"36365\" data-date=\"1991-03-03T07:46:23+00:00\" data-name=\"La Silla del Cid\">\n\t<article class=\"post post-36365 type-post status-publish format-standard has-post-thumbnail hentry category-sierras-del-maigmo-y-cid category-89 description-off\">\n\n\t\t\n\t\t\t<div class=\"blog-media wf-td\">\n\n\t\t\t\t<p><a href=\"https:\/\/www.monta\u00f1asdelaluna.es\/?p=36365\" class=\"alignnone rollover layzr-bg\" ><img loading=\"lazy\" decoding=\"async\" class=\"preload-me iso-lazy-load\" src=\"data:image\/svg+xml,%3Csvg%20xmlns%3D&#39;http%3A%2F%2Fwww.w3.org%2F2000%2Fsvg&#39;%20viewBox%3D&#39;0%200%20555%20357&#39;%2F%3E\" data-src=\"https:\/\/www.monta\u00f1asdelaluna.es\/wp-content\/uploads\/2017\/04\/Sillacid94-04-001-555x357.jpg\" data-srcset=\"https:\/\/www.monta\u00f1asdelaluna.es\/wp-content\/uploads\/2017\/04\/Sillacid94-04-001-555x357.jpg 555w, https:\/\/www.monta\u00f1asdelaluna.es\/wp-content\/uploads\/2017\/04\/Sillacid94-04-001-1110x714.jpg 1110w\" alt=\"\" title=\"Alfonso y Paco en la cima de la Silla del Cid, 1.147 mts., detr\u00e1s la Sierra del Maigm\u00f3\" width=\"555\" height=\"357\"  \/><\/a><\/p>\n\t\t\t<\/div>\n\n\t\t\n\t\t<div class=\"blog-content wf-td\">\n\t\t\t<h3 class=\"entry-title\"><a href=\"https:\/\/www.monta\u00f1asdelaluna.es\/?p=36365\" title=\"La Silla del Cid\" rel=\"bookmark\">La Silla del Cid<\/a><\/h3>\n\n\t\t\t<div class=\"entry-meta\"><span class=\"category-link\"><a href=\"https:\/\/www.monta\u00f1asdelaluna.es\/?cat=89\" rel=\"category\">Sierras del Maigm\u00f3 y Cid<\/a><\/span><a class=\"author vcard\" href=\"https:\/\/www.monta\u00f1asdelaluna.es\/?author=1\" title=\"Ver todas las publicaciones de Joaquin Terres\" rel=\"author\">Por <span class=\"fn\">Joaquin Terres<\/span><\/a><a href=\"https:\/\/www.monta\u00f1asdelaluna.es\/?m=19910303\" title=\"7:46 am\" class=\"data-link\" rel=\"bookmark\"><time class=\"entry-date updated\" datetime=\"1991-03-03T07:46:23+00:00\">3 marzo, 1991<\/time><\/a><a href=\"https:\/\/www.monta\u00f1asdelaluna.es\/?p=36365#respond\" class=\"comment-link\" >Deja un comentario<\/a><\/div><p>[vc_row][vc_column][vc_column_text]A\u00fan recuerdo aquella vez cuando era ni\u00f1o, una de aquellas visitas que hac\u00eda a mis primos de Elda. Por alguna raz\u00f3n me encantaba ir a Elda, subir a aquel piso tan alto (no s\u00e9 si era un 11\u00ba piso), mirar por las ventanas de aquel enorme edificio de varias puertas, y asomarme por el vertiginoso&hellip;<\/p>\n\n<a href=\"https:\/\/www.monta\u00f1asdelaluna.es\/?p=36365\" class=\"details more-link\" aria-label=\"Read more about La Silla del Cid\" rel=\"nofollow\">Detalles<\/a>\n\n\t\t<\/div>\n\n\t<\/article>\n\n<\/div>\n<div class=\"wf-cell iso-item category-76\" data-post-id=\"34569\" data-date=\"1990-11-18T09:28:33+00:00\" data-name=\"San Cayetano en la Sierra de Crevillente\">\n\t<article class=\"post post-34569 type-post status-publish format-standard has-post-thumbnail hentry category-sierra-de-crevillente category-76 description-off\">\n\n\t\t\n\t\t\t<div class=\"blog-media wf-td\">\n\n\t\t\t\t<p><a href=\"https:\/\/www.monta\u00f1asdelaluna.es\/?p=34569\" class=\"alignnone rollover layzr-bg\" ><img loading=\"lazy\" decoding=\"async\" class=\"preload-me iso-lazy-load\" src=\"data:image\/svg+xml,%3Csvg%20xmlns%3D&#39;http%3A%2F%2Fwww.w3.org%2F2000%2Fsvg&#39;%20viewBox%3D&#39;0%200%20555%20375&#39;%2F%3E\" data-src=\"https:\/\/www.monta\u00f1asdelaluna.es\/wp-content\/uploads\/2016\/12\/SanCayetano90-5-001-555x375.jpg\" data-srcset=\"https:\/\/www.monta\u00f1asdelaluna.es\/wp-content\/uploads\/2016\/12\/SanCayetano90-5-001-555x375.jpg 555w, https:\/\/www.monta\u00f1asdelaluna.es\/wp-content\/uploads\/2016\/12\/SanCayetano90-5-001-1110x750.jpg 1110w\" alt=\"\" title=\"Miguel \u00c1ngel y Alfonso Lorenzo en la cima del San Cayetano, 817 mts. Detr\u00e1s El Cant\u00f3n y La Pila\" width=\"555\" height=\"375\"  \/><\/a><\/p>\n\t\t\t<\/div>\n\n\t\t\n\t\t<div class=\"blog-content wf-td\">\n\t\t\t<h3 class=\"entry-title\"><a href=\"https:\/\/www.monta\u00f1asdelaluna.es\/?p=34569\" title=\"San Cayetano en la Sierra de Crevillente\" rel=\"bookmark\">San Cayetano en la Sierra de Crevillente<\/a><\/h3>\n\n\t\t\t<div class=\"entry-meta\"><span class=\"category-link\"><a href=\"https:\/\/www.monta\u00f1asdelaluna.es\/?cat=76\" rel=\"category\">Sierra de Crevillente<\/a><\/span><a class=\"author vcard\" href=\"https:\/\/www.monta\u00f1asdelaluna.es\/?author=1\" title=\"Ver todas las publicaciones de Joaquin Terres\" rel=\"author\">Por <span class=\"fn\">Joaquin Terres<\/span><\/a><a href=\"https:\/\/www.monta\u00f1asdelaluna.es\/?m=19901118\" title=\"9:28 am\" class=\"data-link\" rel=\"bookmark\"><time class=\"entry-date updated\" datetime=\"1990-11-18T09:28:33+00:00\">18 noviembre, 1990<\/time><\/a><a href=\"https:\/\/www.monta\u00f1asdelaluna.es\/?p=34569#respond\" class=\"comment-link\" >Deja un comentario<\/a><\/div><p>[vc_row][vc_column][vc_column_text]Ya llevaba unas cuantas monta\u00f1as pero a\u00fan no hab\u00eda subido ni conoc\u00eda el San Cayetano. En una ocasi\u00f3n Paco Quiles exclam\u00f3 con una expresi\u00f3n de desconcierto dirigida a mi primo Miguel \u00c1ngel algo como esto: \u201c\u00a1\u00bfA\u00fan no lo has llevado al San Cayetano?! Si deber\u00eda ser la primera monta\u00f1a en subir\u201d. No conoc\u00eda el San&hellip;<\/p>\n\n<a href=\"https:\/\/www.monta\u00f1asdelaluna.es\/?p=34569\" class=\"details more-link\" aria-label=\"Read more about San Cayetano en la Sierra de Crevillente\" rel=\"nofollow\">Detalles<\/a>\n\n\t\t<\/div>\n\n\t<\/article>\n\n<\/div>\n<div class=\"wf-cell iso-item category-80\" data-post-id=\"43159\" data-date=\"1990-10-28T09:15:11+00:00\" data-name=\"La Cruz de La Muela\">\n\t<article class=\"post post-43159 type-post status-publish format-standard has-post-thumbnail hentry category-sierras-de-orihuela-y-callosa category-80 description-off\">\n\n\t\t\n\t\t\t<div class=\"blog-media wf-td\">\n\n\t\t\t\t<p><a href=\"https:\/\/www.monta\u00f1asdelaluna.es\/?p=43159\" class=\"alignnone rollover layzr-bg\" ><img loading=\"lazy\" decoding=\"async\" class=\"preload-me iso-lazy-load\" src=\"data:image\/svg+xml,%3Csvg%20xmlns%3D&#39;http%3A%2F%2Fwww.w3.org%2F2000%2Fsvg&#39;%20viewBox%3D&#39;0%200%20555%20373&#39;%2F%3E\" data-src=\"https:\/\/www.monta\u00f1asdelaluna.es\/wp-content\/uploads\/2020\/04\/la-sierra-de-callosa-entorno-a-redovan-con-sus-dos-picos-mas-altos-el-alto-del-aguila-a-la-derecha-y-el-chinar-a-la-izquierda-mas-a-la-izquierda-queda-el-penon-de-la-lobera-555x373.jpg\" data-srcset=\"https:\/\/www.monta\u00f1asdelaluna.es\/wp-content\/uploads\/2020\/04\/la-sierra-de-callosa-entorno-a-redovan-con-sus-dos-picos-mas-altos-el-alto-del-aguila-a-la-derecha-y-el-chinar-a-la-izquierda-mas-a-la-izquierda-queda-el-penon-de-la-lobera-555x373.jpg 555w, https:\/\/www.monta\u00f1asdelaluna.es\/wp-content\/uploads\/2020\/04\/la-sierra-de-callosa-entorno-a-redovan-con-sus-dos-picos-mas-altos-el-alto-del-aguila-a-la-derecha-y-el-chinar-a-la-izquierda-mas-a-la-izquierda-queda-el-penon-de-la-lobera-1110x746.jpg 1110w\" alt=\"\" title=\"La Sierra de Callosa entorno a Redovan, con sus dos picos m\u00e1s altos: el Alto del \u00c1guila a la derecha y El Chinar a la izquierda. M\u00e1s a la izquierda queda el Pe\u00f1\u00f3n de La Lobera\" width=\"555\" height=\"373\"  \/><\/a><\/p>\n\t\t\t<\/div>\n\n\t\t\n\t\t<div class=\"blog-content wf-td\">\n\t\t\t<h3 class=\"entry-title\"><a href=\"https:\/\/www.monta\u00f1asdelaluna.es\/?p=43159\" title=\"La Cruz de La Muela\" rel=\"bookmark\">La Cruz de La Muela<\/a><\/h3>\n\n\t\t\t<div class=\"entry-meta\"><span class=\"category-link\"><a href=\"https:\/\/www.monta\u00f1asdelaluna.es\/?cat=80\" rel=\"category\">Sierras de Orihuela y Callosa<\/a><\/span><a class=\"author vcard\" href=\"https:\/\/www.monta\u00f1asdelaluna.es\/?author=1\" title=\"Ver todas las publicaciones de Joaquin Terres\" rel=\"author\">Por <span class=\"fn\">Joaquin Terres<\/span><\/a><a href=\"https:\/\/www.monta\u00f1asdelaluna.es\/?m=19901028\" title=\"9:15 am\" class=\"data-link\" rel=\"bookmark\"><time class=\"entry-date updated\" datetime=\"1990-10-28T09:15:11+00:00\">28 octubre, 1990<\/time><\/a><a href=\"https:\/\/www.monta\u00f1asdelaluna.es\/?p=43159#respond\" class=\"comment-link\" >Deja un comentario<\/a><\/div><p>[vc_row][vc_column][vc_column_text]Sobre la ciudad de Orihuela, detr\u00e1s del Cabezo de San Miguel, se yergue una gran cruz de hierro justo en la cima de La Muela, un pico cuya vertiente sur forma unas excepcionales paredes y precipicios verticales, que le han dotado de este nombre, como otras muchas monta\u00f1as, ya que desde la lejan\u00eda tiene justamente&hellip;<\/p>\n\n<a href=\"https:\/\/www.monta\u00f1asdelaluna.es\/?p=43159\" class=\"details more-link\" aria-label=\"Read more about La Cruz de La Muela\" rel=\"nofollow\">Detalles<\/a>\n\n\t\t<\/div>\n\n\t<\/article>\n\n<\/div>\n<div class=\"wf-cell iso-item category-99\" data-post-id=\"36018\" data-date=\"1990-03-11T18:04:51+00:00\" data-name=\"Sierra de La Pila. Guarida de bandoleros\">\n\t<article class=\"post post-36018 type-post status-publish format-standard has-post-thumbnail hentry category-murcia category-99 description-off\">\n\n\t\t\n\t\t\t<div class=\"blog-media wf-td\">\n\n\t\t\t\t<p><a href=\"https:\/\/www.monta\u00f1asdelaluna.es\/?p=36018\" class=\"alignnone rollover layzr-bg\" ><img loading=\"lazy\" decoding=\"async\" class=\"preload-me iso-lazy-load\" src=\"data:image\/svg+xml,%3Csvg%20xmlns%3D&#39;http%3A%2F%2Fwww.w3.org%2F2000%2Fsvg&#39;%20viewBox%3D&#39;0%200%20555%20359&#39;%2F%3E\" data-src=\"https:\/\/www.monta\u00f1asdelaluna.es\/wp-content\/uploads\/2017\/03\/LaPila-93-07-002-555x359.jpg\" data-srcset=\"https:\/\/www.monta\u00f1asdelaluna.es\/wp-content\/uploads\/2017\/03\/LaPila-93-07-002-555x359.jpg 555w, https:\/\/www.monta\u00f1asdelaluna.es\/wp-content\/uploads\/2017\/03\/LaPila-93-07-002-1110x718.jpg 1110w\" alt=\"\" title=\"Miguel \u00c1ngel y Paco en la cima de Los Cenajos, 1.226 mts., detr\u00e1s a la izquierda la Sierra de Ricote, en el centro abajo el Caramucel y todo su manto boscoso, a la derecha Sierra del Oro y Almorch\u00f3n\" width=\"555\" height=\"359\"  \/><\/a><\/p>\n\t\t\t<\/div>\n\n\t\t\n\t\t<div class=\"blog-content wf-td\">\n\t\t\t<h3 class=\"entry-title\"><a href=\"https:\/\/www.monta\u00f1asdelaluna.es\/?p=36018\" title=\"Sierra de La Pila. Guarida de bandoleros\" rel=\"bookmark\">Sierra de La Pila. Guarida de bandoleros<\/a><\/h3>\n\n\t\t\t<div class=\"entry-meta\"><span class=\"category-link\"><a href=\"https:\/\/www.monta\u00f1asdelaluna.es\/?cat=99\" rel=\"category\">Murcia<\/a><\/span><a class=\"author vcard\" href=\"https:\/\/www.monta\u00f1asdelaluna.es\/?author=1\" title=\"Ver todas las publicaciones de Joaquin Terres\" rel=\"author\">Por <span class=\"fn\">Joaquin Terres<\/span><\/a><a href=\"https:\/\/www.monta\u00f1asdelaluna.es\/?m=19900311\" title=\"6:04 pm\" class=\"data-link\" rel=\"bookmark\"><time class=\"entry-date updated\" datetime=\"1990-03-11T18:04:51+00:00\">11 marzo, 1990<\/time><\/a><a href=\"https:\/\/www.monta\u00f1asdelaluna.es\/?p=36018#respond\" class=\"comment-link\" >Deja un comentario<\/a><\/div><p>[vc_row][vc_column][vc_column_text]Cuando ten\u00edamos que ir a la Sierra de La Pila, dec\u00edamos que \u00edbamos a La Pila. Supon\u00eda que era por el nombre de la culminaci\u00f3n y pico m\u00e1s alto de la sierra, que se llama La Pila, aunque ya comenzamos a reconocer La Pila como toda la sierra del mismo nombre. Curioso. No s\u00e9 si&hellip;<\/p>\n\n<a href=\"https:\/\/www.monta\u00f1asdelaluna.es\/?p=36018\" class=\"details more-link\" aria-label=\"Read more about Sierra de La Pila. Guarida de bandoleros\" rel=\"nofollow\">Detalles<\/a>\n\n\t\t<\/div>\n\n\t<\/article>\n\n<\/div>\n<div class=\"wf-cell iso-item category-83\" data-post-id=\"34358\" data-date=\"1990-01-14T13:13:20+00:00\" data-name=\"Puig Campana, la monta\u00f1a de Rold\u00e1n\">\n\t<article class=\"post post-34358 type-post status-publish format-standard has-post-thumbnail hentry category-aitana-y-puig-campana category-83 description-off\">\n\n\t\t\n\t\t\t<div class=\"blog-media wf-td\">\n\n\t\t\t\t<p><a href=\"https:\/\/www.monta\u00f1asdelaluna.es\/?p=34358\" class=\"alignnone rollover layzr-bg\" ><img loading=\"lazy\" decoding=\"async\" class=\"preload-me iso-lazy-load\" src=\"data:image\/svg+xml,%3Csvg%20xmlns%3D&#39;http%3A%2F%2Fwww.w3.org%2F2000%2Fsvg&#39;%20viewBox%3D&#39;0%200%20555%20373&#39;%2F%3E\" data-src=\"https:\/\/www.monta\u00f1asdelaluna.es\/wp-content\/uploads\/2016\/11\/PuigCampana90A-3-001-555x373.jpg\" data-srcset=\"https:\/\/www.monta\u00f1asdelaluna.es\/wp-content\/uploads\/2016\/11\/PuigCampana90A-3-001-555x373.jpg 555w, https:\/\/www.monta\u00f1asdelaluna.es\/wp-content\/uploads\/2016\/11\/PuigCampana90A-3-001-1110x746.jpg 1110w\" alt=\"\" title=\"La Sierra d&#8217;Orxeta a la izqueirda y al fondo derecha el Cabe\u00e7\u00f3 d&#8217;Or\" width=\"555\" height=\"373\"  \/><\/a><\/p>\n\t\t\t<\/div>\n\n\t\t\n\t\t<div class=\"blog-content wf-td\">\n\t\t\t<h3 class=\"entry-title\"><a href=\"https:\/\/www.monta\u00f1asdelaluna.es\/?p=34358\" title=\"Puig Campana, la monta\u00f1a de Rold\u00e1n\" rel=\"bookmark\">Puig Campana, la monta\u00f1a de Rold\u00e1n<\/a><\/h3>\n\n\t\t\t<div class=\"entry-meta\"><span class=\"category-link\"><a href=\"https:\/\/www.monta\u00f1asdelaluna.es\/?cat=83\" rel=\"category\">Aitana y Puig Campana<\/a><\/span><a class=\"author vcard\" href=\"https:\/\/www.monta\u00f1asdelaluna.es\/?author=1\" title=\"Ver todas las publicaciones de Joaquin Terres\" rel=\"author\">Por <span class=\"fn\">Joaquin Terres<\/span><\/a><a href=\"https:\/\/www.monta\u00f1asdelaluna.es\/?m=19900114\" title=\"1:13 pm\" class=\"data-link\" rel=\"bookmark\"><time class=\"entry-date updated\" datetime=\"1990-01-14T13:13:20+00:00\">14 enero, 1990<\/time><\/a><a href=\"https:\/\/www.monta\u00f1asdelaluna.es\/?p=34358#respond\" class=\"comment-link\" >Deja un comentario<\/a><\/div><p>[vc_row][vc_column][vc_column_text]No s\u00e9 si antes de ir por primera vez a subir el Puig Campana ya hab\u00eda o\u00eddo hablar de \u00e9l; el caso es que la primera excursi\u00f3n que hicimos a sus faldas y cima me pareci\u00f3 como de otro nivel al acostumbrado. Incluso \u00edbamos a estar todo el d\u00eda y comer en la monta\u00f1a (normalmente&hellip;<\/p>\n\n<a href=\"https:\/\/www.monta\u00f1asdelaluna.es\/?p=34358\" class=\"details more-link\" aria-label=\"Read more about Puig Campana, la monta\u00f1a de Rold\u00e1n\" rel=\"nofollow\">Detalles<\/a>\n\n\t\t<\/div>\n\n\t<\/article>\n\n<\/div>\n<div class=\"wf-cell iso-item category-94\" data-post-id=\"35708\" data-date=\"1989-12-17T21:24:50+00:00\" data-name=\"La Pe\u00f1a de La Mina. Canchales y madro\u00f1os\">\n\t<article class=\"post post-35708 type-post status-publish format-standard has-post-thumbnail hentry category-resto-de-alicante category-94 description-off\">\n\n\t\t\n\t\t\t<div class=\"blog-media wf-td\">\n\n\t\t\t\t<p><a href=\"https:\/\/www.monta\u00f1asdelaluna.es\/?p=35708\" class=\"alignnone rollover layzr-bg\" ><img loading=\"lazy\" decoding=\"async\" class=\"preload-me iso-lazy-load\" src=\"data:image\/svg+xml,%3Csvg%20xmlns%3D&#39;http%3A%2F%2Fwww.w3.org%2F2000%2Fsvg&#39;%20viewBox%3D&#39;0%200%20555%20360&#39;%2F%3E\" data-src=\"https:\/\/www.monta\u00f1asdelaluna.es\/wp-content\/uploads\/2017\/03\/Pe\u00f1aMina-01-001-555x360.jpg\" data-srcset=\"https:\/\/www.monta\u00f1asdelaluna.es\/wp-content\/uploads\/2017\/03\/Pe\u00f1aMina-01-001-555x360.jpg 555w, https:\/\/www.monta\u00f1asdelaluna.es\/wp-content\/uploads\/2017\/03\/Pe\u00f1aMina-01-001-1110x720.jpg 1110w\" alt=\"\" title=\"Delante la Pe\u00f1a de La Mina\" width=\"555\" height=\"360\"  \/><\/a><\/p>\n\t\t\t<\/div>\n\n\t\t\n\t\t<div class=\"blog-content wf-td\">\n\t\t\t<h3 class=\"entry-title\"><a href=\"https:\/\/www.monta\u00f1asdelaluna.es\/?p=35708\" title=\"La Pe\u00f1a de La Mina. Canchales y madro\u00f1os\" rel=\"bookmark\">La Pe\u00f1a de La Mina. Canchales y madro\u00f1os<\/a><\/h3>\n\n\t\t\t<div class=\"entry-meta\"><span class=\"category-link\"><a href=\"https:\/\/www.monta\u00f1asdelaluna.es\/?cat=94\" rel=\"category\">Resto de Alicante<\/a><\/span><a class=\"author vcard\" href=\"https:\/\/www.monta\u00f1asdelaluna.es\/?author=1\" title=\"Ver todas las publicaciones de Joaquin Terres\" rel=\"author\">Por <span class=\"fn\">Joaquin Terres<\/span><\/a><a href=\"https:\/\/www.monta\u00f1asdelaluna.es\/?m=19891217\" title=\"9:24 pm\" class=\"data-link\" rel=\"bookmark\"><time class=\"entry-date updated\" datetime=\"1989-12-17T21:24:50+00:00\">17 diciembre, 1989<\/time><\/a><a href=\"https:\/\/www.monta\u00f1asdelaluna.es\/?p=35708#respond\" class=\"comment-link\" >Deja un comentario<\/a><\/div><p>[vc_row][vc_column][vc_column_text]El segundo pico de la Sierra del Algayat es la Pe\u00f1a de La Mina. La primera cima y m\u00e1s alta es la Pe\u00f1a Gorda, que queda m\u00e1s cerca de La Algue\u00f1a. La Sierra del Algayat o Algallet se alarga de oeste a este dejando la Pe\u00f1a Gorda al oeste y la Pe\u00f1a de La Mina&hellip;<\/p>\n\n<a href=\"https:\/\/www.monta\u00f1asdelaluna.es\/?p=35708\" class=\"details more-link\" aria-label=\"Read more about La Pe\u00f1a de La Mina. Canchales y madro\u00f1os\" rel=\"nofollow\">Detalles<\/a>\n\n\t\t<\/div>\n\n\t<\/article>\n\n<\/div>\n<div class=\"wf-cell iso-item category-80\" data-post-id=\"34232\" data-date=\"1989-12-03T21:38:42+00:00\" data-name=\"La Sierra de Callosa. Nuestro desaf\u00edo particular\">\n\t<article class=\"post post-34232 type-post status-publish format-standard has-post-thumbnail hentry category-sierras-de-orihuela-y-callosa category-80 description-off\">\n\n\t\t\n\t\t\t<div class=\"blog-media wf-td\">\n\n\t\t\t\t<p><a href=\"https:\/\/www.monta\u00f1asdelaluna.es\/?p=34232\" class=\"alignnone rollover layzr-bg\" ><img loading=\"lazy\" decoding=\"async\" class=\"preload-me iso-lazy-load\" src=\"data:image\/svg+xml,%3Csvg%20xmlns%3D&#39;http%3A%2F%2Fwww.w3.org%2F2000%2Fsvg&#39;%20viewBox%3D&#39;0%200%20555%20408&#39;%2F%3E\" data-src=\"https:\/\/www.monta\u00f1asdelaluna.es\/wp-content\/uploads\/2016\/11\/Callosa89-2-3-001-555x408.jpg\" data-srcset=\"https:\/\/www.monta\u00f1asdelaluna.es\/wp-content\/uploads\/2016\/11\/Callosa89-2-3-001-555x408.jpg 555w, https:\/\/www.monta\u00f1asdelaluna.es\/wp-content\/uploads\/2016\/11\/Callosa89-2-3-001-1110x816.jpg 1110w\" alt=\"\" title=\"La Plana\" width=\"555\" height=\"408\"  \/><\/a><\/p>\n\t\t\t<\/div>\n\n\t\t\n\t\t<div class=\"blog-content wf-td\">\n\t\t\t<h3 class=\"entry-title\"><a href=\"https:\/\/www.monta\u00f1asdelaluna.es\/?p=34232\" title=\"La Sierra de Callosa. Nuestro desaf\u00edo particular\" rel=\"bookmark\">La Sierra de Callosa. Nuestro desaf\u00edo particular<\/a><\/h3>\n\n\t\t\t<div class=\"entry-meta\"><span class=\"category-link\"><a href=\"https:\/\/www.monta\u00f1asdelaluna.es\/?cat=80\" rel=\"category\">Sierras de Orihuela y Callosa<\/a><\/span><a class=\"author vcard\" href=\"https:\/\/www.monta\u00f1asdelaluna.es\/?author=1\" title=\"Ver todas las publicaciones de Joaquin Terres\" rel=\"author\">Por <span class=\"fn\">Joaquin Terres<\/span><\/a><a href=\"https:\/\/www.monta\u00f1asdelaluna.es\/?m=19891203\" title=\"9:38 pm\" class=\"data-link\" rel=\"bookmark\"><time class=\"entry-date updated\" datetime=\"1989-12-03T21:38:42+00:00\">3 diciembre, 1989<\/time><\/a><a href=\"https:\/\/www.monta\u00f1asdelaluna.es\/?p=34232#respond\" class=\"comment-link\" >Deja un comentario<\/a><\/div><p>[vc_row][vc_column][vc_column_text]Pensando en alg\u00fan t\u00edtulo para recordar las primeras ascensiones a la cima de esta singular monta\u00f1a, se me ocurr\u00edan varias: \u201cascensi\u00f3n obligada\u201d, \u201chermosura de la monta\u00f1a recortada\u201d\u2026 y otras tantas que pueden definir la excepcionalidad e imagen de esta preciosa monta\u00f1a recortada. Desde la lejan\u00eda en los l\u00edmites de la Vega Baja o desde las&hellip;<\/p>\n\n<a href=\"https:\/\/www.monta\u00f1asdelaluna.es\/?p=34232\" class=\"details more-link\" aria-label=\"Read more about La Sierra de Callosa. Nuestro desaf\u00edo particular\" rel=\"nofollow\">Detalles<\/a>\n\n\t\t<\/div>\n\n\t<\/article>\n\n<\/div>\n<div class=\"wf-cell iso-item category-76\" data-post-id=\"43094\" data-date=\"1989-11-05T18:37:50+00:00\" data-name=\"Zulum\">\n\t<article class=\"post post-43094 type-post status-publish format-standard has-post-thumbnail hentry category-sierra-de-crevillente category-76 description-off\">\n\n\t\t\n\t\t\t<div class=\"blog-media wf-td\">\n\n\t\t\t\t<p><a href=\"https:\/\/www.monta\u00f1asdelaluna.es\/?p=43094\" class=\"alignnone rollover layzr-bg\" ><img loading=\"lazy\" decoding=\"async\" class=\"preload-me iso-lazy-load\" src=\"data:image\/svg+xml,%3Csvg%20xmlns%3D&#39;http%3A%2F%2Fwww.w3.org%2F2000%2Fsvg&#39;%20viewBox%3D&#39;0%200%20555%20374&#39;%2F%3E\" data-src=\"https:\/\/www.monta\u00f1asdelaluna.es\/wp-content\/uploads\/2020\/04\/el-zulum-camino-del-agudo-en-la-travesia-abanilla-crevillente-del-29-de-marzo-555x374.jpg\" data-srcset=\"https:\/\/www.monta\u00f1asdelaluna.es\/wp-content\/uploads\/2020\/04\/el-zulum-camino-del-agudo-en-la-travesia-abanilla-crevillente-del-29-de-marzo-555x374.jpg 555w, https:\/\/www.monta\u00f1asdelaluna.es\/wp-content\/uploads\/2020\/04\/el-zulum-camino-del-agudo-en-la-travesia-abanilla-crevillente-del-29-de-marzo-1110x748.jpg 1110w\" alt=\"\" title=\"El Zulum camino del Agudo. En la traves\u00eda Abanilla-Crevillente del 29 de marzo.\" width=\"555\" height=\"374\"  \/><\/a><\/p>\n\t\t\t<\/div>\n\n\t\t\n\t\t<div class=\"blog-content wf-td\">\n\t\t\t<h3 class=\"entry-title\"><a href=\"https:\/\/www.monta\u00f1asdelaluna.es\/?p=43094\" title=\"Zulum\" rel=\"bookmark\">Zulum<\/a><\/h3>\n\n\t\t\t<div class=\"entry-meta\"><span class=\"category-link\"><a href=\"https:\/\/www.monta\u00f1asdelaluna.es\/?cat=76\" rel=\"category\">Sierra de Crevillente<\/a><\/span><a class=\"author vcard\" href=\"https:\/\/www.monta\u00f1asdelaluna.es\/?author=1\" title=\"Ver todas las publicaciones de Joaquin Terres\" rel=\"author\">Por <span class=\"fn\">Joaquin Terres<\/span><\/a><a href=\"https:\/\/www.monta\u00f1asdelaluna.es\/?m=19891105\" title=\"6:37 pm\" class=\"data-link\" rel=\"bookmark\"><time class=\"entry-date updated\" datetime=\"1989-11-05T18:37:50+00:00\">5 noviembre, 1989<\/time><\/a><a href=\"https:\/\/www.monta\u00f1asdelaluna.es\/?p=43094#respond\" class=\"comment-link\" >Deja un comentario<\/a><\/div><p>[vc_row][vc_column][vc_column_text]El nombre de esta monta\u00f1a siempre me ha recordado al continente africano o algo con \u00c1frica. Supongo que es porque parece un nombre sacado de all\u00ed muy parecido a \u201czul\u00fa\u201d, o algo as\u00ed. Pero no, este es el nombre de la monta\u00f1a o altura m\u00e1s cercana a la poblaci\u00f3n de Abanilla en Murcia. La gran&hellip;<\/p>\n\n<a href=\"https:\/\/www.monta\u00f1asdelaluna.es\/?p=43094\" class=\"details more-link\" aria-label=\"Read more about Zulum\" rel=\"nofollow\">Detalles<\/a>\n\n\t\t<\/div>\n\n\t<\/article>\n\n<\/div>\n<div class=\"wf-cell iso-item category-76\" data-post-id=\"43057\" data-date=\"1989-09-10T18:49:55+00:00\" data-name=\"Monte Alto\">\n\t<article class=\"post post-43057 type-post status-publish format-standard has-post-thumbnail hentry category-sierra-de-crevillente category-76 description-off\">\n\n\t\t\n\t\t\t<div class=\"blog-media wf-td\">\n\n\t\t\t\t<p><a href=\"https:\/\/www.monta\u00f1asdelaluna.es\/?p=43057\" class=\"alignnone rollover layzr-bg\" ><img loading=\"lazy\" decoding=\"async\" class=\"preload-me iso-lazy-load\" src=\"data:image\/svg+xml,%3Csvg%20xmlns%3D&#39;http%3A%2F%2Fwww.w3.org%2F2000%2Fsvg&#39;%20viewBox%3D&#39;0%200%20555%20404&#39;%2F%3E\" data-src=\"https:\/\/www.monta\u00f1asdelaluna.es\/wp-content\/uploads\/2020\/04\/de-izquierda-a-derecha-sierra-de-la-pila-sierra-de-quibas-sierra-de-barinas-y-sierra-del-canton-555x404.jpg\" data-srcset=\"https:\/\/www.monta\u00f1asdelaluna.es\/wp-content\/uploads\/2020\/04\/de-izquierda-a-derecha-sierra-de-la-pila-sierra-de-quibas-sierra-de-barinas-y-sierra-del-canton-555x404.jpg 555w, https:\/\/www.monta\u00f1asdelaluna.es\/wp-content\/uploads\/2020\/04\/de-izquierda-a-derecha-sierra-de-la-pila-sierra-de-quibas-sierra-de-barinas-y-sierra-del-canton-1110x808.jpg 1110w\" alt=\"\" title=\"De izquierda a derecha: Sierra de La Pila, Sierra de Quibas, Sierra de Barinas y Sierra del Cant\u00f3n\" width=\"555\" height=\"404\"  \/><\/a><\/p>\n\t\t\t<\/div>\n\n\t\t\n\t\t<div class=\"blog-content wf-td\">\n\t\t\t<h3 class=\"entry-title\"><a href=\"https:\/\/www.monta\u00f1asdelaluna.es\/?p=43057\" title=\"Monte Alto\" rel=\"bookmark\">Monte Alto<\/a><\/h3>\n\n\t\t\t<div class=\"entry-meta\"><span class=\"category-link\"><a href=\"https:\/\/www.monta\u00f1asdelaluna.es\/?cat=76\" rel=\"category\">Sierra de Crevillente<\/a><\/span><a class=\"author vcard\" href=\"https:\/\/www.monta\u00f1asdelaluna.es\/?author=1\" title=\"Ver todas las publicaciones de Joaquin Terres\" rel=\"author\">Por <span class=\"fn\">Joaquin Terres<\/span><\/a><a href=\"https:\/\/www.monta\u00f1asdelaluna.es\/?m=19890910\" title=\"6:49 pm\" class=\"data-link\" rel=\"bookmark\"><time class=\"entry-date updated\" datetime=\"1989-09-10T18:49:55+00:00\">10 septiembre, 1989<\/time><\/a><a href=\"https:\/\/www.monta\u00f1asdelaluna.es\/?p=43057#respond\" class=\"comment-link\" >Deja un comentario<\/a><\/div><p>[vc_row][vc_column][vc_column_text]Aunque no hace mucho honor a su nombre, la monta\u00f1a o pico Monte Alto se puede decir que es el punto m\u00e1s alto del t\u00e9rmino municipal de Albatera, no es una gran altura si lo comparamos sus hermanos mayores de la Sierra de Crevillente. Tambi\u00e9n es verdad que los albaterenses llaman a esta parte de&hellip;<\/p>\n\n<a href=\"https:\/\/www.monta\u00f1asdelaluna.es\/?p=43057\" class=\"details more-link\" aria-label=\"Read more about Monte Alto\" rel=\"nofollow\">Detalles<\/a>\n\n\t\t<\/div>\n\n\t<\/article>\n\n<\/div>\n<div class=\"wf-cell iso-item category-94\" data-post-id=\"42865\" data-date=\"1989-04-23T19:03:48+00:00\" data-name=\"Las Escoteras, con el Cabezo Redondo y el Cabezo de Los Mozos\">\n\t<article class=\"post post-42865 type-post status-publish format-standard has-post-thumbnail hentry category-resto-de-alicante category-94 description-off\">\n\n\t\t\n\t\t\t<div class=\"blog-media wf-td\">\n\n\t\t\t\t<p><a href=\"https:\/\/www.monta\u00f1asdelaluna.es\/?p=42865\" class=\"alignnone rollover layzr-bg\" ><img loading=\"lazy\" decoding=\"async\" class=\"preload-me iso-lazy-load\" src=\"data:image\/svg+xml,%3Csvg%20xmlns%3D&#39;http%3A%2F%2Fwww.w3.org%2F2000%2Fsvg&#39;%20viewBox%3D&#39;0%200%20555%20170&#39;%2F%3E\" data-src=\"https:\/\/www.monta\u00f1asdelaluna.es\/wp-content\/uploads\/2020\/04\/panoramica-de-las-escoteras-con-el-cabezo-de-los-mozos-a-la-derecha-555x170.jpg\" data-srcset=\"https:\/\/www.monta\u00f1asdelaluna.es\/wp-content\/uploads\/2020\/04\/panoramica-de-las-escoteras-con-el-cabezo-de-los-mozos-a-la-derecha-555x170.jpg 555w, https:\/\/www.monta\u00f1asdelaluna.es\/wp-content\/uploads\/2020\/04\/panoramica-de-las-escoteras-con-el-cabezo-de-los-mozos-a-la-derecha-1110x340.jpg 1110w\" alt=\"\" title=\"Pan\u00f3ramica de Las Escoteras con el Cabezo de Los Mozos a la derecha\" width=\"555\" height=\"170\"  \/><\/a><\/p>\n\t\t\t<\/div>\n\n\t\t\n\t\t<div class=\"blog-content wf-td\">\n\t\t\t<h3 class=\"entry-title\"><a href=\"https:\/\/www.monta\u00f1asdelaluna.es\/?p=42865\" title=\"Las Escoteras, con el Cabezo Redondo y el Cabezo de Los Mozos\" rel=\"bookmark\">Las Escoteras, con el Cabezo Redondo y el Cabezo de Los Mozos<\/a><\/h3>\n\n\t\t\t<div class=\"entry-meta\"><span class=\"category-link\"><a href=\"https:\/\/www.monta\u00f1asdelaluna.es\/?cat=94\" rel=\"category\">Resto de Alicante<\/a><\/span><a class=\"author vcard\" href=\"https:\/\/www.monta\u00f1asdelaluna.es\/?author=1\" title=\"Ver todas las publicaciones de Joaquin Terres\" rel=\"author\">Por <span class=\"fn\">Joaquin Terres<\/span><\/a><a href=\"https:\/\/www.monta\u00f1asdelaluna.es\/?m=19890423\" title=\"7:03 pm\" class=\"data-link\" rel=\"bookmark\"><time class=\"entry-date updated\" datetime=\"1989-04-23T19:03:48+00:00\">23 abril, 1989<\/time><\/a><a href=\"https:\/\/www.monta\u00f1asdelaluna.es\/?p=42865#respond\" class=\"comment-link\" >Deja un comentario<\/a><\/div><p>[vc_row][vc_column][vc_column_text]Las Escoteras o \u201cCoteras\u201d es el monte m\u00e1s cercano a mi localidad natal, Almorad\u00ed, en el coraz\u00f3n de la Vega Baja. Su punto m\u00e1s alto apenas supera los 200 metros, pero para un ni\u00f1o que iba a la huerta y la ve\u00eda al fondo, a parte de la Sierra de Callosa, algo m\u00e1s alejada; le&hellip;<\/p>\n\n<a href=\"https:\/\/www.monta\u00f1asdelaluna.es\/?p=42865\" class=\"details more-link\" aria-label=\"Read more about Las Escoteras, con el Cabezo Redondo y el Cabezo de Los Mozos\" rel=\"nofollow\">Detalles<\/a>\n\n\t\t<\/div>\n\n\t<\/article>\n\n<\/div>\n<div class=\"wf-cell iso-item category-99\" data-post-id=\"33878\" data-date=\"1988-06-05T06:17:27+00:00\" data-name=\"El Cant\u00f3n\">\n\t<article class=\"post post-33878 type-post status-publish format-standard has-post-thumbnail hentry category-murcia category-99 description-off\">\n\n\t\t\n\t\t\t<div class=\"blog-media wf-td\">\n\n\t\t\t\t<p><a href=\"https:\/\/www.monta\u00f1asdelaluna.es\/?p=33878\" class=\"alignnone rollover layzr-bg\" ><img loading=\"lazy\" decoding=\"async\" class=\"preload-me iso-lazy-load\" src=\"data:image\/svg+xml,%3Csvg%20xmlns%3D&#39;http%3A%2F%2Fwww.w3.org%2F2000%2Fsvg&#39;%20viewBox%3D&#39;0%200%20555%20372&#39;%2F%3E\" data-src=\"https:\/\/www.monta\u00f1asdelaluna.es\/wp-content\/uploads\/2016\/10\/Canton89-5-001-555x372.jpg\" data-srcset=\"https:\/\/www.monta\u00f1asdelaluna.es\/wp-content\/uploads\/2016\/10\/Canton89-5-001-555x372.jpg 555w, https:\/\/www.monta\u00f1asdelaluna.es\/wp-content\/uploads\/2016\/10\/Canton89-5-001-1110x744.jpg 1110w\" alt=\"\" title=\"Delante la Pe\u00f1a Gorda y a la derecha la Pe\u00f1a de La Mina en la Sierra del Algallet, detr\u00e1s a la izquierda la Sierra del Reclot\" width=\"555\" height=\"372\"  \/><\/a><\/p>\n\t\t\t<\/div>\n\n\t\t\n\t\t<div class=\"blog-content wf-td\">\n\t\t\t<h3 class=\"entry-title\"><a href=\"https:\/\/www.monta\u00f1asdelaluna.es\/?p=33878\" title=\"El Cant\u00f3n\" rel=\"bookmark\">El Cant\u00f3n<\/a><\/h3>\n\n\t\t\t<div class=\"entry-meta\"><span class=\"category-link\"><a href=\"https:\/\/www.monta\u00f1asdelaluna.es\/?cat=99\" rel=\"category\">Murcia<\/a><\/span><a class=\"author vcard\" href=\"https:\/\/www.monta\u00f1asdelaluna.es\/?author=1\" title=\"Ver todas las publicaciones de Joaquin Terres\" rel=\"author\">Por <span class=\"fn\">Joaquin Terres<\/span><\/a><a href=\"https:\/\/www.monta\u00f1asdelaluna.es\/?m=19880605\" title=\"6:17 am\" class=\"data-link\" rel=\"bookmark\"><time class=\"entry-date updated\" datetime=\"1988-06-05T06:17:27+00:00\">5 junio, 1988<\/time><\/a><a href=\"https:\/\/www.monta\u00f1asdelaluna.es\/?p=33878#respond\" class=\"comment-link\" >Deja un comentario<\/a><\/div><p>[vc_row][vc_column][vc_column_text]Junto con la Pe\u00f1a Gorda (Penya Grossa) en la Sierra del Algallet (l\u2019Algaiat), El Cant\u00f3n fue la segunda o tercera monta\u00f1a que sub\u00ed guiado por mi primo Miguel \u00c1ngel. Es una monta\u00f1a singular, original y hasta imponente. Siempre he dicho que tiene forma como de un colosal dinosaurio con su lomo mirando al este y&hellip;<\/p>\n\n<a href=\"https:\/\/www.monta\u00f1asdelaluna.es\/?p=33878\" class=\"details more-link\" aria-label=\"Read more about El Cant\u00f3n\" rel=\"nofollow\">Detalles<\/a>\n\n\t\t<\/div>\n\n\t<\/article>\n\n<\/div>\n<div class=\"wf-cell iso-item category-94\" data-post-id=\"31790\" data-date=\"1988-05-01T10:55:42+00:00\" data-name=\"Pe\u00f1a Gorda en la Sierra del Algallet\">\n\t<article class=\"post post-31790 type-post status-publish format-standard has-post-thumbnail hentry category-resto-de-alicante category-94 description-off\">\n\n\t\t\n\t\t\t<div class=\"blog-media wf-td\">\n\n\t\t\t\t<p><a href=\"https:\/\/www.monta\u00f1asdelaluna.es\/?p=31790\" class=\"alignnone rollover layzr-bg\" ><img loading=\"lazy\" decoding=\"async\" class=\"preload-me iso-lazy-load\" src=\"data:image\/svg+xml,%3Csvg%20xmlns%3D&#39;http%3A%2F%2Fwww.w3.org%2F2000%2Fsvg&#39;%20viewBox%3D&#39;0%200%20555%20371&#39;%2F%3E\" data-src=\"https:\/\/www.monta\u00f1asdelaluna.es\/wp-content\/uploads\/2016\/08\/Pe\u00f1aGorda89-4-001web-555x371.jpg\" data-srcset=\"https:\/\/www.monta\u00f1asdelaluna.es\/wp-content\/uploads\/2016\/08\/Pe\u00f1aGorda89-4-001web-555x371.jpg 555w, https:\/\/www.monta\u00f1asdelaluna.es\/wp-content\/uploads\/2016\/08\/Pe\u00f1aGorda89-4-001web-1110x742.jpg 1110w\" alt=\"\" title=\"Miguel \u00c1ngel en la cima de la Pe\u00f1a Gorda, 1.087 mts.\" width=\"555\" height=\"371\"  \/><\/a><\/p>\n\t\t\t<\/div>\n\n\t\t\n\t\t<div class=\"blog-content wf-td\">\n\t\t\t<h3 class=\"entry-title\"><a href=\"https:\/\/www.monta\u00f1asdelaluna.es\/?p=31790\" title=\"Pe\u00f1a Gorda en la Sierra del Algallet\" rel=\"bookmark\">Pe\u00f1a Gorda en la Sierra del Algallet<\/a><\/h3>\n\n\t\t\t<div class=\"entry-meta\"><span class=\"category-link\"><a href=\"https:\/\/www.monta\u00f1asdelaluna.es\/?cat=94\" rel=\"category\">Resto de Alicante<\/a><\/span><a class=\"author vcard\" href=\"https:\/\/www.monta\u00f1asdelaluna.es\/?author=1\" title=\"Ver todas las publicaciones de Joaquin Terres\" rel=\"author\">Por <span class=\"fn\">Joaquin Terres<\/span><\/a><a href=\"https:\/\/www.monta\u00f1asdelaluna.es\/?m=19880501\" title=\"10:55 am\" class=\"data-link\" rel=\"bookmark\"><time class=\"entry-date updated\" datetime=\"1988-05-01T10:55:42+00:00\">1 mayo, 1988<\/time><\/a><a href=\"https:\/\/www.monta\u00f1asdelaluna.es\/?p=31790#respond\" class=\"comment-link\" >Deja un comentario<\/a><\/div><p>[vc_row][vc_column][vc_column_text]La segunda o tercera monta\u00f1a que sub\u00ed con mi primo despu\u00e9s del Crevillente (La Vella) fu\u00e9 un alto pico que queda muy cerca de la frontera entre Murcia y Alicante, entre L&#8217;Alguenya (Alicante) y El Cant\u00f3n (Murcia). Aunque el pico y la sierra a la que pertenece se encuentran enteramente dentro de la nuestra provincia&hellip;<\/p>\n\n<a href=\"https:\/\/www.monta\u00f1asdelaluna.es\/?p=31790\" class=\"details more-link\" aria-label=\"Read more about Pe\u00f1a Gorda en la Sierra del Algallet\" rel=\"nofollow\">Detalles<\/a>\n\n\t\t<\/div>\n\n\t<\/article>\n\n<\/div>\n<div class=\"wf-cell iso-item category-76\" data-post-id=\"31662\" data-date=\"1988-04-10T10:15:54+00:00\" data-name=\"El Crevillente. Mi primera monta\u00f1a\">\n\t<article class=\"post post-31662 type-post status-publish format-standard has-post-thumbnail hentry category-sierra-de-crevillente category-76 description-off\">\n\n\t\t\n\t\t\t<div class=\"blog-media wf-td\">\n\n\t\t\t\t<p><a href=\"https:\/\/www.monta\u00f1asdelaluna.es\/?p=31662\" class=\"alignnone rollover layzr-bg\" ><img loading=\"lazy\" decoding=\"async\" class=\"preload-me iso-lazy-load\" src=\"data:image\/svg+xml,%3Csvg%20xmlns%3D&#39;http%3A%2F%2Fwww.w3.org%2F2000%2Fsvg&#39;%20viewBox%3D&#39;0%200%20555%20371&#39;%2F%3E\" data-src=\"https:\/\/www.monta\u00f1asdelaluna.es\/wp-content\/uploads\/2016\/08\/Crevillente89-6webA-555x371.jpg\" data-srcset=\"https:\/\/www.monta\u00f1asdelaluna.es\/wp-content\/uploads\/2016\/08\/Crevillente89-6webA-555x371.jpg 555w, https:\/\/www.monta\u00f1asdelaluna.es\/wp-content\/uploads\/2016\/08\/Crevillente89-6webA-1110x742.jpg 1110w\" alt=\"\" title=\"Ermita de San Cayetano\" width=\"555\" height=\"371\"  \/><\/a><\/p>\n\t\t\t<\/div>\n\n\t\t\n\t\t<div class=\"blog-content wf-td\">\n\t\t\t<h3 class=\"entry-title\"><a href=\"https:\/\/www.monta\u00f1asdelaluna.es\/?p=31662\" title=\"El Crevillente. Mi primera monta\u00f1a\" rel=\"bookmark\">El Crevillente. Mi primera monta\u00f1a<\/a><\/h3>\n\n\t\t\t<div class=\"entry-meta\"><span class=\"category-link\"><a href=\"https:\/\/www.monta\u00f1asdelaluna.es\/?cat=76\" rel=\"category\">Sierra de Crevillente<\/a><\/span><a class=\"author vcard\" href=\"https:\/\/www.monta\u00f1asdelaluna.es\/?author=1\" title=\"Ver todas las publicaciones de Joaquin Terres\" rel=\"author\">Por <span class=\"fn\">Joaquin Terres<\/span><\/a><a href=\"https:\/\/www.monta\u00f1asdelaluna.es\/?m=19880410\" title=\"10:15 am\" class=\"data-link\" rel=\"bookmark\"><time class=\"entry-date updated\" datetime=\"1988-04-10T10:15:54+00:00\">10 abril, 1988<\/time><\/a><a href=\"https:\/\/www.monta\u00f1asdelaluna.es\/?p=31662#respond\" class=\"comment-link\" >Deja un comentario<\/a><\/div><p>[vc_row][vc_column][vc_column_text]Un domingo por la ma\u00f1ana temprano \u00bfQuien madruga los domingos? Me preguntaba yo la primera vez que qued\u00e9 con mi primo Miguel \u00c1ngel para subir una monta\u00f1a. Realmente iba a ciegas. Sab\u00eda que iba a la monta\u00f1a pero no sab\u00eda m\u00e1s: lo que \u00edbamos a hacer, como hab\u00eda que ir, el tiempo que \u00edbamos a&hellip;<\/p>\n\n<a href=\"https:\/\/www.monta\u00f1asdelaluna.es\/?p=31662\" class=\"details more-link\" aria-label=\"Read more about El Crevillente. Mi primera monta\u00f1a\" rel=\"nofollow\">Detalles<\/a>\n\n\t\t<\/div>\n\n\t<\/article>\n\n<\/div>\n<div class=\"wf-cell iso-item category-190\" data-post-id=\"52506\" data-date=\"0204-10-05T21:31:00+00:00\" data-name=\"La cordillera m\u00e1s alta del mundo\">\n\t<article class=\"post post-52506 type-post status-publish format-standard has-post-thumbnail hentry category-sagarmatha category-190 description-off\">\n\n\t\t\n\t\t\t<div class=\"blog-media wf-td\">\n\n\t\t\t\t<p><a href=\"https:\/\/www.monta\u00f1asdelaluna.es\/?p=52506\" class=\"alignnone rollover layzr-bg\" ><img loading=\"lazy\" decoding=\"async\" class=\"preload-me iso-lazy-load\" src=\"data:image\/svg+xml,%3Csvg%20xmlns%3D&#39;http%3A%2F%2Fwww.w3.org%2F2000%2Fsvg&#39;%20viewBox%3D&#39;0%200%20555%20370&#39;%2F%3E\" data-src=\"https:\/\/www.monta\u00f1asdelaluna.es\/wp-content\/uploads\/0204\/10\/PA256031-555x370.jpg\" data-srcset=\"https:\/\/www.monta\u00f1asdelaluna.es\/wp-content\/uploads\/0204\/10\/PA256031-555x370.jpg 555w, https:\/\/www.monta\u00f1asdelaluna.es\/wp-content\/uploads\/0204\/10\/PA256031-1110x740.jpg 1110w\" alt=\"\" title=\"PA256031\" width=\"555\" height=\"370\"  \/><\/a><\/p>\n\t\t\t<\/div>\n\n\t\t\n\t\t<div class=\"blog-content wf-td\">\n\t\t\t<h3 class=\"entry-title\"><a href=\"https:\/\/www.monta\u00f1asdelaluna.es\/?p=52506\" title=\"La cordillera m\u00e1s alta del mundo\" rel=\"bookmark\">La cordillera m\u00e1s alta del mundo<\/a><\/h3>\n\n\t\t\t<div class=\"entry-meta\"><span class=\"category-link\"><a href=\"https:\/\/www.monta\u00f1asdelaluna.es\/?cat=190\" rel=\"category\">Sagarmatha<\/a><\/span><a class=\"author vcard\" href=\"https:\/\/www.monta\u00f1asdelaluna.es\/?author=1\" title=\"Ver todas las publicaciones de Joaquin Terres\" rel=\"author\">Por <span class=\"fn\">Joaquin Terres<\/span><\/a><a href=\"https:\/\/www.monta\u00f1asdelaluna.es\/?m=02041005\" title=\"9:31 pm\" class=\"data-link\" rel=\"bookmark\"><time class=\"entry-date updated\" datetime=\"0204-10-05T21:31:00+00:00\">5 octubre, 0204<\/time><\/a><a href=\"https:\/\/www.monta\u00f1asdelaluna.es\/?p=52506#respond\" class=\"comment-link\" >Deja un comentario<\/a><\/div><p>[vc_row][vc_column][vc_column_text]Ya desde muy peque\u00f1os y sin ser monta\u00f1eros o conocedores del mundo de la monta\u00f1a, cuando nos hablaban del Himalaya o sal\u00eda en una conversaci\u00f3n, colegio, televisi\u00f3n\u2026 ya ten\u00edamos la sensaci\u00f3n de estar frente a algo excepcional, descomunal, prodigioso, inmenso, eran las monta\u00f1as de las monta\u00f1as, por su altura, las monta\u00f1as m\u00e1s altas del mundo;&hellip;<\/p>\n\n<a href=\"https:\/\/www.monta\u00f1asdelaluna.es\/?p=52506\" class=\"details more-link\" aria-label=\"Read more about La cordillera m\u00e1s alta del mundo\" rel=\"nofollow\">Detalles<\/a>\n\n\t\t<\/div>\n\n\t<\/article>\n\n<\/div><\/div><div class=\"paginator iso-paginator\" role=\"navigation\"><span class=\"nav-prev disabled\"><i class=\"dt-icon-the7-arrow-0-42\" aria-hidden=\"true\"><\/i><\/span><a href=\"https:\/\/www.monta\u00f1asdelaluna.es\/index.php\/?rest_route=%2Fwp%2Fv2%2Fpages%2F1795\" class=\"page-numbers act\" data-page-num=\"1\">1<\/a><a href=\"https:\/\/www.monta\u00f1asdelaluna.es\/index.php\/?paged=2&#038;rest_route=%2Fwp%2Fv2%2Fpages%2F1795\" class=\"page-numbers \" data-page-num=\"2\">2<\/a><a href=\"https:\/\/www.monta\u00f1asdelaluna.es\/index.php\/?paged=3&#038;rest_route=%2Fwp%2Fv2%2Fpages%2F1795\" class=\"page-numbers \" data-page-num=\"3\">3<\/a><a href=\"https:\/\/www.monta\u00f1asdelaluna.es\/index.php\/?paged=4&#038;rest_route=%2Fwp%2Fv2%2Fpages%2F1795\" class=\"page-numbers \" data-page-num=\"4\">4<\/a><a href=\"https:\/\/www.monta\u00f1asdelaluna.es\/index.php\/?paged=5&#038;rest_route=%2Fwp%2Fv2%2Fpages%2F1795\" class=\"page-numbers \" data-page-num=\"5\">5<\/a><a href=\"javascript:void(0);\" class=\"dots\">&#8230;<\/a><div style=\"display: none;\"><a href=\"https:\/\/www.monta\u00f1asdelaluna.es\/index.php\/?paged=6&#038;rest_route=%2Fwp%2Fv2%2Fpages%2F1795\" class=\"page-numbers \" data-page-num=\"6\">6<\/a><a href=\"https:\/\/www.monta\u00f1asdelaluna.es\/index.php\/?paged=7&#038;rest_route=%2Fwp%2Fv2%2Fpages%2F1795\" class=\"page-numbers \" data-page-num=\"7\">7<\/a><a href=\"https:\/\/www.monta\u00f1asdelaluna.es\/index.php\/?paged=8&#038;rest_route=%2Fwp%2Fv2%2Fpages%2F1795\" class=\"page-numbers \" data-page-num=\"8\">8<\/a><a href=\"https:\/\/www.monta\u00f1asdelaluna.es\/index.php\/?paged=9&#038;rest_route=%2Fwp%2Fv2%2Fpages%2F1795\" class=\"page-numbers \" data-page-num=\"9\">9<\/a><a href=\"https:\/\/www.monta\u00f1asdelaluna.es\/index.php\/?paged=10&#038;rest_route=%2Fwp%2Fv2%2Fpages%2F1795\" class=\"page-numbers \" data-page-num=\"10\">10<\/a><a href=\"https:\/\/www.monta\u00f1asdelaluna.es\/index.php\/?paged=11&#038;rest_route=%2Fwp%2Fv2%2Fpages%2F1795\" class=\"page-numbers \" data-page-num=\"11\">11<\/a><a href=\"https:\/\/www.monta\u00f1asdelaluna.es\/index.php\/?paged=12&#038;rest_route=%2Fwp%2Fv2%2Fpages%2F1795\" class=\"page-numbers \" data-page-num=\"12\">12<\/a><a href=\"https:\/\/www.monta\u00f1asdelaluna.es\/index.php\/?paged=13&#038;rest_route=%2Fwp%2Fv2%2Fpages%2F1795\" class=\"page-numbers \" data-page-num=\"13\">13<\/a><a href=\"https:\/\/www.monta\u00f1asdelaluna.es\/index.php\/?paged=14&#038;rest_route=%2Fwp%2Fv2%2Fpages%2F1795\" class=\"page-numbers \" data-page-num=\"14\">14<\/a><a href=\"https:\/\/www.monta\u00f1asdelaluna.es\/index.php\/?paged=15&#038;rest_route=%2Fwp%2Fv2%2Fpages%2F1795\" class=\"page-numbers \" data-page-num=\"15\">15<\/a><a href=\"https:\/\/www.monta\u00f1asdelaluna.es\/index.php\/?paged=16&#038;rest_route=%2Fwp%2Fv2%2Fpages%2F1795\" class=\"page-numbers \" data-page-num=\"16\">16<\/a><a href=\"https:\/\/www.monta\u00f1asdelaluna.es\/index.php\/?paged=17&#038;rest_route=%2Fwp%2Fv2%2Fpages%2F1795\" class=\"page-numbers \" data-page-num=\"17\">17<\/a><a href=\"https:\/\/www.monta\u00f1asdelaluna.es\/index.php\/?paged=18&#038;rest_route=%2Fwp%2Fv2%2Fpages%2F1795\" class=\"page-numbers \" data-page-num=\"18\">18<\/a><a href=\"https:\/\/www.monta\u00f1asdelaluna.es\/index.php\/?paged=19&#038;rest_route=%2Fwp%2Fv2%2Fpages%2F1795\" class=\"page-numbers \" data-page-num=\"19\">19<\/a><a href=\"https:\/\/www.monta\u00f1asdelaluna.es\/index.php\/?paged=20&#038;rest_route=%2Fwp%2Fv2%2Fpages%2F1795\" class=\"page-numbers \" data-page-num=\"20\">20<\/a><a href=\"https:\/\/www.monta\u00f1asdelaluna.es\/index.php\/?paged=21&#038;rest_route=%2Fwp%2Fv2%2Fpages%2F1795\" class=\"page-numbers \" data-page-num=\"21\">21<\/a><a href=\"https:\/\/www.monta\u00f1asdelaluna.es\/index.php\/?paged=22&#038;rest_route=%2Fwp%2Fv2%2Fpages%2F1795\" class=\"page-numbers \" data-page-num=\"22\">22<\/a><a href=\"https:\/\/www.monta\u00f1asdelaluna.es\/index.php\/?paged=23&#038;rest_route=%2Fwp%2Fv2%2Fpages%2F1795\" class=\"page-numbers \" data-page-num=\"23\">23<\/a><a href=\"https:\/\/www.monta\u00f1asdelaluna.es\/index.php\/?paged=24&#038;rest_route=%2Fwp%2Fv2%2Fpages%2F1795\" class=\"page-numbers \" data-page-num=\"24\">24<\/a><a href=\"https:\/\/www.monta\u00f1asdelaluna.es\/index.php\/?paged=25&#038;rest_route=%2Fwp%2Fv2%2Fpages%2F1795\" class=\"page-numbers \" data-page-num=\"25\">25<\/a><a href=\"https:\/\/www.monta\u00f1asdelaluna.es\/index.php\/?paged=26&#038;rest_route=%2Fwp%2Fv2%2Fpages%2F1795\" class=\"page-numbers \" data-page-num=\"26\">26<\/a><a href=\"https:\/\/www.monta\u00f1asdelaluna.es\/index.php\/?paged=27&#038;rest_route=%2Fwp%2Fv2%2Fpages%2F1795\" class=\"page-numbers \" data-page-num=\"27\">27<\/a><a href=\"https:\/\/www.monta\u00f1asdelaluna.es\/index.php\/?paged=28&#038;rest_route=%2Fwp%2Fv2%2Fpages%2F1795\" class=\"page-numbers \" data-page-num=\"28\">28<\/a><a href=\"https:\/\/www.monta\u00f1asdelaluna.es\/index.php\/?paged=29&#038;rest_route=%2Fwp%2Fv2%2Fpages%2F1795\" class=\"page-numbers \" data-page-num=\"29\">29<\/a><a href=\"https:\/\/www.monta\u00f1asdelaluna.es\/index.php\/?paged=30&#038;rest_route=%2Fwp%2Fv2%2Fpages%2F1795\" class=\"page-numbers \" data-page-num=\"30\">30<\/a><a href=\"https:\/\/www.monta\u00f1asdelaluna.es\/index.php\/?paged=31&#038;rest_route=%2Fwp%2Fv2%2Fpages%2F1795\" class=\"page-numbers \" data-page-num=\"31\">31<\/a><a href=\"https:\/\/www.monta\u00f1asdelaluna.es\/index.php\/?paged=32&#038;rest_route=%2Fwp%2Fv2%2Fpages%2F1795\" class=\"page-numbers \" data-page-num=\"32\">32<\/a><a href=\"https:\/\/www.monta\u00f1asdelaluna.es\/index.php\/?paged=33&#038;rest_route=%2Fwp%2Fv2%2Fpages%2F1795\" class=\"page-numbers \" data-page-num=\"33\">33<\/a><a href=\"https:\/\/www.monta\u00f1asdelaluna.es\/index.php\/?paged=34&#038;rest_route=%2Fwp%2Fv2%2Fpages%2F1795\" class=\"page-numbers \" data-page-num=\"34\">34<\/a><a href=\"https:\/\/www.monta\u00f1asdelaluna.es\/index.php\/?paged=35&#038;rest_route=%2Fwp%2Fv2%2Fpages%2F1795\" class=\"page-numbers \" data-page-num=\"35\">35<\/a><a href=\"https:\/\/www.monta\u00f1asdelaluna.es\/index.php\/?paged=36&#038;rest_route=%2Fwp%2Fv2%2Fpages%2F1795\" class=\"page-numbers \" data-page-num=\"36\">36<\/a><a href=\"https:\/\/www.monta\u00f1asdelaluna.es\/index.php\/?paged=37&#038;rest_route=%2Fwp%2Fv2%2Fpages%2F1795\" class=\"page-numbers \" data-page-num=\"37\">37<\/a><a href=\"https:\/\/www.monta\u00f1asdelaluna.es\/index.php\/?paged=38&#038;rest_route=%2Fwp%2Fv2%2Fpages%2F1795\" class=\"page-numbers \" data-page-num=\"38\">38<\/a><a href=\"https:\/\/www.monta\u00f1asdelaluna.es\/index.php\/?paged=39&#038;rest_route=%2Fwp%2Fv2%2Fpages%2F1795\" class=\"page-numbers \" data-page-num=\"39\">39<\/a><a href=\"https:\/\/www.monta\u00f1asdelaluna.es\/index.php\/?paged=40&#038;rest_route=%2Fwp%2Fv2%2Fpages%2F1795\" class=\"page-numbers \" data-page-num=\"40\">40<\/a><a href=\"https:\/\/www.monta\u00f1asdelaluna.es\/index.php\/?paged=41&#038;rest_route=%2Fwp%2Fv2%2Fpages%2F1795\" class=\"page-numbers \" data-page-num=\"41\">41<\/a><a href=\"https:\/\/www.monta\u00f1asdelaluna.es\/index.php\/?paged=42&#038;rest_route=%2Fwp%2Fv2%2Fpages%2F1795\" class=\"page-numbers \" data-page-num=\"42\">42<\/a><a href=\"https:\/\/www.monta\u00f1asdelaluna.es\/index.php\/?paged=43&#038;rest_route=%2Fwp%2Fv2%2Fpages%2F1795\" class=\"page-numbers \" data-page-num=\"43\">43<\/a><a href=\"https:\/\/www.monta\u00f1asdelaluna.es\/index.php\/?paged=44&#038;rest_route=%2Fwp%2Fv2%2Fpages%2F1795\" class=\"page-numbers \" data-page-num=\"44\">44<\/a><a href=\"https:\/\/www.monta\u00f1asdelaluna.es\/index.php\/?paged=45&#038;rest_route=%2Fwp%2Fv2%2Fpages%2F1795\" class=\"page-numbers \" data-page-num=\"45\">45<\/a><a href=\"https:\/\/www.monta\u00f1asdelaluna.es\/index.php\/?paged=46&#038;rest_route=%2Fwp%2Fv2%2Fpages%2F1795\" class=\"page-numbers \" data-page-num=\"46\">46<\/a><a href=\"https:\/\/www.monta\u00f1asdelaluna.es\/index.php\/?paged=47&#038;rest_route=%2Fwp%2Fv2%2Fpages%2F1795\" class=\"page-numbers \" data-page-num=\"47\">47<\/a><a href=\"https:\/\/www.monta\u00f1asdelaluna.es\/index.php\/?paged=48&#038;rest_route=%2Fwp%2Fv2%2Fpages%2F1795\" class=\"page-numbers \" data-page-num=\"48\">48<\/a><a href=\"https:\/\/www.monta\u00f1asdelaluna.es\/index.php\/?paged=49&#038;rest_route=%2Fwp%2Fv2%2Fpages%2F1795\" class=\"page-numbers \" data-page-num=\"49\">49<\/a><\/div><a href=\"https:\/\/www.monta\u00f1asdelaluna.es\/index.php\/?paged=50&#038;rest_route=%2Fwp%2Fv2%2Fpages%2F1795\" class=\"page-numbers \" data-page-num=\"50\">50<\/a><a href=\"https:\/\/www.monta\u00f1asdelaluna.es\/index.php\/?paged=2&#038;rest_route=%2Fwp%2Fv2%2Fpages%2F1795\" class=\"page-numbers nav-next\" data-page-num=\"2\" ><i class=\"dt-icon-the7-arrow-0-41\" aria-hidden=\"true\"><\/i><\/a><\/div><\/div>[\/vc_column][\/vc_row]<\/p>\n","protected":false},"excerpt":{"rendered":"<p>[vc_row bg_type=\u00bbimage\u00bb parallax_style=\u00bbvcpb-default\u00bb bg_image_new=\u00bbid^47112|url^http:\/\/localhost\/luneta\/wp-content\/uploads\/2021\/02\/fondo_general.jpg|caption^null|alt^null|title^fondo_general|description^null\u00bb bg_image_repeat=\u00bbno-repeat\u00bb bg_img_attach=\u00bbfixed\u00bb bg_override=\u00bbfull\u00bb][vc_column][\/vc_column][\/vc_row]<\/p>\n","protected":false},"author":1,"featured_media":0,"parent":0,"menu_order":20,"comment_status":"closed","ping_status":"closed","template":"template-microsite.php","meta":[],"class_list":["post-1795","page","type-page","status-publish","hentry","description-off"],"_links":{"self":[{"href":"https:\/\/www.monta\u00f1asdelaluna.es\/index.php?rest_route=\/wp\/v2\/pages\/1795","targetHints":{"allow":["GET"]}}],"collection":[{"href":"https:\/\/www.monta\u00f1asdelaluna.es\/index.php?rest_route=\/wp\/v2\/pages"}],"about":[{"href":"https:\/\/www.monta\u00f1asdelaluna.es\/index.php?rest_route=\/wp\/v2\/types\/page"}],"author":[{"embeddable":true,"href":"https:\/\/www.monta\u00f1asdelaluna.es\/index.php?rest_route=\/wp\/v2\/users\/1"}],"replies":[{"embeddable":true,"href":"https:\/\/www.monta\u00f1asdelaluna.es\/index.php?rest_route=%2Fwp%2Fv2%2Fcomments&post=1795"}],"version-history":[{"count":21,"href":"https:\/\/www.monta\u00f1asdelaluna.es\/index.php?rest_route=\/wp\/v2\/pages\/1795\/revisions"}],"predecessor-version":[{"id":47457,"href":"https:\/\/www.monta\u00f1asdelaluna.es\/index.php?rest_route=\/wp\/v2\/pages\/1795\/revisions\/47457"}],"wp:attachment":[{"href":"https:\/\/www.monta\u00f1asdelaluna.es\/index.php?rest_route=%2Fwp%2Fv2%2Fmedia&parent=1795"}],"curies":[{"name":"wp","href":"https:\/\/api.w.org\/{rel}","templated":true}]}}